{"id":15039,"date":"2022-11-29T02:42:13","date_gmt":"2022-11-29T01:42:13","guid":{"rendered":"https:\/\/www.jgclassics.com\/els-nostres-vehicles\/opel-manta-gte\/"},"modified":"2025-03-12T17:55:04","modified_gmt":"2025-03-12T16:55:04","slug":"opel-manta-gte","status":"publish","type":"page","link":"https:\/\/www.jgclassics.com\/ca\/els-nostres-vehicles\/opel-manta-gte\/","title":{"rendered":"Opel Manta GTE"},"content":{"rendered":"\t\t<div data-elementor-type=\"wp-page\" data-elementor-id=\"15039\" class=\"elementor elementor-15039 elementor-6539\" data-elementor-post-type=\"page\">\n\t\t\t\t\t\t<section data-particle_enable=\"false\" data-particle-mobile-disabled=\"false\" class=\"elementor-section elementor-top-section elementor-element elementor-element-d20100e elementor-section-boxed elementor-section-height-default elementor-section-height-default\" data-id=\"d20100e\" data-element_type=\"section\" data-e-type=\"section\">\n\t\t\t\t\t\t<div class=\"elementor-container elementor-column-gap-default\">\n\t\t\t\t\t<div class=\"elementor-column elementor-col-100 elementor-top-column elementor-element elementor-element-ef762cb\" data-id=\"ef762cb\" data-element_type=\"column\" data-e-type=\"column\">\n\t\t\t<div class=\"elementor-widget-wrap elementor-element-populated\">\n\t\t\t\t\t\t<div class=\"elementor-element elementor-element-b039dfe elementor-widget elementor-widget-breadcrumbs\" data-id=\"b039dfe\" data-element_type=\"widget\" data-e-type=\"widget\" data-widget_type=\"breadcrumbs.default\">\n\t\t\t\t<div class=\"elementor-widget-container\">\n\t\t\t\t\t<p id=\"breadcrumbs\"><span><span><a href=\"https:\/\/www.jgclassics.com\/ca\/jg-classics-cotxes-classics-i-historics-per-viatjar-en-el-temps\/\">Inicio<\/a><\/span><\/span><\/p>\t\t\t\t<\/div>\n\t\t\t\t<\/div>\n\t\t\t\t\t<\/div>\n\t\t<\/div>\n\t\t\t\t\t<\/div>\n\t\t<\/section>\n\t\t\t\t<section data-particle_enable=\"false\" data-particle-mobile-disabled=\"false\" class=\"elementor-section elementor-top-section elementor-element elementor-element-29669fd elementor-section-boxed elementor-section-height-default elementor-section-height-default\" data-id=\"29669fd\" data-element_type=\"section\" data-e-type=\"section\">\n\t\t\t\t\t\t<div class=\"elementor-container elementor-column-gap-default\">\n\t\t\t\t\t<div class=\"elementor-column elementor-col-100 elementor-top-column elementor-element elementor-element-0d32cd6\" data-id=\"0d32cd6\" data-element_type=\"column\" data-e-type=\"column\">\n\t\t\t<div class=\"elementor-widget-wrap elementor-element-populated\">\n\t\t\t\t\t\t<div class=\"elementor-element elementor-element-8ae9815 elementor-widget elementor-widget-wpml-language-switcher\" data-id=\"8ae9815\" data-element_type=\"widget\" data-e-type=\"widget\" data-widget_type=\"wpml-language-switcher.default\">\n\t\t\t\t<div class=\"elementor-widget-container\">\n\t\t\t\t\t<div class=\"wpml-elementor-ls\">\n<div role=\"navigation\" aria-label=\"Language Switcher\" class=\"wpml-ls-statics-shortcode_actions wpml-ls wpml-ls-legacy-list-horizontal\">\n\t<ul><li class=\"wpml-ls-slot-shortcode_actions wpml-ls-item wpml-ls-item-es wpml-ls-first-item wpml-ls-item-legacy-list-horizontal\">\n\t\t\t\t<a href=\"https:\/\/www.jgclassics.com\/\" hreflang=\"es\" lang=\"es\" class=\"wpml-ls-link\" aria-label=\"Switch to Spanish (Espa\u00f1ol)\" title=\"Switch to Spanish (Espa\u00f1ol)\">\n\t\t\t\t\t                                    <img decoding=\"async\"\n            class=\"wpml-ls-flag\"\n            src=\"https:\/\/www.jgclassics.com\/wp-content\/plugins\/sitepress-multilingual-cms\/res\/flags\/es.svg\"\n            alt=\"\"\n            loading=\"lazy\"\n            width=18\n            height=12\n    \/><span class=\"wpml-ls-native\">Espa\u00f1ol<\/span><span class=\"wpml-ls-display\"><span class=\"wpml-ls-bracket\"> (<\/span>Spanish<span class=\"wpml-ls-bracket\">)<\/span><\/span><\/a>\n\t\t\t<\/li><li class=\"wpml-ls-slot-shortcode_actions wpml-ls-item wpml-ls-item-ca wpml-ls-current-language wpml-ls-item-legacy-list-horizontal\">\n\t\t\t\t<a href=\"https:\/\/www.jgclassics.com\/ca\/\" hreflang=\"ca\" lang=\"ca\" class=\"wpml-ls-link\" aria-current=\"page\" aria-label=\"Switch to Catal\u00e0 (Catal\u00e0)\" title=\"Switch to Catal\u00e0 (Catal\u00e0)\">\n\t\t\t\t\t                                    <img decoding=\"async\"\n            class=\"wpml-ls-flag\"\n            src=\"https:\/\/www.jgclassics.com\/wp-content\/plugins\/sitepress-multilingual-cms\/res\/flags\/ca.svg\"\n            alt=\"\"\n            loading=\"lazy\"\n            width=18\n            height=12\n    \/><span class=\"wpml-ls-native\">Catal\u00e0<\/span><\/a>\n\t\t\t<\/li><li class=\"wpml-ls-slot-shortcode_actions wpml-ls-item wpml-ls-item-en wpml-ls-item-legacy-list-horizontal\">\n\t\t\t\t<a href=\"https:\/\/www.jgclassics.com\/en\/\" hreflang=\"en\" lang=\"en\" class=\"wpml-ls-link\" aria-label=\"Switch to English (English)\" title=\"Switch to English (English)\">\n\t\t\t\t\t                                    <img decoding=\"async\"\n            class=\"wpml-ls-flag\"\n            src=\"https:\/\/www.jgclassics.com\/wp-content\/plugins\/sitepress-multilingual-cms\/res\/flags\/en.svg\"\n            alt=\"\"\n            loading=\"lazy\"\n            width=18\n            height=12\n    \/><span class=\"wpml-ls-native\">English<\/span><\/a>\n\t\t\t<\/li><li class=\"wpml-ls-slot-shortcode_actions wpml-ls-item wpml-ls-item-fr wpml-ls-last-item wpml-ls-item-legacy-list-horizontal\">\n\t\t\t\t<a href=\"https:\/\/www.jgclassics.com\/fr\/\" hreflang=\"fr\" lang=\"fr\" class=\"wpml-ls-link\" aria-label=\"Switch to French (Fran\u00e7ais)\" title=\"Switch to French (Fran\u00e7ais)\">\n\t\t\t\t\t                                    <img decoding=\"async\"\n            class=\"wpml-ls-flag\"\n            src=\"https:\/\/www.jgclassics.com\/wp-content\/plugins\/sitepress-multilingual-cms\/res\/flags\/fr.svg\"\n            alt=\"\"\n            loading=\"lazy\"\n            width=18\n            height=12\n    \/><span class=\"wpml-ls-native\">Fran\u00e7ais<\/span><span class=\"wpml-ls-display\"><span class=\"wpml-ls-bracket\"> (<\/span>French<span class=\"wpml-ls-bracket\">)<\/span><\/span><\/a>\n\t\t\t<\/li><\/ul>\n<\/div>\n<\/div>\t\t\t\t<\/div>\n\t\t\t\t<\/div>\n\t\t\t\t\t<\/div>\n\t\t<\/div>\n\t\t\t\t\t<\/div>\n\t\t<\/section>\n\t\t\t\t<section data-particle_enable=\"false\" data-particle-mobile-disabled=\"false\" class=\"elementor-section elementor-top-section elementor-element elementor-element-5d1b4e5 elementor-section-boxed elementor-section-height-default elementor-section-height-default\" data-id=\"5d1b4e5\" data-element_type=\"section\" data-e-type=\"section\">\n\t\t\t\t\t\t<div class=\"elementor-container elementor-column-gap-default\">\n\t\t\t\t\t<div class=\"elementor-column elementor-col-50 elementor-top-column elementor-element elementor-element-026a49b\" data-id=\"026a49b\" data-element_type=\"column\" data-e-type=\"column\">\n\t\t\t<div class=\"elementor-widget-wrap elementor-element-populated\">\n\t\t\t\t\t\t<div class=\"elementor-element elementor-element-f565035 elementor-widget elementor-widget-text-editor\" data-id=\"f565035\" data-element_type=\"widget\" data-e-type=\"widget\" data-widget_type=\"text-editor.default\">\n\t\t\t\t<div class=\"elementor-widget-container\">\n\t\t\t\t\t\t\t\t\t<p>Compartir a:<\/p>\n\t\t\t\t\t\t\t\t<\/div>\n\t\t\t\t<\/div>\n\t\t\t\t\t<\/div>\n\t\t<\/div>\n\t\t\t\t<div class=\"elementor-column elementor-col-50 elementor-top-column elementor-element elementor-element-d068024\" data-id=\"d068024\" data-element_type=\"column\" data-e-type=\"column\">\n\t\t\t<div class=\"elementor-widget-wrap elementor-element-populated\">\n\t\t\t\t\t\t<div class=\"elementor-element elementor-element-d599e1e elementor-share-buttons--view-icon elementor-share-buttons--skin-gradient elementor-share-buttons--shape-square elementor-grid-0 elementor-share-buttons--color-official elementor-widget elementor-widget-share-buttons\" data-id=\"d599e1e\" data-element_type=\"widget\" data-e-type=\"widget\" data-widget_type=\"share-buttons.default\">\n\t\t\t\t<div class=\"elementor-widget-container\">\n\t\t\t\t\t\t\t<div class=\"elementor-grid\" role=\"list\">\n\t\t\t\t\t\t\t\t<div class=\"elementor-grid-item\" role=\"listitem\">\n\t\t\t\t\t\t<div class=\"elementor-share-btn elementor-share-btn_facebook\" role=\"button\" tabindex=\"0\" aria-label=\"Compartici\u00f3 en facebook\">\n\t\t\t\t\t\t\t\t\t\t\t\t\t\t\t<span class=\"elementor-share-btn__icon\">\n\t\t\t\t\t\t\t\t<i class=\"fab fa-facebook\" aria-hidden=\"true\"><\/i>\t\t\t\t\t\t\t<\/span>\n\t\t\t\t\t\t\t\t\t\t\t\t\t\t\t\t\t\t\t\t<\/div>\n\t\t\t\t\t<\/div>\n\t\t\t\t\t\t\t\t\t<div class=\"elementor-grid-item\" role=\"listitem\">\n\t\t\t\t\t\t<div class=\"elementor-share-btn elementor-share-btn_pinterest\" role=\"button\" tabindex=\"0\" aria-label=\"Compartici\u00f3 en pinterest\">\n\t\t\t\t\t\t\t\t\t\t\t\t\t\t\t<span class=\"elementor-share-btn__icon\">\n\t\t\t\t\t\t\t\t<i class=\"fab fa-pinterest\" aria-hidden=\"true\"><\/i>\t\t\t\t\t\t\t<\/span>\n\t\t\t\t\t\t\t\t\t\t\t\t\t\t\t\t\t\t\t\t<\/div>\n\t\t\t\t\t<\/div>\n\t\t\t\t\t\t\t\t\t<div class=\"elementor-grid-item\" role=\"listitem\">\n\t\t\t\t\t\t<div class=\"elementor-share-btn elementor-share-btn_linkedin\" role=\"button\" tabindex=\"0\" aria-label=\"Compartici\u00f3 en linkedin\">\n\t\t\t\t\t\t\t\t\t\t\t\t\t\t\t<span class=\"elementor-share-btn__icon\">\n\t\t\t\t\t\t\t\t<i class=\"fab fa-linkedin\" aria-hidden=\"true\"><\/i>\t\t\t\t\t\t\t<\/span>\n\t\t\t\t\t\t\t\t\t\t\t\t\t\t\t\t\t\t\t\t<\/div>\n\t\t\t\t\t<\/div>\n\t\t\t\t\t\t\t\t\t<div class=\"elementor-grid-item\" role=\"listitem\">\n\t\t\t\t\t\t<div class=\"elementor-share-btn elementor-share-btn_whatsapp\" role=\"button\" tabindex=\"0\" aria-label=\"Compartici\u00f3 en whatsapp\">\n\t\t\t\t\t\t\t\t\t\t\t\t\t\t\t<span class=\"elementor-share-btn__icon\">\n\t\t\t\t\t\t\t\t<i class=\"fab fa-whatsapp\" aria-hidden=\"true\"><\/i>\t\t\t\t\t\t\t<\/span>\n\t\t\t\t\t\t\t\t\t\t\t\t\t\t\t\t\t\t\t\t<\/div>\n\t\t\t\t\t<\/div>\n\t\t\t\t\t\t\t\t\t<div class=\"elementor-grid-item\" role=\"listitem\">\n\t\t\t\t\t\t<div class=\"elementor-share-btn elementor-share-btn_email\" role=\"button\" tabindex=\"0\" aria-label=\"Compartici\u00f3 en email\">\n\t\t\t\t\t\t\t\t\t\t\t\t\t\t\t<span class=\"elementor-share-btn__icon\">\n\t\t\t\t\t\t\t\t<i class=\"fas fa-envelope\" aria-hidden=\"true\"><\/i>\t\t\t\t\t\t\t<\/span>\n\t\t\t\t\t\t\t\t\t\t\t\t\t\t\t\t\t\t\t\t<\/div>\n\t\t\t\t\t<\/div>\n\t\t\t\t\t\t<\/div>\n\t\t\t\t\t\t<\/div>\n\t\t\t\t<\/div>\n\t\t\t\t\t<\/div>\n\t\t<\/div>\n\t\t\t\t\t<\/div>\n\t\t<\/section>\n\t\t\t\t<section data-particle_enable=\"false\" data-particle-mobile-disabled=\"false\" class=\"elementor-section elementor-top-section elementor-element elementor-element-d1548aa elementor-section-boxed elementor-section-height-default elementor-section-height-default\" data-id=\"d1548aa\" data-element_type=\"section\" data-e-type=\"section\">\n\t\t\t\t\t\t<div class=\"elementor-container elementor-column-gap-default\">\n\t\t\t\t\t<div class=\"elementor-column elementor-col-100 elementor-top-column elementor-element elementor-element-877db54\" data-id=\"877db54\" data-element_type=\"column\" data-e-type=\"column\">\n\t\t\t<div class=\"elementor-widget-wrap elementor-element-populated\">\n\t\t\t\t\t\t<div class=\"elementor-element elementor-element-eafbe24 elementor-widget elementor-widget-heading\" data-id=\"eafbe24\" data-element_type=\"widget\" data-e-type=\"widget\" data-widget_type=\"heading.default\">\n\t\t\t\t<div class=\"elementor-widget-container\">\n\t\t\t\t\t<h1 class=\"elementor-heading-title elementor-size-default\">OPEL Manta GT\/E<\/h1>\t\t\t\t<\/div>\n\t\t\t\t<\/div>\n\t\t\t\t\t<\/div>\n\t\t<\/div>\n\t\t\t\t\t<\/div>\n\t\t<\/section>\n\t\t\t\t<section data-particle_enable=\"false\" data-particle-mobile-disabled=\"false\" class=\"elementor-section elementor-top-section elementor-element elementor-element-cf6e91c elementor-section-boxed elementor-section-height-default elementor-section-height-default\" data-id=\"cf6e91c\" data-element_type=\"section\" data-e-type=\"section\">\n\t\t\t\t\t\t<div class=\"elementor-container elementor-column-gap-default\">\n\t\t\t\t\t<div class=\"elementor-column elementor-col-100 elementor-top-column elementor-element elementor-element-d50e490\" data-id=\"d50e490\" data-element_type=\"column\" data-e-type=\"column\">\n\t\t\t<div class=\"elementor-widget-wrap elementor-element-populated\">\n\t\t\t\t\t\t<div class=\"elementor-element elementor-element-512aa49 elementor-widget elementor-widget-text-editor\" data-id=\"512aa49\" data-element_type=\"widget\" data-e-type=\"widget\" data-widget_type=\"text-editor.default\">\n\t\t\t\t<div class=\"elementor-widget-container\">\n\t\t\t\t\t\t\t\t\t<p>Origen: Barcelona, \u200b\u200bEspanya, 1984<\/p>\n\t\t\t\t\t\t\t\t<\/div>\n\t\t\t\t<\/div>\n\t\t\t\t\t<\/div>\n\t\t<\/div>\n\t\t\t\t\t<\/div>\n\t\t<\/section>\n\t\t\t\t<section data-particle_enable=\"false\" data-particle-mobile-disabled=\"false\" class=\"elementor-section elementor-top-section elementor-element elementor-element-ba4df58 elementor-section-boxed elementor-section-height-default elementor-section-height-default\" data-id=\"ba4df58\" data-element_type=\"section\" data-e-type=\"section\">\n\t\t\t\t\t\t<div class=\"elementor-container elementor-column-gap-default\">\n\t\t\t\t\t<div class=\"elementor-column elementor-col-100 elementor-top-column elementor-element elementor-element-cb42b1e\" data-id=\"cb42b1e\" data-element_type=\"column\" data-e-type=\"column\">\n\t\t\t<div class=\"elementor-widget-wrap elementor-element-populated\">\n\t\t\t\t\t\t<div class=\"elementor-element elementor-element-47014d0 elementor-widget elementor-widget-image\" data-id=\"47014d0\" data-element_type=\"widget\" data-e-type=\"widget\" data-widget_type=\"image.default\">\n\t\t\t\t<div class=\"elementor-widget-container\">\n\t\t\t\t\t\t\t\t\t\t\t\t\t\t\t<img fetchpriority=\"high\" decoding=\"async\" width=\"1024\" height=\"465\" src=\"https:\/\/www.jgclassics.com\/wp-content\/uploads\/2023\/05\/manta_cover_20230513_110702-1024x465.jpg\" class=\"attachment-large size-large wp-image-14193\" alt=\"Opel Manta GTE. Disponible per a lloguer, fotos, filmacions, metratges.\" srcset=\"https:\/\/www.jgclassics.com\/wp-content\/uploads\/2023\/05\/manta_cover_20230513_110702-1024x465.jpg 1024w, https:\/\/www.jgclassics.com\/wp-content\/uploads\/2023\/05\/manta_cover_20230513_110702-300x136.jpg 300w, https:\/\/www.jgclassics.com\/wp-content\/uploads\/2023\/05\/manta_cover_20230513_110702-768x349.jpg 768w, https:\/\/www.jgclassics.com\/wp-content\/uploads\/2023\/05\/manta_cover_20230513_110702-1536x698.jpg 1536w, https:\/\/www.jgclassics.com\/wp-content\/uploads\/2023\/05\/manta_cover_20230513_110702-2048x930.jpg 2048w\" sizes=\"(max-width: 1024px) 100vw, 1024px\" \/>\t\t\t\t\t\t\t\t\t\t\t\t\t\t\t<\/div>\n\t\t\t\t<\/div>\n\t\t\t\t<div class=\"elementor-element elementor-element-00eb6a3 elementor-widget elementor-widget-text-editor\" data-id=\"00eb6a3\" data-element_type=\"widget\" data-e-type=\"widget\" data-widget_type=\"text-editor.default\">\n\t\t\t\t<div class=\"elementor-widget-container\">\n\t\t\t\t\t\t\t\t\t<p>Aquesta \u00e9s una unitat de l&#8217;Opel Manta B2 GT\/E fabricada a la planta d&#8217;Anvers, B\u00e8lgica. Aquest vehicle es va fabricar el 1983 i es va matricular a Barcelona el 1984.  <\/p>\n\t\t\t\t\t\t\t\t<\/div>\n\t\t\t\t<\/div>\n\t\t\t\t\t<\/div>\n\t\t<\/div>\n\t\t\t\t\t<\/div>\n\t\t<\/section>\n\t\t\t\t<section data-particle_enable=\"false\" data-particle-mobile-disabled=\"false\" class=\"elementor-section elementor-top-section elementor-element elementor-element-60710e7 elementor-section-boxed elementor-section-height-default elementor-section-height-default\" data-id=\"60710e7\" data-element_type=\"section\" data-e-type=\"section\">\n\t\t\t\t\t\t<div class=\"elementor-container elementor-column-gap-default\">\n\t\t\t\t\t<div class=\"elementor-column elementor-col-33 elementor-top-column elementor-element elementor-element-799ba8b\" data-id=\"799ba8b\" data-element_type=\"column\" data-e-type=\"column\">\n\t\t\t<div class=\"elementor-widget-wrap elementor-element-populated\">\n\t\t\t\t\t\t<div class=\"elementor-element elementor-element-8980440 elementor-widget elementor-widget-image\" data-id=\"8980440\" data-element_type=\"widget\" data-e-type=\"widget\" data-widget_type=\"image.default\">\n\t\t\t\t<div class=\"elementor-widget-container\">\n\t\t\t\t\t\t\t\t\t\t\t\t\t\t\t\t<a href=\"https:\/\/www.jgclassics.com\/wp-content\/uploads\/2023\/05\/20230513_110609-scaled.jpg\" data-elementor-open-lightbox=\"yes\" data-elementor-lightbox-title=\"Opel Manta GTE vista exterior\" data-elementor-lightbox-description=\"Opel Manta GTE Barcelona Maresme JG Classics. Disponible per a lloguer, fotos, filmacions, metratges.\" data-e-action-hash=\"#elementor-action%3Aaction%3Dlightbox%26settings%3DeyJpZCI6MTQyNDUsInVybCI6Imh0dHBzOlwvXC93d3cuamdjbGFzc2ljcy5jb21cL3dwLWNvbnRlbnRcL3VwbG9hZHNcLzIwMjNcLzA1XC8yMDIzMDUxM18xMTA2MDktc2NhbGVkLmpwZyJ9\">\n\t\t\t\t\t\t\t<img decoding=\"async\" width=\"300\" height=\"169\" src=\"https:\/\/www.jgclassics.com\/wp-content\/uploads\/2023\/05\/20230513_110609-300x169.jpg\" class=\"attachment-medium size-medium wp-image-14245\" alt=\"Opel Manta GTE. Disponible per a lloguer, fotos, filmacions, metratges.\" \/>\t\t\t\t\t\t\t\t<\/a>\n\t\t\t\t\t\t\t\t\t\t\t\t\t\t\t<\/div>\n\t\t\t\t<\/div>\n\t\t\t\t<div class=\"elementor-element elementor-element-2eb6655 elementor-widget elementor-widget-image\" data-id=\"2eb6655\" data-element_type=\"widget\" data-e-type=\"widget\" data-widget_type=\"image.default\">\n\t\t\t\t<div class=\"elementor-widget-container\">\n\t\t\t\t\t\t\t\t\t\t\t\t\t\t\t\t<a href=\"https:\/\/www.jgclassics.com\/wp-content\/uploads\/2023\/05\/20230513_110601-scaled.jpg\" data-elementor-open-lightbox=\"yes\" data-elementor-lightbox-title=\"Opel Manta GTE vista exterior\" data-elementor-lightbox-description=\"Opel Manta GTE Barcelona Maresme JG Classics. Disponible per a lloguer, fotos, filmacions, metratges.\" data-e-action-hash=\"#elementor-action%3Aaction%3Dlightbox%26settings%3DeyJpZCI6MTQyNDEsInVybCI6Imh0dHBzOlwvXC93d3cuamdjbGFzc2ljcy5jb21cL3dwLWNvbnRlbnRcL3VwbG9hZHNcLzIwMjNcLzA1XC8yMDIzMDUxM18xMTA2MDEtc2NhbGVkLmpwZyJ9\">\n\t\t\t\t\t\t\t<img decoding=\"async\" width=\"300\" height=\"169\" src=\"https:\/\/www.jgclassics.com\/wp-content\/uploads\/2023\/05\/20230513_110601-300x169.jpg\" class=\"attachment-medium size-medium wp-image-14241\" alt=\"Opel Manta GTE. Disponible per a lloguer, fotos, filmacions, metratges.\" srcset=\"https:\/\/www.jgclassics.com\/wp-content\/uploads\/2023\/05\/20230513_110601-300x169.jpg 300w, https:\/\/www.jgclassics.com\/wp-content\/uploads\/2023\/05\/20230513_110601-1024x576.jpg 1024w, https:\/\/www.jgclassics.com\/wp-content\/uploads\/2023\/05\/20230513_110601-768x432.jpg 768w, https:\/\/www.jgclassics.com\/wp-content\/uploads\/2023\/05\/20230513_110601-1536x864.jpg 1536w, https:\/\/www.jgclassics.com\/wp-content\/uploads\/2023\/05\/20230513_110601-2048x1152.jpg 2048w\" sizes=\"(max-width: 300px) 100vw, 300px\" \/>\t\t\t\t\t\t\t\t<\/a>\n\t\t\t\t\t\t\t\t\t\t\t\t\t\t\t<\/div>\n\t\t\t\t<\/div>\n\t\t\t\t\t<\/div>\n\t\t<\/div>\n\t\t\t\t<div class=\"elementor-column elementor-col-33 elementor-top-column elementor-element elementor-element-c1972e7\" data-id=\"c1972e7\" data-element_type=\"column\" data-e-type=\"column\">\n\t\t\t<div class=\"elementor-widget-wrap elementor-element-populated\">\n\t\t\t\t\t\t<div class=\"elementor-element elementor-element-c0bb81b elementor-widget__width-initial elementor-widget elementor-widget-text-editor\" data-id=\"c0bb81b\" data-element_type=\"widget\" data-e-type=\"widget\" data-widget_type=\"text-editor.default\">\n\t\t\t\t<div class=\"elementor-widget-container\">\n\t\t\t\t\t\t\t\t\t<p>Porta el motor 2.0 d&#8217;Opel CIH ( <em>Cam in Head<\/em> ) -arbre de lleves al capdavant- cubicant 1979cc i lliurant 110 CV a 5400 voltes.<\/p>\n<\/p>\n<p>El 2009 se li va fer una renovaci\u00f3 de planxa i pintura, repintant-lo del seu color plata original (refer\u00e8ncia Opel 128 86L Astro Silver).  <span style=\"font-style: inherit; font-weight: inherit;\">Tot i que \u00e9s un GT\/E, porta dos elements de l&#8217;Opel Manta i200: L&#8217;aler\u00f3 posterior Irsmscher i el volant de quatre r\u00e0dios entapissat en cuir.<\/span><\/p>\n\t\t\t\t\t\t\t\t<\/div>\n\t\t\t\t<\/div>\n\t\t\t\t\t<\/div>\n\t\t<\/div>\n\t\t\t\t<div class=\"elementor-column elementor-col-33 elementor-top-column elementor-element elementor-element-fd2b542\" data-id=\"fd2b542\" data-element_type=\"column\" data-e-type=\"column\">\n\t\t\t<div class=\"elementor-widget-wrap elementor-element-populated\">\n\t\t\t\t\t\t<div class=\"elementor-element elementor-element-105a20e elementor-widget__width-initial elementor-widget elementor-widget-image\" data-id=\"105a20e\" data-element_type=\"widget\" data-e-type=\"widget\" data-widget_type=\"image.default\">\n\t\t\t\t<div class=\"elementor-widget-container\">\n\t\t\t\t\t\t\t\t\t\t\t\t<figure class=\"wp-caption\">\n\t\t\t\t\t\t\t\t\t\t\t<a href=\"https:\/\/www.jgclassics.com\/wp-content\/uploads\/2022\/11\/Opel_manta_Interior-scaled.jpg\" data-elementor-open-lightbox=\"yes\" data-elementor-lightbox-title=\"Opel Manta interior. Opel Manta Barcelona Maresme\" data-elementor-lightbox-description=\"Opel Manta Barcelona Maresme JG Classics. Disponible per a lloguer, fotos, rodatges, filmacions, metratges.\" data-e-action-hash=\"#elementor-action%3Aaction%3Dlightbox%26settings%3DeyJpZCI6MTI1NTIsInVybCI6Imh0dHBzOlwvXC93d3cuamdjbGFzc2ljcy5jb21cL3dwLWNvbnRlbnRcL3VwbG9hZHNcLzIwMjJcLzExXC9PcGVsX21hbnRhX0ludGVyaW9yLXNjYWxlZC5qcGcifQ%3D%3D\">\n\t\t\t\t\t\t\t<img loading=\"lazy\" decoding=\"async\" width=\"1024\" height=\"498\" src=\"https:\/\/www.jgclassics.com\/wp-content\/uploads\/2022\/11\/Opel_manta_Interior-1024x498.jpg\" class=\"attachment-large size-large wp-image-12552\" alt=\"Opel Manta interior. Opel Manta Barcelona Maresme\" srcset=\"https:\/\/www.jgclassics.com\/wp-content\/uploads\/2022\/11\/Opel_manta_Interior-1024x498.jpg 1024w, https:\/\/www.jgclassics.com\/wp-content\/uploads\/2022\/11\/Opel_manta_Interior-300x146.jpg 300w, https:\/\/www.jgclassics.com\/wp-content\/uploads\/2022\/11\/Opel_manta_Interior-768x373.jpg 768w, https:\/\/www.jgclassics.com\/wp-content\/uploads\/2022\/11\/Opel_manta_Interior-1536x747.jpg 1536w, https:\/\/www.jgclassics.com\/wp-content\/uploads\/2022\/11\/Opel_manta_Interior-2048x996.jpg 2048w\" sizes=\"(max-width: 1024px) 100vw, 1024px\" \/>\t\t\t\t\t\t\t\t<\/a>\n\t\t\t\t\t\t\t\t\t\t\t<figcaption class=\"widget-image-caption wp-caption-text\">Opel Manta: Volant 4 r\u00e0dios i200<\/figcaption>\n\t\t\t\t\t\t\t\t\t\t<\/figure>\n\t\t\t\t\t\t\t\t\t<\/div>\n\t\t\t\t<\/div>\n\t\t\t\t\t<\/div>\n\t\t<\/div>\n\t\t\t\t\t<\/div>\n\t\t<\/section>\n\t\t\t\t<section data-particle_enable=\"false\" data-particle-mobile-disabled=\"false\" class=\"elementor-section elementor-top-section elementor-element elementor-element-a7b804c elementor-section-boxed elementor-section-height-default elementor-section-height-default\" data-id=\"a7b804c\" data-element_type=\"section\" data-e-type=\"section\">\n\t\t\t\t\t\t<div class=\"elementor-container elementor-column-gap-default\">\n\t\t\t\t\t<div class=\"elementor-column elementor-col-100 elementor-top-column elementor-element elementor-element-b6a3059\" data-id=\"b6a3059\" data-element_type=\"column\" data-e-type=\"column\">\n\t\t\t<div class=\"elementor-widget-wrap elementor-element-populated\">\n\t\t\t\t\t\t<div class=\"elementor-element elementor-element-257c2ba elementor-widget elementor-widget-text-editor\" data-id=\"257c2ba\" data-element_type=\"widget\" data-e-type=\"widget\" data-widget_type=\"text-editor.default\">\n\t\t\t\t<div class=\"elementor-widget-container\">\n\t\t\t\t\t\t\t\t\t<p>Adquirim aquest cotxe el primer trimestre del 2010. Amb nosaltres ha tingut b\u00e0sicament dues intervencions de manteniment\/reacondicionament \u2013no utilitzo el terme \u201crestauraci\u00f3\u201d perqu\u00e8 en aquest cas no \u00e9s aplicable-: la primera per desmuntar\/desenfundar i netejar tapisseria i la segona per a una intervenci\u00f3 mec\u00e0nica preventiva en la qual el vam fer :<\/p>\n<ul>\n<li>Canvi preventiu de la bomba de l&#8217;aigua (no fallava, per\u00f2 \u00e9s sabut que al cap dels anys fallen, aix\u00ed que millor canviar-la abans que presenti s\u00edmptomes).<\/li>\n<li>Reparaci\u00f3 del radiador a <a href=\"https:\/\/radiadorssoler.com\/\" target=\"_blank\" rel=\"noopener\">Radiadors Soler<\/a> (\u00e9s de coure aix\u00ed que sempre \u00e9s reparable\/reconstru\u00efble).<\/li>\n<li>Canvi de l&#8217;embragatge visc\u00f3s del ventilador.<\/li>\n<li>Canvi de les corretges de servei.<\/li>\n<li>Reempla\u00e7ar silent blocs de motor.<\/li>\n<li>Substituci\u00f3 kit d&#8217;embragatge (premsa, disc i coixinet) i cable.<\/li>\n<li>Frens: Canvi de pinces, bombins, bomba, discos i tambors.<\/li>\n<\/ul>\n\t\t\t\t\t\t\t\t<\/div>\n\t\t\t\t<\/div>\n\t\t\t\t\t<\/div>\n\t\t<\/div>\n\t\t\t\t\t<\/div>\n\t\t<\/section>\n\t\t\t\t<section data-particle_enable=\"false\" data-particle-mobile-disabled=\"false\" class=\"elementor-section elementor-top-section elementor-element elementor-element-891ba18 elementor-section-boxed elementor-section-height-default elementor-section-height-default\" data-id=\"891ba18\" data-element_type=\"section\" data-e-type=\"section\">\n\t\t\t\t\t\t<div class=\"elementor-container elementor-column-gap-default\">\n\t\t\t\t\t<div class=\"elementor-column elementor-col-100 elementor-top-column elementor-element elementor-element-8e84885\" data-id=\"8e84885\" data-element_type=\"column\" data-e-type=\"column\">\n\t\t\t<div class=\"elementor-widget-wrap elementor-element-populated\">\n\t\t\t\t\t\t<div class=\"elementor-element elementor-element-aafb295 elementor-widget elementor-widget-text-editor\" data-id=\"aafb295\" data-element_type=\"widget\" data-e-type=\"widget\" data-widget_type=\"text-editor.default\">\n\t\t\t\t<div class=\"elementor-widget-container\">\n\t\t\t\t\t\t\t\t\t<p>Des del 2009 enrere, desconeixem l&#8217;historial d&#8217;aquest vehicle -al marge de saber que va tenir diversos propietaris-, per\u00f2 creiem que en general va tenir una vida \u201ctranquil\u00b7la\u201d. I creiem aix\u00f2, perqu\u00e8 al marge que no hi va haver necessitat de m\u00e9s intervencions mec\u00e0niques que les de manteniment pel desgast normal, vam poder veure que (quan l&#8217;adquirim i ara), que el motor gira amb bona regularitat, no hi ha consum visible d&#8217;oli, aquest surt molt net durant els canvis, i el l\u00edquid refrigerant est\u00e0 sempre transparent i sense p\u00f2sits. Si considerem que parlem d\u201fun vehicle de 40 anys d\u201fantiguitat completament de s\u00e8rie, el diagn\u00f2stic \u00e9s m\u00e9s que satisfactori.<\/p>\n\t\t\t\t\t\t\t\t<\/div>\n\t\t\t\t<\/div>\n\t\t\t\t\t<\/div>\n\t\t<\/div>\n\t\t\t\t\t<\/div>\n\t\t<\/section>\n\t\t\t\t<section data-particle_enable=\"false\" data-particle-mobile-disabled=\"false\" class=\"elementor-section elementor-top-section elementor-element elementor-element-30f63bd elementor-section-boxed elementor-section-height-default elementor-section-height-default\" data-id=\"30f63bd\" data-element_type=\"section\" data-e-type=\"section\">\n\t\t\t\t\t\t<div class=\"elementor-container elementor-column-gap-default\">\n\t\t\t\t\t<div class=\"elementor-column elementor-col-50 elementor-top-column elementor-element elementor-element-a24be66\" data-id=\"a24be66\" data-element_type=\"column\" data-e-type=\"column\">\n\t\t\t<div class=\"elementor-widget-wrap elementor-element-populated\">\n\t\t\t\t\t\t<div class=\"elementor-element elementor-element-e434d4e elementor-widget elementor-widget-text-editor\" data-id=\"e434d4e\" data-element_type=\"widget\" data-e-type=\"widget\" data-widget_type=\"text-editor.default\">\n\t\t\t\t<div class=\"elementor-widget-container\">\n\t\t\t\t\t\t\t\t\t<p>Actualment aquest vehicle es troba en circulaci\u00f3 i <strong><a href=\"https:\/\/www.jgclassics.com\/ca\/cotxes-classics-lloguer-llista-de-preus\/\" target=\"_blank\" rel=\"noopener\">disponible per llogar<\/a><\/strong> si ho necessites per a la sessi\u00f3 de fotos, filmacions o en una exposici\u00f3. Sigui com sigui, <a href=\"https:\/\/www.jgclassics.com\/ca\/contacte\/\" target=\"_blank\" rel=\"noopener\">contacta&#8217;ns<\/a> si tens alguna necessitat relacionada amb el vehicle perqu\u00e8 et puguem ajudar.<\/p>\n\t\t\t\t\t\t\t\t<\/div>\n\t\t\t\t<\/div>\n\t\t\t\t<div class=\"elementor-element elementor-element-20cc53f elementor-widget elementor-widget-text-editor\" data-id=\"20cc53f\" data-element_type=\"widget\" data-e-type=\"widget\" data-widget_type=\"text-editor.default\">\n\t\t\t\t<div class=\"elementor-widget-container\">\n\t\t\t\t\t\t\t\t\t<p>Tamb\u00e9, si ets propietari o futur comprador d&#8217;un d&#8217;aquests models i necessites qualsevol informaci\u00f3 de peces, recanvis, o informaci\u00f3 t\u00e8cnica que puguis necessitar, si us plau <a href=\"https:\/\/www.jgclassics.com\/ca\/contacte\/\" target=\"_blank\" rel=\"noopener\">contacta&#8217;ns<\/a> , perqu\u00e8 estarem encantats de compartir-la amb tu.<\/p>\n\t\t\t\t\t\t\t\t<\/div>\n\t\t\t\t<\/div>\n\t\t\t\t\t<\/div>\n\t\t<\/div>\n\t\t\t\t<div class=\"elementor-column elementor-col-50 elementor-top-column elementor-element elementor-element-a67a3b9\" data-id=\"a67a3b9\" data-element_type=\"column\" data-e-type=\"column\">\n\t\t\t<div class=\"elementor-widget-wrap elementor-element-populated\">\n\t\t\t\t\t\t<div class=\"elementor-element elementor-element-b140d74 elementor-widget elementor-widget-image\" data-id=\"b140d74\" data-element_type=\"widget\" data-e-type=\"widget\" data-widget_type=\"image.default\">\n\t\t\t\t<div class=\"elementor-widget-container\">\n\t\t\t\t\t\t\t\t\t\t\t\t\t\t\t\t<a href=\"https:\/\/www.jgclassics.com\/wp-content\/uploads\/2023\/05\/20230513_110639-scaled.jpg\" data-elementor-open-lightbox=\"yes\" data-elementor-lightbox-title=\"Opel Manta GTE interior habitacle\" data-elementor-lightbox-description=\"Opel Manta GTE Barcelona Maresme JG Classics. Disponible per a lloguer, fotos, filmacions, metratges.\" data-e-action-hash=\"#elementor-action%3Aaction%3Dlightbox%26settings%3DeyJpZCI6MTQyNDgsInVybCI6Imh0dHBzOlwvXC93d3cuamdjbGFzc2ljcy5jb21cL3dwLWNvbnRlbnRcL3VwbG9hZHNcLzIwMjNcLzA1XC8yMDIzMDUxM18xMTA2Mzktc2NhbGVkLmpwZyJ9\">\n\t\t\t\t\t\t\t<img loading=\"lazy\" decoding=\"async\" width=\"768\" height=\"432\" src=\"https:\/\/www.jgclassics.com\/wp-content\/uploads\/2023\/05\/20230513_110639-768x432.jpg\" class=\"attachment-medium_large size-medium_large wp-image-14248\" alt=\"Opel Manta GTE. Disponible per a lloguer, fotos, filmacions, metratges.\" srcset=\"https:\/\/www.jgclassics.com\/wp-content\/uploads\/2023\/05\/20230513_110639-768x432.jpg 768w, https:\/\/www.jgclassics.com\/wp-content\/uploads\/2023\/05\/20230513_110639-300x169.jpg 300w, https:\/\/www.jgclassics.com\/wp-content\/uploads\/2023\/05\/20230513_110639-1024x576.jpg 1024w, https:\/\/www.jgclassics.com\/wp-content\/uploads\/2023\/05\/20230513_110639-1536x864.jpg 1536w, https:\/\/www.jgclassics.com\/wp-content\/uploads\/2023\/05\/20230513_110639-2048x1152.jpg 2048w\" sizes=\"(max-width: 768px) 100vw, 768px\" \/>\t\t\t\t\t\t\t\t<\/a>\n\t\t\t\t\t\t\t\t\t\t\t\t\t\t\t<\/div>\n\t\t\t\t<\/div>\n\t\t\t\t\t<\/div>\n\t\t<\/div>\n\t\t\t\t\t<\/div>\n\t\t<\/section>\n\t\t\t\t<section data-particle_enable=\"false\" data-particle-mobile-disabled=\"false\" class=\"elementor-section elementor-top-section elementor-element elementor-element-a239e44 elementor-section-boxed elementor-section-height-default elementor-section-height-default\" data-id=\"a239e44\" data-element_type=\"section\" data-e-type=\"section\">\n\t\t\t\t\t\t<div class=\"elementor-container elementor-column-gap-default\">\n\t\t\t\t\t<div class=\"elementor-column elementor-col-100 elementor-top-column elementor-element elementor-element-3ab5f6d\" data-id=\"3ab5f6d\" data-element_type=\"column\" data-e-type=\"column\">\n\t\t\t<div class=\"elementor-widget-wrap elementor-element-populated\">\n\t\t\t\t\t\t<div class=\"elementor-element elementor-element-9069f61 elementor-widget elementor-widget-heading\" data-id=\"9069f61\" data-element_type=\"widget\" data-e-type=\"widget\" data-widget_type=\"heading.default\">\n\t\t\t\t<div class=\"elementor-widget-container\">\n\t\t\t\t\t<h2 class=\"elementor-heading-title elementor-size-default\">Opel Manta GT\/E. \u00c0lbum de fotos. Fes click a la categoria:<\/h2>\t\t\t\t<\/div>\n\t\t\t\t<\/div>\n\t\t\t\t\t<\/div>\n\t\t<\/div>\n\t\t\t\t\t<\/div>\n\t\t<\/section>\n\t\t\t\t<section data-particle_enable=\"false\" data-particle-mobile-disabled=\"false\" class=\"elementor-section elementor-top-section elementor-element elementor-element-999e571 elementor-section-boxed elementor-section-height-default elementor-section-height-default\" data-id=\"999e571\" data-element_type=\"section\" data-e-type=\"section\">\n\t\t\t\t\t\t<div class=\"elementor-container elementor-column-gap-default\">\n\t\t\t\t\t<div class=\"elementor-column elementor-col-100 elementor-top-column elementor-element elementor-element-040cede\" data-id=\"040cede\" data-element_type=\"column\" data-e-type=\"column\">\n\t\t\t<div class=\"elementor-widget-wrap elementor-element-populated\">\n\t\t\t\t\t\t<div class=\"elementor-element elementor-element-7aff85c elementor-gallery--filter-align-center elementor-widget elementor-widget-gallery\" data-id=\"7aff85c\" data-element_type=\"widget\" data-e-type=\"widget\" data-settings=\"{&quot;gallery_layout&quot;:&quot;justified&quot;,&quot;ideal_row_height&quot;:{&quot;unit&quot;:&quot;px&quot;,&quot;size&quot;:133,&quot;sizes&quot;:[]},&quot;ideal_row_height_mobile&quot;:{&quot;unit&quot;:&quot;px&quot;,&quot;size&quot;:72,&quot;sizes&quot;:[]},&quot;lazyload&quot;:&quot;yes&quot;,&quot;ideal_row_height_tablet&quot;:{&quot;unit&quot;:&quot;px&quot;,&quot;size&quot;:150,&quot;sizes&quot;:[]},&quot;gap&quot;:{&quot;unit&quot;:&quot;px&quot;,&quot;size&quot;:10,&quot;sizes&quot;:[]},&quot;gap_tablet&quot;:{&quot;unit&quot;:&quot;px&quot;,&quot;size&quot;:10,&quot;sizes&quot;:[]},&quot;gap_mobile&quot;:{&quot;unit&quot;:&quot;px&quot;,&quot;size&quot;:10,&quot;sizes&quot;:[]},&quot;link_to&quot;:&quot;file&quot;,&quot;overlay_background&quot;:&quot;yes&quot;,&quot;content_hover_animation&quot;:&quot;fade-in&quot;}\" data-widget_type=\"gallery.default\">\n\t\t\t\t<div class=\"elementor-widget-container\">\n\t\t\t\t\t\t\t\t<div class=\"elementor-gallery__titles-container e--pointer-text e--animation-grow\" aria-label=\"Gallery filter\">\n\t\t\t\t\n\t\t\t\t\t\t\t\t\t<a class=\"elementor-item elementor-gallery-title\" role=\"button\" tabindex=\"0\" data-gallery-index=\"0\">\n\t\t\t\t\t\tExterior\t\t\t\t\t<\/a>\n\t\t\t\t\t\t\t\t\t\t<a class=\"elementor-item elementor-gallery-title\" role=\"button\" tabindex=\"0\" data-gallery-index=\"1\">\n\t\t\t\t\t\tInterior\t\t\t\t\t<\/a>\n\t\t\t\t\t\t\t\t\t\t<a class=\"elementor-item elementor-gallery-title\" role=\"button\" tabindex=\"0\" data-gallery-index=\"2\">\n\t\t\t\t\t\tMec\u00e0nica\t\t\t\t\t<\/a>\n\t\t\t\t\t\t\t\t<\/div>\n\t\t\t\t\t<div class=\"elementor-gallery__container\">\n\t\t\t\t\t\t\t<a class=\"e-gallery-item elementor-gallery-item elementor-animated-content\" data-e-gallery-tags=\"0\" href=\"https:\/\/www.jgclassics.com\/wp-content\/uploads\/2023\/05\/manta_cover_20230513_110702-scaled.jpg\" data-elementor-open-lightbox=\"yes\" data-elementor-lightbox-slideshow=\"7aff85c\" data-elementor-lightbox-title=\"Opel Manta GTE\" data-elementor-lightbox-description=\"Opel Manta GTE Barcelona Maresme JG Classics. Disponible per a lloguer, fotos, filmacions, metratges.\" data-e-action-hash=\"#elementor-action%3Aaction%3Dlightbox%26settings%3DeyJpZCI6MTQxOTMsInVybCI6Imh0dHBzOlwvXC93d3cuamdjbGFzc2ljcy5jb21cL3dwLWNvbnRlbnRcL3VwbG9hZHNcLzIwMjNcLzA1XC9tYW50YV9jb3Zlcl8yMDIzMDUxM18xMTA3MDItc2NhbGVkLmpwZyIsInNsaWRlc2hvdyI6IjdhZmY4NWMifQ%3D%3D\">\n\t\t\t\t\t<div class=\"e-gallery-image elementor-gallery-item__image\" data-thumbnail=\"https:\/\/www.jgclassics.com\/wp-content\/uploads\/2023\/05\/manta_cover_20230513_110702-300x136.jpg\" data-width=\"300\" data-height=\"136\" aria-label=\"Opel Manta GTE. Disponible per a lloguer, fotos, filmacions, metratges.\" role=\"img\" ><\/div>\n\t\t\t\t\t\t\t\t\t\t\t<div class=\"elementor-gallery-item__overlay\"><\/div>\n\t\t\t\t\t\t\t\t\t\t\t\t\t\t<\/a>\n\t\t\t\t\t\t\t<a class=\"e-gallery-item elementor-gallery-item elementor-animated-content\" data-e-gallery-tags=\"0\" href=\"https:\/\/www.jgclassics.com\/wp-content\/uploads\/2023\/05\/20230513_110746-scaled.jpg\" data-elementor-open-lightbox=\"yes\" data-elementor-lightbox-slideshow=\"7aff85c\" data-elementor-lightbox-title=\"Opel Manta GTE vista exterior\" data-elementor-lightbox-description=\"Opel Manta GTE Barcelona Maresme JG Classics. Disponible per a lloguer, fotos, filmacions, metratges.\" data-e-action-hash=\"#elementor-action%3Aaction%3Dlightbox%26settings%3DeyJpZCI6MTQyNjYsInVybCI6Imh0dHBzOlwvXC93d3cuamdjbGFzc2ljcy5jb21cL3dwLWNvbnRlbnRcL3VwbG9hZHNcLzIwMjNcLzA1XC8yMDIzMDUxM18xMTA3NDYtc2NhbGVkLmpwZyIsInNsaWRlc2hvdyI6IjdhZmY4NWMifQ%3D%3D\">\n\t\t\t\t\t<div class=\"e-gallery-image elementor-gallery-item__image\" data-thumbnail=\"https:\/\/www.jgclassics.com\/wp-content\/uploads\/2023\/05\/20230513_110746-300x169.jpg\" data-width=\"300\" data-height=\"169\" aria-label=\"Opel Manta GTE. Disponible per a lloguer, fotos, filmacions, metratges.\" role=\"img\" ><\/div>\n\t\t\t\t\t\t\t\t\t\t\t<div class=\"elementor-gallery-item__overlay\"><\/div>\n\t\t\t\t\t\t\t\t\t\t\t\t\t\t<\/a>\n\t\t\t\t\t\t\t<a class=\"e-gallery-item elementor-gallery-item elementor-animated-content\" data-e-gallery-tags=\"0\" href=\"https:\/\/www.jgclassics.com\/wp-content\/uploads\/2023\/05\/20230513_110728-scaled.jpg\" data-elementor-open-lightbox=\"yes\" data-elementor-lightbox-slideshow=\"7aff85c\" data-elementor-lightbox-title=\"Opel Manta GTE vista exterior\" data-elementor-lightbox-description=\"Opel Manta GTE Barcelona Maresme JG Classics. Disponible per a lloguer, fotos, filmacions, metratges.\" data-e-action-hash=\"#elementor-action%3Aaction%3Dlightbox%26settings%3DeyJpZCI6MTQyNjAsInVybCI6Imh0dHBzOlwvXC93d3cuamdjbGFzc2ljcy5jb21cL3dwLWNvbnRlbnRcL3VwbG9hZHNcLzIwMjNcLzA1XC8yMDIzMDUxM18xMTA3Mjgtc2NhbGVkLmpwZyIsInNsaWRlc2hvdyI6IjdhZmY4NWMifQ%3D%3D\">\n\t\t\t\t\t<div class=\"e-gallery-image elementor-gallery-item__image\" data-thumbnail=\"https:\/\/www.jgclassics.com\/wp-content\/uploads\/2023\/05\/20230513_110728-scaled.jpg\" data-width=\"169\" data-height=\"300\" aria-label=\"Opel Manta GTE. Disponible per a lloguer, fotos, filmacions, metratges.\" role=\"img\" ><\/div>\n\t\t\t\t\t\t\t\t\t\t\t<div class=\"elementor-gallery-item__overlay\"><\/div>\n\t\t\t\t\t\t\t\t\t\t\t\t\t\t<\/a>\n\t\t\t\t\t\t\t<a class=\"e-gallery-item elementor-gallery-item elementor-animated-content\" data-e-gallery-tags=\"0\" href=\"https:\/\/www.jgclassics.com\/wp-content\/uploads\/2023\/05\/20230513_110702-scaled.jpg\" data-elementor-open-lightbox=\"yes\" data-elementor-lightbox-slideshow=\"7aff85c\" data-elementor-lightbox-title=\"Opel Manta GTE vista exterior\" data-elementor-lightbox-description=\"Opel Manta GTE Barcelona Maresme JG Classics. Disponible per a lloguer, fotos, filmacions, metratges.\" data-e-action-hash=\"#elementor-action%3Aaction%3Dlightbox%26settings%3DeyJpZCI6MTQyNTQsInVybCI6Imh0dHBzOlwvXC93d3cuamdjbGFzc2ljcy5jb21cL3dwLWNvbnRlbnRcL3VwbG9hZHNcLzIwMjNcLzA1XC8yMDIzMDUxM18xMTA3MDItc2NhbGVkLmpwZyIsInNsaWRlc2hvdyI6IjdhZmY4NWMifQ%3D%3D\">\n\t\t\t\t\t<div class=\"e-gallery-image elementor-gallery-item__image\" data-thumbnail=\"https:\/\/www.jgclassics.com\/wp-content\/uploads\/2023\/05\/20230513_110702-300x169.jpg\" data-width=\"300\" data-height=\"169\" aria-label=\"Opel Manta GTE. Disponible per a lloguer, fotos, filmacions, metratges.\" role=\"img\" ><\/div>\n\t\t\t\t\t\t\t\t\t\t\t<div class=\"elementor-gallery-item__overlay\"><\/div>\n\t\t\t\t\t\t\t\t\t\t\t\t\t\t<\/a>\n\t\t\t\t\t\t\t<a class=\"e-gallery-item elementor-gallery-item elementor-animated-content\" data-e-gallery-tags=\"0\" href=\"https:\/\/www.jgclassics.com\/wp-content\/uploads\/2023\/05\/20230513_111150-scaled.jpg\" data-elementor-open-lightbox=\"yes\" data-elementor-lightbox-slideshow=\"7aff85c\" data-elementor-lightbox-title=\"Opel Manta GTE vista exterior\" data-elementor-lightbox-description=\"Opel Manta GTE Barcelona Maresme JG Classics. Disponible per a lloguer, fotos, filmacions, metratges.\" data-e-action-hash=\"#elementor-action%3Aaction%3Dlightbox%26settings%3DeyJpZCI6MTQyOTMsInVybCI6Imh0dHBzOlwvXC93d3cuamdjbGFzc2ljcy5jb21cL3dwLWNvbnRlbnRcL3VwbG9hZHNcLzIwMjNcLzA1XC8yMDIzMDUxM18xMTExNTAtc2NhbGVkLmpwZyIsInNsaWRlc2hvdyI6IjdhZmY4NWMifQ%3D%3D\">\n\t\t\t\t\t<div class=\"e-gallery-image elementor-gallery-item__image\" data-thumbnail=\"https:\/\/www.jgclassics.com\/wp-content\/uploads\/2023\/05\/20230513_111150-300x169.jpg\" data-width=\"300\" data-height=\"169\" aria-label=\"Opel Manta GTE. Disponible per a lloguer, fotos, filmacions, metratges.\" role=\"img\" ><\/div>\n\t\t\t\t\t\t\t\t\t\t\t<div class=\"elementor-gallery-item__overlay\"><\/div>\n\t\t\t\t\t\t\t\t\t\t\t\t\t\t<\/a>\n\t\t\t\t\t\t\t<a class=\"e-gallery-item elementor-gallery-item elementor-animated-content\" data-e-gallery-tags=\"0\" href=\"https:\/\/www.jgclassics.com\/wp-content\/uploads\/2023\/05\/20230513_111055-scaled.jpg\" data-elementor-open-lightbox=\"yes\" data-elementor-lightbox-slideshow=\"7aff85c\" data-elementor-lightbox-title=\"Opel Manta GTE vista exterior\" data-elementor-lightbox-description=\"Opel Manta GTE Barcelona Maresme JG Classics. Disponible per a lloguer, fotos, filmacions, metratges.\" data-e-action-hash=\"#elementor-action%3Aaction%3Dlightbox%26settings%3DeyJpZCI6MTQyODcsInVybCI6Imh0dHBzOlwvXC93d3cuamdjbGFzc2ljcy5jb21cL3dwLWNvbnRlbnRcL3VwbG9hZHNcLzIwMjNcLzA1XC8yMDIzMDUxM18xMTEwNTUtc2NhbGVkLmpwZyIsInNsaWRlc2hvdyI6IjdhZmY4NWMifQ%3D%3D\">\n\t\t\t\t\t<div class=\"e-gallery-image elementor-gallery-item__image\" data-thumbnail=\"https:\/\/www.jgclassics.com\/wp-content\/uploads\/2023\/05\/20230513_111055-300x169.jpg\" data-width=\"300\" data-height=\"169\" aria-label=\"Opel Manta GTE. Disponible per a lloguer, fotos, filmacions, metratges.\" role=\"img\" ><\/div>\n\t\t\t\t\t\t\t\t\t\t\t<div class=\"elementor-gallery-item__overlay\"><\/div>\n\t\t\t\t\t\t\t\t\t\t\t\t\t\t<\/a>\n\t\t\t\t\t\t\t<a class=\"e-gallery-item elementor-gallery-item elementor-animated-content\" data-e-gallery-tags=\"0\" href=\"https:\/\/www.jgclassics.com\/wp-content\/uploads\/2023\/05\/20230513_111020-scaled.jpg\" data-elementor-open-lightbox=\"yes\" data-elementor-lightbox-slideshow=\"7aff85c\" data-elementor-lightbox-title=\"Opel Manta GTE vista exterior\" data-elementor-lightbox-description=\"Opel Manta GTE Barcelona Maresme JG Classics. Disponible per a lloguer, fotos, filmacions, metratges.\" data-e-action-hash=\"#elementor-action%3Aaction%3Dlightbox%26settings%3DeyJpZCI6MTQyODEsInVybCI6Imh0dHBzOlwvXC93d3cuamdjbGFzc2ljcy5jb21cL3dwLWNvbnRlbnRcL3VwbG9hZHNcLzIwMjNcLzA1XC8yMDIzMDUxM18xMTEwMjAtc2NhbGVkLmpwZyIsInNsaWRlc2hvdyI6IjdhZmY4NWMifQ%3D%3D\">\n\t\t\t\t\t<div class=\"e-gallery-image elementor-gallery-item__image\" data-thumbnail=\"https:\/\/www.jgclassics.com\/wp-content\/uploads\/2023\/05\/20230513_111020-300x169.jpg\" data-width=\"300\" data-height=\"169\" aria-label=\"Opel Manta GTE. Disponible per a lloguer, fotos, filmacions, metratges.\" role=\"img\" ><\/div>\n\t\t\t\t\t\t\t\t\t\t\t<div class=\"elementor-gallery-item__overlay\"><\/div>\n\t\t\t\t\t\t\t\t\t\t\t\t\t\t<\/a>\n\t\t\t\t\t\t\t<a class=\"e-gallery-item elementor-gallery-item elementor-animated-content\" data-e-gallery-tags=\"0\" href=\"https:\/\/www.jgclassics.com\/wp-content\/uploads\/2023\/05\/20230513_110831-scaled.jpg\" data-elementor-open-lightbox=\"yes\" data-elementor-lightbox-slideshow=\"7aff85c\" data-elementor-lightbox-title=\"Opel Manta GTE vista exterior\" data-elementor-lightbox-description=\"Opel Manta GTE Barcelona Maresme JG Classics. Disponible per a lloguer, fotos, filmacions, metratges.\" data-e-action-hash=\"#elementor-action%3Aaction%3Dlightbox%26settings%3DeyJpZCI6MTQyNzUsInVybCI6Imh0dHBzOlwvXC93d3cuamdjbGFzc2ljcy5jb21cL3dwLWNvbnRlbnRcL3VwbG9hZHNcLzIwMjNcLzA1XC8yMDIzMDUxM18xMTA4MzEtc2NhbGVkLmpwZyIsInNsaWRlc2hvdyI6IjdhZmY4NWMifQ%3D%3D\">\n\t\t\t\t\t<div class=\"e-gallery-image elementor-gallery-item__image\" data-thumbnail=\"https:\/\/www.jgclassics.com\/wp-content\/uploads\/2023\/05\/20230513_110831-169x300.jpg\" data-width=\"169\" data-height=\"300\" aria-label=\"Opel Manta GTE. Disponible per a lloguer, fotos, filmacions, metratges.\" role=\"img\" ><\/div>\n\t\t\t\t\t\t\t\t\t\t\t<div class=\"elementor-gallery-item__overlay\"><\/div>\n\t\t\t\t\t\t\t\t\t\t\t\t\t\t<\/a>\n\t\t\t\t\t\t\t<a class=\"e-gallery-item elementor-gallery-item elementor-animated-content\" data-e-gallery-tags=\"0\" href=\"https:\/\/www.jgclassics.com\/wp-content\/uploads\/2023\/05\/20230513_111950-scaled.jpg\" data-elementor-open-lightbox=\"yes\" data-elementor-lightbox-slideshow=\"7aff85c\" data-elementor-lightbox-title=\"Opel Manta GTE vista exterior\" data-elementor-lightbox-description=\"Opel Manta GTE Barcelona Maresme JG Classics. Disponible per a lloguer, fotos, filmacions, metratges.\" data-e-action-hash=\"#elementor-action%3Aaction%3Dlightbox%26settings%3DeyJpZCI6MTQzNDQsInVybCI6Imh0dHBzOlwvXC93d3cuamdjbGFzc2ljcy5jb21cL3dwLWNvbnRlbnRcL3VwbG9hZHNcLzIwMjNcLzA1XC8yMDIzMDUxM18xMTE5NTAtc2NhbGVkLmpwZyIsInNsaWRlc2hvdyI6IjdhZmY4NWMifQ%3D%3D\">\n\t\t\t\t\t<div class=\"e-gallery-image elementor-gallery-item__image\" data-thumbnail=\"https:\/\/www.jgclassics.com\/wp-content\/uploads\/2023\/05\/20230513_111950-300x169.jpg\" data-width=\"300\" data-height=\"169\" aria-label=\"Opel Manta GTE. Disponible per a lloguer, fotos, filmacions, metratges.\" role=\"img\" ><\/div>\n\t\t\t\t\t\t\t\t\t\t\t<div class=\"elementor-gallery-item__overlay\"><\/div>\n\t\t\t\t\t\t\t\t\t\t\t\t\t\t<\/a>\n\t\t\t\t\t\t\t<a class=\"e-gallery-item elementor-gallery-item elementor-animated-content\" data-e-gallery-tags=\"0\" href=\"https:\/\/www.jgclassics.com\/wp-content\/uploads\/2023\/05\/20230513_111353-scaled.jpg\" data-elementor-open-lightbox=\"yes\" data-elementor-lightbox-slideshow=\"7aff85c\" data-elementor-lightbox-title=\"Opel Manta GTE vista exterior\" data-elementor-lightbox-description=\"Opel Manta GTE Barcelona Maresme JG Classics. Disponible per a lloguer, fotos, filmacions, metratges.\" data-e-action-hash=\"#elementor-action%3Aaction%3Dlightbox%26settings%3DeyJpZCI6MTQzMjAsInVybCI6Imh0dHBzOlwvXC93d3cuamdjbGFzc2ljcy5jb21cL3dwLWNvbnRlbnRcL3VwbG9hZHNcLzIwMjNcLzA1XC8yMDIzMDUxM18xMTEzNTMtc2NhbGVkLmpwZyIsInNsaWRlc2hvdyI6IjdhZmY4NWMifQ%3D%3D\">\n\t\t\t\t\t<div class=\"e-gallery-image elementor-gallery-item__image\" data-thumbnail=\"https:\/\/www.jgclassics.com\/wp-content\/uploads\/2023\/05\/20230513_111353-300x169.jpg\" data-width=\"300\" data-height=\"169\" aria-label=\"Opel Manta GTE. Disponible per a lloguer, fotos, filmacions, metratges.\" role=\"img\" ><\/div>\n\t\t\t\t\t\t\t\t\t\t\t<div class=\"elementor-gallery-item__overlay\"><\/div>\n\t\t\t\t\t\t\t\t\t\t\t\t\t\t<\/a>\n\t\t\t\t\t\t\t<a class=\"e-gallery-item elementor-gallery-item elementor-animated-content\" data-e-gallery-tags=\"0\" href=\"https:\/\/www.jgclassics.com\/wp-content\/uploads\/2023\/05\/20230513_111331-scaled.jpg\" data-elementor-open-lightbox=\"yes\" data-elementor-lightbox-slideshow=\"7aff85c\" data-elementor-lightbox-title=\"Opel Manta GTE vista exterior\" data-elementor-lightbox-description=\"Opel Manta GTE Barcelona Maresme JG Classics. Disponible per a lloguer, fotos, filmacions, metratges.\" data-e-action-hash=\"#elementor-action%3Aaction%3Dlightbox%26settings%3DeyJpZCI6MTQzMTcsInVybCI6Imh0dHBzOlwvXC93d3cuamdjbGFzc2ljcy5jb21cL3dwLWNvbnRlbnRcL3VwbG9hZHNcLzIwMjNcLzA1XC8yMDIzMDUxM18xMTEzMzEtc2NhbGVkLmpwZyIsInNsaWRlc2hvdyI6IjdhZmY4NWMifQ%3D%3D\">\n\t\t\t\t\t<div class=\"e-gallery-image elementor-gallery-item__image\" data-thumbnail=\"https:\/\/www.jgclassics.com\/wp-content\/uploads\/2023\/05\/20230513_111331-300x169.jpg\" data-width=\"300\" data-height=\"169\" aria-label=\"Opel Manta GTE. Disponible per a lloguer, fotos, filmacions, metratges.\" role=\"img\" ><\/div>\n\t\t\t\t\t\t\t\t\t\t\t<div class=\"elementor-gallery-item__overlay\"><\/div>\n\t\t\t\t\t\t\t\t\t\t\t\t\t\t<\/a>\n\t\t\t\t\t\t\t<a class=\"e-gallery-item elementor-gallery-item elementor-animated-content\" data-e-gallery-tags=\"0\" href=\"https:\/\/www.jgclassics.com\/wp-content\/uploads\/2023\/05\/20230513_111312-scaled.jpg\" data-elementor-open-lightbox=\"yes\" data-elementor-lightbox-slideshow=\"7aff85c\" data-elementor-lightbox-title=\"Opel Manta GTE vista exterior\" data-elementor-lightbox-description=\"Opel Manta GTE Barcelona Maresme JG Classics. Disponible per a lloguer, fotos, filmacions, metratges.\" data-e-action-hash=\"#elementor-action%3Aaction%3Dlightbox%26settings%3DeyJpZCI6MTQzMTQsInVybCI6Imh0dHBzOlwvXC93d3cuamdjbGFzc2ljcy5jb21cL3dwLWNvbnRlbnRcL3VwbG9hZHNcLzIwMjNcLzA1XC8yMDIzMDUxM18xMTEzMTItc2NhbGVkLmpwZyIsInNsaWRlc2hvdyI6IjdhZmY4NWMifQ%3D%3D\">\n\t\t\t\t\t<div class=\"e-gallery-image elementor-gallery-item__image\" data-thumbnail=\"https:\/\/www.jgclassics.com\/wp-content\/uploads\/2023\/05\/20230513_111312-169x300.jpg\" data-width=\"169\" data-height=\"300\" aria-label=\"Opel Manta GTE. Disponible per a lloguer, fotos, filmacions, metratges.\" role=\"img\" ><\/div>\n\t\t\t\t\t\t\t\t\t\t\t<div class=\"elementor-gallery-item__overlay\"><\/div>\n\t\t\t\t\t\t\t\t\t\t\t\t\t\t<\/a>\n\t\t\t\t\t\t\t<a class=\"e-gallery-item elementor-gallery-item elementor-animated-content\" data-e-gallery-tags=\"0\" href=\"https:\/\/www.jgclassics.com\/wp-content\/uploads\/2023\/05\/20230513_111258-scaled.jpg\" data-elementor-open-lightbox=\"yes\" data-elementor-lightbox-slideshow=\"7aff85c\" data-elementor-lightbox-title=\"Opel Manta GTE vista exterior\" data-elementor-lightbox-description=\"Opel Manta GTE Barcelona Maresme JG Classics. Disponible per a lloguer, fotos, filmacions, metratges.\" data-e-action-hash=\"#elementor-action%3Aaction%3Dlightbox%26settings%3DeyJpZCI6MTQzMTEsInVybCI6Imh0dHBzOlwvXC93d3cuamdjbGFzc2ljcy5jb21cL3dwLWNvbnRlbnRcL3VwbG9hZHNcLzIwMjNcLzA1XC8yMDIzMDUxM18xMTEyNTgtc2NhbGVkLmpwZyIsInNsaWRlc2hvdyI6IjdhZmY4NWMifQ%3D%3D\">\n\t\t\t\t\t<div class=\"e-gallery-image elementor-gallery-item__image\" data-thumbnail=\"https:\/\/www.jgclassics.com\/wp-content\/uploads\/2023\/05\/20230513_111258-169x300.jpg\" data-width=\"169\" data-height=\"300\" aria-label=\"Opel Manta GTE. Disponible per a lloguer, fotos, filmacions, metratges.\" role=\"img\" ><\/div>\n\t\t\t\t\t\t\t\t\t\t\t<div class=\"elementor-gallery-item__overlay\"><\/div>\n\t\t\t\t\t\t\t\t\t\t\t\t\t\t<\/a>\n\t\t\t\t\t\t\t<a class=\"e-gallery-item elementor-gallery-item elementor-animated-content\" data-e-gallery-tags=\"0\" href=\"https:\/\/www.jgclassics.com\/wp-content\/uploads\/2023\/05\/20230513_111251-scaled.jpg\" data-elementor-open-lightbox=\"yes\" data-elementor-lightbox-slideshow=\"7aff85c\" data-elementor-lightbox-title=\"Opel Manta GTE vista exterior\" data-elementor-lightbox-description=\"Opel Manta GTE Barcelona Maresme JG Classics. Disponible per a lloguer, fotos, filmacions, metratges.\" data-e-action-hash=\"#elementor-action%3Aaction%3Dlightbox%26settings%3DeyJpZCI6MTQzMDgsInVybCI6Imh0dHBzOlwvXC93d3cuamdjbGFzc2ljcy5jb21cL3dwLWNvbnRlbnRcL3VwbG9hZHNcLzIwMjNcLzA1XC8yMDIzMDUxM18xMTEyNTEtc2NhbGVkLmpwZyIsInNsaWRlc2hvdyI6IjdhZmY4NWMifQ%3D%3D\">\n\t\t\t\t\t<div class=\"e-gallery-image elementor-gallery-item__image\" data-thumbnail=\"https:\/\/www.jgclassics.com\/wp-content\/uploads\/2023\/05\/20230513_111251-300x169.jpg\" data-width=\"300\" data-height=\"169\" aria-label=\"Opel Manta GTE. Disponible per a lloguer, fotos, filmacions, metratges.\" role=\"img\" ><\/div>\n\t\t\t\t\t\t\t\t\t\t\t<div class=\"elementor-gallery-item__overlay\"><\/div>\n\t\t\t\t\t\t\t\t\t\t\t\t\t\t<\/a>\n\t\t\t\t\t\t\t<a class=\"e-gallery-item elementor-gallery-item elementor-animated-content\" data-e-gallery-tags=\"0\" href=\"https:\/\/www.jgclassics.com\/wp-content\/uploads\/2023\/05\/20230513_111206-scaled.jpg\" data-elementor-open-lightbox=\"yes\" data-elementor-lightbox-slideshow=\"7aff85c\" data-elementor-lightbox-title=\"Opel Manta GTE vista exterior\" data-elementor-lightbox-description=\"Opel Manta GTE Barcelona Maresme JG Classics. Disponible per a lloguer, fotos, filmacions, metratges.\" data-e-action-hash=\"#elementor-action%3Aaction%3Dlightbox%26settings%3DeyJpZCI6MTQyOTYsInVybCI6Imh0dHBzOlwvXC93d3cuamdjbGFzc2ljcy5jb21cL3dwLWNvbnRlbnRcL3VwbG9hZHNcLzIwMjNcLzA1XC8yMDIzMDUxM18xMTEyMDYtc2NhbGVkLmpwZyIsInNsaWRlc2hvdyI6IjdhZmY4NWMifQ%3D%3D\">\n\t\t\t\t\t<div class=\"e-gallery-image elementor-gallery-item__image\" data-thumbnail=\"https:\/\/www.jgclassics.com\/wp-content\/uploads\/2023\/05\/20230513_111206-300x169.jpg\" data-width=\"300\" data-height=\"169\" aria-label=\"Opel Manta GTE. Disponible per a lloguer, fotos, filmacions, metratges.\" role=\"img\" ><\/div>\n\t\t\t\t\t\t\t\t\t\t\t<div class=\"elementor-gallery-item__overlay\"><\/div>\n\t\t\t\t\t\t\t\t\t\t\t\t\t\t<\/a>\n\t\t\t\t\t\t\t<a class=\"e-gallery-item elementor-gallery-item elementor-animated-content\" data-e-gallery-tags=\"0\" href=\"https:\/\/www.jgclassics.com\/wp-content\/uploads\/2023\/05\/20230513_111119-scaled.jpg\" data-elementor-open-lightbox=\"yes\" data-elementor-lightbox-slideshow=\"7aff85c\" data-elementor-lightbox-title=\"Opel Manta GTE vista exterior\" data-elementor-lightbox-description=\"Opel Manta GTE Barcelona Maresme JG Classics. Disponible per a lloguer, fotos, filmacions, metratges.\" data-e-action-hash=\"#elementor-action%3Aaction%3Dlightbox%26settings%3DeyJpZCI6MTQyOTAsInVybCI6Imh0dHBzOlwvXC93d3cuamdjbGFzc2ljcy5jb21cL3dwLWNvbnRlbnRcL3VwbG9hZHNcLzIwMjNcLzA1XC8yMDIzMDUxM18xMTExMTktc2NhbGVkLmpwZyIsInNsaWRlc2hvdyI6IjdhZmY4NWMifQ%3D%3D\">\n\t\t\t\t\t<div class=\"e-gallery-image elementor-gallery-item__image\" data-thumbnail=\"https:\/\/www.jgclassics.com\/wp-content\/uploads\/2023\/05\/20230513_111119-300x169.jpg\" data-width=\"300\" data-height=\"169\" aria-label=\"Opel Manta GTE. Disponible per a lloguer, fotos, filmacions, metratges.\" role=\"img\" ><\/div>\n\t\t\t\t\t\t\t\t\t\t\t<div class=\"elementor-gallery-item__overlay\"><\/div>\n\t\t\t\t\t\t\t\t\t\t\t\t\t\t<\/a>\n\t\t\t\t\t\t\t<a class=\"e-gallery-item elementor-gallery-item elementor-animated-content\" data-e-gallery-tags=\"0\" href=\"https:\/\/www.jgclassics.com\/wp-content\/uploads\/2023\/05\/20230513_111850-scaled.jpg\" data-elementor-open-lightbox=\"yes\" data-elementor-lightbox-slideshow=\"7aff85c\" data-elementor-lightbox-title=\"Opel Manta GTE vista exterior\" data-elementor-lightbox-description=\"Opel Manta GTE Barcelona Maresme JG Classics. Disponible per a lloguer, fotos, filmacions, metratges.\" data-e-action-hash=\"#elementor-action%3Aaction%3Dlightbox%26settings%3DeyJpZCI6MTQzMzUsInVybCI6Imh0dHBzOlwvXC93d3cuamdjbGFzc2ljcy5jb21cL3dwLWNvbnRlbnRcL3VwbG9hZHNcLzIwMjNcLzA1XC8yMDIzMDUxM18xMTE4NTAtc2NhbGVkLmpwZyIsInNsaWRlc2hvdyI6IjdhZmY4NWMifQ%3D%3D\">\n\t\t\t\t\t<div class=\"e-gallery-image elementor-gallery-item__image\" data-thumbnail=\"https:\/\/www.jgclassics.com\/wp-content\/uploads\/2023\/05\/20230513_111850-169x300.jpg\" data-width=\"169\" data-height=\"300\" aria-label=\"Opel Manta GTE. Disponible per a lloguer, fotos, filmacions, metratges.\" role=\"img\" ><\/div>\n\t\t\t\t\t\t\t\t\t\t\t<div class=\"elementor-gallery-item__overlay\"><\/div>\n\t\t\t\t\t\t\t\t\t\t\t\t\t\t<\/a>\n\t\t\t\t\t\t\t<a class=\"e-gallery-item elementor-gallery-item elementor-animated-content\" data-e-gallery-tags=\"0\" href=\"https:\/\/www.jgclassics.com\/wp-content\/uploads\/2023\/05\/20230513_111906-scaled.jpg\" data-elementor-open-lightbox=\"yes\" data-elementor-lightbox-slideshow=\"7aff85c\" data-elementor-lightbox-title=\"Opel Manta GTE vista exterior\" data-elementor-lightbox-description=\"Opel Manta GTE Barcelona Maresme JG Classics. Disponible per a lloguer, fotos, filmacions, metratges.\" data-e-action-hash=\"#elementor-action%3Aaction%3Dlightbox%26settings%3DeyJpZCI6MTQzMzgsInVybCI6Imh0dHBzOlwvXC93d3cuamdjbGFzc2ljcy5jb21cL3dwLWNvbnRlbnRcL3VwbG9hZHNcLzIwMjNcLzA1XC8yMDIzMDUxM18xMTE5MDYtc2NhbGVkLmpwZyIsInNsaWRlc2hvdyI6IjdhZmY4NWMifQ%3D%3D\">\n\t\t\t\t\t<div class=\"e-gallery-image elementor-gallery-item__image\" data-thumbnail=\"https:\/\/www.jgclassics.com\/wp-content\/uploads\/2023\/05\/20230513_111906-300x169.jpg\" data-width=\"300\" data-height=\"169\" aria-label=\"Opel Manta GTE. Disponible per a lloguer, fotos, filmacions, metratges.\" role=\"img\" ><\/div>\n\t\t\t\t\t\t\t\t\t\t\t<div class=\"elementor-gallery-item__overlay\"><\/div>\n\t\t\t\t\t\t\t\t\t\t\t\t\t\t<\/a>\n\t\t\t\t\t\t\t<a class=\"e-gallery-item elementor-gallery-item elementor-animated-content\" data-e-gallery-tags=\"0\" href=\"https:\/\/www.jgclassics.com\/wp-content\/uploads\/2023\/05\/20230513_111945-scaled.jpg\" data-elementor-open-lightbox=\"yes\" data-elementor-lightbox-slideshow=\"7aff85c\" data-elementor-lightbox-title=\"Opel Manta GTE vista exterior\" data-elementor-lightbox-description=\"Opel Manta GTE Barcelona Maresme JG Classics. Disponible per a lloguer, fotos, filmacions, metratges.\" data-e-action-hash=\"#elementor-action%3Aaction%3Dlightbox%26settings%3DeyJpZCI6MTQzNDEsInVybCI6Imh0dHBzOlwvXC93d3cuamdjbGFzc2ljcy5jb21cL3dwLWNvbnRlbnRcL3VwbG9hZHNcLzIwMjNcLzA1XC8yMDIzMDUxM18xMTE5NDUtc2NhbGVkLmpwZyIsInNsaWRlc2hvdyI6IjdhZmY4NWMifQ%3D%3D\">\n\t\t\t\t\t<div class=\"e-gallery-image elementor-gallery-item__image\" data-thumbnail=\"https:\/\/www.jgclassics.com\/wp-content\/uploads\/2023\/05\/20230513_111945-300x169.jpg\" data-width=\"300\" data-height=\"169\" aria-label=\"Opel Manta GTE. Disponible per a lloguer, fotos, filmacions, metratges.\" role=\"img\" ><\/div>\n\t\t\t\t\t\t\t\t\t\t\t<div class=\"elementor-gallery-item__overlay\"><\/div>\n\t\t\t\t\t\t\t\t\t\t\t\t\t\t<\/a>\n\t\t\t\t\t\t\t<a class=\"e-gallery-item elementor-gallery-item elementor-animated-content\" data-e-gallery-tags=\"0\" href=\"https:\/\/www.jgclassics.com\/wp-content\/uploads\/2023\/05\/20230513_112023-scaled.jpg\" data-elementor-open-lightbox=\"yes\" data-elementor-lightbox-slideshow=\"7aff85c\" data-elementor-lightbox-title=\"Opel Manta GTE vista exterior\" data-elementor-lightbox-description=\"Opel Manta GTE Barcelona Maresme JG Classics. Disponible per a lloguer, fotos, filmacions, metratges.\" data-e-action-hash=\"#elementor-action%3Aaction%3Dlightbox%26settings%3DeyJpZCI6MTQzNTQsInVybCI6Imh0dHBzOlwvXC93d3cuamdjbGFzc2ljcy5jb21cL3dwLWNvbnRlbnRcL3VwbG9hZHNcLzIwMjNcLzA1XC8yMDIzMDUxM18xMTIwMjMtc2NhbGVkLmpwZyIsInNsaWRlc2hvdyI6IjdhZmY4NWMifQ%3D%3D\">\n\t\t\t\t\t<div class=\"e-gallery-image elementor-gallery-item__image\" data-thumbnail=\"https:\/\/www.jgclassics.com\/wp-content\/uploads\/2023\/05\/20230513_112023-169x300.jpg\" data-width=\"169\" data-height=\"300\" aria-label=\"Opel Manta GTE. Disponible per a lloguer, fotos, filmacions, metratges.\" role=\"img\" ><\/div>\n\t\t\t\t\t\t\t\t\t\t\t<div class=\"elementor-gallery-item__overlay\"><\/div>\n\t\t\t\t\t\t\t\t\t\t\t\t\t\t<\/a>\n\t\t\t\t\t\t\t<a class=\"e-gallery-item elementor-gallery-item elementor-animated-content\" data-e-gallery-tags=\"0\" href=\"https:\/\/www.jgclassics.com\/wp-content\/uploads\/2023\/05\/20230513_112016-scaled.jpg\" data-elementor-open-lightbox=\"yes\" data-elementor-lightbox-slideshow=\"7aff85c\" data-elementor-lightbox-title=\"Opel Manta GTE vista exterior\" data-elementor-lightbox-description=\"Opel Manta GTE Barcelona Maresme JG Classics. Disponible per a lloguer, fotos, filmacions, metratges.\" data-e-action-hash=\"#elementor-action%3Aaction%3Dlightbox%26settings%3DeyJpZCI6MTQzNTEsInVybCI6Imh0dHBzOlwvXC93d3cuamdjbGFzc2ljcy5jb21cL3dwLWNvbnRlbnRcL3VwbG9hZHNcLzIwMjNcLzA1XC8yMDIzMDUxM18xMTIwMTYtc2NhbGVkLmpwZyIsInNsaWRlc2hvdyI6IjdhZmY4NWMifQ%3D%3D\">\n\t\t\t\t\t<div class=\"e-gallery-image elementor-gallery-item__image\" data-thumbnail=\"https:\/\/www.jgclassics.com\/wp-content\/uploads\/2023\/05\/20230513_112016-300x169.jpg\" data-width=\"300\" data-height=\"169\" aria-label=\"Opel Manta GTE. Disponible per a lloguer, fotos, filmacions, metratges.\" role=\"img\" ><\/div>\n\t\t\t\t\t\t\t\t\t\t\t<div class=\"elementor-gallery-item__overlay\"><\/div>\n\t\t\t\t\t\t\t\t\t\t\t\t\t\t<\/a>\n\t\t\t\t\t\t\t<a class=\"e-gallery-item elementor-gallery-item elementor-animated-content\" data-e-gallery-tags=\"0\" href=\"https:\/\/www.jgclassics.com\/wp-content\/uploads\/2023\/05\/20230513_111959-scaled.jpg\" data-elementor-open-lightbox=\"yes\" data-elementor-lightbox-slideshow=\"7aff85c\" data-elementor-lightbox-title=\"Opel Manta GTE vista exterior\" data-elementor-lightbox-description=\"Opel Manta GTE Barcelona Maresme JG Classics. Disponible per a lloguer, fotos, filmacions, metratges.\" data-e-action-hash=\"#elementor-action%3Aaction%3Dlightbox%26settings%3DeyJpZCI6MTQzNDgsInVybCI6Imh0dHBzOlwvXC93d3cuamdjbGFzc2ljcy5jb21cL3dwLWNvbnRlbnRcL3VwbG9hZHNcLzIwMjNcLzA1XC8yMDIzMDUxM18xMTE5NTktc2NhbGVkLmpwZyIsInNsaWRlc2hvdyI6IjdhZmY4NWMifQ%3D%3D\">\n\t\t\t\t\t<div class=\"e-gallery-image elementor-gallery-item__image\" data-thumbnail=\"https:\/\/www.jgclassics.com\/wp-content\/uploads\/2023\/05\/20230513_111959-300x169.jpg\" data-width=\"300\" data-height=\"169\" aria-label=\"Opel Manta GTE. Disponible per a lloguer, fotos, filmacions, metratges.\" role=\"img\" ><\/div>\n\t\t\t\t\t\t\t\t\t\t\t<div class=\"elementor-gallery-item__overlay\"><\/div>\n\t\t\t\t\t\t\t\t\t\t\t\t\t\t<\/a>\n\t\t\t\t\t\t\t<a class=\"e-gallery-item elementor-gallery-item elementor-animated-content\" data-e-gallery-tags=\"0\" href=\"https:\/\/www.jgclassics.com\/wp-content\/uploads\/2023\/05\/20230513_112404-scaled.jpg\" data-elementor-open-lightbox=\"yes\" data-elementor-lightbox-slideshow=\"7aff85c\" data-elementor-lightbox-title=\"Opel Manta GTE vista exterior\" data-elementor-lightbox-description=\"Opel Manta GTE Barcelona Maresme JG Classics. Disponible per a lloguer, fotos, filmacions, metratges.\" data-e-action-hash=\"#elementor-action%3Aaction%3Dlightbox%26settings%3DeyJpZCI6MTQzOTAsInVybCI6Imh0dHBzOlwvXC93d3cuamdjbGFzc2ljcy5jb21cL3dwLWNvbnRlbnRcL3VwbG9hZHNcLzIwMjNcLzA1XC8yMDIzMDUxM18xMTI0MDQtc2NhbGVkLmpwZyIsInNsaWRlc2hvdyI6IjdhZmY4NWMifQ%3D%3D\">\n\t\t\t\t\t<div class=\"e-gallery-image elementor-gallery-item__image\" data-thumbnail=\"https:\/\/www.jgclassics.com\/wp-content\/uploads\/2023\/05\/20230513_112404-300x169.jpg\" data-width=\"300\" data-height=\"169\" aria-label=\"Opel Manta GTE. Disponible per a lloguer, fotos, filmacions, metratges.\" role=\"img\" ><\/div>\n\t\t\t\t\t\t\t\t\t\t\t<div class=\"elementor-gallery-item__overlay\"><\/div>\n\t\t\t\t\t\t\t\t\t\t\t\t\t\t<\/a>\n\t\t\t\t\t\t\t<a class=\"e-gallery-item elementor-gallery-item elementor-animated-content\" data-e-gallery-tags=\"0\" href=\"https:\/\/www.jgclassics.com\/wp-content\/uploads\/2023\/05\/20230513_112341-scaled.jpg\" data-elementor-open-lightbox=\"yes\" data-elementor-lightbox-slideshow=\"7aff85c\" data-elementor-lightbox-title=\"Opel Manta GTE vista exterior\" data-elementor-lightbox-description=\"Opel Manta GTE Barcelona Maresme JG Classics. Disponible per a lloguer, fotos, filmacions, metratges.\" data-e-action-hash=\"#elementor-action%3Aaction%3Dlightbox%26settings%3DeyJpZCI6MTQzODcsInVybCI6Imh0dHBzOlwvXC93d3cuamdjbGFzc2ljcy5jb21cL3dwLWNvbnRlbnRcL3VwbG9hZHNcLzIwMjNcLzA1XC8yMDIzMDUxM18xMTIzNDEtc2NhbGVkLmpwZyIsInNsaWRlc2hvdyI6IjdhZmY4NWMifQ%3D%3D\">\n\t\t\t\t\t<div class=\"e-gallery-image elementor-gallery-item__image\" data-thumbnail=\"https:\/\/www.jgclassics.com\/wp-content\/uploads\/2023\/05\/20230513_112341-300x169.jpg\" data-width=\"300\" data-height=\"169\" aria-label=\"Opel Manta GTE. Disponible per a lloguer, fotos, filmacions, metratges.\" role=\"img\" ><\/div>\n\t\t\t\t\t\t\t\t\t\t\t<div class=\"elementor-gallery-item__overlay\"><\/div>\n\t\t\t\t\t\t\t\t\t\t\t\t\t\t<\/a>\n\t\t\t\t\t\t\t<a class=\"e-gallery-item elementor-gallery-item elementor-animated-content\" data-e-gallery-tags=\"0\" href=\"https:\/\/www.jgclassics.com\/wp-content\/uploads\/2023\/05\/20230513_112218-scaled.jpg\" data-elementor-open-lightbox=\"yes\" data-elementor-lightbox-slideshow=\"7aff85c\" data-elementor-lightbox-title=\"Opel Manta GTE vista exterior\" data-elementor-lightbox-description=\"Opel Manta GTE Barcelona Maresme JG Classics. Disponible per a lloguer, fotos, filmacions, metratges.\" data-e-action-hash=\"#elementor-action%3Aaction%3Dlightbox%26settings%3DeyJpZCI6MTQzNzgsInVybCI6Imh0dHBzOlwvXC93d3cuamdjbGFzc2ljcy5jb21cL3dwLWNvbnRlbnRcL3VwbG9hZHNcLzIwMjNcLzA1XC8yMDIzMDUxM18xMTIyMTgtc2NhbGVkLmpwZyIsInNsaWRlc2hvdyI6IjdhZmY4NWMifQ%3D%3D\">\n\t\t\t\t\t<div class=\"e-gallery-image elementor-gallery-item__image\" data-thumbnail=\"https:\/\/www.jgclassics.com\/wp-content\/uploads\/2023\/05\/20230513_112218-169x300.jpg\" data-width=\"169\" data-height=\"300\" aria-label=\"Opel Manta GTE. Disponible per a lloguer, fotos, filmacions, metratges.\" role=\"img\" ><\/div>\n\t\t\t\t\t\t\t\t\t\t\t<div class=\"elementor-gallery-item__overlay\"><\/div>\n\t\t\t\t\t\t\t\t\t\t\t\t\t\t<\/a>\n\t\t\t\t\t\t\t<a class=\"e-gallery-item elementor-gallery-item elementor-animated-content\" data-e-gallery-tags=\"0\" href=\"https:\/\/www.jgclassics.com\/wp-content\/uploads\/2023\/05\/20230513_112518-scaled.jpg\" data-elementor-open-lightbox=\"yes\" data-elementor-lightbox-slideshow=\"7aff85c\" data-elementor-lightbox-title=\"Opel Manta GTE vista exterior\" data-elementor-lightbox-description=\"Opel Manta GTE Barcelona Maresme JG Classics. Disponible per a lloguer, fotos, filmacions, metratges.\" data-e-action-hash=\"#elementor-action%3Aaction%3Dlightbox%26settings%3DeyJpZCI6MTQzOTksInVybCI6Imh0dHBzOlwvXC93d3cuamdjbGFzc2ljcy5jb21cL3dwLWNvbnRlbnRcL3VwbG9hZHNcLzIwMjNcLzA1XC8yMDIzMDUxM18xMTI1MTgtc2NhbGVkLmpwZyIsInNsaWRlc2hvdyI6IjdhZmY4NWMifQ%3D%3D\">\n\t\t\t\t\t<div class=\"e-gallery-image elementor-gallery-item__image\" data-thumbnail=\"https:\/\/www.jgclassics.com\/wp-content\/uploads\/2023\/05\/20230513_112518-300x169.jpg\" data-width=\"300\" data-height=\"169\" aria-label=\"Opel Manta GTE. Disponible per a lloguer, fotos, filmacions, metratges.\" role=\"img\" ><\/div>\n\t\t\t\t\t\t\t\t\t\t\t<div class=\"elementor-gallery-item__overlay\"><\/div>\n\t\t\t\t\t\t\t\t\t\t\t\t\t\t<\/a>\n\t\t\t\t\t\t\t<a class=\"e-gallery-item elementor-gallery-item elementor-animated-content\" data-e-gallery-tags=\"0\" href=\"https:\/\/www.jgclassics.com\/wp-content\/uploads\/2023\/05\/20230513_112414-scaled.jpg\" data-elementor-open-lightbox=\"yes\" data-elementor-lightbox-slideshow=\"7aff85c\" data-elementor-lightbox-title=\"Opel Manta GTE vista exterior\" data-elementor-lightbox-description=\"Opel Manta GTE Barcelona Maresme JG Classics. Disponible per a lloguer, fotos, filmacions, metratges.\" data-e-action-hash=\"#elementor-action%3Aaction%3Dlightbox%26settings%3DeyJpZCI6MTQzOTYsInVybCI6Imh0dHBzOlwvXC93d3cuamdjbGFzc2ljcy5jb21cL3dwLWNvbnRlbnRcL3VwbG9hZHNcLzIwMjNcLzA1XC8yMDIzMDUxM18xMTI0MTQtc2NhbGVkLmpwZyIsInNsaWRlc2hvdyI6IjdhZmY4NWMifQ%3D%3D\">\n\t\t\t\t\t<div class=\"e-gallery-image elementor-gallery-item__image\" data-thumbnail=\"https:\/\/www.jgclassics.com\/wp-content\/uploads\/2023\/05\/20230513_112414-300x169.jpg\" data-width=\"300\" data-height=\"169\" aria-label=\"Opel Manta GTE. Disponible per a lloguer, fotos, filmacions, metratges.\" role=\"img\" ><\/div>\n\t\t\t\t\t\t\t\t\t\t\t<div class=\"elementor-gallery-item__overlay\"><\/div>\n\t\t\t\t\t\t\t\t\t\t\t\t\t\t<\/a>\n\t\t\t\t\t\t\t<a class=\"e-gallery-item elementor-gallery-item elementor-animated-content\" data-e-gallery-tags=\"1\" href=\"https:\/\/www.jgclassics.com\/wp-content\/uploads\/2023\/05\/20230513_110821-scaled.jpg\" data-elementor-open-lightbox=\"yes\" data-elementor-lightbox-slideshow=\"7aff85c\" data-elementor-lightbox-title=\"Opel Manta GTE interior habitacle\" data-elementor-lightbox-description=\"Opel Manta GTE Barcelona Maresme JG Classics. Disponible per a lloguer, fotos, filmacions, metratges.\" data-e-action-hash=\"#elementor-action%3Aaction%3Dlightbox%26settings%3DeyJpZCI6MTQyNzIsInVybCI6Imh0dHBzOlwvXC93d3cuamdjbGFzc2ljcy5jb21cL3dwLWNvbnRlbnRcL3VwbG9hZHNcLzIwMjNcLzA1XC8yMDIzMDUxM18xMTA4MjEtc2NhbGVkLmpwZyIsInNsaWRlc2hvdyI6IjdhZmY4NWMifQ%3D%3D\">\n\t\t\t\t\t<div class=\"e-gallery-image elementor-gallery-item__image\" data-thumbnail=\"https:\/\/www.jgclassics.com\/wp-content\/uploads\/2023\/05\/20230513_110821-300x169.jpg\" data-width=\"300\" data-height=\"169\" aria-label=\"Opel Manta GTE. Disponible per a lloguer, fotos, filmacions, metratges.\" role=\"img\" ><\/div>\n\t\t\t\t\t\t\t\t\t\t\t<div class=\"elementor-gallery-item__overlay\"><\/div>\n\t\t\t\t\t\t\t\t\t\t\t\t\t\t<\/a>\n\t\t\t\t\t\t\t<a class=\"e-gallery-item elementor-gallery-item elementor-animated-content\" data-e-gallery-tags=\"1\" href=\"https:\/\/www.jgclassics.com\/wp-content\/uploads\/2023\/05\/20230513_110759-scaled.jpg\" data-elementor-open-lightbox=\"yes\" data-elementor-lightbox-slideshow=\"7aff85c\" data-elementor-lightbox-title=\"Opel Manta GTE interior habitacle\" data-elementor-lightbox-description=\"Opel Manta GTE Barcelona Maresme JG Classics. Disponible per a lloguer, fotos, filmacions, metratges.\" data-e-action-hash=\"#elementor-action%3Aaction%3Dlightbox%26settings%3DeyJpZCI6MTQyNjksInVybCI6Imh0dHBzOlwvXC93d3cuamdjbGFzc2ljcy5jb21cL3dwLWNvbnRlbnRcL3VwbG9hZHNcLzIwMjNcLzA1XC8yMDIzMDUxM18xMTA3NTktc2NhbGVkLmpwZyIsInNsaWRlc2hvdyI6IjdhZmY4NWMifQ%3D%3D\">\n\t\t\t\t\t<div class=\"e-gallery-image elementor-gallery-item__image\" data-thumbnail=\"https:\/\/www.jgclassics.com\/wp-content\/uploads\/2023\/05\/20230513_110759-300x169.jpg\" data-width=\"300\" data-height=\"169\" aria-label=\"Opel Manta GTE. Disponible per a lloguer, fotos, filmacions, metratges.\" role=\"img\" ><\/div>\n\t\t\t\t\t\t\t\t\t\t\t<div class=\"elementor-gallery-item__overlay\"><\/div>\n\t\t\t\t\t\t\t\t\t\t\t\t\t\t<\/a>\n\t\t\t\t\t\t\t<a class=\"e-gallery-item elementor-gallery-item elementor-animated-content\" data-e-gallery-tags=\"1\" href=\"https:\/\/www.jgclassics.com\/wp-content\/uploads\/2023\/05\/20230513_111511-scaled.jpg\" data-elementor-open-lightbox=\"yes\" data-elementor-lightbox-slideshow=\"7aff85c\" data-elementor-lightbox-title=\"Opel Manta GTE interior habitacle\" data-elementor-lightbox-description=\"Opel Manta GTE Barcelona Maresme JG Classics. Disponible per a lloguer, fotos, filmacions, metratges.\" data-e-action-hash=\"#elementor-action%3Aaction%3Dlightbox%26settings%3DeyJpZCI6MTQzMjYsInVybCI6Imh0dHBzOlwvXC93d3cuamdjbGFzc2ljcy5jb21cL3dwLWNvbnRlbnRcL3VwbG9hZHNcLzIwMjNcLzA1XC8yMDIzMDUxM18xMTE1MTEtc2NhbGVkLmpwZyIsInNsaWRlc2hvdyI6IjdhZmY4NWMifQ%3D%3D\">\n\t\t\t\t\t<div class=\"e-gallery-image elementor-gallery-item__image\" data-thumbnail=\"https:\/\/www.jgclassics.com\/wp-content\/uploads\/2023\/05\/20230513_111511-300x169.jpg\" data-width=\"300\" data-height=\"169\" aria-label=\"Opel Manta GTE. Disponible per a lloguer, fotos, filmacions, metratges. Volant i200\" role=\"img\" ><\/div>\n\t\t\t\t\t\t\t\t\t\t\t<div class=\"elementor-gallery-item__overlay\"><\/div>\n\t\t\t\t\t\t\t\t\t\t\t\t\t\t<\/a>\n\t\t\t\t\t\t\t<a class=\"e-gallery-item elementor-gallery-item elementor-animated-content\" data-e-gallery-tags=\"1\" href=\"https:\/\/www.jgclassics.com\/wp-content\/uploads\/2023\/05\/20230513_111525-scaled.jpg\" data-elementor-open-lightbox=\"yes\" data-elementor-lightbox-slideshow=\"7aff85c\" data-elementor-lightbox-title=\"Opel Manta GTE interior habitacle\" data-elementor-lightbox-description=\"Opel Manta GTE Barcelona Maresme JG Classics. Disponible per a lloguer, fotos, filmacions, metratges.\" data-e-action-hash=\"#elementor-action%3Aaction%3Dlightbox%26settings%3DeyJpZCI6MTQzMjksInVybCI6Imh0dHBzOlwvXC93d3cuamdjbGFzc2ljcy5jb21cL3dwLWNvbnRlbnRcL3VwbG9hZHNcLzIwMjNcLzA1XC8yMDIzMDUxM18xMTE1MjUtc2NhbGVkLmpwZyIsInNsaWRlc2hvdyI6IjdhZmY4NWMifQ%3D%3D\">\n\t\t\t\t\t<div class=\"e-gallery-image elementor-gallery-item__image\" data-thumbnail=\"https:\/\/www.jgclassics.com\/wp-content\/uploads\/2023\/05\/20230513_111525-300x169.jpg\" data-width=\"300\" data-height=\"169\" aria-label=\"Opel Manta GTE. Disponible per a lloguer, fotos, filmacions, metratges. Volant i200\" role=\"img\" ><\/div>\n\t\t\t\t\t\t\t\t\t\t\t<div class=\"elementor-gallery-item__overlay\"><\/div>\n\t\t\t\t\t\t\t\t\t\t\t\t\t\t<\/a>\n\t\t\t\t\t\t\t<a class=\"e-gallery-item elementor-gallery-item elementor-animated-content\" data-e-gallery-tags=\"1\" href=\"https:\/\/www.jgclassics.com\/wp-content\/uploads\/2023\/05\/20230513_111537-scaled.jpg\" data-elementor-open-lightbox=\"yes\" data-elementor-lightbox-slideshow=\"7aff85c\" data-elementor-lightbox-title=\"Opel Manta GTE interior habitacle\" data-elementor-lightbox-description=\"Opel Manta GTE Barcelona Maresme JG Classics. Disponible per a lloguer, fotos, filmacions, metratges.\" data-e-action-hash=\"#elementor-action%3Aaction%3Dlightbox%26settings%3DeyJpZCI6MTQzMzIsInVybCI6Imh0dHBzOlwvXC93d3cuamdjbGFzc2ljcy5jb21cL3dwLWNvbnRlbnRcL3VwbG9hZHNcLzIwMjNcLzA1XC8yMDIzMDUxM18xMTE1Mzctc2NhbGVkLmpwZyIsInNsaWRlc2hvdyI6IjdhZmY4NWMifQ%3D%3D\">\n\t\t\t\t\t<div class=\"e-gallery-image elementor-gallery-item__image\" data-thumbnail=\"https:\/\/www.jgclassics.com\/wp-content\/uploads\/2023\/05\/20230513_111537-300x169.jpg\" data-width=\"300\" data-height=\"169\" aria-label=\"Opel Manta GTE. Disponible per a lloguer, fotos, filmacions, metratges. Volant i200\" role=\"img\" ><\/div>\n\t\t\t\t\t\t\t\t\t\t\t<div class=\"elementor-gallery-item__overlay\"><\/div>\n\t\t\t\t\t\t\t\t\t\t\t\t\t\t<\/a>\n\t\t\t\t\t\t\t<a class=\"e-gallery-item elementor-gallery-item elementor-animated-content\" data-e-gallery-tags=\"1\" href=\"https:\/\/www.jgclassics.com\/wp-content\/uploads\/2023\/05\/20230513_112058-scaled.jpg\" data-elementor-open-lightbox=\"yes\" data-elementor-lightbox-slideshow=\"7aff85c\" data-elementor-lightbox-title=\"Opel Manta GTE interior habitacle\" data-elementor-lightbox-description=\"Opel Manta GTE Barcelona Maresme JG Classics. Disponible per a lloguer, fotos, filmacions, metratges.\" data-e-action-hash=\"#elementor-action%3Aaction%3Dlightbox%26settings%3DeyJpZCI6MTQzNTcsInVybCI6Imh0dHBzOlwvXC93d3cuamdjbGFzc2ljcy5jb21cL3dwLWNvbnRlbnRcL3VwbG9hZHNcLzIwMjNcLzA1XC8yMDIzMDUxM18xMTIwNTgtc2NhbGVkLmpwZyIsInNsaWRlc2hvdyI6IjdhZmY4NWMifQ%3D%3D\">\n\t\t\t\t\t<div class=\"e-gallery-image elementor-gallery-item__image\" data-thumbnail=\"https:\/\/www.jgclassics.com\/wp-content\/uploads\/2023\/05\/20230513_112058-169x300.jpg\" data-width=\"169\" data-height=\"300\" aria-label=\"Opel Manta GTE. Disponible per a lloguer, fotos, filmacions, metratges.\" role=\"img\" ><\/div>\n\t\t\t\t\t\t\t\t\t\t\t<div class=\"elementor-gallery-item__overlay\"><\/div>\n\t\t\t\t\t\t\t\t\t\t\t\t\t\t<\/a>\n\t\t\t\t\t\t\t<a class=\"e-gallery-item elementor-gallery-item elementor-animated-content\" data-e-gallery-tags=\"1\" href=\"https:\/\/www.jgclassics.com\/wp-content\/uploads\/2023\/05\/20230513_112106-scaled.jpg\" data-elementor-open-lightbox=\"yes\" data-elementor-lightbox-slideshow=\"7aff85c\" data-elementor-lightbox-title=\"Opel Manta GTE interior habitacle\" data-elementor-lightbox-description=\"Opel Manta GTE Barcelona Maresme JG Classics. Disponible per a lloguer, fotos, filmacions, metratges.\" data-e-action-hash=\"#elementor-action%3Aaction%3Dlightbox%26settings%3DeyJpZCI6MTQzNjAsInVybCI6Imh0dHBzOlwvXC93d3cuamdjbGFzc2ljcy5jb21cL3dwLWNvbnRlbnRcL3VwbG9hZHNcLzIwMjNcLzA1XC8yMDIzMDUxM18xMTIxMDYtc2NhbGVkLmpwZyIsInNsaWRlc2hvdyI6IjdhZmY4NWMifQ%3D%3D\">\n\t\t\t\t\t<div class=\"e-gallery-image elementor-gallery-item__image\" data-thumbnail=\"https:\/\/www.jgclassics.com\/wp-content\/uploads\/2023\/05\/20230513_112106-300x169.jpg\" data-width=\"300\" data-height=\"169\" aria-label=\"Opel Manta GTE. Disponible per a lloguer, fotos, filmacions, metratges.\" role=\"img\" ><\/div>\n\t\t\t\t\t\t\t\t\t\t\t<div class=\"elementor-gallery-item__overlay\"><\/div>\n\t\t\t\t\t\t\t\t\t\t\t\t\t\t<\/a>\n\t\t\t\t\t\t\t<a class=\"e-gallery-item elementor-gallery-item elementor-animated-content\" data-e-gallery-tags=\"1\" href=\"https:\/\/www.jgclassics.com\/wp-content\/uploads\/2023\/05\/20230513_112120-scaled.jpg\" data-elementor-open-lightbox=\"yes\" data-elementor-lightbox-slideshow=\"7aff85c\" data-elementor-lightbox-title=\"Opel Manta GTE interior habitacle\" data-elementor-lightbox-description=\"Opel Manta GTE Barcelona Maresme JG Classics. Disponible per a lloguer, fotos, filmacions, metratges.\" data-e-action-hash=\"#elementor-action%3Aaction%3Dlightbox%26settings%3DeyJpZCI6MTQzNjMsInVybCI6Imh0dHBzOlwvXC93d3cuamdjbGFzc2ljcy5jb21cL3dwLWNvbnRlbnRcL3VwbG9hZHNcLzIwMjNcLzA1XC8yMDIzMDUxM18xMTIxMjAtc2NhbGVkLmpwZyIsInNsaWRlc2hvdyI6IjdhZmY4NWMifQ%3D%3D\">\n\t\t\t\t\t<div class=\"e-gallery-image elementor-gallery-item__image\" data-thumbnail=\"https:\/\/www.jgclassics.com\/wp-content\/uploads\/2023\/05\/20230513_112120-300x169.jpg\" data-width=\"300\" data-height=\"169\" aria-label=\"Opel Manta GTE. Disponible per a lloguer, fotos, filmacions, metratges.\" role=\"img\" ><\/div>\n\t\t\t\t\t\t\t\t\t\t\t<div class=\"elementor-gallery-item__overlay\"><\/div>\n\t\t\t\t\t\t\t\t\t\t\t\t\t\t<\/a>\n\t\t\t\t\t\t\t<a class=\"e-gallery-item elementor-gallery-item elementor-animated-content\" data-e-gallery-tags=\"1\" href=\"https:\/\/www.jgclassics.com\/wp-content\/uploads\/2023\/05\/20230513_112153-scaled.jpg\" data-elementor-open-lightbox=\"yes\" data-elementor-lightbox-slideshow=\"7aff85c\" data-elementor-lightbox-title=\"Opel Manta GTE interior habitacle\" data-elementor-lightbox-description=\"Opel Manta GTE Barcelona Maresme JG Classics. Disponible per a lloguer, fotos, filmacions, metratges.\" data-e-action-hash=\"#elementor-action%3Aaction%3Dlightbox%26settings%3DeyJpZCI6MTQzNjksInVybCI6Imh0dHBzOlwvXC93d3cuamdjbGFzc2ljcy5jb21cL3dwLWNvbnRlbnRcL3VwbG9hZHNcLzIwMjNcLzA1XC8yMDIzMDUxM18xMTIxNTMtc2NhbGVkLmpwZyIsInNsaWRlc2hvdyI6IjdhZmY4NWMifQ%3D%3D\">\n\t\t\t\t\t<div class=\"e-gallery-image elementor-gallery-item__image\" data-thumbnail=\"https:\/\/www.jgclassics.com\/wp-content\/uploads\/2023\/05\/20230513_112153-300x169.jpg\" data-width=\"300\" data-height=\"169\" aria-label=\"Opel Manta GTE. Disponible per a lloguer, fotos, filmacions, metratges.\" role=\"img\" ><\/div>\n\t\t\t\t\t\t\t\t\t\t\t<div class=\"elementor-gallery-item__overlay\"><\/div>\n\t\t\t\t\t\t\t\t\t\t\t\t\t\t<\/a>\n\t\t\t\t\t\t\t<a class=\"e-gallery-item elementor-gallery-item elementor-animated-content\" data-e-gallery-tags=\"1\" href=\"https:\/\/www.jgclassics.com\/wp-content\/uploads\/2023\/05\/20230513_112144-scaled.jpg\" data-elementor-open-lightbox=\"yes\" data-elementor-lightbox-slideshow=\"7aff85c\" data-elementor-lightbox-title=\"Opel Manta GTE interior habitacle\" data-elementor-lightbox-description=\"Opel Manta GTE Barcelona Maresme JG Classics. Disponible per a lloguer, fotos, filmacions, metratges.\" data-e-action-hash=\"#elementor-action%3Aaction%3Dlightbox%26settings%3DeyJpZCI6MTQzNjYsInVybCI6Imh0dHBzOlwvXC93d3cuamdjbGFzc2ljcy5jb21cL3dwLWNvbnRlbnRcL3VwbG9hZHNcLzIwMjNcLzA1XC8yMDIzMDUxM18xMTIxNDQtc2NhbGVkLmpwZyIsInNsaWRlc2hvdyI6IjdhZmY4NWMifQ%3D%3D\">\n\t\t\t\t\t<div class=\"e-gallery-image elementor-gallery-item__image\" data-thumbnail=\"https:\/\/www.jgclassics.com\/wp-content\/uploads\/2023\/05\/20230513_112144-169x300.jpg\" data-width=\"169\" data-height=\"300\" aria-label=\"Opel Manta GTE. Disponible per a lloguer, fotos, filmacions, metratges.\" role=\"img\" ><\/div>\n\t\t\t\t\t\t\t\t\t\t\t<div class=\"elementor-gallery-item__overlay\"><\/div>\n\t\t\t\t\t\t\t\t\t\t\t\t\t\t<\/a>\n\t\t\t\t\t\t\t<a class=\"e-gallery-item elementor-gallery-item elementor-animated-content\" data-e-gallery-tags=\"1\" href=\"https:\/\/www.jgclassics.com\/wp-content\/uploads\/2023\/05\/20230513_112239-scaled.jpg\" data-elementor-open-lightbox=\"yes\" data-elementor-lightbox-slideshow=\"7aff85c\" data-elementor-lightbox-title=\"Opel Manta GTE vista exterior\" data-elementor-lightbox-description=\"Opel Manta GTE Barcelona Maresme JG Classics. Disponible per a lloguer, fotos, filmacions, metratges.\" data-e-action-hash=\"#elementor-action%3Aaction%3Dlightbox%26settings%3DeyJpZCI6MTQzODQsInVybCI6Imh0dHBzOlwvXC93d3cuamdjbGFzc2ljcy5jb21cL3dwLWNvbnRlbnRcL3VwbG9hZHNcLzIwMjNcLzA1XC8yMDIzMDUxM18xMTIyMzktc2NhbGVkLmpwZyIsInNsaWRlc2hvdyI6IjdhZmY4NWMifQ%3D%3D\">\n\t\t\t\t\t<div class=\"e-gallery-image elementor-gallery-item__image\" data-thumbnail=\"https:\/\/www.jgclassics.com\/wp-content\/uploads\/2023\/05\/20230513_112239-300x169.jpg\" data-width=\"300\" data-height=\"169\" aria-label=\"Opel Manta GTE. Disponible per a lloguer, fotos, filmacions, metratges.\" role=\"img\" ><\/div>\n\t\t\t\t\t\t\t\t\t\t\t<div class=\"elementor-gallery-item__overlay\"><\/div>\n\t\t\t\t\t\t\t\t\t\t\t\t\t\t<\/a>\n\t\t\t\t\t\t\t<a class=\"e-gallery-item elementor-gallery-item elementor-animated-content\" data-e-gallery-tags=\"1\" href=\"https:\/\/www.jgclassics.com\/wp-content\/uploads\/2023\/05\/20230513_112235-scaled.jpg\" data-elementor-open-lightbox=\"yes\" data-elementor-lightbox-slideshow=\"7aff85c\" data-elementor-lightbox-title=\"Opel Manta GTE vista exterior\" data-elementor-lightbox-description=\"Opel Manta GTE Barcelona Maresme JG Classics. Disponible per a lloguer, fotos, filmacions, metratges.\" data-e-action-hash=\"#elementor-action%3Aaction%3Dlightbox%26settings%3DeyJpZCI6MTQzODEsInVybCI6Imh0dHBzOlwvXC93d3cuamdjbGFzc2ljcy5jb21cL3dwLWNvbnRlbnRcL3VwbG9hZHNcLzIwMjNcLzA1XC8yMDIzMDUxM18xMTIyMzUtc2NhbGVkLmpwZyIsInNsaWRlc2hvdyI6IjdhZmY4NWMifQ%3D%3D\">\n\t\t\t\t\t<div class=\"e-gallery-image elementor-gallery-item__image\" data-thumbnail=\"https:\/\/www.jgclassics.com\/wp-content\/uploads\/2023\/05\/20230513_112235-300x169.jpg\" data-width=\"300\" data-height=\"169\" aria-label=\"Opel Manta GTE. Disponible per a lloguer, fotos, filmacions, metratges.\" role=\"img\" ><\/div>\n\t\t\t\t\t\t\t\t\t\t\t<div class=\"elementor-gallery-item__overlay\"><\/div>\n\t\t\t\t\t\t\t\t\t\t\t\t\t\t<\/a>\n\t\t\t\t\t\t\t<a class=\"e-gallery-item elementor-gallery-item elementor-animated-content\" data-e-gallery-tags=\"1\" href=\"https:\/\/www.jgclassics.com\/wp-content\/uploads\/2023\/05\/20230513_112206-scaled.jpg\" data-elementor-open-lightbox=\"yes\" data-elementor-lightbox-slideshow=\"7aff85c\" data-elementor-lightbox-title=\"Opel Manta GTE interior habitacle\" data-elementor-lightbox-description=\"Opel Manta GTE Barcelona Maresme JG Classics. Disponible per a lloguer, fotos, filmacions, metratges.\" data-e-action-hash=\"#elementor-action%3Aaction%3Dlightbox%26settings%3DeyJpZCI6MTQzNzUsInVybCI6Imh0dHBzOlwvXC93d3cuamdjbGFzc2ljcy5jb21cL3dwLWNvbnRlbnRcL3VwbG9hZHNcLzIwMjNcLzA1XC8yMDIzMDUxM18xMTIyMDYtc2NhbGVkLmpwZyIsInNsaWRlc2hvdyI6IjdhZmY4NWMifQ%3D%3D\">\n\t\t\t\t\t<div class=\"e-gallery-image elementor-gallery-item__image\" data-thumbnail=\"https:\/\/www.jgclassics.com\/wp-content\/uploads\/2023\/05\/20230513_112206-169x300.jpg\" data-width=\"169\" data-height=\"300\" aria-label=\"Opel Manta GTE. Disponible per a lloguer, fotos, filmacions, metratges.\" role=\"img\" ><\/div>\n\t\t\t\t\t\t\t\t\t\t\t<div class=\"elementor-gallery-item__overlay\"><\/div>\n\t\t\t\t\t\t\t\t\t\t\t\t\t\t<\/a>\n\t\t\t\t\t\t\t<a class=\"e-gallery-item elementor-gallery-item elementor-animated-content\" data-e-gallery-tags=\"1\" href=\"https:\/\/www.jgclassics.com\/wp-content\/uploads\/2023\/05\/20230513_112204-scaled.jpg\" data-elementor-open-lightbox=\"yes\" data-elementor-lightbox-slideshow=\"7aff85c\" data-elementor-lightbox-title=\"Opel Manta GTE interior habitacle\" data-elementor-lightbox-description=\"Opel Manta GTE Barcelona Maresme JG Classics. Disponible per a lloguer, fotos, filmacions, metratges.\" data-e-action-hash=\"#elementor-action%3Aaction%3Dlightbox%26settings%3DeyJpZCI6MTQzNzIsInVybCI6Imh0dHBzOlwvXC93d3cuamdjbGFzc2ljcy5jb21cL3dwLWNvbnRlbnRcL3VwbG9hZHNcLzIwMjNcLzA1XC8yMDIzMDUxM18xMTIyMDQtc2NhbGVkLmpwZyIsInNsaWRlc2hvdyI6IjdhZmY4NWMifQ%3D%3D\">\n\t\t\t\t\t<div class=\"e-gallery-image elementor-gallery-item__image\" data-thumbnail=\"https:\/\/www.jgclassics.com\/wp-content\/uploads\/2023\/05\/20230513_112204-300x169.jpg\" data-width=\"300\" data-height=\"169\" aria-label=\"Opel Manta GTE. Disponible per a lloguer, fotos, filmacions, metratges.\" role=\"img\" ><\/div>\n\t\t\t\t\t\t\t\t\t\t\t<div class=\"elementor-gallery-item__overlay\"><\/div>\n\t\t\t\t\t\t\t\t\t\t\t\t\t\t<\/a>\n\t\t\t\t\t\t\t<a class=\"e-gallery-item elementor-gallery-item elementor-animated-content\" data-e-gallery-tags=\"2\" href=\"https:\/\/www.jgclassics.com\/wp-content\/uploads\/2023\/05\/20230515_182626-scaled.jpg\" data-elementor-open-lightbox=\"yes\" data-elementor-lightbox-slideshow=\"7aff85c\" data-elementor-lightbox-title=\"Opel Manta GTE motor\" data-elementor-lightbox-description=\"Opel Manta GTE Barcelona Maresme JG Classics. Disponible per a lloguer, fotos, filmacions, metratges.\" data-e-action-hash=\"#elementor-action%3Aaction%3Dlightbox%26settings%3DeyJpZCI6MTQ0NDEsInVybCI6Imh0dHBzOlwvXC93d3cuamdjbGFzc2ljcy5jb21cL3dwLWNvbnRlbnRcL3VwbG9hZHNcLzIwMjNcLzA1XC8yMDIzMDUxNV8xODI2MjYtc2NhbGVkLmpwZyIsInNsaWRlc2hvdyI6IjdhZmY4NWMifQ%3D%3D\">\n\t\t\t\t\t<div class=\"e-gallery-image elementor-gallery-item__image\" data-thumbnail=\"https:\/\/www.jgclassics.com\/wp-content\/uploads\/2023\/05\/20230515_182626-300x169.jpg\" data-width=\"300\" data-height=\"169\" aria-label=\"Opel Manta GTE. Disponible per a lloguer, fotos, filmacions, metratges.\" role=\"img\" ><\/div>\n\t\t\t\t\t\t\t\t\t\t\t<div class=\"elementor-gallery-item__overlay\"><\/div>\n\t\t\t\t\t\t\t\t\t\t\t\t\t\t<\/a>\n\t\t\t\t\t\t\t<a class=\"e-gallery-item elementor-gallery-item elementor-animated-content\" data-e-gallery-tags=\"2\" href=\"https:\/\/www.jgclassics.com\/wp-content\/uploads\/2023\/05\/20230515_182406-scaled.jpg\" data-elementor-open-lightbox=\"yes\" data-elementor-lightbox-slideshow=\"7aff85c\" data-elementor-lightbox-title=\"Opel Manta GTE motor\" data-elementor-lightbox-description=\"Opel Manta GTE Barcelona Maresme JG Classics. Disponible per a lloguer, fotos, filmacions, metratges.\" data-e-action-hash=\"#elementor-action%3Aaction%3Dlightbox%26settings%3DeyJpZCI6MTQ0MTcsInVybCI6Imh0dHBzOlwvXC93d3cuamdjbGFzc2ljcy5jb21cL3dwLWNvbnRlbnRcL3VwbG9hZHNcLzIwMjNcLzA1XC8yMDIzMDUxNV8xODI0MDYtc2NhbGVkLmpwZyIsInNsaWRlc2hvdyI6IjdhZmY4NWMifQ%3D%3D\">\n\t\t\t\t\t<div class=\"e-gallery-image elementor-gallery-item__image\" data-thumbnail=\"https:\/\/www.jgclassics.com\/wp-content\/uploads\/2023\/05\/20230515_182406-300x169.jpg\" data-width=\"300\" data-height=\"169\" aria-label=\"Opel Manta GTE. Disponible per a lloguer, fotos, filmacions, metratges.\" role=\"img\" ><\/div>\n\t\t\t\t\t\t\t\t\t\t\t<div class=\"elementor-gallery-item__overlay\"><\/div>\n\t\t\t\t\t\t\t\t\t\t\t\t\t\t<\/a>\n\t\t\t\t\t\t\t<a class=\"e-gallery-item elementor-gallery-item elementor-animated-content\" data-e-gallery-tags=\"2\" href=\"https:\/\/www.jgclassics.com\/wp-content\/uploads\/2023\/05\/20230515_182326-scaled.jpg\" data-elementor-open-lightbox=\"yes\" data-elementor-lightbox-slideshow=\"7aff85c\" data-elementor-lightbox-title=\"Opel Manta GTE motor\" data-elementor-lightbox-description=\"Opel Manta GTE Barcelona Maresme JG Classics. Disponible per a lloguer, fotos, filmacions, metratges.\" data-e-action-hash=\"#elementor-action%3Aaction%3Dlightbox%26settings%3DeyJpZCI6MTQ0MTQsInVybCI6Imh0dHBzOlwvXC93d3cuamdjbGFzc2ljcy5jb21cL3dwLWNvbnRlbnRcL3VwbG9hZHNcLzIwMjNcLzA1XC8yMDIzMDUxNV8xODIzMjYtc2NhbGVkLmpwZyIsInNsaWRlc2hvdyI6IjdhZmY4NWMifQ%3D%3D\">\n\t\t\t\t\t<div class=\"e-gallery-image elementor-gallery-item__image\" data-thumbnail=\"https:\/\/www.jgclassics.com\/wp-content\/uploads\/2023\/05\/20230515_182326-300x169.jpg\" data-width=\"300\" data-height=\"169\" aria-label=\"Opel Manta GTE. Disponible per a lloguer, fotos, filmacions, metratges.\" role=\"img\" ><\/div>\n\t\t\t\t\t\t\t\t\t\t\t<div class=\"elementor-gallery-item__overlay\"><\/div>\n\t\t\t\t\t\t\t\t\t\t\t\t\t\t<\/a>\n\t\t\t\t\t\t\t<a class=\"e-gallery-item elementor-gallery-item elementor-animated-content\" data-e-gallery-tags=\"2\" href=\"https:\/\/www.jgclassics.com\/wp-content\/uploads\/2023\/05\/20230515_182317_001-scaled.jpg\" data-elementor-open-lightbox=\"yes\" data-elementor-lightbox-slideshow=\"7aff85c\" data-elementor-lightbox-title=\"Opel Manta GTE motor\" data-elementor-lightbox-description=\"Opel Manta GTE Barcelona Maresme JG Classics. Disponible per a lloguer, fotos, filmacions, metratges.\" data-e-action-hash=\"#elementor-action%3Aaction%3Dlightbox%26settings%3DeyJpZCI6MTQ0MTEsInVybCI6Imh0dHBzOlwvXC93d3cuamdjbGFzc2ljcy5jb21cL3dwLWNvbnRlbnRcL3VwbG9hZHNcLzIwMjNcLzA1XC8yMDIzMDUxNV8xODIzMTdfMDAxLXNjYWxlZC5qcGciLCJzbGlkZXNob3ciOiI3YWZmODVjIn0%3D\">\n\t\t\t\t\t<div class=\"e-gallery-image elementor-gallery-item__image\" data-thumbnail=\"https:\/\/www.jgclassics.com\/wp-content\/uploads\/2023\/05\/20230515_182317_001-300x169.jpg\" data-width=\"300\" data-height=\"169\" aria-label=\"Opel Manta GTE. Disponible per a lloguer, fotos, filmacions, metratges.\" role=\"img\" ><\/div>\n\t\t\t\t\t\t\t\t\t\t\t<div class=\"elementor-gallery-item__overlay\"><\/div>\n\t\t\t\t\t\t\t\t\t\t\t\t\t\t<\/a>\n\t\t\t\t\t\t\t<a class=\"e-gallery-item elementor-gallery-item elementor-animated-content\" data-e-gallery-tags=\"2\" href=\"https:\/\/www.jgclassics.com\/wp-content\/uploads\/2023\/05\/20230515_182306-scaled.jpg\" data-elementor-open-lightbox=\"yes\" data-elementor-lightbox-slideshow=\"7aff85c\" data-elementor-lightbox-title=\"Opel Manta GTE motor\" data-elementor-lightbox-description=\"Opel Manta GTE Barcelona Maresme JG Classics. Disponible per a lloguer, fotos, filmacions, metratges.\" data-e-action-hash=\"#elementor-action%3Aaction%3Dlightbox%26settings%3DeyJpZCI6MTQ0MDgsInVybCI6Imh0dHBzOlwvXC93d3cuamdjbGFzc2ljcy5jb21cL3dwLWNvbnRlbnRcL3VwbG9hZHNcLzIwMjNcLzA1XC8yMDIzMDUxNV8xODIzMDYtc2NhbGVkLmpwZyIsInNsaWRlc2hvdyI6IjdhZmY4NWMifQ%3D%3D\">\n\t\t\t\t\t<div class=\"e-gallery-image elementor-gallery-item__image\" data-thumbnail=\"https:\/\/www.jgclassics.com\/wp-content\/uploads\/2023\/05\/20230515_182306-300x169.jpg\" data-width=\"300\" data-height=\"169\" aria-label=\"Opel Manta GTE. Disponible per a lloguer, fotos, filmacions, metratges.\" role=\"img\" ><\/div>\n\t\t\t\t\t\t\t\t\t\t\t<div class=\"elementor-gallery-item__overlay\"><\/div>\n\t\t\t\t\t\t\t\t\t\t\t\t\t\t<\/a>\n\t\t\t\t\t\t\t<a class=\"e-gallery-item elementor-gallery-item elementor-animated-content\" data-e-gallery-tags=\"2\" href=\"https:\/\/www.jgclassics.com\/wp-content\/uploads\/2023\/05\/20230515_182252-scaled.jpg\" data-elementor-open-lightbox=\"yes\" data-elementor-lightbox-slideshow=\"7aff85c\" data-elementor-lightbox-title=\"Opel Manta GTE motor\" data-elementor-lightbox-description=\"Opel Manta GTE Barcelona Maresme JG Classics. Disponible per a lloguer, fotos, filmacions, metratges.\" data-e-action-hash=\"#elementor-action%3Aaction%3Dlightbox%26settings%3DeyJpZCI6MTQ0MDIsInVybCI6Imh0dHBzOlwvXC93d3cuamdjbGFzc2ljcy5jb21cL3dwLWNvbnRlbnRcL3VwbG9hZHNcLzIwMjNcLzA1XC8yMDIzMDUxNV8xODIyNTItc2NhbGVkLmpwZyIsInNsaWRlc2hvdyI6IjdhZmY4NWMifQ%3D%3D\">\n\t\t\t\t\t<div class=\"e-gallery-image elementor-gallery-item__image\" data-thumbnail=\"https:\/\/www.jgclassics.com\/wp-content\/uploads\/2023\/05\/20230515_182252-300x169.jpg\" data-width=\"300\" data-height=\"169\" aria-label=\"Opel Manta GTE. Disponible per a lloguer, fotos, filmacions, metratges.\" role=\"img\" ><\/div>\n\t\t\t\t\t\t\t\t\t\t\t<div class=\"elementor-gallery-item__overlay\"><\/div>\n\t\t\t\t\t\t\t\t\t\t\t\t\t\t<\/a>\n\t\t\t\t\t\t\t<a class=\"e-gallery-item elementor-gallery-item elementor-animated-content\" data-e-gallery-tags=\"2\" href=\"https:\/\/www.jgclassics.com\/wp-content\/uploads\/2023\/05\/20230515_182504-scaled.jpg\" data-elementor-open-lightbox=\"yes\" data-elementor-lightbox-slideshow=\"7aff85c\" data-elementor-lightbox-title=\"Opel Manta GTE motor\" data-elementor-lightbox-description=\"Opel Manta GTE Barcelona Maresme JG Classics. Disponible per a lloguer, fotos, filmacions, metratges.\" data-e-action-hash=\"#elementor-action%3Aaction%3Dlightbox%26settings%3DeyJpZCI6MTQ0MjYsInVybCI6Imh0dHBzOlwvXC93d3cuamdjbGFzc2ljcy5jb21cL3dwLWNvbnRlbnRcL3VwbG9hZHNcLzIwMjNcLzA1XC8yMDIzMDUxNV8xODI1MDQtc2NhbGVkLmpwZyIsInNsaWRlc2hvdyI6IjdhZmY4NWMifQ%3D%3D\">\n\t\t\t\t\t<div class=\"e-gallery-image elementor-gallery-item__image\" data-thumbnail=\"https:\/\/www.jgclassics.com\/wp-content\/uploads\/2023\/05\/20230515_182504-300x169.jpg\" data-width=\"300\" data-height=\"169\" aria-label=\"Opel Manta GTE. Disponible per a lloguer, fotos, filmacions, metratges.\" role=\"img\" ><\/div>\n\t\t\t\t\t\t\t\t\t\t\t<div class=\"elementor-gallery-item__overlay\"><\/div>\n\t\t\t\t\t\t\t\t\t\t\t\t\t\t<\/a>\n\t\t\t\t\t\t\t<a class=\"e-gallery-item elementor-gallery-item elementor-animated-content\" data-e-gallery-tags=\"2\" href=\"https:\/\/www.jgclassics.com\/wp-content\/uploads\/2023\/05\/20230515_182522-scaled.jpg\" data-elementor-open-lightbox=\"yes\" data-elementor-lightbox-slideshow=\"7aff85c\" data-elementor-lightbox-title=\"Opel Manta GTE motor\" data-elementor-lightbox-description=\"Opel Manta GTE Barcelona Maresme JG Classics. Disponible per a lloguer, fotos, filmacions, metratges.\" data-e-action-hash=\"#elementor-action%3Aaction%3Dlightbox%26settings%3DeyJpZCI6MTQ0MjksInVybCI6Imh0dHBzOlwvXC93d3cuamdjbGFzc2ljcy5jb21cL3dwLWNvbnRlbnRcL3VwbG9hZHNcLzIwMjNcLzA1XC8yMDIzMDUxNV8xODI1MjItc2NhbGVkLmpwZyIsInNsaWRlc2hvdyI6IjdhZmY4NWMifQ%3D%3D\">\n\t\t\t\t\t<div class=\"e-gallery-image elementor-gallery-item__image\" data-thumbnail=\"https:\/\/www.jgclassics.com\/wp-content\/uploads\/2023\/05\/20230515_182522-300x169.jpg\" data-width=\"300\" data-height=\"169\" aria-label=\"Opel Manta GTE. Disponible per a lloguer, fotos, filmacions, metratges.\" role=\"img\" ><\/div>\n\t\t\t\t\t\t\t\t\t\t\t<div class=\"elementor-gallery-item__overlay\"><\/div>\n\t\t\t\t\t\t\t\t\t\t\t\t\t\t<\/a>\n\t\t\t\t\t\t\t<a class=\"e-gallery-item elementor-gallery-item elementor-animated-content\" data-e-gallery-tags=\"2\" href=\"https:\/\/www.jgclassics.com\/wp-content\/uploads\/2023\/05\/20230515_182533-scaled.jpg\" data-elementor-open-lightbox=\"yes\" data-elementor-lightbox-slideshow=\"7aff85c\" data-elementor-lightbox-title=\"Opel Manta GTE motor\" data-elementor-lightbox-description=\"Opel Manta GTE Barcelona Maresme JG Classics. Disponible per a lloguer, fotos, filmacions, metratges.\" data-e-action-hash=\"#elementor-action%3Aaction%3Dlightbox%26settings%3DeyJpZCI6MTQ0MzIsInVybCI6Imh0dHBzOlwvXC93d3cuamdjbGFzc2ljcy5jb21cL3dwLWNvbnRlbnRcL3VwbG9hZHNcLzIwMjNcLzA1XC8yMDIzMDUxNV8xODI1MzMtc2NhbGVkLmpwZyIsInNsaWRlc2hvdyI6IjdhZmY4NWMifQ%3D%3D\">\n\t\t\t\t\t<div class=\"e-gallery-image elementor-gallery-item__image\" data-thumbnail=\"https:\/\/www.jgclassics.com\/wp-content\/uploads\/2023\/05\/20230515_182533-300x169.jpg\" data-width=\"300\" data-height=\"169\" aria-label=\"Opel Manta GTE. Disponible per a lloguer, fotos, filmacions, metratges.\" role=\"img\" ><\/div>\n\t\t\t\t\t\t\t\t\t\t\t<div class=\"elementor-gallery-item__overlay\"><\/div>\n\t\t\t\t\t\t\t\t\t\t\t\t\t\t<\/a>\n\t\t\t\t\t\t\t<a class=\"e-gallery-item elementor-gallery-item elementor-animated-content\" data-e-gallery-tags=\"2\" href=\"https:\/\/www.jgclassics.com\/wp-content\/uploads\/2023\/05\/20230515_182552-scaled.jpg\" data-elementor-open-lightbox=\"yes\" data-elementor-lightbox-slideshow=\"7aff85c\" data-elementor-lightbox-title=\"Opel Manta GTE motor\" data-elementor-lightbox-description=\"Opel Manta GTE Barcelona Maresme JG Classics. Disponible per a lloguer, fotos, filmacions, metratges.\" data-e-action-hash=\"#elementor-action%3Aaction%3Dlightbox%26settings%3DeyJpZCI6MTQ0MzUsInVybCI6Imh0dHBzOlwvXC93d3cuamdjbGFzc2ljcy5jb21cL3dwLWNvbnRlbnRcL3VwbG9hZHNcLzIwMjNcLzA1XC8yMDIzMDUxNV8xODI1NTItc2NhbGVkLmpwZyIsInNsaWRlc2hvdyI6IjdhZmY4NWMifQ%3D%3D\">\n\t\t\t\t\t<div class=\"e-gallery-image elementor-gallery-item__image\" data-thumbnail=\"https:\/\/www.jgclassics.com\/wp-content\/uploads\/2023\/05\/20230515_182552-169x300.jpg\" data-width=\"169\" data-height=\"300\" aria-label=\"Opel Manta GTE. Disponible per a lloguer, fotos, filmacions, metratges.\" role=\"img\" ><\/div>\n\t\t\t\t\t\t\t\t\t\t\t<div class=\"elementor-gallery-item__overlay\"><\/div>\n\t\t\t\t\t\t\t\t\t\t\t\t\t\t<\/a>\n\t\t\t\t\t\t\t<a class=\"e-gallery-item elementor-gallery-item elementor-animated-content\" data-e-gallery-tags=\"2\" href=\"https:\/\/www.jgclassics.com\/wp-content\/uploads\/2023\/05\/20230515_182615-scaled.jpg\" data-elementor-open-lightbox=\"yes\" data-elementor-lightbox-slideshow=\"7aff85c\" data-elementor-lightbox-title=\"Opel Manta GTE motor\" data-elementor-lightbox-description=\"Opel Manta GTE Barcelona Maresme JG Classics. Disponible per a lloguer, fotos, filmacions, metratges.\" data-e-action-hash=\"#elementor-action%3Aaction%3Dlightbox%26settings%3DeyJpZCI6MTQ0MzgsInVybCI6Imh0dHBzOlwvXC93d3cuamdjbGFzc2ljcy5jb21cL3dwLWNvbnRlbnRcL3VwbG9hZHNcLzIwMjNcLzA1XC8yMDIzMDUxNV8xODI2MTUtc2NhbGVkLmpwZyIsInNsaWRlc2hvdyI6IjdhZmY4NWMifQ%3D%3D\">\n\t\t\t\t\t<div class=\"e-gallery-image elementor-gallery-item__image\" data-thumbnail=\"https:\/\/www.jgclassics.com\/wp-content\/uploads\/2023\/05\/20230515_182615-300x169.jpg\" data-width=\"300\" data-height=\"169\" aria-label=\"Opel Manta GTE. Disponible per a lloguer, fotos, filmacions, metratges.\" role=\"img\" ><\/div>\n\t\t\t\t\t\t\t\t\t\t\t<div class=\"elementor-gallery-item__overlay\"><\/div>\n\t\t\t\t\t\t\t\t\t\t\t\t\t\t<\/a>\n\t\t\t\t\t\t\t<a class=\"e-gallery-item elementor-gallery-item elementor-animated-content\" data-e-gallery-tags=\"2\" href=\"https:\/\/www.jgclassics.com\/wp-content\/uploads\/2023\/05\/20230515_182259-scaled.jpg\" data-elementor-open-lightbox=\"yes\" data-elementor-lightbox-slideshow=\"7aff85c\" data-elementor-lightbox-title=\"Opel Manta GTE motor\" data-elementor-lightbox-description=\"Opel Manta GTE Barcelona Maresme JG Classics. Disponible per a lloguer, fotos, filmacions, metratges.\" data-e-action-hash=\"#elementor-action%3Aaction%3Dlightbox%26settings%3DeyJpZCI6MTQ0MDUsInVybCI6Imh0dHBzOlwvXC93d3cuamdjbGFzc2ljcy5jb21cL3dwLWNvbnRlbnRcL3VwbG9hZHNcLzIwMjNcLzA1XC8yMDIzMDUxNV8xODIyNTktc2NhbGVkLmpwZyIsInNsaWRlc2hvdyI6IjdhZmY4NWMifQ%3D%3D\">\n\t\t\t\t\t<div class=\"e-gallery-image elementor-gallery-item__image\" data-thumbnail=\"https:\/\/www.jgclassics.com\/wp-content\/uploads\/2023\/05\/20230515_182259-300x169.jpg\" data-width=\"300\" data-height=\"169\" aria-label=\"Opel Manta GTE. Disponible per a lloguer, fotos, filmacions, metratges.\" role=\"img\" ><\/div>\n\t\t\t\t\t\t\t\t\t\t\t<div class=\"elementor-gallery-item__overlay\"><\/div>\n\t\t\t\t\t\t\t\t\t\t\t\t\t\t<\/a>\n\t\t\t\t\t\t\t<a class=\"e-gallery-item elementor-gallery-item elementor-animated-content\" data-e-gallery-tags=\"2\" href=\"https:\/\/www.jgclassics.com\/wp-content\/uploads\/2023\/05\/20230515_182455-scaled.jpg\" data-elementor-open-lightbox=\"yes\" data-elementor-lightbox-slideshow=\"7aff85c\" data-elementor-lightbox-title=\"Opel Manta GTE motor\" data-elementor-lightbox-description=\"Opel Manta GTE Barcelona Maresme JG Classics. Disponible per a lloguer, fotos, filmacions, metratges.\" data-e-action-hash=\"#elementor-action%3Aaction%3Dlightbox%26settings%3DeyJpZCI6MTQ0MjMsInVybCI6Imh0dHBzOlwvXC93d3cuamdjbGFzc2ljcy5jb21cL3dwLWNvbnRlbnRcL3VwbG9hZHNcLzIwMjNcLzA1XC8yMDIzMDUxNV8xODI0NTUtc2NhbGVkLmpwZyIsInNsaWRlc2hvdyI6IjdhZmY4NWMifQ%3D%3D\">\n\t\t\t\t\t<div class=\"e-gallery-image elementor-gallery-item__image\" data-thumbnail=\"https:\/\/www.jgclassics.com\/wp-content\/uploads\/2023\/05\/20230515_182455-300x169.jpg\" data-width=\"300\" data-height=\"169\" aria-label=\"Opel Manta GTE. Disponible per a lloguer, fotos, filmacions, metratges.\" role=\"img\" ><\/div>\n\t\t\t\t\t\t\t\t\t\t\t<div class=\"elementor-gallery-item__overlay\"><\/div>\n\t\t\t\t\t\t\t\t\t\t\t\t\t\t<\/a>\n\t\t\t\t\t\t\t<a class=\"e-gallery-item elementor-gallery-item elementor-animated-content\" data-e-gallery-tags=\"2\" href=\"https:\/\/www.jgclassics.com\/wp-content\/uploads\/2023\/05\/20230515_182445-scaled.jpg\" data-elementor-open-lightbox=\"yes\" data-elementor-lightbox-slideshow=\"7aff85c\" data-elementor-lightbox-title=\"Opel Manta GTE motor\" data-elementor-lightbox-description=\"Opel Manta GTE Barcelona Maresme JG Classics. Disponible per a lloguer, fotos, filmacions, metratges.\" data-e-action-hash=\"#elementor-action%3Aaction%3Dlightbox%26settings%3DeyJpZCI6MTQ0MjAsInVybCI6Imh0dHBzOlwvXC93d3cuamdjbGFzc2ljcy5jb21cL3dwLWNvbnRlbnRcL3VwbG9hZHNcLzIwMjNcLzA1XC8yMDIzMDUxNV8xODI0NDUtc2NhbGVkLmpwZyIsInNsaWRlc2hvdyI6IjdhZmY4NWMifQ%3D%3D\">\n\t\t\t\t\t<div class=\"e-gallery-image elementor-gallery-item__image\" data-thumbnail=\"https:\/\/www.jgclassics.com\/wp-content\/uploads\/2023\/05\/20230515_182445-300x169.jpg\" data-width=\"300\" data-height=\"169\" aria-label=\"Opel Manta GTE. Disponible per a lloguer, fotos, filmacions, metratges.\" role=\"img\" ><\/div>\n\t\t\t\t\t\t\t\t\t\t\t<div class=\"elementor-gallery-item__overlay\"><\/div>\n\t\t\t\t\t\t\t\t\t\t\t\t\t\t<\/a>\n\t\t\t\t\t<\/div>\n\t\t\t\t\t<\/div>\n\t\t\t\t<\/div>\n\t\t\t\t\t<\/div>\n\t\t<\/div>\n\t\t\t\t\t<\/div>\n\t\t<\/section>\n\t\t\t\t<section data-particle_enable=\"false\" data-particle-mobile-disabled=\"false\" class=\"elementor-section elementor-top-section elementor-element elementor-element-cd3df45 elementor-section-boxed elementor-section-height-default elementor-section-height-default\" data-id=\"cd3df45\" data-element_type=\"section\" data-e-type=\"section\">\n\t\t\t\t\t\t<div class=\"elementor-container elementor-column-gap-default\">\n\t\t\t\t\t<div class=\"elementor-column elementor-col-100 elementor-top-column elementor-element elementor-element-4801b4a\" data-id=\"4801b4a\" data-element_type=\"column\" data-e-type=\"column\">\n\t\t\t<div class=\"elementor-widget-wrap elementor-element-populated\">\n\t\t\t\t\t\t<div class=\"elementor-element elementor-element-945fdf7 elementor-widget elementor-widget-image\" data-id=\"945fdf7\" data-element_type=\"widget\" data-e-type=\"widget\" data-widget_type=\"image.default\">\n\t\t\t\t<div class=\"elementor-widget-container\">\n\t\t\t\t\t\t\t\t\t\t\t\t\t\t\t<img loading=\"lazy\" decoding=\"async\" width=\"768\" height=\"432\" src=\"https:\/\/www.jgclassics.com\/wp-content\/uploads\/2023\/06\/Opel-manta-door_BW-768x432.jpg\" class=\"attachment-medium_large size-medium_large wp-image-14609\" alt=\"Opel Manta BW door\" srcset=\"https:\/\/www.jgclassics.com\/wp-content\/uploads\/2023\/06\/Opel-manta-door_BW-768x432.jpg 768w, https:\/\/www.jgclassics.com\/wp-content\/uploads\/2023\/06\/Opel-manta-door_BW-300x169.jpg 300w, https:\/\/www.jgclassics.com\/wp-content\/uploads\/2023\/06\/Opel-manta-door_BW-1024x576.jpg 1024w, https:\/\/www.jgclassics.com\/wp-content\/uploads\/2023\/06\/Opel-manta-door_BW-1536x864.jpg 1536w, https:\/\/www.jgclassics.com\/wp-content\/uploads\/2023\/06\/Opel-manta-door_BW-2048x1152.jpg 2048w\" sizes=\"(max-width: 768px) 100vw, 768px\" \/>\t\t\t\t\t\t\t\t\t\t\t\t\t\t\t<\/div>\n\t\t\t\t<\/div>\n\t\t\t\t\t<\/div>\n\t\t<\/div>\n\t\t\t\t\t<\/div>\n\t\t<\/section>\n\t\t\t\t<section data-particle_enable=\"false\" data-particle-mobile-disabled=\"false\" class=\"elementor-section elementor-top-section elementor-element elementor-element-e394857 elementor-section-boxed elementor-section-height-default elementor-section-height-default\" data-id=\"e394857\" data-element_type=\"section\" data-e-type=\"section\">\n\t\t\t\t\t\t<div class=\"elementor-container elementor-column-gap-default\">\n\t\t\t\t\t<div class=\"elementor-column elementor-col-100 elementor-top-column elementor-element elementor-element-f5bc8f2\" data-id=\"f5bc8f2\" data-element_type=\"column\" data-e-type=\"column\">\n\t\t\t<div class=\"elementor-widget-wrap elementor-element-populated\">\n\t\t\t\t\t\t<div class=\"elementor-element elementor-element-38e1f25 elementor-widget elementor-widget-heading\" data-id=\"38e1f25\" data-element_type=\"widget\" data-e-type=\"widget\" data-widget_type=\"heading.default\">\n\t\t\t\t<div class=\"elementor-widget-container\">\n\t\t\t\t\t<h2 class=\"elementor-heading-title elementor-size-default\">Opel Manta - Hist\u00f2ria<\/h2>\t\t\t\t<\/div>\n\t\t\t\t<\/div>\n\t\t\t\t\t<\/div>\n\t\t<\/div>\n\t\t\t\t\t<\/div>\n\t\t<\/section>\n\t\t\t\t<section data-particle_enable=\"false\" data-particle-mobile-disabled=\"false\" class=\"elementor-section elementor-top-section elementor-element elementor-element-96ca314 elementor-section-boxed elementor-section-height-default elementor-section-height-default\" data-id=\"96ca314\" data-element_type=\"section\" data-e-type=\"section\">\n\t\t\t\t\t\t<div class=\"elementor-container elementor-column-gap-default\">\n\t\t\t\t\t<div class=\"elementor-column elementor-col-50 elementor-top-column elementor-element elementor-element-1ffb0bc\" data-id=\"1ffb0bc\" data-element_type=\"column\" data-e-type=\"column\">\n\t\t\t<div class=\"elementor-widget-wrap elementor-element-populated\">\n\t\t\t\t\t\t<div class=\"elementor-element elementor-element-6fbb6a7 elementor-widget elementor-widget-text-editor\" data-id=\"6fbb6a7\" data-element_type=\"widget\" data-e-type=\"widget\" data-widget_type=\"text-editor.default\">\n\t\t\t\t<div class=\"elementor-widget-container\">\n\t\t\t\t\t\t\t\t\t<p>Actualitzaci\u00f3 Mar\u00e7 2025: Hem preparat un article sobre la <strong>hist\u00f2ria de l&#8217;Opel Manta<\/strong> des d&#8217;un <strong>punt de vista social i cultural<\/strong> . Si sou un entusiasta del model, us agradar\u00e0. T&#8217;animem a veure&#8217;l clicant aquest bot\u00f3:  <\/p>\n\t\t\t\t\t\t\t\t<\/div>\n\t\t\t\t<\/div>\n\t\t\t\t\t<\/div>\n\t\t<\/div>\n\t\t\t\t<div class=\"elementor-column elementor-col-50 elementor-top-column elementor-element elementor-element-f4d8ac3\" data-id=\"f4d8ac3\" data-element_type=\"column\" data-e-type=\"column\">\n\t\t\t<div class=\"elementor-widget-wrap elementor-element-populated\">\n\t\t\t\t\t\t<div class=\"elementor-element elementor-element-41dbbee premium-lq__none elementor-widget elementor-widget-premium-addon-button\" data-id=\"41dbbee\" data-element_type=\"widget\" data-e-type=\"widget\" data-widget_type=\"premium-addon-button.default\">\n\t\t\t\t<div class=\"elementor-widget-container\">\n\t\t\t\t\t\n\n\t\t<a class=\"premium-button premium-button-none premium-btn-lg premium-button-none\" href=\"https:\/\/www.jgclassics.com\/2025\/03\/10\/opel-manta-su-dura-carrera-hasta-coche-clasico\/\">\n\t\t\t<div class=\"premium-button-text-icon-wrapper\">\n\t\t\t\t\n\t\t\t\t\t\t\t\t\t<span >\n\t\t\t\t\t\tL'Opel Manta: El seu dur recorregut fins a arribar a cl\u00e0ssic\t\t\t\t\t<\/span>\n\t\t\t\t\t\t\t<\/div>\n\n\t\t\t\n\t\t\t\n\t\t\t\n\t\t<\/a>\n\n\n\t\t\t\t\t\t<\/div>\n\t\t\t\t<\/div>\n\t\t\t\t\t<\/div>\n\t\t<\/div>\n\t\t\t\t\t<\/div>\n\t\t<\/section>\n\t\t\t\t<section data-particle_enable=\"false\" data-particle-mobile-disabled=\"false\" class=\"elementor-section elementor-top-section elementor-element elementor-element-abad8bf elementor-section-boxed elementor-section-height-default elementor-section-height-default\" data-id=\"abad8bf\" data-element_type=\"section\" data-e-type=\"section\">\n\t\t\t\t\t\t<div class=\"elementor-container elementor-column-gap-default\">\n\t\t\t\t\t<div class=\"elementor-column elementor-col-100 elementor-top-column elementor-element elementor-element-77fb85c\" data-id=\"77fb85c\" data-element_type=\"column\" data-e-type=\"column\">\n\t\t\t<div class=\"elementor-widget-wrap elementor-element-populated\">\n\t\t\t\t\t\t<div class=\"elementor-element elementor-element-64c1697 elementor-widget__width-initial elementor-widget elementor-widget-text-editor\" data-id=\"64c1697\" data-element_type=\"widget\" data-e-type=\"widget\" data-widget_type=\"text-editor.default\">\n\t\t\t\t<div class=\"elementor-widget-container\">\n\t\t\t\t\t\t\t\t\t<p>L&#8217;Opel Manta va ser creat el 1970, dissenyat sobre la base de l&#8217;Opel Ascona de l&#8217;\u00e8poca. Hi va haver dues generacions d&#8217;Opel Manta, conegudes com a Opel Manta A (1970-1975) i Opel Manta B (1975-1988), del qual hi va haver dues fam\u00edlies, l&#8217;Opel Manta B i l&#8217;Opel Manta B2.<\/p>\n\t\t\t\t\t\t\t\t<\/div>\n\t\t\t\t<\/div>\n\t\t\t\t\t<\/div>\n\t\t<\/div>\n\t\t\t\t\t<\/div>\n\t\t<\/section>\n\t\t\t\t<section data-particle_enable=\"false\" data-particle-mobile-disabled=\"false\" class=\"elementor-section elementor-top-section elementor-element elementor-element-49a0ff1 elementor-section-boxed elementor-section-height-default elementor-section-height-default\" data-id=\"49a0ff1\" data-element_type=\"section\" data-e-type=\"section\">\n\t\t\t\t\t\t<div class=\"elementor-container elementor-column-gap-default\">\n\t\t\t\t\t<div class=\"elementor-column elementor-col-100 elementor-top-column elementor-element elementor-element-20b1093\" data-id=\"20b1093\" data-element_type=\"column\" data-e-type=\"column\">\n\t\t\t<div class=\"elementor-widget-wrap elementor-element-populated\">\n\t\t\t\t\t\t<div class=\"elementor-element elementor-element-8a8219c elementor-widget__width-initial elementor-widget elementor-widget-text-editor\" data-id=\"8a8219c\" data-element_type=\"widget\" data-e-type=\"widget\" data-widget_type=\"text-editor.default\">\n\t\t\t\t<div class=\"elementor-widget-container\">\n\t\t\t\t\t\t\t\t\t<p>Tots els models de totes les generacions eren de motor longitudinal davanter i tracci\u00f3 darrera. Hi va haver diferents motoritzacions al llarg de la seva hist\u00f2ria, anant, en els models de s\u00e8rie, des de 1200CC carburaci\u00f3 fins a 2000CC injecci\u00f3 electr\u00f2nica Bosch L-Jetronic. Al llarg de la seva vida es van poder adquirir unitats amb canvi manual de 4 o 5 marxes (depenent de la versi\u00f3) o canvi autom\u00e0tic de tres velocitats.<\/p>\n\t\t\t\t\t\t\t\t<\/div>\n\t\t\t\t<\/div>\n\t\t\t\t\t<\/div>\n\t\t<\/div>\n\t\t\t\t\t<\/div>\n\t\t<\/section>\n\t\t\t\t<section data-particle_enable=\"false\" data-particle-mobile-disabled=\"false\" class=\"elementor-section elementor-top-section elementor-element elementor-element-0018be4 elementor-section-boxed elementor-section-height-default elementor-section-height-default\" data-id=\"0018be4\" data-element_type=\"section\" data-e-type=\"section\">\n\t\t\t\t\t\t<div class=\"elementor-container elementor-column-gap-default\">\n\t\t\t\t\t<div class=\"elementor-column elementor-col-50 elementor-top-column elementor-element elementor-element-aa751e8\" data-id=\"aa751e8\" data-element_type=\"column\" data-e-type=\"column\">\n\t\t\t<div class=\"elementor-widget-wrap elementor-element-populated\">\n\t\t\t\t\t\t<div class=\"elementor-element elementor-element-f5853c3 elementor-widget elementor-widget-image\" data-id=\"f5853c3\" data-element_type=\"widget\" data-e-type=\"widget\" data-widget_type=\"image.default\">\n\t\t\t\t<div class=\"elementor-widget-container\">\n\t\t\t\t\t\t\t\t\t\t\t\t<figure class=\"wp-caption\">\n\t\t\t\t\t\t\t\t\t\t\t<a href=\"https:\/\/www.jgclassics.com\/wp-content\/uploads\/2023\/06\/manta_a_002.webp\" data-elementor-open-lightbox=\"yes\" data-elementor-lightbox-title=\"Opel Manta A\" data-e-action-hash=\"#elementor-action%3Aaction%3Dlightbox%26settings%3DeyJpZCI6MTQ1NTgsInVybCI6Imh0dHBzOlwvXC93d3cuamdjbGFzc2ljcy5jb21cL3dwLWNvbnRlbnRcL3VwbG9hZHNcLzIwMjNcLzA2XC9tYW50YV9hXzAwMi53ZWJwIn0%3D\">\n\t\t\t\t\t\t\t<img loading=\"lazy\" decoding=\"async\" width=\"768\" height=\"469\" src=\"https:\/\/www.jgclassics.com\/wp-content\/uploads\/2023\/06\/manta_a_002-768x469.webp\" class=\"attachment-medium_large size-medium_large wp-image-14558\" alt=\"Opel Manta A\" srcset=\"https:\/\/www.jgclassics.com\/wp-content\/uploads\/2023\/06\/manta_a_002-768x469.webp 768w, https:\/\/www.jgclassics.com\/wp-content\/uploads\/2023\/06\/manta_a_002-300x183.webp 300w, https:\/\/www.jgclassics.com\/wp-content\/uploads\/2023\/06\/manta_a_002.webp 992w\" sizes=\"(max-width: 768px) 100vw, 768px\" \/>\t\t\t\t\t\t\t\t<\/a>\n\t\t\t\t\t\t\t\t\t\t\t<figcaption class=\"widget-image-caption wp-caption-text\">Opel Manta A<\/figcaption>\n\t\t\t\t\t\t\t\t\t\t<\/figure>\n\t\t\t\t\t\t\t\t\t<\/div>\n\t\t\t\t<\/div>\n\t\t\t\t\t<\/div>\n\t\t<\/div>\n\t\t\t\t<div class=\"elementor-column elementor-col-50 elementor-top-column elementor-element elementor-element-0238447\" data-id=\"0238447\" data-element_type=\"column\" data-e-type=\"column\">\n\t\t\t<div class=\"elementor-widget-wrap elementor-element-populated\">\n\t\t\t\t\t\t<div class=\"elementor-element elementor-element-f645b32 elementor-widget elementor-widget-image\" data-id=\"f645b32\" data-element_type=\"widget\" data-e-type=\"widget\" data-widget_type=\"image.default\">\n\t\t\t\t<div class=\"elementor-widget-container\">\n\t\t\t\t\t\t\t\t\t\t\t\t<figure class=\"wp-caption\">\n\t\t\t\t\t\t\t\t\t\t\t<a href=\"https:\/\/www.jgclassics.com\/wp-content\/uploads\/2023\/06\/Opel-Manta-B.jpg\" data-elementor-open-lightbox=\"yes\" data-elementor-lightbox-title=\"Opel-Manta-B\" data-e-action-hash=\"#elementor-action%3Aaction%3Dlightbox%26settings%3DeyJpZCI6MTQ0NTYsInVybCI6Imh0dHBzOlwvXC93d3cuamdjbGFzc2ljcy5jb21cL3dwLWNvbnRlbnRcL3VwbG9hZHNcLzIwMjNcLzA2XC9PcGVsLU1hbnRhLUIuanBnIn0%3D\">\n\t\t\t\t\t\t\t<img loading=\"lazy\" decoding=\"async\" width=\"768\" height=\"538\" src=\"https:\/\/www.jgclassics.com\/wp-content\/uploads\/2023\/06\/Opel-Manta-B-768x538.jpg\" class=\"attachment-medium_large size-medium_large wp-image-14456\" alt=\"Opel Manta B1\" srcset=\"https:\/\/www.jgclassics.com\/wp-content\/uploads\/2023\/06\/Opel-Manta-B-768x538.jpg 768w, https:\/\/www.jgclassics.com\/wp-content\/uploads\/2023\/06\/Opel-Manta-B-300x210.jpg 300w, https:\/\/www.jgclassics.com\/wp-content\/uploads\/2023\/06\/Opel-Manta-B.jpg 970w\" sizes=\"(max-width: 768px) 100vw, 768px\" \/>\t\t\t\t\t\t\t\t<\/a>\n\t\t\t\t\t\t\t\t\t\t\t<figcaption class=\"widget-image-caption wp-caption-text\">Opel Manta B1<\/figcaption>\n\t\t\t\t\t\t\t\t\t\t<\/figure>\n\t\t\t\t\t\t\t\t\t<\/div>\n\t\t\t\t<\/div>\n\t\t\t\t\t<\/div>\n\t\t<\/div>\n\t\t\t\t\t<\/div>\n\t\t<\/section>\n\t\t\t\t<section data-particle_enable=\"false\" data-particle-mobile-disabled=\"false\" class=\"elementor-section elementor-top-section elementor-element elementor-element-e46ce35 elementor-section-boxed elementor-section-height-default elementor-section-height-default\" data-id=\"e46ce35\" data-element_type=\"section\" data-e-type=\"section\">\n\t\t\t\t\t\t<div class=\"elementor-container elementor-column-gap-default\">\n\t\t\t\t\t<div class=\"elementor-column elementor-col-33 elementor-top-column elementor-element elementor-element-dd2481f\" data-id=\"dd2481f\" data-element_type=\"column\" data-e-type=\"column\">\n\t\t\t<div class=\"elementor-widget-wrap elementor-element-populated\">\n\t\t\t\t\t\t<div class=\"elementor-element elementor-element-b3de311 elementor-widget__width-initial elementor-widget elementor-widget-text-editor\" data-id=\"b3de311\" data-element_type=\"widget\" data-e-type=\"widget\" data-widget_type=\"text-editor.default\">\n\t\t\t\t<div class=\"elementor-widget-container\">\n\t\t\t\t\t\t\t\t\t<p>El vehicle a totes les seves versions era un coup\u00e9 de dues portes que encara que homolog\u00e9s 5 places, des d&#8217;un punt de vista pr\u00e0ctic era un 2+2 places. L&#8217;\u00fanica variaci\u00f3 de carrosseria que va haver-hi va ser la versi\u00f3 Manta B CC que era una mica m\u00e9s llarg, i incorporava un port\u00f3 posterior.<\/p>\n\t\t\t\t\t\t\t\t<\/div>\n\t\t\t\t<\/div>\n\t\t\t\t\t<\/div>\n\t\t<\/div>\n\t\t\t\t<div class=\"elementor-column elementor-col-33 elementor-top-column elementor-element elementor-element-d7a9d0b\" data-id=\"d7a9d0b\" data-element_type=\"column\" data-e-type=\"column\">\n\t\t\t<div class=\"elementor-widget-wrap elementor-element-populated\">\n\t\t\t\t\t\t<div class=\"elementor-element elementor-element-ee1c346 elementor-widget__width-initial elementor-widget elementor-widget-image\" data-id=\"ee1c346\" data-element_type=\"widget\" data-e-type=\"widget\" data-widget_type=\"image.default\">\n\t\t\t\t<div class=\"elementor-widget-container\">\n\t\t\t\t\t\t\t\t\t\t\t\t<figure class=\"wp-caption\">\n\t\t\t\t\t\t\t\t\t\t\t<a href=\"https:\/\/www.jgclassics.com\/wp-content\/uploads\/2023\/06\/1986-Manta-0809-scaled.jpg\" data-elementor-open-lightbox=\"yes\" data-elementor-lightbox-title=\"Opel Manta GT 1.8S\" data-e-action-hash=\"#elementor-action%3Aaction%3Dlightbox%26settings%3DeyJpZCI6MTQ1MjgsInVybCI6Imh0dHBzOlwvXC93d3cuamdjbGFzc2ljcy5jb21cL3dwLWNvbnRlbnRcL3VwbG9hZHNcLzIwMjNcLzA2XC8xOTg2LU1hbnRhLTA4MDktc2NhbGVkLmpwZyJ9\">\n\t\t\t\t\t\t\t<img loading=\"lazy\" decoding=\"async\" width=\"768\" height=\"538\" src=\"https:\/\/www.jgclassics.com\/wp-content\/uploads\/2023\/06\/1986-Manta-0809-768x538.jpg\" class=\"attachment-medium_large size-medium_large wp-image-14528\" alt=\"Opel Manta GT 1.8S\" srcset=\"https:\/\/www.jgclassics.com\/wp-content\/uploads\/2023\/06\/1986-Manta-0809-768x538.jpg 768w, https:\/\/www.jgclassics.com\/wp-content\/uploads\/2023\/06\/1986-Manta-0809-300x210.jpg 300w, https:\/\/www.jgclassics.com\/wp-content\/uploads\/2023\/06\/1986-Manta-0809-1024x717.jpg 1024w, https:\/\/www.jgclassics.com\/wp-content\/uploads\/2023\/06\/1986-Manta-0809-1536x1076.jpg 1536w, https:\/\/www.jgclassics.com\/wp-content\/uploads\/2023\/06\/1986-Manta-0809-2048x1434.jpg 2048w\" sizes=\"(max-width: 768px) 100vw, 768px\" \/>\t\t\t\t\t\t\t\t<\/a>\n\t\t\t\t\t\t\t\t\t\t\t<figcaption class=\"widget-image-caption wp-caption-text\">Opel Manta GT 1.8S<\/figcaption>\n\t\t\t\t\t\t\t\t\t\t<\/figure>\n\t\t\t\t\t\t\t\t\t<\/div>\n\t\t\t\t<\/div>\n\t\t\t\t\t<\/div>\n\t\t<\/div>\n\t\t\t\t<div class=\"elementor-column elementor-col-33 elementor-top-column elementor-element elementor-element-2597b65\" data-id=\"2597b65\" data-element_type=\"column\" data-e-type=\"column\">\n\t\t\t<div class=\"elementor-widget-wrap elementor-element-populated\">\n\t\t\t\t\t\t<div class=\"elementor-element elementor-element-3298045 elementor-widget__width-initial elementor-widget elementor-widget-image\" data-id=\"3298045\" data-element_type=\"widget\" data-e-type=\"widget\" data-widget_type=\"image.default\">\n\t\t\t\t<div class=\"elementor-widget-container\">\n\t\t\t\t\t\t\t\t\t\t\t\t<figure class=\"wp-caption\">\n\t\t\t\t\t\t\t\t\t\t<img loading=\"lazy\" decoding=\"async\" width=\"1024\" height=\"728\" src=\"https:\/\/www.jgclassics.com\/wp-content\/uploads\/2023\/06\/1984-Opel-Manta-0607-scaled.jpg\" class=\"attachment-large size-large wp-image-14498\" alt=\"Opel Manta CC 1984\" srcset=\"https:\/\/www.jgclassics.com\/wp-content\/uploads\/2023\/06\/1984-Opel-Manta-0607-scaled.jpg 2560w, https:\/\/www.jgclassics.com\/wp-content\/uploads\/2023\/06\/1984-Opel-Manta-0607-300x213.jpg 300w\" sizes=\"(max-width: 1024px) 100vw, 1024px\" \/>\t\t\t\t\t\t\t\t\t\t\t<figcaption class=\"widget-image-caption wp-caption-text\">Opel Manta CC 1984<\/figcaption>\n\t\t\t\t\t\t\t\t\t\t<\/figure>\n\t\t\t\t\t\t\t\t\t<\/div>\n\t\t\t\t<\/div>\n\t\t\t\t\t<\/div>\n\t\t<\/div>\n\t\t\t\t\t<\/div>\n\t\t<\/section>\n\t\t\t\t<section data-particle_enable=\"false\" data-particle-mobile-disabled=\"false\" class=\"elementor-section elementor-top-section elementor-element elementor-element-5702b68 elementor-section-boxed elementor-section-height-default elementor-section-height-default\" data-id=\"5702b68\" data-element_type=\"section\" data-e-type=\"section\">\n\t\t\t\t\t\t<div class=\"elementor-container elementor-column-gap-default\">\n\t\t\t\t\t<div class=\"elementor-column elementor-col-100 elementor-top-column elementor-element elementor-element-42d28ff\" data-id=\"42d28ff\" data-element_type=\"column\" data-e-type=\"column\">\n\t\t\t<div class=\"elementor-widget-wrap elementor-element-populated\">\n\t\t\t\t\t\t<div class=\"elementor-element elementor-element-2a5ae27 elementor-widget__width-initial elementor-widget elementor-widget-text-editor\" data-id=\"2a5ae27\" data-element_type=\"widget\" data-e-type=\"widget\" data-widget_type=\"text-editor.default\">\n\t\t\t\t<div class=\"elementor-widget-container\">\n\t\t\t\t\t\t\t\t\t<p>Encara que l&#8217;Opel Ascona, en qu\u00e8 estava basat, va passar a motor transversal i tracci\u00f3 davantera a l&#8217; <a href=\"https:\/\/www.google.com\/search?q=opel+ascona+c&amp;oq=opel+ascona+c&amp;gs_lcrp=EgZjaHJvbWUyBggAEEUYOTIHCAEQABiABDIHCAIQABiABDIHCAMQABiABDIICAQQABgWGB4yCAgFEAAYFhgeMggIBhAAGBYYHjIICAcQABgWGB4yCAgIEAAYFhgeMggICRAAGBYYHtIBCDQwMDBqMGo3qAIAsAIA&amp;sourceid=chrome&amp;ie=UTF-8\" target=\"_blank\" rel=\"noopener\">Ascona C<\/a> , el Manta va mantenir fins al final la seva concepci\u00f3 original de motor davanter longitudinal i tracci\u00f3 posterior (motor CIH, &#8220;Cam in Head&#8221; amb l&#8217;arbre de lleves a un lateral de les v\u00e0lvules i aquestes mogudes per<\/p>\n\t\t\t\t\t\t\t\t<\/div>\n\t\t\t\t<\/div>\n\t\t\t\t\t<\/div>\n\t\t<\/div>\n\t\t\t\t\t<\/div>\n\t\t<\/section>\n\t\t\t\t<section data-particle_enable=\"false\" data-particle-mobile-disabled=\"false\" class=\"elementor-section elementor-top-section elementor-element elementor-element-795c4bf elementor-section-boxed elementor-section-height-default elementor-section-height-default\" data-id=\"795c4bf\" data-element_type=\"section\" data-e-type=\"section\">\n\t\t\t\t\t\t<div class=\"elementor-container elementor-column-gap-default\">\n\t\t\t\t\t<div class=\"elementor-column elementor-col-100 elementor-top-column elementor-element elementor-element-7647883\" data-id=\"7647883\" data-element_type=\"column\" data-e-type=\"column\">\n\t\t\t<div class=\"elementor-widget-wrap elementor-element-populated\">\n\t\t\t\t\t\t<div class=\"elementor-element elementor-element-71387a2 elementor-widget elementor-widget-gallery\" data-id=\"71387a2\" data-element_type=\"widget\" data-e-type=\"widget\" data-settings=\"{&quot;columns&quot;:5,&quot;columns_mobile&quot;:2,&quot;lazyload&quot;:&quot;yes&quot;,&quot;gallery_layout&quot;:&quot;grid&quot;,&quot;columns_tablet&quot;:2,&quot;gap&quot;:{&quot;unit&quot;:&quot;px&quot;,&quot;size&quot;:10,&quot;sizes&quot;:[]},&quot;gap_tablet&quot;:{&quot;unit&quot;:&quot;px&quot;,&quot;size&quot;:10,&quot;sizes&quot;:[]},&quot;gap_mobile&quot;:{&quot;unit&quot;:&quot;px&quot;,&quot;size&quot;:10,&quot;sizes&quot;:[]},&quot;link_to&quot;:&quot;file&quot;,&quot;aspect_ratio&quot;:&quot;3:2&quot;,&quot;overlay_background&quot;:&quot;yes&quot;,&quot;content_hover_animation&quot;:&quot;fade-in&quot;}\" data-widget_type=\"gallery.default\">\n\t\t\t\t<div class=\"elementor-widget-container\">\n\t\t\t\t\t\t\t<div class=\"elementor-gallery__container\">\n\t\t\t\t\t\t\t<a class=\"e-gallery-item elementor-gallery-item elementor-animated-content\" href=\"https:\/\/www.jgclassics.com\/wp-content\/uploads\/2023\/06\/opel-Manta-A-frontal.jpg\" data-elementor-open-lightbox=\"yes\" data-elementor-lightbox-slideshow=\"71387a2\" data-elementor-lightbox-title=\"opel Manta A frontal\" data-e-action-hash=\"#elementor-action%3Aaction%3Dlightbox%26settings%3DeyJpZCI6MTQ2MTgsInVybCI6Imh0dHBzOlwvXC93d3cuamdjbGFzc2ljcy5jb21cL3dwLWNvbnRlbnRcL3VwbG9hZHNcLzIwMjNcLzA2XC9vcGVsLU1hbnRhLUEtZnJvbnRhbC5qcGciLCJzbGlkZXNob3ciOiI3MTM4N2EyIn0%3D\">\n\t\t\t\t\t<div class=\"e-gallery-image elementor-gallery-item__image\" data-thumbnail=\"https:\/\/www.jgclassics.com\/wp-content\/uploads\/2023\/06\/opel-Manta-A-frontal-300x196.jpg\" data-width=\"300\" data-height=\"196\" aria-label=\"Opel manta A frontal\" role=\"img\" ><\/div>\n\t\t\t\t\t\t\t\t\t\t\t<div class=\"elementor-gallery-item__overlay\"><\/div>\n\t\t\t\t\t\t\t\t\t\t\t\t\t\t<\/a>\n\t\t\t\t\t\t\t<a class=\"e-gallery-item elementor-gallery-item elementor-animated-content\" href=\"https:\/\/www.jgclassics.com\/wp-content\/uploads\/2023\/06\/manta_a_002.jpg\" data-elementor-open-lightbox=\"yes\" data-elementor-lightbox-slideshow=\"71387a2\" data-elementor-lightbox-title=\"Opel manta A lateral\" data-e-action-hash=\"#elementor-action%3Aaction%3Dlightbox%26settings%3DeyJpZCI6MTQ1NTUsInVybCI6Imh0dHBzOlwvXC93d3cuamdjbGFzc2ljcy5jb21cL3dwLWNvbnRlbnRcL3VwbG9hZHNcLzIwMjNcLzA2XC9tYW50YV9hXzAwMi5qcGciLCJzbGlkZXNob3ciOiI3MTM4N2EyIn0%3D\">\n\t\t\t\t\t<div class=\"e-gallery-image elementor-gallery-item__image\" data-thumbnail=\"https:\/\/www.jgclassics.com\/wp-content\/uploads\/2023\/06\/manta_a_002-300x159.jpg\" data-width=\"300\" data-height=\"159\" aria-label=\"\" role=\"img\" ><\/div>\n\t\t\t\t\t\t\t\t\t\t\t<div class=\"elementor-gallery-item__overlay\"><\/div>\n\t\t\t\t\t\t\t\t\t\t\t\t\t\t<\/a>\n\t\t\t\t\t\t\t<a class=\"e-gallery-item elementor-gallery-item elementor-animated-content\" href=\"https:\/\/www.jgclassics.com\/wp-content\/uploads\/2023\/06\/manta_a_interior_001.jpg\" data-elementor-open-lightbox=\"yes\" data-elementor-lightbox-slideshow=\"71387a2\" data-elementor-lightbox-title=\"Opel manta A cuadro\" data-e-action-hash=\"#elementor-action%3Aaction%3Dlightbox%26settings%3DeyJpZCI6MTQ1NjcsInVybCI6Imh0dHBzOlwvXC93d3cuamdjbGFzc2ljcy5jb21cL3dwLWNvbnRlbnRcL3VwbG9hZHNcLzIwMjNcLzA2XC9tYW50YV9hX2ludGVyaW9yXzAwMS5qcGciLCJzbGlkZXNob3ciOiI3MTM4N2EyIn0%3D\">\n\t\t\t\t\t<div class=\"e-gallery-image elementor-gallery-item__image\" data-thumbnail=\"https:\/\/www.jgclassics.com\/wp-content\/uploads\/2023\/06\/manta_a_interior_001-300x224.jpg\" data-width=\"300\" data-height=\"224\" aria-label=\"\" role=\"img\" ><\/div>\n\t\t\t\t\t\t\t\t\t\t\t<div class=\"elementor-gallery-item__overlay\"><\/div>\n\t\t\t\t\t\t\t\t\t\t\t\t\t\t<\/a>\n\t\t\t\t\t\t\t<a class=\"e-gallery-item elementor-gallery-item elementor-animated-content\" href=\"https:\/\/www.jgclassics.com\/wp-content\/uploads\/2023\/06\/mantaGSE_01.webp\" data-elementor-open-lightbox=\"yes\" data-elementor-lightbox-slideshow=\"71387a2\" data-elementor-lightbox-title=\"Opel manta A zaga\" data-elementor-lightbox-description=\"Opel manta A zaga\" data-e-action-hash=\"#elementor-action%3Aaction%3Dlightbox%26settings%3DeyJpZCI6MTQ1OTEsInVybCI6Imh0dHBzOlwvXC93d3cuamdjbGFzc2ljcy5jb21cL3dwLWNvbnRlbnRcL3VwbG9hZHNcLzIwMjNcLzA2XC9tYW50YUdTRV8wMS53ZWJwIiwic2xpZGVzaG93IjoiNzEzODdhMiJ9\">\n\t\t\t\t\t<div class=\"e-gallery-image elementor-gallery-item__image\" data-thumbnail=\"https:\/\/www.jgclassics.com\/wp-content\/uploads\/2023\/06\/mantaGSE_01-300x169.webp\" data-width=\"300\" data-height=\"169\" aria-label=\"\" role=\"img\" ><\/div>\n\t\t\t\t\t\t\t\t\t\t\t<div class=\"elementor-gallery-item__overlay\"><\/div>\n\t\t\t\t\t\t\t\t\t\t\t\t\t\t<\/a>\n\t\t\t\t\t\t\t<a class=\"e-gallery-item elementor-gallery-item elementor-animated-content\" href=\"https:\/\/www.jgclassics.com\/wp-content\/uploads\/2023\/06\/manta_a_interior_002.webp\" data-elementor-open-lightbox=\"yes\" data-elementor-lightbox-slideshow=\"71387a2\" data-elementor-lightbox-title=\"Opel manta A cuadro\" data-e-action-hash=\"#elementor-action%3Aaction%3Dlightbox%26settings%3DeyJpZCI6MTQ1NzAsInVybCI6Imh0dHBzOlwvXC93d3cuamdjbGFzc2ljcy5jb21cL3dwLWNvbnRlbnRcL3VwbG9hZHNcLzIwMjNcLzA2XC9tYW50YV9hX2ludGVyaW9yXzAwMi53ZWJwIiwic2xpZGVzaG93IjoiNzEzODdhMiJ9\">\n\t\t\t\t\t<div class=\"e-gallery-image elementor-gallery-item__image\" data-thumbnail=\"https:\/\/www.jgclassics.com\/wp-content\/uploads\/2023\/06\/manta_a_interior_002-300x225.webp\" data-width=\"300\" data-height=\"225\" aria-label=\"\" role=\"img\" ><\/div>\n\t\t\t\t\t\t\t\t\t\t\t<div class=\"elementor-gallery-item__overlay\"><\/div>\n\t\t\t\t\t\t\t\t\t\t\t\t\t\t<\/a>\n\t\t\t\t\t<\/div>\n\t\t\t\t\t<\/div>\n\t\t\t\t<\/div>\n\t\t\t\t\t<\/div>\n\t\t<\/div>\n\t\t\t\t\t<\/div>\n\t\t<\/section>\n\t\t\t\t<section data-particle_enable=\"false\" data-particle-mobile-disabled=\"false\" class=\"elementor-section elementor-top-section elementor-element elementor-element-a199e79 elementor-section-boxed elementor-section-height-default elementor-section-height-default\" data-id=\"a199e79\" data-element_type=\"section\" data-e-type=\"section\">\n\t\t\t\t\t\t<div class=\"elementor-container elementor-column-gap-default\">\n\t\t\t\t\t<div class=\"elementor-column elementor-col-100 elementor-top-column elementor-element elementor-element-8b9a8f3\" data-id=\"8b9a8f3\" data-element_type=\"column\" data-e-type=\"column\">\n\t\t\t<div class=\"elementor-widget-wrap elementor-element-populated\">\n\t\t\t\t\t\t<div class=\"elementor-element elementor-element-0a173e4 elementor-widget__width-initial elementor-widget elementor-widget-text-editor\" data-id=\"0a173e4\" data-element_type=\"widget\" data-e-type=\"widget\" data-widget_type=\"text-editor.default\">\n\t\t\t\t<div class=\"elementor-widget-container\">\n\t\t\t\t\t\t\t\t\t<p>La primera versi\u00f3 d&#8217;Opel Manta, (Opel Manta A), concebuda com a competidor del Ford Capri, pilots rodons i una forma m\u00e9s \u201ccoup\u00e9 cl\u00e0ssic\u201d duraria fins a 1975 en qu\u00e8 va ser reempla\u00e7at per l&#8217;Opel Manta B originalment basat en el <a href=\"https:\/\/en.wikipedia.org\/wiki\/Chevrolet_Monza#\/media\/File:75_monza_2+2.jpg\" target=\"_blank\" rel=\"noopener\">Chevrolet Monza<\/a> . Aquesta versi\u00f3 \u201cB\u201d de l&#8217;Opel Manta patiria una modificaci\u00f3 el 1982 en qu\u00e8 se li van incorporar els para-xocs\/spoilers en pl\u00e0stic m\u00e9s envoltants a la carrosseria, aix\u00ed com un aler\u00f3 posterior que li donaria un aspecte m\u00e9s modernitzat per als est\u00e0ndards de l&#8217;\u00e8poca, aix\u00ed com una l\u00ednia m\u00e9s agressiva i\/o esportiva.<\/p>\n\t\t\t\t\t\t\t\t<\/div>\n\t\t\t\t<\/div>\n\t\t\t\t\t<\/div>\n\t\t<\/div>\n\t\t\t\t\t<\/div>\n\t\t<\/section>\n\t\t\t\t<section data-particle_enable=\"false\" data-particle-mobile-disabled=\"false\" class=\"elementor-section elementor-top-section elementor-element elementor-element-afccb6c elementor-section-boxed elementor-section-height-default elementor-section-height-default\" data-id=\"afccb6c\" data-element_type=\"section\" data-e-type=\"section\">\n\t\t\t\t\t\t<div class=\"elementor-container elementor-column-gap-default\">\n\t\t\t\t\t<div class=\"elementor-column elementor-col-100 elementor-top-column elementor-element elementor-element-8d009dc\" data-id=\"8d009dc\" data-element_type=\"column\" data-e-type=\"column\">\n\t\t\t<div class=\"elementor-widget-wrap elementor-element-populated\">\n\t\t\t\t\t\t<div class=\"elementor-element elementor-element-15dbf2d elementor-widget-divider--view-line_icon elementor-view-default elementor-widget-divider--element-align-center elementor-widget elementor-widget-divider\" data-id=\"15dbf2d\" data-element_type=\"widget\" data-e-type=\"widget\" data-widget_type=\"divider.default\">\n\t\t\t\t<div class=\"elementor-widget-container\">\n\t\t\t\t\t\t\t<div class=\"elementor-divider\">\n\t\t\t<span class=\"elementor-divider-separator\">\n\t\t\t\t\t\t\t<div class=\"elementor-icon elementor-divider__element\">\n\t\t\t\t\t<i aria-hidden=\"true\" class=\"fas fa-info-circle\"><\/i><\/div>\n\t\t\t\t\t\t<\/span>\n\t\t<\/div>\n\t\t\t\t\t\t<\/div>\n\t\t\t\t<\/div>\n\t\t\t\t<div class=\"elementor-element elementor-element-0c06f37 elementor-widget elementor-widget-heading\" data-id=\"0c06f37\" data-element_type=\"widget\" data-e-type=\"widget\" data-widget_type=\"heading.default\">\n\t\t\t\t<div class=\"elementor-widget-container\">\n\t\t\t\t\t<h2 class=\"elementor-heading-title elementor-size-default\">Opel Manta: coupes industrials - D'esportiu a cl\u00e0ssic passant per una fase d'anacronisme<\/h2>\t\t\t\t<\/div>\n\t\t\t\t<\/div>\n\t\t\t\t\t<\/div>\n\t\t<\/div>\n\t\t\t\t\t<\/div>\n\t\t<\/section>\n\t\t\t\t<section data-particle_enable=\"false\" data-particle-mobile-disabled=\"false\" class=\"elementor-section elementor-top-section elementor-element elementor-element-3d03ade elementor-section-boxed elementor-section-height-default elementor-section-height-default\" data-id=\"3d03ade\" data-element_type=\"section\" data-e-type=\"section\">\n\t\t\t\t\t\t<div class=\"elementor-container elementor-column-gap-default\">\n\t\t\t\t\t<div class=\"elementor-column elementor-col-100 elementor-top-column elementor-element elementor-element-59aa28f\" data-id=\"59aa28f\" data-element_type=\"column\" data-e-type=\"column\">\n\t\t\t<div class=\"elementor-widget-wrap elementor-element-populated\">\n\t\t\t\t\t\t<div class=\"elementor-element elementor-element-461d664 elementor-widget__width-initial elementor-widget elementor-widget-text-editor\" data-id=\"461d664\" data-element_type=\"widget\" data-e-type=\"widget\" data-widget_type=\"text-editor.default\">\n\t\t\t\t<div class=\"elementor-widget-container\">\n\t\t\t\t\t\t\t\t\t<p>L&#8217;Opel Manta pertany a aquesta categoria que informalment es coneix com a &#8220;coupe industrial&#8221;: s\u00f3n aquells vehicles de marques generalistes que, partint d&#8217;un xass\u00eds d&#8217;una berlina o un compacte, els fabricants transformaven en un model d&#8217;aspecte esportiu i carrosseria coup\u00e9 (o al menys dues portes) amb algunes millores al motor i mec\u00e0nica en general, per\u00f2 amb prestacions contingudes i un preu relativament assequible. No eren, \u00f2bviament, vehicles que poguessin competir \u2013ni ho pretenien\u2013 amb els esportius tradicionals de les grans marques premium. Per\u00f2 van tenir el seu p\u00fablic i formen part de la mem\u00f2ria de molts dels que rondaven la vintena als anys 80 com aquell cotxe que alguns somiaven tenir. En el cas de l&#8217;Opel Manta, Opel el venia com un producte en qu\u00e8 feia destacar l&#8217;esportivitat i les seves vistoses -espectaculars per a uns, excessives per a altres- l\u00ednies.  <\/p>\n\t\t\t\t\t\t\t\t<\/div>\n\t\t\t\t<\/div>\n\t\t\t\t\t<\/div>\n\t\t<\/div>\n\t\t\t\t\t<\/div>\n\t\t<\/section>\n\t\t\t\t<section data-particle_enable=\"false\" data-particle-mobile-disabled=\"false\" class=\"elementor-section elementor-top-section elementor-element elementor-element-d99a26e elementor-section-boxed elementor-section-height-default elementor-section-height-default\" data-id=\"d99a26e\" data-element_type=\"section\" data-e-type=\"section\">\n\t\t\t\t\t\t<div class=\"elementor-container elementor-column-gap-default\">\n\t\t\t\t\t<div class=\"elementor-column elementor-col-100 elementor-top-column elementor-element elementor-element-c40da00\" data-id=\"c40da00\" data-element_type=\"column\" data-e-type=\"column\">\n\t\t\t<div class=\"elementor-widget-wrap elementor-element-populated\">\n\t\t\t\t\t\t<div class=\"elementor-element elementor-element-eff0229 elementor-widget elementor-widget-gallery\" data-id=\"eff0229\" data-element_type=\"widget\" data-e-type=\"widget\" data-settings=\"{&quot;columns_mobile&quot;:2,&quot;lazyload&quot;:&quot;yes&quot;,&quot;gallery_layout&quot;:&quot;grid&quot;,&quot;columns&quot;:4,&quot;columns_tablet&quot;:2,&quot;gap&quot;:{&quot;unit&quot;:&quot;px&quot;,&quot;size&quot;:10,&quot;sizes&quot;:[]},&quot;gap_tablet&quot;:{&quot;unit&quot;:&quot;px&quot;,&quot;size&quot;:10,&quot;sizes&quot;:[]},&quot;gap_mobile&quot;:{&quot;unit&quot;:&quot;px&quot;,&quot;size&quot;:10,&quot;sizes&quot;:[]},&quot;link_to&quot;:&quot;file&quot;,&quot;aspect_ratio&quot;:&quot;3:2&quot;,&quot;overlay_background&quot;:&quot;yes&quot;,&quot;content_hover_animation&quot;:&quot;fade-in&quot;}\" data-widget_type=\"gallery.default\">\n\t\t\t\t<div class=\"elementor-widget-container\">\n\t\t\t\t\t\t\t<div class=\"elementor-gallery__container\">\n\t\t\t\t\t\t\t<a class=\"e-gallery-item elementor-gallery-item elementor-animated-content\" href=\"https:\/\/www.jgclassics.com\/wp-content\/uploads\/2023\/06\/Opel-Manta-Brochure-1979-DE-1.jpg\" data-elementor-open-lightbox=\"yes\" data-elementor-lightbox-slideshow=\"eff0229\" data-elementor-lightbox-title=\"Opel Manta Brochure 1979 DE (1)\" data-e-action-hash=\"#elementor-action%3Aaction%3Dlightbox%26settings%3DeyJpZCI6MTQ2MDMsInVybCI6Imh0dHBzOlwvXC93d3cuamdjbGFzc2ljcy5jb21cL3dwLWNvbnRlbnRcL3VwbG9hZHNcLzIwMjNcLzA2XC9PcGVsLU1hbnRhLUJyb2NodXJlLTE5NzktREUtMS5qcGciLCJzbGlkZXNob3ciOiJlZmYwMjI5In0%3D\">\n\t\t\t\t\t<div class=\"e-gallery-image elementor-gallery-item__image\" data-thumbnail=\"https:\/\/www.jgclassics.com\/wp-content\/uploads\/2023\/06\/Opel-Manta-Brochure-1979-DE-1-300x216.jpg\" data-width=\"300\" data-height=\"216\" aria-label=\"\" role=\"img\" ><\/div>\n\t\t\t\t\t\t\t\t\t\t\t<div class=\"elementor-gallery-item__overlay\"><\/div>\n\t\t\t\t\t\t\t\t\t\t\t\t\t\t<\/a>\n\t\t\t\t\t\t\t<a class=\"e-gallery-item elementor-gallery-item elementor-animated-content\" href=\"https:\/\/www.jgclassics.com\/wp-content\/uploads\/2023\/06\/opel-manta-400-publicid.jpg\" data-elementor-open-lightbox=\"yes\" data-elementor-lightbox-slideshow=\"eff0229\" data-elementor-lightbox-title=\"opel manta 400 publicid\" data-e-action-hash=\"#elementor-action%3Aaction%3Dlightbox%26settings%3DeyJpZCI6MTQ2MDAsInVybCI6Imh0dHBzOlwvXC93d3cuamdjbGFzc2ljcy5jb21cL3dwLWNvbnRlbnRcL3VwbG9hZHNcLzIwMjNcLzA2XC9vcGVsLW1hbnRhLTQwMC1wdWJsaWNpZC5qcGciLCJzbGlkZXNob3ciOiJlZmYwMjI5In0%3D\">\n\t\t\t\t\t<div class=\"e-gallery-image elementor-gallery-item__image\" data-thumbnail=\"https:\/\/www.jgclassics.com\/wp-content\/uploads\/2023\/06\/opel-manta-400-publicid-229x300.jpg\" data-width=\"229\" data-height=\"300\" aria-label=\"\" role=\"img\" ><\/div>\n\t\t\t\t\t\t\t\t\t\t\t<div class=\"elementor-gallery-item__overlay\"><\/div>\n\t\t\t\t\t\t\t\t\t\t\t\t\t\t<\/a>\n\t\t\t\t\t\t\t<a class=\"e-gallery-item elementor-gallery-item elementor-animated-content\" href=\"https:\/\/www.jgclassics.com\/wp-content\/uploads\/2023\/06\/1986-Manta-0405-scaled.jpg\" data-elementor-open-lightbox=\"yes\" data-elementor-lightbox-slideshow=\"eff0229\" data-elementor-lightbox-title=\"1986 Manta 0405\" data-e-action-hash=\"#elementor-action%3Aaction%3Dlightbox%26settings%3DeyJpZCI6MTQ1MjIsInVybCI6Imh0dHBzOlwvXC93d3cuamdjbGFzc2ljcy5jb21cL3dwLWNvbnRlbnRcL3VwbG9hZHNcLzIwMjNcLzA2XC8xOTg2LU1hbnRhLTA0MDUtc2NhbGVkLmpwZyIsInNsaWRlc2hvdyI6ImVmZjAyMjkifQ%3D%3D\">\n\t\t\t\t\t<div class=\"e-gallery-image elementor-gallery-item__image\" data-thumbnail=\"https:\/\/www.jgclassics.com\/wp-content\/uploads\/2023\/06\/1986-Manta-0405-300x210.jpg\" data-width=\"300\" data-height=\"210\" aria-label=\"\" role=\"img\" ><\/div>\n\t\t\t\t\t\t\t\t\t\t\t<div class=\"elementor-gallery-item__overlay\"><\/div>\n\t\t\t\t\t\t\t\t\t\t\t\t\t\t<\/a>\n\t\t\t\t\t\t\t<a class=\"e-gallery-item elementor-gallery-item elementor-animated-content\" href=\"https:\/\/www.jgclassics.com\/wp-content\/uploads\/2023\/06\/1986-Manta-0112-scaled.jpg\" data-elementor-open-lightbox=\"yes\" data-elementor-lightbox-slideshow=\"eff0229\" data-elementor-lightbox-title=\"1986 Manta 0112\" data-e-action-hash=\"#elementor-action%3Aaction%3Dlightbox%26settings%3DeyJpZCI6MTQ1MTksInVybCI6Imh0dHBzOlwvXC93d3cuamdjbGFzc2ljcy5jb21cL3dwLWNvbnRlbnRcL3VwbG9hZHNcLzIwMjNcLzA2XC8xOTg2LU1hbnRhLTAxMTItc2NhbGVkLmpwZyIsInNsaWRlc2hvdyI6ImVmZjAyMjkifQ%3D%3D\">\n\t\t\t\t\t<div class=\"e-gallery-image elementor-gallery-item__image\" data-thumbnail=\"https:\/\/www.jgclassics.com\/wp-content\/uploads\/2023\/06\/1986-Manta-0112-300x210.jpg\" data-width=\"300\" data-height=\"210\" aria-label=\"\" role=\"img\" ><\/div>\n\t\t\t\t\t\t\t\t\t\t\t<div class=\"elementor-gallery-item__overlay\"><\/div>\n\t\t\t\t\t\t\t\t\t\t\t\t\t\t<\/a>\n\t\t\t\t\t\t\t<a class=\"e-gallery-item elementor-gallery-item elementor-animated-content\" href=\"https:\/\/www.jgclassics.com\/wp-content\/uploads\/2023\/06\/1984-Opel-Manta-2021-scaled.jpg\" data-elementor-open-lightbox=\"yes\" data-elementor-lightbox-slideshow=\"eff0229\" data-elementor-lightbox-title=\"1984 Opel Manta 2021\" data-e-action-hash=\"#elementor-action%3Aaction%3Dlightbox%26settings%3DeyJpZCI6MTQ1MTYsInVybCI6Imh0dHBzOlwvXC93d3cuamdjbGFzc2ljcy5jb21cL3dwLWNvbnRlbnRcL3VwbG9hZHNcLzIwMjNcLzA2XC8xOTg0LU9wZWwtTWFudGEtMjAyMS1zY2FsZWQuanBnIiwic2xpZGVzaG93IjoiZWZmMDIyOSJ9\">\n\t\t\t\t\t<div class=\"e-gallery-image elementor-gallery-item__image\" data-thumbnail=\"https:\/\/www.jgclassics.com\/wp-content\/uploads\/2023\/06\/1984-Opel-Manta-2021-300x213.jpg\" data-width=\"300\" data-height=\"213\" aria-label=\"\" role=\"img\" ><\/div>\n\t\t\t\t\t\t\t\t\t\t\t<div class=\"elementor-gallery-item__overlay\"><\/div>\n\t\t\t\t\t\t\t\t\t\t\t\t\t\t<\/a>\n\t\t\t\t\t\t\t<a class=\"e-gallery-item elementor-gallery-item elementor-animated-content\" href=\"https:\/\/www.jgclassics.com\/wp-content\/uploads\/2023\/06\/1984-Opel-Manta-1819-scaled.jpg\" data-elementor-open-lightbox=\"yes\" data-elementor-lightbox-slideshow=\"eff0229\" data-elementor-lightbox-title=\"1984 Opel Manta 1819\" data-e-action-hash=\"#elementor-action%3Aaction%3Dlightbox%26settings%3DeyJpZCI6MTQ1MTMsInVybCI6Imh0dHBzOlwvXC93d3cuamdjbGFzc2ljcy5jb21cL3dwLWNvbnRlbnRcL3VwbG9hZHNcLzIwMjNcLzA2XC8xOTg0LU9wZWwtTWFudGEtMTgxOS1zY2FsZWQuanBnIiwic2xpZGVzaG93IjoiZWZmMDIyOSJ9\">\n\t\t\t\t\t<div class=\"e-gallery-image elementor-gallery-item__image\" data-thumbnail=\"https:\/\/www.jgclassics.com\/wp-content\/uploads\/2023\/06\/1984-Opel-Manta-1819-300x214.jpg\" data-width=\"300\" data-height=\"214\" aria-label=\"\" role=\"img\" ><\/div>\n\t\t\t\t\t\t\t\t\t\t\t<div class=\"elementor-gallery-item__overlay\"><\/div>\n\t\t\t\t\t\t\t\t\t\t\t\t\t\t<\/a>\n\t\t\t\t\t\t\t<a class=\"e-gallery-item elementor-gallery-item elementor-animated-content\" href=\"https:\/\/www.jgclassics.com\/wp-content\/uploads\/2023\/06\/1986-Manta-0809-scaled.jpg\" data-elementor-open-lightbox=\"yes\" data-elementor-lightbox-slideshow=\"eff0229\" data-elementor-lightbox-title=\"Opel Manta GT 1.8S\" data-e-action-hash=\"#elementor-action%3Aaction%3Dlightbox%26settings%3DeyJpZCI6MTQ1MjgsInVybCI6Imh0dHBzOlwvXC93d3cuamdjbGFzc2ljcy5jb21cL3dwLWNvbnRlbnRcL3VwbG9hZHNcLzIwMjNcLzA2XC8xOTg2LU1hbnRhLTA4MDktc2NhbGVkLmpwZyIsInNsaWRlc2hvdyI6ImVmZjAyMjkifQ%3D%3D\">\n\t\t\t\t\t<div class=\"e-gallery-image elementor-gallery-item__image\" data-thumbnail=\"https:\/\/www.jgclassics.com\/wp-content\/uploads\/2023\/06\/1986-Manta-0809-300x210.jpg\" data-width=\"300\" data-height=\"210\" aria-label=\"Opel Manta GT 1.8S\" role=\"img\" ><\/div>\n\t\t\t\t\t\t\t\t\t\t\t<div class=\"elementor-gallery-item__overlay\"><\/div>\n\t\t\t\t\t\t\t\t\t\t\t\t\t\t<\/a>\n\t\t\t\t\t\t\t<a class=\"e-gallery-item elementor-gallery-item elementor-animated-content\" href=\"https:\/\/www.jgclassics.com\/wp-content\/uploads\/2023\/06\/1986-Manta-1011-scaled.jpg\" data-elementor-open-lightbox=\"yes\" data-elementor-lightbox-slideshow=\"eff0229\" data-elementor-lightbox-title=\"1986 Manta 1011\" data-e-action-hash=\"#elementor-action%3Aaction%3Dlightbox%26settings%3DeyJpZCI6MTQ1MzEsInVybCI6Imh0dHBzOlwvXC93d3cuamdjbGFzc2ljcy5jb21cL3dwLWNvbnRlbnRcL3VwbG9hZHNcLzIwMjNcLzA2XC8xOTg2LU1hbnRhLTEwMTEtc2NhbGVkLmpwZyIsInNsaWRlc2hvdyI6ImVmZjAyMjkifQ%3D%3D\">\n\t\t\t\t\t<div class=\"e-gallery-image elementor-gallery-item__image\" data-thumbnail=\"https:\/\/www.jgclassics.com\/wp-content\/uploads\/2023\/06\/1986-Manta-1011-300x210.jpg\" data-width=\"300\" data-height=\"210\" aria-label=\"\" role=\"img\" ><\/div>\n\t\t\t\t\t\t\t\t\t\t\t<div class=\"elementor-gallery-item__overlay\"><\/div>\n\t\t\t\t\t\t\t\t\t\t\t\t\t\t<\/a>\n\t\t\t\t\t<\/div>\n\t\t\t\t\t<\/div>\n\t\t\t\t<\/div>\n\t\t\t\t<div class=\"elementor-element elementor-element-3955256 elementor-widget__width-initial elementor-widget elementor-widget-text-editor\" data-id=\"3955256\" data-element_type=\"widget\" data-e-type=\"widget\" data-widget_type=\"text-editor.default\">\n\t\t\t\t<div class=\"elementor-widget-container\">\n\t\t\t\t\t\t\t\t\t<p>Aquests coup\u00e9s industrials especialment -i l&#8217;Opel Manta no va ser una excepci\u00f3-, despr\u00e9s de la seva \u00e8poca d&#8217;actualitat, van passar per una fase en qu\u00e8 eren vistos com a antigalles desfasades i anacr\u00f2niques i no com a cl\u00e0ssics. Els anglosaxons utilitzen l&#8217;expressi\u00f3 &#8220;crock or classic?&#8221; per referir aquesta dualitat. Durant aquesta \u00e8poca van viure un per\u00edode de devaluaci\u00f3 i moltes de les unitats de llavors van patir transformacions i tunnings d&#8217;all\u00f2 m\u00e9s &#8220;imaginatives&#8221; per part d&#8217;alguns dels seus propietaris. Amb el temps, les que han sobreviscut, s&#8217; han guanyat ja la classificaci\u00f3 de cl\u00e0ssics de ple dret, molt possiblement perqu\u00e8 el pas del temps ha fet que nom\u00e9s hagin quedat unitats en bon estat o restaurades d&#8217; una forma igual o raonablement similar al seu estat original.<\/p>\n\t\t\t\t\t\t\t\t<\/div>\n\t\t\t\t<\/div>\n\t\t\t\t\t<\/div>\n\t\t<\/div>\n\t\t\t\t\t<\/div>\n\t\t<\/section>\n\t\t\t\t<section data-particle_enable=\"false\" data-particle-mobile-disabled=\"false\" class=\"elementor-section elementor-top-section elementor-element elementor-element-8eaf636 elementor-section-boxed elementor-section-height-default elementor-section-height-default\" data-id=\"8eaf636\" data-element_type=\"section\" data-e-type=\"section\">\n\t\t\t\t\t\t<div class=\"elementor-container elementor-column-gap-default\">\n\t\t\t\t\t<div class=\"elementor-column elementor-col-100 elementor-top-column elementor-element elementor-element-caa71be\" data-id=\"caa71be\" data-element_type=\"column\" data-e-type=\"column\">\n\t\t\t<div class=\"elementor-widget-wrap elementor-element-populated\">\n\t\t\t\t\t\t<div class=\"elementor-element elementor-element-7204546 elementor-widget-divider--view-line elementor-widget elementor-widget-divider\" data-id=\"7204546\" data-element_type=\"widget\" data-e-type=\"widget\" data-widget_type=\"divider.default\">\n\t\t\t\t<div class=\"elementor-widget-container\">\n\t\t\t\t\t\t\t<div class=\"elementor-divider\">\n\t\t\t<span class=\"elementor-divider-separator\">\n\t\t\t\t\t\t<\/span>\n\t\t<\/div>\n\t\t\t\t\t\t<\/div>\n\t\t\t\t<\/div>\n\t\t\t\t\t<\/div>\n\t\t<\/div>\n\t\t\t\t\t<\/div>\n\t\t<\/section>\n\t\t\t\t<section data-particle_enable=\"false\" data-particle-mobile-disabled=\"false\" class=\"elementor-section elementor-top-section elementor-element elementor-element-a7ff52f elementor-section-boxed elementor-section-height-default elementor-section-height-default\" data-id=\"a7ff52f\" data-element_type=\"section\" data-e-type=\"section\">\n\t\t\t\t\t\t<div class=\"elementor-container elementor-column-gap-default\">\n\t\t\t\t\t<div class=\"elementor-column elementor-col-100 elementor-top-column elementor-element elementor-element-a3cf8bc\" data-id=\"a3cf8bc\" data-element_type=\"column\" data-e-type=\"column\">\n\t\t\t<div class=\"elementor-widget-wrap elementor-element-populated\">\n\t\t\t\t\t\t<div class=\"elementor-element elementor-element-9641b32 elementor-widget__width-initial elementor-widget elementor-widget-text-editor\" data-id=\"9641b32\" data-element_type=\"widget\" data-e-type=\"widget\" data-widget_type=\"text-editor.default\">\n\t\t\t\t<div class=\"elementor-widget-container\">\n\t\t\t\t\t\t\t\t\t<p>A Espanya, els Opel Manta comercialitzats a partir del 1982 serien els models de Manta B GT\/E (Injecci\u00f3 L-Jetronic, 110 CV) i GSI posteriorment, que tenia la mateixa mec\u00e0nica i exteriors del GT\/E, canviant detalls com el color de la tapisseria, els vidres tintats en altres tons (verds en comptes de bronze) o la tipografia dels car\u00e0cters dels rellotges del quadre.<\/p>\n\t\t\t\t\t\t\t\t<\/div>\n\t\t\t\t<\/div>\n\t\t\t\t<div class=\"elementor-element elementor-element-38794f8 elementor-widget elementor-widget-image\" data-id=\"38794f8\" data-element_type=\"widget\" data-e-type=\"widget\" data-widget_type=\"image.default\">\n\t\t\t\t<div class=\"elementor-widget-container\">\n\t\t\t\t\t\t\t\t\t\t\t\t\t\t\t<img loading=\"lazy\" decoding=\"async\" width=\"400\" height=\"289\" src=\"https:\/\/www.jgclassics.com\/wp-content\/uploads\/2023\/06\/MANTA_GTE_Publi.jpg\" class=\"attachment-large size-large wp-image-14612\" alt=\"Opel Manta GTE Pub\u00f1icidad Espa\u00f1a\" srcset=\"https:\/\/www.jgclassics.com\/wp-content\/uploads\/2023\/06\/MANTA_GTE_Publi.jpg 400w, https:\/\/www.jgclassics.com\/wp-content\/uploads\/2023\/06\/MANTA_GTE_Publi-300x217.jpg 300w\" sizes=\"(max-width: 400px) 100vw, 400px\" \/>\t\t\t\t\t\t\t\t\t\t\t\t\t\t\t<\/div>\n\t\t\t\t<\/div>\n\t\t\t\t\t<\/div>\n\t\t<\/div>\n\t\t\t\t\t<\/div>\n\t\t<\/section>\n\t\t\t\t<section data-particle_enable=\"false\" data-particle-mobile-disabled=\"false\" class=\"elementor-section elementor-top-section elementor-element elementor-element-baf29d8 elementor-section-boxed elementor-section-height-default elementor-section-height-default\" data-id=\"baf29d8\" data-element_type=\"section\" data-e-type=\"section\">\n\t\t\t\t\t\t<div class=\"elementor-container elementor-column-gap-default\">\n\t\t\t\t\t<div class=\"elementor-column elementor-col-50 elementor-top-column elementor-element elementor-element-ebb3703\" data-id=\"ebb3703\" data-element_type=\"column\" data-e-type=\"column\">\n\t\t\t<div class=\"elementor-widget-wrap elementor-element-populated\">\n\t\t\t\t\t\t<div class=\"elementor-element elementor-element-e0f9564 elementor-widget__width-initial elementor-widget elementor-widget-text-editor\" data-id=\"e0f9564\" data-element_type=\"widget\" data-e-type=\"widget\" data-widget_type=\"text-editor.default\">\n\t\t\t\t<div class=\"elementor-widget-container\">\n\t\t\t\t\t\t\t\t\t<p>El model m\u00e9s alt de la gamma que es podia adquirir en concessionari &#8220;de s\u00e8rie&#8221; era l&#8217;Opel Manta <strong>i200<\/strong> , que amb el mateix motor de l&#8217;Opel Manta GT\/E quant a cilindrada, donava una mica m\u00e9s de pot\u00e8ncia: 125CV -en lloc dels 110CV del GT\/E- aconseguits amb una culata rebaixada i de disseny voltes per aprofitar les prestacions. La \u201ci\u201d del nom del model es correspon amb el nom de \u201cIrsmsher\u201d, empresa alemanya preparadora de cotxes amb una tradicional relaci\u00f3 amb Opel GM. D&#8217;aquest model i200 se&#8217;n van fabricar unes 700 unitats, cosa que ho fa actualment un model for\u00e7a buscat entre els aficionats.<\/p>\n\t\t\t\t\t\t\t\t<\/div>\n\t\t\t\t<\/div>\n\t\t\t\t\t<\/div>\n\t\t<\/div>\n\t\t\t\t<div class=\"elementor-column elementor-col-50 elementor-top-column elementor-element elementor-element-e67d1b8\" data-id=\"e67d1b8\" data-element_type=\"column\" data-e-type=\"column\">\n\t\t\t<div class=\"elementor-widget-wrap elementor-element-populated\">\n\t\t\t\t\t\t<div class=\"elementor-element elementor-element-5f1828e elementor-widget__width-initial elementor-widget elementor-widget-image\" data-id=\"5f1828e\" data-element_type=\"widget\" data-e-type=\"widget\" data-widget_type=\"image.default\">\n\t\t\t\t<div class=\"elementor-widget-container\">\n\t\t\t\t\t\t\t\t\t\t\t\t\t\t\t\t<a href=\"https:\/\/www.jgclassics.com\/wp-content\/uploads\/2023\/06\/Manta_i200_publicidad_Germany.jpg\" data-elementor-open-lightbox=\"yes\" data-elementor-lightbox-title=\"Manta_i200_publicidad_Germany\" data-e-action-hash=\"#elementor-action%3Aaction%3Dlightbox%26settings%3DeyJpZCI6MTQ2MTUsInVybCI6Imh0dHBzOlwvXC93d3cuamdjbGFzc2ljcy5jb21cL3dwLWNvbnRlbnRcL3VwbG9hZHNcLzIwMjNcLzA2XC9NYW50YV9pMjAwX3B1YmxpY2lkYWRfR2VybWFueS5qcGcifQ%3D%3D\">\n\t\t\t\t\t\t\t<img loading=\"lazy\" decoding=\"async\" width=\"978\" height=\"687\" src=\"https:\/\/www.jgclassics.com\/wp-content\/uploads\/2023\/06\/Manta_i200_publicidad_Germany.jpg\" class=\"attachment-large size-large wp-image-14615\" alt=\"Opel manta i200 publicitat\" srcset=\"https:\/\/www.jgclassics.com\/wp-content\/uploads\/2023\/06\/Manta_i200_publicidad_Germany.jpg 978w, https:\/\/www.jgclassics.com\/wp-content\/uploads\/2023\/06\/Manta_i200_publicidad_Germany-300x211.jpg 300w, https:\/\/www.jgclassics.com\/wp-content\/uploads\/2023\/06\/Manta_i200_publicidad_Germany-768x539.jpg 768w\" sizes=\"(max-width: 978px) 100vw, 978px\" \/>\t\t\t\t\t\t\t\t<\/a>\n\t\t\t\t\t\t\t\t\t\t\t\t\t\t\t<\/div>\n\t\t\t\t<\/div>\n\t\t\t\t\t<\/div>\n\t\t<\/div>\n\t\t\t\t\t<\/div>\n\t\t<\/section>\n\t\t\t\t<section data-particle_enable=\"false\" data-particle-mobile-disabled=\"false\" class=\"elementor-section elementor-top-section elementor-element elementor-element-71c0833 elementor-section-boxed elementor-section-height-default elementor-section-height-default\" data-id=\"71c0833\" data-element_type=\"section\" data-e-type=\"section\">\n\t\t\t\t\t\t<div class=\"elementor-container elementor-column-gap-default\">\n\t\t\t\t\t<div class=\"elementor-column elementor-col-100 elementor-top-column elementor-element elementor-element-3e70ad3\" data-id=\"3e70ad3\" data-element_type=\"column\" data-e-type=\"column\">\n\t\t\t<div class=\"elementor-widget-wrap elementor-element-populated\">\n\t\t\t\t\t\t<div class=\"elementor-element elementor-element-6b70864 elementor-widget-divider--view-line_icon elementor-view-default elementor-widget-divider--element-align-center elementor-widget elementor-widget-divider\" data-id=\"6b70864\" data-element_type=\"widget\" data-e-type=\"widget\" data-widget_type=\"divider.default\">\n\t\t\t\t<div class=\"elementor-widget-container\">\n\t\t\t\t\t\t\t<div class=\"elementor-divider\">\n\t\t\t<span class=\"elementor-divider-separator\">\n\t\t\t\t\t\t\t<div class=\"elementor-icon elementor-divider__element\">\n\t\t\t\t\t<i aria-hidden=\"true\" class=\"fas fa-info-circle\"><\/i><\/div>\n\t\t\t\t\t\t<\/span>\n\t\t<\/div>\n\t\t\t\t\t\t<\/div>\n\t\t\t\t<\/div>\n\t\t\t\t<div class=\"elementor-element elementor-element-45589e2 elementor-widget elementor-widget-heading\" data-id=\"45589e2\" data-element_type=\"widget\" data-e-type=\"widget\" data-widget_type=\"heading.default\">\n\t\t\t\t<div class=\"elementor-widget-container\">\n\t\t\t\t\t<h2 class=\"elementor-heading-title elementor-size-default\">Opel Manta: Versions especials: TurboManta, i240, i300, i400<\/h2>\t\t\t\t<\/div>\n\t\t\t\t<\/div>\n\t\t\t\t\t<\/div>\n\t\t<\/div>\n\t\t\t\t\t<\/div>\n\t\t<\/section>\n\t\t\t\t<section data-particle_enable=\"false\" data-particle-mobile-disabled=\"false\" class=\"elementor-section elementor-top-section elementor-element elementor-element-159acbb elementor-section-boxed elementor-section-height-default elementor-section-height-default\" data-id=\"159acbb\" data-element_type=\"section\" data-e-type=\"section\">\n\t\t\t\t\t\t<div class=\"elementor-container elementor-column-gap-default\">\n\t\t\t\t\t<div class=\"elementor-column elementor-col-100 elementor-top-column elementor-element elementor-element-234061e\" data-id=\"234061e\" data-element_type=\"column\" data-e-type=\"column\">\n\t\t\t<div class=\"elementor-widget-wrap elementor-element-populated\">\n\t\t\t\t\t\t<div class=\"elementor-element elementor-element-8cccc77 elementor-widget__width-initial elementor-widget elementor-widget-text-editor\" data-id=\"8cccc77\" data-element_type=\"widget\" data-e-type=\"widget\" data-widget_type=\"text-editor.default\">\n\t\t\t\t<div class=\"elementor-widget-container\">\n\t\t\t\t\t\t\t\t\t<p><strong>Turbomanta:<\/strong> El <strong>1973<\/strong> , gaireb\u00e9 un prototip. Creat sobre la base del motor 1.9S (carburaci\u00f3) del Manta A. Es van fabricar nom\u00e9s 33 unitats per una companyia anomenada <strong>Broadspeed<\/strong> per enc\u00e0rrec de General Motors, que va passar dels 90CV del motor original a 156CV (encara que amb la penalitzaci\u00f3 d&#8217;un consum molt elevat).<\/p>\n\t\t\t\t\t\t\t\t<\/div>\n\t\t\t\t<\/div>\n\t\t\t\t\t<\/div>\n\t\t<\/div>\n\t\t\t\t\t<\/div>\n\t\t<\/section>\n\t\t\t\t<section data-particle_enable=\"false\" data-particle-mobile-disabled=\"false\" class=\"elementor-section elementor-top-section elementor-element elementor-element-cc15f2f elementor-section-boxed elementor-section-height-default elementor-section-height-default\" data-id=\"cc15f2f\" data-element_type=\"section\" data-e-type=\"section\">\n\t\t\t\t\t\t<div class=\"elementor-container elementor-column-gap-default\">\n\t\t\t\t\t<div class=\"elementor-column elementor-col-100 elementor-top-column elementor-element elementor-element-56e4141\" data-id=\"56e4141\" data-element_type=\"column\" data-e-type=\"column\">\n\t\t\t<div class=\"elementor-widget-wrap elementor-element-populated\">\n\t\t\t\t\t\t<div class=\"elementor-element elementor-element-d33bf49 elementor-widget__width-initial elementor-widget elementor-widget-text-editor\" data-id=\"d33bf49\" data-element_type=\"widget\" data-e-type=\"widget\" data-widget_type=\"text-editor.default\">\n\t\t\t\t<div class=\"elementor-widget-container\">\n\t\t\t\t\t\t\t\t\t<p><strong>Manta i240<\/strong> : Basat en el Manta B GT\/E entre 1984 i 1986. Motor de 2400CC, 134CV, 200Kms\/h de velocitat punta. 300 unitats produ\u00efdes. Aspecte extern similar a l&#8217;acabat del Manta i400<\/p>\n\t\t\t\t\t\t\t\t<\/div>\n\t\t\t\t<\/div>\n\t\t\t\t\t<\/div>\n\t\t<\/div>\n\t\t\t\t\t<\/div>\n\t\t<\/section>\n\t\t\t\t<section data-particle_enable=\"false\" data-particle-mobile-disabled=\"false\" class=\"elementor-section elementor-top-section elementor-element elementor-element-0dcf7d4 elementor-section-boxed elementor-section-height-default elementor-section-height-default\" data-id=\"0dcf7d4\" data-element_type=\"section\" data-e-type=\"section\">\n\t\t\t\t\t\t<div class=\"elementor-container elementor-column-gap-default\">\n\t\t\t\t\t<div class=\"elementor-column elementor-col-100 elementor-top-column elementor-element elementor-element-96c9edc\" data-id=\"96c9edc\" data-element_type=\"column\" data-e-type=\"column\">\n\t\t\t<div class=\"elementor-widget-wrap elementor-element-populated\">\n\t\t\t\t\t\t<div class=\"elementor-element elementor-element-4b9b4ba elementor-widget__width-initial elementor-widget elementor-widget-text-editor\" data-id=\"4b9b4ba\" data-element_type=\"widget\" data-e-type=\"widget\" data-widget_type=\"text-editor.default\">\n\t\t\t\t<div class=\"elementor-widget-container\">\n\t\t\t\t\t\t\t\t\t<p><strong>Manta i300<\/strong> : Preparat per Irmscher. Motor longitudinal de 3000CC de 6 cilindres, el mateix de l&#8217;Opel Monza o l&#8217;Opel Senator. 174CV, 225 Km\/h de velocitat punta.<\/p>\n\t\t\t\t\t\t\t\t<\/div>\n\t\t\t\t<\/div>\n\t\t\t\t\t<\/div>\n\t\t<\/div>\n\t\t\t\t\t<\/div>\n\t\t<\/section>\n\t\t\t\t<section data-particle_enable=\"false\" data-particle-mobile-disabled=\"false\" class=\"elementor-section elementor-top-section elementor-element elementor-element-7c31c3b elementor-section-boxed elementor-section-height-default elementor-section-height-default\" data-id=\"7c31c3b\" data-element_type=\"section\" data-e-type=\"section\">\n\t\t\t\t\t\t<div class=\"elementor-container elementor-column-gap-default\">\n\t\t\t\t\t<div class=\"elementor-column elementor-col-100 elementor-top-column elementor-element elementor-element-1cd0941\" data-id=\"1cd0941\" data-element_type=\"column\" data-e-type=\"column\">\n\t\t\t<div class=\"elementor-widget-wrap elementor-element-populated\">\n\t\t\t\t\t\t<div class=\"elementor-element elementor-element-b294d3a elementor-widget__width-initial elementor-widget elementor-widget-text-editor\" data-id=\"b294d3a\" data-element_type=\"widget\" data-e-type=\"widget\" data-widget_type=\"text-editor.default\">\n\t\t\t\t<div class=\"elementor-widget-container\">\n\t\t\t\t\t\t\t\t\t<p><strong>Manta i400<\/strong> : Originalment concebut com una versi\u00f3 exclusiva del Manta GT\/E. Del Manta i400 hi va haver en realitat dues fases:<\/p>\n<ul>\n<li> <strong>La primera fase<\/strong> de l&#8217;i400 en qu\u00e8 el motor lliurava 143CV, en un motor alimentat pel sistema LE Jetronic de Bosch (Alimentaci\u00f3 i enc\u00e8s controlat per la centraleta electr\u00f2nica), portava llantes Ronal de 7&#215;15 polzades i acabats de tapisseria i volant similars a l&#8217;i200 i amb uns acabats a la carrosseria.<\/li>\n<li><strong>La segona fase<\/strong> una fase 2, en les quals, per tal de passar-ho a la competici\u00f3, se li van incorporar canvis importants tant a la carrosseria (panells de kevlar i fibra de carboni, aix\u00ed com les aletes i para-xocs caracter\u00edstics de l&#8217;i400), a les rodes (Llandes Ronal de 8&#215;15\u201d al davant i 10&#215;15 ros preparat per Cossworth. Aquest motor era un 4 cilindres amb carburadors que proporcionava originalment 230 CV, encara que en preparacions va arribar a lliurar 270CV, 300CV i fins a 340CV. Del Manta i400 se&#8217;n van fabricar 245 unitats (200 almenys eren necess\u00e0ries per homologar-ho en competici\u00f3 per al <a href=\"https:\/\/es.wikipedia.org\/wiki\/Grupo_B\" target=\"_blank\" rel=\"noopener\">Grup B).<\/a> El 1984 Carlos Sainz va arribar a participar al Ral\u00b7li de Catalunya, encara que el cert \u00e9s que el Manta i400 va arribar massa tard i aviat va quedar obsolet a la competici\u00f3 per l&#8217;entrada dels turbos i 4&#215;4. Sigui com sigui, la prohibici\u00f3 del Grup B va deixar tots ells fora de la competici\u00f3.<\/li>\n<\/ul>\n\t\t\t\t\t\t\t\t<\/div>\n\t\t\t\t<\/div>\n\t\t\t\t\t<\/div>\n\t\t<\/div>\n\t\t\t\t\t<\/div>\n\t\t<\/section>\n\t\t\t\t<section data-particle_enable=\"false\" data-particle-mobile-disabled=\"false\" class=\"elementor-section elementor-top-section elementor-element elementor-element-2db5df9 elementor-section-boxed elementor-section-height-default elementor-section-height-default\" data-id=\"2db5df9\" data-element_type=\"section\" data-e-type=\"section\">\n\t\t\t\t\t\t<div class=\"elementor-container elementor-column-gap-default\">\n\t\t\t\t\t<div class=\"elementor-column elementor-col-100 elementor-top-column elementor-element elementor-element-071ed96\" data-id=\"071ed96\" data-element_type=\"column\" data-e-type=\"column\">\n\t\t\t<div class=\"elementor-widget-wrap elementor-element-populated\">\n\t\t\t\t\t\t<div class=\"elementor-element elementor-element-d0b48c8 elementor-widget elementor-widget-gallery\" data-id=\"d0b48c8\" data-element_type=\"widget\" data-e-type=\"widget\" data-settings=\"{&quot;columns&quot;:5,&quot;columns_mobile&quot;:2,&quot;lazyload&quot;:&quot;yes&quot;,&quot;gallery_layout&quot;:&quot;grid&quot;,&quot;columns_tablet&quot;:2,&quot;gap&quot;:{&quot;unit&quot;:&quot;px&quot;,&quot;size&quot;:10,&quot;sizes&quot;:[]},&quot;gap_tablet&quot;:{&quot;unit&quot;:&quot;px&quot;,&quot;size&quot;:10,&quot;sizes&quot;:[]},&quot;gap_mobile&quot;:{&quot;unit&quot;:&quot;px&quot;,&quot;size&quot;:10,&quot;sizes&quot;:[]},&quot;link_to&quot;:&quot;file&quot;,&quot;aspect_ratio&quot;:&quot;3:2&quot;,&quot;overlay_background&quot;:&quot;yes&quot;,&quot;content_hover_animation&quot;:&quot;fade-in&quot;}\" data-widget_type=\"gallery.default\">\n\t\t\t\t<div class=\"elementor-widget-container\">\n\t\t\t\t\t\t\t<div class=\"elementor-gallery__container\">\n\t\t\t\t\t\t\t<a class=\"e-gallery-item elementor-gallery-item elementor-animated-content\" href=\"https:\/\/www.jgclassics.com\/wp-content\/uploads\/2023\/06\/manta_i300.jpg\" data-elementor-open-lightbox=\"yes\" data-elementor-lightbox-slideshow=\"d0b48c8\" data-elementor-lightbox-title=\"Manta i300\" data-e-action-hash=\"#elementor-action%3Aaction%3Dlightbox%26settings%3DeyJpZCI6MTQ1NzksInVybCI6Imh0dHBzOlwvXC93d3cuamdjbGFzc2ljcy5jb21cL3dwLWNvbnRlbnRcL3VwbG9hZHNcLzIwMjNcLzA2XC9tYW50YV9pMzAwLmpwZyIsInNsaWRlc2hvdyI6ImQwYjQ4YzgifQ%3D%3D\">\n\t\t\t\t\t<div class=\"e-gallery-image elementor-gallery-item__image\" data-thumbnail=\"https:\/\/www.jgclassics.com\/wp-content\/uploads\/2023\/06\/manta_i300-226x300.jpg\" data-width=\"226\" data-height=\"300\" aria-label=\"Manta i300\" role=\"img\" ><\/div>\n\t\t\t\t\t\t\t\t\t\t\t<div class=\"elementor-gallery-item__overlay\"><\/div>\n\t\t\t\t\t\t\t\t\t\t\t\t\t\t<\/a>\n\t\t\t\t\t\t\t<a class=\"e-gallery-item elementor-gallery-item elementor-animated-content\" href=\"https:\/\/www.jgclassics.com\/wp-content\/uploads\/2023\/06\/manta-400.webp\" data-elementor-open-lightbox=\"yes\" data-elementor-lightbox-slideshow=\"d0b48c8\" data-elementor-lightbox-title=\"Opel Manta 400 fase 1\" data-e-action-hash=\"#elementor-action%3Aaction%3Dlightbox%26settings%3DeyJpZCI6MTQ1NDMsInVybCI6Imh0dHBzOlwvXC93d3cuamdjbGFzc2ljcy5jb21cL3dwLWNvbnRlbnRcL3VwbG9hZHNcLzIwMjNcLzA2XC9tYW50YS00MDAud2VicCIsInNsaWRlc2hvdyI6ImQwYjQ4YzgifQ%3D%3D\">\n\t\t\t\t\t<div class=\"e-gallery-image elementor-gallery-item__image\" data-thumbnail=\"https:\/\/www.jgclassics.com\/wp-content\/uploads\/2023\/06\/manta-400-300x183.webp\" data-width=\"300\" data-height=\"183\" aria-label=\"\" role=\"img\" ><\/div>\n\t\t\t\t\t\t\t\t\t\t\t<div class=\"elementor-gallery-item__overlay\"><\/div>\n\t\t\t\t\t\t\t\t\t\t\t\t\t\t<\/a>\n\t\t\t\t\t\t\t<a class=\"e-gallery-item elementor-gallery-item elementor-animated-content\" href=\"https:\/\/www.jgclassics.com\/wp-content\/uploads\/2023\/06\/manta-400_2.webp\" data-elementor-open-lightbox=\"yes\" data-elementor-lightbox-slideshow=\"d0b48c8\" data-elementor-lightbox-title=\"Opel Manta 400 fase 2\" data-e-action-hash=\"#elementor-action%3Aaction%3Dlightbox%26settings%3DeyJpZCI6MTQ1NDYsInVybCI6Imh0dHBzOlwvXC93d3cuamdjbGFzc2ljcy5jb21cL3dwLWNvbnRlbnRcL3VwbG9hZHNcLzIwMjNcLzA2XC9tYW50YS00MDBfMi53ZWJwIiwic2xpZGVzaG93IjoiZDBiNDhjOCJ9\">\n\t\t\t\t\t<div class=\"e-gallery-image elementor-gallery-item__image\" data-thumbnail=\"https:\/\/www.jgclassics.com\/wp-content\/uploads\/2023\/06\/manta-400_2-300x200.webp\" data-width=\"300\" data-height=\"200\" aria-label=\"\" role=\"img\" ><\/div>\n\t\t\t\t\t\t\t\t\t\t\t<div class=\"elementor-gallery-item__overlay\"><\/div>\n\t\t\t\t\t\t\t\t\t\t\t\t\t\t<\/a>\n\t\t\t\t\t\t\t<a class=\"e-gallery-item elementor-gallery-item elementor-animated-content\" href=\"https:\/\/www.jgclassics.com\/wp-content\/uploads\/2023\/06\/manta_rothmans_GRB_esquematico.jpg\" data-elementor-open-lightbox=\"yes\" data-elementor-lightbox-slideshow=\"d0b48c8\" data-elementor-lightbox-title=\"Manta i400 Rothmans\" data-e-action-hash=\"#elementor-action%3Aaction%3Dlightbox%26settings%3DeyJpZCI6MTQ1ODIsInVybCI6Imh0dHBzOlwvXC93d3cuamdjbGFzc2ljcy5jb21cL3dwLWNvbnRlbnRcL3VwbG9hZHNcLzIwMjNcLzA2XC9tYW50YV9yb3RobWFuc19HUkJfZXNxdWVtYXRpY28uanBnIiwic2xpZGVzaG93IjoiZDBiNDhjOCJ9\">\n\t\t\t\t\t<div class=\"e-gallery-image elementor-gallery-item__image\" data-thumbnail=\"https:\/\/www.jgclassics.com\/wp-content\/uploads\/2023\/06\/manta_rothmans_GRB_esquematico-300x191.jpg\" data-width=\"300\" data-height=\"191\" aria-label=\"\" role=\"img\" ><\/div>\n\t\t\t\t\t\t\t\t\t\t\t<div class=\"elementor-gallery-item__overlay\"><\/div>\n\t\t\t\t\t\t\t\t\t\t\t\t\t\t<\/a>\n\t\t\t\t\t\t\t<a class=\"e-gallery-item elementor-gallery-item elementor-animated-content\" href=\"https:\/\/www.jgclassics.com\/wp-content\/uploads\/2023\/06\/823.jpg\" data-elementor-open-lightbox=\"yes\" data-elementor-lightbox-slideshow=\"d0b48c8\" data-elementor-lightbox-title=\"Opel Manta i400 grupo B\" data-e-action-hash=\"#elementor-action%3Aaction%3Dlightbox%26settings%3DeyJpZCI6MTQ0NzcsInVybCI6Imh0dHBzOlwvXC93d3cuamdjbGFzc2ljcy5jb21cL3dwLWNvbnRlbnRcL3VwbG9hZHNcLzIwMjNcLzA2XC84MjMuanBnIiwic2xpZGVzaG93IjoiZDBiNDhjOCJ9\">\n\t\t\t\t\t<div class=\"e-gallery-image elementor-gallery-item__image\" data-thumbnail=\"https:\/\/www.jgclassics.com\/wp-content\/uploads\/2023\/06\/823-300x205.jpg\" data-width=\"300\" data-height=\"205\" aria-label=\"\" role=\"img\" ><\/div>\n\t\t\t\t\t\t\t\t\t\t\t<div class=\"elementor-gallery-item__overlay\"><\/div>\n\t\t\t\t\t\t\t\t\t\t\t\t\t\t<\/a>\n\t\t\t\t\t<\/div>\n\t\t\t\t\t<\/div>\n\t\t\t\t<\/div>\n\t\t\t\t\t<\/div>\n\t\t<\/div>\n\t\t\t\t\t<\/div>\n\t\t<\/section>\n\t\t\t\t<section data-particle_enable=\"false\" data-particle-mobile-disabled=\"false\" class=\"elementor-section elementor-top-section elementor-element elementor-element-4cbf3ef elementor-section-boxed elementor-section-height-default elementor-section-height-default\" data-id=\"4cbf3ef\" data-element_type=\"section\" data-e-type=\"section\">\n\t\t\t\t\t\t<div class=\"elementor-container elementor-column-gap-default\">\n\t\t\t\t\t<div class=\"elementor-column elementor-col-100 elementor-top-column elementor-element elementor-element-905ba5b\" data-id=\"905ba5b\" data-element_type=\"column\" data-e-type=\"column\">\n\t\t\t<div class=\"elementor-widget-wrap elementor-element-populated\">\n\t\t\t\t\t\t<div class=\"elementor-element elementor-element-1172c79 elementor-widget-divider--view-line elementor-widget elementor-widget-divider\" data-id=\"1172c79\" data-element_type=\"widget\" data-e-type=\"widget\" data-widget_type=\"divider.default\">\n\t\t\t\t<div class=\"elementor-widget-container\">\n\t\t\t\t\t\t\t<div class=\"elementor-divider\">\n\t\t\t<span class=\"elementor-divider-separator\">\n\t\t\t\t\t\t<\/span>\n\t\t<\/div>\n\t\t\t\t\t\t<\/div>\n\t\t\t\t<\/div>\n\t\t\t\t\t<\/div>\n\t\t<\/div>\n\t\t\t\t\t<\/div>\n\t\t<\/section>\n\t\t\t\t<section data-particle_enable=\"false\" data-particle-mobile-disabled=\"false\" class=\"elementor-section elementor-top-section elementor-element elementor-element-241e3ab elementor-section-boxed elementor-section-height-default elementor-section-height-default\" data-id=\"241e3ab\" data-element_type=\"section\" data-e-type=\"section\">\n\t\t\t\t\t\t<div class=\"elementor-container elementor-column-gap-default\">\n\t\t\t\t\t<div class=\"elementor-column elementor-col-100 elementor-top-column elementor-element elementor-element-2027b64\" data-id=\"2027b64\" data-element_type=\"column\" data-e-type=\"column\">\n\t\t\t<div class=\"elementor-widget-wrap elementor-element-populated\">\n\t\t\t\t\t\t<div class=\"elementor-element elementor-element-ff7f345 elementor-widget__width-initial elementor-widget elementor-widget-text-editor\" data-id=\"ff7f345\" data-element_type=\"widget\" data-e-type=\"widget\" data-widget_type=\"text-editor.default\">\n\t\t\t\t<div class=\"elementor-widget-container\">\n\t\t\t\t\t\t\t\t\t<p>L&#8217;Opel Manta es va deixar de fabricar el 1988 despr\u00e9s d&#8217;haver venut una mica m\u00e9s d&#8217;un mili\u00f3 d&#8217;unitats, de les quals aproximadament la meitat corresponen a l&#8217;Opel Manta A i l&#8217;altra meitat a l&#8217;Opel Manta B.<\/p>\n\t\t\t\t\t\t\t\t<\/div>\n\t\t\t\t<\/div>\n\t\t\t\t\t<\/div>\n\t\t<\/div>\n\t\t\t\t\t<\/div>\n\t\t<\/section>\n\t\t\t\t<section data-particle_enable=\"false\" data-particle-mobile-disabled=\"false\" class=\"elementor-section elementor-top-section elementor-element elementor-element-c5fc945 elementor-section-boxed elementor-section-height-default elementor-section-height-default\" data-id=\"c5fc945\" data-element_type=\"section\" data-e-type=\"section\">\n\t\t\t\t\t\t<div class=\"elementor-container elementor-column-gap-default\">\n\t\t\t\t\t<div class=\"elementor-column elementor-col-100 elementor-top-column elementor-element elementor-element-ca7bedc\" data-id=\"ca7bedc\" data-element_type=\"column\" data-e-type=\"column\">\n\t\t\t<div class=\"elementor-widget-wrap elementor-element-populated\">\n\t\t\t\t\t\t<div class=\"elementor-element elementor-element-a456ae1 elementor-widget elementor-widget-menu-anchor\" data-id=\"a456ae1\" data-element_type=\"widget\" data-e-type=\"widget\" data-widget_type=\"menu-anchor.default\">\n\t\t\t\t<div class=\"elementor-widget-container\">\n\t\t\t\t\t\t\t<div class=\"elementor-menu-anchor\" id=\"VOLANT_OPEL_MANTA_i200\"><\/div>\n\t\t\t\t\t\t<\/div>\n\t\t\t\t<\/div>\n\t\t\t\t\t<\/div>\n\t\t<\/div>\n\t\t\t\t\t<\/div>\n\t\t<\/section>\n\t\t\t\t<section data-particle_enable=\"false\" data-particle-mobile-disabled=\"false\" class=\"elementor-section elementor-top-section elementor-element elementor-element-7c93973 elementor-section-boxed elementor-section-height-default elementor-section-height-default\" data-id=\"7c93973\" data-element_type=\"section\" data-e-type=\"section\">\n\t\t\t\t\t\t<div class=\"elementor-container elementor-column-gap-default\">\n\t\t\t\t\t<div class=\"elementor-column elementor-col-100 elementor-top-column elementor-element elementor-element-22853fb\" data-id=\"22853fb\" data-element_type=\"column\" data-e-type=\"column\">\n\t\t\t<div class=\"elementor-widget-wrap elementor-element-populated\">\n\t\t\t\t\t\t<div class=\"elementor-element elementor-element-8891a1a elementor-widget-divider--view-line_icon elementor-view-default elementor-widget-divider--element-align-center elementor-widget elementor-widget-divider\" data-id=\"8891a1a\" data-element_type=\"widget\" data-e-type=\"widget\" data-widget_type=\"divider.default\">\n\t\t\t\t<div class=\"elementor-widget-container\">\n\t\t\t\t\t\t\t<div class=\"elementor-divider\">\n\t\t\t<span class=\"elementor-divider-separator\">\n\t\t\t\t\t\t\t<div class=\"elementor-icon elementor-divider__element\">\n\t\t\t\t\t<i aria-hidden=\"true\" class=\"fas fa-info-circle\"><\/i><\/div>\n\t\t\t\t\t\t<\/span>\n\t\t<\/div>\n\t\t\t\t\t\t<\/div>\n\t\t\t\t<\/div>\n\t\t\t\t<div class=\"elementor-element elementor-element-a3b85c1 elementor-widget elementor-widget-heading\" data-id=\"a3b85c1\" data-element_type=\"widget\" data-e-type=\"widget\" data-widget_type=\"heading.default\">\n\t\t\t\t<div class=\"elementor-widget-container\">\n\t\t\t\t\t<h2 class=\"elementor-heading-title elementor-size-default\">Opel Manta: El volant de l'i200. Ni Irmscher ni Opel<\/h2>\t\t\t\t<\/div>\n\t\t\t\t<\/div>\n\t\t\t\t\t<\/div>\n\t\t<\/div>\n\t\t\t\t\t<\/div>\n\t\t<\/section>\n\t\t\t\t<section data-particle_enable=\"false\" data-particle-mobile-disabled=\"false\" class=\"elementor-section elementor-top-section elementor-element elementor-element-3f75167 elementor-section-boxed elementor-section-height-default elementor-section-height-default\" data-id=\"3f75167\" data-element_type=\"section\" data-e-type=\"section\">\n\t\t\t\t\t\t<div class=\"elementor-container elementor-column-gap-default\">\n\t\t\t\t\t<div class=\"elementor-column elementor-col-100 elementor-top-column elementor-element elementor-element-2def634\" data-id=\"2def634\" data-element_type=\"column\" data-e-type=\"column\">\n\t\t\t<div class=\"elementor-widget-wrap elementor-element-populated\">\n\t\t\t\t\t\t<div class=\"elementor-element elementor-element-cbe00a6 elementor-widget__width-initial elementor-widget elementor-widget-text-editor\" data-id=\"cbe00a6\" data-element_type=\"widget\" data-e-type=\"widget\" data-widget_type=\"text-editor.default\">\n\t\t\t\t<div class=\"elementor-widget-container\">\n\t\t\t\t\t\t\t\t\t<p>El volant de l&#8217;Opel Manta i200: No \u00e9s un volant Opel ni Irmscher- Si voleu adquirir-ne un, busqueu-lo per <strong>\u201cItalvolanti\u201d<\/strong> .<\/p>\n<p><\/p>\n<p>Una de les peces m\u00e9s apreciades entre els aficionats a l&#8217;Opel Manta \u00e9s el volant de l&#8217;i200 (o de l&#8217;i400). Aquest \u00e9s un volant de 4 r\u00e0dios, entapissat en cuir i una mica m\u00e9s petit que el del Manta GT\/E. A molts dels aficionats els agradaria tenir-ne un. Doncs b\u00e9: Aquest volant no \u00e9s d&#8217;Opel, encara que porti el logotip al centre, sin\u00f3 que va ser fabricat per l&#8217;empresa italiana anomenada \u201cITALVOLANTI\u201d. Si busqueu a Internet refer\u00e8ncies per <strong>\u201cITALVOLANTI\u201d<\/strong> trobareu aquest i semblants models, i encara alguns, amb adaptaci\u00f3 de la pinya exactament iguals al del Manta i200. Aqu\u00ed podeu trobar exemples agafats a l&#8217;atzar d&#8217;unitats en venda (a juny 2023) pertanyents a dos vehicles Volkswagen i Mercedes respectivament.<\/p>\t\t\t\t\t\t\t\t<\/div>\n\t\t\t\t<\/div>\n\t\t\t\t\t<\/div>\n\t\t<\/div>\n\t\t\t\t\t<\/div>\n\t\t<\/section>\n\t\t\t\t<section data-particle_enable=\"false\" data-particle-mobile-disabled=\"false\" class=\"elementor-section elementor-top-section elementor-element elementor-element-111514f elementor-section-boxed elementor-section-height-default elementor-section-height-default\" data-id=\"111514f\" data-element_type=\"section\" data-e-type=\"section\">\n\t\t\t\t\t\t<div class=\"elementor-container elementor-column-gap-default\">\n\t\t\t\t\t<div class=\"elementor-column elementor-col-100 elementor-top-column elementor-element elementor-element-49632f8\" data-id=\"49632f8\" data-element_type=\"column\" data-e-type=\"column\">\n\t\t\t<div class=\"elementor-widget-wrap elementor-element-populated\">\n\t\t\t\t\t\t<div class=\"elementor-element elementor-element-3605d6d elementor-widget elementor-widget-gallery\" data-id=\"3605d6d\" data-element_type=\"widget\" data-e-type=\"widget\" data-settings=\"{&quot;columns&quot;:3,&quot;columns_mobile&quot;:3,&quot;lazyload&quot;:&quot;yes&quot;,&quot;gallery_layout&quot;:&quot;grid&quot;,&quot;columns_tablet&quot;:2,&quot;gap&quot;:{&quot;unit&quot;:&quot;px&quot;,&quot;size&quot;:10,&quot;sizes&quot;:[]},&quot;gap_tablet&quot;:{&quot;unit&quot;:&quot;px&quot;,&quot;size&quot;:10,&quot;sizes&quot;:[]},&quot;gap_mobile&quot;:{&quot;unit&quot;:&quot;px&quot;,&quot;size&quot;:10,&quot;sizes&quot;:[]},&quot;link_to&quot;:&quot;file&quot;,&quot;aspect_ratio&quot;:&quot;3:2&quot;,&quot;overlay_background&quot;:&quot;yes&quot;,&quot;content_hover_animation&quot;:&quot;fade-in&quot;}\" data-widget_type=\"gallery.default\">\n\t\t\t\t<div class=\"elementor-widget-container\">\n\t\t\t\t\t\t\t<div class=\"elementor-gallery__container\">\n\t\t\t\t\t\t\t<a class=\"e-gallery-item elementor-gallery-item elementor-animated-content\" href=\"https:\/\/www.jgclassics.com\/wp-content\/uploads\/2023\/06\/italvolanti_VW_02.jpg\" data-elementor-open-lightbox=\"yes\" data-elementor-lightbox-slideshow=\"3605d6d\" data-elementor-lightbox-title=\"Italvolanti VW. Similar Opel Manta i200\" data-e-action-hash=\"#elementor-action%3Aaction%3Dlightbox%26settings%3DeyJpZCI6MTQ1NDAsInVybCI6Imh0dHBzOlwvXC93d3cuamdjbGFzc2ljcy5jb21cL3dwLWNvbnRlbnRcL3VwbG9hZHNcLzIwMjNcLzA2XC9pdGFsdm9sYW50aV9WV18wMi5qcGciLCJzbGlkZXNob3ciOiIzNjA1ZDZkIn0%3D\">\n\t\t\t\t\t<div class=\"e-gallery-image elementor-gallery-item__image\" data-thumbnail=\"https:\/\/www.jgclassics.com\/wp-content\/uploads\/2023\/06\/italvolanti_VW_02-300x276.jpg\" data-width=\"300\" data-height=\"276\" aria-label=\"\" role=\"img\" ><\/div>\n\t\t\t\t\t\t\t\t\t\t\t<div class=\"elementor-gallery-item__overlay\"><\/div>\n\t\t\t\t\t\t\t\t\t\t\t\t\t\t<\/a>\n\t\t\t\t\t\t\t<a class=\"e-gallery-item elementor-gallery-item elementor-animated-content\" href=\"https:\/\/www.jgclassics.com\/wp-content\/uploads\/2023\/06\/italvolanti_VW.jpg\" data-elementor-open-lightbox=\"yes\" data-elementor-lightbox-slideshow=\"3605d6d\" data-elementor-lightbox-title=\"Italvolanti VW. Similar Opel Manta i200\" data-e-action-hash=\"#elementor-action%3Aaction%3Dlightbox%26settings%3DeyJpZCI6MTQ1MzcsInVybCI6Imh0dHBzOlwvXC93d3cuamdjbGFzc2ljcy5jb21cL3dwLWNvbnRlbnRcL3VwbG9hZHNcLzIwMjNcLzA2XC9pdGFsdm9sYW50aV9WVy5qcGciLCJzbGlkZXNob3ciOiIzNjA1ZDZkIn0%3D\">\n\t\t\t\t\t<div class=\"e-gallery-image elementor-gallery-item__image\" data-thumbnail=\"https:\/\/www.jgclassics.com\/wp-content\/uploads\/2023\/06\/italvolanti_VW-300x272.jpg\" data-width=\"300\" data-height=\"272\" aria-label=\"\" role=\"img\" ><\/div>\n\t\t\t\t\t\t\t\t\t\t\t<div class=\"elementor-gallery-item__overlay\"><\/div>\n\t\t\t\t\t\t\t\t\t\t\t\t\t\t<\/a>\n\t\t\t\t\t\t\t<a class=\"e-gallery-item elementor-gallery-item elementor-animated-content\" href=\"https:\/\/www.jgclassics.com\/wp-content\/uploads\/2023\/06\/italvolanti_mercedes.jpg\" data-elementor-open-lightbox=\"yes\" data-elementor-lightbox-slideshow=\"3605d6d\" data-elementor-lightbox-title=\"Italvolanti Mercedes. Similar Opel Manta i200\" data-e-action-hash=\"#elementor-action%3Aaction%3Dlightbox%26settings%3DeyJpZCI6MTQ1MzQsInVybCI6Imh0dHBzOlwvXC93d3cuamdjbGFzc2ljcy5jb21cL3dwLWNvbnRlbnRcL3VwbG9hZHNcLzIwMjNcLzA2XC9pdGFsdm9sYW50aV9tZXJjZWRlcy5qcGciLCJzbGlkZXNob3ciOiIzNjA1ZDZkIn0%3D\">\n\t\t\t\t\t<div class=\"e-gallery-image elementor-gallery-item__image\" data-thumbnail=\"https:\/\/www.jgclassics.com\/wp-content\/uploads\/2023\/06\/italvolanti_mercedes-300x225.jpg\" data-width=\"300\" data-height=\"225\" aria-label=\"\" role=\"img\" ><\/div>\n\t\t\t\t\t\t\t\t\t\t\t<div class=\"elementor-gallery-item__overlay\"><\/div>\n\t\t\t\t\t\t\t\t\t\t\t\t\t\t<\/a>\n\t\t\t\t\t<\/div>\n\t\t\t\t\t<\/div>\n\t\t\t\t<\/div>\n\t\t\t\t<div class=\"elementor-element elementor-element-f9538b4 elementor-widget-divider--view-line elementor-widget elementor-widget-divider\" data-id=\"f9538b4\" data-element_type=\"widget\" data-e-type=\"widget\" data-widget_type=\"divider.default\">\n\t\t\t\t<div class=\"elementor-widget-container\">\n\t\t\t\t\t\t\t<div class=\"elementor-divider\">\n\t\t\t<span class=\"elementor-divider-separator\">\n\t\t\t\t\t\t<\/span>\n\t\t<\/div>\n\t\t\t\t\t\t<\/div>\n\t\t\t\t<\/div>\n\t\t\t\t\t<\/div>\n\t\t<\/div>\n\t\t\t\t\t<\/div>\n\t\t<\/section>\n\t\t\t\t<section data-particle_enable=\"false\" data-particle-mobile-disabled=\"false\" class=\"elementor-section elementor-top-section elementor-element elementor-element-1a1b55b elementor-section-boxed elementor-section-height-default elementor-section-height-default\" data-id=\"1a1b55b\" data-element_type=\"section\" data-e-type=\"section\">\n\t\t\t\t\t\t<div class=\"elementor-container elementor-column-gap-default\">\n\t\t\t\t\t<div class=\"elementor-column elementor-col-100 elementor-top-column elementor-element elementor-element-a50b820\" data-id=\"a50b820\" data-element_type=\"column\" data-e-type=\"column\">\n\t\t\t<div class=\"elementor-widget-wrap elementor-element-populated\">\n\t\t\t\t\t\t<div class=\"elementor-element elementor-element-c1b5a8f elementor-widget elementor-widget-heading\" data-id=\"c1b5a8f\" data-element_type=\"widget\" data-e-type=\"widget\" data-widget_type=\"heading.default\">\n\t\t\t\t<div class=\"elementor-widget-container\">\n\t\t\t\t\t<h2 class=\"elementor-heading-title elementor-size-default\">Opel Manta El\u00e8ctric: RestoMOD 2021<\/h2>\t\t\t\t<\/div>\n\t\t\t\t<\/div>\n\t\t\t\t\t<\/div>\n\t\t<\/div>\n\t\t\t\t\t<\/div>\n\t\t<\/section>\n\t\t\t\t<section data-particle_enable=\"false\" data-particle-mobile-disabled=\"false\" class=\"elementor-section elementor-top-section elementor-element elementor-element-cfc70ee elementor-section-boxed elementor-section-height-default elementor-section-height-default\" data-id=\"cfc70ee\" data-element_type=\"section\" data-e-type=\"section\">\n\t\t\t\t\t\t<div class=\"elementor-container elementor-column-gap-default\">\n\t\t\t\t\t<div class=\"elementor-column elementor-col-100 elementor-top-column elementor-element elementor-element-4c53a9a\" data-id=\"4c53a9a\" data-element_type=\"column\" data-e-type=\"column\">\n\t\t\t<div class=\"elementor-widget-wrap elementor-element-populated\">\n\t\t\t\t\t\t<div class=\"elementor-element elementor-element-4fe5719 elementor-widget__width-initial elementor-widget elementor-widget-text-editor\" data-id=\"4fe5719\" data-element_type=\"widget\" data-e-type=\"widget\" data-widget_type=\"text-editor.default\">\n\t\t\t\t<div class=\"elementor-widget-container\">\n\t\t\t\t\t\t\t\t\t<p>Fa un parell d&#8217;anys, el 2021, Opel GM va mostrar un \u201cconcept car\u201d basat en la carrosseria del Manta A, anomenat \u201c <strong>Opel Manta GSE<\/strong> \u201d de propulsi\u00f3 el\u00e8ctrica. Aquest model proporciona 147CV, tracci\u00f3 del darrere, un canvi de marxes \u201ccl\u00e0ssic\u201d com el dels cotxes de combusti\u00f3. El repartiment de pesos s&#8217;ha cuidat instal\u00b7lant el motor davant i les bateries darrere per tal de mantenir un repartiment raonablement 50%-50%.<\/p>\n\t\t\t\t\t\t\t\t<\/div>\n\t\t\t\t<\/div>\n\t\t\t\t\t<\/div>\n\t\t<\/div>\n\t\t\t\t\t<\/div>\n\t\t<\/section>\n\t\t\t\t<section data-particle_enable=\"false\" data-particle-mobile-disabled=\"false\" class=\"elementor-section elementor-top-section elementor-element elementor-element-75a1ff5 elementor-section-boxed elementor-section-height-default elementor-section-height-default\" data-id=\"75a1ff5\" data-element_type=\"section\" data-e-type=\"section\">\n\t\t\t\t\t\t<div class=\"elementor-container elementor-column-gap-default\">\n\t\t\t\t\t<div class=\"elementor-column elementor-col-100 elementor-top-column elementor-element elementor-element-9f24336\" data-id=\"9f24336\" data-element_type=\"column\" data-e-type=\"column\">\n\t\t\t<div class=\"elementor-widget-wrap elementor-element-populated\">\n\t\t\t\t\t\t<div class=\"elementor-element elementor-element-329169b elementor-widget__width-initial elementor-widget elementor-widget-text-editor\" data-id=\"329169b\" data-element_type=\"widget\" data-e-type=\"widget\" data-widget_type=\"text-editor.default\">\n\t\t\t\t<div class=\"elementor-widget-container\">\n\t\t\t\t\t\t\t\t\t<p>El cotxe ha estat mostrat per Opel amb motiu de la celebraci\u00f3 del 50\u00e8 aniversari de l&#8217;Opel Manta, com un restyling, o RestoMOD usant el terme actualment de moda per convertir alguns models cl\u00e0ssics a les noves tecnologies, per\u00f2 mantenint el seu aspecte original. Tenint en compte els que ho han pogut provar, aquest nou Opel Manta cobreix for\u00e7a b\u00e9 les expectatives del que un aficionat al model podria esperar, resultant un vehicle divertit de conduir, i que malgrat la seva electrificaci\u00f3 no abandona la seva ess\u00e8ncia, ni una gran part de les sensacions que produeix al seu conductor quan -inevitablement- se&#8217;l compara amb el seu hom\u00f2nim original dels anys 70.<\/p>\n\t\t\t\t\t\t\t\t<\/div>\n\t\t\t\t<\/div>\n\t\t\t\t\t<\/div>\n\t\t<\/div>\n\t\t\t\t\t<\/div>\n\t\t<\/section>\n\t\t\t\t<section data-particle_enable=\"false\" data-particle-mobile-disabled=\"false\" class=\"elementor-section elementor-top-section elementor-element elementor-element-7470fdf elementor-section-boxed elementor-section-height-default elementor-section-height-default\" data-id=\"7470fdf\" data-element_type=\"section\" data-e-type=\"section\">\n\t\t\t\t\t\t<div class=\"elementor-container elementor-column-gap-default\">\n\t\t\t\t\t<div class=\"elementor-column elementor-col-100 elementor-top-column elementor-element elementor-element-dad283c\" data-id=\"dad283c\" data-element_type=\"column\" data-e-type=\"column\">\n\t\t\t<div class=\"elementor-widget-wrap elementor-element-populated\">\n\t\t\t\t\t\t<div class=\"elementor-element elementor-element-b610363 elementor-widget__width-initial elementor-widget elementor-widget-text-editor\" data-id=\"b610363\" data-element_type=\"widget\" data-e-type=\"widget\" data-widget_type=\"text-editor.default\">\n\t\t\t\t<div class=\"elementor-widget-container\">\n\t\t\t\t\t\t\t\t\t<p>Hi ha algunes veus o articles que esmenten l&#8217;any 2025 com a data de fabricaci\u00f3 en s\u00e8rie, per\u00f2 aix\u00f2 no sembla gaire probable, i no est\u00e0 (de moment, a juny de 2023) de cap manera assegurat: a part de q\u00fcestions comercials i financeres \u2013no sembla que aquest sigui un model del qual es podria esperar un volum molt alt de vendes-, el vehicle hauria de passar alguns redissenys, com ara el fet que la bateria ocupa la totalitat del maleter, aix\u00ed com proves de xoc i altres homologacions. De manera que l&#8217;\u00fanica certesa de moment -Juny 2023-, \u00e9s que Opel ha mostrat un &#8220;concept car&#8221;, capa\u00e7 de rodar -aquest s\u00ed- per les vies p\u00fabliques, per\u00f2 encara lluny de tenir assegurada la seva entrada a les cadenes de muntatge .  <\/p>\n\t\t\t\t\t\t\t\t<\/div>\n\t\t\t\t<\/div>\n\t\t\t\t\t<\/div>\n\t\t<\/div>\n\t\t\t\t\t<\/div>\n\t\t<\/section>\n\t\t\t\t<section data-particle_enable=\"false\" data-particle-mobile-disabled=\"false\" class=\"elementor-section elementor-top-section elementor-element elementor-element-8e44d85 elementor-section-boxed elementor-section-height-default elementor-section-height-default\" data-id=\"8e44d85\" data-element_type=\"section\" data-e-type=\"section\">\n\t\t\t\t\t\t<div class=\"elementor-container elementor-column-gap-default\">\n\t\t\t\t\t<div class=\"elementor-column elementor-col-100 elementor-top-column elementor-element elementor-element-23500ec\" data-id=\"23500ec\" data-element_type=\"column\" data-e-type=\"column\">\n\t\t\t<div class=\"elementor-widget-wrap elementor-element-populated\">\n\t\t\t\t\t\t<div class=\"elementor-element elementor-element-acf8f60 elementor-widget__width-initial elementor-widget elementor-widget-text-editor\" data-id=\"acf8f60\" data-element_type=\"widget\" data-e-type=\"widget\" data-widget_type=\"text-editor.default\">\n\t\t\t\t<div class=\"elementor-widget-container\">\n\t\t\t\t\t\t\t\t\t<p>Us deixo alguns v\u00eddeos sobre el model: estan en angl\u00e8s i alemany, per\u00f2 si no coneixeu algun dels dos idiomes, podeu fer servir la versi\u00f3 subtitulada amb traducci\u00f3.<\/p>\n\t\t\t\t\t\t\t\t<\/div>\n\t\t\t\t<\/div>\n\t\t\t\t\t<\/div>\n\t\t<\/div>\n\t\t\t\t\t<\/div>\n\t\t<\/section>\n\t\t\t\t<section data-particle_enable=\"false\" data-particle-mobile-disabled=\"false\" class=\"elementor-section elementor-top-section elementor-element elementor-element-13eb7ce elementor-section-boxed elementor-section-height-default elementor-section-height-default\" data-id=\"13eb7ce\" data-element_type=\"section\" data-e-type=\"section\">\n\t\t\t\t\t\t<div class=\"elementor-container elementor-column-gap-default\">\n\t\t\t\t\t<div class=\"elementor-column elementor-col-25 elementor-top-column elementor-element elementor-element-67da18e\" data-id=\"67da18e\" data-element_type=\"column\" data-e-type=\"column\">\n\t\t\t<div class=\"elementor-widget-wrap elementor-element-populated\">\n\t\t\t\t\t\t<div class=\"elementor-element elementor-element-fbadee3 elementor-widget elementor-widget-video\" data-id=\"fbadee3\" data-element_type=\"widget\" data-e-type=\"widget\" data-settings=\"{&quot;youtube_url&quot;:&quot;https:\\\/\\\/www.youtube.com\\\/watch?v=XFiuQRdNLTE&quot;,&quot;video_type&quot;:&quot;youtube&quot;,&quot;controls&quot;:&quot;yes&quot;}\" data-widget_type=\"video.default\">\n\t\t\t\t<div class=\"elementor-widget-container\">\n\t\t\t\t\t\t\t<div class=\"elementor-wrapper elementor-open-inline\">\n\t\t\t<div class=\"elementor-video\"><\/div>\t\t<\/div>\n\t\t\t\t\t\t<\/div>\n\t\t\t\t<\/div>\n\t\t\t\t\t<\/div>\n\t\t<\/div>\n\t\t\t\t<div class=\"elementor-column elementor-col-25 elementor-top-column elementor-element elementor-element-56a887e\" data-id=\"56a887e\" data-element_type=\"column\" data-e-type=\"column\">\n\t\t\t<div class=\"elementor-widget-wrap elementor-element-populated\">\n\t\t\t\t\t\t<div class=\"elementor-element elementor-element-38f2632 elementor-widget elementor-widget-video\" data-id=\"38f2632\" data-element_type=\"widget\" data-e-type=\"widget\" data-settings=\"{&quot;youtube_url&quot;:&quot;https:\\\/\\\/www.youtube.com\\\/watch?v=YxC1Soz1MGc&quot;,&quot;video_type&quot;:&quot;youtube&quot;,&quot;controls&quot;:&quot;yes&quot;}\" data-widget_type=\"video.default\">\n\t\t\t\t<div class=\"elementor-widget-container\">\n\t\t\t\t\t\t\t<div class=\"elementor-wrapper elementor-open-inline\">\n\t\t\t<div class=\"elementor-video\"><\/div>\t\t<\/div>\n\t\t\t\t\t\t<\/div>\n\t\t\t\t<\/div>\n\t\t\t\t\t<\/div>\n\t\t<\/div>\n\t\t\t\t<div class=\"elementor-column elementor-col-25 elementor-top-column elementor-element elementor-element-1044cd9\" data-id=\"1044cd9\" data-element_type=\"column\" data-e-type=\"column\">\n\t\t\t<div class=\"elementor-widget-wrap elementor-element-populated\">\n\t\t\t\t\t\t<div class=\"elementor-element elementor-element-aba1a39 elementor-widget elementor-widget-video\" data-id=\"aba1a39\" data-element_type=\"widget\" data-e-type=\"widget\" data-settings=\"{&quot;youtube_url&quot;:&quot;https:\\\/\\\/www.youtube.com\\\/watch?v=JThGhYIQf0c&quot;,&quot;video_type&quot;:&quot;youtube&quot;,&quot;controls&quot;:&quot;yes&quot;}\" data-widget_type=\"video.default\">\n\t\t\t\t<div class=\"elementor-widget-container\">\n\t\t\t\t\t\t\t<div class=\"elementor-wrapper elementor-open-inline\">\n\t\t\t<div class=\"elementor-video\"><\/div>\t\t<\/div>\n\t\t\t\t\t\t<\/div>\n\t\t\t\t<\/div>\n\t\t\t\t\t<\/div>\n\t\t<\/div>\n\t\t\t\t<div class=\"elementor-column elementor-col-25 elementor-top-column elementor-element elementor-element-ed76801\" data-id=\"ed76801\" data-element_type=\"column\" data-e-type=\"column\">\n\t\t\t<div class=\"elementor-widget-wrap elementor-element-populated\">\n\t\t\t\t\t\t<div class=\"elementor-element elementor-element-13b02e7 elementor-widget elementor-widget-video\" data-id=\"13b02e7\" data-element_type=\"widget\" data-e-type=\"widget\" data-settings=\"{&quot;youtube_url&quot;:&quot;https:\\\/\\\/www.youtube.com\\\/watch?v=zmG8U62SptA&quot;,&quot;video_type&quot;:&quot;youtube&quot;,&quot;controls&quot;:&quot;yes&quot;}\" data-widget_type=\"video.default\">\n\t\t\t\t<div class=\"elementor-widget-container\">\n\t\t\t\t\t\t\t<div class=\"elementor-wrapper elementor-open-inline\">\n\t\t\t<div class=\"elementor-video\"><\/div>\t\t<\/div>\n\t\t\t\t\t\t<\/div>\n\t\t\t\t<\/div>\n\t\t\t\t\t<\/div>\n\t\t<\/div>\n\t\t\t\t\t<\/div>\n\t\t<\/section>\n\t\t\t\t<section data-particle_enable=\"false\" data-particle-mobile-disabled=\"false\" class=\"elementor-section elementor-top-section elementor-element elementor-element-bb75a9f elementor-section-boxed elementor-section-height-default elementor-section-height-default\" data-id=\"bb75a9f\" data-element_type=\"section\" data-e-type=\"section\">\n\t\t\t\t\t\t<div class=\"elementor-container elementor-column-gap-default\">\n\t\t\t\t\t<div class=\"elementor-column elementor-col-100 elementor-top-column elementor-element elementor-element-60f34d3\" data-id=\"60f34d3\" data-element_type=\"column\" data-e-type=\"column\">\n\t\t\t<div class=\"elementor-widget-wrap elementor-element-populated\">\n\t\t\t\t\t\t\t<\/div>\n\t\t<\/div>\n\t\t\t\t\t<\/div>\n\t\t<\/section>\n\t\t\t\t<\/div>\n\t\t","protected":false},"excerpt":{"rendered":"<p>Espa\u00f1ol Catal\u00e0 (Catal\u00e1n) English (Ingl\u00e9s) Fran\u00e7ais (Franc\u00e9s) Compartir a: OPEL Manta GT\/E Origen: Barcelona, \u200b\u200bEspanya, 1984 Aquesta \u00e9s una unitat de l&#8217;Opel Manta B2 GT\/E fabricada a la planta d&#8217;Anvers, B\u00e8lgica. Aquest vehicle es va fabricar el 1983 i es va matricular a Barcelona el 1984. Porta el motor 2.0 d&#8217;Opel CIH ( Cam in [&hellip;]<\/p>\n","protected":false},"author":2,"featured_media":14344,"parent":14661,"menu_order":0,"comment_status":"closed","ping_status":"closed","template":"","meta":{"_monsterinsights_skip_tracking":false,"_monsterinsights_sitenote_active":false,"_monsterinsights_sitenote_note":"","_monsterinsights_sitenote_category":0,"site-sidebar-layout":"no-sidebar","site-content-layout":"page-builder","ast-site-content-layout":"full-width-container","site-content-style":"unboxed","site-sidebar-style":"unboxed","ast-global-header-display":"","ast-banner-title-visibility":"","ast-main-header-display":"","ast-hfb-above-header-display":"","ast-hfb-below-header-display":"","ast-hfb-mobile-header-display":"","site-post-title":"disabled","ast-breadcrumbs-content":"","ast-featured-img":"disabled","footer-sml-layout":"","ast-disable-related-posts":"","theme-transparent-header-meta":"","adv-header-id-meta":"","stick-header-meta":"","header-above-stick-meta":"","header-main-stick-meta":"","header-below-stick-meta":"","astra-migrate-meta-layouts":"default","ast-page-background-enabled":"default","ast-page-background-meta":{"desktop":{"background-color":"var(--ast-global-color-4)","background-image":"","background-repeat":"repeat","background-position":"center center","background-size":"auto","background-attachment":"scroll","background-type":"","background-media":"","overlay-type":"","overlay-color":"","overlay-opacity":"","overlay-gradient":""},"tablet":{"background-color":"","background-image":"","background-repeat":"repeat","background-position":"center center","background-size":"auto","background-attachment":"scroll","background-type":"","background-media":"","overlay-type":"","overlay-color":"","overlay-opacity":"","overlay-gradient":""},"mobile":{"background-color":"","background-image":"","background-repeat":"repeat","background-position":"center center","background-size":"auto","background-attachment":"scroll","background-type":"","background-media":"","overlay-type":"","overlay-color":"","overlay-opacity":"","overlay-gradient":""}},"ast-content-background-meta":{"desktop":{"background-color":"var(--ast-global-color-5)","background-image":"","background-repeat":"repeat","background-position":"center center","background-size":"auto","background-attachment":"scroll","background-type":"","background-media":"","overlay-type":"","overlay-color":"","overlay-opacity":"","overlay-gradient":""},"tablet":{"background-color":"var(--ast-global-color-5)","background-image":"","background-repeat":"repeat","background-position":"center center","background-size":"auto","background-attachment":"scroll","background-type":"","background-media":"","overlay-type":"","overlay-color":"","overlay-opacity":"","overlay-gradient":""},"mobile":{"background-color":"var(--ast-global-color-5)","background-image":"","background-repeat":"repeat","background-position":"center center","background-size":"auto","background-attachment":"scroll","background-type":"","background-media":"","overlay-type":"","overlay-color":"","overlay-opacity":"","overlay-gradient":""}},"footnotes":""},"class_list":["post-15039","page","type-page","status-publish","has-post-thumbnail","hentry"],"yoast_head":"<!-- This site is optimized with the Yoast SEO Premium plugin v27.4 (Yoast SEO v27.4) - https:\/\/yoast.com\/product\/yoast-seo-premium-wordpress\/ -->\n<title>Opel Manta GTE  JG Classics : L&#039;emoci\u00f3 de viatjar en el temps<\/title>\n<meta name=\"description\" content=\"JG Classics: Opel Manta GT\/E. Fabricat a la planta belga d&#039;Opel-General Motors a Anvers el 1983 i matriculat a Barcelona l&#039;any 1984. L&#039;any 2009 se li va fer una renovaci\u00f3 de carrosseria i pintura, i dos anys m\u00e9s tard se li van renovar els interiors. Estat completament de s\u00e8rie amb els extres de l&#039;aler\u00f3 i volant del Manta i200. Disponible per a lloguer, sessi\u00f3 fotos i filmacions.\" \/>\n<meta name=\"robots\" content=\"index, follow, max-snippet:-1, max-image-preview:large, max-video-preview:-1\" \/>\n<link rel=\"canonical\" href=\"https:\/\/www.jgclassics.com\/ca\/els-nostres-vehicles\/opel-manta-gte\/\" \/>\n<meta property=\"og:locale\" content=\"ca_ES\" \/>\n<meta property=\"og:type\" content=\"article\" \/>\n<meta property=\"og:title\" content=\"Opel Manta GTE\" \/>\n<meta property=\"og:description\" content=\"JG Classics: Opel Manta GT\/E. Fabricat a la planta belga d&#039;Opel-General Motors a Anvers el 1983 i matriculat a Barcelona l&#039;any 1984. L&#039;any 2009 se li va fer una renovaci\u00f3 de carrosseria i pintura, i dos anys m\u00e9s tard se li van renovar els interiors. Estat completament de s\u00e8rie amb els extres de l&#039;aler\u00f3 i volant del Manta i200. Disponible per a lloguer, sessi\u00f3 fotos i filmacions.\" \/>\n<meta property=\"og:url\" content=\"https:\/\/www.jgclassics.com\/ca\/els-nostres-vehicles\/opel-manta-gte\/\" \/>\n<meta property=\"og:site_name\" content=\"JG Classics : L&#039;emoci\u00f3 de viatjar en el temps\" \/>\n<meta property=\"article:publisher\" content=\"https:\/\/www.facebook.com\/profile.php?id=100086454427345\" \/>\n<meta property=\"article:modified_time\" content=\"2025-03-12T16:55:04+00:00\" \/>\n<meta property=\"og:image\" content=\"https:\/\/www.jgclassics.com\/wp-content\/uploads\/2023\/05\/20230513_111950-scaled.jpg\" \/>\n<meta name=\"twitter:card\" content=\"summary_large_image\" \/>\n<meta name=\"twitter:image\" content=\"https:\/\/www.jgclassics.com\/wp-content\/uploads\/2023\/05\/20230513_110609-scaled.jpg\" \/>\n<meta name=\"twitter:label1\" content=\"Temps estimat de lectura\" \/>\n\t<meta name=\"twitter:data1\" content=\"11 minuts\" \/>\n<script type=\"application\/ld+json\" class=\"yoast-schema-graph\">{\"@context\":\"https:\\\/\\\/schema.org\",\"@graph\":[{\"@type\":\"WebPage\",\"@id\":\"https:\\\/\\\/www.jgclassics.com\\\/ca\\\/els-nostres-vehicles\\\/opel-manta-gte\\\/\",\"url\":\"https:\\\/\\\/www.jgclassics.com\\\/ca\\\/els-nostres-vehicles\\\/opel-manta-gte\\\/\",\"name\":\"Opel Manta GTE JG Classics : L'emoci\u00f3 de viatjar en el temps\",\"isPartOf\":{\"@id\":\"https:\\\/\\\/www.jgclassics.com\\\/ca\\\/#website\"},\"primaryImageOfPage\":{\"@id\":\"https:\\\/\\\/www.jgclassics.com\\\/ca\\\/els-nostres-vehicles\\\/opel-manta-gte\\\/#primaryimage\"},\"image\":{\"@id\":\"https:\\\/\\\/www.jgclassics.com\\\/ca\\\/els-nostres-vehicles\\\/opel-manta-gte\\\/#primaryimage\"},\"thumbnailUrl\":\"https:\\\/\\\/www.jgclassics.com\\\/wp-content\\\/uploads\\\/2023\\\/05\\\/20230513_111950-scaled.jpg\",\"datePublished\":\"2022-11-29T01:42:13+00:00\",\"dateModified\":\"2025-03-12T16:55:04+00:00\",\"description\":\"JG Classics: Opel Manta GT\\\/E. Fabricat a la planta belga d'Opel-General Motors a Anvers el 1983 i matriculat a Barcelona l'any 1984. L'any 2009 se li va fer una renovaci\u00f3 de carrosseria i pintura, i dos anys m\u00e9s tard se li van renovar els interiors. Estat completament de s\u00e8rie amb els extres de l'aler\u00f3 i volant del Manta i200. Disponible per a lloguer, sessi\u00f3 fotos i filmacions.\",\"breadcrumb\":{\"@id\":\"https:\\\/\\\/www.jgclassics.com\\\/ca\\\/els-nostres-vehicles\\\/opel-manta-gte\\\/#breadcrumb\"},\"inLanguage\":\"ca\",\"potentialAction\":[{\"@type\":\"ReadAction\",\"target\":[\"https:\\\/\\\/www.jgclassics.com\\\/ca\\\/els-nostres-vehicles\\\/opel-manta-gte\\\/\"]}]},{\"@type\":\"ImageObject\",\"inLanguage\":\"ca\",\"@id\":\"https:\\\/\\\/www.jgclassics.com\\\/ca\\\/els-nostres-vehicles\\\/opel-manta-gte\\\/#primaryimage\",\"url\":\"https:\\\/\\\/www.jgclassics.com\\\/wp-content\\\/uploads\\\/2023\\\/05\\\/20230513_111950-scaled.jpg\",\"contentUrl\":\"https:\\\/\\\/www.jgclassics.com\\\/wp-content\\\/uploads\\\/2023\\\/05\\\/20230513_111950-scaled.jpg\",\"width\":2560,\"height\":1440,\"caption\":\"Opel Manta GTE. Disponible per a lloguer, fotos, filmacions, metratges.\"},{\"@type\":\"BreadcrumbList\",\"@id\":\"https:\\\/\\\/www.jgclassics.com\\\/ca\\\/els-nostres-vehicles\\\/opel-manta-gte\\\/#breadcrumb\",\"itemListElement\":[{\"@type\":\"ListItem\",\"position\":1,\"name\":\"Inicio\",\"item\":\"https:\\\/\\\/www.jgclassics.com\\\/ca\\\/jg-classics-cotxes-classics-i-historics-per-viatjar-en-el-temps\\\/\"},{\"@type\":\"ListItem\",\"position\":2,\"name\":\"Els nostres vehicles\",\"item\":\"https:\\\/\\\/www.jgclassics.com\\\/ca\\\/els-nostres-vehicles\\\/\"},{\"@type\":\"ListItem\",\"position\":3,\"name\":\"Opel Manta GTE\"}]},{\"@type\":\"WebSite\",\"@id\":\"https:\\\/\\\/www.jgclassics.com\\\/ca\\\/#website\",\"url\":\"https:\\\/\\\/www.jgclassics.com\\\/ca\\\/\",\"name\":\"JG Classics : L'emoci\u00f3 de viatjar en el temps\",\"description\":\"Cotxes cl\u00e0ssics, autom\u00f2bils hist\u00f2rics: Lloguer, suport a restauracions, info t\u00e8cnica i compra de material\",\"publisher\":{\"@id\":\"https:\\\/\\\/www.jgclassics.com\\\/ca\\\/#organization\"},\"alternateName\":\"JG Classics - Coches cl\u00e1sicos e hist\u00f3ricos - Alquiler, blogs, informaci\u00f3n, art\u00edculos\",\"potentialAction\":[{\"@type\":\"SearchAction\",\"target\":{\"@type\":\"EntryPoint\",\"urlTemplate\":\"https:\\\/\\\/www.jgclassics.com\\\/ca\\\/?s={search_term_string}\"},\"query-input\":{\"@type\":\"PropertyValueSpecification\",\"valueRequired\":true,\"valueName\":\"search_term_string\"}}],\"inLanguage\":\"ca\"},{\"@type\":\"Organization\",\"@id\":\"https:\\\/\\\/www.jgclassics.com\\\/ca\\\/#organization\",\"name\":\"JG Classics : L'emoci\u00f3 de viatjar en el temps\",\"alternateName\":\"JG Classics\",\"url\":\"https:\\\/\\\/www.jgclassics.com\\\/ca\\\/\",\"logo\":{\"@type\":\"ImageObject\",\"inLanguage\":\"ca\",\"@id\":\"https:\\\/\\\/www.jgclassics.com\\\/ca\\\/#\\\/schema\\\/logo\\\/image\\\/\",\"url\":\"https:\\\/\\\/www.jgclassics.com\\\/wp-content\\\/uploads\\\/2022\\\/10\\\/Color-logo-with-background.svg\",\"contentUrl\":\"https:\\\/\\\/www.jgclassics.com\\\/wp-content\\\/uploads\\\/2022\\\/10\\\/Color-logo-with-background.svg\",\"width\":3171,\"height\":2303,\"caption\":\"JG Classics : L'emoci\u00f3 de viatjar en el temps\"},\"image\":{\"@id\":\"https:\\\/\\\/www.jgclassics.com\\\/ca\\\/#\\\/schema\\\/logo\\\/image\\\/\"},\"sameAs\":[\"https:\\\/\\\/www.facebook.com\\\/profile.php?id=100086454427345\"]}]}<\/script>\n<!-- \/ Yoast SEO Premium plugin. -->","yoast_head_json":{"title":"Opel Manta GTE  JG Classics : L'emoci\u00f3 de viatjar en el temps","description":"JG Classics: Opel Manta GT\/E. Fabricat a la planta belga d'Opel-General Motors a Anvers el 1983 i matriculat a Barcelona l'any 1984. L'any 2009 se li va fer una renovaci\u00f3 de carrosseria i pintura, i dos anys m\u00e9s tard se li van renovar els interiors. Estat completament de s\u00e8rie amb els extres de l'aler\u00f3 i volant del Manta i200. Disponible per a lloguer, sessi\u00f3 fotos i filmacions.","robots":{"index":"index","follow":"follow","max-snippet":"max-snippet:-1","max-image-preview":"max-image-preview:large","max-video-preview":"max-video-preview:-1"},"canonical":"https:\/\/www.jgclassics.com\/ca\/els-nostres-vehicles\/opel-manta-gte\/","og_locale":"ca_ES","og_type":"article","og_title":"Opel Manta GTE","og_description":"JG Classics: Opel Manta GT\/E. Fabricat a la planta belga d'Opel-General Motors a Anvers el 1983 i matriculat a Barcelona l'any 1984. L'any 2009 se li va fer una renovaci\u00f3 de carrosseria i pintura, i dos anys m\u00e9s tard se li van renovar els interiors. Estat completament de s\u00e8rie amb els extres de l'aler\u00f3 i volant del Manta i200. Disponible per a lloguer, sessi\u00f3 fotos i filmacions.","og_url":"https:\/\/www.jgclassics.com\/ca\/els-nostres-vehicles\/opel-manta-gte\/","og_site_name":"JG Classics : L'emoci\u00f3 de viatjar en el temps","article_publisher":"https:\/\/www.facebook.com\/profile.php?id=100086454427345","article_modified_time":"2025-03-12T16:55:04+00:00","og_image":[{"url":"https:\/\/www.jgclassics.com\/wp-content\/uploads\/2023\/05\/20230513_111950-scaled.jpg","type":"","width":"","height":""}],"twitter_card":"summary_large_image","twitter_image":"https:\/\/www.jgclassics.com\/wp-content\/uploads\/2023\/05\/20230513_110609-scaled.jpg","twitter_misc":{"Temps estimat de lectura":"11 minuts"},"schema":{"@context":"https:\/\/schema.org","@graph":[{"@type":"WebPage","@id":"https:\/\/www.jgclassics.com\/ca\/els-nostres-vehicles\/opel-manta-gte\/","url":"https:\/\/www.jgclassics.com\/ca\/els-nostres-vehicles\/opel-manta-gte\/","name":"Opel Manta GTE JG Classics : L'emoci\u00f3 de viatjar en el temps","isPartOf":{"@id":"https:\/\/www.jgclassics.com\/ca\/#website"},"primaryImageOfPage":{"@id":"https:\/\/www.jgclassics.com\/ca\/els-nostres-vehicles\/opel-manta-gte\/#primaryimage"},"image":{"@id":"https:\/\/www.jgclassics.com\/ca\/els-nostres-vehicles\/opel-manta-gte\/#primaryimage"},"thumbnailUrl":"https:\/\/www.jgclassics.com\/wp-content\/uploads\/2023\/05\/20230513_111950-scaled.jpg","datePublished":"2022-11-29T01:42:13+00:00","dateModified":"2025-03-12T16:55:04+00:00","description":"JG Classics: Opel Manta GT\/E. Fabricat a la planta belga d'Opel-General Motors a Anvers el 1983 i matriculat a Barcelona l'any 1984. L'any 2009 se li va fer una renovaci\u00f3 de carrosseria i pintura, i dos anys m\u00e9s tard se li van renovar els interiors. Estat completament de s\u00e8rie amb els extres de l'aler\u00f3 i volant del Manta i200. Disponible per a lloguer, sessi\u00f3 fotos i filmacions.","breadcrumb":{"@id":"https:\/\/www.jgclassics.com\/ca\/els-nostres-vehicles\/opel-manta-gte\/#breadcrumb"},"inLanguage":"ca","potentialAction":[{"@type":"ReadAction","target":["https:\/\/www.jgclassics.com\/ca\/els-nostres-vehicles\/opel-manta-gte\/"]}]},{"@type":"ImageObject","inLanguage":"ca","@id":"https:\/\/www.jgclassics.com\/ca\/els-nostres-vehicles\/opel-manta-gte\/#primaryimage","url":"https:\/\/www.jgclassics.com\/wp-content\/uploads\/2023\/05\/20230513_111950-scaled.jpg","contentUrl":"https:\/\/www.jgclassics.com\/wp-content\/uploads\/2023\/05\/20230513_111950-scaled.jpg","width":2560,"height":1440,"caption":"Opel Manta GTE. Disponible per a lloguer, fotos, filmacions, metratges."},{"@type":"BreadcrumbList","@id":"https:\/\/www.jgclassics.com\/ca\/els-nostres-vehicles\/opel-manta-gte\/#breadcrumb","itemListElement":[{"@type":"ListItem","position":1,"name":"Inicio","item":"https:\/\/www.jgclassics.com\/ca\/jg-classics-cotxes-classics-i-historics-per-viatjar-en-el-temps\/"},{"@type":"ListItem","position":2,"name":"Els nostres vehicles","item":"https:\/\/www.jgclassics.com\/ca\/els-nostres-vehicles\/"},{"@type":"ListItem","position":3,"name":"Opel Manta GTE"}]},{"@type":"WebSite","@id":"https:\/\/www.jgclassics.com\/ca\/#website","url":"https:\/\/www.jgclassics.com\/ca\/","name":"JG Classics : L'emoci\u00f3 de viatjar en el temps","description":"Cotxes cl\u00e0ssics, autom\u00f2bils hist\u00f2rics: Lloguer, suport a restauracions, info t\u00e8cnica i compra de material","publisher":{"@id":"https:\/\/www.jgclassics.com\/ca\/#organization"},"alternateName":"JG Classics - Coches cl\u00e1sicos e hist\u00f3ricos - Alquiler, blogs, informaci\u00f3n, art\u00edculos","potentialAction":[{"@type":"SearchAction","target":{"@type":"EntryPoint","urlTemplate":"https:\/\/www.jgclassics.com\/ca\/?s={search_term_string}"},"query-input":{"@type":"PropertyValueSpecification","valueRequired":true,"valueName":"search_term_string"}}],"inLanguage":"ca"},{"@type":"Organization","@id":"https:\/\/www.jgclassics.com\/ca\/#organization","name":"JG Classics : L'emoci\u00f3 de viatjar en el temps","alternateName":"JG Classics","url":"https:\/\/www.jgclassics.com\/ca\/","logo":{"@type":"ImageObject","inLanguage":"ca","@id":"https:\/\/www.jgclassics.com\/ca\/#\/schema\/logo\/image\/","url":"https:\/\/www.jgclassics.com\/wp-content\/uploads\/2022\/10\/Color-logo-with-background.svg","contentUrl":"https:\/\/www.jgclassics.com\/wp-content\/uploads\/2022\/10\/Color-logo-with-background.svg","width":3171,"height":2303,"caption":"JG Classics : L'emoci\u00f3 de viatjar en el temps"},"image":{"@id":"https:\/\/www.jgclassics.com\/ca\/#\/schema\/logo\/image\/"},"sameAs":["https:\/\/www.facebook.com\/profile.php?id=100086454427345"]}]}},"_links":{"self":[{"href":"https:\/\/www.jgclassics.com\/ca\/wp-json\/wp\/v2\/pages\/15039","targetHints":{"allow":["GET"]}}],"collection":[{"href":"https:\/\/www.jgclassics.com\/ca\/wp-json\/wp\/v2\/pages"}],"about":[{"href":"https:\/\/www.jgclassics.com\/ca\/wp-json\/wp\/v2\/types\/page"}],"author":[{"embeddable":true,"href":"https:\/\/www.jgclassics.com\/ca\/wp-json\/wp\/v2\/users\/2"}],"replies":[{"embeddable":true,"href":"https:\/\/www.jgclassics.com\/ca\/wp-json\/wp\/v2\/comments?post=15039"}],"version-history":[{"count":5,"href":"https:\/\/www.jgclassics.com\/ca\/wp-json\/wp\/v2\/pages\/15039\/revisions"}],"predecessor-version":[{"id":22020,"href":"https:\/\/www.jgclassics.com\/ca\/wp-json\/wp\/v2\/pages\/15039\/revisions\/22020"}],"up":[{"embeddable":true,"href":"https:\/\/www.jgclassics.com\/ca\/wp-json\/wp\/v2\/pages\/14661"}],"wp:featuredmedia":[{"embeddable":true,"href":"https:\/\/www.jgclassics.com\/ca\/wp-json\/wp\/v2\/media\/14344"}],"wp:attachment":[{"href":"https:\/\/www.jgclassics.com\/ca\/wp-json\/wp\/v2\/media?parent=15039"}],"curies":[{"name":"wp","href":"https:\/\/api.w.org\/{rel}","templated":true}]}}