{"id":15041,"date":"2022-11-29T02:13:17","date_gmt":"2022-11-29T01:13:17","guid":{"rendered":"https:\/\/www.jgclassics.com\/els-nostres-vehicles\/renault-4cv\/"},"modified":"2023-10-22T09:29:13","modified_gmt":"2023-10-22T07:29:13","slug":"renault-4cv","status":"publish","type":"page","link":"https:\/\/www.jgclassics.com\/ca\/els-nostres-vehicles\/renault-4cv\/","title":{"rendered":"Renault 4CV"},"content":{"rendered":"\t\t<div data-elementor-type=\"wp-page\" data-elementor-id=\"15041\" class=\"elementor elementor-15041 elementor-6520\" data-elementor-post-type=\"page\">\n\t\t\t\t\t\t<section data-particle_enable=\"false\" data-particle-mobile-disabled=\"false\" class=\"elementor-section elementor-top-section elementor-element elementor-element-f076371 elementor-section-boxed elementor-section-height-default elementor-section-height-default\" data-id=\"f076371\" data-element_type=\"section\" data-e-type=\"section\">\n\t\t\t\t\t\t<div class=\"elementor-container elementor-column-gap-default\">\n\t\t\t\t\t<div class=\"elementor-column elementor-col-100 elementor-top-column elementor-element elementor-element-5e99b37\" data-id=\"5e99b37\" data-element_type=\"column\" data-e-type=\"column\">\n\t\t\t<div class=\"elementor-widget-wrap elementor-element-populated\">\n\t\t\t\t\t\t<div class=\"elementor-element elementor-element-1b113f0 elementor-widget elementor-widget-breadcrumbs\" data-id=\"1b113f0\" data-element_type=\"widget\" data-e-type=\"widget\" data-widget_type=\"breadcrumbs.default\">\n\t\t\t\t<div class=\"elementor-widget-container\">\n\t\t\t\t\t<p id=\"breadcrumbs\"><span><span><a href=\"https:\/\/www.jgclassics.com\/ca\/jg-classics-cotxes-classics-i-historics-per-viatjar-en-el-temps\/\">Inicio<\/a><\/span><\/span><\/p>\t\t\t\t<\/div>\n\t\t\t\t<\/div>\n\t\t\t\t\t<\/div>\n\t\t<\/div>\n\t\t\t\t\t<\/div>\n\t\t<\/section>\n\t\t\t\t<section data-particle_enable=\"false\" data-particle-mobile-disabled=\"false\" class=\"elementor-section elementor-top-section elementor-element elementor-element-2c05f0e elementor-section-boxed elementor-section-height-default elementor-section-height-default\" data-id=\"2c05f0e\" data-element_type=\"section\" data-e-type=\"section\">\n\t\t\t\t\t\t<div class=\"elementor-container elementor-column-gap-default\">\n\t\t\t\t\t<div class=\"elementor-column elementor-col-100 elementor-top-column elementor-element elementor-element-e5f9a0c\" data-id=\"e5f9a0c\" data-element_type=\"column\" data-e-type=\"column\">\n\t\t\t<div class=\"elementor-widget-wrap elementor-element-populated\">\n\t\t\t\t\t\t<div class=\"elementor-element elementor-element-f4b0867 elementor-widget elementor-widget-wpml-language-switcher\" data-id=\"f4b0867\" data-element_type=\"widget\" data-e-type=\"widget\" data-widget_type=\"wpml-language-switcher.default\">\n\t\t\t\t<div class=\"elementor-widget-container\">\n\t\t\t\t\t<div class=\"wpml-elementor-ls\">\n<div role=\"navigation\" aria-label=\"Language Switcher\" class=\"wpml-ls-statics-shortcode_actions wpml-ls wpml-ls-legacy-list-horizontal\">\n\t<ul><li class=\"wpml-ls-slot-shortcode_actions wpml-ls-item wpml-ls-item-es wpml-ls-first-item wpml-ls-item-legacy-list-horizontal\">\n\t\t\t\t<a href=\"https:\/\/www.jgclassics.com\/\" hreflang=\"es\" lang=\"es\" class=\"wpml-ls-link\" aria-label=\"Switch to Spanish (Espa\u00f1ol)\" title=\"Switch to Spanish (Espa\u00f1ol)\">\n\t\t\t\t\t                                    <img decoding=\"async\"\n            class=\"wpml-ls-flag\"\n            src=\"https:\/\/www.jgclassics.com\/wp-content\/plugins\/sitepress-multilingual-cms\/res\/flags\/es.svg\"\n            alt=\"\"\n            loading=\"lazy\"\n            width=18\n            height=12\n    \/><span class=\"wpml-ls-native\">Espa\u00f1ol<\/span><span class=\"wpml-ls-display\"><span class=\"wpml-ls-bracket\"> (<\/span>Spanish<span class=\"wpml-ls-bracket\">)<\/span><\/span><\/a>\n\t\t\t<\/li><li class=\"wpml-ls-slot-shortcode_actions wpml-ls-item wpml-ls-item-ca wpml-ls-current-language wpml-ls-item-legacy-list-horizontal\">\n\t\t\t\t<a href=\"https:\/\/www.jgclassics.com\/ca\/\" hreflang=\"ca\" lang=\"ca\" class=\"wpml-ls-link\" aria-current=\"page\" aria-label=\"Switch to Catal\u00e0 (Catal\u00e0)\" title=\"Switch to Catal\u00e0 (Catal\u00e0)\">\n\t\t\t\t\t                                    <img decoding=\"async\"\n            class=\"wpml-ls-flag\"\n            src=\"https:\/\/www.jgclassics.com\/wp-content\/plugins\/sitepress-multilingual-cms\/res\/flags\/ca.svg\"\n            alt=\"\"\n            loading=\"lazy\"\n            width=18\n            height=12\n    \/><span class=\"wpml-ls-native\">Catal\u00e0<\/span><\/a>\n\t\t\t<\/li><li class=\"wpml-ls-slot-shortcode_actions wpml-ls-item wpml-ls-item-en wpml-ls-item-legacy-list-horizontal\">\n\t\t\t\t<a href=\"https:\/\/www.jgclassics.com\/en\/\" hreflang=\"en\" lang=\"en\" class=\"wpml-ls-link\" aria-label=\"Switch to English (English)\" title=\"Switch to English (English)\">\n\t\t\t\t\t                                    <img decoding=\"async\"\n            class=\"wpml-ls-flag\"\n            src=\"https:\/\/www.jgclassics.com\/wp-content\/plugins\/sitepress-multilingual-cms\/res\/flags\/en.svg\"\n            alt=\"\"\n            loading=\"lazy\"\n            width=18\n            height=12\n    \/><span class=\"wpml-ls-native\">English<\/span><\/a>\n\t\t\t<\/li><li class=\"wpml-ls-slot-shortcode_actions wpml-ls-item wpml-ls-item-fr wpml-ls-last-item wpml-ls-item-legacy-list-horizontal\">\n\t\t\t\t<a href=\"https:\/\/www.jgclassics.com\/fr\/\" hreflang=\"fr\" lang=\"fr\" class=\"wpml-ls-link\" aria-label=\"Switch to French (Fran\u00e7ais)\" title=\"Switch to French (Fran\u00e7ais)\">\n\t\t\t\t\t                                    <img decoding=\"async\"\n            class=\"wpml-ls-flag\"\n            src=\"https:\/\/www.jgclassics.com\/wp-content\/plugins\/sitepress-multilingual-cms\/res\/flags\/fr.svg\"\n            alt=\"\"\n            loading=\"lazy\"\n            width=18\n            height=12\n    \/><span class=\"wpml-ls-native\">Fran\u00e7ais<\/span><span class=\"wpml-ls-display\"><span class=\"wpml-ls-bracket\"> (<\/span>French<span class=\"wpml-ls-bracket\">)<\/span><\/span><\/a>\n\t\t\t<\/li><\/ul>\n<\/div>\n<\/div>\t\t\t\t<\/div>\n\t\t\t\t<\/div>\n\t\t\t\t\t<\/div>\n\t\t<\/div>\n\t\t\t\t\t<\/div>\n\t\t<\/section>\n\t\t\t\t<section data-particle_enable=\"false\" data-particle-mobile-disabled=\"false\" class=\"elementor-section elementor-top-section elementor-element elementor-element-0409309 elementor-section-boxed elementor-section-height-default elementor-section-height-default\" data-id=\"0409309\" data-element_type=\"section\" data-e-type=\"section\">\n\t\t\t\t\t\t<div class=\"elementor-container elementor-column-gap-default\">\n\t\t\t\t\t<div class=\"elementor-column elementor-col-50 elementor-top-column elementor-element elementor-element-b9b9b9b\" data-id=\"b9b9b9b\" data-element_type=\"column\" data-e-type=\"column\">\n\t\t\t<div class=\"elementor-widget-wrap elementor-element-populated\">\n\t\t\t\t\t\t<div class=\"elementor-element elementor-element-e16b20b elementor-widget elementor-widget-text-editor\" data-id=\"e16b20b\" data-element_type=\"widget\" data-e-type=\"widget\" data-widget_type=\"text-editor.default\">\n\t\t\t\t<div class=\"elementor-widget-container\">\n\t\t\t\t\t\t\t\t\t<p>Compartir a:<\/p>\n\t\t\t\t\t\t\t\t<\/div>\n\t\t\t\t<\/div>\n\t\t\t\t\t<\/div>\n\t\t<\/div>\n\t\t\t\t<div class=\"elementor-column elementor-col-50 elementor-top-column elementor-element elementor-element-0f88baa\" data-id=\"0f88baa\" data-element_type=\"column\" data-e-type=\"column\">\n\t\t\t<div class=\"elementor-widget-wrap elementor-element-populated\">\n\t\t\t\t\t\t<div class=\"elementor-element elementor-element-1b03dbe elementor-share-buttons--view-icon elementor-share-buttons--skin-gradient elementor-share-buttons--shape-square elementor-grid-0 elementor-share-buttons--color-official elementor-widget elementor-widget-share-buttons\" data-id=\"1b03dbe\" data-element_type=\"widget\" data-e-type=\"widget\" data-widget_type=\"share-buttons.default\">\n\t\t\t\t<div class=\"elementor-widget-container\">\n\t\t\t\t\t\t\t<div class=\"elementor-grid\" role=\"list\">\n\t\t\t\t\t\t\t\t<div class=\"elementor-grid-item\" role=\"listitem\">\n\t\t\t\t\t\t<div class=\"elementor-share-btn elementor-share-btn_facebook\" role=\"button\" tabindex=\"0\" aria-label=\"Compartici\u00f3 en facebook\">\n\t\t\t\t\t\t\t\t\t\t\t\t\t\t\t<span class=\"elementor-share-btn__icon\">\n\t\t\t\t\t\t\t\t<i class=\"fab fa-facebook\" aria-hidden=\"true\"><\/i>\t\t\t\t\t\t\t<\/span>\n\t\t\t\t\t\t\t\t\t\t\t\t\t\t\t\t\t\t\t\t<\/div>\n\t\t\t\t\t<\/div>\n\t\t\t\t\t\t\t\t\t<div class=\"elementor-grid-item\" role=\"listitem\">\n\t\t\t\t\t\t<div class=\"elementor-share-btn elementor-share-btn_pinterest\" role=\"button\" tabindex=\"0\" aria-label=\"Compartici\u00f3 en pinterest\">\n\t\t\t\t\t\t\t\t\t\t\t\t\t\t\t<span class=\"elementor-share-btn__icon\">\n\t\t\t\t\t\t\t\t<i class=\"fab fa-pinterest\" aria-hidden=\"true\"><\/i>\t\t\t\t\t\t\t<\/span>\n\t\t\t\t\t\t\t\t\t\t\t\t\t\t\t\t\t\t\t\t<\/div>\n\t\t\t\t\t<\/div>\n\t\t\t\t\t\t\t\t\t<div class=\"elementor-grid-item\" role=\"listitem\">\n\t\t\t\t\t\t<div class=\"elementor-share-btn elementor-share-btn_linkedin\" role=\"button\" tabindex=\"0\" aria-label=\"Compartici\u00f3 en linkedin\">\n\t\t\t\t\t\t\t\t\t\t\t\t\t\t\t<span class=\"elementor-share-btn__icon\">\n\t\t\t\t\t\t\t\t<i class=\"fab fa-linkedin\" aria-hidden=\"true\"><\/i>\t\t\t\t\t\t\t<\/span>\n\t\t\t\t\t\t\t\t\t\t\t\t\t\t\t\t\t\t\t\t<\/div>\n\t\t\t\t\t<\/div>\n\t\t\t\t\t\t\t\t\t<div class=\"elementor-grid-item\" role=\"listitem\">\n\t\t\t\t\t\t<div class=\"elementor-share-btn elementor-share-btn_whatsapp\" role=\"button\" tabindex=\"0\" aria-label=\"Compartici\u00f3 en whatsapp\">\n\t\t\t\t\t\t\t\t\t\t\t\t\t\t\t<span class=\"elementor-share-btn__icon\">\n\t\t\t\t\t\t\t\t<i class=\"fab fa-whatsapp\" aria-hidden=\"true\"><\/i>\t\t\t\t\t\t\t<\/span>\n\t\t\t\t\t\t\t\t\t\t\t\t\t\t\t\t\t\t\t\t<\/div>\n\t\t\t\t\t<\/div>\n\t\t\t\t\t\t\t\t\t<div class=\"elementor-grid-item\" role=\"listitem\">\n\t\t\t\t\t\t<div class=\"elementor-share-btn elementor-share-btn_email\" role=\"button\" tabindex=\"0\" aria-label=\"Compartici\u00f3 en email\">\n\t\t\t\t\t\t\t\t\t\t\t\t\t\t\t<span class=\"elementor-share-btn__icon\">\n\t\t\t\t\t\t\t\t<i class=\"fas fa-envelope\" aria-hidden=\"true\"><\/i>\t\t\t\t\t\t\t<\/span>\n\t\t\t\t\t\t\t\t\t\t\t\t\t\t\t\t\t\t\t\t<\/div>\n\t\t\t\t\t<\/div>\n\t\t\t\t\t\t<\/div>\n\t\t\t\t\t\t<\/div>\n\t\t\t\t<\/div>\n\t\t\t\t\t<\/div>\n\t\t<\/div>\n\t\t\t\t\t<\/div>\n\t\t<\/section>\n\t\t\t\t<section data-particle_enable=\"false\" data-particle-mobile-disabled=\"false\" class=\"elementor-section elementor-top-section elementor-element elementor-element-d1548aa elementor-section-boxed elementor-section-height-default elementor-section-height-default\" data-id=\"d1548aa\" data-element_type=\"section\" data-e-type=\"section\">\n\t\t\t\t\t\t<div class=\"elementor-container elementor-column-gap-default\">\n\t\t\t\t\t<div class=\"elementor-column elementor-col-100 elementor-top-column elementor-element elementor-element-877db54\" data-id=\"877db54\" data-element_type=\"column\" data-e-type=\"column\">\n\t\t\t<div class=\"elementor-widget-wrap elementor-element-populated\">\n\t\t\t\t\t\t<div class=\"elementor-element elementor-element-eafbe24 elementor-widget elementor-widget-heading\" data-id=\"eafbe24\" data-element_type=\"widget\" data-e-type=\"widget\" data-widget_type=\"heading.default\">\n\t\t\t\t<div class=\"elementor-widget-container\">\n\t\t\t\t\t<h1 class=\"elementor-heading-title elementor-size-default\">Renault 4CV (Renault 4\/4)<\/h1>\t\t\t\t<\/div>\n\t\t\t\t<\/div>\n\t\t\t\t\t<\/div>\n\t\t<\/div>\n\t\t\t\t\t<\/div>\n\t\t<\/section>\n\t\t\t\t<section data-particle_enable=\"false\" data-particle-mobile-disabled=\"false\" class=\"elementor-section elementor-top-section elementor-element elementor-element-68ed9d6 elementor-section-boxed elementor-section-height-default elementor-section-height-default\" data-id=\"68ed9d6\" data-element_type=\"section\" data-e-type=\"section\">\n\t\t\t\t\t\t<div class=\"elementor-container elementor-column-gap-default\">\n\t\t\t\t\t<div class=\"elementor-column elementor-col-100 elementor-top-column elementor-element elementor-element-1e9e3b3\" data-id=\"1e9e3b3\" data-element_type=\"column\" data-e-type=\"column\">\n\t\t\t<div class=\"elementor-widget-wrap elementor-element-populated\">\n\t\t\t\t\t\t<div class=\"elementor-element elementor-element-0c9d04f elementor-widget elementor-widget-text-editor\" data-id=\"0c9d04f\" data-element_type=\"widget\" data-e-type=\"widget\" data-widget_type=\"text-editor.default\">\n\t\t\t\t<div class=\"elementor-widget-container\">\n\t\t\t\t\t\t\t\t\t<p>Origen: Fran\u00e7a 1958<\/p>\n\t\t\t\t\t\t\t\t<\/div>\n\t\t\t\t<\/div>\n\t\t\t\t\t<\/div>\n\t\t<\/div>\n\t\t\t\t\t<\/div>\n\t\t<\/section>\n\t\t\t\t<section data-particle_enable=\"false\" data-particle-mobile-disabled=\"false\" class=\"elementor-section elementor-top-section elementor-element elementor-element-568e7b5 elementor-section-boxed elementor-section-height-default elementor-section-height-default\" data-id=\"568e7b5\" data-element_type=\"section\" data-e-type=\"section\">\n\t\t\t\t\t\t<div class=\"elementor-container elementor-column-gap-default\">\n\t\t\t\t\t<div class=\"elementor-column elementor-col-100 elementor-top-column elementor-element elementor-element-51b20a7\" data-id=\"51b20a7\" data-element_type=\"column\" data-e-type=\"column\">\n\t\t\t<div class=\"elementor-widget-wrap elementor-element-populated\">\n\t\t\t\t\t\t<div class=\"elementor-element elementor-element-47014d0 elementor-widget elementor-widget-image\" data-id=\"47014d0\" data-element_type=\"widget\" data-e-type=\"widget\" data-widget_type=\"image.default\">\n\t\t\t\t<div class=\"elementor-widget-container\">\n\t\t\t\t\t\t\t\t\t\t\t\t\t\t\t<img fetchpriority=\"high\" decoding=\"async\" width=\"2560\" height=\"932\" src=\"https:\/\/www.jgclassics.com\/wp-content\/uploads\/2023\/03\/landsape_20230305_132725-scaled.jpg\" class=\"attachment-full size-full wp-image-12819\" alt=\"Renault 4CV\" srcset=\"https:\/\/www.jgclassics.com\/wp-content\/uploads\/2023\/03\/landsape_20230305_132725-scaled.jpg 2560w, https:\/\/www.jgclassics.com\/wp-content\/uploads\/2023\/03\/landsape_20230305_132725-300x109.jpg 300w, https:\/\/www.jgclassics.com\/wp-content\/uploads\/2023\/03\/landsape_20230305_132725-1024x373.jpg 1024w, https:\/\/www.jgclassics.com\/wp-content\/uploads\/2023\/03\/landsape_20230305_132725-768x279.jpg 768w, https:\/\/www.jgclassics.com\/wp-content\/uploads\/2023\/03\/landsape_20230305_132725-1536x559.jpg 1536w, https:\/\/www.jgclassics.com\/wp-content\/uploads\/2023\/03\/landsape_20230305_132725-2048x745.jpg 2048w\" sizes=\"(max-width: 2560px) 100vw, 2560px\" \/>\t\t\t\t\t\t\t\t\t\t\t\t\t\t\t<\/div>\n\t\t\t\t<\/div>\n\t\t\t\t\t<\/div>\n\t\t<\/div>\n\t\t\t\t\t<\/div>\n\t\t<\/section>\n\t\t\t\t<section data-particle_enable=\"false\" data-particle-mobile-disabled=\"false\" class=\"elementor-section elementor-top-section elementor-element elementor-element-ba4df58 elementor-section-boxed elementor-section-height-default elementor-section-height-default\" data-id=\"ba4df58\" data-element_type=\"section\" data-e-type=\"section\">\n\t\t\t\t\t\t<div class=\"elementor-container elementor-column-gap-default\">\n\t\t\t\t\t<div class=\"elementor-column elementor-col-100 elementor-top-column elementor-element elementor-element-cb42b1e\" data-id=\"cb42b1e\" data-element_type=\"column\" data-e-type=\"column\">\n\t\t\t<div class=\"elementor-widget-wrap elementor-element-populated\">\n\t\t\t\t\t\t<div class=\"elementor-element elementor-element-00eb6a3 elementor-widget elementor-widget-text-editor\" data-id=\"00eb6a3\" data-element_type=\"widget\" data-e-type=\"widget\" data-widget_type=\"text-editor.default\">\n\t\t\t\t<div class=\"elementor-widget-container\">\n\t\t\t\t\t\t\t\t\t<p>Renault 4CV (Renault 4\/4). El nostre Renault 4CV (o 4\/4) \u00e9s una unitat matriculada a Fran\u00e7a el 1958 (desconeixem la ciutat encara que estem intentant esbrinar-ho). \u00c9s el model SPORT, i el seu motor Ventoux lliura 21CV de pot\u00e8ncia.<\/p>\n\t\t\t\t\t\t\t\t<\/div>\n\t\t\t\t<\/div>\n\t\t\t\t\t<\/div>\n\t\t<\/div>\n\t\t\t\t\t<\/div>\n\t\t<\/section>\n\t\t\t\t<section data-particle_enable=\"false\" data-particle-mobile-disabled=\"false\" class=\"elementor-section elementor-top-section elementor-element elementor-element-5002c93 elementor-section-boxed elementor-section-height-default elementor-section-height-default\" data-id=\"5002c93\" data-element_type=\"section\" data-e-type=\"section\">\n\t\t\t\t\t\t<div class=\"elementor-container elementor-column-gap-default\">\n\t\t\t\t\t<div class=\"elementor-column elementor-col-100 elementor-top-column elementor-element elementor-element-a18ebf8\" data-id=\"a18ebf8\" data-element_type=\"column\" data-e-type=\"column\">\n\t\t\t<div class=\"elementor-widget-wrap elementor-element-populated\">\n\t\t\t\t\t\t<div class=\"elementor-element elementor-element-0b33ce4 elementor-widget__width-inherit e-transform elementor-widget-mobile__width-inherit elementor--h-position-center elementor--v-position-middle elementor-arrows-position-inside elementor-pagination-position-inside elementor-widget elementor-widget-slides\" data-id=\"0b33ce4\" data-element_type=\"widget\" data-e-type=\"widget\" data-settings=\"{&quot;autoplay_speed&quot;:3000,&quot;_transform_scale_effect&quot;:{&quot;unit&quot;:&quot;px&quot;,&quot;size&quot;:0.7,&quot;sizes&quot;:[]},&quot;_transform_scale_effect_mobile&quot;:{&quot;unit&quot;:&quot;px&quot;,&quot;size&quot;:0.28,&quot;sizes&quot;:[]},&quot;navigation&quot;:&quot;both&quot;,&quot;autoplay&quot;:&quot;yes&quot;,&quot;pause_on_hover&quot;:&quot;yes&quot;,&quot;pause_on_interaction&quot;:&quot;yes&quot;,&quot;infinite&quot;:&quot;yes&quot;,&quot;transition&quot;:&quot;slide&quot;,&quot;transition_speed&quot;:500,&quot;_transform_scale_effect_tablet&quot;:{&quot;unit&quot;:&quot;px&quot;,&quot;size&quot;:&quot;&quot;,&quot;sizes&quot;:[]}}\" data-widget_type=\"slides.default\">\n\t\t\t\t<div class=\"elementor-widget-container\">\n\t\t\t\t\t\t\t\t\t<div class=\"elementor-swiper\">\n\t\t\t\t\t<div class=\"elementor-slides-wrapper elementor-main-swiper swiper\" role=\"region\" aria-roledescription=\"carousel\" aria-label=\"Diapositives\" dir=\"ltr\" data-animation=\"fadeInUp\">\n\t\t\t\t<div class=\"swiper-wrapper elementor-slides\">\n\t\t\t\t\t\t\t\t\t\t<div class=\"elementor-repeater-item-7062287 swiper-slide\" role=\"group\" aria-roledescription=\"slide\"><div class=\"swiper-slide-bg\" role=\"img\" aria-label=\"Renault 4CV\"><\/div><div class=\"swiper-slide-inner\" ><div class=\"swiper-slide-contents\"><\/div><\/div><\/div><div class=\"elementor-repeater-item-dd4ff93 swiper-slide\" role=\"group\" aria-roledescription=\"slide\"><div class=\"swiper-slide-bg\" role=\"img\" aria-label=\"Renault 4CV: Interior esquitxador consola central\"><\/div><div class=\"swiper-slide-inner\" ><div class=\"swiper-slide-contents\"><\/div><\/div><\/div><div class=\"elementor-repeater-item-8727ab9 swiper-slide\" role=\"group\" aria-roledescription=\"slide\"><div class=\"swiper-slide-bg\" role=\"img\" aria-label=\"Renault 4CV\"><\/div><div class=\"swiper-slide-inner\" ><div class=\"swiper-slide-contents\"><div class=\"elementor-slide-description\"><p>.<\/p>\n<\/div><\/div><\/div><\/div>\t\t\t\t<\/div>\n\t\t\t\t\t\t\t\t\t\t\t\t\t\t\t<div class=\"elementor-swiper-button elementor-swiper-button-prev\" role=\"button\" tabindex=\"0\" aria-label=\"Previous slide\">\n\t\t\t\t\t\t\t<i aria-hidden=\"true\" class=\"eicon-chevron-left\"><\/i>\t\t\t\t\t\t<\/div>\n\t\t\t\t\t\t<div class=\"elementor-swiper-button elementor-swiper-button-next\" role=\"button\" tabindex=\"0\" aria-label=\"Next slide\">\n\t\t\t\t\t\t\t<i aria-hidden=\"true\" class=\"eicon-chevron-right\"><\/i>\t\t\t\t\t\t<\/div>\n\t\t\t\t\t\t\t\t\t\t\t\t\t\t\t\t<div class=\"swiper-pagination\"><\/div>\n\t\t\t\t\t\t\t\t\t\t\t\t<\/div>\n\t\t\t\t<\/div>\n\t\t\t\t\t\t\t\t<\/div>\n\t\t\t\t<\/div>\n\t\t\t\t\t<\/div>\n\t\t<\/div>\n\t\t\t\t\t<\/div>\n\t\t<\/section>\n\t\t\t\t<section data-particle_enable=\"false\" data-particle-mobile-disabled=\"false\" class=\"elementor-section elementor-top-section elementor-element elementor-element-2e20e66 elementor-section-boxed elementor-section-height-default elementor-section-height-default\" data-id=\"2e20e66\" data-element_type=\"section\" data-e-type=\"section\">\n\t\t\t\t\t\t<div class=\"elementor-container elementor-column-gap-default\">\n\t\t\t\t\t<div class=\"elementor-column elementor-col-100 elementor-top-column elementor-element elementor-element-9f2f109\" data-id=\"9f2f109\" data-element_type=\"column\" data-e-type=\"column\">\n\t\t\t<div class=\"elementor-widget-wrap elementor-element-populated\">\n\t\t\t\t\t\t<div class=\"elementor-element elementor-element-33eca10 elementor-widget elementor-widget-text-editor\" data-id=\"33eca10\" data-element_type=\"widget\" data-e-type=\"widget\" data-widget_type=\"text-editor.default\">\n\t\t\t\t<div class=\"elementor-widget-container\">\n\t\t\t\t\t\t\t\t\t<p>Va ser importat a Espanya el 1992 per un professional de l&#8217;automoci\u00f3, que es va ocupar de la seva primera restauraci\u00f3: El vehicle va ser repintat: Originalment era color verd, i es va pintar en color vermell Bordeus, color que llueix actualment. Despr\u00e9s se&#8217;l va retapissar (s\u00f2ls, interior de portes, cel i seients).<\/p><\/p>\n\t\t\t\t\t\t\t\t<\/div>\n\t\t\t\t<\/div>\n\t\t\t\t\t<\/div>\n\t\t<\/div>\n\t\t\t\t\t<\/div>\n\t\t<\/section>\n\t\t\t\t<section data-particle_enable=\"false\" data-particle-mobile-disabled=\"false\" class=\"elementor-section elementor-top-section elementor-element elementor-element-cce445e elementor-section-boxed elementor-section-height-default elementor-section-height-default\" data-id=\"cce445e\" data-element_type=\"section\" data-e-type=\"section\">\n\t\t\t\t\t\t<div class=\"elementor-container elementor-column-gap-default\">\n\t\t\t\t\t<div class=\"elementor-column elementor-col-50 elementor-top-column elementor-element elementor-element-3251dde\" data-id=\"3251dde\" data-element_type=\"column\" data-e-type=\"column\">\n\t\t\t<div class=\"elementor-widget-wrap elementor-element-populated\">\n\t\t\t\t\t\t<div class=\"elementor-element elementor-element-e8d65c2 elementor-widget elementor-widget-text-editor\" data-id=\"e8d65c2\" data-element_type=\"widget\" data-e-type=\"widget\" data-widget_type=\"text-editor.default\">\n\t\t\t\t<div class=\"elementor-widget-container\">\n\t\t\t\t\t\t\t\t\t<p>Encara que la seva primera matriculaci\u00f3 data del 1958, \u00e9s possible que la data de fabricaci\u00f3 sigui anterior. Aquesta \u00e9s la nostra suposici\u00f3 perqu\u00e8 aquest cotxe porta les rodes tipus \u201cestrella\u201d, i aquestes van deixar de lliurar-se als Renault 4CV el 1956.<\/p>\n<p>Despr\u00e9s de la seva primera restauraci\u00f3 el 1992, el vehicle va estar en actiu fins al 2003, data en la qual es va aturar i emmagatzemar en un garatge, on va romandre fins a l&#8217;agost del 2022. En tot cas, les bones condicions en qu\u00e8 va estar guardat van fer que el vehicle no acus\u00e9s el pas del temps ni pat\u00eds deterioraments per l&#8217;emmagatzematge.<\/p>\n<p>Addicionalment, per l&#8217;estat de mec\u00e0nica que ens trobem, creiem que el vehicle va tenir manteniment durant els darrers anys de vida operativa -desconeixem si abans o despr\u00e9s de la seva importaci\u00f3 a Espanya-. Per exemple, vam trobar que els bombins de fre havien estat renovats, les mordasses presentaven un desgast molt lleu, i la suspensi\u00f3 posterior havia estat substitu\u00efda. Tot i aix\u00f2, altres elements acusaven el pas del temps de forma not\u00f2ria: La bomba d&#8217;aigua, que es va haver de substituir per l&#8217;evident mal estat en qu\u00e8 es trobava -el mecanisme interior estava inoperant- o els conductes d&#8217;aire de la calefacci\u00f3 que es van haver de reempla\u00e7ar per estar literalment desfets pel pas del temps. Tamb\u00e9 reemplacem tots els maneguets del circuit de subministrament de combustible. El radiador va ser reconstru\u00eft, i tot el sistema el\u00e8ctric va ser revisat en profunditat.<\/p>\n<p>Nosaltres ho vam adquirir a l&#8217;agost de 2022, ens ho vam portar amb grua, i vam estar treballant <a href=\"https:\/\/www.jgclassics.com\/2022\/09\/30\/nuestro-nuevo-renault-4cv\/\" target=\"_blank\" rel=\"noopener\">en la seva segona restauraci\u00f3<\/a> fins a mitjans de gener del 2023, moment en qu\u00e8 vam poder passar-li la ITV i posar-ho de nou en circulaci\u00f3.  <\/p>\n\t\t\t\t\t\t\t\t<\/div>\n\t\t\t\t<\/div>\n\t\t\t\t\t<\/div>\n\t\t<\/div>\n\t\t\t\t<div class=\"elementor-column elementor-col-50 elementor-top-column elementor-element elementor-element-8bedc47\" data-id=\"8bedc47\" data-element_type=\"column\" data-e-type=\"column\">\n\t\t\t<div class=\"elementor-widget-wrap elementor-element-populated\">\n\t\t\t\t\t\t<div class=\"elementor-element elementor-element-04cd696 elementor-widget__width-initial elementor-widget elementor-widget-gallery\" data-id=\"04cd696\" data-element_type=\"widget\" data-e-type=\"widget\" data-settings=\"{&quot;columns&quot;:1,&quot;columns_mobile&quot;:3,&quot;aspect_ratio&quot;:&quot;9:16&quot;,&quot;lazyload&quot;:&quot;yes&quot;,&quot;gallery_layout&quot;:&quot;grid&quot;,&quot;columns_tablet&quot;:2,&quot;gap&quot;:{&quot;unit&quot;:&quot;px&quot;,&quot;size&quot;:10,&quot;sizes&quot;:[]},&quot;gap_tablet&quot;:{&quot;unit&quot;:&quot;px&quot;,&quot;size&quot;:10,&quot;sizes&quot;:[]},&quot;gap_mobile&quot;:{&quot;unit&quot;:&quot;px&quot;,&quot;size&quot;:10,&quot;sizes&quot;:[]},&quot;link_to&quot;:&quot;file&quot;,&quot;overlay_background&quot;:&quot;yes&quot;,&quot;content_hover_animation&quot;:&quot;fade-in&quot;}\" data-widget_type=\"gallery.default\">\n\t\t\t\t<div class=\"elementor-widget-container\">\n\t\t\t\t\t\t\t<div class=\"elementor-gallery__container\">\n\t\t\t\t\t\t\t<a class=\"e-gallery-item elementor-gallery-item elementor-animated-content\" href=\"https:\/\/www.jgclassics.com\/wp-content\/uploads\/2023\/03\/20230305_130716-copia-scaled.jpg\" data-elementor-open-lightbox=\"yes\" data-elementor-lightbox-slideshow=\"04cd696\" data-elementor-lightbox-title=\"Renault 4CV: Compartiment motor - tapa v\u00e0lvules cromada en primer pla\" data-elementor-lightbox-description=\"Renault 4CV: Disponible per a lloguer, fotos, filmacions, metratges\" data-e-action-hash=\"#elementor-action%3Aaction%3Dlightbox%26settings%3DeyJpZCI6MTI4NjQsInVybCI6Imh0dHBzOlwvXC93d3cuamdjbGFzc2ljcy5jb21cL3dwLWNvbnRlbnRcL3VwbG9hZHNcLzIwMjNcLzAzXC8yMDIzMDMwNV8xMzA3MTYtY29waWEtc2NhbGVkLmpwZyIsInNsaWRlc2hvdyI6IjA0Y2Q2OTYifQ%3D%3D\">\n\t\t\t\t\t<div class=\"e-gallery-image elementor-gallery-item__image\" data-thumbnail=\"https:\/\/www.jgclassics.com\/wp-content\/uploads\/2023\/03\/20230305_130716-copia-150x150.jpg\" data-width=\"150\" data-height=\"150\" aria-label=\"Renault 4CV: Compartiment motor - tapa v\u00e0lvules cromada en primer pla\" role=\"img\" ><\/div>\n\t\t\t\t\t\t\t\t\t\t\t<div class=\"elementor-gallery-item__overlay\"><\/div>\n\t\t\t\t\t\t\t\t\t\t\t\t\t\t<\/a>\n\t\t\t\t\t\t\t<a class=\"e-gallery-item elementor-gallery-item elementor-animated-content\" href=\"https:\/\/www.jgclassics.com\/wp-content\/uploads\/2023\/03\/20230305_131338-scaled.jpg\" data-elementor-open-lightbox=\"yes\" data-elementor-lightbox-slideshow=\"04cd696\" data-elementor-lightbox-title=\"Renault 4CV. Vista lateral posterior. Llum intermitent\/estacionament\" data-elementor-lightbox-description=\"Renault 4CV: Disponible per a lloguer, fotos, filmacions, metratges (Zona Barcelona)\" data-e-action-hash=\"#elementor-action%3Aaction%3Dlightbox%26settings%3DeyJpZCI6MTMwMTQsInVybCI6Imh0dHBzOlwvXC93d3cuamdjbGFzc2ljcy5jb21cL3dwLWNvbnRlbnRcL3VwbG9hZHNcLzIwMjNcLzAzXC8yMDIzMDMwNV8xMzEzMzgtc2NhbGVkLmpwZyIsInNsaWRlc2hvdyI6IjA0Y2Q2OTYifQ%3D%3D\">\n\t\t\t\t\t<div class=\"e-gallery-image elementor-gallery-item__image\" data-thumbnail=\"https:\/\/www.jgclassics.com\/wp-content\/uploads\/2023\/03\/20230305_131338-150x150.jpg\" data-width=\"150\" data-height=\"150\" aria-label=\"Renault 4CV. Vista lateral posterior. Llum intermitent\/estacionament\" role=\"img\" ><\/div>\n\t\t\t\t\t\t\t\t\t\t\t<div class=\"elementor-gallery-item__overlay\"><\/div>\n\t\t\t\t\t\t\t\t\t\t\t\t\t\t<\/a>\n\t\t\t\t\t\t\t<a class=\"e-gallery-item elementor-gallery-item elementor-animated-content\" href=\"https:\/\/www.jgclassics.com\/wp-content\/uploads\/2023\/03\/IMG_3924-scaled.jpg\" data-elementor-open-lightbox=\"yes\" data-elementor-lightbox-slideshow=\"04cd696\" data-elementor-lightbox-title=\"Renault 4CV. Vista lateral davantera retrovisor exterior CIPA\" data-elementor-lightbox-description=\"Renault 4CV: Disponible per a lloguer, fotos, filmacions, metratges (Zona Barcelona)\" data-e-action-hash=\"#elementor-action%3Aaction%3Dlightbox%26settings%3DeyJpZCI6MTMwMDgsInVybCI6Imh0dHBzOlwvXC93d3cuamdjbGFzc2ljcy5jb21cL3dwLWNvbnRlbnRcL3VwbG9hZHNcLzIwMjNcLzAzXC9JTUdfMzkyNC1zY2FsZWQuanBnIiwic2xpZGVzaG93IjoiMDRjZDY5NiJ9\">\n\t\t\t\t\t<div class=\"e-gallery-image elementor-gallery-item__image\" data-thumbnail=\"https:\/\/www.jgclassics.com\/wp-content\/uploads\/2023\/03\/IMG_3924-150x150.jpg\" data-width=\"150\" data-height=\"150\" aria-label=\"Renault 4CV. Vista lateral davantera retrovisor exterior CIPA\" role=\"img\" ><\/div>\n\t\t\t\t\t\t\t\t\t\t\t<div class=\"elementor-gallery-item__overlay\"><\/div>\n\t\t\t\t\t\t\t\t\t\t\t\t\t\t<\/a>\n\t\t\t\t\t<\/div>\n\t\t\t\t\t<\/div>\n\t\t\t\t<\/div>\n\t\t\t\t\t<\/div>\n\t\t<\/div>\n\t\t\t\t\t<\/div>\n\t\t<\/section>\n\t\t\t\t<section data-particle_enable=\"false\" data-particle-mobile-disabled=\"false\" class=\"elementor-section elementor-top-section elementor-element elementor-element-c4eafb2 elementor-section-boxed elementor-section-height-default elementor-section-height-default\" data-id=\"c4eafb2\" data-element_type=\"section\" data-e-type=\"section\">\n\t\t\t\t\t\t<div class=\"elementor-container elementor-column-gap-default\">\n\t\t\t\t\t<div class=\"elementor-column elementor-col-100 elementor-top-column elementor-element elementor-element-e4860fb\" data-id=\"e4860fb\" data-element_type=\"column\" data-e-type=\"column\">\n\t\t\t<div class=\"elementor-widget-wrap elementor-element-populated\">\n\t\t\t\t\t\t<div class=\"elementor-element elementor-element-e56d0f8 elementor-widget elementor-widget-text-editor\" data-id=\"e56d0f8\" data-element_type=\"widget\" data-e-type=\"widget\" data-widget_type=\"text-editor.default\">\n\t\t\t\t<div class=\"elementor-widget-container\">\n\t\t\t\t\t\t\t\t\t<p>Actualment aquest vehicle es troba en circulaci\u00f3 i <a href=\"https:\/\/www.jgclassics.com\/ca\/cotxes-classics-lloguer-llista-de-preus\/\" target=\"_blank\" rel=\"noopener\"><strong>disponible per llogar<\/strong><\/a> si el necessites per a sessi\u00f3 de fotos, filmacions o en una exposici\u00f3. Sigui com sigui, <a href=\"https:\/\/www.jgclassics.com\/ca\/contacte\/\" target=\"_blank\" rel=\"noopener\">contacta&#8217;ns<\/a> si tens alguna necessitat relacionada amb el vehicle perqu\u00e8 et puguem ajudar.<\/p>\n\t\t\t\t\t\t\t\t<\/div>\n\t\t\t\t<\/div>\n\t\t\t\t\t<\/div>\n\t\t<\/div>\n\t\t\t\t\t<\/div>\n\t\t<\/section>\n\t\t\t\t<section data-particle_enable=\"false\" data-particle-mobile-disabled=\"false\" class=\"elementor-section elementor-top-section elementor-element elementor-element-15f1a3d elementor-section-boxed elementor-section-height-default elementor-section-height-default\" data-id=\"15f1a3d\" data-element_type=\"section\" data-e-type=\"section\">\n\t\t\t\t\t\t<div class=\"elementor-container elementor-column-gap-default\">\n\t\t\t\t\t<div class=\"elementor-column elementor-col-100 elementor-top-column elementor-element elementor-element-2cd5fa3\" data-id=\"2cd5fa3\" data-element_type=\"column\" data-e-type=\"column\">\n\t\t\t<div class=\"elementor-widget-wrap elementor-element-populated\">\n\t\t\t\t\t\t<div class=\"elementor-element elementor-element-0ace6c6 elementor-widget elementor-widget-text-editor\" data-id=\"0ace6c6\" data-element_type=\"widget\" data-e-type=\"widget\" data-widget_type=\"text-editor.default\">\n\t\t\t\t<div class=\"elementor-widget-container\">\n\t\t\t\t\t\t\t\t\t<p>Tamb\u00e9, si ets propietari o futur comprador d&#8217;un d&#8217;aquests models i necessites qualsevol informaci\u00f3 de peces, recanvis, o informaci\u00f3 t\u00e8cnica que puguis necessitar, si us plau <a href=\"https:\/\/www.jgclassics.com\/ca\/contacte\/\" target=\"_blank\" rel=\"noopener\">contacta&#8217;ns<\/a> , perqu\u00e8 estarem encantats de compartir-la amb tu.<\/p>\n\t\t\t\t\t\t\t\t<\/div>\n\t\t\t\t<\/div>\n\t\t\t\t\t<\/div>\n\t\t<\/div>\n\t\t\t\t\t<\/div>\n\t\t<\/section>\n\t\t\t\t<section data-particle_enable=\"false\" data-particle-mobile-disabled=\"false\" class=\"elementor-section elementor-top-section elementor-element elementor-element-d688b0d elementor-section-boxed elementor-section-height-default elementor-section-height-default\" data-id=\"d688b0d\" data-element_type=\"section\" data-e-type=\"section\">\n\t\t\t\t\t\t<div class=\"elementor-container elementor-column-gap-default\">\n\t\t\t\t\t<div class=\"elementor-column elementor-col-100 elementor-top-column elementor-element elementor-element-b2a5e41\" data-id=\"b2a5e41\" data-element_type=\"column\" data-e-type=\"column\">\n\t\t\t<div class=\"elementor-widget-wrap elementor-element-populated\">\n\t\t\t\t\t\t<div class=\"elementor-element elementor-element-dc04268 elementor-widget elementor-widget-heading\" data-id=\"dc04268\" data-element_type=\"widget\" data-e-type=\"widget\" data-widget_type=\"heading.default\">\n\t\t\t\t<div class=\"elementor-widget-container\">\n\t\t\t\t\t<h2 class=\"elementor-heading-title elementor-size-default\">Renault 4CV. \u00c0lbum de fotos. Fes click a la categoria:<\/h2>\t\t\t\t<\/div>\n\t\t\t\t<\/div>\n\t\t\t\t\t<\/div>\n\t\t<\/div>\n\t\t\t\t\t<\/div>\n\t\t<\/section>\n\t\t\t\t<section data-particle_enable=\"false\" data-particle-mobile-disabled=\"false\" class=\"elementor-section elementor-top-section elementor-element elementor-element-bb58d03 elementor-section-boxed elementor-section-height-default elementor-section-height-default\" data-id=\"bb58d03\" data-element_type=\"section\" data-e-type=\"section\">\n\t\t\t\t\t\t<div class=\"elementor-container elementor-column-gap-default\">\n\t\t\t\t\t<div class=\"elementor-column elementor-col-100 elementor-top-column elementor-element elementor-element-be80845\" data-id=\"be80845\" data-element_type=\"column\" data-e-type=\"column\">\n\t\t\t<div class=\"elementor-widget-wrap elementor-element-populated\">\n\t\t\t\t\t\t<div class=\"elementor-element elementor-element-5823a6b elementor-gallery--filter-align-center elementor-widget elementor-widget-gallery\" data-id=\"5823a6b\" data-element_type=\"widget\" data-e-type=\"widget\" data-settings=\"{&quot;gallery_layout&quot;:&quot;justified&quot;,&quot;ideal_row_height&quot;:{&quot;unit&quot;:&quot;px&quot;,&quot;size&quot;:130,&quot;sizes&quot;:[]},&quot;ideal_row_height_mobile&quot;:{&quot;unit&quot;:&quot;px&quot;,&quot;size&quot;:113,&quot;sizes&quot;:[]},&quot;lazyload&quot;:&quot;yes&quot;,&quot;ideal_row_height_tablet&quot;:{&quot;unit&quot;:&quot;px&quot;,&quot;size&quot;:150,&quot;sizes&quot;:[]},&quot;gap&quot;:{&quot;unit&quot;:&quot;px&quot;,&quot;size&quot;:10,&quot;sizes&quot;:[]},&quot;gap_tablet&quot;:{&quot;unit&quot;:&quot;px&quot;,&quot;size&quot;:10,&quot;sizes&quot;:[]},&quot;gap_mobile&quot;:{&quot;unit&quot;:&quot;px&quot;,&quot;size&quot;:10,&quot;sizes&quot;:[]},&quot;link_to&quot;:&quot;file&quot;,&quot;overlay_background&quot;:&quot;yes&quot;,&quot;content_hover_animation&quot;:&quot;fade-in&quot;}\" data-widget_type=\"gallery.default\">\n\t\t\t\t<div class=\"elementor-widget-container\">\n\t\t\t\t\t\t\t\t<div class=\"elementor-gallery__titles-container e--pointer-text e--animation-grow\" aria-label=\"Gallery filter\">\n\t\t\t\t\n\t\t\t\t\t\t\t\t\t<a class=\"elementor-item elementor-gallery-title\" role=\"button\" tabindex=\"0\" data-gallery-index=\"0\">\n\t\t\t\t\t\tExterior\t\t\t\t\t<\/a>\n\t\t\t\t\t\t\t\t\t\t<a class=\"elementor-item elementor-gallery-title\" role=\"button\" tabindex=\"0\" data-gallery-index=\"1\">\n\t\t\t\t\t\tInterior\t\t\t\t\t<\/a>\n\t\t\t\t\t\t\t\t\t\t<a class=\"elementor-item elementor-gallery-title\" role=\"button\" tabindex=\"0\" data-gallery-index=\"2\">\n\t\t\t\t\t\tMec\u00e0nica\t\t\t\t\t<\/a>\n\t\t\t\t\t\t\t\t<\/div>\n\t\t\t\t\t<div class=\"elementor-gallery__container\">\n\t\t\t\t\t\t\t<a class=\"e-gallery-item elementor-gallery-item elementor-animated-content\" data-e-gallery-tags=\"0\" href=\"https:\/\/www.jgclassics.com\/wp-content\/uploads\/2023\/03\/IMG_3913-scaled.jpg\" data-elementor-open-lightbox=\"yes\" data-elementor-lightbox-slideshow=\"5823a6b\" data-elementor-lightbox-title=\"Renault 4CV: Vista general lateral superior\" data-elementor-lightbox-description=\"Renault 4CV: Disponible per a lloguer, fotos, filmacions, metratges (Zona Barcelona)\" data-e-action-hash=\"#elementor-action%3Aaction%3Dlightbox%26settings%3DeyJpZCI6MTI5OTAsInVybCI6Imh0dHBzOlwvXC93d3cuamdjbGFzc2ljcy5jb21cL3dwLWNvbnRlbnRcL3VwbG9hZHNcLzIwMjNcLzAzXC9JTUdfMzkxMy1zY2FsZWQuanBnIiwic2xpZGVzaG93IjoiNTgyM2E2YiJ9\">\n\t\t\t\t\t<div class=\"e-gallery-image elementor-gallery-item__image\" data-thumbnail=\"https:\/\/www.jgclassics.com\/wp-content\/uploads\/2023\/03\/IMG_3913-150x150.jpg\" data-width=\"150\" data-height=\"150\" aria-label=\"Renault 4CV: Vista general lateral superior\" role=\"img\" ><\/div>\n\t\t\t\t\t\t\t\t\t\t\t<div class=\"elementor-gallery-item__overlay\"><\/div>\n\t\t\t\t\t\t\t\t\t\t\t\t\t\t<\/a>\n\t\t\t\t\t\t\t<a class=\"e-gallery-item elementor-gallery-item elementor-animated-content\" data-e-gallery-tags=\"0\" href=\"https:\/\/www.jgclassics.com\/wp-content\/uploads\/2023\/03\/IMG_3924-scaled.jpg\" data-elementor-open-lightbox=\"yes\" data-elementor-lightbox-slideshow=\"5823a6b\" data-elementor-lightbox-title=\"Renault 4CV. Vista lateral davantera retrovisor exterior CIPA\" data-elementor-lightbox-description=\"Renault 4CV: Disponible per a lloguer, fotos, filmacions, metratges (Zona Barcelona)\" data-e-action-hash=\"#elementor-action%3Aaction%3Dlightbox%26settings%3DeyJpZCI6MTMwMDgsInVybCI6Imh0dHBzOlwvXC93d3cuamdjbGFzc2ljcy5jb21cL3dwLWNvbnRlbnRcL3VwbG9hZHNcLzIwMjNcLzAzXC9JTUdfMzkyNC1zY2FsZWQuanBnIiwic2xpZGVzaG93IjoiNTgyM2E2YiJ9\">\n\t\t\t\t\t<div class=\"e-gallery-image elementor-gallery-item__image\" data-thumbnail=\"https:\/\/www.jgclassics.com\/wp-content\/uploads\/2023\/03\/IMG_3924-150x150.jpg\" data-width=\"150\" data-height=\"150\" aria-label=\"Renault 4CV. Vista lateral davantera retrovisor exterior CIPA\" role=\"img\" ><\/div>\n\t\t\t\t\t\t\t\t\t\t\t<div class=\"elementor-gallery-item__overlay\"><\/div>\n\t\t\t\t\t\t\t\t\t\t\t\t\t\t<\/a>\n\t\t\t\t\t\t\t<a class=\"e-gallery-item elementor-gallery-item elementor-animated-content\" data-e-gallery-tags=\"0\" href=\"https:\/\/www.jgclassics.com\/wp-content\/uploads\/2023\/03\/IMG_3922-scaled.jpg\" data-elementor-open-lightbox=\"yes\" data-elementor-lightbox-slideshow=\"5823a6b\" data-elementor-lightbox-title=\"Renault 4CV. Vista davantera far antibla MARCHAL\" data-elementor-lightbox-description=\"Renault 4CV: Disponible per a lloguer, fotos, filmacions, metratges (Zona Barcelona)\" data-e-action-hash=\"#elementor-action%3Aaction%3Dlightbox%26settings%3DeyJpZCI6MTMwMDUsInVybCI6Imh0dHBzOlwvXC93d3cuamdjbGFzc2ljcy5jb21cL3dwLWNvbnRlbnRcL3VwbG9hZHNcLzIwMjNcLzAzXC9JTUdfMzkyMi1zY2FsZWQuanBnIiwic2xpZGVzaG93IjoiNTgyM2E2YiJ9\">\n\t\t\t\t\t<div class=\"e-gallery-image elementor-gallery-item__image\" data-thumbnail=\"https:\/\/www.jgclassics.com\/wp-content\/uploads\/2023\/03\/IMG_3922-150x150.jpg\" data-width=\"150\" data-height=\"150\" aria-label=\"Renault 4CV. Vista davantera far antibla MARCHAL\" role=\"img\" ><\/div>\n\t\t\t\t\t\t\t\t\t\t\t<div class=\"elementor-gallery-item__overlay\"><\/div>\n\t\t\t\t\t\t\t\t\t\t\t\t\t\t<\/a>\n\t\t\t\t\t\t\t<a class=\"e-gallery-item elementor-gallery-item elementor-animated-content\" data-e-gallery-tags=\"0\" href=\"https:\/\/www.jgclassics.com\/wp-content\/uploads\/2023\/03\/IMG_3921-scaled.jpg\" data-elementor-open-lightbox=\"yes\" data-elementor-lightbox-slideshow=\"5823a6b\" data-elementor-lightbox-title=\"Renault 4CV. Vista davantera\" data-elementor-lightbox-description=\"Renault 4CV: Disponible per a lloguer, fotos, filmacions, metratges (Zona Barcelona)\" data-e-action-hash=\"#elementor-action%3Aaction%3Dlightbox%26settings%3DeyJpZCI6MTMwMDIsInVybCI6Imh0dHBzOlwvXC93d3cuamdjbGFzc2ljcy5jb21cL3dwLWNvbnRlbnRcL3VwbG9hZHNcLzIwMjNcLzAzXC9JTUdfMzkyMS1zY2FsZWQuanBnIiwic2xpZGVzaG93IjoiNTgyM2E2YiJ9\">\n\t\t\t\t\t<div class=\"e-gallery-image elementor-gallery-item__image\" data-thumbnail=\"https:\/\/www.jgclassics.com\/wp-content\/uploads\/2023\/03\/IMG_3921-150x150.jpg\" data-width=\"150\" data-height=\"150\" aria-label=\"Renault 4CV. Vista davantera\" role=\"img\" ><\/div>\n\t\t\t\t\t\t\t\t\t\t\t<div class=\"elementor-gallery-item__overlay\"><\/div>\n\t\t\t\t\t\t\t\t\t\t\t\t\t\t<\/a>\n\t\t\t\t\t\t\t<a class=\"e-gallery-item elementor-gallery-item elementor-animated-content\" data-e-gallery-tags=\"0\" href=\"https:\/\/www.jgclassics.com\/wp-content\/uploads\/2023\/03\/IMG_3910-scaled.jpg\" data-elementor-open-lightbox=\"yes\" data-elementor-lightbox-slideshow=\"5823a6b\" data-elementor-lightbox-title=\"Renault 4CV: Vista general posterior\" data-elementor-lightbox-description=\"Renault 4CV: Disponible per a lloguer, fotos, filmacions, metratges (Zona Barcelona)\" data-e-action-hash=\"#elementor-action%3Aaction%3Dlightbox%26settings%3DeyJpZCI6MTI5ODQsInVybCI6Imh0dHBzOlwvXC93d3cuamdjbGFzc2ljcy5jb21cL3dwLWNvbnRlbnRcL3VwbG9hZHNcLzIwMjNcLzAzXC9JTUdfMzkxMC1zY2FsZWQuanBnIiwic2xpZGVzaG93IjoiNTgyM2E2YiJ9\">\n\t\t\t\t\t<div class=\"e-gallery-image elementor-gallery-item__image\" data-thumbnail=\"https:\/\/www.jgclassics.com\/wp-content\/uploads\/2023\/03\/IMG_3910-150x150.jpg\" data-width=\"150\" data-height=\"150\" aria-label=\"Renault 4CV: Vista general posterior\" role=\"img\" ><\/div>\n\t\t\t\t\t\t\t\t\t\t\t<div class=\"elementor-gallery-item__overlay\"><\/div>\n\t\t\t\t\t\t\t\t\t\t\t\t\t\t<\/a>\n\t\t\t\t\t\t\t<a class=\"e-gallery-item elementor-gallery-item elementor-animated-content\" data-e-gallery-tags=\"0\" href=\"https:\/\/www.jgclassics.com\/wp-content\/uploads\/2023\/03\/IMG_3919-scaled.jpg\" data-elementor-open-lightbox=\"yes\" data-elementor-lightbox-slideshow=\"5823a6b\" data-elementor-lightbox-title=\"Renault 4CV. Vista davantera parabrises\" data-elementor-lightbox-description=\"Renault 4CV: Disponible per a lloguer, fotos, filmacions, metratges (Zona Barcelona)\" data-e-action-hash=\"#elementor-action%3Aaction%3Dlightbox%26settings%3DeyJpZCI6MTI5OTksInVybCI6Imh0dHBzOlwvXC93d3cuamdjbGFzc2ljcy5jb21cL3dwLWNvbnRlbnRcL3VwbG9hZHNcLzIwMjNcLzAzXC9JTUdfMzkxOS1zY2FsZWQuanBnIiwic2xpZGVzaG93IjoiNTgyM2E2YiJ9\">\n\t\t\t\t\t<div class=\"e-gallery-image elementor-gallery-item__image\" data-thumbnail=\"https:\/\/www.jgclassics.com\/wp-content\/uploads\/2023\/03\/IMG_3919-150x150.jpg\" data-width=\"150\" data-height=\"150\" aria-label=\"Renault 4CV. Vista davantera parabrises\" role=\"img\" ><\/div>\n\t\t\t\t\t\t\t\t\t\t\t<div class=\"elementor-gallery-item__overlay\"><\/div>\n\t\t\t\t\t\t\t\t\t\t\t\t\t\t<\/a>\n\t\t\t\t\t\t\t<a class=\"e-gallery-item elementor-gallery-item elementor-animated-content\" data-e-gallery-tags=\"0\" href=\"https:\/\/www.jgclassics.com\/wp-content\/uploads\/2023\/03\/IMG_3917-scaled.jpg\" data-elementor-open-lightbox=\"yes\" data-elementor-lightbox-slideshow=\"5823a6b\" data-elementor-lightbox-title=\"Renault 4CV. Vista lateral davantera (costat dret). Retrovisor exterior CIPA\" data-elementor-lightbox-description=\"Renault 4CV: Disponible per a lloguer, fotos, filmacions, metratges (Zona Barcelona)\" data-e-action-hash=\"#elementor-action%3Aaction%3Dlightbox%26settings%3DeyJpZCI6MTI5OTYsInVybCI6Imh0dHBzOlwvXC93d3cuamdjbGFzc2ljcy5jb21cL3dwLWNvbnRlbnRcL3VwbG9hZHNcLzIwMjNcLzAzXC9JTUdfMzkxNy1zY2FsZWQuanBnIiwic2xpZGVzaG93IjoiNTgyM2E2YiJ9\">\n\t\t\t\t\t<div class=\"e-gallery-image elementor-gallery-item__image\" data-thumbnail=\"https:\/\/www.jgclassics.com\/wp-content\/uploads\/2023\/03\/IMG_3917-150x150.jpg\" data-width=\"150\" data-height=\"150\" aria-label=\"Renault 4CV. Vista lateral davantera (costat dret). Retrovisor exterior CIPA\" role=\"img\" ><\/div>\n\t\t\t\t\t\t\t\t\t\t\t<div class=\"elementor-gallery-item__overlay\"><\/div>\n\t\t\t\t\t\t\t\t\t\t\t\t\t\t<\/a>\n\t\t\t\t\t\t\t<a class=\"e-gallery-item elementor-gallery-item elementor-animated-content\" data-e-gallery-tags=\"0\" href=\"https:\/\/www.jgclassics.com\/wp-content\/uploads\/2023\/03\/IMG_3914-scaled.jpg\" data-elementor-open-lightbox=\"yes\" data-elementor-lightbox-slideshow=\"5823a6b\" data-elementor-lightbox-title=\"Renault 4CV vista general\" data-elementor-lightbox-description=\"Renault 4CV: Disponible per a lloguer, fotos, filmacions, metratges\" data-e-action-hash=\"#elementor-action%3Aaction%3Dlightbox%26settings%3DeyJpZCI6MTI5OTMsInVybCI6Imh0dHBzOlwvXC93d3cuamdjbGFzc2ljcy5jb21cL3dwLWNvbnRlbnRcL3VwbG9hZHNcLzIwMjNcLzAzXC9JTUdfMzkxNC1zY2FsZWQuanBnIiwic2xpZGVzaG93IjoiNTgyM2E2YiJ9\">\n\t\t\t\t\t<div class=\"e-gallery-image elementor-gallery-item__image\" data-thumbnail=\"https:\/\/www.jgclassics.com\/wp-content\/uploads\/2023\/03\/IMG_3914-150x150.jpg\" data-width=\"150\" data-height=\"150\" aria-label=\"Renault 4CV vista general\" role=\"img\" ><\/div>\n\t\t\t\t\t\t\t\t\t\t\t<div class=\"elementor-gallery-item__overlay\"><\/div>\n\t\t\t\t\t\t\t\t\t\t\t\t\t\t<\/a>\n\t\t\t\t\t\t\t<a class=\"e-gallery-item elementor-gallery-item elementor-animated-content\" data-e-gallery-tags=\"0\" href=\"https:\/\/www.jgclassics.com\/wp-content\/uploads\/2023\/03\/IMG_3925-scaled.jpg\" data-elementor-open-lightbox=\"yes\" data-elementor-lightbox-slideshow=\"5823a6b\" data-elementor-lightbox-title=\"Renault 4CV. Vista posterior.\" data-elementor-lightbox-description=\"Renault 4CV: Disponible per a lloguer, fotos, filmacions, metratges (Zona Barcelona)\" data-e-action-hash=\"#elementor-action%3Aaction%3Dlightbox%26settings%3DeyJpZCI6MTMwMTEsInVybCI6Imh0dHBzOlwvXC93d3cuamdjbGFzc2ljcy5jb21cL3dwLWNvbnRlbnRcL3VwbG9hZHNcLzIwMjNcLzAzXC9JTUdfMzkyNS1zY2FsZWQuanBnIiwic2xpZGVzaG93IjoiNTgyM2E2YiJ9\">\n\t\t\t\t\t<div class=\"e-gallery-image elementor-gallery-item__image\" data-thumbnail=\"https:\/\/www.jgclassics.com\/wp-content\/uploads\/2023\/03\/IMG_3925-150x150.jpg\" data-width=\"150\" data-height=\"150\" aria-label=\"Renault 4CV. Vista posterior.\" role=\"img\" ><\/div>\n\t\t\t\t\t\t\t\t\t\t\t<div class=\"elementor-gallery-item__overlay\"><\/div>\n\t\t\t\t\t\t\t\t\t\t\t\t\t\t<\/a>\n\t\t\t\t\t\t\t<a class=\"e-gallery-item elementor-gallery-item elementor-animated-content\" data-e-gallery-tags=\"0\" href=\"https:\/\/www.jgclassics.com\/wp-content\/uploads\/2023\/03\/IMG_3912-scaled.jpg\" data-elementor-open-lightbox=\"yes\" data-elementor-lightbox-slideshow=\"5823a6b\" data-elementor-lightbox-title=\"Renault 4CV: Vista porta conductor\" data-elementor-lightbox-description=\"Renault 4CV: Disponible per a lloguer, fotos, filmacions, metratges (Zona Barcelona)\" data-e-action-hash=\"#elementor-action%3Aaction%3Dlightbox%26settings%3DeyJpZCI6MTI5ODcsInVybCI6Imh0dHBzOlwvXC93d3cuamdjbGFzc2ljcy5jb21cL3dwLWNvbnRlbnRcL3VwbG9hZHNcLzIwMjNcLzAzXC9JTUdfMzkxMi1zY2FsZWQuanBnIiwic2xpZGVzaG93IjoiNTgyM2E2YiJ9\">\n\t\t\t\t\t<div class=\"e-gallery-image elementor-gallery-item__image\" data-thumbnail=\"https:\/\/www.jgclassics.com\/wp-content\/uploads\/2023\/03\/IMG_3912-150x150.jpg\" data-width=\"150\" data-height=\"150\" aria-label=\"Renault 4CV: Vista porta conductor\" role=\"img\" ><\/div>\n\t\t\t\t\t\t\t\t\t\t\t<div class=\"elementor-gallery-item__overlay\"><\/div>\n\t\t\t\t\t\t\t\t\t\t\t\t\t\t<\/a>\n\t\t\t\t\t\t\t<a class=\"e-gallery-item elementor-gallery-item elementor-animated-content\" data-e-gallery-tags=\"0\" href=\"https:\/\/www.jgclassics.com\/wp-content\/uploads\/2023\/03\/IMG_3886-scaled.jpg\" data-elementor-open-lightbox=\"yes\" data-elementor-lightbox-slideshow=\"5823a6b\" data-elementor-lightbox-title=\"Renault 4CV: Vista general davantera\" data-elementor-lightbox-description=\"Renault 4CV: Disponible per a lloguer, fotos, filmacions, metratges\" data-e-action-hash=\"#elementor-action%3Aaction%3Dlightbox%26settings%3DeyJpZCI6MTI5NTcsInVybCI6Imh0dHBzOlwvXC93d3cuamdjbGFzc2ljcy5jb21cL3dwLWNvbnRlbnRcL3VwbG9hZHNcLzIwMjNcLzAzXC9JTUdfMzg4Ni1zY2FsZWQuanBnIiwic2xpZGVzaG93IjoiNTgyM2E2YiJ9\">\n\t\t\t\t\t<div class=\"e-gallery-image elementor-gallery-item__image\" data-thumbnail=\"https:\/\/www.jgclassics.com\/wp-content\/uploads\/2023\/03\/IMG_3886-150x150.jpg\" data-width=\"150\" data-height=\"150\" aria-label=\"Renault 4CV: Vista general davantera\" role=\"img\" ><\/div>\n\t\t\t\t\t\t\t\t\t\t\t<div class=\"elementor-gallery-item__overlay\"><\/div>\n\t\t\t\t\t\t\t\t\t\t\t\t\t\t<\/a>\n\t\t\t\t\t\t\t<a class=\"e-gallery-item elementor-gallery-item elementor-animated-content\" data-e-gallery-tags=\"0\" href=\"https:\/\/www.jgclassics.com\/wp-content\/uploads\/2023\/03\/20230305_131816-copia-scaled.jpg\" data-elementor-open-lightbox=\"yes\" data-elementor-lightbox-slideshow=\"5823a6b\" data-elementor-lightbox-title=\"Renault 4CV: Llantes tipus estrella\" data-elementor-lightbox-description=\"Renault 4CV: Disponible per a lloguer, fotos, filmacions, metratges\" data-e-action-hash=\"#elementor-action%3Aaction%3Dlightbox%26settings%3DeyJpZCI6MTI5MDYsInVybCI6Imh0dHBzOlwvXC93d3cuamdjbGFzc2ljcy5jb21cL3dwLWNvbnRlbnRcL3VwbG9hZHNcLzIwMjNcLzAzXC8yMDIzMDMwNV8xMzE4MTYtY29waWEtc2NhbGVkLmpwZyIsInNsaWRlc2hvdyI6IjU4MjNhNmIifQ%3D%3D\">\n\t\t\t\t\t<div class=\"e-gallery-image elementor-gallery-item__image\" data-thumbnail=\"https:\/\/www.jgclassics.com\/wp-content\/uploads\/2023\/03\/20230305_131816-copia-150x150.jpg\" data-width=\"150\" data-height=\"150\" aria-label=\"Renault 4CV: Llantes tipus estrella\" role=\"img\" ><\/div>\n\t\t\t\t\t\t\t\t\t\t\t<div class=\"elementor-gallery-item__overlay\"><\/div>\n\t\t\t\t\t\t\t\t\t\t\t\t\t\t<\/a>\n\t\t\t\t\t\t\t<a class=\"e-gallery-item elementor-gallery-item elementor-animated-content\" data-e-gallery-tags=\"0\" href=\"https:\/\/www.jgclassics.com\/wp-content\/uploads\/2023\/03\/20230305_131105-copia-scaled.jpg\" data-elementor-open-lightbox=\"yes\" data-elementor-lightbox-slideshow=\"5823a6b\" data-elementor-lightbox-title=\"Renault 4CV: Vista posterior. Observar el tap cromat del radiador\" data-elementor-lightbox-description=\"Renault 4CV: Disponible per a lloguer, fotos, filmacions, metratges\" data-e-action-hash=\"#elementor-action%3Aaction%3Dlightbox%26settings%3DeyJpZCI6MTI4OTcsInVybCI6Imh0dHBzOlwvXC93d3cuamdjbGFzc2ljcy5jb21cL3dwLWNvbnRlbnRcL3VwbG9hZHNcLzIwMjNcLzAzXC8yMDIzMDMwNV8xMzExMDUtY29waWEtc2NhbGVkLmpwZyIsInNsaWRlc2hvdyI6IjU4MjNhNmIifQ%3D%3D\">\n\t\t\t\t\t<div class=\"e-gallery-image elementor-gallery-item__image\" data-thumbnail=\"https:\/\/www.jgclassics.com\/wp-content\/uploads\/2023\/03\/20230305_131105-copia-150x150.jpg\" data-width=\"150\" data-height=\"150\" aria-label=\"Renault 4CV: Vista posterior. Observar el tap cromat del radiador\" role=\"img\" ><\/div>\n\t\t\t\t\t\t\t\t\t\t\t<div class=\"elementor-gallery-item__overlay\"><\/div>\n\t\t\t\t\t\t\t\t\t\t\t\t\t\t<\/a>\n\t\t\t\t\t\t\t<a class=\"e-gallery-item elementor-gallery-item elementor-animated-content\" data-e-gallery-tags=\"0\" href=\"https:\/\/www.jgclassics.com\/wp-content\/uploads\/2023\/03\/20230305_131203-copia-scaled.jpg\" data-elementor-open-lightbox=\"yes\" data-elementor-lightbox-slideshow=\"5823a6b\" data-elementor-lightbox-title=\"Renault 4CV: Vista posterior\" data-elementor-lightbox-description=\"Renault 4CV: Disponible per a lloguer, fotos, filmacions, metratges\" data-e-action-hash=\"#elementor-action%3Aaction%3Dlightbox%26settings%3DeyJpZCI6MTI5MDAsInVybCI6Imh0dHBzOlwvXC93d3cuamdjbGFzc2ljcy5jb21cL3dwLWNvbnRlbnRcL3VwbG9hZHNcLzIwMjNcLzAzXC8yMDIzMDMwNV8xMzEyMDMtY29waWEtc2NhbGVkLmpwZyIsInNsaWRlc2hvdyI6IjU4MjNhNmIifQ%3D%3D\">\n\t\t\t\t\t<div class=\"e-gallery-image elementor-gallery-item__image\" data-thumbnail=\"https:\/\/www.jgclassics.com\/wp-content\/uploads\/2023\/03\/20230305_131203-copia-150x150.jpg\" data-width=\"150\" data-height=\"150\" aria-label=\"Renault 4CV: Vista posterior\" role=\"img\" ><\/div>\n\t\t\t\t\t\t\t\t\t\t\t<div class=\"elementor-gallery-item__overlay\"><\/div>\n\t\t\t\t\t\t\t\t\t\t\t\t\t\t<\/a>\n\t\t\t\t\t\t\t<a class=\"e-gallery-item elementor-gallery-item elementor-animated-content\" data-e-gallery-tags=\"0\" href=\"https:\/\/www.jgclassics.com\/wp-content\/uploads\/2023\/03\/20230305_130548-scaled.jpg\" data-elementor-open-lightbox=\"yes\" data-elementor-lightbox-slideshow=\"5823a6b\" data-elementor-lightbox-title=\"Renault 4CV\" data-elementor-lightbox-description=\"Renault 4CV JG Classics\" data-e-action-hash=\"#elementor-action%3Aaction%3Dlightbox%26settings%3DeyJpZCI6MTI4MTYsInVybCI6Imh0dHBzOlwvXC93d3cuamdjbGFzc2ljcy5jb21cL3dwLWNvbnRlbnRcL3VwbG9hZHNcLzIwMjNcLzAzXC8yMDIzMDMwNV8xMzA1NDgtc2NhbGVkLmpwZyIsInNsaWRlc2hvdyI6IjU4MjNhNmIifQ%3D%3D\">\n\t\t\t\t\t<div class=\"e-gallery-image elementor-gallery-item__image\" data-thumbnail=\"https:\/\/www.jgclassics.com\/wp-content\/uploads\/2023\/03\/20230305_130548-150x150.jpg\" data-width=\"150\" data-height=\"150\" aria-label=\"Renault 4CV\" role=\"img\" ><\/div>\n\t\t\t\t\t\t\t\t\t\t\t<div class=\"elementor-gallery-item__overlay\"><\/div>\n\t\t\t\t\t\t\t\t\t\t\t\t\t\t<\/a>\n\t\t\t\t\t\t\t<a class=\"e-gallery-item elementor-gallery-item elementor-animated-content\" data-e-gallery-tags=\"0\" href=\"https:\/\/www.jgclassics.com\/wp-content\/uploads\/2023\/03\/IMG_3898-scaled.jpg\" data-elementor-open-lightbox=\"yes\" data-elementor-lightbox-slideshow=\"5823a6b\" data-elementor-lightbox-title=\"Renault 4CV: Vista general porta posterior dreta\" data-elementor-lightbox-description=\"Renault 4CV: Disponible per a lloguer, fotos, filmacions, metratges\" data-e-action-hash=\"#elementor-action%3Aaction%3Dlightbox%26settings%3DeyJpZCI6MTI5NzIsInVybCI6Imh0dHBzOlwvXC93d3cuamdjbGFzc2ljcy5jb21cL3dwLWNvbnRlbnRcL3VwbG9hZHNcLzIwMjNcLzAzXC9JTUdfMzg5OC1zY2FsZWQuanBnIiwic2xpZGVzaG93IjoiNTgyM2E2YiJ9\">\n\t\t\t\t\t<div class=\"e-gallery-image elementor-gallery-item__image\" data-thumbnail=\"https:\/\/www.jgclassics.com\/wp-content\/uploads\/2023\/03\/IMG_3898-150x150.jpg\" data-width=\"150\" data-height=\"150\" aria-label=\"Renault 4CV: Vista general porta posterior dreta\" role=\"img\" ><\/div>\n\t\t\t\t\t\t\t\t\t\t\t<div class=\"elementor-gallery-item__overlay\"><\/div>\n\t\t\t\t\t\t\t\t\t\t\t\t\t\t<\/a>\n\t\t\t\t\t\t\t<a class=\"e-gallery-item elementor-gallery-item elementor-animated-content\" data-e-gallery-tags=\"0\" href=\"https:\/\/www.jgclassics.com\/wp-content\/uploads\/2023\/03\/IMG_3890-scaled.jpg\" data-elementor-open-lightbox=\"yes\" data-elementor-lightbox-slideshow=\"5823a6b\" data-elementor-lightbox-title=\"Renault 4CV: Vista general lateral\" data-elementor-lightbox-description=\"Renault 4CV: Disponible per a lloguer, fotos, filmacions, metratges\" data-e-action-hash=\"#elementor-action%3Aaction%3Dlightbox%26settings%3DeyJpZCI6MTI5NjMsInVybCI6Imh0dHBzOlwvXC93d3cuamdjbGFzc2ljcy5jb21cL3dwLWNvbnRlbnRcL3VwbG9hZHNcLzIwMjNcLzAzXC9JTUdfMzg5MC1zY2FsZWQuanBnIiwic2xpZGVzaG93IjoiNTgyM2E2YiJ9\">\n\t\t\t\t\t<div class=\"e-gallery-image elementor-gallery-item__image\" data-thumbnail=\"https:\/\/www.jgclassics.com\/wp-content\/uploads\/2023\/03\/IMG_3890-150x150.jpg\" data-width=\"150\" data-height=\"150\" aria-label=\"Renault 4CV: Vista general lateral\" role=\"img\" ><\/div>\n\t\t\t\t\t\t\t\t\t\t\t<div class=\"elementor-gallery-item__overlay\"><\/div>\n\t\t\t\t\t\t\t\t\t\t\t\t\t\t<\/a>\n\t\t\t\t\t\t\t<a class=\"e-gallery-item elementor-gallery-item elementor-animated-content\" data-e-gallery-tags=\"0\" href=\"https:\/\/www.jgclassics.com\/wp-content\/uploads\/2023\/03\/IMG_3888-scaled.jpg\" data-elementor-open-lightbox=\"yes\" data-elementor-lightbox-slideshow=\"5823a6b\" data-elementor-lightbox-title=\"Renault 4CV: Vista general davantera\" data-elementor-lightbox-description=\"Renault 4CV: Disponible per a lloguer, fotos, filmacions, metratges\" data-e-action-hash=\"#elementor-action%3Aaction%3Dlightbox%26settings%3DeyJpZCI6MTI5NjAsInVybCI6Imh0dHBzOlwvXC93d3cuamdjbGFzc2ljcy5jb21cL3dwLWNvbnRlbnRcL3VwbG9hZHNcLzIwMjNcLzAzXC9JTUdfMzg4OC1zY2FsZWQuanBnIiwic2xpZGVzaG93IjoiNTgyM2E2YiJ9\">\n\t\t\t\t\t<div class=\"e-gallery-image elementor-gallery-item__image\" data-thumbnail=\"https:\/\/www.jgclassics.com\/wp-content\/uploads\/2023\/03\/IMG_3888-150x150.jpg\" data-width=\"150\" data-height=\"150\" aria-label=\"Renault 4CV: Vista general davantera\" role=\"img\" ><\/div>\n\t\t\t\t\t\t\t\t\t\t\t<div class=\"elementor-gallery-item__overlay\"><\/div>\n\t\t\t\t\t\t\t\t\t\t\t\t\t\t<\/a>\n\t\t\t\t\t\t\t<a class=\"e-gallery-item elementor-gallery-item elementor-animated-content\" data-e-gallery-tags=\"0\" href=\"https:\/\/www.jgclassics.com\/wp-content\/uploads\/2023\/03\/20230305_133414-scaled.jpg\" data-elementor-open-lightbox=\"yes\" data-elementor-lightbox-slideshow=\"5823a6b\" data-elementor-lightbox-title=\"Renault 4CV: Vista detall calandra davanter i comandament obertura maleter\" data-elementor-lightbox-description=\"Renault 4CV: Disponible per a lloguer, fotos, filmacions, metratges\" data-e-action-hash=\"#elementor-action%3Aaction%3Dlightbox%26settings%3DeyJpZCI6MTI5MTgsInVybCI6Imh0dHBzOlwvXC93d3cuamdjbGFzc2ljcy5jb21cL3dwLWNvbnRlbnRcL3VwbG9hZHNcLzIwMjNcLzAzXC8yMDIzMDMwNV8xMzM0MTQtc2NhbGVkLmpwZyIsInNsaWRlc2hvdyI6IjU4MjNhNmIifQ%3D%3D\">\n\t\t\t\t\t<div class=\"e-gallery-image elementor-gallery-item__image\" data-thumbnail=\"https:\/\/www.jgclassics.com\/wp-content\/uploads\/2023\/03\/20230305_133414-150x150.jpg\" data-width=\"150\" data-height=\"150\" aria-label=\"Renault 4CV: Vista detall calandra davanter i comandament obertura maleter\" role=\"img\" ><\/div>\n\t\t\t\t\t\t\t\t\t\t\t<div class=\"elementor-gallery-item__overlay\"><\/div>\n\t\t\t\t\t\t\t\t\t\t\t\t\t\t<\/a>\n\t\t\t\t\t\t\t<a class=\"e-gallery-item elementor-gallery-item elementor-animated-content\" data-e-gallery-tags=\"0\" href=\"https:\/\/www.jgclassics.com\/wp-content\/uploads\/2023\/03\/20230305_133432-scaled.jpg\" data-elementor-open-lightbox=\"yes\" data-elementor-lightbox-slideshow=\"5823a6b\" data-elementor-lightbox-title=\"Renault 4CV: Detall parabrises davanter\" data-elementor-lightbox-description=\"Renault 4CV: Disponible per a lloguer, fotos, filmacions, metratges\" data-e-action-hash=\"#elementor-action%3Aaction%3Dlightbox%26settings%3DeyJpZCI6MTI5MjEsInVybCI6Imh0dHBzOlwvXC93d3cuamdjbGFzc2ljcy5jb21cL3dwLWNvbnRlbnRcL3VwbG9hZHNcLzIwMjNcLzAzXC8yMDIzMDMwNV8xMzM0MzItc2NhbGVkLmpwZyIsInNsaWRlc2hvdyI6IjU4MjNhNmIifQ%3D%3D\">\n\t\t\t\t\t<div class=\"e-gallery-image elementor-gallery-item__image\" data-thumbnail=\"https:\/\/www.jgclassics.com\/wp-content\/uploads\/2023\/03\/20230305_133432-150x150.jpg\" data-width=\"150\" data-height=\"150\" aria-label=\"Renault 4CV: Detall parabrises davanter\" role=\"img\" ><\/div>\n\t\t\t\t\t\t\t\t\t\t\t<div class=\"elementor-gallery-item__overlay\"><\/div>\n\t\t\t\t\t\t\t\t\t\t\t\t\t\t<\/a>\n\t\t\t\t\t\t\t<a class=\"e-gallery-item elementor-gallery-item elementor-animated-content\" data-e-gallery-tags=\"0\" href=\"https:\/\/www.jgclassics.com\/wp-content\/uploads\/2023\/03\/20230305_130223-scaled.jpg\" data-elementor-open-lightbox=\"yes\" data-elementor-lightbox-slideshow=\"5823a6b\" data-elementor-lightbox-title=\"Renault 4CV\" data-elementor-lightbox-description=\"Renault 4CV JG Classics\" data-e-action-hash=\"#elementor-action%3Aaction%3Dlightbox%26settings%3DeyJpZCI6MTI4MDQsInVybCI6Imh0dHBzOlwvXC93d3cuamdjbGFzc2ljcy5jb21cL3dwLWNvbnRlbnRcL3VwbG9hZHNcLzIwMjNcLzAzXC8yMDIzMDMwNV8xMzAyMjMtc2NhbGVkLmpwZyIsInNsaWRlc2hvdyI6IjU4MjNhNmIifQ%3D%3D\">\n\t\t\t\t\t<div class=\"e-gallery-image elementor-gallery-item__image\" data-thumbnail=\"https:\/\/www.jgclassics.com\/wp-content\/uploads\/2023\/03\/20230305_130223-150x150.jpg\" data-width=\"150\" data-height=\"150\" aria-label=\"Renault 4CV\" role=\"img\" ><\/div>\n\t\t\t\t\t\t\t\t\t\t\t<div class=\"elementor-gallery-item__overlay\"><\/div>\n\t\t\t\t\t\t\t\t\t\t\t\t\t\t<\/a>\n\t\t\t\t\t\t\t<a class=\"e-gallery-item elementor-gallery-item elementor-animated-content\" data-e-gallery-tags=\"0\" href=\"https:\/\/www.jgclassics.com\/wp-content\/uploads\/2023\/03\/20230305_130457-copia-scaled.jpg\" data-elementor-open-lightbox=\"yes\" data-elementor-lightbox-slideshow=\"5823a6b\" data-elementor-lightbox-title=\"Renault 4CV: vista frontal\" data-elementor-lightbox-description=\"Renault 4CV: Disponible per a lloguer, fotos, filmacions, metratges\" data-e-action-hash=\"#elementor-action%3Aaction%3Dlightbox%26settings%3DeyJpZCI6MTI4MzcsInVybCI6Imh0dHBzOlwvXC93d3cuamdjbGFzc2ljcy5jb21cL3dwLWNvbnRlbnRcL3VwbG9hZHNcLzIwMjNcLzAzXC8yMDIzMDMwNV8xMzA0NTctY29waWEtc2NhbGVkLmpwZyIsInNsaWRlc2hvdyI6IjU4MjNhNmIifQ%3D%3D\">\n\t\t\t\t\t<div class=\"e-gallery-image elementor-gallery-item__image\" data-thumbnail=\"https:\/\/www.jgclassics.com\/wp-content\/uploads\/2023\/03\/20230305_130457-copia-scaled.jpg\" data-width=\"84\" data-height=\"150\" aria-label=\"Renault 4CV: vista frontal\" role=\"img\" ><\/div>\n\t\t\t\t\t\t\t\t\t\t\t<div class=\"elementor-gallery-item__overlay\"><\/div>\n\t\t\t\t\t\t\t\t\t\t\t\t\t\t<\/a>\n\t\t\t\t\t\t\t<a class=\"e-gallery-item elementor-gallery-item elementor-animated-content\" data-e-gallery-tags=\"0\" href=\"https:\/\/www.jgclassics.com\/wp-content\/uploads\/2023\/03\/20230305_131338-scaled.jpg\" data-elementor-open-lightbox=\"yes\" data-elementor-lightbox-slideshow=\"5823a6b\" data-elementor-lightbox-title=\"Renault 4CV. Vista lateral posterior. Llum intermitent\/estacionament\" data-elementor-lightbox-description=\"Renault 4CV: Disponible per a lloguer, fotos, filmacions, metratges (Zona Barcelona)\" data-e-action-hash=\"#elementor-action%3Aaction%3Dlightbox%26settings%3DeyJpZCI6MTMwMTQsInVybCI6Imh0dHBzOlwvXC93d3cuamdjbGFzc2ljcy5jb21cL3dwLWNvbnRlbnRcL3VwbG9hZHNcLzIwMjNcLzAzXC8yMDIzMDMwNV8xMzEzMzgtc2NhbGVkLmpwZyIsInNsaWRlc2hvdyI6IjU4MjNhNmIifQ%3D%3D\">\n\t\t\t\t\t<div class=\"e-gallery-image elementor-gallery-item__image\" data-thumbnail=\"https:\/\/www.jgclassics.com\/wp-content\/uploads\/2023\/03\/20230305_131338-150x150.jpg\" data-width=\"150\" data-height=\"150\" aria-label=\"Renault 4CV. Vista lateral posterior. Llum intermitent\/estacionament\" role=\"img\" ><\/div>\n\t\t\t\t\t\t\t\t\t\t\t<div class=\"elementor-gallery-item__overlay\"><\/div>\n\t\t\t\t\t\t\t\t\t\t\t\t\t\t<\/a>\n\t\t\t\t\t\t\t<a class=\"e-gallery-item elementor-gallery-item elementor-animated-content\" data-e-gallery-tags=\"0\" href=\"https:\/\/www.jgclassics.com\/wp-content\/uploads\/2023\/03\/20230305_130442-scaled.jpg\" data-elementor-open-lightbox=\"yes\" data-elementor-lightbox-slideshow=\"5823a6b\" data-elementor-lightbox-title=\"Renault 4CV calandra davantera (model &quot;3 bigotis&quot;)\" data-elementor-lightbox-description=\"Renault 4CV: Disponible per a lloguer, fotos, filmacions, metratges\" data-e-action-hash=\"#elementor-action%3Aaction%3Dlightbox%26settings%3DeyJpZCI6MTMxMDQsInVybCI6Imh0dHBzOlwvXC93d3cuamdjbGFzc2ljcy5jb21cL3dwLWNvbnRlbnRcL3VwbG9hZHNcLzIwMjNcLzAzXC8yMDIzMDMwNV8xMzA0NDItc2NhbGVkLmpwZyIsInNsaWRlc2hvdyI6IjU4MjNhNmIifQ%3D%3D\">\n\t\t\t\t\t<div class=\"e-gallery-image elementor-gallery-item__image\" data-thumbnail=\"https:\/\/www.jgclassics.com\/wp-content\/uploads\/2023\/03\/20230305_130442-150x150.jpg\" data-width=\"150\" data-height=\"150\" aria-label=\"Renault 4CV calandra davantera (model &quot;3 bigotis&quot;)\" role=\"img\" ><\/div>\n\t\t\t\t\t\t\t\t\t\t\t<div class=\"elementor-gallery-item__overlay\"><\/div>\n\t\t\t\t\t\t\t\t\t\t\t\t\t\t<\/a>\n\t\t\t\t\t\t\t<a class=\"e-gallery-item elementor-gallery-item elementor-animated-content\" data-e-gallery-tags=\"0\" href=\"https:\/\/www.jgclassics.com\/wp-content\/uploads\/2023\/03\/20230305_130602-scaled.jpg\" data-elementor-open-lightbox=\"yes\" data-elementor-lightbox-slideshow=\"5823a6b\" data-elementor-lightbox-title=\"Renault 4CV aleta davantera\" data-elementor-lightbox-description=\"Renault 4CV: Disponible per a lloguer, fotos, filmacions, metratges\" data-e-action-hash=\"#elementor-action%3Aaction%3Dlightbox%26settings%3DeyJpZCI6MTMxMDcsInVybCI6Imh0dHBzOlwvXC93d3cuamdjbGFzc2ljcy5jb21cL3dwLWNvbnRlbnRcL3VwbG9hZHNcLzIwMjNcLzAzXC8yMDIzMDMwNV8xMzA2MDItc2NhbGVkLmpwZyIsInNsaWRlc2hvdyI6IjU4MjNhNmIifQ%3D%3D\">\n\t\t\t\t\t<div class=\"e-gallery-image elementor-gallery-item__image\" data-thumbnail=\"https:\/\/www.jgclassics.com\/wp-content\/uploads\/2023\/03\/20230305_130602-150x150.jpg\" data-width=\"150\" data-height=\"150\" aria-label=\"Renault 4CV aleta davantera\" role=\"img\" ><\/div>\n\t\t\t\t\t\t\t\t\t\t\t<div class=\"elementor-gallery-item__overlay\"><\/div>\n\t\t\t\t\t\t\t\t\t\t\t\t\t\t<\/a>\n\t\t\t\t\t\t\t<a class=\"e-gallery-item elementor-gallery-item elementor-animated-content\" data-e-gallery-tags=\"0\" href=\"https:\/\/www.jgclassics.com\/wp-content\/uploads\/2023\/03\/20230305_130614-copia-1-scaled.jpg\" data-elementor-open-lightbox=\"yes\" data-elementor-lightbox-slideshow=\"5823a6b\" data-elementor-lightbox-title=\"Renault 4CV guardabarros posterior detall cromats\" data-elementor-lightbox-description=\"Renault 4CV: Disponible per a lloguer, fotos, filmacions, metratges\" data-e-action-hash=\"#elementor-action%3Aaction%3Dlightbox%26settings%3DeyJpZCI6MTMxMTAsInVybCI6Imh0dHBzOlwvXC93d3cuamdjbGFzc2ljcy5jb21cL3dwLWNvbnRlbnRcL3VwbG9hZHNcLzIwMjNcLzAzXC8yMDIzMDMwNV8xMzA2MTQtY29waWEtMS1zY2FsZWQuanBnIiwic2xpZGVzaG93IjoiNTgyM2E2YiJ9\">\n\t\t\t\t\t<div class=\"e-gallery-image elementor-gallery-item__image\" data-thumbnail=\"https:\/\/www.jgclassics.com\/wp-content\/uploads\/2023\/03\/20230305_130614-copia-1-150x150.jpg\" data-width=\"150\" data-height=\"150\" aria-label=\"Renault 4CV guardabarros posterior detall cromats\" role=\"img\" ><\/div>\n\t\t\t\t\t\t\t\t\t\t\t<div class=\"elementor-gallery-item__overlay\"><\/div>\n\t\t\t\t\t\t\t\t\t\t\t\t\t\t<\/a>\n\t\t\t\t\t\t\t<a class=\"e-gallery-item elementor-gallery-item elementor-animated-content\" data-e-gallery-tags=\"1\" href=\"https:\/\/www.jgclassics.com\/wp-content\/uploads\/2023\/03\/IMG_3901-scaled.jpg\" data-elementor-open-lightbox=\"yes\" data-elementor-lightbox-slideshow=\"5823a6b\" data-elementor-lightbox-title=\"Renault 4CV: Vista interior detras - Entapissat sostre\" data-elementor-lightbox-description=\"Renault 4CV: Disponible per a lloguer, fotos, filmacions, metratges (Zona Barcelona)\" data-e-action-hash=\"#elementor-action%3Aaction%3Dlightbox%26settings%3DeyJpZCI6MTI5ODEsInVybCI6Imh0dHBzOlwvXC93d3cuamdjbGFzc2ljcy5jb21cL3dwLWNvbnRlbnRcL3VwbG9hZHNcLzIwMjNcLzAzXC9JTUdfMzkwMS1zY2FsZWQuanBnIiwic2xpZGVzaG93IjoiNTgyM2E2YiJ9\">\n\t\t\t\t\t<div class=\"e-gallery-image elementor-gallery-item__image\" data-thumbnail=\"https:\/\/www.jgclassics.com\/wp-content\/uploads\/2023\/03\/IMG_3901-150x150.jpg\" data-width=\"150\" data-height=\"150\" aria-label=\"Renault 4CV: Vista interior detras - Entapissat sostre\" role=\"img\" ><\/div>\n\t\t\t\t\t\t\t\t\t\t\t<div class=\"elementor-gallery-item__overlay\"><\/div>\n\t\t\t\t\t\t\t\t\t\t\t\t\t\t<\/a>\n\t\t\t\t\t\t\t<a class=\"e-gallery-item elementor-gallery-item elementor-animated-content\" data-e-gallery-tags=\"1\" href=\"https:\/\/www.jgclassics.com\/wp-content\/uploads\/2023\/03\/IMG_3900-scaled.jpg\" data-elementor-open-lightbox=\"yes\" data-elementor-lightbox-slideshow=\"5823a6b\" data-elementor-lightbox-title=\"Renault 4CV: Vista interior davant - Seients conductor i acompanyant\" data-elementor-lightbox-description=\"Renault 4CV: Disponible per a lloguer, fotos, filmacions, metratges\" data-e-action-hash=\"#elementor-action%3Aaction%3Dlightbox%26settings%3DeyJpZCI6MTI5NzgsInVybCI6Imh0dHBzOlwvXC93d3cuamdjbGFzc2ljcy5jb21cL3dwLWNvbnRlbnRcL3VwbG9hZHNcLzIwMjNcLzAzXC9JTUdfMzkwMC1zY2FsZWQuanBnIiwic2xpZGVzaG93IjoiNTgyM2E2YiJ9\">\n\t\t\t\t\t<div class=\"e-gallery-image elementor-gallery-item__image\" data-thumbnail=\"https:\/\/www.jgclassics.com\/wp-content\/uploads\/2023\/03\/IMG_3900-150x150.jpg\" data-width=\"150\" data-height=\"150\" aria-label=\"Renault 4CV: Vista interior davant - Seients conductor i acompanyant\" role=\"img\" ><\/div>\n\t\t\t\t\t\t\t\t\t\t\t<div class=\"elementor-gallery-item__overlay\"><\/div>\n\t\t\t\t\t\t\t\t\t\t\t\t\t\t<\/a>\n\t\t\t\t\t\t\t<a class=\"e-gallery-item elementor-gallery-item elementor-animated-content\" data-e-gallery-tags=\"1\" href=\"https:\/\/www.jgclassics.com\/wp-content\/uploads\/2023\/03\/IMG_3899-scaled.jpg\" data-elementor-open-lightbox=\"yes\" data-elementor-lightbox-slideshow=\"5823a6b\" data-elementor-lightbox-title=\"Renault 4CV: Vista interior detras - Entapissat sostre\" data-elementor-lightbox-description=\"Renault 4CV: Disponible per a lloguer, fotos, filmacions, metratges\" data-e-action-hash=\"#elementor-action%3Aaction%3Dlightbox%26settings%3DeyJpZCI6MTI5NzUsInVybCI6Imh0dHBzOlwvXC93d3cuamdjbGFzc2ljcy5jb21cL3dwLWNvbnRlbnRcL3VwbG9hZHNcLzIwMjNcLzAzXC9JTUdfMzg5OS1zY2FsZWQuanBnIiwic2xpZGVzaG93IjoiNTgyM2E2YiJ9\">\n\t\t\t\t\t<div class=\"e-gallery-image elementor-gallery-item__image\" data-thumbnail=\"https:\/\/www.jgclassics.com\/wp-content\/uploads\/2023\/03\/IMG_3899-150x150.jpg\" data-width=\"150\" data-height=\"150\" aria-label=\"Renault 4CV: Vista interior detras - Entapissat sostre\" role=\"img\" ><\/div>\n\t\t\t\t\t\t\t\t\t\t\t<div class=\"elementor-gallery-item__overlay\"><\/div>\n\t\t\t\t\t\t\t\t\t\t\t\t\t\t<\/a>\n\t\t\t\t\t\t\t<a class=\"e-gallery-item elementor-gallery-item elementor-animated-content\" data-e-gallery-tags=\"1\" href=\"https:\/\/www.jgclassics.com\/wp-content\/uploads\/2023\/03\/IMG_3896-scaled.jpg\" data-elementor-open-lightbox=\"yes\" data-elementor-lightbox-slideshow=\"5823a6b\" data-elementor-lightbox-title=\"Renault 4CV: Vista general interior lloc del conductor\" data-elementor-lightbox-description=\"Renault 4CV: Disponible per a lloguer, fotos, filmacions, metratges\" data-e-action-hash=\"#elementor-action%3Aaction%3Dlightbox%26settings%3DeyJpZCI6MTI5NjksInVybCI6Imh0dHBzOlwvXC93d3cuamdjbGFzc2ljcy5jb21cL3dwLWNvbnRlbnRcL3VwbG9hZHNcLzIwMjNcLzAzXC9JTUdfMzg5Ni1zY2FsZWQuanBnIiwic2xpZGVzaG93IjoiNTgyM2E2YiJ9\">\n\t\t\t\t\t<div class=\"e-gallery-image elementor-gallery-item__image\" data-thumbnail=\"https:\/\/www.jgclassics.com\/wp-content\/uploads\/2023\/03\/IMG_3896-150x150.jpg\" data-width=\"150\" data-height=\"150\" aria-label=\"Renault 4CV: Vista general interior lloc del conductor\" role=\"img\" ><\/div>\n\t\t\t\t\t\t\t\t\t\t\t<div class=\"elementor-gallery-item__overlay\"><\/div>\n\t\t\t\t\t\t\t\t\t\t\t\t\t\t<\/a>\n\t\t\t\t\t\t\t<a class=\"e-gallery-item elementor-gallery-item elementor-animated-content\" data-e-gallery-tags=\"1\" href=\"https:\/\/www.jgclassics.com\/wp-content\/uploads\/2023\/03\/IMG_3894-scaled.jpg\" data-elementor-open-lightbox=\"yes\" data-elementor-lightbox-slideshow=\"5823a6b\" data-elementor-lightbox-title=\"Renault 4CV: Vista general interior interior esquitxador. Veure altaveus baix-esquitxador a banda i banda\" data-elementor-lightbox-description=\"Renault 4CV: Disponible per a lloguer, fotos, filmacions, metratges\" data-e-action-hash=\"#elementor-action%3Aaction%3Dlightbox%26settings%3DeyJpZCI6MTI5NjYsInVybCI6Imh0dHBzOlwvXC93d3cuamdjbGFzc2ljcy5jb21cL3dwLWNvbnRlbnRcL3VwbG9hZHNcLzIwMjNcLzAzXC9JTUdfMzg5NC1zY2FsZWQuanBnIiwic2xpZGVzaG93IjoiNTgyM2E2YiJ9\">\n\t\t\t\t\t<div class=\"e-gallery-image elementor-gallery-item__image\" data-thumbnail=\"https:\/\/www.jgclassics.com\/wp-content\/uploads\/2023\/03\/IMG_3894-150x150.jpg\" data-width=\"150\" data-height=\"150\" aria-label=\"Renault 4CV: Vista general interior interior esquitxador. Veure altaveus baix-esquitxador a banda i banda\" role=\"img\" ><\/div>\n\t\t\t\t\t\t\t\t\t\t\t<div class=\"elementor-gallery-item__overlay\"><\/div>\n\t\t\t\t\t\t\t\t\t\t\t\t\t\t<\/a>\n\t\t\t\t\t\t\t<a class=\"e-gallery-item elementor-gallery-item elementor-animated-content\" data-e-gallery-tags=\"1\" href=\"https:\/\/www.jgclassics.com\/wp-content\/uploads\/2023\/03\/20230305_133442-scaled.jpg\" data-elementor-open-lightbox=\"yes\" data-elementor-lightbox-slideshow=\"5823a6b\" data-elementor-lightbox-title=\"Renault 4CV: Detall r\u00e0dio blaupunkt 1963 (restaurada)\" data-elementor-lightbox-description=\"Renault 4CV: Disponible per a lloguer, fotos, filmacions, metratges\" data-e-action-hash=\"#elementor-action%3Aaction%3Dlightbox%26settings%3DeyJpZCI6MTI5MjQsInVybCI6Imh0dHBzOlwvXC93d3cuamdjbGFzc2ljcy5jb21cL3dwLWNvbnRlbnRcL3VwbG9hZHNcLzIwMjNcLzAzXC8yMDIzMDMwNV8xMzM0NDItc2NhbGVkLmpwZyIsInNsaWRlc2hvdyI6IjU4MjNhNmIifQ%3D%3D\">\n\t\t\t\t\t<div class=\"e-gallery-image elementor-gallery-item__image\" data-thumbnail=\"https:\/\/www.jgclassics.com\/wp-content\/uploads\/2023\/03\/20230305_133442-150x150.jpg\" data-width=\"150\" data-height=\"150\" aria-label=\"Renault 4CV: Detall r\u00e0dio blaupunkt 1963 (restaurada)\" role=\"img\" ><\/div>\n\t\t\t\t\t\t\t\t\t\t\t<div class=\"elementor-gallery-item__overlay\"><\/div>\n\t\t\t\t\t\t\t\t\t\t\t\t\t\t<\/a>\n\t\t\t\t\t\t\t<a class=\"e-gallery-item elementor-gallery-item elementor-animated-content\" data-e-gallery-tags=\"1\" href=\"https:\/\/www.jgclassics.com\/wp-content\/uploads\/2023\/03\/20230305_130957-copia-scaled.jpg\" data-elementor-open-lightbox=\"yes\" data-elementor-lightbox-slideshow=\"5823a6b\" data-elementor-lightbox-title=\"Renault 4CV: Interior tauler\" data-elementor-lightbox-description=\"Renault 4CV: Disponible per a lloguer, fotos, filmacions, metratges\" data-e-action-hash=\"#elementor-action%3Aaction%3Dlightbox%26settings%3DeyJpZCI6MTI4ODgsInVybCI6Imh0dHBzOlwvXC93d3cuamdjbGFzc2ljcy5jb21cL3dwLWNvbnRlbnRcL3VwbG9hZHNcLzIwMjNcLzAzXC8yMDIzMDMwNV8xMzA5NTctY29waWEtc2NhbGVkLmpwZyIsInNsaWRlc2hvdyI6IjU4MjNhNmIifQ%3D%3D\">\n\t\t\t\t\t<div class=\"e-gallery-image elementor-gallery-item__image\" data-thumbnail=\"https:\/\/www.jgclassics.com\/wp-content\/uploads\/2023\/03\/20230305_130957-copia-150x150.jpg\" data-width=\"150\" data-height=\"150\" aria-label=\"Renault 4CV: Interior tauler\" role=\"img\" ><\/div>\n\t\t\t\t\t\t\t\t\t\t\t<div class=\"elementor-gallery-item__overlay\"><\/div>\n\t\t\t\t\t\t\t\t\t\t\t\t\t\t<\/a>\n\t\t\t\t\t\t\t<a class=\"e-gallery-item elementor-gallery-item elementor-animated-content\" data-e-gallery-tags=\"1\" href=\"https:\/\/www.jgclassics.com\/wp-content\/uploads\/2023\/03\/20230305_130829-copia-scaled.jpg\" data-elementor-open-lightbox=\"yes\" data-elementor-lightbox-slideshow=\"5823a6b\" data-elementor-lightbox-title=\"Renault 4CV: Interior esquitxador costat conductor\" data-elementor-lightbox-description=\"Renault 4CV: Disponible per a lloguer, fotos, filmacions, metratges\" data-e-action-hash=\"#elementor-action%3Aaction%3Dlightbox%26settings%3DeyJpZCI6MTI4NzAsInVybCI6Imh0dHBzOlwvXC93d3cuamdjbGFzc2ljcy5jb21cL3dwLWNvbnRlbnRcL3VwbG9hZHNcLzIwMjNcLzAzXC8yMDIzMDMwNV8xMzA4MjktY29waWEtc2NhbGVkLmpwZyIsInNsaWRlc2hvdyI6IjU4MjNhNmIifQ%3D%3D\">\n\t\t\t\t\t<div class=\"e-gallery-image elementor-gallery-item__image\" data-thumbnail=\"https:\/\/www.jgclassics.com\/wp-content\/uploads\/2023\/03\/20230305_130829-copia-150x150.jpg\" data-width=\"150\" data-height=\"150\" aria-label=\"Renault 4CV: Interior esquitxador costat conductor\" role=\"img\" ><\/div>\n\t\t\t\t\t\t\t\t\t\t\t<div class=\"elementor-gallery-item__overlay\"><\/div>\n\t\t\t\t\t\t\t\t\t\t\t\t\t\t<\/a>\n\t\t\t\t\t\t\t<a class=\"e-gallery-item elementor-gallery-item elementor-animated-content\" data-e-gallery-tags=\"1\" href=\"https:\/\/www.jgclassics.com\/wp-content\/uploads\/2023\/03\/20230305_130837-copia-scaled.jpg\" data-elementor-open-lightbox=\"yes\" data-elementor-lightbox-slideshow=\"5823a6b\" data-elementor-lightbox-title=\"Renault 4CV: Interior esquitxador costat conductor\" data-elementor-lightbox-description=\"Renault 4CV: Disponible per a lloguer, fotos, filmacions, metratges\" data-e-action-hash=\"#elementor-action%3Aaction%3Dlightbox%26settings%3DeyJpZCI6MTI4NzMsInVybCI6Imh0dHBzOlwvXC93d3cuamdjbGFzc2ljcy5jb21cL3dwLWNvbnRlbnRcL3VwbG9hZHNcLzIwMjNcLzAzXC8yMDIzMDMwNV8xMzA4MzctY29waWEtc2NhbGVkLmpwZyIsInNsaWRlc2hvdyI6IjU4MjNhNmIifQ%3D%3D\">\n\t\t\t\t\t<div class=\"e-gallery-image elementor-gallery-item__image\" data-thumbnail=\"https:\/\/www.jgclassics.com\/wp-content\/uploads\/2023\/03\/20230305_130837-copia-150x150.jpg\" data-width=\"150\" data-height=\"150\" aria-label=\"Renault 4CV: Interior esquitxador costat conductor\" role=\"img\" ><\/div>\n\t\t\t\t\t\t\t\t\t\t\t<div class=\"elementor-gallery-item__overlay\"><\/div>\n\t\t\t\t\t\t\t\t\t\t\t\t\t\t<\/a>\n\t\t\t\t\t\t\t<a class=\"e-gallery-item elementor-gallery-item elementor-animated-content\" data-e-gallery-tags=\"1\" href=\"https:\/\/www.jgclassics.com\/wp-content\/uploads\/2023\/03\/20230305_130844-copia-scaled.jpg\" data-elementor-open-lightbox=\"yes\" data-elementor-lightbox-slideshow=\"5823a6b\" data-elementor-lightbox-title=\"Renault 4CV: Interior esquitxador consola central\" data-elementor-lightbox-description=\"Renault 4CV: Disponible per a lloguer, fotos, filmacions, metratges\" data-e-action-hash=\"#elementor-action%3Aaction%3Dlightbox%26settings%3DeyJpZCI6MTI4NzYsInVybCI6Imh0dHBzOlwvXC93d3cuamdjbGFzc2ljcy5jb21cL3dwLWNvbnRlbnRcL3VwbG9hZHNcLzIwMjNcLzAzXC8yMDIzMDMwNV8xMzA4NDQtY29waWEtc2NhbGVkLmpwZyIsInNsaWRlc2hvdyI6IjU4MjNhNmIifQ%3D%3D\">\n\t\t\t\t\t<div class=\"e-gallery-image elementor-gallery-item__image\" data-thumbnail=\"https:\/\/www.jgclassics.com\/wp-content\/uploads\/2023\/03\/20230305_130844-copia-150x150.jpg\" data-width=\"150\" data-height=\"150\" aria-label=\"Renault 4CV: Interior esquitxador consola central\" role=\"img\" ><\/div>\n\t\t\t\t\t\t\t\t\t\t\t<div class=\"elementor-gallery-item__overlay\"><\/div>\n\t\t\t\t\t\t\t\t\t\t\t\t\t\t<\/a>\n\t\t\t\t\t\t\t<a class=\"e-gallery-item elementor-gallery-item elementor-animated-content\" data-e-gallery-tags=\"1\" href=\"https:\/\/www.jgclassics.com\/wp-content\/uploads\/2023\/03\/20230305_130903-copia-scaled.jpg\" data-elementor-open-lightbox=\"yes\" data-elementor-lightbox-slideshow=\"5823a6b\" data-elementor-lightbox-title=\"Renault 4CV: Interior-R\u00e0dio blaupunkt 1963 original\" data-elementor-lightbox-description=\"Renault 4CV: Disponible per a lloguer, fotos, filmacions, metratges\" data-e-action-hash=\"#elementor-action%3Aaction%3Dlightbox%26settings%3DeyJpZCI6MTI4NzksInVybCI6Imh0dHBzOlwvXC93d3cuamdjbGFzc2ljcy5jb21cL3dwLWNvbnRlbnRcL3VwbG9hZHNcLzIwMjNcLzAzXC8yMDIzMDMwNV8xMzA5MDMtY29waWEtc2NhbGVkLmpwZyIsInNsaWRlc2hvdyI6IjU4MjNhNmIifQ%3D%3D\">\n\t\t\t\t\t<div class=\"e-gallery-image elementor-gallery-item__image\" data-thumbnail=\"https:\/\/www.jgclassics.com\/wp-content\/uploads\/2023\/03\/20230305_130903-copia-150x150.jpg\" data-width=\"150\" data-height=\"150\" aria-label=\"Renault 4CV: Interior-R\u00e0dio blaupunkt 1963 original\" role=\"img\" ><\/div>\n\t\t\t\t\t\t\t\t\t\t\t<div class=\"elementor-gallery-item__overlay\"><\/div>\n\t\t\t\t\t\t\t\t\t\t\t\t\t\t<\/a>\n\t\t\t\t\t\t\t<a class=\"e-gallery-item elementor-gallery-item elementor-animated-content\" data-e-gallery-tags=\"1\" href=\"https:\/\/www.jgclassics.com\/wp-content\/uploads\/2023\/03\/20230305_130941-copia-scaled.jpg\" data-elementor-open-lightbox=\"yes\" data-elementor-lightbox-slideshow=\"5823a6b\" data-elementor-lightbox-title=\"Renault 4CV: Interior tauler\" data-elementor-lightbox-description=\"Renault 4CV: Disponible per a lloguer, fotos, filmacions, metratges\" data-e-action-hash=\"#elementor-action%3Aaction%3Dlightbox%26settings%3DeyJpZCI6MTI4ODIsInVybCI6Imh0dHBzOlwvXC93d3cuamdjbGFzc2ljcy5jb21cL3dwLWNvbnRlbnRcL3VwbG9hZHNcLzIwMjNcLzAzXC8yMDIzMDMwNV8xMzA5NDEtY29waWEtc2NhbGVkLmpwZyIsInNsaWRlc2hvdyI6IjU4MjNhNmIifQ%3D%3D\">\n\t\t\t\t\t<div class=\"e-gallery-image elementor-gallery-item__image\" data-thumbnail=\"https:\/\/www.jgclassics.com\/wp-content\/uploads\/2023\/03\/20230305_130941-copia-150x150.jpg\" data-width=\"150\" data-height=\"150\" aria-label=\"Renault 4CV: Interior tauler\" role=\"img\" ><\/div>\n\t\t\t\t\t\t\t\t\t\t\t<div class=\"elementor-gallery-item__overlay\"><\/div>\n\t\t\t\t\t\t\t\t\t\t\t\t\t\t<\/a>\n\t\t\t\t\t\t\t<a class=\"e-gallery-item elementor-gallery-item elementor-animated-content\" data-e-gallery-tags=\"1\" href=\"https:\/\/www.jgclassics.com\/wp-content\/uploads\/2023\/03\/20230305_130944-copia-scaled.jpg\" data-elementor-open-lightbox=\"yes\" data-elementor-lightbox-slideshow=\"5823a6b\" data-elementor-lightbox-title=\"Renault 4CV: Interior - tauler\" data-elementor-lightbox-description=\"Renault 4CV: Disponible per a lloguer, fotos, filmacions, metratges\" data-e-action-hash=\"#elementor-action%3Aaction%3Dlightbox%26settings%3DeyJpZCI6MTI4ODUsInVybCI6Imh0dHBzOlwvXC93d3cuamdjbGFzc2ljcy5jb21cL3dwLWNvbnRlbnRcL3VwbG9hZHNcLzIwMjNcLzAzXC8yMDIzMDMwNV8xMzA5NDQtY29waWEtc2NhbGVkLmpwZyIsInNsaWRlc2hvdyI6IjU4MjNhNmIifQ%3D%3D\">\n\t\t\t\t\t<div class=\"e-gallery-image elementor-gallery-item__image\" data-thumbnail=\"https:\/\/www.jgclassics.com\/wp-content\/uploads\/2023\/03\/20230305_130944-copia-150x150.jpg\" data-width=\"150\" data-height=\"150\" aria-label=\"Renault 4CV: Interior - tauler\" role=\"img\" ><\/div>\n\t\t\t\t\t\t\t\t\t\t\t<div class=\"elementor-gallery-item__overlay\"><\/div>\n\t\t\t\t\t\t\t\t\t\t\t\t\t\t<\/a>\n\t\t\t\t\t\t\t<a class=\"e-gallery-item elementor-gallery-item elementor-animated-content\" data-e-gallery-tags=\"1\" href=\"https:\/\/www.jgclassics.com\/wp-content\/uploads\/2023\/03\/20230305_133456-scaled.jpg\" data-elementor-open-lightbox=\"yes\" data-elementor-lightbox-slideshow=\"5823a6b\" data-elementor-lightbox-title=\"Renault 4CV: Rellotges mesuraments extres afegits (instal\u00b7laci\u00f3 reversible)\" data-elementor-lightbox-description=\"Renault 4CV: Disponible per a lloguer, fotos, filmacions, metratges\" data-e-action-hash=\"#elementor-action%3Aaction%3Dlightbox%26settings%3DeyJpZCI6MTI5MzAsInVybCI6Imh0dHBzOlwvXC93d3cuamdjbGFzc2ljcy5jb21cL3dwLWNvbnRlbnRcL3VwbG9hZHNcLzIwMjNcLzAzXC8yMDIzMDMwNV8xMzM0NTYtc2NhbGVkLmpwZyIsInNsaWRlc2hvdyI6IjU4MjNhNmIifQ%3D%3D\">\n\t\t\t\t\t<div class=\"e-gallery-image elementor-gallery-item__image\" data-thumbnail=\"https:\/\/www.jgclassics.com\/wp-content\/uploads\/2023\/03\/20230305_133456-150x150.jpg\" data-width=\"150\" data-height=\"150\" aria-label=\"Renault 4CV: Rellotges mesuraments extres afegits (instal\u00b7laci\u00f3 reversible)\" role=\"img\" ><\/div>\n\t\t\t\t\t\t\t\t\t\t\t<div class=\"elementor-gallery-item__overlay\"><\/div>\n\t\t\t\t\t\t\t\t\t\t\t\t\t\t<\/a>\n\t\t\t\t\t\t\t<a class=\"e-gallery-item elementor-gallery-item elementor-animated-content\" data-e-gallery-tags=\"1\" href=\"https:\/\/www.jgclassics.com\/wp-content\/uploads\/2023\/03\/20230305_133448-scaled.jpg\" data-elementor-open-lightbox=\"yes\" data-elementor-lightbox-slideshow=\"5823a6b\" data-elementor-lightbox-title=\"Renault 4CV: Altaveu r\u00e0dio marca Hertz integrat en baix-esquitxador\" data-elementor-lightbox-description=\"Renault 4CV: Disponible per a lloguer, fotos, filmacions, metratges\" data-e-action-hash=\"#elementor-action%3Aaction%3Dlightbox%26settings%3DeyJpZCI6MTI5MjcsInVybCI6Imh0dHBzOlwvXC93d3cuamdjbGFzc2ljcy5jb21cL3dwLWNvbnRlbnRcL3VwbG9hZHNcLzIwMjNcLzAzXC8yMDIzMDMwNV8xMzM0NDgtc2NhbGVkLmpwZyIsInNsaWRlc2hvdyI6IjU4MjNhNmIifQ%3D%3D\">\n\t\t\t\t\t<div class=\"e-gallery-image elementor-gallery-item__image\" data-thumbnail=\"https:\/\/www.jgclassics.com\/wp-content\/uploads\/2023\/03\/20230305_133448-150x150.jpg\" data-width=\"150\" data-height=\"150\" aria-label=\"Renault 4CV: Altaveu r\u00e0dio marca Hertz integrat en baix-esquitxador\" role=\"img\" ><\/div>\n\t\t\t\t\t\t\t\t\t\t\t<div class=\"elementor-gallery-item__overlay\"><\/div>\n\t\t\t\t\t\t\t\t\t\t\t\t\t\t<\/a>\n\t\t\t\t\t\t\t<a class=\"e-gallery-item elementor-gallery-item elementor-animated-content\" data-e-gallery-tags=\"1\" href=\"https:\/\/www.jgclassics.com\/wp-content\/uploads\/2023\/03\/20230305_131030-scaled.jpg\" data-elementor-open-lightbox=\"yes\" data-elementor-lightbox-slideshow=\"5823a6b\" data-elementor-lightbox-title=\"Renault 4CV sostre practicable vist des de l&#039;interior\" data-elementor-lightbox-description=\"Renault 4CV: Disponible per a lloguer, fotos, filmacions, metratges\" data-e-action-hash=\"#elementor-action%3Aaction%3Dlightbox%26settings%3DeyJpZCI6MTMxMTMsInVybCI6Imh0dHBzOlwvXC93d3cuamdjbGFzc2ljcy5jb21cL3dwLWNvbnRlbnRcL3VwbG9hZHNcLzIwMjNcLzAzXC8yMDIzMDMwNV8xMzEwMzAtc2NhbGVkLmpwZyIsInNsaWRlc2hvdyI6IjU4MjNhNmIifQ%3D%3D\">\n\t\t\t\t\t<div class=\"e-gallery-image elementor-gallery-item__image\" data-thumbnail=\"https:\/\/www.jgclassics.com\/wp-content\/uploads\/2023\/03\/20230305_131030-150x150.jpg\" data-width=\"150\" data-height=\"150\" aria-label=\"Renault 4CV sostre practicable vist des de l&#039;interior\" role=\"img\" ><\/div>\n\t\t\t\t\t\t\t\t\t\t\t<div class=\"elementor-gallery-item__overlay\"><\/div>\n\t\t\t\t\t\t\t\t\t\t\t\t\t\t<\/a>\n\t\t\t\t\t\t\t<a class=\"e-gallery-item elementor-gallery-item elementor-animated-content\" data-e-gallery-tags=\"1\" href=\"https:\/\/www.jgclassics.com\/wp-content\/uploads\/2023\/03\/20230305_131841-scaled.jpg\" data-elementor-open-lightbox=\"yes\" data-elementor-lightbox-slideshow=\"5823a6b\" data-elementor-lightbox-title=\"Renault 4CV\" data-e-action-hash=\"#elementor-action%3Aaction%3Dlightbox%26settings%3DeyJpZCI6MTMxMTYsInVybCI6Imh0dHBzOlwvXC93d3cuamdjbGFzc2ljcy5jb21cL3dwLWNvbnRlbnRcL3VwbG9hZHNcLzIwMjNcLzAzXC8yMDIzMDMwNV8xMzE4NDEtc2NhbGVkLmpwZyIsInNsaWRlc2hvdyI6IjU4MjNhNmIifQ%3D%3D\">\n\t\t\t\t\t<div class=\"e-gallery-image elementor-gallery-item__image\" data-thumbnail=\"https:\/\/www.jgclassics.com\/wp-content\/uploads\/2023\/03\/20230305_131841-150x150.jpg\" data-width=\"150\" data-height=\"150\" aria-label=\"Renault 4CV sostre practicable vist des de l&#039; exterior\" role=\"img\" ><\/div>\n\t\t\t\t\t\t\t\t\t\t\t<div class=\"elementor-gallery-item__overlay\"><\/div>\n\t\t\t\t\t\t\t\t\t\t\t\t\t\t<\/a>\n\t\t\t\t\t\t\t<a class=\"e-gallery-item elementor-gallery-item elementor-animated-content\" data-e-gallery-tags=\"2\" href=\"https:\/\/www.jgclassics.com\/wp-content\/uploads\/2023\/03\/20230305_134153-scaled.jpg\" data-elementor-open-lightbox=\"yes\" data-elementor-lightbox-slideshow=\"5823a6b\" data-elementor-lightbox-title=\"Renault 4CV: Detall baixos. Caixa canvis en primer terme i tanc gasolina\" data-elementor-lightbox-description=\"Renault 4CV: Disponible per a lloguer, fotos, filmacions, metratges\" data-e-action-hash=\"#elementor-action%3Aaction%3Dlightbox%26settings%3DeyJpZCI6MTI5NTEsInVybCI6Imh0dHBzOlwvXC93d3cuamdjbGFzc2ljcy5jb21cL3dwLWNvbnRlbnRcL3VwbG9hZHNcLzIwMjNcLzAzXC8yMDIzMDMwNV8xMzQxNTMtc2NhbGVkLmpwZyIsInNsaWRlc2hvdyI6IjU4MjNhNmIifQ%3D%3D\">\n\t\t\t\t\t<div class=\"e-gallery-image elementor-gallery-item__image\" data-thumbnail=\"https:\/\/www.jgclassics.com\/wp-content\/uploads\/2023\/03\/20230305_134153-150x150.jpg\" data-width=\"150\" data-height=\"150\" aria-label=\"Renault 4CV: Detall baixos. Caixa canvis en primer terme i tanc gasolina\" role=\"img\" ><\/div>\n\t\t\t\t\t\t\t\t\t\t\t<div class=\"elementor-gallery-item__overlay\"><\/div>\n\t\t\t\t\t\t\t\t\t\t\t\t\t\t<\/a>\n\t\t\t\t\t\t\t<a class=\"e-gallery-item elementor-gallery-item elementor-animated-content\" data-e-gallery-tags=\"2\" href=\"https:\/\/www.jgclassics.com\/wp-content\/uploads\/2023\/03\/20230305_133646-scaled.jpg\" data-elementor-open-lightbox=\"yes\" data-elementor-lightbox-slideshow=\"5823a6b\" data-elementor-lightbox-title=\"Renault 4CV: Interior motor. Detall carburador Solex 22 recondicionat (starter manual)\" data-elementor-lightbox-description=\"Renault 4CV: Disponible per a lloguer, fotos, filmacions, metratges\" data-e-action-hash=\"#elementor-action%3Aaction%3Dlightbox%26settings%3DeyJpZCI6MTI5NDgsInVybCI6Imh0dHBzOlwvXC93d3cuamdjbGFzc2ljcy5jb21cL3dwLWNvbnRlbnRcL3VwbG9hZHNcLzIwMjNcLzAzXC8yMDIzMDMwNV8xMzM2NDYtc2NhbGVkLmpwZyIsInNsaWRlc2hvdyI6IjU4MjNhNmIifQ%3D%3D\">\n\t\t\t\t\t<div class=\"e-gallery-image elementor-gallery-item__image\" data-thumbnail=\"https:\/\/www.jgclassics.com\/wp-content\/uploads\/2023\/03\/20230305_133646-150x150.jpg\" data-width=\"150\" data-height=\"150\" aria-label=\"Renault 4CV: Interior motor. Detall carburador Solex 22 recondicionat (starter manual)\" role=\"img\" ><\/div>\n\t\t\t\t\t\t\t\t\t\t\t<div class=\"elementor-gallery-item__overlay\"><\/div>\n\t\t\t\t\t\t\t\t\t\t\t\t\t\t<\/a>\n\t\t\t\t\t\t\t<a class=\"e-gallery-item elementor-gallery-item elementor-animated-content\" data-e-gallery-tags=\"2\" href=\"https:\/\/www.jgclassics.com\/wp-content\/uploads\/2023\/03\/20230305_133639-scaled.jpg\" data-elementor-open-lightbox=\"yes\" data-elementor-lightbox-slideshow=\"5823a6b\" data-elementor-lightbox-title=\"Renault 4CV: Interior motor. Detall carburador Solex 22 recondicionat (starter manual)\" data-elementor-lightbox-description=\"Renault 4CV: Disponible per a lloguer, fotos, filmacions, metratges\" data-e-action-hash=\"#elementor-action%3Aaction%3Dlightbox%26settings%3DeyJpZCI6MTI5NDIsInVybCI6Imh0dHBzOlwvXC93d3cuamdjbGFzc2ljcy5jb21cL3dwLWNvbnRlbnRcL3VwbG9hZHNcLzIwMjNcLzAzXC8yMDIzMDMwNV8xMzM2Mzktc2NhbGVkLmpwZyIsInNsaWRlc2hvdyI6IjU4MjNhNmIifQ%3D%3D\">\n\t\t\t\t\t<div class=\"e-gallery-image elementor-gallery-item__image\" data-thumbnail=\"https:\/\/www.jgclassics.com\/wp-content\/uploads\/2023\/03\/20230305_133639-150x150.jpg\" data-width=\"150\" data-height=\"150\" aria-label=\"Renault 4CV: Interior motor. Detall carburador Solex 22 recondicionat (starter manual)\" role=\"img\" ><\/div>\n\t\t\t\t\t\t\t\t\t\t\t<div class=\"elementor-gallery-item__overlay\"><\/div>\n\t\t\t\t\t\t\t\t\t\t\t\t\t\t<\/a>\n\t\t\t\t\t\t\t<a class=\"e-gallery-item elementor-gallery-item elementor-animated-content\" data-e-gallery-tags=\"2\" href=\"https:\/\/www.jgclassics.com\/wp-content\/uploads\/2023\/03\/20230305_151945-scaled.jpg\" data-elementor-open-lightbox=\"yes\" data-elementor-lightbox-slideshow=\"5823a6b\" data-elementor-lightbox-title=\"Renault 4CV: Interior motor. Detall conducte gasolina a carburador\" data-elementor-lightbox-description=\"Renault 4CV: Disponible per a lloguer, fotos, filmacions, metratges\" data-e-action-hash=\"#elementor-action%3Aaction%3Dlightbox%26settings%3DeyJpZCI6MTI5NTQsInVybCI6Imh0dHBzOlwvXC93d3cuamdjbGFzc2ljcy5jb21cL3dwLWNvbnRlbnRcL3VwbG9hZHNcLzIwMjNcLzAzXC8yMDIzMDMwNV8xNTE5NDUtc2NhbGVkLmpwZyIsInNsaWRlc2hvdyI6IjU4MjNhNmIifQ%3D%3D\">\n\t\t\t\t\t<div class=\"e-gallery-image elementor-gallery-item__image\" data-thumbnail=\"https:\/\/www.jgclassics.com\/wp-content\/uploads\/2023\/03\/20230305_151945-150x150.jpg\" data-width=\"150\" data-height=\"150\" aria-label=\"Renault 4CV: Interior motor. Detall conducte gasolina a carburador\" role=\"img\" ><\/div>\n\t\t\t\t\t\t\t\t\t\t\t<div class=\"elementor-gallery-item__overlay\"><\/div>\n\t\t\t\t\t\t\t\t\t\t\t\t\t\t<\/a>\n\t\t\t\t\t\t\t<a class=\"e-gallery-item elementor-gallery-item elementor-animated-content\" data-e-gallery-tags=\"2\" href=\"https:\/\/www.jgclassics.com\/wp-content\/uploads\/2023\/03\/20230305_133623-scaled.jpg\" data-elementor-open-lightbox=\"yes\" data-elementor-lightbox-slideshow=\"5823a6b\" data-elementor-lightbox-title=\"Renault 4CV: Interior motor. Detall bateria 6V\/900A\" data-elementor-lightbox-description=\"Renault 4CV: Disponible per a lloguer, fotos, filmacions, metratges\" data-e-action-hash=\"#elementor-action%3Aaction%3Dlightbox%26settings%3DeyJpZCI6MTI5MzMsInVybCI6Imh0dHBzOlwvXC93d3cuamdjbGFzc2ljcy5jb21cL3dwLWNvbnRlbnRcL3VwbG9hZHNcLzIwMjNcLzAzXC8yMDIzMDMwNV8xMzM2MjMtc2NhbGVkLmpwZyIsInNsaWRlc2hvdyI6IjU4MjNhNmIifQ%3D%3D\">\n\t\t\t\t\t<div class=\"e-gallery-image elementor-gallery-item__image\" data-thumbnail=\"https:\/\/www.jgclassics.com\/wp-content\/uploads\/2023\/03\/20230305_133623-150x150.jpg\" data-width=\"150\" data-height=\"150\" aria-label=\"Renault 4CV: Interior motor. Detall bateria 6V\/900A\" role=\"img\" ><\/div>\n\t\t\t\t\t\t\t\t\t\t\t<div class=\"elementor-gallery-item__overlay\"><\/div>\n\t\t\t\t\t\t\t\t\t\t\t\t\t\t<\/a>\n\t\t\t\t\t\t\t<a class=\"e-gallery-item elementor-gallery-item elementor-animated-content\" data-e-gallery-tags=\"2\" href=\"https:\/\/www.jgclassics.com\/wp-content\/uploads\/2023\/03\/20230305_133629-scaled.jpg\" data-elementor-open-lightbox=\"yes\" data-elementor-lightbox-slideshow=\"5823a6b\" data-elementor-lightbox-title=\"Renault 4CV: Interior motor. Detall filtre gasolina\" data-elementor-lightbox-description=\"Renault 4CV: Disponible per a lloguer, fotos, filmacions, metratges\" data-e-action-hash=\"#elementor-action%3Aaction%3Dlightbox%26settings%3DeyJpZCI6MTI5MzYsInVybCI6Imh0dHBzOlwvXC93d3cuamdjbGFzc2ljcy5jb21cL3dwLWNvbnRlbnRcL3VwbG9hZHNcLzIwMjNcLzAzXC8yMDIzMDMwNV8xMzM2Mjktc2NhbGVkLmpwZyIsInNsaWRlc2hvdyI6IjU4MjNhNmIifQ%3D%3D\">\n\t\t\t\t\t<div class=\"e-gallery-image elementor-gallery-item__image\" data-thumbnail=\"https:\/\/www.jgclassics.com\/wp-content\/uploads\/2023\/03\/20230305_133629-150x150.jpg\" data-width=\"150\" data-height=\"150\" aria-label=\"Renault 4CV: Interior motor. Detall filtre gasolina\" role=\"img\" ><\/div>\n\t\t\t\t\t\t\t\t\t\t\t<div class=\"elementor-gallery-item__overlay\"><\/div>\n\t\t\t\t\t\t\t\t\t\t\t\t\t\t<\/a>\n\t\t\t\t\t\t\t<a class=\"e-gallery-item elementor-gallery-item elementor-animated-content\" data-e-gallery-tags=\"2\" href=\"https:\/\/www.jgclassics.com\/wp-content\/uploads\/2023\/03\/20230305_133634-scaled.jpg\" data-elementor-open-lightbox=\"yes\" data-elementor-lightbox-slideshow=\"5823a6b\" data-elementor-lightbox-title=\"Renault 4CV: Interior motor. Detall bomba gasolina\" data-elementor-lightbox-description=\"Renault 4CV: Disponible per a lloguer, fotos, filmacions, metratges\" data-e-action-hash=\"#elementor-action%3Aaction%3Dlightbox%26settings%3DeyJpZCI6MTI5MzksInVybCI6Imh0dHBzOlwvXC93d3cuamdjbGFzc2ljcy5jb21cL3dwLWNvbnRlbnRcL3VwbG9hZHNcLzIwMjNcLzAzXC8yMDIzMDMwNV8xMzM2MzQtc2NhbGVkLmpwZyIsInNsaWRlc2hvdyI6IjU4MjNhNmIifQ%3D%3D\">\n\t\t\t\t\t<div class=\"e-gallery-image elementor-gallery-item__image\" data-thumbnail=\"https:\/\/www.jgclassics.com\/wp-content\/uploads\/2023\/03\/20230305_133634-150x150.jpg\" data-width=\"150\" data-height=\"150\" aria-label=\"Renault 4CV: Interior motor. Detall bomba gasolina\" role=\"img\" ><\/div>\n\t\t\t\t\t\t\t\t\t\t\t<div class=\"elementor-gallery-item__overlay\"><\/div>\n\t\t\t\t\t\t\t\t\t\t\t\t\t\t<\/a>\n\t\t\t\t\t\t\t<a class=\"e-gallery-item elementor-gallery-item elementor-animated-content\" data-e-gallery-tags=\"2\" href=\"https:\/\/www.jgclassics.com\/wp-content\/uploads\/2023\/03\/20230305_130716-copia-scaled.jpg\" data-elementor-open-lightbox=\"yes\" data-elementor-lightbox-slideshow=\"5823a6b\" data-elementor-lightbox-title=\"Renault 4CV: Compartiment motor - tapa v\u00e0lvules cromada en primer pla\" data-elementor-lightbox-description=\"Renault 4CV: Disponible per a lloguer, fotos, filmacions, metratges\" data-e-action-hash=\"#elementor-action%3Aaction%3Dlightbox%26settings%3DeyJpZCI6MTI4NjQsInVybCI6Imh0dHBzOlwvXC93d3cuamdjbGFzc2ljcy5jb21cL3dwLWNvbnRlbnRcL3VwbG9hZHNcLzIwMjNcLzAzXC8yMDIzMDMwNV8xMzA3MTYtY29waWEtc2NhbGVkLmpwZyIsInNsaWRlc2hvdyI6IjU4MjNhNmIifQ%3D%3D\">\n\t\t\t\t\t<div class=\"e-gallery-image elementor-gallery-item__image\" data-thumbnail=\"https:\/\/www.jgclassics.com\/wp-content\/uploads\/2023\/03\/20230305_130716-copia-150x150.jpg\" data-width=\"150\" data-height=\"150\" aria-label=\"Renault 4CV: Compartiment motor - tapa v\u00e0lvules cromada en primer pla\" role=\"img\" ><\/div>\n\t\t\t\t\t\t\t\t\t\t\t<div class=\"elementor-gallery-item__overlay\"><\/div>\n\t\t\t\t\t\t\t\t\t\t\t\t\t\t<\/a>\n\t\t\t\t\t\t\t<a class=\"e-gallery-item elementor-gallery-item elementor-animated-content\" data-e-gallery-tags=\"2\" href=\"https:\/\/www.jgclassics.com\/wp-content\/uploads\/2023\/03\/20230305_130701_001-copia-scaled.jpg\" data-elementor-open-lightbox=\"yes\" data-elementor-lightbox-slideshow=\"5823a6b\" data-elementor-lightbox-title=\"Renault 4CV: Compartiment motor - tapa v\u00e0lvules cromada\" data-elementor-lightbox-description=\"Renault 4CV: Disponible per a lloguer, fotos, filmacions, metratges\" data-e-action-hash=\"#elementor-action%3Aaction%3Dlightbox%26settings%3DeyJpZCI6MTI4NjEsInVybCI6Imh0dHBzOlwvXC93d3cuamdjbGFzc2ljcy5jb21cL3dwLWNvbnRlbnRcL3VwbG9hZHNcLzIwMjNcLzAzXC8yMDIzMDMwNV8xMzA3MDFfMDAxLWNvcGlhLXNjYWxlZC5qcGciLCJzbGlkZXNob3ciOiI1ODIzYTZiIn0%3D\">\n\t\t\t\t\t<div class=\"e-gallery-image elementor-gallery-item__image\" data-thumbnail=\"https:\/\/www.jgclassics.com\/wp-content\/uploads\/2023\/03\/20230305_130701_001-copia-150x150.jpg\" data-width=\"150\" data-height=\"150\" aria-label=\"Renault 4CV: Compartiment motor - tapa v\u00e0lvules cromada\" role=\"img\" ><\/div>\n\t\t\t\t\t\t\t\t\t\t\t<div class=\"elementor-gallery-item__overlay\"><\/div>\n\t\t\t\t\t\t\t\t\t\t\t\t\t\t<\/a>\n\t\t\t\t\t\t\t<a class=\"e-gallery-item elementor-gallery-item elementor-animated-content\" data-e-gallery-tags=\"2\" href=\"https:\/\/www.jgclassics.com\/wp-content\/uploads\/2023\/03\/20230305_130649-copia-scaled.jpg\" data-elementor-open-lightbox=\"yes\" data-elementor-lightbox-slideshow=\"5823a6b\" data-elementor-lightbox-title=\"Renault 4CV: Compartiment motor - detall\" data-elementor-lightbox-description=\"Renault 4CV: Disponible per a lloguer, fotos, filmacions, metratges\" data-e-action-hash=\"#elementor-action%3Aaction%3Dlightbox%26settings%3DeyJpZCI6MTI4NTgsInVybCI6Imh0dHBzOlwvXC93d3cuamdjbGFzc2ljcy5jb21cL3dwLWNvbnRlbnRcL3VwbG9hZHNcLzIwMjNcLzAzXC8yMDIzMDMwNV8xMzA2NDktY29waWEtc2NhbGVkLmpwZyIsInNsaWRlc2hvdyI6IjU4MjNhNmIifQ%3D%3D\">\n\t\t\t\t\t<div class=\"e-gallery-image elementor-gallery-item__image\" data-thumbnail=\"https:\/\/www.jgclassics.com\/wp-content\/uploads\/2023\/03\/20230305_130649-copia-150x150.jpg\" data-width=\"150\" data-height=\"150\" aria-label=\"Renault 4CV: Compartiment motor - detall\" role=\"img\" ><\/div>\n\t\t\t\t\t\t\t\t\t\t\t<div class=\"elementor-gallery-item__overlay\"><\/div>\n\t\t\t\t\t\t\t\t\t\t\t\t\t\t<\/a>\n\t\t\t\t\t\t\t<a class=\"e-gallery-item elementor-gallery-item elementor-animated-content\" data-e-gallery-tags=\"2\" href=\"https:\/\/www.jgclassics.com\/wp-content\/uploads\/2023\/03\/20230305_130638-copia-scaled.jpg\" data-elementor-open-lightbox=\"yes\" data-elementor-lightbox-slideshow=\"5823a6b\" data-elementor-lightbox-title=\"Renault 4CV: Compartiment motor\" data-elementor-lightbox-description=\"Renault 4CV: Disponible per a lloguer, fotos, filmacions, metratges\" data-e-action-hash=\"#elementor-action%3Aaction%3Dlightbox%26settings%3DeyJpZCI6MTI4NTUsInVybCI6Imh0dHBzOlwvXC93d3cuamdjbGFzc2ljcy5jb21cL3dwLWNvbnRlbnRcL3VwbG9hZHNcLzIwMjNcLzAzXC8yMDIzMDMwNV8xMzA2MzgtY29waWEtc2NhbGVkLmpwZyIsInNsaWRlc2hvdyI6IjU4MjNhNmIifQ%3D%3D\">\n\t\t\t\t\t<div class=\"e-gallery-image elementor-gallery-item__image\" data-thumbnail=\"https:\/\/www.jgclassics.com\/wp-content\/uploads\/2023\/03\/20230305_130638-copia-150x150.jpg\" data-width=\"150\" data-height=\"150\" aria-label=\"Renault 4CV: Compartiment motor - detall\" role=\"img\" ><\/div>\n\t\t\t\t\t\t\t\t\t\t\t<div class=\"elementor-gallery-item__overlay\"><\/div>\n\t\t\t\t\t\t\t\t\t\t\t\t\t\t<\/a>\n\t\t\t\t\t\t\t<a class=\"e-gallery-item elementor-gallery-item elementor-animated-content\" data-e-gallery-tags=\"2\" href=\"https:\/\/www.jgclassics.com\/wp-content\/uploads\/2023\/03\/20230305_130633-copia-scaled.jpg\" data-elementor-open-lightbox=\"yes\" data-elementor-lightbox-slideshow=\"5823a6b\" data-elementor-lightbox-title=\"Renault 4CV: Compartiment motor\" data-elementor-lightbox-description=\"Renault 4CV: Disponible per a lloguer, fotos, filmacions, metratges\" data-e-action-hash=\"#elementor-action%3Aaction%3Dlightbox%26settings%3DeyJpZCI6MTI4NTIsInVybCI6Imh0dHBzOlwvXC93d3cuamdjbGFzc2ljcy5jb21cL3dwLWNvbnRlbnRcL3VwbG9hZHNcLzIwMjNcLzAzXC8yMDIzMDMwNV8xMzA2MzMtY29waWEtc2NhbGVkLmpwZyIsInNsaWRlc2hvdyI6IjU4MjNhNmIifQ%3D%3D\">\n\t\t\t\t\t<div class=\"e-gallery-image elementor-gallery-item__image\" data-thumbnail=\"https:\/\/www.jgclassics.com\/wp-content\/uploads\/2023\/03\/20230305_130633-copia-150x150.jpg\" data-width=\"150\" data-height=\"150\" aria-label=\"Renault 4CV: Compartiment motor\" role=\"img\" ><\/div>\n\t\t\t\t\t\t\t\t\t\t\t<div class=\"elementor-gallery-item__overlay\"><\/div>\n\t\t\t\t\t\t\t\t\t\t\t\t\t\t<\/a>\n\t\t\t\t\t<\/div>\n\t\t\t\t\t<\/div>\n\t\t\t\t<\/div>\n\t\t\t\t\t<\/div>\n\t\t<\/div>\n\t\t\t\t\t<\/div>\n\t\t<\/section>\n\t\t\t\t<section data-particle_enable=\"false\" data-particle-mobile-disabled=\"false\" class=\"elementor-section elementor-top-section elementor-element elementor-element-814a3a6 elementor-section-boxed elementor-section-height-default elementor-section-height-default\" data-id=\"814a3a6\" data-element_type=\"section\" data-e-type=\"section\">\n\t\t\t\t\t\t<div class=\"elementor-container elementor-column-gap-default\">\n\t\t\t\t\t<div class=\"elementor-column elementor-col-100 elementor-top-column elementor-element elementor-element-945929e\" data-id=\"945929e\" data-element_type=\"column\" data-e-type=\"column\">\n\t\t\t<div class=\"elementor-widget-wrap elementor-element-populated\">\n\t\t\t\t\t\t<div class=\"elementor-element elementor-element-75715cc elementor-widget elementor-widget-heading\" data-id=\"75715cc\" data-element_type=\"widget\" data-e-type=\"widget\" data-widget_type=\"heading.default\">\n\t\t\t\t<div class=\"elementor-widget-container\">\n\t\t\t\t\t<h2 class=\"elementor-heading-title elementor-size-default\">Renault 4CV - Hist\u00f2ria<\/h2>\t\t\t\t<\/div>\n\t\t\t\t<\/div>\n\t\t\t\t\t<\/div>\n\t\t<\/div>\n\t\t\t\t\t<\/div>\n\t\t<\/section>\n\t\t\t\t<section data-particle_enable=\"false\" data-particle-mobile-disabled=\"false\" class=\"elementor-section elementor-top-section elementor-element elementor-element-17a75e6 elementor-section-boxed elementor-section-height-default elementor-section-height-default\" data-id=\"17a75e6\" data-element_type=\"section\" data-e-type=\"section\">\n\t\t\t\t\t\t<div class=\"elementor-container elementor-column-gap-default\">\n\t\t\t\t\t<div class=\"elementor-column elementor-col-100 elementor-top-column elementor-element elementor-element-7132b26\" data-id=\"7132b26\" data-element_type=\"column\" data-e-type=\"column\">\n\t\t\t<div class=\"elementor-widget-wrap elementor-element-populated\">\n\t\t\t\t\t\t<div class=\"elementor-element elementor-element-c138c14 elementor-widget elementor-widget-heading\" data-id=\"c138c14\" data-element_type=\"widget\" data-e-type=\"widget\" data-widget_type=\"heading.default\">\n\t\t\t\t<div class=\"elementor-widget-container\">\n\t\t\t\t\t<h3 class=\"elementor-heading-title elementor-size-default\">1940: Renault 4CV: Un cotxe gaireb\u00e9 heroic, concebut i dissenyat en la clandestinitat<\/h3>\t\t\t\t<\/div>\n\t\t\t\t<\/div>\n\t\t\t\t\t<\/div>\n\t\t<\/div>\n\t\t\t\t\t<\/div>\n\t\t<\/section>\n\t\t\t\t<section data-particle_enable=\"false\" data-particle-mobile-disabled=\"false\" class=\"elementor-section elementor-top-section elementor-element elementor-element-91541a1 elementor-section-boxed elementor-section-height-default elementor-section-height-default\" data-id=\"91541a1\" data-element_type=\"section\" data-e-type=\"section\">\n\t\t\t\t\t\t<div class=\"elementor-container elementor-column-gap-default\">\n\t\t\t\t\t<div class=\"elementor-column elementor-col-100 elementor-top-column elementor-element elementor-element-dc7b8b5\" data-id=\"dc7b8b5\" data-element_type=\"column\" data-e-type=\"column\">\n\t\t\t<div class=\"elementor-widget-wrap elementor-element-populated\">\n\t\t\t\t\t\t<div class=\"elementor-element elementor-element-b486fea elementor-widget elementor-widget-text-editor\" data-id=\"b486fea\" data-element_type=\"widget\" data-e-type=\"widget\" data-widget_type=\"text-editor.default\">\n\t\t\t\t<div class=\"elementor-widget-container\">\n\t\t\t\t\t\t\t\t\t<p>El Renault 4CV \u00e9s un cotxe nascut a la clandestinitat.  <span style=\"font-style: inherit; font-weight: inherit;\">Durant la Segona Guerra Mundial i durant l&#8217;\u00e8poca d&#8217;ocupaci\u00f3 alemanya a Fran\u00e7a, un grup d&#8217;enginyers de Renault es van posar a treballar en un projecte nou.  <\/span><\/p>\n\t\t\t\t\t\t\t\t<\/div>\n\t\t\t\t<\/div>\n\t\t\t\t\t<\/div>\n\t\t<\/div>\n\t\t\t\t\t<\/div>\n\t\t<\/section>\n\t\t\t\t<section data-particle_enable=\"false\" data-particle-mobile-disabled=\"false\" class=\"elementor-section elementor-top-section elementor-element elementor-element-3a40af5 elementor-section-boxed elementor-section-height-default elementor-section-height-default\" data-id=\"3a40af5\" data-element_type=\"section\" data-e-type=\"section\">\n\t\t\t\t\t\t<div class=\"elementor-container elementor-column-gap-default\">\n\t\t\t\t\t<div class=\"elementor-column elementor-col-50 elementor-top-column elementor-element elementor-element-cac649f\" data-id=\"cac649f\" data-element_type=\"column\" data-e-type=\"column\">\n\t\t\t<div class=\"elementor-widget-wrap elementor-element-populated\">\n\t\t\t\t\t\t<div class=\"elementor-element elementor-element-39f11cb elementor-widget elementor-widget-image\" data-id=\"39f11cb\" data-element_type=\"widget\" data-e-type=\"widget\" data-widget_type=\"image.default\">\n\t\t\t\t<div class=\"elementor-widget-container\">\n\t\t\t\t\t\t\t\t\t\t\t\t<figure class=\"wp-caption\">\n\t\t\t\t\t\t\t\t\t\t\t<a href=\"https:\/\/www.jgclassics.com\/wp-content\/uploads\/2023\/03\/4cv_pub005_pais_bajos_1954.jpg\" data-elementor-open-lightbox=\"yes\" data-elementor-lightbox-title=\"Renault 4CV. Publicitat pa\u00efsos baixos any 1954\" data-e-action-hash=\"#elementor-action%3Aaction%3Dlightbox%26settings%3DeyJpZCI6MTMwMjYsInVybCI6Imh0dHBzOlwvXC93d3cuamdjbGFzc2ljcy5jb21cL3dwLWNvbnRlbnRcL3VwbG9hZHNcLzIwMjNcLzAzXC80Y3ZfcHViMDA1X3BhaXNfYmFqb3NfMTk1NC5qcGcifQ%3D%3D\">\n\t\t\t\t\t\t\t<img decoding=\"async\" width=\"300\" height=\"111\" src=\"https:\/\/www.jgclassics.com\/wp-content\/uploads\/2023\/03\/4cv_pub005_pais_bajos_1954-300x111.jpg\" class=\"attachment-medium size-medium wp-image-13026\" alt=\"Renault 4CV. Publicitat pa\u00efsos baixos any 1954\" srcset=\"https:\/\/www.jgclassics.com\/wp-content\/uploads\/2023\/03\/4cv_pub005_pais_bajos_1954-300x111.jpg 300w, https:\/\/www.jgclassics.com\/wp-content\/uploads\/2023\/03\/4cv_pub005_pais_bajos_1954-768x284.jpg 768w, https:\/\/www.jgclassics.com\/wp-content\/uploads\/2023\/03\/4cv_pub005_pais_bajos_1954.jpg 1024w\" sizes=\"(max-width: 300px) 100vw, 300px\" \/>\t\t\t\t\t\t\t\t<\/a>\n\t\t\t\t\t\t\t\t\t\t\t<figcaption class=\"widget-image-caption wp-caption-text\">Renault 4CV. Publicitat pa\u00efsos baixos any 1954<\/figcaption>\n\t\t\t\t\t\t\t\t\t\t<\/figure>\n\t\t\t\t\t\t\t\t\t<\/div>\n\t\t\t\t<\/div>\n\t\t\t\t\t<\/div>\n\t\t<\/div>\n\t\t\t\t<div class=\"elementor-column elementor-col-50 elementor-top-column elementor-element elementor-element-eefda6e\" data-id=\"eefda6e\" data-element_type=\"column\" data-e-type=\"column\">\n\t\t\t<div class=\"elementor-widget-wrap elementor-element-populated\">\n\t\t\t\t\t\t<div class=\"elementor-element elementor-element-cc6ef67 elementor-widget elementor-widget-text-editor\" data-id=\"cc6ef67\" data-element_type=\"widget\" data-e-type=\"widget\" data-widget_type=\"text-editor.default\">\n\t\t\t\t<div class=\"elementor-widget-container\">\n\t\t\t\t\t\t\t\t\t<p><span style=\"font-style: inherit; font-weight: inherit;\">Ells sabien que la guerra no duraria indefinidament, que s&#8217;hauria d&#8217;acabar un dia o un altre, i que el pa\u00eds necessitaria un cotxe que pogu\u00e9s motoritzar el pa\u00eds i cobrir les necessitats de mobilitat de la poblaci\u00f3.<\/span><\/p>\n<p><span style=\"font-style: inherit; font-weight: inherit;\">Aquest cotxe hauria de ser senzill per\u00f2 fiable. Devia ser raonablement econ\u00f2mic de fabricar. Hauria de tenir f\u00e0cil manteniment.  <\/span><\/p>\n\t\t\t\t\t\t\t\t<\/div>\n\t\t\t\t<\/div>\n\t\t\t\t\t<\/div>\n\t\t<\/div>\n\t\t\t\t\t<\/div>\n\t\t<\/section>\n\t\t\t\t<section data-particle_enable=\"false\" data-particle-mobile-disabled=\"false\" class=\"elementor-section elementor-top-section elementor-element elementor-element-604d23a elementor-section-boxed elementor-section-height-default elementor-section-height-default\" data-id=\"604d23a\" data-element_type=\"section\" data-e-type=\"section\">\n\t\t\t\t\t\t<div class=\"elementor-container elementor-column-gap-default\">\n\t\t\t\t\t<div class=\"elementor-column elementor-col-100 elementor-top-column elementor-element elementor-element-015d5f4\" data-id=\"015d5f4\" data-element_type=\"column\" data-e-type=\"column\">\n\t\t\t<div class=\"elementor-widget-wrap elementor-element-populated\">\n\t\t\t\t\t\t<div class=\"elementor-element elementor-element-b8c50c5 elementor-widget elementor-widget-text-editor\" data-id=\"b8c50c5\" data-element_type=\"widget\" data-e-type=\"widget\" data-widget_type=\"text-editor.default\">\n\t\t\t\t<div class=\"elementor-widget-container\">\n\t\t\t\t\t\t\t\t\t<p><span style=\"font-style: inherit; font-weight: inherit;\">Hauria de ser barat perqu\u00e8 pogu\u00e9s arribar a la major quantitat de poblaci\u00f3 possible, per\u00f2 havia de tenir unes caracter\u00edstiques d&#8217;amplitud i prestacions per allotjar quatre persones a dins. I aix\u00ed va n\u00e9ixer el Renault 4CV<\/span><\/p>\n\t\t\t\t\t\t\t\t<\/div>\n\t\t\t\t<\/div>\n\t\t\t\t\t<\/div>\n\t\t<\/div>\n\t\t\t\t\t<\/div>\n\t\t<\/section>\n\t\t\t\t<section data-particle_enable=\"false\" data-particle-mobile-disabled=\"false\" class=\"elementor-section elementor-top-section elementor-element elementor-element-54814f7 elementor-section-boxed elementor-section-height-default elementor-section-height-default\" data-id=\"54814f7\" data-element_type=\"section\" data-e-type=\"section\">\n\t\t\t\t\t\t<div class=\"elementor-container elementor-column-gap-default\">\n\t\t\t\t\t<div class=\"elementor-column elementor-col-100 elementor-top-column elementor-element elementor-element-63c5ee2\" data-id=\"63c5ee2\" data-element_type=\"column\" data-e-type=\"column\">\n\t\t\t<div class=\"elementor-widget-wrap elementor-element-populated\">\n\t\t\t\t\t\t<div class=\"elementor-element elementor-element-05bd6a6 elementor-widget elementor-widget-text-editor\" data-id=\"05bd6a6\" data-element_type=\"widget\" data-e-type=\"widget\" data-widget_type=\"text-editor.default\">\n\t\t\t\t<div class=\"elementor-widget-container\">\n\t\t\t\t\t\t\t\t\t<p>Un dels problemes que es van trobar els enginyers de Renault va ser precisament l&#8217;ocupaci\u00f3 alemanya a Fran\u00e7a durant aquell per\u00edode de la II Guerra Mundial. Amb la factoria Renault controlada per les forces alemanyes, les regles imposades pels ocupants prohibien qualsevol projecte que no estigu\u00e9s al servei dels militars alemanys per fabricar i mantenir vehicles de guerra.<\/p>\n<p>Tot i aix\u00ed, un equip a les ordres de Fernand Picard -un dels estrets col\u00b7laboradors de Louis Renault- va treballar per a la creaci\u00f3 d&#8217;aquest vehicle i els seus tres prototips. Curiosament, el mateix Louis Renault no va estar al corrent (almenys no oficialment, i segur que no al comen\u00e7ament) del desenvolupament del projecte, el \u201cprojecte 106E\u201d com se&#8217;l va batejar. Va comen\u00e7ar el 1940 i va necessitar dos anys, fins al 1942 perqu\u00e8 sort\u00eds el seu primer prototip. Aquest recordava les formes del VW Beetle, i encara que hi ha afirmacions que diuen que el VW Beetle va ser font d&#8217;inspiraci\u00f3, aix\u00f2 no sembla gaire segur. Altres veus afirmen que la similitud entre els dos models m\u00e9s obe\u00efa que tots dos havien seguit les directrius sobre disseny aerodin\u00e0mic de l&#8217;\u00e8poca, m\u00e9s que al fet que un inspir\u00e9s directament l&#8217;altre.<\/p>\n\t\t\t\t\t\t\t\t<\/div>\n\t\t\t\t<\/div>\n\t\t\t\t\t<\/div>\n\t\t<\/div>\n\t\t\t\t\t<\/div>\n\t\t<\/section>\n\t\t\t\t<section data-particle_enable=\"false\" data-particle-mobile-disabled=\"false\" class=\"elementor-section elementor-top-section elementor-element elementor-element-236033c elementor-section-boxed elementor-section-height-default elementor-section-height-default\" data-id=\"236033c\" data-element_type=\"section\" data-e-type=\"section\">\n\t\t\t\t\t\t<div class=\"elementor-container elementor-column-gap-default\">\n\t\t\t\t\t<div class=\"elementor-column elementor-col-100 elementor-top-column elementor-element elementor-element-7e5aed5\" data-id=\"7e5aed5\" data-element_type=\"column\" data-e-type=\"column\">\n\t\t\t<div class=\"elementor-widget-wrap elementor-element-populated\">\n\t\t\t\t\t\t<div class=\"elementor-element elementor-element-cd01621 elementor-widget elementor-widget-heading\" data-id=\"cd01621\" data-element_type=\"widget\" data-e-type=\"widget\" data-widget_type=\"heading.default\">\n\t\t\t\t<div class=\"elementor-widget-container\">\n\t\t\t\t\t<h2 class=\"elementor-heading-title elementor-size-default\">Prototips del Renault 4CV durant la fase de disseny:<\/h2>\t\t\t\t<\/div>\n\t\t\t\t<\/div>\n\t\t\t\t\t<\/div>\n\t\t<\/div>\n\t\t\t\t\t<\/div>\n\t\t<\/section>\n\t\t\t\t<section data-particle_enable=\"false\" data-particle-mobile-disabled=\"false\" class=\"elementor-section elementor-top-section elementor-element elementor-element-9c89d88 elementor-section-boxed elementor-section-height-default elementor-section-height-default\" data-id=\"9c89d88\" data-element_type=\"section\" data-e-type=\"section\">\n\t\t\t\t\t\t<div class=\"elementor-container elementor-column-gap-default\">\n\t\t\t\t\t<div class=\"elementor-column elementor-col-100 elementor-top-column elementor-element elementor-element-66abd24\" data-id=\"66abd24\" data-element_type=\"column\" data-e-type=\"column\">\n\t\t\t<div class=\"elementor-widget-wrap elementor-element-populated\">\n\t\t\t\t\t\t<div class=\"elementor-element elementor-element-c3a8866 elementor-widget elementor-widget-gallery\" data-id=\"c3a8866\" data-element_type=\"widget\" data-e-type=\"widget\" data-settings=\"{&quot;columns&quot;:3,&quot;columns_mobile&quot;:3,&quot;lazyload&quot;:&quot;yes&quot;,&quot;gallery_layout&quot;:&quot;grid&quot;,&quot;columns_tablet&quot;:2,&quot;gap&quot;:{&quot;unit&quot;:&quot;px&quot;,&quot;size&quot;:10,&quot;sizes&quot;:[]},&quot;gap_tablet&quot;:{&quot;unit&quot;:&quot;px&quot;,&quot;size&quot;:10,&quot;sizes&quot;:[]},&quot;gap_mobile&quot;:{&quot;unit&quot;:&quot;px&quot;,&quot;size&quot;:10,&quot;sizes&quot;:[]},&quot;link_to&quot;:&quot;file&quot;,&quot;aspect_ratio&quot;:&quot;3:2&quot;,&quot;overlay_background&quot;:&quot;yes&quot;,&quot;content_hover_animation&quot;:&quot;fade-in&quot;}\" data-widget_type=\"gallery.default\">\n\t\t\t\t<div class=\"elementor-widget-container\">\n\t\t\t\t\t\t\t<div class=\"elementor-gallery__container\">\n\t\t\t\t\t\t\t<a class=\"e-gallery-item elementor-gallery-item elementor-animated-content\" href=\"https:\/\/www.jgclassics.com\/wp-content\/uploads\/2023\/03\/4cv_proto_001.jpg\" data-elementor-open-lightbox=\"yes\" data-elementor-lightbox-slideshow=\"c3a8866\" data-elementor-lightbox-title=\"Renault 4CV. Prototip 2 portes\" data-e-action-hash=\"#elementor-action%3Aaction%3Dlightbox%26settings%3DeyJpZCI6MTMwMzUsInVybCI6Imh0dHBzOlwvXC93d3cuamdjbGFzc2ljcy5jb21cL3dwLWNvbnRlbnRcL3VwbG9hZHNcLzIwMjNcLzAzXC80Y3ZfcHJvdG9fMDAxLmpwZyIsInNsaWRlc2hvdyI6ImMzYTg4NjYifQ%3D%3D\">\n\t\t\t\t\t<div class=\"e-gallery-image elementor-gallery-item__image\" data-thumbnail=\"https:\/\/www.jgclassics.com\/wp-content\/uploads\/2023\/03\/4cv_proto_001-300x200.jpg\" data-width=\"300\" data-height=\"200\" aria-label=\"Renault 4CV. Prototip 2 portes\" role=\"img\" ><\/div>\n\t\t\t\t\t\t\t\t\t\t\t<div class=\"elementor-gallery-item__overlay\"><\/div>\n\t\t\t\t\t\t\t\t\t\t\t\t\t\t<\/a>\n\t\t\t\t\t\t\t<a class=\"e-gallery-item elementor-gallery-item elementor-animated-content\" href=\"https:\/\/www.jgclassics.com\/wp-content\/uploads\/2023\/03\/4cv_proto_002_1942.jpg\" data-elementor-open-lightbox=\"yes\" data-elementor-lightbox-slideshow=\"c3a8866\" data-elementor-lightbox-title=\"Renault 4CV. Prototip 2 portes (vista frontal)\" data-e-action-hash=\"#elementor-action%3Aaction%3Dlightbox%26settings%3DeyJpZCI6MTMwMzIsInVybCI6Imh0dHBzOlwvXC93d3cuamdjbGFzc2ljcy5jb21cL3dwLWNvbnRlbnRcL3VwbG9hZHNcLzIwMjNcLzAzXC80Y3ZfcHJvdG9fMDAyXzE5NDIuanBnIiwic2xpZGVzaG93IjoiYzNhODg2NiJ9\">\n\t\t\t\t\t<div class=\"e-gallery-image elementor-gallery-item__image\" data-thumbnail=\"https:\/\/www.jgclassics.com\/wp-content\/uploads\/2023\/03\/4cv_proto_002_1942-300x220.jpg\" data-width=\"300\" data-height=\"220\" aria-label=\"Renault 4CV. Prototip 2 portes (vista frontal)\" role=\"img\" ><\/div>\n\t\t\t\t\t\t\t\t\t\t\t<div class=\"elementor-gallery-item__overlay\"><\/div>\n\t\t\t\t\t\t\t\t\t\t\t\t\t\t<\/a>\n\t\t\t\t\t\t\t<a class=\"e-gallery-item elementor-gallery-item elementor-animated-content\" href=\"https:\/\/www.jgclassics.com\/wp-content\/uploads\/2023\/03\/4cv_proto_003_1946.jpg\" data-elementor-open-lightbox=\"yes\" data-elementor-lightbox-slideshow=\"c3a8866\" data-elementor-lightbox-title=\"Renault 4CV. Prototip 2 portes (vista lateral)\" data-e-action-hash=\"#elementor-action%3Aaction%3Dlightbox%26settings%3DeyJpZCI6MTMwMjksInVybCI6Imh0dHBzOlwvXC93d3cuamdjbGFzc2ljcy5jb21cL3dwLWNvbnRlbnRcL3VwbG9hZHNcLzIwMjNcLzAzXC80Y3ZfcHJvdG9fMDAzXzE5NDYuanBnIiwic2xpZGVzaG93IjoiYzNhODg2NiJ9\">\n\t\t\t\t\t<div class=\"e-gallery-image elementor-gallery-item__image\" data-thumbnail=\"https:\/\/www.jgclassics.com\/wp-content\/uploads\/2023\/03\/4cv_proto_003_1946-300x165.jpg\" data-width=\"300\" data-height=\"165\" aria-label=\"Renault 4CV. Prototip 2 portes (vista lateral)\" role=\"img\" ><\/div>\n\t\t\t\t\t\t\t\t\t\t\t<div class=\"elementor-gallery-item__overlay\"><\/div>\n\t\t\t\t\t\t\t\t\t\t\t\t\t\t<\/a>\n\t\t\t\t\t<\/div>\n\t\t\t\t\t<\/div>\n\t\t\t\t<\/div>\n\t\t\t\t\t<\/div>\n\t\t<\/div>\n\t\t\t\t\t<\/div>\n\t\t<\/section>\n\t\t\t\t<section data-particle_enable=\"false\" data-particle-mobile-disabled=\"false\" class=\"elementor-section elementor-top-section elementor-element elementor-element-4279b02 elementor-section-boxed elementor-section-height-default elementor-section-height-default\" data-id=\"4279b02\" data-element_type=\"section\" data-e-type=\"section\">\n\t\t\t\t\t\t<div class=\"elementor-container elementor-column-gap-default\">\n\t\t\t\t\t<div class=\"elementor-column elementor-col-100 elementor-top-column elementor-element elementor-element-fbed0bd\" data-id=\"fbed0bd\" data-element_type=\"column\" data-e-type=\"column\">\n\t\t\t<div class=\"elementor-widget-wrap elementor-element-populated\">\n\t\t\t\t\t\t<div class=\"elementor-element elementor-element-aca2062 elementor-widget elementor-widget-text-editor\" data-id=\"aca2062\" data-element_type=\"widget\" data-e-type=\"widget\" data-widget_type=\"text-editor.default\">\n\t\t\t\t<div class=\"elementor-widget-container\">\n\t\t\t\t\t\t\t\t\t<p>Els primers assajos del prototip -que va escapar miraculosament a un bombardeig que la planta Renault va patir- van permetre verificar una velocitat de 87 kms\/hora en pla, aix\u00ed com la superaci\u00f3 d&#8217;un pendent del 17% en marxa llarga amb 4 persones a bord.<\/p>\n<p>El projecte va estar a punt de ser descobert pel principie von Urach, gerent de la factoria Renault nomenat pels invasors alemanys, quan aquest va interrogar Picard sobre \u201cun cotxe de color verd\u201d que va veure passar al costat del Pont de Sevres. Picard va aconseguir manejar la situaci\u00f3 tan b\u00e9 com va poder, per\u00f2 va parar temporalment els assajos i va fer repintar el prototip de color negre abans de reprendre les activitats de forma visible.<\/p>\n\t\t\t\t\t\t\t\t<\/div>\n\t\t\t\t<\/div>\n\t\t\t\t\t<\/div>\n\t\t<\/div>\n\t\t\t\t\t<\/div>\n\t\t<\/section>\n\t\t\t\t<section data-particle_enable=\"false\" data-particle-mobile-disabled=\"false\" class=\"elementor-section elementor-top-section elementor-element elementor-element-3237d54 elementor-section-boxed elementor-section-height-default elementor-section-height-default\" data-id=\"3237d54\" data-element_type=\"section\" data-e-type=\"section\">\n\t\t\t\t\t\t<div class=\"elementor-container elementor-column-gap-default\">\n\t\t\t\t\t<div class=\"elementor-column elementor-col-100 elementor-top-column elementor-element elementor-element-0289654\" data-id=\"0289654\" data-element_type=\"column\" data-e-type=\"column\">\n\t\t\t<div class=\"elementor-widget-wrap elementor-element-populated\">\n\t\t\t\t\t\t<div class=\"elementor-element elementor-element-3af57a1 elementor-widget elementor-widget-text-editor\" data-id=\"3af57a1\" data-element_type=\"widget\" data-e-type=\"widget\" data-widget_type=\"text-editor.default\">\n\t\t\t\t<div class=\"elementor-widget-container\">\n\t\t\t\t\t\t\t\t\t<p>El projecte del cotxe va ser presentat a Louis Renault al llarg de 1943. Cotxe que a Louis Renault no li agradava, a part de motius est\u00e8tics, perqu\u00e8 no compartia el concepte de cotxe popular. Tot i aix\u00f2, el tema va seguir endavant i el 1944 apareixeria un segon prototip, aquest dissenyat per Roger Barhaud, responsable del departament de carrosseries de la planta de Billancourt. Aquest segon prototip va incorporar for\u00e7a canvis i encara va poder fer alguns assajos a la pista de proves.<\/p>\n<p>A finals d&#8217;aquell any 1944, Louis Renault va ser detingut acusat de col\u00b7laboracionisme, i Pierre Lefaucheux \u00e9s nomenat gerent de la companyia. I del seu comandament arribaria un tercer prototip, que veuria canviades les dues portes originals per la versi\u00f3 definitiva de 4 portes. Pierre Lefaucheux no era un gran apassionat de l&#8217;automoci\u00f3, per\u00f2 veia al Renault 4CV una oportunitat de rendibilitzar la companyia oferint un producte fabricat en s\u00e8rie que respongu\u00e9s a les necessitats del mercat en aquell moment. \u00c9s amb aquesta mirada potser m\u00e9s pragm\u00e0tica, amb qu\u00e8 va n\u00e9ixer l&#8217;esmentat tercer prototip el 1945, amb 4 portes, cosa que li donava una utilitat m\u00e9s pensat per a les fam\u00edlies.<\/p>\n\t\t\t\t\t\t\t\t<\/div>\n\t\t\t\t<\/div>\n\t\t\t\t\t<\/div>\n\t\t<\/div>\n\t\t\t\t\t<\/div>\n\t\t<\/section>\n\t\t\t\t<section data-particle_enable=\"false\" data-particle-mobile-disabled=\"false\" class=\"elementor-section elementor-top-section elementor-element elementor-element-c59c855 elementor-section-boxed elementor-section-height-default elementor-section-height-default\" data-id=\"c59c855\" data-element_type=\"section\" data-e-type=\"section\">\n\t\t\t\t\t\t<div class=\"elementor-container elementor-column-gap-default\">\n\t\t\t\t\t<div class=\"elementor-column elementor-col-100 elementor-top-column elementor-element elementor-element-8c38803\" data-id=\"8c38803\" data-element_type=\"column\" data-e-type=\"column\">\n\t\t\t<div class=\"elementor-widget-wrap elementor-element-populated\">\n\t\t\t\t\t\t<div class=\"elementor-element elementor-element-cbc5d30 elementor-widget elementor-widget-text-editor\" data-id=\"cbc5d30\" data-element_type=\"widget\" data-e-type=\"widget\" data-widget_type=\"text-editor.default\">\n\t\t\t\t<div class=\"elementor-widget-container\">\n\t\t\t\t\t\t\t\t\t<p>Va ser en aquesta tercera versi\u00f3 en qu\u00e8 els enginyers van reparar que el cotxe tenia els fars a una altura no conforme amb el reglament de l&#8217;\u00e8poca. Amb les matrius de fabricaci\u00f3 ja fetes, i el cotxe gaireb\u00e9 llest per entrar en producci\u00f3, un canvi d&#8217;aquest tipus per adaptar-se a la normativa hauria significat haver de tornar a refer tot el disseny. Per\u00f2 Fernand Picard va aconseguir de les autoritats de transport (Commission Nationale Automobile) un canvi en la reglamentaci\u00f3 perqu\u00e8 els fars -a 550 mm del terra- del nou Renault 4CV quedessin dins de normatives.<\/p>\n\t\t\t\t\t\t\t\t<\/div>\n\t\t\t\t<\/div>\n\t\t\t\t\t<\/div>\n\t\t<\/div>\n\t\t\t\t\t<\/div>\n\t\t<\/section>\n\t\t\t\t<section data-particle_enable=\"false\" data-particle-mobile-disabled=\"false\" class=\"elementor-section elementor-top-section elementor-element elementor-element-1fb1cc9 elementor-section-boxed elementor-section-height-default elementor-section-height-default\" data-id=\"1fb1cc9\" data-element_type=\"section\" data-e-type=\"section\">\n\t\t\t\t\t\t<div class=\"elementor-container elementor-column-gap-default\">\n\t\t\t\t\t<div class=\"elementor-column elementor-col-50 elementor-top-column elementor-element elementor-element-07e4db5\" data-id=\"07e4db5\" data-element_type=\"column\" data-e-type=\"column\">\n\t\t\t<div class=\"elementor-widget-wrap elementor-element-populated\">\n\t\t\t\t\t\t<div class=\"elementor-element elementor-element-dd5fbfa elementor-widget elementor-widget-image\" data-id=\"dd5fbfa\" data-element_type=\"widget\" data-e-type=\"widget\" data-widget_type=\"image.default\">\n\t\t\t\t<div class=\"elementor-widget-container\">\n\t\t\t\t\t\t\t\t\t\t\t\t\t\t\t\t<a href=\"https:\/\/www.jgclassics.com\/wp-content\/uploads\/2023\/03\/4cv_pub004_1949.jpg\" data-elementor-open-lightbox=\"yes\" data-elementor-lightbox-title=\"Renault 4CV. Publicitat primer model (al voltant de 1949)\" data-e-action-hash=\"#elementor-action%3Aaction%3Dlightbox%26settings%3DeyJpZCI6MTMwMzgsInVybCI6Imh0dHBzOlwvXC93d3cuamdjbGFzc2ljcy5jb21cL3dwLWNvbnRlbnRcL3VwbG9hZHNcLzIwMjNcLzAzXC80Y3ZfcHViMDA0XzE5NDkuanBnIn0%3D\">\n\t\t\t\t\t\t\t<img decoding=\"async\" width=\"300\" height=\"232\" src=\"https:\/\/www.jgclassics.com\/wp-content\/uploads\/2023\/03\/4cv_pub004_1949-300x232.jpg\" class=\"attachment-medium size-medium wp-image-13038\" alt=\"Renault 4CV. Publicitat primer model (al voltant de 1949)\" srcset=\"https:\/\/www.jgclassics.com\/wp-content\/uploads\/2023\/03\/4cv_pub004_1949-300x232.jpg 300w, https:\/\/www.jgclassics.com\/wp-content\/uploads\/2023\/03\/4cv_pub004_1949-768x594.jpg 768w, https:\/\/www.jgclassics.com\/wp-content\/uploads\/2023\/03\/4cv_pub004_1949.jpg 1024w\" sizes=\"(max-width: 300px) 100vw, 300px\" \/>\t\t\t\t\t\t\t\t<\/a>\n\t\t\t\t\t\t\t\t\t\t\t\t\t\t\t<\/div>\n\t\t\t\t<\/div>\n\t\t\t\t\t<\/div>\n\t\t<\/div>\n\t\t\t\t<div class=\"elementor-column elementor-col-50 elementor-top-column elementor-element elementor-element-a5363e4\" data-id=\"a5363e4\" data-element_type=\"column\" data-e-type=\"column\">\n\t\t\t<div class=\"elementor-widget-wrap elementor-element-populated\">\n\t\t\t\t\t\t<div class=\"elementor-element elementor-element-c0c3c2f elementor-widget elementor-widget-text-editor\" data-id=\"c0c3c2f\" data-element_type=\"widget\" data-e-type=\"widget\" data-widget_type=\"text-editor.default\">\n\t\t\t\t<div class=\"elementor-widget-container\">\n\t\t\t\t\t\t\t\t\t<p>La producci\u00f3 no es va poder fer realitat fins al 1947, principalment a causa de la necessitat de reparar danys produ\u00efts durant la II Guerra Mundial a la planta de Renaut. El primer exemplar de s\u00e8rie apareixeria un 12 d&#8217;agost del 1947, comen\u00e7ant en un ritme de producci\u00f3 de 15 unitats\/dia per passar a 375 el 1950. Tot i que al principi no va tenir una acceptaci\u00f3 molt entusiasta entre el p\u00fablic, el model acabaria sent un \u00e8xit de vendes, arribant a haver-hi tanta demanda que els temps de lliurament oscil\u00b7laven entre un i tres anys.<\/p>\n\t\t\t\t\t\t\t\t<\/div>\n\t\t\t\t<\/div>\n\t\t\t\t\t<\/div>\n\t\t<\/div>\n\t\t\t\t\t<\/div>\n\t\t<\/section>\n\t\t\t\t<section data-particle_enable=\"false\" data-particle-mobile-disabled=\"false\" class=\"elementor-section elementor-top-section elementor-element elementor-element-70dd522 elementor-section-boxed elementor-section-height-default elementor-section-height-default\" data-id=\"70dd522\" data-element_type=\"section\" data-e-type=\"section\">\n\t\t\t\t\t\t<div class=\"elementor-container elementor-column-gap-default\">\n\t\t\t\t\t<div class=\"elementor-column elementor-col-100 elementor-top-column elementor-element elementor-element-c1cc37d\" data-id=\"c1cc37d\" data-element_type=\"column\" data-e-type=\"column\">\n\t\t\t<div class=\"elementor-widget-wrap elementor-element-populated\">\n\t\t\t\t\t\t<div class=\"elementor-element elementor-element-0de23d6 elementor-widget elementor-widget-menu-anchor\" data-id=\"0de23d6\" data-element_type=\"widget\" data-e-type=\"widget\" data-widget_type=\"menu-anchor.default\">\n\t\t\t\t<div class=\"elementor-widget-container\">\n\t\t\t\t\t\t\t<div class=\"elementor-menu-anchor\" id=\"RENAULT4CV_DOCUMENTOS_MOTOR\"><\/div>\n\t\t\t\t\t\t<\/div>\n\t\t\t\t<\/div>\n\t\t\t\t\t<\/div>\n\t\t<\/div>\n\t\t\t\t\t<\/div>\n\t\t<\/section>\n\t\t\t\t<section data-particle_enable=\"false\" data-particle-mobile-disabled=\"false\" class=\"elementor-section elementor-top-section elementor-element elementor-element-226bf2b elementor-section-boxed elementor-section-height-default elementor-section-height-default\" data-id=\"226bf2b\" data-element_type=\"section\" data-e-type=\"section\">\n\t\t\t\t\t\t<div class=\"elementor-container elementor-column-gap-default\">\n\t\t\t\t\t<div class=\"elementor-column elementor-col-100 elementor-top-column elementor-element elementor-element-19ed5a8\" data-id=\"19ed5a8\" data-element_type=\"column\" data-e-type=\"column\">\n\t\t\t<div class=\"elementor-widget-wrap elementor-element-populated\">\n\t\t\t\t\t\t<div class=\"elementor-element elementor-element-488f34b elementor-widget-divider--view-line_icon elementor-view-default elementor-widget-divider--element-align-center elementor-widget elementor-widget-divider\" data-id=\"488f34b\" data-element_type=\"widget\" data-e-type=\"widget\" data-widget_type=\"divider.default\">\n\t\t\t\t<div class=\"elementor-widget-container\">\n\t\t\t\t\t\t\t<div class=\"elementor-divider\">\n\t\t\t<span class=\"elementor-divider-separator\">\n\t\t\t\t\t\t\t<div class=\"elementor-icon elementor-divider__element\">\n\t\t\t\t\t<i aria-hidden=\"true\" class=\"fas fa-info-circle\"><\/i><\/div>\n\t\t\t\t\t\t<\/span>\n\t\t<\/div>\n\t\t\t\t\t\t<\/div>\n\t\t\t\t<\/div>\n\t\t\t\t\t<\/div>\n\t\t<\/div>\n\t\t\t\t\t<\/div>\n\t\t<\/section>\n\t\t\t\t<section data-particle_enable=\"false\" data-particle-mobile-disabled=\"false\" class=\"elementor-section elementor-top-section elementor-element elementor-element-5a0dc77 elementor-section-boxed elementor-section-height-default elementor-section-height-default\" data-id=\"5a0dc77\" data-element_type=\"section\" data-e-type=\"section\">\n\t\t\t\t\t\t<div class=\"elementor-container elementor-column-gap-default\">\n\t\t\t\t\t<div class=\"elementor-column elementor-col-100 elementor-top-column elementor-element elementor-element-9ee70fa\" data-id=\"9ee70fa\" data-element_type=\"column\" data-e-type=\"column\">\n\t\t\t<div class=\"elementor-widget-wrap elementor-element-populated\">\n\t\t\t\t\t\t<div class=\"elementor-element elementor-element-7c4dc17 elementor-widget elementor-widget-heading\" data-id=\"7c4dc17\" data-element_type=\"widget\" data-e-type=\"widget\" data-widget_type=\"heading.default\">\n\t\t\t\t<div class=\"elementor-widget-container\">\n\t\t\t\t\t<h2 class=\"elementor-heading-title elementor-size-default\">Renault 4CV - Hist\u00f2ria: Reportatge Juliol 2023<\/h2>\t\t\t\t<\/div>\n\t\t\t\t<\/div>\n\t\t\t\t\t<\/div>\n\t\t<\/div>\n\t\t\t\t\t<\/div>\n\t\t<\/section>\n\t\t\t\t<section data-particle_enable=\"false\" data-particle-mobile-disabled=\"false\" class=\"elementor-section elementor-top-section elementor-element elementor-element-f7791c6 elementor-section-boxed elementor-section-height-default elementor-section-height-default\" data-id=\"f7791c6\" data-element_type=\"section\" data-e-type=\"section\">\n\t\t\t\t\t\t<div class=\"elementor-container elementor-column-gap-default\">\n\t\t\t\t\t<div class=\"elementor-column elementor-col-50 elementor-top-column elementor-element elementor-element-66391d3\" data-id=\"66391d3\" data-element_type=\"column\" data-e-type=\"column\">\n\t\t\t<div class=\"elementor-widget-wrap elementor-element-populated\">\n\t\t\t\t\t\t<div class=\"elementor-element elementor-element-cf905cb elementor-widget elementor-widget-text-editor\" data-id=\"cf905cb\" data-element_type=\"widget\" data-e-type=\"widget\" data-widget_type=\"text-editor.default\">\n\t\t\t\t<div class=\"elementor-widget-container\">\n\t\t\t\t\t\t\t\t\t<p>Al juliol de 2023 va apar\u00e8ixer al canal de youtube <a href=\"https:\/\/www.youtube.com\/@documentosdelmotorsanti\" target=\"_blank\" rel=\"noopener\">Documentos del motor <\/a>un reportatge sobre la hist\u00f2ria del Renault 4CV. Aquest reportatge d&#8217;uns 25 minuts de durada \u00e9s un dels millors que s&#8217;han publicat fins avui, almenys a Espanya. \u00c9s prec\u00eds, detallat, rigor\u00f3s i et descobrir\u00e0 aspectes de la hist\u00f2ria del cotxe que potser no coneixies. Et convido a veure&#8217;l<\/p>\n\t\t\t\t\t\t\t\t<\/div>\n\t\t\t\t<\/div>\n\t\t\t\t\t<\/div>\n\t\t<\/div>\n\t\t\t\t<div class=\"elementor-column elementor-col-50 elementor-top-column elementor-element elementor-element-3e028d2\" data-id=\"3e028d2\" data-element_type=\"column\" data-e-type=\"column\">\n\t\t\t<div class=\"elementor-widget-wrap elementor-element-populated\">\n\t\t\t\t\t\t<div class=\"elementor-element elementor-element-be5ec21 elementor-widget__width-initial elementor-widget elementor-widget-video\" data-id=\"be5ec21\" data-element_type=\"widget\" data-e-type=\"widget\" data-settings=\"{&quot;youtube_url&quot;:&quot;https:\\\/\\\/youtu.be\\\/5IyUnZ17gQ4&quot;,&quot;video_type&quot;:&quot;youtube&quot;,&quot;controls&quot;:&quot;yes&quot;}\" data-widget_type=\"video.default\">\n\t\t\t\t<div class=\"elementor-widget-container\">\n\t\t\t\t\t\t\t<div class=\"elementor-wrapper elementor-open-inline\">\n\t\t\t<div class=\"elementor-video\"><\/div>\t\t<\/div>\n\t\t\t\t\t\t<\/div>\n\t\t\t\t<\/div>\n\t\t\t\t\t<\/div>\n\t\t<\/div>\n\t\t\t\t\t<\/div>\n\t\t<\/section>\n\t\t\t\t<section data-particle_enable=\"false\" data-particle-mobile-disabled=\"false\" class=\"elementor-section elementor-top-section elementor-element elementor-element-a49bf40 elementor-section-boxed elementor-section-height-default elementor-section-height-default\" data-id=\"a49bf40\" data-element_type=\"section\" data-e-type=\"section\">\n\t\t\t\t\t\t<div class=\"elementor-container elementor-column-gap-default\">\n\t\t\t\t\t<div class=\"elementor-column elementor-col-100 elementor-top-column elementor-element elementor-element-86db82d\" data-id=\"86db82d\" data-element_type=\"column\" data-e-type=\"column\">\n\t\t\t<div class=\"elementor-widget-wrap elementor-element-populated\">\n\t\t\t\t\t\t<div class=\"elementor-element elementor-element-ce2ce3d elementor-widget-divider--view-line elementor-widget elementor-widget-divider\" data-id=\"ce2ce3d\" data-element_type=\"widget\" data-e-type=\"widget\" data-widget_type=\"divider.default\">\n\t\t\t\t<div class=\"elementor-widget-container\">\n\t\t\t\t\t\t\t<div class=\"elementor-divider\">\n\t\t\t<span class=\"elementor-divider-separator\">\n\t\t\t\t\t\t<\/span>\n\t\t<\/div>\n\t\t\t\t\t\t<\/div>\n\t\t\t\t<\/div>\n\t\t\t\t\t<\/div>\n\t\t<\/div>\n\t\t\t\t\t<\/div>\n\t\t<\/section>\n\t\t\t\t<section data-particle_enable=\"false\" data-particle-mobile-disabled=\"false\" class=\"elementor-section elementor-top-section elementor-element elementor-element-ff17cfc elementor-section-boxed elementor-section-height-default elementor-section-height-default\" data-id=\"ff17cfc\" data-element_type=\"section\" data-e-type=\"section\">\n\t\t\t\t\t\t<div class=\"elementor-container elementor-column-gap-default\">\n\t\t\t\t\t<div class=\"elementor-column elementor-col-100 elementor-top-column elementor-element elementor-element-4159f0b\" data-id=\"4159f0b\" data-element_type=\"column\" data-e-type=\"column\">\n\t\t\t<div class=\"elementor-widget-wrap elementor-element-populated\">\n\t\t\t\t\t\t<div class=\"elementor-element elementor-element-ec992ca elementor-widget-divider--view-line_icon elementor-view-default elementor-widget-divider--element-align-center elementor-widget elementor-widget-divider\" data-id=\"ec992ca\" data-element_type=\"widget\" data-e-type=\"widget\" data-widget_type=\"divider.default\">\n\t\t\t\t<div class=\"elementor-widget-container\">\n\t\t\t\t\t\t\t<div class=\"elementor-divider\">\n\t\t\t<span class=\"elementor-divider-separator\">\n\t\t\t\t\t\t\t<div class=\"elementor-icon elementor-divider__element\">\n\t\t\t\t\t<i aria-hidden=\"true\" class=\"fas fa-info-circle\"><\/i><\/div>\n\t\t\t\t\t\t<\/span>\n\t\t<\/div>\n\t\t\t\t\t\t<\/div>\n\t\t\t\t<\/div>\n\t\t\t\t\t<\/div>\n\t\t<\/div>\n\t\t\t\t\t<\/div>\n\t\t<\/section>\n\t\t\t\t<section data-particle_enable=\"false\" data-particle-mobile-disabled=\"false\" class=\"elementor-section elementor-top-section elementor-element elementor-element-38797aa elementor-section-boxed elementor-section-height-default elementor-section-height-default\" data-id=\"38797aa\" data-element_type=\"section\" data-e-type=\"section\">\n\t\t\t\t\t\t<div class=\"elementor-container elementor-column-gap-default\">\n\t\t\t\t\t<div class=\"elementor-column elementor-col-100 elementor-top-column elementor-element elementor-element-c520da8\" data-id=\"c520da8\" data-element_type=\"column\" data-e-type=\"column\">\n\t\t\t<div class=\"elementor-widget-wrap elementor-element-populated\">\n\t\t\t\t\t\t<div class=\"elementor-element elementor-element-af09a6a elementor-widget elementor-widget-heading\" data-id=\"af09a6a\" data-element_type=\"widget\" data-e-type=\"widget\" data-widget_type=\"heading.default\">\n\t\t\t\t<div class=\"elementor-widget-container\">\n\t\t\t\t\t<h2 class=\"elementor-heading-title elementor-size-default\">Renault 4CV - Tots del mateix color: La motte de beurre<\/h2>\t\t\t\t<\/div>\n\t\t\t\t<\/div>\n\t\t\t\t\t<\/div>\n\t\t<\/div>\n\t\t\t\t\t<\/div>\n\t\t<\/section>\n\t\t\t\t<section data-particle_enable=\"false\" data-particle-mobile-disabled=\"false\" class=\"elementor-section elementor-top-section elementor-element elementor-element-ea6996e elementor-section-boxed elementor-section-height-default elementor-section-height-default\" data-id=\"ea6996e\" data-element_type=\"section\" data-e-type=\"section\">\n\t\t\t\t\t\t<div class=\"elementor-container elementor-column-gap-default\">\n\t\t\t\t\t<div class=\"elementor-column elementor-col-50 elementor-top-column elementor-element elementor-element-65840d7\" data-id=\"65840d7\" data-element_type=\"column\" data-e-type=\"column\">\n\t\t\t<div class=\"elementor-widget-wrap elementor-element-populated\">\n\t\t\t\t\t\t<div class=\"elementor-element elementor-element-cbf5288 elementor-widget elementor-widget-text-editor\" data-id=\"cbf5288\" data-element_type=\"widget\" data-e-type=\"widget\" data-widget_type=\"text-editor.default\">\n\t\t\t\t<div class=\"elementor-widget-container\">\n\t\t\t\t\t\t\t\t\t<p>A Fran\u00e7a, les primeres unitats fabricades eren totes d&#8217;un color &#8220;groc sorra&#8221;, fent aix\u00f2 que els francesos originalment el bategessin com &#8220;el munt de mantega&#8221; ( <em>la motte de beurre<\/em> ) -en al\u00b7lusi\u00f3 precisament a la seva forma arrodonida i el seu color- . La ra\u00f3 d&#8217;aquesta uniformitat en el color per a totes les unitats fabricades, \u00e9s que originalment Renault va aprofitar un excedent de pintura que tenia guardada per a la fabricaci\u00f3 de carros de combat de l&#8217;Afrika Korps durant la II Guerra Mundial, fabricaci\u00f3 que no va arribar a completar-se pel final de la guerra.<\/p>\n\t\t\t\t\t\t\t\t<\/div>\n\t\t\t\t<\/div>\n\t\t\t\t\t<\/div>\n\t\t<\/div>\n\t\t\t\t<div class=\"elementor-column elementor-col-50 elementor-top-column elementor-element elementor-element-3f4e6af\" data-id=\"3f4e6af\" data-element_type=\"column\" data-e-type=\"column\">\n\t\t\t<div class=\"elementor-widget-wrap elementor-element-populated\">\n\t\t\t\t\t\t<div class=\"elementor-element elementor-element-37f1be0 elementor-widget elementor-widget-image\" data-id=\"37f1be0\" data-element_type=\"widget\" data-e-type=\"widget\" data-widget_type=\"image.default\">\n\t\t\t\t<div class=\"elementor-widget-container\">\n\t\t\t\t\t\t\t\t\t\t\t\t\t\t\t\t<a href=\"https:\/\/www.jgclassics.com\/wp-content\/uploads\/2023\/03\/Mi-proyecto-6.png\" data-elementor-open-lightbox=\"yes\" data-elementor-lightbox-title=\"Renault 4CV - Primer model, primera s\u00e8rie color &quot;Afrika Korps\" data-e-action-hash=\"#elementor-action%3Aaction%3Dlightbox%26settings%3DeyJpZCI6MTMwNDEsInVybCI6Imh0dHBzOlwvXC93d3cuamdjbGFzc2ljcy5jb21cL3dwLWNvbnRlbnRcL3VwbG9hZHNcLzIwMjNcLzAzXC9NaS1wcm95ZWN0by02LnBuZyJ9\">\n\t\t\t\t\t\t\t<img loading=\"lazy\" decoding=\"async\" width=\"300\" height=\"203\" src=\"https:\/\/www.jgclassics.com\/wp-content\/uploads\/2023\/03\/Mi-proyecto-6-300x203.png\" class=\"attachment-medium size-medium wp-image-13041\" alt=\"Renault 4CV - Primer model, primera s\u00e8rie color &quot;Afrika Korps&quot;\" srcset=\"https:\/\/www.jgclassics.com\/wp-content\/uploads\/2023\/03\/Mi-proyecto-6-300x203.png 300w, https:\/\/www.jgclassics.com\/wp-content\/uploads\/2023\/03\/Mi-proyecto-6.png 606w\" sizes=\"(max-width: 300px) 100vw, 300px\" \/>\t\t\t\t\t\t\t\t<\/a>\n\t\t\t\t\t\t\t\t\t\t\t\t\t\t\t<\/div>\n\t\t\t\t<\/div>\n\t\t\t\t\t<\/div>\n\t\t<\/div>\n\t\t\t\t\t<\/div>\n\t\t<\/section>\n\t\t\t\t<section data-particle_enable=\"false\" data-particle-mobile-disabled=\"false\" class=\"elementor-section elementor-top-section elementor-element elementor-element-f9ef58b elementor-section-boxed elementor-section-height-default elementor-section-height-default\" data-id=\"f9ef58b\" data-element_type=\"section\" data-e-type=\"section\">\n\t\t\t\t\t\t<div class=\"elementor-container elementor-column-gap-default\">\n\t\t\t\t\t<div class=\"elementor-column elementor-col-100 elementor-top-column elementor-element elementor-element-db25c15\" data-id=\"db25c15\" data-element_type=\"column\" data-e-type=\"column\">\n\t\t\t<div class=\"elementor-widget-wrap elementor-element-populated\">\n\t\t\t\t\t\t<div class=\"elementor-element elementor-element-1ea2295 elementor-widget-divider--view-line elementor-widget elementor-widget-divider\" data-id=\"1ea2295\" data-element_type=\"widget\" data-e-type=\"widget\" data-widget_type=\"divider.default\">\n\t\t\t\t<div class=\"elementor-widget-container\">\n\t\t\t\t\t\t\t<div class=\"elementor-divider\">\n\t\t\t<span class=\"elementor-divider-separator\">\n\t\t\t\t\t\t<\/span>\n\t\t<\/div>\n\t\t\t\t\t\t<\/div>\n\t\t\t\t<\/div>\n\t\t\t\t\t<\/div>\n\t\t<\/div>\n\t\t\t\t\t<\/div>\n\t\t<\/section>\n\t\t\t\t<section data-particle_enable=\"false\" data-particle-mobile-disabled=\"false\" class=\"elementor-section elementor-top-section elementor-element elementor-element-d33f8be elementor-section-boxed elementor-section-height-default elementor-section-height-default\" data-id=\"d33f8be\" data-element_type=\"section\" data-e-type=\"section\">\n\t\t\t\t\t\t<div class=\"elementor-container elementor-column-gap-default\">\n\t\t\t\t\t<div class=\"elementor-column elementor-col-50 elementor-top-column elementor-element elementor-element-fddc4f9\" data-id=\"fddc4f9\" data-element_type=\"column\" data-e-type=\"column\">\n\t\t\t<div class=\"elementor-widget-wrap elementor-element-populated\">\n\t\t\t\t\t\t<div class=\"elementor-element elementor-element-96f5d37 elementor-widget elementor-widget-text-editor\" data-id=\"96f5d37\" data-element_type=\"widget\" data-e-type=\"widget\" data-widget_type=\"text-editor.default\">\n\t\t\t\t<div class=\"elementor-widget-container\">\n\t\t\t\t\t\t\t\t\t<p>El 4CV va tenir diverses versions: \u201cLuxe\u201d i \u201cNormal\u201d al 1947. Poc despr\u00e9s sortiria una versi\u00f3 \u201cGran Luxe\u201d i \u201cSport\u201d. Al llarg de la seva vida de fabricaci\u00f3 se&#8217;l va sotmetre a diversos canvis externs i interns, passant de 17 CV a 21 CV (al marge d&#8217;una versi\u00f3 esportiva de 32CV). El seu aspecte extern tamb\u00e9 va anar variant, sent els canvis m\u00e9s visibles els de les versions de \u201c6 bigotis\u201d primeres i \u201c3 bigotis\u201d a les posteriors (en al\u00b7lusi\u00f3 a les barres embelledores d&#8217;alumini que adornaven la calandra). Tamb\u00e9 s\u00f3n caracter\u00edstiques les variacions en el disseny interior, que va oferir tres tipus de tauler de control. Se&#8217;ls coneixia popularment -a Espanya almenys- com de \u201cHerradura\u201d, \u201cOrejeras\u201d i \u201cCapilla\u201d. Tamb\u00e9 hi va haver versions amb el sistema per engegar per palanca, o per clau de contacte. 1956) o llanta massissa -concepci\u00f3 cl\u00e0ssica on llanta completa i tambor de fre eren parts separades.<\/p>\n\t\t\t\t\t\t\t\t<\/div>\n\t\t\t\t<\/div>\n\t\t\t\t\t<\/div>\n\t\t<\/div>\n\t\t\t\t<div class=\"elementor-column elementor-col-50 elementor-top-column elementor-element elementor-element-16c795c\" data-id=\"16c795c\" data-element_type=\"column\" data-e-type=\"column\">\n\t\t\t<div class=\"elementor-widget-wrap elementor-element-populated\">\n\t\t\t\t\t\t<div class=\"elementor-element elementor-element-35c89a0 elementor-widget elementor-widget-gallery\" data-id=\"35c89a0\" data-element_type=\"widget\" data-e-type=\"widget\" data-settings=\"{&quot;gallery_layout&quot;:&quot;justified&quot;,&quot;ideal_row_height&quot;:{&quot;unit&quot;:&quot;px&quot;,&quot;size&quot;:308,&quot;sizes&quot;:[]},&quot;overlay_description&quot;:&quot;caption&quot;,&quot;lazyload&quot;:&quot;yes&quot;,&quot;ideal_row_height_tablet&quot;:{&quot;unit&quot;:&quot;px&quot;,&quot;size&quot;:150,&quot;sizes&quot;:[]},&quot;ideal_row_height_mobile&quot;:{&quot;unit&quot;:&quot;px&quot;,&quot;size&quot;:150,&quot;sizes&quot;:[]},&quot;gap&quot;:{&quot;unit&quot;:&quot;px&quot;,&quot;size&quot;:10,&quot;sizes&quot;:[]},&quot;gap_tablet&quot;:{&quot;unit&quot;:&quot;px&quot;,&quot;size&quot;:10,&quot;sizes&quot;:[]},&quot;gap_mobile&quot;:{&quot;unit&quot;:&quot;px&quot;,&quot;size&quot;:10,&quot;sizes&quot;:[]},&quot;link_to&quot;:&quot;file&quot;,&quot;overlay_background&quot;:&quot;yes&quot;,&quot;content_hover_animation&quot;:&quot;fade-in&quot;}\" data-widget_type=\"gallery.default\">\n\t\t\t\t<div class=\"elementor-widget-container\">\n\t\t\t\t\t\t\t<div class=\"elementor-gallery__container\">\n\t\t\t\t\t\t\t<a class=\"e-gallery-item elementor-gallery-item elementor-animated-content\" href=\"https:\/\/www.jgclassics.com\/wp-content\/uploads\/2023\/03\/renault-4CV_Cuadro-Herradura.png\" data-elementor-open-lightbox=\"yes\" data-elementor-lightbox-slideshow=\"35c89a0\" data-elementor-lightbox-title=\"Renault 4CV. Quadre tipus &quot;ferradura&quot;\" data-elementor-lightbox-description=\"Renault 4CV: Disponible per a lloguer, fotos, filmacions, metratges\" data-e-action-hash=\"#elementor-action%3Aaction%3Dlightbox%26settings%3DeyJpZCI6MTMwMjAsInVybCI6Imh0dHBzOlwvXC93d3cuamdjbGFzc2ljcy5jb21cL3dwLWNvbnRlbnRcL3VwbG9hZHNcLzIwMjNcLzAzXC9yZW5hdWx0LTRDVl9DdWFkcm8tSGVycmFkdXJhLnBuZyIsInNsaWRlc2hvdyI6IjM1Yzg5YTAifQ%3D%3D\">\n\t\t\t\t\t<div class=\"e-gallery-image elementor-gallery-item__image\" data-thumbnail=\"https:\/\/www.jgclassics.com\/wp-content\/uploads\/2023\/03\/renault-4CV_Cuadro-Herradura-300x102.png\" data-width=\"300\" data-height=\"102\" aria-label=\"Renault 4CV. Quadre tipus &quot;ferradura&quot;\" role=\"img\" ><\/div>\n\t\t\t\t\t\t\t\t\t\t\t<div class=\"elementor-gallery-item__overlay\"><\/div>\n\t\t\t\t\t\t\t\t\t\t\t\t\t\t\t<div class=\"elementor-gallery-item__content\">\n\t\t\t\t\t\t\t\t\t\t\t\t\t\t<div class=\"elementor-gallery-item__description\">\n\t\t\t\t\t\t\t\t\t\t\t\t\t\t\t\t\t\tRenault 4CV. Quadre tipus \"ferradura\"\t\t\t\t\t\t\t\t<\/div>\n\t\t\t\t\t\t\t\t\t\t\t\t<\/div>\n\t\t\t\t\t\t\t\t\t<\/a>\n\t\t\t\t\t\t\t<a class=\"e-gallery-item elementor-gallery-item elementor-animated-content\" href=\"https:\/\/www.jgclassics.com\/wp-content\/uploads\/2023\/03\/cuadro-orejeras_Renault_4CV_.jpg\" data-elementor-open-lightbox=\"yes\" data-elementor-lightbox-slideshow=\"35c89a0\" data-elementor-lightbox-title=\"Renault 4CV. Quadre tipus &quot;orejeras&quot;\" data-e-action-hash=\"#elementor-action%3Aaction%3Dlightbox%26settings%3DeyJpZCI6MTMwMjMsInVybCI6Imh0dHBzOlwvXC93d3cuamdjbGFzc2ljcy5jb21cL3dwLWNvbnRlbnRcL3VwbG9hZHNcLzIwMjNcLzAzXC9jdWFkcm8tb3JlamVyYXNfUmVuYXVsdF80Q1ZfLmpwZyIsInNsaWRlc2hvdyI6IjM1Yzg5YTAifQ%3D%3D\">\n\t\t\t\t\t<div class=\"e-gallery-image elementor-gallery-item__image\" data-thumbnail=\"https:\/\/www.jgclassics.com\/wp-content\/uploads\/2023\/03\/cuadro-orejeras_Renault_4CV_-300x105.jpg\" data-width=\"300\" data-height=\"105\" aria-label=\"Renault 4CV. Quadre tipus &quot;orejeras&quot;\" role=\"img\" ><\/div>\n\t\t\t\t\t\t\t\t\t\t\t<div class=\"elementor-gallery-item__overlay\"><\/div>\n\t\t\t\t\t\t\t\t\t\t\t\t\t\t\t<div class=\"elementor-gallery-item__content\">\n\t\t\t\t\t\t\t\t\t\t\t\t\t\t<div class=\"elementor-gallery-item__description\">\n\t\t\t\t\t\t\t\t\t\t\t\t\t\t\t\t\t\tRenault 4CV. Quadre tipus \"orejeras\"\t\t\t\t\t\t\t\t<\/div>\n\t\t\t\t\t\t\t\t\t\t\t\t<\/div>\n\t\t\t\t\t\t\t\t\t<\/a>\n\t\t\t\t\t\t\t<a class=\"e-gallery-item elementor-gallery-item elementor-animated-content\" href=\"https:\/\/www.jgclassics.com\/wp-content\/uploads\/2023\/03\/r4CV_cuadro_capilla-e1679932631219.jpg\" data-elementor-open-lightbox=\"yes\" data-elementor-lightbox-slideshow=\"35c89a0\" data-elementor-lightbox-title=\"Renault 4CV. Quadre tipus &quot;capella&quot;\" data-elementor-lightbox-description=\"Renault 4CV: Disponible per a lloguer, fotos, filmacions, metratges\" data-e-action-hash=\"#elementor-action%3Aaction%3Dlightbox%26settings%3DeyJpZCI6MTMwMTcsInVybCI6Imh0dHBzOlwvXC93d3cuamdjbGFzc2ljcy5jb21cL3dwLWNvbnRlbnRcL3VwbG9hZHNcLzIwMjNcLzAzXC9yNENWX2N1YWRyb19jYXBpbGxhLWUxNjc5OTMyNjMxMjE5LmpwZyIsInNsaWRlc2hvdyI6IjM1Yzg5YTAifQ%3D%3D\">\n\t\t\t\t\t<div class=\"e-gallery-image elementor-gallery-item__image\" data-thumbnail=\"https:\/\/www.jgclassics.com\/wp-content\/uploads\/2023\/03\/r4CV_cuadro_capilla-e1679932631219-300x105.jpg\" data-width=\"300\" data-height=\"105\" aria-label=\"Renault 4CV. Quadre tipus &quot;capella&quot;\" role=\"img\" ><\/div>\n\t\t\t\t\t\t\t\t\t\t\t<div class=\"elementor-gallery-item__overlay\"><\/div>\n\t\t\t\t\t\t\t\t\t\t\t\t\t\t\t<div class=\"elementor-gallery-item__content\">\n\t\t\t\t\t\t\t\t\t\t\t\t\t\t<div class=\"elementor-gallery-item__description\">\n\t\t\t\t\t\t\t\t\t\t\t\t\t\t\t\t\t\tRenault 4CV. Quadre tipus \"capella\"\t\t\t\t\t\t\t\t<\/div>\n\t\t\t\t\t\t\t\t\t\t\t\t<\/div>\n\t\t\t\t\t\t\t\t\t<\/a>\n\t\t\t\t\t<\/div>\n\t\t\t\t\t<\/div>\n\t\t\t\t<\/div>\n\t\t\t\t\t<\/div>\n\t\t<\/div>\n\t\t\t\t\t<\/div>\n\t\t<\/section>\n\t\t\t\t<section data-particle_enable=\"false\" data-particle-mobile-disabled=\"false\" class=\"elementor-section elementor-top-section elementor-element elementor-element-ba9d537 elementor-section-boxed elementor-section-height-default elementor-section-height-default\" data-id=\"ba9d537\" data-element_type=\"section\" data-e-type=\"section\">\n\t\t\t\t\t\t<div class=\"elementor-container elementor-column-gap-default\">\n\t\t\t\t\t<div class=\"elementor-column elementor-col-100 elementor-top-column elementor-element elementor-element-c6e2260\" data-id=\"c6e2260\" data-element_type=\"column\" data-e-type=\"column\">\n\t\t\t<div class=\"elementor-widget-wrap elementor-element-populated\">\n\t\t\t\t\t\t<div class=\"elementor-element elementor-element-15c488d elementor-widget elementor-widget-heading\" data-id=\"15c488d\" data-element_type=\"widget\" data-e-type=\"widget\" data-widget_type=\"heading.default\">\n\t\t\t\t<div class=\"elementor-widget-container\">\n\t\t\t\t\t<h2 class=\"elementor-heading-title elementor-size-default\">Publicitat del Renault 4CV de l'\u00e8poca:<\/h2>\t\t\t\t<\/div>\n\t\t\t\t<\/div>\n\t\t\t\t\t<\/div>\n\t\t<\/div>\n\t\t\t\t\t<\/div>\n\t\t<\/section>\n\t\t\t\t<section data-particle_enable=\"false\" data-particle-mobile-disabled=\"false\" class=\"elementor-section elementor-top-section elementor-element elementor-element-cafee43 elementor-section-boxed elementor-section-height-default elementor-section-height-default\" data-id=\"cafee43\" data-element_type=\"section\" data-e-type=\"section\">\n\t\t\t\t\t\t<div class=\"elementor-container elementor-column-gap-default\">\n\t\t\t\t\t<div class=\"elementor-column elementor-col-100 elementor-top-column elementor-element elementor-element-ef92cca\" data-id=\"ef92cca\" data-element_type=\"column\" data-e-type=\"column\">\n\t\t\t<div class=\"elementor-widget-wrap elementor-element-populated\">\n\t\t\t\t\t\t<div class=\"elementor-element elementor-element-0edcf05 elementor-widget-divider--view-line elementor-widget elementor-widget-divider\" data-id=\"0edcf05\" data-element_type=\"widget\" data-e-type=\"widget\" data-widget_type=\"divider.default\">\n\t\t\t\t<div class=\"elementor-widget-container\">\n\t\t\t\t\t\t\t<div class=\"elementor-divider\">\n\t\t\t<span class=\"elementor-divider-separator\">\n\t\t\t\t\t\t<\/span>\n\t\t<\/div>\n\t\t\t\t\t\t<\/div>\n\t\t\t\t<\/div>\n\t\t\t\t\t<\/div>\n\t\t<\/div>\n\t\t\t\t\t<\/div>\n\t\t<\/section>\n\t\t\t\t<section data-particle_enable=\"false\" data-particle-mobile-disabled=\"false\" class=\"elementor-section elementor-top-section elementor-element elementor-element-fa96ec4 elementor-section-boxed elementor-section-height-default elementor-section-height-default\" data-id=\"fa96ec4\" data-element_type=\"section\" data-e-type=\"section\">\n\t\t\t\t\t\t<div class=\"elementor-container elementor-column-gap-default\">\n\t\t\t\t\t<div class=\"elementor-column elementor-col-100 elementor-top-column elementor-element elementor-element-6577743\" data-id=\"6577743\" data-element_type=\"column\" data-e-type=\"column\">\n\t\t\t<div class=\"elementor-widget-wrap elementor-element-populated\">\n\t\t\t\t\t\t<div class=\"elementor-element elementor-element-26cc53a elementor-widget elementor-widget-gallery\" data-id=\"26cc53a\" data-element_type=\"widget\" data-e-type=\"widget\" data-settings=\"{&quot;columns&quot;:5,&quot;columns_mobile&quot;:3,&quot;lazyload&quot;:&quot;yes&quot;,&quot;gallery_layout&quot;:&quot;grid&quot;,&quot;columns_tablet&quot;:2,&quot;gap&quot;:{&quot;unit&quot;:&quot;px&quot;,&quot;size&quot;:10,&quot;sizes&quot;:[]},&quot;gap_tablet&quot;:{&quot;unit&quot;:&quot;px&quot;,&quot;size&quot;:10,&quot;sizes&quot;:[]},&quot;gap_mobile&quot;:{&quot;unit&quot;:&quot;px&quot;,&quot;size&quot;:10,&quot;sizes&quot;:[]},&quot;link_to&quot;:&quot;file&quot;,&quot;aspect_ratio&quot;:&quot;3:2&quot;,&quot;overlay_background&quot;:&quot;yes&quot;,&quot;content_hover_animation&quot;:&quot;fade-in&quot;}\" data-widget_type=\"gallery.default\">\n\t\t\t\t<div class=\"elementor-widget-container\">\n\t\t\t\t\t\t\t<div class=\"elementor-gallery__container\">\n\t\t\t\t\t\t\t<a class=\"e-gallery-item elementor-gallery-item elementor-animated-content\" href=\"https:\/\/www.jgclassics.com\/wp-content\/uploads\/2023\/03\/4cv_pub006_1954.webp\" data-elementor-open-lightbox=\"yes\" data-elementor-lightbox-slideshow=\"26cc53a\" data-elementor-lightbox-title=\"Renault 4CV. Publicitat primer model (al voltant de 1949)\" data-e-action-hash=\"#elementor-action%3Aaction%3Dlightbox%26settings%3DeyJpZCI6MTMwNDcsInVybCI6Imh0dHBzOlwvXC93d3cuamdjbGFzc2ljcy5jb21cL3dwLWNvbnRlbnRcL3VwbG9hZHNcLzIwMjNcLzAzXC80Y3ZfcHViMDA2XzE5NTQud2VicCIsInNsaWRlc2hvdyI6IjI2Y2M1M2EifQ%3D%3D\">\n\t\t\t\t\t<div class=\"e-gallery-image elementor-gallery-item__image\" data-thumbnail=\"https:\/\/www.jgclassics.com\/wp-content\/uploads\/2023\/03\/4cv_pub006_1954-300x230.webp\" data-width=\"300\" data-height=\"230\" aria-label=\"Renault 4CV. Publicitat primer model (al voltant de 1949)\" role=\"img\" ><\/div>\n\t\t\t\t\t\t\t\t\t\t\t<div class=\"elementor-gallery-item__overlay\"><\/div>\n\t\t\t\t\t\t\t\t\t\t\t\t\t\t<\/a>\n\t\t\t\t\t\t\t<a class=\"e-gallery-item elementor-gallery-item elementor-animated-content\" href=\"https:\/\/www.jgclassics.com\/wp-content\/uploads\/2023\/03\/4cv_pub007_1959.jpg\" data-elementor-open-lightbox=\"yes\" data-elementor-lightbox-slideshow=\"26cc53a\" data-elementor-lightbox-title=\"Renault 4CV. Publicitat any 1959\" data-e-action-hash=\"#elementor-action%3Aaction%3Dlightbox%26settings%3DeyJpZCI6MTMwNTYsInVybCI6Imh0dHBzOlwvXC93d3cuamdjbGFzc2ljcy5jb21cL3dwLWNvbnRlbnRcL3VwbG9hZHNcLzIwMjNcLzAzXC80Y3ZfcHViMDA3XzE5NTkuanBnIiwic2xpZGVzaG93IjoiMjZjYzUzYSJ9\">\n\t\t\t\t\t<div class=\"e-gallery-image elementor-gallery-item__image\" data-thumbnail=\"https:\/\/www.jgclassics.com\/wp-content\/uploads\/2023\/03\/4cv_pub007_1959-300x225.jpg\" data-width=\"300\" data-height=\"225\" aria-label=\"Renault 4CV. Publicitat any 1959\" role=\"img\" ><\/div>\n\t\t\t\t\t\t\t\t\t\t\t<div class=\"elementor-gallery-item__overlay\"><\/div>\n\t\t\t\t\t\t\t\t\t\t\t\t\t\t<\/a>\n\t\t\t\t\t\t\t<a class=\"e-gallery-item elementor-gallery-item elementor-animated-content\" href=\"https:\/\/www.jgclassics.com\/wp-content\/uploads\/2023\/03\/4cv_pub007_1959.png\" data-elementor-open-lightbox=\"yes\" data-elementor-lightbox-slideshow=\"26cc53a\" data-elementor-lightbox-title=\"Renault 4CV. Hino Jap\u00f3. Publicitat any 1957\" data-e-action-hash=\"#elementor-action%3Aaction%3Dlightbox%26settings%3DeyJpZCI6MTMwNTksInVybCI6Imh0dHBzOlwvXC93d3cuamdjbGFzc2ljcy5jb21cL3dwLWNvbnRlbnRcL3VwbG9hZHNcLzIwMjNcLzAzXC80Y3ZfcHViMDA3XzE5NTkucG5nIiwic2xpZGVzaG93IjoiMjZjYzUzYSJ9\">\n\t\t\t\t\t<div class=\"e-gallery-image elementor-gallery-item__image\" data-thumbnail=\"https:\/\/www.jgclassics.com\/wp-content\/uploads\/2023\/03\/4cv_pub007_1959-300x182.png\" data-width=\"300\" data-height=\"182\" aria-label=\"Renault 4CV. Hino Jap\u00f3. Publicitat any 1957\" role=\"img\" ><\/div>\n\t\t\t\t\t\t\t\t\t\t\t<div class=\"elementor-gallery-item__overlay\"><\/div>\n\t\t\t\t\t\t\t\t\t\t\t\t\t\t<\/a>\n\t\t\t\t\t\t\t<a class=\"e-gallery-item elementor-gallery-item elementor-animated-content\" href=\"https:\/\/www.jgclassics.com\/wp-content\/uploads\/2023\/03\/4cv_pub009_1947.jpg\" data-elementor-open-lightbox=\"yes\" data-elementor-lightbox-slideshow=\"26cc53a\" data-elementor-lightbox-title=\"Renault 4CV. Publicitat any 1947\" data-e-action-hash=\"#elementor-action%3Aaction%3Dlightbox%26settings%3DeyJpZCI6MTMwNjUsInVybCI6Imh0dHBzOlwvXC93d3cuamdjbGFzc2ljcy5jb21cL3dwLWNvbnRlbnRcL3VwbG9hZHNcLzIwMjNcLzAzXC80Y3ZfcHViMDA5XzE5NDcuanBnIiwic2xpZGVzaG93IjoiMjZjYzUzYSJ9\">\n\t\t\t\t\t<div class=\"e-gallery-image elementor-gallery-item__image\" data-thumbnail=\"https:\/\/www.jgclassics.com\/wp-content\/uploads\/2023\/03\/4cv_pub009_1947-300x219.jpg\" data-width=\"300\" data-height=\"219\" aria-label=\"Renault 4CV. Publicitat any 1947\" role=\"img\" ><\/div>\n\t\t\t\t\t\t\t\t\t\t\t<div class=\"elementor-gallery-item__overlay\"><\/div>\n\t\t\t\t\t\t\t\t\t\t\t\t\t\t<\/a>\n\t\t\t\t\t\t\t<a class=\"e-gallery-item elementor-gallery-item elementor-animated-content\" href=\"https:\/\/www.jgclassics.com\/wp-content\/uploads\/2023\/03\/4cv_pub010_1957.jpg\" data-elementor-open-lightbox=\"yes\" data-elementor-lightbox-slideshow=\"26cc53a\" data-elementor-lightbox-title=\"Renault 4CV. Publicitat\" data-e-action-hash=\"#elementor-action%3Aaction%3Dlightbox%26settings%3DeyJpZCI6MTMwNjIsInVybCI6Imh0dHBzOlwvXC93d3cuamdjbGFzc2ljcy5jb21cL3dwLWNvbnRlbnRcL3VwbG9hZHNcLzIwMjNcLzAzXC80Y3ZfcHViMDEwXzE5NTcuanBnIiwic2xpZGVzaG93IjoiMjZjYzUzYSJ9\">\n\t\t\t\t\t<div class=\"e-gallery-image elementor-gallery-item__image\" data-thumbnail=\"https:\/\/www.jgclassics.com\/wp-content\/uploads\/2023\/03\/4cv_pub010_1957-300x188.jpg\" data-width=\"300\" data-height=\"188\" aria-label=\"Renault 4CV. Publicitat\" role=\"img\" ><\/div>\n\t\t\t\t\t\t\t\t\t\t\t<div class=\"elementor-gallery-item__overlay\"><\/div>\n\t\t\t\t\t\t\t\t\t\t\t\t\t\t<\/a>\n\t\t\t\t\t<\/div>\n\t\t\t\t\t<\/div>\n\t\t\t\t<\/div>\n\t\t\t\t\t<\/div>\n\t\t<\/div>\n\t\t\t\t\t<\/div>\n\t\t<\/section>\n\t\t\t\t<section data-particle_enable=\"false\" data-particle-mobile-disabled=\"false\" class=\"elementor-section elementor-top-section elementor-element elementor-element-9d14da4 elementor-section-boxed elementor-section-height-default elementor-section-height-default\" data-id=\"9d14da4\" data-element_type=\"section\" data-e-type=\"section\">\n\t\t\t\t\t\t<div class=\"elementor-container elementor-column-gap-default\">\n\t\t\t\t\t<div class=\"elementor-column elementor-col-50 elementor-top-column elementor-element elementor-element-a5fa622\" data-id=\"a5fa622\" data-element_type=\"column\" data-e-type=\"column\">\n\t\t\t<div class=\"elementor-widget-wrap elementor-element-populated\">\n\t\t\t\t\t\t<div class=\"elementor-element elementor-element-438792f elementor-widget__width-initial elementor-widget elementor-widget-text-editor\" data-id=\"438792f\" data-element_type=\"widget\" data-e-type=\"widget\" data-widget_type=\"text-editor.default\">\n\t\t\t\t<div class=\"elementor-widget-container\">\n\t\t\t\t\t\t\t\t\t<p>El cotxe portava instal\u00b7laci\u00f3 el\u00e8ctrica a 6 Volts, refrigeraci\u00f3 per aigua, i alimentaci\u00f3 per carburador Solex 22. El canvi de marxes era de tres velocitats endavant i una cap enrere, sent la primera marxa NO sincronitzada. El sistema de frens era hidr\u00e0ulic -sent aquesta una caracter\u00edstica que a l&#8217;\u00e8poca es va ressaltar com una mostra de l&#8217;avan\u00e7at del disseny del vehicle-. Un dip\u00f2sit de benzina de 27 litres li donava una autonomia mitjana d&#8217;entre 300 i 400 kms i com tots els motors Ventoux, la distribuci\u00f3 es feia mitjan\u00e7ant piny\u00f3 de baquelita \u2013concebut expressament en aquest material per evitar que el desgast caigu\u00e9s als pinyons del cigonyal o de l&#8217;arbre de lleves.<\/p>\n<p>Les concessions al confort eren escasses, atesa la seva condici\u00f3 de cotxe econ\u00f2mic i assequible. A la majoria d&#8217;unitats, la calefacci\u00f3 de la cabina es redu\u00efa a unes conduccions d&#8217;aire calent que arribaven del va motor per un parell de tubs laterals i que acabaven en unes trapes que es podien obrir o tancar a voluntat des de l&#8217;habitacle. Tot i aix\u00f2, algunes unitats van equipar el sistema de calefacci\u00f3 \u201c <a href=\"https:\/\/www.jgclassics.com\/wp-content\/uploads\/2023\/04\/calefaccion_sofica_renault.jpg\">Sofica<\/a> \u201d que -com el sistema dels autom\u00f2bils actuals- utilitzava l&#8217;aigua del circuit de refigeraci\u00f3, que desviava l&#8217;aire un petit conjunt radiador\/ventilador per finalment conduir l&#8217;aire calent cap a l&#8217;interior . A la majoria de versions, el cotxe no tenia finestretes &#8220;a l&#8217;\u00fas&#8221; tal com les coneixem avui dia, sin\u00f3 unes lliscants a la part del darrere i un derivabrises basculant a la part del davant o b\u00e9 tamb\u00e9 corredisses, depenent de la versi\u00f3.<\/p>\t\t\t\t\t\t\t\t<\/div>\n\t\t\t\t<\/div>\n\t\t\t\t\t<\/div>\n\t\t<\/div>\n\t\t\t\t<div class=\"elementor-column elementor-col-50 elementor-top-column elementor-element elementor-element-0df8549\" data-id=\"0df8549\" data-element_type=\"column\" data-e-type=\"column\">\n\t\t\t<div class=\"elementor-widget-wrap elementor-element-populated\">\n\t\t\t\t\t\t<div class=\"elementor-element elementor-element-448914d elementor-widget elementor-widget-gallery\" data-id=\"448914d\" data-element_type=\"widget\" data-e-type=\"widget\" data-settings=\"{&quot;gallery_layout&quot;:&quot;justified&quot;,&quot;lazyload&quot;:&quot;yes&quot;,&quot;ideal_row_height&quot;:{&quot;unit&quot;:&quot;px&quot;,&quot;size&quot;:200,&quot;sizes&quot;:[]},&quot;ideal_row_height_tablet&quot;:{&quot;unit&quot;:&quot;px&quot;,&quot;size&quot;:150,&quot;sizes&quot;:[]},&quot;ideal_row_height_mobile&quot;:{&quot;unit&quot;:&quot;px&quot;,&quot;size&quot;:150,&quot;sizes&quot;:[]},&quot;gap&quot;:{&quot;unit&quot;:&quot;px&quot;,&quot;size&quot;:10,&quot;sizes&quot;:[]},&quot;gap_tablet&quot;:{&quot;unit&quot;:&quot;px&quot;,&quot;size&quot;:10,&quot;sizes&quot;:[]},&quot;gap_mobile&quot;:{&quot;unit&quot;:&quot;px&quot;,&quot;size&quot;:10,&quot;sizes&quot;:[]},&quot;link_to&quot;:&quot;file&quot;,&quot;overlay_background&quot;:&quot;yes&quot;,&quot;content_hover_animation&quot;:&quot;fade-in&quot;}\" data-widget_type=\"gallery.default\">\n\t\t\t\t<div class=\"elementor-widget-container\">\n\t\t\t\t\t\t\t<div class=\"elementor-gallery__container\">\n\t\t\t\t\t\t\t<a class=\"e-gallery-item elementor-gallery-item elementor-animated-content\" href=\"https:\/\/www.jgclassics.com\/wp-content\/uploads\/2023\/03\/4cv_billancourt_002.jpg\" data-elementor-open-lightbox=\"yes\" data-elementor-lightbox-slideshow=\"448914d\" data-elementor-lightbox-title=\"Renault 4CV fabricaci\u00f3. Planta Billancourt\" data-e-action-hash=\"#elementor-action%3Aaction%3Dlightbox%26settings%3DeyJpZCI6MTMwODMsInVybCI6Imh0dHBzOlwvXC93d3cuamdjbGFzc2ljcy5jb21cL3dwLWNvbnRlbnRcL3VwbG9hZHNcLzIwMjNcLzAzXC80Y3ZfYmlsbGFuY291cnRfMDAyLmpwZyIsInNsaWRlc2hvdyI6IjQ0ODkxNGQifQ%3D%3D\">\n\t\t\t\t\t<div class=\"e-gallery-image elementor-gallery-item__image\" data-thumbnail=\"https:\/\/www.jgclassics.com\/wp-content\/uploads\/2023\/03\/4cv_billancourt_002-150x150.jpg\" data-width=\"150\" data-height=\"150\" aria-label=\"Renault 4CV fabricaci\u00f3. Planta Billancourt\" role=\"img\" ><\/div>\n\t\t\t\t\t\t\t\t\t\t\t<div class=\"elementor-gallery-item__overlay\"><\/div>\n\t\t\t\t\t\t\t\t\t\t\t\t\t\t<\/a>\n\t\t\t\t\t\t\t<a class=\"e-gallery-item elementor-gallery-item elementor-animated-content\" href=\"https:\/\/www.jgclassics.com\/wp-content\/uploads\/2023\/03\/4cv_pub001_1954.jpg\" data-elementor-open-lightbox=\"yes\" data-elementor-lightbox-slideshow=\"448914d\" data-elementor-lightbox-title=\"Renault 4CV. Fulleto publicitat 1954\" data-e-action-hash=\"#elementor-action%3Aaction%3Dlightbox%26settings%3DeyJpZCI6MTMwODYsInVybCI6Imh0dHBzOlwvXC93d3cuamdjbGFzc2ljcy5jb21cL3dwLWNvbnRlbnRcL3VwbG9hZHNcLzIwMjNcLzAzXC80Y3ZfcHViMDAxXzE5NTQuanBnIiwic2xpZGVzaG93IjoiNDQ4OTE0ZCJ9\">\n\t\t\t\t\t<div class=\"e-gallery-image elementor-gallery-item__image\" data-thumbnail=\"https:\/\/www.jgclassics.com\/wp-content\/uploads\/2023\/03\/4cv_pub001_1954-150x150.jpg\" data-width=\"150\" data-height=\"150\" aria-label=\"Renault 4CV. Fulleto publicitat 1954\" role=\"img\" ><\/div>\n\t\t\t\t\t\t\t\t\t\t\t<div class=\"elementor-gallery-item__overlay\"><\/div>\n\t\t\t\t\t\t\t\t\t\t\t\t\t\t<\/a>\n\t\t\t\t\t\t\t<a class=\"e-gallery-item elementor-gallery-item elementor-animated-content\" href=\"https:\/\/www.jgclassics.com\/wp-content\/uploads\/2023\/03\/4cv_versiones_deportivas_1063-1952.jpg\" data-elementor-open-lightbox=\"yes\" data-elementor-lightbox-slideshow=\"448914d\" data-elementor-lightbox-title=\"Renault 4CV. Versions esportives (possiblement variant 1063)\" data-e-action-hash=\"#elementor-action%3Aaction%3Dlightbox%26settings%3DeyJpZCI6MTMwODksInVybCI6Imh0dHBzOlwvXC93d3cuamdjbGFzc2ljcy5jb21cL3dwLWNvbnRlbnRcL3VwbG9hZHNcLzIwMjNcLzAzXC80Y3ZfdmVyc2lvbmVzX2RlcG9ydGl2YXNfMTA2My0xOTUyLmpwZyIsInNsaWRlc2hvdyI6IjQ0ODkxNGQifQ%3D%3D\">\n\t\t\t\t\t<div class=\"e-gallery-image elementor-gallery-item__image\" data-thumbnail=\"https:\/\/www.jgclassics.com\/wp-content\/uploads\/2023\/03\/4cv_versiones_deportivas_1063-1952-150x150.jpg\" data-width=\"150\" data-height=\"150\" aria-label=\"Renault 4CV. Versions esportives (possiblement variant 1063)\" role=\"img\" ><\/div>\n\t\t\t\t\t\t\t\t\t\t\t<div class=\"elementor-gallery-item__overlay\"><\/div>\n\t\t\t\t\t\t\t\t\t\t\t\t\t\t<\/a>\n\t\t\t\t\t\t\t<a class=\"e-gallery-item elementor-gallery-item elementor-animated-content\" href=\"https:\/\/www.jgclassics.com\/wp-content\/uploads\/2023\/03\/4cv_planta_billancourt.jpg\" data-elementor-open-lightbox=\"yes\" data-elementor-lightbox-slideshow=\"448914d\" data-elementor-lightbox-title=\"Renault 4CV fabricaci\u00f3. Planta Billancourt\" data-e-action-hash=\"#elementor-action%3Aaction%3Dlightbox%26settings%3DeyJpZCI6MTMwOTIsInVybCI6Imh0dHBzOlwvXC93d3cuamdjbGFzc2ljcy5jb21cL3dwLWNvbnRlbnRcL3VwbG9hZHNcLzIwMjNcLzAzXC80Y3ZfcGxhbnRhX2JpbGxhbmNvdXJ0LmpwZyIsInNsaWRlc2hvdyI6IjQ0ODkxNGQifQ%3D%3D\">\n\t\t\t\t\t<div class=\"e-gallery-image elementor-gallery-item__image\" data-thumbnail=\"https:\/\/www.jgclassics.com\/wp-content\/uploads\/2023\/03\/4cv_planta_billancourt-150x150.jpg\" data-width=\"150\" data-height=\"150\" aria-label=\"Renault 4CV fabricaci\u00f3. Planta Billancourt\" role=\"img\" ><\/div>\n\t\t\t\t\t\t\t\t\t\t\t<div class=\"elementor-gallery-item__overlay\"><\/div>\n\t\t\t\t\t\t\t\t\t\t\t\t\t\t<\/a>\n\t\t\t\t\t\t\t<a class=\"e-gallery-item elementor-gallery-item elementor-animated-content\" href=\"https:\/\/www.jgclassics.com\/wp-content\/uploads\/2023\/03\/4cv_vw_compare_1956.jpg\" data-elementor-open-lightbox=\"yes\" data-elementor-lightbox-slideshow=\"448914d\" data-elementor-lightbox-title=\"Renault 4CV comparativa Volkswagen escarabat\" data-e-action-hash=\"#elementor-action%3Aaction%3Dlightbox%26settings%3DeyJpZCI6MTMwOTUsInVybCI6Imh0dHBzOlwvXC93d3cuamdjbGFzc2ljcy5jb21cL3dwLWNvbnRlbnRcL3VwbG9hZHNcLzIwMjNcLzAzXC80Y3ZfdndfY29tcGFyZV8xOTU2LmpwZyIsInNsaWRlc2hvdyI6IjQ0ODkxNGQifQ%3D%3D\">\n\t\t\t\t\t<div class=\"e-gallery-image elementor-gallery-item__image\" data-thumbnail=\"https:\/\/www.jgclassics.com\/wp-content\/uploads\/2023\/03\/4cv_vw_compare_1956-150x150.jpg\" data-width=\"150\" data-height=\"150\" aria-label=\"Renault 4CV comparativa Volkswagen escarabat\" role=\"img\" ><\/div>\n\t\t\t\t\t\t\t\t\t\t\t<div class=\"elementor-gallery-item__overlay\"><\/div>\n\t\t\t\t\t\t\t\t\t\t\t\t\t\t<\/a>\n\t\t\t\t\t\t\t<a class=\"e-gallery-item elementor-gallery-item elementor-animated-content\" href=\"https:\/\/www.jgclassics.com\/wp-content\/uploads\/2023\/03\/4cv_billancourt003.jpg\" data-elementor-open-lightbox=\"yes\" data-elementor-lightbox-slideshow=\"448914d\" data-elementor-lightbox-title=\"Renault 4CV fabricaci\u00f3. Planta Billancourt\" data-e-action-hash=\"#elementor-action%3Aaction%3Dlightbox%26settings%3DeyJpZCI6MTMwOTgsInVybCI6Imh0dHBzOlwvXC93d3cuamdjbGFzc2ljcy5jb21cL3dwLWNvbnRlbnRcL3VwbG9hZHNcLzIwMjNcLzAzXC80Y3ZfYmlsbGFuY291cnQwMDMuanBnIiwic2xpZGVzaG93IjoiNDQ4OTE0ZCJ9\">\n\t\t\t\t\t<div class=\"e-gallery-image elementor-gallery-item__image\" data-thumbnail=\"https:\/\/www.jgclassics.com\/wp-content\/uploads\/2023\/03\/4cv_billancourt003-150x150.jpg\" data-width=\"150\" data-height=\"150\" aria-label=\"Renault 4CV fabricaci\u00f3. Planta Billancourt\" role=\"img\" ><\/div>\n\t\t\t\t\t\t\t\t\t\t\t<div class=\"elementor-gallery-item__overlay\"><\/div>\n\t\t\t\t\t\t\t\t\t\t\t\t\t\t<\/a>\n\t\t\t\t\t<\/div>\n\t\t\t\t\t<\/div>\n\t\t\t\t<\/div>\n\t\t\t\t\t<\/div>\n\t\t<\/div>\n\t\t\t\t\t<\/div>\n\t\t<\/section>\n\t\t\t\t<section data-particle_enable=\"false\" data-particle-mobile-disabled=\"false\" class=\"elementor-section elementor-top-section elementor-element elementor-element-747f28b elementor-section-boxed elementor-section-height-default elementor-section-height-default\" data-id=\"747f28b\" data-element_type=\"section\" data-e-type=\"section\">\n\t\t\t\t\t\t<div class=\"elementor-container elementor-column-gap-default\">\n\t\t\t\t\t<div class=\"elementor-column elementor-col-100 elementor-top-column elementor-element elementor-element-8ca2c78\" data-id=\"8ca2c78\" data-element_type=\"column\" data-e-type=\"column\">\n\t\t\t<div class=\"elementor-widget-wrap elementor-element-populated\">\n\t\t\t\t\t\t<div class=\"elementor-element elementor-element-2d11b22 elementor-widget elementor-widget-text-editor\" data-id=\"2d11b22\" data-element_type=\"widget\" data-e-type=\"widget\" data-widget_type=\"text-editor.default\">\n\t\t\t\t<div class=\"elementor-widget-container\">\n\t\t\t\t\t\t\t\t\t<p>A causa del modest del vehicle a la seva concepci\u00f3, crida l&#8217;atenci\u00f3 que algunes versions incorporaven elements de decoraci\u00f3 que avui arriben a sorprendre en un cotxe del seu estil: Per exemple, un  <a href=\"https:\/\/www.jgclassics.com\/wp-content\/uploads\/2023\/03\/20230305_131105-copia-scaled.jpg\">tap de radiador cromat integrat en un escut tamb\u00e9 cromat sobre la carrosseria<\/a>, motllures embellidores a la calandra,  <a href=\"https:\/\/www.jgclassics.com\/wp-content\/uploads\/2023\/03\/20230305_130614-copia-scaled.jpg\">preses d&#8217;aire<\/a>  i laterals,  <a href=\"https:\/\/www.jgclassics.com\/wp-content\/uploads\/2023\/03\/20230305_133414-scaled.jpg\">un sistema dobertura del cap\u00f3 amb una palanca dun disseny molt cuidat<\/a>, tapacubos i <a href=\"https:\/\/www.jgclassics.com\/wp-content\/uploads\/2023\/03\/20230305_131816-copia-scaled.jpg\">femelles de llanta cromats<\/a>, aix\u00ed com estreps i faldilles laterals cromades als passos de roda. A m\u00e9s, hi va haver versions descapotables i amb el sostre practicable corred\u00eds.<\/p>\n\t\t\t\t\t\t\t\t<\/div>\n\t\t\t\t<\/div>\n\t\t\t\t\t<\/div>\n\t\t<\/div>\n\t\t\t\t\t<\/div>\n\t\t<\/section>\n\t\t\t\t<section data-particle_enable=\"false\" data-particle-mobile-disabled=\"false\" class=\"elementor-section elementor-top-section elementor-element elementor-element-a0d8e44 elementor-section-boxed elementor-section-height-default elementor-section-height-default\" data-id=\"a0d8e44\" data-element_type=\"section\" data-e-type=\"section\">\n\t\t\t\t\t\t<div class=\"elementor-container elementor-column-gap-default\">\n\t\t\t\t\t<div class=\"elementor-column elementor-col-100 elementor-top-column elementor-element elementor-element-6b3d423\" data-id=\"6b3d423\" data-element_type=\"column\" data-e-type=\"column\">\n\t\t\t<div class=\"elementor-widget-wrap elementor-element-populated\">\n\t\t\t\t\t\t<div class=\"elementor-element elementor-element-ada12ac elementor-widget-divider--view-line_icon elementor-view-default elementor-widget-divider--element-align-center elementor-widget elementor-widget-divider\" data-id=\"ada12ac\" data-element_type=\"widget\" data-e-type=\"widget\" data-widget_type=\"divider.default\">\n\t\t\t\t<div class=\"elementor-widget-container\">\n\t\t\t\t\t\t\t<div class=\"elementor-divider\">\n\t\t\t<span class=\"elementor-divider-separator\">\n\t\t\t\t\t\t\t<div class=\"elementor-icon elementor-divider__element\">\n\t\t\t\t\t<i aria-hidden=\"true\" class=\"fas fa-info-circle\"><\/i><\/div>\n\t\t\t\t\t\t<\/span>\n\t\t<\/div>\n\t\t\t\t\t\t<\/div>\n\t\t\t\t<\/div>\n\t\t\t\t\t<\/div>\n\t\t<\/div>\n\t\t\t\t\t<\/div>\n\t\t<\/section>\n\t\t\t\t<section data-particle_enable=\"false\" data-particle-mobile-disabled=\"false\" class=\"elementor-section elementor-top-section elementor-element elementor-element-2b63ff9 elementor-section-boxed elementor-section-height-default elementor-section-height-default\" data-id=\"2b63ff9\" data-element_type=\"section\" data-e-type=\"section\">\n\t\t\t\t\t\t<div class=\"elementor-container elementor-column-gap-default\">\n\t\t\t\t\t<div class=\"elementor-column elementor-col-100 elementor-top-column elementor-element elementor-element-ca19955\" data-id=\"ca19955\" data-element_type=\"column\" data-e-type=\"column\">\n\t\t\t<div class=\"elementor-widget-wrap elementor-element-populated\">\n\t\t\t\t\t\t<div class=\"elementor-element elementor-element-7b50653 elementor-widget elementor-widget-heading\" data-id=\"7b50653\" data-element_type=\"widget\" data-e-type=\"widget\" data-widget_type=\"heading.default\">\n\t\t\t\t<div class=\"elementor-widget-container\">\n\t\t\t\t\t<h2 class=\"elementor-heading-title elementor-size-default\">Renault 4CV - Tres v\u00eddeos il\u00b7lustratius sobre el model(Espanyol\/Franc\u00e8s):<\/h2>\t\t\t\t<\/div>\n\t\t\t\t<\/div>\n\t\t\t\t\t<\/div>\n\t\t<\/div>\n\t\t\t\t\t<\/div>\n\t\t<\/section>\n\t\t\t\t<section data-particle_enable=\"false\" data-particle-mobile-disabled=\"false\" class=\"elementor-section elementor-top-section elementor-element elementor-element-944de0c elementor-section-boxed elementor-section-height-default elementor-section-height-default\" data-id=\"944de0c\" data-element_type=\"section\" data-e-type=\"section\">\n\t\t\t\t\t\t<div class=\"elementor-container elementor-column-gap-default\">\n\t\t\t\t\t<div class=\"elementor-column elementor-col-33 elementor-top-column elementor-element elementor-element-bf3ba96\" data-id=\"bf3ba96\" data-element_type=\"column\" data-e-type=\"column\">\n\t\t\t<div class=\"elementor-widget-wrap elementor-element-populated\">\n\t\t\t\t\t\t<div class=\"elementor-element elementor-element-1c148e1 elementor-widget elementor-widget-video\" data-id=\"1c148e1\" data-element_type=\"widget\" data-e-type=\"widget\" data-settings=\"{&quot;youtube_url&quot;:&quot;https:\\\/\\\/www.youtube.com\\\/watch?v=mP9ZJPniUuQ&quot;,&quot;video_type&quot;:&quot;youtube&quot;,&quot;controls&quot;:&quot;yes&quot;}\" data-widget_type=\"video.default\">\n\t\t\t\t<div class=\"elementor-widget-container\">\n\t\t\t\t\t\t\t<div class=\"elementor-wrapper elementor-open-inline\">\n\t\t\t<div class=\"elementor-video\"><\/div>\t\t<\/div>\n\t\t\t\t\t\t<\/div>\n\t\t\t\t<\/div>\n\t\t\t\t\t<\/div>\n\t\t<\/div>\n\t\t\t\t<div class=\"elementor-column elementor-col-33 elementor-top-column elementor-element elementor-element-230305e\" data-id=\"230305e\" data-element_type=\"column\" data-e-type=\"column\">\n\t\t\t<div class=\"elementor-widget-wrap elementor-element-populated\">\n\t\t\t\t\t\t<div class=\"elementor-element elementor-element-a8eab2b elementor-widget elementor-widget-video\" data-id=\"a8eab2b\" data-element_type=\"widget\" data-e-type=\"widget\" data-settings=\"{&quot;youtube_url&quot;:&quot;https:\\\/\\\/www.youtube.com\\\/watch?v=zUTjDIIn9TY&quot;,&quot;video_type&quot;:&quot;youtube&quot;,&quot;controls&quot;:&quot;yes&quot;}\" data-widget_type=\"video.default\">\n\t\t\t\t<div class=\"elementor-widget-container\">\n\t\t\t\t\t\t\t<div class=\"elementor-wrapper elementor-open-inline\">\n\t\t\t<div class=\"elementor-video\"><\/div>\t\t<\/div>\n\t\t\t\t\t\t<\/div>\n\t\t\t\t<\/div>\n\t\t\t\t\t<\/div>\n\t\t<\/div>\n\t\t\t\t<div class=\"elementor-column elementor-col-33 elementor-top-column elementor-element elementor-element-5a33748\" data-id=\"5a33748\" data-element_type=\"column\" data-e-type=\"column\">\n\t\t\t<div class=\"elementor-widget-wrap elementor-element-populated\">\n\t\t\t\t\t\t<div class=\"elementor-element elementor-element-73913e0 elementor-widget elementor-widget-video\" data-id=\"73913e0\" data-element_type=\"widget\" data-e-type=\"widget\" data-settings=\"{&quot;youtube_url&quot;:&quot;https:\\\/\\\/www.youtube.com\\\/watch?v=hv-4czYRT0Y&quot;,&quot;video_type&quot;:&quot;youtube&quot;,&quot;controls&quot;:&quot;yes&quot;}\" data-widget_type=\"video.default\">\n\t\t\t\t<div class=\"elementor-widget-container\">\n\t\t\t\t\t\t\t<div class=\"elementor-wrapper elementor-open-inline\">\n\t\t\t<div class=\"elementor-video\"><\/div>\t\t<\/div>\n\t\t\t\t\t\t<\/div>\n\t\t\t\t<\/div>\n\t\t\t\t\t<\/div>\n\t\t<\/div>\n\t\t\t\t\t<\/div>\n\t\t<\/section>\n\t\t\t\t<section data-particle_enable=\"false\" data-particle-mobile-disabled=\"false\" class=\"elementor-section elementor-top-section elementor-element elementor-element-14ee191 elementor-section-boxed elementor-section-height-default elementor-section-height-default\" data-id=\"14ee191\" data-element_type=\"section\" data-e-type=\"section\">\n\t\t\t\t\t\t<div class=\"elementor-container elementor-column-gap-default\">\n\t\t\t\t\t<div class=\"elementor-column elementor-col-100 elementor-top-column elementor-element elementor-element-82f2cc2\" data-id=\"82f2cc2\" data-element_type=\"column\" data-e-type=\"column\">\n\t\t\t<div class=\"elementor-widget-wrap elementor-element-populated\">\n\t\t\t\t\t\t<div class=\"elementor-element elementor-element-11c6b90 elementor-widget-divider--view-line elementor-widget elementor-widget-divider\" data-id=\"11c6b90\" data-element_type=\"widget\" data-e-type=\"widget\" data-widget_type=\"divider.default\">\n\t\t\t\t<div class=\"elementor-widget-container\">\n\t\t\t\t\t\t\t<div class=\"elementor-divider\">\n\t\t\t<span class=\"elementor-divider-separator\">\n\t\t\t\t\t\t<\/span>\n\t\t<\/div>\n\t\t\t\t\t\t<\/div>\n\t\t\t\t<\/div>\n\t\t\t\t\t<\/div>\n\t\t<\/div>\n\t\t\t\t\t<\/div>\n\t\t<\/section>\n\t\t\t\t<section data-particle_enable=\"false\" data-particle-mobile-disabled=\"false\" class=\"elementor-section elementor-top-section elementor-element elementor-element-81453d2 elementor-section-boxed elementor-section-height-default elementor-section-height-default\" data-id=\"81453d2\" data-element_type=\"section\" data-e-type=\"section\">\n\t\t\t\t\t\t<div class=\"elementor-container elementor-column-gap-default\">\n\t\t\t\t\t<div class=\"elementor-column elementor-col-100 elementor-top-column elementor-element elementor-element-b7cdb6c\" data-id=\"b7cdb6c\" data-element_type=\"column\" data-e-type=\"column\">\n\t\t\t<div class=\"elementor-widget-wrap elementor-element-populated\">\n\t\t\t\t\t\t<div class=\"elementor-element elementor-element-89e5c37 elementor-widget elementor-widget-text-editor\" data-id=\"89e5c37\" data-element_type=\"widget\" data-e-type=\"widget\" data-widget_type=\"text-editor.default\">\n\t\t\t\t<div class=\"elementor-widget-container\">\n\t\t\t\t\t\t\t\t\t<p>El Renault 4CV, en totes les seves versions i variants, va estar en fabricaci\u00f3 fins al 1961. Es va fabricar a Fran\u00e7a, a Espanya, Jap\u00f3 i Austr\u00e0lia, i es va fabricar a Fran\u00e7a m\u00e9s d&#8217;un mili\u00f3 d&#8217;unitats.<\/p>\n\t\t\t\t\t\t\t\t<\/div>\n\t\t\t\t<\/div>\n\t\t\t\t\t<\/div>\n\t\t<\/div>\n\t\t\t\t\t<\/div>\n\t\t<\/section>\n\t\t\t\t<section data-particle_enable=\"false\" data-particle-mobile-disabled=\"false\" class=\"elementor-section elementor-top-section elementor-element elementor-element-a6d6a72 elementor-section-boxed elementor-section-height-default elementor-section-height-default\" data-id=\"a6d6a72\" data-element_type=\"section\" data-e-type=\"section\">\n\t\t\t\t\t\t<div class=\"elementor-container elementor-column-gap-default\">\n\t\t\t\t\t<div class=\"elementor-column elementor-col-100 elementor-top-column elementor-element elementor-element-ef6a28e\" data-id=\"ef6a28e\" data-element_type=\"column\" data-e-type=\"column\">\n\t\t\t<div class=\"elementor-widget-wrap elementor-element-populated\">\n\t\t\t\t\t\t<div class=\"elementor-element elementor-element-61a04c0 elementor-widget-divider--view-line_icon elementor-view-default elementor-widget-divider--element-align-center elementor-widget elementor-widget-divider\" data-id=\"61a04c0\" data-element_type=\"widget\" data-e-type=\"widget\" data-widget_type=\"divider.default\">\n\t\t\t\t<div class=\"elementor-widget-container\">\n\t\t\t\t\t\t\t<div class=\"elementor-divider\">\n\t\t\t<span class=\"elementor-divider-separator\">\n\t\t\t\t\t\t\t<div class=\"elementor-icon elementor-divider__element\">\n\t\t\t\t\t<i aria-hidden=\"true\" class=\"fas fa-info-circle\"><\/i><\/div>\n\t\t\t\t\t\t<\/span>\n\t\t<\/div>\n\t\t\t\t\t\t<\/div>\n\t\t\t\t<\/div>\n\t\t\t\t\t<\/div>\n\t\t<\/div>\n\t\t\t\t\t<\/div>\n\t\t<\/section>\n\t\t\t\t<section data-particle_enable=\"false\" data-particle-mobile-disabled=\"false\" class=\"elementor-section elementor-top-section elementor-element elementor-element-4a42bd8 elementor-section-boxed elementor-section-height-default elementor-section-height-default\" data-id=\"4a42bd8\" data-element_type=\"section\" data-e-type=\"section\">\n\t\t\t\t\t\t<div class=\"elementor-container elementor-column-gap-default\">\n\t\t\t\t\t<div class=\"elementor-column elementor-col-100 elementor-top-column elementor-element elementor-element-62ada25\" data-id=\"62ada25\" data-element_type=\"column\" data-e-type=\"column\">\n\t\t\t<div class=\"elementor-widget-wrap elementor-element-populated\">\n\t\t\t\t\t\t<div class=\"elementor-element elementor-element-ecd2e53 elementor-widget elementor-widget-heading\" data-id=\"ecd2e53\" data-element_type=\"widget\" data-e-type=\"widget\" data-widget_type=\"heading.default\">\n\t\t\t\t<div class=\"elementor-widget-container\">\n\t\t\t\t\t<h2 class=\"elementor-heading-title elementor-size-default\">El Renault 4CV i el mite de Ferdinand Porsche<\/h2>\t\t\t\t<\/div>\n\t\t\t\t<\/div>\n\t\t\t\t<div class=\"elementor-element elementor-element-96aa517 elementor-widget elementor-widget-text-editor\" data-id=\"96aa517\" data-element_type=\"widget\" data-e-type=\"widget\" data-widget_type=\"text-editor.default\">\n\t\t\t\t<div class=\"elementor-widget-container\">\n\t\t\t\t\t\t\t\t\t<p><img loading=\"lazy\" decoding=\"async\" class=\"aligncenter size-medium wp-image-8397\" src=\"https:\/\/www.jgclassics.com\/wp-content\/uploads\/2023\/03\/ferdinand_porsche-300x200.jpg\" alt=\"\" width=\"300\" height=\"200\" srcset=\"https:\/\/www.jgclassics.com\/wp-content\/uploads\/2023\/03\/ferdinand_porsche-300x200.jpg 300w, https:\/\/www.jgclassics.com\/wp-content\/uploads\/2023\/03\/ferdinand_porsche.jpg 694w\" sizes=\"(max-width: 300px) 100vw, 300px\" \/><\/p>\n<p>Entre els aficionats al m\u00f3n del cotxe cl\u00e0ssic \u00e9s relativament habitual sentir que el Renault 4CV va ser un disseny de Ferdinand Porsche. Per alguna ra\u00f3, aquesta afirmaci\u00f3 s&#8217;ha est\u00e8s, per\u00f2 \u00e9s -com a m\u00ednim- de veracitat q\u00fcestionable. Com es comenta a l&#8217;excel\u00b7lent llibre \u201c<a href=\"https:\/\/www.libromotor.com\/libro\/fasa-renault-y-los-renault-todo-atras-fabricados-en-espana_3746\" target=\"_blank\" rel=\"noopener\">FASA RENAULT Y LOS RENAULT TODO ATR\u00c1S FABRICADOS EN ESPA\u00d1A<\/a>\u201d de l&#8217;autor Gimeno Valledor, el Renault 4CV va ser un cotxe dissenyat a la clandestinitat durant l&#8217;ocupaci\u00f3 alemanya a Fran\u00e7a, i sota unes estrictes normes dictades pels ocupants alemanys precisament que prohibien la realitzaci\u00f3 de qualsevol disseny de vehicle civil. Aix\u00ed que dif\u00edcilment podia Ferdinand Porsche, austr\u00edac de naixement per\u00f2 de nacionalitat alemanya, participar en un disseny per al pa\u00eds ocupat contraindicant les normes dictades per les autoritats del seu propi pa\u00eds.<\/p>\n<p>\u00c9s cert que en acabar la guerra, Ferdinand Porsche va estar presoner a Fran\u00e7a, per\u00f2 llavors el Renault 4CV ja estava pr\u00e0cticament acabat. I s\u00ed que sembla que a Ferdinand Porsche va tenir algun contacte puntual amb els responsables de Renault, contacte que va tenir lloc per pressions pol\u00edtiques cap a Pierre Lefacheux (gerent de Renault en aquell moment), i que se li va arribar a mostrar el disseny i\/o prototip del cotxe de Renault. Per\u00f2 la seva \u00fanica contribuci\u00f3 sembla que va ser algun comentari \u2013sembla que positiu\u2013 i poca cosa m\u00e9s.<\/p>\n<p>El Renault 4CV comparteix la idea de les formes amb el VW Beetle -aquest s\u00ed que dissenyat per Porsche-, aix\u00ed com el concepte de &#8220;motor i transmissi\u00f3 darrere&#8221;, per\u00f2 \u00e9s que les formes del Renault 4CV tamb\u00e9 recorden les del Morris Minor ( UK), l&#8217;American Bantam, el Willys coupe de 1940, el Peugeot 203 de 1950, i segurament molts altres cotxes de l&#8217;\u00e8poca. El que no \u00e9s sorprenent, ja que aleshores aquest era el model conceptual de llavors quant a les optimitzacions aerodin\u00e0miques per als dissenyadors de carrosseries.  <\/p>\n\t\t\t\t\t\t\t\t<\/div>\n\t\t\t\t<\/div>\n\t\t\t\t\t<\/div>\n\t\t<\/div>\n\t\t\t\t\t<\/div>\n\t\t<\/section>\n\t\t\t\t<section data-particle_enable=\"false\" data-particle-mobile-disabled=\"false\" class=\"elementor-section elementor-top-section elementor-element elementor-element-77ad3ca elementor-section-boxed elementor-section-height-default elementor-section-height-default\" data-id=\"77ad3ca\" data-element_type=\"section\" data-e-type=\"section\">\n\t\t\t\t\t\t<div class=\"elementor-container elementor-column-gap-default\">\n\t\t\t\t\t<div class=\"elementor-column elementor-col-100 elementor-top-column elementor-element elementor-element-e0e4da2\" data-id=\"e0e4da2\" data-element_type=\"column\" data-e-type=\"column\">\n\t\t\t<div class=\"elementor-widget-wrap elementor-element-populated\">\n\t\t\t\t\t\t<div class=\"elementor-element elementor-element-4241ba4 elementor-widget-divider--view-line elementor-widget elementor-widget-divider\" data-id=\"4241ba4\" data-element_type=\"widget\" data-e-type=\"widget\" data-widget_type=\"divider.default\">\n\t\t\t\t<div class=\"elementor-widget-container\">\n\t\t\t\t\t\t\t<div class=\"elementor-divider\">\n\t\t\t<span class=\"elementor-divider-separator\">\n\t\t\t\t\t\t<\/span>\n\t\t<\/div>\n\t\t\t\t\t\t<\/div>\n\t\t\t\t<\/div>\n\t\t\t\t\t<\/div>\n\t\t<\/div>\n\t\t\t\t\t<\/div>\n\t\t<\/section>\n\t\t\t\t<section data-particle_enable=\"false\" data-particle-mobile-disabled=\"false\" class=\"elementor-section elementor-top-section elementor-element elementor-element-661ede7 elementor-section-boxed elementor-section-height-default elementor-section-height-default\" data-id=\"661ede7\" data-element_type=\"section\" data-e-type=\"section\">\n\t\t\t\t\t\t<div class=\"elementor-container elementor-column-gap-default\">\n\t\t\t\t\t<div class=\"elementor-column elementor-col-100 elementor-top-column elementor-element elementor-element-913e8d8\" data-id=\"913e8d8\" data-element_type=\"column\" data-e-type=\"column\">\n\t\t\t<div class=\"elementor-widget-wrap elementor-element-populated\">\n\t\t\t\t\t\t<div class=\"elementor-element elementor-element-5bd15b9 elementor-widget elementor-widget-heading\" data-id=\"5bd15b9\" data-element_type=\"widget\" data-e-type=\"widget\" data-widget_type=\"heading.default\">\n\t\t\t\t<div class=\"elementor-widget-container\">\n\t\t\t\t\t<h3 class=\"elementor-heading-title elementor-size-default\"><span style=\"font-size: 23px;font-weight: 700;text-align: center;white-space: normal\">El Renault 4CV a Espanya<\/h3>\t\t\t\t<\/div>\n\t\t\t\t<\/div>\n\t\t\t\t\t<\/div>\n\t\t<\/div>\n\t\t\t\t\t<\/div>\n\t\t<\/section>\n\t\t\t\t<section data-particle_enable=\"false\" data-particle-mobile-disabled=\"false\" class=\"elementor-section elementor-top-section elementor-element elementor-element-937ac85 elementor-section-boxed elementor-section-height-default elementor-section-height-default\" data-id=\"937ac85\" data-element_type=\"section\" data-e-type=\"section\">\n\t\t\t\t\t\t<div class=\"elementor-container elementor-column-gap-default\">\n\t\t\t\t\t<div class=\"elementor-column elementor-col-100 elementor-top-column elementor-element elementor-element-32303b1\" data-id=\"32303b1\" data-element_type=\"column\" data-e-type=\"column\">\n\t\t\t<div class=\"elementor-widget-wrap elementor-element-populated\">\n\t\t\t\t\t\t<div class=\"elementor-element elementor-element-ae68741 elementor-widget elementor-widget-text-editor\" data-id=\"ae68741\" data-element_type=\"widget\" data-e-type=\"widget\" data-widget_type=\"text-editor.default\">\n\t\t\t\t<div class=\"elementor-widget-container\">\n\t\t\t\t\t\t\t\t\t<p>A Espanya es va fabricar entre 1951 i 1961 per FASA-Espanya a la planta de Valladolid, coneixent-se popularment com el \u201cquatre-quatre\u201d, sent el primer model de cotxe d&#8217;Espanya fabricat en s\u00e8rie (encara anterior al Seat 600). El model Renault CV est\u00e0 incl\u00f2s a la llista del \u201cPatrimoni Industrial d&#8217;Espanya\u201d. El nom 4-4 va venir de la publicitat a Fran\u00e7a, en la qual ressaltaven 4 portes, 4 passatgers, 4 cavalls fiscals (segons la legislaci\u00f3 francesa de l&#8217;\u00e8poca), i 440000 francs (dels antics francs francesos anteriors a 1960).<\/p>\n\t\t\t\t\t\t\t\t<\/div>\n\t\t\t\t<\/div>\n\t\t\t\t\t<\/div>\n\t\t<\/div>\n\t\t\t\t\t<\/div>\n\t\t<\/section>\n\t\t\t\t<section data-particle_enable=\"false\" data-particle-mobile-disabled=\"false\" class=\"elementor-section elementor-top-section elementor-element elementor-element-8752d67 elementor-section-boxed elementor-section-height-default elementor-section-height-default\" data-id=\"8752d67\" data-element_type=\"section\" data-e-type=\"section\">\n\t\t\t\t\t\t<div class=\"elementor-container elementor-column-gap-default\">\n\t\t\t\t\t<div class=\"elementor-column elementor-col-100 elementor-top-column elementor-element elementor-element-0d9af1d\" data-id=\"0d9af1d\" data-element_type=\"column\" data-e-type=\"column\">\n\t\t\t<div class=\"elementor-widget-wrap elementor-element-populated\">\n\t\t\t\t\t\t<div class=\"elementor-element elementor-element-cfea8c2 elementor-widget elementor-widget-gallery\" data-id=\"cfea8c2\" data-element_type=\"widget\" data-e-type=\"widget\" data-settings=\"{&quot;columns_mobile&quot;:2,&quot;lazyload&quot;:&quot;yes&quot;,&quot;gallery_layout&quot;:&quot;grid&quot;,&quot;columns&quot;:4,&quot;columns_tablet&quot;:2,&quot;gap&quot;:{&quot;unit&quot;:&quot;px&quot;,&quot;size&quot;:10,&quot;sizes&quot;:[]},&quot;gap_tablet&quot;:{&quot;unit&quot;:&quot;px&quot;,&quot;size&quot;:10,&quot;sizes&quot;:[]},&quot;gap_mobile&quot;:{&quot;unit&quot;:&quot;px&quot;,&quot;size&quot;:10,&quot;sizes&quot;:[]},&quot;link_to&quot;:&quot;file&quot;,&quot;aspect_ratio&quot;:&quot;3:2&quot;,&quot;overlay_background&quot;:&quot;yes&quot;,&quot;content_hover_animation&quot;:&quot;fade-in&quot;}\" data-widget_type=\"gallery.default\">\n\t\t\t\t<div class=\"elementor-widget-container\">\n\t\t\t\t\t\t\t<div class=\"elementor-gallery__container\">\n\t\t\t\t\t\t\t<a class=\"e-gallery-item elementor-gallery-item elementor-animated-content\" href=\"https:\/\/www.jgclassics.com\/wp-content\/uploads\/2023\/03\/4cv_fasa_001.jpg\" data-elementor-open-lightbox=\"yes\" data-elementor-lightbox-slideshow=\"cfea8c2\" data-elementor-lightbox-title=\"Renault 4CV. Planta FASA Espanya a Valladolid\" data-e-action-hash=\"#elementor-action%3Aaction%3Dlightbox%26settings%3DeyJpZCI6MTMwNzcsInVybCI6Imh0dHBzOlwvXC93d3cuamdjbGFzc2ljcy5jb21cL3dwLWNvbnRlbnRcL3VwbG9hZHNcLzIwMjNcLzAzXC80Y3ZfZmFzYV8wMDEuanBnIiwic2xpZGVzaG93IjoiY2ZlYThjMiJ9\">\n\t\t\t\t\t<div class=\"e-gallery-image elementor-gallery-item__image\" data-thumbnail=\"https:\/\/www.jgclassics.com\/wp-content\/uploads\/2023\/03\/4cv_fasa_001-300x180.jpg\" data-width=\"300\" data-height=\"180\" aria-label=\"Renault 4CV. Planta FASA Espanya a Valladolid\" role=\"img\" ><\/div>\n\t\t\t\t\t\t\t\t\t\t\t<div class=\"elementor-gallery-item__overlay\"><\/div>\n\t\t\t\t\t\t\t\t\t\t\t\t\t\t<\/a>\n\t\t\t\t\t\t\t<a class=\"e-gallery-item elementor-gallery-item elementor-animated-content\" href=\"https:\/\/www.jgclassics.com\/wp-content\/uploads\/2023\/03\/4cv_fasa_002.jpg\" data-elementor-open-lightbox=\"yes\" data-elementor-lightbox-slideshow=\"cfea8c2\" data-elementor-lightbox-title=\"Renault 4CV. Planta FASA Espanya a Valladolid\" data-e-action-hash=\"#elementor-action%3Aaction%3Dlightbox%26settings%3DeyJpZCI6MTMwNzQsInVybCI6Imh0dHBzOlwvXC93d3cuamdjbGFzc2ljcy5jb21cL3dwLWNvbnRlbnRcL3VwbG9hZHNcLzIwMjNcLzAzXC80Y3ZfZmFzYV8wMDIuanBnIiwic2xpZGVzaG93IjoiY2ZlYThjMiJ9\">\n\t\t\t\t\t<div class=\"e-gallery-image elementor-gallery-item__image\" data-thumbnail=\"https:\/\/www.jgclassics.com\/wp-content\/uploads\/2023\/03\/4cv_fasa_002-300x184.jpg\" data-width=\"300\" data-height=\"184\" aria-label=\"Renault 4CV. Planta FASA Espanya a Valladolid\" role=\"img\" ><\/div>\n\t\t\t\t\t\t\t\t\t\t\t<div class=\"elementor-gallery-item__overlay\"><\/div>\n\t\t\t\t\t\t\t\t\t\t\t\t\t\t<\/a>\n\t\t\t\t\t\t\t<a class=\"e-gallery-item elementor-gallery-item elementor-animated-content\" href=\"https:\/\/www.jgclassics.com\/wp-content\/uploads\/2023\/03\/4cv_fasa_003.jpg\" data-elementor-open-lightbox=\"yes\" data-elementor-lightbox-slideshow=\"cfea8c2\" data-elementor-lightbox-title=\"Renault 4CV. Planta FASA Espanya a Valladolid\" data-e-action-hash=\"#elementor-action%3Aaction%3Dlightbox%26settings%3DeyJpZCI6MTMwNzEsInVybCI6Imh0dHBzOlwvXC93d3cuamdjbGFzc2ljcy5jb21cL3dwLWNvbnRlbnRcL3VwbG9hZHNcLzIwMjNcLzAzXC80Y3ZfZmFzYV8wMDMuanBnIiwic2xpZGVzaG93IjoiY2ZlYThjMiJ9\">\n\t\t\t\t\t<div class=\"e-gallery-image elementor-gallery-item__image\" data-thumbnail=\"https:\/\/www.jgclassics.com\/wp-content\/uploads\/2023\/03\/4cv_fasa_003-300x199.jpg\" data-width=\"300\" data-height=\"199\" aria-label=\"Renault 4CV. Planta FASA Espanya a Valladolid\" role=\"img\" ><\/div>\n\t\t\t\t\t\t\t\t\t\t\t<div class=\"elementor-gallery-item__overlay\"><\/div>\n\t\t\t\t\t\t\t\t\t\t\t\t\t\t<\/a>\n\t\t\t\t\t\t\t<a class=\"e-gallery-item elementor-gallery-item elementor-animated-content\" href=\"https:\/\/www.jgclassics.com\/wp-content\/uploads\/2023\/03\/4cv_fasa_004.jpg\" data-elementor-open-lightbox=\"yes\" data-elementor-lightbox-slideshow=\"cfea8c2\" data-elementor-lightbox-title=\"Renault 4CV. Planta FASA Espanya a Valladolid\" data-e-action-hash=\"#elementor-action%3Aaction%3Dlightbox%26settings%3DeyJpZCI6MTMwNjgsInVybCI6Imh0dHBzOlwvXC93d3cuamdjbGFzc2ljcy5jb21cL3dwLWNvbnRlbnRcL3VwbG9hZHNcLzIwMjNcLzAzXC80Y3ZfZmFzYV8wMDQuanBnIiwic2xpZGVzaG93IjoiY2ZlYThjMiJ9\">\n\t\t\t\t\t<div class=\"e-gallery-image elementor-gallery-item__image\" data-thumbnail=\"https:\/\/www.jgclassics.com\/wp-content\/uploads\/2023\/03\/4cv_fasa_004-300x193.jpg\" data-width=\"300\" data-height=\"193\" aria-label=\"Renault 4CV. Planta FASA Espanya a Valladolid\" role=\"img\" ><\/div>\n\t\t\t\t\t\t\t\t\t\t\t<div class=\"elementor-gallery-item__overlay\"><\/div>\n\t\t\t\t\t\t\t\t\t\t\t\t\t\t<\/a>\n\t\t\t\t\t<\/div>\n\t\t\t\t\t<\/div>\n\t\t\t\t<\/div>\n\t\t\t\t\t<\/div>\n\t\t<\/div>\n\t\t\t\t\t<\/div>\n\t\t<\/section>\n\t\t\t\t<section data-particle_enable=\"false\" data-particle-mobile-disabled=\"false\" class=\"elementor-section elementor-top-section elementor-element elementor-element-c65ac4a elementor-section-boxed elementor-section-height-default elementor-section-height-default\" data-id=\"c65ac4a\" data-element_type=\"section\" data-e-type=\"section\">\n\t\t\t\t\t\t<div class=\"elementor-container elementor-column-gap-default\">\n\t\t\t\t\t<div class=\"elementor-column elementor-col-100 elementor-top-column elementor-element elementor-element-ecd61a8\" data-id=\"ecd61a8\" data-element_type=\"column\" data-e-type=\"column\">\n\t\t\t<div class=\"elementor-widget-wrap elementor-element-populated\">\n\t\t\t\t\t\t<div class=\"elementor-element elementor-element-9020b17 elementor-widget elementor-widget-text-editor\" data-id=\"9020b17\" data-element_type=\"widget\" data-e-type=\"widget\" data-widget_type=\"text-editor.default\">\n\t\t\t\t<div class=\"elementor-widget-container\">\n\t\t\t\t\t\t\t\t\t<p>A Espanya es va fabricar entre 1951 i 1961 per FASA-Espanya a la planta de Valladolid, coneixent-se popularment com el \u201cquatre-quatre\u201d, sent el primer model de cotxe d&#8217;Espanya fabricat en s\u00e8rie (encara anterior al Seat 600). El model Renault CV est\u00e0 incl\u00f2s a la llista del \u201cPatrimoni Industrial d&#8217;Espanya\u201d. El nom 4-4 va venir de la publicitat a Fran\u00e7a, en la qual ressaltaven 4 portes, 4 passatgers, 4 cavalls fiscals (segons la legislaci\u00f3 francesa de l&#8217;\u00e8poca), i 440000 francs. La hist\u00f2ria de la fabricaci\u00f3 d&#8217;aquest model neix en realitat de la necessitat que el r\u00e8gim pol\u00edtic a Espanya en aquells anys de postguerra tenia inter\u00e8s a crear una altra marca de vehicles a banda de SEAT i Enasa, controlades per l&#8217;Institut Nacional d&#8217;Ind\u00fastria de \u00e8poca. Havent-se temptejat amb Volkswagen a Alemanya i amb Morris a Anglaterra, i en no obtenir \u00e8xit, es va trucar a la porta de Renault, obtenint de Pierre Lefaucheux una actitud positiva cap a la proposta. La nova societat espanyola, participada per un grup de bancs i empreses, passaria a anomenar-se \u201cFabricaci\u00f3 d&#8217;Autom\u00f2bils, SA\u201d, i amb el nom de FASA Espa\u00f1a s&#8217;instal\u00b7laria a Valladolid per a la producci\u00f3 del Renault 4CV a Espanya. La factoria es va posar en marxa amb una inversi\u00f3 de 60 milions de pessetes de l&#8217;\u00e8poca &#8211;<a href=\"https:\/\/www.measuringworth.com\/calculators\/spaincompare\/relativevalue-es.php\" target=\"_blank\" rel=\"noopener\">uns 160 milions d&#8217;euros actuals considerant l&#8217;IPC en termes de renda mitjana del pa\u00eds<\/a>, i no sense poques dificultats burocr\u00e0tiques i administratives va comen\u00e7ar a poder produir els primers vehicles a l&#8217;agost de 1953. Uns 26000 unitats van ser fabricades a la planta de FASA a Valladolid fins al final de la producci\u00f3 el 1961<\/p>\n\t\t\t\t\t\t\t\t<\/div>\n\t\t\t\t<\/div>\n\t\t\t\t\t<\/div>\n\t\t<\/div>\n\t\t\t\t\t<\/div>\n\t\t<\/section>\n\t\t\t\t<section data-particle_enable=\"false\" data-particle-mobile-disabled=\"false\" class=\"elementor-section elementor-top-section elementor-element elementor-element-487d57f elementor-section-boxed elementor-section-height-default elementor-section-height-default\" data-id=\"487d57f\" data-element_type=\"section\" data-e-type=\"section\">\n\t\t\t\t\t\t<div class=\"elementor-container elementor-column-gap-default\">\n\t\t\t\t\t<div class=\"elementor-column elementor-col-100 elementor-top-column elementor-element elementor-element-dcb0a89\" data-id=\"dcb0a89\" data-element_type=\"column\" data-e-type=\"column\">\n\t\t\t<div class=\"elementor-widget-wrap elementor-element-populated\">\n\t\t\t\t\t\t<div class=\"elementor-element elementor-element-7f8c16b elementor-widget elementor-widget-image\" data-id=\"7f8c16b\" data-element_type=\"widget\" data-e-type=\"widget\" data-widget_type=\"image.default\">\n\t\t\t\t<div class=\"elementor-widget-container\">\n\t\t\t\t\t\t\t\t\t\t\t\t\t\t\t\t<a href=\"https:\/\/www.jgclassics.com\/wp-content\/uploads\/2023\/03\/4cv_esquematico.jpg\" data-elementor-open-lightbox=\"yes\" data-elementor-lightbox-title=\"Renault 4CV (primera versi\u00f3). Vista esquem\u00e0tica\" data-e-action-hash=\"#elementor-action%3Aaction%3Dlightbox%26settings%3DeyJpZCI6MTMwODAsInVybCI6Imh0dHBzOlwvXC93d3cuamdjbGFzc2ljcy5jb21cL3dwLWNvbnRlbnRcL3VwbG9hZHNcLzIwMjNcLzAzXC80Y3ZfZXNxdWVtYXRpY28uanBnIn0%3D\">\n\t\t\t\t\t\t\t<img loading=\"lazy\" decoding=\"async\" width=\"300\" height=\"225\" src=\"https:\/\/www.jgclassics.com\/wp-content\/uploads\/2023\/03\/4cv_esquematico-300x225.jpg\" class=\"attachment-medium size-medium wp-image-13080\" alt=\"Renault 4CV (primera versi\u00f3). Vista esquem\u00e0tica\" srcset=\"https:\/\/www.jgclassics.com\/wp-content\/uploads\/2023\/03\/4cv_esquematico-300x225.jpg 300w, https:\/\/www.jgclassics.com\/wp-content\/uploads\/2023\/03\/4cv_esquematico-768x576.jpg 768w, https:\/\/www.jgclassics.com\/wp-content\/uploads\/2023\/03\/4cv_esquematico.jpg 1024w\" sizes=\"(max-width: 300px) 100vw, 300px\" \/>\t\t\t\t\t\t\t\t<\/a>\n\t\t\t\t\t\t\t\t\t\t\t\t\t\t\t<\/div>\n\t\t\t\t<\/div>\n\t\t\t\t\t<\/div>\n\t\t<\/div>\n\t\t\t\t\t<\/div>\n\t\t<\/section>\n\t\t\t\t<\/div>\n\t\t","protected":false},"excerpt":{"rendered":"<p>Espa\u00f1ol Catal\u00e0 (Catal\u00e1n) English (Ingl\u00e9s) Fran\u00e7ais (Franc\u00e9s) Compartir a: Renault 4CV (Renault 4\/4) Origen: Fran\u00e7a 1958 Renault 4CV (Renault 4\/4). El nostre Renault 4CV (o 4\/4) \u00e9s una unitat matriculada a Fran\u00e7a el 1958 (desconeixem la ciutat encara que estem intentant esbrinar-ho). \u00c9s el model SPORT, i el seu motor Ventoux lliura 21CV de pot\u00e8ncia. [&hellip;]<\/p>\n","protected":false},"author":2,"featured_media":13119,"parent":14661,"menu_order":0,"comment_status":"closed","ping_status":"closed","template":"","meta":{"_monsterinsights_skip_tracking":false,"_monsterinsights_sitenote_active":false,"_monsterinsights_sitenote_note":"","_monsterinsights_sitenote_category":0,"site-sidebar-layout":"no-sidebar","site-content-layout":"page-builder","ast-site-content-layout":"default","site-content-style":"default","site-sidebar-style":"default","ast-global-header-display":"","ast-banner-title-visibility":"","ast-main-header-display":"","ast-hfb-above-header-display":"","ast-hfb-below-header-display":"","ast-hfb-mobile-header-display":"","site-post-title":"disabled","ast-breadcrumbs-content":"","ast-featured-img":"disabled","footer-sml-layout":"","ast-disable-related-posts":"","theme-transparent-header-meta":"","adv-header-id-meta":"","stick-header-meta":"","header-above-stick-meta":"","header-main-stick-meta":"","header-below-stick-meta":"","astra-migrate-meta-layouts":"default","ast-page-background-enabled":"default","ast-page-background-meta":{"desktop":{"background-color":"var(--ast-global-color-4)","background-image":"","background-repeat":"repeat","background-position":"center center","background-size":"auto","background-attachment":"scroll","background-type":"","background-media":"","overlay-type":"","overlay-color":"","overlay-opacity":"","overlay-gradient":""},"tablet":{"background-color":"","background-image":"","background-repeat":"repeat","background-position":"center center","background-size":"auto","background-attachment":"scroll","background-type":"","background-media":"","overlay-type":"","overlay-color":"","overlay-opacity":"","overlay-gradient":""},"mobile":{"background-color":"","background-image":"","background-repeat":"repeat","background-position":"center center","background-size":"auto","background-attachment":"scroll","background-type":"","background-media":"","overlay-type":"","overlay-color":"","overlay-opacity":"","overlay-gradient":""}},"ast-content-background-meta":{"desktop":{"background-color":"var(--ast-global-color-5)","background-image":"","background-repeat":"repeat","background-position":"center center","background-size":"auto","background-attachment":"scroll","background-type":"","background-media":"","overlay-type":"","overlay-color":"","overlay-opacity":"","overlay-gradient":""},"tablet":{"background-color":"var(--ast-global-color-5)","background-image":"","background-repeat":"repeat","background-position":"center center","background-size":"auto","background-attachment":"scroll","background-type":"","background-media":"","overlay-type":"","overlay-color":"","overlay-opacity":"","overlay-gradient":""},"mobile":{"background-color":"var(--ast-global-color-5)","background-image":"","background-repeat":"repeat","background-position":"center center","background-size":"auto","background-attachment":"scroll","background-type":"","background-media":"","overlay-type":"","overlay-color":"","overlay-opacity":"","overlay-gradient":""}},"footnotes":""},"class_list":["post-15041","page","type-page","status-publish","has-post-thumbnail","hentry"],"yoast_head":"<!-- This site is optimized with the Yoast SEO Premium plugin v27.4 (Yoast SEO v27.4) - https:\/\/yoast.com\/product\/yoast-seo-premium-wordpress\/ -->\n<title>Renault 4CV - JG Classics : L&#039;emoci\u00f3 de viatjar en el temps<\/title>\n<meta name=\"description\" content=\"JG Classics: Renault 4CV (Renault 4\/4). Disponible per a lloguer, sessi\u00f3 fotos i filmacions (Zona Barcelona). Unitat francesa matriculada el 1958. Importat a Espanya l&#039;any 2002 Color vermell Bordeus i restaurat \u00edntegrament.\" \/>\n<meta name=\"robots\" content=\"index, follow, max-snippet:-1, max-image-preview:large, max-video-preview:-1\" \/>\n<link rel=\"canonical\" href=\"https:\/\/www.jgclassics.com\/ca\/els-nostres-vehicles\/renault-4cv\/\" \/>\n<meta property=\"og:locale\" content=\"ca_ES\" \/>\n<meta property=\"og:type\" content=\"article\" \/>\n<meta property=\"og:title\" content=\"Renault 4CV\" \/>\n<meta property=\"og:description\" content=\"JG Classics: Renault 4CV (Renault 4\/4). Disponible per a lloguer, sessi\u00f3 fotos i filmacions (Zona Barcelona). Unitat francesa matriculada el 1958. Importat a Espanya l&#039;any 2002 Color vermell Bordeus i restaurat \u00edntegrament.\" \/>\n<meta property=\"og:url\" content=\"https:\/\/www.jgclassics.com\/ca\/els-nostres-vehicles\/renault-4cv\/\" \/>\n<meta property=\"og:site_name\" content=\"JG Classics : L&#039;emoci\u00f3 de viatjar en el temps\" \/>\n<meta property=\"article:publisher\" content=\"https:\/\/www.facebook.com\/profile.php?id=100086454427345\" \/>\n<meta property=\"article:modified_time\" content=\"2023-10-22T07:29:13+00:00\" \/>\n<meta property=\"og:image\" content=\"https:\/\/www.jgclassics.com\/wp-content\/uploads\/2023\/03\/fb_r4cv_20230305_132725-1024x682.jpg\" \/>\n<meta name=\"twitter:card\" content=\"summary_large_image\" \/>\n<meta name=\"twitter:image\" content=\"https:\/\/www.jgclassics.com\/wp-content\/uploads\/2023\/03\/fb_r4cv_20230305_132725-1024x682.jpg\" \/>\n<meta name=\"twitter:label1\" content=\"Temps estimat de lectura\" \/>\n\t<meta name=\"twitter:data1\" content=\"14 minuts\" \/>\n<script type=\"application\/ld+json\" class=\"yoast-schema-graph\">{\"@context\":\"https:\\\/\\\/schema.org\",\"@graph\":[{\"@type\":\"WebPage\",\"@id\":\"https:\\\/\\\/www.jgclassics.com\\\/ca\\\/els-nostres-vehicles\\\/renault-4cv\\\/\",\"url\":\"https:\\\/\\\/www.jgclassics.com\\\/ca\\\/els-nostres-vehicles\\\/renault-4cv\\\/\",\"name\":\"Renault 4CV - JG Classics : L'emoci\u00f3 de viatjar en el temps\",\"isPartOf\":{\"@id\":\"https:\\\/\\\/www.jgclassics.com\\\/ca\\\/#website\"},\"primaryImageOfPage\":{\"@id\":\"https:\\\/\\\/www.jgclassics.com\\\/ca\\\/els-nostres-vehicles\\\/renault-4cv\\\/#primaryimage\"},\"image\":{\"@id\":\"https:\\\/\\\/www.jgclassics.com\\\/ca\\\/els-nostres-vehicles\\\/renault-4cv\\\/#primaryimage\"},\"thumbnailUrl\":\"https:\\\/\\\/www.jgclassics.com\\\/wp-content\\\/uploads\\\/2023\\\/03\\\/fb_r4cv_20230305_132725-scaled.jpg\",\"datePublished\":\"2022-11-29T01:13:17+00:00\",\"dateModified\":\"2023-10-22T07:29:13+00:00\",\"description\":\"JG Classics: Renault 4CV (Renault 4\\\/4). Disponible per a lloguer, sessi\u00f3 fotos i filmacions (Zona Barcelona). Unitat francesa matriculada el 1958. Importat a Espanya l'any 2002 Color vermell Bordeus i restaurat \u00edntegrament.\",\"breadcrumb\":{\"@id\":\"https:\\\/\\\/www.jgclassics.com\\\/ca\\\/els-nostres-vehicles\\\/renault-4cv\\\/#breadcrumb\"},\"inLanguage\":\"ca\",\"potentialAction\":[{\"@type\":\"ReadAction\",\"target\":[\"https:\\\/\\\/www.jgclassics.com\\\/ca\\\/els-nostres-vehicles\\\/renault-4cv\\\/\"]}]},{\"@type\":\"ImageObject\",\"inLanguage\":\"ca\",\"@id\":\"https:\\\/\\\/www.jgclassics.com\\\/ca\\\/els-nostres-vehicles\\\/renault-4cv\\\/#primaryimage\",\"url\":\"https:\\\/\\\/www.jgclassics.com\\\/wp-content\\\/uploads\\\/2023\\\/03\\\/fb_r4cv_20230305_132725-scaled.jpg\",\"contentUrl\":\"https:\\\/\\\/www.jgclassics.com\\\/wp-content\\\/uploads\\\/2023\\\/03\\\/fb_r4cv_20230305_132725-scaled.jpg\",\"width\":2560,\"height\":1705},{\"@type\":\"BreadcrumbList\",\"@id\":\"https:\\\/\\\/www.jgclassics.com\\\/ca\\\/els-nostres-vehicles\\\/renault-4cv\\\/#breadcrumb\",\"itemListElement\":[{\"@type\":\"ListItem\",\"position\":1,\"name\":\"Inicio\",\"item\":\"https:\\\/\\\/www.jgclassics.com\\\/ca\\\/jg-classics-cotxes-classics-i-historics-per-viatjar-en-el-temps\\\/\"},{\"@type\":\"ListItem\",\"position\":2,\"name\":\"Els nostres vehicles\",\"item\":\"https:\\\/\\\/www.jgclassics.com\\\/ca\\\/els-nostres-vehicles\\\/\"},{\"@type\":\"ListItem\",\"position\":3,\"name\":\"Renault 4CV\"}]},{\"@type\":\"WebSite\",\"@id\":\"https:\\\/\\\/www.jgclassics.com\\\/ca\\\/#website\",\"url\":\"https:\\\/\\\/www.jgclassics.com\\\/ca\\\/\",\"name\":\"JG Classics : L'emoci\u00f3 de viatjar en el temps\",\"description\":\"Cotxes cl\u00e0ssics, autom\u00f2bils hist\u00f2rics: Lloguer, suport a restauracions, info t\u00e8cnica i compra de material\",\"publisher\":{\"@id\":\"https:\\\/\\\/www.jgclassics.com\\\/ca\\\/#organization\"},\"alternateName\":\"JG Classics - Coches cl\u00e1sicos e hist\u00f3ricos - Alquiler, blogs, informaci\u00f3n, art\u00edculos\",\"potentialAction\":[{\"@type\":\"SearchAction\",\"target\":{\"@type\":\"EntryPoint\",\"urlTemplate\":\"https:\\\/\\\/www.jgclassics.com\\\/ca\\\/?s={search_term_string}\"},\"query-input\":{\"@type\":\"PropertyValueSpecification\",\"valueRequired\":true,\"valueName\":\"search_term_string\"}}],\"inLanguage\":\"ca\"},{\"@type\":\"Organization\",\"@id\":\"https:\\\/\\\/www.jgclassics.com\\\/ca\\\/#organization\",\"name\":\"JG Classics : L'emoci\u00f3 de viatjar en el temps\",\"alternateName\":\"JG Classics\",\"url\":\"https:\\\/\\\/www.jgclassics.com\\\/ca\\\/\",\"logo\":{\"@type\":\"ImageObject\",\"inLanguage\":\"ca\",\"@id\":\"https:\\\/\\\/www.jgclassics.com\\\/ca\\\/#\\\/schema\\\/logo\\\/image\\\/\",\"url\":\"https:\\\/\\\/www.jgclassics.com\\\/wp-content\\\/uploads\\\/2022\\\/10\\\/Color-logo-with-background.svg\",\"contentUrl\":\"https:\\\/\\\/www.jgclassics.com\\\/wp-content\\\/uploads\\\/2022\\\/10\\\/Color-logo-with-background.svg\",\"width\":3171,\"height\":2303,\"caption\":\"JG Classics : L'emoci\u00f3 de viatjar en el temps\"},\"image\":{\"@id\":\"https:\\\/\\\/www.jgclassics.com\\\/ca\\\/#\\\/schema\\\/logo\\\/image\\\/\"},\"sameAs\":[\"https:\\\/\\\/www.facebook.com\\\/profile.php?id=100086454427345\"]}]}<\/script>\n<!-- \/ Yoast SEO Premium plugin. -->","yoast_head_json":{"title":"Renault 4CV - JG Classics : L'emoci\u00f3 de viatjar en el temps","description":"JG Classics: Renault 4CV (Renault 4\/4). Disponible per a lloguer, sessi\u00f3 fotos i filmacions (Zona Barcelona). Unitat francesa matriculada el 1958. Importat a Espanya l'any 2002 Color vermell Bordeus i restaurat \u00edntegrament.","robots":{"index":"index","follow":"follow","max-snippet":"max-snippet:-1","max-image-preview":"max-image-preview:large","max-video-preview":"max-video-preview:-1"},"canonical":"https:\/\/www.jgclassics.com\/ca\/els-nostres-vehicles\/renault-4cv\/","og_locale":"ca_ES","og_type":"article","og_title":"Renault 4CV","og_description":"JG Classics: Renault 4CV (Renault 4\/4). Disponible per a lloguer, sessi\u00f3 fotos i filmacions (Zona Barcelona). Unitat francesa matriculada el 1958. Importat a Espanya l'any 2002 Color vermell Bordeus i restaurat \u00edntegrament.","og_url":"https:\/\/www.jgclassics.com\/ca\/els-nostres-vehicles\/renault-4cv\/","og_site_name":"JG Classics : L'emoci\u00f3 de viatjar en el temps","article_publisher":"https:\/\/www.facebook.com\/profile.php?id=100086454427345","article_modified_time":"2023-10-22T07:29:13+00:00","og_image":[{"url":"https:\/\/www.jgclassics.com\/wp-content\/uploads\/2023\/03\/fb_r4cv_20230305_132725-1024x682.jpg","type":"","width":"","height":""}],"twitter_card":"summary_large_image","twitter_image":"https:\/\/www.jgclassics.com\/wp-content\/uploads\/2023\/03\/fb_r4cv_20230305_132725-1024x682.jpg","twitter_misc":{"Temps estimat de lectura":"14 minuts"},"schema":{"@context":"https:\/\/schema.org","@graph":[{"@type":"WebPage","@id":"https:\/\/www.jgclassics.com\/ca\/els-nostres-vehicles\/renault-4cv\/","url":"https:\/\/www.jgclassics.com\/ca\/els-nostres-vehicles\/renault-4cv\/","name":"Renault 4CV - JG Classics : L'emoci\u00f3 de viatjar en el temps","isPartOf":{"@id":"https:\/\/www.jgclassics.com\/ca\/#website"},"primaryImageOfPage":{"@id":"https:\/\/www.jgclassics.com\/ca\/els-nostres-vehicles\/renault-4cv\/#primaryimage"},"image":{"@id":"https:\/\/www.jgclassics.com\/ca\/els-nostres-vehicles\/renault-4cv\/#primaryimage"},"thumbnailUrl":"https:\/\/www.jgclassics.com\/wp-content\/uploads\/2023\/03\/fb_r4cv_20230305_132725-scaled.jpg","datePublished":"2022-11-29T01:13:17+00:00","dateModified":"2023-10-22T07:29:13+00:00","description":"JG Classics: Renault 4CV (Renault 4\/4). Disponible per a lloguer, sessi\u00f3 fotos i filmacions (Zona Barcelona). Unitat francesa matriculada el 1958. Importat a Espanya l'any 2002 Color vermell Bordeus i restaurat \u00edntegrament.","breadcrumb":{"@id":"https:\/\/www.jgclassics.com\/ca\/els-nostres-vehicles\/renault-4cv\/#breadcrumb"},"inLanguage":"ca","potentialAction":[{"@type":"ReadAction","target":["https:\/\/www.jgclassics.com\/ca\/els-nostres-vehicles\/renault-4cv\/"]}]},{"@type":"ImageObject","inLanguage":"ca","@id":"https:\/\/www.jgclassics.com\/ca\/els-nostres-vehicles\/renault-4cv\/#primaryimage","url":"https:\/\/www.jgclassics.com\/wp-content\/uploads\/2023\/03\/fb_r4cv_20230305_132725-scaled.jpg","contentUrl":"https:\/\/www.jgclassics.com\/wp-content\/uploads\/2023\/03\/fb_r4cv_20230305_132725-scaled.jpg","width":2560,"height":1705},{"@type":"BreadcrumbList","@id":"https:\/\/www.jgclassics.com\/ca\/els-nostres-vehicles\/renault-4cv\/#breadcrumb","itemListElement":[{"@type":"ListItem","position":1,"name":"Inicio","item":"https:\/\/www.jgclassics.com\/ca\/jg-classics-cotxes-classics-i-historics-per-viatjar-en-el-temps\/"},{"@type":"ListItem","position":2,"name":"Els nostres vehicles","item":"https:\/\/www.jgclassics.com\/ca\/els-nostres-vehicles\/"},{"@type":"ListItem","position":3,"name":"Renault 4CV"}]},{"@type":"WebSite","@id":"https:\/\/www.jgclassics.com\/ca\/#website","url":"https:\/\/www.jgclassics.com\/ca\/","name":"JG Classics : L'emoci\u00f3 de viatjar en el temps","description":"Cotxes cl\u00e0ssics, autom\u00f2bils hist\u00f2rics: Lloguer, suport a restauracions, info t\u00e8cnica i compra de material","publisher":{"@id":"https:\/\/www.jgclassics.com\/ca\/#organization"},"alternateName":"JG Classics - Coches cl\u00e1sicos e hist\u00f3ricos - Alquiler, blogs, informaci\u00f3n, art\u00edculos","potentialAction":[{"@type":"SearchAction","target":{"@type":"EntryPoint","urlTemplate":"https:\/\/www.jgclassics.com\/ca\/?s={search_term_string}"},"query-input":{"@type":"PropertyValueSpecification","valueRequired":true,"valueName":"search_term_string"}}],"inLanguage":"ca"},{"@type":"Organization","@id":"https:\/\/www.jgclassics.com\/ca\/#organization","name":"JG Classics : L'emoci\u00f3 de viatjar en el temps","alternateName":"JG Classics","url":"https:\/\/www.jgclassics.com\/ca\/","logo":{"@type":"ImageObject","inLanguage":"ca","@id":"https:\/\/www.jgclassics.com\/ca\/#\/schema\/logo\/image\/","url":"https:\/\/www.jgclassics.com\/wp-content\/uploads\/2022\/10\/Color-logo-with-background.svg","contentUrl":"https:\/\/www.jgclassics.com\/wp-content\/uploads\/2022\/10\/Color-logo-with-background.svg","width":3171,"height":2303,"caption":"JG Classics : L'emoci\u00f3 de viatjar en el temps"},"image":{"@id":"https:\/\/www.jgclassics.com\/ca\/#\/schema\/logo\/image\/"},"sameAs":["https:\/\/www.facebook.com\/profile.php?id=100086454427345"]}]}},"_links":{"self":[{"href":"https:\/\/www.jgclassics.com\/ca\/wp-json\/wp\/v2\/pages\/15041","targetHints":{"allow":["GET"]}}],"collection":[{"href":"https:\/\/www.jgclassics.com\/ca\/wp-json\/wp\/v2\/pages"}],"about":[{"href":"https:\/\/www.jgclassics.com\/ca\/wp-json\/wp\/v2\/types\/page"}],"author":[{"embeddable":true,"href":"https:\/\/www.jgclassics.com\/ca\/wp-json\/wp\/v2\/users\/2"}],"replies":[{"embeddable":true,"href":"https:\/\/www.jgclassics.com\/ca\/wp-json\/wp\/v2\/comments?post=15041"}],"version-history":[{"count":2,"href":"https:\/\/www.jgclassics.com\/ca\/wp-json\/wp\/v2\/pages\/15041\/revisions"}],"predecessor-version":[{"id":18770,"href":"https:\/\/www.jgclassics.com\/ca\/wp-json\/wp\/v2\/pages\/15041\/revisions\/18770"}],"up":[{"embeddable":true,"href":"https:\/\/www.jgclassics.com\/ca\/wp-json\/wp\/v2\/pages\/14661"}],"wp:featuredmedia":[{"embeddable":true,"href":"https:\/\/www.jgclassics.com\/ca\/wp-json\/wp\/v2\/media\/13119"}],"wp:attachment":[{"href":"https:\/\/www.jgclassics.com\/ca\/wp-json\/wp\/v2\/media?parent=15041"}],"curies":[{"name":"wp","href":"https:\/\/api.w.org\/{rel}","templated":true}]}}