{"id":14805,"date":"2022-11-29T02:32:25","date_gmt":"2022-11-29T01:32:25","guid":{"rendered":"https:\/\/www.jgclassics.com\/our-vehicles\/bmw-323i-e21\/"},"modified":"2023-10-22T09:22:49","modified_gmt":"2023-10-22T07:22:49","slug":"bmw-323i-e21","status":"publish","type":"page","link":"https:\/\/www.jgclassics.com\/en\/our-vehicles\/bmw-323i-e21\/","title":{"rendered":"BMW 323i E21"},"content":{"rendered":"\t\t<div data-elementor-type=\"wp-page\" data-elementor-id=\"14805\" class=\"elementor elementor-14805 elementor-6532\" data-elementor-post-type=\"page\">\n\t\t\t\t\t\t<section data-particle_enable=\"false\" data-particle-mobile-disabled=\"false\" class=\"elementor-section elementor-top-section elementor-element elementor-element-d1548aa elementor-section-boxed elementor-section-height-default elementor-section-height-default\" data-id=\"d1548aa\" data-element_type=\"section\" data-e-type=\"section\">\n\t\t\t\t\t\t<div class=\"elementor-container elementor-column-gap-default\">\n\t\t\t\t\t<div class=\"elementor-column elementor-col-100 elementor-top-column elementor-element elementor-element-877db54\" data-id=\"877db54\" data-element_type=\"column\" data-e-type=\"column\">\n\t\t\t<div class=\"elementor-widget-wrap elementor-element-populated\">\n\t\t\t\t\t\t<div class=\"elementor-element elementor-element-622f183 elementor-widget elementor-widget-breadcrumbs\" data-id=\"622f183\" data-element_type=\"widget\" data-e-type=\"widget\" data-widget_type=\"breadcrumbs.default\">\n\t\t\t\t<div class=\"elementor-widget-container\">\n\t\t\t\t\t<p id=\"breadcrumbs\"><span><span><a href=\"https:\/\/www.jgclassics.com\/en\/jg-classics-classic-and-historic-cars-to-travel-back-in-time\/\">Inicio<\/a><\/span><\/span><\/p>\t\t\t\t<\/div>\n\t\t\t\t<\/div>\n\t\t\t\t\t<\/div>\n\t\t<\/div>\n\t\t\t\t\t<\/div>\n\t\t<\/section>\n\t\t\t\t<section data-particle_enable=\"false\" data-particle-mobile-disabled=\"false\" class=\"elementor-section elementor-top-section elementor-element elementor-element-c94c8f8 elementor-section-boxed elementor-section-height-default elementor-section-height-default\" data-id=\"c94c8f8\" data-element_type=\"section\" data-e-type=\"section\">\n\t\t\t\t\t\t<div class=\"elementor-container elementor-column-gap-default\">\n\t\t\t\t\t<div class=\"elementor-column elementor-col-100 elementor-top-column elementor-element elementor-element-4a15934\" data-id=\"4a15934\" data-element_type=\"column\" data-e-type=\"column\">\n\t\t\t<div class=\"elementor-widget-wrap elementor-element-populated\">\n\t\t\t\t\t\t<div class=\"elementor-element elementor-element-e8f17ed elementor-widget elementor-widget-wpml-language-switcher\" data-id=\"e8f17ed\" data-element_type=\"widget\" data-e-type=\"widget\" data-widget_type=\"wpml-language-switcher.default\">\n\t\t\t\t<div class=\"elementor-widget-container\">\n\t\t\t\t\t<div class=\"wpml-elementor-ls\">\n<div role=\"navigation\" aria-label=\"Language Switcher\" class=\"wpml-ls-statics-shortcode_actions wpml-ls wpml-ls-legacy-list-horizontal\">\n\t<ul><li class=\"wpml-ls-slot-shortcode_actions wpml-ls-item wpml-ls-item-es wpml-ls-first-item wpml-ls-item-legacy-list-horizontal\">\n\t\t\t\t<a href=\"https:\/\/www.jgclassics.com\/\" hreflang=\"es\" lang=\"es\" class=\"wpml-ls-link\" aria-label=\"Switch to Spanish (Espa\u00f1ol)\" title=\"Switch to Spanish (Espa\u00f1ol)\">\n\t\t\t\t\t                                    <img decoding=\"async\"\n            class=\"wpml-ls-flag\"\n            src=\"https:\/\/www.jgclassics.com\/wp-content\/plugins\/sitepress-multilingual-cms\/res\/flags\/es.svg\"\n            alt=\"\"\n            loading=\"lazy\"\n            width=18\n            height=12\n    \/><span class=\"wpml-ls-native\">Espa\u00f1ol<\/span><span class=\"wpml-ls-display\"><span class=\"wpml-ls-bracket\"> (<\/span>Spanish<span class=\"wpml-ls-bracket\">)<\/span><\/span><\/a>\n\t\t\t<\/li><li class=\"wpml-ls-slot-shortcode_actions wpml-ls-item wpml-ls-item-ca wpml-ls-item-legacy-list-horizontal\">\n\t\t\t\t<a href=\"https:\/\/www.jgclassics.com\/ca\/\" hreflang=\"ca\" lang=\"ca\" class=\"wpml-ls-link\" aria-label=\"Switch to Catalan (Catal\u00e0)\" title=\"Switch to Catalan (Catal\u00e0)\">\n\t\t\t\t\t                                    <img decoding=\"async\"\n            class=\"wpml-ls-flag\"\n            src=\"https:\/\/www.jgclassics.com\/wp-content\/plugins\/sitepress-multilingual-cms\/res\/flags\/ca.svg\"\n            alt=\"\"\n            loading=\"lazy\"\n            width=18\n            height=12\n    \/><span class=\"wpml-ls-native\">Catal\u00e0<\/span><span class=\"wpml-ls-display\"><span class=\"wpml-ls-bracket\"> (<\/span>Catalan<span class=\"wpml-ls-bracket\">)<\/span><\/span><\/a>\n\t\t\t<\/li><li class=\"wpml-ls-slot-shortcode_actions wpml-ls-item wpml-ls-item-en wpml-ls-current-language wpml-ls-item-legacy-list-horizontal\">\n\t\t\t\t<a href=\"https:\/\/www.jgclassics.com\/en\/\" hreflang=\"en\" lang=\"en\" class=\"wpml-ls-link\" aria-current=\"page\" aria-label=\"Switch to English (English)\" title=\"Switch to English (English)\">\n\t\t\t\t\t                                    <img decoding=\"async\"\n            class=\"wpml-ls-flag\"\n            src=\"https:\/\/www.jgclassics.com\/wp-content\/plugins\/sitepress-multilingual-cms\/res\/flags\/en.svg\"\n            alt=\"\"\n            loading=\"lazy\"\n            width=18\n            height=12\n    \/><span class=\"wpml-ls-native\">English<\/span><\/a>\n\t\t\t<\/li><li class=\"wpml-ls-slot-shortcode_actions wpml-ls-item wpml-ls-item-fr wpml-ls-last-item wpml-ls-item-legacy-list-horizontal\">\n\t\t\t\t<a href=\"https:\/\/www.jgclassics.com\/fr\/\" hreflang=\"fr\" lang=\"fr\" class=\"wpml-ls-link\" aria-label=\"Switch to French (Fran\u00e7ais)\" title=\"Switch to French (Fran\u00e7ais)\">\n\t\t\t\t\t                                    <img decoding=\"async\"\n            class=\"wpml-ls-flag\"\n            src=\"https:\/\/www.jgclassics.com\/wp-content\/plugins\/sitepress-multilingual-cms\/res\/flags\/fr.svg\"\n            alt=\"\"\n            loading=\"lazy\"\n            width=18\n            height=12\n    \/><span class=\"wpml-ls-native\">Fran\u00e7ais<\/span><span class=\"wpml-ls-display\"><span class=\"wpml-ls-bracket\"> (<\/span>French<span class=\"wpml-ls-bracket\">)<\/span><\/span><\/a>\n\t\t\t<\/li><\/ul>\n<\/div>\n<\/div>\t\t\t\t<\/div>\n\t\t\t\t<\/div>\n\t\t\t\t\t<\/div>\n\t\t<\/div>\n\t\t\t\t\t<\/div>\n\t\t<\/section>\n\t\t\t\t<section data-particle_enable=\"false\" data-particle-mobile-disabled=\"false\" class=\"elementor-section elementor-top-section elementor-element elementor-element-69a995f elementor-section-boxed elementor-section-height-default elementor-section-height-default\" data-id=\"69a995f\" data-element_type=\"section\" data-e-type=\"section\">\n\t\t\t\t\t\t<div class=\"elementor-container elementor-column-gap-default\">\n\t\t\t\t\t<div class=\"elementor-column elementor-col-50 elementor-top-column elementor-element elementor-element-51cb0e7\" data-id=\"51cb0e7\" data-element_type=\"column\" data-e-type=\"column\">\n\t\t\t<div class=\"elementor-widget-wrap elementor-element-populated\">\n\t\t\t\t\t\t<div class=\"elementor-element elementor-element-b454751 elementor-widget elementor-widget-text-editor\" data-id=\"b454751\" data-element_type=\"widget\" data-e-type=\"widget\" data-widget_type=\"text-editor.default\">\n\t\t\t\t<div class=\"elementor-widget-container\">\n\t\t\t\t\t\t\t\t\t<p>Share in:<\/p>\n\t\t\t\t\t\t\t\t<\/div>\n\t\t\t\t<\/div>\n\t\t\t\t\t<\/div>\n\t\t<\/div>\n\t\t\t\t<div class=\"elementor-column elementor-col-50 elementor-top-column elementor-element elementor-element-a45f2c8\" data-id=\"a45f2c8\" data-element_type=\"column\" data-e-type=\"column\">\n\t\t\t<div class=\"elementor-widget-wrap elementor-element-populated\">\n\t\t\t\t\t\t<div class=\"elementor-element elementor-element-30640e4 elementor-share-buttons--view-icon elementor-share-buttons--skin-gradient elementor-share-buttons--shape-square elementor-grid-0 elementor-share-buttons--color-official elementor-widget elementor-widget-share-buttons\" data-id=\"30640e4\" data-element_type=\"widget\" data-e-type=\"widget\" data-widget_type=\"share-buttons.default\">\n\t\t\t\t<div class=\"elementor-widget-container\">\n\t\t\t\t\t\t\t<div class=\"elementor-grid\" role=\"list\">\n\t\t\t\t\t\t\t\t<div class=\"elementor-grid-item\" role=\"listitem\">\n\t\t\t\t\t\t<div class=\"elementor-share-btn elementor-share-btn_facebook\" role=\"button\" tabindex=\"0\" aria-label=\"Share on facebook\">\n\t\t\t\t\t\t\t\t\t\t\t\t\t\t\t<span class=\"elementor-share-btn__icon\">\n\t\t\t\t\t\t\t\t<i class=\"fab fa-facebook\" aria-hidden=\"true\"><\/i>\t\t\t\t\t\t\t<\/span>\n\t\t\t\t\t\t\t\t\t\t\t\t\t\t\t\t\t\t\t\t<\/div>\n\t\t\t\t\t<\/div>\n\t\t\t\t\t\t\t\t\t<div class=\"elementor-grid-item\" role=\"listitem\">\n\t\t\t\t\t\t<div class=\"elementor-share-btn elementor-share-btn_pinterest\" role=\"button\" tabindex=\"0\" aria-label=\"Share on pinterest\">\n\t\t\t\t\t\t\t\t\t\t\t\t\t\t\t<span class=\"elementor-share-btn__icon\">\n\t\t\t\t\t\t\t\t<i class=\"fab fa-pinterest\" aria-hidden=\"true\"><\/i>\t\t\t\t\t\t\t<\/span>\n\t\t\t\t\t\t\t\t\t\t\t\t\t\t\t\t\t\t\t\t<\/div>\n\t\t\t\t\t<\/div>\n\t\t\t\t\t\t\t\t\t<div class=\"elementor-grid-item\" role=\"listitem\">\n\t\t\t\t\t\t<div class=\"elementor-share-btn elementor-share-btn_linkedin\" role=\"button\" tabindex=\"0\" aria-label=\"Share on linkedin\">\n\t\t\t\t\t\t\t\t\t\t\t\t\t\t\t<span class=\"elementor-share-btn__icon\">\n\t\t\t\t\t\t\t\t<i class=\"fab fa-linkedin\" aria-hidden=\"true\"><\/i>\t\t\t\t\t\t\t<\/span>\n\t\t\t\t\t\t\t\t\t\t\t\t\t\t\t\t\t\t\t\t<\/div>\n\t\t\t\t\t<\/div>\n\t\t\t\t\t\t\t\t\t<div class=\"elementor-grid-item\" role=\"listitem\">\n\t\t\t\t\t\t<div class=\"elementor-share-btn elementor-share-btn_whatsapp\" role=\"button\" tabindex=\"0\" aria-label=\"Share on whatsapp\">\n\t\t\t\t\t\t\t\t\t\t\t\t\t\t\t<span class=\"elementor-share-btn__icon\">\n\t\t\t\t\t\t\t\t<i class=\"fab fa-whatsapp\" aria-hidden=\"true\"><\/i>\t\t\t\t\t\t\t<\/span>\n\t\t\t\t\t\t\t\t\t\t\t\t\t\t\t\t\t\t\t\t<\/div>\n\t\t\t\t\t<\/div>\n\t\t\t\t\t\t\t\t\t<div class=\"elementor-grid-item\" role=\"listitem\">\n\t\t\t\t\t\t<div class=\"elementor-share-btn elementor-share-btn_email\" role=\"button\" tabindex=\"0\" aria-label=\"Share on email\">\n\t\t\t\t\t\t\t\t\t\t\t\t\t\t\t<span class=\"elementor-share-btn__icon\">\n\t\t\t\t\t\t\t\t<i class=\"fas fa-envelope\" aria-hidden=\"true\"><\/i>\t\t\t\t\t\t\t<\/span>\n\t\t\t\t\t\t\t\t\t\t\t\t\t\t\t\t\t\t\t\t<\/div>\n\t\t\t\t\t<\/div>\n\t\t\t\t\t\t<\/div>\n\t\t\t\t\t\t<\/div>\n\t\t\t\t<\/div>\n\t\t\t\t\t<\/div>\n\t\t<\/div>\n\t\t\t\t\t<\/div>\n\t\t<\/section>\n\t\t\t\t<section data-particle_enable=\"false\" data-particle-mobile-disabled=\"false\" class=\"elementor-section elementor-top-section elementor-element elementor-element-c35e596 elementor-section-boxed elementor-section-height-default elementor-section-height-default\" data-id=\"c35e596\" data-element_type=\"section\" data-e-type=\"section\">\n\t\t\t\t\t\t<div class=\"elementor-container elementor-column-gap-default\">\n\t\t\t\t\t<div class=\"elementor-column elementor-col-100 elementor-top-column elementor-element elementor-element-85d4abe\" data-id=\"85d4abe\" data-element_type=\"column\" data-e-type=\"column\">\n\t\t\t<div class=\"elementor-widget-wrap elementor-element-populated\">\n\t\t\t\t\t\t<div class=\"elementor-element elementor-element-eafbe24 elementor-widget elementor-widget-heading\" data-id=\"eafbe24\" data-element_type=\"widget\" data-e-type=\"widget\" data-widget_type=\"heading.default\">\n\t\t\t\t<div class=\"elementor-widget-container\">\n\t\t\t\t\t<h1 class=\"elementor-heading-title elementor-size-default\">BMW 3 Series - 323i E21<\/h1>\t\t\t\t<\/div>\n\t\t\t\t<\/div>\n\t\t\t\t\t<\/div>\n\t\t<\/div>\n\t\t\t\t\t<\/div>\n\t\t<\/section>\n\t\t\t\t<section data-particle_enable=\"false\" data-particle-mobile-disabled=\"false\" class=\"elementor-section elementor-top-section elementor-element elementor-element-1788e63 elementor-section-boxed elementor-section-height-default elementor-section-height-default\" data-id=\"1788e63\" data-element_type=\"section\" data-e-type=\"section\">\n\t\t\t\t\t\t<div class=\"elementor-container elementor-column-gap-default\">\n\t\t\t\t\t<div class=\"elementor-column elementor-col-100 elementor-top-column elementor-element elementor-element-560b766\" data-id=\"560b766\" data-element_type=\"column\" data-e-type=\"column\">\n\t\t\t<div class=\"elementor-widget-wrap elementor-element-populated\">\n\t\t\t\t\t\t<div class=\"elementor-element elementor-element-f08f967 elementor-widget elementor-widget-text-editor\" data-id=\"f08f967\" data-element_type=\"widget\" data-e-type=\"widget\" data-widget_type=\"text-editor.default\">\n\t\t\t\t<div class=\"elementor-widget-container\">\n\t\t\t\t\t\t\t\t\t<p>Origin: Pontevedra, Spain, June 1981<\/p>\n\t\t\t\t\t\t\t\t<\/div>\n\t\t\t\t<\/div>\n\t\t\t\t\t<\/div>\n\t\t<\/div>\n\t\t\t\t\t<\/div>\n\t\t<\/section>\n\t\t\t\t<section data-particle_enable=\"false\" data-particle-mobile-disabled=\"false\" class=\"elementor-section elementor-top-section elementor-element elementor-element-ba4df58 elementor-section-boxed elementor-section-height-default elementor-section-height-default\" data-id=\"ba4df58\" data-element_type=\"section\" data-e-type=\"section\">\n\t\t\t\t\t\t<div class=\"elementor-container elementor-column-gap-default\">\n\t\t\t\t\t<div class=\"elementor-column elementor-col-100 elementor-top-column elementor-element elementor-element-cb42b1e\" data-id=\"cb42b1e\" data-element_type=\"column\" data-e-type=\"column\">\n\t\t\t<div class=\"elementor-widget-wrap elementor-element-populated\">\n\t\t\t\t\t\t<div class=\"elementor-element elementor-element-47014d0 elementor-widget elementor-widget-image\" data-id=\"47014d0\" data-element_type=\"widget\" data-e-type=\"widget\" data-widget_type=\"image.default\">\n\t\t\t\t<div class=\"elementor-widget-container\">\n\t\t\t\t\t\t\t\t\t\t\t\t<figure class=\"wp-caption\">\n\t\t\t\t\t\t\t\t\t\t\t<a href=\"https:\/\/www.jgclassics.com\/wp-content\/uploads\/2023\/05\/bmwcover-scaled.jpg\" data-elementor-open-lightbox=\"yes\" data-elementor-lightbox-title=\"BMW 323i E21\" data-elementor-lightbox-description=\"BMW 323i E21 Barcelona Maresme JG Classics. Available for rental, photos, filming, footage. BMW 323i E21 Barcelona\" data-e-action-hash=\"#elementor-action%3Aaction%3Dlightbox%26settings%3DeyJpZCI6MTM5MDksInVybCI6Imh0dHBzOlwvXC93d3cuamdjbGFzc2ljcy5jb21cL3dwLWNvbnRlbnRcL3VwbG9hZHNcLzIwMjNcLzA1XC9ibXdjb3Zlci1zY2FsZWQuanBnIn0%3D\">\n\t\t\t\t\t\t\t<img fetchpriority=\"high\" decoding=\"async\" width=\"2560\" height=\"1119\" src=\"https:\/\/www.jgclassics.com\/wp-content\/uploads\/2023\/05\/bmwcover-scaled.jpg\" class=\"attachment-full size-full wp-image-13909\" alt=\"BMW 3 series 323i E21 1981 Barcelona Maresme. BMW Barcelona classic car rental.\" srcset=\"https:\/\/www.jgclassics.com\/wp-content\/uploads\/2023\/05\/bmwcover-scaled.jpg 2560w, https:\/\/www.jgclassics.com\/wp-content\/uploads\/2023\/05\/bmwcover-300x131.jpg 300w, https:\/\/www.jgclassics.com\/wp-content\/uploads\/2023\/05\/bmwcover-1024x448.jpg 1024w, https:\/\/www.jgclassics.com\/wp-content\/uploads\/2023\/05\/bmwcover-768x336.jpg 768w, https:\/\/www.jgclassics.com\/wp-content\/uploads\/2023\/05\/bmwcover-1536x672.jpg 1536w, https:\/\/www.jgclassics.com\/wp-content\/uploads\/2023\/05\/bmwcover-2048x895.jpg 2048w\" sizes=\"(max-width: 2560px) 100vw, 2560px\" \/>\t\t\t\t\t\t\t\t<\/a>\n\t\t\t\t\t\t\t\t\t\t\t<figcaption class=\"widget-image-caption wp-caption-text\">BMW 323i E21<\/figcaption>\n\t\t\t\t\t\t\t\t\t\t<\/figure>\n\t\t\t\t\t\t\t\t\t<\/div>\n\t\t\t\t<\/div>\n\t\t\t\t<div class=\"elementor-element elementor-element-00eb6a3 elementor-widget elementor-widget-text-editor\" data-id=\"00eb6a3\" data-element_type=\"widget\" data-e-type=\"widget\" data-widget_type=\"text-editor.default\">\n\t\t\t\t<div class=\"elementor-widget-container\">\n\t\t\t\t\t\t\t\t\t<p>BMW 3 Series &#8211; 323i E21. First generation of the 3 series after the legendary 2002. Engine M20 2300 6-cylinder K-Jetronic injection. Completely renovated of bodywork, paint and interiors, as well as a subsequent revision of mechanics and accessories. Alpine Decoration.<\/p>\n\t\t\t\t\t\t\t\t<\/div>\n\t\t\t\t<\/div>\n\t\t\t\t\t<\/div>\n\t\t<\/div>\n\t\t\t\t\t<\/div>\n\t\t<\/section>\n\t\t\t\t<section data-particle_enable=\"false\" data-particle-mobile-disabled=\"false\" class=\"elementor-section elementor-top-section elementor-element elementor-element-5ae9a2c elementor-section-boxed elementor-section-height-default elementor-section-height-default\" data-id=\"5ae9a2c\" data-element_type=\"section\" data-e-type=\"section\">\n\t\t\t\t\t\t<div class=\"elementor-container elementor-column-gap-default\">\n\t\t\t\t\t<div class=\"elementor-column elementor-col-33 elementor-top-column elementor-element elementor-element-197295a\" data-id=\"197295a\" data-element_type=\"column\" data-e-type=\"column\">\n\t\t\t<div class=\"elementor-widget-wrap elementor-element-populated\">\n\t\t\t\t\t\t<div class=\"elementor-element elementor-element-658c991 elementor-widget elementor-widget-image\" data-id=\"658c991\" data-element_type=\"widget\" data-e-type=\"widget\" data-widget_type=\"image.default\">\n\t\t\t\t<div class=\"elementor-widget-container\">\n\t\t\t\t\t\t\t\t\t\t\t\t\t\t\t<img decoding=\"async\" width=\"300\" height=\"112\" src=\"https:\/\/www.jgclassics.com\/wp-content\/uploads\/2023\/05\/logo_1942_BMW_2-300x112.jpg\" class=\"attachment-medium size-medium wp-image-14215\" alt=\"\" srcset=\"https:\/\/www.jgclassics.com\/wp-content\/uploads\/2023\/05\/logo_1942_BMW_2-300x112.jpg 300w, https:\/\/www.jgclassics.com\/wp-content\/uploads\/2023\/05\/logo_1942_BMW_2.jpg 440w\" sizes=\"(max-width: 300px) 100vw, 300px\" \/>\t\t\t\t\t\t\t\t\t\t\t\t\t\t\t<\/div>\n\t\t\t\t<\/div>\n\t\t\t\t\t<\/div>\n\t\t<\/div>\n\t\t\t\t<div class=\"elementor-column elementor-col-33 elementor-top-column elementor-element elementor-element-4262a7c\" data-id=\"4262a7c\" data-element_type=\"column\" data-e-type=\"column\">\n\t\t\t<div class=\"elementor-widget-wrap elementor-element-populated\">\n\t\t\t\t\t\t<div data-gbadge=\"{&quot;text&quot;:&quot;Nuevo&quot;,&quot;hideIfEmpty&quot;:false,&quot;icon&quot;:false,&quot;floating&quot;:{&quot;translate&quot;:{&quot;x_param_from&quot;:-5,&quot;x_param_to&quot;:5,&quot;y_param_from&quot;:-5,&quot;y_param_to&quot;:5,&quot;speed&quot;:1000}}}\" class=\"elementor-element elementor-element-d970dc1 elementor-widget__width-inherit elementor-widget-mobile__width-inherit premium-gbadge-yes premium-gbadge-bookmark premium-gbadge-right premium-gbadge-top elementor-widget elementor-widget-eael-creative-button\" data-id=\"d970dc1\" data-element_type=\"widget\" data-e-type=\"widget\" data-widget_type=\"eael-creative-button.default\">\n\t\t\t\t<div class=\"elementor-widget-container\">\n\t\t\t\t\t        <div class=\"eael-creative-button-wrapper\">\n\n            <a class=\"eael-creative-button eael-creative-button--moema eael-cb-icon-position-right\" href=\"https:\/\/www.jgclassics.com\/2023\/05\/15\/bmw-serie-3-e21-ficha-tecnica\/\" target=\"_blank\" data-text=\"Go!\">\n            \t    \n                <div class=\"creative-button-inner\">\n\n                    \n                    <span class=\"cretive-button-text\">Technical Data BMW E21<\/span>\n\n                                            <span class=\"eael-creative-button-icon-right\"><i aria-hidden=\"true\" class=\"fas fa-toolbox\"><\/i><\/span>                                    <\/div>\n\t                        <\/a>\n        <\/div>\n        \t\t\t\t<\/div>\n\t\t\t\t<\/div>\n\t\t\t\t<div class=\"elementor-element elementor-element-b5f3846 elementor-widget elementor-widget-text-editor\" data-id=\"b5f3846\" data-element_type=\"widget\" data-e-type=\"widget\" data-widget_type=\"text-editor.default\">\n\t\t\t\t<div class=\"elementor-widget-container\">\n\t\t\t\t\t\t\t\t\t<p style=\"text-align: left;\"><a href=\"https:\/\/www.jgclassics.com\/en\/2023\/05\/15\/bmw-3-series-e21-technical-data\/#torque_motor_M20\" target=\"_blank\" rel=\"noopener\"><img decoding=\"async\" class=\" wp-image-10925 alignleft\" src=\"https:\/\/www.jgclassics.com\/wp-content\/uploads\/2023\/05\/BMW_E21_M20_engine_323_fuel_injection-300x257.jpg\" alt=\"BMW M20 6-cylinder K-Jetronic injection engine\" width=\"66\" height=\"57\" srcset=\"https:\/\/www.jgclassics.com\/wp-content\/uploads\/2023\/05\/BMW_E21_M20_engine_323_fuel_injection-300x257.jpg 300w, https:\/\/www.jgclassics.com\/wp-content\/uploads\/2023\/05\/BMW_E21_M20_engine_323_fuel_injection-768x659.jpg 768w, https:\/\/www.jgclassics.com\/wp-content\/uploads\/2023\/05\/BMW_E21_M20_engine_323_fuel_injection.jpg 970w\" sizes=\"(max-width: 66px) 100vw, 66px\" \/><strong style=\"font-size: 16px;\">Includes engine parts torque information<\/strong><\/a><\/p>\n\t\t\t\t\t\t\t\t<\/div>\n\t\t\t\t<\/div>\n\t\t\t\t\t<\/div>\n\t\t<\/div>\n\t\t\t\t<div class=\"elementor-column elementor-col-33 elementor-top-column elementor-element elementor-element-4ed8631\" data-id=\"4ed8631\" data-element_type=\"column\" data-e-type=\"column\">\n\t\t\t<div class=\"elementor-widget-wrap elementor-element-populated\">\n\t\t\t\t\t\t<div class=\"elementor-element elementor-element-41a1f21 elementor-widget elementor-widget-image\" data-id=\"41a1f21\" data-element_type=\"widget\" data-e-type=\"widget\" data-widget_type=\"image.default\">\n\t\t\t\t<div class=\"elementor-widget-container\">\n\t\t\t\t\t\t\t\t\t\t\t\t\t\t\t<img loading=\"lazy\" decoding=\"async\" width=\"1024\" height=\"650\" src=\"https:\/\/www.jgclassics.com\/wp-content\/uploads\/2023\/05\/bmw-m20-engine-1024x650.webp\" class=\"attachment-large size-large wp-image-14209\" alt=\"\" srcset=\"https:\/\/www.jgclassics.com\/wp-content\/uploads\/2023\/05\/bmw-m20-engine-1024x650.webp 1024w, https:\/\/www.jgclassics.com\/wp-content\/uploads\/2023\/05\/bmw-m20-engine-300x190.webp 300w, https:\/\/www.jgclassics.com\/wp-content\/uploads\/2023\/05\/bmw-m20-engine-768x487.webp 768w, https:\/\/www.jgclassics.com\/wp-content\/uploads\/2023\/05\/bmw-m20-engine.webp 1193w\" sizes=\"(max-width: 1024px) 100vw, 1024px\" \/>\t\t\t\t\t\t\t\t\t\t\t\t\t\t\t<\/div>\n\t\t\t\t<\/div>\n\t\t\t\t\t<\/div>\n\t\t<\/div>\n\t\t\t\t\t<\/div>\n\t\t<\/section>\n\t\t\t\t<section data-particle_enable=\"false\" data-particle-mobile-disabled=\"false\" class=\"elementor-section elementor-top-section elementor-element elementor-element-ea3e2e3 elementor-section-boxed elementor-section-height-default elementor-section-height-default\" data-id=\"ea3e2e3\" data-element_type=\"section\" data-e-type=\"section\">\n\t\t\t\t\t\t<div class=\"elementor-container elementor-column-gap-default\">\n\t\t\t\t\t<div class=\"elementor-column elementor-col-50 elementor-top-column elementor-element elementor-element-13cec8d\" data-id=\"13cec8d\" data-element_type=\"column\" data-e-type=\"column\">\n\t\t\t<div class=\"elementor-widget-wrap elementor-element-populated\">\n\t\t\t\t\t\t<div class=\"elementor-element elementor-element-2337dd3 elementor-widget elementor-widget-text-editor\" data-id=\"2337dd3\" data-element_type=\"widget\" data-e-type=\"widget\" data-widget_type=\"text-editor.default\">\n\t\t\t\t<div class=\"elementor-widget-container\">\n\t\t\t\t\t\t\t\t\t<p>This vehicle was registered in June 1981 in Pontevedra (Galicia, Spain). Its first owner was an industrialist in the food sector in the region. <\/p>\n<p>The car spent eight years with roadworthiness disabled due to rehabilitation. During this period, the body, chassis and paintwork were restored to become their current white color -the car&#8217;s first original color was metallic gray-.<\/p>\n<p>After this, the car was owned by a driving professional person -actually a sport-driving instructor- in Santiago de Compostela, Spain, to be finally acquired by us in June 2018.<\/p>\n\t\t\t\t\t\t\t\t<\/div>\n\t\t\t\t<\/div>\n\t\t\t\t\t<\/div>\n\t\t<\/div>\n\t\t\t\t<div class=\"elementor-column elementor-col-50 elementor-top-column elementor-element elementor-element-1805726\" data-id=\"1805726\" data-element_type=\"column\" data-e-type=\"column\">\n\t\t\t<div class=\"elementor-widget-wrap elementor-element-populated\">\n\t\t\t\t\t\t<div class=\"elementor-element elementor-element-b7d9c8e elementor-widget elementor-widget-image\" data-id=\"b7d9c8e\" data-element_type=\"widget\" data-e-type=\"widget\" data-widget_type=\"image.default\">\n\t\t\t\t<div class=\"elementor-widget-container\">\n\t\t\t\t\t\t\t\t\t\t\t\t\t\t\t\t<a href=\"https:\/\/www.jgclassics.com\/wp-content\/uploads\/2023\/05\/20230506_203204-scaled.jpg\" data-elementor-open-lightbox=\"yes\" data-elementor-lightbox-title=\"20230506_203204\" data-elementor-lightbox-description=\"BMW 323i E21 Barcelona Maresme JG Classics. Available for rental, photos, filming, footage. BMW 323i E21 Barcelona\" data-e-action-hash=\"#elementor-action%3Aaction%3Dlightbox%26settings%3DeyJpZCI6MTM3MDUsInVybCI6Imh0dHBzOlwvXC93d3cuamdjbGFzc2ljcy5jb21cL3dwLWNvbnRlbnRcL3VwbG9hZHNcLzIwMjNcLzA1XC8yMDIzMDUwNl8yMDMyMDQtc2NhbGVkLmpwZyJ9\">\n\t\t\t\t\t\t\t<img loading=\"lazy\" decoding=\"async\" width=\"768\" height=\"432\" src=\"https:\/\/www.jgclassics.com\/wp-content\/uploads\/2023\/05\/20230506_203204-768x432.jpg\" class=\"attachment-medium_large size-medium_large wp-image-13705\" alt=\"BMW 323i E21 1981 Barcelona Maresme. Classic car rental BMW Barcelona\" srcset=\"https:\/\/www.jgclassics.com\/wp-content\/uploads\/2023\/05\/20230506_203204-768x432.jpg 768w, https:\/\/www.jgclassics.com\/wp-content\/uploads\/2023\/05\/20230506_203204-300x169.jpg 300w, https:\/\/www.jgclassics.com\/wp-content\/uploads\/2023\/05\/20230506_203204-1024x576.jpg 1024w, https:\/\/www.jgclassics.com\/wp-content\/uploads\/2023\/05\/20230506_203204-1536x864.jpg 1536w, https:\/\/www.jgclassics.com\/wp-content\/uploads\/2023\/05\/20230506_203204-2048x1152.jpg 2048w\" sizes=\"(max-width: 768px) 100vw, 768px\" \/>\t\t\t\t\t\t\t\t<\/a>\n\t\t\t\t\t\t\t\t\t\t\t\t\t\t\t<\/div>\n\t\t\t\t<\/div>\n\t\t\t\t\t<\/div>\n\t\t<\/div>\n\t\t\t\t\t<\/div>\n\t\t<\/section>\n\t\t\t\t<section data-particle_enable=\"false\" data-particle-mobile-disabled=\"false\" class=\"elementor-section elementor-top-section elementor-element elementor-element-cefe20c elementor-section-boxed elementor-section-height-default elementor-section-height-default\" data-id=\"cefe20c\" data-element_type=\"section\" data-e-type=\"section\">\n\t\t\t\t\t\t<div class=\"elementor-container elementor-column-gap-default\">\n\t\t\t\t\t<div class=\"elementor-column elementor-col-100 elementor-top-column elementor-element elementor-element-ebd32f0\" data-id=\"ebd32f0\" data-element_type=\"column\" data-e-type=\"column\">\n\t\t\t<div class=\"elementor-widget-wrap elementor-element-populated\">\n\t\t\t\t\t\t<div class=\"elementor-element elementor-element-c1f42b5 elementor-widget elementor-widget-text-editor\" data-id=\"c1f42b5\" data-element_type=\"widget\" data-e-type=\"widget\" data-widget_type=\"text-editor.default\">\n\t\t\t\t<div class=\"elementor-widget-container\">\n\t\t\t\t\t\t\t\t\t<p>We kept working in the vehicle in order to reach a complete interior refurbishment. The original car&#8217;s upholstery was in fabric blue, but due to the passing of the years, it was impossible to recover it as such original (the fabrics showed a great wear due to the almost 40 years that the car had at that time). During the interior refurbishment work, like an additional extra, we were very lucky to find an extraordinary steering wheel for sale in England &#8211; a perfect combination of sportiness and elegance &#8211; made of leather and walnut wood, which replaced the original steering wheel. We also installed a <a href=\"https:\/\/www.manualslib.de\/manual\/302271\/Blaupunkt-New-York-Rdm-127.html#manual\" target=\"_blank\" rel=\"noopener\">Blaupunkt New York RDM 127 CD<\/a> <a href=\"https:\/\/www.jgclassics.com\/en\/about-us\/#bmw_323i_e21_autoradio\" target=\"_blank\" rel=\"noopener\">player<\/a>, which although it is newer than the car (this <a href=\"http:\/\/antique-autoradio-madness.org\/Blaupunkt\/Blaup_96\/Blaup_96_7.646.870-newyork-rdm127_1.htm\" target=\"_blank\" rel=\"noopener\">radio is from 1996<\/a>) it keeps an aesthetic very consistent with the cockpit -at least in our opinion, although we understand that this is a personal point of view-. In any case, the fact is that this is a top quality car audio equipment -even if we compare it with current standards- and shows a design very consistent with BMW interiors (important to mention that in the 90s, Blaupunkt was the official supplier of OEM audio equipment for the Bavarian brand). The set was complemented with a SONY amplifier, a Piooner subwoofer, and three pairs of JBL loudspeakers. Everything installed invisibly and reversibly -in case it&#8217;s ever needed to be uninstalled-. <\/p>\n<p>Here you can see the difference in the interior of the cabin before and after our renovation work:<\/p>\n\t\t\t\t\t\t\t\t<\/div>\n\t\t\t\t<\/div>\n\t\t\t\t\t<\/div>\n\t\t<\/div>\n\t\t\t\t\t<\/div>\n\t\t<\/section>\n\t\t\t\t<section data-particle_enable=\"false\" data-particle-mobile-disabled=\"false\" class=\"elementor-section elementor-top-section elementor-element elementor-element-54e136e elementor-section-boxed elementor-section-height-default elementor-section-height-default\" data-id=\"54e136e\" data-element_type=\"section\" data-e-type=\"section\">\n\t\t\t\t\t\t<div class=\"elementor-container elementor-column-gap-default\">\n\t\t\t\t\t<div class=\"elementor-column elementor-col-50 elementor-top-column elementor-element elementor-element-bb639a0\" data-id=\"bb639a0\" data-element_type=\"column\" data-e-type=\"column\">\n\t\t\t<div class=\"elementor-widget-wrap elementor-element-populated\">\n\t\t\t\t\t\t<div class=\"elementor-element elementor-element-9daf2da elementor-widget elementor-widget-image\" data-id=\"9daf2da\" data-element_type=\"widget\" data-e-type=\"widget\" data-widget_type=\"image.default\">\n\t\t\t\t<div class=\"elementor-widget-container\">\n\t\t\t\t\t\t\t\t\t\t\t\t<figure class=\"wp-caption\">\n\t\t\t\t\t\t\t\t\t\t\t<a href=\"https:\/\/www.jgclassics.com\/wp-content\/uploads\/2023\/05\/20180601_184201-2-scaled.jpg\" data-elementor-open-lightbox=\"yes\" data-elementor-lightbox-title=\"BMW 323i E21 : Cabin before reupholstering\" data-elementor-lightbox-description=\"BMW 323i E21 : Cabin before reupholstering\" data-e-action-hash=\"#elementor-action%3Aaction%3Dlightbox%26settings%3DeyJpZCI6MTM5MTIsInVybCI6Imh0dHBzOlwvXC93d3cuamdjbGFzc2ljcy5jb21cL3dwLWNvbnRlbnRcL3VwbG9hZHNcLzIwMjNcLzA1XC8yMDE4MDYwMV8xODQyMDEtMi1zY2FsZWQuanBnIn0%3D\">\n\t\t\t\t\t\t\t<img loading=\"lazy\" decoding=\"async\" width=\"768\" height=\"432\" src=\"https:\/\/www.jgclassics.com\/wp-content\/uploads\/2023\/05\/20180601_184201-2-768x432.jpg\" class=\"attachment-medium_large size-medium_large wp-image-13912\" alt=\"BMW 323i E21 : Cabin before reupholstering\" srcset=\"https:\/\/www.jgclassics.com\/wp-content\/uploads\/2023\/05\/20180601_184201-2-768x432.jpg 768w, https:\/\/www.jgclassics.com\/wp-content\/uploads\/2023\/05\/20180601_184201-2-300x169.jpg 300w, https:\/\/www.jgclassics.com\/wp-content\/uploads\/2023\/05\/20180601_184201-2-1024x576.jpg 1024w, https:\/\/www.jgclassics.com\/wp-content\/uploads\/2023\/05\/20180601_184201-2-1536x864.jpg 1536w, https:\/\/www.jgclassics.com\/wp-content\/uploads\/2023\/05\/20180601_184201-2-2048x1152.jpg 2048w\" sizes=\"(max-width: 768px) 100vw, 768px\" \/>\t\t\t\t\t\t\t\t<\/a>\n\t\t\t\t\t\t\t\t\t\t\t<figcaption class=\"widget-image-caption wp-caption-text\">BMW 323i E21 : Cabin before reupholstering<\/figcaption>\n\t\t\t\t\t\t\t\t\t\t<\/figure>\n\t\t\t\t\t\t\t\t\t<\/div>\n\t\t\t\t<\/div>\n\t\t\t\t\t<\/div>\n\t\t<\/div>\n\t\t\t\t<div class=\"elementor-column elementor-col-50 elementor-top-column elementor-element elementor-element-490750e\" data-id=\"490750e\" data-element_type=\"column\" data-e-type=\"column\">\n\t\t\t<div class=\"elementor-widget-wrap elementor-element-populated\">\n\t\t\t\t\t\t<div class=\"elementor-element elementor-element-5fff0bd elementor-widget elementor-widget-image\" data-id=\"5fff0bd\" data-element_type=\"widget\" data-e-type=\"widget\" data-widget_type=\"image.default\">\n\t\t\t\t<div class=\"elementor-widget-container\">\n\t\t\t\t\t\t\t\t\t\t\t\t<figure class=\"wp-caption\">\n\t\t\t\t\t\t\t\t\t\t\t<a href=\"https:\/\/www.jgclassics.com\/wp-content\/uploads\/2023\/04\/20190425_104958-1-scaled.jpg\" data-elementor-open-lightbox=\"yes\" data-elementor-lightbox-title=\"BMW 323i E21 - Steering wheel and frame\" data-elementor-lightbox-description=\"BMW 323i E21 - Steering wheel and frame. Driver position\" data-e-action-hash=\"#elementor-action%3Aaction%3Dlightbox%26settings%3DeyJpZCI6MTM2OTAsInVybCI6Imh0dHBzOlwvXC93d3cuamdjbGFzc2ljcy5jb21cL3dwLWNvbnRlbnRcL3VwbG9hZHNcLzIwMjNcLzA0XC8yMDE5MDQyNV8xMDQ5NTgtMS1zY2FsZWQuanBnIn0%3D\">\n\t\t\t\t\t\t\t<img loading=\"lazy\" decoding=\"async\" width=\"1024\" height=\"768\" src=\"https:\/\/www.jgclassics.com\/wp-content\/uploads\/2023\/04\/20190425_104958-1-1024x768.jpg\" class=\"attachment-large size-large wp-image-13690\" alt=\"BMW 323i E21 - Steering wheel and frame\" srcset=\"https:\/\/www.jgclassics.com\/wp-content\/uploads\/2023\/04\/20190425_104958-1-1024x768.jpg 1024w, https:\/\/www.jgclassics.com\/wp-content\/uploads\/2023\/04\/20190425_104958-1-300x225.jpg 300w, https:\/\/www.jgclassics.com\/wp-content\/uploads\/2023\/04\/20190425_104958-1-768x576.jpg 768w, https:\/\/www.jgclassics.com\/wp-content\/uploads\/2023\/04\/20190425_104958-1-1536x1152.jpg 1536w, https:\/\/www.jgclassics.com\/wp-content\/uploads\/2023\/04\/20190425_104958-1-2048x1536.jpg 2048w\" sizes=\"(max-width: 1024px) 100vw, 1024px\" \/>\t\t\t\t\t\t\t\t<\/a>\n\t\t\t\t\t\t\t\t\t\t\t<figcaption class=\"widget-image-caption wp-caption-text\">BMW 323i E21 : Re-upholstered rear passenger compartment<\/figcaption>\n\t\t\t\t\t\t\t\t\t\t<\/figure>\n\t\t\t\t\t\t\t\t\t<\/div>\n\t\t\t\t<\/div>\n\t\t\t\t\t<\/div>\n\t\t<\/div>\n\t\t\t\t\t<\/div>\n\t\t<\/section>\n\t\t\t\t<section data-particle_enable=\"false\" data-particle-mobile-disabled=\"false\" class=\"elementor-section elementor-top-section elementor-element elementor-element-e6d7b93 elementor-section-boxed elementor-section-height-default elementor-section-height-default\" data-id=\"e6d7b93\" data-element_type=\"section\" data-e-type=\"section\">\n\t\t\t\t\t\t<div class=\"elementor-container elementor-column-gap-default\">\n\t\t\t\t\t<div class=\"elementor-column elementor-col-50 elementor-top-column elementor-element elementor-element-c4ce55c\" data-id=\"c4ce55c\" data-element_type=\"column\" data-e-type=\"column\">\n\t\t\t<div class=\"elementor-widget-wrap elementor-element-populated\">\n\t\t\t\t\t\t<div class=\"elementor-element elementor-element-22f30a3 elementor-widget__width-initial elementor-widget elementor-widget-text-editor\" data-id=\"22f30a3\" data-element_type=\"widget\" data-e-type=\"widget\" data-widget_type=\"text-editor.default\">\n\t\t\t\t<div class=\"elementor-widget-container\">\n\t\t\t\t\t\t\t\t\t<p>In addition to the interior restoration, there are many aspects of this vehicle in which we worked, mostly to the mechanical part.<span style=\"font-style: inherit; font-weight: inherit;\">. Just to mention some of them:<\/span><\/p>\n<ul>\n<li>Replace central console.<\/li>\n<li>Change control knobs \/ thermostat interior air conditioning.<\/li>\n<li>Replace rev counter and overhaul dashboard lights.<\/li>\n<li>Replace clutch master\/slave cylinders.<\/li>\n<li>Purge\/clean coolant circuit.<\/li>\n<li>Installation of additional electric engine cooling fan.<\/li>\n<li>Replacement of all fuel supply and fuel reservoir pipes.<\/li>\n<li>Replacement of exhaust line.<\/li>\n<li>Replacement of fuel pump and ignition module.<\/li>\n<li>Underbody painting\/cleaning (although it had no corrosion problem, was only an aesthetic issue).<\/li>\n<li>Replace all the headlights (the 4 ordinary headlights and the two fog lights).<\/li>\n<li>Repainting and restoration of the front grille..<\/li>\n<\/ul>\n\t\t\t\t\t\t\t\t<\/div>\n\t\t\t\t<\/div>\n\t\t\t\t\t<\/div>\n\t\t<\/div>\n\t\t\t\t<div class=\"elementor-column elementor-col-50 elementor-top-column elementor-element elementor-element-312b6bd\" data-id=\"312b6bd\" data-element_type=\"column\" data-e-type=\"column\">\n\t\t\t<div class=\"elementor-widget-wrap elementor-element-populated\">\n\t\t\t\t\t\t<div class=\"elementor-element elementor-element-7cc5f92 elementor-widget elementor-widget-image\" data-id=\"7cc5f92\" data-element_type=\"widget\" data-e-type=\"widget\" data-widget_type=\"image.default\">\n\t\t\t\t<div class=\"elementor-widget-container\">\n\t\t\t\t\t\t\t\t\t\t\t\t\t\t\t\t<a href=\"https:\/\/www.jgclassics.com\/wp-content\/uploads\/2023\/05\/20230506_201005-scaled.jpg\" data-elementor-open-lightbox=\"yes\" data-elementor-lightbox-title=\"BMW 323i E21 Barcelona\" data-elementor-lightbox-description=\"BMW 323i E21 Barcelona Maresme JG Classics. Available for rental, photos, filming, footage. BMW 323i E21 Barcelona\" data-e-action-hash=\"#elementor-action%3Aaction%3Dlightbox%26settings%3DeyJpZCI6MTM4NDYsInVybCI6Imh0dHBzOlwvXC93d3cuamdjbGFzc2ljcy5jb21cL3dwLWNvbnRlbnRcL3VwbG9hZHNcLzIwMjNcLzA1XC8yMDIzMDUwNl8yMDEwMDUtc2NhbGVkLmpwZyJ9\">\n\t\t\t\t\t\t\t<img loading=\"lazy\" decoding=\"async\" width=\"768\" height=\"1365\" src=\"https:\/\/www.jgclassics.com\/wp-content\/uploads\/2023\/05\/20230506_201005-768x1365.jpg\" class=\"attachment-medium_large size-medium_large wp-image-13846\" alt=\"BMW 323i E21 1981 Barcelona Maresme. Classic car rental BMW Barcelona\" srcset=\"https:\/\/www.jgclassics.com\/wp-content\/uploads\/2023\/05\/20230506_201005-768x1365.jpg 768w, https:\/\/www.jgclassics.com\/wp-content\/uploads\/2023\/05\/20230506_201005-169x300.jpg 169w, https:\/\/www.jgclassics.com\/wp-content\/uploads\/2023\/05\/20230506_201005-576x1024.jpg 576w, https:\/\/www.jgclassics.com\/wp-content\/uploads\/2023\/05\/20230506_201005-864x1536.jpg 864w, https:\/\/www.jgclassics.com\/wp-content\/uploads\/2023\/05\/20230506_201005-1152x2048.jpg 1152w, https:\/\/www.jgclassics.com\/wp-content\/uploads\/2023\/05\/20230506_201005-scaled.jpg 1440w\" sizes=\"(max-width: 768px) 100vw, 768px\" \/>\t\t\t\t\t\t\t\t<\/a>\n\t\t\t\t\t\t\t\t\t\t\t\t\t\t\t<\/div>\n\t\t\t\t<\/div>\n\t\t\t\t\t<\/div>\n\t\t<\/div>\n\t\t\t\t\t<\/div>\n\t\t<\/section>\n\t\t\t\t<section data-particle_enable=\"false\" data-particle-mobile-disabled=\"false\" class=\"elementor-section elementor-top-section elementor-element elementor-element-f74ec92 elementor-section-boxed elementor-section-height-default elementor-section-height-default\" data-id=\"f74ec92\" data-element_type=\"section\" data-e-type=\"section\">\n\t\t\t\t\t\t<div class=\"elementor-container elementor-column-gap-default\">\n\t\t\t\t\t<div class=\"elementor-column elementor-col-50 elementor-top-column elementor-element elementor-element-141b0b5\" data-id=\"141b0b5\" data-element_type=\"column\" data-e-type=\"column\">\n\t\t\t<div class=\"elementor-widget-wrap elementor-element-populated\">\n\t\t\t\t\t\t<div class=\"elementor-element elementor-element-7cb5657 elementor-widget elementor-widget-image\" data-id=\"7cb5657\" data-element_type=\"widget\" data-e-type=\"widget\" data-widget_type=\"image.default\">\n\t\t\t\t<div class=\"elementor-widget-container\">\n\t\t\t\t\t\t\t\t\t\t\t\t\t\t\t\t<a href=\"https:\/\/www.jgclassics.com\/wp-content\/uploads\/2023\/05\/20230506_203010-scaled.jpg\" data-elementor-open-lightbox=\"yes\" data-elementor-lightbox-title=\"BMW 323i E21 Barcelona - Alpina decoration\" data-elementor-lightbox-description=\"BMW 323i E21 Barcelona - Alpina decoration\" data-e-action-hash=\"#elementor-action%3Aaction%3Dlightbox%26settings%3DeyJpZCI6MTM5MDMsInVybCI6Imh0dHBzOlwvXC93d3cuamdjbGFzc2ljcy5jb21cL3dwLWNvbnRlbnRcL3VwbG9hZHNcLzIwMjNcLzA1XC8yMDIzMDUwNl8yMDMwMTAtc2NhbGVkLmpwZyJ9\">\n\t\t\t\t\t\t\t<img loading=\"lazy\" decoding=\"async\" width=\"1024\" height=\"576\" src=\"https:\/\/www.jgclassics.com\/wp-content\/uploads\/2023\/05\/20230506_203010-1024x576.jpg\" class=\"attachment-large size-large wp-image-13903\" alt=\"BMW 323i E21 Barcelona - Alpina decoration\" srcset=\"https:\/\/www.jgclassics.com\/wp-content\/uploads\/2023\/05\/20230506_203010-1024x576.jpg 1024w, https:\/\/www.jgclassics.com\/wp-content\/uploads\/2023\/05\/20230506_203010-300x169.jpg 300w, https:\/\/www.jgclassics.com\/wp-content\/uploads\/2023\/05\/20230506_203010-768x432.jpg 768w, https:\/\/www.jgclassics.com\/wp-content\/uploads\/2023\/05\/20230506_203010-1536x864.jpg 1536w, https:\/\/www.jgclassics.com\/wp-content\/uploads\/2023\/05\/20230506_203010-2048x1152.jpg 2048w\" sizes=\"(max-width: 1024px) 100vw, 1024px\" \/>\t\t\t\t\t\t\t\t<\/a>\n\t\t\t\t\t\t\t\t\t\t\t\t\t\t\t<\/div>\n\t\t\t\t<\/div>\n\t\t\t\t\t<\/div>\n\t\t<\/div>\n\t\t\t\t<div class=\"elementor-column elementor-col-50 elementor-top-column elementor-element elementor-element-cb60d2a\" data-id=\"cb60d2a\" data-element_type=\"column\" data-e-type=\"column\">\n\t\t\t<div class=\"elementor-widget-wrap elementor-element-populated\">\n\t\t\t\t\t\t<div class=\"elementor-element elementor-element-6ed9f83 elementor-widget__width-initial elementor-widget elementor-widget-text-editor\" data-id=\"6ed9f83\" data-element_type=\"widget\" data-e-type=\"widget\" data-widget_type=\"text-editor.default\">\n\t\t\t\t<div class=\"elementor-widget-container\">\n\t\t\t\t\t\t\t\t\t<p>In a small tribute to the Alpina variant that existed for this model, and given the color and appearance of the vehicle (when we acquired it, it was equipped with 15&#8243; Alpina-type wheels and sport shock absorbers -both options by the way available at the time of the car if the customer wanted to purchase them-, we decided to install the complete Alpina decoration that car shows today nad you may see in the pictures. The engine is still BMW&#8217;s original 2.3i M20 6-cylinder engine, so it keeps the standard mechanics. Therefore, its 143 hp and 190 Nm of torque make it a very dynamic car to drive.<\/p>\n\t\t\t\t\t\t\t\t<\/div>\n\t\t\t\t<\/div>\n\t\t\t\t\t<\/div>\n\t\t<\/div>\n\t\t\t\t\t<\/div>\n\t\t<\/section>\n\t\t\t\t<section data-particle_enable=\"false\" data-particle-mobile-disabled=\"false\" class=\"elementor-section elementor-top-section elementor-element elementor-element-867b883 elementor-section-boxed elementor-section-height-default elementor-section-height-default\" data-id=\"867b883\" data-element_type=\"section\" data-e-type=\"section\">\n\t\t\t\t\t\t<div class=\"elementor-container elementor-column-gap-default\">\n\t\t\t\t\t<div class=\"elementor-column elementor-col-50 elementor-top-column elementor-element elementor-element-b961cad\" data-id=\"b961cad\" data-element_type=\"column\" data-e-type=\"column\">\n\t\t\t<div class=\"elementor-widget-wrap elementor-element-populated\">\n\t\t\t\t\t\t<div class=\"elementor-element elementor-element-90270f5 elementor-widget elementor-widget-text-editor\" data-id=\"90270f5\" data-element_type=\"widget\" data-e-type=\"widget\" data-widget_type=\"text-editor.default\">\n\t\t\t\t<div class=\"elementor-widget-container\">\n\t\t\t\t\t\t\t\t\t<p>This vehicle is currently with roadworthiness up to date, and <strong><a href=\"https:\/\/www.jgclassics.com\/en\/classic-car-rental-price-list\/\" target=\"_blank\" rel=\"noopener\">available for rent<\/a><\/strong> if you need it for a photo sessions, filming or exhibition. Please, feel free to <a href=\"https:\/\/www.jgclassics.com\/en\/contact\/\" target=\"_blank\" rel=\"noopener\">contact us<\/a> if you have some related need for which we will be glad to help you.<\/p>\n\t\t\t\t\t\t\t\t<\/div>\n\t\t\t\t<\/div>\n\t\t\t\t<div class=\"elementor-element elementor-element-1c3b262 elementor-widget elementor-widget-text-editor\" data-id=\"1c3b262\" data-element_type=\"widget\" data-e-type=\"widget\" data-widget_type=\"text-editor.default\">\n\t\t\t\t<div class=\"elementor-widget-container\">\n\t\t\t\t\t\t\t\t\t<p><span style=\"font-style: inherit; font-weight: inherit;\">Also, if you are an owner or future buyer of one of these models and you need any information about parts, spare parts, or technical information you may need, please <\/span><a style=\"font-style: inherit; font-weight: inherit; background-color: #eef2f9;\" href=\"https:\/\/www.jgclassics.com\/en\/contact\/\" target=\"_blank\" rel=\"noopener\">contact us<\/a><span style=\"font-style: inherit; font-weight: inherit;\">because we will be happy to share it with you.<\/span><\/p>\n\t\t\t\t\t\t\t\t<\/div>\n\t\t\t\t<\/div>\n\t\t\t\t\t<\/div>\n\t\t<\/div>\n\t\t\t\t<div class=\"elementor-column elementor-col-50 elementor-top-column elementor-element elementor-element-5d1075a\" data-id=\"5d1075a\" data-element_type=\"column\" data-e-type=\"column\">\n\t\t\t<div class=\"elementor-widget-wrap elementor-element-populated\">\n\t\t\t\t\t\t<div class=\"elementor-element elementor-element-d11f852 elementor-widget elementor-widget-image\" data-id=\"d11f852\" data-element_type=\"widget\" data-e-type=\"widget\" data-widget_type=\"image.default\">\n\t\t\t\t<div class=\"elementor-widget-container\">\n\t\t\t\t\t\t\t\t\t\t\t\t\t\t\t\t<a href=\"https:\/\/www.jgclassics.com\/wp-content\/uploads\/2023\/05\/20230508_133935-scaled.jpg\" data-elementor-open-lightbox=\"yes\" data-elementor-lightbox-title=\"BMW 323i E21 Barcelona\" data-elementor-lightbox-description=\"BMW 323i E21 Barcelona Maresme JG Classics. Available for rental, photos, filming, footage. BMW 323i E21 Barcelona\" data-e-action-hash=\"#elementor-action%3Aaction%3Dlightbox%26settings%3DeyJpZCI6MTQwNTYsInVybCI6Imh0dHBzOlwvXC93d3cuamdjbGFzc2ljcy5jb21cL3dwLWNvbnRlbnRcL3VwbG9hZHNcLzIwMjNcLzA1XC8yMDIzMDUwOF8xMzM5MzUtc2NhbGVkLmpwZyJ9\">\n\t\t\t\t\t\t\t<img loading=\"lazy\" decoding=\"async\" width=\"1024\" height=\"576\" src=\"https:\/\/www.jgclassics.com\/wp-content\/uploads\/2023\/05\/20230508_133935-1024x576.jpg\" class=\"attachment-large size-large wp-image-14056\" alt=\"BMW 323i E21 1981 Barcelona Maresme. Classic car rental BMW Barcelona\" srcset=\"https:\/\/www.jgclassics.com\/wp-content\/uploads\/2023\/05\/20230508_133935-1024x576.jpg 1024w, https:\/\/www.jgclassics.com\/wp-content\/uploads\/2023\/05\/20230508_133935-300x169.jpg 300w, https:\/\/www.jgclassics.com\/wp-content\/uploads\/2023\/05\/20230508_133935-768x432.jpg 768w, https:\/\/www.jgclassics.com\/wp-content\/uploads\/2023\/05\/20230508_133935-1536x864.jpg 1536w, https:\/\/www.jgclassics.com\/wp-content\/uploads\/2023\/05\/20230508_133935-2048x1152.jpg 2048w\" sizes=\"(max-width: 1024px) 100vw, 1024px\" \/>\t\t\t\t\t\t\t\t<\/a>\n\t\t\t\t\t\t\t\t\t\t\t\t\t\t\t<\/div>\n\t\t\t\t<\/div>\n\t\t\t\t\t<\/div>\n\t\t<\/div>\n\t\t\t\t\t<\/div>\n\t\t<\/section>\n\t\t\t\t<section data-particle_enable=\"false\" data-particle-mobile-disabled=\"false\" class=\"elementor-section elementor-top-section elementor-element elementor-element-62a5ab5 elementor-section-boxed elementor-section-height-default elementor-section-height-default\" data-id=\"62a5ab5\" data-element_type=\"section\" data-e-type=\"section\">\n\t\t\t\t\t\t<div class=\"elementor-container elementor-column-gap-default\">\n\t\t\t\t\t<div class=\"elementor-column elementor-col-100 elementor-top-column elementor-element elementor-element-119e321\" data-id=\"119e321\" data-element_type=\"column\" data-e-type=\"column\">\n\t\t\t<div class=\"elementor-widget-wrap elementor-element-populated\">\n\t\t\t\t\t\t<div class=\"elementor-element elementor-element-0aa11cf elementor-widget elementor-widget-heading\" data-id=\"0aa11cf\" data-element_type=\"widget\" data-e-type=\"widget\" data-widget_type=\"heading.default\">\n\t\t\t\t<div class=\"elementor-widget-container\">\n\t\t\t\t\t<h2 class=\"elementor-heading-title elementor-size-default\">BMW 323i E21. Photo album. Click on the category:<\/h2>\t\t\t\t<\/div>\n\t\t\t\t<\/div>\n\t\t\t\t\t<\/div>\n\t\t<\/div>\n\t\t\t\t\t<\/div>\n\t\t<\/section>\n\t\t\t\t<section data-particle_enable=\"false\" data-particle-mobile-disabled=\"false\" class=\"elementor-section elementor-top-section elementor-element elementor-element-3bd3780 elementor-section-boxed elementor-section-height-default elementor-section-height-default\" data-id=\"3bd3780\" data-element_type=\"section\" data-e-type=\"section\">\n\t\t\t\t\t\t<div class=\"elementor-container elementor-column-gap-default\">\n\t\t\t\t\t<div class=\"elementor-column elementor-col-100 elementor-top-column elementor-element elementor-element-a8a7f8e\" data-id=\"a8a7f8e\" data-element_type=\"column\" data-e-type=\"column\">\n\t\t\t<div class=\"elementor-widget-wrap elementor-element-populated\">\n\t\t\t\t\t\t<div class=\"elementor-element elementor-element-6232dff elementor-gallery--filter-align-center elementor-widget elementor-widget-gallery\" data-id=\"6232dff\" data-element_type=\"widget\" data-e-type=\"widget\" data-settings=\"{&quot;gallery_layout&quot;:&quot;justified&quot;,&quot;ideal_row_height&quot;:{&quot;unit&quot;:&quot;px&quot;,&quot;size&quot;:133,&quot;sizes&quot;:[]},&quot;ideal_row_height_mobile&quot;:{&quot;unit&quot;:&quot;px&quot;,&quot;size&quot;:72,&quot;sizes&quot;:[]},&quot;lazyload&quot;:&quot;yes&quot;,&quot;ideal_row_height_tablet&quot;:{&quot;unit&quot;:&quot;px&quot;,&quot;size&quot;:150,&quot;sizes&quot;:[]},&quot;gap&quot;:{&quot;unit&quot;:&quot;px&quot;,&quot;size&quot;:10,&quot;sizes&quot;:[]},&quot;gap_tablet&quot;:{&quot;unit&quot;:&quot;px&quot;,&quot;size&quot;:10,&quot;sizes&quot;:[]},&quot;gap_mobile&quot;:{&quot;unit&quot;:&quot;px&quot;,&quot;size&quot;:10,&quot;sizes&quot;:[]},&quot;link_to&quot;:&quot;file&quot;,&quot;overlay_background&quot;:&quot;yes&quot;,&quot;content_hover_animation&quot;:&quot;fade-in&quot;}\" data-widget_type=\"gallery.default\">\n\t\t\t\t<div class=\"elementor-widget-container\">\n\t\t\t\t\t\t\t\t<div class=\"elementor-gallery__titles-container e--pointer-text e--animation-grow\" aria-label=\"Gallery filter\">\n\t\t\t\t\n\t\t\t\t\t\t\t\t\t<a class=\"elementor-item elementor-gallery-title\" role=\"button\" tabindex=\"0\" data-gallery-index=\"0\">\n\t\t\t\t\t\tExterior 1\t\t\t\t\t<\/a>\n\t\t\t\t\t\t\t\t\t\t<a class=\"elementor-item elementor-gallery-title\" role=\"button\" tabindex=\"0\" data-gallery-index=\"1\">\n\t\t\t\t\t\tExterior 2\t\t\t\t\t<\/a>\n\t\t\t\t\t\t\t\t\t\t<a class=\"elementor-item elementor-gallery-title\" role=\"button\" tabindex=\"0\" data-gallery-index=\"2\">\n\t\t\t\t\t\tInterior 1\t\t\t\t\t<\/a>\n\t\t\t\t\t\t\t\t\t\t<a class=\"elementor-item elementor-gallery-title\" role=\"button\" tabindex=\"0\" data-gallery-index=\"3\">\n\t\t\t\t\t\tInterior 2\t\t\t\t\t<\/a>\n\t\t\t\t\t\t\t\t<\/div>\n\t\t\t\t\t<div class=\"elementor-gallery__container\">\n\t\t\t\t\t\t\t<a class=\"e-gallery-item elementor-gallery-item elementor-animated-content\" data-e-gallery-tags=\"0\" href=\"https:\/\/www.jgclassics.com\/wp-content\/uploads\/2023\/05\/20230506_195657-scaled.jpg\" data-elementor-open-lightbox=\"yes\" data-elementor-lightbox-slideshow=\"6232dff\" data-elementor-lightbox-title=\"20230506_195657\" data-elementor-lightbox-description=\"BMW 323i E21 Barcelona Maresme JG Classics. Disponible para alquiler, fotos, filmaciones, metrajes. BMW 323i E21 Barcelona\" data-e-action-hash=\"#elementor-action%3Aaction%3Dlightbox%26settings%3DeyJpZCI6MTM3MjYsInVybCI6Imh0dHBzOlwvXC93d3cuamdjbGFzc2ljcy5jb21cL3dwLWNvbnRlbnRcL3VwbG9hZHNcLzIwMjNcLzA1XC8yMDIzMDUwNl8xOTU2NTctc2NhbGVkLmpwZyIsInNsaWRlc2hvdyI6IjYyMzJkZmYifQ%3D%3D\">\n\t\t\t\t\t<div class=\"e-gallery-image elementor-gallery-item__image\" data-thumbnail=\"https:\/\/www.jgclassics.com\/wp-content\/uploads\/2023\/05\/20230506_195657-300x169.jpg\" data-width=\"300\" data-height=\"169\" aria-label=\"\" role=\"img\" ><\/div>\n\t\t\t\t\t\t\t\t\t\t\t<div class=\"elementor-gallery-item__overlay\"><\/div>\n\t\t\t\t\t\t\t\t\t\t\t\t\t\t<\/a>\n\t\t\t\t\t\t\t<a class=\"e-gallery-item elementor-gallery-item elementor-animated-content\" data-e-gallery-tags=\"0\" href=\"https:\/\/www.jgclassics.com\/wp-content\/uploads\/2023\/05\/20230506_203046-scaled.jpg\" data-elementor-open-lightbox=\"yes\" data-elementor-lightbox-slideshow=\"6232dff\" data-elementor-lightbox-title=\"20230506_203046\" data-elementor-lightbox-description=\"BMW 323i E21 Barcelona Maresme JG Classics. Disponible para alquiler, fotos, filmaciones, metrajes. BMW 323i E21 Barcelona\" data-e-action-hash=\"#elementor-action%3Aaction%3Dlightbox%26settings%3DeyJpZCI6MTM3MDIsInVybCI6Imh0dHBzOlwvXC93d3cuamdjbGFzc2ljcy5jb21cL3dwLWNvbnRlbnRcL3VwbG9hZHNcLzIwMjNcLzA1XC8yMDIzMDUwNl8yMDMwNDYtc2NhbGVkLmpwZyIsInNsaWRlc2hvdyI6IjYyMzJkZmYifQ%3D%3D\">\n\t\t\t\t\t<div class=\"e-gallery-image elementor-gallery-item__image\" data-thumbnail=\"https:\/\/www.jgclassics.com\/wp-content\/uploads\/2023\/05\/20230506_203046-300x169.jpg\" data-width=\"300\" data-height=\"169\" aria-label=\"\" role=\"img\" ><\/div>\n\t\t\t\t\t\t\t\t\t\t\t<div class=\"elementor-gallery-item__overlay\"><\/div>\n\t\t\t\t\t\t\t\t\t\t\t\t\t\t<\/a>\n\t\t\t\t\t\t\t<a class=\"e-gallery-item elementor-gallery-item elementor-animated-content\" data-e-gallery-tags=\"0\" href=\"https:\/\/www.jgclassics.com\/wp-content\/uploads\/2023\/05\/20230506_203204-scaled.jpg\" data-elementor-open-lightbox=\"yes\" data-elementor-lightbox-slideshow=\"6232dff\" data-elementor-lightbox-title=\"20230506_203204\" data-elementor-lightbox-description=\"BMW 323i E21 Barcelona Maresme JG Classics. Available for rental, photos, filming, footage. BMW 323i E21 Barcelona\" data-e-action-hash=\"#elementor-action%3Aaction%3Dlightbox%26settings%3DeyJpZCI6MTM3MDUsInVybCI6Imh0dHBzOlwvXC93d3cuamdjbGFzc2ljcy5jb21cL3dwLWNvbnRlbnRcL3VwbG9hZHNcLzIwMjNcLzA1XC8yMDIzMDUwNl8yMDMyMDQtc2NhbGVkLmpwZyIsInNsaWRlc2hvdyI6IjYyMzJkZmYifQ%3D%3D\">\n\t\t\t\t\t<div class=\"e-gallery-image elementor-gallery-item__image\" data-thumbnail=\"https:\/\/www.jgclassics.com\/wp-content\/uploads\/2023\/05\/20230506_203204-300x169.jpg\" data-width=\"300\" data-height=\"169\" aria-label=\"BMW 323i E21 1981 Barcelona Maresme. Classic car rental BMW Barcelona\" role=\"img\" ><\/div>\n\t\t\t\t\t\t\t\t\t\t\t<div class=\"elementor-gallery-item__overlay\"><\/div>\n\t\t\t\t\t\t\t\t\t\t\t\t\t\t<\/a>\n\t\t\t\t\t\t\t<a class=\"e-gallery-item elementor-gallery-item elementor-animated-content\" data-e-gallery-tags=\"0\" href=\"https:\/\/www.jgclassics.com\/wp-content\/uploads\/2023\/05\/20230506_203212-scaled.jpg\" data-elementor-open-lightbox=\"yes\" data-elementor-lightbox-slideshow=\"6232dff\" data-elementor-lightbox-title=\"20230506_203212\" data-elementor-lightbox-description=\"BMW 323i E21 Barcelona Maresme JG Classics. Disponible para alquiler, fotos, filmaciones, metrajes. BMW 323i E21 Barcelona\" data-e-action-hash=\"#elementor-action%3Aaction%3Dlightbox%26settings%3DeyJpZCI6MTM3MDgsInVybCI6Imh0dHBzOlwvXC93d3cuamdjbGFzc2ljcy5jb21cL3dwLWNvbnRlbnRcL3VwbG9hZHNcLzIwMjNcLzA1XC8yMDIzMDUwNl8yMDMyMTItc2NhbGVkLmpwZyIsInNsaWRlc2hvdyI6IjYyMzJkZmYifQ%3D%3D\">\n\t\t\t\t\t<div class=\"e-gallery-image elementor-gallery-item__image\" data-thumbnail=\"https:\/\/www.jgclassics.com\/wp-content\/uploads\/2023\/05\/20230506_203212-300x169.jpg\" data-width=\"300\" data-height=\"169\" aria-label=\"\" role=\"img\" ><\/div>\n\t\t\t\t\t\t\t\t\t\t\t<div class=\"elementor-gallery-item__overlay\"><\/div>\n\t\t\t\t\t\t\t\t\t\t\t\t\t\t<\/a>\n\t\t\t\t\t\t\t<a class=\"e-gallery-item elementor-gallery-item elementor-animated-content\" data-e-gallery-tags=\"0\" href=\"https:\/\/www.jgclassics.com\/wp-content\/uploads\/2023\/05\/20230506_203229-scaled.jpg\" data-elementor-open-lightbox=\"yes\" data-elementor-lightbox-slideshow=\"6232dff\" data-elementor-lightbox-title=\"20230506_203229\" data-elementor-lightbox-description=\"BMW 323i E21 Barcelona Maresme JG Classics. Disponible para alquiler, fotos, filmaciones, metrajes. BMW 323i E21 Barcelona\" data-e-action-hash=\"#elementor-action%3Aaction%3Dlightbox%26settings%3DeyJpZCI6MTM3MTEsInVybCI6Imh0dHBzOlwvXC93d3cuamdjbGFzc2ljcy5jb21cL3dwLWNvbnRlbnRcL3VwbG9hZHNcLzIwMjNcLzA1XC8yMDIzMDUwNl8yMDMyMjktc2NhbGVkLmpwZyIsInNsaWRlc2hvdyI6IjYyMzJkZmYifQ%3D%3D\">\n\t\t\t\t\t<div class=\"e-gallery-image elementor-gallery-item__image\" data-thumbnail=\"https:\/\/www.jgclassics.com\/wp-content\/uploads\/2023\/05\/20230506_203229-300x169.jpg\" data-width=\"300\" data-height=\"169\" aria-label=\"\" role=\"img\" ><\/div>\n\t\t\t\t\t\t\t\t\t\t\t<div class=\"elementor-gallery-item__overlay\"><\/div>\n\t\t\t\t\t\t\t\t\t\t\t\t\t\t<\/a>\n\t\t\t\t\t\t\t<a class=\"e-gallery-item elementor-gallery-item elementor-animated-content\" data-e-gallery-tags=\"0\" href=\"https:\/\/www.jgclassics.com\/wp-content\/uploads\/2023\/05\/20230506_195647-scaled.jpg\" data-elementor-open-lightbox=\"yes\" data-elementor-lightbox-slideshow=\"6232dff\" data-elementor-lightbox-title=\"20230506_195647\" data-elementor-lightbox-description=\"BMW 323i E21 Barcelona Maresme JG Classics. Disponible para alquiler, fotos, filmaciones, metrajes. BMW 323i E21 Barcelona\" data-e-action-hash=\"#elementor-action%3Aaction%3Dlightbox%26settings%3DeyJpZCI6MTM3MjMsInVybCI6Imh0dHBzOlwvXC93d3cuamdjbGFzc2ljcy5jb21cL3dwLWNvbnRlbnRcL3VwbG9hZHNcLzIwMjNcLzA1XC8yMDIzMDUwNl8xOTU2NDctc2NhbGVkLmpwZyIsInNsaWRlc2hvdyI6IjYyMzJkZmYifQ%3D%3D\">\n\t\t\t\t\t<div class=\"e-gallery-image elementor-gallery-item__image\" data-thumbnail=\"https:\/\/www.jgclassics.com\/wp-content\/uploads\/2023\/05\/20230506_195647-300x169.jpg\" data-width=\"300\" data-height=\"169\" aria-label=\"\" role=\"img\" ><\/div>\n\t\t\t\t\t\t\t\t\t\t\t<div class=\"elementor-gallery-item__overlay\"><\/div>\n\t\t\t\t\t\t\t\t\t\t\t\t\t\t<\/a>\n\t\t\t\t\t\t\t<a class=\"e-gallery-item elementor-gallery-item elementor-animated-content\" data-e-gallery-tags=\"0\" href=\"https:\/\/www.jgclassics.com\/wp-content\/uploads\/2023\/05\/20230506_195725-scaled.jpg\" data-elementor-open-lightbox=\"yes\" data-elementor-lightbox-slideshow=\"6232dff\" data-elementor-lightbox-title=\"20230506_195725\" data-elementor-lightbox-description=\"BMW 323i E21 Barcelona Maresme JG Classics. Disponible para alquiler, fotos, filmaciones, metrajes. BMW 323i E21 Barcelona\" data-e-action-hash=\"#elementor-action%3Aaction%3Dlightbox%26settings%3DeyJpZCI6MTM3MzUsInVybCI6Imh0dHBzOlwvXC93d3cuamdjbGFzc2ljcy5jb21cL3dwLWNvbnRlbnRcL3VwbG9hZHNcLzIwMjNcLzA1XC8yMDIzMDUwNl8xOTU3MjUtc2NhbGVkLmpwZyIsInNsaWRlc2hvdyI6IjYyMzJkZmYifQ%3D%3D\">\n\t\t\t\t\t<div class=\"e-gallery-image elementor-gallery-item__image\" data-thumbnail=\"https:\/\/www.jgclassics.com\/wp-content\/uploads\/2023\/05\/20230506_195725-300x169.jpg\" data-width=\"300\" data-height=\"169\" aria-label=\"\" role=\"img\" ><\/div>\n\t\t\t\t\t\t\t\t\t\t\t<div class=\"elementor-gallery-item__overlay\"><\/div>\n\t\t\t\t\t\t\t\t\t\t\t\t\t\t<\/a>\n\t\t\t\t\t\t\t<a class=\"e-gallery-item elementor-gallery-item elementor-animated-content\" data-e-gallery-tags=\"0\" href=\"https:\/\/www.jgclassics.com\/wp-content\/uploads\/2023\/05\/20230506_195721-scaled.jpg\" data-elementor-open-lightbox=\"yes\" data-elementor-lightbox-slideshow=\"6232dff\" data-elementor-lightbox-title=\"20230506_195721\" data-elementor-lightbox-description=\"BMW 323i E21 Barcelona Maresme JG Classics. Disponible para alquiler, fotos, filmaciones, metrajes. BMW 323i E21 Barcelona\" data-e-action-hash=\"#elementor-action%3Aaction%3Dlightbox%26settings%3DeyJpZCI6MTM3MzIsInVybCI6Imh0dHBzOlwvXC93d3cuamdjbGFzc2ljcy5jb21cL3dwLWNvbnRlbnRcL3VwbG9hZHNcLzIwMjNcLzA1XC8yMDIzMDUwNl8xOTU3MjEtc2NhbGVkLmpwZyIsInNsaWRlc2hvdyI6IjYyMzJkZmYifQ%3D%3D\">\n\t\t\t\t\t<div class=\"e-gallery-image elementor-gallery-item__image\" data-thumbnail=\"https:\/\/www.jgclassics.com\/wp-content\/uploads\/2023\/05\/20230506_195721-300x169.jpg\" data-width=\"300\" data-height=\"169\" aria-label=\"\" role=\"img\" ><\/div>\n\t\t\t\t\t\t\t\t\t\t\t<div class=\"elementor-gallery-item__overlay\"><\/div>\n\t\t\t\t\t\t\t\t\t\t\t\t\t\t<\/a>\n\t\t\t\t\t\t\t<a class=\"e-gallery-item elementor-gallery-item elementor-animated-content\" data-e-gallery-tags=\"0\" href=\"https:\/\/www.jgclassics.com\/wp-content\/uploads\/2023\/05\/20230506_195703-scaled.jpg\" data-elementor-open-lightbox=\"yes\" data-elementor-lightbox-slideshow=\"6232dff\" data-elementor-lightbox-title=\"20230506_195703\" data-elementor-lightbox-description=\"BMW 323i E21 Barcelona Maresme JG Classics. Disponible para alquiler, fotos, filmaciones, metrajes. BMW 323i E21 Barcelona\" data-e-action-hash=\"#elementor-action%3Aaction%3Dlightbox%26settings%3DeyJpZCI6MTM3MjksInVybCI6Imh0dHBzOlwvXC93d3cuamdjbGFzc2ljcy5jb21cL3dwLWNvbnRlbnRcL3VwbG9hZHNcLzIwMjNcLzA1XC8yMDIzMDUwNl8xOTU3MDMtc2NhbGVkLmpwZyIsInNsaWRlc2hvdyI6IjYyMzJkZmYifQ%3D%3D\">\n\t\t\t\t\t<div class=\"e-gallery-image elementor-gallery-item__image\" data-thumbnail=\"https:\/\/www.jgclassics.com\/wp-content\/uploads\/2023\/05\/20230506_195703-300x169.jpg\" data-width=\"300\" data-height=\"169\" aria-label=\"\" role=\"img\" ><\/div>\n\t\t\t\t\t\t\t\t\t\t\t<div class=\"elementor-gallery-item__overlay\"><\/div>\n\t\t\t\t\t\t\t\t\t\t\t\t\t\t<\/a>\n\t\t\t\t\t\t\t<a class=\"e-gallery-item elementor-gallery-item elementor-animated-content\" data-e-gallery-tags=\"0\" href=\"https:\/\/www.jgclassics.com\/wp-content\/uploads\/2023\/05\/20230506_195832-scaled.jpg\" data-elementor-open-lightbox=\"yes\" data-elementor-lightbox-slideshow=\"6232dff\" data-elementor-lightbox-title=\"BMW 323i E21 Barcelona\" data-elementor-lightbox-description=\"BMW 323i E21 Barcelona Maresme JG Classics. Disponible para alquiler, fotos, filmaciones, metrajes. BMW 323i E21 Barcelona\" data-e-action-hash=\"#elementor-action%3Aaction%3Dlightbox%26settings%3DeyJpZCI6MTM3NTMsInVybCI6Imh0dHBzOlwvXC93d3cuamdjbGFzc2ljcy5jb21cL3dwLWNvbnRlbnRcL3VwbG9hZHNcLzIwMjNcLzA1XC8yMDIzMDUwNl8xOTU4MzItc2NhbGVkLmpwZyIsInNsaWRlc2hvdyI6IjYyMzJkZmYifQ%3D%3D\">\n\t\t\t\t\t<div class=\"e-gallery-image elementor-gallery-item__image\" data-thumbnail=\"https:\/\/www.jgclassics.com\/wp-content\/uploads\/2023\/05\/20230506_195832-300x169.jpg\" data-width=\"300\" data-height=\"169\" aria-label=\"\" role=\"img\" ><\/div>\n\t\t\t\t\t\t\t\t\t\t\t<div class=\"elementor-gallery-item__overlay\"><\/div>\n\t\t\t\t\t\t\t\t\t\t\t\t\t\t<\/a>\n\t\t\t\t\t\t\t<a class=\"e-gallery-item elementor-gallery-item elementor-animated-content\" data-e-gallery-tags=\"0\" href=\"https:\/\/www.jgclassics.com\/wp-content\/uploads\/2023\/05\/20230506_195856-scaled.jpg\" data-elementor-open-lightbox=\"yes\" data-elementor-lightbox-slideshow=\"6232dff\" data-elementor-lightbox-title=\"BMW 323i E21 Barcelona\" data-elementor-lightbox-description=\"BMW 323i E21 Barcelona Maresme JG Classics. Disponible para alquiler, fotos, filmaciones, metrajes. BMW 323i E21 Barcelona\" data-e-action-hash=\"#elementor-action%3Aaction%3Dlightbox%26settings%3DeyJpZCI6MTM3NTYsInVybCI6Imh0dHBzOlwvXC93d3cuamdjbGFzc2ljcy5jb21cL3dwLWNvbnRlbnRcL3VwbG9hZHNcLzIwMjNcLzA1XC8yMDIzMDUwNl8xOTU4NTYtc2NhbGVkLmpwZyIsInNsaWRlc2hvdyI6IjYyMzJkZmYifQ%3D%3D\">\n\t\t\t\t\t<div class=\"e-gallery-image elementor-gallery-item__image\" data-thumbnail=\"https:\/\/www.jgclassics.com\/wp-content\/uploads\/2023\/05\/20230506_195856-300x169.jpg\" data-width=\"300\" data-height=\"169\" aria-label=\"\" role=\"img\" ><\/div>\n\t\t\t\t\t\t\t\t\t\t\t<div class=\"elementor-gallery-item__overlay\"><\/div>\n\t\t\t\t\t\t\t\t\t\t\t\t\t\t<\/a>\n\t\t\t\t\t\t\t<a class=\"e-gallery-item elementor-gallery-item elementor-animated-content\" data-e-gallery-tags=\"0\" href=\"https:\/\/www.jgclassics.com\/wp-content\/uploads\/2023\/05\/20230506_195900-scaled.jpg\" data-elementor-open-lightbox=\"yes\" data-elementor-lightbox-slideshow=\"6232dff\" data-elementor-lightbox-title=\"BMW 323i E21 Barcelona\" data-elementor-lightbox-description=\"BMW 323i E21 Barcelona Maresme JG Classics. Disponible para alquiler, fotos, filmaciones, metrajes. BMW 323i E21 Barcelona\" data-e-action-hash=\"#elementor-action%3Aaction%3Dlightbox%26settings%3DeyJpZCI6MTM3NTksInVybCI6Imh0dHBzOlwvXC93d3cuamdjbGFzc2ljcy5jb21cL3dwLWNvbnRlbnRcL3VwbG9hZHNcLzIwMjNcLzA1XC8yMDIzMDUwNl8xOTU5MDAtc2NhbGVkLmpwZyIsInNsaWRlc2hvdyI6IjYyMzJkZmYifQ%3D%3D\">\n\t\t\t\t\t<div class=\"e-gallery-image elementor-gallery-item__image\" data-thumbnail=\"https:\/\/www.jgclassics.com\/wp-content\/uploads\/2023\/05\/20230506_195900-300x169.jpg\" data-width=\"300\" data-height=\"169\" aria-label=\"\" role=\"img\" ><\/div>\n\t\t\t\t\t\t\t\t\t\t\t<div class=\"elementor-gallery-item__overlay\"><\/div>\n\t\t\t\t\t\t\t\t\t\t\t\t\t\t<\/a>\n\t\t\t\t\t\t\t<a class=\"e-gallery-item elementor-gallery-item elementor-animated-content\" data-e-gallery-tags=\"0\" href=\"https:\/\/www.jgclassics.com\/wp-content\/uploads\/2023\/05\/20230506_195912-scaled.jpg\" data-elementor-open-lightbox=\"yes\" data-elementor-lightbox-slideshow=\"6232dff\" data-elementor-lightbox-title=\"BMW 323i E21 Barcelona\" data-elementor-lightbox-description=\"BMW 323i E21 Barcelona Maresme JG Classics. Disponible para alquiler, fotos, filmaciones, metrajes. BMW 323i E21 Barcelona\" data-e-action-hash=\"#elementor-action%3Aaction%3Dlightbox%26settings%3DeyJpZCI6MTM3NjIsInVybCI6Imh0dHBzOlwvXC93d3cuamdjbGFzc2ljcy5jb21cL3dwLWNvbnRlbnRcL3VwbG9hZHNcLzIwMjNcLzA1XC8yMDIzMDUwNl8xOTU5MTItc2NhbGVkLmpwZyIsInNsaWRlc2hvdyI6IjYyMzJkZmYifQ%3D%3D\">\n\t\t\t\t\t<div class=\"e-gallery-image elementor-gallery-item__image\" data-thumbnail=\"https:\/\/www.jgclassics.com\/wp-content\/uploads\/2023\/05\/20230506_195912-300x169.jpg\" data-width=\"300\" data-height=\"169\" aria-label=\"\" role=\"img\" ><\/div>\n\t\t\t\t\t\t\t\t\t\t\t<div class=\"elementor-gallery-item__overlay\"><\/div>\n\t\t\t\t\t\t\t\t\t\t\t\t\t\t<\/a>\n\t\t\t\t\t\t\t<a class=\"e-gallery-item elementor-gallery-item elementor-animated-content\" data-e-gallery-tags=\"0\" href=\"https:\/\/www.jgclassics.com\/wp-content\/uploads\/2023\/05\/20230506_195942-scaled.jpg\" data-elementor-open-lightbox=\"yes\" data-elementor-lightbox-slideshow=\"6232dff\" data-elementor-lightbox-title=\"BMW 323i E21 Barcelona\" data-elementor-lightbox-description=\"BMW 323i E21 Barcelona Maresme JG Classics. Disponible para alquiler, fotos, filmaciones, metrajes. BMW 323i E21 Barcelona\" data-e-action-hash=\"#elementor-action%3Aaction%3Dlightbox%26settings%3DeyJpZCI6MTM3NjUsInVybCI6Imh0dHBzOlwvXC93d3cuamdjbGFzc2ljcy5jb21cL3dwLWNvbnRlbnRcL3VwbG9hZHNcLzIwMjNcLzA1XC8yMDIzMDUwNl8xOTU5NDItc2NhbGVkLmpwZyIsInNsaWRlc2hvdyI6IjYyMzJkZmYifQ%3D%3D\">\n\t\t\t\t\t<div class=\"e-gallery-image elementor-gallery-item__image\" data-thumbnail=\"https:\/\/www.jgclassics.com\/wp-content\/uploads\/2023\/05\/20230506_195942-300x169.jpg\" data-width=\"300\" data-height=\"169\" aria-label=\"\" role=\"img\" ><\/div>\n\t\t\t\t\t\t\t\t\t\t\t<div class=\"elementor-gallery-item__overlay\"><\/div>\n\t\t\t\t\t\t\t\t\t\t\t\t\t\t<\/a>\n\t\t\t\t\t\t\t<a class=\"e-gallery-item elementor-gallery-item elementor-animated-content\" data-e-gallery-tags=\"0\" href=\"https:\/\/www.jgclassics.com\/wp-content\/uploads\/2023\/05\/20230506_200150-scaled.jpg\" data-elementor-open-lightbox=\"yes\" data-elementor-lightbox-slideshow=\"6232dff\" data-elementor-lightbox-title=\"BMW 323i E21 Barcelona\" data-elementor-lightbox-description=\"BMW 323i E21 Barcelona Maresme JG Classics. Disponible para alquiler, fotos, filmaciones, metrajes. BMW 323i E21 Barcelona\" data-e-action-hash=\"#elementor-action%3Aaction%3Dlightbox%26settings%3DeyJpZCI6MTM3ODYsInVybCI6Imh0dHBzOlwvXC93d3cuamdjbGFzc2ljcy5jb21cL3dwLWNvbnRlbnRcL3VwbG9hZHNcLzIwMjNcLzA1XC8yMDIzMDUwNl8yMDAxNTAtc2NhbGVkLmpwZyIsInNsaWRlc2hvdyI6IjYyMzJkZmYifQ%3D%3D\">\n\t\t\t\t\t<div class=\"e-gallery-image elementor-gallery-item__image\" data-thumbnail=\"https:\/\/www.jgclassics.com\/wp-content\/uploads\/2023\/05\/20230506_200150-300x169.jpg\" data-width=\"300\" data-height=\"169\" aria-label=\"\" role=\"img\" ><\/div>\n\t\t\t\t\t\t\t\t\t\t\t<div class=\"elementor-gallery-item__overlay\"><\/div>\n\t\t\t\t\t\t\t\t\t\t\t\t\t\t<\/a>\n\t\t\t\t\t\t\t<a class=\"e-gallery-item elementor-gallery-item elementor-animated-content\" data-e-gallery-tags=\"0\" href=\"https:\/\/www.jgclassics.com\/wp-content\/uploads\/2023\/05\/20230506_200128-scaled.jpg\" data-elementor-open-lightbox=\"yes\" data-elementor-lightbox-slideshow=\"6232dff\" data-elementor-lightbox-title=\"BMW 323i E21 Barcelona\" data-elementor-lightbox-description=\"BMW 323i E21 Barcelona Maresme JG Classics. Disponible para alquiler, fotos, filmaciones, metrajes. BMW 323i E21 Barcelona\" data-e-action-hash=\"#elementor-action%3Aaction%3Dlightbox%26settings%3DeyJpZCI6MTM3ODMsInVybCI6Imh0dHBzOlwvXC93d3cuamdjbGFzc2ljcy5jb21cL3dwLWNvbnRlbnRcL3VwbG9hZHNcLzIwMjNcLzA1XC8yMDIzMDUwNl8yMDAxMjgtc2NhbGVkLmpwZyIsInNsaWRlc2hvdyI6IjYyMzJkZmYifQ%3D%3D\">\n\t\t\t\t\t<div class=\"e-gallery-image elementor-gallery-item__image\" data-thumbnail=\"https:\/\/www.jgclassics.com\/wp-content\/uploads\/2023\/05\/20230506_200128-300x169.jpg\" data-width=\"300\" data-height=\"169\" aria-label=\"\" role=\"img\" ><\/div>\n\t\t\t\t\t\t\t\t\t\t\t<div class=\"elementor-gallery-item__overlay\"><\/div>\n\t\t\t\t\t\t\t\t\t\t\t\t\t\t<\/a>\n\t\t\t\t\t\t\t<a class=\"e-gallery-item elementor-gallery-item elementor-animated-content\" data-e-gallery-tags=\"0\" href=\"https:\/\/www.jgclassics.com\/wp-content\/uploads\/2023\/05\/20230506_200058-scaled.jpg\" data-elementor-open-lightbox=\"yes\" data-elementor-lightbox-slideshow=\"6232dff\" data-elementor-lightbox-title=\"BMW 323i E21 Barcelona\" data-elementor-lightbox-description=\"BMW 323i E21 Barcelona Maresme JG Classics. Disponible para alquiler, fotos, filmaciones, metrajes. BMW 323i E21 Barcelona\" data-e-action-hash=\"#elementor-action%3Aaction%3Dlightbox%26settings%3DeyJpZCI6MTM3ODAsInVybCI6Imh0dHBzOlwvXC93d3cuamdjbGFzc2ljcy5jb21cL3dwLWNvbnRlbnRcL3VwbG9hZHNcLzIwMjNcLzA1XC8yMDIzMDUwNl8yMDAwNTgtc2NhbGVkLmpwZyIsInNsaWRlc2hvdyI6IjYyMzJkZmYifQ%3D%3D\">\n\t\t\t\t\t<div class=\"e-gallery-image elementor-gallery-item__image\" data-thumbnail=\"https:\/\/www.jgclassics.com\/wp-content\/uploads\/2023\/05\/20230506_200058-300x169.jpg\" data-width=\"300\" data-height=\"169\" aria-label=\"\" role=\"img\" ><\/div>\n\t\t\t\t\t\t\t\t\t\t\t<div class=\"elementor-gallery-item__overlay\"><\/div>\n\t\t\t\t\t\t\t\t\t\t\t\t\t\t<\/a>\n\t\t\t\t\t\t\t<a class=\"e-gallery-item elementor-gallery-item elementor-animated-content\" data-e-gallery-tags=\"0\" href=\"https:\/\/www.jgclassics.com\/wp-content\/uploads\/2023\/05\/20230506_200048-scaled.jpg\" data-elementor-open-lightbox=\"yes\" data-elementor-lightbox-slideshow=\"6232dff\" data-elementor-lightbox-title=\"BMW 323i E21 Barcelona\" data-elementor-lightbox-description=\"BMW 323i E21 Barcelona Maresme JG Classics. Disponible para alquiler, fotos, filmaciones, metrajes. BMW 323i E21 Barcelona\" data-e-action-hash=\"#elementor-action%3Aaction%3Dlightbox%26settings%3DeyJpZCI6MTM3NzcsInVybCI6Imh0dHBzOlwvXC93d3cuamdjbGFzc2ljcy5jb21cL3dwLWNvbnRlbnRcL3VwbG9hZHNcLzIwMjNcLzA1XC8yMDIzMDUwNl8yMDAwNDgtc2NhbGVkLmpwZyIsInNsaWRlc2hvdyI6IjYyMzJkZmYifQ%3D%3D\">\n\t\t\t\t\t<div class=\"e-gallery-image elementor-gallery-item__image\" data-thumbnail=\"https:\/\/www.jgclassics.com\/wp-content\/uploads\/2023\/05\/20230506_200048-169x300.jpg\" data-width=\"169\" data-height=\"300\" aria-label=\"\" role=\"img\" ><\/div>\n\t\t\t\t\t\t\t\t\t\t\t<div class=\"elementor-gallery-item__overlay\"><\/div>\n\t\t\t\t\t\t\t\t\t\t\t\t\t\t<\/a>\n\t\t\t\t\t\t\t<a class=\"e-gallery-item elementor-gallery-item elementor-animated-content\" data-e-gallery-tags=\"0\" href=\"https:\/\/www.jgclassics.com\/wp-content\/uploads\/2023\/05\/20230506_202026-scaled.jpg\" data-elementor-open-lightbox=\"yes\" data-elementor-lightbox-slideshow=\"6232dff\" data-elementor-lightbox-title=\"BMW 323i E21 Barcelona\" data-elementor-lightbox-description=\"BMW 323i E21 Barcelona Maresme JG Classics. Disponible para alquiler, fotos, filmaciones, metrajes. BMW 323i E21 Barcelona\" data-e-action-hash=\"#elementor-action%3Aaction%3Dlightbox%26settings%3DeyJpZCI6MTM4NzMsInVybCI6Imh0dHBzOlwvXC93d3cuamdjbGFzc2ljcy5jb21cL3dwLWNvbnRlbnRcL3VwbG9hZHNcLzIwMjNcLzA1XC8yMDIzMDUwNl8yMDIwMjYtc2NhbGVkLmpwZyIsInNsaWRlc2hvdyI6IjYyMzJkZmYifQ%3D%3D\">\n\t\t\t\t\t<div class=\"e-gallery-image elementor-gallery-item__image\" data-thumbnail=\"https:\/\/www.jgclassics.com\/wp-content\/uploads\/2023\/05\/20230506_202026-300x169.jpg\" data-width=\"300\" data-height=\"169\" aria-label=\"\" role=\"img\" ><\/div>\n\t\t\t\t\t\t\t\t\t\t\t<div class=\"elementor-gallery-item__overlay\"><\/div>\n\t\t\t\t\t\t\t\t\t\t\t\t\t\t<\/a>\n\t\t\t\t\t\t\t<a class=\"e-gallery-item elementor-gallery-item elementor-animated-content\" data-e-gallery-tags=\"0,2\" href=\"https:\/\/www.jgclassics.com\/wp-content\/uploads\/2023\/05\/20230506_201158-scaled.jpg\" data-elementor-open-lightbox=\"yes\" data-elementor-lightbox-slideshow=\"6232dff\" data-elementor-lightbox-title=\"BMW 323i E21 Barcelona\" data-elementor-lightbox-description=\"BMW 323i E21 Barcelona Maresme JG Classics. Disponible para alquiler, fotos, filmaciones, metrajes. BMW 323i E21 Barcelona\" data-e-action-hash=\"#elementor-action%3Aaction%3Dlightbox%26settings%3DeyJpZCI6MTM4NTIsInVybCI6Imh0dHBzOlwvXC93d3cuamdjbGFzc2ljcy5jb21cL3dwLWNvbnRlbnRcL3VwbG9hZHNcLzIwMjNcLzA1XC8yMDIzMDUwNl8yMDExNTgtc2NhbGVkLmpwZyIsInNsaWRlc2hvdyI6IjYyMzJkZmYifQ%3D%3D\">\n\t\t\t\t\t<div class=\"e-gallery-image elementor-gallery-item__image\" data-thumbnail=\"https:\/\/www.jgclassics.com\/wp-content\/uploads\/2023\/05\/20230506_201158-300x169.jpg\" data-width=\"300\" data-height=\"169\" aria-label=\"\" role=\"img\" ><\/div>\n\t\t\t\t\t\t\t\t\t\t\t<div class=\"elementor-gallery-item__overlay\"><\/div>\n\t\t\t\t\t\t\t\t\t\t\t\t\t\t<\/a>\n\t\t\t\t\t\t\t<a class=\"e-gallery-item elementor-gallery-item elementor-animated-content\" data-e-gallery-tags=\"0\" href=\"https:\/\/www.jgclassics.com\/wp-content\/uploads\/2023\/05\/20230508_132102-scaled.jpg\" data-elementor-open-lightbox=\"yes\" data-elementor-lightbox-slideshow=\"6232dff\" data-elementor-lightbox-title=\"BMW 323i E21 Barcelona\" data-elementor-lightbox-description=\"BMW 323i E21 Barcelona Maresme JG Classics. Disponible para alquiler, fotos, filmaciones, metrajes. BMW 323i E21 Barcelona\" data-e-action-hash=\"#elementor-action%3Aaction%3Dlightbox%26settings%3DeyJpZCI6MTQwNzcsInVybCI6Imh0dHBzOlwvXC93d3cuamdjbGFzc2ljcy5jb21cL3dwLWNvbnRlbnRcL3VwbG9hZHNcLzIwMjNcLzA1XC8yMDIzMDUwOF8xMzIxMDItc2NhbGVkLmpwZyIsInNsaWRlc2hvdyI6IjYyMzJkZmYifQ%3D%3D\">\n\t\t\t\t\t<div class=\"e-gallery-image elementor-gallery-item__image\" data-thumbnail=\"https:\/\/www.jgclassics.com\/wp-content\/uploads\/2023\/05\/20230508_132102-300x169.jpg\" data-width=\"300\" data-height=\"169\" aria-label=\"\" role=\"img\" ><\/div>\n\t\t\t\t\t\t\t\t\t\t\t<div class=\"elementor-gallery-item__overlay\"><\/div>\n\t\t\t\t\t\t\t\t\t\t\t\t\t\t<\/a>\n\t\t\t\t\t\t\t<a class=\"e-gallery-item elementor-gallery-item elementor-animated-content\" data-e-gallery-tags=\"0\" href=\"https:\/\/www.jgclassics.com\/wp-content\/uploads\/2023\/05\/20230508_132030-scaled.jpg\" data-elementor-open-lightbox=\"yes\" data-elementor-lightbox-slideshow=\"6232dff\" data-elementor-lightbox-title=\"BMW 323i E21 Barcelona\" data-elementor-lightbox-description=\"BMW 323i E21 Barcelona Maresme JG Classics. Disponible para alquiler, fotos, filmaciones, metrajes. BMW 323i E21 Barcelona\" data-e-action-hash=\"#elementor-action%3Aaction%3Dlightbox%26settings%3DeyJpZCI6MTQwNzEsInVybCI6Imh0dHBzOlwvXC93d3cuamdjbGFzc2ljcy5jb21cL3dwLWNvbnRlbnRcL3VwbG9hZHNcLzIwMjNcLzA1XC8yMDIzMDUwOF8xMzIwMzAtc2NhbGVkLmpwZyIsInNsaWRlc2hvdyI6IjYyMzJkZmYifQ%3D%3D\">\n\t\t\t\t\t<div class=\"e-gallery-image elementor-gallery-item__image\" data-thumbnail=\"https:\/\/www.jgclassics.com\/wp-content\/uploads\/2023\/05\/20230508_132030-300x169.jpg\" data-width=\"300\" data-height=\"169\" aria-label=\"\" role=\"img\" ><\/div>\n\t\t\t\t\t\t\t\t\t\t\t<div class=\"elementor-gallery-item__overlay\"><\/div>\n\t\t\t\t\t\t\t\t\t\t\t\t\t\t<\/a>\n\t\t\t\t\t\t\t<a class=\"e-gallery-item elementor-gallery-item elementor-animated-content\" data-e-gallery-tags=\"0\" href=\"https:\/\/www.jgclassics.com\/wp-content\/uploads\/2023\/05\/20230508_132008-scaled.jpg\" data-elementor-open-lightbox=\"yes\" data-elementor-lightbox-slideshow=\"6232dff\" data-elementor-lightbox-title=\"BMW 323i E21 Barcelona\" data-elementor-lightbox-description=\"BMW 323i E21 Barcelona Maresme JG Classics. Available for rental, photos, filming, footage. BMW 323i E21 Barcelona\" data-e-action-hash=\"#elementor-action%3Aaction%3Dlightbox%26settings%3DeyJpZCI6MTQwNjUsInVybCI6Imh0dHBzOlwvXC93d3cuamdjbGFzc2ljcy5jb21cL3dwLWNvbnRlbnRcL3VwbG9hZHNcLzIwMjNcLzA1XC8yMDIzMDUwOF8xMzIwMDgtc2NhbGVkLmpwZyIsInNsaWRlc2hvdyI6IjYyMzJkZmYifQ%3D%3D\">\n\t\t\t\t\t<div class=\"e-gallery-image elementor-gallery-item__image\" data-thumbnail=\"https:\/\/www.jgclassics.com\/wp-content\/uploads\/2023\/05\/20230508_132008-300x169.jpg\" data-width=\"300\" data-height=\"169\" aria-label=\"BMW 323i E21 1981 Barcelona Maresme. Classic car rental BMW Barcelona\" role=\"img\" ><\/div>\n\t\t\t\t\t\t\t\t\t\t\t<div class=\"elementor-gallery-item__overlay\"><\/div>\n\t\t\t\t\t\t\t\t\t\t\t\t\t\t<\/a>\n\t\t\t\t\t\t\t<a class=\"e-gallery-item elementor-gallery-item elementor-animated-content\" data-e-gallery-tags=\"0,1\" href=\"https:\/\/www.jgclassics.com\/wp-content\/uploads\/2023\/05\/20230508_133204-scaled.jpg\" data-elementor-open-lightbox=\"yes\" data-elementor-lightbox-slideshow=\"6232dff\" data-elementor-lightbox-title=\"BMW 323i E21 Barcelona\" data-elementor-lightbox-description=\"BMW 323i E21 Barcelona Maresme JG Classics. Disponible para alquiler, fotos, filmaciones, metrajes. BMW 323i E21 Barcelona\" data-e-action-hash=\"#elementor-action%3Aaction%3Dlightbox%26settings%3DeyJpZCI6MTQwMTEsInVybCI6Imh0dHBzOlwvXC93d3cuamdjbGFzc2ljcy5jb21cL3dwLWNvbnRlbnRcL3VwbG9hZHNcLzIwMjNcLzA1XC8yMDIzMDUwOF8xMzMyMDQtc2NhbGVkLmpwZyIsInNsaWRlc2hvdyI6IjYyMzJkZmYifQ%3D%3D\">\n\t\t\t\t\t<div class=\"e-gallery-image elementor-gallery-item__image\" data-thumbnail=\"https:\/\/www.jgclassics.com\/wp-content\/uploads\/2023\/05\/20230508_133204-169x300.jpg\" data-width=\"169\" data-height=\"300\" aria-label=\"\" role=\"img\" ><\/div>\n\t\t\t\t\t\t\t\t\t\t\t<div class=\"elementor-gallery-item__overlay\"><\/div>\n\t\t\t\t\t\t\t\t\t\t\t\t\t\t<\/a>\n\t\t\t\t\t\t\t<a class=\"e-gallery-item elementor-gallery-item elementor-animated-content\" data-e-gallery-tags=\"0,1\" href=\"https:\/\/www.jgclassics.com\/wp-content\/uploads\/2023\/05\/20230508_133132-scaled.jpg\" data-elementor-open-lightbox=\"yes\" data-elementor-lightbox-slideshow=\"6232dff\" data-elementor-lightbox-title=\"BMW 323i E21 Barcelona\" data-elementor-lightbox-description=\"BMW 323i E21 Barcelona Maresme JG Classics. Disponible para alquiler, fotos, filmaciones, metrajes. BMW 323i E21 Barcelona\" data-e-action-hash=\"#elementor-action%3Aaction%3Dlightbox%26settings%3DeyJpZCI6MTQwMDUsInVybCI6Imh0dHBzOlwvXC93d3cuamdjbGFzc2ljcy5jb21cL3dwLWNvbnRlbnRcL3VwbG9hZHNcLzIwMjNcLzA1XC8yMDIzMDUwOF8xMzMxMzItc2NhbGVkLmpwZyIsInNsaWRlc2hvdyI6IjYyMzJkZmYifQ%3D%3D\">\n\t\t\t\t\t<div class=\"e-gallery-image elementor-gallery-item__image\" data-thumbnail=\"https:\/\/www.jgclassics.com\/wp-content\/uploads\/2023\/05\/20230508_133132-300x129.jpg\" data-width=\"300\" data-height=\"129\" aria-label=\"\" role=\"img\" ><\/div>\n\t\t\t\t\t\t\t\t\t\t\t<div class=\"elementor-gallery-item__overlay\"><\/div>\n\t\t\t\t\t\t\t\t\t\t\t\t\t\t<\/a>\n\t\t\t\t\t\t\t<a class=\"e-gallery-item elementor-gallery-item elementor-animated-content\" data-e-gallery-tags=\"0,1\" href=\"https:\/\/www.jgclassics.com\/wp-content\/uploads\/2023\/05\/20230508_133027-scaled.jpg\" data-elementor-open-lightbox=\"yes\" data-elementor-lightbox-slideshow=\"6232dff\" data-elementor-lightbox-title=\"BMW 323i E21 Barcelona\" data-elementor-lightbox-description=\"BMW 323i E21 Barcelona Maresme JG Classics. Disponible para alquiler, fotos, filmaciones, metrajes. BMW 323i E21 Barcelona\" data-e-action-hash=\"#elementor-action%3Aaction%3Dlightbox%26settings%3DeyJpZCI6MTM5OTksInVybCI6Imh0dHBzOlwvXC93d3cuamdjbGFzc2ljcy5jb21cL3dwLWNvbnRlbnRcL3VwbG9hZHNcLzIwMjNcLzA1XC8yMDIzMDUwOF8xMzMwMjctc2NhbGVkLmpwZyIsInNsaWRlc2hvdyI6IjYyMzJkZmYifQ%3D%3D\">\n\t\t\t\t\t<div class=\"e-gallery-image elementor-gallery-item__image\" data-thumbnail=\"https:\/\/www.jgclassics.com\/wp-content\/uploads\/2023\/05\/20230508_133027-300x169.jpg\" data-width=\"300\" data-height=\"169\" aria-label=\"\" role=\"img\" ><\/div>\n\t\t\t\t\t\t\t\t\t\t\t<div class=\"elementor-gallery-item__overlay\"><\/div>\n\t\t\t\t\t\t\t\t\t\t\t\t\t\t<\/a>\n\t\t\t\t\t\t\t<a class=\"e-gallery-item elementor-gallery-item elementor-animated-content\" data-e-gallery-tags=\"0,1\" href=\"https:\/\/www.jgclassics.com\/wp-content\/uploads\/2023\/05\/20230508_132830-scaled.jpg\" data-elementor-open-lightbox=\"yes\" data-elementor-lightbox-slideshow=\"6232dff\" data-elementor-lightbox-title=\"BMW 323i E21 Barcelona\" data-elementor-lightbox-description=\"BMW 323i E21 Barcelona Maresme JG Classics. Disponible para alquiler, fotos, filmaciones, metrajes. BMW 323i E21 Barcelona\" data-e-action-hash=\"#elementor-action%3Aaction%3Dlightbox%26settings%3DeyJpZCI6MTM5NzgsInVybCI6Imh0dHBzOlwvXC93d3cuamdjbGFzc2ljcy5jb21cL3dwLWNvbnRlbnRcL3VwbG9hZHNcLzIwMjNcLzA1XC8yMDIzMDUwOF8xMzI4MzAtc2NhbGVkLmpwZyIsInNsaWRlc2hvdyI6IjYyMzJkZmYifQ%3D%3D\">\n\t\t\t\t\t<div class=\"e-gallery-image elementor-gallery-item__image\" data-thumbnail=\"https:\/\/www.jgclassics.com\/wp-content\/uploads\/2023\/05\/20230508_132830-169x300.jpg\" data-width=\"169\" data-height=\"300\" aria-label=\"\" role=\"img\" ><\/div>\n\t\t\t\t\t\t\t\t\t\t\t<div class=\"elementor-gallery-item__overlay\"><\/div>\n\t\t\t\t\t\t\t\t\t\t\t\t\t\t<\/a>\n\t\t\t\t\t\t\t<a class=\"e-gallery-item elementor-gallery-item elementor-animated-content\" data-e-gallery-tags=\"0\" href=\"https:\/\/www.jgclassics.com\/wp-content\/uploads\/2023\/05\/20230508_132756-scaled.jpg\" data-elementor-open-lightbox=\"yes\" data-elementor-lightbox-slideshow=\"6232dff\" data-elementor-lightbox-title=\"BMW 323i E21 Barcelona\" data-elementor-lightbox-description=\"BMW 323i E21 Barcelona Maresme JG Classics. Disponible para alquiler, fotos, filmaciones, metrajes. BMW 323i E21 Barcelona\" data-e-action-hash=\"#elementor-action%3Aaction%3Dlightbox%26settings%3DeyJpZCI6MTM5NjksInVybCI6Imh0dHBzOlwvXC93d3cuamdjbGFzc2ljcy5jb21cL3dwLWNvbnRlbnRcL3VwbG9hZHNcLzIwMjNcLzA1XC8yMDIzMDUwOF8xMzI3NTYtc2NhbGVkLmpwZyIsInNsaWRlc2hvdyI6IjYyMzJkZmYifQ%3D%3D\">\n\t\t\t\t\t<div class=\"e-gallery-image elementor-gallery-item__image\" data-thumbnail=\"https:\/\/www.jgclassics.com\/wp-content\/uploads\/2023\/05\/20230508_132756-300x169.jpg\" data-width=\"300\" data-height=\"169\" aria-label=\"\" role=\"img\" ><\/div>\n\t\t\t\t\t\t\t\t\t\t\t<div class=\"elementor-gallery-item__overlay\"><\/div>\n\t\t\t\t\t\t\t\t\t\t\t\t\t\t<\/a>\n\t\t\t\t\t\t\t<a class=\"e-gallery-item elementor-gallery-item elementor-animated-content\" data-e-gallery-tags=\"0,1\" href=\"https:\/\/www.jgclassics.com\/wp-content\/uploads\/2023\/05\/20230508_132741-scaled.jpg\" data-elementor-open-lightbox=\"yes\" data-elementor-lightbox-slideshow=\"6232dff\" data-elementor-lightbox-title=\"BMW 323i E21 Barcelona\" data-elementor-lightbox-description=\"BMW 323i E21 Barcelona Maresme JG Classics. Disponible para alquiler, fotos, filmaciones, metrajes. BMW 323i E21 Barcelona\" data-e-action-hash=\"#elementor-action%3Aaction%3Dlightbox%26settings%3DeyJpZCI6MTM5NjMsInVybCI6Imh0dHBzOlwvXC93d3cuamdjbGFzc2ljcy5jb21cL3dwLWNvbnRlbnRcL3VwbG9hZHNcLzIwMjNcLzA1XC8yMDIzMDUwOF8xMzI3NDEtc2NhbGVkLmpwZyIsInNsaWRlc2hvdyI6IjYyMzJkZmYifQ%3D%3D\">\n\t\t\t\t\t<div class=\"e-gallery-image elementor-gallery-item__image\" data-thumbnail=\"https:\/\/www.jgclassics.com\/wp-content\/uploads\/2023\/05\/20230508_132741-169x300.jpg\" data-width=\"169\" data-height=\"300\" aria-label=\"\" role=\"img\" ><\/div>\n\t\t\t\t\t\t\t\t\t\t\t<div class=\"elementor-gallery-item__overlay\"><\/div>\n\t\t\t\t\t\t\t\t\t\t\t\t\t\t<\/a>\n\t\t\t\t\t\t\t<a class=\"e-gallery-item elementor-gallery-item elementor-animated-content\" data-e-gallery-tags=\"0\" href=\"https:\/\/www.jgclassics.com\/wp-content\/uploads\/2023\/05\/20230508_132138-scaled.jpg\" data-elementor-open-lightbox=\"yes\" data-elementor-lightbox-slideshow=\"6232dff\" data-elementor-lightbox-title=\"BMW 323i E21 Barcelona\" data-elementor-lightbox-description=\"BMW 323i E21 Barcelona Maresme JG Classics. Disponible para alquiler, fotos, filmaciones, metrajes. BMW 323i E21 Barcelona\" data-e-action-hash=\"#elementor-action%3Aaction%3Dlightbox%26settings%3DeyJpZCI6MTM5MjEsInVybCI6Imh0dHBzOlwvXC93d3cuamdjbGFzc2ljcy5jb21cL3dwLWNvbnRlbnRcL3VwbG9hZHNcLzIwMjNcLzA1XC8yMDIzMDUwOF8xMzIxMzgtc2NhbGVkLmpwZyIsInNsaWRlc2hvdyI6IjYyMzJkZmYifQ%3D%3D\">\n\t\t\t\t\t<div class=\"e-gallery-image elementor-gallery-item__image\" data-thumbnail=\"https:\/\/www.jgclassics.com\/wp-content\/uploads\/2023\/05\/20230508_132138-300x169.jpg\" data-width=\"300\" data-height=\"169\" aria-label=\"\" role=\"img\" ><\/div>\n\t\t\t\t\t\t\t\t\t\t\t<div class=\"elementor-gallery-item__overlay\"><\/div>\n\t\t\t\t\t\t\t\t\t\t\t\t\t\t<\/a>\n\t\t\t\t\t\t\t<a class=\"e-gallery-item elementor-gallery-item elementor-animated-content\" data-e-gallery-tags=\"1\" href=\"https:\/\/www.jgclassics.com\/wp-content\/uploads\/2023\/05\/20230506_200030-scaled.jpg\" data-elementor-open-lightbox=\"yes\" data-elementor-lightbox-slideshow=\"6232dff\" data-elementor-lightbox-title=\"BMW 323i E21 Barcelona\" data-elementor-lightbox-description=\"BMW 323i E21 Barcelona Maresme JG Classics. Disponible para alquiler, fotos, filmaciones, metrajes. BMW 323i E21 Barcelona\" data-e-action-hash=\"#elementor-action%3Aaction%3Dlightbox%26settings%3DeyJpZCI6MTM3NzEsInVybCI6Imh0dHBzOlwvXC93d3cuamdjbGFzc2ljcy5jb21cL3dwLWNvbnRlbnRcL3VwbG9hZHNcLzIwMjNcLzA1XC8yMDIzMDUwNl8yMDAwMzAtc2NhbGVkLmpwZyIsInNsaWRlc2hvdyI6IjYyMzJkZmYifQ%3D%3D\">\n\t\t\t\t\t<div class=\"e-gallery-image elementor-gallery-item__image\" data-thumbnail=\"https:\/\/www.jgclassics.com\/wp-content\/uploads\/2023\/05\/20230506_200030-169x300.jpg\" data-width=\"169\" data-height=\"300\" aria-label=\"\" role=\"img\" ><\/div>\n\t\t\t\t\t\t\t\t\t\t\t<div class=\"elementor-gallery-item__overlay\"><\/div>\n\t\t\t\t\t\t\t\t\t\t\t\t\t\t<\/a>\n\t\t\t\t\t\t\t<a class=\"e-gallery-item elementor-gallery-item elementor-animated-content\" data-e-gallery-tags=\"1\" href=\"https:\/\/www.jgclassics.com\/wp-content\/uploads\/2023\/05\/20230506_200043-scaled.jpg\" data-elementor-open-lightbox=\"yes\" data-elementor-lightbox-slideshow=\"6232dff\" data-elementor-lightbox-title=\"BMW 323i E21 Barcelona\" data-elementor-lightbox-description=\"BMW 323i E21 Barcelona Maresme JG Classics. Disponible para alquiler, fotos, filmaciones, metrajes. BMW 323i E21 Barcelona\" data-e-action-hash=\"#elementor-action%3Aaction%3Dlightbox%26settings%3DeyJpZCI6MTM3NzQsInVybCI6Imh0dHBzOlwvXC93d3cuamdjbGFzc2ljcy5jb21cL3dwLWNvbnRlbnRcL3VwbG9hZHNcLzIwMjNcLzA1XC8yMDIzMDUwNl8yMDAwNDMtc2NhbGVkLmpwZyIsInNsaWRlc2hvdyI6IjYyMzJkZmYifQ%3D%3D\">\n\t\t\t\t\t<div class=\"e-gallery-image elementor-gallery-item__image\" data-thumbnail=\"https:\/\/www.jgclassics.com\/wp-content\/uploads\/2023\/05\/20230506_200043-300x169.jpg\" data-width=\"300\" data-height=\"169\" aria-label=\"\" role=\"img\" ><\/div>\n\t\t\t\t\t\t\t\t\t\t\t<div class=\"elementor-gallery-item__overlay\"><\/div>\n\t\t\t\t\t\t\t\t\t\t\t\t\t\t<\/a>\n\t\t\t\t\t\t\t<a class=\"e-gallery-item elementor-gallery-item elementor-animated-content\" data-e-gallery-tags=\"1\" href=\"https:\/\/www.jgclassics.com\/wp-content\/uploads\/2023\/05\/20230506_200359-scaled.jpg\" data-elementor-open-lightbox=\"yes\" data-elementor-lightbox-slideshow=\"6232dff\" data-elementor-lightbox-title=\"BMW 323i E21 Barcelona\" data-elementor-lightbox-description=\"BMW 323i E21 Barcelona Maresme JG Classics. Disponible para alquiler, fotos, filmaciones, metrajes. BMW 323i E21 Barcelona\" data-e-action-hash=\"#elementor-action%3Aaction%3Dlightbox%26settings%3DeyJpZCI6MTM3OTUsInVybCI6Imh0dHBzOlwvXC93d3cuamdjbGFzc2ljcy5jb21cL3dwLWNvbnRlbnRcL3VwbG9hZHNcLzIwMjNcLzA1XC8yMDIzMDUwNl8yMDAzNTktc2NhbGVkLmpwZyIsInNsaWRlc2hvdyI6IjYyMzJkZmYifQ%3D%3D\">\n\t\t\t\t\t<div class=\"e-gallery-image elementor-gallery-item__image\" data-thumbnail=\"https:\/\/www.jgclassics.com\/wp-content\/uploads\/2023\/05\/20230506_200359-300x135.jpg\" data-width=\"300\" data-height=\"135\" aria-label=\"\" role=\"img\" ><\/div>\n\t\t\t\t\t\t\t\t\t\t\t<div class=\"elementor-gallery-item__overlay\"><\/div>\n\t\t\t\t\t\t\t\t\t\t\t\t\t\t<\/a>\n\t\t\t\t\t\t\t<a class=\"e-gallery-item elementor-gallery-item elementor-animated-content\" data-e-gallery-tags=\"1\" href=\"https:\/\/www.jgclassics.com\/wp-content\/uploads\/2023\/05\/20230506_200021-scaled.jpg\" data-elementor-open-lightbox=\"yes\" data-elementor-lightbox-slideshow=\"6232dff\" data-elementor-lightbox-title=\"BMW 323i E21 Barcelona\" data-elementor-lightbox-description=\"BMW 323i E21 Barcelona Maresme JG Classics. Disponible para alquiler, fotos, filmaciones, metrajes. BMW 323i E21 Barcelona\" data-e-action-hash=\"#elementor-action%3Aaction%3Dlightbox%26settings%3DeyJpZCI6MTM3NjgsInVybCI6Imh0dHBzOlwvXC93d3cuamdjbGFzc2ljcy5jb21cL3dwLWNvbnRlbnRcL3VwbG9hZHNcLzIwMjNcLzA1XC8yMDIzMDUwNl8yMDAwMjEtc2NhbGVkLmpwZyIsInNsaWRlc2hvdyI6IjYyMzJkZmYifQ%3D%3D\">\n\t\t\t\t\t<div class=\"e-gallery-image elementor-gallery-item__image\" data-thumbnail=\"https:\/\/www.jgclassics.com\/wp-content\/uploads\/2023\/05\/20230506_200021-169x300.jpg\" data-width=\"169\" data-height=\"300\" aria-label=\"\" role=\"img\" ><\/div>\n\t\t\t\t\t\t\t\t\t\t\t<div class=\"elementor-gallery-item__overlay\"><\/div>\n\t\t\t\t\t\t\t\t\t\t\t\t\t\t<\/a>\n\t\t\t\t\t\t\t<a class=\"e-gallery-item elementor-gallery-item elementor-animated-content\" data-e-gallery-tags=\"1\" href=\"https:\/\/www.jgclassics.com\/wp-content\/uploads\/2023\/05\/20230506_200535-scaled.jpg\" data-elementor-open-lightbox=\"yes\" data-elementor-lightbox-slideshow=\"6232dff\" data-elementor-lightbox-title=\"20230506_200535\" data-elementor-lightbox-description=\"BMW 323i E21 Barcelona Maresme JG Classics. Disponible para alquiler, fotos, filmaciones, metrajes. BMW 323i E21 Barcelona\" data-e-action-hash=\"#elementor-action%3Aaction%3Dlightbox%26settings%3DeyJpZCI6MTM4MTMsInVybCI6Imh0dHBzOlwvXC93d3cuamdjbGFzc2ljcy5jb21cL3dwLWNvbnRlbnRcL3VwbG9hZHNcLzIwMjNcLzA1XC8yMDIzMDUwNl8yMDA1MzUtc2NhbGVkLmpwZyIsInNsaWRlc2hvdyI6IjYyMzJkZmYifQ%3D%3D\">\n\t\t\t\t\t<div class=\"e-gallery-image elementor-gallery-item__image\" data-thumbnail=\"https:\/\/www.jgclassics.com\/wp-content\/uploads\/2023\/05\/20230506_200535-300x135.jpg\" data-width=\"300\" data-height=\"135\" aria-label=\"\" role=\"img\" ><\/div>\n\t\t\t\t\t\t\t\t\t\t\t<div class=\"elementor-gallery-item__overlay\"><\/div>\n\t\t\t\t\t\t\t\t\t\t\t\t\t\t<\/a>\n\t\t\t\t\t\t\t<a class=\"e-gallery-item elementor-gallery-item elementor-animated-content\" data-e-gallery-tags=\"1\" href=\"https:\/\/www.jgclassics.com\/wp-content\/uploads\/2023\/05\/20230506_200456-scaled.jpg\" data-elementor-open-lightbox=\"yes\" data-elementor-lightbox-slideshow=\"6232dff\" data-elementor-lightbox-title=\"BMW 323i E21 Barcelona\" data-elementor-lightbox-description=\"BMW 323i E21 Barcelona Maresme JG Classics. Disponible para alquiler, fotos, filmaciones, metrajes. BMW 323i E21 Barcelona\" data-e-action-hash=\"#elementor-action%3Aaction%3Dlightbox%26settings%3DeyJpZCI6MTM4MDcsInVybCI6Imh0dHBzOlwvXC93d3cuamdjbGFzc2ljcy5jb21cL3dwLWNvbnRlbnRcL3VwbG9hZHNcLzIwMjNcLzA1XC8yMDIzMDUwNl8yMDA0NTYtc2NhbGVkLmpwZyIsInNsaWRlc2hvdyI6IjYyMzJkZmYifQ%3D%3D\">\n\t\t\t\t\t<div class=\"e-gallery-image elementor-gallery-item__image\" data-thumbnail=\"https:\/\/www.jgclassics.com\/wp-content\/uploads\/2023\/05\/20230506_200456-300x135.jpg\" data-width=\"300\" data-height=\"135\" aria-label=\"\" role=\"img\" ><\/div>\n\t\t\t\t\t\t\t\t\t\t\t<div class=\"elementor-gallery-item__overlay\"><\/div>\n\t\t\t\t\t\t\t\t\t\t\t\t\t\t<\/a>\n\t\t\t\t\t\t\t<a class=\"e-gallery-item elementor-gallery-item elementor-animated-content\" data-e-gallery-tags=\"1\" href=\"https:\/\/www.jgclassics.com\/wp-content\/uploads\/2023\/05\/20230506_200451-scaled.jpg\" data-elementor-open-lightbox=\"yes\" data-elementor-lightbox-slideshow=\"6232dff\" data-elementor-lightbox-title=\"BMW 323i E21 Barcelona\" data-elementor-lightbox-description=\"BMW 323i E21 Barcelona Maresme JG Classics. Disponible para alquiler, fotos, filmaciones, metrajes. BMW 323i E21 Barcelona\" data-e-action-hash=\"#elementor-action%3Aaction%3Dlightbox%26settings%3DeyJpZCI6MTM4MDQsInVybCI6Imh0dHBzOlwvXC93d3cuamdjbGFzc2ljcy5jb21cL3dwLWNvbnRlbnRcL3VwbG9hZHNcLzIwMjNcLzA1XC8yMDIzMDUwNl8yMDA0NTEtc2NhbGVkLmpwZyIsInNsaWRlc2hvdyI6IjYyMzJkZmYifQ%3D%3D\">\n\t\t\t\t\t<div class=\"e-gallery-image elementor-gallery-item__image\" data-thumbnail=\"https:\/\/www.jgclassics.com\/wp-content\/uploads\/2023\/05\/20230506_200451-300x135.jpg\" data-width=\"300\" data-height=\"135\" aria-label=\"\" role=\"img\" ><\/div>\n\t\t\t\t\t\t\t\t\t\t\t<div class=\"elementor-gallery-item__overlay\"><\/div>\n\t\t\t\t\t\t\t\t\t\t\t\t\t\t<\/a>\n\t\t\t\t\t\t\t<a class=\"e-gallery-item elementor-gallery-item elementor-animated-content\" data-e-gallery-tags=\"1\" href=\"https:\/\/www.jgclassics.com\/wp-content\/uploads\/2023\/05\/20230506_200435-scaled.jpg\" data-elementor-open-lightbox=\"yes\" data-elementor-lightbox-slideshow=\"6232dff\" data-elementor-lightbox-title=\"BMW 323i E21 Barcelona\" data-elementor-lightbox-description=\"BMW 323i E21 Barcelona Maresme JG Classics. Disponible para alquiler, fotos, filmaciones, metrajes. BMW 323i E21 Barcelona\" data-e-action-hash=\"#elementor-action%3Aaction%3Dlightbox%26settings%3DeyJpZCI6MTM4MDEsInVybCI6Imh0dHBzOlwvXC93d3cuamdjbGFzc2ljcy5jb21cL3dwLWNvbnRlbnRcL3VwbG9hZHNcLzIwMjNcLzA1XC8yMDIzMDUwNl8yMDA0MzUtc2NhbGVkLmpwZyIsInNsaWRlc2hvdyI6IjYyMzJkZmYifQ%3D%3D\">\n\t\t\t\t\t<div class=\"e-gallery-image elementor-gallery-item__image\" data-thumbnail=\"https:\/\/www.jgclassics.com\/wp-content\/uploads\/2023\/05\/20230506_200435-300x135.jpg\" data-width=\"300\" data-height=\"135\" aria-label=\"\" role=\"img\" ><\/div>\n\t\t\t\t\t\t\t\t\t\t\t<div class=\"elementor-gallery-item__overlay\"><\/div>\n\t\t\t\t\t\t\t\t\t\t\t\t\t\t<\/a>\n\t\t\t\t\t\t\t<a class=\"e-gallery-item elementor-gallery-item elementor-animated-content\" data-e-gallery-tags=\"1\" href=\"https:\/\/www.jgclassics.com\/wp-content\/uploads\/2023\/05\/20230506_200419-scaled.jpg\" data-elementor-open-lightbox=\"yes\" data-elementor-lightbox-slideshow=\"6232dff\" data-elementor-lightbox-title=\"BMW 323i E21 Barcelona\" data-elementor-lightbox-description=\"BMW 323i E21 Barcelona Maresme JG Classics. Disponible para alquiler, fotos, filmaciones, metrajes. BMW 323i E21 Barcelona\" data-e-action-hash=\"#elementor-action%3Aaction%3Dlightbox%26settings%3DeyJpZCI6MTM3OTgsInVybCI6Imh0dHBzOlwvXC93d3cuamdjbGFzc2ljcy5jb21cL3dwLWNvbnRlbnRcL3VwbG9hZHNcLzIwMjNcLzA1XC8yMDIzMDUwNl8yMDA0MTktc2NhbGVkLmpwZyIsInNsaWRlc2hvdyI6IjYyMzJkZmYifQ%3D%3D\">\n\t\t\t\t\t<div class=\"e-gallery-image elementor-gallery-item__image\" data-thumbnail=\"https:\/\/www.jgclassics.com\/wp-content\/uploads\/2023\/05\/20230506_200419-300x135.jpg\" data-width=\"300\" data-height=\"135\" aria-label=\"\" role=\"img\" ><\/div>\n\t\t\t\t\t\t\t\t\t\t\t<div class=\"elementor-gallery-item__overlay\"><\/div>\n\t\t\t\t\t\t\t\t\t\t\t\t\t\t<\/a>\n\t\t\t\t\t\t\t<a class=\"e-gallery-item elementor-gallery-item elementor-animated-content\" data-e-gallery-tags=\"1\" href=\"https:\/\/www.jgclassics.com\/wp-content\/uploads\/2023\/05\/20230506_200242-scaled.jpg\" data-elementor-open-lightbox=\"yes\" data-elementor-lightbox-slideshow=\"6232dff\" data-elementor-lightbox-title=\"BMW 323i E21 Barcelona\" data-elementor-lightbox-description=\"BMW 323i E21 Barcelona Maresme JG Classics. Disponible para alquiler, fotos, filmaciones, metrajes. BMW 323i E21 Barcelona\" data-e-action-hash=\"#elementor-action%3Aaction%3Dlightbox%26settings%3DeyJpZCI6MTM3OTIsInVybCI6Imh0dHBzOlwvXC93d3cuamdjbGFzc2ljcy5jb21cL3dwLWNvbnRlbnRcL3VwbG9hZHNcLzIwMjNcLzA1XC8yMDIzMDUwNl8yMDAyNDItc2NhbGVkLmpwZyIsInNsaWRlc2hvdyI6IjYyMzJkZmYifQ%3D%3D\">\n\t\t\t\t\t<div class=\"e-gallery-image elementor-gallery-item__image\" data-thumbnail=\"https:\/\/www.jgclassics.com\/wp-content\/uploads\/2023\/05\/20230506_200242-300x169.jpg\" data-width=\"300\" data-height=\"169\" aria-label=\"\" role=\"img\" ><\/div>\n\t\t\t\t\t\t\t\t\t\t\t<div class=\"elementor-gallery-item__overlay\"><\/div>\n\t\t\t\t\t\t\t\t\t\t\t\t\t\t<\/a>\n\t\t\t\t\t\t\t<a class=\"e-gallery-item elementor-gallery-item elementor-animated-content\" data-e-gallery-tags=\"1\" href=\"https:\/\/www.jgclassics.com\/wp-content\/uploads\/2023\/05\/20230506_200212-scaled.jpg\" data-elementor-open-lightbox=\"yes\" data-elementor-lightbox-slideshow=\"6232dff\" data-elementor-lightbox-title=\"BMW 323i E21 Barcelona\" data-elementor-lightbox-description=\"BMW 323i E21 Barcelona Maresme JG Classics. Disponible para alquiler, fotos, filmaciones, metrajes. BMW 323i E21 Barcelona\" data-e-action-hash=\"#elementor-action%3Aaction%3Dlightbox%26settings%3DeyJpZCI6MTM3ODksInVybCI6Imh0dHBzOlwvXC93d3cuamdjbGFzc2ljcy5jb21cL3dwLWNvbnRlbnRcL3VwbG9hZHNcLzIwMjNcLzA1XC8yMDIzMDUwNl8yMDAyMTItc2NhbGVkLmpwZyIsInNsaWRlc2hvdyI6IjYyMzJkZmYifQ%3D%3D\">\n\t\t\t\t\t<div class=\"e-gallery-image elementor-gallery-item__image\" data-thumbnail=\"https:\/\/www.jgclassics.com\/wp-content\/uploads\/2023\/05\/20230506_200212-300x169.jpg\" data-width=\"300\" data-height=\"169\" aria-label=\"\" role=\"img\" ><\/div>\n\t\t\t\t\t\t\t\t\t\t\t<div class=\"elementor-gallery-item__overlay\"><\/div>\n\t\t\t\t\t\t\t\t\t\t\t\t\t\t<\/a>\n\t\t\t\t\t\t\t<a class=\"e-gallery-item elementor-gallery-item elementor-animated-content\" data-e-gallery-tags=\"1\" href=\"https:\/\/www.jgclassics.com\/wp-content\/uploads\/2023\/05\/20230506_200521-scaled.jpg\" data-elementor-open-lightbox=\"yes\" data-elementor-lightbox-slideshow=\"6232dff\" data-elementor-lightbox-title=\"BMW 323i E21 Barcelona\" data-elementor-lightbox-description=\"BMW 323i E21 Barcelona Maresme JG Classics. Disponible para alquiler, fotos, filmaciones, metrajes. BMW 323i E21 Barcelona\" data-e-action-hash=\"#elementor-action%3Aaction%3Dlightbox%26settings%3DeyJpZCI6MTM4MTAsInVybCI6Imh0dHBzOlwvXC93d3cuamdjbGFzc2ljcy5jb21cL3dwLWNvbnRlbnRcL3VwbG9hZHNcLzIwMjNcLzA1XC8yMDIzMDUwNl8yMDA1MjEtc2NhbGVkLmpwZyIsInNsaWRlc2hvdyI6IjYyMzJkZmYifQ%3D%3D\">\n\t\t\t\t\t<div class=\"e-gallery-image elementor-gallery-item__image\" data-thumbnail=\"https:\/\/www.jgclassics.com\/wp-content\/uploads\/2023\/05\/20230506_200521-300x135.jpg\" data-width=\"300\" data-height=\"135\" aria-label=\"\" role=\"img\" ><\/div>\n\t\t\t\t\t\t\t\t\t\t\t<div class=\"elementor-gallery-item__overlay\"><\/div>\n\t\t\t\t\t\t\t\t\t\t\t\t\t\t<\/a>\n\t\t\t\t\t\t\t<a class=\"e-gallery-item elementor-gallery-item elementor-animated-content\" data-e-gallery-tags=\"1\" href=\"https:\/\/www.jgclassics.com\/wp-content\/uploads\/2023\/05\/20230506_200544-scaled.jpg\" data-elementor-open-lightbox=\"yes\" data-elementor-lightbox-slideshow=\"6232dff\" data-elementor-lightbox-title=\"BMW 323i E21 Barcelona\" data-elementor-lightbox-description=\"BMW 323i E21 Barcelona Maresme JG Classics. Disponible para alquiler, fotos, filmaciones, metrajes. BMW 323i E21 Barcelona\" data-e-action-hash=\"#elementor-action%3Aaction%3Dlightbox%26settings%3DeyJpZCI6MTM4MTYsInVybCI6Imh0dHBzOlwvXC93d3cuamdjbGFzc2ljcy5jb21cL3dwLWNvbnRlbnRcL3VwbG9hZHNcLzIwMjNcLzA1XC8yMDIzMDUwNl8yMDA1NDQtc2NhbGVkLmpwZyIsInNsaWRlc2hvdyI6IjYyMzJkZmYifQ%3D%3D\">\n\t\t\t\t\t<div class=\"e-gallery-image elementor-gallery-item__image\" data-thumbnail=\"https:\/\/www.jgclassics.com\/wp-content\/uploads\/2023\/05\/20230506_200544-135x300.jpg\" data-width=\"135\" data-height=\"300\" aria-label=\"\" role=\"img\" ><\/div>\n\t\t\t\t\t\t\t\t\t\t\t<div class=\"elementor-gallery-item__overlay\"><\/div>\n\t\t\t\t\t\t\t\t\t\t\t\t\t\t<\/a>\n\t\t\t\t\t\t\t<a class=\"e-gallery-item elementor-gallery-item elementor-animated-content\" data-e-gallery-tags=\"1\" href=\"https:\/\/www.jgclassics.com\/wp-content\/uploads\/2023\/05\/20230506_202013-scaled.jpg\" data-elementor-open-lightbox=\"yes\" data-elementor-lightbox-slideshow=\"6232dff\" data-elementor-lightbox-title=\"BMW 323i E21 Barcelona\" data-elementor-lightbox-description=\"BMW 323i E21 Barcelona Maresme JG Classics. Disponible para alquiler, fotos, filmaciones, metrajes. BMW 323i E21 Barcelona\" data-e-action-hash=\"#elementor-action%3Aaction%3Dlightbox%26settings%3DeyJpZCI6MTM4NjcsInVybCI6Imh0dHBzOlwvXC93d3cuamdjbGFzc2ljcy5jb21cL3dwLWNvbnRlbnRcL3VwbG9hZHNcLzIwMjNcLzA1XC8yMDIzMDUwNl8yMDIwMTMtc2NhbGVkLmpwZyIsInNsaWRlc2hvdyI6IjYyMzJkZmYifQ%3D%3D\">\n\t\t\t\t\t<div class=\"e-gallery-image elementor-gallery-item__image\" data-thumbnail=\"https:\/\/www.jgclassics.com\/wp-content\/uploads\/2023\/05\/20230506_202013-300x169.jpg\" data-width=\"300\" data-height=\"169\" aria-label=\"\" role=\"img\" ><\/div>\n\t\t\t\t\t\t\t\t\t\t\t<div class=\"elementor-gallery-item__overlay\"><\/div>\n\t\t\t\t\t\t\t\t\t\t\t\t\t\t<\/a>\n\t\t\t\t\t\t\t<a class=\"e-gallery-item elementor-gallery-item elementor-animated-content\" data-e-gallery-tags=\"1\" href=\"https:\/\/www.jgclassics.com\/wp-content\/uploads\/2023\/05\/20230506_202021-scaled.jpg\" data-elementor-open-lightbox=\"yes\" data-elementor-lightbox-slideshow=\"6232dff\" data-elementor-lightbox-title=\"BMW 323i E21 Barcelona\" data-elementor-lightbox-description=\"BMW 323i E21 Barcelona Maresme JG Classics. Disponible para alquiler, fotos, filmaciones, metrajes. BMW 323i E21 Barcelona\" data-e-action-hash=\"#elementor-action%3Aaction%3Dlightbox%26settings%3DeyJpZCI6MTM4NzAsInVybCI6Imh0dHBzOlwvXC93d3cuamdjbGFzc2ljcy5jb21cL3dwLWNvbnRlbnRcL3VwbG9hZHNcLzIwMjNcLzA1XC8yMDIzMDUwNl8yMDIwMjEtc2NhbGVkLmpwZyIsInNsaWRlc2hvdyI6IjYyMzJkZmYifQ%3D%3D\">\n\t\t\t\t\t<div class=\"e-gallery-image elementor-gallery-item__image\" data-thumbnail=\"https:\/\/www.jgclassics.com\/wp-content\/uploads\/2023\/05\/20230506_202021-300x169.jpg\" data-width=\"300\" data-height=\"169\" aria-label=\"\" role=\"img\" ><\/div>\n\t\t\t\t\t\t\t\t\t\t\t<div class=\"elementor-gallery-item__overlay\"><\/div>\n\t\t\t\t\t\t\t\t\t\t\t\t\t\t<\/a>\n\t\t\t\t\t\t\t<a class=\"e-gallery-item elementor-gallery-item elementor-animated-content\" data-e-gallery-tags=\"1\" href=\"https:\/\/www.jgclassics.com\/wp-content\/uploads\/2023\/05\/20230506_203029-scaled.jpg\" data-elementor-open-lightbox=\"yes\" data-elementor-lightbox-slideshow=\"6232dff\" data-elementor-lightbox-title=\"BMW 323i E21 Barcelona\" data-elementor-lightbox-description=\"BMW 323i E21 Barcelona Maresme JG Classics. Disponible para alquiler, fotos, filmaciones, metrajes. BMW 323i E21 Barcelona\" data-e-action-hash=\"#elementor-action%3Aaction%3Dlightbox%26settings%3DeyJpZCI6MTM5MDYsInVybCI6Imh0dHBzOlwvXC93d3cuamdjbGFzc2ljcy5jb21cL3dwLWNvbnRlbnRcL3VwbG9hZHNcLzIwMjNcLzA1XC8yMDIzMDUwNl8yMDMwMjktc2NhbGVkLmpwZyIsInNsaWRlc2hvdyI6IjYyMzJkZmYifQ%3D%3D\">\n\t\t\t\t\t<div class=\"e-gallery-image elementor-gallery-item__image\" data-thumbnail=\"https:\/\/www.jgclassics.com\/wp-content\/uploads\/2023\/05\/20230506_203029-300x169.jpg\" data-width=\"300\" data-height=\"169\" aria-label=\"\" role=\"img\" ><\/div>\n\t\t\t\t\t\t\t\t\t\t\t<div class=\"elementor-gallery-item__overlay\"><\/div>\n\t\t\t\t\t\t\t\t\t\t\t\t\t\t<\/a>\n\t\t\t\t\t\t\t<a class=\"e-gallery-item elementor-gallery-item elementor-animated-content\" data-e-gallery-tags=\"1\" href=\"https:\/\/www.jgclassics.com\/wp-content\/uploads\/2023\/05\/20230506_203010-scaled.jpg\" data-elementor-open-lightbox=\"yes\" data-elementor-lightbox-slideshow=\"6232dff\" data-elementor-lightbox-title=\"BMW 323i E21 Barcelona - Alpina decoration\" data-elementor-lightbox-description=\"BMW 323i E21 Barcelona - Alpina decoration\" data-e-action-hash=\"#elementor-action%3Aaction%3Dlightbox%26settings%3DeyJpZCI6MTM5MDMsInVybCI6Imh0dHBzOlwvXC93d3cuamdjbGFzc2ljcy5jb21cL3dwLWNvbnRlbnRcL3VwbG9hZHNcLzIwMjNcLzA1XC8yMDIzMDUwNl8yMDMwMTAtc2NhbGVkLmpwZyIsInNsaWRlc2hvdyI6IjYyMzJkZmYifQ%3D%3D\">\n\t\t\t\t\t<div class=\"e-gallery-image elementor-gallery-item__image\" data-thumbnail=\"https:\/\/www.jgclassics.com\/wp-content\/uploads\/2023\/05\/20230506_203010-300x169.jpg\" data-width=\"300\" data-height=\"169\" aria-label=\"BMW 323i E21 Barcelona - Alpina decoration\" role=\"img\" ><\/div>\n\t\t\t\t\t\t\t\t\t\t\t<div class=\"elementor-gallery-item__overlay\"><\/div>\n\t\t\t\t\t\t\t\t\t\t\t\t\t\t<\/a>\n\t\t\t\t\t\t\t<a class=\"e-gallery-item elementor-gallery-item elementor-animated-content\" data-e-gallery-tags=\"1\" href=\"https:\/\/www.jgclassics.com\/wp-content\/uploads\/2023\/05\/20230508_132049-scaled.jpg\" data-elementor-open-lightbox=\"yes\" data-elementor-lightbox-slideshow=\"6232dff\" data-elementor-lightbox-title=\"BMW 323i E21 Barcelona\" data-elementor-lightbox-description=\"BMW 323i E21 Barcelona Maresme JG Classics. Disponible para alquiler, fotos, filmaciones, metrajes. BMW 323i E21 Barcelona\" data-e-action-hash=\"#elementor-action%3Aaction%3Dlightbox%26settings%3DeyJpZCI6MTQwNzQsInVybCI6Imh0dHBzOlwvXC93d3cuamdjbGFzc2ljcy5jb21cL3dwLWNvbnRlbnRcL3VwbG9hZHNcLzIwMjNcLzA1XC8yMDIzMDUwOF8xMzIwNDktc2NhbGVkLmpwZyIsInNsaWRlc2hvdyI6IjYyMzJkZmYifQ%3D%3D\">\n\t\t\t\t\t<div class=\"e-gallery-image elementor-gallery-item__image\" data-thumbnail=\"https:\/\/www.jgclassics.com\/wp-content\/uploads\/2023\/05\/20230508_132049-300x169.jpg\" data-width=\"300\" data-height=\"169\" aria-label=\"\" role=\"img\" ><\/div>\n\t\t\t\t\t\t\t\t\t\t\t<div class=\"elementor-gallery-item__overlay\"><\/div>\n\t\t\t\t\t\t\t\t\t\t\t\t\t\t<\/a>\n\t\t\t\t\t\t\t<a class=\"e-gallery-item elementor-gallery-item elementor-animated-content\" data-e-gallery-tags=\"1\" href=\"https:\/\/www.jgclassics.com\/wp-content\/uploads\/2023\/05\/20230508_132018-scaled.jpg\" data-elementor-open-lightbox=\"yes\" data-elementor-lightbox-slideshow=\"6232dff\" data-elementor-lightbox-title=\"BMW 323i E21 Barcelona\" data-elementor-lightbox-description=\"BMW 323i E21 Barcelona Maresme JG Classics. Disponible para alquiler, fotos, filmaciones, metrajes. BMW 323i E21 Barcelona\" data-e-action-hash=\"#elementor-action%3Aaction%3Dlightbox%26settings%3DeyJpZCI6MTQwNjgsInVybCI6Imh0dHBzOlwvXC93d3cuamdjbGFzc2ljcy5jb21cL3dwLWNvbnRlbnRcL3VwbG9hZHNcLzIwMjNcLzA1XC8yMDIzMDUwOF8xMzIwMTgtc2NhbGVkLmpwZyIsInNsaWRlc2hvdyI6IjYyMzJkZmYifQ%3D%3D\">\n\t\t\t\t\t<div class=\"e-gallery-image elementor-gallery-item__image\" data-thumbnail=\"https:\/\/www.jgclassics.com\/wp-content\/uploads\/2023\/05\/20230508_132018-300x169.jpg\" data-width=\"300\" data-height=\"169\" aria-label=\"\" role=\"img\" ><\/div>\n\t\t\t\t\t\t\t\t\t\t\t<div class=\"elementor-gallery-item__overlay\"><\/div>\n\t\t\t\t\t\t\t\t\t\t\t\t\t\t<\/a>\n\t\t\t\t\t\t\t<a class=\"e-gallery-item elementor-gallery-item elementor-animated-content\" data-e-gallery-tags=\"1\" href=\"https:\/\/www.jgclassics.com\/wp-content\/uploads\/2023\/05\/20230508_132122-scaled.jpg\" data-elementor-open-lightbox=\"yes\" data-elementor-lightbox-slideshow=\"6232dff\" data-elementor-lightbox-title=\"BMW 323i E21 Barcelona\" data-elementor-lightbox-description=\"BMW 323i E21 Barcelona Maresme JG Classics. Disponible para alquiler, fotos, filmaciones, metrajes. BMW 323i E21 Barcelona\" data-e-action-hash=\"#elementor-action%3Aaction%3Dlightbox%26settings%3DeyJpZCI6MTM5MTgsInVybCI6Imh0dHBzOlwvXC93d3cuamdjbGFzc2ljcy5jb21cL3dwLWNvbnRlbnRcL3VwbG9hZHNcLzIwMjNcLzA1XC8yMDIzMDUwOF8xMzIxMjItc2NhbGVkLmpwZyIsInNsaWRlc2hvdyI6IjYyMzJkZmYifQ%3D%3D\">\n\t\t\t\t\t<div class=\"e-gallery-image elementor-gallery-item__image\" data-thumbnail=\"https:\/\/www.jgclassics.com\/wp-content\/uploads\/2023\/05\/20230508_132122-300x169.jpg\" data-width=\"300\" data-height=\"169\" aria-label=\"\" role=\"img\" ><\/div>\n\t\t\t\t\t\t\t\t\t\t\t<div class=\"elementor-gallery-item__overlay\"><\/div>\n\t\t\t\t\t\t\t\t\t\t\t\t\t\t<\/a>\n\t\t\t\t\t\t\t<a class=\"e-gallery-item elementor-gallery-item elementor-animated-content\" data-e-gallery-tags=\"2\" href=\"https:\/\/www.jgclassics.com\/wp-content\/uploads\/2023\/04\/20190425_104958-1-scaled.jpg\" data-elementor-open-lightbox=\"yes\" data-elementor-lightbox-slideshow=\"6232dff\" data-elementor-lightbox-title=\"BMW 323i E21 - Steering wheel and frame\" data-elementor-lightbox-description=\"BMW 323i E21 - Steering wheel and frame. Driver position\" data-e-action-hash=\"#elementor-action%3Aaction%3Dlightbox%26settings%3DeyJpZCI6MTM2OTAsInVybCI6Imh0dHBzOlwvXC93d3cuamdjbGFzc2ljcy5jb21cL3dwLWNvbnRlbnRcL3VwbG9hZHNcLzIwMjNcLzA0XC8yMDE5MDQyNV8xMDQ5NTgtMS1zY2FsZWQuanBnIiwic2xpZGVzaG93IjoiNjIzMmRmZiJ9\">\n\t\t\t\t\t<div class=\"e-gallery-image elementor-gallery-item__image\" data-thumbnail=\"https:\/\/www.jgclassics.com\/wp-content\/uploads\/2023\/04\/20190425_104958-1-300x225.jpg\" data-width=\"300\" data-height=\"225\" aria-label=\"BMW 323i E21 - Steering wheel and frame\" role=\"img\" ><\/div>\n\t\t\t\t\t\t\t\t\t\t\t<div class=\"elementor-gallery-item__overlay\"><\/div>\n\t\t\t\t\t\t\t\t\t\t\t\t\t\t<\/a>\n\t\t\t\t\t\t\t<a class=\"e-gallery-item elementor-gallery-item elementor-animated-content\" data-e-gallery-tags=\"2\" href=\"https:\/\/www.jgclassics.com\/wp-content\/uploads\/2023\/05\/20230506_203417-scaled.jpg\" data-elementor-open-lightbox=\"yes\" data-elementor-lightbox-slideshow=\"6232dff\" data-elementor-lightbox-title=\"Altavoz tweeter JBL integrado en puerta\" data-elementor-lightbox-description=\"BMW 323i E21 Barcelona Maresme JG Classics. Disponible para alquiler, fotos, filmaciones, metrajes. BMW 323i E21 Barcelona\" data-e-action-hash=\"#elementor-action%3Aaction%3Dlightbox%26settings%3DeyJpZCI6MTM3MjAsInVybCI6Imh0dHBzOlwvXC93d3cuamdjbGFzc2ljcy5jb21cL3dwLWNvbnRlbnRcL3VwbG9hZHNcLzIwMjNcLzA1XC8yMDIzMDUwNl8yMDM0MTctc2NhbGVkLmpwZyIsInNsaWRlc2hvdyI6IjYyMzJkZmYifQ%3D%3D\">\n\t\t\t\t\t<div class=\"e-gallery-image elementor-gallery-item__image\" data-thumbnail=\"https:\/\/www.jgclassics.com\/wp-content\/uploads\/2023\/05\/20230506_203417-300x169.jpg\" data-width=\"300\" data-height=\"169\" aria-label=\"\" role=\"img\" ><\/div>\n\t\t\t\t\t\t\t\t\t\t\t<div class=\"elementor-gallery-item__overlay\"><\/div>\n\t\t\t\t\t\t\t\t\t\t\t\t\t\t<\/a>\n\t\t\t\t\t\t\t<a class=\"e-gallery-item elementor-gallery-item elementor-animated-content\" data-e-gallery-tags=\"2\" href=\"https:\/\/www.jgclassics.com\/wp-content\/uploads\/2023\/05\/20230506_203411-scaled.jpg\" data-elementor-open-lightbox=\"yes\" data-elementor-lightbox-slideshow=\"6232dff\" data-elementor-lightbox-title=\"20230506_203411\" data-elementor-lightbox-description=\"BMW 323i E21 Barcelona Maresme JG Classics. Disponible para alquiler, fotos, filmaciones, metrajes. BMW 323i E21 Barcelona\" data-e-action-hash=\"#elementor-action%3Aaction%3Dlightbox%26settings%3DeyJpZCI6MTM3MTcsInVybCI6Imh0dHBzOlwvXC93d3cuamdjbGFzc2ljcy5jb21cL3dwLWNvbnRlbnRcL3VwbG9hZHNcLzIwMjNcLzA1XC8yMDIzMDUwNl8yMDM0MTEtc2NhbGVkLmpwZyIsInNsaWRlc2hvdyI6IjYyMzJkZmYifQ%3D%3D\">\n\t\t\t\t\t<div class=\"e-gallery-image elementor-gallery-item__image\" data-thumbnail=\"https:\/\/www.jgclassics.com\/wp-content\/uploads\/2023\/05\/20230506_203411-300x169.jpg\" data-width=\"300\" data-height=\"169\" aria-label=\"\" role=\"img\" ><\/div>\n\t\t\t\t\t\t\t\t\t\t\t<div class=\"elementor-gallery-item__overlay\"><\/div>\n\t\t\t\t\t\t\t\t\t\t\t\t\t\t<\/a>\n\t\t\t\t\t\t\t<a class=\"e-gallery-item elementor-gallery-item elementor-animated-content\" data-e-gallery-tags=\"2\" href=\"https:\/\/www.jgclassics.com\/wp-content\/uploads\/2023\/05\/20230506_203406-scaled.jpg\" data-elementor-open-lightbox=\"yes\" data-elementor-lightbox-slideshow=\"6232dff\" data-elementor-lightbox-title=\"20230506_203406\" data-elementor-lightbox-description=\"BMW 323i E21 Barcelona Maresme JG Classics. Disponible para alquiler, fotos, filmaciones, metrajes. BMW 323i E21 Barcelona\" data-e-action-hash=\"#elementor-action%3Aaction%3Dlightbox%26settings%3DeyJpZCI6MTM3MTQsInVybCI6Imh0dHBzOlwvXC93d3cuamdjbGFzc2ljcy5jb21cL3dwLWNvbnRlbnRcL3VwbG9hZHNcLzIwMjNcLzA1XC8yMDIzMDUwNl8yMDM0MDYtc2NhbGVkLmpwZyIsInNsaWRlc2hvdyI6IjYyMzJkZmYifQ%3D%3D\">\n\t\t\t\t\t<div class=\"e-gallery-image elementor-gallery-item__image\" data-thumbnail=\"https:\/\/www.jgclassics.com\/wp-content\/uploads\/2023\/05\/20230506_203406-300x169.jpg\" data-width=\"300\" data-height=\"169\" aria-label=\"\" role=\"img\" ><\/div>\n\t\t\t\t\t\t\t\t\t\t\t<div class=\"elementor-gallery-item__overlay\"><\/div>\n\t\t\t\t\t\t\t\t\t\t\t\t\t\t<\/a>\n\t\t\t\t\t\t\t<a class=\"e-gallery-item elementor-gallery-item elementor-animated-content\" data-e-gallery-tags=\"2\" href=\"https:\/\/www.jgclassics.com\/wp-content\/uploads\/2023\/05\/20230506_195754-scaled.jpg\" data-elementor-open-lightbox=\"yes\" data-elementor-lightbox-slideshow=\"6232dff\" data-elementor-lightbox-title=\"20230506_195754\" data-elementor-lightbox-description=\"BMW 323i E21 Barcelona Maresme JG Classics. Disponible para alquiler, fotos, filmaciones, metrajes. BMW 323i E21 Barcelona\" data-e-action-hash=\"#elementor-action%3Aaction%3Dlightbox%26settings%3DeyJpZCI6MTM3NDQsInVybCI6Imh0dHBzOlwvXC93d3cuamdjbGFzc2ljcy5jb21cL3dwLWNvbnRlbnRcL3VwbG9hZHNcLzIwMjNcLzA1XC8yMDIzMDUwNl8xOTU3NTQtc2NhbGVkLmpwZyIsInNsaWRlc2hvdyI6IjYyMzJkZmYifQ%3D%3D\">\n\t\t\t\t\t<div class=\"e-gallery-image elementor-gallery-item__image\" data-thumbnail=\"https:\/\/www.jgclassics.com\/wp-content\/uploads\/2023\/05\/20230506_195754-169x300.jpg\" data-width=\"169\" data-height=\"300\" aria-label=\"\" role=\"img\" ><\/div>\n\t\t\t\t\t\t\t\t\t\t\t<div class=\"elementor-gallery-item__overlay\"><\/div>\n\t\t\t\t\t\t\t\t\t\t\t\t\t\t<\/a>\n\t\t\t\t\t\t\t<a class=\"e-gallery-item elementor-gallery-item elementor-animated-content\" data-e-gallery-tags=\"2\" href=\"https:\/\/www.jgclassics.com\/wp-content\/uploads\/2023\/05\/20230506_195746-scaled.jpg\" data-elementor-open-lightbox=\"yes\" data-elementor-lightbox-slideshow=\"6232dff\" data-elementor-lightbox-title=\"20230506_195746\" data-elementor-lightbox-description=\"BMW 323i E21 Barcelona Maresme JG Classics. Disponible para alquiler, fotos, filmaciones, metrajes. BMW 323i E21 Barcelona\" data-e-action-hash=\"#elementor-action%3Aaction%3Dlightbox%26settings%3DeyJpZCI6MTM3NDEsInVybCI6Imh0dHBzOlwvXC93d3cuamdjbGFzc2ljcy5jb21cL3dwLWNvbnRlbnRcL3VwbG9hZHNcLzIwMjNcLzA1XC8yMDIzMDUwNl8xOTU3NDYtc2NhbGVkLmpwZyIsInNsaWRlc2hvdyI6IjYyMzJkZmYifQ%3D%3D\">\n\t\t\t\t\t<div class=\"e-gallery-image elementor-gallery-item__image\" data-thumbnail=\"https:\/\/www.jgclassics.com\/wp-content\/uploads\/2023\/05\/20230506_195746-300x169.jpg\" data-width=\"300\" data-height=\"169\" aria-label=\"\" role=\"img\" ><\/div>\n\t\t\t\t\t\t\t\t\t\t\t<div class=\"elementor-gallery-item__overlay\"><\/div>\n\t\t\t\t\t\t\t\t\t\t\t\t\t\t<\/a>\n\t\t\t\t\t\t\t<a class=\"e-gallery-item elementor-gallery-item elementor-animated-content\" data-e-gallery-tags=\"2\" href=\"https:\/\/www.jgclassics.com\/wp-content\/uploads\/2023\/05\/20230506_195735-scaled.jpg\" data-elementor-open-lightbox=\"yes\" data-elementor-lightbox-slideshow=\"6232dff\" data-elementor-lightbox-title=\"20230506_195735\" data-elementor-lightbox-description=\"BMW 323i E21 Barcelona Maresme JG Classics. Disponible para alquiler, fotos, filmaciones, metrajes. BMW 323i E21 Barcelona\" data-e-action-hash=\"#elementor-action%3Aaction%3Dlightbox%26settings%3DeyJpZCI6MTM3MzgsInVybCI6Imh0dHBzOlwvXC93d3cuamdjbGFzc2ljcy5jb21cL3dwLWNvbnRlbnRcL3VwbG9hZHNcLzIwMjNcLzA1XC8yMDIzMDUwNl8xOTU3MzUtc2NhbGVkLmpwZyIsInNsaWRlc2hvdyI6IjYyMzJkZmYifQ%3D%3D\">\n\t\t\t\t\t<div class=\"e-gallery-image elementor-gallery-item__image\" data-thumbnail=\"https:\/\/www.jgclassics.com\/wp-content\/uploads\/2023\/05\/20230506_195735-300x169.jpg\" data-width=\"300\" data-height=\"169\" aria-label=\"\" role=\"img\" ><\/div>\n\t\t\t\t\t\t\t\t\t\t\t<div class=\"elementor-gallery-item__overlay\"><\/div>\n\t\t\t\t\t\t\t\t\t\t\t\t\t\t<\/a>\n\t\t\t\t\t\t\t<a class=\"e-gallery-item elementor-gallery-item elementor-animated-content\" data-e-gallery-tags=\"2\" href=\"https:\/\/www.jgclassics.com\/wp-content\/uploads\/2023\/05\/20230506_195804-scaled.jpg\" data-elementor-open-lightbox=\"yes\" data-elementor-lightbox-slideshow=\"6232dff\" data-elementor-lightbox-title=\"BMW 323i E21 Barcelona\" data-elementor-lightbox-description=\"Detalle altavoz tweeter JBL integrado en panel puerta. BMW 323i E21 Barcelona Maresme JG Classics. Disponible para alquiler, fotos, filmaciones, metrajes. BMW 323i E21 Barcelona\" data-e-action-hash=\"#elementor-action%3Aaction%3Dlightbox%26settings%3DeyJpZCI6MTM3NDcsInVybCI6Imh0dHBzOlwvXC93d3cuamdjbGFzc2ljcy5jb21cL3dwLWNvbnRlbnRcL3VwbG9hZHNcLzIwMjNcLzA1XC8yMDIzMDUwNl8xOTU4MDQtc2NhbGVkLmpwZyIsInNsaWRlc2hvdyI6IjYyMzJkZmYifQ%3D%3D\">\n\t\t\t\t\t<div class=\"e-gallery-image elementor-gallery-item__image\" data-thumbnail=\"https:\/\/www.jgclassics.com\/wp-content\/uploads\/2023\/05\/20230506_195804-300x169.jpg\" data-width=\"300\" data-height=\"169\" aria-label=\"\" role=\"img\" ><\/div>\n\t\t\t\t\t\t\t\t\t\t\t<div class=\"elementor-gallery-item__overlay\"><\/div>\n\t\t\t\t\t\t\t\t\t\t\t\t\t\t<\/a>\n\t\t\t\t\t\t\t<a class=\"e-gallery-item elementor-gallery-item elementor-animated-content\" data-e-gallery-tags=\"2\" href=\"https:\/\/www.jgclassics.com\/wp-content\/uploads\/2023\/05\/20230506_195815-scaled.jpg\" data-elementor-open-lightbox=\"yes\" data-elementor-lightbox-slideshow=\"6232dff\" data-elementor-lightbox-title=\"BMW 323i E21 Barcelona\" data-elementor-lightbox-description=\"Detalle altavoz tweeter JBL integrado en panel puerta. BMW 323i E21 Barcelona Maresme JG Classics. Disponible para alquiler, fotos, filmaciones, metrajes. BMW 323i E21 Barcelona\" data-e-action-hash=\"#elementor-action%3Aaction%3Dlightbox%26settings%3DeyJpZCI6MTM3NTAsInVybCI6Imh0dHBzOlwvXC93d3cuamdjbGFzc2ljcy5jb21cL3dwLWNvbnRlbnRcL3VwbG9hZHNcLzIwMjNcLzA1XC8yMDIzMDUwNl8xOTU4MTUtc2NhbGVkLmpwZyIsInNsaWRlc2hvdyI6IjYyMzJkZmYifQ%3D%3D\">\n\t\t\t\t\t<div class=\"e-gallery-image elementor-gallery-item__image\" data-thumbnail=\"https:\/\/www.jgclassics.com\/wp-content\/uploads\/2023\/05\/20230506_195815-300x169.jpg\" data-width=\"300\" data-height=\"169\" aria-label=\"\" role=\"img\" ><\/div>\n\t\t\t\t\t\t\t\t\t\t\t<div class=\"elementor-gallery-item__overlay\"><\/div>\n\t\t\t\t\t\t\t\t\t\t\t\t\t\t<\/a>\n\t\t\t\t\t\t\t<a class=\"e-gallery-item elementor-gallery-item elementor-animated-content\" data-e-gallery-tags=\"2\" href=\"https:\/\/www.jgclassics.com\/wp-content\/uploads\/2023\/05\/20230506_200603-scaled.jpg\" data-elementor-open-lightbox=\"yes\" data-elementor-lightbox-slideshow=\"6232dff\" data-elementor-lightbox-title=\"BMW 323i E21 Barcelona\" data-elementor-lightbox-description=\"BMW 323i E21 Barcelona Maresme JG Classics. Disponible para alquiler, fotos, filmaciones, metrajes. BMW 323i E21 Barcelona\" data-e-action-hash=\"#elementor-action%3Aaction%3Dlightbox%26settings%3DeyJpZCI6MTM4MTksInVybCI6Imh0dHBzOlwvXC93d3cuamdjbGFzc2ljcy5jb21cL3dwLWNvbnRlbnRcL3VwbG9hZHNcLzIwMjNcLzA1XC8yMDIzMDUwNl8yMDA2MDMtc2NhbGVkLmpwZyIsInNsaWRlc2hvdyI6IjYyMzJkZmYifQ%3D%3D\">\n\t\t\t\t\t<div class=\"e-gallery-image elementor-gallery-item__image\" data-thumbnail=\"https:\/\/www.jgclassics.com\/wp-content\/uploads\/2023\/05\/20230506_200603-300x135.jpg\" data-width=\"300\" data-height=\"135\" aria-label=\"\" role=\"img\" ><\/div>\n\t\t\t\t\t\t\t\t\t\t\t<div class=\"elementor-gallery-item__overlay\"><\/div>\n\t\t\t\t\t\t\t\t\t\t\t\t\t\t<\/a>\n\t\t\t\t\t\t\t<a class=\"e-gallery-item elementor-gallery-item elementor-animated-content\" data-e-gallery-tags=\"2\" href=\"https:\/\/www.jgclassics.com\/wp-content\/uploads\/2023\/05\/20230506_200643-scaled.jpg\" data-elementor-open-lightbox=\"yes\" data-elementor-lightbox-slideshow=\"6232dff\" data-elementor-lightbox-title=\"BMW 323i E21 Barcelona\" data-elementor-lightbox-description=\"BMW 323i E21 Barcelona Maresme JG Classics. Disponible para alquiler, fotos, filmaciones, metrajes. BMW 323i E21 Barcelona\" data-e-action-hash=\"#elementor-action%3Aaction%3Dlightbox%26settings%3DeyJpZCI6MTM4MjIsInVybCI6Imh0dHBzOlwvXC93d3cuamdjbGFzc2ljcy5jb21cL3dwLWNvbnRlbnRcL3VwbG9hZHNcLzIwMjNcLzA1XC8yMDIzMDUwNl8yMDA2NDMtc2NhbGVkLmpwZyIsInNsaWRlc2hvdyI6IjYyMzJkZmYifQ%3D%3D\">\n\t\t\t\t\t<div class=\"e-gallery-image elementor-gallery-item__image\" data-thumbnail=\"https:\/\/www.jgclassics.com\/wp-content\/uploads\/2023\/05\/20230506_200643-169x300.jpg\" data-width=\"169\" data-height=\"300\" aria-label=\"\" role=\"img\" ><\/div>\n\t\t\t\t\t\t\t\t\t\t\t<div class=\"elementor-gallery-item__overlay\"><\/div>\n\t\t\t\t\t\t\t\t\t\t\t\t\t\t<\/a>\n\t\t\t\t\t\t\t<a class=\"e-gallery-item elementor-gallery-item elementor-animated-content\" data-e-gallery-tags=\"2\" href=\"https:\/\/www.jgclassics.com\/wp-content\/uploads\/2023\/05\/20230506_200656-scaled.jpg\" data-elementor-open-lightbox=\"yes\" data-elementor-lightbox-slideshow=\"6232dff\" data-elementor-lightbox-title=\"BMW 323i E21 Barcelona\" data-elementor-lightbox-description=\"BMW 323i E21 Barcelona Maresme JG Classics. Disponible para alquiler, fotos, filmaciones, metrajes. BMW 323i E21 Barcelona\" data-e-action-hash=\"#elementor-action%3Aaction%3Dlightbox%26settings%3DeyJpZCI6MTM4MjUsInVybCI6Imh0dHBzOlwvXC93d3cuamdjbGFzc2ljcy5jb21cL3dwLWNvbnRlbnRcL3VwbG9hZHNcLzIwMjNcLzA1XC8yMDIzMDUwNl8yMDA2NTYtc2NhbGVkLmpwZyIsInNsaWRlc2hvdyI6IjYyMzJkZmYifQ%3D%3D\">\n\t\t\t\t\t<div class=\"e-gallery-image elementor-gallery-item__image\" data-thumbnail=\"https:\/\/www.jgclassics.com\/wp-content\/uploads\/2023\/05\/20230506_200656-300x169.jpg\" data-width=\"300\" data-height=\"169\" aria-label=\"\" role=\"img\" ><\/div>\n\t\t\t\t\t\t\t\t\t\t\t<div class=\"elementor-gallery-item__overlay\"><\/div>\n\t\t\t\t\t\t\t\t\t\t\t\t\t\t<\/a>\n\t\t\t\t\t\t\t<a class=\"e-gallery-item elementor-gallery-item elementor-animated-content\" data-e-gallery-tags=\"2\" href=\"https:\/\/www.jgclassics.com\/wp-content\/uploads\/2023\/05\/20230506_200727-scaled.jpg\" data-elementor-open-lightbox=\"yes\" data-elementor-lightbox-slideshow=\"6232dff\" data-elementor-lightbox-title=\"BMW 323i E21 Barcelona\" data-elementor-lightbox-description=\"BMW 323i E21 Barcelona Maresme JG Classics. Disponible para alquiler, fotos, filmaciones, metrajes. BMW 323i E21 Barcelona\" data-e-action-hash=\"#elementor-action%3Aaction%3Dlightbox%26settings%3DeyJpZCI6MTM4MjgsInVybCI6Imh0dHBzOlwvXC93d3cuamdjbGFzc2ljcy5jb21cL3dwLWNvbnRlbnRcL3VwbG9hZHNcLzIwMjNcLzA1XC8yMDIzMDUwNl8yMDA3Mjctc2NhbGVkLmpwZyIsInNsaWRlc2hvdyI6IjYyMzJkZmYifQ%3D%3D\">\n\t\t\t\t\t<div class=\"e-gallery-image elementor-gallery-item__image\" data-thumbnail=\"https:\/\/www.jgclassics.com\/wp-content\/uploads\/2023\/05\/20230506_200727-169x300.jpg\" data-width=\"169\" data-height=\"300\" aria-label=\"\" role=\"img\" ><\/div>\n\t\t\t\t\t\t\t\t\t\t\t<div class=\"elementor-gallery-item__overlay\"><\/div>\n\t\t\t\t\t\t\t\t\t\t\t\t\t\t<\/a>\n\t\t\t\t\t\t\t<a class=\"e-gallery-item elementor-gallery-item elementor-animated-content\" data-e-gallery-tags=\"2\" href=\"https:\/\/www.jgclassics.com\/wp-content\/uploads\/2023\/05\/20230506_201005-scaled.jpg\" data-elementor-open-lightbox=\"yes\" data-elementor-lightbox-slideshow=\"6232dff\" data-elementor-lightbox-title=\"BMW 323i E21 Barcelona\" data-elementor-lightbox-description=\"BMW 323i E21 Barcelona Maresme JG Classics. Available for rental, photos, filming, footage. BMW 323i E21 Barcelona\" data-e-action-hash=\"#elementor-action%3Aaction%3Dlightbox%26settings%3DeyJpZCI6MTM4NDYsInVybCI6Imh0dHBzOlwvXC93d3cuamdjbGFzc2ljcy5jb21cL3dwLWNvbnRlbnRcL3VwbG9hZHNcLzIwMjNcLzA1XC8yMDIzMDUwNl8yMDEwMDUtc2NhbGVkLmpwZyIsInNsaWRlc2hvdyI6IjYyMzJkZmYifQ%3D%3D\">\n\t\t\t\t\t<div class=\"e-gallery-image elementor-gallery-item__image\" data-thumbnail=\"https:\/\/www.jgclassics.com\/wp-content\/uploads\/2023\/05\/20230506_201005-169x300.jpg\" data-width=\"169\" data-height=\"300\" aria-label=\"BMW 323i E21 1981 Barcelona Maresme. Classic car rental BMW Barcelona\" role=\"img\" ><\/div>\n\t\t\t\t\t\t\t\t\t\t\t<div class=\"elementor-gallery-item__overlay\"><\/div>\n\t\t\t\t\t\t\t\t\t\t\t\t\t\t<\/a>\n\t\t\t\t\t\t\t<a class=\"e-gallery-item elementor-gallery-item elementor-animated-content\" data-e-gallery-tags=\"2\" href=\"https:\/\/www.jgclassics.com\/wp-content\/uploads\/2023\/05\/20230506_201139-scaled.jpg\" data-elementor-open-lightbox=\"yes\" data-elementor-lightbox-slideshow=\"6232dff\" data-elementor-lightbox-title=\"BMW 323i E21 Barcelona\" data-elementor-lightbox-description=\"BMW 323i E21 Barcelona Maresme JG Classics. Disponible para alquiler, fotos, filmaciones, metrajes. BMW 323i E21 Barcelona\" data-e-action-hash=\"#elementor-action%3Aaction%3Dlightbox%26settings%3DeyJpZCI6MTM4NDksInVybCI6Imh0dHBzOlwvXC93d3cuamdjbGFzc2ljcy5jb21cL3dwLWNvbnRlbnRcL3VwbG9hZHNcLzIwMjNcLzA1XC8yMDIzMDUwNl8yMDExMzktc2NhbGVkLmpwZyIsInNsaWRlc2hvdyI6IjYyMzJkZmYifQ%3D%3D\">\n\t\t\t\t\t<div class=\"e-gallery-image elementor-gallery-item__image\" data-thumbnail=\"https:\/\/www.jgclassics.com\/wp-content\/uploads\/2023\/05\/20230506_201139-300x169.jpg\" data-width=\"300\" data-height=\"169\" aria-label=\"\" role=\"img\" ><\/div>\n\t\t\t\t\t\t\t\t\t\t\t<div class=\"elementor-gallery-item__overlay\"><\/div>\n\t\t\t\t\t\t\t\t\t\t\t\t\t\t<\/a>\n\t\t\t\t\t\t\t<a class=\"e-gallery-item elementor-gallery-item elementor-animated-content\" data-e-gallery-tags=\"2\" href=\"https:\/\/www.jgclassics.com\/wp-content\/uploads\/2023\/05\/20230506_200932-scaled.jpg\" data-elementor-open-lightbox=\"yes\" data-elementor-lightbox-slideshow=\"6232dff\" data-elementor-lightbox-title=\"BMW 323i E21 Barcelona\" data-elementor-lightbox-description=\"BMW 323i E21 Barcelona Maresme JG Classics. Disponible para alquiler, fotos, filmaciones, metrajes. BMW 323i E21 Barcelona\" data-e-action-hash=\"#elementor-action%3Aaction%3Dlightbox%26settings%3DeyJpZCI6MTM4NDMsInVybCI6Imh0dHBzOlwvXC93d3cuamdjbGFzc2ljcy5jb21cL3dwLWNvbnRlbnRcL3VwbG9hZHNcLzIwMjNcLzA1XC8yMDIzMDUwNl8yMDA5MzItc2NhbGVkLmpwZyIsInNsaWRlc2hvdyI6IjYyMzJkZmYifQ%3D%3D\">\n\t\t\t\t\t<div class=\"e-gallery-image elementor-gallery-item__image\" data-thumbnail=\"https:\/\/www.jgclassics.com\/wp-content\/uploads\/2023\/05\/20230506_200932-169x300.jpg\" data-width=\"169\" data-height=\"300\" aria-label=\"\" role=\"img\" ><\/div>\n\t\t\t\t\t\t\t\t\t\t\t<div class=\"elementor-gallery-item__overlay\"><\/div>\n\t\t\t\t\t\t\t\t\t\t\t\t\t\t<\/a>\n\t\t\t\t\t\t\t<a class=\"e-gallery-item elementor-gallery-item elementor-animated-content\" data-e-gallery-tags=\"2\" href=\"https:\/\/www.jgclassics.com\/wp-content\/uploads\/2023\/05\/20230506_200917-scaled.jpg\" data-elementor-open-lightbox=\"yes\" data-elementor-lightbox-slideshow=\"6232dff\" data-elementor-lightbox-title=\"BMW 323i E21 Barcelona\" data-elementor-lightbox-description=\"BMW 323i E21 Barcelona Maresme JG Classics. Disponible para alquiler, fotos, filmaciones, metrajes. BMW 323i E21 Barcelona\" data-e-action-hash=\"#elementor-action%3Aaction%3Dlightbox%26settings%3DeyJpZCI6MTM4NDAsInVybCI6Imh0dHBzOlwvXC93d3cuamdjbGFzc2ljcy5jb21cL3dwLWNvbnRlbnRcL3VwbG9hZHNcLzIwMjNcLzA1XC8yMDIzMDUwNl8yMDA5MTctc2NhbGVkLmpwZyIsInNsaWRlc2hvdyI6IjYyMzJkZmYifQ%3D%3D\">\n\t\t\t\t\t<div class=\"e-gallery-image elementor-gallery-item__image\" data-thumbnail=\"https:\/\/www.jgclassics.com\/wp-content\/uploads\/2023\/05\/20230506_200917-300x169.jpg\" data-width=\"300\" data-height=\"169\" aria-label=\"\" role=\"img\" ><\/div>\n\t\t\t\t\t\t\t\t\t\t\t<div class=\"elementor-gallery-item__overlay\"><\/div>\n\t\t\t\t\t\t\t\t\t\t\t\t\t\t<\/a>\n\t\t\t\t\t\t\t<a class=\"e-gallery-item elementor-gallery-item elementor-animated-content\" data-e-gallery-tags=\"2\" href=\"https:\/\/www.jgclassics.com\/wp-content\/uploads\/2023\/05\/20230506_200858-scaled.jpg\" data-elementor-open-lightbox=\"yes\" data-elementor-lightbox-slideshow=\"6232dff\" data-elementor-lightbox-title=\"BMW 323i E21 Barcelona\" data-elementor-lightbox-description=\"BMW 323i E21 Barcelona Maresme JG Classics. Disponible para alquiler, fotos, filmaciones, metrajes. BMW 323i E21 Barcelona\" data-e-action-hash=\"#elementor-action%3Aaction%3Dlightbox%26settings%3DeyJpZCI6MTM4MzcsInVybCI6Imh0dHBzOlwvXC93d3cuamdjbGFzc2ljcy5jb21cL3dwLWNvbnRlbnRcL3VwbG9hZHNcLzIwMjNcLzA1XC8yMDIzMDUwNl8yMDA4NTgtc2NhbGVkLmpwZyIsInNsaWRlc2hvdyI6IjYyMzJkZmYifQ%3D%3D\">\n\t\t\t\t\t<div class=\"e-gallery-image elementor-gallery-item__image\" data-thumbnail=\"https:\/\/www.jgclassics.com\/wp-content\/uploads\/2023\/05\/20230506_200858-169x300.jpg\" data-width=\"169\" data-height=\"300\" aria-label=\"\" role=\"img\" ><\/div>\n\t\t\t\t\t\t\t\t\t\t\t<div class=\"elementor-gallery-item__overlay\"><\/div>\n\t\t\t\t\t\t\t\t\t\t\t\t\t\t<\/a>\n\t\t\t\t\t\t\t<a class=\"e-gallery-item elementor-gallery-item elementor-animated-content\" data-e-gallery-tags=\"2\" href=\"https:\/\/www.jgclassics.com\/wp-content\/uploads\/2023\/05\/20230506_200814-scaled.jpg\" data-elementor-open-lightbox=\"yes\" data-elementor-lightbox-slideshow=\"6232dff\" data-elementor-lightbox-title=\"BMW 323i E21 Barcelona\" data-elementor-lightbox-description=\"BMW 323i E21 Barcelona Maresme JG Classics. Disponible para alquiler, fotos, filmaciones, metrajes. BMW 323i E21 Barcelona\" data-e-action-hash=\"#elementor-action%3Aaction%3Dlightbox%26settings%3DeyJpZCI6MTM4MzQsInVybCI6Imh0dHBzOlwvXC93d3cuamdjbGFzc2ljcy5jb21cL3dwLWNvbnRlbnRcL3VwbG9hZHNcLzIwMjNcLzA1XC8yMDIzMDUwNl8yMDA4MTQtc2NhbGVkLmpwZyIsInNsaWRlc2hvdyI6IjYyMzJkZmYifQ%3D%3D\">\n\t\t\t\t\t<div class=\"e-gallery-image elementor-gallery-item__image\" data-thumbnail=\"https:\/\/www.jgclassics.com\/wp-content\/uploads\/2023\/05\/20230506_200814-300x169.jpg\" data-width=\"300\" data-height=\"169\" aria-label=\"\" role=\"img\" ><\/div>\n\t\t\t\t\t\t\t\t\t\t\t<div class=\"elementor-gallery-item__overlay\"><\/div>\n\t\t\t\t\t\t\t\t\t\t\t\t\t\t<\/a>\n\t\t\t\t\t\t\t<a class=\"e-gallery-item elementor-gallery-item elementor-animated-content\" data-e-gallery-tags=\"2\" href=\"https:\/\/www.jgclassics.com\/wp-content\/uploads\/2023\/05\/20230506_200739-scaled.jpg\" data-elementor-open-lightbox=\"yes\" data-elementor-lightbox-slideshow=\"6232dff\" data-elementor-lightbox-title=\"BMW 323i E21 Barcelona\" data-elementor-lightbox-description=\"BMW 323i E21 Barcelona Maresme JG Classics. Disponible para alquiler, fotos, filmaciones, metrajes. BMW 323i E21 Barcelona\" data-e-action-hash=\"#elementor-action%3Aaction%3Dlightbox%26settings%3DeyJpZCI6MTM4MzEsInVybCI6Imh0dHBzOlwvXC93d3cuamdjbGFzc2ljcy5jb21cL3dwLWNvbnRlbnRcL3VwbG9hZHNcLzIwMjNcLzA1XC8yMDIzMDUwNl8yMDA3Mzktc2NhbGVkLmpwZyIsInNsaWRlc2hvdyI6IjYyMzJkZmYifQ%3D%3D\">\n\t\t\t\t\t<div class=\"e-gallery-image elementor-gallery-item__image\" data-thumbnail=\"https:\/\/www.jgclassics.com\/wp-content\/uploads\/2023\/05\/20230506_200739-169x300.jpg\" data-width=\"169\" data-height=\"300\" aria-label=\"\" role=\"img\" ><\/div>\n\t\t\t\t\t\t\t\t\t\t\t<div class=\"elementor-gallery-item__overlay\"><\/div>\n\t\t\t\t\t\t\t\t\t\t\t\t\t\t<\/a>\n\t\t\t\t\t\t\t<a class=\"e-gallery-item elementor-gallery-item elementor-animated-content\" data-e-gallery-tags=\"2\" href=\"https:\/\/www.jgclassics.com\/wp-content\/uploads\/2023\/05\/20230506_201254-scaled.jpg\" data-elementor-open-lightbox=\"yes\" data-elementor-lightbox-slideshow=\"6232dff\" data-elementor-lightbox-title=\"BMW 323i E21 Barcelona\" data-elementor-lightbox-description=\"BMW 323i E21 Barcelona Maresme JG Classics. Disponible para alquiler, fotos, filmaciones, metrajes. BMW 323i E21 Barcelona\" data-e-action-hash=\"#elementor-action%3Aaction%3Dlightbox%26settings%3DeyJpZCI6MTM4NTUsInVybCI6Imh0dHBzOlwvXC93d3cuamdjbGFzc2ljcy5jb21cL3dwLWNvbnRlbnRcL3VwbG9hZHNcLzIwMjNcLzA1XC8yMDIzMDUwNl8yMDEyNTQtc2NhbGVkLmpwZyIsInNsaWRlc2hvdyI6IjYyMzJkZmYifQ%3D%3D\">\n\t\t\t\t\t<div class=\"e-gallery-image elementor-gallery-item__image\" data-thumbnail=\"https:\/\/www.jgclassics.com\/wp-content\/uploads\/2023\/05\/20230506_201254-300x169.jpg\" data-width=\"300\" data-height=\"169\" aria-label=\"\" role=\"img\" ><\/div>\n\t\t\t\t\t\t\t\t\t\t\t<div class=\"elementor-gallery-item__overlay\"><\/div>\n\t\t\t\t\t\t\t\t\t\t\t\t\t\t<\/a>\n\t\t\t\t\t\t\t<a class=\"e-gallery-item elementor-gallery-item elementor-animated-content\" data-e-gallery-tags=\"2\" href=\"https:\/\/www.jgclassics.com\/wp-content\/uploads\/2023\/05\/20230506_201348-scaled.jpg\" data-elementor-open-lightbox=\"yes\" data-elementor-lightbox-slideshow=\"6232dff\" data-elementor-lightbox-title=\"BMW 323i E21 Barcelona\" data-elementor-lightbox-description=\"BMW 323i E21 Barcelona Maresme JG Classics. Disponible para alquiler, fotos, filmaciones, metrajes. BMW 323i E21 Barcelona\" data-e-action-hash=\"#elementor-action%3Aaction%3Dlightbox%26settings%3DeyJpZCI6MTM4NTgsInVybCI6Imh0dHBzOlwvXC93d3cuamdjbGFzc2ljcy5jb21cL3dwLWNvbnRlbnRcL3VwbG9hZHNcLzIwMjNcLzA1XC8yMDIzMDUwNl8yMDEzNDgtc2NhbGVkLmpwZyIsInNsaWRlc2hvdyI6IjYyMzJkZmYifQ%3D%3D\">\n\t\t\t\t\t<div class=\"e-gallery-image elementor-gallery-item__image\" data-thumbnail=\"https:\/\/www.jgclassics.com\/wp-content\/uploads\/2023\/05\/20230506_201348-300x169.jpg\" data-width=\"300\" data-height=\"169\" aria-label=\"\" role=\"img\" ><\/div>\n\t\t\t\t\t\t\t\t\t\t\t<div class=\"elementor-gallery-item__overlay\"><\/div>\n\t\t\t\t\t\t\t\t\t\t\t\t\t\t<\/a>\n\t\t\t\t\t\t\t<a class=\"e-gallery-item elementor-gallery-item elementor-animated-content\" data-e-gallery-tags=\"2\" href=\"https:\/\/www.jgclassics.com\/wp-content\/uploads\/2023\/05\/20230506_201437-scaled.jpg\" data-elementor-open-lightbox=\"yes\" data-elementor-lightbox-slideshow=\"6232dff\" data-elementor-lightbox-title=\"BMW 323i E21 Barcelona\" data-elementor-lightbox-description=\"BMW 323i E21 Barcelona Maresme JG Classics. Disponible para alquiler, fotos, filmaciones, metrajes. BMW 323i E21 Barcelona\" data-e-action-hash=\"#elementor-action%3Aaction%3Dlightbox%26settings%3DeyJpZCI6MTM4NjEsInVybCI6Imh0dHBzOlwvXC93d3cuamdjbGFzc2ljcy5jb21cL3dwLWNvbnRlbnRcL3VwbG9hZHNcLzIwMjNcLzA1XC8yMDIzMDUwNl8yMDE0Mzctc2NhbGVkLmpwZyIsInNsaWRlc2hvdyI6IjYyMzJkZmYifQ%3D%3D\">\n\t\t\t\t\t<div class=\"e-gallery-image elementor-gallery-item__image\" data-thumbnail=\"https:\/\/www.jgclassics.com\/wp-content\/uploads\/2023\/05\/20230506_201437-300x169.jpg\" data-width=\"300\" data-height=\"169\" aria-label=\"\" role=\"img\" ><\/div>\n\t\t\t\t\t\t\t\t\t\t\t<div class=\"elementor-gallery-item__overlay\"><\/div>\n\t\t\t\t\t\t\t\t\t\t\t\t\t\t<\/a>\n\t\t\t\t\t\t\t<a class=\"e-gallery-item elementor-gallery-item elementor-animated-content\" data-e-gallery-tags=\"2\" href=\"https:\/\/www.jgclassics.com\/wp-content\/uploads\/2023\/05\/20230506_201757-scaled.jpg\" data-elementor-open-lightbox=\"yes\" data-elementor-lightbox-slideshow=\"6232dff\" data-elementor-lightbox-title=\"BMW 323i E21 Barcelona\" data-elementor-lightbox-description=\"BMW 323i E21 Barcelona Maresme JG Classics. Available for rental, photos, filming, footage. BMW 323i E21 Barcelona\" data-e-action-hash=\"#elementor-action%3Aaction%3Dlightbox%26settings%3DeyJpZCI6MTM4NjQsInVybCI6Imh0dHBzOlwvXC93d3cuamdjbGFzc2ljcy5jb21cL3dwLWNvbnRlbnRcL3VwbG9hZHNcLzIwMjNcLzA1XC8yMDIzMDUwNl8yMDE3NTctc2NhbGVkLmpwZyIsInNsaWRlc2hvdyI6IjYyMzJkZmYifQ%3D%3D\">\n\t\t\t\t\t<div class=\"e-gallery-image elementor-gallery-item__image\" data-thumbnail=\"https:\/\/www.jgclassics.com\/wp-content\/uploads\/2023\/05\/20230506_201757-300x169.jpg\" data-width=\"300\" data-height=\"169\" aria-label=\"BMW 323i E21 1981 Barcelona Maresme. Classic car rental BMW Barcelona\" role=\"img\" ><\/div>\n\t\t\t\t\t\t\t\t\t\t\t<div class=\"elementor-gallery-item__overlay\"><\/div>\n\t\t\t\t\t\t\t\t\t\t\t\t\t\t<\/a>\n\t\t\t\t\t\t\t<a class=\"e-gallery-item elementor-gallery-item elementor-animated-content\" data-e-gallery-tags=\"2\" href=\"https:\/\/www.jgclassics.com\/wp-content\/uploads\/2023\/05\/20230506_202211-scaled.jpg\" data-elementor-open-lightbox=\"yes\" data-elementor-lightbox-slideshow=\"6232dff\" data-elementor-lightbox-title=\"BMW 323i E21 Barcelona\" data-elementor-lightbox-description=\"BMW 323i E21 Barcelona Maresme JG Classics. Disponible para alquiler, fotos, filmaciones, metrajes. BMW 323i E21 Barcelona\" data-e-action-hash=\"#elementor-action%3Aaction%3Dlightbox%26settings%3DeyJpZCI6MTM4ODUsInVybCI6Imh0dHBzOlwvXC93d3cuamdjbGFzc2ljcy5jb21cL3dwLWNvbnRlbnRcL3VwbG9hZHNcLzIwMjNcLzA1XC8yMDIzMDUwNl8yMDIyMTEtc2NhbGVkLmpwZyIsInNsaWRlc2hvdyI6IjYyMzJkZmYifQ%3D%3D\">\n\t\t\t\t\t<div class=\"e-gallery-image elementor-gallery-item__image\" data-thumbnail=\"https:\/\/www.jgclassics.com\/wp-content\/uploads\/2023\/05\/20230506_202211-300x169.jpg\" data-width=\"300\" data-height=\"169\" aria-label=\"\" role=\"img\" ><\/div>\n\t\t\t\t\t\t\t\t\t\t\t<div class=\"elementor-gallery-item__overlay\"><\/div>\n\t\t\t\t\t\t\t\t\t\t\t\t\t\t<\/a>\n\t\t\t\t\t\t\t<a class=\"e-gallery-item elementor-gallery-item elementor-animated-content\" data-e-gallery-tags=\"2\" href=\"https:\/\/www.jgclassics.com\/wp-content\/uploads\/2023\/05\/20230506_202147-scaled.jpg\" data-elementor-open-lightbox=\"yes\" data-elementor-lightbox-slideshow=\"6232dff\" data-elementor-lightbox-title=\"BMW 323i E21 Barcelona\" data-elementor-lightbox-description=\"Detalle altavoz tweeter JBL integrado en panel puerta. BMW 323i E21 Barcelona Maresme JG Classics. Disponible para alquiler, fotos, filmaciones, metrajes. BMW 323i E21 Barcelona\" data-e-action-hash=\"#elementor-action%3Aaction%3Dlightbox%26settings%3DeyJpZCI6MTM4ODIsInVybCI6Imh0dHBzOlwvXC93d3cuamdjbGFzc2ljcy5jb21cL3dwLWNvbnRlbnRcL3VwbG9hZHNcLzIwMjNcLzA1XC8yMDIzMDUwNl8yMDIxNDctc2NhbGVkLmpwZyIsInNsaWRlc2hvdyI6IjYyMzJkZmYifQ%3D%3D\">\n\t\t\t\t\t<div class=\"e-gallery-image elementor-gallery-item__image\" data-thumbnail=\"https:\/\/www.jgclassics.com\/wp-content\/uploads\/2023\/05\/20230506_202147-300x169.jpg\" data-width=\"300\" data-height=\"169\" aria-label=\"\" role=\"img\" ><\/div>\n\t\t\t\t\t\t\t\t\t\t\t<div class=\"elementor-gallery-item__overlay\"><\/div>\n\t\t\t\t\t\t\t\t\t\t\t\t\t\t<\/a>\n\t\t\t\t\t\t\t<a class=\"e-gallery-item elementor-gallery-item elementor-animated-content\" data-e-gallery-tags=\"2\" href=\"https:\/\/www.jgclassics.com\/wp-content\/uploads\/2023\/05\/20230506_202132-scaled.jpg\" data-elementor-open-lightbox=\"yes\" data-elementor-lightbox-slideshow=\"6232dff\" data-elementor-lightbox-title=\"BMW 323i E21 Barcelona\" data-elementor-lightbox-description=\"Detalle altavoz tweeter JBL integrado en panel puerta. BMW 323i E21 Barcelona Maresme JG Classics. Disponible para alquiler, fotos, filmaciones, metrajes. BMW 323i E21 Barcelona\" data-e-action-hash=\"#elementor-action%3Aaction%3Dlightbox%26settings%3DeyJpZCI6MTM4NzksInVybCI6Imh0dHBzOlwvXC93d3cuamdjbGFzc2ljcy5jb21cL3dwLWNvbnRlbnRcL3VwbG9hZHNcLzIwMjNcLzA1XC8yMDIzMDUwNl8yMDIxMzItc2NhbGVkLmpwZyIsInNsaWRlc2hvdyI6IjYyMzJkZmYifQ%3D%3D\">\n\t\t\t\t\t<div class=\"e-gallery-image elementor-gallery-item__image\" data-thumbnail=\"https:\/\/www.jgclassics.com\/wp-content\/uploads\/2023\/05\/20230506_202132-300x169.jpg\" data-width=\"300\" data-height=\"169\" aria-label=\"\" role=\"img\" ><\/div>\n\t\t\t\t\t\t\t\t\t\t\t<div class=\"elementor-gallery-item__overlay\"><\/div>\n\t\t\t\t\t\t\t\t\t\t\t\t\t\t<\/a>\n\t\t\t\t\t\t\t<a class=\"e-gallery-item elementor-gallery-item elementor-animated-content\" data-e-gallery-tags=\"2\" href=\"https:\/\/www.jgclassics.com\/wp-content\/uploads\/2023\/05\/20230506_202118-scaled.jpg\" data-elementor-open-lightbox=\"yes\" data-elementor-lightbox-slideshow=\"6232dff\" data-elementor-lightbox-title=\"BMW 323i E21 Barcelona\" data-elementor-lightbox-description=\"BMW 323i E21 Barcelona Maresme JG Classics. Disponible para alquiler, fotos, filmaciones, metrajes. BMW 323i E21 Barcelona\" data-e-action-hash=\"#elementor-action%3Aaction%3Dlightbox%26settings%3DeyJpZCI6MTM4NzYsInVybCI6Imh0dHBzOlwvXC93d3cuamdjbGFzc2ljcy5jb21cL3dwLWNvbnRlbnRcL3VwbG9hZHNcLzIwMjNcLzA1XC8yMDIzMDUwNl8yMDIxMTgtc2NhbGVkLmpwZyIsInNsaWRlc2hvdyI6IjYyMzJkZmYifQ%3D%3D\">\n\t\t\t\t\t<div class=\"e-gallery-image elementor-gallery-item__image\" data-thumbnail=\"https:\/\/www.jgclassics.com\/wp-content\/uploads\/2023\/05\/20230506_202118-300x169.jpg\" data-width=\"300\" data-height=\"169\" aria-label=\"\" role=\"img\" ><\/div>\n\t\t\t\t\t\t\t\t\t\t\t<div class=\"elementor-gallery-item__overlay\"><\/div>\n\t\t\t\t\t\t\t\t\t\t\t\t\t\t<\/a>\n\t\t\t\t\t\t\t<a class=\"e-gallery-item elementor-gallery-item elementor-animated-content\" data-e-gallery-tags=\"2\" href=\"https:\/\/www.jgclassics.com\/wp-content\/uploads\/2023\/05\/20230506_202424-scaled.jpg\" data-elementor-open-lightbox=\"yes\" data-elementor-lightbox-slideshow=\"6232dff\" data-elementor-lightbox-title=\"BMW 323i E21 Barcelona\" data-elementor-lightbox-description=\"BMW 323i E21 Barcelona Maresme JG Classics. Disponible para alquiler, fotos, filmaciones, metrajes. BMW 323i E21 Barcelona\" data-e-action-hash=\"#elementor-action%3Aaction%3Dlightbox%26settings%3DeyJpZCI6MTM4OTQsInVybCI6Imh0dHBzOlwvXC93d3cuamdjbGFzc2ljcy5jb21cL3dwLWNvbnRlbnRcL3VwbG9hZHNcLzIwMjNcLzA1XC8yMDIzMDUwNl8yMDI0MjQtc2NhbGVkLmpwZyIsInNsaWRlc2hvdyI6IjYyMzJkZmYifQ%3D%3D\">\n\t\t\t\t\t<div class=\"e-gallery-image elementor-gallery-item__image\" data-thumbnail=\"https:\/\/www.jgclassics.com\/wp-content\/uploads\/2023\/05\/20230506_202424-300x169.jpg\" data-width=\"300\" data-height=\"169\" aria-label=\"\" role=\"img\" ><\/div>\n\t\t\t\t\t\t\t\t\t\t\t<div class=\"elementor-gallery-item__overlay\"><\/div>\n\t\t\t\t\t\t\t\t\t\t\t\t\t\t<\/a>\n\t\t\t\t\t\t\t<a class=\"e-gallery-item elementor-gallery-item elementor-animated-content\" data-e-gallery-tags=\"2\" href=\"https:\/\/www.jgclassics.com\/wp-content\/uploads\/2023\/05\/20230506_202433-scaled.jpg\" data-elementor-open-lightbox=\"yes\" data-elementor-lightbox-slideshow=\"6232dff\" data-elementor-lightbox-title=\"BMW 323i E21 Barcelona\" data-elementor-lightbox-description=\"BMW 323i E21 Barcelona Maresme JG Classics. Disponible para alquiler, fotos, filmaciones, metrajes. BMW 323i E21 Barcelona\" data-e-action-hash=\"#elementor-action%3Aaction%3Dlightbox%26settings%3DeyJpZCI6MTM4OTcsInVybCI6Imh0dHBzOlwvXC93d3cuamdjbGFzc2ljcy5jb21cL3dwLWNvbnRlbnRcL3VwbG9hZHNcLzIwMjNcLzA1XC8yMDIzMDUwNl8yMDI0MzMtc2NhbGVkLmpwZyIsInNsaWRlc2hvdyI6IjYyMzJkZmYifQ%3D%3D\">\n\t\t\t\t\t<div class=\"e-gallery-image elementor-gallery-item__image\" data-thumbnail=\"https:\/\/www.jgclassics.com\/wp-content\/uploads\/2023\/05\/20230506_202433-300x169.jpg\" data-width=\"300\" data-height=\"169\" aria-label=\"\" role=\"img\" ><\/div>\n\t\t\t\t\t\t\t\t\t\t\t<div class=\"elementor-gallery-item__overlay\"><\/div>\n\t\t\t\t\t\t\t\t\t\t\t\t\t\t<\/a>\n\t\t\t\t\t\t\t<a class=\"e-gallery-item elementor-gallery-item elementor-animated-content\" data-e-gallery-tags=\"2\" href=\"https:\/\/www.jgclassics.com\/wp-content\/uploads\/2023\/05\/20230506_202532-scaled.jpg\" data-elementor-open-lightbox=\"yes\" data-elementor-lightbox-slideshow=\"6232dff\" data-elementor-lightbox-title=\"BMW 323i E21 Barcelona\" data-elementor-lightbox-description=\"BMW 323i E21 Barcelona Maresme JG Classics. Disponible para alquiler, fotos, filmaciones, metrajes. BMW 323i E21 Barcelona\" data-e-action-hash=\"#elementor-action%3Aaction%3Dlightbox%26settings%3DeyJpZCI6MTM5MDAsInVybCI6Imh0dHBzOlwvXC93d3cuamdjbGFzc2ljcy5jb21cL3dwLWNvbnRlbnRcL3VwbG9hZHNcLzIwMjNcLzA1XC8yMDIzMDUwNl8yMDI1MzItc2NhbGVkLmpwZyIsInNsaWRlc2hvdyI6IjYyMzJkZmYifQ%3D%3D\">\n\t\t\t\t\t<div class=\"e-gallery-image elementor-gallery-item__image\" data-thumbnail=\"https:\/\/www.jgclassics.com\/wp-content\/uploads\/2023\/05\/20230506_202532-169x300.jpg\" data-width=\"169\" data-height=\"300\" aria-label=\"\" role=\"img\" ><\/div>\n\t\t\t\t\t\t\t\t\t\t\t<div class=\"elementor-gallery-item__overlay\"><\/div>\n\t\t\t\t\t\t\t\t\t\t\t\t\t\t<\/a>\n\t\t\t\t\t\t\t<a class=\"e-gallery-item elementor-gallery-item elementor-animated-content\" data-e-gallery-tags=\"2\" href=\"https:\/\/www.jgclassics.com\/wp-content\/uploads\/2023\/05\/20230506_202409-scaled.jpg\" data-elementor-open-lightbox=\"yes\" data-elementor-lightbox-slideshow=\"6232dff\" data-elementor-lightbox-title=\"BMW 323i E21 Barcelona\" data-elementor-lightbox-description=\"BMW 323i E21 Barcelona Maresme JG Classics. Disponible para alquiler, fotos, filmaciones, metrajes. BMW 323i E21 Barcelona\" data-e-action-hash=\"#elementor-action%3Aaction%3Dlightbox%26settings%3DeyJpZCI6MTM4OTEsInVybCI6Imh0dHBzOlwvXC93d3cuamdjbGFzc2ljcy5jb21cL3dwLWNvbnRlbnRcL3VwbG9hZHNcLzIwMjNcLzA1XC8yMDIzMDUwNl8yMDI0MDktc2NhbGVkLmpwZyIsInNsaWRlc2hvdyI6IjYyMzJkZmYifQ%3D%3D\">\n\t\t\t\t\t<div class=\"e-gallery-image elementor-gallery-item__image\" data-thumbnail=\"https:\/\/www.jgclassics.com\/wp-content\/uploads\/2023\/05\/20230506_202409-300x169.jpg\" data-width=\"300\" data-height=\"169\" aria-label=\"\" role=\"img\" ><\/div>\n\t\t\t\t\t\t\t\t\t\t\t<div class=\"elementor-gallery-item__overlay\"><\/div>\n\t\t\t\t\t\t\t\t\t\t\t\t\t\t<\/a>\n\t\t\t\t\t\t\t<a class=\"e-gallery-item elementor-gallery-item elementor-animated-content\" data-e-gallery-tags=\"2\" href=\"https:\/\/www.jgclassics.com\/wp-content\/uploads\/2023\/05\/20230506_202342-scaled.jpg\" data-elementor-open-lightbox=\"yes\" data-elementor-lightbox-slideshow=\"6232dff\" data-elementor-lightbox-title=\"BMW 323i E21 Barcelona\" data-elementor-lightbox-description=\"BMW 323i E21 Barcelona Maresme JG Classics. Disponible para alquiler, fotos, filmaciones, metrajes. BMW 323i E21 Barcelona\" data-e-action-hash=\"#elementor-action%3Aaction%3Dlightbox%26settings%3DeyJpZCI6MTM4ODgsInVybCI6Imh0dHBzOlwvXC93d3cuamdjbGFzc2ljcy5jb21cL3dwLWNvbnRlbnRcL3VwbG9hZHNcLzIwMjNcLzA1XC8yMDIzMDUwNl8yMDIzNDItc2NhbGVkLmpwZyIsInNsaWRlc2hvdyI6IjYyMzJkZmYifQ%3D%3D\">\n\t\t\t\t\t<div class=\"e-gallery-image elementor-gallery-item__image\" data-thumbnail=\"https:\/\/www.jgclassics.com\/wp-content\/uploads\/2023\/05\/20230506_202342-169x300.jpg\" data-width=\"169\" data-height=\"300\" aria-label=\"\" role=\"img\" ><\/div>\n\t\t\t\t\t\t\t\t\t\t\t<div class=\"elementor-gallery-item__overlay\"><\/div>\n\t\t\t\t\t\t\t\t\t\t\t\t\t\t<\/a>\n\t\t\t\t\t\t\t<a class=\"e-gallery-item elementor-gallery-item elementor-animated-content\" data-e-gallery-tags=\"3\" href=\"https:\/\/www.jgclassics.com\/wp-content\/uploads\/2023\/05\/20230508_134002-scaled.jpg\" data-elementor-open-lightbox=\"yes\" data-elementor-lightbox-slideshow=\"6232dff\" data-elementor-lightbox-title=\"BMW 323i E21 Barcelona\" data-elementor-lightbox-description=\"BMW 323i E21 Barcelona Maresme JG Classics. Disponible para alquiler, fotos, filmaciones, metrajes. BMW 323i E21 Barcelona\" data-e-action-hash=\"#elementor-action%3Aaction%3Dlightbox%26settings%3DeyJpZCI6MTQwNjIsInVybCI6Imh0dHBzOlwvXC93d3cuamdjbGFzc2ljcy5jb21cL3dwLWNvbnRlbnRcL3VwbG9hZHNcLzIwMjNcLzA1XC8yMDIzMDUwOF8xMzQwMDItc2NhbGVkLmpwZyIsInNsaWRlc2hvdyI6IjYyMzJkZmYifQ%3D%3D\">\n\t\t\t\t\t<div class=\"e-gallery-image elementor-gallery-item__image\" data-thumbnail=\"https:\/\/www.jgclassics.com\/wp-content\/uploads\/2023\/05\/20230508_134002-300x169.jpg\" data-width=\"300\" data-height=\"169\" aria-label=\"\" role=\"img\" ><\/div>\n\t\t\t\t\t\t\t\t\t\t\t<div class=\"elementor-gallery-item__overlay\"><\/div>\n\t\t\t\t\t\t\t\t\t\t\t\t\t\t<\/a>\n\t\t\t\t\t\t\t<a class=\"e-gallery-item elementor-gallery-item elementor-animated-content\" data-e-gallery-tags=\"3\" href=\"https:\/\/www.jgclassics.com\/wp-content\/uploads\/2023\/05\/20230508_133935-scaled.jpg\" data-elementor-open-lightbox=\"yes\" data-elementor-lightbox-slideshow=\"6232dff\" data-elementor-lightbox-title=\"BMW 323i E21 Barcelona\" data-elementor-lightbox-description=\"BMW 323i E21 Barcelona Maresme JG Classics. Available for rental, photos, filming, footage. BMW 323i E21 Barcelona\" data-e-action-hash=\"#elementor-action%3Aaction%3Dlightbox%26settings%3DeyJpZCI6MTQwNTYsInVybCI6Imh0dHBzOlwvXC93d3cuamdjbGFzc2ljcy5jb21cL3dwLWNvbnRlbnRcL3VwbG9hZHNcLzIwMjNcLzA1XC8yMDIzMDUwOF8xMzM5MzUtc2NhbGVkLmpwZyIsInNsaWRlc2hvdyI6IjYyMzJkZmYifQ%3D%3D\">\n\t\t\t\t\t<div class=\"e-gallery-image elementor-gallery-item__image\" data-thumbnail=\"https:\/\/www.jgclassics.com\/wp-content\/uploads\/2023\/05\/20230508_133935-300x169.jpg\" data-width=\"300\" data-height=\"169\" aria-label=\"BMW 323i E21 1981 Barcelona Maresme. Classic car rental BMW Barcelona\" role=\"img\" ><\/div>\n\t\t\t\t\t\t\t\t\t\t\t<div class=\"elementor-gallery-item__overlay\"><\/div>\n\t\t\t\t\t\t\t\t\t\t\t\t\t\t<\/a>\n\t\t\t\t\t\t\t<a class=\"e-gallery-item elementor-gallery-item elementor-animated-content\" data-e-gallery-tags=\"3\" href=\"https:\/\/www.jgclassics.com\/wp-content\/uploads\/2023\/05\/20230508_133902-scaled.jpg\" data-elementor-open-lightbox=\"yes\" data-elementor-lightbox-slideshow=\"6232dff\" data-elementor-lightbox-title=\"BMW 323i E21 Barcelona\" data-elementor-lightbox-description=\"BMW 323i E21 Barcelona Maresme JG Classics. Disponible para alquiler, fotos, filmaciones, metrajes. BMW 323i E21 Barcelona\" data-e-action-hash=\"#elementor-action%3Aaction%3Dlightbox%26settings%3DeyJpZCI6MTQwNTAsInVybCI6Imh0dHBzOlwvXC93d3cuamdjbGFzc2ljcy5jb21cL3dwLWNvbnRlbnRcL3VwbG9hZHNcLzIwMjNcLzA1XC8yMDIzMDUwOF8xMzM5MDItc2NhbGVkLmpwZyIsInNsaWRlc2hvdyI6IjYyMzJkZmYifQ%3D%3D\">\n\t\t\t\t\t<div class=\"e-gallery-image elementor-gallery-item__image\" data-thumbnail=\"https:\/\/www.jgclassics.com\/wp-content\/uploads\/2023\/05\/20230508_133902-169x300.jpg\" data-width=\"169\" data-height=\"300\" aria-label=\"\" role=\"img\" ><\/div>\n\t\t\t\t\t\t\t\t\t\t\t<div class=\"elementor-gallery-item__overlay\"><\/div>\n\t\t\t\t\t\t\t\t\t\t\t\t\t\t<\/a>\n\t\t\t\t\t\t\t<a class=\"e-gallery-item elementor-gallery-item elementor-animated-content\" data-e-gallery-tags=\"3\" href=\"https:\/\/www.jgclassics.com\/wp-content\/uploads\/2023\/05\/20230508_133855-scaled.jpg\" data-elementor-open-lightbox=\"yes\" data-elementor-lightbox-slideshow=\"6232dff\" data-elementor-lightbox-title=\"BMW 323i E21 Barcelona\" data-elementor-lightbox-description=\"BMW 323i E21 Barcelona Maresme JG Classics. Disponible para alquiler, fotos, filmaciones, metrajes. BMW 323i E21 Barcelona\" data-e-action-hash=\"#elementor-action%3Aaction%3Dlightbox%26settings%3DeyJpZCI6MTQwNDcsInVybCI6Imh0dHBzOlwvXC93d3cuamdjbGFzc2ljcy5jb21cL3dwLWNvbnRlbnRcL3VwbG9hZHNcLzIwMjNcLzA1XC8yMDIzMDUwOF8xMzM4NTUtc2NhbGVkLmpwZyIsInNsaWRlc2hvdyI6IjYyMzJkZmYifQ%3D%3D\">\n\t\t\t\t\t<div class=\"e-gallery-image elementor-gallery-item__image\" data-thumbnail=\"https:\/\/www.jgclassics.com\/wp-content\/uploads\/2023\/05\/20230508_133855-300x169.jpg\" data-width=\"300\" data-height=\"169\" aria-label=\"\" role=\"img\" ><\/div>\n\t\t\t\t\t\t\t\t\t\t\t<div class=\"elementor-gallery-item__overlay\"><\/div>\n\t\t\t\t\t\t\t\t\t\t\t\t\t\t<\/a>\n\t\t\t\t\t\t\t<a class=\"e-gallery-item elementor-gallery-item elementor-animated-content\" data-e-gallery-tags=\"3\" href=\"https:\/\/www.jgclassics.com\/wp-content\/uploads\/2023\/05\/20230508_133622-scaled.jpg\" data-elementor-open-lightbox=\"yes\" data-elementor-lightbox-slideshow=\"6232dff\" data-elementor-lightbox-title=\"BMW 323i E21 Barcelona\" data-elementor-lightbox-description=\"BMW 323i E21 Barcelona Maresme JG Classics. Disponible para alquiler, fotos, filmaciones, metrajes. BMW 323i E21 Barcelona\" data-e-action-hash=\"#elementor-action%3Aaction%3Dlightbox%26settings%3DeyJpZCI6MTQwNDQsInVybCI6Imh0dHBzOlwvXC93d3cuamdjbGFzc2ljcy5jb21cL3dwLWNvbnRlbnRcL3VwbG9hZHNcLzIwMjNcLzA1XC8yMDIzMDUwOF8xMzM2MjItc2NhbGVkLmpwZyIsInNsaWRlc2hvdyI6IjYyMzJkZmYifQ%3D%3D\">\n\t\t\t\t\t<div class=\"e-gallery-image elementor-gallery-item__image\" data-thumbnail=\"https:\/\/www.jgclassics.com\/wp-content\/uploads\/2023\/05\/20230508_133622-300x169.jpg\" data-width=\"300\" data-height=\"169\" aria-label=\"\" role=\"img\" ><\/div>\n\t\t\t\t\t\t\t\t\t\t\t<div class=\"elementor-gallery-item__overlay\"><\/div>\n\t\t\t\t\t\t\t\t\t\t\t\t\t\t<\/a>\n\t\t\t\t\t\t\t<a class=\"e-gallery-item elementor-gallery-item elementor-animated-content\" data-e-gallery-tags=\"3\" href=\"https:\/\/www.jgclassics.com\/wp-content\/uploads\/2023\/05\/20230508_133501-scaled.jpg\" data-elementor-open-lightbox=\"yes\" data-elementor-lightbox-slideshow=\"6232dff\" data-elementor-lightbox-title=\"BMW 323i E21 Barcelona\" data-elementor-lightbox-description=\"BMW 323i E21 Barcelona Maresme JG Classics. Disponible para alquiler, fotos, filmaciones, metrajes. BMW 323i E21 Barcelona\" data-e-action-hash=\"#elementor-action%3Aaction%3Dlightbox%26settings%3DeyJpZCI6MTQwMzgsInVybCI6Imh0dHBzOlwvXC93d3cuamdjbGFzc2ljcy5jb21cL3dwLWNvbnRlbnRcL3VwbG9hZHNcLzIwMjNcLzA1XC8yMDIzMDUwOF8xMzM1MDEtc2NhbGVkLmpwZyIsInNsaWRlc2hvdyI6IjYyMzJkZmYifQ%3D%3D\">\n\t\t\t\t\t<div class=\"e-gallery-image elementor-gallery-item__image\" data-thumbnail=\"https:\/\/www.jgclassics.com\/wp-content\/uploads\/2023\/05\/20230508_133501-300x169.jpg\" data-width=\"300\" data-height=\"169\" aria-label=\"\" role=\"img\" ><\/div>\n\t\t\t\t\t\t\t\t\t\t\t<div class=\"elementor-gallery-item__overlay\"><\/div>\n\t\t\t\t\t\t\t\t\t\t\t\t\t\t<\/a>\n\t\t\t\t\t\t\t<a class=\"e-gallery-item elementor-gallery-item elementor-animated-content\" data-e-gallery-tags=\"3\" href=\"https:\/\/www.jgclassics.com\/wp-content\/uploads\/2023\/05\/20230508_133452-scaled.jpg\" data-elementor-open-lightbox=\"yes\" data-elementor-lightbox-slideshow=\"6232dff\" data-elementor-lightbox-title=\"BMW 323i E21 Barcelona\" data-elementor-lightbox-description=\"BMW 323i E21 Barcelona Maresme JG Classics. Disponible para alquiler, fotos, filmaciones, metrajes. BMW 323i E21 Barcelona\" data-e-action-hash=\"#elementor-action%3Aaction%3Dlightbox%26settings%3DeyJpZCI6MTQwMzUsInVybCI6Imh0dHBzOlwvXC93d3cuamdjbGFzc2ljcy5jb21cL3dwLWNvbnRlbnRcL3VwbG9hZHNcLzIwMjNcLzA1XC8yMDIzMDUwOF8xMzM0NTItc2NhbGVkLmpwZyIsInNsaWRlc2hvdyI6IjYyMzJkZmYifQ%3D%3D\">\n\t\t\t\t\t<div class=\"e-gallery-image elementor-gallery-item__image\" data-thumbnail=\"https:\/\/www.jgclassics.com\/wp-content\/uploads\/2023\/05\/20230508_133452-300x169.jpg\" data-width=\"300\" data-height=\"169\" aria-label=\"\" role=\"img\" ><\/div>\n\t\t\t\t\t\t\t\t\t\t\t<div class=\"elementor-gallery-item__overlay\"><\/div>\n\t\t\t\t\t\t\t\t\t\t\t\t\t\t<\/a>\n\t\t\t\t\t\t\t<a class=\"e-gallery-item elementor-gallery-item elementor-animated-content\" data-e-gallery-tags=\"3\" href=\"https:\/\/www.jgclassics.com\/wp-content\/uploads\/2023\/05\/20230508_133434-scaled.jpg\" data-elementor-open-lightbox=\"yes\" data-elementor-lightbox-slideshow=\"6232dff\" data-elementor-lightbox-title=\"BMW 323i E21 Barcelona\" data-elementor-lightbox-description=\"BMW 323i E21 Barcelona Maresme JG Classics. Disponible para alquiler, fotos, filmaciones, metrajes. BMW 323i E21 Barcelona\" data-e-action-hash=\"#elementor-action%3Aaction%3Dlightbox%26settings%3DeyJpZCI6MTQwMzIsInVybCI6Imh0dHBzOlwvXC93d3cuamdjbGFzc2ljcy5jb21cL3dwLWNvbnRlbnRcL3VwbG9hZHNcLzIwMjNcLzA1XC8yMDIzMDUwOF8xMzM0MzQtc2NhbGVkLmpwZyIsInNsaWRlc2hvdyI6IjYyMzJkZmYifQ%3D%3D\">\n\t\t\t\t\t<div class=\"e-gallery-image elementor-gallery-item__image\" data-thumbnail=\"https:\/\/www.jgclassics.com\/wp-content\/uploads\/2023\/05\/20230508_133434-169x300.jpg\" data-width=\"169\" data-height=\"300\" aria-label=\"\" role=\"img\" ><\/div>\n\t\t\t\t\t\t\t\t\t\t\t<div class=\"elementor-gallery-item__overlay\"><\/div>\n\t\t\t\t\t\t\t\t\t\t\t\t\t\t<\/a>\n\t\t\t\t\t\t\t<a class=\"e-gallery-item elementor-gallery-item elementor-animated-content\" data-e-gallery-tags=\"3\" href=\"https:\/\/www.jgclassics.com\/wp-content\/uploads\/2023\/05\/20230508_133429-scaled.jpg\" data-elementor-open-lightbox=\"yes\" data-elementor-lightbox-slideshow=\"6232dff\" data-elementor-lightbox-title=\"BMW 323i E21 Barcelona\" data-elementor-lightbox-description=\"BMW 323i E21 Barcelona Maresme JG Classics. Disponible para alquiler, fotos, filmaciones, metrajes. BMW 323i E21 Barcelona\" data-e-action-hash=\"#elementor-action%3Aaction%3Dlightbox%26settings%3DeyJpZCI6MTQwMjksInVybCI6Imh0dHBzOlwvXC93d3cuamdjbGFzc2ljcy5jb21cL3dwLWNvbnRlbnRcL3VwbG9hZHNcLzIwMjNcLzA1XC8yMDIzMDUwOF8xMzM0Mjktc2NhbGVkLmpwZyIsInNsaWRlc2hvdyI6IjYyMzJkZmYifQ%3D%3D\">\n\t\t\t\t\t<div class=\"e-gallery-image elementor-gallery-item__image\" data-thumbnail=\"https:\/\/www.jgclassics.com\/wp-content\/uploads\/2023\/05\/20230508_133429-300x169.jpg\" data-width=\"300\" data-height=\"169\" aria-label=\"\" role=\"img\" ><\/div>\n\t\t\t\t\t\t\t\t\t\t\t<div class=\"elementor-gallery-item__overlay\"><\/div>\n\t\t\t\t\t\t\t\t\t\t\t\t\t\t<\/a>\n\t\t\t\t\t\t\t<a class=\"e-gallery-item elementor-gallery-item elementor-animated-content\" data-e-gallery-tags=\"3\" href=\"https:\/\/www.jgclassics.com\/wp-content\/uploads\/2023\/05\/20230508_133420-scaled.jpg\" data-elementor-open-lightbox=\"yes\" data-elementor-lightbox-slideshow=\"6232dff\" data-elementor-lightbox-title=\"BMW 323i E21 Barcelona\" data-elementor-lightbox-description=\"BMW 323i E21 Barcelona Maresme JG Classics. Disponible para alquiler, fotos, filmaciones, metrajes. BMW 323i E21 Barcelona\" data-e-action-hash=\"#elementor-action%3Aaction%3Dlightbox%26settings%3DeyJpZCI6MTQwMjYsInVybCI6Imh0dHBzOlwvXC93d3cuamdjbGFzc2ljcy5jb21cL3dwLWNvbnRlbnRcL3VwbG9hZHNcLzIwMjNcLzA1XC8yMDIzMDUwOF8xMzM0MjAtc2NhbGVkLmpwZyIsInNsaWRlc2hvdyI6IjYyMzJkZmYifQ%3D%3D\">\n\t\t\t\t\t<div class=\"e-gallery-image elementor-gallery-item__image\" data-thumbnail=\"https:\/\/www.jgclassics.com\/wp-content\/uploads\/2023\/05\/20230508_133420-300x169.jpg\" data-width=\"300\" data-height=\"169\" aria-label=\"\" role=\"img\" ><\/div>\n\t\t\t\t\t\t\t\t\t\t\t<div class=\"elementor-gallery-item__overlay\"><\/div>\n\t\t\t\t\t\t\t\t\t\t\t\t\t\t<\/a>\n\t\t\t\t\t\t\t<a class=\"e-gallery-item elementor-gallery-item elementor-animated-content\" data-e-gallery-tags=\"3\" href=\"https:\/\/www.jgclassics.com\/wp-content\/uploads\/2023\/05\/20230508_133416-scaled.jpg\" data-elementor-open-lightbox=\"yes\" data-elementor-lightbox-slideshow=\"6232dff\" data-elementor-lightbox-title=\"BMW 323i E21 Barcelona\" data-elementor-lightbox-description=\"BMW 323i E21 Barcelona Maresme JG Classics. Disponible para alquiler, fotos, filmaciones, metrajes. BMW 323i E21 Barcelona\" data-e-action-hash=\"#elementor-action%3Aaction%3Dlightbox%26settings%3DeyJpZCI6MTQwMjMsInVybCI6Imh0dHBzOlwvXC93d3cuamdjbGFzc2ljcy5jb21cL3dwLWNvbnRlbnRcL3VwbG9hZHNcLzIwMjNcLzA1XC8yMDIzMDUwOF8xMzM0MTYtc2NhbGVkLmpwZyIsInNsaWRlc2hvdyI6IjYyMzJkZmYifQ%3D%3D\">\n\t\t\t\t\t<div class=\"e-gallery-image elementor-gallery-item__image\" data-thumbnail=\"https:\/\/www.jgclassics.com\/wp-content\/uploads\/2023\/05\/20230508_133416-300x169.jpg\" data-width=\"300\" data-height=\"169\" aria-label=\"\" role=\"img\" ><\/div>\n\t\t\t\t\t\t\t\t\t\t\t<div class=\"elementor-gallery-item__overlay\"><\/div>\n\t\t\t\t\t\t\t\t\t\t\t\t\t\t<\/a>\n\t\t\t\t\t\t\t<a class=\"e-gallery-item elementor-gallery-item elementor-animated-content\" data-e-gallery-tags=\"3\" href=\"https:\/\/www.jgclassics.com\/wp-content\/uploads\/2023\/05\/20230508_133410-scaled.jpg\" data-elementor-open-lightbox=\"yes\" data-elementor-lightbox-slideshow=\"6232dff\" data-elementor-lightbox-title=\"BMW 323i E21 Barcelona\" data-elementor-lightbox-description=\"BMW 323i E21 Barcelona Maresme JG Classics. Disponible para alquiler, fotos, filmaciones, metrajes. BMW 323i E21 Barcelona\" data-e-action-hash=\"#elementor-action%3Aaction%3Dlightbox%26settings%3DeyJpZCI6MTQwMjAsInVybCI6Imh0dHBzOlwvXC93d3cuamdjbGFzc2ljcy5jb21cL3dwLWNvbnRlbnRcL3VwbG9hZHNcLzIwMjNcLzA1XC8yMDIzMDUwOF8xMzM0MTAtc2NhbGVkLmpwZyIsInNsaWRlc2hvdyI6IjYyMzJkZmYifQ%3D%3D\">\n\t\t\t\t\t<div class=\"e-gallery-image elementor-gallery-item__image\" data-thumbnail=\"https:\/\/www.jgclassics.com\/wp-content\/uploads\/2023\/05\/20230508_133410-169x300.jpg\" data-width=\"169\" data-height=\"300\" aria-label=\"\" role=\"img\" ><\/div>\n\t\t\t\t\t\t\t\t\t\t\t<div class=\"elementor-gallery-item__overlay\"><\/div>\n\t\t\t\t\t\t\t\t\t\t\t\t\t\t<\/a>\n\t\t\t\t\t\t\t<a class=\"e-gallery-item elementor-gallery-item elementor-animated-content\" data-e-gallery-tags=\"3\" href=\"https:\/\/www.jgclassics.com\/wp-content\/uploads\/2023\/05\/20230508_132955-scaled.jpg\" data-elementor-open-lightbox=\"yes\" data-elementor-lightbox-slideshow=\"6232dff\" data-elementor-lightbox-title=\"BMW 323i E21 Barcelona\" data-elementor-lightbox-description=\"BMW 323i E21 Barcelona Maresme JG Classics. Disponible para alquiler, fotos, filmaciones, metrajes. BMW 323i E21 Barcelona\" data-e-action-hash=\"#elementor-action%3Aaction%3Dlightbox%26settings%3DeyJpZCI6MTM5OTMsInVybCI6Imh0dHBzOlwvXC93d3cuamdjbGFzc2ljcy5jb21cL3dwLWNvbnRlbnRcL3VwbG9hZHNcLzIwMjNcLzA1XC8yMDIzMDUwOF8xMzI5NTUtc2NhbGVkLmpwZyIsInNsaWRlc2hvdyI6IjYyMzJkZmYifQ%3D%3D\">\n\t\t\t\t\t<div class=\"e-gallery-image elementor-gallery-item__image\" data-thumbnail=\"https:\/\/www.jgclassics.com\/wp-content\/uploads\/2023\/05\/20230508_132955-169x300.jpg\" data-width=\"169\" data-height=\"300\" aria-label=\"\" role=\"img\" ><\/div>\n\t\t\t\t\t\t\t\t\t\t\t<div class=\"elementor-gallery-item__overlay\"><\/div>\n\t\t\t\t\t\t\t\t\t\t\t\t\t\t<\/a>\n\t\t\t\t\t\t\t<a class=\"e-gallery-item elementor-gallery-item elementor-animated-content\" data-e-gallery-tags=\"3\" href=\"https:\/\/www.jgclassics.com\/wp-content\/uploads\/2023\/05\/20230508_132945-scaled.jpg\" data-elementor-open-lightbox=\"yes\" data-elementor-lightbox-slideshow=\"6232dff\" data-elementor-lightbox-title=\"BMW 323i E21 Barcelona\" data-elementor-lightbox-description=\"BMW 323i E21 Barcelona Maresme JG Classics. Disponible para alquiler, fotos, filmaciones, metrajes. BMW 323i E21 Barcelona\" data-e-action-hash=\"#elementor-action%3Aaction%3Dlightbox%26settings%3DeyJpZCI6MTM5OTAsInVybCI6Imh0dHBzOlwvXC93d3cuamdjbGFzc2ljcy5jb21cL3dwLWNvbnRlbnRcL3VwbG9hZHNcLzIwMjNcLzA1XC8yMDIzMDUwOF8xMzI5NDUtc2NhbGVkLmpwZyIsInNsaWRlc2hvdyI6IjYyMzJkZmYifQ%3D%3D\">\n\t\t\t\t\t<div class=\"e-gallery-image elementor-gallery-item__image\" data-thumbnail=\"https:\/\/www.jgclassics.com\/wp-content\/uploads\/2023\/05\/20230508_132945-300x169.jpg\" data-width=\"300\" data-height=\"169\" aria-label=\"\" role=\"img\" ><\/div>\n\t\t\t\t\t\t\t\t\t\t\t<div class=\"elementor-gallery-item__overlay\"><\/div>\n\t\t\t\t\t\t\t\t\t\t\t\t\t\t<\/a>\n\t\t\t\t\t\t\t<a class=\"e-gallery-item elementor-gallery-item elementor-animated-content\" data-e-gallery-tags=\"3\" href=\"https:\/\/www.jgclassics.com\/wp-content\/uploads\/2023\/05\/20230508_132940-scaled.jpg\" data-elementor-open-lightbox=\"yes\" data-elementor-lightbox-slideshow=\"6232dff\" data-elementor-lightbox-title=\"BMW 323i E21 Barcelona\" data-elementor-lightbox-description=\"BMW 323i E21 Barcelona Maresme JG Classics. Disponible para alquiler, fotos, filmaciones, metrajes. BMW 323i E21 Barcelona\" data-e-action-hash=\"#elementor-action%3Aaction%3Dlightbox%26settings%3DeyJpZCI6MTM5ODcsInVybCI6Imh0dHBzOlwvXC93d3cuamdjbGFzc2ljcy5jb21cL3dwLWNvbnRlbnRcL3VwbG9hZHNcLzIwMjNcLzA1XC8yMDIzMDUwOF8xMzI5NDAtc2NhbGVkLmpwZyIsInNsaWRlc2hvdyI6IjYyMzJkZmYifQ%3D%3D\">\n\t\t\t\t\t<div class=\"e-gallery-image elementor-gallery-item__image\" data-thumbnail=\"https:\/\/www.jgclassics.com\/wp-content\/uploads\/2023\/05\/20230508_132940-300x169.jpg\" data-width=\"300\" data-height=\"169\" aria-label=\"\" role=\"img\" ><\/div>\n\t\t\t\t\t\t\t\t\t\t\t<div class=\"elementor-gallery-item__overlay\"><\/div>\n\t\t\t\t\t\t\t\t\t\t\t\t\t\t<\/a>\n\t\t\t\t\t\t\t<a class=\"e-gallery-item elementor-gallery-item elementor-animated-content\" data-e-gallery-tags=\"3\" href=\"https:\/\/www.jgclassics.com\/wp-content\/uploads\/2023\/05\/20230508_132936-scaled.jpg\" data-elementor-open-lightbox=\"yes\" data-elementor-lightbox-slideshow=\"6232dff\" data-elementor-lightbox-title=\"BMW 323i E21 Barcelona\" data-elementor-lightbox-description=\"BMW 323i E21 Barcelona Maresme JG Classics. Disponible para alquiler, fotos, filmaciones, metrajes. BMW 323i E21 Barcelona\" data-e-action-hash=\"#elementor-action%3Aaction%3Dlightbox%26settings%3DeyJpZCI6MTM5ODQsInVybCI6Imh0dHBzOlwvXC93d3cuamdjbGFzc2ljcy5jb21cL3dwLWNvbnRlbnRcL3VwbG9hZHNcLzIwMjNcLzA1XC8yMDIzMDUwOF8xMzI5MzYtc2NhbGVkLmpwZyIsInNsaWRlc2hvdyI6IjYyMzJkZmYifQ%3D%3D\">\n\t\t\t\t\t<div class=\"e-gallery-image elementor-gallery-item__image\" data-thumbnail=\"https:\/\/www.jgclassics.com\/wp-content\/uploads\/2023\/05\/20230508_132936-300x169.jpg\" data-width=\"300\" data-height=\"169\" aria-label=\"\" role=\"img\" ><\/div>\n\t\t\t\t\t\t\t\t\t\t\t<div class=\"elementor-gallery-item__overlay\"><\/div>\n\t\t\t\t\t\t\t\t\t\t\t\t\t\t<\/a>\n\t\t\t\t\t\t\t<a class=\"e-gallery-item elementor-gallery-item elementor-animated-content\" data-e-gallery-tags=\"3\" href=\"https:\/\/www.jgclassics.com\/wp-content\/uploads\/2023\/05\/20230508_132427-scaled.jpg\" data-elementor-open-lightbox=\"yes\" data-elementor-lightbox-slideshow=\"6232dff\" data-elementor-lightbox-title=\"BMW 323i E21 Barcelona\" data-elementor-lightbox-description=\"BMW 323i E21 Barcelona Maresme JG Classics. Disponible para alquiler, fotos, filmaciones, metrajes. BMW 323i E21 Barcelona\" data-e-action-hash=\"#elementor-action%3Aaction%3Dlightbox%26settings%3DeyJpZCI6MTM5NTQsInVybCI6Imh0dHBzOlwvXC93d3cuamdjbGFzc2ljcy5jb21cL3dwLWNvbnRlbnRcL3VwbG9hZHNcLzIwMjNcLzA1XC8yMDIzMDUwOF8xMzI0Mjctc2NhbGVkLmpwZyIsInNsaWRlc2hvdyI6IjYyMzJkZmYifQ%3D%3D\">\n\t\t\t\t\t<div class=\"e-gallery-image elementor-gallery-item__image\" data-thumbnail=\"https:\/\/www.jgclassics.com\/wp-content\/uploads\/2023\/05\/20230508_132427-300x169.jpg\" data-width=\"300\" data-height=\"169\" aria-label=\"\" role=\"img\" ><\/div>\n\t\t\t\t\t\t\t\t\t\t\t<div class=\"elementor-gallery-item__overlay\"><\/div>\n\t\t\t\t\t\t\t\t\t\t\t\t\t\t<\/a>\n\t\t\t\t\t\t\t<a class=\"e-gallery-item elementor-gallery-item elementor-animated-content\" data-e-gallery-tags=\"3\" href=\"https:\/\/www.jgclassics.com\/wp-content\/uploads\/2023\/05\/20230508_132416-scaled.jpg\" data-elementor-open-lightbox=\"yes\" data-elementor-lightbox-slideshow=\"6232dff\" data-elementor-lightbox-title=\"BMW 323i E21 Barcelona\" data-elementor-lightbox-description=\"BMW 323i E21 Barcelona Maresme JG Classics. Disponible para alquiler, fotos, filmaciones, metrajes. BMW 323i E21 Barcelona\" data-e-action-hash=\"#elementor-action%3Aaction%3Dlightbox%26settings%3DeyJpZCI6MTM5NTEsInVybCI6Imh0dHBzOlwvXC93d3cuamdjbGFzc2ljcy5jb21cL3dwLWNvbnRlbnRcL3VwbG9hZHNcLzIwMjNcLzA1XC8yMDIzMDUwOF8xMzI0MTYtc2NhbGVkLmpwZyIsInNsaWRlc2hvdyI6IjYyMzJkZmYifQ%3D%3D\">\n\t\t\t\t\t<div class=\"e-gallery-image elementor-gallery-item__image\" data-thumbnail=\"https:\/\/www.jgclassics.com\/wp-content\/uploads\/2023\/05\/20230508_132416-300x169.jpg\" data-width=\"300\" data-height=\"169\" aria-label=\"\" role=\"img\" ><\/div>\n\t\t\t\t\t\t\t\t\t\t\t<div class=\"elementor-gallery-item__overlay\"><\/div>\n\t\t\t\t\t\t\t\t\t\t\t\t\t\t<\/a>\n\t\t\t\t\t\t\t<a class=\"e-gallery-item elementor-gallery-item elementor-animated-content\" data-e-gallery-tags=\"3\" href=\"https:\/\/www.jgclassics.com\/wp-content\/uploads\/2023\/05\/20230508_132409-scaled.jpg\" data-elementor-open-lightbox=\"yes\" data-elementor-lightbox-slideshow=\"6232dff\" data-elementor-lightbox-title=\"BMW 323i E21 Barcelona\" data-elementor-lightbox-description=\"BMW 323i E21 Barcelona Maresme JG Classics. Disponible para alquiler, fotos, filmaciones, metrajes. BMW 323i E21 Barcelona\" data-e-action-hash=\"#elementor-action%3Aaction%3Dlightbox%26settings%3DeyJpZCI6MTM5NDgsInVybCI6Imh0dHBzOlwvXC93d3cuamdjbGFzc2ljcy5jb21cL3dwLWNvbnRlbnRcL3VwbG9hZHNcLzIwMjNcLzA1XC8yMDIzMDUwOF8xMzI0MDktc2NhbGVkLmpwZyIsInNsaWRlc2hvdyI6IjYyMzJkZmYifQ%3D%3D\">\n\t\t\t\t\t<div class=\"e-gallery-image elementor-gallery-item__image\" data-thumbnail=\"https:\/\/www.jgclassics.com\/wp-content\/uploads\/2023\/05\/20230508_132409-300x169.jpg\" data-width=\"300\" data-height=\"169\" aria-label=\"\" role=\"img\" ><\/div>\n\t\t\t\t\t\t\t\t\t\t\t<div class=\"elementor-gallery-item__overlay\"><\/div>\n\t\t\t\t\t\t\t\t\t\t\t\t\t\t<\/a>\n\t\t\t\t\t\t\t<a class=\"e-gallery-item elementor-gallery-item elementor-animated-content\" data-e-gallery-tags=\"3\" href=\"https:\/\/www.jgclassics.com\/wp-content\/uploads\/2023\/05\/20230508_132355-scaled.jpg\" data-elementor-open-lightbox=\"yes\" data-elementor-lightbox-slideshow=\"6232dff\" data-elementor-lightbox-title=\"BMW 323i E21 Barcelona\" data-elementor-lightbox-description=\"BMW 323i E21 Barcelona Maresme JG Classics. Disponible para alquiler, fotos, filmaciones, metrajes. BMW 323i E21 Barcelona\" data-e-action-hash=\"#elementor-action%3Aaction%3Dlightbox%26settings%3DeyJpZCI6MTM5NDUsInVybCI6Imh0dHBzOlwvXC93d3cuamdjbGFzc2ljcy5jb21cL3dwLWNvbnRlbnRcL3VwbG9hZHNcLzIwMjNcLzA1XC8yMDIzMDUwOF8xMzIzNTUtc2NhbGVkLmpwZyIsInNsaWRlc2hvdyI6IjYyMzJkZmYifQ%3D%3D\">\n\t\t\t\t\t<div class=\"e-gallery-image elementor-gallery-item__image\" data-thumbnail=\"https:\/\/www.jgclassics.com\/wp-content\/uploads\/2023\/05\/20230508_132355-169x300.jpg\" data-width=\"169\" data-height=\"300\" aria-label=\"\" role=\"img\" ><\/div>\n\t\t\t\t\t\t\t\t\t\t\t<div class=\"elementor-gallery-item__overlay\"><\/div>\n\t\t\t\t\t\t\t\t\t\t\t\t\t\t<\/a>\n\t\t\t\t\t\t\t<a class=\"e-gallery-item elementor-gallery-item elementor-animated-content\" data-e-gallery-tags=\"3\" href=\"https:\/\/www.jgclassics.com\/wp-content\/uploads\/2023\/05\/20230508_132349-scaled.jpg\" data-elementor-open-lightbox=\"yes\" data-elementor-lightbox-slideshow=\"6232dff\" data-elementor-lightbox-title=\"BMW 323i E21 Barcelona\" data-elementor-lightbox-description=\"BMW 323i E21 Barcelona Maresme JG Classics. Disponible para alquiler, fotos, filmaciones, metrajes. BMW 323i E21 Barcelona\" data-e-action-hash=\"#elementor-action%3Aaction%3Dlightbox%26settings%3DeyJpZCI6MTM5NDIsInVybCI6Imh0dHBzOlwvXC93d3cuamdjbGFzc2ljcy5jb21cL3dwLWNvbnRlbnRcL3VwbG9hZHNcLzIwMjNcLzA1XC8yMDIzMDUwOF8xMzIzNDktc2NhbGVkLmpwZyIsInNsaWRlc2hvdyI6IjYyMzJkZmYifQ%3D%3D\">\n\t\t\t\t\t<div class=\"e-gallery-image elementor-gallery-item__image\" data-thumbnail=\"https:\/\/www.jgclassics.com\/wp-content\/uploads\/2023\/05\/20230508_132349-169x300.jpg\" data-width=\"169\" data-height=\"300\" aria-label=\"\" role=\"img\" ><\/div>\n\t\t\t\t\t\t\t\t\t\t\t<div class=\"elementor-gallery-item__overlay\"><\/div>\n\t\t\t\t\t\t\t\t\t\t\t\t\t\t<\/a>\n\t\t\t\t\t\t\t<a class=\"e-gallery-item elementor-gallery-item elementor-animated-content\" data-e-gallery-tags=\"3\" href=\"https:\/\/www.jgclassics.com\/wp-content\/uploads\/2023\/05\/20230508_132344-scaled.jpg\" data-elementor-open-lightbox=\"yes\" data-elementor-lightbox-slideshow=\"6232dff\" data-elementor-lightbox-title=\"BMW 323i E21 Barcelona\" data-elementor-lightbox-description=\"BMW 323i E21 Barcelona Maresme JG Classics. Disponible para alquiler, fotos, filmaciones, metrajes. BMW 323i E21 Barcelona\" data-e-action-hash=\"#elementor-action%3Aaction%3Dlightbox%26settings%3DeyJpZCI6MTM5MzksInVybCI6Imh0dHBzOlwvXC93d3cuamdjbGFzc2ljcy5jb21cL3dwLWNvbnRlbnRcL3VwbG9hZHNcLzIwMjNcLzA1XC8yMDIzMDUwOF8xMzIzNDQtc2NhbGVkLmpwZyIsInNsaWRlc2hvdyI6IjYyMzJkZmYifQ%3D%3D\">\n\t\t\t\t\t<div class=\"e-gallery-image elementor-gallery-item__image\" data-thumbnail=\"https:\/\/www.jgclassics.com\/wp-content\/uploads\/2023\/05\/20230508_132344-300x169.jpg\" data-width=\"300\" data-height=\"169\" aria-label=\"\" role=\"img\" ><\/div>\n\t\t\t\t\t\t\t\t\t\t\t<div class=\"elementor-gallery-item__overlay\"><\/div>\n\t\t\t\t\t\t\t\t\t\t\t\t\t\t<\/a>\n\t\t\t\t\t\t\t<a class=\"e-gallery-item elementor-gallery-item elementor-animated-content\" data-e-gallery-tags=\"3\" href=\"https:\/\/www.jgclassics.com\/wp-content\/uploads\/2023\/05\/20230508_132334-scaled.jpg\" data-elementor-open-lightbox=\"yes\" data-elementor-lightbox-slideshow=\"6232dff\" data-elementor-lightbox-title=\"BMW 323i E21 Barcelona\" data-elementor-lightbox-description=\"BMW 323i E21 Barcelona Maresme JG Classics. Disponible para alquiler, fotos, filmaciones, metrajes. BMW 323i E21 Barcelona\" data-e-action-hash=\"#elementor-action%3Aaction%3Dlightbox%26settings%3DeyJpZCI6MTM5MzYsInVybCI6Imh0dHBzOlwvXC93d3cuamdjbGFzc2ljcy5jb21cL3dwLWNvbnRlbnRcL3VwbG9hZHNcLzIwMjNcLzA1XC8yMDIzMDUwOF8xMzIzMzQtc2NhbGVkLmpwZyIsInNsaWRlc2hvdyI6IjYyMzJkZmYifQ%3D%3D\">\n\t\t\t\t\t<div class=\"e-gallery-image elementor-gallery-item__image\" data-thumbnail=\"https:\/\/www.jgclassics.com\/wp-content\/uploads\/2023\/05\/20230508_132334-300x169.jpg\" data-width=\"300\" data-height=\"169\" aria-label=\"\" role=\"img\" ><\/div>\n\t\t\t\t\t\t\t\t\t\t\t<div class=\"elementor-gallery-item__overlay\"><\/div>\n\t\t\t\t\t\t\t\t\t\t\t\t\t\t<\/a>\n\t\t\t\t\t\t\t<a class=\"e-gallery-item elementor-gallery-item elementor-animated-content\" data-e-gallery-tags=\"3\" href=\"https:\/\/www.jgclassics.com\/wp-content\/uploads\/2023\/05\/20230508_132330-scaled.jpg\" data-elementor-open-lightbox=\"yes\" data-elementor-lightbox-slideshow=\"6232dff\" data-elementor-lightbox-title=\"BMW 323i E21 Barcelona\" data-elementor-lightbox-description=\"BMW 323i E21 Barcelona Maresme JG Classics. Disponible para alquiler, fotos, filmaciones, metrajes. BMW 323i E21 Barcelona\" data-e-action-hash=\"#elementor-action%3Aaction%3Dlightbox%26settings%3DeyJpZCI6MTM5MzMsInVybCI6Imh0dHBzOlwvXC93d3cuamdjbGFzc2ljcy5jb21cL3dwLWNvbnRlbnRcL3VwbG9hZHNcLzIwMjNcLzA1XC8yMDIzMDUwOF8xMzIzMzAtc2NhbGVkLmpwZyIsInNsaWRlc2hvdyI6IjYyMzJkZmYifQ%3D%3D\">\n\t\t\t\t\t<div class=\"e-gallery-image elementor-gallery-item__image\" data-thumbnail=\"https:\/\/www.jgclassics.com\/wp-content\/uploads\/2023\/05\/20230508_132330-300x169.jpg\" data-width=\"300\" data-height=\"169\" aria-label=\"\" role=\"img\" ><\/div>\n\t\t\t\t\t\t\t\t\t\t\t<div class=\"elementor-gallery-item__overlay\"><\/div>\n\t\t\t\t\t\t\t\t\t\t\t\t\t\t<\/a>\n\t\t\t\t\t\t\t<a class=\"e-gallery-item elementor-gallery-item elementor-animated-content\" data-e-gallery-tags=\"3\" href=\"https:\/\/www.jgclassics.com\/wp-content\/uploads\/2023\/05\/20230508_132310-scaled.jpg\" data-elementor-open-lightbox=\"yes\" data-elementor-lightbox-slideshow=\"6232dff\" data-elementor-lightbox-title=\"BMW 323i E21 Barcelona\" data-elementor-lightbox-description=\"BMW 323i E21 Barcelona Maresme JG Classics. Disponible para alquiler, fotos, filmaciones, metrajes. BMW 323i E21 Barcelona\" data-e-action-hash=\"#elementor-action%3Aaction%3Dlightbox%26settings%3DeyJpZCI6MTM5MzAsInVybCI6Imh0dHBzOlwvXC93d3cuamdjbGFzc2ljcy5jb21cL3dwLWNvbnRlbnRcL3VwbG9hZHNcLzIwMjNcLzA1XC8yMDIzMDUwOF8xMzIzMTAtc2NhbGVkLmpwZyIsInNsaWRlc2hvdyI6IjYyMzJkZmYifQ%3D%3D\">\n\t\t\t\t\t<div class=\"e-gallery-image elementor-gallery-item__image\" data-thumbnail=\"https:\/\/www.jgclassics.com\/wp-content\/uploads\/2023\/05\/20230508_132310-300x169.jpg\" data-width=\"300\" data-height=\"169\" aria-label=\"\" role=\"img\" ><\/div>\n\t\t\t\t\t\t\t\t\t\t\t<div class=\"elementor-gallery-item__overlay\"><\/div>\n\t\t\t\t\t\t\t\t\t\t\t\t\t\t<\/a>\n\t\t\t\t\t\t\t<a class=\"e-gallery-item elementor-gallery-item elementor-animated-content\" data-e-gallery-tags=\"3\" href=\"https:\/\/www.jgclassics.com\/wp-content\/uploads\/2023\/05\/20230508_132302-scaled.jpg\" data-elementor-open-lightbox=\"yes\" data-elementor-lightbox-slideshow=\"6232dff\" data-elementor-lightbox-title=\"BMW 323i E21 Barcelona\" data-elementor-lightbox-description=\"BMW 323i E21 Barcelona Maresme JG Classics. Disponible para alquiler, fotos, filmaciones, metrajes. BMW 323i E21 Barcelona\" data-e-action-hash=\"#elementor-action%3Aaction%3Dlightbox%26settings%3DeyJpZCI6MTM5MjcsInVybCI6Imh0dHBzOlwvXC93d3cuamdjbGFzc2ljcy5jb21cL3dwLWNvbnRlbnRcL3VwbG9hZHNcLzIwMjNcLzA1XC8yMDIzMDUwOF8xMzIzMDItc2NhbGVkLmpwZyIsInNsaWRlc2hvdyI6IjYyMzJkZmYifQ%3D%3D\">\n\t\t\t\t\t<div class=\"e-gallery-image elementor-gallery-item__image\" data-thumbnail=\"https:\/\/www.jgclassics.com\/wp-content\/uploads\/2023\/05\/20230508_132302-169x300.jpg\" data-width=\"169\" data-height=\"300\" aria-label=\"\" role=\"img\" ><\/div>\n\t\t\t\t\t\t\t\t\t\t\t<div class=\"elementor-gallery-item__overlay\"><\/div>\n\t\t\t\t\t\t\t\t\t\t\t\t\t\t<\/a>\n\t\t\t\t\t\t\t<a class=\"e-gallery-item elementor-gallery-item elementor-animated-content\" data-e-gallery-tags=\"3\" href=\"https:\/\/www.jgclassics.com\/wp-content\/uploads\/2023\/05\/20230508_132246-scaled.jpg\" data-elementor-open-lightbox=\"yes\" data-elementor-lightbox-slideshow=\"6232dff\" data-elementor-lightbox-title=\"BMW 323i E21 Barcelona\" data-elementor-lightbox-description=\"BMW 323i E21 Barcelona Maresme JG Classics. Disponible para alquiler, fotos, filmaciones, metrajes. BMW 323i E21 Barcelona\" data-e-action-hash=\"#elementor-action%3Aaction%3Dlightbox%26settings%3DeyJpZCI6MTM5MjQsInVybCI6Imh0dHBzOlwvXC93d3cuamdjbGFzc2ljcy5jb21cL3dwLWNvbnRlbnRcL3VwbG9hZHNcLzIwMjNcLzA1XC8yMDIzMDUwOF8xMzIyNDYtc2NhbGVkLmpwZyIsInNsaWRlc2hvdyI6IjYyMzJkZmYifQ%3D%3D\">\n\t\t\t\t\t<div class=\"e-gallery-image elementor-gallery-item__image\" data-thumbnail=\"https:\/\/www.jgclassics.com\/wp-content\/uploads\/2023\/05\/20230508_132246-300x169.jpg\" data-width=\"300\" data-height=\"169\" aria-label=\"\" role=\"img\" ><\/div>\n\t\t\t\t\t\t\t\t\t\t\t<div class=\"elementor-gallery-item__overlay\"><\/div>\n\t\t\t\t\t\t\t\t\t\t\t\t\t\t<\/a>\n\t\t\t\t\t<\/div>\n\t\t\t\t\t<\/div>\n\t\t\t\t<\/div>\n\t\t\t\t<div class=\"elementor-element elementor-element-705df5c elementor-widget-divider--view-line_icon elementor-view-default elementor-widget-divider--element-align-center elementor-widget elementor-widget-divider\" data-id=\"705df5c\" data-element_type=\"widget\" data-e-type=\"widget\" data-widget_type=\"divider.default\">\n\t\t\t\t<div class=\"elementor-widget-container\">\n\t\t\t\t\t\t\t<div class=\"elementor-divider\">\n\t\t\t<span class=\"elementor-divider-separator\">\n\t\t\t\t\t\t\t<div class=\"elementor-icon elementor-divider__element\">\n\t\t\t\t\t<i aria-hidden=\"true\" class=\"fas fa-info-circle\"><\/i><\/div>\n\t\t\t\t\t\t<\/span>\n\t\t<\/div>\n\t\t\t\t\t\t<\/div>\n\t\t\t\t<\/div>\n\t\t\t\t\t<\/div>\n\t\t<\/div>\n\t\t\t\t\t<\/div>\n\t\t<\/section>\n\t\t\t\t<section data-particle_enable=\"false\" data-particle-mobile-disabled=\"false\" class=\"elementor-section elementor-top-section elementor-element elementor-element-22267b6 elementor-section-boxed elementor-section-height-default elementor-section-height-default\" data-id=\"22267b6\" data-element_type=\"section\" data-e-type=\"section\">\n\t\t\t\t\t\t<div class=\"elementor-container elementor-column-gap-default\">\n\t\t\t\t\t<div class=\"elementor-column elementor-col-100 elementor-top-column elementor-element elementor-element-953806b\" data-id=\"953806b\" data-element_type=\"column\" data-e-type=\"column\">\n\t\t\t<div class=\"elementor-widget-wrap elementor-element-populated\">\n\t\t\t\t\t\t<div class=\"elementor-element elementor-element-d86216d elementor-widget elementor-widget-heading\" data-id=\"d86216d\" data-element_type=\"widget\" data-e-type=\"widget\" data-widget_type=\"heading.default\">\n\t\t\t\t<div class=\"elementor-widget-container\">\n\t\t\t\t\t<h2 class=\"elementor-heading-title elementor-size-default\">Medium-term plan for our BMW 323i<\/h2>\t\t\t\t<\/div>\n\t\t\t\t<\/div>\n\t\t\t\t\t<\/div>\n\t\t<\/div>\n\t\t\t\t\t<\/div>\n\t\t<\/section>\n\t\t\t\t<section data-particle_enable=\"false\" data-particle-mobile-disabled=\"false\" class=\"elementor-section elementor-top-section elementor-element elementor-element-e13ca2e elementor-section-boxed elementor-section-height-default elementor-section-height-default\" data-id=\"e13ca2e\" data-element_type=\"section\" data-e-type=\"section\">\n\t\t\t\t\t\t<div class=\"elementor-container elementor-column-gap-default\">\n\t\t\t\t\t<div class=\"elementor-column elementor-col-100 elementor-top-column elementor-element elementor-element-51ad361\" data-id=\"51ad361\" data-element_type=\"column\" data-e-type=\"column\">\n\t\t\t<div class=\"elementor-widget-wrap elementor-element-populated\">\n\t\t\t\t\t\t<div class=\"elementor-element elementor-element-ceea96f elementor-widget__width-initial elementor-widget elementor-widget-text-editor\" data-id=\"ceea96f\" data-element_type=\"widget\" data-e-type=\"widget\" data-widget_type=\"text-editor.default\">\n\t\t\t\t<div class=\"elementor-widget-container\">\n\t\t\t\t\t\t\t\t\t<p>In the medium term, we have plans to improve this vehicle. This particular unit used to have installed air conditioning as standard, and the entire interior of the car&#8217;s installation is still complete. Also, the compressor is still there and in fact, besides some small material, only the condenser and two pipes are missing. If we do not find such condenser as standard OEM, we will be able to have it manufactured by a specialist<a href=\"https:\/\/radiadorssoler.com\/\" target=\"_blank\" rel=\"noopener\">(Radiadores Soler<\/a>, for example, is one of them) so we plan to hopefully have the air conditioner operational again.<\/p>\n<p>Two improvements we also have on the pipeline are:<\/p>\n<ul>\n<li><span style=\"font-style: inherit; font-weight: inherit;\">The complete replacement of the cylinder head (we already have a completely restored one, rectified in the shop, with new valves, seals, and new overhauled camshafts). Then we will take the opportunity to make a complete &#8220;overhaul&#8221; of the whole engine<\/span>.<\/li>\n<li><span style=\"font-style: inherit; font-weight: inherit;\">The power steering installation: We were really lucky to find a hydralic power steering rack for this original BMW car -it existed as an option but very rare to find owadays- and we plan to install it (obviously together with the corresponding hydraulic pump and pipes, parts that can still be found new from the BMW dealer).<\/span><\/li>\n<\/ul>\n\t\t\t\t\t\t\t\t<\/div>\n\t\t\t\t<\/div>\n\t\t\t\t\t<\/div>\n\t\t<\/div>\n\t\t\t\t\t<\/div>\n\t\t<\/section>\n\t\t\t\t<section data-particle_enable=\"false\" data-particle-mobile-disabled=\"false\" class=\"elementor-section elementor-top-section elementor-element elementor-element-a2e4cdd elementor-section-boxed elementor-section-height-default elementor-section-height-default\" data-id=\"a2e4cdd\" data-element_type=\"section\" data-e-type=\"section\">\n\t\t\t\t\t\t<div class=\"elementor-container elementor-column-gap-default\">\n\t\t\t\t\t<div class=\"elementor-column elementor-col-100 elementor-top-column elementor-element elementor-element-544c0bc\" data-id=\"544c0bc\" data-element_type=\"column\" data-e-type=\"column\">\n\t\t\t<div class=\"elementor-widget-wrap\">\n\t\t\t\t\t\t\t<\/div>\n\t\t<\/div>\n\t\t\t\t\t<\/div>\n\t\t<\/section>\n\t\t\t\t<section data-particle_enable=\"false\" data-particle-mobile-disabled=\"false\" class=\"elementor-section elementor-top-section elementor-element elementor-element-5002c93 elementor-section-boxed elementor-section-height-default elementor-section-height-default\" data-id=\"5002c93\" data-element_type=\"section\" data-e-type=\"section\">\n\t\t\t\t\t\t<div class=\"elementor-container elementor-column-gap-default\">\n\t\t\t\t\t<div class=\"elementor-column elementor-col-100 elementor-top-column elementor-element elementor-element-a18ebf8\" data-id=\"a18ebf8\" data-element_type=\"column\" data-e-type=\"column\">\n\t\t\t<div class=\"elementor-widget-wrap elementor-element-populated\">\n\t\t\t\t\t\t<div class=\"elementor-element elementor-element-0b33ce4 elementor-widget__width-inherit e-transform elementor-widget-mobile__width-inherit elementor--h-position-center elementor--v-position-middle elementor-arrows-position-inside elementor-pagination-position-inside elementor-widget elementor-widget-slides\" data-id=\"0b33ce4\" data-element_type=\"widget\" data-e-type=\"widget\" data-settings=\"{&quot;autoplay_speed&quot;:3000,&quot;_transform_scale_effect&quot;:{&quot;unit&quot;:&quot;px&quot;,&quot;size&quot;:0.7,&quot;sizes&quot;:[]},&quot;_transform_scale_effect_mobile&quot;:{&quot;unit&quot;:&quot;px&quot;,&quot;size&quot;:0.28,&quot;sizes&quot;:[]},&quot;navigation&quot;:&quot;both&quot;,&quot;autoplay&quot;:&quot;yes&quot;,&quot;pause_on_hover&quot;:&quot;yes&quot;,&quot;pause_on_interaction&quot;:&quot;yes&quot;,&quot;infinite&quot;:&quot;yes&quot;,&quot;transition&quot;:&quot;slide&quot;,&quot;transition_speed&quot;:500,&quot;_transform_scale_effect_tablet&quot;:{&quot;unit&quot;:&quot;px&quot;,&quot;size&quot;:&quot;&quot;,&quot;sizes&quot;:[]}}\" data-widget_type=\"slides.default\">\n\t\t\t\t<div class=\"elementor-widget-container\">\n\t\t\t\t\t\t\t\t\t<div class=\"elementor-swiper\">\n\t\t\t\t\t<div class=\"elementor-slides-wrapper elementor-main-swiper swiper\" role=\"region\" aria-roledescription=\"carousel\" aria-label=\"Slides\" dir=\"ltr\" data-animation=\"fadeInUp\">\n\t\t\t\t<div class=\"swiper-wrapper elementor-slides\">\n\t\t\t\t\t\t\t\t\t\t<div class=\"elementor-repeater-item-7a662cc swiper-slide\" role=\"group\" aria-roledescription=\"slide\"><div class=\"swiper-slide-bg\" role=\"img\" aria-label=\"BMW 323i E21 interior. BMW 323i E21 Barcelona Maresme\"><\/div><div class=\"swiper-slide-inner\" ><div class=\"swiper-slide-contents\"><\/div><\/div><\/div>\t\t\t\t<\/div>\n\t\t\t\t\t\t\t<\/div>\n\t\t\t\t<\/div>\n\t\t\t\t\t\t\t\t<\/div>\n\t\t\t\t<\/div>\n\t\t\t\t\t<\/div>\n\t\t<\/div>\n\t\t\t\t\t<\/div>\n\t\t<\/section>\n\t\t\t\t<section data-particle_enable=\"false\" data-particle-mobile-disabled=\"false\" class=\"elementor-section elementor-top-section elementor-element elementor-element-97658bd elementor-section-boxed elementor-section-height-default elementor-section-height-default\" data-id=\"97658bd\" data-element_type=\"section\" data-e-type=\"section\">\n\t\t\t\t\t\t<div class=\"elementor-container elementor-column-gap-default\">\n\t\t\t\t\t<div class=\"elementor-column elementor-col-100 elementor-top-column elementor-element elementor-element-0b5d315\" data-id=\"0b5d315\" data-element_type=\"column\" data-e-type=\"column\">\n\t\t\t<div class=\"elementor-widget-wrap elementor-element-populated\">\n\t\t\t\t\t\t<div class=\"elementor-element elementor-element-d776ae9 elementor-widget elementor-widget-heading\" data-id=\"d776ae9\" data-element_type=\"widget\" data-e-type=\"widget\" data-widget_type=\"heading.default\">\n\t\t\t\t<div class=\"elementor-widget-container\">\n\t\t\t\t\t<h2 class=\"elementor-heading-title elementor-size-default\">BMW 323i E21 - History<\/h2>\t\t\t\t<\/div>\n\t\t\t\t<\/div>\n\t\t\t\t\t<\/div>\n\t\t<\/div>\n\t\t\t\t\t<\/div>\n\t\t<\/section>\n\t\t\t\t<section data-particle_enable=\"false\" data-particle-mobile-disabled=\"false\" class=\"elementor-section elementor-top-section elementor-element elementor-element-697f5f5 elementor-section-boxed elementor-section-height-default elementor-section-height-default\" data-id=\"697f5f5\" data-element_type=\"section\" data-e-type=\"section\">\n\t\t\t\t\t\t<div class=\"elementor-container elementor-column-gap-default\">\n\t\t\t\t\t<div class=\"elementor-column elementor-col-50 elementor-top-column elementor-element elementor-element-1f2ff0c\" data-id=\"1f2ff0c\" data-element_type=\"column\" data-e-type=\"column\">\n\t\t\t<div class=\"elementor-widget-wrap elementor-element-populated\">\n\t\t\t\t\t\t<div class=\"elementor-element elementor-element-6068042 elementor-widget__width-initial elementor-widget elementor-widget-text-editor\" data-id=\"6068042\" data-element_type=\"widget\" data-e-type=\"widget\" data-widget_type=\"text-editor.default\">\n\t\t\t\t<div class=\"elementor-widget-container\">\n\t\t\t\t\t\t\t\t\t<p>The part of BMW&#8217;s history that impacts -directly or indirectly- the 3 series, could be said that it started in 1959. That was a bad year for the company. Due to the drop in sales of its high-end <a href=\"https:\/\/en.wikipedia.org\/wiki\/BMW_501\" target=\"_blank\" rel=\"noopener\">BMW 501<\/a> model and the low commercial margins of its smaller models, BMW came close to financial bankruptcy and absorption by its competitor Daimer Benz. And it was in that year that Herbert and <a href=\"https:\/\/es.wikipedia.org\/wiki\/Harald_Quandt\" target=\"_blank\" rel=\"noopener\">Harald Quant<\/a>, sons of German businessman G\u00fcnther Quandt, acquired a majority stake in the company, which generated an injection of capital that enabled the company to refloat and maintain itself as an autonomous entity. It was at that time that the small <a href=\"https:\/\/www.jgclassics.com\/wp-content\/uploads\/2023\/05\/bmw700_2.jpg\">700 model<\/a> was released, followed by the commercially successful <a href=\"https:\/\/www.jgclassics.com\/wp-content\/uploads\/2023\/05\/bmw_1500.jpg\">BMW 1500<\/a> sedan, products that saved the company.<\/p>\n\t\t\t\t\t\t\t\t<\/div>\n\t\t\t\t<\/div>\n\t\t\t\t\t<\/div>\n\t\t<\/div>\n\t\t\t\t<div class=\"elementor-column elementor-col-50 elementor-top-column elementor-element elementor-element-80b23fd\" data-id=\"80b23fd\" data-element_type=\"column\" data-e-type=\"column\">\n\t\t\t<div class=\"elementor-widget-wrap elementor-element-populated\">\n\t\t\t\t\t\t<div class=\"elementor-element elementor-element-b5d35b2 elementor-widget__width-initial elementor-widget elementor-widget-image\" data-id=\"b5d35b2\" data-element_type=\"widget\" data-e-type=\"widget\" data-widget_type=\"image.default\">\n\t\t\t\t<div class=\"elementor-widget-container\">\n\t\t\t\t\t\t\t\t\t\t\t\t\t\t\t\t<a href=\"https:\/\/www.jgclassics.com\/wp-content\/uploads\/2023\/05\/bmw_1500.jpg\" data-elementor-open-lightbox=\"yes\" data-elementor-lightbox-title=\"BMW model 1500\" data-e-action-hash=\"#elementor-action%3Aaction%3Dlightbox%26settings%3DeyJpZCI6MTQwODAsInVybCI6Imh0dHBzOlwvXC93d3cuamdjbGFzc2ljcy5jb21cL3dwLWNvbnRlbnRcL3VwbG9hZHNcLzIwMjNcLzA1XC9ibXdfMTUwMC5qcGcifQ%3D%3D\">\n\t\t\t\t\t\t\t<img loading=\"lazy\" decoding=\"async\" width=\"300\" height=\"186\" src=\"https:\/\/www.jgclassics.com\/wp-content\/uploads\/2023\/05\/bmw_1500-300x186.jpg\" class=\"attachment-medium size-medium wp-image-14080\" alt=\"BMW model 1500\" srcset=\"https:\/\/www.jgclassics.com\/wp-content\/uploads\/2023\/05\/bmw_1500-300x186.jpg 300w, https:\/\/www.jgclassics.com\/wp-content\/uploads\/2023\/05\/bmw_1500.jpg 758w\" sizes=\"(max-width: 300px) 100vw, 300px\" \/>\t\t\t\t\t\t\t\t<\/a>\n\t\t\t\t\t\t\t\t\t\t\t\t\t\t\t<\/div>\n\t\t\t\t<\/div>\n\t\t\t\t<div class=\"elementor-element elementor-element-7cb25f8 elementor-widget elementor-widget-image\" data-id=\"7cb25f8\" data-element_type=\"widget\" data-e-type=\"widget\" data-widget_type=\"image.default\">\n\t\t\t\t<div class=\"elementor-widget-container\">\n\t\t\t\t\t\t\t\t\t\t\t\t\t\t\t\t<a href=\"https:\/\/www.jgclassics.com\/wp-content\/uploads\/2023\/05\/BMW1500_Interior.jpg\" data-elementor-open-lightbox=\"yes\" data-elementor-lightbox-title=\"BMW model 1500 interior\" data-e-action-hash=\"#elementor-action%3Aaction%3Dlightbox%26settings%3DeyJpZCI6MTQwODMsInVybCI6Imh0dHBzOlwvXC93d3cuamdjbGFzc2ljcy5jb21cL3dwLWNvbnRlbnRcL3VwbG9hZHNcLzIwMjNcLzA1XC9CTVcxNTAwX0ludGVyaW9yLmpwZyJ9\">\n\t\t\t\t\t\t\t<img loading=\"lazy\" decoding=\"async\" width=\"300\" height=\"157\" src=\"https:\/\/www.jgclassics.com\/wp-content\/uploads\/2023\/05\/BMW1500_Interior-300x157.jpg\" class=\"attachment-medium size-medium wp-image-14083\" alt=\"BMW model 1500 interior\" srcset=\"https:\/\/www.jgclassics.com\/wp-content\/uploads\/2023\/05\/BMW1500_Interior-300x157.jpg 300w, https:\/\/www.jgclassics.com\/wp-content\/uploads\/2023\/05\/BMW1500_Interior.jpg 624w\" sizes=\"(max-width: 300px) 100vw, 300px\" \/>\t\t\t\t\t\t\t\t<\/a>\n\t\t\t\t\t\t\t\t\t\t\t\t\t\t\t<\/div>\n\t\t\t\t<\/div>\n\t\t\t\t\t<\/div>\n\t\t<\/div>\n\t\t\t\t\t<\/div>\n\t\t<\/section>\n\t\t\t\t<section data-particle_enable=\"false\" data-particle-mobile-disabled=\"false\" class=\"elementor-section elementor-top-section elementor-element elementor-element-e3cbc80 elementor-section-boxed elementor-section-height-default elementor-section-height-default\" data-id=\"e3cbc80\" data-element_type=\"section\" data-e-type=\"section\">\n\t\t\t\t\t\t<div class=\"elementor-container elementor-column-gap-default\">\n\t\t\t\t\t<div class=\"elementor-column elementor-col-100 elementor-top-column elementor-element elementor-element-2024f60\" data-id=\"2024f60\" data-element_type=\"column\" data-e-type=\"column\">\n\t\t\t<div class=\"elementor-widget-wrap elementor-element-populated\">\n\t\t\t\t\t\t<div class=\"elementor-element elementor-element-128eccc elementor-widget elementor-widget-gallery\" data-id=\"128eccc\" data-element_type=\"widget\" data-e-type=\"widget\" data-settings=\"{&quot;columns&quot;:3,&quot;columns_mobile&quot;:3,&quot;overlay_title&quot;:&quot;caption&quot;,&quot;lazyload&quot;:&quot;yes&quot;,&quot;gallery_layout&quot;:&quot;grid&quot;,&quot;columns_tablet&quot;:2,&quot;gap&quot;:{&quot;unit&quot;:&quot;px&quot;,&quot;size&quot;:10,&quot;sizes&quot;:[]},&quot;gap_tablet&quot;:{&quot;unit&quot;:&quot;px&quot;,&quot;size&quot;:10,&quot;sizes&quot;:[]},&quot;gap_mobile&quot;:{&quot;unit&quot;:&quot;px&quot;,&quot;size&quot;:10,&quot;sizes&quot;:[]},&quot;link_to&quot;:&quot;file&quot;,&quot;aspect_ratio&quot;:&quot;3:2&quot;,&quot;overlay_background&quot;:&quot;yes&quot;,&quot;content_hover_animation&quot;:&quot;fade-in&quot;}\" data-widget_type=\"gallery.default\">\n\t\t\t\t<div class=\"elementor-widget-container\">\n\t\t\t\t\t\t\t<div class=\"elementor-gallery__container\">\n\t\t\t\t\t\t\t<a class=\"e-gallery-item elementor-gallery-item elementor-animated-content\" href=\"https:\/\/www.jgclassics.com\/wp-content\/uploads\/2023\/05\/BMW700_4-scaled.jpg\" data-elementor-open-lightbox=\"yes\" data-elementor-lightbox-slideshow=\"128eccc\" data-elementor-lightbox-title=\"BMW modelo 700\" data-e-action-hash=\"#elementor-action%3Aaction%3Dlightbox%26settings%3DeyJpZCI6MTQwOTIsInVybCI6Imh0dHBzOlwvXC93d3cuamdjbGFzc2ljcy5jb21cL3dwLWNvbnRlbnRcL3VwbG9hZHNcLzIwMjNcLzA1XC9CTVc3MDBfNC1zY2FsZWQuanBnIiwic2xpZGVzaG93IjoiMTI4ZWNjYyJ9\">\n\t\t\t\t\t<div class=\"e-gallery-image elementor-gallery-item__image\" data-thumbnail=\"https:\/\/www.jgclassics.com\/wp-content\/uploads\/2023\/05\/BMW700_4-300x181.jpg\" data-width=\"300\" data-height=\"181\" aria-label=\"\" role=\"img\" ><\/div>\n\t\t\t\t\t\t\t\t\t\t\t<div class=\"elementor-gallery-item__overlay\"><\/div>\n\t\t\t\t\t\t\t\t\t\t\t\t\t\t\t<div class=\"elementor-gallery-item__content\">\n\t\t\t\t\t\t\t\t\t\t\t\t\t\t<div class=\"elementor-gallery-item__title\">\n\t\t\t\t\t\t\t\t\t\t\t\t\t\t\t\t\t\tBMW modelo 700\t\t\t\t\t\t\t\t<\/div>\n\t\t\t\t\t\t\t\t\t\t\t\t<\/div>\n\t\t\t\t\t\t\t\t\t<\/a>\n\t\t\t\t\t\t\t<a class=\"e-gallery-item elementor-gallery-item elementor-animated-content\" href=\"https:\/\/www.jgclassics.com\/wp-content\/uploads\/2023\/05\/bmw700_2.jpg\" data-elementor-open-lightbox=\"yes\" data-elementor-lightbox-slideshow=\"128eccc\" data-elementor-lightbox-title=\"BMW modelo 700\" data-e-action-hash=\"#elementor-action%3Aaction%3Dlightbox%26settings%3DeyJpZCI6MTQwODksInVybCI6Imh0dHBzOlwvXC93d3cuamdjbGFzc2ljcy5jb21cL3dwLWNvbnRlbnRcL3VwbG9hZHNcLzIwMjNcLzA1XC9ibXc3MDBfMi5qcGciLCJzbGlkZXNob3ciOiIxMjhlY2NjIn0%3D\">\n\t\t\t\t\t<div class=\"e-gallery-image elementor-gallery-item__image\" data-thumbnail=\"https:\/\/www.jgclassics.com\/wp-content\/uploads\/2023\/05\/bmw700_2-300x198.jpg\" data-width=\"300\" data-height=\"198\" aria-label=\"\" role=\"img\" ><\/div>\n\t\t\t\t\t\t\t\t\t\t\t<div class=\"elementor-gallery-item__overlay\"><\/div>\n\t\t\t\t\t\t\t\t\t\t\t\t\t\t\t<div class=\"elementor-gallery-item__content\">\n\t\t\t\t\t\t\t\t\t\t\t\t\t\t<div class=\"elementor-gallery-item__title\">\n\t\t\t\t\t\t\t\t\t\t\t\t\t\t\t\t\t\tBMW modelo 700\t\t\t\t\t\t\t\t<\/div>\n\t\t\t\t\t\t\t\t\t\t\t\t<\/div>\n\t\t\t\t\t\t\t\t\t<\/a>\n\t\t\t\t\t\t\t<a class=\"e-gallery-item elementor-gallery-item elementor-animated-content\" href=\"https:\/\/www.jgclassics.com\/wp-content\/uploads\/2023\/05\/bmw700.webp\" data-elementor-open-lightbox=\"yes\" data-elementor-lightbox-slideshow=\"128eccc\" data-elementor-lightbox-title=\"BMW modelo 700\" data-e-action-hash=\"#elementor-action%3Aaction%3Dlightbox%26settings%3DeyJpZCI6MTQwODYsInVybCI6Imh0dHBzOlwvXC93d3cuamdjbGFzc2ljcy5jb21cL3dwLWNvbnRlbnRcL3VwbG9hZHNcLzIwMjNcLzA1XC9ibXc3MDAud2VicCIsInNsaWRlc2hvdyI6IjEyOGVjY2MifQ%3D%3D\">\n\t\t\t\t\t<div class=\"e-gallery-image elementor-gallery-item__image\" data-thumbnail=\"https:\/\/www.jgclassics.com\/wp-content\/uploads\/2023\/05\/bmw700-300x169.webp\" data-width=\"300\" data-height=\"169\" aria-label=\"\" role=\"img\" ><\/div>\n\t\t\t\t\t\t\t\t\t\t\t<div class=\"elementor-gallery-item__overlay\"><\/div>\n\t\t\t\t\t\t\t\t\t\t\t\t\t\t\t<div class=\"elementor-gallery-item__content\">\n\t\t\t\t\t\t\t\t\t\t\t\t\t\t<div class=\"elementor-gallery-item__title\">\n\t\t\t\t\t\t\t\t\t\t\t\t\t\t\t\t\t\tBMW modelo 700\t\t\t\t\t\t\t\t<\/div>\n\t\t\t\t\t\t\t\t\t\t\t\t<\/div>\n\t\t\t\t\t\t\t\t\t<\/a>\n\t\t\t\t\t<\/div>\n\t\t\t\t\t<\/div>\n\t\t\t\t<\/div>\n\t\t\t\t\t<\/div>\n\t\t<\/div>\n\t\t\t\t\t<\/div>\n\t\t<\/section>\n\t\t\t\t<section data-particle_enable=\"false\" data-particle-mobile-disabled=\"false\" class=\"elementor-section elementor-top-section elementor-element elementor-element-c8b8568 elementor-section-boxed elementor-section-height-default elementor-section-height-default\" data-id=\"c8b8568\" data-element_type=\"section\" data-e-type=\"section\">\n\t\t\t\t\t\t<div class=\"elementor-container elementor-column-gap-default\">\n\t\t\t\t\t<div class=\"elementor-column elementor-col-100 elementor-top-column elementor-element elementor-element-18060c7\" data-id=\"18060c7\" data-element_type=\"column\" data-e-type=\"column\">\n\t\t\t<div class=\"elementor-widget-wrap elementor-element-populated\">\n\t\t\t\t\t\t<div class=\"elementor-element elementor-element-6790c56 elementor-widget elementor-widget-text-editor\" data-id=\"6790c56\" data-element_type=\"widget\" data-e-type=\"widget\" data-widget_type=\"text-editor.default\">\n\t\t\t\t<div class=\"elementor-widget-container\">\n\t\t\t\t\t\t\t\t\t<p>In 1962, with the <a href=\"https:\/\/en.wikipedia.org\/wiki\/BMW_New_Class\" target=\"_blank\" rel=\"noopener\">New Class Sedan<\/a> product line BMW began to recover its reputation as a manufacturer of sports-oriented cars.<\/p>\n\t\t\t\t\t\t\t\t<\/div>\n\t\t\t\t<\/div>\n\t\t\t\t\t<\/div>\n\t\t<\/div>\n\t\t\t\t\t<\/div>\n\t\t<\/section>\n\t\t\t\t<section data-particle_enable=\"false\" data-particle-mobile-disabled=\"false\" class=\"elementor-section elementor-top-section elementor-element elementor-element-39db4bb elementor-section-boxed elementor-section-height-default elementor-section-height-default\" data-id=\"39db4bb\" data-element_type=\"section\" data-e-type=\"section\">\n\t\t\t\t\t\t<div class=\"elementor-container elementor-column-gap-default\">\n\t\t\t\t\t<div class=\"elementor-column elementor-col-33 elementor-top-column elementor-element elementor-element-356a839\" data-id=\"356a839\" data-element_type=\"column\" data-e-type=\"column\">\n\t\t\t<div class=\"elementor-widget-wrap elementor-element-populated\">\n\t\t\t\t\t\t<div class=\"elementor-element elementor-element-b1902b1 elementor-widget__width-initial elementor-widget elementor-widget-image\" data-id=\"b1902b1\" data-element_type=\"widget\" data-e-type=\"widget\" data-widget_type=\"image.default\">\n\t\t\t\t<div class=\"elementor-widget-container\">\n\t\t\t\t\t\t\t\t\t\t\t\t\t\t\t\t<a href=\"https:\/\/www.jgclassics.com\/wp-content\/uploads\/2023\/05\/bmw2002.jpg\" data-elementor-open-lightbox=\"yes\" data-elementor-lightbox-title=\"BMW 2002 Turbo\" data-e-action-hash=\"#elementor-action%3Aaction%3Dlightbox%26settings%3DeyJpZCI6MTQwOTgsInVybCI6Imh0dHBzOlwvXC93d3cuamdjbGFzc2ljcy5jb21cL3dwLWNvbnRlbnRcL3VwbG9hZHNcLzIwMjNcLzA1XC9ibXcyMDAyLmpwZyJ9\">\n\t\t\t\t\t\t\t<img loading=\"lazy\" decoding=\"async\" width=\"300\" height=\"200\" src=\"https:\/\/www.jgclassics.com\/wp-content\/uploads\/2023\/05\/bmw2002-300x200.jpg\" class=\"attachment-medium size-medium wp-image-14098\" alt=\"BMW 2002 Turbo\" srcset=\"https:\/\/www.jgclassics.com\/wp-content\/uploads\/2023\/05\/bmw2002-300x200.jpg 300w, https:\/\/www.jgclassics.com\/wp-content\/uploads\/2023\/05\/bmw2002-768x512.jpg 768w, https:\/\/www.jgclassics.com\/wp-content\/uploads\/2023\/05\/bmw2002.jpg 800w\" sizes=\"(max-width: 300px) 100vw, 300px\" \/>\t\t\t\t\t\t\t\t<\/a>\n\t\t\t\t\t\t\t\t\t\t\t\t\t\t\t<\/div>\n\t\t\t\t<\/div>\n\t\t\t\t\t<\/div>\n\t\t<\/div>\n\t\t\t\t<div class=\"elementor-column elementor-col-33 elementor-top-column elementor-element elementor-element-b5dcb9c\" data-id=\"b5dcb9c\" data-element_type=\"column\" data-e-type=\"column\">\n\t\t\t<div class=\"elementor-widget-wrap elementor-element-populated\">\n\t\t\t\t\t\t<div class=\"elementor-element elementor-element-758ec67 elementor-widget elementor-widget-text-editor\" data-id=\"758ec67\" data-element_type=\"widget\" data-e-type=\"widget\" data-widget_type=\"text-editor.default\">\n\t\t\t\t<div class=\"elementor-widget-container\">\n\t\t\t\t\t\t\t\t\t<p>During the 1960s a few coupe models were released, followed by the 6 series (1968) and, from 1966, <a href=\"https:\/\/en.wikipedia.org\/wiki\/BMW_02_Series\" target=\"_blank\" rel=\"noopener\">the 02 series<\/a> (1502, 1602, 2002). And it&#8217;s at the end of the commercial life of the 02 series, when BMW considered its modernization, presented in June 1975 in Munich the new 03 series, called E21.<\/p>\n\t\t\t\t\t\t\t\t<\/div>\n\t\t\t\t<\/div>\n\t\t\t\t\t<\/div>\n\t\t<\/div>\n\t\t\t\t<div class=\"elementor-column elementor-col-33 elementor-top-column elementor-element elementor-element-4b00211\" data-id=\"4b00211\" data-element_type=\"column\" data-e-type=\"column\">\n\t\t\t<div class=\"elementor-widget-wrap elementor-element-populated\">\n\t\t\t\t\t\t<div class=\"elementor-element elementor-element-f73aa14 elementor-widget elementor-widget-image\" data-id=\"f73aa14\" data-element_type=\"widget\" data-e-type=\"widget\" data-widget_type=\"image.default\">\n\t\t\t\t<div class=\"elementor-widget-container\">\n\t\t\t\t\t\t\t\t\t\t\t\t\t\t\t\t<a href=\"https:\/\/www.jgclassics.com\/wp-content\/uploads\/2023\/05\/bmw_serie_02.jpg\" data-elementor-open-lightbox=\"yes\" data-elementor-lightbox-title=\"BMW 2002\" data-e-action-hash=\"#elementor-action%3Aaction%3Dlightbox%26settings%3DeyJpZCI6MTQwOTUsInVybCI6Imh0dHBzOlwvXC93d3cuamdjbGFzc2ljcy5jb21cL3dwLWNvbnRlbnRcL3VwbG9hZHNcLzIwMjNcLzA1XC9ibXdfc2VyaWVfMDIuanBnIn0%3D\">\n\t\t\t\t\t\t\t<img loading=\"lazy\" decoding=\"async\" width=\"900\" height=\"587\" src=\"https:\/\/www.jgclassics.com\/wp-content\/uploads\/2023\/05\/bmw_serie_02.jpg\" class=\"attachment-large size-large wp-image-14095\" alt=\"BMW 2002\" srcset=\"https:\/\/www.jgclassics.com\/wp-content\/uploads\/2023\/05\/bmw_serie_02.jpg 900w, https:\/\/www.jgclassics.com\/wp-content\/uploads\/2023\/05\/bmw_serie_02-300x196.jpg 300w, https:\/\/www.jgclassics.com\/wp-content\/uploads\/2023\/05\/bmw_serie_02-768x501.jpg 768w\" sizes=\"(max-width: 900px) 100vw, 900px\" \/>\t\t\t\t\t\t\t\t<\/a>\n\t\t\t\t\t\t\t\t\t\t\t\t\t\t\t<\/div>\n\t\t\t\t<\/div>\n\t\t\t\t\t<\/div>\n\t\t<\/div>\n\t\t\t\t\t<\/div>\n\t\t<\/section>\n\t\t\t\t<section data-particle_enable=\"false\" data-particle-mobile-disabled=\"false\" class=\"elementor-section elementor-top-section elementor-element elementor-element-2700aba elementor-section-boxed elementor-section-height-default elementor-section-height-default\" data-id=\"2700aba\" data-element_type=\"section\" data-e-type=\"section\">\n\t\t\t\t\t\t<div class=\"elementor-container elementor-column-gap-default\">\n\t\t\t\t\t<div class=\"elementor-column elementor-col-100 elementor-top-column elementor-element elementor-element-ef31074\" data-id=\"ef31074\" data-element_type=\"column\" data-e-type=\"column\">\n\t\t\t<div class=\"elementor-widget-wrap elementor-element-populated\">\n\t\t\t\t\t\t<div class=\"elementor-element elementor-element-66ab418 elementor-widget elementor-widget-heading\" data-id=\"66ab418\" data-element_type=\"widget\" data-e-type=\"widget\" data-widget_type=\"heading.default\">\n\t\t\t\t<div class=\"elementor-widget-container\">\n\t\t\t\t\t<h2 class=\"elementor-heading-title elementor-size-default\">BMW 3 series E21 : The heritage of the 02 series and the E12 series<\/h2>\t\t\t\t<\/div>\n\t\t\t\t<\/div>\n\t\t\t\t\t<\/div>\n\t\t<\/div>\n\t\t\t\t\t<\/div>\n\t\t<\/section>\n\t\t\t\t<section data-particle_enable=\"false\" data-particle-mobile-disabled=\"false\" class=\"elementor-section elementor-top-section elementor-element elementor-element-be1c6d3 elementor-section-boxed elementor-section-height-default elementor-section-height-default\" data-id=\"be1c6d3\" data-element_type=\"section\" data-e-type=\"section\">\n\t\t\t\t\t\t<div class=\"elementor-container elementor-column-gap-default\">\n\t\t\t\t\t<div class=\"elementor-column elementor-col-50 elementor-top-column elementor-element elementor-element-1f1dbd1\" data-id=\"1f1dbd1\" data-element_type=\"column\" data-e-type=\"column\">\n\t\t\t<div class=\"elementor-widget-wrap elementor-element-populated\">\n\t\t\t\t\t\t<div class=\"elementor-element elementor-element-36e7c8d elementor-widget__width-initial elementor-widget elementor-widget-text-editor\" data-id=\"36e7c8d\" data-element_type=\"widget\" data-e-type=\"widget\" data-widget_type=\"text-editor.default\">\n\t\t\t\t<div class=\"elementor-widget-container\">\n\t\t\t\t\t\t\t\t\t<p>The E21 owes its shape to <a href=\"https:\/\/makia.la\/paul-bracq-el-frances-que-redefinio-el-diseno-de-autos-alemanes\/\" target=\"_blank\" rel=\"noopener\">Paul Bracq<\/a>, being the design possibly a mix between the 2002 re-styling, and the kidney grilles of the <a href=\"https:\/\/es.wikipedia.org\/wiki\/BMW_E12\" target=\"_blank\" rel=\"noopener\">BMW E12 5 Series<\/a>.<\/p>\n<p>Whatever the perspective you use to see it, the car had some well-defined characteristics, which were going to be forever in the future associated with the 3 Series, even until today: good performance, sportiness, a very careful design &#8211; and a certain exclusivity &#8211; and in short, the idea of &#8220;a car to be driven&#8221; as the basic concept of the product.<\/p>\n\t\t\t\t\t\t\t\t<\/div>\n\t\t\t\t<\/div>\n\t\t\t\t\t<\/div>\n\t\t<\/div>\n\t\t\t\t<div class=\"elementor-column elementor-col-50 elementor-top-column elementor-element elementor-element-a9e7bb0\" data-id=\"a9e7bb0\" data-element_type=\"column\" data-e-type=\"column\">\n\t\t\t<div class=\"elementor-widget-wrap elementor-element-populated\">\n\t\t\t\t\t\t<div class=\"elementor-element elementor-element-35e3ef5 elementor-widget__width-initial elementor-widget elementor-widget-image\" data-id=\"35e3ef5\" data-element_type=\"widget\" data-e-type=\"widget\" data-widget_type=\"image.default\">\n\t\t\t\t<div class=\"elementor-widget-container\">\n\t\t\t\t\t\t\t\t\t\t\t\t\t\t\t\t<a href=\"https:\/\/www.jgclassics.com\/wp-content\/uploads\/2023\/05\/e21-diseno.jpeg\" data-elementor-open-lightbox=\"yes\" data-elementor-lightbox-title=\"BMW Design sketches\" data-e-action-hash=\"#elementor-action%3Aaction%3Dlightbox%26settings%3DeyJpZCI6MTQxMDEsInVybCI6Imh0dHBzOlwvXC93d3cuamdjbGFzc2ljcy5jb21cL3dwLWNvbnRlbnRcL3VwbG9hZHNcLzIwMjNcLzA1XC9lMjEtZGlzZW5vLmpwZWcifQ%3D%3D\">\n\t\t\t\t\t\t\t<img loading=\"lazy\" decoding=\"async\" width=\"768\" height=\"529\" src=\"https:\/\/www.jgclassics.com\/wp-content\/uploads\/2023\/05\/e21-diseno-768x529.jpeg\" class=\"attachment-medium_large size-medium_large wp-image-14101\" alt=\"BMW Design sketches\" srcset=\"https:\/\/www.jgclassics.com\/wp-content\/uploads\/2023\/05\/e21-diseno-768x529.jpeg 768w, https:\/\/www.jgclassics.com\/wp-content\/uploads\/2023\/05\/e21-diseno-300x207.jpeg 300w, https:\/\/www.jgclassics.com\/wp-content\/uploads\/2023\/05\/e21-diseno.jpeg 900w\" sizes=\"(max-width: 768px) 100vw, 768px\" \/>\t\t\t\t\t\t\t\t<\/a>\n\t\t\t\t\t\t\t\t\t\t\t\t\t\t\t<\/div>\n\t\t\t\t<\/div>\n\t\t\t\t\t<\/div>\n\t\t<\/div>\n\t\t\t\t\t<\/div>\n\t\t<\/section>\n\t\t\t\t<section data-particle_enable=\"false\" data-particle-mobile-disabled=\"false\" class=\"elementor-section elementor-top-section elementor-element elementor-element-1b6c31d elementor-section-boxed elementor-section-height-default elementor-section-height-default\" data-id=\"1b6c31d\" data-element_type=\"section\" data-e-type=\"section\">\n\t\t\t\t\t\t<div class=\"elementor-container elementor-column-gap-default\">\n\t\t\t\t\t<div class=\"elementor-column elementor-col-100 elementor-top-column elementor-element elementor-element-5d2cb7d\" data-id=\"5d2cb7d\" data-element_type=\"column\" data-e-type=\"column\">\n\t\t\t<div class=\"elementor-widget-wrap elementor-element-populated\">\n\t\t\t\t\t\t<div class=\"elementor-element elementor-element-eb74fae elementor-widget-divider--view-line_icon elementor-view-default elementor-widget-divider--element-align-center elementor-widget elementor-widget-divider\" data-id=\"eb74fae\" data-element_type=\"widget\" data-e-type=\"widget\" data-widget_type=\"divider.default\">\n\t\t\t\t<div class=\"elementor-widget-container\">\n\t\t\t\t\t\t\t<div class=\"elementor-divider\">\n\t\t\t<span class=\"elementor-divider-separator\">\n\t\t\t\t\t\t\t<div class=\"elementor-icon elementor-divider__element\">\n\t\t\t\t\t<i aria-hidden=\"true\" class=\"fas fa-info-circle\"><\/i><\/div>\n\t\t\t\t\t\t<\/span>\n\t\t<\/div>\n\t\t\t\t\t\t<\/div>\n\t\t\t\t<\/div>\n\t\t\t\t\t<\/div>\n\t\t<\/div>\n\t\t\t\t\t<\/div>\n\t\t<\/section>\n\t\t\t\t<section data-particle_enable=\"false\" data-particle-mobile-disabled=\"false\" class=\"elementor-section elementor-top-section elementor-element elementor-element-39899b3 elementor-section-boxed elementor-section-height-default elementor-section-height-default\" data-id=\"39899b3\" data-element_type=\"section\" data-e-type=\"section\">\n\t\t\t\t\t\t<div class=\"elementor-container elementor-column-gap-default\">\n\t\t\t\t\t<div class=\"elementor-column elementor-col-100 elementor-top-column elementor-element elementor-element-12117e4\" data-id=\"12117e4\" data-element_type=\"column\" data-e-type=\"column\">\n\t\t\t<div class=\"elementor-widget-wrap elementor-element-populated\">\n\t\t\t\t\t\t<div class=\"elementor-element elementor-element-f1350c3 elementor-widget elementor-widget-heading\" data-id=\"f1350c3\" data-element_type=\"widget\" data-e-type=\"widget\" data-widget_type=\"heading.default\">\n\t\t\t\t<div class=\"elementor-widget-container\">\n\t\t\t\t\t<h2 class=\"elementor-heading-title elementor-size-default\">Console turned to the driver<\/h2>\t\t\t\t<\/div>\n\t\t\t\t<\/div>\n\t\t\t\t\t<\/div>\n\t\t<\/div>\n\t\t\t\t\t<\/div>\n\t\t<\/section>\n\t\t\t\t<section data-particle_enable=\"false\" data-particle-mobile-disabled=\"false\" class=\"elementor-section elementor-top-section elementor-element elementor-element-ea7ad78 elementor-section-boxed elementor-section-height-default elementor-section-height-default\" data-id=\"ea7ad78\" data-element_type=\"section\" data-e-type=\"section\">\n\t\t\t\t\t\t<div class=\"elementor-container elementor-column-gap-default\">\n\t\t\t\t\t<div class=\"elementor-column elementor-col-50 elementor-top-column elementor-element elementor-element-5ecfaed\" data-id=\"5ecfaed\" data-element_type=\"column\" data-e-type=\"column\" data-settings=\"{&quot;background_background&quot;:&quot;classic&quot;}\">\n\t\t\t<div class=\"elementor-widget-wrap elementor-element-populated\">\n\t\t\t\t\t\t<div class=\"elementor-element elementor-element-4d12b2a elementor-widget__width-initial elementor-widget elementor-widget-image\" data-id=\"4d12b2a\" data-element_type=\"widget\" data-e-type=\"widget\" data-widget_type=\"image.default\">\n\t\t\t\t<div class=\"elementor-widget-container\">\n\t\t\t\t\t\t\t\t\t\t\t\t<figure class=\"wp-caption\">\n\t\t\t\t\t\t\t\t\t\t\t<a href=\"https:\/\/www.jgclassics.com\/wp-content\/uploads\/2023\/05\/20230506_201757-scaled.jpg\" data-elementor-open-lightbox=\"yes\" data-elementor-lightbox-title=\"BMW 323i E21 Barcelona\" data-elementor-lightbox-description=\"BMW 323i E21 Barcelona Maresme JG Classics. Available for rental, photos, filming, footage. BMW 323i E21 Barcelona\" data-e-action-hash=\"#elementor-action%3Aaction%3Dlightbox%26settings%3DeyJpZCI6MTM4NjQsInVybCI6Imh0dHBzOlwvXC93d3cuamdjbGFzc2ljcy5jb21cL3dwLWNvbnRlbnRcL3VwbG9hZHNcLzIwMjNcLzA1XC8yMDIzMDUwNl8yMDE3NTctc2NhbGVkLmpwZyJ9\">\n\t\t\t\t\t\t\t<img loading=\"lazy\" decoding=\"async\" width=\"768\" height=\"432\" src=\"https:\/\/www.jgclassics.com\/wp-content\/uploads\/2023\/05\/20230506_201757-768x432.jpg\" class=\"attachment-medium_large size-medium_large wp-image-13864\" alt=\"BMW 323i E21 1981 Barcelona Maresme. Classic car rental BMW Barcelona\" srcset=\"https:\/\/www.jgclassics.com\/wp-content\/uploads\/2023\/05\/20230506_201757-768x432.jpg 768w, https:\/\/www.jgclassics.com\/wp-content\/uploads\/2023\/05\/20230506_201757-300x169.jpg 300w, https:\/\/www.jgclassics.com\/wp-content\/uploads\/2023\/05\/20230506_201757-1024x576.jpg 1024w, https:\/\/www.jgclassics.com\/wp-content\/uploads\/2023\/05\/20230506_201757-1536x864.jpg 1536w, https:\/\/www.jgclassics.com\/wp-content\/uploads\/2023\/05\/20230506_201757-2048x1152.jpg 2048w\" sizes=\"(max-width: 768px) 100vw, 768px\" \/>\t\t\t\t\t\t\t\t<\/a>\n\t\t\t\t\t\t\t\t\t\t\t<figcaption class=\"widget-image-caption wp-caption-text\">BMW 3 series E21. Driver-oriented console<\/figcaption>\n\t\t\t\t\t\t\t\t\t\t<\/figure>\n\t\t\t\t\t\t\t\t\t<\/div>\n\t\t\t\t<\/div>\n\t\t\t\t\t<\/div>\n\t\t<\/div>\n\t\t\t\t<div class=\"elementor-column elementor-col-50 elementor-top-column elementor-element elementor-element-261b0b0\" data-id=\"261b0b0\" data-element_type=\"column\" data-e-type=\"column\" data-settings=\"{&quot;background_background&quot;:&quot;classic&quot;}\">\n\t\t\t<div class=\"elementor-widget-wrap elementor-element-populated\">\n\t\t\t\t\t\t<div class=\"elementor-element elementor-element-b3fd52e elementor-widget__width-initial elementor-widget elementor-widget-text-editor\" data-id=\"b3fd52e\" data-element_type=\"widget\" data-e-type=\"widget\" data-widget_type=\"text-editor.default\">\n\t\t\t\t<div class=\"elementor-widget-container\">\n\t\t\t\t\t\t\t\t\t<p><span style=\"font-size: 16px;\">The BMW 3-series was the first car in which the center console was directly oriented towards the driver. This feature transmitted the product image that it was a car designed &#8220;<strong>to be driven<\/strong>&#8221; or in other words, <strong>the vehicle and its driver were one and the same thing<\/strong>.<\/span><\/p>\n<p><span style=\"font-size: 16px;\"> This characteristic has become one of the identity signs of BMW cars, and has not only remained up to nowadays, but has been replicated by many other manufacturers.<\/span><\/p>\n\t\t\t\t\t\t\t\t<\/div>\n\t\t\t\t<\/div>\n\t\t\t\t\t<\/div>\n\t\t<\/div>\n\t\t\t\t\t<\/div>\n\t\t<\/section>\n\t\t\t\t<section data-particle_enable=\"false\" data-particle-mobile-disabled=\"false\" class=\"elementor-section elementor-top-section elementor-element elementor-element-0d40efe elementor-section-boxed elementor-section-height-default elementor-section-height-default\" data-id=\"0d40efe\" data-element_type=\"section\" data-e-type=\"section\">\n\t\t\t\t\t\t<div class=\"elementor-container elementor-column-gap-default\">\n\t\t\t\t\t<div class=\"elementor-column elementor-col-100 elementor-top-column elementor-element elementor-element-51e5974\" data-id=\"51e5974\" data-element_type=\"column\" data-e-type=\"column\">\n\t\t\t<div class=\"elementor-widget-wrap elementor-element-populated\">\n\t\t\t\t\t\t<div class=\"elementor-element elementor-element-07c3a65 elementor-widget-divider--view-line elementor-widget elementor-widget-divider\" data-id=\"07c3a65\" data-element_type=\"widget\" data-e-type=\"widget\" data-widget_type=\"divider.default\">\n\t\t\t\t<div class=\"elementor-widget-container\">\n\t\t\t\t\t\t\t<div class=\"elementor-divider\">\n\t\t\t<span class=\"elementor-divider-separator\">\n\t\t\t\t\t\t<\/span>\n\t\t<\/div>\n\t\t\t\t\t\t<\/div>\n\t\t\t\t<\/div>\n\t\t\t\t\t<\/div>\n\t\t<\/div>\n\t\t\t\t\t<\/div>\n\t\t<\/section>\n\t\t\t\t<section data-particle_enable=\"false\" data-particle-mobile-disabled=\"false\" class=\"elementor-section elementor-top-section elementor-element elementor-element-75122c3 elementor-section-boxed elementor-section-height-default elementor-section-height-default\" data-id=\"75122c3\" data-element_type=\"section\" data-e-type=\"section\">\n\t\t\t\t\t\t<div class=\"elementor-container elementor-column-gap-default\">\n\t\t\t\t\t<div class=\"elementor-column elementor-col-100 elementor-top-column elementor-element elementor-element-43f23c4\" data-id=\"43f23c4\" data-element_type=\"column\" data-e-type=\"column\">\n\t\t\t<div class=\"elementor-widget-wrap elementor-element-populated\">\n\t\t\t\t\t\t<div class=\"elementor-element elementor-element-bce353f elementor-widget elementor-widget-heading\" data-id=\"bce353f\" data-element_type=\"widget\" data-e-type=\"widget\" data-widget_type=\"heading.default\">\n\t\t\t\t<div class=\"elementor-widget-container\">\n\t\t\t\t\t<h2 class=\"elementor-heading-title elementor-size-default\">BMW E21 : Powertrains and mechanics<\/h2>\t\t\t\t<\/div>\n\t\t\t\t<\/div>\n\t\t\t\t\t<\/div>\n\t\t<\/div>\n\t\t\t\t\t<\/div>\n\t\t<\/section>\n\t\t\t\t<section data-particle_enable=\"false\" data-particle-mobile-disabled=\"false\" class=\"elementor-section elementor-top-section elementor-element elementor-element-a204fa8 elementor-section-boxed elementor-section-height-default elementor-section-height-default\" data-id=\"a204fa8\" data-element_type=\"section\" data-e-type=\"section\">\n\t\t\t\t\t\t<div class=\"elementor-container elementor-column-gap-default\">\n\t\t\t\t\t<div class=\"elementor-column elementor-col-100 elementor-top-column elementor-element elementor-element-411fc19\" data-id=\"411fc19\" data-element_type=\"column\" data-e-type=\"column\">\n\t\t\t<div class=\"elementor-widget-wrap elementor-element-populated\">\n\t\t\t\t\t\t<div class=\"elementor-element elementor-element-27f9fa6 elementor-widget elementor-widget-text-editor\" data-id=\"27f9fa6\" data-element_type=\"widget\" data-e-type=\"widget\" data-widget_type=\"text-editor.default\">\n\t\t\t\t<div class=\"elementor-widget-container\">\n\t\t\t\t\t\t\t\t\t<p>The BMW 3-series E21 originally had four-cylinder engines in versions 1500 1600 1800, 1800i , 2000, 2000i (with the engine called <a href=\"https:\/\/es.wikipedia.org\/wiki\/BMW_M10\" target=\"_blank\" rel=\"noopener\">M10<\/a>, which provided performances of 75, 90, 98, 105, 109, and 125 hp). This engine was already present in previous 02 series models. But since the E21 was a heavier car than its predecessor, the new models showed poorer performance compared to their 02 counterparts of the preceding decade.<\/p>\n<p>This is why BMW developed the <a href=\"https:\/\/en.wikipedia.org\/wiki\/BMW_M20\" target=\"_blank\" rel=\"noopener\">M20<\/a> engine, an inline 6-cylinder which, although similar to the engines of the brand&#8217;s larger sedans, was developed as a lighter and more compact version capable of being housed in the chassis of the 3 Series. This engine had two versions, a 1990 cc version powered by a <a href=\"https:\/\/www.bmwclasicos.com\/foro\/threads\/3245\/\" target=\"_blank\" rel=\"noopener\">Solex 4A1<\/a> carburetor <a href=\"https:\/\/www.bmwclasicos.com\/foro\/threads\/3245\/\" target=\"_blank\" rel=\"noopener\">,<\/a> and a 2318 cc version powered by the Bosch <a href=\"https:\/\/www.kfz-tech.de\/Span\/Biblio\/Benzin-Einspritzung\/K-Jetronic.htm\" target=\"_blank\" rel=\"noopener\">K-jetronic<\/a> injection system.<\/p>\n<p>The brakes were power-assisted, rotor\/drum brakes, except for the 323i version, which was equipped with four-wheel rotor brakes.<\/p>\n<p>There were four possible available transmission types:<\/p>\n<ul>\n<li>4-speed gearboxes<\/li>\n<li>ECO (or OVERDRIVE) 5-speed gearbox &#8211; which is simply the classic gearbox with a ratio of less than 1 for 5th gear<\/li>\n<li>5-speed SPORT gearbox (first gear backwards and a 5th gear with 1:1 ratio)<\/li>\n<li>3-speed automatic gearbox.<\/li>\n<\/ul>\n\t\t\t\t\t\t\t\t<\/div>\n\t\t\t\t<\/div>\n\t\t\t\t\t<\/div>\n\t\t<\/div>\n\t\t\t\t\t<\/div>\n\t\t<\/section>\n\t\t\t\t<section data-particle_enable=\"false\" data-particle-mobile-disabled=\"false\" class=\"elementor-section elementor-top-section elementor-element elementor-element-32b7dcd elementor-section-boxed elementor-section-height-default elementor-section-height-default\" data-id=\"32b7dcd\" data-element_type=\"section\" data-e-type=\"section\">\n\t\t\t\t\t\t<div class=\"elementor-container elementor-column-gap-default\">\n\t\t\t\t\t<div class=\"elementor-column elementor-col-100 elementor-top-column elementor-element elementor-element-8360ac7\" data-id=\"8360ac7\" data-element_type=\"column\" data-e-type=\"column\">\n\t\t\t<div class=\"elementor-widget-wrap elementor-element-populated\">\n\t\t\t\t\t\t<div class=\"elementor-element elementor-element-aacd5d2 elementor-widget elementor-widget-gallery\" data-id=\"aacd5d2\" data-element_type=\"widget\" data-e-type=\"widget\" data-settings=\"{&quot;columns_mobile&quot;:2,&quot;overlay_title&quot;:&quot;title&quot;,&quot;lazyload&quot;:&quot;yes&quot;,&quot;gallery_layout&quot;:&quot;grid&quot;,&quot;columns&quot;:4,&quot;columns_tablet&quot;:2,&quot;gap&quot;:{&quot;unit&quot;:&quot;px&quot;,&quot;size&quot;:10,&quot;sizes&quot;:[]},&quot;gap_tablet&quot;:{&quot;unit&quot;:&quot;px&quot;,&quot;size&quot;:10,&quot;sizes&quot;:[]},&quot;gap_mobile&quot;:{&quot;unit&quot;:&quot;px&quot;,&quot;size&quot;:10,&quot;sizes&quot;:[]},&quot;link_to&quot;:&quot;file&quot;,&quot;aspect_ratio&quot;:&quot;3:2&quot;,&quot;overlay_background&quot;:&quot;yes&quot;,&quot;content_hover_animation&quot;:&quot;fade-in&quot;}\" data-widget_type=\"gallery.default\">\n\t\t\t\t<div class=\"elementor-widget-container\">\n\t\t\t\t\t\t\t<div class=\"elementor-gallery__container\">\n\t\t\t\t\t\t\t<a class=\"e-gallery-item elementor-gallery-item elementor-animated-content\" href=\"https:\/\/www.jgclassics.com\/wp-content\/uploads\/2023\/05\/BMW_motor_M10.jpeg\" data-elementor-open-lightbox=\"yes\" data-elementor-lightbox-slideshow=\"aacd5d2\" data-elementor-lightbox-title=\"BMW Motor M10 4 cilindros\" data-e-action-hash=\"#elementor-action%3Aaction%3Dlightbox%26settings%3DeyJpZCI6MTQxMTMsInVybCI6Imh0dHBzOlwvXC93d3cuamdjbGFzc2ljcy5jb21cL3dwLWNvbnRlbnRcL3VwbG9hZHNcLzIwMjNcLzA1XC9CTVdfbW90b3JfTTEwLmpwZWciLCJzbGlkZXNob3ciOiJhYWNkNWQyIn0%3D\">\n\t\t\t\t\t<div class=\"e-gallery-image elementor-gallery-item__image\" data-thumbnail=\"https:\/\/www.jgclassics.com\/wp-content\/uploads\/2023\/05\/BMW_motor_M10-300x225.jpeg\" data-width=\"300\" data-height=\"225\" aria-label=\"\" role=\"img\" ><\/div>\n\t\t\t\t\t\t\t\t\t\t\t<div class=\"elementor-gallery-item__overlay\"><\/div>\n\t\t\t\t\t\t\t\t\t\t\t\t\t\t\t<div class=\"elementor-gallery-item__content\">\n\t\t\t\t\t\t\t\t\t\t\t\t\t\t<div class=\"elementor-gallery-item__title\">\n\t\t\t\t\t\t\t\t\t\t\t\t\t\t\t\t\t\tBMW Motor M10 4 cilindros\t\t\t\t\t\t\t\t<\/div>\n\t\t\t\t\t\t\t\t\t\t\t\t<\/div>\n\t\t\t\t\t\t\t\t\t<\/a>\n\t\t\t\t\t\t\t<a class=\"e-gallery-item elementor-gallery-item elementor-animated-content\" href=\"https:\/\/www.jgclassics.com\/wp-content\/uploads\/2023\/05\/BMW-Motor-M20.webp\" data-elementor-open-lightbox=\"yes\" data-elementor-lightbox-slideshow=\"aacd5d2\" data-elementor-lightbox-title=\"BMW Motor M20 6 cilindros\" data-e-action-hash=\"#elementor-action%3Aaction%3Dlightbox%26settings%3DeyJpZCI6MTQxMTAsInVybCI6Imh0dHBzOlwvXC93d3cuamdjbGFzc2ljcy5jb21cL3dwLWNvbnRlbnRcL3VwbG9hZHNcLzIwMjNcLzA1XC9CTVctTW90b3ItTTIwLndlYnAiLCJzbGlkZXNob3ciOiJhYWNkNWQyIn0%3D\">\n\t\t\t\t\t<div class=\"e-gallery-image elementor-gallery-item__image\" data-thumbnail=\"https:\/\/www.jgclassics.com\/wp-content\/uploads\/2023\/05\/BMW-Motor-M20-300x235.webp\" data-width=\"300\" data-height=\"235\" aria-label=\"\" role=\"img\" ><\/div>\n\t\t\t\t\t\t\t\t\t\t\t<div class=\"elementor-gallery-item__overlay\"><\/div>\n\t\t\t\t\t\t\t\t\t\t\t\t\t\t\t<div class=\"elementor-gallery-item__content\">\n\t\t\t\t\t\t\t\t\t\t\t\t\t\t<div class=\"elementor-gallery-item__title\">\n\t\t\t\t\t\t\t\t\t\t\t\t\t\t\t\t\t\tBMW Motor M20 6 cilindros\t\t\t\t\t\t\t\t<\/div>\n\t\t\t\t\t\t\t\t\t\t\t\t<\/div>\n\t\t\t\t\t\t\t\t\t<\/a>\n\t\t\t\t\t\t\t<a class=\"e-gallery-item elementor-gallery-item elementor-animated-content\" href=\"https:\/\/www.jgclassics.com\/wp-content\/uploads\/2023\/05\/BMW_E21_M20_engine_320_carb.jpg\" data-elementor-open-lightbox=\"yes\" data-elementor-lightbox-slideshow=\"aacd5d2\" data-elementor-lightbox-title=\"BMW Motor M20 6 cilindros carburaci\u00f3n\" data-e-action-hash=\"#elementor-action%3Aaction%3Dlightbox%26settings%3DeyJpZCI6MTQxMDcsInVybCI6Imh0dHBzOlwvXC93d3cuamdjbGFzc2ljcy5jb21cL3dwLWNvbnRlbnRcL3VwbG9hZHNcLzIwMjNcLzA1XC9CTVdfRTIxX00yMF9lbmdpbmVfMzIwX2NhcmIuanBnIiwic2xpZGVzaG93IjoiYWFjZDVkMiJ9\">\n\t\t\t\t\t<div class=\"e-gallery-image elementor-gallery-item__image\" data-thumbnail=\"https:\/\/www.jgclassics.com\/wp-content\/uploads\/2023\/05\/BMW_E21_M20_engine_320_carb-300x232.jpg\" data-width=\"300\" data-height=\"232\" aria-label=\"\" role=\"img\" ><\/div>\n\t\t\t\t\t\t\t\t\t\t\t<div class=\"elementor-gallery-item__overlay\"><\/div>\n\t\t\t\t\t\t\t\t\t\t\t\t\t\t\t<div class=\"elementor-gallery-item__content\">\n\t\t\t\t\t\t\t\t\t\t\t\t\t\t<div class=\"elementor-gallery-item__title\">\n\t\t\t\t\t\t\t\t\t\t\t\t\t\t\t\t\t\tBMW Motor M20 6 cilindros carburaci\u00f3n\t\t\t\t\t\t\t\t<\/div>\n\t\t\t\t\t\t\t\t\t\t\t\t<\/div>\n\t\t\t\t\t\t\t\t\t<\/a>\n\t\t\t\t\t\t\t<a class=\"e-gallery-item elementor-gallery-item elementor-animated-content\" href=\"https:\/\/www.jgclassics.com\/wp-content\/uploads\/2023\/05\/BMW_E21_M20_engine_323_fuel_injection.jpg\" data-elementor-open-lightbox=\"yes\" data-elementor-lightbox-slideshow=\"aacd5d2\" data-elementor-lightbox-title=\"BMW M20 6-cylinder K-Jetronic injection engine\" data-e-action-hash=\"#elementor-action%3Aaction%3Dlightbox%26settings%3DeyJpZCI6MTQxMDQsInVybCI6Imh0dHBzOlwvXC93d3cuamdjbGFzc2ljcy5jb21cL3dwLWNvbnRlbnRcL3VwbG9hZHNcLzIwMjNcLzA1XC9CTVdfRTIxX00yMF9lbmdpbmVfMzIzX2Z1ZWxfaW5qZWN0aW9uLmpwZyIsInNsaWRlc2hvdyI6ImFhY2Q1ZDIifQ%3D%3D\">\n\t\t\t\t\t<div class=\"e-gallery-image elementor-gallery-item__image\" data-thumbnail=\"https:\/\/www.jgclassics.com\/wp-content\/uploads\/2023\/05\/BMW_E21_M20_engine_323_fuel_injection-300x257.jpg\" data-width=\"300\" data-height=\"257\" aria-label=\"BMW M20 6-cylinder K-Jetronic injection engine\" role=\"img\" ><\/div>\n\t\t\t\t\t\t\t\t\t\t\t<div class=\"elementor-gallery-item__overlay\"><\/div>\n\t\t\t\t\t\t\t\t\t\t\t\t\t\t\t<div class=\"elementor-gallery-item__content\">\n\t\t\t\t\t\t\t\t\t\t\t\t\t\t<div class=\"elementor-gallery-item__title\">\n\t\t\t\t\t\t\t\t\t\t\t\t\t\t\t\t\t\tBMW M20 6-cylinder K-Jetronic injection engine\t\t\t\t\t\t\t\t<\/div>\n\t\t\t\t\t\t\t\t\t\t\t\t<\/div>\n\t\t\t\t\t\t\t\t\t<\/a>\n\t\t\t\t\t<\/div>\n\t\t\t\t\t<\/div>\n\t\t\t\t<\/div>\n\t\t\t\t\t<\/div>\n\t\t<\/div>\n\t\t\t\t\t<\/div>\n\t\t<\/section>\n\t\t\t\t<section data-particle_enable=\"false\" data-particle-mobile-disabled=\"false\" class=\"elementor-section elementor-top-section elementor-element elementor-element-78f9621 elementor-section-boxed elementor-section-height-default elementor-section-height-default\" data-id=\"78f9621\" data-element_type=\"section\" data-e-type=\"section\">\n\t\t\t\t\t\t<div class=\"elementor-container elementor-column-gap-default\">\n\t\t\t\t\t<div class=\"elementor-column elementor-col-100 elementor-top-column elementor-element elementor-element-14d8529\" data-id=\"14d8529\" data-element_type=\"column\" data-e-type=\"column\">\n\t\t\t<div class=\"elementor-widget-wrap elementor-element-populated\">\n\t\t\t\t\t\t<div class=\"elementor-element elementor-element-e895c42 elementor-widget elementor-widget-text-editor\" data-id=\"e895c42\" data-element_type=\"widget\" data-e-type=\"widget\" data-widget_type=\"text-editor.default\">\n\t\t\t\t<div class=\"elementor-widget-container\">\n\t\t\t\t\t\t\t\t\t<p><span style=\"font-style: inherit; font-weight: inherit;\">Two different versions of the BMW E21 existed, irrespective of the trim level and engine:<\/span><\/p>\n<ul>\n<li>The 1st version until 1979<\/li>\n<li>The 2nd version from 1979 to 1983.<\/li>\n<\/ul>\n<p>The differences were basically aesthetic, with version 2 showing external to black mirrors instead of chrome, slight changes to the interior center console (heating unit knobs), the replacement of the analog clock with a digital one, some new upholstery options and some changes to the front grille.<\/p>\n\t\t\t\t\t\t\t\t<\/div>\n\t\t\t\t<\/div>\n\t\t\t\t\t<\/div>\n\t\t<\/div>\n\t\t\t\t\t<\/div>\n\t\t<\/section>\n\t\t\t\t<section data-particle_enable=\"false\" data-particle-mobile-disabled=\"false\" class=\"elementor-section elementor-top-section elementor-element elementor-element-449bdf5 elementor-section-boxed elementor-section-height-default elementor-section-height-default\" data-id=\"449bdf5\" data-element_type=\"section\" data-e-type=\"section\">\n\t\t\t\t\t\t<div class=\"elementor-container elementor-column-gap-default\">\n\t\t\t\t\t<div class=\"elementor-column elementor-col-100 elementor-top-column elementor-element elementor-element-b86a191\" data-id=\"b86a191\" data-element_type=\"column\" data-e-type=\"column\">\n\t\t\t<div class=\"elementor-widget-wrap elementor-element-populated\">\n\t\t\t\t\t\t<div class=\"elementor-element elementor-element-065d06b elementor-widget elementor-widget-text-editor\" data-id=\"065d06b\" data-element_type=\"widget\" data-e-type=\"widget\" data-widget_type=\"text-editor.default\">\n\t\t\t\t<div class=\"elementor-widget-container\">\n\t\t\t\t\t\t\t\t\t<p>The base model was a bit under equipped in terms of extra options, but if the customer was willing to pay for such extras, many different options were available: Recaro seats, sports steering wheel, front\/rear spoiler, special suspensions sport shock absorers, sports tires, locking differential, air conditioning, or steering assistance (hydraulic), among others, were available on request, upon additional payment.<\/p>\n\t\t\t\t\t\t\t\t<\/div>\n\t\t\t\t<\/div>\n\t\t\t\t\t<\/div>\n\t\t<\/div>\n\t\t\t\t\t<\/div>\n\t\t<\/section>\n\t\t\t\t<section data-particle_enable=\"false\" data-particle-mobile-disabled=\"false\" class=\"elementor-section elementor-top-section elementor-element elementor-element-23f05d1 elementor-section-boxed elementor-section-height-default elementor-section-height-default\" data-id=\"23f05d1\" data-element_type=\"section\" data-e-type=\"section\">\n\t\t\t\t\t\t<div class=\"elementor-container elementor-column-gap-default\">\n\t\t\t\t\t<div class=\"elementor-column elementor-col-100 elementor-top-column elementor-element elementor-element-975a3f5\" data-id=\"975a3f5\" data-element_type=\"column\" data-e-type=\"column\">\n\t\t\t<div class=\"elementor-widget-wrap elementor-element-populated\">\n\t\t\t\t\t\t<div class=\"elementor-element elementor-element-1213514 elementor-widget-divider--view-line_icon elementor-view-default elementor-widget-divider--element-align-center elementor-widget elementor-widget-divider\" data-id=\"1213514\" data-element_type=\"widget\" data-e-type=\"widget\" data-widget_type=\"divider.default\">\n\t\t\t\t<div class=\"elementor-widget-container\">\n\t\t\t\t\t\t\t<div class=\"elementor-divider\">\n\t\t\t<span class=\"elementor-divider-separator\">\n\t\t\t\t\t\t\t<div class=\"elementor-icon elementor-divider__element\">\n\t\t\t\t\t<i aria-hidden=\"true\" class=\"fas fa-info-circle\"><\/i><\/div>\n\t\t\t\t\t\t<\/span>\n\t\t<\/div>\n\t\t\t\t\t\t<\/div>\n\t\t\t\t<\/div>\n\t\t\t\t\t<\/div>\n\t\t<\/div>\n\t\t\t\t\t<\/div>\n\t\t<\/section>\n\t\t\t\t<section data-particle_enable=\"false\" data-particle-mobile-disabled=\"false\" class=\"elementor-section elementor-top-section elementor-element elementor-element-cc05470 elementor-section-boxed elementor-section-height-default elementor-section-height-default\" data-id=\"cc05470\" data-element_type=\"section\" data-e-type=\"section\">\n\t\t\t\t\t\t<div class=\"elementor-container elementor-column-gap-default\">\n\t\t\t\t\t<div class=\"elementor-column elementor-col-100 elementor-top-column elementor-element elementor-element-7c882dd\" data-id=\"7c882dd\" data-element_type=\"column\" data-e-type=\"column\">\n\t\t\t<div class=\"elementor-widget-wrap elementor-element-populated\">\n\t\t\t\t\t\t<div class=\"elementor-element elementor-element-578c91d elementor-widget elementor-widget-heading\" data-id=\"578c91d\" data-element_type=\"widget\" data-e-type=\"widget\" data-widget_type=\"heading.default\">\n\t\t\t\t<div class=\"elementor-widget-container\">\n\t\t\t\t\t<h2 class=\"elementor-heading-title elementor-size-default\">Targa convertible body: The BMW E21 Baur<\/h2>\t\t\t\t<\/div>\n\t\t\t\t<\/div>\n\t\t\t\t\t<\/div>\n\t\t<\/div>\n\t\t\t\t\t<\/div>\n\t\t<\/section>\n\t\t\t\t<section data-particle_enable=\"false\" data-particle-mobile-disabled=\"false\" class=\"elementor-section elementor-top-section elementor-element elementor-element-3c80bab elementor-section-boxed elementor-section-height-default elementor-section-height-default\" data-id=\"3c80bab\" data-element_type=\"section\" data-e-type=\"section\">\n\t\t\t\t\t\t<div class=\"elementor-container elementor-column-gap-default\">\n\t\t\t\t\t<div class=\"elementor-column elementor-col-33 elementor-top-column elementor-element elementor-element-7c67228\" data-id=\"7c67228\" data-element_type=\"column\" data-e-type=\"column\">\n\t\t\t<div class=\"elementor-widget-wrap elementor-element-populated\">\n\t\t\t\t\t\t<div class=\"elementor-element elementor-element-8499777 elementor-widget__width-initial elementor-widget elementor-widget-gallery\" data-id=\"8499777\" data-element_type=\"widget\" data-e-type=\"widget\" data-settings=\"{&quot;gallery_layout&quot;:&quot;justified&quot;,&quot;ideal_row_height&quot;:{&quot;unit&quot;:&quot;px&quot;,&quot;size&quot;:175,&quot;sizes&quot;:[]},&quot;ideal_row_height_mobile&quot;:{&quot;unit&quot;:&quot;px&quot;,&quot;size&quot;:75,&quot;sizes&quot;:[]},&quot;lazyload&quot;:&quot;yes&quot;,&quot;ideal_row_height_tablet&quot;:{&quot;unit&quot;:&quot;px&quot;,&quot;size&quot;:150,&quot;sizes&quot;:[]},&quot;gap&quot;:{&quot;unit&quot;:&quot;px&quot;,&quot;size&quot;:10,&quot;sizes&quot;:[]},&quot;gap_tablet&quot;:{&quot;unit&quot;:&quot;px&quot;,&quot;size&quot;:10,&quot;sizes&quot;:[]},&quot;gap_mobile&quot;:{&quot;unit&quot;:&quot;px&quot;,&quot;size&quot;:10,&quot;sizes&quot;:[]},&quot;link_to&quot;:&quot;file&quot;,&quot;overlay_background&quot;:&quot;yes&quot;,&quot;content_hover_animation&quot;:&quot;fade-in&quot;}\" data-widget_type=\"gallery.default\">\n\t\t\t\t<div class=\"elementor-widget-container\">\n\t\t\t\t\t\t\t<div class=\"elementor-gallery__container\">\n\t\t\t\t\t\t\t<a class=\"e-gallery-item elementor-gallery-item elementor-animated-content\" href=\"https:\/\/www.jgclassics.com\/wp-content\/uploads\/2023\/05\/BMW_E21_Baur03.jpg\" data-elementor-open-lightbox=\"yes\" data-elementor-lightbox-slideshow=\"8499777\" data-elementor-lightbox-title=\"BMW E21 Baur convertible\" data-e-action-hash=\"#elementor-action%3Aaction%3Dlightbox%26settings%3DeyJpZCI6MTQxMjIsInVybCI6Imh0dHBzOlwvXC93d3cuamdjbGFzc2ljcy5jb21cL3dwLWNvbnRlbnRcL3VwbG9hZHNcLzIwMjNcLzA1XC9CTVdfRTIxX0JhdXIwMy5qcGciLCJzbGlkZXNob3ciOiI4NDk5Nzc3In0%3D\">\n\t\t\t\t\t<div class=\"e-gallery-image elementor-gallery-item__image\" data-thumbnail=\"https:\/\/www.jgclassics.com\/wp-content\/uploads\/2023\/05\/BMW_E21_Baur03-300x120.jpg\" data-width=\"300\" data-height=\"120\" aria-label=\"\" role=\"img\" ><\/div>\n\t\t\t\t\t\t\t\t\t\t\t<div class=\"elementor-gallery-item__overlay\"><\/div>\n\t\t\t\t\t\t\t\t\t\t\t\t\t\t<\/a>\n\t\t\t\t\t\t\t<a class=\"e-gallery-item elementor-gallery-item elementor-animated-content\" href=\"https:\/\/www.jgclassics.com\/wp-content\/uploads\/2023\/05\/BMW_E21_Baur02.jpg\" data-elementor-open-lightbox=\"yes\" data-elementor-lightbox-slideshow=\"8499777\" data-elementor-lightbox-title=\"BMW E21 Baur convertible\" data-e-action-hash=\"#elementor-action%3Aaction%3Dlightbox%26settings%3DeyJpZCI6MTQxMTksInVybCI6Imh0dHBzOlwvXC93d3cuamdjbGFzc2ljcy5jb21cL3dwLWNvbnRlbnRcL3VwbG9hZHNcLzIwMjNcLzA1XC9CTVdfRTIxX0JhdXIwMi5qcGciLCJzbGlkZXNob3ciOiI4NDk5Nzc3In0%3D\">\n\t\t\t\t\t<div class=\"e-gallery-image elementor-gallery-item__image\" data-thumbnail=\"https:\/\/www.jgclassics.com\/wp-content\/uploads\/2023\/05\/BMW_E21_Baur02-300x157.jpg\" data-width=\"300\" data-height=\"157\" aria-label=\"\" role=\"img\" ><\/div>\n\t\t\t\t\t\t\t\t\t\t\t<div class=\"elementor-gallery-item__overlay\"><\/div>\n\t\t\t\t\t\t\t\t\t\t\t\t\t\t<\/a>\n\t\t\t\t\t<\/div>\n\t\t\t\t\t<\/div>\n\t\t\t\t<\/div>\n\t\t\t\t\t<\/div>\n\t\t<\/div>\n\t\t\t\t<div class=\"elementor-column elementor-col-33 elementor-top-column elementor-element elementor-element-9948825\" data-id=\"9948825\" data-element_type=\"column\" data-e-type=\"column\">\n\t\t\t<div class=\"elementor-widget-wrap elementor-element-populated\">\n\t\t\t\t\t\t<div class=\"elementor-element elementor-element-1550704 elementor-widget__width-initial elementor-widget elementor-widget-text-editor\" data-id=\"1550704\" data-element_type=\"widget\" data-e-type=\"widget\" data-widget_type=\"text-editor.default\">\n\t\t\t\t<div class=\"elementor-widget-container\">\n\t\t\t\t\t\t\t\t\t<p><span style=\"font-style: inherit; font-weight: inherit;\">Although there was only one body version available for the E21 &#8211; a two-door saloon &#8211; the car body builder Baur created a Targa-type convertible model. A total of 4,595 units were manufactured.<\/span><\/p>\n\t\t\t\t\t\t\t\t<\/div>\n\t\t\t\t<\/div>\n\t\t\t\t<div class=\"elementor-element elementor-element-fab3fb1 elementor-widget elementor-widget-image\" data-id=\"fab3fb1\" data-element_type=\"widget\" data-e-type=\"widget\" data-widget_type=\"image.default\">\n\t\t\t\t<div class=\"elementor-widget-container\">\n\t\t\t\t\t\t\t\t\t\t\t\t\t\t\t\t<a href=\"https:\/\/www.jgclassics.com\/wp-content\/uploads\/2023\/05\/bmw_e21_baur04.jpg\" data-elementor-open-lightbox=\"yes\" data-elementor-lightbox-title=\"bmw_e21_baur04\" data-e-action-hash=\"#elementor-action%3Aaction%3Dlightbox%26settings%3DeyJpZCI6MTQxNzMsInVybCI6Imh0dHBzOlwvXC93d3cuamdjbGFzc2ljcy5jb21cL3dwLWNvbnRlbnRcL3VwbG9hZHNcLzIwMjNcLzA1XC9ibXdfZTIxX2JhdXIwNC5qcGcifQ%3D%3D\">\n\t\t\t\t\t\t\t<img loading=\"lazy\" decoding=\"async\" width=\"768\" height=\"456\" src=\"https:\/\/www.jgclassics.com\/wp-content\/uploads\/2023\/05\/bmw_e21_baur04-768x456.jpg\" class=\"attachment-medium_large size-medium_large wp-image-14173\" alt=\"\" srcset=\"https:\/\/www.jgclassics.com\/wp-content\/uploads\/2023\/05\/bmw_e21_baur04-768x456.jpg 768w, https:\/\/www.jgclassics.com\/wp-content\/uploads\/2023\/05\/bmw_e21_baur04-300x178.jpg 300w, https:\/\/www.jgclassics.com\/wp-content\/uploads\/2023\/05\/bmw_e21_baur04-1024x608.jpg 1024w, https:\/\/www.jgclassics.com\/wp-content\/uploads\/2023\/05\/bmw_e21_baur04.jpg 1274w\" sizes=\"(max-width: 768px) 100vw, 768px\" \/>\t\t\t\t\t\t\t\t<\/a>\n\t\t\t\t\t\t\t\t\t\t\t\t\t\t\t<\/div>\n\t\t\t\t<\/div>\n\t\t\t\t\t<\/div>\n\t\t<\/div>\n\t\t\t\t<div class=\"elementor-column elementor-col-33 elementor-top-column elementor-element elementor-element-8948471\" data-id=\"8948471\" data-element_type=\"column\" data-e-type=\"column\">\n\t\t\t<div class=\"elementor-widget-wrap elementor-element-populated\">\n\t\t\t\t\t\t<div class=\"elementor-element elementor-element-a2de183 elementor-widget elementor-widget-image\" data-id=\"a2de183\" data-element_type=\"widget\" data-e-type=\"widget\" data-widget_type=\"image.default\">\n\t\t\t\t<div class=\"elementor-widget-container\">\n\t\t\t\t\t\t\t\t\t\t\t\t\t\t\t\t<a href=\"https:\/\/www.jgclassics.com\/wp-content\/uploads\/2023\/05\/bmwe21_baur.jpg\" data-elementor-open-lightbox=\"yes\" data-elementor-lightbox-title=\"BMW E21 Baur convertible advertising\" data-e-action-hash=\"#elementor-action%3Aaction%3Dlightbox%26settings%3DeyJpZCI6MTQxMTYsInVybCI6Imh0dHBzOlwvXC93d3cuamdjbGFzc2ljcy5jb21cL3dwLWNvbnRlbnRcL3VwbG9hZHNcLzIwMjNcLzA1XC9ibXdlMjFfYmF1ci5qcGcifQ%3D%3D\">\n\t\t\t\t\t\t\t<img loading=\"lazy\" decoding=\"async\" width=\"564\" height=\"761\" src=\"https:\/\/www.jgclassics.com\/wp-content\/uploads\/2023\/05\/bmwe21_baur.jpg\" class=\"attachment-large size-large wp-image-14116\" alt=\"BMW E21 Baur convertible advertising\" srcset=\"https:\/\/www.jgclassics.com\/wp-content\/uploads\/2023\/05\/bmwe21_baur.jpg 564w, https:\/\/www.jgclassics.com\/wp-content\/uploads\/2023\/05\/bmwe21_baur-222x300.jpg 222w\" sizes=\"(max-width: 564px) 100vw, 564px\" \/>\t\t\t\t\t\t\t\t<\/a>\n\t\t\t\t\t\t\t\t\t\t\t\t\t\t\t<\/div>\n\t\t\t\t<\/div>\n\t\t\t\t\t<\/div>\n\t\t<\/div>\n\t\t\t\t\t<\/div>\n\t\t<\/section>\n\t\t\t\t<section data-particle_enable=\"false\" data-particle-mobile-disabled=\"false\" class=\"elementor-section elementor-top-section elementor-element elementor-element-6cb9b39 elementor-section-boxed elementor-section-height-default elementor-section-height-default\" data-id=\"6cb9b39\" data-element_type=\"section\" data-e-type=\"section\">\n\t\t\t\t\t\t<div class=\"elementor-container elementor-column-gap-default\">\n\t\t\t\t\t<div class=\"elementor-column elementor-col-100 elementor-top-column elementor-element elementor-element-ae176ce\" data-id=\"ae176ce\" data-element_type=\"column\" data-e-type=\"column\">\n\t\t\t<div class=\"elementor-widget-wrap elementor-element-populated\">\n\t\t\t\t\t\t<div class=\"elementor-element elementor-element-f16d106 elementor-widget-divider--view-line elementor-widget elementor-widget-divider\" data-id=\"f16d106\" data-element_type=\"widget\" data-e-type=\"widget\" data-widget_type=\"divider.default\">\n\t\t\t\t<div class=\"elementor-widget-container\">\n\t\t\t\t\t\t\t<div class=\"elementor-divider\">\n\t\t\t<span class=\"elementor-divider-separator\">\n\t\t\t\t\t\t<\/span>\n\t\t<\/div>\n\t\t\t\t\t\t<\/div>\n\t\t\t\t<\/div>\n\t\t\t\t\t<\/div>\n\t\t<\/div>\n\t\t\t\t\t<\/div>\n\t\t<\/section>\n\t\t\t\t<section data-particle_enable=\"false\" data-particle-mobile-disabled=\"false\" class=\"elementor-section elementor-top-section elementor-element elementor-element-ba3faa2 elementor-section-boxed elementor-section-height-default elementor-section-height-default\" data-id=\"ba3faa2\" data-element_type=\"section\" data-e-type=\"section\">\n\t\t\t\t\t\t<div class=\"elementor-container elementor-column-gap-default\">\n\t\t\t\t\t<div class=\"elementor-column elementor-col-100 elementor-top-column elementor-element elementor-element-ae31334\" data-id=\"ae31334\" data-element_type=\"column\" data-e-type=\"column\">\n\t\t\t<div class=\"elementor-widget-wrap elementor-element-populated\">\n\t\t\t\t\t\t<div class=\"elementor-element elementor-element-2108606 elementor-widget elementor-widget-heading\" data-id=\"2108606\" data-element_type=\"widget\" data-e-type=\"widget\" data-widget_type=\"heading.default\">\n\t\t\t\t<div class=\"elementor-widget-container\">\n\t\t\t\t\t<h2 class=\"elementor-heading-title elementor-size-default\">BMW: The ultimate Driving Machine<\/h2>\t\t\t\t<\/div>\n\t\t\t\t<\/div>\n\t\t\t\t\t<\/div>\n\t\t<\/div>\n\t\t\t\t\t<\/div>\n\t\t<\/section>\n\t\t\t\t<section data-particle_enable=\"false\" data-particle-mobile-disabled=\"false\" class=\"elementor-section elementor-top-section elementor-element elementor-element-1becddb elementor-section-boxed elementor-section-height-default elementor-section-height-default\" data-id=\"1becddb\" data-element_type=\"section\" data-e-type=\"section\">\n\t\t\t\t\t\t<div class=\"elementor-container elementor-column-gap-default\">\n\t\t\t\t\t<div class=\"elementor-column elementor-col-100 elementor-top-column elementor-element elementor-element-d222aa1\" data-id=\"d222aa1\" data-element_type=\"column\" data-e-type=\"column\">\n\t\t\t<div class=\"elementor-widget-wrap elementor-element-populated\">\n\t\t\t\t\t\t<div class=\"elementor-element elementor-element-d028642 elementor-widget elementor-widget-text-editor\" data-id=\"d028642\" data-element_type=\"widget\" data-e-type=\"widget\" data-widget_type=\"text-editor.default\">\n\t\t\t\t<div class=\"elementor-widget-container\">\n\t\t\t\t\t\t\t\t\t<p><strong>&#8220;<\/strong><b>The ultimate Driving Machine&#8221;:<\/b>. Nowadays (almost) nobody debates &#8211; besides personal preferences &#8211; the quality and performance of BMW vehicles. The Bavarian brand is considered a premium brand, and for many years it has had a reputation as a manufacturer of vehicles that combine quality, refinement, performance and the latest features in safety. All these points were already emphasized in all advertising campaigns around the BMW 3-series since the very first one, the E21. The potential buyer was promised a unique experience, combining luxury and sportiness, being highlighted the vehicle&#8217;s active and passive safety. <\/p>\n\t\t\t\t\t\t\t\t<\/div>\n\t\t\t\t<\/div>\n\t\t\t\t\t<\/div>\n\t\t<\/div>\n\t\t\t\t\t<\/div>\n\t\t<\/section>\n\t\t\t\t<section data-particle_enable=\"false\" data-particle-mobile-disabled=\"false\" class=\"elementor-section elementor-top-section elementor-element elementor-element-a4e3ef1 elementor-section-boxed elementor-section-height-default elementor-section-height-default\" data-id=\"a4e3ef1\" data-element_type=\"section\" data-e-type=\"section\">\n\t\t\t\t\t\t<div class=\"elementor-container elementor-column-gap-default\">\n\t\t\t\t\t<div class=\"elementor-column elementor-col-50 elementor-top-column elementor-element elementor-element-d043c5b\" data-id=\"d043c5b\" data-element_type=\"column\" data-e-type=\"column\">\n\t\t\t<div class=\"elementor-widget-wrap elementor-element-populated\">\n\t\t\t\t\t\t<div class=\"elementor-element elementor-element-3ae23c9 elementor-widget elementor-widget-text-editor\" data-id=\"3ae23c9\" data-element_type=\"widget\" data-e-type=\"widget\" data-widget_type=\"text-editor.default\">\n\t\t\t\t<div class=\"elementor-widget-container\">\n\t\t\t\t\t\t\t\t\t<p>The design of its bodywork was worked so that the passenger compartment would become an undeformable cell (we must consider that we are talking about a design of 1975), the car incorporated an independent suspension to all four wheels (including the rear, something not very common at the time, and even less so in rear-wheel drive cars for which most of them used to have a rigid axle on those years), very powerful brakes, and a very balanced weight distribution, features that made it a very safe vehicle in the standards of those years.<\/p>\n\t\t\t\t\t\t\t\t<\/div>\n\t\t\t\t<\/div>\n\t\t\t\t\t<\/div>\n\t\t<\/div>\n\t\t\t\t<div class=\"elementor-column elementor-col-50 elementor-top-column elementor-element elementor-element-07ebdea\" data-id=\"07ebdea\" data-element_type=\"column\" data-e-type=\"column\">\n\t\t\t<div class=\"elementor-widget-wrap elementor-element-populated\">\n\t\t\t\t\t\t<div class=\"elementor-element elementor-element-708336b elementor-widget elementor-widget-video\" data-id=\"708336b\" data-element_type=\"widget\" data-e-type=\"widget\" data-settings=\"{&quot;youtube_url&quot;:&quot;https:\\\/\\\/www.youtube.com\\\/watch?v=D9_VbvrZTdw&quot;,&quot;video_type&quot;:&quot;youtube&quot;,&quot;controls&quot;:&quot;yes&quot;}\" data-widget_type=\"video.default\">\n\t\t\t\t<div class=\"elementor-widget-container\">\n\t\t\t\t\t\t\t<div class=\"elementor-wrapper elementor-open-inline\">\n\t\t\t<div class=\"elementor-video\"><\/div>\t\t<\/div>\n\t\t\t\t\t\t<\/div>\n\t\t\t\t<\/div>\n\t\t\t\t\t<\/div>\n\t\t<\/div>\n\t\t\t\t\t<\/div>\n\t\t<\/section>\n\t\t\t\t<section data-particle_enable=\"false\" data-particle-mobile-disabled=\"false\" class=\"elementor-section elementor-top-section elementor-element elementor-element-51097a5 elementor-section-boxed elementor-section-height-default elementor-section-height-default\" data-id=\"51097a5\" data-element_type=\"section\" data-e-type=\"section\">\n\t\t\t\t\t\t<div class=\"elementor-container elementor-column-gap-default\">\n\t\t\t\t\t<div class=\"elementor-column elementor-col-100 elementor-top-column elementor-element elementor-element-6d6e3fc\" data-id=\"6d6e3fc\" data-element_type=\"column\" data-e-type=\"column\">\n\t\t\t<div class=\"elementor-widget-wrap elementor-element-populated\">\n\t\t\t\t\t\t<div class=\"elementor-element elementor-element-9f94074 elementor-widget elementor-widget-text-editor\" data-id=\"9f94074\" data-element_type=\"widget\" data-e-type=\"widget\" data-widget_type=\"text-editor.default\">\n\t\t\t\t<div class=\"elementor-widget-container\">\n\t\t\t\t\t\t\t\t\t<p>BMW&#8217;s advertising messages were really incisive: In the examples below, you can see how BMW claims things such us<i><b>there are competitors who declare that their products are &#8220;just like a BMW&#8221;.<\/b><\/i>. And of course the advertising messages encourages the buyer to <b><i>not to stick to imitations &#8220;as if it were a BMW&#8221; but to go for the genuine<\/i><\/b>but go for the genuine and original BMW product. Publications with phrases such as &#8220;<i><b>The car for real drivers<\/b><\/i>&#8220;, or &#8220;<i><b>No need to deal with your family to own a sports car<\/b><\/i>The &#8220;BMW 3 Series&#8221; showed that BMW, with the 3 Series, was determined to show the image of a high-performance car, despite its compact size.<\/p>\n\t\t\t\t\t\t\t\t<\/div>\n\t\t\t\t<\/div>\n\t\t\t\t\t<\/div>\n\t\t<\/div>\n\t\t\t\t\t<\/div>\n\t\t<\/section>\n\t\t\t\t<section data-particle_enable=\"false\" data-particle-mobile-disabled=\"false\" class=\"elementor-section elementor-top-section elementor-element elementor-element-0acb3bc elementor-section-boxed elementor-section-height-default elementor-section-height-default\" data-id=\"0acb3bc\" data-element_type=\"section\" data-e-type=\"section\">\n\t\t\t\t\t\t<div class=\"elementor-container elementor-column-gap-default\">\n\t\t\t\t\t<div class=\"elementor-column elementor-col-100 elementor-top-column elementor-element elementor-element-1a70700\" data-id=\"1a70700\" data-element_type=\"column\" data-e-type=\"column\">\n\t\t\t<div class=\"elementor-widget-wrap elementor-element-populated\">\n\t\t\t\t\t\t<div class=\"elementor-element elementor-element-b9f1595 elementor-widget elementor-widget-text-editor\" data-id=\"b9f1595\" data-element_type=\"widget\" data-e-type=\"widget\" data-widget_type=\"text-editor.default\">\n\t\t\t\t<div class=\"elementor-widget-container\">\n\t\t\t\t\t\t\t\t\t<p>The slogan <b>THE DEFINITIVE DRIVING MACHINE, <\/b>which the Munich manufacturer created, showed, with no doubt, how far the brand&#8217;s image was betting on with the BMW 3-series E21.<\/p>\n\t\t\t\t\t\t\t\t<\/div>\n\t\t\t\t<\/div>\n\t\t\t\t\t<\/div>\n\t\t<\/div>\n\t\t\t\t\t<\/div>\n\t\t<\/section>\n\t\t\t\t<section data-particle_enable=\"false\" data-particle-mobile-disabled=\"false\" class=\"elementor-section elementor-top-section elementor-element elementor-element-e8d7a34 elementor-section-boxed elementor-section-height-default elementor-section-height-default\" data-id=\"e8d7a34\" data-element_type=\"section\" data-e-type=\"section\">\n\t\t\t\t\t\t<div class=\"elementor-container elementor-column-gap-default\">\n\t\t\t\t\t<div class=\"elementor-column elementor-col-100 elementor-top-column elementor-element elementor-element-bae49e7\" data-id=\"bae49e7\" data-element_type=\"column\" data-e-type=\"column\" data-settings=\"{&quot;background_background&quot;:&quot;classic&quot;}\">\n\t\t\t<div class=\"elementor-widget-wrap elementor-element-populated\">\n\t\t\t\t\t\t<div class=\"elementor-element elementor-element-669637b elementor-widget elementor-widget-gallery\" data-id=\"669637b\" data-element_type=\"widget\" data-e-type=\"widget\" data-settings=\"{&quot;gallery_layout&quot;:&quot;justified&quot;,&quot;ideal_row_height&quot;:{&quot;unit&quot;:&quot;px&quot;,&quot;size&quot;:170,&quot;sizes&quot;:[]},&quot;lazyload&quot;:&quot;yes&quot;,&quot;ideal_row_height_tablet&quot;:{&quot;unit&quot;:&quot;px&quot;,&quot;size&quot;:150,&quot;sizes&quot;:[]},&quot;ideal_row_height_mobile&quot;:{&quot;unit&quot;:&quot;px&quot;,&quot;size&quot;:150,&quot;sizes&quot;:[]},&quot;gap&quot;:{&quot;unit&quot;:&quot;px&quot;,&quot;size&quot;:10,&quot;sizes&quot;:[]},&quot;gap_tablet&quot;:{&quot;unit&quot;:&quot;px&quot;,&quot;size&quot;:10,&quot;sizes&quot;:[]},&quot;gap_mobile&quot;:{&quot;unit&quot;:&quot;px&quot;,&quot;size&quot;:10,&quot;sizes&quot;:[]},&quot;link_to&quot;:&quot;file&quot;,&quot;overlay_background&quot;:&quot;yes&quot;,&quot;content_hover_animation&quot;:&quot;fade-in&quot;}\" data-widget_type=\"gallery.default\">\n\t\t\t\t<div class=\"elementor-widget-container\">\n\t\t\t\t\t\t\t<div class=\"elementor-gallery__container\">\n\t\t\t\t\t\t\t<a class=\"e-gallery-item elementor-gallery-item elementor-animated-content\" href=\"https:\/\/www.jgclassics.com\/wp-content\/uploads\/2023\/05\/bmw_pub04.jpg\" data-elementor-open-lightbox=\"yes\" data-elementor-lightbox-slideshow=\"669637b\" data-elementor-lightbox-title=\"BMW e21 Publicidad\" data-elementor-lightbox-description=\"BMW e21 Publicidad: &quot;No necesita negociar con su famila para tener un coche deportivo&quot;\" data-e-action-hash=\"#elementor-action%3Aaction%3Dlightbox%26settings%3DeyJpZCI6MTQxNzAsInVybCI6Imh0dHBzOlwvXC93d3cuamdjbGFzc2ljcy5jb21cL3dwLWNvbnRlbnRcL3VwbG9hZHNcLzIwMjNcLzA1XC9ibXdfcHViMDQuanBnIiwic2xpZGVzaG93IjoiNjY5NjM3YiJ9\">\n\t\t\t\t\t<div class=\"e-gallery-image elementor-gallery-item__image\" data-thumbnail=\"https:\/\/www.jgclassics.com\/wp-content\/uploads\/2023\/05\/bmw_pub04.jpg\" data-width=\"457\" data-height=\"636\" aria-label=\"\" role=\"img\" ><\/div>\n\t\t\t\t\t\t\t\t\t\t\t<div class=\"elementor-gallery-item__overlay\"><\/div>\n\t\t\t\t\t\t\t\t\t\t\t\t\t\t<\/a>\n\t\t\t\t\t\t\t<a class=\"e-gallery-item elementor-gallery-item elementor-animated-content\" href=\"https:\/\/www.jgclassics.com\/wp-content\/uploads\/2023\/05\/BMW_e21_pub04.jpg\" data-elementor-open-lightbox=\"yes\" data-elementor-lightbox-slideshow=\"669637b\" data-elementor-lightbox-title=\"BMW: Publicidad de la marca\" data-elementor-lightbox-description=\"BMW: Publicidad de la marca: Series 3, 5 y 6\" data-e-action-hash=\"#elementor-action%3Aaction%3Dlightbox%26settings%3DeyJpZCI6MTQxNjcsInVybCI6Imh0dHBzOlwvXC93d3cuamdjbGFzc2ljcy5jb21cL3dwLWNvbnRlbnRcL3VwbG9hZHNcLzIwMjNcLzA1XC9CTVdfZTIxX3B1YjA0LmpwZyIsInNsaWRlc2hvdyI6IjY2OTYzN2IifQ%3D%3D\">\n\t\t\t\t\t<div class=\"e-gallery-image elementor-gallery-item__image\" data-thumbnail=\"https:\/\/www.jgclassics.com\/wp-content\/uploads\/2023\/05\/BMW_e21_pub04-768x585.jpg\" data-width=\"768\" data-height=\"585\" aria-label=\"\" role=\"img\" ><\/div>\n\t\t\t\t\t\t\t\t\t\t\t<div class=\"elementor-gallery-item__overlay\"><\/div>\n\t\t\t\t\t\t\t\t\t\t\t\t\t\t<\/a>\n\t\t\t\t\t\t\t<a class=\"e-gallery-item elementor-gallery-item elementor-animated-content\" href=\"https:\/\/www.jgclassics.com\/wp-content\/uploads\/2023\/05\/BMW_e21_pub03.jpg\" data-elementor-open-lightbox=\"yes\" data-elementor-lightbox-slideshow=\"669637b\" data-elementor-lightbox-title=\"BMW e21 Publicidad\" data-elementor-lightbox-description=\"BMW e21 Publicidad: BMW presume de que hay competidores que declaran que sus productos son &quot;como un BMW&quot;. Y por supuesto anima al comprador a no quedarse imitaciones &quot;como si fuera un BMW&quot; sino ir al producto genuino con una base de a\u00f1os de trabajo y dise\u00f1o.\" data-e-action-hash=\"#elementor-action%3Aaction%3Dlightbox%26settings%3DeyJpZCI6MTQxNjQsInVybCI6Imh0dHBzOlwvXC93d3cuamdjbGFzc2ljcy5jb21cL3dwLWNvbnRlbnRcL3VwbG9hZHNcLzIwMjNcLzA1XC9CTVdfZTIxX3B1YjAzLmpwZyIsInNsaWRlc2hvdyI6IjY2OTYzN2IifQ%3D%3D\">\n\t\t\t\t\t<div class=\"e-gallery-image elementor-gallery-item__image\" data-thumbnail=\"https:\/\/www.jgclassics.com\/wp-content\/uploads\/2023\/05\/BMW_e21_pub03-768x995.jpg\" data-width=\"768\" data-height=\"995\" aria-label=\"\" role=\"img\" ><\/div>\n\t\t\t\t\t\t\t\t\t\t\t<div class=\"elementor-gallery-item__overlay\"><\/div>\n\t\t\t\t\t\t\t\t\t\t\t\t\t\t<\/a>\n\t\t\t\t\t\t\t<a class=\"e-gallery-item elementor-gallery-item elementor-animated-content\" href=\"https:\/\/www.jgclassics.com\/wp-content\/uploads\/2023\/05\/BMW_e21_pub02.jpg\" data-elementor-open-lightbox=\"yes\" data-elementor-lightbox-slideshow=\"669637b\" data-elementor-lightbox-title=\"BMW e21 Publicidad\" data-elementor-lightbox-description=\"BMW e21 Publicidad: El BMW 320i. &quot;En todos los sentidos, un coche para conductores de verdad&quot; \" data-e-action-hash=\"#elementor-action%3Aaction%3Dlightbox%26settings%3DeyJpZCI6MTQxNjEsInVybCI6Imh0dHBzOlwvXC93d3cuamdjbGFzc2ljcy5jb21cL3dwLWNvbnRlbnRcL3VwbG9hZHNcLzIwMjNcLzA1XC9CTVdfZTIxX3B1YjAyLmpwZyIsInNsaWRlc2hvdyI6IjY2OTYzN2IifQ%3D%3D\">\n\t\t\t\t\t<div class=\"e-gallery-image elementor-gallery-item__image\" data-thumbnail=\"https:\/\/www.jgclassics.com\/wp-content\/uploads\/2023\/05\/BMW_e21_pub02.jpg\" data-width=\"376\" data-height=\"500\" aria-label=\"\" role=\"img\" ><\/div>\n\t\t\t\t\t\t\t\t\t\t\t<div class=\"elementor-gallery-item__overlay\"><\/div>\n\t\t\t\t\t\t\t\t\t\t\t\t\t\t<\/a>\n\t\t\t\t\t\t\t<a class=\"e-gallery-item elementor-gallery-item elementor-animated-content\" href=\"https:\/\/www.jgclassics.com\/wp-content\/uploads\/2023\/05\/BMW_e21_pub01.jpg\" data-elementor-open-lightbox=\"yes\" data-elementor-lightbox-slideshow=\"669637b\" data-elementor-lightbox-title=\"BMW e21 Publicidad\" data-elementor-lightbox-description=\"&quot;Podemos so\u00f1ar mejor??&quot;: El anuncio comparaba un BMW e21 Schnitzer de 550 CV con un 320 ordinario, explicado que la unica diferencia estaba en la potencia, pero no en la calidad del coche.\" data-e-action-hash=\"#elementor-action%3Aaction%3Dlightbox%26settings%3DeyJpZCI6MTQxNTgsInVybCI6Imh0dHBzOlwvXC93d3cuamdjbGFzc2ljcy5jb21cL3dwLWNvbnRlbnRcL3VwbG9hZHNcLzIwMjNcLzA1XC9CTVdfZTIxX3B1YjAxLmpwZyIsInNsaWRlc2hvdyI6IjY2OTYzN2IifQ%3D%3D\">\n\t\t\t\t\t<div class=\"e-gallery-image elementor-gallery-item__image\" data-thumbnail=\"https:\/\/www.jgclassics.com\/wp-content\/uploads\/2023\/05\/BMW_e21_pub01.jpg\" data-width=\"500\" data-height=\"720\" aria-label=\"\" role=\"img\" ><\/div>\n\t\t\t\t\t\t\t\t\t\t\t<div class=\"elementor-gallery-item__overlay\"><\/div>\n\t\t\t\t\t\t\t\t\t\t\t\t\t\t<\/a>\n\t\t\t\t\t\t\t<a class=\"e-gallery-item elementor-gallery-item elementor-animated-content\" href=\"https:\/\/www.jgclassics.com\/wp-content\/uploads\/2023\/05\/BMW_e21_pub_curva.jpg\" data-elementor-open-lightbox=\"yes\" data-elementor-lightbox-slideshow=\"669637b\" data-elementor-lightbox-title=\"BMW_e21_pub_curva\" data-elementor-lightbox-description=\"BMW e21 Publicidad: Foto mostrando el comportamiento en un apoyo importante en curva\" data-e-action-hash=\"#elementor-action%3Aaction%3Dlightbox%26settings%3DeyJpZCI6MTQxNTUsInVybCI6Imh0dHBzOlwvXC93d3cuamdjbGFzc2ljcy5jb21cL3dwLWNvbnRlbnRcL3VwbG9hZHNcLzIwMjNcLzA1XC9CTVdfZTIxX3B1Yl9jdXJ2YS5qcGciLCJzbGlkZXNob3ciOiI2Njk2MzdiIn0%3D\">\n\t\t\t\t\t<div class=\"e-gallery-image elementor-gallery-item__image\" data-thumbnail=\"https:\/\/www.jgclassics.com\/wp-content\/uploads\/2023\/05\/BMW_e21_pub_curva.jpg\" data-width=\"640\" data-height=\"319\" aria-label=\"\" role=\"img\" ><\/div>\n\t\t\t\t\t\t\t\t\t\t\t<div class=\"elementor-gallery-item__overlay\"><\/div>\n\t\t\t\t\t\t\t\t\t\t\t\t\t\t<\/a>\n\t\t\t\t\t\t\t<a class=\"e-gallery-item elementor-gallery-item elementor-animated-content\" href=\"https:\/\/www.jgclassics.com\/wp-content\/uploads\/2023\/05\/BMW_3-Series_316_E21.gif\" data-elementor-open-lightbox=\"yes\" data-elementor-lightbox-slideshow=\"669637b\" data-elementor-lightbox-title=\"BMW e21 Publicidad\" data-elementor-lightbox-description=\"BMW e21 Publicidad: Tarjeta que muestra las cotas y medidas del coche.\" data-e-action-hash=\"#elementor-action%3Aaction%3Dlightbox%26settings%3DeyJpZCI6MTQxNTIsInVybCI6Imh0dHBzOlwvXC93d3cuamdjbGFzc2ljcy5jb21cL3dwLWNvbnRlbnRcL3VwbG9hZHNcLzIwMjNcLzA1XC9CTVdfMy1TZXJpZXNfMzE2X0UyMS5naWYiLCJzbGlkZXNob3ciOiI2Njk2MzdiIn0%3D\">\n\t\t\t\t\t<div class=\"e-gallery-image elementor-gallery-item__image\" data-thumbnail=\"https:\/\/www.jgclassics.com\/wp-content\/uploads\/2023\/05\/BMW_3-Series_316_E21-768x311.gif\" data-width=\"768\" data-height=\"311\" aria-label=\"\" role=\"img\" ><\/div>\n\t\t\t\t\t\t\t\t\t\t\t<div class=\"elementor-gallery-item__overlay\"><\/div>\n\t\t\t\t\t\t\t\t\t\t\t\t\t\t<\/a>\n\t\t\t\t\t\t\t<a class=\"e-gallery-item elementor-gallery-item elementor-animated-content\" href=\"https:\/\/www.jgclassics.com\/wp-content\/uploads\/2023\/05\/605d9c6s-960.jpg\" data-elementor-open-lightbox=\"yes\" data-elementor-lightbox-slideshow=\"669637b\" data-elementor-lightbox-title=\"BMW e21 Publicidad\" data-elementor-lightbox-description=\"BMW e21 Publicidad: Tarjeta que muestra las cotas y medidas del coche.\" data-e-action-hash=\"#elementor-action%3Aaction%3Dlightbox%26settings%3DeyJpZCI6MTQxNDYsInVybCI6Imh0dHBzOlwvXC93d3cuamdjbGFzc2ljcy5jb21cL3dwLWNvbnRlbnRcL3VwbG9hZHNcLzIwMjNcLzA1XC82MDVkOWM2cy05NjAuanBnIiwic2xpZGVzaG93IjoiNjY5NjM3YiJ9\">\n\t\t\t\t\t<div class=\"e-gallery-image elementor-gallery-item__image\" data-thumbnail=\"https:\/\/www.jgclassics.com\/wp-content\/uploads\/2023\/05\/605d9c6s-960-768x464.jpg\" data-width=\"768\" data-height=\"464\" aria-label=\"\" role=\"img\" ><\/div>\n\t\t\t\t\t\t\t\t\t\t\t<div class=\"elementor-gallery-item__overlay\"><\/div>\n\t\t\t\t\t\t\t\t\t\t\t\t\t\t<\/a>\n\t\t\t\t\t\t\t<a class=\"e-gallery-item elementor-gallery-item elementor-animated-content\" href=\"https:\/\/www.jgclassics.com\/wp-content\/uploads\/2023\/05\/BMW_pub05.jpg\" data-elementor-open-lightbox=\"yes\" data-elementor-lightbox-slideshow=\"669637b\" data-elementor-lightbox-title=\"BMW e21 Publicidad\" data-elementor-lightbox-description=\"BMW e21 Publicidad: Model 315 con  parrilla de doble faro. El texo del anuncio destaca la diferencia entre &quot;coche convencional&quot;  y &quot;coche BMW&quot; asegurando al comprador que con BMW obtendr\u00e1 algo diferente de todo lo dem\u00e1s.\" data-e-action-hash=\"#elementor-action%3Aaction%3Dlightbox%26settings%3DeyJpZCI6MTQxNDksInVybCI6Imh0dHBzOlwvXC93d3cuamdjbGFzc2ljcy5jb21cL3dwLWNvbnRlbnRcL3VwbG9hZHNcLzIwMjNcLzA1XC9CTVdfcHViMDUuanBnIiwic2xpZGVzaG93IjoiNjY5NjM3YiJ9\">\n\t\t\t\t\t<div class=\"e-gallery-image elementor-gallery-item__image\" data-thumbnail=\"https:\/\/www.jgclassics.com\/wp-content\/uploads\/2023\/05\/BMW_pub05.jpg\" data-width=\"563\" data-height=\"785\" aria-label=\"\" role=\"img\" ><\/div>\n\t\t\t\t\t\t\t\t\t\t\t<div class=\"elementor-gallery-item__overlay\"><\/div>\n\t\t\t\t\t\t\t\t\t\t\t\t\t\t<\/a>\n\t\t\t\t\t<\/div>\n\t\t\t\t\t<\/div>\n\t\t\t\t<\/div>\n\t\t\t\t\t<\/div>\n\t\t<\/div>\n\t\t\t\t\t<\/div>\n\t\t<\/section>\n\t\t\t\t<section data-particle_enable=\"false\" data-particle-mobile-disabled=\"false\" class=\"elementor-section elementor-top-section elementor-element elementor-element-47aaa8f elementor-section-boxed elementor-section-height-default elementor-section-height-default\" data-id=\"47aaa8f\" data-element_type=\"section\" data-e-type=\"section\">\n\t\t\t\t\t\t<div class=\"elementor-container elementor-column-gap-default\">\n\t\t\t\t\t<div class=\"elementor-column elementor-col-100 elementor-top-column elementor-element elementor-element-1bae881\" data-id=\"1bae881\" data-element_type=\"column\" data-e-type=\"column\">\n\t\t\t<div class=\"elementor-widget-wrap elementor-element-populated\">\n\t\t\t\t\t\t<div class=\"elementor-element elementor-element-33b531c elementor-widget elementor-widget-text-editor\" data-id=\"33b531c\" data-element_type=\"widget\" data-e-type=\"widget\" data-widget_type=\"text-editor.default\">\n\t\t\t\t<div class=\"elementor-widget-container\">\n\t\t\t\t\t\t\t\t\t<p><strong>Comparative advertising:<\/strong> BMW even used to the technique of <a href=\"https:\/\/es.wikipedia.org\/wiki\/Publicidad_comparativa\" target=\"_blank\" rel=\"noopener\">&#8220;comparative advertising&#8221;<\/a> to show the performance of its 3-series vehicles against the competition. In the following videos I invite you to see the comparisons that BMW makes with other models of German brands in order to show the excellence of the E21. The videos are in German, although the first video, the longest of the four, has subtitles available.<\/p>\n\t\t\t\t\t\t\t\t<\/div>\n\t\t\t\t<\/div>\n\t\t\t\t\t<\/div>\n\t\t<\/div>\n\t\t\t\t\t<\/div>\n\t\t<\/section>\n\t\t\t\t<section data-particle_enable=\"false\" data-particle-mobile-disabled=\"false\" class=\"elementor-section elementor-top-section elementor-element elementor-element-112770f elementor-section-boxed elementor-section-height-default elementor-section-height-default\" data-id=\"112770f\" data-element_type=\"section\" data-e-type=\"section\">\n\t\t\t\t\t\t<div class=\"elementor-container elementor-column-gap-default\">\n\t\t\t\t\t<div class=\"elementor-column elementor-col-33 elementor-top-column elementor-element elementor-element-bc69e6e\" data-id=\"bc69e6e\" data-element_type=\"column\" data-e-type=\"column\">\n\t\t\t<div class=\"elementor-widget-wrap elementor-element-populated\">\n\t\t\t\t\t\t<div class=\"elementor-element elementor-element-7a2556c elementor-widget elementor-widget-video\" data-id=\"7a2556c\" data-element_type=\"widget\" data-e-type=\"widget\" data-settings=\"{&quot;youtube_url&quot;:&quot;https:\\\/\\\/www.youtube.com\\\/watch?v=fXB4fLbEB_Q&quot;,&quot;video_type&quot;:&quot;youtube&quot;,&quot;controls&quot;:&quot;yes&quot;}\" data-widget_type=\"video.default\">\n\t\t\t\t<div class=\"elementor-widget-container\">\n\t\t\t\t\t\t\t<div class=\"elementor-wrapper elementor-open-inline\">\n\t\t\t<div class=\"elementor-video\"><\/div>\t\t<\/div>\n\t\t\t\t\t\t<\/div>\n\t\t\t\t<\/div>\n\t\t\t\t\t<\/div>\n\t\t<\/div>\n\t\t\t\t<div class=\"elementor-column elementor-col-33 elementor-top-column elementor-element elementor-element-b498478\" data-id=\"b498478\" data-element_type=\"column\" data-e-type=\"column\">\n\t\t\t<div class=\"elementor-widget-wrap elementor-element-populated\">\n\t\t\t\t\t\t<div class=\"elementor-element elementor-element-87438e1 elementor-widget elementor-widget-video\" data-id=\"87438e1\" data-element_type=\"widget\" data-e-type=\"widget\" data-settings=\"{&quot;youtube_url&quot;:&quot;https:\\\/\\\/www.youtube.com\\\/watch?v=Je7DOOY_Uhw&quot;,&quot;video_type&quot;:&quot;youtube&quot;,&quot;controls&quot;:&quot;yes&quot;}\" data-widget_type=\"video.default\">\n\t\t\t\t<div class=\"elementor-widget-container\">\n\t\t\t\t\t\t\t<div class=\"elementor-wrapper elementor-open-inline\">\n\t\t\t<div class=\"elementor-video\"><\/div>\t\t<\/div>\n\t\t\t\t\t\t<\/div>\n\t\t\t\t<\/div>\n\t\t\t\t\t<\/div>\n\t\t<\/div>\n\t\t\t\t<div class=\"elementor-column elementor-col-33 elementor-top-column elementor-element elementor-element-6ba4fb5\" data-id=\"6ba4fb5\" data-element_type=\"column\" data-e-type=\"column\">\n\t\t\t<div class=\"elementor-widget-wrap elementor-element-populated\">\n\t\t\t\t\t\t<div class=\"elementor-element elementor-element-84437d9 elementor-widget elementor-widget-video\" data-id=\"84437d9\" data-element_type=\"widget\" data-e-type=\"widget\" data-settings=\"{&quot;youtube_url&quot;:&quot;https:\\\/\\\/www.youtube.com\\\/watch?v=aNoL-FEkCAc&quot;,&quot;video_type&quot;:&quot;youtube&quot;,&quot;controls&quot;:&quot;yes&quot;}\" data-widget_type=\"video.default\">\n\t\t\t\t<div class=\"elementor-widget-container\">\n\t\t\t\t\t\t\t<div class=\"elementor-wrapper elementor-open-inline\">\n\t\t\t<div class=\"elementor-video\"><\/div>\t\t<\/div>\n\t\t\t\t\t\t<\/div>\n\t\t\t\t<\/div>\n\t\t\t\t\t<\/div>\n\t\t<\/div>\n\t\t\t\t\t<\/div>\n\t\t<\/section>\n\t\t\t\t<section data-particle_enable=\"false\" data-particle-mobile-disabled=\"false\" class=\"elementor-section elementor-top-section elementor-element elementor-element-52818d6 elementor-section-boxed elementor-section-height-default elementor-section-height-default\" data-id=\"52818d6\" data-element_type=\"section\" data-e-type=\"section\">\n\t\t\t\t\t\t<div class=\"elementor-container elementor-column-gap-default\">\n\t\t\t\t\t<div class=\"elementor-column elementor-col-100 elementor-top-column elementor-element elementor-element-2f2cbb6\" data-id=\"2f2cbb6\" data-element_type=\"column\" data-e-type=\"column\">\n\t\t\t<div class=\"elementor-widget-wrap elementor-element-populated\">\n\t\t\t\t\t\t<div class=\"elementor-element elementor-element-fad5787 elementor-widget elementor-widget-text-editor\" data-id=\"fad5787\" data-element_type=\"widget\" data-e-type=\"widget\" data-widget_type=\"text-editor.default\">\n\t\t\t\t<div class=\"elementor-widget-container\">\n\t\t\t\t\t\t\t\t\t<p><strong>Two interesting videos in Spanish:<\/strong> I show you here two reports around the BMW E21: the first is the video of Santi Martinez from the channel <strong>&#8220;<a href=\"https:\/\/www.youtube.com\/@documentosdelmotorsanti\" target=\"_blank\" rel=\"noopener\">Documentos del motor<\/a><\/strong>&#8221; (I recommend it if you don&#8217;t know it) and the second from the <strong>BMW club of Uruguay<\/strong>. Both are excellent:<\/p>\n\t\t\t\t\t\t\t\t<\/div>\n\t\t\t\t<\/div>\n\t\t\t\t\t<\/div>\n\t\t<\/div>\n\t\t\t\t\t<\/div>\n\t\t<\/section>\n\t\t\t\t<section data-particle_enable=\"false\" data-particle-mobile-disabled=\"false\" class=\"elementor-section elementor-top-section elementor-element elementor-element-a983d0a elementor-section-boxed elementor-section-height-default elementor-section-height-default\" data-id=\"a983d0a\" data-element_type=\"section\" data-e-type=\"section\">\n\t\t\t\t\t\t<div class=\"elementor-container elementor-column-gap-default\">\n\t\t\t\t\t<div class=\"elementor-column elementor-col-50 elementor-top-column elementor-element elementor-element-9b59b11\" data-id=\"9b59b11\" data-element_type=\"column\" data-e-type=\"column\">\n\t\t\t<div class=\"elementor-widget-wrap elementor-element-populated\">\n\t\t\t\t\t\t<div class=\"elementor-element elementor-element-24a2c0c elementor-widget elementor-widget-video\" data-id=\"24a2c0c\" data-element_type=\"widget\" data-e-type=\"widget\" data-settings=\"{&quot;youtube_url&quot;:&quot;https:\\\/\\\/www.youtube.com\\\/watch?v=4G3nr_a-FmY&amp;t&quot;,&quot;video_type&quot;:&quot;youtube&quot;,&quot;controls&quot;:&quot;yes&quot;}\" data-widget_type=\"video.default\">\n\t\t\t\t<div class=\"elementor-widget-container\">\n\t\t\t\t\t\t\t<div class=\"elementor-wrapper elementor-open-inline\">\n\t\t\t<div class=\"elementor-video\"><\/div>\t\t<\/div>\n\t\t\t\t\t\t<\/div>\n\t\t\t\t<\/div>\n\t\t\t\t\t<\/div>\n\t\t<\/div>\n\t\t\t\t<div class=\"elementor-column elementor-col-50 elementor-top-column elementor-element elementor-element-3399cf2\" data-id=\"3399cf2\" data-element_type=\"column\" data-e-type=\"column\">\n\t\t\t<div class=\"elementor-widget-wrap elementor-element-populated\">\n\t\t\t\t\t\t<div class=\"elementor-element elementor-element-1ba86e9 elementor-widget elementor-widget-video\" data-id=\"1ba86e9\" data-element_type=\"widget\" data-e-type=\"widget\" data-settings=\"{&quot;youtube_url&quot;:&quot;https:\\\/\\\/www.youtube.com\\\/watch?v=K0ZD54M2b-o&quot;,&quot;video_type&quot;:&quot;youtube&quot;,&quot;controls&quot;:&quot;yes&quot;}\" data-widget_type=\"video.default\">\n\t\t\t\t<div class=\"elementor-widget-container\">\n\t\t\t\t\t\t\t<div class=\"elementor-wrapper elementor-open-inline\">\n\t\t\t<div class=\"elementor-video\"><\/div>\t\t<\/div>\n\t\t\t\t\t\t<\/div>\n\t\t\t\t<\/div>\n\t\t\t\t\t<\/div>\n\t\t<\/div>\n\t\t\t\t\t<\/div>\n\t\t<\/section>\n\t\t\t\t<section data-particle_enable=\"false\" data-particle-mobile-disabled=\"false\" class=\"elementor-section elementor-top-section elementor-element elementor-element-907d672 elementor-section-boxed elementor-section-height-default elementor-section-height-default\" data-id=\"907d672\" data-element_type=\"section\" data-e-type=\"section\">\n\t\t\t\t\t\t<div class=\"elementor-container elementor-column-gap-default\">\n\t\t\t\t\t<div class=\"elementor-column elementor-col-100 elementor-top-column elementor-element elementor-element-d5033fe\" data-id=\"d5033fe\" data-element_type=\"column\" data-e-type=\"column\">\n\t\t\t<div class=\"elementor-widget-wrap elementor-element-populated\">\n\t\t\t\t\t\t<div class=\"elementor-element elementor-element-654b493 elementor-widget-divider--view-line_icon elementor-view-default elementor-widget-divider--element-align-center elementor-widget elementor-widget-divider\" data-id=\"654b493\" data-element_type=\"widget\" data-e-type=\"widget\" data-widget_type=\"divider.default\">\n\t\t\t\t<div class=\"elementor-widget-container\">\n\t\t\t\t\t\t\t<div class=\"elementor-divider\">\n\t\t\t<span class=\"elementor-divider-separator\">\n\t\t\t\t\t\t\t<div class=\"elementor-icon elementor-divider__element\">\n\t\t\t\t\t<i aria-hidden=\"true\" class=\"fas fa-info-circle\"><\/i><\/div>\n\t\t\t\t\t\t<\/span>\n\t\t<\/div>\n\t\t\t\t\t\t<\/div>\n\t\t\t\t<\/div>\n\t\t\t\t\t<\/div>\n\t\t<\/div>\n\t\t\t\t\t<\/div>\n\t\t<\/section>\n\t\t\t\t<section data-particle_enable=\"false\" data-particle-mobile-disabled=\"false\" class=\"elementor-section elementor-top-section elementor-element elementor-element-567a3bb elementor-section-boxed elementor-section-height-default elementor-section-height-default\" data-id=\"567a3bb\" data-element_type=\"section\" data-e-type=\"section\">\n\t\t\t\t\t\t<div class=\"elementor-container elementor-column-gap-default\">\n\t\t\t\t\t<div class=\"elementor-column elementor-col-100 elementor-top-column elementor-element elementor-element-95e2fe6\" data-id=\"95e2fe6\" data-element_type=\"column\" data-e-type=\"column\">\n\t\t\t<div class=\"elementor-widget-wrap elementor-element-populated\">\n\t\t\t\t\t\t<div class=\"elementor-element elementor-element-bd77b0f elementor-widget elementor-widget-heading\" data-id=\"bd77b0f\" data-element_type=\"widget\" data-e-type=\"widget\" data-widget_type=\"heading.default\">\n\t\t\t\t<div class=\"elementor-widget-container\">\n\t\t\t\t\t<h2 class=\"elementor-heading-title elementor-size-default\">The overpowered versions of the BMW E21<\/h2>\t\t\t\t<\/div>\n\t\t\t\t<\/div>\n\t\t\t\t\t<\/div>\n\t\t<\/div>\n\t\t\t\t\t<\/div>\n\t\t<\/section>\n\t\t\t\t<section data-particle_enable=\"false\" data-particle-mobile-disabled=\"false\" class=\"elementor-section elementor-top-section elementor-element elementor-element-1ba2067 elementor-section-boxed elementor-section-height-default elementor-section-height-default\" data-id=\"1ba2067\" data-element_type=\"section\" data-e-type=\"section\">\n\t\t\t\t\t\t<div class=\"elementor-container elementor-column-gap-default\">\n\t\t\t\t\t<div class=\"elementor-column elementor-col-100 elementor-top-column elementor-element elementor-element-1d34c8b\" data-id=\"1d34c8b\" data-element_type=\"column\" data-e-type=\"column\">\n\t\t\t<div class=\"elementor-widget-wrap elementor-element-populated\">\n\t\t\t\t\t\t<div class=\"elementor-element elementor-element-3ae886c elementor-widget__width-initial elementor-widget elementor-widget-text-editor\" data-id=\"3ae886c\" data-element_type=\"widget\" data-e-type=\"widget\" data-widget_type=\"text-editor.default\">\n\t\t\t\t<div class=\"elementor-widget-container\">\n\t\t\t\t\t\t\t\t\t<p>In the 3 series E21, there was not (yet) the M variant. However, there were several car and motor companies who reached to homologate and offer some overpowered versions of the model, even when the buyer had to pay an amount of money that at least doubled the standard price of the standard model. Special mention should be made of the <b>Alpina<\/b> tuner that offered a version called C1 2.3 with 170hp and a more powerful B6 2.8 with 200hp. The mechanical preparation was provided also with a special interior upholstery and an aesthetic part that included wheels, steering wheel, anagrams and a particular Alpina paint scheme.<\/p>\n<p>Another one of the best known overpowered versions are those of <b>Hartge<\/b>: Using 3000 or 3500cc engines &#8211; coming from the BMW 5 or 7 series &#8211; they reached 218 hp of power, although keeping in this case, a discreet and sober aesthetics.<\/p>\n<p>And still a third, less known variant is the <b>Schnitzer Turbo<\/b>.This was based on a 1500 M10 four-cylinder engine, with turbo, which achieved a top speed of 225 km\/h (compared to 190 km\/h of the standard 323i) and an acceleration from 0 to 100 km\/h in just over 6 seconds, compared to 9.5 seconds of the standard 323i, even having reached in some extreme preparations of competition units with more than 500hp.<\/p>\n\t\t\t\t\t\t\t\t<\/div>\n\t\t\t\t<\/div>\n\t\t\t\t\t<\/div>\n\t\t<\/div>\n\t\t\t\t\t<\/div>\n\t\t<\/section>\n\t\t\t\t<section data-particle_enable=\"false\" data-particle-mobile-disabled=\"false\" class=\"elementor-section elementor-top-section elementor-element elementor-element-26e0405 elementor-section-boxed elementor-section-height-default elementor-section-height-default\" data-id=\"26e0405\" data-element_type=\"section\" data-e-type=\"section\">\n\t\t\t\t\t\t<div class=\"elementor-container elementor-column-gap-default\">\n\t\t\t\t\t<div class=\"elementor-column elementor-col-100 elementor-top-column elementor-element elementor-element-8071da6\" data-id=\"8071da6\" data-element_type=\"column\" data-e-type=\"column\">\n\t\t\t<div class=\"elementor-widget-wrap elementor-element-populated\">\n\t\t\t\t\t\t<div class=\"elementor-element elementor-element-8f18daa elementor-widget elementor-widget-gallery\" data-id=\"8f18daa\" data-element_type=\"widget\" data-e-type=\"widget\" data-settings=\"{&quot;gallery_layout&quot;:&quot;justified&quot;,&quot;ideal_row_height&quot;:{&quot;unit&quot;:&quot;px&quot;,&quot;size&quot;:210,&quot;sizes&quot;:[]},&quot;ideal_row_height_mobile&quot;:{&quot;unit&quot;:&quot;px&quot;,&quot;size&quot;:106,&quot;sizes&quot;:[]},&quot;overlay_title&quot;:&quot;alt&quot;,&quot;lazyload&quot;:&quot;yes&quot;,&quot;ideal_row_height_tablet&quot;:{&quot;unit&quot;:&quot;px&quot;,&quot;size&quot;:150,&quot;sizes&quot;:[]},&quot;gap&quot;:{&quot;unit&quot;:&quot;px&quot;,&quot;size&quot;:10,&quot;sizes&quot;:[]},&quot;gap_tablet&quot;:{&quot;unit&quot;:&quot;px&quot;,&quot;size&quot;:10,&quot;sizes&quot;:[]},&quot;gap_mobile&quot;:{&quot;unit&quot;:&quot;px&quot;,&quot;size&quot;:10,&quot;sizes&quot;:[]},&quot;link_to&quot;:&quot;file&quot;,&quot;overlay_background&quot;:&quot;yes&quot;,&quot;content_hover_animation&quot;:&quot;fade-in&quot;}\" data-widget_type=\"gallery.default\">\n\t\t\t\t<div class=\"elementor-widget-container\">\n\t\t\t\t\t\t\t<div class=\"elementor-gallery__container\">\n\t\t\t\t\t\t\t<a class=\"e-gallery-item elementor-gallery-item elementor-animated-content\" href=\"https:\/\/www.jgclassics.com\/wp-content\/uploads\/2023\/05\/BMW_E21_AlpinaC1.jpg\" data-elementor-open-lightbox=\"yes\" data-elementor-lightbox-slideshow=\"8f18daa\" data-elementor-lightbox-title=\"BMW E21 Alpina C1\" data-e-action-hash=\"#elementor-action%3Aaction%3Dlightbox%26settings%3DeyJpZCI6MTQxODgsInVybCI6Imh0dHBzOlwvXC93d3cuamdjbGFzc2ljcy5jb21cL3dwLWNvbnRlbnRcL3VwbG9hZHNcLzIwMjNcLzA1XC9CTVdfRTIxX0FscGluYUMxLmpwZyIsInNsaWRlc2hvdyI6IjhmMThkYWEifQ%3D%3D\">\n\t\t\t\t\t<div class=\"e-gallery-image elementor-gallery-item__image\" data-thumbnail=\"https:\/\/www.jgclassics.com\/wp-content\/uploads\/2023\/05\/BMW_E21_AlpinaC1-300x142.jpg\" data-width=\"300\" data-height=\"142\" aria-label=\"BMW E21 Alpina C1\" role=\"img\" ><\/div>\n\t\t\t\t\t\t\t\t\t\t\t<div class=\"elementor-gallery-item__overlay\"><\/div>\n\t\t\t\t\t\t\t\t\t\t\t\t\t\t\t<div class=\"elementor-gallery-item__content\">\n\t\t\t\t\t\t\t\t\t\t\t\t\t\t<div class=\"elementor-gallery-item__title\">\n\t\t\t\t\t\t\t\t\t\t\t\t\t\t\t\t\t\tBMW E21 Alpina C1\t\t\t\t\t\t\t\t<\/div>\n\t\t\t\t\t\t\t\t\t\t\t\t<\/div>\n\t\t\t\t\t\t\t\t\t<\/a>\n\t\t\t\t\t\t\t<a class=\"e-gallery-item elementor-gallery-item elementor-animated-content\" href=\"https:\/\/www.jgclassics.com\/wp-content\/uploads\/2023\/05\/bmw_e21_alpina_motor.jpg\" data-elementor-open-lightbox=\"yes\" data-elementor-lightbox-slideshow=\"8f18daa\" data-elementor-lightbox-title=\"BMW E21 Alpina engine\" data-e-action-hash=\"#elementor-action%3Aaction%3Dlightbox%26settings%3DeyJpZCI6MTQxODUsInVybCI6Imh0dHBzOlwvXC93d3cuamdjbGFzc2ljcy5jb21cL3dwLWNvbnRlbnRcL3VwbG9hZHNcLzIwMjNcLzA1XC9ibXdfZTIxX2FscGluYV9tb3Rvci5qcGciLCJzbGlkZXNob3ciOiI4ZjE4ZGFhIn0%3D\">\n\t\t\t\t\t<div class=\"e-gallery-image elementor-gallery-item__image\" data-thumbnail=\"https:\/\/www.jgclassics.com\/wp-content\/uploads\/2023\/05\/bmw_e21_alpina_motor-300x161.jpg\" data-width=\"300\" data-height=\"161\" aria-label=\"BMW E21 Alpina engine\" role=\"img\" ><\/div>\n\t\t\t\t\t\t\t\t\t\t\t<div class=\"elementor-gallery-item__overlay\"><\/div>\n\t\t\t\t\t\t\t\t\t\t\t\t\t\t\t<div class=\"elementor-gallery-item__content\">\n\t\t\t\t\t\t\t\t\t\t\t\t\t\t<div class=\"elementor-gallery-item__title\">\n\t\t\t\t\t\t\t\t\t\t\t\t\t\t\t\t\t\tBMW E21 Alpina engine\t\t\t\t\t\t\t\t<\/div>\n\t\t\t\t\t\t\t\t\t\t\t\t<\/div>\n\t\t\t\t\t\t\t\t\t<\/a>\n\t\t\t\t\t\t\t<a class=\"e-gallery-item elementor-gallery-item elementor-animated-content\" href=\"https:\/\/www.jgclassics.com\/wp-content\/uploads\/2023\/05\/bmw_e21_alpina_interior.jpg\" data-elementor-open-lightbox=\"yes\" data-elementor-lightbox-slideshow=\"8f18daa\" data-elementor-lightbox-title=\"BMW E21 Alpina interior\" data-e-action-hash=\"#elementor-action%3Aaction%3Dlightbox%26settings%3DeyJpZCI6MTQxODIsInVybCI6Imh0dHBzOlwvXC93d3cuamdjbGFzc2ljcy5jb21cL3dwLWNvbnRlbnRcL3VwbG9hZHNcLzIwMjNcLzA1XC9ibXdfZTIxX2FscGluYV9pbnRlcmlvci5qcGciLCJzbGlkZXNob3ciOiI4ZjE4ZGFhIn0%3D\">\n\t\t\t\t\t<div class=\"e-gallery-image elementor-gallery-item__image\" data-thumbnail=\"https:\/\/www.jgclassics.com\/wp-content\/uploads\/2023\/05\/bmw_e21_alpina_interior-300x145.jpg\" data-width=\"300\" data-height=\"145\" aria-label=\"BMW E21 Alpina interior\" role=\"img\" ><\/div>\n\t\t\t\t\t\t\t\t\t\t\t<div class=\"elementor-gallery-item__overlay\"><\/div>\n\t\t\t\t\t\t\t\t\t\t\t\t\t\t\t<div class=\"elementor-gallery-item__content\">\n\t\t\t\t\t\t\t\t\t\t\t\t\t\t<div class=\"elementor-gallery-item__title\">\n\t\t\t\t\t\t\t\t\t\t\t\t\t\t\t\t\t\tBMW E21 Alpina interior\t\t\t\t\t\t\t\t<\/div>\n\t\t\t\t\t\t\t\t\t\t\t\t<\/div>\n\t\t\t\t\t\t\t\t\t<\/a>\n\t\t\t\t\t\t\t<a class=\"e-gallery-item elementor-gallery-item elementor-animated-content\" href=\"https:\/\/www.jgclassics.com\/wp-content\/uploads\/2023\/05\/bwm_e21_hartge_motor.jpg\" data-elementor-open-lightbox=\"yes\" data-elementor-lightbox-slideshow=\"8f18daa\" data-elementor-lightbox-title=\"BMW E21 Hartge motor\" data-e-action-hash=\"#elementor-action%3Aaction%3Dlightbox%26settings%3DeyJpZCI6MTQxNzksInVybCI6Imh0dHBzOlwvXC93d3cuamdjbGFzc2ljcy5jb21cL3dwLWNvbnRlbnRcL3VwbG9hZHNcLzIwMjNcLzA1XC9id21fZTIxX2hhcnRnZV9tb3Rvci5qcGciLCJzbGlkZXNob3ciOiI4ZjE4ZGFhIn0%3D\">\n\t\t\t\t\t<div class=\"e-gallery-image elementor-gallery-item__image\" data-thumbnail=\"https:\/\/www.jgclassics.com\/wp-content\/uploads\/2023\/05\/bwm_e21_hartge_motor-300x167.jpg\" data-width=\"300\" data-height=\"167\" aria-label=\"\" role=\"img\" ><\/div>\n\t\t\t\t\t\t\t\t\t\t\t<div class=\"elementor-gallery-item__overlay\"><\/div>\n\t\t\t\t\t\t\t\t\t\t\t\t\t\t\t<div class=\"elementor-gallery-item__content\">\n\t\t\t\t\t\t\t\t\t\t\t<\/div>\n\t\t\t\t\t\t\t\t\t<\/a>\n\t\t\t\t\t\t\t<a class=\"e-gallery-item elementor-gallery-item elementor-animated-content\" href=\"https:\/\/www.jgclassics.com\/wp-content\/uploads\/2023\/05\/bmw_e21_hartge.jpg\" data-elementor-open-lightbox=\"yes\" data-elementor-lightbox-slideshow=\"8f18daa\" data-elementor-lightbox-title=\"BMW E21 Hartge exterior\" data-e-action-hash=\"#elementor-action%3Aaction%3Dlightbox%26settings%3DeyJpZCI6MTQxNzYsInVybCI6Imh0dHBzOlwvXC93d3cuamdjbGFzc2ljcy5jb21cL3dwLWNvbnRlbnRcL3VwbG9hZHNcLzIwMjNcLzA1XC9ibXdfZTIxX2hhcnRnZS5qcGciLCJzbGlkZXNob3ciOiI4ZjE4ZGFhIn0%3D\">\n\t\t\t\t\t<div class=\"e-gallery-image elementor-gallery-item__image\" data-thumbnail=\"https:\/\/www.jgclassics.com\/wp-content\/uploads\/2023\/05\/bmw_e21_hartge-300x168.jpg\" data-width=\"300\" data-height=\"168\" aria-label=\"\" role=\"img\" ><\/div>\n\t\t\t\t\t\t\t\t\t\t\t<div class=\"elementor-gallery-item__overlay\"><\/div>\n\t\t\t\t\t\t\t\t\t\t\t\t\t\t\t<div class=\"elementor-gallery-item__content\">\n\t\t\t\t\t\t\t\t\t\t\t<\/div>\n\t\t\t\t\t\t\t\t\t<\/a>\n\t\t\t\t\t\t\t<a class=\"e-gallery-item elementor-gallery-item elementor-animated-content\" href=\"https:\/\/www.jgclassics.com\/wp-content\/uploads\/2023\/05\/BMW_Schnitzer_550CV.jpg\" data-elementor-open-lightbox=\"yes\" data-elementor-lightbox-slideshow=\"8f18daa\" data-elementor-lightbox-title=\"BMW E21 Schnitzer 550hp\" data-e-action-hash=\"#elementor-action%3Aaction%3Dlightbox%26settings%3DeyJpZCI6MTQxOTEsInVybCI6Imh0dHBzOlwvXC93d3cuamdjbGFzc2ljcy5jb21cL3dwLWNvbnRlbnRcL3VwbG9hZHNcLzIwMjNcLzA1XC9CTVdfU2Nobml0emVyXzU1MENWLmpwZyIsInNsaWRlc2hvdyI6IjhmMThkYWEifQ%3D%3D\">\n\t\t\t\t\t<div class=\"e-gallery-image elementor-gallery-item__image\" data-thumbnail=\"https:\/\/www.jgclassics.com\/wp-content\/uploads\/2023\/05\/BMW_Schnitzer_550CV-300x176.jpg\" data-width=\"300\" data-height=\"176\" aria-label=\"BMW E21 Schnitzer 550hp\" role=\"img\" ><\/div>\n\t\t\t\t\t\t\t\t\t\t\t<div class=\"elementor-gallery-item__overlay\"><\/div>\n\t\t\t\t\t\t\t\t\t\t\t\t\t\t\t<div class=\"elementor-gallery-item__content\">\n\t\t\t\t\t\t\t\t\t\t\t\t\t\t<div class=\"elementor-gallery-item__title\">\n\t\t\t\t\t\t\t\t\t\t\t\t\t\t\t\t\t\tBMW E21 Schnitzer 550hp\t\t\t\t\t\t\t\t<\/div>\n\t\t\t\t\t\t\t\t\t\t\t\t<\/div>\n\t\t\t\t\t\t\t\t\t<\/a>\n\t\t\t\t\t<\/div>\n\t\t\t\t\t<\/div>\n\t\t\t\t<\/div>\n\t\t\t\t\t<\/div>\n\t\t<\/div>\n\t\t\t\t\t<\/div>\n\t\t<\/section>\n\t\t\t\t<section data-particle_enable=\"false\" data-particle-mobile-disabled=\"false\" class=\"elementor-section elementor-top-section elementor-element elementor-element-da3fe83 elementor-section-boxed elementor-section-height-default elementor-section-height-default\" data-id=\"da3fe83\" data-element_type=\"section\" data-e-type=\"section\">\n\t\t\t\t\t\t<div class=\"elementor-container elementor-column-gap-default\">\n\t\t\t\t\t<div class=\"elementor-column elementor-col-100 elementor-top-column elementor-element elementor-element-a87bb3a\" data-id=\"a87bb3a\" data-element_type=\"column\" data-e-type=\"column\">\n\t\t\t<div class=\"elementor-widget-wrap elementor-element-populated\">\n\t\t\t\t\t\t<div class=\"elementor-element elementor-element-d6ecd54 elementor-widget-divider--view-line elementor-widget elementor-widget-divider\" data-id=\"d6ecd54\" data-element_type=\"widget\" data-e-type=\"widget\" data-widget_type=\"divider.default\">\n\t\t\t\t<div class=\"elementor-widget-container\">\n\t\t\t\t\t\t\t<div class=\"elementor-divider\">\n\t\t\t<span class=\"elementor-divider-separator\">\n\t\t\t\t\t\t<\/span>\n\t\t<\/div>\n\t\t\t\t\t\t<\/div>\n\t\t\t\t<\/div>\n\t\t\t\t\t<\/div>\n\t\t<\/div>\n\t\t\t\t\t<\/div>\n\t\t<\/section>\n\t\t\t\t<section data-particle_enable=\"false\" data-particle-mobile-disabled=\"false\" class=\"elementor-section elementor-top-section elementor-element elementor-element-8819e9e elementor-section-boxed elementor-section-height-default elementor-section-height-default\" data-id=\"8819e9e\" data-element_type=\"section\" data-e-type=\"section\">\n\t\t\t\t\t\t<div class=\"elementor-container elementor-column-gap-default\">\n\t\t\t\t\t<div class=\"elementor-column elementor-col-100 elementor-top-column elementor-element elementor-element-6b89be8\" data-id=\"6b89be8\" data-element_type=\"column\" data-e-type=\"column\">\n\t\t\t<div class=\"elementor-widget-wrap elementor-element-populated\">\n\t\t\t\t\t\t<div class=\"elementor-element elementor-element-1bf985f elementor-widget elementor-widget-heading\" data-id=\"1bf985f\" data-element_type=\"widget\" data-e-type=\"widget\" data-widget_type=\"heading.default\">\n\t\t\t\t<div class=\"elementor-widget-container\">\n\t\t\t\t\t<h2 class=\"elementor-heading-title elementor-size-default\">BMW E21 : The legacy<\/h2>\t\t\t\t<\/div>\n\t\t\t\t<\/div>\n\t\t\t\t\t<\/div>\n\t\t<\/div>\n\t\t\t\t\t<\/div>\n\t\t<\/section>\n\t\t\t\t<section data-particle_enable=\"false\" data-particle-mobile-disabled=\"false\" class=\"elementor-section elementor-top-section elementor-element elementor-element-766125a elementor-section-boxed elementor-section-height-default elementor-section-height-default\" data-id=\"766125a\" data-element_type=\"section\" data-e-type=\"section\">\n\t\t\t\t\t\t<div class=\"elementor-container elementor-column-gap-default\">\n\t\t\t\t\t<div class=\"elementor-column elementor-col-50 elementor-top-column elementor-element elementor-element-8b431d7\" data-id=\"8b431d7\" data-element_type=\"column\" data-e-type=\"column\">\n\t\t\t<div class=\"elementor-widget-wrap elementor-element-populated\">\n\t\t\t\t\t\t<div class=\"elementor-element elementor-element-640dd51 elementor-widget elementor-widget-text-editor\" data-id=\"640dd51\" data-element_type=\"widget\" data-e-type=\"widget\" data-widget_type=\"text-editor.default\">\n\t\t\t\t<div class=\"elementor-widget-container\">\n\t\t\t\t\t\t\t\t\t<p>The 3-series <strong>E21<\/strong> appeared in 1975. It was born as a redesign (or even we can say &#8220;an extension&#8221;) of the 02 series. The conceptual idea was to make a car that combined exclusivity, quality and comfort with sportiness, all in a compact size vehicle. This &#8220;sports sedan&#8221; concept resulted to be so successful that BMW has continued the 3-series saga until nowadays (E30, E36, E46, E90, F30, F80) and still remains a real reference for high-quality, sporty and performance sedan cars.<\/p>\n\t\t\t\t\t\t\t\t<\/div>\n\t\t\t\t<\/div>\n\t\t\t\t\t<\/div>\n\t\t<\/div>\n\t\t\t\t<div class=\"elementor-column elementor-col-50 elementor-top-column elementor-element elementor-element-4031415\" data-id=\"4031415\" data-element_type=\"column\" data-e-type=\"column\">\n\t\t\t<div class=\"elementor-widget-wrap elementor-element-populated\">\n\t\t\t\t\t\t<div class=\"elementor-element elementor-element-8044c9c elementor-widget__width-initial elementor-widget elementor-widget-image\" data-id=\"8044c9c\" data-element_type=\"widget\" data-e-type=\"widget\" data-widget_type=\"image.default\">\n\t\t\t\t<div class=\"elementor-widget-container\">\n\t\t\t\t\t\t\t\t\t\t\t\t\t\t\t\t<a href=\"https:\/\/www.jgclassics.com\/wp-content\/uploads\/2023\/05\/BMW_3_series_Evolution.jpg\" data-elementor-open-lightbox=\"yes\" data-elementor-lightbox-title=\"BMW 3 series evolution 1975-2012\" data-e-action-hash=\"#elementor-action%3Aaction%3Dlightbox%26settings%3DeyJpZCI6MTQxMjUsInVybCI6Imh0dHBzOlwvXC93d3cuamdjbGFzc2ljcy5jb21cL3dwLWNvbnRlbnRcL3VwbG9hZHNcLzIwMjNcLzA1XC9CTVdfM19zZXJpZXNfRXZvbHV0aW9uLmpwZyJ9\">\n\t\t\t\t\t\t\t<img loading=\"lazy\" decoding=\"async\" width=\"212\" height=\"300\" src=\"https:\/\/www.jgclassics.com\/wp-content\/uploads\/2023\/05\/BMW_3_series_Evolution-212x300.jpg\" class=\"attachment-medium size-medium wp-image-14125\" alt=\"BMW 3 series evolution 1975-2012\" srcset=\"https:\/\/www.jgclassics.com\/wp-content\/uploads\/2023\/05\/BMW_3_series_Evolution-212x300.jpg 212w, https:\/\/www.jgclassics.com\/wp-content\/uploads\/2023\/05\/BMW_3_series_Evolution.jpg 564w\" sizes=\"(max-width: 212px) 100vw, 212px\" \/>\t\t\t\t\t\t\t\t<\/a>\n\t\t\t\t\t\t\t\t\t\t\t\t\t\t\t<\/div>\n\t\t\t\t<\/div>\n\t\t\t\t\t<\/div>\n\t\t<\/div>\n\t\t\t\t\t<\/div>\n\t\t<\/section>\n\t\t\t\t<section data-particle_enable=\"false\" data-particle-mobile-disabled=\"false\" class=\"elementor-section elementor-top-section elementor-element elementor-element-c5c08a3 elementor-section-boxed elementor-section-height-default elementor-section-height-default\" data-id=\"c5c08a3\" data-element_type=\"section\" data-e-type=\"section\">\n\t\t\t\t\t\t<div class=\"elementor-container elementor-column-gap-default\">\n\t\t\t\t\t<div class=\"elementor-column elementor-col-100 elementor-top-column elementor-element elementor-element-f58dd27\" data-id=\"f58dd27\" data-element_type=\"column\" data-e-type=\"column\">\n\t\t\t<div class=\"elementor-widget-wrap elementor-element-populated\">\n\t\t\t\t\t\t<div class=\"elementor-element elementor-element-4cf9692 elementor-widget elementor-widget-text-editor\" data-id=\"4cf9692\" data-element_type=\"widget\" data-e-type=\"widget\" data-widget_type=\"text-editor.default\">\n\t\t\t\t<div class=\"elementor-widget-container\">\n\t\t\t\t\t\t\t\t\t<p>The BMW 3-series E21 was discontinued in 1983 to give way to the E30 series, after having sold more than one million units.<\/p>\n\t\t\t\t\t\t\t\t<\/div>\n\t\t\t\t<\/div>\n\t\t\t\t\t<\/div>\n\t\t<\/div>\n\t\t\t\t\t<\/div>\n\t\t<\/section>\n\t\t\t\t<\/div>\n\t\t","protected":false},"excerpt":{"rendered":"<p>Espa\u00f1ol Catal\u00e0 (Catal\u00e1n) English (Ingl\u00e9s) Fran\u00e7ais (Franc\u00e9s) Share in: BMW 3 Series &#8211; 323i E21 Origin: Pontevedra, Spain, June 1981 BMW 323i E21 BMW 3 Series &#8211; 323i E21. First generation of the 3 series after the legendary 2002. Engine M20 2300 6-cylinder K-Jetronic injection. Completely renovated of bodywork, paint and interiors, as well as [&hellip;]<\/p>\n","protected":false},"author":2,"featured_media":13903,"parent":14667,"menu_order":0,"comment_status":"closed","ping_status":"closed","template":"","meta":{"_monsterinsights_skip_tracking":false,"_monsterinsights_sitenote_active":false,"_monsterinsights_sitenote_note":"","_monsterinsights_sitenote_category":0,"site-sidebar-layout":"no-sidebar","site-content-layout":"page-builder","ast-site-content-layout":"default","site-content-style":"default","site-sidebar-style":"default","ast-global-header-display":"","ast-banner-title-visibility":"","ast-main-header-display":"","ast-hfb-above-header-display":"","ast-hfb-below-header-display":"","ast-hfb-mobile-header-display":"","site-post-title":"disabled","ast-breadcrumbs-content":"","ast-featured-img":"disabled","footer-sml-layout":"","ast-disable-related-posts":"","theme-transparent-header-meta":"","adv-header-id-meta":"","stick-header-meta":"","header-above-stick-meta":"","header-main-stick-meta":"","header-below-stick-meta":"","astra-migrate-meta-layouts":"default","ast-page-background-enabled":"default","ast-page-background-meta":{"desktop":{"background-color":"var(--ast-global-color-4)","background-image":"","background-repeat":"repeat","background-position":"center center","background-size":"auto","background-attachment":"scroll","background-type":"","background-media":"","overlay-type":"","overlay-color":"","overlay-opacity":"","overlay-gradient":""},"tablet":{"background-color":"","background-image":"","background-repeat":"repeat","background-position":"center center","background-size":"auto","background-attachment":"scroll","background-type":"","background-media":"","overlay-type":"","overlay-color":"","overlay-opacity":"","overlay-gradient":""},"mobile":{"background-color":"","background-image":"","background-repeat":"repeat","background-position":"center center","background-size":"auto","background-attachment":"scroll","background-type":"","background-media":"","overlay-type":"","overlay-color":"","overlay-opacity":"","overlay-gradient":""}},"ast-content-background-meta":{"desktop":{"background-color":"var(--ast-global-color-5)","background-image":"","background-repeat":"repeat","background-position":"center center","background-size":"auto","background-attachment":"scroll","background-type":"","background-media":"","overlay-type":"","overlay-color":"","overlay-opacity":"","overlay-gradient":""},"tablet":{"background-color":"var(--ast-global-color-5)","background-image":"","background-repeat":"repeat","background-position":"center center","background-size":"auto","background-attachment":"scroll","background-type":"","background-media":"","overlay-type":"","overlay-color":"","overlay-opacity":"","overlay-gradient":""},"mobile":{"background-color":"var(--ast-global-color-5)","background-image":"","background-repeat":"repeat","background-position":"center center","background-size":"auto","background-attachment":"scroll","background-type":"","background-media":"","overlay-type":"","overlay-color":"","overlay-opacity":"","overlay-gradient":""}},"footnotes":""},"class_list":["post-14805","page","type-page","status-publish","has-post-thumbnail","hentry"],"yoast_head":"<!-- This site is optimized with the Yoast SEO Premium plugin v27.4 (Yoast SEO v27.4) - https:\/\/yoast.com\/product\/yoast-seo-premium-wordpress\/ -->\n<title>BMW 323i E21 - JG Classics : The thrill of time travel% JG Classics : The thrill of time travel.<\/title>\n<meta name=\"description\" content=\"BMW 3-series, 323i E21 - First generation of the 3-series after the legendary 2002. Engine M20 2300 6 cylinders K-Jetronic injection. Completely renovated bodywork, paint and interior. Alpine Decoration. Available for rental, photo sessions and movie recordings.\" \/>\n<meta name=\"robots\" content=\"index, follow, max-snippet:-1, max-image-preview:large, max-video-preview:-1\" \/>\n<link rel=\"canonical\" href=\"https:\/\/www.jgclassics.com\/en\/our-vehicles\/bmw-323i-e21\/\" \/>\n<meta property=\"og:locale\" content=\"en_US\" \/>\n<meta property=\"og:type\" content=\"article\" \/>\n<meta property=\"og:title\" content=\"BMW 323i E21\" \/>\n<meta property=\"og:description\" content=\"BMW 3-series, 323i E21 - First generation of the 3-series after the legendary 2002. Engine M20 2300 6 cylinders K-Jetronic injection. Completely renovated bodywork, paint and interior. Alpine Decoration. Available for rental, photo sessions and movie recordings.\" \/>\n<meta property=\"og:url\" content=\"https:\/\/www.jgclassics.com\/en\/our-vehicles\/bmw-323i-e21\/\" \/>\n<meta property=\"og:site_name\" content=\"JG Classics : The thrill of time travel\" \/>\n<meta property=\"article:publisher\" content=\"https:\/\/www.facebook.com\/profile.php?id=100086454427345\" \/>\n<meta property=\"article:modified_time\" content=\"2023-10-22T07:22:49+00:00\" \/>\n<meta property=\"og:image\" content=\"https:\/\/www.jgclassics.com\/wp-content\/uploads\/2023\/05\/20230506_203010-1024x576.jpg\" \/>\n<meta name=\"twitter:card\" content=\"summary_large_image\" \/>\n<meta name=\"twitter:image\" content=\"https:\/\/www.jgclassics.com\/wp-content\/uploads\/2023\/05\/20230506_203010-1024x576.jpg\" \/>\n<meta name=\"twitter:label1\" content=\"Est. reading time\" \/>\n\t<meta name=\"twitter:data1\" content=\"16 minutes\" \/>\n<script type=\"application\/ld+json\" class=\"yoast-schema-graph\">{\"@context\":\"https:\\\/\\\/schema.org\",\"@graph\":[{\"@type\":\"WebPage\",\"@id\":\"https:\\\/\\\/www.jgclassics.com\\\/en\\\/our-vehicles\\\/bmw-323i-e21\\\/\",\"url\":\"https:\\\/\\\/www.jgclassics.com\\\/en\\\/our-vehicles\\\/bmw-323i-e21\\\/\",\"name\":\"BMW 323i E21 - JG Classics : The thrill of time travel% JG Classics : The thrill of time travel.\",\"isPartOf\":{\"@id\":\"https:\\\/\\\/www.jgclassics.com\\\/en\\\/#website\"},\"primaryImageOfPage\":{\"@id\":\"https:\\\/\\\/www.jgclassics.com\\\/en\\\/our-vehicles\\\/bmw-323i-e21\\\/#primaryimage\"},\"image\":{\"@id\":\"https:\\\/\\\/www.jgclassics.com\\\/en\\\/our-vehicles\\\/bmw-323i-e21\\\/#primaryimage\"},\"thumbnailUrl\":\"https:\\\/\\\/www.jgclassics.com\\\/wp-content\\\/uploads\\\/2023\\\/05\\\/20230506_203010-scaled.jpg\",\"datePublished\":\"2022-11-29T01:32:25+00:00\",\"dateModified\":\"2023-10-22T07:22:49+00:00\",\"description\":\"BMW 3-series, 323i E21 - First generation of the 3-series after the legendary 2002. Engine M20 2300 6 cylinders K-Jetronic injection. Completely renovated bodywork, paint and interior. Alpine Decoration. Available for rental, photo sessions and movie recordings.\",\"breadcrumb\":{\"@id\":\"https:\\\/\\\/www.jgclassics.com\\\/en\\\/our-vehicles\\\/bmw-323i-e21\\\/#breadcrumb\"},\"inLanguage\":\"en-US\",\"potentialAction\":[{\"@type\":\"ReadAction\",\"target\":[\"https:\\\/\\\/www.jgclassics.com\\\/en\\\/our-vehicles\\\/bmw-323i-e21\\\/\"]}]},{\"@type\":\"ImageObject\",\"inLanguage\":\"en-US\",\"@id\":\"https:\\\/\\\/www.jgclassics.com\\\/en\\\/our-vehicles\\\/bmw-323i-e21\\\/#primaryimage\",\"url\":\"https:\\\/\\\/www.jgclassics.com\\\/wp-content\\\/uploads\\\/2023\\\/05\\\/20230506_203010-scaled.jpg\",\"contentUrl\":\"https:\\\/\\\/www.jgclassics.com\\\/wp-content\\\/uploads\\\/2023\\\/05\\\/20230506_203010-scaled.jpg\",\"width\":2560,\"height\":1440,\"caption\":\"BMW 323i E21 Barcelona - Alpina decoration\"},{\"@type\":\"BreadcrumbList\",\"@id\":\"https:\\\/\\\/www.jgclassics.com\\\/en\\\/our-vehicles\\\/bmw-323i-e21\\\/#breadcrumb\",\"itemListElement\":[{\"@type\":\"ListItem\",\"position\":1,\"name\":\"Inicio\",\"item\":\"https:\\\/\\\/www.jgclassics.com\\\/en\\\/jg-classics-classic-and-historic-cars-to-travel-back-in-time\\\/\"},{\"@type\":\"ListItem\",\"position\":2,\"name\":\"Our vehicles\",\"item\":\"https:\\\/\\\/www.jgclassics.com\\\/en\\\/our-vehicles\\\/\"},{\"@type\":\"ListItem\",\"position\":3,\"name\":\"BMW 323i E21\"}]},{\"@type\":\"WebSite\",\"@id\":\"https:\\\/\\\/www.jgclassics.com\\\/en\\\/#website\",\"url\":\"https:\\\/\\\/www.jgclassics.com\\\/en\\\/\",\"name\":\"JG Classics : The thrill of time travel\",\"description\":\"Classic cars, historic cars: Rental, support for restorations, technical information and purchase of material\",\"publisher\":{\"@id\":\"https:\\\/\\\/www.jgclassics.com\\\/en\\\/#organization\"},\"alternateName\":\"JG Classics - Coches cl\u00e1sicos e hist\u00f3ricos - Alquiler, blogs, informaci\u00f3n, art\u00edculos\",\"potentialAction\":[{\"@type\":\"SearchAction\",\"target\":{\"@type\":\"EntryPoint\",\"urlTemplate\":\"https:\\\/\\\/www.jgclassics.com\\\/en\\\/?s={search_term_string}\"},\"query-input\":{\"@type\":\"PropertyValueSpecification\",\"valueRequired\":true,\"valueName\":\"search_term_string\"}}],\"inLanguage\":\"en-US\"},{\"@type\":\"Organization\",\"@id\":\"https:\\\/\\\/www.jgclassics.com\\\/en\\\/#organization\",\"name\":\"JG Classics : The thrill of time travel\",\"alternateName\":\"JG Classics\",\"url\":\"https:\\\/\\\/www.jgclassics.com\\\/en\\\/\",\"logo\":{\"@type\":\"ImageObject\",\"inLanguage\":\"en-US\",\"@id\":\"https:\\\/\\\/www.jgclassics.com\\\/en\\\/#\\\/schema\\\/logo\\\/image\\\/\",\"url\":\"https:\\\/\\\/www.jgclassics.com\\\/wp-content\\\/uploads\\\/2022\\\/10\\\/Color-logo-with-background.svg\",\"contentUrl\":\"https:\\\/\\\/www.jgclassics.com\\\/wp-content\\\/uploads\\\/2022\\\/10\\\/Color-logo-with-background.svg\",\"width\":3171,\"height\":2303,\"caption\":\"JG Classics : The thrill of time travel\"},\"image\":{\"@id\":\"https:\\\/\\\/www.jgclassics.com\\\/en\\\/#\\\/schema\\\/logo\\\/image\\\/\"},\"sameAs\":[\"https:\\\/\\\/www.facebook.com\\\/profile.php?id=100086454427345\"]}]}<\/script>\n<!-- \/ Yoast SEO Premium plugin. -->","yoast_head_json":{"title":"BMW 323i E21 - JG Classics : The thrill of time travel% JG Classics : The thrill of time travel.","description":"BMW 3-series, 323i E21 - First generation of the 3-series after the legendary 2002. Engine M20 2300 6 cylinders K-Jetronic injection. Completely renovated bodywork, paint and interior. Alpine Decoration. Available for rental, photo sessions and movie recordings.","robots":{"index":"index","follow":"follow","max-snippet":"max-snippet:-1","max-image-preview":"max-image-preview:large","max-video-preview":"max-video-preview:-1"},"canonical":"https:\/\/www.jgclassics.com\/en\/our-vehicles\/bmw-323i-e21\/","og_locale":"en_US","og_type":"article","og_title":"BMW 323i E21","og_description":"BMW 3-series, 323i E21 - First generation of the 3-series after the legendary 2002. Engine M20 2300 6 cylinders K-Jetronic injection. Completely renovated bodywork, paint and interior. Alpine Decoration. Available for rental, photo sessions and movie recordings.","og_url":"https:\/\/www.jgclassics.com\/en\/our-vehicles\/bmw-323i-e21\/","og_site_name":"JG Classics : The thrill of time travel","article_publisher":"https:\/\/www.facebook.com\/profile.php?id=100086454427345","article_modified_time":"2023-10-22T07:22:49+00:00","og_image":[{"url":"https:\/\/www.jgclassics.com\/wp-content\/uploads\/2023\/05\/20230506_203010-1024x576.jpg","type":"","width":"","height":""}],"twitter_card":"summary_large_image","twitter_image":"https:\/\/www.jgclassics.com\/wp-content\/uploads\/2023\/05\/20230506_203010-1024x576.jpg","twitter_misc":{"Est. reading time":"16 minutes"},"schema":{"@context":"https:\/\/schema.org","@graph":[{"@type":"WebPage","@id":"https:\/\/www.jgclassics.com\/en\/our-vehicles\/bmw-323i-e21\/","url":"https:\/\/www.jgclassics.com\/en\/our-vehicles\/bmw-323i-e21\/","name":"BMW 323i E21 - JG Classics : The thrill of time travel% JG Classics : The thrill of time travel.","isPartOf":{"@id":"https:\/\/www.jgclassics.com\/en\/#website"},"primaryImageOfPage":{"@id":"https:\/\/www.jgclassics.com\/en\/our-vehicles\/bmw-323i-e21\/#primaryimage"},"image":{"@id":"https:\/\/www.jgclassics.com\/en\/our-vehicles\/bmw-323i-e21\/#primaryimage"},"thumbnailUrl":"https:\/\/www.jgclassics.com\/wp-content\/uploads\/2023\/05\/20230506_203010-scaled.jpg","datePublished":"2022-11-29T01:32:25+00:00","dateModified":"2023-10-22T07:22:49+00:00","description":"BMW 3-series, 323i E21 - First generation of the 3-series after the legendary 2002. Engine M20 2300 6 cylinders K-Jetronic injection. Completely renovated bodywork, paint and interior. Alpine Decoration. Available for rental, photo sessions and movie recordings.","breadcrumb":{"@id":"https:\/\/www.jgclassics.com\/en\/our-vehicles\/bmw-323i-e21\/#breadcrumb"},"inLanguage":"en-US","potentialAction":[{"@type":"ReadAction","target":["https:\/\/www.jgclassics.com\/en\/our-vehicles\/bmw-323i-e21\/"]}]},{"@type":"ImageObject","inLanguage":"en-US","@id":"https:\/\/www.jgclassics.com\/en\/our-vehicles\/bmw-323i-e21\/#primaryimage","url":"https:\/\/www.jgclassics.com\/wp-content\/uploads\/2023\/05\/20230506_203010-scaled.jpg","contentUrl":"https:\/\/www.jgclassics.com\/wp-content\/uploads\/2023\/05\/20230506_203010-scaled.jpg","width":2560,"height":1440,"caption":"BMW 323i E21 Barcelona - Alpina decoration"},{"@type":"BreadcrumbList","@id":"https:\/\/www.jgclassics.com\/en\/our-vehicles\/bmw-323i-e21\/#breadcrumb","itemListElement":[{"@type":"ListItem","position":1,"name":"Inicio","item":"https:\/\/www.jgclassics.com\/en\/jg-classics-classic-and-historic-cars-to-travel-back-in-time\/"},{"@type":"ListItem","position":2,"name":"Our vehicles","item":"https:\/\/www.jgclassics.com\/en\/our-vehicles\/"},{"@type":"ListItem","position":3,"name":"BMW 323i E21"}]},{"@type":"WebSite","@id":"https:\/\/www.jgclassics.com\/en\/#website","url":"https:\/\/www.jgclassics.com\/en\/","name":"JG Classics : The thrill of time travel","description":"Classic cars, historic cars: Rental, support for restorations, technical information and purchase of material","publisher":{"@id":"https:\/\/www.jgclassics.com\/en\/#organization"},"alternateName":"JG Classics - Coches cl\u00e1sicos e hist\u00f3ricos - Alquiler, blogs, informaci\u00f3n, art\u00edculos","potentialAction":[{"@type":"SearchAction","target":{"@type":"EntryPoint","urlTemplate":"https:\/\/www.jgclassics.com\/en\/?s={search_term_string}"},"query-input":{"@type":"PropertyValueSpecification","valueRequired":true,"valueName":"search_term_string"}}],"inLanguage":"en-US"},{"@type":"Organization","@id":"https:\/\/www.jgclassics.com\/en\/#organization","name":"JG Classics : The thrill of time travel","alternateName":"JG Classics","url":"https:\/\/www.jgclassics.com\/en\/","logo":{"@type":"ImageObject","inLanguage":"en-US","@id":"https:\/\/www.jgclassics.com\/en\/#\/schema\/logo\/image\/","url":"https:\/\/www.jgclassics.com\/wp-content\/uploads\/2022\/10\/Color-logo-with-background.svg","contentUrl":"https:\/\/www.jgclassics.com\/wp-content\/uploads\/2022\/10\/Color-logo-with-background.svg","width":3171,"height":2303,"caption":"JG Classics : The thrill of time travel"},"image":{"@id":"https:\/\/www.jgclassics.com\/en\/#\/schema\/logo\/image\/"},"sameAs":["https:\/\/www.facebook.com\/profile.php?id=100086454427345"]}]}},"_links":{"self":[{"href":"https:\/\/www.jgclassics.com\/en\/wp-json\/wp\/v2\/pages\/14805","targetHints":{"allow":["GET"]}}],"collection":[{"href":"https:\/\/www.jgclassics.com\/en\/wp-json\/wp\/v2\/pages"}],"about":[{"href":"https:\/\/www.jgclassics.com\/en\/wp-json\/wp\/v2\/types\/page"}],"author":[{"embeddable":true,"href":"https:\/\/www.jgclassics.com\/en\/wp-json\/wp\/v2\/users\/2"}],"replies":[{"embeddable":true,"href":"https:\/\/www.jgclassics.com\/en\/wp-json\/wp\/v2\/comments?post=14805"}],"version-history":[{"count":2,"href":"https:\/\/www.jgclassics.com\/en\/wp-json\/wp\/v2\/pages\/14805\/revisions"}],"predecessor-version":[{"id":18760,"href":"https:\/\/www.jgclassics.com\/en\/wp-json\/wp\/v2\/pages\/14805\/revisions\/18760"}],"up":[{"embeddable":true,"href":"https:\/\/www.jgclassics.com\/en\/wp-json\/wp\/v2\/pages\/14667"}],"wp:featuredmedia":[{"embeddable":true,"href":"https:\/\/www.jgclassics.com\/en\/wp-json\/wp\/v2\/media\/13903"}],"wp:attachment":[{"href":"https:\/\/www.jgclassics.com\/en\/wp-json\/wp\/v2\/media?parent=14805"}],"curies":[{"name":"wp","href":"https:\/\/api.w.org\/{rel}","templated":true}]}}