{"id":15219,"date":"2022-11-29T02:42:13","date_gmt":"2022-11-29T01:42:13","guid":{"rendered":"https:\/\/www.jgclassics.com\/nos-vehicules\/opel-manta-gte\/"},"modified":"2025-03-12T15:27:11","modified_gmt":"2025-03-12T14:27:11","slug":"opel-manta-gte","status":"publish","type":"page","link":"https:\/\/www.jgclassics.com\/fr\/nos-vehicules\/opel-manta-gte\/","title":{"rendered":"Opel Manta GTE"},"content":{"rendered":"\t\t<div data-elementor-type=\"wp-page\" data-elementor-id=\"15219\" class=\"elementor elementor-15219 elementor-6539\" data-elementor-post-type=\"page\">\n\t\t\t\t\t\t<section data-particle_enable=\"false\" data-particle-mobile-disabled=\"false\" class=\"elementor-section elementor-top-section elementor-element elementor-element-d20100e elementor-section-boxed elementor-section-height-default elementor-section-height-default\" data-id=\"d20100e\" data-element_type=\"section\" data-e-type=\"section\">\n\t\t\t\t\t\t<div class=\"elementor-container elementor-column-gap-default\">\n\t\t\t\t\t<div class=\"elementor-column elementor-col-100 elementor-top-column elementor-element elementor-element-ef762cb\" data-id=\"ef762cb\" data-element_type=\"column\" data-e-type=\"column\">\n\t\t\t<div class=\"elementor-widget-wrap elementor-element-populated\">\n\t\t\t\t\t\t<div class=\"elementor-element elementor-element-b039dfe elementor-widget elementor-widget-breadcrumbs\" data-id=\"b039dfe\" data-element_type=\"widget\" data-e-type=\"widget\" data-widget_type=\"breadcrumbs.default\">\n\t\t\t\t<div class=\"elementor-widget-container\">\n\t\t\t\t\t<p id=\"breadcrumbs\"><span><span><a href=\"https:\/\/www.jgclassics.com\/fr\/jg-classics-des-voitures-classiques-et-historiques-pour-voyager-dans-le-temps\/\">Inicio<\/a><\/span><\/span><\/p>\t\t\t\t<\/div>\n\t\t\t\t<\/div>\n\t\t\t\t\t<\/div>\n\t\t<\/div>\n\t\t\t\t\t<\/div>\n\t\t<\/section>\n\t\t\t\t<section data-particle_enable=\"false\" data-particle-mobile-disabled=\"false\" class=\"elementor-section elementor-top-section elementor-element elementor-element-29669fd elementor-section-boxed elementor-section-height-default elementor-section-height-default\" data-id=\"29669fd\" data-element_type=\"section\" data-e-type=\"section\">\n\t\t\t\t\t\t<div class=\"elementor-container elementor-column-gap-default\">\n\t\t\t\t\t<div class=\"elementor-column elementor-col-100 elementor-top-column elementor-element elementor-element-0d32cd6\" data-id=\"0d32cd6\" data-element_type=\"column\" data-e-type=\"column\">\n\t\t\t<div class=\"elementor-widget-wrap elementor-element-populated\">\n\t\t\t\t\t\t<div class=\"elementor-element elementor-element-8ae9815 elementor-widget elementor-widget-wpml-language-switcher\" data-id=\"8ae9815\" data-element_type=\"widget\" data-e-type=\"widget\" data-widget_type=\"wpml-language-switcher.default\">\n\t\t\t\t<div class=\"elementor-widget-container\">\n\t\t\t\t\t<div class=\"wpml-elementor-ls\">\n<div role=\"navigation\" aria-label=\"S\u00e9lecteur de langue\" class=\"wpml-ls-statics-shortcode_actions wpml-ls wpml-ls-legacy-list-horizontal\">\n\t<ul><li class=\"wpml-ls-slot-shortcode_actions wpml-ls-item wpml-ls-item-es wpml-ls-first-item wpml-ls-item-legacy-list-horizontal\">\n\t\t\t\t<a href=\"https:\/\/www.jgclassics.com\/\" hreflang=\"es\" lang=\"es\" class=\"wpml-ls-link\" aria-label=\"Passer \u00e0 Espagnol (Espa\u00f1ol)\" title=\"Passer \u00e0 Espagnol (Espa\u00f1ol)\">\n\t\t\t\t\t                                    <img decoding=\"async\"\n            class=\"wpml-ls-flag\"\n            src=\"https:\/\/www.jgclassics.com\/wp-content\/plugins\/sitepress-multilingual-cms\/res\/flags\/es.svg\"\n            alt=\"\"\n            loading=\"lazy\"\n            width=18\n            height=12\n    \/><span class=\"wpml-ls-native\">Espa\u00f1ol<\/span><span class=\"wpml-ls-display\"><span class=\"wpml-ls-bracket\"> (<\/span>Espagnol<span class=\"wpml-ls-bracket\">)<\/span><\/span><\/a>\n\t\t\t<\/li><li class=\"wpml-ls-slot-shortcode_actions wpml-ls-item wpml-ls-item-ca wpml-ls-item-legacy-list-horizontal\">\n\t\t\t\t<a href=\"https:\/\/www.jgclassics.com\/ca\/\" hreflang=\"ca\" lang=\"ca\" class=\"wpml-ls-link\" aria-label=\"Passer \u00e0 Catalan (Catal\u00e0)\" title=\"Passer \u00e0 Catalan (Catal\u00e0)\">\n\t\t\t\t\t                                    <img decoding=\"async\"\n            class=\"wpml-ls-flag\"\n            src=\"https:\/\/www.jgclassics.com\/wp-content\/plugins\/sitepress-multilingual-cms\/res\/flags\/ca.svg\"\n            alt=\"\"\n            loading=\"lazy\"\n            width=18\n            height=12\n    \/><span class=\"wpml-ls-native\">Catal\u00e0<\/span><span class=\"wpml-ls-display\"><span class=\"wpml-ls-bracket\"> (<\/span>Catalan<span class=\"wpml-ls-bracket\">)<\/span><\/span><\/a>\n\t\t\t<\/li><li class=\"wpml-ls-slot-shortcode_actions wpml-ls-item wpml-ls-item-en wpml-ls-item-legacy-list-horizontal\">\n\t\t\t\t<a href=\"https:\/\/www.jgclassics.com\/en\/\" hreflang=\"en\" lang=\"en\" class=\"wpml-ls-link\" aria-label=\"Passer \u00e0 Anglais (English)\" title=\"Passer \u00e0 Anglais (English)\">\n\t\t\t\t\t                                    <img decoding=\"async\"\n            class=\"wpml-ls-flag\"\n            src=\"https:\/\/www.jgclassics.com\/wp-content\/plugins\/sitepress-multilingual-cms\/res\/flags\/en.svg\"\n            alt=\"\"\n            loading=\"lazy\"\n            width=18\n            height=12\n    \/><span class=\"wpml-ls-native\">English<\/span><span class=\"wpml-ls-display\"><span class=\"wpml-ls-bracket\"> (<\/span>Anglais<span class=\"wpml-ls-bracket\">)<\/span><\/span><\/a>\n\t\t\t<\/li><li class=\"wpml-ls-slot-shortcode_actions wpml-ls-item wpml-ls-item-fr wpml-ls-current-language wpml-ls-last-item wpml-ls-item-legacy-list-horizontal\">\n\t\t\t\t<a href=\"https:\/\/www.jgclassics.com\/fr\/\" hreflang=\"fr\" lang=\"fr\" class=\"wpml-ls-link\" aria-current=\"page\" aria-label=\"Passer \u00e0 Fran\u00e7ais (Fran\u00e7ais)\" title=\"Passer \u00e0 Fran\u00e7ais (Fran\u00e7ais)\">\n\t\t\t\t\t                                    <img decoding=\"async\"\n            class=\"wpml-ls-flag\"\n            src=\"https:\/\/www.jgclassics.com\/wp-content\/plugins\/sitepress-multilingual-cms\/res\/flags\/fr.svg\"\n            alt=\"\"\n            loading=\"lazy\"\n            width=18\n            height=12\n    \/><span class=\"wpml-ls-native\">Fran\u00e7ais<\/span><\/a>\n\t\t\t<\/li><\/ul>\n<\/div>\n<\/div>\t\t\t\t<\/div>\n\t\t\t\t<\/div>\n\t\t\t\t\t<\/div>\n\t\t<\/div>\n\t\t\t\t\t<\/div>\n\t\t<\/section>\n\t\t\t\t<section data-particle_enable=\"false\" data-particle-mobile-disabled=\"false\" class=\"elementor-section elementor-top-section elementor-element elementor-element-5d1b4e5 elementor-section-boxed elementor-section-height-default elementor-section-height-default\" data-id=\"5d1b4e5\" data-element_type=\"section\" data-e-type=\"section\">\n\t\t\t\t\t\t<div class=\"elementor-container elementor-column-gap-default\">\n\t\t\t\t\t<div class=\"elementor-column elementor-col-50 elementor-top-column elementor-element elementor-element-026a49b\" data-id=\"026a49b\" data-element_type=\"column\" data-e-type=\"column\">\n\t\t\t<div class=\"elementor-widget-wrap elementor-element-populated\">\n\t\t\t\t\t\t<div class=\"elementor-element elementor-element-f565035 elementor-widget elementor-widget-text-editor\" data-id=\"f565035\" data-element_type=\"widget\" data-e-type=\"widget\" data-widget_type=\"text-editor.default\">\n\t\t\t\t<div class=\"elementor-widget-container\">\n\t\t\t\t\t\t\t\t\t<p>Partager en :<\/p>\n\t\t\t\t\t\t\t\t<\/div>\n\t\t\t\t<\/div>\n\t\t\t\t\t<\/div>\n\t\t<\/div>\n\t\t\t\t<div class=\"elementor-column elementor-col-50 elementor-top-column elementor-element elementor-element-d068024\" data-id=\"d068024\" data-element_type=\"column\" data-e-type=\"column\">\n\t\t\t<div class=\"elementor-widget-wrap elementor-element-populated\">\n\t\t\t\t\t\t<div class=\"elementor-element elementor-element-d599e1e elementor-share-buttons--view-icon elementor-share-buttons--skin-gradient elementor-share-buttons--shape-square elementor-grid-0 elementor-share-buttons--color-official elementor-widget elementor-widget-share-buttons\" data-id=\"d599e1e\" data-element_type=\"widget\" data-e-type=\"widget\" data-widget_type=\"share-buttons.default\">\n\t\t\t\t<div class=\"elementor-widget-container\">\n\t\t\t\t\t\t\t<div class=\"elementor-grid\" role=\"list\">\n\t\t\t\t\t\t\t\t<div class=\"elementor-grid-item\" role=\"listitem\">\n\t\t\t\t\t\t<div class=\"elementor-share-btn elementor-share-btn_facebook\" role=\"button\" tabindex=\"0\" aria-label=\"Partager sur facebook\">\n\t\t\t\t\t\t\t\t\t\t\t\t\t\t\t<span class=\"elementor-share-btn__icon\">\n\t\t\t\t\t\t\t\t<i class=\"fab fa-facebook\" aria-hidden=\"true\"><\/i>\t\t\t\t\t\t\t<\/span>\n\t\t\t\t\t\t\t\t\t\t\t\t\t\t\t\t\t\t\t\t<\/div>\n\t\t\t\t\t<\/div>\n\t\t\t\t\t\t\t\t\t<div class=\"elementor-grid-item\" role=\"listitem\">\n\t\t\t\t\t\t<div class=\"elementor-share-btn elementor-share-btn_pinterest\" role=\"button\" tabindex=\"0\" aria-label=\"Partager sur pinterest\">\n\t\t\t\t\t\t\t\t\t\t\t\t\t\t\t<span class=\"elementor-share-btn__icon\">\n\t\t\t\t\t\t\t\t<i class=\"fab fa-pinterest\" aria-hidden=\"true\"><\/i>\t\t\t\t\t\t\t<\/span>\n\t\t\t\t\t\t\t\t\t\t\t\t\t\t\t\t\t\t\t\t<\/div>\n\t\t\t\t\t<\/div>\n\t\t\t\t\t\t\t\t\t<div class=\"elementor-grid-item\" role=\"listitem\">\n\t\t\t\t\t\t<div class=\"elementor-share-btn elementor-share-btn_linkedin\" role=\"button\" tabindex=\"0\" aria-label=\"Partager sur linkedin\">\n\t\t\t\t\t\t\t\t\t\t\t\t\t\t\t<span class=\"elementor-share-btn__icon\">\n\t\t\t\t\t\t\t\t<i class=\"fab fa-linkedin\" aria-hidden=\"true\"><\/i>\t\t\t\t\t\t\t<\/span>\n\t\t\t\t\t\t\t\t\t\t\t\t\t\t\t\t\t\t\t\t<\/div>\n\t\t\t\t\t<\/div>\n\t\t\t\t\t\t\t\t\t<div class=\"elementor-grid-item\" role=\"listitem\">\n\t\t\t\t\t\t<div class=\"elementor-share-btn elementor-share-btn_whatsapp\" role=\"button\" tabindex=\"0\" aria-label=\"Partager sur whatsapp\">\n\t\t\t\t\t\t\t\t\t\t\t\t\t\t\t<span class=\"elementor-share-btn__icon\">\n\t\t\t\t\t\t\t\t<i class=\"fab fa-whatsapp\" aria-hidden=\"true\"><\/i>\t\t\t\t\t\t\t<\/span>\n\t\t\t\t\t\t\t\t\t\t\t\t\t\t\t\t\t\t\t\t<\/div>\n\t\t\t\t\t<\/div>\n\t\t\t\t\t\t\t\t\t<div class=\"elementor-grid-item\" role=\"listitem\">\n\t\t\t\t\t\t<div class=\"elementor-share-btn elementor-share-btn_email\" role=\"button\" tabindex=\"0\" aria-label=\"Partager sur email\">\n\t\t\t\t\t\t\t\t\t\t\t\t\t\t\t<span class=\"elementor-share-btn__icon\">\n\t\t\t\t\t\t\t\t<i class=\"fas fa-envelope\" aria-hidden=\"true\"><\/i>\t\t\t\t\t\t\t<\/span>\n\t\t\t\t\t\t\t\t\t\t\t\t\t\t\t\t\t\t\t\t<\/div>\n\t\t\t\t\t<\/div>\n\t\t\t\t\t\t<\/div>\n\t\t\t\t\t\t<\/div>\n\t\t\t\t<\/div>\n\t\t\t\t\t<\/div>\n\t\t<\/div>\n\t\t\t\t\t<\/div>\n\t\t<\/section>\n\t\t\t\t<section data-particle_enable=\"false\" data-particle-mobile-disabled=\"false\" class=\"elementor-section elementor-top-section elementor-element elementor-element-d1548aa elementor-section-boxed elementor-section-height-default elementor-section-height-default\" data-id=\"d1548aa\" data-element_type=\"section\" data-e-type=\"section\">\n\t\t\t\t\t\t<div class=\"elementor-container elementor-column-gap-default\">\n\t\t\t\t\t<div class=\"elementor-column elementor-col-100 elementor-top-column elementor-element elementor-element-877db54\" data-id=\"877db54\" data-element_type=\"column\" data-e-type=\"column\">\n\t\t\t<div class=\"elementor-widget-wrap elementor-element-populated\">\n\t\t\t\t\t\t<div class=\"elementor-element elementor-element-eafbe24 elementor-widget elementor-widget-heading\" data-id=\"eafbe24\" data-element_type=\"widget\" data-e-type=\"widget\" data-widget_type=\"heading.default\">\n\t\t\t\t<div class=\"elementor-widget-container\">\n\t\t\t\t\t<h1 class=\"elementor-heading-title elementor-size-default\">OPEL Manta GT\/E<\/h1>\t\t\t\t<\/div>\n\t\t\t\t<\/div>\n\t\t\t\t\t<\/div>\n\t\t<\/div>\n\t\t\t\t\t<\/div>\n\t\t<\/section>\n\t\t\t\t<section data-particle_enable=\"false\" data-particle-mobile-disabled=\"false\" class=\"elementor-section elementor-top-section elementor-element elementor-element-cf6e91c elementor-section-boxed elementor-section-height-default elementor-section-height-default\" data-id=\"cf6e91c\" data-element_type=\"section\" data-e-type=\"section\">\n\t\t\t\t\t\t<div class=\"elementor-container elementor-column-gap-default\">\n\t\t\t\t\t<div class=\"elementor-column elementor-col-100 elementor-top-column elementor-element elementor-element-d50e490\" data-id=\"d50e490\" data-element_type=\"column\" data-e-type=\"column\">\n\t\t\t<div class=\"elementor-widget-wrap elementor-element-populated\">\n\t\t\t\t\t\t<div class=\"elementor-element elementor-element-512aa49 elementor-widget elementor-widget-text-editor\" data-id=\"512aa49\" data-element_type=\"widget\" data-e-type=\"widget\" data-widget_type=\"text-editor.default\">\n\t\t\t\t<div class=\"elementor-widget-container\">\n\t\t\t\t\t\t\t\t\t<p>Origine : Barcelone, Espagne, 1984<\/p>\n\t\t\t\t\t\t\t\t<\/div>\n\t\t\t\t<\/div>\n\t\t\t\t\t<\/div>\n\t\t<\/div>\n\t\t\t\t\t<\/div>\n\t\t<\/section>\n\t\t\t\t<section data-particle_enable=\"false\" data-particle-mobile-disabled=\"false\" class=\"elementor-section elementor-top-section elementor-element elementor-element-ba4df58 elementor-section-boxed elementor-section-height-default elementor-section-height-default\" data-id=\"ba4df58\" data-element_type=\"section\" data-e-type=\"section\">\n\t\t\t\t\t\t<div class=\"elementor-container elementor-column-gap-default\">\n\t\t\t\t\t<div class=\"elementor-column elementor-col-100 elementor-top-column elementor-element elementor-element-cb42b1e\" data-id=\"cb42b1e\" data-element_type=\"column\" data-e-type=\"column\">\n\t\t\t<div class=\"elementor-widget-wrap elementor-element-populated\">\n\t\t\t\t\t\t<div class=\"elementor-element elementor-element-47014d0 elementor-widget elementor-widget-image\" data-id=\"47014d0\" data-element_type=\"widget\" data-e-type=\"widget\" data-widget_type=\"image.default\">\n\t\t\t\t<div class=\"elementor-widget-container\">\n\t\t\t\t\t\t\t\t\t\t\t\t\t\t\t<img fetchpriority=\"high\" decoding=\"async\" width=\"1024\" height=\"465\" src=\"https:\/\/www.jgclassics.com\/wp-content\/uploads\/2023\/05\/manta_cover_20230513_110702-1024x465.jpg\" class=\"attachment-large size-large wp-image-14195\" alt=\"Opel Manta GTE. Disponible pour la location, les photos, les tournages, les s\u00e9quences.\" srcset=\"https:\/\/www.jgclassics.com\/wp-content\/uploads\/2023\/05\/manta_cover_20230513_110702-1024x465.jpg 1024w, https:\/\/www.jgclassics.com\/wp-content\/uploads\/2023\/05\/manta_cover_20230513_110702-300x136.jpg 300w, https:\/\/www.jgclassics.com\/wp-content\/uploads\/2023\/05\/manta_cover_20230513_110702-768x349.jpg 768w, https:\/\/www.jgclassics.com\/wp-content\/uploads\/2023\/05\/manta_cover_20230513_110702-1536x698.jpg 1536w, https:\/\/www.jgclassics.com\/wp-content\/uploads\/2023\/05\/manta_cover_20230513_110702-2048x930.jpg 2048w\" sizes=\"(max-width: 1024px) 100vw, 1024px\" \/>\t\t\t\t\t\t\t\t\t\t\t\t\t\t\t<\/div>\n\t\t\t\t<\/div>\n\t\t\t\t<div class=\"elementor-element elementor-element-00eb6a3 elementor-widget elementor-widget-text-editor\" data-id=\"00eb6a3\" data-element_type=\"widget\" data-e-type=\"widget\" data-widget_type=\"text-editor.default\">\n\t\t\t\t<div class=\"elementor-widget-container\">\n\t\t\t\t\t\t\t\t\t<p>Il s&#8217;agit d&#8217;une Opel Manta B2 GT\/E fabriqu\u00e9e \u00e0 l&#8217;usine d&#8217;Anvers en Belgique. Ce v\u00e9hicule a \u00e9t\u00e9 produit en 1983 et immatricul\u00e9 \u00e0 Barcelone en 1984.  <\/p>\n\t\t\t\t\t\t\t\t<\/div>\n\t\t\t\t<\/div>\n\t\t\t\t\t<\/div>\n\t\t<\/div>\n\t\t\t\t\t<\/div>\n\t\t<\/section>\n\t\t\t\t<section data-particle_enable=\"false\" data-particle-mobile-disabled=\"false\" class=\"elementor-section elementor-top-section elementor-element elementor-element-60710e7 elementor-section-boxed elementor-section-height-default elementor-section-height-default\" data-id=\"60710e7\" data-element_type=\"section\" data-e-type=\"section\">\n\t\t\t\t\t\t<div class=\"elementor-container elementor-column-gap-default\">\n\t\t\t\t\t<div class=\"elementor-column elementor-col-33 elementor-top-column elementor-element elementor-element-799ba8b\" data-id=\"799ba8b\" data-element_type=\"column\" data-e-type=\"column\">\n\t\t\t<div class=\"elementor-widget-wrap elementor-element-populated\">\n\t\t\t\t\t\t<div class=\"elementor-element elementor-element-8980440 elementor-widget elementor-widget-image\" data-id=\"8980440\" data-element_type=\"widget\" data-e-type=\"widget\" data-widget_type=\"image.default\">\n\t\t\t\t<div class=\"elementor-widget-container\">\n\t\t\t\t\t\t\t\t\t\t\t\t\t\t\t\t<a href=\"https:\/\/www.jgclassics.com\/wp-content\/uploads\/2023\/05\/20230513_110609-scaled.jpg\" data-elementor-open-lightbox=\"yes\" data-elementor-lightbox-title=\"Opel Manta GTE vue ext\u00e9rieure\" data-elementor-lightbox-description=\"Opel Manta GTE Barcelona Maresme JG Classics. Disponible pour la location, les photos, les tournages, les s\u00e9quences.\" data-e-action-hash=\"#elementor-action%3Aaction%3Dlightbox%26settings%3DeyJpZCI6MTQyNDcsInVybCI6Imh0dHBzOlwvXC93d3cuamdjbGFzc2ljcy5jb21cL3dwLWNvbnRlbnRcL3VwbG9hZHNcLzIwMjNcLzA1XC8yMDIzMDUxM18xMTA2MDktc2NhbGVkLmpwZyJ9\">\n\t\t\t\t\t\t\t<img decoding=\"async\" width=\"300\" height=\"169\" src=\"https:\/\/www.jgclassics.com\/wp-content\/uploads\/2023\/05\/20230513_110609-300x169.jpg\" class=\"attachment-medium size-medium wp-image-14247\" alt=\"Opel Manta GTE. Disponible pour la location, les photos, les tournages, les s\u00e9quences.\" \/>\t\t\t\t\t\t\t\t<\/a>\n\t\t\t\t\t\t\t\t\t\t\t\t\t\t\t<\/div>\n\t\t\t\t<\/div>\n\t\t\t\t<div class=\"elementor-element elementor-element-2eb6655 elementor-widget elementor-widget-image\" data-id=\"2eb6655\" data-element_type=\"widget\" data-e-type=\"widget\" data-widget_type=\"image.default\">\n\t\t\t\t<div class=\"elementor-widget-container\">\n\t\t\t\t\t\t\t\t\t\t\t\t\t\t\t\t<a href=\"https:\/\/www.jgclassics.com\/wp-content\/uploads\/2023\/05\/20230513_110601-scaled.jpg\" data-elementor-open-lightbox=\"yes\" data-elementor-lightbox-title=\"Opel Manta GTE vue ext\u00e9rieure\" data-elementor-lightbox-description=\"Opel Manta GTE Barcelona Maresme JG Classics. Disponible pour la location, les photos, les tournages, les s\u00e9quences.\" data-e-action-hash=\"#elementor-action%3Aaction%3Dlightbox%26settings%3DeyJpZCI6MTQyNDMsInVybCI6Imh0dHBzOlwvXC93d3cuamdjbGFzc2ljcy5jb21cL3dwLWNvbnRlbnRcL3VwbG9hZHNcLzIwMjNcLzA1XC8yMDIzMDUxM18xMTA2MDEtc2NhbGVkLmpwZyJ9\">\n\t\t\t\t\t\t\t<img decoding=\"async\" width=\"300\" height=\"169\" src=\"https:\/\/www.jgclassics.com\/wp-content\/uploads\/2023\/05\/20230513_110601-300x169.jpg\" class=\"attachment-medium size-medium wp-image-14243\" alt=\"Opel Manta GTE. Disponible pour la location, les photos, les tournages, les s\u00e9quences.\" srcset=\"https:\/\/www.jgclassics.com\/wp-content\/uploads\/2023\/05\/20230513_110601-300x169.jpg 300w, https:\/\/www.jgclassics.com\/wp-content\/uploads\/2023\/05\/20230513_110601-1024x576.jpg 1024w, https:\/\/www.jgclassics.com\/wp-content\/uploads\/2023\/05\/20230513_110601-768x432.jpg 768w, https:\/\/www.jgclassics.com\/wp-content\/uploads\/2023\/05\/20230513_110601-1536x864.jpg 1536w, https:\/\/www.jgclassics.com\/wp-content\/uploads\/2023\/05\/20230513_110601-2048x1152.jpg 2048w\" sizes=\"(max-width: 300px) 100vw, 300px\" \/>\t\t\t\t\t\t\t\t<\/a>\n\t\t\t\t\t\t\t\t\t\t\t\t\t\t\t<\/div>\n\t\t\t\t<\/div>\n\t\t\t\t\t<\/div>\n\t\t<\/div>\n\t\t\t\t<div class=\"elementor-column elementor-col-33 elementor-top-column elementor-element elementor-element-c1972e7\" data-id=\"c1972e7\" data-element_type=\"column\" data-e-type=\"column\">\n\t\t\t<div class=\"elementor-widget-wrap elementor-element-populated\">\n\t\t\t\t\t\t<div class=\"elementor-element elementor-element-c0bb81b elementor-widget__width-initial elementor-widget elementor-widget-text-editor\" data-id=\"c0bb81b\" data-element_type=\"widget\" data-e-type=\"widget\" data-widget_type=\"text-editor.default\">\n\t\t\t\t<div class=\"elementor-widget-container\">\n\t\t\t\t\t\t\t\t\t<p>Elle est \u00e9quip\u00e9e du moteur Opel 2.0 CIH (<em>Cam in Head<\/em>) (arbre \u00e0 cames en t\u00eate) d&#8217;une cylindr\u00e9e de 1979 cm3 et d&#8217;une puissance de 110 ch \u00e0 5400 tr\/min.<\/p>\n<\/p>\n<p>En 2009, la voiture a \u00e9t\u00e9 repeinte \u00e0 partir de sa couleur argent d&#8217;origine (r\u00e9f\u00e9rence Opel 128 86L Astro Silver).  <span style=\"font-style: inherit; font-weight: inherit;\">Bien qu&#8217;il s&#8217;agisse d&#8217;une GT\/E, elle reprend deux \u00e9l\u00e9ments de l&#8217;Opel Manta i200 : l&#8217;aileron arri\u00e8re Irsmscher et le volant \u00e0 quatre branches garni de cuir.<\/span><\/p>\n\t\t\t\t\t\t\t\t<\/div>\n\t\t\t\t<\/div>\n\t\t\t\t\t<\/div>\n\t\t<\/div>\n\t\t\t\t<div class=\"elementor-column elementor-col-33 elementor-top-column elementor-element elementor-element-fd2b542\" data-id=\"fd2b542\" data-element_type=\"column\" data-e-type=\"column\">\n\t\t\t<div class=\"elementor-widget-wrap elementor-element-populated\">\n\t\t\t\t\t\t<div class=\"elementor-element elementor-element-105a20e elementor-widget__width-initial elementor-widget elementor-widget-image\" data-id=\"105a20e\" data-element_type=\"widget\" data-e-type=\"widget\" data-widget_type=\"image.default\">\n\t\t\t\t<div class=\"elementor-widget-container\">\n\t\t\t\t\t\t\t\t\t\t\t\t<figure class=\"wp-caption\">\n\t\t\t\t\t\t\t\t\t\t\t<a href=\"https:\/\/www.jgclassics.com\/wp-content\/uploads\/2022\/11\/Opel_manta_Interior-scaled.jpg\" data-elementor-open-lightbox=\"yes\" data-elementor-lightbox-title=\"Int\u00e9rieur de l&#039;Opel Manta. Opel Manta Barcelona Maresme\" data-elementor-lightbox-description=\"Opel Manta Barcelona Maresme JG Classics. Disponible pour la location, les photos, les tournages, les prises de vue, les s\u00e9quences.\" data-e-action-hash=\"#elementor-action%3Aaction%3Dlightbox%26settings%3DeyJpZCI6MTI1NTQsInVybCI6Imh0dHBzOlwvXC93d3cuamdjbGFzc2ljcy5jb21cL3dwLWNvbnRlbnRcL3VwbG9hZHNcLzIwMjJcLzExXC9PcGVsX21hbnRhX0ludGVyaW9yLXNjYWxlZC5qcGcifQ%3D%3D\">\n\t\t\t\t\t\t\t<img loading=\"lazy\" decoding=\"async\" width=\"1024\" height=\"498\" src=\"https:\/\/www.jgclassics.com\/wp-content\/uploads\/2022\/11\/Opel_manta_Interior-1024x498.jpg\" class=\"attachment-large size-large wp-image-12554\" alt=\"Int\u00e9rieur de l&#039;Opel Manta. Opel Manta Barcelona Maresme\" srcset=\"https:\/\/www.jgclassics.com\/wp-content\/uploads\/2022\/11\/Opel_manta_Interior-1024x498.jpg 1024w, https:\/\/www.jgclassics.com\/wp-content\/uploads\/2022\/11\/Opel_manta_Interior-300x146.jpg 300w, https:\/\/www.jgclassics.com\/wp-content\/uploads\/2022\/11\/Opel_manta_Interior-768x373.jpg 768w, https:\/\/www.jgclassics.com\/wp-content\/uploads\/2022\/11\/Opel_manta_Interior-1536x747.jpg 1536w, https:\/\/www.jgclassics.com\/wp-content\/uploads\/2022\/11\/Opel_manta_Interior-2048x996.jpg 2048w\" sizes=\"(max-width: 1024px) 100vw, 1024px\" \/>\t\t\t\t\t\t\t\t<\/a>\n\t\t\t\t\t\t\t\t\t\t\t<figcaption class=\"widget-image-caption wp-caption-text\">Opel Manta : Volant \u00e0 4 branches i200<\/figcaption>\n\t\t\t\t\t\t\t\t\t\t<\/figure>\n\t\t\t\t\t\t\t\t\t<\/div>\n\t\t\t\t<\/div>\n\t\t\t\t\t<\/div>\n\t\t<\/div>\n\t\t\t\t\t<\/div>\n\t\t<\/section>\n\t\t\t\t<section data-particle_enable=\"false\" data-particle-mobile-disabled=\"false\" class=\"elementor-section elementor-top-section elementor-element elementor-element-a7b804c elementor-section-boxed elementor-section-height-default elementor-section-height-default\" data-id=\"a7b804c\" data-element_type=\"section\" data-e-type=\"section\">\n\t\t\t\t\t\t<div class=\"elementor-container elementor-column-gap-default\">\n\t\t\t\t\t<div class=\"elementor-column elementor-col-100 elementor-top-column elementor-element elementor-element-b6a3059\" data-id=\"b6a3059\" data-element_type=\"column\" data-e-type=\"column\">\n\t\t\t<div class=\"elementor-widget-wrap elementor-element-populated\">\n\t\t\t\t\t\t<div class=\"elementor-element elementor-element-257c2ba elementor-widget elementor-widget-text-editor\" data-id=\"257c2ba\" data-element_type=\"widget\" data-e-type=\"widget\" data-widget_type=\"text-editor.default\">\n\t\t\t\t<div class=\"elementor-widget-container\">\n\t\t\t\t\t\t\t\t\t<p>Nous avons achet\u00e9 cette voiture au premier trimestre 2010. Il a fait l&#8217;objet de deux interventions de maintenance\/reconditionnement &#8211; je n&#8217;utilise pas le terme &#8220;restauration&#8221; car il n&#8217;est pas applicable dans ce cas &#8211; : la premi\u00e8re pour le d\u00e9montage\/d\u00e9garnissage et le nettoyage des tissus de la tapisserie et la seconde pour une intervention m\u00e9canique pr\u00e9ventive que nous avons effectu\u00e9e :<\/p>\n<ul>\n<li>Remplacement pr\u00e9ventif de la pompe \u00e0 eau (elle \u00e9tait pleinement op\u00e9rationnelle, mais elle est connue pour tomber en panne soudainment apr\u00e8s quelques ann\u00e9es, il vaut donc mieux la changer avant qu&#8217;elle ne pr\u00e9sente des sympt\u00f4mes).<\/li>\n<li>R\u00e9paration du radiateur chez <a href=\"https:\/\/radiadorssoler.com\/\" target=\"_blank\" rel=\"noopener\">Radiadores Soler<\/a> (il est en cuivre et donc toujours r\u00e9parable\/reconstructible).<\/li>\n<li>Remplacement de l&#8217;embrayage du ventilateur radiateur.<\/li>\n<li>Remplacement des courroies de service.<\/li>\n<li>Remplacer les silent blocs du moteur.<\/li>\n<li>Remplacement du kit d&#8217;embrayage (presse, disque et roulement) et du c\u00e2ble d&#8217;embrayage.<\/li>\n<li>Freins : remplacement des \u00e9triers, des cylindres, de la pompe, des disques et des tambours.<\/li>\n<\/ul>\n\t\t\t\t\t\t\t\t<\/div>\n\t\t\t\t<\/div>\n\t\t\t\t\t<\/div>\n\t\t<\/div>\n\t\t\t\t\t<\/div>\n\t\t<\/section>\n\t\t\t\t<section data-particle_enable=\"false\" data-particle-mobile-disabled=\"false\" class=\"elementor-section elementor-top-section elementor-element elementor-element-891ba18 elementor-section-boxed elementor-section-height-default elementor-section-height-default\" data-id=\"891ba18\" data-element_type=\"section\" data-e-type=\"section\">\n\t\t\t\t\t\t<div class=\"elementor-container elementor-column-gap-default\">\n\t\t\t\t\t<div class=\"elementor-column elementor-col-100 elementor-top-column elementor-element elementor-element-8e84885\" data-id=\"8e84885\" data-element_type=\"column\" data-e-type=\"column\">\n\t\t\t<div class=\"elementor-widget-wrap elementor-element-populated\">\n\t\t\t\t\t\t<div class=\"elementor-element elementor-element-aafb295 elementor-widget elementor-widget-text-editor\" data-id=\"aafb295\" data-element_type=\"widget\" data-e-type=\"widget\" data-widget_type=\"text-editor.default\">\n\t\t\t\t<div class=\"elementor-widget-container\">\n\t\t\t\t\t\t\t\t\t<p>De 2009 a l&#8217;arriere, nous ne connaissons pas l&#8217;histoire de ce v\u00e9hicule &#8211; seulemet qu&#8217;il a eu plusieurs propri\u00e9taires &#8211; mais nous pensons qu&#8217;en g\u00e9n\u00e9ral il a eu une vie &#8220;tranquille&#8221;. Et nous le croyons, car outre le fait qu&#8217;il n&#8217;y a pas eu besoin d&#8217;interventions m\u00e9caniques autres que l&#8217;entretien d\u00fb \u00e0 l&#8217;usure normale, nous avons pu constater que (lors de l&#8217;acquisition et maintenant), le moteur tourne avec une bonne r\u00e9gularit\u00e9, il n&#8217;y a pas de consommation d&#8217;huile visible, l&#8217;huile sort tr\u00e8s propre lors des vidanges, et le liquide de refroidissement est toujours clair et sans d\u00e9p\u00f4ts. S&#8217;agissant d&#8217;un v\u00e9hicule de 40 ans, tout \u00e0 fait standard de serie, le diagnostic est plus que satisfaisant.<\/p>\n\t\t\t\t\t\t\t\t<\/div>\n\t\t\t\t<\/div>\n\t\t\t\t\t<\/div>\n\t\t<\/div>\n\t\t\t\t\t<\/div>\n\t\t<\/section>\n\t\t\t\t<section data-particle_enable=\"false\" data-particle-mobile-disabled=\"false\" class=\"elementor-section elementor-top-section elementor-element elementor-element-30f63bd elementor-section-boxed elementor-section-height-default elementor-section-height-default\" data-id=\"30f63bd\" data-element_type=\"section\" data-e-type=\"section\">\n\t\t\t\t\t\t<div class=\"elementor-container elementor-column-gap-default\">\n\t\t\t\t\t<div class=\"elementor-column elementor-col-50 elementor-top-column elementor-element elementor-element-a24be66\" data-id=\"a24be66\" data-element_type=\"column\" data-e-type=\"column\">\n\t\t\t<div class=\"elementor-widget-wrap elementor-element-populated\">\n\t\t\t\t\t\t<div class=\"elementor-element elementor-element-e434d4e elementor-widget elementor-widget-text-editor\" data-id=\"e434d4e\" data-element_type=\"widget\" data-e-type=\"widget\" data-widget_type=\"text-editor.default\">\n\t\t\t\t<div class=\"elementor-widget-container\">\n\t\t\t\t\t\t\t\t\t<p>Ce v\u00e9hicule est actuellement en circulation et disponible pour <strong><a href=\"https:\/\/www.jgclassics.com\/fr\/location-de-voitures-de-collection-liste-de-prix\/\" target=\"_blank\" rel=\"noopener\">disponible \u00e0 la location<\/a><\/strong> si vous en avez besoin pour une s\u00e9ance photo, un tournage ou une exposition. Quoi qu&#8217;il en soit, n&#8217;h\u00e9sitez pas \u00e0 <a href=\"https:\/\/www.jgclassics.com\/fr\/contact\/\" target=\"_blank\" rel=\"noopener\">nous contacter<\/a> si vous avez des besoins en mati\u00e8re de v\u00e9hicules afin que nous puissions vous aider.<\/p>\n\t\t\t\t\t\t\t\t<\/div>\n\t\t\t\t<\/div>\n\t\t\t\t<div class=\"elementor-element elementor-element-20cc53f elementor-widget elementor-widget-text-editor\" data-id=\"20cc53f\" data-element_type=\"widget\" data-e-type=\"widget\" data-widget_type=\"text-editor.default\">\n\t\t\t\t<div class=\"elementor-widget-container\">\n\t\t\t\t\t\t\t\t\t<p>Par ailleurs, si vous \u00eates propri\u00e9taire ou futur acqu\u00e9reur de l&#8217;un de ces mod\u00e8les et que vous avez besoin d&#8217;informations sur les pi\u00e8ces d\u00e9tach\u00e9es, les pi\u00e8ces de rechange ou les informations techniques, n&#8217;h\u00e9sitez pas \u00e0 <a href=\"https:\/\/www.jgclassics.com\/fr\/contact\/\" target=\"_blank\" rel=\"noopener\">nous contacter<\/a>, car nous serons heureux de les partager avec vous.<\/p>\n\t\t\t\t\t\t\t\t<\/div>\n\t\t\t\t<\/div>\n\t\t\t\t\t<\/div>\n\t\t<\/div>\n\t\t\t\t<div class=\"elementor-column elementor-col-50 elementor-top-column elementor-element elementor-element-a67a3b9\" data-id=\"a67a3b9\" data-element_type=\"column\" data-e-type=\"column\">\n\t\t\t<div class=\"elementor-widget-wrap elementor-element-populated\">\n\t\t\t\t\t\t<div class=\"elementor-element elementor-element-b140d74 elementor-widget elementor-widget-image\" data-id=\"b140d74\" data-element_type=\"widget\" data-e-type=\"widget\" data-widget_type=\"image.default\">\n\t\t\t\t<div class=\"elementor-widget-container\">\n\t\t\t\t\t\t\t\t\t\t\t\t\t\t\t\t<a href=\"https:\/\/www.jgclassics.com\/wp-content\/uploads\/2023\/05\/20230513_110639-scaled.jpg\" data-elementor-open-lightbox=\"yes\" data-elementor-lightbox-title=\"Habitacle de l&#039;Opel Manta GTE\" data-elementor-lightbox-description=\"Opel Manta GTE Barcelona Maresme JG Classics. Disponible pour la location, les photos, les tournages, les s\u00e9quences.\" data-e-action-hash=\"#elementor-action%3Aaction%3Dlightbox%26settings%3DeyJpZCI6MTQyNTAsInVybCI6Imh0dHBzOlwvXC93d3cuamdjbGFzc2ljcy5jb21cL3dwLWNvbnRlbnRcL3VwbG9hZHNcLzIwMjNcLzA1XC8yMDIzMDUxM18xMTA2Mzktc2NhbGVkLmpwZyJ9\">\n\t\t\t\t\t\t\t<img loading=\"lazy\" decoding=\"async\" width=\"768\" height=\"432\" src=\"https:\/\/www.jgclassics.com\/wp-content\/uploads\/2023\/05\/20230513_110639-768x432.jpg\" class=\"attachment-medium_large size-medium_large wp-image-14250\" alt=\"Opel Manta GTE. Disponible pour la location, les photos, les tournages, les s\u00e9quences.\" srcset=\"https:\/\/www.jgclassics.com\/wp-content\/uploads\/2023\/05\/20230513_110639-768x432.jpg 768w, https:\/\/www.jgclassics.com\/wp-content\/uploads\/2023\/05\/20230513_110639-300x169.jpg 300w, https:\/\/www.jgclassics.com\/wp-content\/uploads\/2023\/05\/20230513_110639-1024x576.jpg 1024w, https:\/\/www.jgclassics.com\/wp-content\/uploads\/2023\/05\/20230513_110639-1536x864.jpg 1536w, https:\/\/www.jgclassics.com\/wp-content\/uploads\/2023\/05\/20230513_110639-2048x1152.jpg 2048w\" sizes=\"(max-width: 768px) 100vw, 768px\" \/>\t\t\t\t\t\t\t\t<\/a>\n\t\t\t\t\t\t\t\t\t\t\t\t\t\t\t<\/div>\n\t\t\t\t<\/div>\n\t\t\t\t\t<\/div>\n\t\t<\/div>\n\t\t\t\t\t<\/div>\n\t\t<\/section>\n\t\t\t\t<section data-particle_enable=\"false\" data-particle-mobile-disabled=\"false\" class=\"elementor-section elementor-top-section elementor-element elementor-element-a239e44 elementor-section-boxed elementor-section-height-default elementor-section-height-default\" data-id=\"a239e44\" data-element_type=\"section\" data-e-type=\"section\">\n\t\t\t\t\t\t<div class=\"elementor-container elementor-column-gap-default\">\n\t\t\t\t\t<div class=\"elementor-column elementor-col-100 elementor-top-column elementor-element elementor-element-3ab5f6d\" data-id=\"3ab5f6d\" data-element_type=\"column\" data-e-type=\"column\">\n\t\t\t<div class=\"elementor-widget-wrap elementor-element-populated\">\n\t\t\t\t\t\t<div class=\"elementor-element elementor-element-9069f61 elementor-widget elementor-widget-heading\" data-id=\"9069f61\" data-element_type=\"widget\" data-e-type=\"widget\" data-widget_type=\"heading.default\">\n\t\t\t\t<div class=\"elementor-widget-container\">\n\t\t\t\t\t<h2 class=\"elementor-heading-title elementor-size-default\">Opel Manta GT\/E. Album de photos. Cliquez sur la cat\u00e9gorie :<\/h2>\t\t\t\t<\/div>\n\t\t\t\t<\/div>\n\t\t\t\t\t<\/div>\n\t\t<\/div>\n\t\t\t\t\t<\/div>\n\t\t<\/section>\n\t\t\t\t<section data-particle_enable=\"false\" data-particle-mobile-disabled=\"false\" class=\"elementor-section elementor-top-section elementor-element elementor-element-999e571 elementor-section-boxed elementor-section-height-default elementor-section-height-default\" data-id=\"999e571\" data-element_type=\"section\" data-e-type=\"section\">\n\t\t\t\t\t\t<div class=\"elementor-container elementor-column-gap-default\">\n\t\t\t\t\t<div class=\"elementor-column elementor-col-100 elementor-top-column elementor-element elementor-element-040cede\" data-id=\"040cede\" data-element_type=\"column\" data-e-type=\"column\">\n\t\t\t<div class=\"elementor-widget-wrap elementor-element-populated\">\n\t\t\t\t\t\t<div class=\"elementor-element elementor-element-7aff85c elementor-gallery--filter-align-center elementor-widget elementor-widget-gallery\" data-id=\"7aff85c\" data-element_type=\"widget\" data-e-type=\"widget\" data-settings=\"{&quot;gallery_layout&quot;:&quot;justified&quot;,&quot;ideal_row_height&quot;:{&quot;unit&quot;:&quot;px&quot;,&quot;size&quot;:133,&quot;sizes&quot;:[]},&quot;ideal_row_height_mobile&quot;:{&quot;unit&quot;:&quot;px&quot;,&quot;size&quot;:72,&quot;sizes&quot;:[]},&quot;lazyload&quot;:&quot;yes&quot;,&quot;ideal_row_height_tablet&quot;:{&quot;unit&quot;:&quot;px&quot;,&quot;size&quot;:150,&quot;sizes&quot;:[]},&quot;gap&quot;:{&quot;unit&quot;:&quot;px&quot;,&quot;size&quot;:10,&quot;sizes&quot;:[]},&quot;gap_tablet&quot;:{&quot;unit&quot;:&quot;px&quot;,&quot;size&quot;:10,&quot;sizes&quot;:[]},&quot;gap_mobile&quot;:{&quot;unit&quot;:&quot;px&quot;,&quot;size&quot;:10,&quot;sizes&quot;:[]},&quot;link_to&quot;:&quot;file&quot;,&quot;overlay_background&quot;:&quot;yes&quot;,&quot;content_hover_animation&quot;:&quot;fade-in&quot;}\" data-widget_type=\"gallery.default\">\n\t\t\t\t<div class=\"elementor-widget-container\">\n\t\t\t\t\t\t\t\t<div class=\"elementor-gallery__titles-container e--pointer-text e--animation-grow\" aria-label=\"Filtre de galerie\">\n\t\t\t\t\n\t\t\t\t\t\t\t\t\t<a class=\"elementor-item elementor-gallery-title\" role=\"button\" tabindex=\"0\" data-gallery-index=\"0\">\n\t\t\t\t\t\tA l'ext\u00e9rieur\t\t\t\t\t<\/a>\n\t\t\t\t\t\t\t\t\t\t<a class=\"elementor-item elementor-gallery-title\" role=\"button\" tabindex=\"0\" data-gallery-index=\"1\">\n\t\t\t\t\t\tA l'int\u00e9rieur\t\t\t\t\t<\/a>\n\t\t\t\t\t\t\t\t\t\t<a class=\"elementor-item elementor-gallery-title\" role=\"button\" tabindex=\"0\" data-gallery-index=\"2\">\n\t\t\t\t\t\tM\u00e9canique\t\t\t\t\t<\/a>\n\t\t\t\t\t\t\t\t<\/div>\n\t\t\t\t\t<div class=\"elementor-gallery__container\">\n\t\t\t\t\t\t\t<a class=\"e-gallery-item elementor-gallery-item elementor-animated-content\" data-e-gallery-tags=\"0\" href=\"https:\/\/www.jgclassics.com\/wp-content\/uploads\/2023\/05\/manta_cover_20230513_110702-scaled.jpg\" data-elementor-open-lightbox=\"yes\" data-elementor-lightbox-slideshow=\"7aff85c\" data-elementor-lightbox-title=\"Opel Manta GTE\" data-elementor-lightbox-description=\"Opel Manta GTE Barcelona Maresme JG Classics. Disponible pour la location, les photos, les tournages, les s\u00e9quences.\" data-e-action-hash=\"#elementor-action%3Aaction%3Dlightbox%26settings%3DeyJpZCI6MTQxOTUsInVybCI6Imh0dHBzOlwvXC93d3cuamdjbGFzc2ljcy5jb21cL3dwLWNvbnRlbnRcL3VwbG9hZHNcLzIwMjNcLzA1XC9tYW50YV9jb3Zlcl8yMDIzMDUxM18xMTA3MDItc2NhbGVkLmpwZyIsInNsaWRlc2hvdyI6IjdhZmY4NWMifQ%3D%3D\">\n\t\t\t\t\t<div class=\"e-gallery-image elementor-gallery-item__image\" data-thumbnail=\"https:\/\/www.jgclassics.com\/wp-content\/uploads\/2023\/05\/manta_cover_20230513_110702-300x136.jpg\" data-width=\"300\" data-height=\"136\" aria-label=\"Opel Manta GTE. Disponible pour la location, les photos, les tournages, les s\u00e9quences.\" role=\"img\" ><\/div>\n\t\t\t\t\t\t\t\t\t\t\t<div class=\"elementor-gallery-item__overlay\"><\/div>\n\t\t\t\t\t\t\t\t\t\t\t\t\t\t<\/a>\n\t\t\t\t\t\t\t<a class=\"e-gallery-item elementor-gallery-item elementor-animated-content\" data-e-gallery-tags=\"0\" href=\"https:\/\/www.jgclassics.com\/wp-content\/uploads\/2023\/05\/20230513_110746-scaled.jpg\" data-elementor-open-lightbox=\"yes\" data-elementor-lightbox-slideshow=\"7aff85c\" data-elementor-lightbox-title=\"Opel Manta GTE vue ext\u00e9rieure\" data-elementor-lightbox-description=\"Opel Manta GTE Barcelona Maresme JG Classics. Disponible pour la location, les photos, les tournages, les s\u00e9quences.\" data-e-action-hash=\"#elementor-action%3Aaction%3Dlightbox%26settings%3DeyJpZCI6MTQyNjgsInVybCI6Imh0dHBzOlwvXC93d3cuamdjbGFzc2ljcy5jb21cL3dwLWNvbnRlbnRcL3VwbG9hZHNcLzIwMjNcLzA1XC8yMDIzMDUxM18xMTA3NDYtc2NhbGVkLmpwZyIsInNsaWRlc2hvdyI6IjdhZmY4NWMifQ%3D%3D\">\n\t\t\t\t\t<div class=\"e-gallery-image elementor-gallery-item__image\" data-thumbnail=\"https:\/\/www.jgclassics.com\/wp-content\/uploads\/2023\/05\/20230513_110746-300x169.jpg\" data-width=\"300\" data-height=\"169\" aria-label=\"Opel Manta GTE. Disponible pour la location, les photos, les tournages, les s\u00e9quences.\" role=\"img\" ><\/div>\n\t\t\t\t\t\t\t\t\t\t\t<div class=\"elementor-gallery-item__overlay\"><\/div>\n\t\t\t\t\t\t\t\t\t\t\t\t\t\t<\/a>\n\t\t\t\t\t\t\t<a class=\"e-gallery-item elementor-gallery-item elementor-animated-content\" data-e-gallery-tags=\"0\" href=\"https:\/\/www.jgclassics.com\/wp-content\/uploads\/2023\/05\/20230513_110728-scaled.jpg\" data-elementor-open-lightbox=\"yes\" data-elementor-lightbox-slideshow=\"7aff85c\" data-elementor-lightbox-title=\"Opel Manta GTE vue ext\u00e9rieure\" data-elementor-lightbox-description=\"Opel Manta GTE Barcelona Maresme JG Classics. Disponible pour la location, les photos, les tournages, les s\u00e9quences.\" data-e-action-hash=\"#elementor-action%3Aaction%3Dlightbox%26settings%3DeyJpZCI6MTQyNjIsInVybCI6Imh0dHBzOlwvXC93d3cuamdjbGFzc2ljcy5jb21cL3dwLWNvbnRlbnRcL3VwbG9hZHNcLzIwMjNcLzA1XC8yMDIzMDUxM18xMTA3Mjgtc2NhbGVkLmpwZyIsInNsaWRlc2hvdyI6IjdhZmY4NWMifQ%3D%3D\">\n\t\t\t\t\t<div class=\"e-gallery-image elementor-gallery-item__image\" data-thumbnail=\"https:\/\/www.jgclassics.com\/wp-content\/uploads\/2023\/05\/20230513_110728-scaled.jpg\" data-width=\"169\" data-height=\"300\" aria-label=\"Opel Manta GTE. Disponible pour la location, les photos, les tournages, les s\u00e9quences.\" role=\"img\" ><\/div>\n\t\t\t\t\t\t\t\t\t\t\t<div class=\"elementor-gallery-item__overlay\"><\/div>\n\t\t\t\t\t\t\t\t\t\t\t\t\t\t<\/a>\n\t\t\t\t\t\t\t<a class=\"e-gallery-item elementor-gallery-item elementor-animated-content\" data-e-gallery-tags=\"0\" href=\"https:\/\/www.jgclassics.com\/wp-content\/uploads\/2023\/05\/20230513_110702-scaled.jpg\" data-elementor-open-lightbox=\"yes\" data-elementor-lightbox-slideshow=\"7aff85c\" data-elementor-lightbox-title=\"Opel Manta GTE vue ext\u00e9rieure\" data-elementor-lightbox-description=\"Opel Manta GTE Barcelona Maresme JG Classics. Disponible pour la location, les photos, les tournages, les s\u00e9quences.\" data-e-action-hash=\"#elementor-action%3Aaction%3Dlightbox%26settings%3DeyJpZCI6MTQyNTYsInVybCI6Imh0dHBzOlwvXC93d3cuamdjbGFzc2ljcy5jb21cL3dwLWNvbnRlbnRcL3VwbG9hZHNcLzIwMjNcLzA1XC8yMDIzMDUxM18xMTA3MDItc2NhbGVkLmpwZyIsInNsaWRlc2hvdyI6IjdhZmY4NWMifQ%3D%3D\">\n\t\t\t\t\t<div class=\"e-gallery-image elementor-gallery-item__image\" data-thumbnail=\"https:\/\/www.jgclassics.com\/wp-content\/uploads\/2023\/05\/20230513_110702-300x169.jpg\" data-width=\"300\" data-height=\"169\" aria-label=\"Opel Manta GTE. Disponible pour la location, les photos, les tournages, les s\u00e9quences.\" role=\"img\" ><\/div>\n\t\t\t\t\t\t\t\t\t\t\t<div class=\"elementor-gallery-item__overlay\"><\/div>\n\t\t\t\t\t\t\t\t\t\t\t\t\t\t<\/a>\n\t\t\t\t\t\t\t<a class=\"e-gallery-item elementor-gallery-item elementor-animated-content\" data-e-gallery-tags=\"0\" href=\"https:\/\/www.jgclassics.com\/wp-content\/uploads\/2023\/05\/20230513_111150-scaled.jpg\" data-elementor-open-lightbox=\"yes\" data-elementor-lightbox-slideshow=\"7aff85c\" data-elementor-lightbox-title=\"Opel Manta GTE vue ext\u00e9rieure\" data-elementor-lightbox-description=\"Opel Manta GTE Barcelona Maresme JG Classics. Disponible pour la location, les photos, les tournages, les s\u00e9quences.\" data-e-action-hash=\"#elementor-action%3Aaction%3Dlightbox%26settings%3DeyJpZCI6MTQyOTUsInVybCI6Imh0dHBzOlwvXC93d3cuamdjbGFzc2ljcy5jb21cL3dwLWNvbnRlbnRcL3VwbG9hZHNcLzIwMjNcLzA1XC8yMDIzMDUxM18xMTExNTAtc2NhbGVkLmpwZyIsInNsaWRlc2hvdyI6IjdhZmY4NWMifQ%3D%3D\">\n\t\t\t\t\t<div class=\"e-gallery-image elementor-gallery-item__image\" data-thumbnail=\"https:\/\/www.jgclassics.com\/wp-content\/uploads\/2023\/05\/20230513_111150-300x169.jpg\" data-width=\"300\" data-height=\"169\" aria-label=\"Opel Manta GTE. Disponible pour la location, les photos, les tournages, les s\u00e9quences.\" role=\"img\" ><\/div>\n\t\t\t\t\t\t\t\t\t\t\t<div class=\"elementor-gallery-item__overlay\"><\/div>\n\t\t\t\t\t\t\t\t\t\t\t\t\t\t<\/a>\n\t\t\t\t\t\t\t<a class=\"e-gallery-item elementor-gallery-item elementor-animated-content\" data-e-gallery-tags=\"0\" href=\"https:\/\/www.jgclassics.com\/wp-content\/uploads\/2023\/05\/20230513_111055-scaled.jpg\" data-elementor-open-lightbox=\"yes\" data-elementor-lightbox-slideshow=\"7aff85c\" data-elementor-lightbox-title=\"Opel Manta GTE vue ext\u00e9rieure\" data-elementor-lightbox-description=\"Opel Manta GTE Barcelona Maresme JG Classics. Disponible pour la location, les photos, les tournages, les s\u00e9quences.\" data-e-action-hash=\"#elementor-action%3Aaction%3Dlightbox%26settings%3DeyJpZCI6MTQyODksInVybCI6Imh0dHBzOlwvXC93d3cuamdjbGFzc2ljcy5jb21cL3dwLWNvbnRlbnRcL3VwbG9hZHNcLzIwMjNcLzA1XC8yMDIzMDUxM18xMTEwNTUtc2NhbGVkLmpwZyIsInNsaWRlc2hvdyI6IjdhZmY4NWMifQ%3D%3D\">\n\t\t\t\t\t<div class=\"e-gallery-image elementor-gallery-item__image\" data-thumbnail=\"https:\/\/www.jgclassics.com\/wp-content\/uploads\/2023\/05\/20230513_111055-300x169.jpg\" data-width=\"300\" data-height=\"169\" aria-label=\"Opel Manta GTE. Disponible pour la location, les photos, les tournages, les s\u00e9quences.\" role=\"img\" ><\/div>\n\t\t\t\t\t\t\t\t\t\t\t<div class=\"elementor-gallery-item__overlay\"><\/div>\n\t\t\t\t\t\t\t\t\t\t\t\t\t\t<\/a>\n\t\t\t\t\t\t\t<a class=\"e-gallery-item elementor-gallery-item elementor-animated-content\" data-e-gallery-tags=\"0\" href=\"https:\/\/www.jgclassics.com\/wp-content\/uploads\/2023\/05\/20230513_111020-scaled.jpg\" data-elementor-open-lightbox=\"yes\" data-elementor-lightbox-slideshow=\"7aff85c\" data-elementor-lightbox-title=\"Opel Manta GTE vue ext\u00e9rieure\" data-elementor-lightbox-description=\"Opel Manta GTE Barcelona Maresme JG Classics. Disponible pour la location, les photos, les tournages, les s\u00e9quences.\" data-e-action-hash=\"#elementor-action%3Aaction%3Dlightbox%26settings%3DeyJpZCI6MTQyODMsInVybCI6Imh0dHBzOlwvXC93d3cuamdjbGFzc2ljcy5jb21cL3dwLWNvbnRlbnRcL3VwbG9hZHNcLzIwMjNcLzA1XC8yMDIzMDUxM18xMTEwMjAtc2NhbGVkLmpwZyIsInNsaWRlc2hvdyI6IjdhZmY4NWMifQ%3D%3D\">\n\t\t\t\t\t<div class=\"e-gallery-image elementor-gallery-item__image\" data-thumbnail=\"https:\/\/www.jgclassics.com\/wp-content\/uploads\/2023\/05\/20230513_111020-300x169.jpg\" data-width=\"300\" data-height=\"169\" aria-label=\"Opel Manta GTE. Disponible pour la location, les photos, les tournages, les s\u00e9quences.\" role=\"img\" ><\/div>\n\t\t\t\t\t\t\t\t\t\t\t<div class=\"elementor-gallery-item__overlay\"><\/div>\n\t\t\t\t\t\t\t\t\t\t\t\t\t\t<\/a>\n\t\t\t\t\t\t\t<a class=\"e-gallery-item elementor-gallery-item elementor-animated-content\" data-e-gallery-tags=\"0\" href=\"https:\/\/www.jgclassics.com\/wp-content\/uploads\/2023\/05\/20230513_110831-scaled.jpg\" data-elementor-open-lightbox=\"yes\" data-elementor-lightbox-slideshow=\"7aff85c\" data-elementor-lightbox-title=\"Opel Manta GTE vue ext\u00e9rieure\" data-elementor-lightbox-description=\"Opel Manta GTE Barcelona Maresme JG Classics. Disponible pour la location, les photos, les tournages, les s\u00e9quences.\" data-e-action-hash=\"#elementor-action%3Aaction%3Dlightbox%26settings%3DeyJpZCI6MTQyNzcsInVybCI6Imh0dHBzOlwvXC93d3cuamdjbGFzc2ljcy5jb21cL3dwLWNvbnRlbnRcL3VwbG9hZHNcLzIwMjNcLzA1XC8yMDIzMDUxM18xMTA4MzEtc2NhbGVkLmpwZyIsInNsaWRlc2hvdyI6IjdhZmY4NWMifQ%3D%3D\">\n\t\t\t\t\t<div class=\"e-gallery-image elementor-gallery-item__image\" data-thumbnail=\"https:\/\/www.jgclassics.com\/wp-content\/uploads\/2023\/05\/20230513_110831-169x300.jpg\" data-width=\"169\" data-height=\"300\" aria-label=\"Opel Manta GTE. Disponible pour la location, les photos, les tournages, les s\u00e9quences.\" role=\"img\" ><\/div>\n\t\t\t\t\t\t\t\t\t\t\t<div class=\"elementor-gallery-item__overlay\"><\/div>\n\t\t\t\t\t\t\t\t\t\t\t\t\t\t<\/a>\n\t\t\t\t\t\t\t<a class=\"e-gallery-item elementor-gallery-item elementor-animated-content\" data-e-gallery-tags=\"0\" href=\"https:\/\/www.jgclassics.com\/wp-content\/uploads\/2023\/05\/20230513_111950-scaled.jpg\" data-elementor-open-lightbox=\"yes\" data-elementor-lightbox-slideshow=\"7aff85c\" data-elementor-lightbox-title=\"Opel Manta GTE vue ext\u00e9rieure\" data-elementor-lightbox-description=\"Opel Manta GTE Barcelona Maresme JG Classics. Disponible pour la location, les photos, les tournages, les s\u00e9quences.\" data-e-action-hash=\"#elementor-action%3Aaction%3Dlightbox%26settings%3DeyJpZCI6MTQzNDYsInVybCI6Imh0dHBzOlwvXC93d3cuamdjbGFzc2ljcy5jb21cL3dwLWNvbnRlbnRcL3VwbG9hZHNcLzIwMjNcLzA1XC8yMDIzMDUxM18xMTE5NTAtc2NhbGVkLmpwZyIsInNsaWRlc2hvdyI6IjdhZmY4NWMifQ%3D%3D\">\n\t\t\t\t\t<div class=\"e-gallery-image elementor-gallery-item__image\" data-thumbnail=\"https:\/\/www.jgclassics.com\/wp-content\/uploads\/2023\/05\/20230513_111950-300x169.jpg\" data-width=\"300\" data-height=\"169\" aria-label=\"Opel Manta GTE. Disponible pour la location, les photos, les tournages, les s\u00e9quences.\" role=\"img\" ><\/div>\n\t\t\t\t\t\t\t\t\t\t\t<div class=\"elementor-gallery-item__overlay\"><\/div>\n\t\t\t\t\t\t\t\t\t\t\t\t\t\t<\/a>\n\t\t\t\t\t\t\t<a class=\"e-gallery-item elementor-gallery-item elementor-animated-content\" data-e-gallery-tags=\"0\" href=\"https:\/\/www.jgclassics.com\/wp-content\/uploads\/2023\/05\/20230513_111353-scaled.jpg\" data-elementor-open-lightbox=\"yes\" data-elementor-lightbox-slideshow=\"7aff85c\" data-elementor-lightbox-title=\"Opel Manta GTE vue ext\u00e9rieure\" data-elementor-lightbox-description=\"Opel Manta GTE Barcelona Maresme JG Classics. Disponible pour la location, les photos, les tournages, les s\u00e9quences.\" data-e-action-hash=\"#elementor-action%3Aaction%3Dlightbox%26settings%3DeyJpZCI6MTQzMjIsInVybCI6Imh0dHBzOlwvXC93d3cuamdjbGFzc2ljcy5jb21cL3dwLWNvbnRlbnRcL3VwbG9hZHNcLzIwMjNcLzA1XC8yMDIzMDUxM18xMTEzNTMtc2NhbGVkLmpwZyIsInNsaWRlc2hvdyI6IjdhZmY4NWMifQ%3D%3D\">\n\t\t\t\t\t<div class=\"e-gallery-image elementor-gallery-item__image\" data-thumbnail=\"https:\/\/www.jgclassics.com\/wp-content\/uploads\/2023\/05\/20230513_111353-300x169.jpg\" data-width=\"300\" data-height=\"169\" aria-label=\"Opel Manta GTE. Disponible pour la location, les photos, les tournages, les s\u00e9quences.\" role=\"img\" ><\/div>\n\t\t\t\t\t\t\t\t\t\t\t<div class=\"elementor-gallery-item__overlay\"><\/div>\n\t\t\t\t\t\t\t\t\t\t\t\t\t\t<\/a>\n\t\t\t\t\t\t\t<a class=\"e-gallery-item elementor-gallery-item elementor-animated-content\" data-e-gallery-tags=\"0\" href=\"https:\/\/www.jgclassics.com\/wp-content\/uploads\/2023\/05\/20230513_111331-scaled.jpg\" data-elementor-open-lightbox=\"yes\" data-elementor-lightbox-slideshow=\"7aff85c\" data-elementor-lightbox-title=\"Opel Manta GTE vue ext\u00e9rieure\" data-elementor-lightbox-description=\"Opel Manta GTE Barcelona Maresme JG Classics. Disponible pour la location, les photos, les tournages, les s\u00e9quences.\" data-e-action-hash=\"#elementor-action%3Aaction%3Dlightbox%26settings%3DeyJpZCI6MTQzMTksInVybCI6Imh0dHBzOlwvXC93d3cuamdjbGFzc2ljcy5jb21cL3dwLWNvbnRlbnRcL3VwbG9hZHNcLzIwMjNcLzA1XC8yMDIzMDUxM18xMTEzMzEtc2NhbGVkLmpwZyIsInNsaWRlc2hvdyI6IjdhZmY4NWMifQ%3D%3D\">\n\t\t\t\t\t<div class=\"e-gallery-image elementor-gallery-item__image\" data-thumbnail=\"https:\/\/www.jgclassics.com\/wp-content\/uploads\/2023\/05\/20230513_111331-300x169.jpg\" data-width=\"300\" data-height=\"169\" aria-label=\"Opel Manta GTE. Disponible pour la location, les photos, les tournages, les s\u00e9quences.\" role=\"img\" ><\/div>\n\t\t\t\t\t\t\t\t\t\t\t<div class=\"elementor-gallery-item__overlay\"><\/div>\n\t\t\t\t\t\t\t\t\t\t\t\t\t\t<\/a>\n\t\t\t\t\t\t\t<a class=\"e-gallery-item elementor-gallery-item elementor-animated-content\" data-e-gallery-tags=\"0\" href=\"https:\/\/www.jgclassics.com\/wp-content\/uploads\/2023\/05\/20230513_111312-scaled.jpg\" data-elementor-open-lightbox=\"yes\" data-elementor-lightbox-slideshow=\"7aff85c\" data-elementor-lightbox-title=\"Opel Manta GTE vue ext\u00e9rieure\" data-elementor-lightbox-description=\"Opel Manta GTE Barcelona Maresme JG Classics. Disponible pour la location, les photos, les tournages, les s\u00e9quences.\" data-e-action-hash=\"#elementor-action%3Aaction%3Dlightbox%26settings%3DeyJpZCI6MTQzMTYsInVybCI6Imh0dHBzOlwvXC93d3cuamdjbGFzc2ljcy5jb21cL3dwLWNvbnRlbnRcL3VwbG9hZHNcLzIwMjNcLzA1XC8yMDIzMDUxM18xMTEzMTItc2NhbGVkLmpwZyIsInNsaWRlc2hvdyI6IjdhZmY4NWMifQ%3D%3D\">\n\t\t\t\t\t<div class=\"e-gallery-image elementor-gallery-item__image\" data-thumbnail=\"https:\/\/www.jgclassics.com\/wp-content\/uploads\/2023\/05\/20230513_111312-169x300.jpg\" data-width=\"169\" data-height=\"300\" aria-label=\"Opel Manta GTE. Disponible pour la location, les photos, les tournages, les s\u00e9quences.\" role=\"img\" ><\/div>\n\t\t\t\t\t\t\t\t\t\t\t<div class=\"elementor-gallery-item__overlay\"><\/div>\n\t\t\t\t\t\t\t\t\t\t\t\t\t\t<\/a>\n\t\t\t\t\t\t\t<a class=\"e-gallery-item elementor-gallery-item elementor-animated-content\" data-e-gallery-tags=\"0\" href=\"https:\/\/www.jgclassics.com\/wp-content\/uploads\/2023\/05\/20230513_111258-scaled.jpg\" data-elementor-open-lightbox=\"yes\" data-elementor-lightbox-slideshow=\"7aff85c\" data-elementor-lightbox-title=\"Opel Manta GTE vue ext\u00e9rieure\" data-elementor-lightbox-description=\"Opel Manta GTE Barcelona Maresme JG Classics. Disponible pour la location, les photos, les tournages, les s\u00e9quences.\" data-e-action-hash=\"#elementor-action%3Aaction%3Dlightbox%26settings%3DeyJpZCI6MTQzMTMsInVybCI6Imh0dHBzOlwvXC93d3cuamdjbGFzc2ljcy5jb21cL3dwLWNvbnRlbnRcL3VwbG9hZHNcLzIwMjNcLzA1XC8yMDIzMDUxM18xMTEyNTgtc2NhbGVkLmpwZyIsInNsaWRlc2hvdyI6IjdhZmY4NWMifQ%3D%3D\">\n\t\t\t\t\t<div class=\"e-gallery-image elementor-gallery-item__image\" data-thumbnail=\"https:\/\/www.jgclassics.com\/wp-content\/uploads\/2023\/05\/20230513_111258-169x300.jpg\" data-width=\"169\" data-height=\"300\" aria-label=\"Opel Manta GTE. Disponible pour la location, les photos, les tournages, les s\u00e9quences.\" role=\"img\" ><\/div>\n\t\t\t\t\t\t\t\t\t\t\t<div class=\"elementor-gallery-item__overlay\"><\/div>\n\t\t\t\t\t\t\t\t\t\t\t\t\t\t<\/a>\n\t\t\t\t\t\t\t<a class=\"e-gallery-item elementor-gallery-item elementor-animated-content\" data-e-gallery-tags=\"0\" href=\"https:\/\/www.jgclassics.com\/wp-content\/uploads\/2023\/05\/20230513_111251-scaled.jpg\" data-elementor-open-lightbox=\"yes\" data-elementor-lightbox-slideshow=\"7aff85c\" data-elementor-lightbox-title=\"Opel Manta GTE vue ext\u00e9rieure\" data-elementor-lightbox-description=\"Opel Manta GTE Barcelona Maresme JG Classics. Disponible pour la location, les photos, les tournages, les s\u00e9quences.\" data-e-action-hash=\"#elementor-action%3Aaction%3Dlightbox%26settings%3DeyJpZCI6MTQzMTAsInVybCI6Imh0dHBzOlwvXC93d3cuamdjbGFzc2ljcy5jb21cL3dwLWNvbnRlbnRcL3VwbG9hZHNcLzIwMjNcLzA1XC8yMDIzMDUxM18xMTEyNTEtc2NhbGVkLmpwZyIsInNsaWRlc2hvdyI6IjdhZmY4NWMifQ%3D%3D\">\n\t\t\t\t\t<div class=\"e-gallery-image elementor-gallery-item__image\" data-thumbnail=\"https:\/\/www.jgclassics.com\/wp-content\/uploads\/2023\/05\/20230513_111251-300x169.jpg\" data-width=\"300\" data-height=\"169\" aria-label=\"Opel Manta GTE. Disponible pour la location, les photos, les tournages, les s\u00e9quences.\" role=\"img\" ><\/div>\n\t\t\t\t\t\t\t\t\t\t\t<div class=\"elementor-gallery-item__overlay\"><\/div>\n\t\t\t\t\t\t\t\t\t\t\t\t\t\t<\/a>\n\t\t\t\t\t\t\t<a class=\"e-gallery-item elementor-gallery-item elementor-animated-content\" data-e-gallery-tags=\"0\" href=\"https:\/\/www.jgclassics.com\/wp-content\/uploads\/2023\/05\/20230513_111206-scaled.jpg\" data-elementor-open-lightbox=\"yes\" data-elementor-lightbox-slideshow=\"7aff85c\" data-elementor-lightbox-title=\"Opel Manta GTE vue ext\u00e9rieure\" data-elementor-lightbox-description=\"Opel Manta GTE Barcelona Maresme JG Classics. Disponible pour la location, les photos, les tournages, les s\u00e9quences.\" data-e-action-hash=\"#elementor-action%3Aaction%3Dlightbox%26settings%3DeyJpZCI6MTQyOTgsInVybCI6Imh0dHBzOlwvXC93d3cuamdjbGFzc2ljcy5jb21cL3dwLWNvbnRlbnRcL3VwbG9hZHNcLzIwMjNcLzA1XC8yMDIzMDUxM18xMTEyMDYtc2NhbGVkLmpwZyIsInNsaWRlc2hvdyI6IjdhZmY4NWMifQ%3D%3D\">\n\t\t\t\t\t<div class=\"e-gallery-image elementor-gallery-item__image\" data-thumbnail=\"https:\/\/www.jgclassics.com\/wp-content\/uploads\/2023\/05\/20230513_111206-300x169.jpg\" data-width=\"300\" data-height=\"169\" aria-label=\"Opel Manta GTE. Disponible pour la location, les photos, les tournages, les s\u00e9quences.\" role=\"img\" ><\/div>\n\t\t\t\t\t\t\t\t\t\t\t<div class=\"elementor-gallery-item__overlay\"><\/div>\n\t\t\t\t\t\t\t\t\t\t\t\t\t\t<\/a>\n\t\t\t\t\t\t\t<a class=\"e-gallery-item elementor-gallery-item elementor-animated-content\" data-e-gallery-tags=\"0\" href=\"https:\/\/www.jgclassics.com\/wp-content\/uploads\/2023\/05\/20230513_111119-scaled.jpg\" data-elementor-open-lightbox=\"yes\" data-elementor-lightbox-slideshow=\"7aff85c\" data-elementor-lightbox-title=\"Opel Manta GTE vue ext\u00e9rieure\" data-elementor-lightbox-description=\"Opel Manta GTE Barcelona Maresme JG Classics. Disponible pour la location, les photos, les tournages, les s\u00e9quences.\" data-e-action-hash=\"#elementor-action%3Aaction%3Dlightbox%26settings%3DeyJpZCI6MTQyOTIsInVybCI6Imh0dHBzOlwvXC93d3cuamdjbGFzc2ljcy5jb21cL3dwLWNvbnRlbnRcL3VwbG9hZHNcLzIwMjNcLzA1XC8yMDIzMDUxM18xMTExMTktc2NhbGVkLmpwZyIsInNsaWRlc2hvdyI6IjdhZmY4NWMifQ%3D%3D\">\n\t\t\t\t\t<div class=\"e-gallery-image elementor-gallery-item__image\" data-thumbnail=\"https:\/\/www.jgclassics.com\/wp-content\/uploads\/2023\/05\/20230513_111119-300x169.jpg\" data-width=\"300\" data-height=\"169\" aria-label=\"Opel Manta GTE. Disponible pour la location, les photos, les tournages, les s\u00e9quences.\" role=\"img\" ><\/div>\n\t\t\t\t\t\t\t\t\t\t\t<div class=\"elementor-gallery-item__overlay\"><\/div>\n\t\t\t\t\t\t\t\t\t\t\t\t\t\t<\/a>\n\t\t\t\t\t\t\t<a class=\"e-gallery-item elementor-gallery-item elementor-animated-content\" data-e-gallery-tags=\"0\" href=\"https:\/\/www.jgclassics.com\/wp-content\/uploads\/2023\/05\/20230513_111850-scaled.jpg\" data-elementor-open-lightbox=\"yes\" data-elementor-lightbox-slideshow=\"7aff85c\" data-elementor-lightbox-title=\"Opel Manta GTE vue ext\u00e9rieure\" data-elementor-lightbox-description=\"Opel Manta GTE Barcelona Maresme JG Classics. Disponible pour la location, les photos, les tournages, les s\u00e9quences.\" data-e-action-hash=\"#elementor-action%3Aaction%3Dlightbox%26settings%3DeyJpZCI6MTQzMzcsInVybCI6Imh0dHBzOlwvXC93d3cuamdjbGFzc2ljcy5jb21cL3dwLWNvbnRlbnRcL3VwbG9hZHNcLzIwMjNcLzA1XC8yMDIzMDUxM18xMTE4NTAtc2NhbGVkLmpwZyIsInNsaWRlc2hvdyI6IjdhZmY4NWMifQ%3D%3D\">\n\t\t\t\t\t<div class=\"e-gallery-image elementor-gallery-item__image\" data-thumbnail=\"https:\/\/www.jgclassics.com\/wp-content\/uploads\/2023\/05\/20230513_111850-169x300.jpg\" data-width=\"169\" data-height=\"300\" aria-label=\"Opel Manta GTE. Disponible pour la location, les photos, les tournages, les s\u00e9quences.\" role=\"img\" ><\/div>\n\t\t\t\t\t\t\t\t\t\t\t<div class=\"elementor-gallery-item__overlay\"><\/div>\n\t\t\t\t\t\t\t\t\t\t\t\t\t\t<\/a>\n\t\t\t\t\t\t\t<a class=\"e-gallery-item elementor-gallery-item elementor-animated-content\" data-e-gallery-tags=\"0\" href=\"https:\/\/www.jgclassics.com\/wp-content\/uploads\/2023\/05\/20230513_111906-scaled.jpg\" data-elementor-open-lightbox=\"yes\" data-elementor-lightbox-slideshow=\"7aff85c\" data-elementor-lightbox-title=\"Opel Manta GTE vue ext\u00e9rieure\" data-elementor-lightbox-description=\"Opel Manta GTE Barcelona Maresme JG Classics. Disponible pour la location, les photos, les tournages, les s\u00e9quences.\" data-e-action-hash=\"#elementor-action%3Aaction%3Dlightbox%26settings%3DeyJpZCI6MTQzNDAsInVybCI6Imh0dHBzOlwvXC93d3cuamdjbGFzc2ljcy5jb21cL3dwLWNvbnRlbnRcL3VwbG9hZHNcLzIwMjNcLzA1XC8yMDIzMDUxM18xMTE5MDYtc2NhbGVkLmpwZyIsInNsaWRlc2hvdyI6IjdhZmY4NWMifQ%3D%3D\">\n\t\t\t\t\t<div class=\"e-gallery-image elementor-gallery-item__image\" data-thumbnail=\"https:\/\/www.jgclassics.com\/wp-content\/uploads\/2023\/05\/20230513_111906-300x169.jpg\" data-width=\"300\" data-height=\"169\" aria-label=\"Opel Manta GTE. Disponible pour la location, les photos, les tournages, les s\u00e9quences.\" role=\"img\" ><\/div>\n\t\t\t\t\t\t\t\t\t\t\t<div class=\"elementor-gallery-item__overlay\"><\/div>\n\t\t\t\t\t\t\t\t\t\t\t\t\t\t<\/a>\n\t\t\t\t\t\t\t<a class=\"e-gallery-item elementor-gallery-item elementor-animated-content\" data-e-gallery-tags=\"0\" href=\"https:\/\/www.jgclassics.com\/wp-content\/uploads\/2023\/05\/20230513_111945-scaled.jpg\" data-elementor-open-lightbox=\"yes\" data-elementor-lightbox-slideshow=\"7aff85c\" data-elementor-lightbox-title=\"Opel Manta GTE vue ext\u00e9rieure\" data-elementor-lightbox-description=\"Opel Manta GTE Barcelona Maresme JG Classics. Disponible pour la location, les photos, les tournages, les s\u00e9quences.\" data-e-action-hash=\"#elementor-action%3Aaction%3Dlightbox%26settings%3DeyJpZCI6MTQzNDMsInVybCI6Imh0dHBzOlwvXC93d3cuamdjbGFzc2ljcy5jb21cL3dwLWNvbnRlbnRcL3VwbG9hZHNcLzIwMjNcLzA1XC8yMDIzMDUxM18xMTE5NDUtc2NhbGVkLmpwZyIsInNsaWRlc2hvdyI6IjdhZmY4NWMifQ%3D%3D\">\n\t\t\t\t\t<div class=\"e-gallery-image elementor-gallery-item__image\" data-thumbnail=\"https:\/\/www.jgclassics.com\/wp-content\/uploads\/2023\/05\/20230513_111945-300x169.jpg\" data-width=\"300\" data-height=\"169\" aria-label=\"Opel Manta GTE. Disponible pour la location, les photos, les tournages, les s\u00e9quences.\" role=\"img\" ><\/div>\n\t\t\t\t\t\t\t\t\t\t\t<div class=\"elementor-gallery-item__overlay\"><\/div>\n\t\t\t\t\t\t\t\t\t\t\t\t\t\t<\/a>\n\t\t\t\t\t\t\t<a class=\"e-gallery-item elementor-gallery-item elementor-animated-content\" data-e-gallery-tags=\"0\" href=\"https:\/\/www.jgclassics.com\/wp-content\/uploads\/2023\/05\/20230513_112023-scaled.jpg\" data-elementor-open-lightbox=\"yes\" data-elementor-lightbox-slideshow=\"7aff85c\" data-elementor-lightbox-title=\"Opel Manta GTE vue ext\u00e9rieure\" data-elementor-lightbox-description=\"Opel Manta GTE Barcelona Maresme JG Classics. Disponible pour la location, les photos, les tournages, les s\u00e9quences.\" data-e-action-hash=\"#elementor-action%3Aaction%3Dlightbox%26settings%3DeyJpZCI6MTQzNTYsInVybCI6Imh0dHBzOlwvXC93d3cuamdjbGFzc2ljcy5jb21cL3dwLWNvbnRlbnRcL3VwbG9hZHNcLzIwMjNcLzA1XC8yMDIzMDUxM18xMTIwMjMtc2NhbGVkLmpwZyIsInNsaWRlc2hvdyI6IjdhZmY4NWMifQ%3D%3D\">\n\t\t\t\t\t<div class=\"e-gallery-image elementor-gallery-item__image\" data-thumbnail=\"https:\/\/www.jgclassics.com\/wp-content\/uploads\/2023\/05\/20230513_112023-169x300.jpg\" data-width=\"169\" data-height=\"300\" aria-label=\"Opel Manta GTE. Disponible pour la location, les photos, les tournages, les s\u00e9quences.\" role=\"img\" ><\/div>\n\t\t\t\t\t\t\t\t\t\t\t<div class=\"elementor-gallery-item__overlay\"><\/div>\n\t\t\t\t\t\t\t\t\t\t\t\t\t\t<\/a>\n\t\t\t\t\t\t\t<a class=\"e-gallery-item elementor-gallery-item elementor-animated-content\" data-e-gallery-tags=\"0\" href=\"https:\/\/www.jgclassics.com\/wp-content\/uploads\/2023\/05\/20230513_112016-scaled.jpg\" data-elementor-open-lightbox=\"yes\" data-elementor-lightbox-slideshow=\"7aff85c\" data-elementor-lightbox-title=\"Opel Manta GTE vue ext\u00e9rieure\" data-elementor-lightbox-description=\"Opel Manta GTE Barcelona Maresme JG Classics. Disponible pour la location, les photos, les tournages, les s\u00e9quences.\" data-e-action-hash=\"#elementor-action%3Aaction%3Dlightbox%26settings%3DeyJpZCI6MTQzNTMsInVybCI6Imh0dHBzOlwvXC93d3cuamdjbGFzc2ljcy5jb21cL3dwLWNvbnRlbnRcL3VwbG9hZHNcLzIwMjNcLzA1XC8yMDIzMDUxM18xMTIwMTYtc2NhbGVkLmpwZyIsInNsaWRlc2hvdyI6IjdhZmY4NWMifQ%3D%3D\">\n\t\t\t\t\t<div class=\"e-gallery-image elementor-gallery-item__image\" data-thumbnail=\"https:\/\/www.jgclassics.com\/wp-content\/uploads\/2023\/05\/20230513_112016-300x169.jpg\" data-width=\"300\" data-height=\"169\" aria-label=\"Opel Manta GTE. Disponible pour la location, les photos, les tournages, les s\u00e9quences.\" role=\"img\" ><\/div>\n\t\t\t\t\t\t\t\t\t\t\t<div class=\"elementor-gallery-item__overlay\"><\/div>\n\t\t\t\t\t\t\t\t\t\t\t\t\t\t<\/a>\n\t\t\t\t\t\t\t<a class=\"e-gallery-item elementor-gallery-item elementor-animated-content\" data-e-gallery-tags=\"0\" href=\"https:\/\/www.jgclassics.com\/wp-content\/uploads\/2023\/05\/20230513_111959-scaled.jpg\" data-elementor-open-lightbox=\"yes\" data-elementor-lightbox-slideshow=\"7aff85c\" data-elementor-lightbox-title=\"Opel Manta GTE vue ext\u00e9rieure\" data-elementor-lightbox-description=\"Opel Manta GTE Barcelona Maresme JG Classics. Disponible pour la location, les photos, les tournages, les s\u00e9quences.\" data-e-action-hash=\"#elementor-action%3Aaction%3Dlightbox%26settings%3DeyJpZCI6MTQzNTAsInVybCI6Imh0dHBzOlwvXC93d3cuamdjbGFzc2ljcy5jb21cL3dwLWNvbnRlbnRcL3VwbG9hZHNcLzIwMjNcLzA1XC8yMDIzMDUxM18xMTE5NTktc2NhbGVkLmpwZyIsInNsaWRlc2hvdyI6IjdhZmY4NWMifQ%3D%3D\">\n\t\t\t\t\t<div class=\"e-gallery-image elementor-gallery-item__image\" data-thumbnail=\"https:\/\/www.jgclassics.com\/wp-content\/uploads\/2023\/05\/20230513_111959-300x169.jpg\" data-width=\"300\" data-height=\"169\" aria-label=\"Opel Manta GTE. Disponible pour la location, les photos, les tournages, les s\u00e9quences.\" role=\"img\" ><\/div>\n\t\t\t\t\t\t\t\t\t\t\t<div class=\"elementor-gallery-item__overlay\"><\/div>\n\t\t\t\t\t\t\t\t\t\t\t\t\t\t<\/a>\n\t\t\t\t\t\t\t<a class=\"e-gallery-item elementor-gallery-item elementor-animated-content\" data-e-gallery-tags=\"0\" href=\"https:\/\/www.jgclassics.com\/wp-content\/uploads\/2023\/05\/20230513_112404-scaled.jpg\" data-elementor-open-lightbox=\"yes\" data-elementor-lightbox-slideshow=\"7aff85c\" data-elementor-lightbox-title=\"Opel Manta GTE vue ext\u00e9rieure\" data-elementor-lightbox-description=\"Opel Manta GTE Barcelona Maresme JG Classics. Disponible pour la location, les photos, les tournages, les s\u00e9quences.\" data-e-action-hash=\"#elementor-action%3Aaction%3Dlightbox%26settings%3DeyJpZCI6MTQzOTIsInVybCI6Imh0dHBzOlwvXC93d3cuamdjbGFzc2ljcy5jb21cL3dwLWNvbnRlbnRcL3VwbG9hZHNcLzIwMjNcLzA1XC8yMDIzMDUxM18xMTI0MDQtc2NhbGVkLmpwZyIsInNsaWRlc2hvdyI6IjdhZmY4NWMifQ%3D%3D\">\n\t\t\t\t\t<div class=\"e-gallery-image elementor-gallery-item__image\" data-thumbnail=\"https:\/\/www.jgclassics.com\/wp-content\/uploads\/2023\/05\/20230513_112404-300x169.jpg\" data-width=\"300\" data-height=\"169\" aria-label=\"Opel Manta GTE. Disponible pour la location, les photos, les tournages, les s\u00e9quences.\" role=\"img\" ><\/div>\n\t\t\t\t\t\t\t\t\t\t\t<div class=\"elementor-gallery-item__overlay\"><\/div>\n\t\t\t\t\t\t\t\t\t\t\t\t\t\t<\/a>\n\t\t\t\t\t\t\t<a class=\"e-gallery-item elementor-gallery-item elementor-animated-content\" data-e-gallery-tags=\"0\" href=\"https:\/\/www.jgclassics.com\/wp-content\/uploads\/2023\/05\/20230513_112341-scaled.jpg\" data-elementor-open-lightbox=\"yes\" data-elementor-lightbox-slideshow=\"7aff85c\" data-elementor-lightbox-title=\"Opel Manta GTE vue ext\u00e9rieure\" data-elementor-lightbox-description=\"Opel Manta GTE Barcelona Maresme JG Classics. Disponible pour la location, les photos, les tournages, les s\u00e9quences.\" data-e-action-hash=\"#elementor-action%3Aaction%3Dlightbox%26settings%3DeyJpZCI6MTQzODksInVybCI6Imh0dHBzOlwvXC93d3cuamdjbGFzc2ljcy5jb21cL3dwLWNvbnRlbnRcL3VwbG9hZHNcLzIwMjNcLzA1XC8yMDIzMDUxM18xMTIzNDEtc2NhbGVkLmpwZyIsInNsaWRlc2hvdyI6IjdhZmY4NWMifQ%3D%3D\">\n\t\t\t\t\t<div class=\"e-gallery-image elementor-gallery-item__image\" data-thumbnail=\"https:\/\/www.jgclassics.com\/wp-content\/uploads\/2023\/05\/20230513_112341-300x169.jpg\" data-width=\"300\" data-height=\"169\" aria-label=\"Opel Manta GTE. Disponible pour la location, les photos, les tournages, les s\u00e9quences.\" role=\"img\" ><\/div>\n\t\t\t\t\t\t\t\t\t\t\t<div class=\"elementor-gallery-item__overlay\"><\/div>\n\t\t\t\t\t\t\t\t\t\t\t\t\t\t<\/a>\n\t\t\t\t\t\t\t<a class=\"e-gallery-item elementor-gallery-item elementor-animated-content\" data-e-gallery-tags=\"0\" href=\"https:\/\/www.jgclassics.com\/wp-content\/uploads\/2023\/05\/20230513_112218-scaled.jpg\" data-elementor-open-lightbox=\"yes\" data-elementor-lightbox-slideshow=\"7aff85c\" data-elementor-lightbox-title=\"Opel Manta GTE vue ext\u00e9rieure\" data-elementor-lightbox-description=\"Opel Manta GTE Barcelona Maresme JG Classics. Disponible pour la location, les photos, les tournages, les s\u00e9quences.\" data-e-action-hash=\"#elementor-action%3Aaction%3Dlightbox%26settings%3DeyJpZCI6MTQzODAsInVybCI6Imh0dHBzOlwvXC93d3cuamdjbGFzc2ljcy5jb21cL3dwLWNvbnRlbnRcL3VwbG9hZHNcLzIwMjNcLzA1XC8yMDIzMDUxM18xMTIyMTgtc2NhbGVkLmpwZyIsInNsaWRlc2hvdyI6IjdhZmY4NWMifQ%3D%3D\">\n\t\t\t\t\t<div class=\"e-gallery-image elementor-gallery-item__image\" data-thumbnail=\"https:\/\/www.jgclassics.com\/wp-content\/uploads\/2023\/05\/20230513_112218-169x300.jpg\" data-width=\"169\" data-height=\"300\" aria-label=\"Opel Manta GTE. Disponible pour la location, les photos, les tournages, les s\u00e9quences.\" role=\"img\" ><\/div>\n\t\t\t\t\t\t\t\t\t\t\t<div class=\"elementor-gallery-item__overlay\"><\/div>\n\t\t\t\t\t\t\t\t\t\t\t\t\t\t<\/a>\n\t\t\t\t\t\t\t<a class=\"e-gallery-item elementor-gallery-item elementor-animated-content\" data-e-gallery-tags=\"0\" href=\"https:\/\/www.jgclassics.com\/wp-content\/uploads\/2023\/05\/20230513_112518-scaled.jpg\" data-elementor-open-lightbox=\"yes\" data-elementor-lightbox-slideshow=\"7aff85c\" data-elementor-lightbox-title=\"Opel Manta GTE vue ext\u00e9rieure\" data-elementor-lightbox-description=\"Opel Manta GTE Barcelona Maresme JG Classics. Disponible pour la location, les photos, les tournages, les s\u00e9quences.\" data-e-action-hash=\"#elementor-action%3Aaction%3Dlightbox%26settings%3DeyJpZCI6MTQ0MDEsInVybCI6Imh0dHBzOlwvXC93d3cuamdjbGFzc2ljcy5jb21cL3dwLWNvbnRlbnRcL3VwbG9hZHNcLzIwMjNcLzA1XC8yMDIzMDUxM18xMTI1MTgtc2NhbGVkLmpwZyIsInNsaWRlc2hvdyI6IjdhZmY4NWMifQ%3D%3D\">\n\t\t\t\t\t<div class=\"e-gallery-image elementor-gallery-item__image\" data-thumbnail=\"https:\/\/www.jgclassics.com\/wp-content\/uploads\/2023\/05\/20230513_112518-300x169.jpg\" data-width=\"300\" data-height=\"169\" aria-label=\"Opel Manta GTE. Disponible pour la location, les photos, les tournages, les s\u00e9quences.\" role=\"img\" ><\/div>\n\t\t\t\t\t\t\t\t\t\t\t<div class=\"elementor-gallery-item__overlay\"><\/div>\n\t\t\t\t\t\t\t\t\t\t\t\t\t\t<\/a>\n\t\t\t\t\t\t\t<a class=\"e-gallery-item elementor-gallery-item elementor-animated-content\" data-e-gallery-tags=\"0\" href=\"https:\/\/www.jgclassics.com\/wp-content\/uploads\/2023\/05\/20230513_112414-scaled.jpg\" data-elementor-open-lightbox=\"yes\" data-elementor-lightbox-slideshow=\"7aff85c\" data-elementor-lightbox-title=\"Opel Manta GTE vue ext\u00e9rieure\" data-elementor-lightbox-description=\"Opel Manta GTE Barcelona Maresme JG Classics. Disponible pour la location, les photos, les tournages, les s\u00e9quences.\" data-e-action-hash=\"#elementor-action%3Aaction%3Dlightbox%26settings%3DeyJpZCI6MTQzOTgsInVybCI6Imh0dHBzOlwvXC93d3cuamdjbGFzc2ljcy5jb21cL3dwLWNvbnRlbnRcL3VwbG9hZHNcLzIwMjNcLzA1XC8yMDIzMDUxM18xMTI0MTQtc2NhbGVkLmpwZyIsInNsaWRlc2hvdyI6IjdhZmY4NWMifQ%3D%3D\">\n\t\t\t\t\t<div class=\"e-gallery-image elementor-gallery-item__image\" data-thumbnail=\"https:\/\/www.jgclassics.com\/wp-content\/uploads\/2023\/05\/20230513_112414-300x169.jpg\" data-width=\"300\" data-height=\"169\" aria-label=\"Opel Manta GTE. Disponible pour la location, les photos, les tournages, les s\u00e9quences.\" role=\"img\" ><\/div>\n\t\t\t\t\t\t\t\t\t\t\t<div class=\"elementor-gallery-item__overlay\"><\/div>\n\t\t\t\t\t\t\t\t\t\t\t\t\t\t<\/a>\n\t\t\t\t\t\t\t<a class=\"e-gallery-item elementor-gallery-item elementor-animated-content\" data-e-gallery-tags=\"1\" href=\"https:\/\/www.jgclassics.com\/wp-content\/uploads\/2023\/05\/20230513_110821-scaled.jpg\" data-elementor-open-lightbox=\"yes\" data-elementor-lightbox-slideshow=\"7aff85c\" data-elementor-lightbox-title=\"Habitacle de l&#039;Opel Manta GTE\" data-elementor-lightbox-description=\"Opel Manta GTE Barcelona Maresme JG Classics. Disponible pour la location, les photos, les tournages, les s\u00e9quences.\" data-e-action-hash=\"#elementor-action%3Aaction%3Dlightbox%26settings%3DeyJpZCI6MTQyNzQsInVybCI6Imh0dHBzOlwvXC93d3cuamdjbGFzc2ljcy5jb21cL3dwLWNvbnRlbnRcL3VwbG9hZHNcLzIwMjNcLzA1XC8yMDIzMDUxM18xMTA4MjEtc2NhbGVkLmpwZyIsInNsaWRlc2hvdyI6IjdhZmY4NWMifQ%3D%3D\">\n\t\t\t\t\t<div class=\"e-gallery-image elementor-gallery-item__image\" data-thumbnail=\"https:\/\/www.jgclassics.com\/wp-content\/uploads\/2023\/05\/20230513_110821-300x169.jpg\" data-width=\"300\" data-height=\"169\" aria-label=\"Opel Manta GTE. Disponible pour la location, les photos, les tournages, les s\u00e9quences.\" role=\"img\" ><\/div>\n\t\t\t\t\t\t\t\t\t\t\t<div class=\"elementor-gallery-item__overlay\"><\/div>\n\t\t\t\t\t\t\t\t\t\t\t\t\t\t<\/a>\n\t\t\t\t\t\t\t<a class=\"e-gallery-item elementor-gallery-item elementor-animated-content\" data-e-gallery-tags=\"1\" href=\"https:\/\/www.jgclassics.com\/wp-content\/uploads\/2023\/05\/20230513_110759-scaled.jpg\" data-elementor-open-lightbox=\"yes\" data-elementor-lightbox-slideshow=\"7aff85c\" data-elementor-lightbox-title=\"Habitacle de l&#039;Opel Manta GTE\" data-elementor-lightbox-description=\"Opel Manta GTE Barcelona Maresme JG Classics. Disponible pour la location, les photos, les tournages, les s\u00e9quences.\" data-e-action-hash=\"#elementor-action%3Aaction%3Dlightbox%26settings%3DeyJpZCI6MTQyNzEsInVybCI6Imh0dHBzOlwvXC93d3cuamdjbGFzc2ljcy5jb21cL3dwLWNvbnRlbnRcL3VwbG9hZHNcLzIwMjNcLzA1XC8yMDIzMDUxM18xMTA3NTktc2NhbGVkLmpwZyIsInNsaWRlc2hvdyI6IjdhZmY4NWMifQ%3D%3D\">\n\t\t\t\t\t<div class=\"e-gallery-image elementor-gallery-item__image\" data-thumbnail=\"https:\/\/www.jgclassics.com\/wp-content\/uploads\/2023\/05\/20230513_110759-300x169.jpg\" data-width=\"300\" data-height=\"169\" aria-label=\"Opel Manta GTE. Disponible pour la location, les photos, les tournages, les s\u00e9quences.\" role=\"img\" ><\/div>\n\t\t\t\t\t\t\t\t\t\t\t<div class=\"elementor-gallery-item__overlay\"><\/div>\n\t\t\t\t\t\t\t\t\t\t\t\t\t\t<\/a>\n\t\t\t\t\t\t\t<a class=\"e-gallery-item elementor-gallery-item elementor-animated-content\" data-e-gallery-tags=\"1\" href=\"https:\/\/www.jgclassics.com\/wp-content\/uploads\/2023\/05\/20230513_111511-scaled.jpg\" data-elementor-open-lightbox=\"yes\" data-elementor-lightbox-slideshow=\"7aff85c\" data-elementor-lightbox-title=\"Habitacle de l&#039;Opel Manta GTE\" data-elementor-lightbox-description=\"Opel Manta GTE Barcelona Maresme JG Classics. Disponible pour la location, les photos, les tournages, les s\u00e9quences.\" data-e-action-hash=\"#elementor-action%3Aaction%3Dlightbox%26settings%3DeyJpZCI6MTQzMjgsInVybCI6Imh0dHBzOlwvXC93d3cuamdjbGFzc2ljcy5jb21cL3dwLWNvbnRlbnRcL3VwbG9hZHNcLzIwMjNcLzA1XC8yMDIzMDUxM18xMTE1MTEtc2NhbGVkLmpwZyIsInNsaWRlc2hvdyI6IjdhZmY4NWMifQ%3D%3D\">\n\t\t\t\t\t<div class=\"e-gallery-image elementor-gallery-item__image\" data-thumbnail=\"https:\/\/www.jgclassics.com\/wp-content\/uploads\/2023\/05\/20230513_111511-300x169.jpg\" data-width=\"300\" data-height=\"169\" aria-label=\"Opel Manta GTE. Disponible pour la location, les photos, les tournages, les s\u00e9quences. Volant de l&#039;i200\" role=\"img\" ><\/div>\n\t\t\t\t\t\t\t\t\t\t\t<div class=\"elementor-gallery-item__overlay\"><\/div>\n\t\t\t\t\t\t\t\t\t\t\t\t\t\t<\/a>\n\t\t\t\t\t\t\t<a class=\"e-gallery-item elementor-gallery-item elementor-animated-content\" data-e-gallery-tags=\"1\" href=\"https:\/\/www.jgclassics.com\/wp-content\/uploads\/2023\/05\/20230513_111525-scaled.jpg\" data-elementor-open-lightbox=\"yes\" data-elementor-lightbox-slideshow=\"7aff85c\" data-elementor-lightbox-title=\"Habitacle de l&#039;Opel Manta GTE\" data-elementor-lightbox-description=\"Opel Manta GTE Barcelona Maresme JG Classics. Disponible pour la location, les photos, les tournages, les s\u00e9quences.\" data-e-action-hash=\"#elementor-action%3Aaction%3Dlightbox%26settings%3DeyJpZCI6MTQzMzEsInVybCI6Imh0dHBzOlwvXC93d3cuamdjbGFzc2ljcy5jb21cL3dwLWNvbnRlbnRcL3VwbG9hZHNcLzIwMjNcLzA1XC8yMDIzMDUxM18xMTE1MjUtc2NhbGVkLmpwZyIsInNsaWRlc2hvdyI6IjdhZmY4NWMifQ%3D%3D\">\n\t\t\t\t\t<div class=\"e-gallery-image elementor-gallery-item__image\" data-thumbnail=\"https:\/\/www.jgclassics.com\/wp-content\/uploads\/2023\/05\/20230513_111525-300x169.jpg\" data-width=\"300\" data-height=\"169\" aria-label=\"Opel Manta GTE. Disponible pour la location, les photos, les tournages, les s\u00e9quences. Volant de l&#039;i200\" role=\"img\" ><\/div>\n\t\t\t\t\t\t\t\t\t\t\t<div class=\"elementor-gallery-item__overlay\"><\/div>\n\t\t\t\t\t\t\t\t\t\t\t\t\t\t<\/a>\n\t\t\t\t\t\t\t<a class=\"e-gallery-item elementor-gallery-item elementor-animated-content\" data-e-gallery-tags=\"1\" href=\"https:\/\/www.jgclassics.com\/wp-content\/uploads\/2023\/05\/20230513_111537-scaled.jpg\" data-elementor-open-lightbox=\"yes\" data-elementor-lightbox-slideshow=\"7aff85c\" data-elementor-lightbox-title=\"Habitacle de l&#039;Opel Manta GTE\" data-elementor-lightbox-description=\"Opel Manta GTE Barcelona Maresme JG Classics. Disponible pour la location, les photos, les tournages, les s\u00e9quences.\" data-e-action-hash=\"#elementor-action%3Aaction%3Dlightbox%26settings%3DeyJpZCI6MTQzMzQsInVybCI6Imh0dHBzOlwvXC93d3cuamdjbGFzc2ljcy5jb21cL3dwLWNvbnRlbnRcL3VwbG9hZHNcLzIwMjNcLzA1XC8yMDIzMDUxM18xMTE1Mzctc2NhbGVkLmpwZyIsInNsaWRlc2hvdyI6IjdhZmY4NWMifQ%3D%3D\">\n\t\t\t\t\t<div class=\"e-gallery-image elementor-gallery-item__image\" data-thumbnail=\"https:\/\/www.jgclassics.com\/wp-content\/uploads\/2023\/05\/20230513_111537-300x169.jpg\" data-width=\"300\" data-height=\"169\" aria-label=\"Opel Manta GTE. Disponible pour la location, les photos, les tournages, les s\u00e9quences. Volant de l&#039;i200\" role=\"img\" ><\/div>\n\t\t\t\t\t\t\t\t\t\t\t<div class=\"elementor-gallery-item__overlay\"><\/div>\n\t\t\t\t\t\t\t\t\t\t\t\t\t\t<\/a>\n\t\t\t\t\t\t\t<a class=\"e-gallery-item elementor-gallery-item elementor-animated-content\" data-e-gallery-tags=\"1\" href=\"https:\/\/www.jgclassics.com\/wp-content\/uploads\/2023\/05\/20230513_112058-scaled.jpg\" data-elementor-open-lightbox=\"yes\" data-elementor-lightbox-slideshow=\"7aff85c\" data-elementor-lightbox-title=\"Habitacle de l&#039;Opel Manta GTE\" data-elementor-lightbox-description=\"Opel Manta GTE Barcelona Maresme JG Classics. Disponible pour la location, les photos, les tournages, les s\u00e9quences.\" data-e-action-hash=\"#elementor-action%3Aaction%3Dlightbox%26settings%3DeyJpZCI6MTQzNTksInVybCI6Imh0dHBzOlwvXC93d3cuamdjbGFzc2ljcy5jb21cL3dwLWNvbnRlbnRcL3VwbG9hZHNcLzIwMjNcLzA1XC8yMDIzMDUxM18xMTIwNTgtc2NhbGVkLmpwZyIsInNsaWRlc2hvdyI6IjdhZmY4NWMifQ%3D%3D\">\n\t\t\t\t\t<div class=\"e-gallery-image elementor-gallery-item__image\" data-thumbnail=\"https:\/\/www.jgclassics.com\/wp-content\/uploads\/2023\/05\/20230513_112058-169x300.jpg\" data-width=\"169\" data-height=\"300\" aria-label=\"Opel Manta GTE. Disponible pour la location, les photos, les tournages, les s\u00e9quences.\" role=\"img\" ><\/div>\n\t\t\t\t\t\t\t\t\t\t\t<div class=\"elementor-gallery-item__overlay\"><\/div>\n\t\t\t\t\t\t\t\t\t\t\t\t\t\t<\/a>\n\t\t\t\t\t\t\t<a class=\"e-gallery-item elementor-gallery-item elementor-animated-content\" data-e-gallery-tags=\"1\" href=\"https:\/\/www.jgclassics.com\/wp-content\/uploads\/2023\/05\/20230513_112106-scaled.jpg\" data-elementor-open-lightbox=\"yes\" data-elementor-lightbox-slideshow=\"7aff85c\" data-elementor-lightbox-title=\"Habitacle de l&#039;Opel Manta GTE\" data-elementor-lightbox-description=\"Opel Manta GTE Barcelona Maresme JG Classics. Disponible pour la location, les photos, les tournages, les s\u00e9quences.\" data-e-action-hash=\"#elementor-action%3Aaction%3Dlightbox%26settings%3DeyJpZCI6MTQzNjIsInVybCI6Imh0dHBzOlwvXC93d3cuamdjbGFzc2ljcy5jb21cL3dwLWNvbnRlbnRcL3VwbG9hZHNcLzIwMjNcLzA1XC8yMDIzMDUxM18xMTIxMDYtc2NhbGVkLmpwZyIsInNsaWRlc2hvdyI6IjdhZmY4NWMifQ%3D%3D\">\n\t\t\t\t\t<div class=\"e-gallery-image elementor-gallery-item__image\" data-thumbnail=\"https:\/\/www.jgclassics.com\/wp-content\/uploads\/2023\/05\/20230513_112106-300x169.jpg\" data-width=\"300\" data-height=\"169\" aria-label=\"Opel Manta GTE. Disponible pour la location, les photos, les tournages, les s\u00e9quences.\" role=\"img\" ><\/div>\n\t\t\t\t\t\t\t\t\t\t\t<div class=\"elementor-gallery-item__overlay\"><\/div>\n\t\t\t\t\t\t\t\t\t\t\t\t\t\t<\/a>\n\t\t\t\t\t\t\t<a class=\"e-gallery-item elementor-gallery-item elementor-animated-content\" data-e-gallery-tags=\"1\" href=\"https:\/\/www.jgclassics.com\/wp-content\/uploads\/2023\/05\/20230513_112120-scaled.jpg\" data-elementor-open-lightbox=\"yes\" data-elementor-lightbox-slideshow=\"7aff85c\" data-elementor-lightbox-title=\"Habitacle de l&#039;Opel Manta GTE\" data-elementor-lightbox-description=\"Opel Manta GTE Barcelona Maresme JG Classics. Disponible pour la location, les photos, les tournages, les s\u00e9quences.\" data-e-action-hash=\"#elementor-action%3Aaction%3Dlightbox%26settings%3DeyJpZCI6MTQzNjUsInVybCI6Imh0dHBzOlwvXC93d3cuamdjbGFzc2ljcy5jb21cL3dwLWNvbnRlbnRcL3VwbG9hZHNcLzIwMjNcLzA1XC8yMDIzMDUxM18xMTIxMjAtc2NhbGVkLmpwZyIsInNsaWRlc2hvdyI6IjdhZmY4NWMifQ%3D%3D\">\n\t\t\t\t\t<div class=\"e-gallery-image elementor-gallery-item__image\" data-thumbnail=\"https:\/\/www.jgclassics.com\/wp-content\/uploads\/2023\/05\/20230513_112120-300x169.jpg\" data-width=\"300\" data-height=\"169\" aria-label=\"Opel Manta GTE. Disponible pour la location, les photos, les tournages, les s\u00e9quences.\" role=\"img\" ><\/div>\n\t\t\t\t\t\t\t\t\t\t\t<div class=\"elementor-gallery-item__overlay\"><\/div>\n\t\t\t\t\t\t\t\t\t\t\t\t\t\t<\/a>\n\t\t\t\t\t\t\t<a class=\"e-gallery-item elementor-gallery-item elementor-animated-content\" data-e-gallery-tags=\"1\" href=\"https:\/\/www.jgclassics.com\/wp-content\/uploads\/2023\/05\/20230513_112153-scaled.jpg\" data-elementor-open-lightbox=\"yes\" data-elementor-lightbox-slideshow=\"7aff85c\" data-elementor-lightbox-title=\"Habitacle de l&#039;Opel Manta GTE\" data-elementor-lightbox-description=\"Opel Manta GTE Barcelona Maresme JG Classics. Disponible pour la location, les photos, les tournages, les s\u00e9quences.\" data-e-action-hash=\"#elementor-action%3Aaction%3Dlightbox%26settings%3DeyJpZCI6MTQzNzEsInVybCI6Imh0dHBzOlwvXC93d3cuamdjbGFzc2ljcy5jb21cL3dwLWNvbnRlbnRcL3VwbG9hZHNcLzIwMjNcLzA1XC8yMDIzMDUxM18xMTIxNTMtc2NhbGVkLmpwZyIsInNsaWRlc2hvdyI6IjdhZmY4NWMifQ%3D%3D\">\n\t\t\t\t\t<div class=\"e-gallery-image elementor-gallery-item__image\" data-thumbnail=\"https:\/\/www.jgclassics.com\/wp-content\/uploads\/2023\/05\/20230513_112153-300x169.jpg\" data-width=\"300\" data-height=\"169\" aria-label=\"Opel Manta GTE. Disponible pour la location, les photos, les tournages, les s\u00e9quences.\" role=\"img\" ><\/div>\n\t\t\t\t\t\t\t\t\t\t\t<div class=\"elementor-gallery-item__overlay\"><\/div>\n\t\t\t\t\t\t\t\t\t\t\t\t\t\t<\/a>\n\t\t\t\t\t\t\t<a class=\"e-gallery-item elementor-gallery-item elementor-animated-content\" data-e-gallery-tags=\"1\" href=\"https:\/\/www.jgclassics.com\/wp-content\/uploads\/2023\/05\/20230513_112144-scaled.jpg\" data-elementor-open-lightbox=\"yes\" data-elementor-lightbox-slideshow=\"7aff85c\" data-elementor-lightbox-title=\"Habitacle de l&#039;Opel Manta GTE\" data-elementor-lightbox-description=\"Opel Manta GTE Barcelona Maresme JG Classics. Disponible pour la location, les photos, les tournages, les s\u00e9quences.\" data-e-action-hash=\"#elementor-action%3Aaction%3Dlightbox%26settings%3DeyJpZCI6MTQzNjgsInVybCI6Imh0dHBzOlwvXC93d3cuamdjbGFzc2ljcy5jb21cL3dwLWNvbnRlbnRcL3VwbG9hZHNcLzIwMjNcLzA1XC8yMDIzMDUxM18xMTIxNDQtc2NhbGVkLmpwZyIsInNsaWRlc2hvdyI6IjdhZmY4NWMifQ%3D%3D\">\n\t\t\t\t\t<div class=\"e-gallery-image elementor-gallery-item__image\" data-thumbnail=\"https:\/\/www.jgclassics.com\/wp-content\/uploads\/2023\/05\/20230513_112144-169x300.jpg\" data-width=\"169\" data-height=\"300\" aria-label=\"Opel Manta GTE. Disponible pour la location, les photos, les tournages, les s\u00e9quences.\" role=\"img\" ><\/div>\n\t\t\t\t\t\t\t\t\t\t\t<div class=\"elementor-gallery-item__overlay\"><\/div>\n\t\t\t\t\t\t\t\t\t\t\t\t\t\t<\/a>\n\t\t\t\t\t\t\t<a class=\"e-gallery-item elementor-gallery-item elementor-animated-content\" data-e-gallery-tags=\"1\" href=\"https:\/\/www.jgclassics.com\/wp-content\/uploads\/2023\/05\/20230513_112239-scaled.jpg\" data-elementor-open-lightbox=\"yes\" data-elementor-lightbox-slideshow=\"7aff85c\" data-elementor-lightbox-title=\"Opel Manta GTE vue ext\u00e9rieure\" data-elementor-lightbox-description=\"Opel Manta GTE Barcelona Maresme JG Classics. Disponible pour la location, les photos, les tournages, les s\u00e9quences.\" data-e-action-hash=\"#elementor-action%3Aaction%3Dlightbox%26settings%3DeyJpZCI6MTQzODYsInVybCI6Imh0dHBzOlwvXC93d3cuamdjbGFzc2ljcy5jb21cL3dwLWNvbnRlbnRcL3VwbG9hZHNcLzIwMjNcLzA1XC8yMDIzMDUxM18xMTIyMzktc2NhbGVkLmpwZyIsInNsaWRlc2hvdyI6IjdhZmY4NWMifQ%3D%3D\">\n\t\t\t\t\t<div class=\"e-gallery-image elementor-gallery-item__image\" data-thumbnail=\"https:\/\/www.jgclassics.com\/wp-content\/uploads\/2023\/05\/20230513_112239-300x169.jpg\" data-width=\"300\" data-height=\"169\" aria-label=\"Opel Manta GTE. Disponible pour la location, les photos, les tournages, les s\u00e9quences.\" role=\"img\" ><\/div>\n\t\t\t\t\t\t\t\t\t\t\t<div class=\"elementor-gallery-item__overlay\"><\/div>\n\t\t\t\t\t\t\t\t\t\t\t\t\t\t<\/a>\n\t\t\t\t\t\t\t<a class=\"e-gallery-item elementor-gallery-item elementor-animated-content\" data-e-gallery-tags=\"1\" href=\"https:\/\/www.jgclassics.com\/wp-content\/uploads\/2023\/05\/20230513_112235-scaled.jpg\" data-elementor-open-lightbox=\"yes\" data-elementor-lightbox-slideshow=\"7aff85c\" data-elementor-lightbox-title=\"Opel Manta GTE vue ext\u00e9rieure\" data-elementor-lightbox-description=\"Opel Manta GTE Barcelona Maresme JG Classics. Disponible pour la location, les photos, les tournages, les s\u00e9quences.\" data-e-action-hash=\"#elementor-action%3Aaction%3Dlightbox%26settings%3DeyJpZCI6MTQzODMsInVybCI6Imh0dHBzOlwvXC93d3cuamdjbGFzc2ljcy5jb21cL3dwLWNvbnRlbnRcL3VwbG9hZHNcLzIwMjNcLzA1XC8yMDIzMDUxM18xMTIyMzUtc2NhbGVkLmpwZyIsInNsaWRlc2hvdyI6IjdhZmY4NWMifQ%3D%3D\">\n\t\t\t\t\t<div class=\"e-gallery-image elementor-gallery-item__image\" data-thumbnail=\"https:\/\/www.jgclassics.com\/wp-content\/uploads\/2023\/05\/20230513_112235-300x169.jpg\" data-width=\"300\" data-height=\"169\" aria-label=\"Opel Manta GTE. Disponible pour la location, les photos, les tournages, les s\u00e9quences.\" role=\"img\" ><\/div>\n\t\t\t\t\t\t\t\t\t\t\t<div class=\"elementor-gallery-item__overlay\"><\/div>\n\t\t\t\t\t\t\t\t\t\t\t\t\t\t<\/a>\n\t\t\t\t\t\t\t<a class=\"e-gallery-item elementor-gallery-item elementor-animated-content\" data-e-gallery-tags=\"1\" href=\"https:\/\/www.jgclassics.com\/wp-content\/uploads\/2023\/05\/20230513_112206-scaled.jpg\" data-elementor-open-lightbox=\"yes\" data-elementor-lightbox-slideshow=\"7aff85c\" data-elementor-lightbox-title=\"Habitacle de l&#039;Opel Manta GTE\" data-elementor-lightbox-description=\"Opel Manta GTE Barcelona Maresme JG Classics. Disponible pour la location, les photos, les tournages, les s\u00e9quences.\" data-e-action-hash=\"#elementor-action%3Aaction%3Dlightbox%26settings%3DeyJpZCI6MTQzNzcsInVybCI6Imh0dHBzOlwvXC93d3cuamdjbGFzc2ljcy5jb21cL3dwLWNvbnRlbnRcL3VwbG9hZHNcLzIwMjNcLzA1XC8yMDIzMDUxM18xMTIyMDYtc2NhbGVkLmpwZyIsInNsaWRlc2hvdyI6IjdhZmY4NWMifQ%3D%3D\">\n\t\t\t\t\t<div class=\"e-gallery-image elementor-gallery-item__image\" data-thumbnail=\"https:\/\/www.jgclassics.com\/wp-content\/uploads\/2023\/05\/20230513_112206-169x300.jpg\" data-width=\"169\" data-height=\"300\" aria-label=\"Opel Manta GTE. Disponible pour la location, les photos, les tournages, les s\u00e9quences.\" role=\"img\" ><\/div>\n\t\t\t\t\t\t\t\t\t\t\t<div class=\"elementor-gallery-item__overlay\"><\/div>\n\t\t\t\t\t\t\t\t\t\t\t\t\t\t<\/a>\n\t\t\t\t\t\t\t<a class=\"e-gallery-item elementor-gallery-item elementor-animated-content\" data-e-gallery-tags=\"1\" href=\"https:\/\/www.jgclassics.com\/wp-content\/uploads\/2023\/05\/20230513_112204-scaled.jpg\" data-elementor-open-lightbox=\"yes\" data-elementor-lightbox-slideshow=\"7aff85c\" data-elementor-lightbox-title=\"Habitacle de l&#039;Opel Manta GTE\" data-elementor-lightbox-description=\"Opel Manta GTE Barcelona Maresme JG Classics. Disponible pour la location, les photos, les tournages, les s\u00e9quences.\" data-e-action-hash=\"#elementor-action%3Aaction%3Dlightbox%26settings%3DeyJpZCI6MTQzNzQsInVybCI6Imh0dHBzOlwvXC93d3cuamdjbGFzc2ljcy5jb21cL3dwLWNvbnRlbnRcL3VwbG9hZHNcLzIwMjNcLzA1XC8yMDIzMDUxM18xMTIyMDQtc2NhbGVkLmpwZyIsInNsaWRlc2hvdyI6IjdhZmY4NWMifQ%3D%3D\">\n\t\t\t\t\t<div class=\"e-gallery-image elementor-gallery-item__image\" data-thumbnail=\"https:\/\/www.jgclassics.com\/wp-content\/uploads\/2023\/05\/20230513_112204-300x169.jpg\" data-width=\"300\" data-height=\"169\" aria-label=\"Opel Manta GTE. Disponible pour la location, les photos, les tournages, les s\u00e9quences.\" role=\"img\" ><\/div>\n\t\t\t\t\t\t\t\t\t\t\t<div class=\"elementor-gallery-item__overlay\"><\/div>\n\t\t\t\t\t\t\t\t\t\t\t\t\t\t<\/a>\n\t\t\t\t\t\t\t<a class=\"e-gallery-item elementor-gallery-item elementor-animated-content\" data-e-gallery-tags=\"2\" href=\"https:\/\/www.jgclassics.com\/wp-content\/uploads\/2023\/05\/20230515_182626-scaled.jpg\" data-elementor-open-lightbox=\"yes\" data-elementor-lightbox-slideshow=\"7aff85c\" data-elementor-lightbox-title=\"Moteur de l&#039;Opel Manta GTE\" data-elementor-lightbox-description=\"Opel Manta GTE Barcelona Maresme JG Classics. Disponible pour la location, les photos, les tournages, les s\u00e9quences.\" data-e-action-hash=\"#elementor-action%3Aaction%3Dlightbox%26settings%3DeyJpZCI6MTQ0NDMsInVybCI6Imh0dHBzOlwvXC93d3cuamdjbGFzc2ljcy5jb21cL3dwLWNvbnRlbnRcL3VwbG9hZHNcLzIwMjNcLzA1XC8yMDIzMDUxNV8xODI2MjYtc2NhbGVkLmpwZyIsInNsaWRlc2hvdyI6IjdhZmY4NWMifQ%3D%3D\">\n\t\t\t\t\t<div class=\"e-gallery-image elementor-gallery-item__image\" data-thumbnail=\"https:\/\/www.jgclassics.com\/wp-content\/uploads\/2023\/05\/20230515_182626-300x169.jpg\" data-width=\"300\" data-height=\"169\" aria-label=\"Opel Manta GTE. Disponible pour la location, les photos, les tournages, les s\u00e9quences.\" role=\"img\" ><\/div>\n\t\t\t\t\t\t\t\t\t\t\t<div class=\"elementor-gallery-item__overlay\"><\/div>\n\t\t\t\t\t\t\t\t\t\t\t\t\t\t<\/a>\n\t\t\t\t\t\t\t<a class=\"e-gallery-item elementor-gallery-item elementor-animated-content\" data-e-gallery-tags=\"2\" href=\"https:\/\/www.jgclassics.com\/wp-content\/uploads\/2023\/05\/20230515_182406-scaled.jpg\" data-elementor-open-lightbox=\"yes\" data-elementor-lightbox-slideshow=\"7aff85c\" data-elementor-lightbox-title=\"Moteur de l&#039;Opel Manta GTE\" data-elementor-lightbox-description=\"Opel Manta GTE Barcelona Maresme JG Classics. Disponible pour la location, les photos, les tournages, les s\u00e9quences.\" data-e-action-hash=\"#elementor-action%3Aaction%3Dlightbox%26settings%3DeyJpZCI6MTQ0MTksInVybCI6Imh0dHBzOlwvXC93d3cuamdjbGFzc2ljcy5jb21cL3dwLWNvbnRlbnRcL3VwbG9hZHNcLzIwMjNcLzA1XC8yMDIzMDUxNV8xODI0MDYtc2NhbGVkLmpwZyIsInNsaWRlc2hvdyI6IjdhZmY4NWMifQ%3D%3D\">\n\t\t\t\t\t<div class=\"e-gallery-image elementor-gallery-item__image\" data-thumbnail=\"https:\/\/www.jgclassics.com\/wp-content\/uploads\/2023\/05\/20230515_182406-300x169.jpg\" data-width=\"300\" data-height=\"169\" aria-label=\"Opel Manta GTE. Disponible pour la location, les photos, les tournages, les s\u00e9quences.\" role=\"img\" ><\/div>\n\t\t\t\t\t\t\t\t\t\t\t<div class=\"elementor-gallery-item__overlay\"><\/div>\n\t\t\t\t\t\t\t\t\t\t\t\t\t\t<\/a>\n\t\t\t\t\t\t\t<a class=\"e-gallery-item elementor-gallery-item elementor-animated-content\" data-e-gallery-tags=\"2\" href=\"https:\/\/www.jgclassics.com\/wp-content\/uploads\/2023\/05\/20230515_182326-scaled.jpg\" data-elementor-open-lightbox=\"yes\" data-elementor-lightbox-slideshow=\"7aff85c\" data-elementor-lightbox-title=\"Moteur de l&#039;Opel Manta GTE\" data-elementor-lightbox-description=\"Opel Manta GTE Barcelona Maresme JG Classics. Disponible pour la location, les photos, les tournages, les s\u00e9quences.\" data-e-action-hash=\"#elementor-action%3Aaction%3Dlightbox%26settings%3DeyJpZCI6MTQ0MTYsInVybCI6Imh0dHBzOlwvXC93d3cuamdjbGFzc2ljcy5jb21cL3dwLWNvbnRlbnRcL3VwbG9hZHNcLzIwMjNcLzA1XC8yMDIzMDUxNV8xODIzMjYtc2NhbGVkLmpwZyIsInNsaWRlc2hvdyI6IjdhZmY4NWMifQ%3D%3D\">\n\t\t\t\t\t<div class=\"e-gallery-image elementor-gallery-item__image\" data-thumbnail=\"https:\/\/www.jgclassics.com\/wp-content\/uploads\/2023\/05\/20230515_182326-300x169.jpg\" data-width=\"300\" data-height=\"169\" aria-label=\"Opel Manta GTE. Disponible pour la location, les photos, les tournages, les s\u00e9quences.\" role=\"img\" ><\/div>\n\t\t\t\t\t\t\t\t\t\t\t<div class=\"elementor-gallery-item__overlay\"><\/div>\n\t\t\t\t\t\t\t\t\t\t\t\t\t\t<\/a>\n\t\t\t\t\t\t\t<a class=\"e-gallery-item elementor-gallery-item elementor-animated-content\" data-e-gallery-tags=\"2\" href=\"https:\/\/www.jgclassics.com\/wp-content\/uploads\/2023\/05\/20230515_182317_001-scaled.jpg\" data-elementor-open-lightbox=\"yes\" data-elementor-lightbox-slideshow=\"7aff85c\" data-elementor-lightbox-title=\"Moteur de l&#039;Opel Manta GTE\" data-elementor-lightbox-description=\"Opel Manta GTE Barcelona Maresme JG Classics. Disponible pour la location, les photos, les tournages, les s\u00e9quences.\" data-e-action-hash=\"#elementor-action%3Aaction%3Dlightbox%26settings%3DeyJpZCI6MTQ0MTMsInVybCI6Imh0dHBzOlwvXC93d3cuamdjbGFzc2ljcy5jb21cL3dwLWNvbnRlbnRcL3VwbG9hZHNcLzIwMjNcLzA1XC8yMDIzMDUxNV8xODIzMTdfMDAxLXNjYWxlZC5qcGciLCJzbGlkZXNob3ciOiI3YWZmODVjIn0%3D\">\n\t\t\t\t\t<div class=\"e-gallery-image elementor-gallery-item__image\" data-thumbnail=\"https:\/\/www.jgclassics.com\/wp-content\/uploads\/2023\/05\/20230515_182317_001-300x169.jpg\" data-width=\"300\" data-height=\"169\" aria-label=\"Opel Manta GTE. Disponible pour la location, les photos, les tournages, les s\u00e9quences.\" role=\"img\" ><\/div>\n\t\t\t\t\t\t\t\t\t\t\t<div class=\"elementor-gallery-item__overlay\"><\/div>\n\t\t\t\t\t\t\t\t\t\t\t\t\t\t<\/a>\n\t\t\t\t\t\t\t<a class=\"e-gallery-item elementor-gallery-item elementor-animated-content\" data-e-gallery-tags=\"2\" href=\"https:\/\/www.jgclassics.com\/wp-content\/uploads\/2023\/05\/20230515_182306-scaled.jpg\" data-elementor-open-lightbox=\"yes\" data-elementor-lightbox-slideshow=\"7aff85c\" data-elementor-lightbox-title=\"Moteur de l&#039;Opel Manta GTE\" data-elementor-lightbox-description=\"Opel Manta GTE Barcelona Maresme JG Classics. Disponible pour la location, les photos, les tournages, les s\u00e9quences.\" data-e-action-hash=\"#elementor-action%3Aaction%3Dlightbox%26settings%3DeyJpZCI6MTQ0MTAsInVybCI6Imh0dHBzOlwvXC93d3cuamdjbGFzc2ljcy5jb21cL3dwLWNvbnRlbnRcL3VwbG9hZHNcLzIwMjNcLzA1XC8yMDIzMDUxNV8xODIzMDYtc2NhbGVkLmpwZyIsInNsaWRlc2hvdyI6IjdhZmY4NWMifQ%3D%3D\">\n\t\t\t\t\t<div class=\"e-gallery-image elementor-gallery-item__image\" data-thumbnail=\"https:\/\/www.jgclassics.com\/wp-content\/uploads\/2023\/05\/20230515_182306-300x169.jpg\" data-width=\"300\" data-height=\"169\" aria-label=\"Opel Manta GTE. Disponible pour la location, les photos, les tournages, les s\u00e9quences.\" role=\"img\" ><\/div>\n\t\t\t\t\t\t\t\t\t\t\t<div class=\"elementor-gallery-item__overlay\"><\/div>\n\t\t\t\t\t\t\t\t\t\t\t\t\t\t<\/a>\n\t\t\t\t\t\t\t<a class=\"e-gallery-item elementor-gallery-item elementor-animated-content\" data-e-gallery-tags=\"2\" href=\"https:\/\/www.jgclassics.com\/wp-content\/uploads\/2023\/05\/20230515_182252-scaled.jpg\" data-elementor-open-lightbox=\"yes\" data-elementor-lightbox-slideshow=\"7aff85c\" data-elementor-lightbox-title=\"Moteur de l&#039;Opel Manta GTE\" data-elementor-lightbox-description=\"Opel Manta GTE Barcelona Maresme JG Classics. Disponible pour la location, les photos, les tournages, les s\u00e9quences.\" data-e-action-hash=\"#elementor-action%3Aaction%3Dlightbox%26settings%3DeyJpZCI6MTQ0MDQsInVybCI6Imh0dHBzOlwvXC93d3cuamdjbGFzc2ljcy5jb21cL3dwLWNvbnRlbnRcL3VwbG9hZHNcLzIwMjNcLzA1XC8yMDIzMDUxNV8xODIyNTItc2NhbGVkLmpwZyIsInNsaWRlc2hvdyI6IjdhZmY4NWMifQ%3D%3D\">\n\t\t\t\t\t<div class=\"e-gallery-image elementor-gallery-item__image\" data-thumbnail=\"https:\/\/www.jgclassics.com\/wp-content\/uploads\/2023\/05\/20230515_182252-300x169.jpg\" data-width=\"300\" data-height=\"169\" aria-label=\"Opel Manta GTE. Disponible pour la location, les photos, les tournages, les s\u00e9quences.\" role=\"img\" ><\/div>\n\t\t\t\t\t\t\t\t\t\t\t<div class=\"elementor-gallery-item__overlay\"><\/div>\n\t\t\t\t\t\t\t\t\t\t\t\t\t\t<\/a>\n\t\t\t\t\t\t\t<a class=\"e-gallery-item elementor-gallery-item elementor-animated-content\" data-e-gallery-tags=\"2\" href=\"https:\/\/www.jgclassics.com\/wp-content\/uploads\/2023\/05\/20230515_182504-scaled.jpg\" data-elementor-open-lightbox=\"yes\" data-elementor-lightbox-slideshow=\"7aff85c\" data-elementor-lightbox-title=\"Moteur de l&#039;Opel Manta GTE\" data-elementor-lightbox-description=\"Opel Manta GTE Barcelona Maresme JG Classics. Disponible pour la location, les photos, les tournages, les s\u00e9quences.\" data-e-action-hash=\"#elementor-action%3Aaction%3Dlightbox%26settings%3DeyJpZCI6MTQ0MjgsInVybCI6Imh0dHBzOlwvXC93d3cuamdjbGFzc2ljcy5jb21cL3dwLWNvbnRlbnRcL3VwbG9hZHNcLzIwMjNcLzA1XC8yMDIzMDUxNV8xODI1MDQtc2NhbGVkLmpwZyIsInNsaWRlc2hvdyI6IjdhZmY4NWMifQ%3D%3D\">\n\t\t\t\t\t<div class=\"e-gallery-image elementor-gallery-item__image\" data-thumbnail=\"https:\/\/www.jgclassics.com\/wp-content\/uploads\/2023\/05\/20230515_182504-300x169.jpg\" data-width=\"300\" data-height=\"169\" aria-label=\"Opel Manta GTE. Disponible pour la location, les photos, les tournages, les s\u00e9quences.\" role=\"img\" ><\/div>\n\t\t\t\t\t\t\t\t\t\t\t<div class=\"elementor-gallery-item__overlay\"><\/div>\n\t\t\t\t\t\t\t\t\t\t\t\t\t\t<\/a>\n\t\t\t\t\t\t\t<a class=\"e-gallery-item elementor-gallery-item elementor-animated-content\" data-e-gallery-tags=\"2\" href=\"https:\/\/www.jgclassics.com\/wp-content\/uploads\/2023\/05\/20230515_182522-scaled.jpg\" data-elementor-open-lightbox=\"yes\" data-elementor-lightbox-slideshow=\"7aff85c\" data-elementor-lightbox-title=\"Moteur de l&#039;Opel Manta GTE\" data-elementor-lightbox-description=\"Opel Manta GTE Barcelona Maresme JG Classics. Disponible pour la location, les photos, les tournages, les s\u00e9quences.\" data-e-action-hash=\"#elementor-action%3Aaction%3Dlightbox%26settings%3DeyJpZCI6MTQ0MzEsInVybCI6Imh0dHBzOlwvXC93d3cuamdjbGFzc2ljcy5jb21cL3dwLWNvbnRlbnRcL3VwbG9hZHNcLzIwMjNcLzA1XC8yMDIzMDUxNV8xODI1MjItc2NhbGVkLmpwZyIsInNsaWRlc2hvdyI6IjdhZmY4NWMifQ%3D%3D\">\n\t\t\t\t\t<div class=\"e-gallery-image elementor-gallery-item__image\" data-thumbnail=\"https:\/\/www.jgclassics.com\/wp-content\/uploads\/2023\/05\/20230515_182522-300x169.jpg\" data-width=\"300\" data-height=\"169\" aria-label=\"Opel Manta GTE. Disponible pour la location, les photos, les tournages, les s\u00e9quences.\" role=\"img\" ><\/div>\n\t\t\t\t\t\t\t\t\t\t\t<div class=\"elementor-gallery-item__overlay\"><\/div>\n\t\t\t\t\t\t\t\t\t\t\t\t\t\t<\/a>\n\t\t\t\t\t\t\t<a class=\"e-gallery-item elementor-gallery-item elementor-animated-content\" data-e-gallery-tags=\"2\" href=\"https:\/\/www.jgclassics.com\/wp-content\/uploads\/2023\/05\/20230515_182533-scaled.jpg\" data-elementor-open-lightbox=\"yes\" data-elementor-lightbox-slideshow=\"7aff85c\" data-elementor-lightbox-title=\"Moteur de l&#039;Opel Manta GTE\" data-elementor-lightbox-description=\"Opel Manta GTE Barcelona Maresme JG Classics. Disponible pour la location, les photos, les tournages, les s\u00e9quences.\" data-e-action-hash=\"#elementor-action%3Aaction%3Dlightbox%26settings%3DeyJpZCI6MTQ0MzQsInVybCI6Imh0dHBzOlwvXC93d3cuamdjbGFzc2ljcy5jb21cL3dwLWNvbnRlbnRcL3VwbG9hZHNcLzIwMjNcLzA1XC8yMDIzMDUxNV8xODI1MzMtc2NhbGVkLmpwZyIsInNsaWRlc2hvdyI6IjdhZmY4NWMifQ%3D%3D\">\n\t\t\t\t\t<div class=\"e-gallery-image elementor-gallery-item__image\" data-thumbnail=\"https:\/\/www.jgclassics.com\/wp-content\/uploads\/2023\/05\/20230515_182533-300x169.jpg\" data-width=\"300\" data-height=\"169\" aria-label=\"Opel Manta GTE. Disponible pour la location, les photos, les tournages, les s\u00e9quences.\" role=\"img\" ><\/div>\n\t\t\t\t\t\t\t\t\t\t\t<div class=\"elementor-gallery-item__overlay\"><\/div>\n\t\t\t\t\t\t\t\t\t\t\t\t\t\t<\/a>\n\t\t\t\t\t\t\t<a class=\"e-gallery-item elementor-gallery-item elementor-animated-content\" data-e-gallery-tags=\"2\" href=\"https:\/\/www.jgclassics.com\/wp-content\/uploads\/2023\/05\/20230515_182552-scaled.jpg\" data-elementor-open-lightbox=\"yes\" data-elementor-lightbox-slideshow=\"7aff85c\" data-elementor-lightbox-title=\"Moteur de l&#039;Opel Manta GTE\" data-elementor-lightbox-description=\"Opel Manta GTE Barcelona Maresme JG Classics. Disponible pour la location, les photos, les tournages, les s\u00e9quences.\" data-e-action-hash=\"#elementor-action%3Aaction%3Dlightbox%26settings%3DeyJpZCI6MTQ0MzcsInVybCI6Imh0dHBzOlwvXC93d3cuamdjbGFzc2ljcy5jb21cL3dwLWNvbnRlbnRcL3VwbG9hZHNcLzIwMjNcLzA1XC8yMDIzMDUxNV8xODI1NTItc2NhbGVkLmpwZyIsInNsaWRlc2hvdyI6IjdhZmY4NWMifQ%3D%3D\">\n\t\t\t\t\t<div class=\"e-gallery-image elementor-gallery-item__image\" data-thumbnail=\"https:\/\/www.jgclassics.com\/wp-content\/uploads\/2023\/05\/20230515_182552-169x300.jpg\" data-width=\"169\" data-height=\"300\" aria-label=\"Opel Manta GTE. Disponible pour la location, les photos, les tournages, les s\u00e9quences.\" role=\"img\" ><\/div>\n\t\t\t\t\t\t\t\t\t\t\t<div class=\"elementor-gallery-item__overlay\"><\/div>\n\t\t\t\t\t\t\t\t\t\t\t\t\t\t<\/a>\n\t\t\t\t\t\t\t<a class=\"e-gallery-item elementor-gallery-item elementor-animated-content\" data-e-gallery-tags=\"2\" href=\"https:\/\/www.jgclassics.com\/wp-content\/uploads\/2023\/05\/20230515_182615-scaled.jpg\" data-elementor-open-lightbox=\"yes\" data-elementor-lightbox-slideshow=\"7aff85c\" data-elementor-lightbox-title=\"Moteur de l&#039;Opel Manta GTE\" data-elementor-lightbox-description=\"Opel Manta GTE Barcelona Maresme JG Classics. Disponible pour la location, les photos, les tournages, les s\u00e9quences.\" data-e-action-hash=\"#elementor-action%3Aaction%3Dlightbox%26settings%3DeyJpZCI6MTQ0NDAsInVybCI6Imh0dHBzOlwvXC93d3cuamdjbGFzc2ljcy5jb21cL3dwLWNvbnRlbnRcL3VwbG9hZHNcLzIwMjNcLzA1XC8yMDIzMDUxNV8xODI2MTUtc2NhbGVkLmpwZyIsInNsaWRlc2hvdyI6IjdhZmY4NWMifQ%3D%3D\">\n\t\t\t\t\t<div class=\"e-gallery-image elementor-gallery-item__image\" data-thumbnail=\"https:\/\/www.jgclassics.com\/wp-content\/uploads\/2023\/05\/20230515_182615-300x169.jpg\" data-width=\"300\" data-height=\"169\" aria-label=\"Opel Manta GTE. Disponible pour la location, les photos, les tournages, les s\u00e9quences.\" role=\"img\" ><\/div>\n\t\t\t\t\t\t\t\t\t\t\t<div class=\"elementor-gallery-item__overlay\"><\/div>\n\t\t\t\t\t\t\t\t\t\t\t\t\t\t<\/a>\n\t\t\t\t\t\t\t<a class=\"e-gallery-item elementor-gallery-item elementor-animated-content\" data-e-gallery-tags=\"2\" href=\"https:\/\/www.jgclassics.com\/wp-content\/uploads\/2023\/05\/20230515_182259-scaled.jpg\" data-elementor-open-lightbox=\"yes\" data-elementor-lightbox-slideshow=\"7aff85c\" data-elementor-lightbox-title=\"Moteur de l&#039;Opel Manta GTE\" data-elementor-lightbox-description=\"Opel Manta GTE Barcelona Maresme JG Classics. Disponible pour la location, les photos, les tournages, les s\u00e9quences.\" data-e-action-hash=\"#elementor-action%3Aaction%3Dlightbox%26settings%3DeyJpZCI6MTQ0MDcsInVybCI6Imh0dHBzOlwvXC93d3cuamdjbGFzc2ljcy5jb21cL3dwLWNvbnRlbnRcL3VwbG9hZHNcLzIwMjNcLzA1XC8yMDIzMDUxNV8xODIyNTktc2NhbGVkLmpwZyIsInNsaWRlc2hvdyI6IjdhZmY4NWMifQ%3D%3D\">\n\t\t\t\t\t<div class=\"e-gallery-image elementor-gallery-item__image\" data-thumbnail=\"https:\/\/www.jgclassics.com\/wp-content\/uploads\/2023\/05\/20230515_182259-300x169.jpg\" data-width=\"300\" data-height=\"169\" aria-label=\"Opel Manta GTE. Disponible pour la location, les photos, les tournages, les s\u00e9quences.\" role=\"img\" ><\/div>\n\t\t\t\t\t\t\t\t\t\t\t<div class=\"elementor-gallery-item__overlay\"><\/div>\n\t\t\t\t\t\t\t\t\t\t\t\t\t\t<\/a>\n\t\t\t\t\t\t\t<a class=\"e-gallery-item elementor-gallery-item elementor-animated-content\" data-e-gallery-tags=\"2\" href=\"https:\/\/www.jgclassics.com\/wp-content\/uploads\/2023\/05\/20230515_182455-scaled.jpg\" data-elementor-open-lightbox=\"yes\" data-elementor-lightbox-slideshow=\"7aff85c\" data-elementor-lightbox-title=\"Moteur de l&#039;Opel Manta GTE\" data-elementor-lightbox-description=\"Opel Manta GTE Barcelona Maresme JG Classics. Disponible pour la location, les photos, les tournages, les s\u00e9quences.\" data-e-action-hash=\"#elementor-action%3Aaction%3Dlightbox%26settings%3DeyJpZCI6MTQ0MjUsInVybCI6Imh0dHBzOlwvXC93d3cuamdjbGFzc2ljcy5jb21cL3dwLWNvbnRlbnRcL3VwbG9hZHNcLzIwMjNcLzA1XC8yMDIzMDUxNV8xODI0NTUtc2NhbGVkLmpwZyIsInNsaWRlc2hvdyI6IjdhZmY4NWMifQ%3D%3D\">\n\t\t\t\t\t<div class=\"e-gallery-image elementor-gallery-item__image\" data-thumbnail=\"https:\/\/www.jgclassics.com\/wp-content\/uploads\/2023\/05\/20230515_182455-300x169.jpg\" data-width=\"300\" data-height=\"169\" aria-label=\"Opel Manta GTE. Disponible pour la location, les photos, les tournages, les s\u00e9quences.\" role=\"img\" ><\/div>\n\t\t\t\t\t\t\t\t\t\t\t<div class=\"elementor-gallery-item__overlay\"><\/div>\n\t\t\t\t\t\t\t\t\t\t\t\t\t\t<\/a>\n\t\t\t\t\t\t\t<a class=\"e-gallery-item elementor-gallery-item elementor-animated-content\" data-e-gallery-tags=\"2\" href=\"https:\/\/www.jgclassics.com\/wp-content\/uploads\/2023\/05\/20230515_182445-scaled.jpg\" data-elementor-open-lightbox=\"yes\" data-elementor-lightbox-slideshow=\"7aff85c\" data-elementor-lightbox-title=\"Moteur de l&#039;Opel Manta GTE\" data-elementor-lightbox-description=\"Opel Manta GTE Barcelona Maresme JG Classics. Disponible pour la location, les photos, les tournages, les s\u00e9quences.\" data-e-action-hash=\"#elementor-action%3Aaction%3Dlightbox%26settings%3DeyJpZCI6MTQ0MjIsInVybCI6Imh0dHBzOlwvXC93d3cuamdjbGFzc2ljcy5jb21cL3dwLWNvbnRlbnRcL3VwbG9hZHNcLzIwMjNcLzA1XC8yMDIzMDUxNV8xODI0NDUtc2NhbGVkLmpwZyIsInNsaWRlc2hvdyI6IjdhZmY4NWMifQ%3D%3D\">\n\t\t\t\t\t<div class=\"e-gallery-image elementor-gallery-item__image\" data-thumbnail=\"https:\/\/www.jgclassics.com\/wp-content\/uploads\/2023\/05\/20230515_182445-300x169.jpg\" data-width=\"300\" data-height=\"169\" aria-label=\"Opel Manta GTE. Disponible pour la location, les photos, les tournages, les s\u00e9quences.\" role=\"img\" ><\/div>\n\t\t\t\t\t\t\t\t\t\t\t<div class=\"elementor-gallery-item__overlay\"><\/div>\n\t\t\t\t\t\t\t\t\t\t\t\t\t\t<\/a>\n\t\t\t\t\t<\/div>\n\t\t\t\t\t<\/div>\n\t\t\t\t<\/div>\n\t\t\t\t\t<\/div>\n\t\t<\/div>\n\t\t\t\t\t<\/div>\n\t\t<\/section>\n\t\t\t\t<section data-particle_enable=\"false\" data-particle-mobile-disabled=\"false\" class=\"elementor-section elementor-top-section elementor-element elementor-element-cd3df45 elementor-section-boxed elementor-section-height-default elementor-section-height-default\" data-id=\"cd3df45\" data-element_type=\"section\" data-e-type=\"section\">\n\t\t\t\t\t\t<div class=\"elementor-container elementor-column-gap-default\">\n\t\t\t\t\t<div class=\"elementor-column elementor-col-100 elementor-top-column elementor-element elementor-element-4801b4a\" data-id=\"4801b4a\" data-element_type=\"column\" data-e-type=\"column\">\n\t\t\t<div class=\"elementor-widget-wrap elementor-element-populated\">\n\t\t\t\t\t\t<div class=\"elementor-element elementor-element-945fdf7 elementor-widget elementor-widget-image\" data-id=\"945fdf7\" data-element_type=\"widget\" data-e-type=\"widget\" data-widget_type=\"image.default\">\n\t\t\t\t<div class=\"elementor-widget-container\">\n\t\t\t\t\t\t\t\t\t\t\t\t\t\t\t<img loading=\"lazy\" decoding=\"async\" width=\"768\" height=\"432\" src=\"https:\/\/www.jgclassics.com\/wp-content\/uploads\/2023\/06\/Opel-manta-door_BW-768x432.jpg\" class=\"attachment-medium_large size-medium_large wp-image-14611\" alt=\"Opel Manta BW door\" srcset=\"https:\/\/www.jgclassics.com\/wp-content\/uploads\/2023\/06\/Opel-manta-door_BW-768x432.jpg 768w, https:\/\/www.jgclassics.com\/wp-content\/uploads\/2023\/06\/Opel-manta-door_BW-300x169.jpg 300w, https:\/\/www.jgclassics.com\/wp-content\/uploads\/2023\/06\/Opel-manta-door_BW-1024x576.jpg 1024w, https:\/\/www.jgclassics.com\/wp-content\/uploads\/2023\/06\/Opel-manta-door_BW-1536x864.jpg 1536w, https:\/\/www.jgclassics.com\/wp-content\/uploads\/2023\/06\/Opel-manta-door_BW-2048x1152.jpg 2048w\" sizes=\"(max-width: 768px) 100vw, 768px\" \/>\t\t\t\t\t\t\t\t\t\t\t\t\t\t\t<\/div>\n\t\t\t\t<\/div>\n\t\t\t\t\t<\/div>\n\t\t<\/div>\n\t\t\t\t\t<\/div>\n\t\t<\/section>\n\t\t\t\t<section data-particle_enable=\"false\" data-particle-mobile-disabled=\"false\" class=\"elementor-section elementor-top-section elementor-element elementor-element-e394857 elementor-section-boxed elementor-section-height-default elementor-section-height-default\" data-id=\"e394857\" data-element_type=\"section\" data-e-type=\"section\">\n\t\t\t\t\t\t<div class=\"elementor-container elementor-column-gap-default\">\n\t\t\t\t\t<div class=\"elementor-column elementor-col-100 elementor-top-column elementor-element elementor-element-f5bc8f2\" data-id=\"f5bc8f2\" data-element_type=\"column\" data-e-type=\"column\">\n\t\t\t<div class=\"elementor-widget-wrap elementor-element-populated\">\n\t\t\t\t\t\t<div class=\"elementor-element elementor-element-38e1f25 elementor-widget elementor-widget-heading\" data-id=\"38e1f25\" data-element_type=\"widget\" data-e-type=\"widget\" data-widget_type=\"heading.default\">\n\t\t\t\t<div class=\"elementor-widget-container\">\n\t\t\t\t\t<h2 class=\"elementor-heading-title elementor-size-default\">Opel Manta - Histoire<\/h2>\t\t\t\t<\/div>\n\t\t\t\t<\/div>\n\t\t\t\t\t<\/div>\n\t\t<\/div>\n\t\t\t\t\t<\/div>\n\t\t<\/section>\n\t\t\t\t<section data-particle_enable=\"false\" data-particle-mobile-disabled=\"false\" class=\"elementor-section elementor-top-section elementor-element elementor-element-96ca314 elementor-section-boxed elementor-section-height-default elementor-section-height-default\" data-id=\"96ca314\" data-element_type=\"section\" data-e-type=\"section\">\n\t\t\t\t\t\t<div class=\"elementor-container elementor-column-gap-default\">\n\t\t\t\t\t<div class=\"elementor-column elementor-col-50 elementor-top-column elementor-element elementor-element-1ffb0bc\" data-id=\"1ffb0bc\" data-element_type=\"column\" data-e-type=\"column\">\n\t\t\t<div class=\"elementor-widget-wrap elementor-element-populated\">\n\t\t\t\t\t\t<div class=\"elementor-element elementor-element-6fbb6a7 elementor-widget elementor-widget-text-editor\" data-id=\"6fbb6a7\" data-element_type=\"widget\" data-e-type=\"widget\" data-widget_type=\"text-editor.default\">\n\t\t\t\t<div class=\"elementor-widget-container\">\n\t\t\t\t\t\t\t\t\t<p>Mise \u00e0 jour mars 2025 : Nous avons pr\u00e9par\u00e9 un article sur l&#8217;<strong> histoire de l&#8217;Opel Manta<\/strong> d&#8217;un point de <strong>vue social et culturel<\/strong>. Si vous \u00eates un passionn\u00e9 du mod\u00e8le, vous l&#8217;appr\u00e9cierez. Nous vous encourageons \u00e0 le consulter en cliquant sur ce bouton :  <\/p>\n\t\t\t\t\t\t\t\t<\/div>\n\t\t\t\t<\/div>\n\t\t\t\t\t<\/div>\n\t\t<\/div>\n\t\t\t\t<div class=\"elementor-column elementor-col-50 elementor-top-column elementor-element elementor-element-f4d8ac3\" data-id=\"f4d8ac3\" data-element_type=\"column\" data-e-type=\"column\">\n\t\t\t<div class=\"elementor-widget-wrap elementor-element-populated\">\n\t\t\t\t\t\t<div class=\"elementor-element elementor-element-41dbbee premium-lq__none elementor-widget elementor-widget-premium-addon-button\" data-id=\"41dbbee\" data-element_type=\"widget\" data-e-type=\"widget\" data-widget_type=\"premium-addon-button.default\">\n\t\t\t\t<div class=\"elementor-widget-container\">\n\t\t\t\t\t\n\n\t\t<a class=\"premium-button premium-button-none premium-btn-lg premium-button-none\" href=\"https:\/\/www.jgclassics.com\/2025\/03\/10\/opel-manta-su-dura-carrera-hasta-coche-clasico\/\">\n\t\t\t<div class=\"premium-button-text-icon-wrapper\">\n\t\t\t\t\n\t\t\t\t\t\t\t\t\t<span >\n\t\t\t\t\t\tL'Opel Manta : un chemin sem\u00e9 d'emb\u00fbches vers le statut de classique\t\t\t\t\t<\/span>\n\t\t\t\t\t\t\t<\/div>\n\n\t\t\t\n\t\t\t\n\t\t\t\n\t\t<\/a>\n\n\n\t\t\t\t\t\t<\/div>\n\t\t\t\t<\/div>\n\t\t\t\t\t<\/div>\n\t\t<\/div>\n\t\t\t\t\t<\/div>\n\t\t<\/section>\n\t\t\t\t<section data-particle_enable=\"false\" data-particle-mobile-disabled=\"false\" class=\"elementor-section elementor-top-section elementor-element elementor-element-abad8bf elementor-section-boxed elementor-section-height-default elementor-section-height-default\" data-id=\"abad8bf\" data-element_type=\"section\" data-e-type=\"section\">\n\t\t\t\t\t\t<div class=\"elementor-container elementor-column-gap-default\">\n\t\t\t\t\t<div class=\"elementor-column elementor-col-100 elementor-top-column elementor-element elementor-element-77fb85c\" data-id=\"77fb85c\" data-element_type=\"column\" data-e-type=\"column\">\n\t\t\t<div class=\"elementor-widget-wrap elementor-element-populated\">\n\t\t\t\t\t\t<div class=\"elementor-element elementor-element-64c1697 elementor-widget__width-initial elementor-widget elementor-widget-text-editor\" data-id=\"64c1697\" data-element_type=\"widget\" data-e-type=\"widget\" data-widget_type=\"text-editor.default\">\n\t\t\t\t<div class=\"elementor-widget-container\">\n\t\t\t\t\t\t\t\t\t<p>L&#8217;Opel Manta a \u00e9t\u00e9 cr\u00e9\u00e9e en 1970, sur la base de l&#8217;Opel Ascona de l&#8217;\u00e9poque. Il y a eu deux g\u00e9n\u00e9rations d&#8217;Opel Manta, connues sous le nom d&#8217;Opel Manta A (1970-1975) et d&#8217;Opel Manta B (1975-1988), dans laquelle il y avait eu deux familles, l&#8217;Opel Manta B1 et l&#8217;Opel Manta B2.<\/p>\n\t\t\t\t\t\t\t\t<\/div>\n\t\t\t\t<\/div>\n\t\t\t\t\t<\/div>\n\t\t<\/div>\n\t\t\t\t\t<\/div>\n\t\t<\/section>\n\t\t\t\t<section data-particle_enable=\"false\" data-particle-mobile-disabled=\"false\" class=\"elementor-section elementor-top-section elementor-element elementor-element-49a0ff1 elementor-section-boxed elementor-section-height-default elementor-section-height-default\" data-id=\"49a0ff1\" data-element_type=\"section\" data-e-type=\"section\">\n\t\t\t\t\t\t<div class=\"elementor-container elementor-column-gap-default\">\n\t\t\t\t\t<div class=\"elementor-column elementor-col-100 elementor-top-column elementor-element elementor-element-20b1093\" data-id=\"20b1093\" data-element_type=\"column\" data-e-type=\"column\">\n\t\t\t<div class=\"elementor-widget-wrap elementor-element-populated\">\n\t\t\t\t\t\t<div class=\"elementor-element elementor-element-8a8219c elementor-widget__width-initial elementor-widget elementor-widget-text-editor\" data-id=\"8a8219c\" data-element_type=\"widget\" data-e-type=\"widget\" data-widget_type=\"text-editor.default\">\n\t\t\t\t<div class=\"elementor-widget-container\">\n\t\t\t\t\t\t\t\t\t<p>Tous les mod\u00e8les de toutes les generations, \u00e9taient \u00e0 moteur avant longitudinal et \u00e0 propulsion arri\u00e8re. Tout au long de son histoire, diff\u00e9rents moteurs ont \u00e9t\u00e9 utilis\u00e9s, allant, pour les mod\u00e8les de s\u00e9rie, de 1200CC \u00e0 carburateur \u00e0 2000CC \u00e0 injection \u00e9lectronique Bosch L-Jetronic. Tout au long de son existence, elle a \u00e9galement \u00e9t\u00e9 disponible avec une bo\u00eete de vitesses manuelle \u00e0 4 ou 5 rapports (selon la version) ou une bo\u00eete de vitesses automatique \u00e0 trois rapports.<\/p>\n\t\t\t\t\t\t\t\t<\/div>\n\t\t\t\t<\/div>\n\t\t\t\t\t<\/div>\n\t\t<\/div>\n\t\t\t\t\t<\/div>\n\t\t<\/section>\n\t\t\t\t<section data-particle_enable=\"false\" data-particle-mobile-disabled=\"false\" class=\"elementor-section elementor-top-section elementor-element elementor-element-0018be4 elementor-section-boxed elementor-section-height-default elementor-section-height-default\" data-id=\"0018be4\" data-element_type=\"section\" data-e-type=\"section\">\n\t\t\t\t\t\t<div class=\"elementor-container elementor-column-gap-default\">\n\t\t\t\t\t<div class=\"elementor-column elementor-col-50 elementor-top-column elementor-element elementor-element-aa751e8\" data-id=\"aa751e8\" data-element_type=\"column\" data-e-type=\"column\">\n\t\t\t<div class=\"elementor-widget-wrap elementor-element-populated\">\n\t\t\t\t\t\t<div class=\"elementor-element elementor-element-f5853c3 elementor-widget elementor-widget-image\" data-id=\"f5853c3\" data-element_type=\"widget\" data-e-type=\"widget\" data-widget_type=\"image.default\">\n\t\t\t\t<div class=\"elementor-widget-container\">\n\t\t\t\t\t\t\t\t\t\t\t\t<figure class=\"wp-caption\">\n\t\t\t\t\t\t\t\t\t\t\t<a href=\"https:\/\/www.jgclassics.com\/wp-content\/uploads\/2023\/06\/manta_a_002.webp\" data-elementor-open-lightbox=\"yes\" data-elementor-lightbox-title=\"Opel Manta A\" data-e-action-hash=\"#elementor-action%3Aaction%3Dlightbox%26settings%3DeyJpZCI6MTQ1NjAsInVybCI6Imh0dHBzOlwvXC93d3cuamdjbGFzc2ljcy5jb21cL3dwLWNvbnRlbnRcL3VwbG9hZHNcLzIwMjNcLzA2XC9tYW50YV9hXzAwMi53ZWJwIn0%3D\">\n\t\t\t\t\t\t\t<img loading=\"lazy\" decoding=\"async\" width=\"768\" height=\"469\" src=\"https:\/\/www.jgclassics.com\/wp-content\/uploads\/2023\/06\/manta_a_002-768x469.webp\" class=\"attachment-medium_large size-medium_large wp-image-14560\" alt=\"Opel Manta A\" srcset=\"https:\/\/www.jgclassics.com\/wp-content\/uploads\/2023\/06\/manta_a_002-768x469.webp 768w, https:\/\/www.jgclassics.com\/wp-content\/uploads\/2023\/06\/manta_a_002-300x183.webp 300w, https:\/\/www.jgclassics.com\/wp-content\/uploads\/2023\/06\/manta_a_002.webp 992w\" sizes=\"(max-width: 768px) 100vw, 768px\" \/>\t\t\t\t\t\t\t\t<\/a>\n\t\t\t\t\t\t\t\t\t\t\t<figcaption class=\"widget-image-caption wp-caption-text\">Opel Manta A<\/figcaption>\n\t\t\t\t\t\t\t\t\t\t<\/figure>\n\t\t\t\t\t\t\t\t\t<\/div>\n\t\t\t\t<\/div>\n\t\t\t\t\t<\/div>\n\t\t<\/div>\n\t\t\t\t<div class=\"elementor-column elementor-col-50 elementor-top-column elementor-element elementor-element-0238447\" data-id=\"0238447\" data-element_type=\"column\" data-e-type=\"column\">\n\t\t\t<div class=\"elementor-widget-wrap elementor-element-populated\">\n\t\t\t\t\t\t<div class=\"elementor-element elementor-element-f645b32 elementor-widget elementor-widget-image\" data-id=\"f645b32\" data-element_type=\"widget\" data-e-type=\"widget\" data-widget_type=\"image.default\">\n\t\t\t\t<div class=\"elementor-widget-container\">\n\t\t\t\t\t\t\t\t\t\t\t\t<figure class=\"wp-caption\">\n\t\t\t\t\t\t\t\t\t\t\t<a href=\"https:\/\/www.jgclassics.com\/wp-content\/uploads\/2023\/06\/Opel-Manta-B.jpg\" data-elementor-open-lightbox=\"yes\" data-elementor-lightbox-title=\"Opel-Manta-B\" data-e-action-hash=\"#elementor-action%3Aaction%3Dlightbox%26settings%3DeyJpZCI6MTQ0NTgsInVybCI6Imh0dHBzOlwvXC93d3cuamdjbGFzc2ljcy5jb21cL3dwLWNvbnRlbnRcL3VwbG9hZHNcLzIwMjNcLzA2XC9PcGVsLU1hbnRhLUIuanBnIn0%3D\">\n\t\t\t\t\t\t\t<img loading=\"lazy\" decoding=\"async\" width=\"768\" height=\"538\" src=\"https:\/\/www.jgclassics.com\/wp-content\/uploads\/2023\/06\/Opel-Manta-B-768x538.jpg\" class=\"attachment-medium_large size-medium_large wp-image-14458\" alt=\"Opel Manta B1\" srcset=\"https:\/\/www.jgclassics.com\/wp-content\/uploads\/2023\/06\/Opel-Manta-B-768x538.jpg 768w, https:\/\/www.jgclassics.com\/wp-content\/uploads\/2023\/06\/Opel-Manta-B-300x210.jpg 300w, https:\/\/www.jgclassics.com\/wp-content\/uploads\/2023\/06\/Opel-Manta-B.jpg 970w\" sizes=\"(max-width: 768px) 100vw, 768px\" \/>\t\t\t\t\t\t\t\t<\/a>\n\t\t\t\t\t\t\t\t\t\t\t<figcaption class=\"widget-image-caption wp-caption-text\">Opel Manta B1<\/figcaption>\n\t\t\t\t\t\t\t\t\t\t<\/figure>\n\t\t\t\t\t\t\t\t\t<\/div>\n\t\t\t\t<\/div>\n\t\t\t\t\t<\/div>\n\t\t<\/div>\n\t\t\t\t\t<\/div>\n\t\t<\/section>\n\t\t\t\t<section data-particle_enable=\"false\" data-particle-mobile-disabled=\"false\" class=\"elementor-section elementor-top-section elementor-element elementor-element-e46ce35 elementor-section-boxed elementor-section-height-default elementor-section-height-default\" data-id=\"e46ce35\" data-element_type=\"section\" data-e-type=\"section\">\n\t\t\t\t\t\t<div class=\"elementor-container elementor-column-gap-default\">\n\t\t\t\t\t<div class=\"elementor-column elementor-col-33 elementor-top-column elementor-element elementor-element-dd2481f\" data-id=\"dd2481f\" data-element_type=\"column\" data-e-type=\"column\">\n\t\t\t<div class=\"elementor-widget-wrap elementor-element-populated\">\n\t\t\t\t\t\t<div class=\"elementor-element elementor-element-b3de311 elementor-widget__width-initial elementor-widget elementor-widget-text-editor\" data-id=\"b3de311\" data-element_type=\"widget\" data-e-type=\"widget\" data-widget_type=\"text-editor.default\">\n\t\t\t\t<div class=\"elementor-widget-container\">\n\t\t\t\t\t\t\t\t\t<p>Le v\u00e9hicule, dans toutes ses versions, \u00e9tait un coup\u00e9 \u00e0 deux portes qui, bien qu&#8217;il ait \u00e9t\u00e9 homologu\u00e9 pour 5 places, \u00e9tait, d&#8217;un point de vue pratique, un 2+2 places. La seule variante de carrosserie \u00e9tait la version Manta B CC, l\u00e9g\u00e8rement plus longue et dot\u00e9e de cinc portes.<\/p>\n\t\t\t\t\t\t\t\t<\/div>\n\t\t\t\t<\/div>\n\t\t\t\t\t<\/div>\n\t\t<\/div>\n\t\t\t\t<div class=\"elementor-column elementor-col-33 elementor-top-column elementor-element elementor-element-d7a9d0b\" data-id=\"d7a9d0b\" data-element_type=\"column\" data-e-type=\"column\">\n\t\t\t<div class=\"elementor-widget-wrap elementor-element-populated\">\n\t\t\t\t\t\t<div class=\"elementor-element elementor-element-ee1c346 elementor-widget__width-initial elementor-widget elementor-widget-image\" data-id=\"ee1c346\" data-element_type=\"widget\" data-e-type=\"widget\" data-widget_type=\"image.default\">\n\t\t\t\t<div class=\"elementor-widget-container\">\n\t\t\t\t\t\t\t\t\t\t\t\t<figure class=\"wp-caption\">\n\t\t\t\t\t\t\t\t\t\t\t<a href=\"https:\/\/www.jgclassics.com\/wp-content\/uploads\/2023\/06\/1986-Manta-0809-scaled.jpg\" data-elementor-open-lightbox=\"yes\" data-elementor-lightbox-title=\"Opel Manta GT 1.8S\" data-e-action-hash=\"#elementor-action%3Aaction%3Dlightbox%26settings%3DeyJpZCI6MTQ1MzAsInVybCI6Imh0dHBzOlwvXC93d3cuamdjbGFzc2ljcy5jb21cL3dwLWNvbnRlbnRcL3VwbG9hZHNcLzIwMjNcLzA2XC8xOTg2LU1hbnRhLTA4MDktc2NhbGVkLmpwZyJ9\">\n\t\t\t\t\t\t\t<img loading=\"lazy\" decoding=\"async\" width=\"768\" height=\"538\" src=\"https:\/\/www.jgclassics.com\/wp-content\/uploads\/2023\/06\/1986-Manta-0809-768x538.jpg\" class=\"attachment-medium_large size-medium_large wp-image-14530\" alt=\"Opel Manta GT 1.8S\" srcset=\"https:\/\/www.jgclassics.com\/wp-content\/uploads\/2023\/06\/1986-Manta-0809-768x538.jpg 768w, https:\/\/www.jgclassics.com\/wp-content\/uploads\/2023\/06\/1986-Manta-0809-300x210.jpg 300w, https:\/\/www.jgclassics.com\/wp-content\/uploads\/2023\/06\/1986-Manta-0809-1024x717.jpg 1024w, https:\/\/www.jgclassics.com\/wp-content\/uploads\/2023\/06\/1986-Manta-0809-1536x1076.jpg 1536w, https:\/\/www.jgclassics.com\/wp-content\/uploads\/2023\/06\/1986-Manta-0809-2048x1434.jpg 2048w\" sizes=\"(max-width: 768px) 100vw, 768px\" \/>\t\t\t\t\t\t\t\t<\/a>\n\t\t\t\t\t\t\t\t\t\t\t<figcaption class=\"widget-image-caption wp-caption-text\">Opel Manta GT 1.8S<\/figcaption>\n\t\t\t\t\t\t\t\t\t\t<\/figure>\n\t\t\t\t\t\t\t\t\t<\/div>\n\t\t\t\t<\/div>\n\t\t\t\t\t<\/div>\n\t\t<\/div>\n\t\t\t\t<div class=\"elementor-column elementor-col-33 elementor-top-column elementor-element elementor-element-2597b65\" data-id=\"2597b65\" data-element_type=\"column\" data-e-type=\"column\">\n\t\t\t<div class=\"elementor-widget-wrap elementor-element-populated\">\n\t\t\t\t\t\t<div class=\"elementor-element elementor-element-3298045 elementor-widget__width-initial elementor-widget elementor-widget-image\" data-id=\"3298045\" data-element_type=\"widget\" data-e-type=\"widget\" data-widget_type=\"image.default\">\n\t\t\t\t<div class=\"elementor-widget-container\">\n\t\t\t\t\t\t\t\t\t\t\t\t<figure class=\"wp-caption\">\n\t\t\t\t\t\t\t\t\t\t<img loading=\"lazy\" decoding=\"async\" width=\"1024\" height=\"728\" src=\"https:\/\/www.jgclassics.com\/wp-content\/uploads\/2023\/06\/1984-Opel-Manta-0607-scaled.jpg\" class=\"attachment-large size-large wp-image-14500\" alt=\"Opel Manta CC 1984\" srcset=\"https:\/\/www.jgclassics.com\/wp-content\/uploads\/2023\/06\/1984-Opel-Manta-0607-scaled.jpg 2560w, https:\/\/www.jgclassics.com\/wp-content\/uploads\/2023\/06\/1984-Opel-Manta-0607-300x213.jpg 300w\" sizes=\"(max-width: 1024px) 100vw, 1024px\" \/>\t\t\t\t\t\t\t\t\t\t\t<figcaption class=\"widget-image-caption wp-caption-text\">Opel Manta CC 1984<\/figcaption>\n\t\t\t\t\t\t\t\t\t\t<\/figure>\n\t\t\t\t\t\t\t\t\t<\/div>\n\t\t\t\t<\/div>\n\t\t\t\t\t<\/div>\n\t\t<\/div>\n\t\t\t\t\t<\/div>\n\t\t<\/section>\n\t\t\t\t<section data-particle_enable=\"false\" data-particle-mobile-disabled=\"false\" class=\"elementor-section elementor-top-section elementor-element elementor-element-5702b68 elementor-section-boxed elementor-section-height-default elementor-section-height-default\" data-id=\"5702b68\" data-element_type=\"section\" data-e-type=\"section\">\n\t\t\t\t\t\t<div class=\"elementor-container elementor-column-gap-default\">\n\t\t\t\t\t<div class=\"elementor-column elementor-col-100 elementor-top-column elementor-element elementor-element-42d28ff\" data-id=\"42d28ff\" data-element_type=\"column\" data-e-type=\"column\">\n\t\t\t<div class=\"elementor-widget-wrap elementor-element-populated\">\n\t\t\t\t\t\t<div class=\"elementor-element elementor-element-2a5ae27 elementor-widget__width-initial elementor-widget elementor-widget-text-editor\" data-id=\"2a5ae27\" data-element_type=\"widget\" data-e-type=\"widget\" data-widget_type=\"text-editor.default\">\n\t\t\t\t<div class=\"elementor-widget-container\">\n\t\t\t\t\t\t\t\t\t<p>Bien que l&#8217;Opel Ascona, sur laquelle elle \u00e9tait bas\u00e9e, soit pass\u00e9e au moteur transversal et \u00e0 la traction avant avec l&#8217;<a href=\"https:\/\/www.google.com\/search?q=opel+ascona+c&amp;oq=opel+ascona+c&amp;gs_lcrp=EgZjaHJvbWUyBggAEEUYOTIHCAEQABiABDIHCAIQABiABDIHCAMQABiABDIICAQQABgWGB4yCAgFEAAYFhgeMggIBhAAGBYYHjIICAcQABgWGB4yCAgIEAAYFhgeMggICRAAGBYYHtIBCDQwMDBqMGo3qAIAsAIA&amp;sourceid=chrome&amp;ie=UTF-8\" target=\"_blank\" rel=\"noopener\">Ascona C<\/a>, la Manta a conserv\u00e9 jusqu&#8217;\u00e0 la fin son moteur longitudinal avant et sa traction arri\u00e8re d&#8217;origine (moteur CIH, &#8220;Cam in Head&#8221;, avec l&#8217;arbre \u00e0 cames du c\u00f4t\u00e9 des soupapes et les soupapes entra\u00een\u00e9es par des poussoirs et des culbuteurs sans tiges).<\/p>\n\t\t\t\t\t\t\t\t<\/div>\n\t\t\t\t<\/div>\n\t\t\t\t\t<\/div>\n\t\t<\/div>\n\t\t\t\t\t<\/div>\n\t\t<\/section>\n\t\t\t\t<section data-particle_enable=\"false\" data-particle-mobile-disabled=\"false\" class=\"elementor-section elementor-top-section elementor-element elementor-element-795c4bf elementor-section-boxed elementor-section-height-default elementor-section-height-default\" data-id=\"795c4bf\" data-element_type=\"section\" data-e-type=\"section\">\n\t\t\t\t\t\t<div class=\"elementor-container elementor-column-gap-default\">\n\t\t\t\t\t<div class=\"elementor-column elementor-col-100 elementor-top-column elementor-element elementor-element-7647883\" data-id=\"7647883\" data-element_type=\"column\" data-e-type=\"column\">\n\t\t\t<div class=\"elementor-widget-wrap elementor-element-populated\">\n\t\t\t\t\t\t<div class=\"elementor-element elementor-element-71387a2 elementor-widget elementor-widget-gallery\" data-id=\"71387a2\" data-element_type=\"widget\" data-e-type=\"widget\" data-settings=\"{&quot;columns&quot;:5,&quot;columns_mobile&quot;:2,&quot;lazyload&quot;:&quot;yes&quot;,&quot;gallery_layout&quot;:&quot;grid&quot;,&quot;columns_tablet&quot;:2,&quot;gap&quot;:{&quot;unit&quot;:&quot;px&quot;,&quot;size&quot;:10,&quot;sizes&quot;:[]},&quot;gap_tablet&quot;:{&quot;unit&quot;:&quot;px&quot;,&quot;size&quot;:10,&quot;sizes&quot;:[]},&quot;gap_mobile&quot;:{&quot;unit&quot;:&quot;px&quot;,&quot;size&quot;:10,&quot;sizes&quot;:[]},&quot;link_to&quot;:&quot;file&quot;,&quot;aspect_ratio&quot;:&quot;3:2&quot;,&quot;overlay_background&quot;:&quot;yes&quot;,&quot;content_hover_animation&quot;:&quot;fade-in&quot;}\" data-widget_type=\"gallery.default\">\n\t\t\t\t<div class=\"elementor-widget-container\">\n\t\t\t\t\t\t\t<div class=\"elementor-gallery__container\">\n\t\t\t\t\t\t\t<a class=\"e-gallery-item elementor-gallery-item elementor-animated-content\" href=\"https:\/\/www.jgclassics.com\/wp-content\/uploads\/2023\/06\/opel-Manta-A-frontal.jpg\" data-elementor-open-lightbox=\"yes\" data-elementor-lightbox-slideshow=\"71387a2\" data-elementor-lightbox-title=\"Opel Manta A avant\" data-e-action-hash=\"#elementor-action%3Aaction%3Dlightbox%26settings%3DeyJpZCI6MTQ2MjAsInVybCI6Imh0dHBzOlwvXC93d3cuamdjbGFzc2ljcy5jb21cL3dwLWNvbnRlbnRcL3VwbG9hZHNcLzIwMjNcLzA2XC9vcGVsLU1hbnRhLUEtZnJvbnRhbC5qcGciLCJzbGlkZXNob3ciOiI3MTM4N2EyIn0%3D\">\n\t\t\t\t\t<div class=\"e-gallery-image elementor-gallery-item__image\" data-thumbnail=\"https:\/\/www.jgclassics.com\/wp-content\/uploads\/2023\/06\/opel-Manta-A-frontal-300x196.jpg\" data-width=\"300\" data-height=\"196\" aria-label=\"Opel manta A avant\" role=\"img\" ><\/div>\n\t\t\t\t\t\t\t\t\t\t\t<div class=\"elementor-gallery-item__overlay\"><\/div>\n\t\t\t\t\t\t\t\t\t\t\t\t\t\t<\/a>\n\t\t\t\t\t\t\t<a class=\"e-gallery-item elementor-gallery-item elementor-animated-content\" href=\"https:\/\/www.jgclassics.com\/wp-content\/uploads\/2023\/06\/manta_a_002.jpg\" data-elementor-open-lightbox=\"yes\" data-elementor-lightbox-slideshow=\"71387a2\" data-elementor-lightbox-title=\"Opel manta A lateral\" data-e-action-hash=\"#elementor-action%3Aaction%3Dlightbox%26settings%3DeyJpZCI6MTQ1NTcsInVybCI6Imh0dHBzOlwvXC93d3cuamdjbGFzc2ljcy5jb21cL3dwLWNvbnRlbnRcL3VwbG9hZHNcLzIwMjNcLzA2XC9tYW50YV9hXzAwMi5qcGciLCJzbGlkZXNob3ciOiI3MTM4N2EyIn0%3D\">\n\t\t\t\t\t<div class=\"e-gallery-image elementor-gallery-item__image\" data-thumbnail=\"https:\/\/www.jgclassics.com\/wp-content\/uploads\/2023\/06\/manta_a_002-300x159.jpg\" data-width=\"300\" data-height=\"159\" aria-label=\"\" role=\"img\" ><\/div>\n\t\t\t\t\t\t\t\t\t\t\t<div class=\"elementor-gallery-item__overlay\"><\/div>\n\t\t\t\t\t\t\t\t\t\t\t\t\t\t<\/a>\n\t\t\t\t\t\t\t<a class=\"e-gallery-item elementor-gallery-item elementor-animated-content\" href=\"https:\/\/www.jgclassics.com\/wp-content\/uploads\/2023\/06\/manta_a_interior_001.jpg\" data-elementor-open-lightbox=\"yes\" data-elementor-lightbox-slideshow=\"71387a2\" data-elementor-lightbox-title=\"Opel manta A cuadro\" data-e-action-hash=\"#elementor-action%3Aaction%3Dlightbox%26settings%3DeyJpZCI6MTQ1NjksInVybCI6Imh0dHBzOlwvXC93d3cuamdjbGFzc2ljcy5jb21cL3dwLWNvbnRlbnRcL3VwbG9hZHNcLzIwMjNcLzA2XC9tYW50YV9hX2ludGVyaW9yXzAwMS5qcGciLCJzbGlkZXNob3ciOiI3MTM4N2EyIn0%3D\">\n\t\t\t\t\t<div class=\"e-gallery-image elementor-gallery-item__image\" data-thumbnail=\"https:\/\/www.jgclassics.com\/wp-content\/uploads\/2023\/06\/manta_a_interior_001-300x224.jpg\" data-width=\"300\" data-height=\"224\" aria-label=\"\" role=\"img\" ><\/div>\n\t\t\t\t\t\t\t\t\t\t\t<div class=\"elementor-gallery-item__overlay\"><\/div>\n\t\t\t\t\t\t\t\t\t\t\t\t\t\t<\/a>\n\t\t\t\t\t\t\t<a class=\"e-gallery-item elementor-gallery-item elementor-animated-content\" href=\"https:\/\/www.jgclassics.com\/wp-content\/uploads\/2023\/06\/mantaGSE_01.webp\" data-elementor-open-lightbox=\"yes\" data-elementor-lightbox-slideshow=\"71387a2\" data-elementor-lightbox-title=\"Opel manta A zaga\" data-elementor-lightbox-description=\"Opel manta A zaga\" data-e-action-hash=\"#elementor-action%3Aaction%3Dlightbox%26settings%3DeyJpZCI6MTQ1OTMsInVybCI6Imh0dHBzOlwvXC93d3cuamdjbGFzc2ljcy5jb21cL3dwLWNvbnRlbnRcL3VwbG9hZHNcLzIwMjNcLzA2XC9tYW50YUdTRV8wMS53ZWJwIiwic2xpZGVzaG93IjoiNzEzODdhMiJ9\">\n\t\t\t\t\t<div class=\"e-gallery-image elementor-gallery-item__image\" data-thumbnail=\"https:\/\/www.jgclassics.com\/wp-content\/uploads\/2023\/06\/mantaGSE_01-300x169.webp\" data-width=\"300\" data-height=\"169\" aria-label=\"\" role=\"img\" ><\/div>\n\t\t\t\t\t\t\t\t\t\t\t<div class=\"elementor-gallery-item__overlay\"><\/div>\n\t\t\t\t\t\t\t\t\t\t\t\t\t\t<\/a>\n\t\t\t\t\t\t\t<a class=\"e-gallery-item elementor-gallery-item elementor-animated-content\" href=\"https:\/\/www.jgclassics.com\/wp-content\/uploads\/2023\/06\/manta_a_interior_002.webp\" data-elementor-open-lightbox=\"yes\" data-elementor-lightbox-slideshow=\"71387a2\" data-elementor-lightbox-title=\"Opel manta A cuadro\" data-e-action-hash=\"#elementor-action%3Aaction%3Dlightbox%26settings%3DeyJpZCI6MTQ1NzIsInVybCI6Imh0dHBzOlwvXC93d3cuamdjbGFzc2ljcy5jb21cL3dwLWNvbnRlbnRcL3VwbG9hZHNcLzIwMjNcLzA2XC9tYW50YV9hX2ludGVyaW9yXzAwMi53ZWJwIiwic2xpZGVzaG93IjoiNzEzODdhMiJ9\">\n\t\t\t\t\t<div class=\"e-gallery-image elementor-gallery-item__image\" data-thumbnail=\"https:\/\/www.jgclassics.com\/wp-content\/uploads\/2023\/06\/manta_a_interior_002-300x225.webp\" data-width=\"300\" data-height=\"225\" aria-label=\"\" role=\"img\" ><\/div>\n\t\t\t\t\t\t\t\t\t\t\t<div class=\"elementor-gallery-item__overlay\"><\/div>\n\t\t\t\t\t\t\t\t\t\t\t\t\t\t<\/a>\n\t\t\t\t\t<\/div>\n\t\t\t\t\t<\/div>\n\t\t\t\t<\/div>\n\t\t\t\t\t<\/div>\n\t\t<\/div>\n\t\t\t\t\t<\/div>\n\t\t<\/section>\n\t\t\t\t<section data-particle_enable=\"false\" data-particle-mobile-disabled=\"false\" class=\"elementor-section elementor-top-section elementor-element elementor-element-a199e79 elementor-section-boxed elementor-section-height-default elementor-section-height-default\" data-id=\"a199e79\" data-element_type=\"section\" data-e-type=\"section\">\n\t\t\t\t\t\t<div class=\"elementor-container elementor-column-gap-default\">\n\t\t\t\t\t<div class=\"elementor-column elementor-col-100 elementor-top-column elementor-element elementor-element-8b9a8f3\" data-id=\"8b9a8f3\" data-element_type=\"column\" data-e-type=\"column\">\n\t\t\t<div class=\"elementor-widget-wrap elementor-element-populated\">\n\t\t\t\t\t\t<div class=\"elementor-element elementor-element-0a173e4 elementor-widget__width-initial elementor-widget elementor-widget-text-editor\" data-id=\"0a173e4\" data-element_type=\"widget\" data-e-type=\"widget\" data-widget_type=\"text-editor.default\">\n\t\t\t\t<div class=\"elementor-widget-container\">\n\t\t\t\t\t\t\t\t\t<p>La premi\u00e8re version de l&#8217;Opel Manta (Opel Manta A), con\u00e7ue pour concurrencer la Ford Capri, avec des phares arrondis et une forme de coup\u00e9 plus classique, a dur\u00e9 jusqu&#8217;en 1975, date \u00e0 laquelle elle a \u00e9t\u00e9 remplac\u00e9e par l&#8217;Opel Manta B, bas\u00e9e \u00e0 l&#8217;origine sur la <a href=\"https:\/\/en.wikipedia.org\/wiki\/Chevrolet_Monza#\/media\/File:75_monza_2+2.jpg\" target=\"_blank\" rel=\"noopener\">Chevrolet Monza<\/a>. Cette version &#8220;B&#8221; de l&#8217;Opel Manta subira une modification en 1982, avec l&#8217;ajout de pare-chocs\/spoilers en plastique sur la carrosserie, ainsi que d&#8217;un spoiler arri\u00e8re qui lui donnera un look plus moderne selon les standards de l&#8217;\u00e9poque, ainsi qu&#8217;une ligne plus agressive et\/ou sportive.<\/p>\n\t\t\t\t\t\t\t\t<\/div>\n\t\t\t\t<\/div>\n\t\t\t\t\t<\/div>\n\t\t<\/div>\n\t\t\t\t\t<\/div>\n\t\t<\/section>\n\t\t\t\t<section data-particle_enable=\"false\" data-particle-mobile-disabled=\"false\" class=\"elementor-section elementor-top-section elementor-element elementor-element-afccb6c elementor-section-boxed elementor-section-height-default elementor-section-height-default\" data-id=\"afccb6c\" data-element_type=\"section\" data-e-type=\"section\">\n\t\t\t\t\t\t<div class=\"elementor-container elementor-column-gap-default\">\n\t\t\t\t\t<div class=\"elementor-column elementor-col-100 elementor-top-column elementor-element elementor-element-8d009dc\" data-id=\"8d009dc\" data-element_type=\"column\" data-e-type=\"column\">\n\t\t\t<div class=\"elementor-widget-wrap elementor-element-populated\">\n\t\t\t\t\t\t<div class=\"elementor-element elementor-element-15dbf2d elementor-widget-divider--view-line_icon elementor-view-default elementor-widget-divider--element-align-center elementor-widget elementor-widget-divider\" data-id=\"15dbf2d\" data-element_type=\"widget\" data-e-type=\"widget\" data-widget_type=\"divider.default\">\n\t\t\t\t<div class=\"elementor-widget-container\">\n\t\t\t\t\t\t\t<div class=\"elementor-divider\">\n\t\t\t<span class=\"elementor-divider-separator\">\n\t\t\t\t\t\t\t<div class=\"elementor-icon elementor-divider__element\">\n\t\t\t\t\t<i aria-hidden=\"true\" class=\"fas fa-info-circle\"><\/i><\/div>\n\t\t\t\t\t\t<\/span>\n\t\t<\/div>\n\t\t\t\t\t\t<\/div>\n\t\t\t\t<\/div>\n\t\t\t\t<div class=\"elementor-element elementor-element-0c06f37 elementor-widget elementor-widget-heading\" data-id=\"0c06f37\" data-element_type=\"widget\" data-e-type=\"widget\" data-widget_type=\"heading.default\">\n\t\t\t\t<div class=\"elementor-widget-container\">\n\t\t\t\t\t<h2 class=\"elementor-heading-title elementor-size-default\">Opel Manta : coup\u00e9s industriels - De la voiture de sport \u00e0 la voiture classique en passant par une phase d'anachronisme.<\/h2>\t\t\t\t<\/div>\n\t\t\t\t<\/div>\n\t\t\t\t\t<\/div>\n\t\t<\/div>\n\t\t\t\t\t<\/div>\n\t\t<\/section>\n\t\t\t\t<section data-particle_enable=\"false\" data-particle-mobile-disabled=\"false\" class=\"elementor-section elementor-top-section elementor-element elementor-element-3d03ade elementor-section-boxed elementor-section-height-default elementor-section-height-default\" data-id=\"3d03ade\" data-element_type=\"section\" data-e-type=\"section\">\n\t\t\t\t\t\t<div class=\"elementor-container elementor-column-gap-default\">\n\t\t\t\t\t<div class=\"elementor-column elementor-col-100 elementor-top-column elementor-element elementor-element-59aa28f\" data-id=\"59aa28f\" data-element_type=\"column\" data-e-type=\"column\">\n\t\t\t<div class=\"elementor-widget-wrap elementor-element-populated\">\n\t\t\t\t\t\t<div class=\"elementor-element elementor-element-461d664 elementor-widget__width-initial elementor-widget elementor-widget-text-editor\" data-id=\"461d664\" data-element_type=\"widget\" data-e-type=\"widget\" data-widget_type=\"text-editor.default\">\n\t\t\t\t<div class=\"elementor-widget-container\">\n\t\t\t\t\t\t\t\t\t<p>L&#8217;Opel Manta appartient \u00e0 cette cat\u00e9gorie informellement connue sous le nom de &#8220;coup\u00e9s industriels&#8221; : ces v\u00e9hicules de marques g\u00e9n\u00e9ralistes qui, \u00e0 partir d&#8217;un ch\u00e2ssis de berline ou de compacte, sont transform\u00e9s par les constructeurs en un mod\u00e8le \u00e0 l&#8217;allure sportive et \u00e0 la carrosserie de coup\u00e9 (ou au moins \u00e0 deux portes), avec quelques am\u00e9liorations au niveau du moteur et de la m\u00e9canique en g\u00e9n\u00e9ral, mais avec des caract\u00e9ristiques modestes et un prix relativement abordable. De toute \u00e9vidence, il ne s&#8217;agissait pas de v\u00e9hicules capables de rivaliser &#8211; et ils n&#8217;avaient m\u00eame pas l&#8217;intention &#8211; avec les voitures de sport traditionnelles des grandes marques haut de gamme. Mais elles ont eu leur public et font partie de la m\u00e9moire de beaucoup de ceux qui avaient la vingtaine d&#8217;ann\u00e9es dans les 1980&#8217;s, comme la voiture que certains r\u00eavaient de poss\u00e9der. Dans le cas de l&#8217;Opel Manta, Opel l&#8217;a vendue comme un produit qui mettait l&#8217;accent sur la sportivit\u00e9 et des lignes frappantes &#8211; spectaculaires pour certains, excessives pour d&#8217;autres.  <\/p>\n\t\t\t\t\t\t\t\t<\/div>\n\t\t\t\t<\/div>\n\t\t\t\t\t<\/div>\n\t\t<\/div>\n\t\t\t\t\t<\/div>\n\t\t<\/section>\n\t\t\t\t<section data-particle_enable=\"false\" data-particle-mobile-disabled=\"false\" class=\"elementor-section elementor-top-section elementor-element elementor-element-d99a26e elementor-section-boxed elementor-section-height-default elementor-section-height-default\" data-id=\"d99a26e\" data-element_type=\"section\" data-e-type=\"section\">\n\t\t\t\t\t\t<div class=\"elementor-container elementor-column-gap-default\">\n\t\t\t\t\t<div class=\"elementor-column elementor-col-100 elementor-top-column elementor-element elementor-element-c40da00\" data-id=\"c40da00\" data-element_type=\"column\" data-e-type=\"column\">\n\t\t\t<div class=\"elementor-widget-wrap elementor-element-populated\">\n\t\t\t\t\t\t<div class=\"elementor-element elementor-element-eff0229 elementor-widget elementor-widget-gallery\" data-id=\"eff0229\" data-element_type=\"widget\" data-e-type=\"widget\" data-settings=\"{&quot;columns_mobile&quot;:2,&quot;lazyload&quot;:&quot;yes&quot;,&quot;gallery_layout&quot;:&quot;grid&quot;,&quot;columns&quot;:4,&quot;columns_tablet&quot;:2,&quot;gap&quot;:{&quot;unit&quot;:&quot;px&quot;,&quot;size&quot;:10,&quot;sizes&quot;:[]},&quot;gap_tablet&quot;:{&quot;unit&quot;:&quot;px&quot;,&quot;size&quot;:10,&quot;sizes&quot;:[]},&quot;gap_mobile&quot;:{&quot;unit&quot;:&quot;px&quot;,&quot;size&quot;:10,&quot;sizes&quot;:[]},&quot;link_to&quot;:&quot;file&quot;,&quot;aspect_ratio&quot;:&quot;3:2&quot;,&quot;overlay_background&quot;:&quot;yes&quot;,&quot;content_hover_animation&quot;:&quot;fade-in&quot;}\" data-widget_type=\"gallery.default\">\n\t\t\t\t<div class=\"elementor-widget-container\">\n\t\t\t\t\t\t\t<div class=\"elementor-gallery__container\">\n\t\t\t\t\t\t\t<a class=\"e-gallery-item elementor-gallery-item elementor-animated-content\" href=\"https:\/\/www.jgclassics.com\/wp-content\/uploads\/2023\/06\/Opel-Manta-Brochure-1979-DE-1.jpg\" data-elementor-open-lightbox=\"yes\" data-elementor-lightbox-slideshow=\"eff0229\" data-elementor-lightbox-title=\"Opel Manta Brochure 1979 DE (1)\" data-e-action-hash=\"#elementor-action%3Aaction%3Dlightbox%26settings%3DeyJpZCI6MTQ2MDUsInVybCI6Imh0dHBzOlwvXC93d3cuamdjbGFzc2ljcy5jb21cL3dwLWNvbnRlbnRcL3VwbG9hZHNcLzIwMjNcLzA2XC9PcGVsLU1hbnRhLUJyb2NodXJlLTE5NzktREUtMS5qcGciLCJzbGlkZXNob3ciOiJlZmYwMjI5In0%3D\">\n\t\t\t\t\t<div class=\"e-gallery-image elementor-gallery-item__image\" data-thumbnail=\"https:\/\/www.jgclassics.com\/wp-content\/uploads\/2023\/06\/Opel-Manta-Brochure-1979-DE-1-300x216.jpg\" data-width=\"300\" data-height=\"216\" aria-label=\"\" role=\"img\" ><\/div>\n\t\t\t\t\t\t\t\t\t\t\t<div class=\"elementor-gallery-item__overlay\"><\/div>\n\t\t\t\t\t\t\t\t\t\t\t\t\t\t<\/a>\n\t\t\t\t\t\t\t<a class=\"e-gallery-item elementor-gallery-item elementor-animated-content\" href=\"https:\/\/www.jgclassics.com\/wp-content\/uploads\/2023\/06\/opel-manta-400-publicid.jpg\" data-elementor-open-lightbox=\"yes\" data-elementor-lightbox-slideshow=\"eff0229\" data-elementor-lightbox-title=\"opel manta 400 publicid\" data-e-action-hash=\"#elementor-action%3Aaction%3Dlightbox%26settings%3DeyJpZCI6MTQ2MDIsInVybCI6Imh0dHBzOlwvXC93d3cuamdjbGFzc2ljcy5jb21cL3dwLWNvbnRlbnRcL3VwbG9hZHNcLzIwMjNcLzA2XC9vcGVsLW1hbnRhLTQwMC1wdWJsaWNpZC5qcGciLCJzbGlkZXNob3ciOiJlZmYwMjI5In0%3D\">\n\t\t\t\t\t<div class=\"e-gallery-image elementor-gallery-item__image\" data-thumbnail=\"https:\/\/www.jgclassics.com\/wp-content\/uploads\/2023\/06\/opel-manta-400-publicid-229x300.jpg\" data-width=\"229\" data-height=\"300\" aria-label=\"\" role=\"img\" ><\/div>\n\t\t\t\t\t\t\t\t\t\t\t<div class=\"elementor-gallery-item__overlay\"><\/div>\n\t\t\t\t\t\t\t\t\t\t\t\t\t\t<\/a>\n\t\t\t\t\t\t\t<a class=\"e-gallery-item elementor-gallery-item elementor-animated-content\" href=\"https:\/\/www.jgclassics.com\/wp-content\/uploads\/2023\/06\/1986-Manta-0405-scaled.jpg\" data-elementor-open-lightbox=\"yes\" data-elementor-lightbox-slideshow=\"eff0229\" data-elementor-lightbox-title=\"1986 Manta 0405\" data-e-action-hash=\"#elementor-action%3Aaction%3Dlightbox%26settings%3DeyJpZCI6MTQ1MjQsInVybCI6Imh0dHBzOlwvXC93d3cuamdjbGFzc2ljcy5jb21cL3dwLWNvbnRlbnRcL3VwbG9hZHNcLzIwMjNcLzA2XC8xOTg2LU1hbnRhLTA0MDUtc2NhbGVkLmpwZyIsInNsaWRlc2hvdyI6ImVmZjAyMjkifQ%3D%3D\">\n\t\t\t\t\t<div class=\"e-gallery-image elementor-gallery-item__image\" data-thumbnail=\"https:\/\/www.jgclassics.com\/wp-content\/uploads\/2023\/06\/1986-Manta-0405-300x210.jpg\" data-width=\"300\" data-height=\"210\" aria-label=\"\" role=\"img\" ><\/div>\n\t\t\t\t\t\t\t\t\t\t\t<div class=\"elementor-gallery-item__overlay\"><\/div>\n\t\t\t\t\t\t\t\t\t\t\t\t\t\t<\/a>\n\t\t\t\t\t\t\t<a class=\"e-gallery-item elementor-gallery-item elementor-animated-content\" href=\"https:\/\/www.jgclassics.com\/wp-content\/uploads\/2023\/06\/1986-Manta-0112-scaled.jpg\" data-elementor-open-lightbox=\"yes\" data-elementor-lightbox-slideshow=\"eff0229\" data-elementor-lightbox-title=\"1986 Manta 0112\" data-e-action-hash=\"#elementor-action%3Aaction%3Dlightbox%26settings%3DeyJpZCI6MTQ1MjEsInVybCI6Imh0dHBzOlwvXC93d3cuamdjbGFzc2ljcy5jb21cL3dwLWNvbnRlbnRcL3VwbG9hZHNcLzIwMjNcLzA2XC8xOTg2LU1hbnRhLTAxMTItc2NhbGVkLmpwZyIsInNsaWRlc2hvdyI6ImVmZjAyMjkifQ%3D%3D\">\n\t\t\t\t\t<div class=\"e-gallery-image elementor-gallery-item__image\" data-thumbnail=\"https:\/\/www.jgclassics.com\/wp-content\/uploads\/2023\/06\/1986-Manta-0112-300x210.jpg\" data-width=\"300\" data-height=\"210\" aria-label=\"\" role=\"img\" ><\/div>\n\t\t\t\t\t\t\t\t\t\t\t<div class=\"elementor-gallery-item__overlay\"><\/div>\n\t\t\t\t\t\t\t\t\t\t\t\t\t\t<\/a>\n\t\t\t\t\t\t\t<a class=\"e-gallery-item elementor-gallery-item elementor-animated-content\" href=\"https:\/\/www.jgclassics.com\/wp-content\/uploads\/2023\/06\/1984-Opel-Manta-2021-scaled.jpg\" data-elementor-open-lightbox=\"yes\" data-elementor-lightbox-slideshow=\"eff0229\" data-elementor-lightbox-title=\"1984 Opel Manta 2021\" data-e-action-hash=\"#elementor-action%3Aaction%3Dlightbox%26settings%3DeyJpZCI6MTQ1MTgsInVybCI6Imh0dHBzOlwvXC93d3cuamdjbGFzc2ljcy5jb21cL3dwLWNvbnRlbnRcL3VwbG9hZHNcLzIwMjNcLzA2XC8xOTg0LU9wZWwtTWFudGEtMjAyMS1zY2FsZWQuanBnIiwic2xpZGVzaG93IjoiZWZmMDIyOSJ9\">\n\t\t\t\t\t<div class=\"e-gallery-image elementor-gallery-item__image\" data-thumbnail=\"https:\/\/www.jgclassics.com\/wp-content\/uploads\/2023\/06\/1984-Opel-Manta-2021-300x213.jpg\" data-width=\"300\" data-height=\"213\" aria-label=\"\" role=\"img\" ><\/div>\n\t\t\t\t\t\t\t\t\t\t\t<div class=\"elementor-gallery-item__overlay\"><\/div>\n\t\t\t\t\t\t\t\t\t\t\t\t\t\t<\/a>\n\t\t\t\t\t\t\t<a class=\"e-gallery-item elementor-gallery-item elementor-animated-content\" href=\"https:\/\/www.jgclassics.com\/wp-content\/uploads\/2023\/06\/1984-Opel-Manta-1819-scaled.jpg\" data-elementor-open-lightbox=\"yes\" data-elementor-lightbox-slideshow=\"eff0229\" data-elementor-lightbox-title=\"1984 Opel Manta 1819\" data-e-action-hash=\"#elementor-action%3Aaction%3Dlightbox%26settings%3DeyJpZCI6MTQ1MTUsInVybCI6Imh0dHBzOlwvXC93d3cuamdjbGFzc2ljcy5jb21cL3dwLWNvbnRlbnRcL3VwbG9hZHNcLzIwMjNcLzA2XC8xOTg0LU9wZWwtTWFudGEtMTgxOS1zY2FsZWQuanBnIiwic2xpZGVzaG93IjoiZWZmMDIyOSJ9\">\n\t\t\t\t\t<div class=\"e-gallery-image elementor-gallery-item__image\" data-thumbnail=\"https:\/\/www.jgclassics.com\/wp-content\/uploads\/2023\/06\/1984-Opel-Manta-1819-300x214.jpg\" data-width=\"300\" data-height=\"214\" aria-label=\"\" role=\"img\" ><\/div>\n\t\t\t\t\t\t\t\t\t\t\t<div class=\"elementor-gallery-item__overlay\"><\/div>\n\t\t\t\t\t\t\t\t\t\t\t\t\t\t<\/a>\n\t\t\t\t\t\t\t<a class=\"e-gallery-item elementor-gallery-item elementor-animated-content\" href=\"https:\/\/www.jgclassics.com\/wp-content\/uploads\/2023\/06\/1986-Manta-0809-scaled.jpg\" data-elementor-open-lightbox=\"yes\" data-elementor-lightbox-slideshow=\"eff0229\" data-elementor-lightbox-title=\"Opel Manta GT 1.8S\" data-e-action-hash=\"#elementor-action%3Aaction%3Dlightbox%26settings%3DeyJpZCI6MTQ1MzAsInVybCI6Imh0dHBzOlwvXC93d3cuamdjbGFzc2ljcy5jb21cL3dwLWNvbnRlbnRcL3VwbG9hZHNcLzIwMjNcLzA2XC8xOTg2LU1hbnRhLTA4MDktc2NhbGVkLmpwZyIsInNsaWRlc2hvdyI6ImVmZjAyMjkifQ%3D%3D\">\n\t\t\t\t\t<div class=\"e-gallery-image elementor-gallery-item__image\" data-thumbnail=\"https:\/\/www.jgclassics.com\/wp-content\/uploads\/2023\/06\/1986-Manta-0809-300x210.jpg\" data-width=\"300\" data-height=\"210\" aria-label=\"Opel Manta GT 1.8S\" role=\"img\" ><\/div>\n\t\t\t\t\t\t\t\t\t\t\t<div class=\"elementor-gallery-item__overlay\"><\/div>\n\t\t\t\t\t\t\t\t\t\t\t\t\t\t<\/a>\n\t\t\t\t\t\t\t<a class=\"e-gallery-item elementor-gallery-item elementor-animated-content\" href=\"https:\/\/www.jgclassics.com\/wp-content\/uploads\/2023\/06\/1986-Manta-1011-scaled.jpg\" data-elementor-open-lightbox=\"yes\" data-elementor-lightbox-slideshow=\"eff0229\" data-elementor-lightbox-title=\"1986 Manta 1011\" data-e-action-hash=\"#elementor-action%3Aaction%3Dlightbox%26settings%3DeyJpZCI6MTQ1MzMsInVybCI6Imh0dHBzOlwvXC93d3cuamdjbGFzc2ljcy5jb21cL3dwLWNvbnRlbnRcL3VwbG9hZHNcLzIwMjNcLzA2XC8xOTg2LU1hbnRhLTEwMTEtc2NhbGVkLmpwZyIsInNsaWRlc2hvdyI6ImVmZjAyMjkifQ%3D%3D\">\n\t\t\t\t\t<div class=\"e-gallery-image elementor-gallery-item__image\" data-thumbnail=\"https:\/\/www.jgclassics.com\/wp-content\/uploads\/2023\/06\/1986-Manta-1011-300x210.jpg\" data-width=\"300\" data-height=\"210\" aria-label=\"\" role=\"img\" ><\/div>\n\t\t\t\t\t\t\t\t\t\t\t<div class=\"elementor-gallery-item__overlay\"><\/div>\n\t\t\t\t\t\t\t\t\t\t\t\t\t\t<\/a>\n\t\t\t\t\t<\/div>\n\t\t\t\t\t<\/div>\n\t\t\t\t<\/div>\n\t\t\t\t<div class=\"elementor-element elementor-element-3955256 elementor-widget__width-initial elementor-widget elementor-widget-text-editor\" data-id=\"3955256\" data-element_type=\"widget\" data-e-type=\"widget\" data-widget_type=\"text-editor.default\">\n\t\t\t\t<div class=\"elementor-widget-container\">\n\t\t\t\t\t\t\t\t\t<p>Ces coup\u00e9s industriels en particulier &#8211; et l&#8217;Opel Manta n&#8217;a pas fait exception &#8211; ont connu une phase apr\u00e8s leur apog\u00e9e o\u00f9 ils ont \u00e9t\u00e9 consid\u00e9r\u00e9s comme des antiquit\u00e9s d\u00e9pass\u00e9es et anachroniques plut\u00f4t que comme des classiques. Les Anglo-Saxons utilisent l&#8217;expression &#8220;crock or classic&#8221; pour d\u00e9signer cette dualit\u00e9. Au cours de cette p\u00e9riode, ils ont connu une p\u00e9riode de d\u00e9valuation et de nombreuses unit\u00e9s de l&#8217;\u00e9poque ont subi les transformations et les r\u00e9glages les plus &#8220;imaginatifs&#8221; de la part de certains de leurs propri\u00e9taires. Au fil du temps, ceux qui ont surv\u00e9cu ont acquis le statut de classiques \u00e0 part enti\u00e8re, probablement parce que le temps a fait que seules les unit\u00e9s en bon \u00e9tat ou restaur\u00e9es d&#8217;une mani\u00e8re \u00e9gale ou raisonnablement similaire \u00e0 leur \u00e9tat d&#8217;origine ont subsist\u00e9.<\/p>\n\t\t\t\t\t\t\t\t<\/div>\n\t\t\t\t<\/div>\n\t\t\t\t\t<\/div>\n\t\t<\/div>\n\t\t\t\t\t<\/div>\n\t\t<\/section>\n\t\t\t\t<section data-particle_enable=\"false\" data-particle-mobile-disabled=\"false\" class=\"elementor-section elementor-top-section elementor-element elementor-element-8eaf636 elementor-section-boxed elementor-section-height-default elementor-section-height-default\" data-id=\"8eaf636\" data-element_type=\"section\" data-e-type=\"section\">\n\t\t\t\t\t\t<div class=\"elementor-container elementor-column-gap-default\">\n\t\t\t\t\t<div class=\"elementor-column elementor-col-100 elementor-top-column elementor-element elementor-element-caa71be\" data-id=\"caa71be\" data-element_type=\"column\" data-e-type=\"column\">\n\t\t\t<div class=\"elementor-widget-wrap elementor-element-populated\">\n\t\t\t\t\t\t<div class=\"elementor-element elementor-element-7204546 elementor-widget-divider--view-line elementor-widget elementor-widget-divider\" data-id=\"7204546\" data-element_type=\"widget\" data-e-type=\"widget\" data-widget_type=\"divider.default\">\n\t\t\t\t<div class=\"elementor-widget-container\">\n\t\t\t\t\t\t\t<div class=\"elementor-divider\">\n\t\t\t<span class=\"elementor-divider-separator\">\n\t\t\t\t\t\t<\/span>\n\t\t<\/div>\n\t\t\t\t\t\t<\/div>\n\t\t\t\t<\/div>\n\t\t\t\t\t<\/div>\n\t\t<\/div>\n\t\t\t\t\t<\/div>\n\t\t<\/section>\n\t\t\t\t<section data-particle_enable=\"false\" data-particle-mobile-disabled=\"false\" class=\"elementor-section elementor-top-section elementor-element elementor-element-a7ff52f elementor-section-boxed elementor-section-height-default elementor-section-height-default\" data-id=\"a7ff52f\" data-element_type=\"section\" data-e-type=\"section\">\n\t\t\t\t\t\t<div class=\"elementor-container elementor-column-gap-default\">\n\t\t\t\t\t<div class=\"elementor-column elementor-col-100 elementor-top-column elementor-element elementor-element-a3cf8bc\" data-id=\"a3cf8bc\" data-element_type=\"column\" data-e-type=\"column\">\n\t\t\t<div class=\"elementor-widget-wrap elementor-element-populated\">\n\t\t\t\t\t\t<div class=\"elementor-element elementor-element-9641b32 elementor-widget__width-initial elementor-widget elementor-widget-text-editor\" data-id=\"9641b32\" data-element_type=\"widget\" data-e-type=\"widget\" data-widget_type=\"text-editor.default\">\n\t\t\t\t<div class=\"elementor-widget-container\">\n\t\t\t\t\t\t\t\t\t<p>En Espagne, les mod\u00e8les Opel Manta commercialis\u00e9s \u00e0 partir de 1982 \u00e9taient la Manta B GT\/E (injection L-Jetronic, 110 ch) et plus tard la GSI, qui avait la m\u00eame m\u00e9canique et les m\u00eames ext\u00e9rieurs que la GT\/E, en changeant des d\u00e9tails tels que la couleur de la sellerie, les vitres teint\u00e9es dans d&#8217;autres tons (vert au lieu de bronze) ou la typographie des caract\u00e8res sur les cadrans du tableau de bord.<\/p>\n\t\t\t\t\t\t\t\t<\/div>\n\t\t\t\t<\/div>\n\t\t\t\t<div class=\"elementor-element elementor-element-38794f8 elementor-widget elementor-widget-image\" data-id=\"38794f8\" data-element_type=\"widget\" data-e-type=\"widget\" data-widget_type=\"image.default\">\n\t\t\t\t<div class=\"elementor-widget-container\">\n\t\t\t\t\t\t\t\t\t\t\t\t\t\t\t<img loading=\"lazy\" decoding=\"async\" width=\"400\" height=\"289\" src=\"https:\/\/www.jgclassics.com\/wp-content\/uploads\/2023\/06\/MANTA_GTE_Publi.jpg\" class=\"attachment-large size-large wp-image-14614\" alt=\"Opel Manta GTE Publicit\u00e9 Espagne\" srcset=\"https:\/\/www.jgclassics.com\/wp-content\/uploads\/2023\/06\/MANTA_GTE_Publi.jpg 400w, https:\/\/www.jgclassics.com\/wp-content\/uploads\/2023\/06\/MANTA_GTE_Publi-300x217.jpg 300w\" sizes=\"(max-width: 400px) 100vw, 400px\" \/>\t\t\t\t\t\t\t\t\t\t\t\t\t\t\t<\/div>\n\t\t\t\t<\/div>\n\t\t\t\t\t<\/div>\n\t\t<\/div>\n\t\t\t\t\t<\/div>\n\t\t<\/section>\n\t\t\t\t<section data-particle_enable=\"false\" data-particle-mobile-disabled=\"false\" class=\"elementor-section elementor-top-section elementor-element elementor-element-baf29d8 elementor-section-boxed elementor-section-height-default elementor-section-height-default\" data-id=\"baf29d8\" data-element_type=\"section\" data-e-type=\"section\">\n\t\t\t\t\t\t<div class=\"elementor-container elementor-column-gap-default\">\n\t\t\t\t\t<div class=\"elementor-column elementor-col-50 elementor-top-column elementor-element elementor-element-ebb3703\" data-id=\"ebb3703\" data-element_type=\"column\" data-e-type=\"column\">\n\t\t\t<div class=\"elementor-widget-wrap elementor-element-populated\">\n\t\t\t\t\t\t<div class=\"elementor-element elementor-element-e0f9564 elementor-widget__width-initial elementor-widget elementor-widget-text-editor\" data-id=\"e0f9564\" data-element_type=\"widget\" data-e-type=\"widget\" data-widget_type=\"text-editor.default\">\n\t\t\t\t<div class=\"elementor-widget-container\">\n\t\t\t\t\t\t\t\t\t<p>Le mod\u00e8le haut de gamme qui pouvait \u00eatre achet\u00e9 &#8220;de s\u00e9rie&#8221; chez les concessionnaires \u00e9tait l&#8217;Opel Manta<strong> i200<\/strong>. Avec le m\u00eame moteur que l&#8217;Opel Manta GT\/E en termes de cylindr\u00e9e, il \u00e9tait l\u00e9g\u00e8rement plus puissant : 125 ch &#8211; au lieu des 110 ch de l&#8217;Opel Manta GT\/E &#8211; gr\u00e2ce \u00e0 une culasse abaiss\u00e9e et \u00e0 un arbre \u00e0 cames de conception diff\u00e9rente, bien que la conception du moteur obligeait \u00e0 le faire tourner \u00e0 haut r\u00e9gime pour tirer parti de ses performances. Le &#8220;i&#8221; dans le nom du mod\u00e8le correspond au nom de &#8220;Irsmsher&#8221;, une soci\u00e9t\u00e9 allemande de tuning automobile qui a une relation de long temps avec Opel GM. Environ 700 de ces i200 ont \u00e9t\u00e9 produits, ce qui en fait aujourd&#8217;hui un mod\u00e8le pas mal recherch\u00e9 par les amateurs.<\/p>\n\t\t\t\t\t\t\t\t<\/div>\n\t\t\t\t<\/div>\n\t\t\t\t\t<\/div>\n\t\t<\/div>\n\t\t\t\t<div class=\"elementor-column elementor-col-50 elementor-top-column elementor-element elementor-element-e67d1b8\" data-id=\"e67d1b8\" data-element_type=\"column\" data-e-type=\"column\">\n\t\t\t<div class=\"elementor-widget-wrap elementor-element-populated\">\n\t\t\t\t\t\t<div class=\"elementor-element elementor-element-5f1828e elementor-widget__width-initial elementor-widget elementor-widget-image\" data-id=\"5f1828e\" data-element_type=\"widget\" data-e-type=\"widget\" data-widget_type=\"image.default\">\n\t\t\t\t<div class=\"elementor-widget-container\">\n\t\t\t\t\t\t\t\t\t\t\t\t\t\t\t\t<a href=\"https:\/\/www.jgclassics.com\/wp-content\/uploads\/2023\/06\/Manta_i200_publicidad_Germany.jpg\" data-elementor-open-lightbox=\"yes\" data-elementor-lightbox-title=\"Manta_i200_publicit\u00e9_Allemagne\" data-e-action-hash=\"#elementor-action%3Aaction%3Dlightbox%26settings%3DeyJpZCI6MTQ2MTcsInVybCI6Imh0dHBzOlwvXC93d3cuamdjbGFzc2ljcy5jb21cL3dwLWNvbnRlbnRcL3VwbG9hZHNcLzIwMjNcLzA2XC9NYW50YV9pMjAwX3B1YmxpY2lkYWRfR2VybWFueS5qcGcifQ%3D%3D\">\n\t\t\t\t\t\t\t<img loading=\"lazy\" decoding=\"async\" width=\"978\" height=\"687\" src=\"https:\/\/www.jgclassics.com\/wp-content\/uploads\/2023\/06\/Manta_i200_publicidad_Germany.jpg\" class=\"attachment-large size-large wp-image-14617\" alt=\"Publicit\u00e9 pour l&#039;Opel manta i200\" srcset=\"https:\/\/www.jgclassics.com\/wp-content\/uploads\/2023\/06\/Manta_i200_publicidad_Germany.jpg 978w, https:\/\/www.jgclassics.com\/wp-content\/uploads\/2023\/06\/Manta_i200_publicidad_Germany-300x211.jpg 300w, https:\/\/www.jgclassics.com\/wp-content\/uploads\/2023\/06\/Manta_i200_publicidad_Germany-768x539.jpg 768w\" sizes=\"(max-width: 978px) 100vw, 978px\" \/>\t\t\t\t\t\t\t\t<\/a>\n\t\t\t\t\t\t\t\t\t\t\t\t\t\t\t<\/div>\n\t\t\t\t<\/div>\n\t\t\t\t\t<\/div>\n\t\t<\/div>\n\t\t\t\t\t<\/div>\n\t\t<\/section>\n\t\t\t\t<section data-particle_enable=\"false\" data-particle-mobile-disabled=\"false\" class=\"elementor-section elementor-top-section elementor-element elementor-element-71c0833 elementor-section-boxed elementor-section-height-default elementor-section-height-default\" data-id=\"71c0833\" data-element_type=\"section\" data-e-type=\"section\">\n\t\t\t\t\t\t<div class=\"elementor-container elementor-column-gap-default\">\n\t\t\t\t\t<div class=\"elementor-column elementor-col-100 elementor-top-column elementor-element elementor-element-3e70ad3\" data-id=\"3e70ad3\" data-element_type=\"column\" data-e-type=\"column\">\n\t\t\t<div class=\"elementor-widget-wrap elementor-element-populated\">\n\t\t\t\t\t\t<div class=\"elementor-element elementor-element-6b70864 elementor-widget-divider--view-line_icon elementor-view-default elementor-widget-divider--element-align-center elementor-widget elementor-widget-divider\" data-id=\"6b70864\" data-element_type=\"widget\" data-e-type=\"widget\" data-widget_type=\"divider.default\">\n\t\t\t\t<div class=\"elementor-widget-container\">\n\t\t\t\t\t\t\t<div class=\"elementor-divider\">\n\t\t\t<span class=\"elementor-divider-separator\">\n\t\t\t\t\t\t\t<div class=\"elementor-icon elementor-divider__element\">\n\t\t\t\t\t<i aria-hidden=\"true\" class=\"fas fa-info-circle\"><\/i><\/div>\n\t\t\t\t\t\t<\/span>\n\t\t<\/div>\n\t\t\t\t\t\t<\/div>\n\t\t\t\t<\/div>\n\t\t\t\t<div class=\"elementor-element elementor-element-45589e2 elementor-widget elementor-widget-heading\" data-id=\"45589e2\" data-element_type=\"widget\" data-e-type=\"widget\" data-widget_type=\"heading.default\">\n\t\t\t\t<div class=\"elementor-widget-container\">\n\t\t\t\t\t<h2 class=\"elementor-heading-title elementor-size-default\">Opel Manta : versions sp\u00e9ciales : TurboManta, i240, i300, i400<\/h2>\t\t\t\t<\/div>\n\t\t\t\t<\/div>\n\t\t\t\t\t<\/div>\n\t\t<\/div>\n\t\t\t\t\t<\/div>\n\t\t<\/section>\n\t\t\t\t<section data-particle_enable=\"false\" data-particle-mobile-disabled=\"false\" class=\"elementor-section elementor-top-section elementor-element elementor-element-159acbb elementor-section-boxed elementor-section-height-default elementor-section-height-default\" data-id=\"159acbb\" data-element_type=\"section\" data-e-type=\"section\">\n\t\t\t\t\t\t<div class=\"elementor-container elementor-column-gap-default\">\n\t\t\t\t\t<div class=\"elementor-column elementor-col-100 elementor-top-column elementor-element elementor-element-234061e\" data-id=\"234061e\" data-element_type=\"column\" data-e-type=\"column\">\n\t\t\t<div class=\"elementor-widget-wrap elementor-element-populated\">\n\t\t\t\t\t\t<div class=\"elementor-element elementor-element-8cccc77 elementor-widget__width-initial elementor-widget elementor-widget-text-editor\" data-id=\"8cccc77\" data-element_type=\"widget\" data-e-type=\"widget\" data-widget_type=\"text-editor.default\">\n\t\t\t\t<div class=\"elementor-widget-container\">\n\t\t\t\t\t\t\t\t\t<p><strong>Turbomanta : <\/strong>En <strong>1973<\/strong>, presque un prototype. Bas\u00e9 sur le moteur 1.9S (\u00e0 carburateur) de la Manta A. Seulement 33 unit\u00e9s ont \u00e9t\u00e9 construites par une soci\u00e9t\u00e9 appel\u00e9e <strong>Broadspeed<\/strong> pour le compte de General Motors, qui a am\u00e9lior\u00e9 la puissance du moteur d&#8217;origine de 90 ch \u00e0 156 ch (mais avec la p\u00e9nalit\u00e9 d&#8217;une consommation de carburant tr\u00e8s \u00e9lev\u00e9e).<\/p>\n\t\t\t\t\t\t\t\t<\/div>\n\t\t\t\t<\/div>\n\t\t\t\t\t<\/div>\n\t\t<\/div>\n\t\t\t\t\t<\/div>\n\t\t<\/section>\n\t\t\t\t<section data-particle_enable=\"false\" data-particle-mobile-disabled=\"false\" class=\"elementor-section elementor-top-section elementor-element elementor-element-cc15f2f elementor-section-boxed elementor-section-height-default elementor-section-height-default\" data-id=\"cc15f2f\" data-element_type=\"section\" data-e-type=\"section\">\n\t\t\t\t\t\t<div class=\"elementor-container elementor-column-gap-default\">\n\t\t\t\t\t<div class=\"elementor-column elementor-col-100 elementor-top-column elementor-element elementor-element-56e4141\" data-id=\"56e4141\" data-element_type=\"column\" data-e-type=\"column\">\n\t\t\t<div class=\"elementor-widget-wrap elementor-element-populated\">\n\t\t\t\t\t\t<div class=\"elementor-element elementor-element-d33bf49 elementor-widget__width-initial elementor-widget elementor-widget-text-editor\" data-id=\"d33bf49\" data-element_type=\"widget\" data-e-type=\"widget\" data-widget_type=\"text-editor.default\">\n\t\t\t\t<div class=\"elementor-widget-container\">\n\t\t\t\t\t\t\t\t\t<p><strong>Manta i240<\/strong>: bas\u00e9 sur le Manta B GT\/E entre 1984 et 1986. Moteur 2400CC, 134HP, vitesse maximale de 200Kms\/h. 300 unit\u00e9s produites. Aspect ext\u00e9rieur similaire \u00e0 la finition du Manta i400<\/p>\n\t\t\t\t\t\t\t\t<\/div>\n\t\t\t\t<\/div>\n\t\t\t\t\t<\/div>\n\t\t<\/div>\n\t\t\t\t\t<\/div>\n\t\t<\/section>\n\t\t\t\t<section data-particle_enable=\"false\" data-particle-mobile-disabled=\"false\" class=\"elementor-section elementor-top-section elementor-element elementor-element-0dcf7d4 elementor-section-boxed elementor-section-height-default elementor-section-height-default\" data-id=\"0dcf7d4\" data-element_type=\"section\" data-e-type=\"section\">\n\t\t\t\t\t\t<div class=\"elementor-container elementor-column-gap-default\">\n\t\t\t\t\t<div class=\"elementor-column elementor-col-100 elementor-top-column elementor-element elementor-element-96c9edc\" data-id=\"96c9edc\" data-element_type=\"column\" data-e-type=\"column\">\n\t\t\t<div class=\"elementor-widget-wrap elementor-element-populated\">\n\t\t\t\t\t\t<div class=\"elementor-element elementor-element-4b9b4ba elementor-widget__width-initial elementor-widget elementor-widget-text-editor\" data-id=\"4b9b4ba\" data-element_type=\"widget\" data-e-type=\"widget\" data-widget_type=\"text-editor.default\">\n\t\t\t\t<div class=\"elementor-widget-container\">\n\t\t\t\t\t\t\t\t\t<p><strong>Manta i300<\/strong>: Pr\u00e9par\u00e9 par Irmscher. Moteur 6 cylindres 3000CC longitudinal, identique \u00e0 celui de l&#8217;Opel Monza ou de l&#8217;Opel Senator. 174 ch, vitesse maximale de 225 km\/h.<\/p>\n\t\t\t\t\t\t\t\t<\/div>\n\t\t\t\t<\/div>\n\t\t\t\t\t<\/div>\n\t\t<\/div>\n\t\t\t\t\t<\/div>\n\t\t<\/section>\n\t\t\t\t<section data-particle_enable=\"false\" data-particle-mobile-disabled=\"false\" class=\"elementor-section elementor-top-section elementor-element elementor-element-7c31c3b elementor-section-boxed elementor-section-height-default elementor-section-height-default\" data-id=\"7c31c3b\" data-element_type=\"section\" data-e-type=\"section\">\n\t\t\t\t\t\t<div class=\"elementor-container elementor-column-gap-default\">\n\t\t\t\t\t<div class=\"elementor-column elementor-col-100 elementor-top-column elementor-element elementor-element-1cd0941\" data-id=\"1cd0941\" data-element_type=\"column\" data-e-type=\"column\">\n\t\t\t<div class=\"elementor-widget-wrap elementor-element-populated\">\n\t\t\t\t\t\t<div class=\"elementor-element elementor-element-b294d3a elementor-widget__width-initial elementor-widget elementor-widget-text-editor\" data-id=\"b294d3a\" data-element_type=\"widget\" data-e-type=\"widget\" data-widget_type=\"text-editor.default\">\n\t\t\t\t<div class=\"elementor-widget-container\">\n\t\t\t\t\t\t\t\t\t<p><strong>Manta i400<\/strong>: Con\u00e7u \u00e0 l&#8217;origine comme une version exclusive du Manta GT\/E. Le Manta i400 a en fait connu deux phases :<\/p>\n<ul>\n<li> <strong> La premi\u00e8re phase de<\/strong> la i400, dans laquelle le moteur d\u00e9veloppait 143 ch, \u00e9tait \u00e9quip\u00e9e du syst\u00e8me LE Jetronic de Bosch (puissance et allumage contr\u00f4l\u00e9s par l&#8217;unit\u00e9 de contr\u00f4le \u00e9lectronique), de jantes Ronal de 7&#215;15 pouces, d&#8217;une sellerie et d&#8217;un volant aux finitions similaires \u00e0 celles de la i200 et d&#8217;une carrosserie aux finitions similaires \u00e0 celles de la i200 (et m\u00eame plus sobres que la i200).<\/li>\n<li>La deuxi\u00e8me <strong>phase<\/strong> a \u00e9t\u00e9 une phase 2, au cours de laquelle, pour l&#8217;amener \u00e0 la comp\u00e9tition, d&#8217;importantes modifications ont \u00e9t\u00e9 apport\u00e9es \u00e0 la carrosserie (panneaux en Kevlar et en fibre de carbone, ainsi que les ailerons et les pare-chocs caract\u00e9ristiques de l&#8217;i400), aux roues (roues Ronal 8&#215;15&#8243; \u00e0 l&#8217;avant et 10&#215;15&#8243; \u00e0 l&#8217;arri\u00e8re), et surtout \u00e0 la m\u00e9canique, avec un moteur \u00e0 4 cylindres pr\u00e9par\u00e9 par Cossworth. Ce moteur \u00e9tait un 4 cylindres \u00e0 carburateurs, d\u00e9veloppant \u00e0 l&#8217;origine 230 ch, mais des pr\u00e9parations ont permis d&#8217;atteindre 270 ch, 300 ch et m\u00eame 340 ch. La Manta i400 a \u00e9t\u00e9 produite \u00e0 245 exemplaires (il en fallait au moins 200 pour l&#8217;homologuer en <a href=\"https:\/\/es.wikipedia.org\/wiki\/Grupo_B\" target=\"_blank\" rel=\"noopener\">Groupe B).<\/a> En 1984, Carlos Sainz a m\u00eame particip\u00e9 \u00e0 la Rallie de Catalogne, bien que la Manta i400 soit arriv\u00e9e trop tard et qu&#8217;elle soit rapidement devenue obsol\u00e8te en comp\u00e9tition en raison de l&#8217;arriv\u00e9e des turbos et des 4&#215;4. Quoi qu&#8217;il en soit, l&#8217;exclusion du groupe B les a tous \u00e9cart\u00e9s de la comp\u00e9tition.<\/li>\n<\/ul>\n\t\t\t\t\t\t\t\t<\/div>\n\t\t\t\t<\/div>\n\t\t\t\t\t<\/div>\n\t\t<\/div>\n\t\t\t\t\t<\/div>\n\t\t<\/section>\n\t\t\t\t<section data-particle_enable=\"false\" data-particle-mobile-disabled=\"false\" class=\"elementor-section elementor-top-section elementor-element elementor-element-2db5df9 elementor-section-boxed elementor-section-height-default elementor-section-height-default\" data-id=\"2db5df9\" data-element_type=\"section\" data-e-type=\"section\">\n\t\t\t\t\t\t<div class=\"elementor-container elementor-column-gap-default\">\n\t\t\t\t\t<div class=\"elementor-column elementor-col-100 elementor-top-column elementor-element elementor-element-071ed96\" data-id=\"071ed96\" data-element_type=\"column\" data-e-type=\"column\">\n\t\t\t<div class=\"elementor-widget-wrap elementor-element-populated\">\n\t\t\t\t\t\t<div class=\"elementor-element elementor-element-d0b48c8 elementor-widget elementor-widget-gallery\" data-id=\"d0b48c8\" data-element_type=\"widget\" data-e-type=\"widget\" data-settings=\"{&quot;columns&quot;:5,&quot;columns_mobile&quot;:2,&quot;lazyload&quot;:&quot;yes&quot;,&quot;gallery_layout&quot;:&quot;grid&quot;,&quot;columns_tablet&quot;:2,&quot;gap&quot;:{&quot;unit&quot;:&quot;px&quot;,&quot;size&quot;:10,&quot;sizes&quot;:[]},&quot;gap_tablet&quot;:{&quot;unit&quot;:&quot;px&quot;,&quot;size&quot;:10,&quot;sizes&quot;:[]},&quot;gap_mobile&quot;:{&quot;unit&quot;:&quot;px&quot;,&quot;size&quot;:10,&quot;sizes&quot;:[]},&quot;link_to&quot;:&quot;file&quot;,&quot;aspect_ratio&quot;:&quot;3:2&quot;,&quot;overlay_background&quot;:&quot;yes&quot;,&quot;content_hover_animation&quot;:&quot;fade-in&quot;}\" data-widget_type=\"gallery.default\">\n\t\t\t\t<div class=\"elementor-widget-container\">\n\t\t\t\t\t\t\t<div class=\"elementor-gallery__container\">\n\t\t\t\t\t\t\t<a class=\"e-gallery-item elementor-gallery-item elementor-animated-content\" href=\"https:\/\/www.jgclassics.com\/wp-content\/uploads\/2023\/06\/manta_i300.jpg\" data-elementor-open-lightbox=\"yes\" data-elementor-lightbox-slideshow=\"d0b48c8\" data-elementor-lightbox-title=\"Manta i300\" data-e-action-hash=\"#elementor-action%3Aaction%3Dlightbox%26settings%3DeyJpZCI6MTQ1ODEsInVybCI6Imh0dHBzOlwvXC93d3cuamdjbGFzc2ljcy5jb21cL3dwLWNvbnRlbnRcL3VwbG9hZHNcLzIwMjNcLzA2XC9tYW50YV9pMzAwLmpwZyIsInNsaWRlc2hvdyI6ImQwYjQ4YzgifQ%3D%3D\">\n\t\t\t\t\t<div class=\"e-gallery-image elementor-gallery-item__image\" data-thumbnail=\"https:\/\/www.jgclassics.com\/wp-content\/uploads\/2023\/06\/manta_i300-226x300.jpg\" data-width=\"226\" data-height=\"300\" aria-label=\"Manta i300\" role=\"img\" ><\/div>\n\t\t\t\t\t\t\t\t\t\t\t<div class=\"elementor-gallery-item__overlay\"><\/div>\n\t\t\t\t\t\t\t\t\t\t\t\t\t\t<\/a>\n\t\t\t\t\t\t\t<a class=\"e-gallery-item elementor-gallery-item elementor-animated-content\" href=\"https:\/\/www.jgclassics.com\/wp-content\/uploads\/2023\/06\/manta-400.webp\" data-elementor-open-lightbox=\"yes\" data-elementor-lightbox-slideshow=\"d0b48c8\" data-elementor-lightbox-title=\"Opel Manta 400 fase 1\" data-e-action-hash=\"#elementor-action%3Aaction%3Dlightbox%26settings%3DeyJpZCI6MTQ1NDUsInVybCI6Imh0dHBzOlwvXC93d3cuamdjbGFzc2ljcy5jb21cL3dwLWNvbnRlbnRcL3VwbG9hZHNcLzIwMjNcLzA2XC9tYW50YS00MDAud2VicCIsInNsaWRlc2hvdyI6ImQwYjQ4YzgifQ%3D%3D\">\n\t\t\t\t\t<div class=\"e-gallery-image elementor-gallery-item__image\" data-thumbnail=\"https:\/\/www.jgclassics.com\/wp-content\/uploads\/2023\/06\/manta-400-300x183.webp\" data-width=\"300\" data-height=\"183\" aria-label=\"\" role=\"img\" ><\/div>\n\t\t\t\t\t\t\t\t\t\t\t<div class=\"elementor-gallery-item__overlay\"><\/div>\n\t\t\t\t\t\t\t\t\t\t\t\t\t\t<\/a>\n\t\t\t\t\t\t\t<a class=\"e-gallery-item elementor-gallery-item elementor-animated-content\" href=\"https:\/\/www.jgclassics.com\/wp-content\/uploads\/2023\/06\/manta-400_2.webp\" data-elementor-open-lightbox=\"yes\" data-elementor-lightbox-slideshow=\"d0b48c8\" data-elementor-lightbox-title=\"Opel Manta 400 fase 2\" data-e-action-hash=\"#elementor-action%3Aaction%3Dlightbox%26settings%3DeyJpZCI6MTQ1NDgsInVybCI6Imh0dHBzOlwvXC93d3cuamdjbGFzc2ljcy5jb21cL3dwLWNvbnRlbnRcL3VwbG9hZHNcLzIwMjNcLzA2XC9tYW50YS00MDBfMi53ZWJwIiwic2xpZGVzaG93IjoiZDBiNDhjOCJ9\">\n\t\t\t\t\t<div class=\"e-gallery-image elementor-gallery-item__image\" data-thumbnail=\"https:\/\/www.jgclassics.com\/wp-content\/uploads\/2023\/06\/manta-400_2-300x200.webp\" data-width=\"300\" data-height=\"200\" aria-label=\"\" role=\"img\" ><\/div>\n\t\t\t\t\t\t\t\t\t\t\t<div class=\"elementor-gallery-item__overlay\"><\/div>\n\t\t\t\t\t\t\t\t\t\t\t\t\t\t<\/a>\n\t\t\t\t\t\t\t<a class=\"e-gallery-item elementor-gallery-item elementor-animated-content\" href=\"https:\/\/www.jgclassics.com\/wp-content\/uploads\/2023\/06\/manta_rothmans_GRB_esquematico.jpg\" data-elementor-open-lightbox=\"yes\" data-elementor-lightbox-slideshow=\"d0b48c8\" data-elementor-lightbox-title=\"Manta i400 Rothmans\" data-e-action-hash=\"#elementor-action%3Aaction%3Dlightbox%26settings%3DeyJpZCI6MTQ1ODQsInVybCI6Imh0dHBzOlwvXC93d3cuamdjbGFzc2ljcy5jb21cL3dwLWNvbnRlbnRcL3VwbG9hZHNcLzIwMjNcLzA2XC9tYW50YV9yb3RobWFuc19HUkJfZXNxdWVtYXRpY28uanBnIiwic2xpZGVzaG93IjoiZDBiNDhjOCJ9\">\n\t\t\t\t\t<div class=\"e-gallery-image elementor-gallery-item__image\" data-thumbnail=\"https:\/\/www.jgclassics.com\/wp-content\/uploads\/2023\/06\/manta_rothmans_GRB_esquematico-300x191.jpg\" data-width=\"300\" data-height=\"191\" aria-label=\"\" role=\"img\" ><\/div>\n\t\t\t\t\t\t\t\t\t\t\t<div class=\"elementor-gallery-item__overlay\"><\/div>\n\t\t\t\t\t\t\t\t\t\t\t\t\t\t<\/a>\n\t\t\t\t\t\t\t<a class=\"e-gallery-item elementor-gallery-item elementor-animated-content\" href=\"https:\/\/www.jgclassics.com\/wp-content\/uploads\/2023\/06\/823.jpg\" data-elementor-open-lightbox=\"yes\" data-elementor-lightbox-slideshow=\"d0b48c8\" data-elementor-lightbox-title=\"Opel Manta i400 grupo B\" data-e-action-hash=\"#elementor-action%3Aaction%3Dlightbox%26settings%3DeyJpZCI6MTQ0NzksInVybCI6Imh0dHBzOlwvXC93d3cuamdjbGFzc2ljcy5jb21cL3dwLWNvbnRlbnRcL3VwbG9hZHNcLzIwMjNcLzA2XC84MjMuanBnIiwic2xpZGVzaG93IjoiZDBiNDhjOCJ9\">\n\t\t\t\t\t<div class=\"e-gallery-image elementor-gallery-item__image\" data-thumbnail=\"https:\/\/www.jgclassics.com\/wp-content\/uploads\/2023\/06\/823-300x205.jpg\" data-width=\"300\" data-height=\"205\" aria-label=\"\" role=\"img\" ><\/div>\n\t\t\t\t\t\t\t\t\t\t\t<div class=\"elementor-gallery-item__overlay\"><\/div>\n\t\t\t\t\t\t\t\t\t\t\t\t\t\t<\/a>\n\t\t\t\t\t<\/div>\n\t\t\t\t\t<\/div>\n\t\t\t\t<\/div>\n\t\t\t\t\t<\/div>\n\t\t<\/div>\n\t\t\t\t\t<\/div>\n\t\t<\/section>\n\t\t\t\t<section data-particle_enable=\"false\" data-particle-mobile-disabled=\"false\" class=\"elementor-section elementor-top-section elementor-element elementor-element-4cbf3ef elementor-section-boxed elementor-section-height-default elementor-section-height-default\" data-id=\"4cbf3ef\" data-element_type=\"section\" data-e-type=\"section\">\n\t\t\t\t\t\t<div class=\"elementor-container elementor-column-gap-default\">\n\t\t\t\t\t<div class=\"elementor-column elementor-col-100 elementor-top-column elementor-element elementor-element-905ba5b\" data-id=\"905ba5b\" data-element_type=\"column\" data-e-type=\"column\">\n\t\t\t<div class=\"elementor-widget-wrap elementor-element-populated\">\n\t\t\t\t\t\t<div class=\"elementor-element elementor-element-1172c79 elementor-widget-divider--view-line elementor-widget elementor-widget-divider\" data-id=\"1172c79\" data-element_type=\"widget\" data-e-type=\"widget\" data-widget_type=\"divider.default\">\n\t\t\t\t<div class=\"elementor-widget-container\">\n\t\t\t\t\t\t\t<div class=\"elementor-divider\">\n\t\t\t<span class=\"elementor-divider-separator\">\n\t\t\t\t\t\t<\/span>\n\t\t<\/div>\n\t\t\t\t\t\t<\/div>\n\t\t\t\t<\/div>\n\t\t\t\t\t<\/div>\n\t\t<\/div>\n\t\t\t\t\t<\/div>\n\t\t<\/section>\n\t\t\t\t<section data-particle_enable=\"false\" data-particle-mobile-disabled=\"false\" class=\"elementor-section elementor-top-section elementor-element elementor-element-241e3ab elementor-section-boxed elementor-section-height-default elementor-section-height-default\" data-id=\"241e3ab\" data-element_type=\"section\" data-e-type=\"section\">\n\t\t\t\t\t\t<div class=\"elementor-container elementor-column-gap-default\">\n\t\t\t\t\t<div class=\"elementor-column elementor-col-100 elementor-top-column elementor-element elementor-element-2027b64\" data-id=\"2027b64\" data-element_type=\"column\" data-e-type=\"column\">\n\t\t\t<div class=\"elementor-widget-wrap elementor-element-populated\">\n\t\t\t\t\t\t<div class=\"elementor-element elementor-element-ff7f345 elementor-widget__width-initial elementor-widget elementor-widget-text-editor\" data-id=\"ff7f345\" data-element_type=\"widget\" data-e-type=\"widget\" data-widget_type=\"text-editor.default\">\n\t\t\t\t<div class=\"elementor-widget-container\">\n\t\t\t\t\t\t\t\t\t<p>La producion d&#8217;Opel Manta a \u00e9t\u00e9 finie en 1988 apr\u00e8s avoir \u00e9t\u00e9 vendue \u00e0 un peu plus d&#8217;un million d&#8217;exemplaires, dont environ la moiti\u00e9 \u00e9tait l&#8217;Opel Manta A et l&#8217;autre moiti\u00e9 l&#8217;Opel Manta B.<\/p>\n\t\t\t\t\t\t\t\t<\/div>\n\t\t\t\t<\/div>\n\t\t\t\t\t<\/div>\n\t\t<\/div>\n\t\t\t\t\t<\/div>\n\t\t<\/section>\n\t\t\t\t<section data-particle_enable=\"false\" data-particle-mobile-disabled=\"false\" class=\"elementor-section elementor-top-section elementor-element elementor-element-c5fc945 elementor-section-boxed elementor-section-height-default elementor-section-height-default\" data-id=\"c5fc945\" data-element_type=\"section\" data-e-type=\"section\">\n\t\t\t\t\t\t<div class=\"elementor-container elementor-column-gap-default\">\n\t\t\t\t\t<div class=\"elementor-column elementor-col-100 elementor-top-column elementor-element elementor-element-ca7bedc\" data-id=\"ca7bedc\" data-element_type=\"column\" data-e-type=\"column\">\n\t\t\t<div class=\"elementor-widget-wrap elementor-element-populated\">\n\t\t\t\t\t\t<div class=\"elementor-element elementor-element-a456ae1 elementor-widget elementor-widget-menu-anchor\" data-id=\"a456ae1\" data-element_type=\"widget\" data-e-type=\"widget\" data-widget_type=\"menu-anchor.default\">\n\t\t\t\t<div class=\"elementor-widget-container\">\n\t\t\t\t\t\t\t<div class=\"elementor-menu-anchor\" id=\"volantmoteur_opel_manta_i200\"><\/div>\n\t\t\t\t\t\t<\/div>\n\t\t\t\t<\/div>\n\t\t\t\t\t<\/div>\n\t\t<\/div>\n\t\t\t\t\t<\/div>\n\t\t<\/section>\n\t\t\t\t<section data-particle_enable=\"false\" data-particle-mobile-disabled=\"false\" class=\"elementor-section elementor-top-section elementor-element elementor-element-7c93973 elementor-section-boxed elementor-section-height-default elementor-section-height-default\" data-id=\"7c93973\" data-element_type=\"section\" data-e-type=\"section\">\n\t\t\t\t\t\t<div class=\"elementor-container elementor-column-gap-default\">\n\t\t\t\t\t<div class=\"elementor-column elementor-col-100 elementor-top-column elementor-element elementor-element-22853fb\" data-id=\"22853fb\" data-element_type=\"column\" data-e-type=\"column\">\n\t\t\t<div class=\"elementor-widget-wrap elementor-element-populated\">\n\t\t\t\t\t\t<div class=\"elementor-element elementor-element-8891a1a elementor-widget-divider--view-line_icon elementor-view-default elementor-widget-divider--element-align-center elementor-widget elementor-widget-divider\" data-id=\"8891a1a\" data-element_type=\"widget\" data-e-type=\"widget\" data-widget_type=\"divider.default\">\n\t\t\t\t<div class=\"elementor-widget-container\">\n\t\t\t\t\t\t\t<div class=\"elementor-divider\">\n\t\t\t<span class=\"elementor-divider-separator\">\n\t\t\t\t\t\t\t<div class=\"elementor-icon elementor-divider__element\">\n\t\t\t\t\t<i aria-hidden=\"true\" class=\"fas fa-info-circle\"><\/i><\/div>\n\t\t\t\t\t\t<\/span>\n\t\t<\/div>\n\t\t\t\t\t\t<\/div>\n\t\t\t\t<\/div>\n\t\t\t\t<div class=\"elementor-element elementor-element-a3b85c1 elementor-widget elementor-widget-heading\" data-id=\"a3b85c1\" data-element_type=\"widget\" data-e-type=\"widget\" data-widget_type=\"heading.default\">\n\t\t\t\t<div class=\"elementor-widget-container\">\n\t\t\t\t\t<h2 class=\"elementor-heading-title elementor-size-default\">Opel Manta : le volant de l'i200. Pas Irmscher ni Opel<\/h2>\t\t\t\t<\/div>\n\t\t\t\t<\/div>\n\t\t\t\t\t<\/div>\n\t\t<\/div>\n\t\t\t\t\t<\/div>\n\t\t<\/section>\n\t\t\t\t<section data-particle_enable=\"false\" data-particle-mobile-disabled=\"false\" class=\"elementor-section elementor-top-section elementor-element elementor-element-3f75167 elementor-section-boxed elementor-section-height-default elementor-section-height-default\" data-id=\"3f75167\" data-element_type=\"section\" data-e-type=\"section\">\n\t\t\t\t\t\t<div class=\"elementor-container elementor-column-gap-default\">\n\t\t\t\t\t<div class=\"elementor-column elementor-col-100 elementor-top-column elementor-element elementor-element-2def634\" data-id=\"2def634\" data-element_type=\"column\" data-e-type=\"column\">\n\t\t\t<div class=\"elementor-widget-wrap elementor-element-populated\">\n\t\t\t\t\t\t<div class=\"elementor-element elementor-element-cbe00a6 elementor-widget__width-initial elementor-widget elementor-widget-text-editor\" data-id=\"cbe00a6\" data-element_type=\"widget\" data-e-type=\"widget\" data-widget_type=\"text-editor.default\">\n\t\t\t\t<div class=\"elementor-widget-container\">\n\t\t\t\t\t\t\t\t\t<p>Le volant de l&#8217;Opel Manta i200 : Il ne s&#8217;agit pas d&#8217;un volant Opel ou Irmscher &#8211; si vous voulez en acheter un, cherchez-le sous <strong>&#8220;Italvolanti&#8221;<\/strong>.<\/p>\n<p><\/p>\n<p>L&#8217;une des pi\u00e8ces les plus populaires parmi les fans de l&#8217;Opel Manta est le volant de l&#8217;i200 (ou i400). Il s&#8217;agit d&#8217;un volant \u00e0 4 branches, recouvert de cuir et l\u00e9g\u00e8rement plus petit que celui de la Manta GT\/E. De nombreux fans aimeraient en avoir un. Ce volant ne provient pas d&#8217;Opel, m\u00eame s&#8217;il porte le logo Opel au milieu, mais a \u00e9t\u00e9 fabriqu\u00e9 par la soci\u00e9t\u00e9 italienne &#8220;ITALVOLANTI&#8221;. Si vous recherchez sur Internet les r\u00e9f\u00e9rences <strong>&#8220;ITALVOLANTI&#8221;<\/strong>, vous trouverez ce mod\u00e8le et d&#8217;autres mod\u00e8les similaires, et m\u00eame certains d&#8217;entre eux, avec exactement la m\u00eame adaptation de roue que le Manta i200. Voir ici (comme exemple) des volants a vendre -trouves au hasard (en juin 2023)- appartenant respectivement \u00e0 deux v\u00e9hicules Volkswagen et Mercedes.<\/p>\t\t\t\t\t\t\t\t<\/div>\n\t\t\t\t<\/div>\n\t\t\t\t\t<\/div>\n\t\t<\/div>\n\t\t\t\t\t<\/div>\n\t\t<\/section>\n\t\t\t\t<section data-particle_enable=\"false\" data-particle-mobile-disabled=\"false\" class=\"elementor-section elementor-top-section elementor-element elementor-element-111514f elementor-section-boxed elementor-section-height-default elementor-section-height-default\" data-id=\"111514f\" data-element_type=\"section\" data-e-type=\"section\">\n\t\t\t\t\t\t<div class=\"elementor-container elementor-column-gap-default\">\n\t\t\t\t\t<div class=\"elementor-column elementor-col-100 elementor-top-column elementor-element elementor-element-49632f8\" data-id=\"49632f8\" data-element_type=\"column\" data-e-type=\"column\">\n\t\t\t<div class=\"elementor-widget-wrap elementor-element-populated\">\n\t\t\t\t\t\t<div class=\"elementor-element elementor-element-3605d6d elementor-widget elementor-widget-gallery\" data-id=\"3605d6d\" data-element_type=\"widget\" data-e-type=\"widget\" data-settings=\"{&quot;columns&quot;:3,&quot;columns_mobile&quot;:3,&quot;lazyload&quot;:&quot;yes&quot;,&quot;gallery_layout&quot;:&quot;grid&quot;,&quot;columns_tablet&quot;:2,&quot;gap&quot;:{&quot;unit&quot;:&quot;px&quot;,&quot;size&quot;:10,&quot;sizes&quot;:[]},&quot;gap_tablet&quot;:{&quot;unit&quot;:&quot;px&quot;,&quot;size&quot;:10,&quot;sizes&quot;:[]},&quot;gap_mobile&quot;:{&quot;unit&quot;:&quot;px&quot;,&quot;size&quot;:10,&quot;sizes&quot;:[]},&quot;link_to&quot;:&quot;file&quot;,&quot;aspect_ratio&quot;:&quot;3:2&quot;,&quot;overlay_background&quot;:&quot;yes&quot;,&quot;content_hover_animation&quot;:&quot;fade-in&quot;}\" data-widget_type=\"gallery.default\">\n\t\t\t\t<div class=\"elementor-widget-container\">\n\t\t\t\t\t\t\t<div class=\"elementor-gallery__container\">\n\t\t\t\t\t\t\t<a class=\"e-gallery-item elementor-gallery-item elementor-animated-content\" href=\"https:\/\/www.jgclassics.com\/wp-content\/uploads\/2023\/06\/italvolanti_VW_02.jpg\" data-elementor-open-lightbox=\"yes\" data-elementor-lightbox-slideshow=\"3605d6d\" data-elementor-lightbox-title=\"Italvolanti VW. Similar Opel Manta i200\" data-e-action-hash=\"#elementor-action%3Aaction%3Dlightbox%26settings%3DeyJpZCI6MTQ1NDIsInVybCI6Imh0dHBzOlwvXC93d3cuamdjbGFzc2ljcy5jb21cL3dwLWNvbnRlbnRcL3VwbG9hZHNcLzIwMjNcLzA2XC9pdGFsdm9sYW50aV9WV18wMi5qcGciLCJzbGlkZXNob3ciOiIzNjA1ZDZkIn0%3D\">\n\t\t\t\t\t<div class=\"e-gallery-image elementor-gallery-item__image\" data-thumbnail=\"https:\/\/www.jgclassics.com\/wp-content\/uploads\/2023\/06\/italvolanti_VW_02-300x276.jpg\" data-width=\"300\" data-height=\"276\" aria-label=\"\" role=\"img\" ><\/div>\n\t\t\t\t\t\t\t\t\t\t\t<div class=\"elementor-gallery-item__overlay\"><\/div>\n\t\t\t\t\t\t\t\t\t\t\t\t\t\t<\/a>\n\t\t\t\t\t\t\t<a class=\"e-gallery-item elementor-gallery-item elementor-animated-content\" href=\"https:\/\/www.jgclassics.com\/wp-content\/uploads\/2023\/06\/italvolanti_VW.jpg\" data-elementor-open-lightbox=\"yes\" data-elementor-lightbox-slideshow=\"3605d6d\" data-elementor-lightbox-title=\"Italvolanti VW. Similar Opel Manta i200\" data-e-action-hash=\"#elementor-action%3Aaction%3Dlightbox%26settings%3DeyJpZCI6MTQ1MzksInVybCI6Imh0dHBzOlwvXC93d3cuamdjbGFzc2ljcy5jb21cL3dwLWNvbnRlbnRcL3VwbG9hZHNcLzIwMjNcLzA2XC9pdGFsdm9sYW50aV9WVy5qcGciLCJzbGlkZXNob3ciOiIzNjA1ZDZkIn0%3D\">\n\t\t\t\t\t<div class=\"e-gallery-image elementor-gallery-item__image\" data-thumbnail=\"https:\/\/www.jgclassics.com\/wp-content\/uploads\/2023\/06\/italvolanti_VW-300x272.jpg\" data-width=\"300\" data-height=\"272\" aria-label=\"\" role=\"img\" ><\/div>\n\t\t\t\t\t\t\t\t\t\t\t<div class=\"elementor-gallery-item__overlay\"><\/div>\n\t\t\t\t\t\t\t\t\t\t\t\t\t\t<\/a>\n\t\t\t\t\t\t\t<a class=\"e-gallery-item elementor-gallery-item elementor-animated-content\" href=\"https:\/\/www.jgclassics.com\/wp-content\/uploads\/2023\/06\/italvolanti_mercedes.jpg\" data-elementor-open-lightbox=\"yes\" data-elementor-lightbox-slideshow=\"3605d6d\" data-elementor-lightbox-title=\"Italvolanti Mercedes. Similar Opel Manta i200\" data-e-action-hash=\"#elementor-action%3Aaction%3Dlightbox%26settings%3DeyJpZCI6MTQ1MzYsInVybCI6Imh0dHBzOlwvXC93d3cuamdjbGFzc2ljcy5jb21cL3dwLWNvbnRlbnRcL3VwbG9hZHNcLzIwMjNcLzA2XC9pdGFsdm9sYW50aV9tZXJjZWRlcy5qcGciLCJzbGlkZXNob3ciOiIzNjA1ZDZkIn0%3D\">\n\t\t\t\t\t<div class=\"e-gallery-image elementor-gallery-item__image\" data-thumbnail=\"https:\/\/www.jgclassics.com\/wp-content\/uploads\/2023\/06\/italvolanti_mercedes-300x225.jpg\" data-width=\"300\" data-height=\"225\" aria-label=\"\" role=\"img\" ><\/div>\n\t\t\t\t\t\t\t\t\t\t\t<div class=\"elementor-gallery-item__overlay\"><\/div>\n\t\t\t\t\t\t\t\t\t\t\t\t\t\t<\/a>\n\t\t\t\t\t<\/div>\n\t\t\t\t\t<\/div>\n\t\t\t\t<\/div>\n\t\t\t\t<div class=\"elementor-element elementor-element-f9538b4 elementor-widget-divider--view-line elementor-widget elementor-widget-divider\" data-id=\"f9538b4\" data-element_type=\"widget\" data-e-type=\"widget\" data-widget_type=\"divider.default\">\n\t\t\t\t<div class=\"elementor-widget-container\">\n\t\t\t\t\t\t\t<div class=\"elementor-divider\">\n\t\t\t<span class=\"elementor-divider-separator\">\n\t\t\t\t\t\t<\/span>\n\t\t<\/div>\n\t\t\t\t\t\t<\/div>\n\t\t\t\t<\/div>\n\t\t\t\t\t<\/div>\n\t\t<\/div>\n\t\t\t\t\t<\/div>\n\t\t<\/section>\n\t\t\t\t<section data-particle_enable=\"false\" data-particle-mobile-disabled=\"false\" class=\"elementor-section elementor-top-section elementor-element elementor-element-1a1b55b elementor-section-boxed elementor-section-height-default elementor-section-height-default\" data-id=\"1a1b55b\" data-element_type=\"section\" data-e-type=\"section\">\n\t\t\t\t\t\t<div class=\"elementor-container elementor-column-gap-default\">\n\t\t\t\t\t<div class=\"elementor-column elementor-col-100 elementor-top-column elementor-element elementor-element-a50b820\" data-id=\"a50b820\" data-element_type=\"column\" data-e-type=\"column\">\n\t\t\t<div class=\"elementor-widget-wrap elementor-element-populated\">\n\t\t\t\t\t\t<div class=\"elementor-element elementor-element-c1b5a8f elementor-widget elementor-widget-heading\" data-id=\"c1b5a8f\" data-element_type=\"widget\" data-e-type=\"widget\" data-widget_type=\"heading.default\">\n\t\t\t\t<div class=\"elementor-widget-container\">\n\t\t\t\t\t<h2 class=\"elementor-heading-title elementor-size-default\">Opel Manta Electric : RestoMOD 2021<\/h2>\t\t\t\t<\/div>\n\t\t\t\t<\/div>\n\t\t\t\t\t<\/div>\n\t\t<\/div>\n\t\t\t\t\t<\/div>\n\t\t<\/section>\n\t\t\t\t<section data-particle_enable=\"false\" data-particle-mobile-disabled=\"false\" class=\"elementor-section elementor-top-section elementor-element elementor-element-cfc70ee elementor-section-boxed elementor-section-height-default elementor-section-height-default\" data-id=\"cfc70ee\" data-element_type=\"section\" data-e-type=\"section\">\n\t\t\t\t\t\t<div class=\"elementor-container elementor-column-gap-default\">\n\t\t\t\t\t<div class=\"elementor-column elementor-col-100 elementor-top-column elementor-element elementor-element-4c53a9a\" data-id=\"4c53a9a\" data-element_type=\"column\" data-e-type=\"column\">\n\t\t\t<div class=\"elementor-widget-wrap elementor-element-populated\">\n\t\t\t\t\t\t<div class=\"elementor-element elementor-element-4fe5719 elementor-widget__width-initial elementor-widget elementor-widget-text-editor\" data-id=\"4fe5719\" data-element_type=\"widget\" data-e-type=\"widget\" data-widget_type=\"text-editor.default\">\n\t\t\t\t<div class=\"elementor-widget-container\">\n\t\t\t\t\t\t\t\t\t<p>Il y a quelques ann\u00e9es, en 2021, Opel GM a pr\u00e9sent\u00e9 un &#8220;concept car&#8221; bas\u00e9 sur la carrosserie Manta A, appel\u00e9<strong>&#8220;Opel Manta GSE<\/strong>&#8221; \u00e0 propulsion \u00e9lectrique. Ce mod\u00e8le offre 147 ch, une traction arri\u00e8re, une bo\u00eete de vitesses &#8220;classique&#8221; comme celle des voitures \u00e0 combustion. La r\u00e9partition du poids a \u00e9t\u00e9 assur\u00e9e en installant le moteur \u00e0 l&#8217;avant et les batteries \u00e0 l&#8217;arri\u00e8re afin de maintenir une r\u00e9partition raisonnable du poids de 50-50%.<\/p>\n\t\t\t\t\t\t\t\t<\/div>\n\t\t\t\t<\/div>\n\t\t\t\t\t<\/div>\n\t\t<\/div>\n\t\t\t\t\t<\/div>\n\t\t<\/section>\n\t\t\t\t<section data-particle_enable=\"false\" data-particle-mobile-disabled=\"false\" class=\"elementor-section elementor-top-section elementor-element elementor-element-75a1ff5 elementor-section-boxed elementor-section-height-default elementor-section-height-default\" data-id=\"75a1ff5\" data-element_type=\"section\" data-e-type=\"section\">\n\t\t\t\t\t\t<div class=\"elementor-container elementor-column-gap-default\">\n\t\t\t\t\t<div class=\"elementor-column elementor-col-100 elementor-top-column elementor-element elementor-element-9f24336\" data-id=\"9f24336\" data-element_type=\"column\" data-e-type=\"column\">\n\t\t\t<div class=\"elementor-widget-wrap elementor-element-populated\">\n\t\t\t\t\t\t<div class=\"elementor-element elementor-element-329169b elementor-widget__width-initial elementor-widget elementor-widget-text-editor\" data-id=\"329169b\" data-element_type=\"widget\" data-e-type=\"widget\" data-widget_type=\"text-editor.default\">\n\t\t\t\t<div class=\"elementor-widget-container\">\n\t\t\t\t\t\t\t\t\t<p>La voiture a \u00e9t\u00e9 pr\u00e9sent\u00e9e par Opel \u00e0 l&#8217;occasion de la c\u00e9l\u00e9bration du 50e anniversaire de l&#8217;Opel Manta, sous la forme d&#8217;un restylage, ou RestoMOD selon le terme actuellement en vogue pour convertir certains mod\u00e8les classiques aux nouvelles technologies, tout en conservant leur apparence d&#8217;origine. D&#8217;apr\u00e8s ceux qui l&#8217;ont test\u00e9e, cette nouvelle Opel Manta r\u00e9pond aux attentes d&#8217;un fan du mod\u00e8le, s&#8217;av\u00e9rant \u00eatre une voiture amusante \u00e0 conduire, et malgr\u00e9 son \u00e9lectrification, elle n&#8217;abandonne pas son essence, ni une grande partie des sensations qu&#8217;elle produit a son conducteur lorsque &#8211; in\u00e9vitablement &#8211; on la compare \u00e0 son homonyme original des ann\u00e9es 1970.<\/p>\n\t\t\t\t\t\t\t\t<\/div>\n\t\t\t\t<\/div>\n\t\t\t\t\t<\/div>\n\t\t<\/div>\n\t\t\t\t\t<\/div>\n\t\t<\/section>\n\t\t\t\t<section data-particle_enable=\"false\" data-particle-mobile-disabled=\"false\" class=\"elementor-section elementor-top-section elementor-element elementor-element-7470fdf elementor-section-boxed elementor-section-height-default elementor-section-height-default\" data-id=\"7470fdf\" data-element_type=\"section\" data-e-type=\"section\">\n\t\t\t\t\t\t<div class=\"elementor-container elementor-column-gap-default\">\n\t\t\t\t\t<div class=\"elementor-column elementor-col-100 elementor-top-column elementor-element elementor-element-dad283c\" data-id=\"dad283c\" data-element_type=\"column\" data-e-type=\"column\">\n\t\t\t<div class=\"elementor-widget-wrap elementor-element-populated\">\n\t\t\t\t\t\t<div class=\"elementor-element elementor-element-b610363 elementor-widget__width-initial elementor-widget elementor-widget-text-editor\" data-id=\"b610363\" data-element_type=\"widget\" data-e-type=\"widget\" data-widget_type=\"text-editor.default\">\n\t\t\t\t<div class=\"elementor-widget-container\">\n\t\t\t\t\t\t\t\t\t<p>Certaines voix ou articles \u00e9voquent 2025 comme date de production en s\u00e9rie, mais cela ne semble pas tr\u00e8s probable, et ce n&#8217;est (pour l&#8217;instant, en juin 2023) absolument pas assur\u00e9 : outre les questions commerciales et financi\u00e8res &#8211; il ne semble pas que ce soit un mod\u00e8le dont on puisse attendre un volume de ventes tr\u00e8s important -, le v\u00e9hicule devrait passer quelques remaniements, comme le fait que la batterie occupe tout le coffre, ainsi que des crash-tests et autres homologations. La seule certitude pour le moment &#8211; juin 2023 &#8211; est donc qu&#8217;Opel a pr\u00e9sent\u00e9 un concept car, capable de rouler sur la voie publique, mais encore loin d&#8217;\u00eatre assur\u00e9 d&#8217;entrer dans les cha\u00eenes de montage.  <\/p>\n\t\t\t\t\t\t\t\t<\/div>\n\t\t\t\t<\/div>\n\t\t\t\t\t<\/div>\n\t\t<\/div>\n\t\t\t\t\t<\/div>\n\t\t<\/section>\n\t\t\t\t<section data-particle_enable=\"false\" data-particle-mobile-disabled=\"false\" class=\"elementor-section elementor-top-section elementor-element elementor-element-8e44d85 elementor-section-boxed elementor-section-height-default elementor-section-height-default\" data-id=\"8e44d85\" data-element_type=\"section\" data-e-type=\"section\">\n\t\t\t\t\t\t<div class=\"elementor-container elementor-column-gap-default\">\n\t\t\t\t\t<div class=\"elementor-column elementor-col-100 elementor-top-column elementor-element elementor-element-23500ec\" data-id=\"23500ec\" data-element_type=\"column\" data-e-type=\"column\">\n\t\t\t<div class=\"elementor-widget-wrap elementor-element-populated\">\n\t\t\t\t\t\t<div class=\"elementor-element elementor-element-acf8f60 elementor-widget__width-initial elementor-widget elementor-widget-text-editor\" data-id=\"acf8f60\" data-element_type=\"widget\" data-e-type=\"widget\" data-widget_type=\"text-editor.default\">\n\t\t\t\t<div class=\"elementor-widget-container\">\n\t\t\t\t\t\t\t\t\t<p>Voici quelques vid\u00e9os sur le mod\u00e8le : elles sont en anglais et en allemand, mais si vous ne connaissez pas l&#8217;une ou l&#8217;autre langue, vous pouvez utiliser la version sous-titr\u00e9e avec traduction.<\/p>\n\t\t\t\t\t\t\t\t<\/div>\n\t\t\t\t<\/div>\n\t\t\t\t\t<\/div>\n\t\t<\/div>\n\t\t\t\t\t<\/div>\n\t\t<\/section>\n\t\t\t\t<section data-particle_enable=\"false\" data-particle-mobile-disabled=\"false\" class=\"elementor-section elementor-top-section elementor-element elementor-element-13eb7ce elementor-section-boxed elementor-section-height-default elementor-section-height-default\" data-id=\"13eb7ce\" data-element_type=\"section\" data-e-type=\"section\">\n\t\t\t\t\t\t<div class=\"elementor-container elementor-column-gap-default\">\n\t\t\t\t\t<div class=\"elementor-column elementor-col-25 elementor-top-column elementor-element elementor-element-67da18e\" data-id=\"67da18e\" data-element_type=\"column\" data-e-type=\"column\">\n\t\t\t<div class=\"elementor-widget-wrap elementor-element-populated\">\n\t\t\t\t\t\t<div class=\"elementor-element elementor-element-fbadee3 elementor-widget elementor-widget-video\" data-id=\"fbadee3\" data-element_type=\"widget\" data-e-type=\"widget\" data-settings=\"{&quot;youtube_url&quot;:&quot;https:\\\/\\\/www.youtube.com\\\/watch?v=XFiuQRdNLTE&quot;,&quot;video_type&quot;:&quot;youtube&quot;,&quot;controls&quot;:&quot;yes&quot;}\" data-widget_type=\"video.default\">\n\t\t\t\t<div class=\"elementor-widget-container\">\n\t\t\t\t\t\t\t<div class=\"elementor-wrapper elementor-open-inline\">\n\t\t\t<div class=\"elementor-video\"><\/div>\t\t<\/div>\n\t\t\t\t\t\t<\/div>\n\t\t\t\t<\/div>\n\t\t\t\t\t<\/div>\n\t\t<\/div>\n\t\t\t\t<div class=\"elementor-column elementor-col-25 elementor-top-column elementor-element elementor-element-56a887e\" data-id=\"56a887e\" data-element_type=\"column\" data-e-type=\"column\">\n\t\t\t<div class=\"elementor-widget-wrap elementor-element-populated\">\n\t\t\t\t\t\t<div class=\"elementor-element elementor-element-38f2632 elementor-widget elementor-widget-video\" data-id=\"38f2632\" data-element_type=\"widget\" data-e-type=\"widget\" data-settings=\"{&quot;youtube_url&quot;:&quot;https:\\\/\\\/www.youtube.com\\\/watch?v=YxC1Soz1MGc&quot;,&quot;video_type&quot;:&quot;youtube&quot;,&quot;controls&quot;:&quot;yes&quot;}\" data-widget_type=\"video.default\">\n\t\t\t\t<div class=\"elementor-widget-container\">\n\t\t\t\t\t\t\t<div class=\"elementor-wrapper elementor-open-inline\">\n\t\t\t<div class=\"elementor-video\"><\/div>\t\t<\/div>\n\t\t\t\t\t\t<\/div>\n\t\t\t\t<\/div>\n\t\t\t\t\t<\/div>\n\t\t<\/div>\n\t\t\t\t<div class=\"elementor-column elementor-col-25 elementor-top-column elementor-element elementor-element-1044cd9\" data-id=\"1044cd9\" data-element_type=\"column\" data-e-type=\"column\">\n\t\t\t<div class=\"elementor-widget-wrap elementor-element-populated\">\n\t\t\t\t\t\t<div class=\"elementor-element elementor-element-aba1a39 elementor-widget elementor-widget-video\" data-id=\"aba1a39\" data-element_type=\"widget\" data-e-type=\"widget\" data-settings=\"{&quot;youtube_url&quot;:&quot;https:\\\/\\\/www.youtube.com\\\/watch?v=JThGhYIQf0c&quot;,&quot;video_type&quot;:&quot;youtube&quot;,&quot;controls&quot;:&quot;yes&quot;}\" data-widget_type=\"video.default\">\n\t\t\t\t<div class=\"elementor-widget-container\">\n\t\t\t\t\t\t\t<div class=\"elementor-wrapper elementor-open-inline\">\n\t\t\t<div class=\"elementor-video\"><\/div>\t\t<\/div>\n\t\t\t\t\t\t<\/div>\n\t\t\t\t<\/div>\n\t\t\t\t\t<\/div>\n\t\t<\/div>\n\t\t\t\t<div class=\"elementor-column elementor-col-25 elementor-top-column elementor-element elementor-element-ed76801\" data-id=\"ed76801\" data-element_type=\"column\" data-e-type=\"column\">\n\t\t\t<div class=\"elementor-widget-wrap elementor-element-populated\">\n\t\t\t\t\t\t<div class=\"elementor-element elementor-element-13b02e7 elementor-widget elementor-widget-video\" data-id=\"13b02e7\" data-element_type=\"widget\" data-e-type=\"widget\" data-settings=\"{&quot;youtube_url&quot;:&quot;https:\\\/\\\/www.youtube.com\\\/watch?v=zmG8U62SptA&quot;,&quot;video_type&quot;:&quot;youtube&quot;,&quot;controls&quot;:&quot;yes&quot;}\" data-widget_type=\"video.default\">\n\t\t\t\t<div class=\"elementor-widget-container\">\n\t\t\t\t\t\t\t<div class=\"elementor-wrapper elementor-open-inline\">\n\t\t\t<div class=\"elementor-video\"><\/div>\t\t<\/div>\n\t\t\t\t\t\t<\/div>\n\t\t\t\t<\/div>\n\t\t\t\t\t<\/div>\n\t\t<\/div>\n\t\t\t\t\t<\/div>\n\t\t<\/section>\n\t\t\t\t<section data-particle_enable=\"false\" data-particle-mobile-disabled=\"false\" class=\"elementor-section elementor-top-section elementor-element elementor-element-bb75a9f elementor-section-boxed elementor-section-height-default elementor-section-height-default\" data-id=\"bb75a9f\" data-element_type=\"section\" data-e-type=\"section\">\n\t\t\t\t\t\t<div class=\"elementor-container elementor-column-gap-default\">\n\t\t\t\t\t<div class=\"elementor-column elementor-col-100 elementor-top-column elementor-element elementor-element-60f34d3\" data-id=\"60f34d3\" data-element_type=\"column\" data-e-type=\"column\">\n\t\t\t<div class=\"elementor-widget-wrap elementor-element-populated\">\n\t\t\t\t\t\t\t<\/div>\n\t\t<\/div>\n\t\t\t\t\t<\/div>\n\t\t<\/section>\n\t\t\t\t<\/div>\n\t\t","protected":false},"excerpt":{"rendered":"<p>Espa\u00f1ol Catal\u00e0 (Catal\u00e1n) English (Ingl\u00e9s) Fran\u00e7ais (Franc\u00e9s) Partager en : OPEL Manta GT\/E Origine : Barcelone, Espagne, 1984 Il s&#8217;agit d&#8217;une Opel Manta B2 GT\/E fabriqu\u00e9e \u00e0 l&#8217;usine d&#8217;Anvers en Belgique. Ce v\u00e9hicule a \u00e9t\u00e9 produit en 1983 et immatricul\u00e9 \u00e0 Barcelone en 1984. Elle est \u00e9quip\u00e9e du moteur Opel 2.0 CIH (Cam in Head) [&hellip;]<\/p>\n","protected":false},"author":2,"featured_media":14346,"parent":15190,"menu_order":0,"comment_status":"closed","ping_status":"closed","template":"","meta":{"_monsterinsights_skip_tracking":false,"_monsterinsights_sitenote_active":false,"_monsterinsights_sitenote_note":"","_monsterinsights_sitenote_category":0,"site-sidebar-layout":"no-sidebar","site-content-layout":"page-builder","ast-site-content-layout":"full-width-container","site-content-style":"unboxed","site-sidebar-style":"unboxed","ast-global-header-display":"","ast-banner-title-visibility":"","ast-main-header-display":"","ast-hfb-above-header-display":"","ast-hfb-below-header-display":"","ast-hfb-mobile-header-display":"","site-post-title":"disabled","ast-breadcrumbs-content":"","ast-featured-img":"disabled","footer-sml-layout":"","ast-disable-related-posts":"","theme-transparent-header-meta":"","adv-header-id-meta":"","stick-header-meta":"","header-above-stick-meta":"","header-main-stick-meta":"","header-below-stick-meta":"","astra-migrate-meta-layouts":"default","ast-page-background-enabled":"default","ast-page-background-meta":{"desktop":{"background-color":"var(--ast-global-color-4)","background-image":"","background-repeat":"repeat","background-position":"center center","background-size":"auto","background-attachment":"scroll","background-type":"","background-media":"","overlay-type":"","overlay-color":"","overlay-opacity":"","overlay-gradient":""},"tablet":{"background-color":"","background-image":"","background-repeat":"repeat","background-position":"center center","background-size":"auto","background-attachment":"scroll","background-type":"","background-media":"","overlay-type":"","overlay-color":"","overlay-opacity":"","overlay-gradient":""},"mobile":{"background-color":"","background-image":"","background-repeat":"repeat","background-position":"center center","background-size":"auto","background-attachment":"scroll","background-type":"","background-media":"","overlay-type":"","overlay-color":"","overlay-opacity":"","overlay-gradient":""}},"ast-content-background-meta":{"desktop":{"background-color":"var(--ast-global-color-5)","background-image":"","background-repeat":"repeat","background-position":"center center","background-size":"auto","background-attachment":"scroll","background-type":"","background-media":"","overlay-type":"","overlay-color":"","overlay-opacity":"","overlay-gradient":""},"tablet":{"background-color":"var(--ast-global-color-5)","background-image":"","background-repeat":"repeat","background-position":"center center","background-size":"auto","background-attachment":"scroll","background-type":"","background-media":"","overlay-type":"","overlay-color":"","overlay-opacity":"","overlay-gradient":""},"mobile":{"background-color":"var(--ast-global-color-5)","background-image":"","background-repeat":"repeat","background-position":"center center","background-size":"auto","background-attachment":"scroll","background-type":"","background-media":"","overlay-type":"","overlay-color":"","overlay-opacity":"","overlay-gradient":""}},"footnotes":""},"class_list":["post-15219","page","type-page","status-publish","has-post-thumbnail","hentry"],"yoast_head":"<!-- This site is optimized with the Yoast SEO Premium plugin v27.4 (Yoast SEO v27.4) - https:\/\/yoast.com\/product\/yoast-seo-premium-wordpress\/ -->\n<title>Opel Manta GTE - JG Classics : L&#039;\u00e9motion du voyage dans le temps<\/title>\n<meta name=\"description\" content=\"JG Classics : Opel Manta GT\/E. Fabriqu\u00e9 \u00e0 l&#039;usine belge d&#039;Opel-General Motors \u00e0 Anvers en 1983 et immatricul\u00e9 \u00e0 Barcelone en 1984. En 2009, il a b\u00e9n\u00e9fici\u00e9 d&#039;une r\u00e9vision de la carrosserie et de la peinture, et deux ans plus tard, l&#039;int\u00e9rieur a \u00e9t\u00e9 r\u00e9nov\u00e9. Etat standard complet avec aleron aileron et volant Manta i200. Disponible pour la location, les s\u00e9ances photos et les tournages.\" \/>\n<meta name=\"robots\" content=\"index, follow, max-snippet:-1, max-image-preview:large, max-video-preview:-1\" \/>\n<link rel=\"canonical\" href=\"https:\/\/www.jgclassics.com\/fr\/nos-vehicules\/opel-manta-gte\/\" \/>\n<meta property=\"og:locale\" content=\"fr_FR\" \/>\n<meta property=\"og:type\" content=\"article\" \/>\n<meta property=\"og:title\" content=\"Opel Manta GTE\" \/>\n<meta property=\"og:description\" content=\"JG Classics : Opel Manta GT\/E. Fabriqu\u00e9 \u00e0 l&#039;usine belge d&#039;Opel-General Motors \u00e0 Anvers en 1983 et immatricul\u00e9 \u00e0 Barcelone en 1984. En 2009, il a b\u00e9n\u00e9fici\u00e9 d&#039;une r\u00e9vision de la carrosserie et de la peinture, et deux ans plus tard, l&#039;int\u00e9rieur a \u00e9t\u00e9 r\u00e9nov\u00e9. Etat standard complet avec aleron aileron et volant Manta i200. Disponible pour la location, les s\u00e9ances photos et les tournages.\" \/>\n<meta property=\"og:url\" content=\"https:\/\/www.jgclassics.com\/fr\/nos-vehicules\/opel-manta-gte\/\" \/>\n<meta property=\"og:site_name\" content=\"JG Classics : L&#039;\u00e9motion du voyage dans le temps\" \/>\n<meta property=\"article:publisher\" content=\"https:\/\/www.facebook.com\/profile.php?id=100086454427345\" \/>\n<meta property=\"article:modified_time\" content=\"2025-03-12T14:27:11+00:00\" \/>\n<meta property=\"og:image\" content=\"https:\/\/www.jgclassics.com\/wp-content\/uploads\/2023\/05\/20230513_111950-scaled.jpg\" \/>\n<meta name=\"twitter:card\" content=\"summary_large_image\" \/>\n<meta name=\"twitter:image\" content=\"https:\/\/www.jgclassics.com\/wp-content\/uploads\/2023\/05\/20230513_110609-scaled.jpg\" \/>\n<meta name=\"twitter:label1\" content=\"Dur\u00e9e de lecture estim\u00e9e\" \/>\n\t<meta name=\"twitter:data1\" content=\"12 minutes\" \/>\n<script type=\"application\/ld+json\" class=\"yoast-schema-graph\">{\"@context\":\"https:\\\/\\\/schema.org\",\"@graph\":[{\"@type\":\"WebPage\",\"@id\":\"https:\\\/\\\/www.jgclassics.com\\\/fr\\\/nos-vehicules\\\/opel-manta-gte\\\/\",\"url\":\"https:\\\/\\\/www.jgclassics.com\\\/fr\\\/nos-vehicules\\\/opel-manta-gte\\\/\",\"name\":\"Opel Manta GTE - JG Classics : L'\u00e9motion du voyage dans le temps\",\"isPartOf\":{\"@id\":\"https:\\\/\\\/www.jgclassics.com\\\/fr\\\/#website\"},\"primaryImageOfPage\":{\"@id\":\"https:\\\/\\\/www.jgclassics.com\\\/fr\\\/nos-vehicules\\\/opel-manta-gte\\\/#primaryimage\"},\"image\":{\"@id\":\"https:\\\/\\\/www.jgclassics.com\\\/fr\\\/nos-vehicules\\\/opel-manta-gte\\\/#primaryimage\"},\"thumbnailUrl\":\"https:\\\/\\\/www.jgclassics.com\\\/wp-content\\\/uploads\\\/2023\\\/05\\\/20230513_111950-scaled.jpg\",\"datePublished\":\"2022-11-29T01:42:13+00:00\",\"dateModified\":\"2025-03-12T14:27:11+00:00\",\"description\":\"JG Classics : Opel Manta GT\\\/E. Fabriqu\u00e9 \u00e0 l'usine belge d'Opel-General Motors \u00e0 Anvers en 1983 et immatricul\u00e9 \u00e0 Barcelone en 1984. En 2009, il a b\u00e9n\u00e9fici\u00e9 d'une r\u00e9vision de la carrosserie et de la peinture, et deux ans plus tard, l'int\u00e9rieur a \u00e9t\u00e9 r\u00e9nov\u00e9. Etat standard complet avec aleron aileron et volant Manta i200. Disponible pour la location, les s\u00e9ances photos et les tournages.\",\"breadcrumb\":{\"@id\":\"https:\\\/\\\/www.jgclassics.com\\\/fr\\\/nos-vehicules\\\/opel-manta-gte\\\/#breadcrumb\"},\"inLanguage\":\"fr-FR\",\"potentialAction\":[{\"@type\":\"ReadAction\",\"target\":[\"https:\\\/\\\/www.jgclassics.com\\\/fr\\\/nos-vehicules\\\/opel-manta-gte\\\/\"]}]},{\"@type\":\"ImageObject\",\"inLanguage\":\"fr-FR\",\"@id\":\"https:\\\/\\\/www.jgclassics.com\\\/fr\\\/nos-vehicules\\\/opel-manta-gte\\\/#primaryimage\",\"url\":\"https:\\\/\\\/www.jgclassics.com\\\/wp-content\\\/uploads\\\/2023\\\/05\\\/20230513_111950-scaled.jpg\",\"contentUrl\":\"https:\\\/\\\/www.jgclassics.com\\\/wp-content\\\/uploads\\\/2023\\\/05\\\/20230513_111950-scaled.jpg\",\"width\":2560,\"height\":1440,\"caption\":\"Opel Manta GTE. Disponible pour la location, les photos, les tournages, les s\u00e9quences.\"},{\"@type\":\"BreadcrumbList\",\"@id\":\"https:\\\/\\\/www.jgclassics.com\\\/fr\\\/nos-vehicules\\\/opel-manta-gte\\\/#breadcrumb\",\"itemListElement\":[{\"@type\":\"ListItem\",\"position\":1,\"name\":\"Inicio\",\"item\":\"https:\\\/\\\/www.jgclassics.com\\\/fr\\\/jg-classics-des-voitures-classiques-et-historiques-pour-voyager-dans-le-temps\\\/\"},{\"@type\":\"ListItem\",\"position\":2,\"name\":\"Nos v\u00e9hicules\",\"item\":\"https:\\\/\\\/www.jgclassics.com\\\/fr\\\/nos-vehicules\\\/\"},{\"@type\":\"ListItem\",\"position\":3,\"name\":\"Opel Manta GTE\"}]},{\"@type\":\"WebSite\",\"@id\":\"https:\\\/\\\/www.jgclassics.com\\\/fr\\\/#website\",\"url\":\"https:\\\/\\\/www.jgclassics.com\\\/fr\\\/\",\"name\":\"JG Classics : L'\u00e9motion du voyage dans le temps\",\"description\":\"Voitures anciennes, voitures historiques : Location, accompagnement aux restaurations, informations techniques et achat de mat\u00e9riel\",\"publisher\":{\"@id\":\"https:\\\/\\\/www.jgclassics.com\\\/fr\\\/#organization\"},\"alternateName\":\"JG Classics - Coches cl\u00e1sicos e hist\u00f3ricos - Alquiler, blogs, informaci\u00f3n, art\u00edculos\",\"potentialAction\":[{\"@type\":\"SearchAction\",\"target\":{\"@type\":\"EntryPoint\",\"urlTemplate\":\"https:\\\/\\\/www.jgclassics.com\\\/fr\\\/?s={search_term_string}\"},\"query-input\":{\"@type\":\"PropertyValueSpecification\",\"valueRequired\":true,\"valueName\":\"search_term_string\"}}],\"inLanguage\":\"fr-FR\"},{\"@type\":\"Organization\",\"@id\":\"https:\\\/\\\/www.jgclassics.com\\\/fr\\\/#organization\",\"name\":\"JG Classics : L'\u00e9motion du voyage dans le temps\",\"alternateName\":\"JG Classics\",\"url\":\"https:\\\/\\\/www.jgclassics.com\\\/fr\\\/\",\"logo\":{\"@type\":\"ImageObject\",\"inLanguage\":\"fr-FR\",\"@id\":\"https:\\\/\\\/www.jgclassics.com\\\/fr\\\/#\\\/schema\\\/logo\\\/image\\\/\",\"url\":\"https:\\\/\\\/www.jgclassics.com\\\/wp-content\\\/uploads\\\/2022\\\/10\\\/Color-logo-with-background.svg\",\"contentUrl\":\"https:\\\/\\\/www.jgclassics.com\\\/wp-content\\\/uploads\\\/2022\\\/10\\\/Color-logo-with-background.svg\",\"width\":3171,\"height\":2303,\"caption\":\"JG Classics : L'\u00e9motion du voyage dans le temps\"},\"image\":{\"@id\":\"https:\\\/\\\/www.jgclassics.com\\\/fr\\\/#\\\/schema\\\/logo\\\/image\\\/\"},\"sameAs\":[\"https:\\\/\\\/www.facebook.com\\\/profile.php?id=100086454427345\"]}]}<\/script>\n<!-- \/ Yoast SEO Premium plugin. -->","yoast_head_json":{"title":"Opel Manta GTE - JG Classics : L'\u00e9motion du voyage dans le temps","description":"JG Classics : Opel Manta GT\/E. Fabriqu\u00e9 \u00e0 l'usine belge d'Opel-General Motors \u00e0 Anvers en 1983 et immatricul\u00e9 \u00e0 Barcelone en 1984. En 2009, il a b\u00e9n\u00e9fici\u00e9 d'une r\u00e9vision de la carrosserie et de la peinture, et deux ans plus tard, l'int\u00e9rieur a \u00e9t\u00e9 r\u00e9nov\u00e9. Etat standard complet avec aleron aileron et volant Manta i200. Disponible pour la location, les s\u00e9ances photos et les tournages.","robots":{"index":"index","follow":"follow","max-snippet":"max-snippet:-1","max-image-preview":"max-image-preview:large","max-video-preview":"max-video-preview:-1"},"canonical":"https:\/\/www.jgclassics.com\/fr\/nos-vehicules\/opel-manta-gte\/","og_locale":"fr_FR","og_type":"article","og_title":"Opel Manta GTE","og_description":"JG Classics : Opel Manta GT\/E. Fabriqu\u00e9 \u00e0 l'usine belge d'Opel-General Motors \u00e0 Anvers en 1983 et immatricul\u00e9 \u00e0 Barcelone en 1984. En 2009, il a b\u00e9n\u00e9fici\u00e9 d'une r\u00e9vision de la carrosserie et de la peinture, et deux ans plus tard, l'int\u00e9rieur a \u00e9t\u00e9 r\u00e9nov\u00e9. Etat standard complet avec aleron aileron et volant Manta i200. Disponible pour la location, les s\u00e9ances photos et les tournages.","og_url":"https:\/\/www.jgclassics.com\/fr\/nos-vehicules\/opel-manta-gte\/","og_site_name":"JG Classics : L'\u00e9motion du voyage dans le temps","article_publisher":"https:\/\/www.facebook.com\/profile.php?id=100086454427345","article_modified_time":"2025-03-12T14:27:11+00:00","og_image":[{"url":"https:\/\/www.jgclassics.com\/wp-content\/uploads\/2023\/05\/20230513_111950-scaled.jpg","type":"","width":"","height":""}],"twitter_card":"summary_large_image","twitter_image":"https:\/\/www.jgclassics.com\/wp-content\/uploads\/2023\/05\/20230513_110609-scaled.jpg","twitter_misc":{"Dur\u00e9e de lecture estim\u00e9e":"12 minutes"},"schema":{"@context":"https:\/\/schema.org","@graph":[{"@type":"WebPage","@id":"https:\/\/www.jgclassics.com\/fr\/nos-vehicules\/opel-manta-gte\/","url":"https:\/\/www.jgclassics.com\/fr\/nos-vehicules\/opel-manta-gte\/","name":"Opel Manta GTE - JG Classics : L'\u00e9motion du voyage dans le temps","isPartOf":{"@id":"https:\/\/www.jgclassics.com\/fr\/#website"},"primaryImageOfPage":{"@id":"https:\/\/www.jgclassics.com\/fr\/nos-vehicules\/opel-manta-gte\/#primaryimage"},"image":{"@id":"https:\/\/www.jgclassics.com\/fr\/nos-vehicules\/opel-manta-gte\/#primaryimage"},"thumbnailUrl":"https:\/\/www.jgclassics.com\/wp-content\/uploads\/2023\/05\/20230513_111950-scaled.jpg","datePublished":"2022-11-29T01:42:13+00:00","dateModified":"2025-03-12T14:27:11+00:00","description":"JG Classics : Opel Manta GT\/E. Fabriqu\u00e9 \u00e0 l'usine belge d'Opel-General Motors \u00e0 Anvers en 1983 et immatricul\u00e9 \u00e0 Barcelone en 1984. En 2009, il a b\u00e9n\u00e9fici\u00e9 d'une r\u00e9vision de la carrosserie et de la peinture, et deux ans plus tard, l'int\u00e9rieur a \u00e9t\u00e9 r\u00e9nov\u00e9. Etat standard complet avec aleron aileron et volant Manta i200. Disponible pour la location, les s\u00e9ances photos et les tournages.","breadcrumb":{"@id":"https:\/\/www.jgclassics.com\/fr\/nos-vehicules\/opel-manta-gte\/#breadcrumb"},"inLanguage":"fr-FR","potentialAction":[{"@type":"ReadAction","target":["https:\/\/www.jgclassics.com\/fr\/nos-vehicules\/opel-manta-gte\/"]}]},{"@type":"ImageObject","inLanguage":"fr-FR","@id":"https:\/\/www.jgclassics.com\/fr\/nos-vehicules\/opel-manta-gte\/#primaryimage","url":"https:\/\/www.jgclassics.com\/wp-content\/uploads\/2023\/05\/20230513_111950-scaled.jpg","contentUrl":"https:\/\/www.jgclassics.com\/wp-content\/uploads\/2023\/05\/20230513_111950-scaled.jpg","width":2560,"height":1440,"caption":"Opel Manta GTE. Disponible pour la location, les photos, les tournages, les s\u00e9quences."},{"@type":"BreadcrumbList","@id":"https:\/\/www.jgclassics.com\/fr\/nos-vehicules\/opel-manta-gte\/#breadcrumb","itemListElement":[{"@type":"ListItem","position":1,"name":"Inicio","item":"https:\/\/www.jgclassics.com\/fr\/jg-classics-des-voitures-classiques-et-historiques-pour-voyager-dans-le-temps\/"},{"@type":"ListItem","position":2,"name":"Nos v\u00e9hicules","item":"https:\/\/www.jgclassics.com\/fr\/nos-vehicules\/"},{"@type":"ListItem","position":3,"name":"Opel Manta GTE"}]},{"@type":"WebSite","@id":"https:\/\/www.jgclassics.com\/fr\/#website","url":"https:\/\/www.jgclassics.com\/fr\/","name":"JG Classics : L'\u00e9motion du voyage dans le temps","description":"Voitures anciennes, voitures historiques : Location, accompagnement aux restaurations, informations techniques et achat de mat\u00e9riel","publisher":{"@id":"https:\/\/www.jgclassics.com\/fr\/#organization"},"alternateName":"JG Classics - Coches cl\u00e1sicos e hist\u00f3ricos - Alquiler, blogs, informaci\u00f3n, art\u00edculos","potentialAction":[{"@type":"SearchAction","target":{"@type":"EntryPoint","urlTemplate":"https:\/\/www.jgclassics.com\/fr\/?s={search_term_string}"},"query-input":{"@type":"PropertyValueSpecification","valueRequired":true,"valueName":"search_term_string"}}],"inLanguage":"fr-FR"},{"@type":"Organization","@id":"https:\/\/www.jgclassics.com\/fr\/#organization","name":"JG Classics : L'\u00e9motion du voyage dans le temps","alternateName":"JG Classics","url":"https:\/\/www.jgclassics.com\/fr\/","logo":{"@type":"ImageObject","inLanguage":"fr-FR","@id":"https:\/\/www.jgclassics.com\/fr\/#\/schema\/logo\/image\/","url":"https:\/\/www.jgclassics.com\/wp-content\/uploads\/2022\/10\/Color-logo-with-background.svg","contentUrl":"https:\/\/www.jgclassics.com\/wp-content\/uploads\/2022\/10\/Color-logo-with-background.svg","width":3171,"height":2303,"caption":"JG Classics : L'\u00e9motion du voyage dans le temps"},"image":{"@id":"https:\/\/www.jgclassics.com\/fr\/#\/schema\/logo\/image\/"},"sameAs":["https:\/\/www.facebook.com\/profile.php?id=100086454427345"]}]}},"_links":{"self":[{"href":"https:\/\/www.jgclassics.com\/fr\/wp-json\/wp\/v2\/pages\/15219","targetHints":{"allow":["GET"]}}],"collection":[{"href":"https:\/\/www.jgclassics.com\/fr\/wp-json\/wp\/v2\/pages"}],"about":[{"href":"https:\/\/www.jgclassics.com\/fr\/wp-json\/wp\/v2\/types\/page"}],"author":[{"embeddable":true,"href":"https:\/\/www.jgclassics.com\/fr\/wp-json\/wp\/v2\/users\/2"}],"replies":[{"embeddable":true,"href":"https:\/\/www.jgclassics.com\/fr\/wp-json\/wp\/v2\/comments?post=15219"}],"version-history":[{"count":4,"href":"https:\/\/www.jgclassics.com\/fr\/wp-json\/wp\/v2\/pages\/15219\/revisions"}],"predecessor-version":[{"id":22018,"href":"https:\/\/www.jgclassics.com\/fr\/wp-json\/wp\/v2\/pages\/15219\/revisions\/22018"}],"up":[{"embeddable":true,"href":"https:\/\/www.jgclassics.com\/fr\/wp-json\/wp\/v2\/pages\/15190"}],"wp:featuredmedia":[{"embeddable":true,"href":"https:\/\/www.jgclassics.com\/fr\/wp-json\/wp\/v2\/media\/14346"}],"wp:attachment":[{"href":"https:\/\/www.jgclassics.com\/fr\/wp-json\/wp\/v2\/media?parent=15219"}],"curies":[{"name":"wp","href":"https:\/\/api.w.org\/{rel}","templated":true}]}}