{"id":15229,"date":"2022-11-29T02:32:25","date_gmt":"2022-11-29T01:32:25","guid":{"rendered":"https:\/\/www.jgclassics.com\/nos-vehicules\/bmw-323i-e21\/"},"modified":"2023-10-22T09:22:52","modified_gmt":"2023-10-22T07:22:52","slug":"bmw-323i-e21","status":"publish","type":"page","link":"https:\/\/www.jgclassics.com\/fr\/nos-vehicules\/bmw-323i-e21\/","title":{"rendered":"BMW 323i E21"},"content":{"rendered":"\t\t<div data-elementor-type=\"wp-page\" data-elementor-id=\"15229\" class=\"elementor elementor-15229 elementor-6532\" data-elementor-post-type=\"page\">\n\t\t\t\t\t\t<section data-particle_enable=\"false\" data-particle-mobile-disabled=\"false\" class=\"elementor-section elementor-top-section elementor-element elementor-element-d1548aa elementor-section-boxed elementor-section-height-default elementor-section-height-default\" data-id=\"d1548aa\" data-element_type=\"section\" data-e-type=\"section\">\n\t\t\t\t\t\t<div class=\"elementor-container elementor-column-gap-default\">\n\t\t\t\t\t<div class=\"elementor-column elementor-col-100 elementor-top-column elementor-element elementor-element-877db54\" data-id=\"877db54\" data-element_type=\"column\" data-e-type=\"column\">\n\t\t\t<div class=\"elementor-widget-wrap elementor-element-populated\">\n\t\t\t\t\t\t<div class=\"elementor-element elementor-element-622f183 elementor-widget elementor-widget-breadcrumbs\" data-id=\"622f183\" data-element_type=\"widget\" data-e-type=\"widget\" data-widget_type=\"breadcrumbs.default\">\n\t\t\t\t<div class=\"elementor-widget-container\">\n\t\t\t\t\t<p id=\"breadcrumbs\"><span><span><a href=\"https:\/\/www.jgclassics.com\/fr\/jg-classics-des-voitures-classiques-et-historiques-pour-voyager-dans-le-temps\/\">Inicio<\/a><\/span><\/span><\/p>\t\t\t\t<\/div>\n\t\t\t\t<\/div>\n\t\t\t\t\t<\/div>\n\t\t<\/div>\n\t\t\t\t\t<\/div>\n\t\t<\/section>\n\t\t\t\t<section data-particle_enable=\"false\" data-particle-mobile-disabled=\"false\" class=\"elementor-section elementor-top-section elementor-element elementor-element-c94c8f8 elementor-section-boxed elementor-section-height-default elementor-section-height-default\" data-id=\"c94c8f8\" data-element_type=\"section\" data-e-type=\"section\">\n\t\t\t\t\t\t<div class=\"elementor-container elementor-column-gap-default\">\n\t\t\t\t\t<div class=\"elementor-column elementor-col-100 elementor-top-column elementor-element elementor-element-4a15934\" data-id=\"4a15934\" data-element_type=\"column\" data-e-type=\"column\">\n\t\t\t<div class=\"elementor-widget-wrap elementor-element-populated\">\n\t\t\t\t\t\t<div class=\"elementor-element elementor-element-e8f17ed elementor-widget elementor-widget-wpml-language-switcher\" data-id=\"e8f17ed\" data-element_type=\"widget\" data-e-type=\"widget\" data-widget_type=\"wpml-language-switcher.default\">\n\t\t\t\t<div class=\"elementor-widget-container\">\n\t\t\t\t\t<div class=\"wpml-elementor-ls\">\n<div role=\"navigation\" aria-label=\"S\u00e9lecteur de langue\" class=\"wpml-ls-statics-shortcode_actions wpml-ls wpml-ls-legacy-list-horizontal\">\n\t<ul><li class=\"wpml-ls-slot-shortcode_actions wpml-ls-item wpml-ls-item-es wpml-ls-first-item wpml-ls-item-legacy-list-horizontal\">\n\t\t\t\t<a href=\"https:\/\/www.jgclassics.com\/\" hreflang=\"es\" lang=\"es\" class=\"wpml-ls-link\" aria-label=\"Passer \u00e0 Espagnol (Espa\u00f1ol)\" title=\"Passer \u00e0 Espagnol (Espa\u00f1ol)\">\n\t\t\t\t\t                                    <img decoding=\"async\"\n            class=\"wpml-ls-flag\"\n            src=\"https:\/\/www.jgclassics.com\/wp-content\/plugins\/sitepress-multilingual-cms\/res\/flags\/es.svg\"\n            alt=\"\"\n            loading=\"lazy\"\n            width=18\n            height=12\n    \/><span class=\"wpml-ls-native\">Espa\u00f1ol<\/span><span class=\"wpml-ls-display\"><span class=\"wpml-ls-bracket\"> (<\/span>Espagnol<span class=\"wpml-ls-bracket\">)<\/span><\/span><\/a>\n\t\t\t<\/li><li class=\"wpml-ls-slot-shortcode_actions wpml-ls-item wpml-ls-item-ca wpml-ls-item-legacy-list-horizontal\">\n\t\t\t\t<a href=\"https:\/\/www.jgclassics.com\/ca\/\" hreflang=\"ca\" lang=\"ca\" class=\"wpml-ls-link\" aria-label=\"Passer \u00e0 Catalan (Catal\u00e0)\" title=\"Passer \u00e0 Catalan (Catal\u00e0)\">\n\t\t\t\t\t                                    <img decoding=\"async\"\n            class=\"wpml-ls-flag\"\n            src=\"https:\/\/www.jgclassics.com\/wp-content\/plugins\/sitepress-multilingual-cms\/res\/flags\/ca.svg\"\n            alt=\"\"\n            loading=\"lazy\"\n            width=18\n            height=12\n    \/><span class=\"wpml-ls-native\">Catal\u00e0<\/span><span class=\"wpml-ls-display\"><span class=\"wpml-ls-bracket\"> (<\/span>Catalan<span class=\"wpml-ls-bracket\">)<\/span><\/span><\/a>\n\t\t\t<\/li><li class=\"wpml-ls-slot-shortcode_actions wpml-ls-item wpml-ls-item-en wpml-ls-item-legacy-list-horizontal\">\n\t\t\t\t<a href=\"https:\/\/www.jgclassics.com\/en\/\" hreflang=\"en\" lang=\"en\" class=\"wpml-ls-link\" aria-label=\"Passer \u00e0 Anglais (English)\" title=\"Passer \u00e0 Anglais (English)\">\n\t\t\t\t\t                                    <img decoding=\"async\"\n            class=\"wpml-ls-flag\"\n            src=\"https:\/\/www.jgclassics.com\/wp-content\/plugins\/sitepress-multilingual-cms\/res\/flags\/en.svg\"\n            alt=\"\"\n            loading=\"lazy\"\n            width=18\n            height=12\n    \/><span class=\"wpml-ls-native\">English<\/span><span class=\"wpml-ls-display\"><span class=\"wpml-ls-bracket\"> (<\/span>Anglais<span class=\"wpml-ls-bracket\">)<\/span><\/span><\/a>\n\t\t\t<\/li><li class=\"wpml-ls-slot-shortcode_actions wpml-ls-item wpml-ls-item-fr wpml-ls-current-language wpml-ls-last-item wpml-ls-item-legacy-list-horizontal\">\n\t\t\t\t<a href=\"https:\/\/www.jgclassics.com\/fr\/\" hreflang=\"fr\" lang=\"fr\" class=\"wpml-ls-link\" aria-current=\"page\" aria-label=\"Passer \u00e0 Fran\u00e7ais (Fran\u00e7ais)\" title=\"Passer \u00e0 Fran\u00e7ais (Fran\u00e7ais)\">\n\t\t\t\t\t                                    <img decoding=\"async\"\n            class=\"wpml-ls-flag\"\n            src=\"https:\/\/www.jgclassics.com\/wp-content\/plugins\/sitepress-multilingual-cms\/res\/flags\/fr.svg\"\n            alt=\"\"\n            loading=\"lazy\"\n            width=18\n            height=12\n    \/><span class=\"wpml-ls-native\">Fran\u00e7ais<\/span><\/a>\n\t\t\t<\/li><\/ul>\n<\/div>\n<\/div>\t\t\t\t<\/div>\n\t\t\t\t<\/div>\n\t\t\t\t\t<\/div>\n\t\t<\/div>\n\t\t\t\t\t<\/div>\n\t\t<\/section>\n\t\t\t\t<section data-particle_enable=\"false\" data-particle-mobile-disabled=\"false\" class=\"elementor-section elementor-top-section elementor-element elementor-element-69a995f elementor-section-boxed elementor-section-height-default elementor-section-height-default\" data-id=\"69a995f\" data-element_type=\"section\" data-e-type=\"section\">\n\t\t\t\t\t\t<div class=\"elementor-container elementor-column-gap-default\">\n\t\t\t\t\t<div class=\"elementor-column elementor-col-50 elementor-top-column elementor-element elementor-element-51cb0e7\" data-id=\"51cb0e7\" data-element_type=\"column\" data-e-type=\"column\">\n\t\t\t<div class=\"elementor-widget-wrap elementor-element-populated\">\n\t\t\t\t\t\t<div class=\"elementor-element elementor-element-b454751 elementor-widget elementor-widget-text-editor\" data-id=\"b454751\" data-element_type=\"widget\" data-e-type=\"widget\" data-widget_type=\"text-editor.default\">\n\t\t\t\t<div class=\"elementor-widget-container\">\n\t\t\t\t\t\t\t\t\t<p>Partager en :<\/p>\n\t\t\t\t\t\t\t\t<\/div>\n\t\t\t\t<\/div>\n\t\t\t\t\t<\/div>\n\t\t<\/div>\n\t\t\t\t<div class=\"elementor-column elementor-col-50 elementor-top-column elementor-element elementor-element-a45f2c8\" data-id=\"a45f2c8\" data-element_type=\"column\" data-e-type=\"column\">\n\t\t\t<div class=\"elementor-widget-wrap elementor-element-populated\">\n\t\t\t\t\t\t<div class=\"elementor-element elementor-element-30640e4 elementor-share-buttons--view-icon elementor-share-buttons--skin-gradient elementor-share-buttons--shape-square elementor-grid-0 elementor-share-buttons--color-official elementor-widget elementor-widget-share-buttons\" data-id=\"30640e4\" data-element_type=\"widget\" data-e-type=\"widget\" data-widget_type=\"share-buttons.default\">\n\t\t\t\t<div class=\"elementor-widget-container\">\n\t\t\t\t\t\t\t<div class=\"elementor-grid\" role=\"list\">\n\t\t\t\t\t\t\t\t<div class=\"elementor-grid-item\" role=\"listitem\">\n\t\t\t\t\t\t<div class=\"elementor-share-btn elementor-share-btn_facebook\" role=\"button\" tabindex=\"0\" aria-label=\"Partager sur facebook\">\n\t\t\t\t\t\t\t\t\t\t\t\t\t\t\t<span class=\"elementor-share-btn__icon\">\n\t\t\t\t\t\t\t\t<i class=\"fab fa-facebook\" aria-hidden=\"true\"><\/i>\t\t\t\t\t\t\t<\/span>\n\t\t\t\t\t\t\t\t\t\t\t\t\t\t\t\t\t\t\t\t<\/div>\n\t\t\t\t\t<\/div>\n\t\t\t\t\t\t\t\t\t<div class=\"elementor-grid-item\" role=\"listitem\">\n\t\t\t\t\t\t<div class=\"elementor-share-btn elementor-share-btn_pinterest\" role=\"button\" tabindex=\"0\" aria-label=\"Partager sur pinterest\">\n\t\t\t\t\t\t\t\t\t\t\t\t\t\t\t<span class=\"elementor-share-btn__icon\">\n\t\t\t\t\t\t\t\t<i class=\"fab fa-pinterest\" aria-hidden=\"true\"><\/i>\t\t\t\t\t\t\t<\/span>\n\t\t\t\t\t\t\t\t\t\t\t\t\t\t\t\t\t\t\t\t<\/div>\n\t\t\t\t\t<\/div>\n\t\t\t\t\t\t\t\t\t<div class=\"elementor-grid-item\" role=\"listitem\">\n\t\t\t\t\t\t<div class=\"elementor-share-btn elementor-share-btn_linkedin\" role=\"button\" tabindex=\"0\" aria-label=\"Partager sur linkedin\">\n\t\t\t\t\t\t\t\t\t\t\t\t\t\t\t<span class=\"elementor-share-btn__icon\">\n\t\t\t\t\t\t\t\t<i class=\"fab fa-linkedin\" aria-hidden=\"true\"><\/i>\t\t\t\t\t\t\t<\/span>\n\t\t\t\t\t\t\t\t\t\t\t\t\t\t\t\t\t\t\t\t<\/div>\n\t\t\t\t\t<\/div>\n\t\t\t\t\t\t\t\t\t<div class=\"elementor-grid-item\" role=\"listitem\">\n\t\t\t\t\t\t<div class=\"elementor-share-btn elementor-share-btn_whatsapp\" role=\"button\" tabindex=\"0\" aria-label=\"Partager sur whatsapp\">\n\t\t\t\t\t\t\t\t\t\t\t\t\t\t\t<span class=\"elementor-share-btn__icon\">\n\t\t\t\t\t\t\t\t<i class=\"fab fa-whatsapp\" aria-hidden=\"true\"><\/i>\t\t\t\t\t\t\t<\/span>\n\t\t\t\t\t\t\t\t\t\t\t\t\t\t\t\t\t\t\t\t<\/div>\n\t\t\t\t\t<\/div>\n\t\t\t\t\t\t\t\t\t<div class=\"elementor-grid-item\" role=\"listitem\">\n\t\t\t\t\t\t<div class=\"elementor-share-btn elementor-share-btn_email\" role=\"button\" tabindex=\"0\" aria-label=\"Partager sur email\">\n\t\t\t\t\t\t\t\t\t\t\t\t\t\t\t<span class=\"elementor-share-btn__icon\">\n\t\t\t\t\t\t\t\t<i class=\"fas fa-envelope\" aria-hidden=\"true\"><\/i>\t\t\t\t\t\t\t<\/span>\n\t\t\t\t\t\t\t\t\t\t\t\t\t\t\t\t\t\t\t\t<\/div>\n\t\t\t\t\t<\/div>\n\t\t\t\t\t\t<\/div>\n\t\t\t\t\t\t<\/div>\n\t\t\t\t<\/div>\n\t\t\t\t\t<\/div>\n\t\t<\/div>\n\t\t\t\t\t<\/div>\n\t\t<\/section>\n\t\t\t\t<section data-particle_enable=\"false\" data-particle-mobile-disabled=\"false\" class=\"elementor-section elementor-top-section elementor-element elementor-element-c35e596 elementor-section-boxed elementor-section-height-default elementor-section-height-default\" data-id=\"c35e596\" data-element_type=\"section\" data-e-type=\"section\">\n\t\t\t\t\t\t<div class=\"elementor-container elementor-column-gap-default\">\n\t\t\t\t\t<div class=\"elementor-column elementor-col-100 elementor-top-column elementor-element elementor-element-85d4abe\" data-id=\"85d4abe\" data-element_type=\"column\" data-e-type=\"column\">\n\t\t\t<div class=\"elementor-widget-wrap elementor-element-populated\">\n\t\t\t\t\t\t<div class=\"elementor-element elementor-element-eafbe24 elementor-widget elementor-widget-heading\" data-id=\"eafbe24\" data-element_type=\"widget\" data-e-type=\"widget\" data-widget_type=\"heading.default\">\n\t\t\t\t<div class=\"elementor-widget-container\">\n\t\t\t\t\t<h1 class=\"elementor-heading-title elementor-size-default\">BMW S\u00e9rie 3 - 323i E21<\/h1>\t\t\t\t<\/div>\n\t\t\t\t<\/div>\n\t\t\t\t\t<\/div>\n\t\t<\/div>\n\t\t\t\t\t<\/div>\n\t\t<\/section>\n\t\t\t\t<section data-particle_enable=\"false\" data-particle-mobile-disabled=\"false\" class=\"elementor-section elementor-top-section elementor-element elementor-element-1788e63 elementor-section-boxed elementor-section-height-default elementor-section-height-default\" data-id=\"1788e63\" data-element_type=\"section\" data-e-type=\"section\">\n\t\t\t\t\t\t<div class=\"elementor-container elementor-column-gap-default\">\n\t\t\t\t\t<div class=\"elementor-column elementor-col-100 elementor-top-column elementor-element elementor-element-560b766\" data-id=\"560b766\" data-element_type=\"column\" data-e-type=\"column\">\n\t\t\t<div class=\"elementor-widget-wrap elementor-element-populated\">\n\t\t\t\t\t\t<div class=\"elementor-element elementor-element-f08f967 elementor-widget elementor-widget-text-editor\" data-id=\"f08f967\" data-element_type=\"widget\" data-e-type=\"widget\" data-widget_type=\"text-editor.default\">\n\t\t\t\t<div class=\"elementor-widget-container\">\n\t\t\t\t\t\t\t\t\t<p>Origine : Pontevedra, Espagne, juin 1981<\/p>\n\t\t\t\t\t\t\t\t<\/div>\n\t\t\t\t<\/div>\n\t\t\t\t\t<\/div>\n\t\t<\/div>\n\t\t\t\t\t<\/div>\n\t\t<\/section>\n\t\t\t\t<section data-particle_enable=\"false\" data-particle-mobile-disabled=\"false\" class=\"elementor-section elementor-top-section elementor-element elementor-element-ba4df58 elementor-section-boxed elementor-section-height-default elementor-section-height-default\" data-id=\"ba4df58\" data-element_type=\"section\" data-e-type=\"section\">\n\t\t\t\t\t\t<div class=\"elementor-container elementor-column-gap-default\">\n\t\t\t\t\t<div class=\"elementor-column elementor-col-100 elementor-top-column elementor-element elementor-element-cb42b1e\" data-id=\"cb42b1e\" data-element_type=\"column\" data-e-type=\"column\">\n\t\t\t<div class=\"elementor-widget-wrap elementor-element-populated\">\n\t\t\t\t\t\t<div class=\"elementor-element elementor-element-47014d0 elementor-widget elementor-widget-image\" data-id=\"47014d0\" data-element_type=\"widget\" data-e-type=\"widget\" data-widget_type=\"image.default\">\n\t\t\t\t<div class=\"elementor-widget-container\">\n\t\t\t\t\t\t\t\t\t\t\t\t<figure class=\"wp-caption\">\n\t\t\t\t\t\t\t\t\t\t\t<a href=\"https:\/\/www.jgclassics.com\/wp-content\/uploads\/2023\/05\/bmwcover-scaled.jpg\" data-elementor-open-lightbox=\"yes\" data-elementor-lightbox-title=\"BMW 323i E21\" data-elementor-lightbox-description=\"BMW 323i E21 Barcelona Maresme JG Classics. Disponible pour la location, les photos, les tournages, les s\u00e9quences. BMW 323i E21 Barcelone\" data-e-action-hash=\"#elementor-action%3Aaction%3Dlightbox%26settings%3DeyJpZCI6MTM5MTAsInVybCI6Imh0dHBzOlwvXC93d3cuamdjbGFzc2ljcy5jb21cL3dwLWNvbnRlbnRcL3VwbG9hZHNcLzIwMjNcLzA1XC9ibXdjb3Zlci1zY2FsZWQuanBnIn0%3D\">\n\t\t\t\t\t\t\t<img fetchpriority=\"high\" decoding=\"async\" width=\"2560\" height=\"1119\" src=\"https:\/\/www.jgclassics.com\/wp-content\/uploads\/2023\/05\/bmwcover-scaled.jpg\" class=\"attachment-full size-full wp-image-13910\" alt=\"BMW s\u00e9rie 3 323i E21 1981 Barcelona Maresme. Location de voitures classiques BMW Barcelona.\" srcset=\"https:\/\/www.jgclassics.com\/wp-content\/uploads\/2023\/05\/bmwcover-scaled.jpg 2560w, https:\/\/www.jgclassics.com\/wp-content\/uploads\/2023\/05\/bmwcover-300x131.jpg 300w, https:\/\/www.jgclassics.com\/wp-content\/uploads\/2023\/05\/bmwcover-1024x448.jpg 1024w, https:\/\/www.jgclassics.com\/wp-content\/uploads\/2023\/05\/bmwcover-768x336.jpg 768w, https:\/\/www.jgclassics.com\/wp-content\/uploads\/2023\/05\/bmwcover-1536x672.jpg 1536w, https:\/\/www.jgclassics.com\/wp-content\/uploads\/2023\/05\/bmwcover-2048x895.jpg 2048w\" sizes=\"(max-width: 2560px) 100vw, 2560px\" \/>\t\t\t\t\t\t\t\t<\/a>\n\t\t\t\t\t\t\t\t\t\t\t<figcaption class=\"widget-image-caption wp-caption-text\">BMW 323i E21<\/figcaption>\n\t\t\t\t\t\t\t\t\t\t<\/figure>\n\t\t\t\t\t\t\t\t\t<\/div>\n\t\t\t\t<\/div>\n\t\t\t\t<div class=\"elementor-element elementor-element-00eb6a3 elementor-widget elementor-widget-text-editor\" data-id=\"00eb6a3\" data-element_type=\"widget\" data-e-type=\"widget\" data-widget_type=\"text-editor.default\">\n\t\t\t\t<div class=\"elementor-widget-container\">\n\t\t\t\t\t\t\t\t\t<p>BMW S\u00e9rie 3 &#8211; 323i E21. Premi\u00e8re g\u00e9n\u00e9ration de la s\u00e9rie 3 apr\u00e8s la l\u00e9gendaire 2002. Moteur M20 2300 6 cylindres \u00e0 injection K-Jetronic. Enti\u00e8rement r\u00e9nov\u00e9 au niveau de la carrosserie, de la peinture et de l&#8217;int\u00e9rieur, ainsi qu&#8217;une r\u00e9vision ult\u00e9rieure de la m\u00e9canique et des accessoires. D\u00e9coration alpine.<\/p>\n\t\t\t\t\t\t\t\t<\/div>\n\t\t\t\t<\/div>\n\t\t\t\t\t<\/div>\n\t\t<\/div>\n\t\t\t\t\t<\/div>\n\t\t<\/section>\n\t\t\t\t<section data-particle_enable=\"false\" data-particle-mobile-disabled=\"false\" class=\"elementor-section elementor-top-section elementor-element elementor-element-5ae9a2c elementor-section-boxed elementor-section-height-default elementor-section-height-default\" data-id=\"5ae9a2c\" data-element_type=\"section\" data-e-type=\"section\">\n\t\t\t\t\t\t<div class=\"elementor-container elementor-column-gap-default\">\n\t\t\t\t\t<div class=\"elementor-column elementor-col-33 elementor-top-column elementor-element elementor-element-197295a\" data-id=\"197295a\" data-element_type=\"column\" data-e-type=\"column\">\n\t\t\t<div class=\"elementor-widget-wrap elementor-element-populated\">\n\t\t\t\t\t\t<div class=\"elementor-element elementor-element-658c991 elementor-widget elementor-widget-image\" data-id=\"658c991\" data-element_type=\"widget\" data-e-type=\"widget\" data-widget_type=\"image.default\">\n\t\t\t\t<div class=\"elementor-widget-container\">\n\t\t\t\t\t\t\t\t\t\t\t\t\t\t\t<img decoding=\"async\" width=\"300\" height=\"112\" src=\"https:\/\/www.jgclassics.com\/wp-content\/uploads\/2023\/05\/logo_1942_BMW_2-300x112.jpg\" class=\"attachment-medium size-medium wp-image-14216\" alt=\"\" srcset=\"https:\/\/www.jgclassics.com\/wp-content\/uploads\/2023\/05\/logo_1942_BMW_2-300x112.jpg 300w, https:\/\/www.jgclassics.com\/wp-content\/uploads\/2023\/05\/logo_1942_BMW_2.jpg 440w\" sizes=\"(max-width: 300px) 100vw, 300px\" \/>\t\t\t\t\t\t\t\t\t\t\t\t\t\t\t<\/div>\n\t\t\t\t<\/div>\n\t\t\t\t\t<\/div>\n\t\t<\/div>\n\t\t\t\t<div class=\"elementor-column elementor-col-33 elementor-top-column elementor-element elementor-element-4262a7c\" data-id=\"4262a7c\" data-element_type=\"column\" data-e-type=\"column\">\n\t\t\t<div class=\"elementor-widget-wrap elementor-element-populated\">\n\t\t\t\t\t\t<div data-gbadge=\"{&quot;text&quot;:&quot;Nuevo&quot;,&quot;hideIfEmpty&quot;:false,&quot;icon&quot;:false,&quot;floating&quot;:{&quot;translate&quot;:{&quot;x_param_from&quot;:-5,&quot;x_param_to&quot;:5,&quot;y_param_from&quot;:-5,&quot;y_param_to&quot;:5,&quot;speed&quot;:1000}}}\" class=\"elementor-element elementor-element-d970dc1 elementor-widget__width-inherit elementor-widget-mobile__width-inherit premium-gbadge-yes premium-gbadge-bookmark premium-gbadge-right premium-gbadge-top elementor-widget elementor-widget-eael-creative-button\" data-id=\"d970dc1\" data-element_type=\"widget\" data-e-type=\"widget\" data-widget_type=\"eael-creative-button.default\">\n\t\t\t\t<div class=\"elementor-widget-container\">\n\t\t\t\t\t        <div class=\"eael-creative-button-wrapper\">\n\n            <a class=\"eael-creative-button eael-creative-button--moema eael-cb-icon-position-right\" href=\"https:\/\/www.jgclassics.com\/2023\/05\/15\/bmw-serie-3-e21-ficha-tecnica\/\" target=\"_blank\" data-text=\"Allez-y !\">\n            \t    \n                <div class=\"creative-button-inner\">\n\n                    \n                    <span class=\"cretive-button-text\">Fiche technique BMW E21<\/span>\n\n                                            <span class=\"eael-creative-button-icon-right\"><i aria-hidden=\"true\" class=\"fas fa-toolbox\"><\/i><\/span>                                    <\/div>\n\t                        <\/a>\n        <\/div>\n        \t\t\t\t<\/div>\n\t\t\t\t<\/div>\n\t\t\t\t<div class=\"elementor-element elementor-element-b5f3846 elementor-widget elementor-widget-text-editor\" data-id=\"b5f3846\" data-element_type=\"widget\" data-e-type=\"widget\" data-widget_type=\"text-editor.default\">\n\t\t\t\t<div class=\"elementor-widget-container\">\n\t\t\t\t\t\t\t\t\t<p style=\"text-align: left;\"><a href=\"https:\/\/www.jgclassics.com\/fr\/2023\/05\/15\/bmw-serie-3-e21-fiche-technique\/#torque_motor_M20\" target=\"_blank\" rel=\"noopener\"><img decoding=\"async\" class=\" wp-image-10925 alignleft\" src=\"https:\/\/www.jgclassics.com\/wp-content\/uploads\/2023\/05\/BMW_E21_M20_engine_323_fuel_injection-300x257.jpg\" alt=\"BMW Engine M20 6 cylindres injection K-Jetronic\" width=\"66\" height=\"57\" srcset=\"https:\/\/www.jgclassics.com\/wp-content\/uploads\/2023\/05\/BMW_E21_M20_engine_323_fuel_injection-300x257.jpg 300w, https:\/\/www.jgclassics.com\/wp-content\/uploads\/2023\/05\/BMW_E21_M20_engine_323_fuel_injection-768x659.jpg 768w, https:\/\/www.jgclassics.com\/wp-content\/uploads\/2023\/05\/BMW_E21_M20_engine_323_fuel_injection.jpg 970w\" sizes=\"(max-width: 66px) 100vw, 66px\" \/><strong style=\"font-size: 16px;\">Inclut des informations sur le couple du moteur<\/strong><\/a><\/p>\n\t\t\t\t\t\t\t\t<\/div>\n\t\t\t\t<\/div>\n\t\t\t\t\t<\/div>\n\t\t<\/div>\n\t\t\t\t<div class=\"elementor-column elementor-col-33 elementor-top-column elementor-element elementor-element-4ed8631\" data-id=\"4ed8631\" data-element_type=\"column\" data-e-type=\"column\">\n\t\t\t<div class=\"elementor-widget-wrap elementor-element-populated\">\n\t\t\t\t\t\t<div class=\"elementor-element elementor-element-41a1f21 elementor-widget elementor-widget-image\" data-id=\"41a1f21\" data-element_type=\"widget\" data-e-type=\"widget\" data-widget_type=\"image.default\">\n\t\t\t\t<div class=\"elementor-widget-container\">\n\t\t\t\t\t\t\t\t\t\t\t\t\t\t\t<img loading=\"lazy\" decoding=\"async\" width=\"1024\" height=\"650\" src=\"https:\/\/www.jgclassics.com\/wp-content\/uploads\/2023\/05\/bmw-m20-engine-1024x650.webp\" class=\"attachment-large size-large wp-image-14210\" alt=\"\" srcset=\"https:\/\/www.jgclassics.com\/wp-content\/uploads\/2023\/05\/bmw-m20-engine-1024x650.webp 1024w, https:\/\/www.jgclassics.com\/wp-content\/uploads\/2023\/05\/bmw-m20-engine-300x190.webp 300w, https:\/\/www.jgclassics.com\/wp-content\/uploads\/2023\/05\/bmw-m20-engine-768x487.webp 768w, https:\/\/www.jgclassics.com\/wp-content\/uploads\/2023\/05\/bmw-m20-engine.webp 1193w\" sizes=\"(max-width: 1024px) 100vw, 1024px\" \/>\t\t\t\t\t\t\t\t\t\t\t\t\t\t\t<\/div>\n\t\t\t\t<\/div>\n\t\t\t\t\t<\/div>\n\t\t<\/div>\n\t\t\t\t\t<\/div>\n\t\t<\/section>\n\t\t\t\t<section data-particle_enable=\"false\" data-particle-mobile-disabled=\"false\" class=\"elementor-section elementor-top-section elementor-element elementor-element-ea3e2e3 elementor-section-boxed elementor-section-height-default elementor-section-height-default\" data-id=\"ea3e2e3\" data-element_type=\"section\" data-e-type=\"section\">\n\t\t\t\t\t\t<div class=\"elementor-container elementor-column-gap-default\">\n\t\t\t\t\t<div class=\"elementor-column elementor-col-50 elementor-top-column elementor-element elementor-element-13cec8d\" data-id=\"13cec8d\" data-element_type=\"column\" data-e-type=\"column\">\n\t\t\t<div class=\"elementor-widget-wrap elementor-element-populated\">\n\t\t\t\t\t\t<div class=\"elementor-element elementor-element-2337dd3 elementor-widget elementor-widget-text-editor\" data-id=\"2337dd3\" data-element_type=\"widget\" data-e-type=\"widget\" data-widget_type=\"text-editor.default\">\n\t\t\t\t<div class=\"elementor-widget-container\">\n\t\t\t\t\t\t\t\t\t<p>Ce v\u00e9hicule a \u00e9t\u00e9 immatricul\u00e9 en juin 1981 \u00e0 Pontevedra (Galice, Espagne). Son premier propri\u00e9taire \u00e9tait un industriel du secteur des conserves de la r\u00e9gion.  <\/p>\n<p>Il a ensuite pass\u00e9 huit ans en arret temporaire de r\u00e9habilitation. Au cours de cette p\u00e9riode, la carrosserie, le ch\u00e2ssis et la peinture ont \u00e9t\u00e9 restaur\u00e9s pour obtenir la couleur blanche actuelle &#8211; la premi\u00e8re couleur de la voiture \u00e9tait le gris m\u00e9tallis\u00e9.<\/p>\n<p>Par la suite, la voiture a appartenu \u00e0 un conducteur professionnel -instructeur de conduite sportive- \u00e0 Santiago de Compostela, puis nous l&#8217;avons acquise en juin 2018.<\/p>\n\t\t\t\t\t\t\t\t<\/div>\n\t\t\t\t<\/div>\n\t\t\t\t\t<\/div>\n\t\t<\/div>\n\t\t\t\t<div class=\"elementor-column elementor-col-50 elementor-top-column elementor-element elementor-element-1805726\" data-id=\"1805726\" data-element_type=\"column\" data-e-type=\"column\">\n\t\t\t<div class=\"elementor-widget-wrap elementor-element-populated\">\n\t\t\t\t\t\t<div class=\"elementor-element elementor-element-b7d9c8e elementor-widget elementor-widget-image\" data-id=\"b7d9c8e\" data-element_type=\"widget\" data-e-type=\"widget\" data-widget_type=\"image.default\">\n\t\t\t\t<div class=\"elementor-widget-container\">\n\t\t\t\t\t\t\t\t\t\t\t\t\t\t\t\t<a href=\"https:\/\/www.jgclassics.com\/wp-content\/uploads\/2023\/05\/20230506_203204-scaled.jpg\" data-elementor-open-lightbox=\"yes\" data-elementor-lightbox-title=\"20230506_203204\" data-elementor-lightbox-description=\"BMW 323i E21 Barcelona Maresme JG Classics. Disponible pour la location, les photos, les tournages, les s\u00e9quences. BMW 323i E21 Barcelone\" data-e-action-hash=\"#elementor-action%3Aaction%3Dlightbox%26settings%3DeyJpZCI6MTM3MDYsInVybCI6Imh0dHBzOlwvXC93d3cuamdjbGFzc2ljcy5jb21cL3dwLWNvbnRlbnRcL3VwbG9hZHNcLzIwMjNcLzA1XC8yMDIzMDUwNl8yMDMyMDQtc2NhbGVkLmpwZyJ9\">\n\t\t\t\t\t\t\t<img loading=\"lazy\" decoding=\"async\" width=\"768\" height=\"432\" src=\"https:\/\/www.jgclassics.com\/wp-content\/uploads\/2023\/05\/20230506_203204-768x432.jpg\" class=\"attachment-medium_large size-medium_large wp-image-13706\" alt=\"BMW 323i E21 1981 Barcelona Maresme. Location de voitures de collection BMW Barcelona\" srcset=\"https:\/\/www.jgclassics.com\/wp-content\/uploads\/2023\/05\/20230506_203204-768x432.jpg 768w, https:\/\/www.jgclassics.com\/wp-content\/uploads\/2023\/05\/20230506_203204-300x169.jpg 300w, https:\/\/www.jgclassics.com\/wp-content\/uploads\/2023\/05\/20230506_203204-1024x576.jpg 1024w, https:\/\/www.jgclassics.com\/wp-content\/uploads\/2023\/05\/20230506_203204-1536x864.jpg 1536w, https:\/\/www.jgclassics.com\/wp-content\/uploads\/2023\/05\/20230506_203204-2048x1152.jpg 2048w\" sizes=\"(max-width: 768px) 100vw, 768px\" \/>\t\t\t\t\t\t\t\t<\/a>\n\t\t\t\t\t\t\t\t\t\t\t\t\t\t\t<\/div>\n\t\t\t\t<\/div>\n\t\t\t\t\t<\/div>\n\t\t<\/div>\n\t\t\t\t\t<\/div>\n\t\t<\/section>\n\t\t\t\t<section data-particle_enable=\"false\" data-particle-mobile-disabled=\"false\" class=\"elementor-section elementor-top-section elementor-element elementor-element-cefe20c elementor-section-boxed elementor-section-height-default elementor-section-height-default\" data-id=\"cefe20c\" data-element_type=\"section\" data-e-type=\"section\">\n\t\t\t\t\t\t<div class=\"elementor-container elementor-column-gap-default\">\n\t\t\t\t\t<div class=\"elementor-column elementor-col-100 elementor-top-column elementor-element elementor-element-ebd32f0\" data-id=\"ebd32f0\" data-element_type=\"column\" data-e-type=\"column\">\n\t\t\t<div class=\"elementor-widget-wrap elementor-element-populated\">\n\t\t\t\t\t\t<div class=\"elementor-element elementor-element-c1f42b5 elementor-widget elementor-widget-text-editor\" data-id=\"c1f42b5\" data-element_type=\"widget\" data-e-type=\"widget\" data-widget_type=\"text-editor.default\">\n\t\t\t\t<div class=\"elementor-widget-container\">\n\t\t\t\t\t\t\t\t\t<p>Avec nous, nous avons proc\u00e9d\u00e9 \u00e0 une remise \u00e0 neuf compl\u00e8te de l&#8217;int\u00e9rieur du v\u00e9hicule et \u00e0 une remise en peinture. La voiture avait la sellerie bleue d&#8217;origine, mais le passage des ann\u00e9es a rendu impossible la r\u00e9cup\u00e9ration de l&#8217;original (les tissus \u00e9taient tr\u00e8s us\u00e9s en raison des presque 40 ans que la voiture avait). Pendant les travaux de r\u00e9novation de l&#8217;int\u00e9rieur, nous avons eu la chance de trouver en Angleterre un volant extraordinaire &#8211; une combinaison parfaite de sportivit\u00e9 et d&#8217;\u00e9l\u00e9gance &#8211; en cuir et en bois de noyer, qui a remplac\u00e9 le volant d&#8217;origine. Nous avons install\u00e9 un <a href=\"https:\/\/www.jgclassics.com\/fr\/a-propos-de-nous\/#bmw_323i_e21_autoradio\" target=\"_blank\" rel=\"noopener\">lecteur<\/a> <a href=\"https:\/\/www.manualslib.de\/manual\/302271\/Blaupunkt-New-York-Rdm-127.html#manual\" target=\"_blank\" rel=\"noopener\">CD Blaupunkt New York RDM 127<\/a> qui, bien qu&#8217;il soit plus r\u00e9cent que la voiture (cet <a href=\"http:\/\/antique-autoradio-madness.org\/Blaupunkt\/Blaup_96\/Blaup_96_7.646.870-newyork-rdm127_1.htm\" target=\"_blank\" rel=\"noopener\">autoradio date de 1996<\/a>), conserve une esth\u00e9tique qui s&#8217;harmonise parfaitement avec l&#8217;habitacle &#8211; au moins \u00e0 notre avis, bien que nous comprenions qu&#8217;il s&#8217;agit l\u00e0 d&#8217;un jugement subjectif. Quoi qu&#8217;il en soit, il est ind\u00e9niable qu&#8217;il s&#8217;agit d&#8217;un \u00e9quipement de grande qualit\u00e9 &#8211; m\u00eame selon les normes actuelles &#8211; et dont le design est tr\u00e8s proche des int\u00e9rieurs BMW (il est important de mentionner que dans les ann\u00e9es 1990, Blaupunkt \u00e9tait le fournisseur officiel de l&#8217;\u00e9quipement audio d&#8217;origine de la marque bavaroise). L&#8217;\u00e9quipement \u00e9tait compl\u00e9t\u00e9 par un amplificateur SONY, un caisson de basse Piooner et trois paires de haut-parleurs JBL. Tout install\u00e9 de mani\u00e8re invisible et r\u00e9versible. <\/p>\n<p>Vous pouvez voir ici la diff\u00e9rence entre l&#8217;int\u00e9rieur de l&#8217;habitacle avant et apr\u00e8s nos travaux de r\u00e9novation :<\/p>\n\t\t\t\t\t\t\t\t<\/div>\n\t\t\t\t<\/div>\n\t\t\t\t\t<\/div>\n\t\t<\/div>\n\t\t\t\t\t<\/div>\n\t\t<\/section>\n\t\t\t\t<section data-particle_enable=\"false\" data-particle-mobile-disabled=\"false\" class=\"elementor-section elementor-top-section elementor-element elementor-element-54e136e elementor-section-boxed elementor-section-height-default elementor-section-height-default\" data-id=\"54e136e\" data-element_type=\"section\" data-e-type=\"section\">\n\t\t\t\t\t\t<div class=\"elementor-container elementor-column-gap-default\">\n\t\t\t\t\t<div class=\"elementor-column elementor-col-50 elementor-top-column elementor-element elementor-element-bb639a0\" data-id=\"bb639a0\" data-element_type=\"column\" data-e-type=\"column\">\n\t\t\t<div class=\"elementor-widget-wrap elementor-element-populated\">\n\t\t\t\t\t\t<div class=\"elementor-element elementor-element-9daf2da elementor-widget elementor-widget-image\" data-id=\"9daf2da\" data-element_type=\"widget\" data-e-type=\"widget\" data-widget_type=\"image.default\">\n\t\t\t\t<div class=\"elementor-widget-container\">\n\t\t\t\t\t\t\t\t\t\t\t\t<figure class=\"wp-caption\">\n\t\t\t\t\t\t\t\t\t\t\t<a href=\"https:\/\/www.jgclassics.com\/wp-content\/uploads\/2023\/05\/20180601_184201-2-scaled.jpg\" data-elementor-open-lightbox=\"yes\" data-elementor-lightbox-title=\"BMW 323i E21 : Cabine avant reupholstering\" data-elementor-lightbox-description=\"BMW 323i E21 : Cabine avant reupholstering\" data-e-action-hash=\"#elementor-action%3Aaction%3Dlightbox%26settings%3DeyJpZCI6MTM5MTMsInVybCI6Imh0dHBzOlwvXC93d3cuamdjbGFzc2ljcy5jb21cL3dwLWNvbnRlbnRcL3VwbG9hZHNcLzIwMjNcLzA1XC8yMDE4MDYwMV8xODQyMDEtMi1zY2FsZWQuanBnIn0%3D\">\n\t\t\t\t\t\t\t<img loading=\"lazy\" decoding=\"async\" width=\"768\" height=\"432\" src=\"https:\/\/www.jgclassics.com\/wp-content\/uploads\/2023\/05\/20180601_184201-2-768x432.jpg\" class=\"attachment-medium_large size-medium_large wp-image-13913\" alt=\"BMW 323i E21 : Cabine avant reupholstering\" srcset=\"https:\/\/www.jgclassics.com\/wp-content\/uploads\/2023\/05\/20180601_184201-2-768x432.jpg 768w, https:\/\/www.jgclassics.com\/wp-content\/uploads\/2023\/05\/20180601_184201-2-300x169.jpg 300w, https:\/\/www.jgclassics.com\/wp-content\/uploads\/2023\/05\/20180601_184201-2-1024x576.jpg 1024w, https:\/\/www.jgclassics.com\/wp-content\/uploads\/2023\/05\/20180601_184201-2-1536x864.jpg 1536w, https:\/\/www.jgclassics.com\/wp-content\/uploads\/2023\/05\/20180601_184201-2-2048x1152.jpg 2048w\" sizes=\"(max-width: 768px) 100vw, 768px\" \/>\t\t\t\t\t\t\t\t<\/a>\n\t\t\t\t\t\t\t\t\t\t\t<figcaption class=\"widget-image-caption wp-caption-text\">BMW 323i E21 : Cabine avant reupholstering<\/figcaption>\n\t\t\t\t\t\t\t\t\t\t<\/figure>\n\t\t\t\t\t\t\t\t\t<\/div>\n\t\t\t\t<\/div>\n\t\t\t\t\t<\/div>\n\t\t<\/div>\n\t\t\t\t<div class=\"elementor-column elementor-col-50 elementor-top-column elementor-element elementor-element-490750e\" data-id=\"490750e\" data-element_type=\"column\" data-e-type=\"column\">\n\t\t\t<div class=\"elementor-widget-wrap elementor-element-populated\">\n\t\t\t\t\t\t<div class=\"elementor-element elementor-element-5fff0bd elementor-widget elementor-widget-image\" data-id=\"5fff0bd\" data-element_type=\"widget\" data-e-type=\"widget\" data-widget_type=\"image.default\">\n\t\t\t\t<div class=\"elementor-widget-container\">\n\t\t\t\t\t\t\t\t\t\t\t\t<figure class=\"wp-caption\">\n\t\t\t\t\t\t\t\t\t\t\t<a href=\"https:\/\/www.jgclassics.com\/wp-content\/uploads\/2023\/04\/20190425_104958-1-scaled.jpg\" data-elementor-open-lightbox=\"yes\" data-elementor-lightbox-title=\"BMW 323i E21 - Volant et cadre de direction\" data-elementor-lightbox-description=\"BMW 323i E21 - Volant et cadre. Position de conduite\" data-e-action-hash=\"#elementor-action%3Aaction%3Dlightbox%26settings%3DeyJpZCI6MTM2OTEsInVybCI6Imh0dHBzOlwvXC93d3cuamdjbGFzc2ljcy5jb21cL3dwLWNvbnRlbnRcL3VwbG9hZHNcLzIwMjNcLzA0XC8yMDE5MDQyNV8xMDQ5NTgtMS1zY2FsZWQuanBnIn0%3D\">\n\t\t\t\t\t\t\t<img loading=\"lazy\" decoding=\"async\" width=\"1024\" height=\"768\" src=\"https:\/\/www.jgclassics.com\/wp-content\/uploads\/2023\/04\/20190425_104958-1-1024x768.jpg\" class=\"attachment-large size-large wp-image-13691\" alt=\"BMW 323i E21 - Volant et cadre de direction\" srcset=\"https:\/\/www.jgclassics.com\/wp-content\/uploads\/2023\/04\/20190425_104958-1-1024x768.jpg 1024w, https:\/\/www.jgclassics.com\/wp-content\/uploads\/2023\/04\/20190425_104958-1-300x225.jpg 300w, https:\/\/www.jgclassics.com\/wp-content\/uploads\/2023\/04\/20190425_104958-1-768x576.jpg 768w, https:\/\/www.jgclassics.com\/wp-content\/uploads\/2023\/04\/20190425_104958-1-1536x1152.jpg 1536w, https:\/\/www.jgclassics.com\/wp-content\/uploads\/2023\/04\/20190425_104958-1-2048x1536.jpg 2048w\" sizes=\"(max-width: 1024px) 100vw, 1024px\" \/>\t\t\t\t\t\t\t\t<\/a>\n\t\t\t\t\t\t\t\t\t\t\t<figcaption class=\"widget-image-caption wp-caption-text\">BMW 323i E21 :Habitacle apres retapisser<\/figcaption>\n\t\t\t\t\t\t\t\t\t\t<\/figure>\n\t\t\t\t\t\t\t\t\t<\/div>\n\t\t\t\t<\/div>\n\t\t\t\t\t<\/div>\n\t\t<\/div>\n\t\t\t\t\t<\/div>\n\t\t<\/section>\n\t\t\t\t<section data-particle_enable=\"false\" data-particle-mobile-disabled=\"false\" class=\"elementor-section elementor-top-section elementor-element elementor-element-e6d7b93 elementor-section-boxed elementor-section-height-default elementor-section-height-default\" data-id=\"e6d7b93\" data-element_type=\"section\" data-e-type=\"section\">\n\t\t\t\t\t\t<div class=\"elementor-container elementor-column-gap-default\">\n\t\t\t\t\t<div class=\"elementor-column elementor-col-50 elementor-top-column elementor-element elementor-element-c4ce55c\" data-id=\"c4ce55c\" data-element_type=\"column\" data-e-type=\"column\">\n\t\t\t<div class=\"elementor-widget-wrap elementor-element-populated\">\n\t\t\t\t\t\t<div class=\"elementor-element elementor-element-22f30a3 elementor-widget__width-initial elementor-widget elementor-widget-text-editor\" data-id=\"22f30a3\" data-element_type=\"widget\" data-e-type=\"widget\" data-widget_type=\"text-editor.default\">\n\t\t\t\t<div class=\"elementor-widget-container\">\n\t\t\t\t\t\t\t\t\t<p>En plus de la restauration de l&#8217;int\u00e9rieur, nous avons fait beaucoup de choses sur ce v\u00e9hicule, surtout au niveau de la m\u00e9canique<span style=\"font-style: inherit; font-weight: inherit;\">. Pour n&#8217;en citer que quelques-uns :<\/span><\/p>\n<ul>\n<li>Remplacer la console centrale.<\/li>\n<li>Remplacement des commandes de climatisation int\u00e9rieure et des thermostats.<\/li>\n<li>Remplacement du compte-tours et r\u00e9vision de l&#8217;\u00e9clairage du tableau de bord.<\/li>\n<li>Remplacer les cylindres ma\u00eetre\/esclave d&#8217;embrayage.<\/li>\n<li>Purger\/nettoyer le circuit du liquide de refroidissement.<\/li>\n<li>Installation d&#8217;un ventilateur \u00e9lectrique suppl\u00e9mentaire.<\/li>\n<li>Remplacement de toutes les conduites d&#8217;alimentation en carburant.<\/li>\n<li>Remplacement de la ligne d&#8217;\u00e9chappement.<\/li>\n<li>Remplacement de la pompe \u00e0 carburant et du module d&#8217;allumage.<\/li>\n<li>Peinture\/nettoyage du dessous de caisse (bien que je n&#8217;aie pas eu de probl\u00e8me de corrosion et qu&#8217;il ne s&#8217;agisse que d&#8217;un probl\u00e8me cosm\u00e9tique).<\/li>\n<li>Remplacer toutes les optiques (les 4 phares ordinaires et les deux antibrouillards).<\/li>\n<li>Repeindre et restaurer la grille de la calandre.<\/li>\n<\/ul>\n\t\t\t\t\t\t\t\t<\/div>\n\t\t\t\t<\/div>\n\t\t\t\t\t<\/div>\n\t\t<\/div>\n\t\t\t\t<div class=\"elementor-column elementor-col-50 elementor-top-column elementor-element elementor-element-312b6bd\" data-id=\"312b6bd\" data-element_type=\"column\" data-e-type=\"column\">\n\t\t\t<div class=\"elementor-widget-wrap elementor-element-populated\">\n\t\t\t\t\t\t<div class=\"elementor-element elementor-element-7cc5f92 elementor-widget elementor-widget-image\" data-id=\"7cc5f92\" data-element_type=\"widget\" data-e-type=\"widget\" data-widget_type=\"image.default\">\n\t\t\t\t<div class=\"elementor-widget-container\">\n\t\t\t\t\t\t\t\t\t\t\t\t\t\t\t\t<a href=\"https:\/\/www.jgclassics.com\/wp-content\/uploads\/2023\/05\/20230506_201005-scaled.jpg\" data-elementor-open-lightbox=\"yes\" data-elementor-lightbox-title=\"BMW 323i E21 Barcelone\" data-elementor-lightbox-description=\"BMW 323i E21 Barcelona Maresme JG Classics. Disponible pour la location, les photos, les tournages, les s\u00e9quences. BMW 323i E21 Barcelone\" data-e-action-hash=\"#elementor-action%3Aaction%3Dlightbox%26settings%3DeyJpZCI6MTM4NDcsInVybCI6Imh0dHBzOlwvXC93d3cuamdjbGFzc2ljcy5jb21cL3dwLWNvbnRlbnRcL3VwbG9hZHNcLzIwMjNcLzA1XC8yMDIzMDUwNl8yMDEwMDUtc2NhbGVkLmpwZyJ9\">\n\t\t\t\t\t\t\t<img loading=\"lazy\" decoding=\"async\" width=\"768\" height=\"1365\" src=\"https:\/\/www.jgclassics.com\/wp-content\/uploads\/2023\/05\/20230506_201005-768x1365.jpg\" class=\"attachment-medium_large size-medium_large wp-image-13847\" alt=\"BMW 323i E21 1981 Barcelona Maresme. Location de voitures de collection BMW Barcelona\" srcset=\"https:\/\/www.jgclassics.com\/wp-content\/uploads\/2023\/05\/20230506_201005-768x1365.jpg 768w, https:\/\/www.jgclassics.com\/wp-content\/uploads\/2023\/05\/20230506_201005-169x300.jpg 169w, https:\/\/www.jgclassics.com\/wp-content\/uploads\/2023\/05\/20230506_201005-576x1024.jpg 576w, https:\/\/www.jgclassics.com\/wp-content\/uploads\/2023\/05\/20230506_201005-864x1536.jpg 864w, https:\/\/www.jgclassics.com\/wp-content\/uploads\/2023\/05\/20230506_201005-1152x2048.jpg 1152w, https:\/\/www.jgclassics.com\/wp-content\/uploads\/2023\/05\/20230506_201005-scaled.jpg 1440w\" sizes=\"(max-width: 768px) 100vw, 768px\" \/>\t\t\t\t\t\t\t\t<\/a>\n\t\t\t\t\t\t\t\t\t\t\t\t\t\t\t<\/div>\n\t\t\t\t<\/div>\n\t\t\t\t\t<\/div>\n\t\t<\/div>\n\t\t\t\t\t<\/div>\n\t\t<\/section>\n\t\t\t\t<section data-particle_enable=\"false\" data-particle-mobile-disabled=\"false\" class=\"elementor-section elementor-top-section elementor-element elementor-element-f74ec92 elementor-section-boxed elementor-section-height-default elementor-section-height-default\" data-id=\"f74ec92\" data-element_type=\"section\" data-e-type=\"section\">\n\t\t\t\t\t\t<div class=\"elementor-container elementor-column-gap-default\">\n\t\t\t\t\t<div class=\"elementor-column elementor-col-50 elementor-top-column elementor-element elementor-element-141b0b5\" data-id=\"141b0b5\" data-element_type=\"column\" data-e-type=\"column\">\n\t\t\t<div class=\"elementor-widget-wrap elementor-element-populated\">\n\t\t\t\t\t\t<div class=\"elementor-element elementor-element-7cb5657 elementor-widget elementor-widget-image\" data-id=\"7cb5657\" data-element_type=\"widget\" data-e-type=\"widget\" data-widget_type=\"image.default\">\n\t\t\t\t<div class=\"elementor-widget-container\">\n\t\t\t\t\t\t\t\t\t\t\t\t\t\t\t\t<a href=\"https:\/\/www.jgclassics.com\/wp-content\/uploads\/2023\/05\/20230506_203010-scaled.jpg\" data-elementor-open-lightbox=\"yes\" data-elementor-lightbox-title=\"BMW 323i E21 Barcelona - Alpina decoration\" data-elementor-lightbox-description=\"BMW 323i E21 Barcelona - Alpina decoration\" data-e-action-hash=\"#elementor-action%3Aaction%3Dlightbox%26settings%3DeyJpZCI6MTM5MDQsInVybCI6Imh0dHBzOlwvXC93d3cuamdjbGFzc2ljcy5jb21cL3dwLWNvbnRlbnRcL3VwbG9hZHNcLzIwMjNcLzA1XC8yMDIzMDUwNl8yMDMwMTAtc2NhbGVkLmpwZyJ9\">\n\t\t\t\t\t\t\t<img loading=\"lazy\" decoding=\"async\" width=\"1024\" height=\"576\" src=\"https:\/\/www.jgclassics.com\/wp-content\/uploads\/2023\/05\/20230506_203010-1024x576.jpg\" class=\"attachment-large size-large wp-image-13904\" alt=\"BMW 323i E21 Barcelona - Alpina decoration\" srcset=\"https:\/\/www.jgclassics.com\/wp-content\/uploads\/2023\/05\/20230506_203010-1024x576.jpg 1024w, https:\/\/www.jgclassics.com\/wp-content\/uploads\/2023\/05\/20230506_203010-300x169.jpg 300w, https:\/\/www.jgclassics.com\/wp-content\/uploads\/2023\/05\/20230506_203010-768x432.jpg 768w, https:\/\/www.jgclassics.com\/wp-content\/uploads\/2023\/05\/20230506_203010-1536x864.jpg 1536w, https:\/\/www.jgclassics.com\/wp-content\/uploads\/2023\/05\/20230506_203010-2048x1152.jpg 2048w\" sizes=\"(max-width: 1024px) 100vw, 1024px\" \/>\t\t\t\t\t\t\t\t<\/a>\n\t\t\t\t\t\t\t\t\t\t\t\t\t\t\t<\/div>\n\t\t\t\t<\/div>\n\t\t\t\t\t<\/div>\n\t\t<\/div>\n\t\t\t\t<div class=\"elementor-column elementor-col-50 elementor-top-column elementor-element elementor-element-cb60d2a\" data-id=\"cb60d2a\" data-element_type=\"column\" data-e-type=\"column\">\n\t\t\t<div class=\"elementor-widget-wrap elementor-element-populated\">\n\t\t\t\t\t\t<div class=\"elementor-element elementor-element-6ed9f83 elementor-widget__width-initial elementor-widget elementor-widget-text-editor\" data-id=\"6ed9f83\" data-element_type=\"widget\" data-e-type=\"widget\" data-widget_type=\"text-editor.default\">\n\t\t\t\t<div class=\"elementor-widget-container\">\n\t\t\t\t\t\t\t\t\t<p>Pour faire un petit hommage \u00e0 la variante Alpina qui existait et compte tenu de la couleur et de l&#8217;aspect de la voiture (lorsque nous l&#8217;avons achet\u00e9e, elle a \u00e9t\u00e9 livr\u00e9e avec des jantes de 15 pouces de type Alpina et une suspension sportive \u00e0 d\u00e9battement plus court &#8211; ces deux options \u00e9taient d\u00e9j\u00e0 disponibles de s\u00e9rie \u00e0 l&#8217;\u00e9poque si le client souhaitait les acheter), nous avons d\u00e9cid\u00e9 de monter la d\u00e9coration Alpina, qui est celle que la voiture porte actuellement. Le moteur est toujours le moteur 6 cylindres 2.3i M20 d&#8217;origine de BMW, il conserve donc la m\u00e9canique standard. Malgr\u00e9 cela, ses 143 ch et son couple de 190 Nm en font une voiture tr\u00e8s dynamique \u00e0 conduire.<\/p>\n\t\t\t\t\t\t\t\t<\/div>\n\t\t\t\t<\/div>\n\t\t\t\t\t<\/div>\n\t\t<\/div>\n\t\t\t\t\t<\/div>\n\t\t<\/section>\n\t\t\t\t<section data-particle_enable=\"false\" data-particle-mobile-disabled=\"false\" class=\"elementor-section elementor-top-section elementor-element elementor-element-867b883 elementor-section-boxed elementor-section-height-default elementor-section-height-default\" data-id=\"867b883\" data-element_type=\"section\" data-e-type=\"section\">\n\t\t\t\t\t\t<div class=\"elementor-container elementor-column-gap-default\">\n\t\t\t\t\t<div class=\"elementor-column elementor-col-50 elementor-top-column elementor-element elementor-element-b961cad\" data-id=\"b961cad\" data-element_type=\"column\" data-e-type=\"column\">\n\t\t\t<div class=\"elementor-widget-wrap elementor-element-populated\">\n\t\t\t\t\t\t<div class=\"elementor-element elementor-element-90270f5 elementor-widget elementor-widget-text-editor\" data-id=\"90270f5\" data-element_type=\"widget\" data-e-type=\"widget\" data-widget_type=\"text-editor.default\">\n\t\t\t\t<div class=\"elementor-widget-container\">\n\t\t\t\t\t\t\t\t\t<p>Ce v\u00e9hicule est actuellement en circulation et <strong><a href=\"https:\/\/www.jgclassics.com\/fr\/location-de-voitures-de-collection-liste-de-prix\/\" target=\"_blank\" rel=\"noopener\">disponible \u00e0 la location<\/a><\/strong> si vous en avez besoin pour une s\u00e9ance photo, un tournage ou une exposition. Quoi qu&#8217;il en soit, <a href=\"https:\/\/www.jgclassics.com\/fr\/contact\/\" target=\"_blank\" rel=\"noopener\">contactez-nous<\/a> si vous avez des besoins en la mati\u00e8re afin que nous puissions vous aider.<\/p>\n\t\t\t\t\t\t\t\t<\/div>\n\t\t\t\t<\/div>\n\t\t\t\t<div class=\"elementor-element elementor-element-1c3b262 elementor-widget elementor-widget-text-editor\" data-id=\"1c3b262\" data-element_type=\"widget\" data-e-type=\"widget\" data-widget_type=\"text-editor.default\">\n\t\t\t\t<div class=\"elementor-widget-container\">\n\t\t\t\t\t\t\t\t\t<p><span style=\"font-style: inherit; font-weight: inherit;\">Par ailleurs, si vous \u00eates propri\u00e9taire ou futur acqu\u00e9reur de l&#8217;un de ces mod\u00e8les et que vous avez besoin d&#8217;informations sur les pi\u00e8ces d\u00e9tach\u00e9es, les pi\u00e8ces de rechange ou les informations techniques, n&#8217;h\u00e9sitez pas \u00e0<\/span> <a style=\"font-style: inherit; font-weight: inherit; background-color: #eef2f9;\" href=\"https:\/\/www.jgclassics.com\/fr\/contact\/\" target=\"_blank\" rel=\"noopener\">nous contacter<\/a><span style=\"font-style: inherit; font-weight: inherit;\">, car nous serons heureux de les partager avec vous.<\/span><\/p>\n\t\t\t\t\t\t\t\t<\/div>\n\t\t\t\t<\/div>\n\t\t\t\t\t<\/div>\n\t\t<\/div>\n\t\t\t\t<div class=\"elementor-column elementor-col-50 elementor-top-column elementor-element elementor-element-5d1075a\" data-id=\"5d1075a\" data-element_type=\"column\" data-e-type=\"column\">\n\t\t\t<div class=\"elementor-widget-wrap elementor-element-populated\">\n\t\t\t\t\t\t<div class=\"elementor-element elementor-element-d11f852 elementor-widget elementor-widget-image\" data-id=\"d11f852\" data-element_type=\"widget\" data-e-type=\"widget\" data-widget_type=\"image.default\">\n\t\t\t\t<div class=\"elementor-widget-container\">\n\t\t\t\t\t\t\t\t\t\t\t\t\t\t\t\t<a href=\"https:\/\/www.jgclassics.com\/wp-content\/uploads\/2023\/05\/20230508_133935-scaled.jpg\" data-elementor-open-lightbox=\"yes\" data-elementor-lightbox-title=\"BMW 323i E21 Barcelone\" data-elementor-lightbox-description=\"BMW 323i E21 Barcelona Maresme JG Classics. Disponible pour la location, les photos, les tournages, les s\u00e9quences. BMW 323i E21 Barcelone\" data-e-action-hash=\"#elementor-action%3Aaction%3Dlightbox%26settings%3DeyJpZCI6MTQwNTcsInVybCI6Imh0dHBzOlwvXC93d3cuamdjbGFzc2ljcy5jb21cL3dwLWNvbnRlbnRcL3VwbG9hZHNcLzIwMjNcLzA1XC8yMDIzMDUwOF8xMzM5MzUtc2NhbGVkLmpwZyJ9\">\n\t\t\t\t\t\t\t<img loading=\"lazy\" decoding=\"async\" width=\"1024\" height=\"576\" src=\"https:\/\/www.jgclassics.com\/wp-content\/uploads\/2023\/05\/20230508_133935-1024x576.jpg\" class=\"attachment-large size-large wp-image-14057\" alt=\"BMW 323i E21 1981 Barcelona Maresme. Location de voitures de collection BMW Barcelona\" srcset=\"https:\/\/www.jgclassics.com\/wp-content\/uploads\/2023\/05\/20230508_133935-1024x576.jpg 1024w, https:\/\/www.jgclassics.com\/wp-content\/uploads\/2023\/05\/20230508_133935-300x169.jpg 300w, https:\/\/www.jgclassics.com\/wp-content\/uploads\/2023\/05\/20230508_133935-768x432.jpg 768w, https:\/\/www.jgclassics.com\/wp-content\/uploads\/2023\/05\/20230508_133935-1536x864.jpg 1536w, https:\/\/www.jgclassics.com\/wp-content\/uploads\/2023\/05\/20230508_133935-2048x1152.jpg 2048w\" sizes=\"(max-width: 1024px) 100vw, 1024px\" \/>\t\t\t\t\t\t\t\t<\/a>\n\t\t\t\t\t\t\t\t\t\t\t\t\t\t\t<\/div>\n\t\t\t\t<\/div>\n\t\t\t\t\t<\/div>\n\t\t<\/div>\n\t\t\t\t\t<\/div>\n\t\t<\/section>\n\t\t\t\t<section data-particle_enable=\"false\" data-particle-mobile-disabled=\"false\" class=\"elementor-section elementor-top-section elementor-element elementor-element-62a5ab5 elementor-section-boxed elementor-section-height-default elementor-section-height-default\" data-id=\"62a5ab5\" data-element_type=\"section\" data-e-type=\"section\">\n\t\t\t\t\t\t<div class=\"elementor-container elementor-column-gap-default\">\n\t\t\t\t\t<div class=\"elementor-column elementor-col-100 elementor-top-column elementor-element elementor-element-119e321\" data-id=\"119e321\" data-element_type=\"column\" data-e-type=\"column\">\n\t\t\t<div class=\"elementor-widget-wrap elementor-element-populated\">\n\t\t\t\t\t\t<div class=\"elementor-element elementor-element-0aa11cf elementor-widget elementor-widget-heading\" data-id=\"0aa11cf\" data-element_type=\"widget\" data-e-type=\"widget\" data-widget_type=\"heading.default\">\n\t\t\t\t<div class=\"elementor-widget-container\">\n\t\t\t\t\t<h2 class=\"elementor-heading-title elementor-size-default\">BMW 323i E21. Album de photos. Cliquez sur la cat\u00e9gorie :<\/h2>\t\t\t\t<\/div>\n\t\t\t\t<\/div>\n\t\t\t\t\t<\/div>\n\t\t<\/div>\n\t\t\t\t\t<\/div>\n\t\t<\/section>\n\t\t\t\t<section data-particle_enable=\"false\" data-particle-mobile-disabled=\"false\" class=\"elementor-section elementor-top-section elementor-element elementor-element-3bd3780 elementor-section-boxed elementor-section-height-default elementor-section-height-default\" data-id=\"3bd3780\" data-element_type=\"section\" data-e-type=\"section\">\n\t\t\t\t\t\t<div class=\"elementor-container elementor-column-gap-default\">\n\t\t\t\t\t<div class=\"elementor-column elementor-col-100 elementor-top-column elementor-element elementor-element-a8a7f8e\" data-id=\"a8a7f8e\" data-element_type=\"column\" data-e-type=\"column\">\n\t\t\t<div class=\"elementor-widget-wrap elementor-element-populated\">\n\t\t\t\t\t\t<div class=\"elementor-element elementor-element-6232dff elementor-gallery--filter-align-center elementor-widget elementor-widget-gallery\" data-id=\"6232dff\" data-element_type=\"widget\" data-e-type=\"widget\" data-settings=\"{&quot;gallery_layout&quot;:&quot;justified&quot;,&quot;ideal_row_height&quot;:{&quot;unit&quot;:&quot;px&quot;,&quot;size&quot;:133,&quot;sizes&quot;:[]},&quot;ideal_row_height_mobile&quot;:{&quot;unit&quot;:&quot;px&quot;,&quot;size&quot;:72,&quot;sizes&quot;:[]},&quot;lazyload&quot;:&quot;yes&quot;,&quot;ideal_row_height_tablet&quot;:{&quot;unit&quot;:&quot;px&quot;,&quot;size&quot;:150,&quot;sizes&quot;:[]},&quot;gap&quot;:{&quot;unit&quot;:&quot;px&quot;,&quot;size&quot;:10,&quot;sizes&quot;:[]},&quot;gap_tablet&quot;:{&quot;unit&quot;:&quot;px&quot;,&quot;size&quot;:10,&quot;sizes&quot;:[]},&quot;gap_mobile&quot;:{&quot;unit&quot;:&quot;px&quot;,&quot;size&quot;:10,&quot;sizes&quot;:[]},&quot;link_to&quot;:&quot;file&quot;,&quot;overlay_background&quot;:&quot;yes&quot;,&quot;content_hover_animation&quot;:&quot;fade-in&quot;}\" data-widget_type=\"gallery.default\">\n\t\t\t\t<div class=\"elementor-widget-container\">\n\t\t\t\t\t\t\t\t<div class=\"elementor-gallery__titles-container e--pointer-text e--animation-grow\" aria-label=\"Filtre de galerie\">\n\t\t\t\t\n\t\t\t\t\t\t\t\t\t<a class=\"elementor-item elementor-gallery-title\" role=\"button\" tabindex=\"0\" data-gallery-index=\"0\">\n\t\t\t\t\t\tExt\u00e9rieur 1\t\t\t\t\t<\/a>\n\t\t\t\t\t\t\t\t\t\t<a class=\"elementor-item elementor-gallery-title\" role=\"button\" tabindex=\"0\" data-gallery-index=\"1\">\n\t\t\t\t\t\tExt\u00e9rieur 2\t\t\t\t\t<\/a>\n\t\t\t\t\t\t\t\t\t\t<a class=\"elementor-item elementor-gallery-title\" role=\"button\" tabindex=\"0\" data-gallery-index=\"2\">\n\t\t\t\t\t\tInt\u00e9rieur 1\t\t\t\t\t<\/a>\n\t\t\t\t\t\t\t\t\t\t<a class=\"elementor-item elementor-gallery-title\" role=\"button\" tabindex=\"0\" data-gallery-index=\"3\">\n\t\t\t\t\t\tInt\u00e9rieur 2\t\t\t\t\t<\/a>\n\t\t\t\t\t\t\t\t<\/div>\n\t\t\t\t\t<div class=\"elementor-gallery__container\">\n\t\t\t\t\t\t\t<a class=\"e-gallery-item elementor-gallery-item elementor-animated-content\" data-e-gallery-tags=\"0\" href=\"https:\/\/www.jgclassics.com\/wp-content\/uploads\/2023\/05\/20230506_195657-scaled.jpg\" data-elementor-open-lightbox=\"yes\" data-elementor-lightbox-slideshow=\"6232dff\" data-elementor-lightbox-title=\"20230506_195657\" data-elementor-lightbox-description=\"BMW 323i E21 Barcelona Maresme JG Classics. Disponible para alquiler, fotos, filmaciones, metrajes. BMW 323i E21 Barcelona\" data-e-action-hash=\"#elementor-action%3Aaction%3Dlightbox%26settings%3DeyJpZCI6MTM3MjcsInVybCI6Imh0dHBzOlwvXC93d3cuamdjbGFzc2ljcy5jb21cL3dwLWNvbnRlbnRcL3VwbG9hZHNcLzIwMjNcLzA1XC8yMDIzMDUwNl8xOTU2NTctc2NhbGVkLmpwZyIsInNsaWRlc2hvdyI6IjYyMzJkZmYifQ%3D%3D\">\n\t\t\t\t\t<div class=\"e-gallery-image elementor-gallery-item__image\" data-thumbnail=\"https:\/\/www.jgclassics.com\/wp-content\/uploads\/2023\/05\/20230506_195657-300x169.jpg\" data-width=\"300\" data-height=\"169\" aria-label=\"\" role=\"img\" ><\/div>\n\t\t\t\t\t\t\t\t\t\t\t<div class=\"elementor-gallery-item__overlay\"><\/div>\n\t\t\t\t\t\t\t\t\t\t\t\t\t\t<\/a>\n\t\t\t\t\t\t\t<a class=\"e-gallery-item elementor-gallery-item elementor-animated-content\" data-e-gallery-tags=\"0\" href=\"https:\/\/www.jgclassics.com\/wp-content\/uploads\/2023\/05\/20230506_203046-scaled.jpg\" data-elementor-open-lightbox=\"yes\" data-elementor-lightbox-slideshow=\"6232dff\" data-elementor-lightbox-title=\"20230506_203046\" data-elementor-lightbox-description=\"BMW 323i E21 Barcelona Maresme JG Classics. Disponible para alquiler, fotos, filmaciones, metrajes. BMW 323i E21 Barcelona\" data-e-action-hash=\"#elementor-action%3Aaction%3Dlightbox%26settings%3DeyJpZCI6MTM3MDMsInVybCI6Imh0dHBzOlwvXC93d3cuamdjbGFzc2ljcy5jb21cL3dwLWNvbnRlbnRcL3VwbG9hZHNcLzIwMjNcLzA1XC8yMDIzMDUwNl8yMDMwNDYtc2NhbGVkLmpwZyIsInNsaWRlc2hvdyI6IjYyMzJkZmYifQ%3D%3D\">\n\t\t\t\t\t<div class=\"e-gallery-image elementor-gallery-item__image\" data-thumbnail=\"https:\/\/www.jgclassics.com\/wp-content\/uploads\/2023\/05\/20230506_203046-300x169.jpg\" data-width=\"300\" data-height=\"169\" aria-label=\"\" role=\"img\" ><\/div>\n\t\t\t\t\t\t\t\t\t\t\t<div class=\"elementor-gallery-item__overlay\"><\/div>\n\t\t\t\t\t\t\t\t\t\t\t\t\t\t<\/a>\n\t\t\t\t\t\t\t<a class=\"e-gallery-item elementor-gallery-item elementor-animated-content\" data-e-gallery-tags=\"0\" href=\"https:\/\/www.jgclassics.com\/wp-content\/uploads\/2023\/05\/20230506_203204-scaled.jpg\" data-elementor-open-lightbox=\"yes\" data-elementor-lightbox-slideshow=\"6232dff\" data-elementor-lightbox-title=\"20230506_203204\" data-elementor-lightbox-description=\"BMW 323i E21 Barcelona Maresme JG Classics. Disponible pour la location, les photos, les tournages, les s\u00e9quences. BMW 323i E21 Barcelone\" data-e-action-hash=\"#elementor-action%3Aaction%3Dlightbox%26settings%3DeyJpZCI6MTM3MDYsInVybCI6Imh0dHBzOlwvXC93d3cuamdjbGFzc2ljcy5jb21cL3dwLWNvbnRlbnRcL3VwbG9hZHNcLzIwMjNcLzA1XC8yMDIzMDUwNl8yMDMyMDQtc2NhbGVkLmpwZyIsInNsaWRlc2hvdyI6IjYyMzJkZmYifQ%3D%3D\">\n\t\t\t\t\t<div class=\"e-gallery-image elementor-gallery-item__image\" data-thumbnail=\"https:\/\/www.jgclassics.com\/wp-content\/uploads\/2023\/05\/20230506_203204-300x169.jpg\" data-width=\"300\" data-height=\"169\" aria-label=\"BMW 323i E21 1981 Barcelona Maresme. Location de voitures de collection BMW Barcelona\" role=\"img\" ><\/div>\n\t\t\t\t\t\t\t\t\t\t\t<div class=\"elementor-gallery-item__overlay\"><\/div>\n\t\t\t\t\t\t\t\t\t\t\t\t\t\t<\/a>\n\t\t\t\t\t\t\t<a class=\"e-gallery-item elementor-gallery-item elementor-animated-content\" data-e-gallery-tags=\"0\" href=\"https:\/\/www.jgclassics.com\/wp-content\/uploads\/2023\/05\/20230506_203212-scaled.jpg\" data-elementor-open-lightbox=\"yes\" data-elementor-lightbox-slideshow=\"6232dff\" data-elementor-lightbox-title=\"20230506_203212\" data-elementor-lightbox-description=\"BMW 323i E21 Barcelona Maresme JG Classics. Disponible para alquiler, fotos, filmaciones, metrajes. BMW 323i E21 Barcelona\" data-e-action-hash=\"#elementor-action%3Aaction%3Dlightbox%26settings%3DeyJpZCI6MTM3MDksInVybCI6Imh0dHBzOlwvXC93d3cuamdjbGFzc2ljcy5jb21cL3dwLWNvbnRlbnRcL3VwbG9hZHNcLzIwMjNcLzA1XC8yMDIzMDUwNl8yMDMyMTItc2NhbGVkLmpwZyIsInNsaWRlc2hvdyI6IjYyMzJkZmYifQ%3D%3D\">\n\t\t\t\t\t<div class=\"e-gallery-image elementor-gallery-item__image\" data-thumbnail=\"https:\/\/www.jgclassics.com\/wp-content\/uploads\/2023\/05\/20230506_203212-300x169.jpg\" data-width=\"300\" data-height=\"169\" aria-label=\"\" role=\"img\" ><\/div>\n\t\t\t\t\t\t\t\t\t\t\t<div class=\"elementor-gallery-item__overlay\"><\/div>\n\t\t\t\t\t\t\t\t\t\t\t\t\t\t<\/a>\n\t\t\t\t\t\t\t<a class=\"e-gallery-item elementor-gallery-item elementor-animated-content\" data-e-gallery-tags=\"0\" href=\"https:\/\/www.jgclassics.com\/wp-content\/uploads\/2023\/05\/20230506_203229-scaled.jpg\" data-elementor-open-lightbox=\"yes\" data-elementor-lightbox-slideshow=\"6232dff\" data-elementor-lightbox-title=\"20230506_203229\" data-elementor-lightbox-description=\"BMW 323i E21 Barcelona Maresme JG Classics. Disponible para alquiler, fotos, filmaciones, metrajes. BMW 323i E21 Barcelona\" data-e-action-hash=\"#elementor-action%3Aaction%3Dlightbox%26settings%3DeyJpZCI6MTM3MTIsInVybCI6Imh0dHBzOlwvXC93d3cuamdjbGFzc2ljcy5jb21cL3dwLWNvbnRlbnRcL3VwbG9hZHNcLzIwMjNcLzA1XC8yMDIzMDUwNl8yMDMyMjktc2NhbGVkLmpwZyIsInNsaWRlc2hvdyI6IjYyMzJkZmYifQ%3D%3D\">\n\t\t\t\t\t<div class=\"e-gallery-image elementor-gallery-item__image\" data-thumbnail=\"https:\/\/www.jgclassics.com\/wp-content\/uploads\/2023\/05\/20230506_203229-300x169.jpg\" data-width=\"300\" data-height=\"169\" aria-label=\"\" role=\"img\" ><\/div>\n\t\t\t\t\t\t\t\t\t\t\t<div class=\"elementor-gallery-item__overlay\"><\/div>\n\t\t\t\t\t\t\t\t\t\t\t\t\t\t<\/a>\n\t\t\t\t\t\t\t<a class=\"e-gallery-item elementor-gallery-item elementor-animated-content\" data-e-gallery-tags=\"0\" href=\"https:\/\/www.jgclassics.com\/wp-content\/uploads\/2023\/05\/20230506_195647-scaled.jpg\" data-elementor-open-lightbox=\"yes\" data-elementor-lightbox-slideshow=\"6232dff\" data-elementor-lightbox-title=\"20230506_195647\" data-elementor-lightbox-description=\"BMW 323i E21 Barcelona Maresme JG Classics. Disponible para alquiler, fotos, filmaciones, metrajes. BMW 323i E21 Barcelona\" data-e-action-hash=\"#elementor-action%3Aaction%3Dlightbox%26settings%3DeyJpZCI6MTM3MjQsInVybCI6Imh0dHBzOlwvXC93d3cuamdjbGFzc2ljcy5jb21cL3dwLWNvbnRlbnRcL3VwbG9hZHNcLzIwMjNcLzA1XC8yMDIzMDUwNl8xOTU2NDctc2NhbGVkLmpwZyIsInNsaWRlc2hvdyI6IjYyMzJkZmYifQ%3D%3D\">\n\t\t\t\t\t<div class=\"e-gallery-image elementor-gallery-item__image\" data-thumbnail=\"https:\/\/www.jgclassics.com\/wp-content\/uploads\/2023\/05\/20230506_195647-300x169.jpg\" data-width=\"300\" data-height=\"169\" aria-label=\"\" role=\"img\" ><\/div>\n\t\t\t\t\t\t\t\t\t\t\t<div class=\"elementor-gallery-item__overlay\"><\/div>\n\t\t\t\t\t\t\t\t\t\t\t\t\t\t<\/a>\n\t\t\t\t\t\t\t<a class=\"e-gallery-item elementor-gallery-item elementor-animated-content\" data-e-gallery-tags=\"0\" href=\"https:\/\/www.jgclassics.com\/wp-content\/uploads\/2023\/05\/20230506_195725-scaled.jpg\" data-elementor-open-lightbox=\"yes\" data-elementor-lightbox-slideshow=\"6232dff\" data-elementor-lightbox-title=\"20230506_195725\" data-elementor-lightbox-description=\"BMW 323i E21 Barcelona Maresme JG Classics. Disponible para alquiler, fotos, filmaciones, metrajes. BMW 323i E21 Barcelona\" data-e-action-hash=\"#elementor-action%3Aaction%3Dlightbox%26settings%3DeyJpZCI6MTM3MzYsInVybCI6Imh0dHBzOlwvXC93d3cuamdjbGFzc2ljcy5jb21cL3dwLWNvbnRlbnRcL3VwbG9hZHNcLzIwMjNcLzA1XC8yMDIzMDUwNl8xOTU3MjUtc2NhbGVkLmpwZyIsInNsaWRlc2hvdyI6IjYyMzJkZmYifQ%3D%3D\">\n\t\t\t\t\t<div class=\"e-gallery-image elementor-gallery-item__image\" data-thumbnail=\"https:\/\/www.jgclassics.com\/wp-content\/uploads\/2023\/05\/20230506_195725-300x169.jpg\" data-width=\"300\" data-height=\"169\" aria-label=\"\" role=\"img\" ><\/div>\n\t\t\t\t\t\t\t\t\t\t\t<div class=\"elementor-gallery-item__overlay\"><\/div>\n\t\t\t\t\t\t\t\t\t\t\t\t\t\t<\/a>\n\t\t\t\t\t\t\t<a class=\"e-gallery-item elementor-gallery-item elementor-animated-content\" data-e-gallery-tags=\"0\" href=\"https:\/\/www.jgclassics.com\/wp-content\/uploads\/2023\/05\/20230506_195721-scaled.jpg\" data-elementor-open-lightbox=\"yes\" data-elementor-lightbox-slideshow=\"6232dff\" data-elementor-lightbox-title=\"20230506_195721\" data-elementor-lightbox-description=\"BMW 323i E21 Barcelona Maresme JG Classics. Disponible para alquiler, fotos, filmaciones, metrajes. BMW 323i E21 Barcelona\" data-e-action-hash=\"#elementor-action%3Aaction%3Dlightbox%26settings%3DeyJpZCI6MTM3MzMsInVybCI6Imh0dHBzOlwvXC93d3cuamdjbGFzc2ljcy5jb21cL3dwLWNvbnRlbnRcL3VwbG9hZHNcLzIwMjNcLzA1XC8yMDIzMDUwNl8xOTU3MjEtc2NhbGVkLmpwZyIsInNsaWRlc2hvdyI6IjYyMzJkZmYifQ%3D%3D\">\n\t\t\t\t\t<div class=\"e-gallery-image elementor-gallery-item__image\" data-thumbnail=\"https:\/\/www.jgclassics.com\/wp-content\/uploads\/2023\/05\/20230506_195721-300x169.jpg\" data-width=\"300\" data-height=\"169\" aria-label=\"\" role=\"img\" ><\/div>\n\t\t\t\t\t\t\t\t\t\t\t<div class=\"elementor-gallery-item__overlay\"><\/div>\n\t\t\t\t\t\t\t\t\t\t\t\t\t\t<\/a>\n\t\t\t\t\t\t\t<a class=\"e-gallery-item elementor-gallery-item elementor-animated-content\" data-e-gallery-tags=\"0\" href=\"https:\/\/www.jgclassics.com\/wp-content\/uploads\/2023\/05\/20230506_195703-scaled.jpg\" data-elementor-open-lightbox=\"yes\" data-elementor-lightbox-slideshow=\"6232dff\" data-elementor-lightbox-title=\"20230506_195703\" data-elementor-lightbox-description=\"BMW 323i E21 Barcelona Maresme JG Classics. Disponible para alquiler, fotos, filmaciones, metrajes. BMW 323i E21 Barcelona\" data-e-action-hash=\"#elementor-action%3Aaction%3Dlightbox%26settings%3DeyJpZCI6MTM3MzAsInVybCI6Imh0dHBzOlwvXC93d3cuamdjbGFzc2ljcy5jb21cL3dwLWNvbnRlbnRcL3VwbG9hZHNcLzIwMjNcLzA1XC8yMDIzMDUwNl8xOTU3MDMtc2NhbGVkLmpwZyIsInNsaWRlc2hvdyI6IjYyMzJkZmYifQ%3D%3D\">\n\t\t\t\t\t<div class=\"e-gallery-image elementor-gallery-item__image\" data-thumbnail=\"https:\/\/www.jgclassics.com\/wp-content\/uploads\/2023\/05\/20230506_195703-300x169.jpg\" data-width=\"300\" data-height=\"169\" aria-label=\"\" role=\"img\" ><\/div>\n\t\t\t\t\t\t\t\t\t\t\t<div class=\"elementor-gallery-item__overlay\"><\/div>\n\t\t\t\t\t\t\t\t\t\t\t\t\t\t<\/a>\n\t\t\t\t\t\t\t<a class=\"e-gallery-item elementor-gallery-item elementor-animated-content\" data-e-gallery-tags=\"0\" href=\"https:\/\/www.jgclassics.com\/wp-content\/uploads\/2023\/05\/20230506_195832-scaled.jpg\" data-elementor-open-lightbox=\"yes\" data-elementor-lightbox-slideshow=\"6232dff\" data-elementor-lightbox-title=\"BMW 323i E21 Barcelona\" data-elementor-lightbox-description=\"BMW 323i E21 Barcelona Maresme JG Classics. Disponible para alquiler, fotos, filmaciones, metrajes. BMW 323i E21 Barcelona\" data-e-action-hash=\"#elementor-action%3Aaction%3Dlightbox%26settings%3DeyJpZCI6MTM3NTQsInVybCI6Imh0dHBzOlwvXC93d3cuamdjbGFzc2ljcy5jb21cL3dwLWNvbnRlbnRcL3VwbG9hZHNcLzIwMjNcLzA1XC8yMDIzMDUwNl8xOTU4MzItc2NhbGVkLmpwZyIsInNsaWRlc2hvdyI6IjYyMzJkZmYifQ%3D%3D\">\n\t\t\t\t\t<div class=\"e-gallery-image elementor-gallery-item__image\" data-thumbnail=\"https:\/\/www.jgclassics.com\/wp-content\/uploads\/2023\/05\/20230506_195832-300x169.jpg\" data-width=\"300\" data-height=\"169\" aria-label=\"\" role=\"img\" ><\/div>\n\t\t\t\t\t\t\t\t\t\t\t<div class=\"elementor-gallery-item__overlay\"><\/div>\n\t\t\t\t\t\t\t\t\t\t\t\t\t\t<\/a>\n\t\t\t\t\t\t\t<a class=\"e-gallery-item elementor-gallery-item elementor-animated-content\" data-e-gallery-tags=\"0\" href=\"https:\/\/www.jgclassics.com\/wp-content\/uploads\/2023\/05\/20230506_195856-scaled.jpg\" data-elementor-open-lightbox=\"yes\" data-elementor-lightbox-slideshow=\"6232dff\" data-elementor-lightbox-title=\"BMW 323i E21 Barcelona\" data-elementor-lightbox-description=\"BMW 323i E21 Barcelona Maresme JG Classics. Disponible para alquiler, fotos, filmaciones, metrajes. BMW 323i E21 Barcelona\" data-e-action-hash=\"#elementor-action%3Aaction%3Dlightbox%26settings%3DeyJpZCI6MTM3NTcsInVybCI6Imh0dHBzOlwvXC93d3cuamdjbGFzc2ljcy5jb21cL3dwLWNvbnRlbnRcL3VwbG9hZHNcLzIwMjNcLzA1XC8yMDIzMDUwNl8xOTU4NTYtc2NhbGVkLmpwZyIsInNsaWRlc2hvdyI6IjYyMzJkZmYifQ%3D%3D\">\n\t\t\t\t\t<div class=\"e-gallery-image elementor-gallery-item__image\" data-thumbnail=\"https:\/\/www.jgclassics.com\/wp-content\/uploads\/2023\/05\/20230506_195856-300x169.jpg\" data-width=\"300\" data-height=\"169\" aria-label=\"\" role=\"img\" ><\/div>\n\t\t\t\t\t\t\t\t\t\t\t<div class=\"elementor-gallery-item__overlay\"><\/div>\n\t\t\t\t\t\t\t\t\t\t\t\t\t\t<\/a>\n\t\t\t\t\t\t\t<a class=\"e-gallery-item elementor-gallery-item elementor-animated-content\" data-e-gallery-tags=\"0\" href=\"https:\/\/www.jgclassics.com\/wp-content\/uploads\/2023\/05\/20230506_195900-scaled.jpg\" data-elementor-open-lightbox=\"yes\" data-elementor-lightbox-slideshow=\"6232dff\" data-elementor-lightbox-title=\"BMW 323i E21 Barcelona\" data-elementor-lightbox-description=\"BMW 323i E21 Barcelona Maresme JG Classics. Disponible para alquiler, fotos, filmaciones, metrajes. BMW 323i E21 Barcelona\" data-e-action-hash=\"#elementor-action%3Aaction%3Dlightbox%26settings%3DeyJpZCI6MTM3NjAsInVybCI6Imh0dHBzOlwvXC93d3cuamdjbGFzc2ljcy5jb21cL3dwLWNvbnRlbnRcL3VwbG9hZHNcLzIwMjNcLzA1XC8yMDIzMDUwNl8xOTU5MDAtc2NhbGVkLmpwZyIsInNsaWRlc2hvdyI6IjYyMzJkZmYifQ%3D%3D\">\n\t\t\t\t\t<div class=\"e-gallery-image elementor-gallery-item__image\" data-thumbnail=\"https:\/\/www.jgclassics.com\/wp-content\/uploads\/2023\/05\/20230506_195900-300x169.jpg\" data-width=\"300\" data-height=\"169\" aria-label=\"\" role=\"img\" ><\/div>\n\t\t\t\t\t\t\t\t\t\t\t<div class=\"elementor-gallery-item__overlay\"><\/div>\n\t\t\t\t\t\t\t\t\t\t\t\t\t\t<\/a>\n\t\t\t\t\t\t\t<a class=\"e-gallery-item elementor-gallery-item elementor-animated-content\" data-e-gallery-tags=\"0\" href=\"https:\/\/www.jgclassics.com\/wp-content\/uploads\/2023\/05\/20230506_195912-scaled.jpg\" data-elementor-open-lightbox=\"yes\" data-elementor-lightbox-slideshow=\"6232dff\" data-elementor-lightbox-title=\"BMW 323i E21 Barcelona\" data-elementor-lightbox-description=\"BMW 323i E21 Barcelona Maresme JG Classics. Disponible para alquiler, fotos, filmaciones, metrajes. BMW 323i E21 Barcelona\" data-e-action-hash=\"#elementor-action%3Aaction%3Dlightbox%26settings%3DeyJpZCI6MTM3NjMsInVybCI6Imh0dHBzOlwvXC93d3cuamdjbGFzc2ljcy5jb21cL3dwLWNvbnRlbnRcL3VwbG9hZHNcLzIwMjNcLzA1XC8yMDIzMDUwNl8xOTU5MTItc2NhbGVkLmpwZyIsInNsaWRlc2hvdyI6IjYyMzJkZmYifQ%3D%3D\">\n\t\t\t\t\t<div class=\"e-gallery-image elementor-gallery-item__image\" data-thumbnail=\"https:\/\/www.jgclassics.com\/wp-content\/uploads\/2023\/05\/20230506_195912-300x169.jpg\" data-width=\"300\" data-height=\"169\" aria-label=\"\" role=\"img\" ><\/div>\n\t\t\t\t\t\t\t\t\t\t\t<div class=\"elementor-gallery-item__overlay\"><\/div>\n\t\t\t\t\t\t\t\t\t\t\t\t\t\t<\/a>\n\t\t\t\t\t\t\t<a class=\"e-gallery-item elementor-gallery-item elementor-animated-content\" data-e-gallery-tags=\"0\" href=\"https:\/\/www.jgclassics.com\/wp-content\/uploads\/2023\/05\/20230506_195942-scaled.jpg\" data-elementor-open-lightbox=\"yes\" data-elementor-lightbox-slideshow=\"6232dff\" data-elementor-lightbox-title=\"BMW 323i E21 Barcelona\" data-elementor-lightbox-description=\"BMW 323i E21 Barcelona Maresme JG Classics. Disponible para alquiler, fotos, filmaciones, metrajes. BMW 323i E21 Barcelona\" data-e-action-hash=\"#elementor-action%3Aaction%3Dlightbox%26settings%3DeyJpZCI6MTM3NjYsInVybCI6Imh0dHBzOlwvXC93d3cuamdjbGFzc2ljcy5jb21cL3dwLWNvbnRlbnRcL3VwbG9hZHNcLzIwMjNcLzA1XC8yMDIzMDUwNl8xOTU5NDItc2NhbGVkLmpwZyIsInNsaWRlc2hvdyI6IjYyMzJkZmYifQ%3D%3D\">\n\t\t\t\t\t<div class=\"e-gallery-image elementor-gallery-item__image\" data-thumbnail=\"https:\/\/www.jgclassics.com\/wp-content\/uploads\/2023\/05\/20230506_195942-300x169.jpg\" data-width=\"300\" data-height=\"169\" aria-label=\"\" role=\"img\" ><\/div>\n\t\t\t\t\t\t\t\t\t\t\t<div class=\"elementor-gallery-item__overlay\"><\/div>\n\t\t\t\t\t\t\t\t\t\t\t\t\t\t<\/a>\n\t\t\t\t\t\t\t<a class=\"e-gallery-item elementor-gallery-item elementor-animated-content\" data-e-gallery-tags=\"0\" href=\"https:\/\/www.jgclassics.com\/wp-content\/uploads\/2023\/05\/20230506_200150-scaled.jpg\" data-elementor-open-lightbox=\"yes\" data-elementor-lightbox-slideshow=\"6232dff\" data-elementor-lightbox-title=\"BMW 323i E21 Barcelona\" data-elementor-lightbox-description=\"BMW 323i E21 Barcelona Maresme JG Classics. Disponible para alquiler, fotos, filmaciones, metrajes. BMW 323i E21 Barcelona\" data-e-action-hash=\"#elementor-action%3Aaction%3Dlightbox%26settings%3DeyJpZCI6MTM3ODcsInVybCI6Imh0dHBzOlwvXC93d3cuamdjbGFzc2ljcy5jb21cL3dwLWNvbnRlbnRcL3VwbG9hZHNcLzIwMjNcLzA1XC8yMDIzMDUwNl8yMDAxNTAtc2NhbGVkLmpwZyIsInNsaWRlc2hvdyI6IjYyMzJkZmYifQ%3D%3D\">\n\t\t\t\t\t<div class=\"e-gallery-image elementor-gallery-item__image\" data-thumbnail=\"https:\/\/www.jgclassics.com\/wp-content\/uploads\/2023\/05\/20230506_200150-300x169.jpg\" data-width=\"300\" data-height=\"169\" aria-label=\"\" role=\"img\" ><\/div>\n\t\t\t\t\t\t\t\t\t\t\t<div class=\"elementor-gallery-item__overlay\"><\/div>\n\t\t\t\t\t\t\t\t\t\t\t\t\t\t<\/a>\n\t\t\t\t\t\t\t<a class=\"e-gallery-item elementor-gallery-item elementor-animated-content\" data-e-gallery-tags=\"0\" href=\"https:\/\/www.jgclassics.com\/wp-content\/uploads\/2023\/05\/20230506_200128-scaled.jpg\" data-elementor-open-lightbox=\"yes\" data-elementor-lightbox-slideshow=\"6232dff\" data-elementor-lightbox-title=\"BMW 323i E21 Barcelona\" data-elementor-lightbox-description=\"BMW 323i E21 Barcelona Maresme JG Classics. Disponible para alquiler, fotos, filmaciones, metrajes. BMW 323i E21 Barcelona\" data-e-action-hash=\"#elementor-action%3Aaction%3Dlightbox%26settings%3DeyJpZCI6MTM3ODQsInVybCI6Imh0dHBzOlwvXC93d3cuamdjbGFzc2ljcy5jb21cL3dwLWNvbnRlbnRcL3VwbG9hZHNcLzIwMjNcLzA1XC8yMDIzMDUwNl8yMDAxMjgtc2NhbGVkLmpwZyIsInNsaWRlc2hvdyI6IjYyMzJkZmYifQ%3D%3D\">\n\t\t\t\t\t<div class=\"e-gallery-image elementor-gallery-item__image\" data-thumbnail=\"https:\/\/www.jgclassics.com\/wp-content\/uploads\/2023\/05\/20230506_200128-300x169.jpg\" data-width=\"300\" data-height=\"169\" aria-label=\"\" role=\"img\" ><\/div>\n\t\t\t\t\t\t\t\t\t\t\t<div class=\"elementor-gallery-item__overlay\"><\/div>\n\t\t\t\t\t\t\t\t\t\t\t\t\t\t<\/a>\n\t\t\t\t\t\t\t<a class=\"e-gallery-item elementor-gallery-item elementor-animated-content\" data-e-gallery-tags=\"0\" href=\"https:\/\/www.jgclassics.com\/wp-content\/uploads\/2023\/05\/20230506_200058-scaled.jpg\" data-elementor-open-lightbox=\"yes\" data-elementor-lightbox-slideshow=\"6232dff\" data-elementor-lightbox-title=\"BMW 323i E21 Barcelona\" data-elementor-lightbox-description=\"BMW 323i E21 Barcelona Maresme JG Classics. Disponible para alquiler, fotos, filmaciones, metrajes. BMW 323i E21 Barcelona\" data-e-action-hash=\"#elementor-action%3Aaction%3Dlightbox%26settings%3DeyJpZCI6MTM3ODEsInVybCI6Imh0dHBzOlwvXC93d3cuamdjbGFzc2ljcy5jb21cL3dwLWNvbnRlbnRcL3VwbG9hZHNcLzIwMjNcLzA1XC8yMDIzMDUwNl8yMDAwNTgtc2NhbGVkLmpwZyIsInNsaWRlc2hvdyI6IjYyMzJkZmYifQ%3D%3D\">\n\t\t\t\t\t<div class=\"e-gallery-image elementor-gallery-item__image\" data-thumbnail=\"https:\/\/www.jgclassics.com\/wp-content\/uploads\/2023\/05\/20230506_200058-300x169.jpg\" data-width=\"300\" data-height=\"169\" aria-label=\"\" role=\"img\" ><\/div>\n\t\t\t\t\t\t\t\t\t\t\t<div class=\"elementor-gallery-item__overlay\"><\/div>\n\t\t\t\t\t\t\t\t\t\t\t\t\t\t<\/a>\n\t\t\t\t\t\t\t<a class=\"e-gallery-item elementor-gallery-item elementor-animated-content\" data-e-gallery-tags=\"0\" href=\"https:\/\/www.jgclassics.com\/wp-content\/uploads\/2023\/05\/20230506_200048-scaled.jpg\" data-elementor-open-lightbox=\"yes\" data-elementor-lightbox-slideshow=\"6232dff\" data-elementor-lightbox-title=\"BMW 323i E21 Barcelona\" data-elementor-lightbox-description=\"BMW 323i E21 Barcelona Maresme JG Classics. Disponible para alquiler, fotos, filmaciones, metrajes. BMW 323i E21 Barcelona\" data-e-action-hash=\"#elementor-action%3Aaction%3Dlightbox%26settings%3DeyJpZCI6MTM3NzgsInVybCI6Imh0dHBzOlwvXC93d3cuamdjbGFzc2ljcy5jb21cL3dwLWNvbnRlbnRcL3VwbG9hZHNcLzIwMjNcLzA1XC8yMDIzMDUwNl8yMDAwNDgtc2NhbGVkLmpwZyIsInNsaWRlc2hvdyI6IjYyMzJkZmYifQ%3D%3D\">\n\t\t\t\t\t<div class=\"e-gallery-image elementor-gallery-item__image\" data-thumbnail=\"https:\/\/www.jgclassics.com\/wp-content\/uploads\/2023\/05\/20230506_200048-169x300.jpg\" data-width=\"169\" data-height=\"300\" aria-label=\"\" role=\"img\" ><\/div>\n\t\t\t\t\t\t\t\t\t\t\t<div class=\"elementor-gallery-item__overlay\"><\/div>\n\t\t\t\t\t\t\t\t\t\t\t\t\t\t<\/a>\n\t\t\t\t\t\t\t<a class=\"e-gallery-item elementor-gallery-item elementor-animated-content\" data-e-gallery-tags=\"0\" href=\"https:\/\/www.jgclassics.com\/wp-content\/uploads\/2023\/05\/20230506_202026-scaled.jpg\" data-elementor-open-lightbox=\"yes\" data-elementor-lightbox-slideshow=\"6232dff\" data-elementor-lightbox-title=\"BMW 323i E21 Barcelona\" data-elementor-lightbox-description=\"BMW 323i E21 Barcelona Maresme JG Classics. Disponible para alquiler, fotos, filmaciones, metrajes. BMW 323i E21 Barcelona\" data-e-action-hash=\"#elementor-action%3Aaction%3Dlightbox%26settings%3DeyJpZCI6MTM4NzQsInVybCI6Imh0dHBzOlwvXC93d3cuamdjbGFzc2ljcy5jb21cL3dwLWNvbnRlbnRcL3VwbG9hZHNcLzIwMjNcLzA1XC8yMDIzMDUwNl8yMDIwMjYtc2NhbGVkLmpwZyIsInNsaWRlc2hvdyI6IjYyMzJkZmYifQ%3D%3D\">\n\t\t\t\t\t<div class=\"e-gallery-image elementor-gallery-item__image\" data-thumbnail=\"https:\/\/www.jgclassics.com\/wp-content\/uploads\/2023\/05\/20230506_202026-300x169.jpg\" data-width=\"300\" data-height=\"169\" aria-label=\"\" role=\"img\" ><\/div>\n\t\t\t\t\t\t\t\t\t\t\t<div class=\"elementor-gallery-item__overlay\"><\/div>\n\t\t\t\t\t\t\t\t\t\t\t\t\t\t<\/a>\n\t\t\t\t\t\t\t<a class=\"e-gallery-item elementor-gallery-item elementor-animated-content\" data-e-gallery-tags=\"0,2\" href=\"https:\/\/www.jgclassics.com\/wp-content\/uploads\/2023\/05\/20230506_201158-scaled.jpg\" data-elementor-open-lightbox=\"yes\" data-elementor-lightbox-slideshow=\"6232dff\" data-elementor-lightbox-title=\"BMW 323i E21 Barcelona\" data-elementor-lightbox-description=\"BMW 323i E21 Barcelona Maresme JG Classics. Disponible para alquiler, fotos, filmaciones, metrajes. BMW 323i E21 Barcelona\" data-e-action-hash=\"#elementor-action%3Aaction%3Dlightbox%26settings%3DeyJpZCI6MTM4NTMsInVybCI6Imh0dHBzOlwvXC93d3cuamdjbGFzc2ljcy5jb21cL3dwLWNvbnRlbnRcL3VwbG9hZHNcLzIwMjNcLzA1XC8yMDIzMDUwNl8yMDExNTgtc2NhbGVkLmpwZyIsInNsaWRlc2hvdyI6IjYyMzJkZmYifQ%3D%3D\">\n\t\t\t\t\t<div class=\"e-gallery-image elementor-gallery-item__image\" data-thumbnail=\"https:\/\/www.jgclassics.com\/wp-content\/uploads\/2023\/05\/20230506_201158-300x169.jpg\" data-width=\"300\" data-height=\"169\" aria-label=\"\" role=\"img\" ><\/div>\n\t\t\t\t\t\t\t\t\t\t\t<div class=\"elementor-gallery-item__overlay\"><\/div>\n\t\t\t\t\t\t\t\t\t\t\t\t\t\t<\/a>\n\t\t\t\t\t\t\t<a class=\"e-gallery-item elementor-gallery-item elementor-animated-content\" data-e-gallery-tags=\"0\" href=\"https:\/\/www.jgclassics.com\/wp-content\/uploads\/2023\/05\/20230508_132102-scaled.jpg\" data-elementor-open-lightbox=\"yes\" data-elementor-lightbox-slideshow=\"6232dff\" data-elementor-lightbox-title=\"BMW 323i E21 Barcelona\" data-elementor-lightbox-description=\"BMW 323i E21 Barcelona Maresme JG Classics. Disponible para alquiler, fotos, filmaciones, metrajes. BMW 323i E21 Barcelona\" data-e-action-hash=\"#elementor-action%3Aaction%3Dlightbox%26settings%3DeyJpZCI6MTQwNzgsInVybCI6Imh0dHBzOlwvXC93d3cuamdjbGFzc2ljcy5jb21cL3dwLWNvbnRlbnRcL3VwbG9hZHNcLzIwMjNcLzA1XC8yMDIzMDUwOF8xMzIxMDItc2NhbGVkLmpwZyIsInNsaWRlc2hvdyI6IjYyMzJkZmYifQ%3D%3D\">\n\t\t\t\t\t<div class=\"e-gallery-image elementor-gallery-item__image\" data-thumbnail=\"https:\/\/www.jgclassics.com\/wp-content\/uploads\/2023\/05\/20230508_132102-300x169.jpg\" data-width=\"300\" data-height=\"169\" aria-label=\"\" role=\"img\" ><\/div>\n\t\t\t\t\t\t\t\t\t\t\t<div class=\"elementor-gallery-item__overlay\"><\/div>\n\t\t\t\t\t\t\t\t\t\t\t\t\t\t<\/a>\n\t\t\t\t\t\t\t<a class=\"e-gallery-item elementor-gallery-item elementor-animated-content\" data-e-gallery-tags=\"0\" href=\"https:\/\/www.jgclassics.com\/wp-content\/uploads\/2023\/05\/20230508_132030-scaled.jpg\" data-elementor-open-lightbox=\"yes\" data-elementor-lightbox-slideshow=\"6232dff\" data-elementor-lightbox-title=\"BMW 323i E21 Barcelona\" data-elementor-lightbox-description=\"BMW 323i E21 Barcelona Maresme JG Classics. Disponible para alquiler, fotos, filmaciones, metrajes. BMW 323i E21 Barcelona\" data-e-action-hash=\"#elementor-action%3Aaction%3Dlightbox%26settings%3DeyJpZCI6MTQwNzIsInVybCI6Imh0dHBzOlwvXC93d3cuamdjbGFzc2ljcy5jb21cL3dwLWNvbnRlbnRcL3VwbG9hZHNcLzIwMjNcLzA1XC8yMDIzMDUwOF8xMzIwMzAtc2NhbGVkLmpwZyIsInNsaWRlc2hvdyI6IjYyMzJkZmYifQ%3D%3D\">\n\t\t\t\t\t<div class=\"e-gallery-image elementor-gallery-item__image\" data-thumbnail=\"https:\/\/www.jgclassics.com\/wp-content\/uploads\/2023\/05\/20230508_132030-300x169.jpg\" data-width=\"300\" data-height=\"169\" aria-label=\"\" role=\"img\" ><\/div>\n\t\t\t\t\t\t\t\t\t\t\t<div class=\"elementor-gallery-item__overlay\"><\/div>\n\t\t\t\t\t\t\t\t\t\t\t\t\t\t<\/a>\n\t\t\t\t\t\t\t<a class=\"e-gallery-item elementor-gallery-item elementor-animated-content\" data-e-gallery-tags=\"0\" href=\"https:\/\/www.jgclassics.com\/wp-content\/uploads\/2023\/05\/20230508_132008-scaled.jpg\" data-elementor-open-lightbox=\"yes\" data-elementor-lightbox-slideshow=\"6232dff\" data-elementor-lightbox-title=\"BMW 323i E21 Barcelone\" data-elementor-lightbox-description=\"BMW 323i E21 Barcelona Maresme JG Classics. Disponible pour la location, les photos, les tournages, les s\u00e9quences. BMW 323i E21 Barcelone\" data-e-action-hash=\"#elementor-action%3Aaction%3Dlightbox%26settings%3DeyJpZCI6MTQwNjYsInVybCI6Imh0dHBzOlwvXC93d3cuamdjbGFzc2ljcy5jb21cL3dwLWNvbnRlbnRcL3VwbG9hZHNcLzIwMjNcLzA1XC8yMDIzMDUwOF8xMzIwMDgtc2NhbGVkLmpwZyIsInNsaWRlc2hvdyI6IjYyMzJkZmYifQ%3D%3D\">\n\t\t\t\t\t<div class=\"e-gallery-image elementor-gallery-item__image\" data-thumbnail=\"https:\/\/www.jgclassics.com\/wp-content\/uploads\/2023\/05\/20230508_132008-300x169.jpg\" data-width=\"300\" data-height=\"169\" aria-label=\"BMW 323i E21 1981 Barcelona Maresme. Location de voitures de collection BMW Barcelona\" role=\"img\" ><\/div>\n\t\t\t\t\t\t\t\t\t\t\t<div class=\"elementor-gallery-item__overlay\"><\/div>\n\t\t\t\t\t\t\t\t\t\t\t\t\t\t<\/a>\n\t\t\t\t\t\t\t<a class=\"e-gallery-item elementor-gallery-item elementor-animated-content\" data-e-gallery-tags=\"0,1\" href=\"https:\/\/www.jgclassics.com\/wp-content\/uploads\/2023\/05\/20230508_133204-scaled.jpg\" data-elementor-open-lightbox=\"yes\" data-elementor-lightbox-slideshow=\"6232dff\" data-elementor-lightbox-title=\"BMW 323i E21 Barcelona\" data-elementor-lightbox-description=\"BMW 323i E21 Barcelona Maresme JG Classics. Disponible para alquiler, fotos, filmaciones, metrajes. BMW 323i E21 Barcelona\" data-e-action-hash=\"#elementor-action%3Aaction%3Dlightbox%26settings%3DeyJpZCI6MTQwMTIsInVybCI6Imh0dHBzOlwvXC93d3cuamdjbGFzc2ljcy5jb21cL3dwLWNvbnRlbnRcL3VwbG9hZHNcLzIwMjNcLzA1XC8yMDIzMDUwOF8xMzMyMDQtc2NhbGVkLmpwZyIsInNsaWRlc2hvdyI6IjYyMzJkZmYifQ%3D%3D\">\n\t\t\t\t\t<div class=\"e-gallery-image elementor-gallery-item__image\" data-thumbnail=\"https:\/\/www.jgclassics.com\/wp-content\/uploads\/2023\/05\/20230508_133204-169x300.jpg\" data-width=\"169\" data-height=\"300\" aria-label=\"\" role=\"img\" ><\/div>\n\t\t\t\t\t\t\t\t\t\t\t<div class=\"elementor-gallery-item__overlay\"><\/div>\n\t\t\t\t\t\t\t\t\t\t\t\t\t\t<\/a>\n\t\t\t\t\t\t\t<a class=\"e-gallery-item elementor-gallery-item elementor-animated-content\" data-e-gallery-tags=\"0,1\" href=\"https:\/\/www.jgclassics.com\/wp-content\/uploads\/2023\/05\/20230508_133132-scaled.jpg\" data-elementor-open-lightbox=\"yes\" data-elementor-lightbox-slideshow=\"6232dff\" data-elementor-lightbox-title=\"BMW 323i E21 Barcelona\" data-elementor-lightbox-description=\"BMW 323i E21 Barcelona Maresme JG Classics. Disponible para alquiler, fotos, filmaciones, metrajes. BMW 323i E21 Barcelona\" data-e-action-hash=\"#elementor-action%3Aaction%3Dlightbox%26settings%3DeyJpZCI6MTQwMDYsInVybCI6Imh0dHBzOlwvXC93d3cuamdjbGFzc2ljcy5jb21cL3dwLWNvbnRlbnRcL3VwbG9hZHNcLzIwMjNcLzA1XC8yMDIzMDUwOF8xMzMxMzItc2NhbGVkLmpwZyIsInNsaWRlc2hvdyI6IjYyMzJkZmYifQ%3D%3D\">\n\t\t\t\t\t<div class=\"e-gallery-image elementor-gallery-item__image\" data-thumbnail=\"https:\/\/www.jgclassics.com\/wp-content\/uploads\/2023\/05\/20230508_133132-300x129.jpg\" data-width=\"300\" data-height=\"129\" aria-label=\"\" role=\"img\" ><\/div>\n\t\t\t\t\t\t\t\t\t\t\t<div class=\"elementor-gallery-item__overlay\"><\/div>\n\t\t\t\t\t\t\t\t\t\t\t\t\t\t<\/a>\n\t\t\t\t\t\t\t<a class=\"e-gallery-item elementor-gallery-item elementor-animated-content\" data-e-gallery-tags=\"0,1\" href=\"https:\/\/www.jgclassics.com\/wp-content\/uploads\/2023\/05\/20230508_133027-scaled.jpg\" data-elementor-open-lightbox=\"yes\" data-elementor-lightbox-slideshow=\"6232dff\" data-elementor-lightbox-title=\"BMW 323i E21 Barcelona\" data-elementor-lightbox-description=\"BMW 323i E21 Barcelona Maresme JG Classics. Disponible para alquiler, fotos, filmaciones, metrajes. BMW 323i E21 Barcelona\" data-e-action-hash=\"#elementor-action%3Aaction%3Dlightbox%26settings%3DeyJpZCI6MTQwMDAsInVybCI6Imh0dHBzOlwvXC93d3cuamdjbGFzc2ljcy5jb21cL3dwLWNvbnRlbnRcL3VwbG9hZHNcLzIwMjNcLzA1XC8yMDIzMDUwOF8xMzMwMjctc2NhbGVkLmpwZyIsInNsaWRlc2hvdyI6IjYyMzJkZmYifQ%3D%3D\">\n\t\t\t\t\t<div class=\"e-gallery-image elementor-gallery-item__image\" data-thumbnail=\"https:\/\/www.jgclassics.com\/wp-content\/uploads\/2023\/05\/20230508_133027-300x169.jpg\" data-width=\"300\" data-height=\"169\" aria-label=\"\" role=\"img\" ><\/div>\n\t\t\t\t\t\t\t\t\t\t\t<div class=\"elementor-gallery-item__overlay\"><\/div>\n\t\t\t\t\t\t\t\t\t\t\t\t\t\t<\/a>\n\t\t\t\t\t\t\t<a class=\"e-gallery-item elementor-gallery-item elementor-animated-content\" data-e-gallery-tags=\"0,1\" href=\"https:\/\/www.jgclassics.com\/wp-content\/uploads\/2023\/05\/20230508_132830-scaled.jpg\" data-elementor-open-lightbox=\"yes\" data-elementor-lightbox-slideshow=\"6232dff\" data-elementor-lightbox-title=\"BMW 323i E21 Barcelona\" data-elementor-lightbox-description=\"BMW 323i E21 Barcelona Maresme JG Classics. Disponible para alquiler, fotos, filmaciones, metrajes. BMW 323i E21 Barcelona\" data-e-action-hash=\"#elementor-action%3Aaction%3Dlightbox%26settings%3DeyJpZCI6MTM5NzksInVybCI6Imh0dHBzOlwvXC93d3cuamdjbGFzc2ljcy5jb21cL3dwLWNvbnRlbnRcL3VwbG9hZHNcLzIwMjNcLzA1XC8yMDIzMDUwOF8xMzI4MzAtc2NhbGVkLmpwZyIsInNsaWRlc2hvdyI6IjYyMzJkZmYifQ%3D%3D\">\n\t\t\t\t\t<div class=\"e-gallery-image elementor-gallery-item__image\" data-thumbnail=\"https:\/\/www.jgclassics.com\/wp-content\/uploads\/2023\/05\/20230508_132830-169x300.jpg\" data-width=\"169\" data-height=\"300\" aria-label=\"\" role=\"img\" ><\/div>\n\t\t\t\t\t\t\t\t\t\t\t<div class=\"elementor-gallery-item__overlay\"><\/div>\n\t\t\t\t\t\t\t\t\t\t\t\t\t\t<\/a>\n\t\t\t\t\t\t\t<a class=\"e-gallery-item elementor-gallery-item elementor-animated-content\" data-e-gallery-tags=\"0\" href=\"https:\/\/www.jgclassics.com\/wp-content\/uploads\/2023\/05\/20230508_132756-scaled.jpg\" data-elementor-open-lightbox=\"yes\" data-elementor-lightbox-slideshow=\"6232dff\" data-elementor-lightbox-title=\"BMW 323i E21 Barcelona\" data-elementor-lightbox-description=\"BMW 323i E21 Barcelona Maresme JG Classics. Disponible para alquiler, fotos, filmaciones, metrajes. BMW 323i E21 Barcelona\" data-e-action-hash=\"#elementor-action%3Aaction%3Dlightbox%26settings%3DeyJpZCI6MTM5NzAsInVybCI6Imh0dHBzOlwvXC93d3cuamdjbGFzc2ljcy5jb21cL3dwLWNvbnRlbnRcL3VwbG9hZHNcLzIwMjNcLzA1XC8yMDIzMDUwOF8xMzI3NTYtc2NhbGVkLmpwZyIsInNsaWRlc2hvdyI6IjYyMzJkZmYifQ%3D%3D\">\n\t\t\t\t\t<div class=\"e-gallery-image elementor-gallery-item__image\" data-thumbnail=\"https:\/\/www.jgclassics.com\/wp-content\/uploads\/2023\/05\/20230508_132756-300x169.jpg\" data-width=\"300\" data-height=\"169\" aria-label=\"\" role=\"img\" ><\/div>\n\t\t\t\t\t\t\t\t\t\t\t<div class=\"elementor-gallery-item__overlay\"><\/div>\n\t\t\t\t\t\t\t\t\t\t\t\t\t\t<\/a>\n\t\t\t\t\t\t\t<a class=\"e-gallery-item elementor-gallery-item elementor-animated-content\" data-e-gallery-tags=\"0,1\" href=\"https:\/\/www.jgclassics.com\/wp-content\/uploads\/2023\/05\/20230508_132741-scaled.jpg\" data-elementor-open-lightbox=\"yes\" data-elementor-lightbox-slideshow=\"6232dff\" data-elementor-lightbox-title=\"BMW 323i E21 Barcelona\" data-elementor-lightbox-description=\"BMW 323i E21 Barcelona Maresme JG Classics. Disponible para alquiler, fotos, filmaciones, metrajes. BMW 323i E21 Barcelona\" data-e-action-hash=\"#elementor-action%3Aaction%3Dlightbox%26settings%3DeyJpZCI6MTM5NjQsInVybCI6Imh0dHBzOlwvXC93d3cuamdjbGFzc2ljcy5jb21cL3dwLWNvbnRlbnRcL3VwbG9hZHNcLzIwMjNcLzA1XC8yMDIzMDUwOF8xMzI3NDEtc2NhbGVkLmpwZyIsInNsaWRlc2hvdyI6IjYyMzJkZmYifQ%3D%3D\">\n\t\t\t\t\t<div class=\"e-gallery-image elementor-gallery-item__image\" data-thumbnail=\"https:\/\/www.jgclassics.com\/wp-content\/uploads\/2023\/05\/20230508_132741-169x300.jpg\" data-width=\"169\" data-height=\"300\" aria-label=\"\" role=\"img\" ><\/div>\n\t\t\t\t\t\t\t\t\t\t\t<div class=\"elementor-gallery-item__overlay\"><\/div>\n\t\t\t\t\t\t\t\t\t\t\t\t\t\t<\/a>\n\t\t\t\t\t\t\t<a class=\"e-gallery-item elementor-gallery-item elementor-animated-content\" data-e-gallery-tags=\"0\" href=\"https:\/\/www.jgclassics.com\/wp-content\/uploads\/2023\/05\/20230508_132138-scaled.jpg\" data-elementor-open-lightbox=\"yes\" data-elementor-lightbox-slideshow=\"6232dff\" data-elementor-lightbox-title=\"BMW 323i E21 Barcelona\" data-elementor-lightbox-description=\"BMW 323i E21 Barcelona Maresme JG Classics. Disponible para alquiler, fotos, filmaciones, metrajes. BMW 323i E21 Barcelona\" data-e-action-hash=\"#elementor-action%3Aaction%3Dlightbox%26settings%3DeyJpZCI6MTM5MjIsInVybCI6Imh0dHBzOlwvXC93d3cuamdjbGFzc2ljcy5jb21cL3dwLWNvbnRlbnRcL3VwbG9hZHNcLzIwMjNcLzA1XC8yMDIzMDUwOF8xMzIxMzgtc2NhbGVkLmpwZyIsInNsaWRlc2hvdyI6IjYyMzJkZmYifQ%3D%3D\">\n\t\t\t\t\t<div class=\"e-gallery-image elementor-gallery-item__image\" data-thumbnail=\"https:\/\/www.jgclassics.com\/wp-content\/uploads\/2023\/05\/20230508_132138-300x169.jpg\" data-width=\"300\" data-height=\"169\" aria-label=\"\" role=\"img\" ><\/div>\n\t\t\t\t\t\t\t\t\t\t\t<div class=\"elementor-gallery-item__overlay\"><\/div>\n\t\t\t\t\t\t\t\t\t\t\t\t\t\t<\/a>\n\t\t\t\t\t\t\t<a class=\"e-gallery-item elementor-gallery-item elementor-animated-content\" data-e-gallery-tags=\"1\" href=\"https:\/\/www.jgclassics.com\/wp-content\/uploads\/2023\/05\/20230506_200030-scaled.jpg\" data-elementor-open-lightbox=\"yes\" data-elementor-lightbox-slideshow=\"6232dff\" data-elementor-lightbox-title=\"BMW 323i E21 Barcelona\" data-elementor-lightbox-description=\"BMW 323i E21 Barcelona Maresme JG Classics. Disponible para alquiler, fotos, filmaciones, metrajes. BMW 323i E21 Barcelona\" data-e-action-hash=\"#elementor-action%3Aaction%3Dlightbox%26settings%3DeyJpZCI6MTM3NzIsInVybCI6Imh0dHBzOlwvXC93d3cuamdjbGFzc2ljcy5jb21cL3dwLWNvbnRlbnRcL3VwbG9hZHNcLzIwMjNcLzA1XC8yMDIzMDUwNl8yMDAwMzAtc2NhbGVkLmpwZyIsInNsaWRlc2hvdyI6IjYyMzJkZmYifQ%3D%3D\">\n\t\t\t\t\t<div class=\"e-gallery-image elementor-gallery-item__image\" data-thumbnail=\"https:\/\/www.jgclassics.com\/wp-content\/uploads\/2023\/05\/20230506_200030-169x300.jpg\" data-width=\"169\" data-height=\"300\" aria-label=\"\" role=\"img\" ><\/div>\n\t\t\t\t\t\t\t\t\t\t\t<div class=\"elementor-gallery-item__overlay\"><\/div>\n\t\t\t\t\t\t\t\t\t\t\t\t\t\t<\/a>\n\t\t\t\t\t\t\t<a class=\"e-gallery-item elementor-gallery-item elementor-animated-content\" data-e-gallery-tags=\"1\" href=\"https:\/\/www.jgclassics.com\/wp-content\/uploads\/2023\/05\/20230506_200043-scaled.jpg\" data-elementor-open-lightbox=\"yes\" data-elementor-lightbox-slideshow=\"6232dff\" data-elementor-lightbox-title=\"BMW 323i E21 Barcelona\" data-elementor-lightbox-description=\"BMW 323i E21 Barcelona Maresme JG Classics. Disponible para alquiler, fotos, filmaciones, metrajes. BMW 323i E21 Barcelona\" data-e-action-hash=\"#elementor-action%3Aaction%3Dlightbox%26settings%3DeyJpZCI6MTM3NzUsInVybCI6Imh0dHBzOlwvXC93d3cuamdjbGFzc2ljcy5jb21cL3dwLWNvbnRlbnRcL3VwbG9hZHNcLzIwMjNcLzA1XC8yMDIzMDUwNl8yMDAwNDMtc2NhbGVkLmpwZyIsInNsaWRlc2hvdyI6IjYyMzJkZmYifQ%3D%3D\">\n\t\t\t\t\t<div class=\"e-gallery-image elementor-gallery-item__image\" data-thumbnail=\"https:\/\/www.jgclassics.com\/wp-content\/uploads\/2023\/05\/20230506_200043-300x169.jpg\" data-width=\"300\" data-height=\"169\" aria-label=\"\" role=\"img\" ><\/div>\n\t\t\t\t\t\t\t\t\t\t\t<div class=\"elementor-gallery-item__overlay\"><\/div>\n\t\t\t\t\t\t\t\t\t\t\t\t\t\t<\/a>\n\t\t\t\t\t\t\t<a class=\"e-gallery-item elementor-gallery-item elementor-animated-content\" data-e-gallery-tags=\"1\" href=\"https:\/\/www.jgclassics.com\/wp-content\/uploads\/2023\/05\/20230506_200359-scaled.jpg\" data-elementor-open-lightbox=\"yes\" data-elementor-lightbox-slideshow=\"6232dff\" data-elementor-lightbox-title=\"BMW 323i E21 Barcelona\" data-elementor-lightbox-description=\"BMW 323i E21 Barcelona Maresme JG Classics. Disponible para alquiler, fotos, filmaciones, metrajes. BMW 323i E21 Barcelona\" data-e-action-hash=\"#elementor-action%3Aaction%3Dlightbox%26settings%3DeyJpZCI6MTM3OTYsInVybCI6Imh0dHBzOlwvXC93d3cuamdjbGFzc2ljcy5jb21cL3dwLWNvbnRlbnRcL3VwbG9hZHNcLzIwMjNcLzA1XC8yMDIzMDUwNl8yMDAzNTktc2NhbGVkLmpwZyIsInNsaWRlc2hvdyI6IjYyMzJkZmYifQ%3D%3D\">\n\t\t\t\t\t<div class=\"e-gallery-image elementor-gallery-item__image\" data-thumbnail=\"https:\/\/www.jgclassics.com\/wp-content\/uploads\/2023\/05\/20230506_200359-300x135.jpg\" data-width=\"300\" data-height=\"135\" aria-label=\"\" role=\"img\" ><\/div>\n\t\t\t\t\t\t\t\t\t\t\t<div class=\"elementor-gallery-item__overlay\"><\/div>\n\t\t\t\t\t\t\t\t\t\t\t\t\t\t<\/a>\n\t\t\t\t\t\t\t<a class=\"e-gallery-item elementor-gallery-item elementor-animated-content\" data-e-gallery-tags=\"1\" href=\"https:\/\/www.jgclassics.com\/wp-content\/uploads\/2023\/05\/20230506_200021-scaled.jpg\" data-elementor-open-lightbox=\"yes\" data-elementor-lightbox-slideshow=\"6232dff\" data-elementor-lightbox-title=\"BMW 323i E21 Barcelona\" data-elementor-lightbox-description=\"BMW 323i E21 Barcelona Maresme JG Classics. Disponible para alquiler, fotos, filmaciones, metrajes. BMW 323i E21 Barcelona\" data-e-action-hash=\"#elementor-action%3Aaction%3Dlightbox%26settings%3DeyJpZCI6MTM3NjksInVybCI6Imh0dHBzOlwvXC93d3cuamdjbGFzc2ljcy5jb21cL3dwLWNvbnRlbnRcL3VwbG9hZHNcLzIwMjNcLzA1XC8yMDIzMDUwNl8yMDAwMjEtc2NhbGVkLmpwZyIsInNsaWRlc2hvdyI6IjYyMzJkZmYifQ%3D%3D\">\n\t\t\t\t\t<div class=\"e-gallery-image elementor-gallery-item__image\" data-thumbnail=\"https:\/\/www.jgclassics.com\/wp-content\/uploads\/2023\/05\/20230506_200021-169x300.jpg\" data-width=\"169\" data-height=\"300\" aria-label=\"\" role=\"img\" ><\/div>\n\t\t\t\t\t\t\t\t\t\t\t<div class=\"elementor-gallery-item__overlay\"><\/div>\n\t\t\t\t\t\t\t\t\t\t\t\t\t\t<\/a>\n\t\t\t\t\t\t\t<a class=\"e-gallery-item elementor-gallery-item elementor-animated-content\" data-e-gallery-tags=\"1\" href=\"https:\/\/www.jgclassics.com\/wp-content\/uploads\/2023\/05\/20230506_200535-scaled.jpg\" data-elementor-open-lightbox=\"yes\" data-elementor-lightbox-slideshow=\"6232dff\" data-elementor-lightbox-title=\"20230506_200535\" data-elementor-lightbox-description=\"BMW 323i E21 Barcelona Maresme JG Classics. Disponible para alquiler, fotos, filmaciones, metrajes. BMW 323i E21 Barcelona\" data-e-action-hash=\"#elementor-action%3Aaction%3Dlightbox%26settings%3DeyJpZCI6MTM4MTQsInVybCI6Imh0dHBzOlwvXC93d3cuamdjbGFzc2ljcy5jb21cL3dwLWNvbnRlbnRcL3VwbG9hZHNcLzIwMjNcLzA1XC8yMDIzMDUwNl8yMDA1MzUtc2NhbGVkLmpwZyIsInNsaWRlc2hvdyI6IjYyMzJkZmYifQ%3D%3D\">\n\t\t\t\t\t<div class=\"e-gallery-image elementor-gallery-item__image\" data-thumbnail=\"https:\/\/www.jgclassics.com\/wp-content\/uploads\/2023\/05\/20230506_200535-300x135.jpg\" data-width=\"300\" data-height=\"135\" aria-label=\"\" role=\"img\" ><\/div>\n\t\t\t\t\t\t\t\t\t\t\t<div class=\"elementor-gallery-item__overlay\"><\/div>\n\t\t\t\t\t\t\t\t\t\t\t\t\t\t<\/a>\n\t\t\t\t\t\t\t<a class=\"e-gallery-item elementor-gallery-item elementor-animated-content\" data-e-gallery-tags=\"1\" href=\"https:\/\/www.jgclassics.com\/wp-content\/uploads\/2023\/05\/20230506_200456-scaled.jpg\" data-elementor-open-lightbox=\"yes\" data-elementor-lightbox-slideshow=\"6232dff\" data-elementor-lightbox-title=\"BMW 323i E21 Barcelona\" data-elementor-lightbox-description=\"BMW 323i E21 Barcelona Maresme JG Classics. Disponible para alquiler, fotos, filmaciones, metrajes. BMW 323i E21 Barcelona\" data-e-action-hash=\"#elementor-action%3Aaction%3Dlightbox%26settings%3DeyJpZCI6MTM4MDgsInVybCI6Imh0dHBzOlwvXC93d3cuamdjbGFzc2ljcy5jb21cL3dwLWNvbnRlbnRcL3VwbG9hZHNcLzIwMjNcLzA1XC8yMDIzMDUwNl8yMDA0NTYtc2NhbGVkLmpwZyIsInNsaWRlc2hvdyI6IjYyMzJkZmYifQ%3D%3D\">\n\t\t\t\t\t<div class=\"e-gallery-image elementor-gallery-item__image\" data-thumbnail=\"https:\/\/www.jgclassics.com\/wp-content\/uploads\/2023\/05\/20230506_200456-300x135.jpg\" data-width=\"300\" data-height=\"135\" aria-label=\"\" role=\"img\" ><\/div>\n\t\t\t\t\t\t\t\t\t\t\t<div class=\"elementor-gallery-item__overlay\"><\/div>\n\t\t\t\t\t\t\t\t\t\t\t\t\t\t<\/a>\n\t\t\t\t\t\t\t<a class=\"e-gallery-item elementor-gallery-item elementor-animated-content\" data-e-gallery-tags=\"1\" href=\"https:\/\/www.jgclassics.com\/wp-content\/uploads\/2023\/05\/20230506_200451-scaled.jpg\" data-elementor-open-lightbox=\"yes\" data-elementor-lightbox-slideshow=\"6232dff\" data-elementor-lightbox-title=\"BMW 323i E21 Barcelona\" data-elementor-lightbox-description=\"BMW 323i E21 Barcelona Maresme JG Classics. Disponible para alquiler, fotos, filmaciones, metrajes. BMW 323i E21 Barcelona\" data-e-action-hash=\"#elementor-action%3Aaction%3Dlightbox%26settings%3DeyJpZCI6MTM4MDUsInVybCI6Imh0dHBzOlwvXC93d3cuamdjbGFzc2ljcy5jb21cL3dwLWNvbnRlbnRcL3VwbG9hZHNcLzIwMjNcLzA1XC8yMDIzMDUwNl8yMDA0NTEtc2NhbGVkLmpwZyIsInNsaWRlc2hvdyI6IjYyMzJkZmYifQ%3D%3D\">\n\t\t\t\t\t<div class=\"e-gallery-image elementor-gallery-item__image\" data-thumbnail=\"https:\/\/www.jgclassics.com\/wp-content\/uploads\/2023\/05\/20230506_200451-300x135.jpg\" data-width=\"300\" data-height=\"135\" aria-label=\"\" role=\"img\" ><\/div>\n\t\t\t\t\t\t\t\t\t\t\t<div class=\"elementor-gallery-item__overlay\"><\/div>\n\t\t\t\t\t\t\t\t\t\t\t\t\t\t<\/a>\n\t\t\t\t\t\t\t<a class=\"e-gallery-item elementor-gallery-item elementor-animated-content\" data-e-gallery-tags=\"1\" href=\"https:\/\/www.jgclassics.com\/wp-content\/uploads\/2023\/05\/20230506_200435-scaled.jpg\" data-elementor-open-lightbox=\"yes\" data-elementor-lightbox-slideshow=\"6232dff\" data-elementor-lightbox-title=\"BMW 323i E21 Barcelona\" data-elementor-lightbox-description=\"BMW 323i E21 Barcelona Maresme JG Classics. Disponible para alquiler, fotos, filmaciones, metrajes. BMW 323i E21 Barcelona\" data-e-action-hash=\"#elementor-action%3Aaction%3Dlightbox%26settings%3DeyJpZCI6MTM4MDIsInVybCI6Imh0dHBzOlwvXC93d3cuamdjbGFzc2ljcy5jb21cL3dwLWNvbnRlbnRcL3VwbG9hZHNcLzIwMjNcLzA1XC8yMDIzMDUwNl8yMDA0MzUtc2NhbGVkLmpwZyIsInNsaWRlc2hvdyI6IjYyMzJkZmYifQ%3D%3D\">\n\t\t\t\t\t<div class=\"e-gallery-image elementor-gallery-item__image\" data-thumbnail=\"https:\/\/www.jgclassics.com\/wp-content\/uploads\/2023\/05\/20230506_200435-300x135.jpg\" data-width=\"300\" data-height=\"135\" aria-label=\"\" role=\"img\" ><\/div>\n\t\t\t\t\t\t\t\t\t\t\t<div class=\"elementor-gallery-item__overlay\"><\/div>\n\t\t\t\t\t\t\t\t\t\t\t\t\t\t<\/a>\n\t\t\t\t\t\t\t<a class=\"e-gallery-item elementor-gallery-item elementor-animated-content\" data-e-gallery-tags=\"1\" href=\"https:\/\/www.jgclassics.com\/wp-content\/uploads\/2023\/05\/20230506_200419-scaled.jpg\" data-elementor-open-lightbox=\"yes\" data-elementor-lightbox-slideshow=\"6232dff\" data-elementor-lightbox-title=\"BMW 323i E21 Barcelona\" data-elementor-lightbox-description=\"BMW 323i E21 Barcelona Maresme JG Classics. Disponible para alquiler, fotos, filmaciones, metrajes. BMW 323i E21 Barcelona\" data-e-action-hash=\"#elementor-action%3Aaction%3Dlightbox%26settings%3DeyJpZCI6MTM3OTksInVybCI6Imh0dHBzOlwvXC93d3cuamdjbGFzc2ljcy5jb21cL3dwLWNvbnRlbnRcL3VwbG9hZHNcLzIwMjNcLzA1XC8yMDIzMDUwNl8yMDA0MTktc2NhbGVkLmpwZyIsInNsaWRlc2hvdyI6IjYyMzJkZmYifQ%3D%3D\">\n\t\t\t\t\t<div class=\"e-gallery-image elementor-gallery-item__image\" data-thumbnail=\"https:\/\/www.jgclassics.com\/wp-content\/uploads\/2023\/05\/20230506_200419-300x135.jpg\" data-width=\"300\" data-height=\"135\" aria-label=\"\" role=\"img\" ><\/div>\n\t\t\t\t\t\t\t\t\t\t\t<div class=\"elementor-gallery-item__overlay\"><\/div>\n\t\t\t\t\t\t\t\t\t\t\t\t\t\t<\/a>\n\t\t\t\t\t\t\t<a class=\"e-gallery-item elementor-gallery-item elementor-animated-content\" data-e-gallery-tags=\"1\" href=\"https:\/\/www.jgclassics.com\/wp-content\/uploads\/2023\/05\/20230506_200242-scaled.jpg\" data-elementor-open-lightbox=\"yes\" data-elementor-lightbox-slideshow=\"6232dff\" data-elementor-lightbox-title=\"BMW 323i E21 Barcelona\" data-elementor-lightbox-description=\"BMW 323i E21 Barcelona Maresme JG Classics. Disponible para alquiler, fotos, filmaciones, metrajes. BMW 323i E21 Barcelona\" data-e-action-hash=\"#elementor-action%3Aaction%3Dlightbox%26settings%3DeyJpZCI6MTM3OTMsInVybCI6Imh0dHBzOlwvXC93d3cuamdjbGFzc2ljcy5jb21cL3dwLWNvbnRlbnRcL3VwbG9hZHNcLzIwMjNcLzA1XC8yMDIzMDUwNl8yMDAyNDItc2NhbGVkLmpwZyIsInNsaWRlc2hvdyI6IjYyMzJkZmYifQ%3D%3D\">\n\t\t\t\t\t<div class=\"e-gallery-image elementor-gallery-item__image\" data-thumbnail=\"https:\/\/www.jgclassics.com\/wp-content\/uploads\/2023\/05\/20230506_200242-300x169.jpg\" data-width=\"300\" data-height=\"169\" aria-label=\"\" role=\"img\" ><\/div>\n\t\t\t\t\t\t\t\t\t\t\t<div class=\"elementor-gallery-item__overlay\"><\/div>\n\t\t\t\t\t\t\t\t\t\t\t\t\t\t<\/a>\n\t\t\t\t\t\t\t<a class=\"e-gallery-item elementor-gallery-item elementor-animated-content\" data-e-gallery-tags=\"1\" href=\"https:\/\/www.jgclassics.com\/wp-content\/uploads\/2023\/05\/20230506_200212-scaled.jpg\" data-elementor-open-lightbox=\"yes\" data-elementor-lightbox-slideshow=\"6232dff\" data-elementor-lightbox-title=\"BMW 323i E21 Barcelona\" data-elementor-lightbox-description=\"BMW 323i E21 Barcelona Maresme JG Classics. Disponible para alquiler, fotos, filmaciones, metrajes. BMW 323i E21 Barcelona\" data-e-action-hash=\"#elementor-action%3Aaction%3Dlightbox%26settings%3DeyJpZCI6MTM3OTAsInVybCI6Imh0dHBzOlwvXC93d3cuamdjbGFzc2ljcy5jb21cL3dwLWNvbnRlbnRcL3VwbG9hZHNcLzIwMjNcLzA1XC8yMDIzMDUwNl8yMDAyMTItc2NhbGVkLmpwZyIsInNsaWRlc2hvdyI6IjYyMzJkZmYifQ%3D%3D\">\n\t\t\t\t\t<div class=\"e-gallery-image elementor-gallery-item__image\" data-thumbnail=\"https:\/\/www.jgclassics.com\/wp-content\/uploads\/2023\/05\/20230506_200212-300x169.jpg\" data-width=\"300\" data-height=\"169\" aria-label=\"\" role=\"img\" ><\/div>\n\t\t\t\t\t\t\t\t\t\t\t<div class=\"elementor-gallery-item__overlay\"><\/div>\n\t\t\t\t\t\t\t\t\t\t\t\t\t\t<\/a>\n\t\t\t\t\t\t\t<a class=\"e-gallery-item elementor-gallery-item elementor-animated-content\" data-e-gallery-tags=\"1\" href=\"https:\/\/www.jgclassics.com\/wp-content\/uploads\/2023\/05\/20230506_200521-scaled.jpg\" data-elementor-open-lightbox=\"yes\" data-elementor-lightbox-slideshow=\"6232dff\" data-elementor-lightbox-title=\"BMW 323i E21 Barcelona\" data-elementor-lightbox-description=\"BMW 323i E21 Barcelona Maresme JG Classics. Disponible para alquiler, fotos, filmaciones, metrajes. BMW 323i E21 Barcelona\" data-e-action-hash=\"#elementor-action%3Aaction%3Dlightbox%26settings%3DeyJpZCI6MTM4MTEsInVybCI6Imh0dHBzOlwvXC93d3cuamdjbGFzc2ljcy5jb21cL3dwLWNvbnRlbnRcL3VwbG9hZHNcLzIwMjNcLzA1XC8yMDIzMDUwNl8yMDA1MjEtc2NhbGVkLmpwZyIsInNsaWRlc2hvdyI6IjYyMzJkZmYifQ%3D%3D\">\n\t\t\t\t\t<div class=\"e-gallery-image elementor-gallery-item__image\" data-thumbnail=\"https:\/\/www.jgclassics.com\/wp-content\/uploads\/2023\/05\/20230506_200521-300x135.jpg\" data-width=\"300\" data-height=\"135\" aria-label=\"\" role=\"img\" ><\/div>\n\t\t\t\t\t\t\t\t\t\t\t<div class=\"elementor-gallery-item__overlay\"><\/div>\n\t\t\t\t\t\t\t\t\t\t\t\t\t\t<\/a>\n\t\t\t\t\t\t\t<a class=\"e-gallery-item elementor-gallery-item elementor-animated-content\" data-e-gallery-tags=\"1\" href=\"https:\/\/www.jgclassics.com\/wp-content\/uploads\/2023\/05\/20230506_200544-scaled.jpg\" data-elementor-open-lightbox=\"yes\" data-elementor-lightbox-slideshow=\"6232dff\" data-elementor-lightbox-title=\"BMW 323i E21 Barcelona\" data-elementor-lightbox-description=\"BMW 323i E21 Barcelona Maresme JG Classics. Disponible para alquiler, fotos, filmaciones, metrajes. BMW 323i E21 Barcelona\" data-e-action-hash=\"#elementor-action%3Aaction%3Dlightbox%26settings%3DeyJpZCI6MTM4MTcsInVybCI6Imh0dHBzOlwvXC93d3cuamdjbGFzc2ljcy5jb21cL3dwLWNvbnRlbnRcL3VwbG9hZHNcLzIwMjNcLzA1XC8yMDIzMDUwNl8yMDA1NDQtc2NhbGVkLmpwZyIsInNsaWRlc2hvdyI6IjYyMzJkZmYifQ%3D%3D\">\n\t\t\t\t\t<div class=\"e-gallery-image elementor-gallery-item__image\" data-thumbnail=\"https:\/\/www.jgclassics.com\/wp-content\/uploads\/2023\/05\/20230506_200544-135x300.jpg\" data-width=\"135\" data-height=\"300\" aria-label=\"\" role=\"img\" ><\/div>\n\t\t\t\t\t\t\t\t\t\t\t<div class=\"elementor-gallery-item__overlay\"><\/div>\n\t\t\t\t\t\t\t\t\t\t\t\t\t\t<\/a>\n\t\t\t\t\t\t\t<a class=\"e-gallery-item elementor-gallery-item elementor-animated-content\" data-e-gallery-tags=\"1\" href=\"https:\/\/www.jgclassics.com\/wp-content\/uploads\/2023\/05\/20230506_202013-scaled.jpg\" data-elementor-open-lightbox=\"yes\" data-elementor-lightbox-slideshow=\"6232dff\" data-elementor-lightbox-title=\"BMW 323i E21 Barcelona\" data-elementor-lightbox-description=\"BMW 323i E21 Barcelona Maresme JG Classics. Disponible para alquiler, fotos, filmaciones, metrajes. BMW 323i E21 Barcelona\" data-e-action-hash=\"#elementor-action%3Aaction%3Dlightbox%26settings%3DeyJpZCI6MTM4NjgsInVybCI6Imh0dHBzOlwvXC93d3cuamdjbGFzc2ljcy5jb21cL3dwLWNvbnRlbnRcL3VwbG9hZHNcLzIwMjNcLzA1XC8yMDIzMDUwNl8yMDIwMTMtc2NhbGVkLmpwZyIsInNsaWRlc2hvdyI6IjYyMzJkZmYifQ%3D%3D\">\n\t\t\t\t\t<div class=\"e-gallery-image elementor-gallery-item__image\" data-thumbnail=\"https:\/\/www.jgclassics.com\/wp-content\/uploads\/2023\/05\/20230506_202013-300x169.jpg\" data-width=\"300\" data-height=\"169\" aria-label=\"\" role=\"img\" ><\/div>\n\t\t\t\t\t\t\t\t\t\t\t<div class=\"elementor-gallery-item__overlay\"><\/div>\n\t\t\t\t\t\t\t\t\t\t\t\t\t\t<\/a>\n\t\t\t\t\t\t\t<a class=\"e-gallery-item elementor-gallery-item elementor-animated-content\" data-e-gallery-tags=\"1\" href=\"https:\/\/www.jgclassics.com\/wp-content\/uploads\/2023\/05\/20230506_202021-scaled.jpg\" data-elementor-open-lightbox=\"yes\" data-elementor-lightbox-slideshow=\"6232dff\" data-elementor-lightbox-title=\"BMW 323i E21 Barcelona\" data-elementor-lightbox-description=\"BMW 323i E21 Barcelona Maresme JG Classics. Disponible para alquiler, fotos, filmaciones, metrajes. BMW 323i E21 Barcelona\" data-e-action-hash=\"#elementor-action%3Aaction%3Dlightbox%26settings%3DeyJpZCI6MTM4NzEsInVybCI6Imh0dHBzOlwvXC93d3cuamdjbGFzc2ljcy5jb21cL3dwLWNvbnRlbnRcL3VwbG9hZHNcLzIwMjNcLzA1XC8yMDIzMDUwNl8yMDIwMjEtc2NhbGVkLmpwZyIsInNsaWRlc2hvdyI6IjYyMzJkZmYifQ%3D%3D\">\n\t\t\t\t\t<div class=\"e-gallery-image elementor-gallery-item__image\" data-thumbnail=\"https:\/\/www.jgclassics.com\/wp-content\/uploads\/2023\/05\/20230506_202021-300x169.jpg\" data-width=\"300\" data-height=\"169\" aria-label=\"\" role=\"img\" ><\/div>\n\t\t\t\t\t\t\t\t\t\t\t<div class=\"elementor-gallery-item__overlay\"><\/div>\n\t\t\t\t\t\t\t\t\t\t\t\t\t\t<\/a>\n\t\t\t\t\t\t\t<a class=\"e-gallery-item elementor-gallery-item elementor-animated-content\" data-e-gallery-tags=\"1\" href=\"https:\/\/www.jgclassics.com\/wp-content\/uploads\/2023\/05\/20230506_203029-scaled.jpg\" data-elementor-open-lightbox=\"yes\" data-elementor-lightbox-slideshow=\"6232dff\" data-elementor-lightbox-title=\"BMW 323i E21 Barcelona\" data-elementor-lightbox-description=\"BMW 323i E21 Barcelona Maresme JG Classics. Disponible para alquiler, fotos, filmaciones, metrajes. BMW 323i E21 Barcelona\" data-e-action-hash=\"#elementor-action%3Aaction%3Dlightbox%26settings%3DeyJpZCI6MTM5MDcsInVybCI6Imh0dHBzOlwvXC93d3cuamdjbGFzc2ljcy5jb21cL3dwLWNvbnRlbnRcL3VwbG9hZHNcLzIwMjNcLzA1XC8yMDIzMDUwNl8yMDMwMjktc2NhbGVkLmpwZyIsInNsaWRlc2hvdyI6IjYyMzJkZmYifQ%3D%3D\">\n\t\t\t\t\t<div class=\"e-gallery-image elementor-gallery-item__image\" data-thumbnail=\"https:\/\/www.jgclassics.com\/wp-content\/uploads\/2023\/05\/20230506_203029-300x169.jpg\" data-width=\"300\" data-height=\"169\" aria-label=\"\" role=\"img\" ><\/div>\n\t\t\t\t\t\t\t\t\t\t\t<div class=\"elementor-gallery-item__overlay\"><\/div>\n\t\t\t\t\t\t\t\t\t\t\t\t\t\t<\/a>\n\t\t\t\t\t\t\t<a class=\"e-gallery-item elementor-gallery-item elementor-animated-content\" data-e-gallery-tags=\"1\" href=\"https:\/\/www.jgclassics.com\/wp-content\/uploads\/2023\/05\/20230506_203010-scaled.jpg\" data-elementor-open-lightbox=\"yes\" data-elementor-lightbox-slideshow=\"6232dff\" data-elementor-lightbox-title=\"BMW 323i E21 Barcelona - Alpina decoration\" data-elementor-lightbox-description=\"BMW 323i E21 Barcelona - Alpina decoration\" data-e-action-hash=\"#elementor-action%3Aaction%3Dlightbox%26settings%3DeyJpZCI6MTM5MDQsInVybCI6Imh0dHBzOlwvXC93d3cuamdjbGFzc2ljcy5jb21cL3dwLWNvbnRlbnRcL3VwbG9hZHNcLzIwMjNcLzA1XC8yMDIzMDUwNl8yMDMwMTAtc2NhbGVkLmpwZyIsInNsaWRlc2hvdyI6IjYyMzJkZmYifQ%3D%3D\">\n\t\t\t\t\t<div class=\"e-gallery-image elementor-gallery-item__image\" data-thumbnail=\"https:\/\/www.jgclassics.com\/wp-content\/uploads\/2023\/05\/20230506_203010-300x169.jpg\" data-width=\"300\" data-height=\"169\" aria-label=\"BMW 323i E21 Barcelona - Alpina decoration\" role=\"img\" ><\/div>\n\t\t\t\t\t\t\t\t\t\t\t<div class=\"elementor-gallery-item__overlay\"><\/div>\n\t\t\t\t\t\t\t\t\t\t\t\t\t\t<\/a>\n\t\t\t\t\t\t\t<a class=\"e-gallery-item elementor-gallery-item elementor-animated-content\" data-e-gallery-tags=\"1\" href=\"https:\/\/www.jgclassics.com\/wp-content\/uploads\/2023\/05\/20230508_132049-scaled.jpg\" data-elementor-open-lightbox=\"yes\" data-elementor-lightbox-slideshow=\"6232dff\" data-elementor-lightbox-title=\"BMW 323i E21 Barcelona\" data-elementor-lightbox-description=\"BMW 323i E21 Barcelona Maresme JG Classics. Disponible para alquiler, fotos, filmaciones, metrajes. BMW 323i E21 Barcelona\" data-e-action-hash=\"#elementor-action%3Aaction%3Dlightbox%26settings%3DeyJpZCI6MTQwNzUsInVybCI6Imh0dHBzOlwvXC93d3cuamdjbGFzc2ljcy5jb21cL3dwLWNvbnRlbnRcL3VwbG9hZHNcLzIwMjNcLzA1XC8yMDIzMDUwOF8xMzIwNDktc2NhbGVkLmpwZyIsInNsaWRlc2hvdyI6IjYyMzJkZmYifQ%3D%3D\">\n\t\t\t\t\t<div class=\"e-gallery-image elementor-gallery-item__image\" data-thumbnail=\"https:\/\/www.jgclassics.com\/wp-content\/uploads\/2023\/05\/20230508_132049-300x169.jpg\" data-width=\"300\" data-height=\"169\" aria-label=\"\" role=\"img\" ><\/div>\n\t\t\t\t\t\t\t\t\t\t\t<div class=\"elementor-gallery-item__overlay\"><\/div>\n\t\t\t\t\t\t\t\t\t\t\t\t\t\t<\/a>\n\t\t\t\t\t\t\t<a class=\"e-gallery-item elementor-gallery-item elementor-animated-content\" data-e-gallery-tags=\"1\" href=\"https:\/\/www.jgclassics.com\/wp-content\/uploads\/2023\/05\/20230508_132018-scaled.jpg\" data-elementor-open-lightbox=\"yes\" data-elementor-lightbox-slideshow=\"6232dff\" data-elementor-lightbox-title=\"BMW 323i E21 Barcelona\" data-elementor-lightbox-description=\"BMW 323i E21 Barcelona Maresme JG Classics. Disponible para alquiler, fotos, filmaciones, metrajes. BMW 323i E21 Barcelona\" data-e-action-hash=\"#elementor-action%3Aaction%3Dlightbox%26settings%3DeyJpZCI6MTQwNjksInVybCI6Imh0dHBzOlwvXC93d3cuamdjbGFzc2ljcy5jb21cL3dwLWNvbnRlbnRcL3VwbG9hZHNcLzIwMjNcLzA1XC8yMDIzMDUwOF8xMzIwMTgtc2NhbGVkLmpwZyIsInNsaWRlc2hvdyI6IjYyMzJkZmYifQ%3D%3D\">\n\t\t\t\t\t<div class=\"e-gallery-image elementor-gallery-item__image\" data-thumbnail=\"https:\/\/www.jgclassics.com\/wp-content\/uploads\/2023\/05\/20230508_132018-300x169.jpg\" data-width=\"300\" data-height=\"169\" aria-label=\"\" role=\"img\" ><\/div>\n\t\t\t\t\t\t\t\t\t\t\t<div class=\"elementor-gallery-item__overlay\"><\/div>\n\t\t\t\t\t\t\t\t\t\t\t\t\t\t<\/a>\n\t\t\t\t\t\t\t<a class=\"e-gallery-item elementor-gallery-item elementor-animated-content\" data-e-gallery-tags=\"1\" href=\"https:\/\/www.jgclassics.com\/wp-content\/uploads\/2023\/05\/20230508_132122-scaled.jpg\" data-elementor-open-lightbox=\"yes\" data-elementor-lightbox-slideshow=\"6232dff\" data-elementor-lightbox-title=\"BMW 323i E21 Barcelona\" data-elementor-lightbox-description=\"BMW 323i E21 Barcelona Maresme JG Classics. Disponible para alquiler, fotos, filmaciones, metrajes. BMW 323i E21 Barcelona\" data-e-action-hash=\"#elementor-action%3Aaction%3Dlightbox%26settings%3DeyJpZCI6MTM5MTksInVybCI6Imh0dHBzOlwvXC93d3cuamdjbGFzc2ljcy5jb21cL3dwLWNvbnRlbnRcL3VwbG9hZHNcLzIwMjNcLzA1XC8yMDIzMDUwOF8xMzIxMjItc2NhbGVkLmpwZyIsInNsaWRlc2hvdyI6IjYyMzJkZmYifQ%3D%3D\">\n\t\t\t\t\t<div class=\"e-gallery-image elementor-gallery-item__image\" data-thumbnail=\"https:\/\/www.jgclassics.com\/wp-content\/uploads\/2023\/05\/20230508_132122-300x169.jpg\" data-width=\"300\" data-height=\"169\" aria-label=\"\" role=\"img\" ><\/div>\n\t\t\t\t\t\t\t\t\t\t\t<div class=\"elementor-gallery-item__overlay\"><\/div>\n\t\t\t\t\t\t\t\t\t\t\t\t\t\t<\/a>\n\t\t\t\t\t\t\t<a class=\"e-gallery-item elementor-gallery-item elementor-animated-content\" data-e-gallery-tags=\"2\" href=\"https:\/\/www.jgclassics.com\/wp-content\/uploads\/2023\/04\/20190425_104958-1-scaled.jpg\" data-elementor-open-lightbox=\"yes\" data-elementor-lightbox-slideshow=\"6232dff\" data-elementor-lightbox-title=\"BMW 323i E21 - Volant et cadre de direction\" data-elementor-lightbox-description=\"BMW 323i E21 - Volant et cadre. Position de conduite\" data-e-action-hash=\"#elementor-action%3Aaction%3Dlightbox%26settings%3DeyJpZCI6MTM2OTEsInVybCI6Imh0dHBzOlwvXC93d3cuamdjbGFzc2ljcy5jb21cL3dwLWNvbnRlbnRcL3VwbG9hZHNcLzIwMjNcLzA0XC8yMDE5MDQyNV8xMDQ5NTgtMS1zY2FsZWQuanBnIiwic2xpZGVzaG93IjoiNjIzMmRmZiJ9\">\n\t\t\t\t\t<div class=\"e-gallery-image elementor-gallery-item__image\" data-thumbnail=\"https:\/\/www.jgclassics.com\/wp-content\/uploads\/2023\/04\/20190425_104958-1-300x225.jpg\" data-width=\"300\" data-height=\"225\" aria-label=\"BMW 323i E21 - Volant et cadre de direction\" role=\"img\" ><\/div>\n\t\t\t\t\t\t\t\t\t\t\t<div class=\"elementor-gallery-item__overlay\"><\/div>\n\t\t\t\t\t\t\t\t\t\t\t\t\t\t<\/a>\n\t\t\t\t\t\t\t<a class=\"e-gallery-item elementor-gallery-item elementor-animated-content\" data-e-gallery-tags=\"2\" href=\"https:\/\/www.jgclassics.com\/wp-content\/uploads\/2023\/05\/20230506_203417-scaled.jpg\" data-elementor-open-lightbox=\"yes\" data-elementor-lightbox-slideshow=\"6232dff\" data-elementor-lightbox-title=\"Altavoz tweeter JBL integrado en puerta\" data-elementor-lightbox-description=\"BMW 323i E21 Barcelona Maresme JG Classics. Disponible para alquiler, fotos, filmaciones, metrajes. BMW 323i E21 Barcelona\" data-e-action-hash=\"#elementor-action%3Aaction%3Dlightbox%26settings%3DeyJpZCI6MTM3MjEsInVybCI6Imh0dHBzOlwvXC93d3cuamdjbGFzc2ljcy5jb21cL3dwLWNvbnRlbnRcL3VwbG9hZHNcLzIwMjNcLzA1XC8yMDIzMDUwNl8yMDM0MTctc2NhbGVkLmpwZyIsInNsaWRlc2hvdyI6IjYyMzJkZmYifQ%3D%3D\">\n\t\t\t\t\t<div class=\"e-gallery-image elementor-gallery-item__image\" data-thumbnail=\"https:\/\/www.jgclassics.com\/wp-content\/uploads\/2023\/05\/20230506_203417-300x169.jpg\" data-width=\"300\" data-height=\"169\" aria-label=\"\" role=\"img\" ><\/div>\n\t\t\t\t\t\t\t\t\t\t\t<div class=\"elementor-gallery-item__overlay\"><\/div>\n\t\t\t\t\t\t\t\t\t\t\t\t\t\t<\/a>\n\t\t\t\t\t\t\t<a class=\"e-gallery-item elementor-gallery-item elementor-animated-content\" data-e-gallery-tags=\"2\" href=\"https:\/\/www.jgclassics.com\/wp-content\/uploads\/2023\/05\/20230506_203411-scaled.jpg\" data-elementor-open-lightbox=\"yes\" data-elementor-lightbox-slideshow=\"6232dff\" data-elementor-lightbox-title=\"20230506_203411\" data-elementor-lightbox-description=\"BMW 323i E21 Barcelona Maresme JG Classics. Disponible para alquiler, fotos, filmaciones, metrajes. BMW 323i E21 Barcelona\" data-e-action-hash=\"#elementor-action%3Aaction%3Dlightbox%26settings%3DeyJpZCI6MTM3MTgsInVybCI6Imh0dHBzOlwvXC93d3cuamdjbGFzc2ljcy5jb21cL3dwLWNvbnRlbnRcL3VwbG9hZHNcLzIwMjNcLzA1XC8yMDIzMDUwNl8yMDM0MTEtc2NhbGVkLmpwZyIsInNsaWRlc2hvdyI6IjYyMzJkZmYifQ%3D%3D\">\n\t\t\t\t\t<div class=\"e-gallery-image elementor-gallery-item__image\" data-thumbnail=\"https:\/\/www.jgclassics.com\/wp-content\/uploads\/2023\/05\/20230506_203411-300x169.jpg\" data-width=\"300\" data-height=\"169\" aria-label=\"\" role=\"img\" ><\/div>\n\t\t\t\t\t\t\t\t\t\t\t<div class=\"elementor-gallery-item__overlay\"><\/div>\n\t\t\t\t\t\t\t\t\t\t\t\t\t\t<\/a>\n\t\t\t\t\t\t\t<a class=\"e-gallery-item elementor-gallery-item elementor-animated-content\" data-e-gallery-tags=\"2\" href=\"https:\/\/www.jgclassics.com\/wp-content\/uploads\/2023\/05\/20230506_203406-scaled.jpg\" data-elementor-open-lightbox=\"yes\" data-elementor-lightbox-slideshow=\"6232dff\" data-elementor-lightbox-title=\"20230506_203406\" data-elementor-lightbox-description=\"BMW 323i E21 Barcelona Maresme JG Classics. Disponible para alquiler, fotos, filmaciones, metrajes. BMW 323i E21 Barcelona\" data-e-action-hash=\"#elementor-action%3Aaction%3Dlightbox%26settings%3DeyJpZCI6MTM3MTUsInVybCI6Imh0dHBzOlwvXC93d3cuamdjbGFzc2ljcy5jb21cL3dwLWNvbnRlbnRcL3VwbG9hZHNcLzIwMjNcLzA1XC8yMDIzMDUwNl8yMDM0MDYtc2NhbGVkLmpwZyIsInNsaWRlc2hvdyI6IjYyMzJkZmYifQ%3D%3D\">\n\t\t\t\t\t<div class=\"e-gallery-image elementor-gallery-item__image\" data-thumbnail=\"https:\/\/www.jgclassics.com\/wp-content\/uploads\/2023\/05\/20230506_203406-300x169.jpg\" data-width=\"300\" data-height=\"169\" aria-label=\"\" role=\"img\" ><\/div>\n\t\t\t\t\t\t\t\t\t\t\t<div class=\"elementor-gallery-item__overlay\"><\/div>\n\t\t\t\t\t\t\t\t\t\t\t\t\t\t<\/a>\n\t\t\t\t\t\t\t<a class=\"e-gallery-item elementor-gallery-item elementor-animated-content\" data-e-gallery-tags=\"2\" href=\"https:\/\/www.jgclassics.com\/wp-content\/uploads\/2023\/05\/20230506_195754-scaled.jpg\" data-elementor-open-lightbox=\"yes\" data-elementor-lightbox-slideshow=\"6232dff\" data-elementor-lightbox-title=\"20230506_195754\" data-elementor-lightbox-description=\"BMW 323i E21 Barcelona Maresme JG Classics. Disponible para alquiler, fotos, filmaciones, metrajes. BMW 323i E21 Barcelona\" data-e-action-hash=\"#elementor-action%3Aaction%3Dlightbox%26settings%3DeyJpZCI6MTM3NDUsInVybCI6Imh0dHBzOlwvXC93d3cuamdjbGFzc2ljcy5jb21cL3dwLWNvbnRlbnRcL3VwbG9hZHNcLzIwMjNcLzA1XC8yMDIzMDUwNl8xOTU3NTQtc2NhbGVkLmpwZyIsInNsaWRlc2hvdyI6IjYyMzJkZmYifQ%3D%3D\">\n\t\t\t\t\t<div class=\"e-gallery-image elementor-gallery-item__image\" data-thumbnail=\"https:\/\/www.jgclassics.com\/wp-content\/uploads\/2023\/05\/20230506_195754-169x300.jpg\" data-width=\"169\" data-height=\"300\" aria-label=\"\" role=\"img\" ><\/div>\n\t\t\t\t\t\t\t\t\t\t\t<div class=\"elementor-gallery-item__overlay\"><\/div>\n\t\t\t\t\t\t\t\t\t\t\t\t\t\t<\/a>\n\t\t\t\t\t\t\t<a class=\"e-gallery-item elementor-gallery-item elementor-animated-content\" data-e-gallery-tags=\"2\" href=\"https:\/\/www.jgclassics.com\/wp-content\/uploads\/2023\/05\/20230506_195746-scaled.jpg\" data-elementor-open-lightbox=\"yes\" data-elementor-lightbox-slideshow=\"6232dff\" data-elementor-lightbox-title=\"20230506_195746\" data-elementor-lightbox-description=\"BMW 323i E21 Barcelona Maresme JG Classics. Disponible para alquiler, fotos, filmaciones, metrajes. BMW 323i E21 Barcelona\" data-e-action-hash=\"#elementor-action%3Aaction%3Dlightbox%26settings%3DeyJpZCI6MTM3NDIsInVybCI6Imh0dHBzOlwvXC93d3cuamdjbGFzc2ljcy5jb21cL3dwLWNvbnRlbnRcL3VwbG9hZHNcLzIwMjNcLzA1XC8yMDIzMDUwNl8xOTU3NDYtc2NhbGVkLmpwZyIsInNsaWRlc2hvdyI6IjYyMzJkZmYifQ%3D%3D\">\n\t\t\t\t\t<div class=\"e-gallery-image elementor-gallery-item__image\" data-thumbnail=\"https:\/\/www.jgclassics.com\/wp-content\/uploads\/2023\/05\/20230506_195746-300x169.jpg\" data-width=\"300\" data-height=\"169\" aria-label=\"\" role=\"img\" ><\/div>\n\t\t\t\t\t\t\t\t\t\t\t<div class=\"elementor-gallery-item__overlay\"><\/div>\n\t\t\t\t\t\t\t\t\t\t\t\t\t\t<\/a>\n\t\t\t\t\t\t\t<a class=\"e-gallery-item elementor-gallery-item elementor-animated-content\" data-e-gallery-tags=\"2\" href=\"https:\/\/www.jgclassics.com\/wp-content\/uploads\/2023\/05\/20230506_195735-scaled.jpg\" data-elementor-open-lightbox=\"yes\" data-elementor-lightbox-slideshow=\"6232dff\" data-elementor-lightbox-title=\"20230506_195735\" data-elementor-lightbox-description=\"BMW 323i E21 Barcelona Maresme JG Classics. Disponible para alquiler, fotos, filmaciones, metrajes. BMW 323i E21 Barcelona\" data-e-action-hash=\"#elementor-action%3Aaction%3Dlightbox%26settings%3DeyJpZCI6MTM3MzksInVybCI6Imh0dHBzOlwvXC93d3cuamdjbGFzc2ljcy5jb21cL3dwLWNvbnRlbnRcL3VwbG9hZHNcLzIwMjNcLzA1XC8yMDIzMDUwNl8xOTU3MzUtc2NhbGVkLmpwZyIsInNsaWRlc2hvdyI6IjYyMzJkZmYifQ%3D%3D\">\n\t\t\t\t\t<div class=\"e-gallery-image elementor-gallery-item__image\" data-thumbnail=\"https:\/\/www.jgclassics.com\/wp-content\/uploads\/2023\/05\/20230506_195735-300x169.jpg\" data-width=\"300\" data-height=\"169\" aria-label=\"\" role=\"img\" ><\/div>\n\t\t\t\t\t\t\t\t\t\t\t<div class=\"elementor-gallery-item__overlay\"><\/div>\n\t\t\t\t\t\t\t\t\t\t\t\t\t\t<\/a>\n\t\t\t\t\t\t\t<a class=\"e-gallery-item elementor-gallery-item elementor-animated-content\" data-e-gallery-tags=\"2\" href=\"https:\/\/www.jgclassics.com\/wp-content\/uploads\/2023\/05\/20230506_195804-scaled.jpg\" data-elementor-open-lightbox=\"yes\" data-elementor-lightbox-slideshow=\"6232dff\" data-elementor-lightbox-title=\"BMW 323i E21 Barcelona\" data-elementor-lightbox-description=\"Detalle altavoz tweeter JBL integrado en panel puerta. BMW 323i E21 Barcelona Maresme JG Classics. Disponible para alquiler, fotos, filmaciones, metrajes. BMW 323i E21 Barcelona\" data-e-action-hash=\"#elementor-action%3Aaction%3Dlightbox%26settings%3DeyJpZCI6MTM3NDgsInVybCI6Imh0dHBzOlwvXC93d3cuamdjbGFzc2ljcy5jb21cL3dwLWNvbnRlbnRcL3VwbG9hZHNcLzIwMjNcLzA1XC8yMDIzMDUwNl8xOTU4MDQtc2NhbGVkLmpwZyIsInNsaWRlc2hvdyI6IjYyMzJkZmYifQ%3D%3D\">\n\t\t\t\t\t<div class=\"e-gallery-image elementor-gallery-item__image\" data-thumbnail=\"https:\/\/www.jgclassics.com\/wp-content\/uploads\/2023\/05\/20230506_195804-300x169.jpg\" data-width=\"300\" data-height=\"169\" aria-label=\"\" role=\"img\" ><\/div>\n\t\t\t\t\t\t\t\t\t\t\t<div class=\"elementor-gallery-item__overlay\"><\/div>\n\t\t\t\t\t\t\t\t\t\t\t\t\t\t<\/a>\n\t\t\t\t\t\t\t<a class=\"e-gallery-item elementor-gallery-item elementor-animated-content\" data-e-gallery-tags=\"2\" href=\"https:\/\/www.jgclassics.com\/wp-content\/uploads\/2023\/05\/20230506_195815-scaled.jpg\" data-elementor-open-lightbox=\"yes\" data-elementor-lightbox-slideshow=\"6232dff\" data-elementor-lightbox-title=\"BMW 323i E21 Barcelona\" data-elementor-lightbox-description=\"Detalle altavoz tweeter JBL integrado en panel puerta. BMW 323i E21 Barcelona Maresme JG Classics. Disponible para alquiler, fotos, filmaciones, metrajes. BMW 323i E21 Barcelona\" data-e-action-hash=\"#elementor-action%3Aaction%3Dlightbox%26settings%3DeyJpZCI6MTM3NTEsInVybCI6Imh0dHBzOlwvXC93d3cuamdjbGFzc2ljcy5jb21cL3dwLWNvbnRlbnRcL3VwbG9hZHNcLzIwMjNcLzA1XC8yMDIzMDUwNl8xOTU4MTUtc2NhbGVkLmpwZyIsInNsaWRlc2hvdyI6IjYyMzJkZmYifQ%3D%3D\">\n\t\t\t\t\t<div class=\"e-gallery-image elementor-gallery-item__image\" data-thumbnail=\"https:\/\/www.jgclassics.com\/wp-content\/uploads\/2023\/05\/20230506_195815-300x169.jpg\" data-width=\"300\" data-height=\"169\" aria-label=\"\" role=\"img\" ><\/div>\n\t\t\t\t\t\t\t\t\t\t\t<div class=\"elementor-gallery-item__overlay\"><\/div>\n\t\t\t\t\t\t\t\t\t\t\t\t\t\t<\/a>\n\t\t\t\t\t\t\t<a class=\"e-gallery-item elementor-gallery-item elementor-animated-content\" data-e-gallery-tags=\"2\" href=\"https:\/\/www.jgclassics.com\/wp-content\/uploads\/2023\/05\/20230506_200603-scaled.jpg\" data-elementor-open-lightbox=\"yes\" data-elementor-lightbox-slideshow=\"6232dff\" data-elementor-lightbox-title=\"BMW 323i E21 Barcelona\" data-elementor-lightbox-description=\"BMW 323i E21 Barcelona Maresme JG Classics. Disponible para alquiler, fotos, filmaciones, metrajes. BMW 323i E21 Barcelona\" data-e-action-hash=\"#elementor-action%3Aaction%3Dlightbox%26settings%3DeyJpZCI6MTM4MjAsInVybCI6Imh0dHBzOlwvXC93d3cuamdjbGFzc2ljcy5jb21cL3dwLWNvbnRlbnRcL3VwbG9hZHNcLzIwMjNcLzA1XC8yMDIzMDUwNl8yMDA2MDMtc2NhbGVkLmpwZyIsInNsaWRlc2hvdyI6IjYyMzJkZmYifQ%3D%3D\">\n\t\t\t\t\t<div class=\"e-gallery-image elementor-gallery-item__image\" data-thumbnail=\"https:\/\/www.jgclassics.com\/wp-content\/uploads\/2023\/05\/20230506_200603-300x135.jpg\" data-width=\"300\" data-height=\"135\" aria-label=\"\" role=\"img\" ><\/div>\n\t\t\t\t\t\t\t\t\t\t\t<div class=\"elementor-gallery-item__overlay\"><\/div>\n\t\t\t\t\t\t\t\t\t\t\t\t\t\t<\/a>\n\t\t\t\t\t\t\t<a class=\"e-gallery-item elementor-gallery-item elementor-animated-content\" data-e-gallery-tags=\"2\" href=\"https:\/\/www.jgclassics.com\/wp-content\/uploads\/2023\/05\/20230506_200643-scaled.jpg\" data-elementor-open-lightbox=\"yes\" data-elementor-lightbox-slideshow=\"6232dff\" data-elementor-lightbox-title=\"BMW 323i E21 Barcelona\" data-elementor-lightbox-description=\"BMW 323i E21 Barcelona Maresme JG Classics. Disponible para alquiler, fotos, filmaciones, metrajes. BMW 323i E21 Barcelona\" data-e-action-hash=\"#elementor-action%3Aaction%3Dlightbox%26settings%3DeyJpZCI6MTM4MjMsInVybCI6Imh0dHBzOlwvXC93d3cuamdjbGFzc2ljcy5jb21cL3dwLWNvbnRlbnRcL3VwbG9hZHNcLzIwMjNcLzA1XC8yMDIzMDUwNl8yMDA2NDMtc2NhbGVkLmpwZyIsInNsaWRlc2hvdyI6IjYyMzJkZmYifQ%3D%3D\">\n\t\t\t\t\t<div class=\"e-gallery-image elementor-gallery-item__image\" data-thumbnail=\"https:\/\/www.jgclassics.com\/wp-content\/uploads\/2023\/05\/20230506_200643-169x300.jpg\" data-width=\"169\" data-height=\"300\" aria-label=\"\" role=\"img\" ><\/div>\n\t\t\t\t\t\t\t\t\t\t\t<div class=\"elementor-gallery-item__overlay\"><\/div>\n\t\t\t\t\t\t\t\t\t\t\t\t\t\t<\/a>\n\t\t\t\t\t\t\t<a class=\"e-gallery-item elementor-gallery-item elementor-animated-content\" data-e-gallery-tags=\"2\" href=\"https:\/\/www.jgclassics.com\/wp-content\/uploads\/2023\/05\/20230506_200656-scaled.jpg\" data-elementor-open-lightbox=\"yes\" data-elementor-lightbox-slideshow=\"6232dff\" data-elementor-lightbox-title=\"BMW 323i E21 Barcelona\" data-elementor-lightbox-description=\"BMW 323i E21 Barcelona Maresme JG Classics. Disponible para alquiler, fotos, filmaciones, metrajes. BMW 323i E21 Barcelona\" data-e-action-hash=\"#elementor-action%3Aaction%3Dlightbox%26settings%3DeyJpZCI6MTM4MjYsInVybCI6Imh0dHBzOlwvXC93d3cuamdjbGFzc2ljcy5jb21cL3dwLWNvbnRlbnRcL3VwbG9hZHNcLzIwMjNcLzA1XC8yMDIzMDUwNl8yMDA2NTYtc2NhbGVkLmpwZyIsInNsaWRlc2hvdyI6IjYyMzJkZmYifQ%3D%3D\">\n\t\t\t\t\t<div class=\"e-gallery-image elementor-gallery-item__image\" data-thumbnail=\"https:\/\/www.jgclassics.com\/wp-content\/uploads\/2023\/05\/20230506_200656-300x169.jpg\" data-width=\"300\" data-height=\"169\" aria-label=\"\" role=\"img\" ><\/div>\n\t\t\t\t\t\t\t\t\t\t\t<div class=\"elementor-gallery-item__overlay\"><\/div>\n\t\t\t\t\t\t\t\t\t\t\t\t\t\t<\/a>\n\t\t\t\t\t\t\t<a class=\"e-gallery-item elementor-gallery-item elementor-animated-content\" data-e-gallery-tags=\"2\" href=\"https:\/\/www.jgclassics.com\/wp-content\/uploads\/2023\/05\/20230506_200727-scaled.jpg\" data-elementor-open-lightbox=\"yes\" data-elementor-lightbox-slideshow=\"6232dff\" data-elementor-lightbox-title=\"BMW 323i E21 Barcelona\" data-elementor-lightbox-description=\"BMW 323i E21 Barcelona Maresme JG Classics. Disponible para alquiler, fotos, filmaciones, metrajes. BMW 323i E21 Barcelona\" data-e-action-hash=\"#elementor-action%3Aaction%3Dlightbox%26settings%3DeyJpZCI6MTM4MjksInVybCI6Imh0dHBzOlwvXC93d3cuamdjbGFzc2ljcy5jb21cL3dwLWNvbnRlbnRcL3VwbG9hZHNcLzIwMjNcLzA1XC8yMDIzMDUwNl8yMDA3Mjctc2NhbGVkLmpwZyIsInNsaWRlc2hvdyI6IjYyMzJkZmYifQ%3D%3D\">\n\t\t\t\t\t<div class=\"e-gallery-image elementor-gallery-item__image\" data-thumbnail=\"https:\/\/www.jgclassics.com\/wp-content\/uploads\/2023\/05\/20230506_200727-169x300.jpg\" data-width=\"169\" data-height=\"300\" aria-label=\"\" role=\"img\" ><\/div>\n\t\t\t\t\t\t\t\t\t\t\t<div class=\"elementor-gallery-item__overlay\"><\/div>\n\t\t\t\t\t\t\t\t\t\t\t\t\t\t<\/a>\n\t\t\t\t\t\t\t<a class=\"e-gallery-item elementor-gallery-item elementor-animated-content\" data-e-gallery-tags=\"2\" href=\"https:\/\/www.jgclassics.com\/wp-content\/uploads\/2023\/05\/20230506_201005-scaled.jpg\" data-elementor-open-lightbox=\"yes\" data-elementor-lightbox-slideshow=\"6232dff\" data-elementor-lightbox-title=\"BMW 323i E21 Barcelone\" data-elementor-lightbox-description=\"BMW 323i E21 Barcelona Maresme JG Classics. Disponible pour la location, les photos, les tournages, les s\u00e9quences. BMW 323i E21 Barcelone\" data-e-action-hash=\"#elementor-action%3Aaction%3Dlightbox%26settings%3DeyJpZCI6MTM4NDcsInVybCI6Imh0dHBzOlwvXC93d3cuamdjbGFzc2ljcy5jb21cL3dwLWNvbnRlbnRcL3VwbG9hZHNcLzIwMjNcLzA1XC8yMDIzMDUwNl8yMDEwMDUtc2NhbGVkLmpwZyIsInNsaWRlc2hvdyI6IjYyMzJkZmYifQ%3D%3D\">\n\t\t\t\t\t<div class=\"e-gallery-image elementor-gallery-item__image\" data-thumbnail=\"https:\/\/www.jgclassics.com\/wp-content\/uploads\/2023\/05\/20230506_201005-169x300.jpg\" data-width=\"169\" data-height=\"300\" aria-label=\"BMW 323i E21 1981 Barcelona Maresme. Location de voitures de collection BMW Barcelona\" role=\"img\" ><\/div>\n\t\t\t\t\t\t\t\t\t\t\t<div class=\"elementor-gallery-item__overlay\"><\/div>\n\t\t\t\t\t\t\t\t\t\t\t\t\t\t<\/a>\n\t\t\t\t\t\t\t<a class=\"e-gallery-item elementor-gallery-item elementor-animated-content\" data-e-gallery-tags=\"2\" href=\"https:\/\/www.jgclassics.com\/wp-content\/uploads\/2023\/05\/20230506_201139-scaled.jpg\" data-elementor-open-lightbox=\"yes\" data-elementor-lightbox-slideshow=\"6232dff\" data-elementor-lightbox-title=\"BMW 323i E21 Barcelona\" data-elementor-lightbox-description=\"BMW 323i E21 Barcelona Maresme JG Classics. Disponible para alquiler, fotos, filmaciones, metrajes. BMW 323i E21 Barcelona\" data-e-action-hash=\"#elementor-action%3Aaction%3Dlightbox%26settings%3DeyJpZCI6MTM4NTAsInVybCI6Imh0dHBzOlwvXC93d3cuamdjbGFzc2ljcy5jb21cL3dwLWNvbnRlbnRcL3VwbG9hZHNcLzIwMjNcLzA1XC8yMDIzMDUwNl8yMDExMzktc2NhbGVkLmpwZyIsInNsaWRlc2hvdyI6IjYyMzJkZmYifQ%3D%3D\">\n\t\t\t\t\t<div class=\"e-gallery-image elementor-gallery-item__image\" data-thumbnail=\"https:\/\/www.jgclassics.com\/wp-content\/uploads\/2023\/05\/20230506_201139-300x169.jpg\" data-width=\"300\" data-height=\"169\" aria-label=\"\" role=\"img\" ><\/div>\n\t\t\t\t\t\t\t\t\t\t\t<div class=\"elementor-gallery-item__overlay\"><\/div>\n\t\t\t\t\t\t\t\t\t\t\t\t\t\t<\/a>\n\t\t\t\t\t\t\t<a class=\"e-gallery-item elementor-gallery-item elementor-animated-content\" data-e-gallery-tags=\"2\" href=\"https:\/\/www.jgclassics.com\/wp-content\/uploads\/2023\/05\/20230506_200932-scaled.jpg\" data-elementor-open-lightbox=\"yes\" data-elementor-lightbox-slideshow=\"6232dff\" data-elementor-lightbox-title=\"BMW 323i E21 Barcelona\" data-elementor-lightbox-description=\"BMW 323i E21 Barcelona Maresme JG Classics. Disponible para alquiler, fotos, filmaciones, metrajes. BMW 323i E21 Barcelona\" data-e-action-hash=\"#elementor-action%3Aaction%3Dlightbox%26settings%3DeyJpZCI6MTM4NDQsInVybCI6Imh0dHBzOlwvXC93d3cuamdjbGFzc2ljcy5jb21cL3dwLWNvbnRlbnRcL3VwbG9hZHNcLzIwMjNcLzA1XC8yMDIzMDUwNl8yMDA5MzItc2NhbGVkLmpwZyIsInNsaWRlc2hvdyI6IjYyMzJkZmYifQ%3D%3D\">\n\t\t\t\t\t<div class=\"e-gallery-image elementor-gallery-item__image\" data-thumbnail=\"https:\/\/www.jgclassics.com\/wp-content\/uploads\/2023\/05\/20230506_200932-169x300.jpg\" data-width=\"169\" data-height=\"300\" aria-label=\"\" role=\"img\" ><\/div>\n\t\t\t\t\t\t\t\t\t\t\t<div class=\"elementor-gallery-item__overlay\"><\/div>\n\t\t\t\t\t\t\t\t\t\t\t\t\t\t<\/a>\n\t\t\t\t\t\t\t<a class=\"e-gallery-item elementor-gallery-item elementor-animated-content\" data-e-gallery-tags=\"2\" href=\"https:\/\/www.jgclassics.com\/wp-content\/uploads\/2023\/05\/20230506_200917-scaled.jpg\" data-elementor-open-lightbox=\"yes\" data-elementor-lightbox-slideshow=\"6232dff\" data-elementor-lightbox-title=\"BMW 323i E21 Barcelona\" data-elementor-lightbox-description=\"BMW 323i E21 Barcelona Maresme JG Classics. Disponible para alquiler, fotos, filmaciones, metrajes. BMW 323i E21 Barcelona\" data-e-action-hash=\"#elementor-action%3Aaction%3Dlightbox%26settings%3DeyJpZCI6MTM4NDEsInVybCI6Imh0dHBzOlwvXC93d3cuamdjbGFzc2ljcy5jb21cL3dwLWNvbnRlbnRcL3VwbG9hZHNcLzIwMjNcLzA1XC8yMDIzMDUwNl8yMDA5MTctc2NhbGVkLmpwZyIsInNsaWRlc2hvdyI6IjYyMzJkZmYifQ%3D%3D\">\n\t\t\t\t\t<div class=\"e-gallery-image elementor-gallery-item__image\" data-thumbnail=\"https:\/\/www.jgclassics.com\/wp-content\/uploads\/2023\/05\/20230506_200917-300x169.jpg\" data-width=\"300\" data-height=\"169\" aria-label=\"\" role=\"img\" ><\/div>\n\t\t\t\t\t\t\t\t\t\t\t<div class=\"elementor-gallery-item__overlay\"><\/div>\n\t\t\t\t\t\t\t\t\t\t\t\t\t\t<\/a>\n\t\t\t\t\t\t\t<a class=\"e-gallery-item elementor-gallery-item elementor-animated-content\" data-e-gallery-tags=\"2\" href=\"https:\/\/www.jgclassics.com\/wp-content\/uploads\/2023\/05\/20230506_200858-scaled.jpg\" data-elementor-open-lightbox=\"yes\" data-elementor-lightbox-slideshow=\"6232dff\" data-elementor-lightbox-title=\"BMW 323i E21 Barcelona\" data-elementor-lightbox-description=\"BMW 323i E21 Barcelona Maresme JG Classics. Disponible para alquiler, fotos, filmaciones, metrajes. BMW 323i E21 Barcelona\" data-e-action-hash=\"#elementor-action%3Aaction%3Dlightbox%26settings%3DeyJpZCI6MTM4MzgsInVybCI6Imh0dHBzOlwvXC93d3cuamdjbGFzc2ljcy5jb21cL3dwLWNvbnRlbnRcL3VwbG9hZHNcLzIwMjNcLzA1XC8yMDIzMDUwNl8yMDA4NTgtc2NhbGVkLmpwZyIsInNsaWRlc2hvdyI6IjYyMzJkZmYifQ%3D%3D\">\n\t\t\t\t\t<div class=\"e-gallery-image elementor-gallery-item__image\" data-thumbnail=\"https:\/\/www.jgclassics.com\/wp-content\/uploads\/2023\/05\/20230506_200858-169x300.jpg\" data-width=\"169\" data-height=\"300\" aria-label=\"\" role=\"img\" ><\/div>\n\t\t\t\t\t\t\t\t\t\t\t<div class=\"elementor-gallery-item__overlay\"><\/div>\n\t\t\t\t\t\t\t\t\t\t\t\t\t\t<\/a>\n\t\t\t\t\t\t\t<a class=\"e-gallery-item elementor-gallery-item elementor-animated-content\" data-e-gallery-tags=\"2\" href=\"https:\/\/www.jgclassics.com\/wp-content\/uploads\/2023\/05\/20230506_200814-scaled.jpg\" data-elementor-open-lightbox=\"yes\" data-elementor-lightbox-slideshow=\"6232dff\" data-elementor-lightbox-title=\"BMW 323i E21 Barcelona\" data-elementor-lightbox-description=\"BMW 323i E21 Barcelona Maresme JG Classics. Disponible para alquiler, fotos, filmaciones, metrajes. BMW 323i E21 Barcelona\" data-e-action-hash=\"#elementor-action%3Aaction%3Dlightbox%26settings%3DeyJpZCI6MTM4MzUsInVybCI6Imh0dHBzOlwvXC93d3cuamdjbGFzc2ljcy5jb21cL3dwLWNvbnRlbnRcL3VwbG9hZHNcLzIwMjNcLzA1XC8yMDIzMDUwNl8yMDA4MTQtc2NhbGVkLmpwZyIsInNsaWRlc2hvdyI6IjYyMzJkZmYifQ%3D%3D\">\n\t\t\t\t\t<div class=\"e-gallery-image elementor-gallery-item__image\" data-thumbnail=\"https:\/\/www.jgclassics.com\/wp-content\/uploads\/2023\/05\/20230506_200814-300x169.jpg\" data-width=\"300\" data-height=\"169\" aria-label=\"\" role=\"img\" ><\/div>\n\t\t\t\t\t\t\t\t\t\t\t<div class=\"elementor-gallery-item__overlay\"><\/div>\n\t\t\t\t\t\t\t\t\t\t\t\t\t\t<\/a>\n\t\t\t\t\t\t\t<a class=\"e-gallery-item elementor-gallery-item elementor-animated-content\" data-e-gallery-tags=\"2\" href=\"https:\/\/www.jgclassics.com\/wp-content\/uploads\/2023\/05\/20230506_200739-scaled.jpg\" data-elementor-open-lightbox=\"yes\" data-elementor-lightbox-slideshow=\"6232dff\" data-elementor-lightbox-title=\"BMW 323i E21 Barcelona\" data-elementor-lightbox-description=\"BMW 323i E21 Barcelona Maresme JG Classics. Disponible para alquiler, fotos, filmaciones, metrajes. BMW 323i E21 Barcelona\" data-e-action-hash=\"#elementor-action%3Aaction%3Dlightbox%26settings%3DeyJpZCI6MTM4MzIsInVybCI6Imh0dHBzOlwvXC93d3cuamdjbGFzc2ljcy5jb21cL3dwLWNvbnRlbnRcL3VwbG9hZHNcLzIwMjNcLzA1XC8yMDIzMDUwNl8yMDA3Mzktc2NhbGVkLmpwZyIsInNsaWRlc2hvdyI6IjYyMzJkZmYifQ%3D%3D\">\n\t\t\t\t\t<div class=\"e-gallery-image elementor-gallery-item__image\" data-thumbnail=\"https:\/\/www.jgclassics.com\/wp-content\/uploads\/2023\/05\/20230506_200739-169x300.jpg\" data-width=\"169\" data-height=\"300\" aria-label=\"\" role=\"img\" ><\/div>\n\t\t\t\t\t\t\t\t\t\t\t<div class=\"elementor-gallery-item__overlay\"><\/div>\n\t\t\t\t\t\t\t\t\t\t\t\t\t\t<\/a>\n\t\t\t\t\t\t\t<a class=\"e-gallery-item elementor-gallery-item elementor-animated-content\" data-e-gallery-tags=\"2\" href=\"https:\/\/www.jgclassics.com\/wp-content\/uploads\/2023\/05\/20230506_201254-scaled.jpg\" data-elementor-open-lightbox=\"yes\" data-elementor-lightbox-slideshow=\"6232dff\" data-elementor-lightbox-title=\"BMW 323i E21 Barcelona\" data-elementor-lightbox-description=\"BMW 323i E21 Barcelona Maresme JG Classics. Disponible para alquiler, fotos, filmaciones, metrajes. BMW 323i E21 Barcelona\" data-e-action-hash=\"#elementor-action%3Aaction%3Dlightbox%26settings%3DeyJpZCI6MTM4NTYsInVybCI6Imh0dHBzOlwvXC93d3cuamdjbGFzc2ljcy5jb21cL3dwLWNvbnRlbnRcL3VwbG9hZHNcLzIwMjNcLzA1XC8yMDIzMDUwNl8yMDEyNTQtc2NhbGVkLmpwZyIsInNsaWRlc2hvdyI6IjYyMzJkZmYifQ%3D%3D\">\n\t\t\t\t\t<div class=\"e-gallery-image elementor-gallery-item__image\" data-thumbnail=\"https:\/\/www.jgclassics.com\/wp-content\/uploads\/2023\/05\/20230506_201254-300x169.jpg\" data-width=\"300\" data-height=\"169\" aria-label=\"\" role=\"img\" ><\/div>\n\t\t\t\t\t\t\t\t\t\t\t<div class=\"elementor-gallery-item__overlay\"><\/div>\n\t\t\t\t\t\t\t\t\t\t\t\t\t\t<\/a>\n\t\t\t\t\t\t\t<a class=\"e-gallery-item elementor-gallery-item elementor-animated-content\" data-e-gallery-tags=\"2\" href=\"https:\/\/www.jgclassics.com\/wp-content\/uploads\/2023\/05\/20230506_201348-scaled.jpg\" data-elementor-open-lightbox=\"yes\" data-elementor-lightbox-slideshow=\"6232dff\" data-elementor-lightbox-title=\"BMW 323i E21 Barcelona\" data-elementor-lightbox-description=\"BMW 323i E21 Barcelona Maresme JG Classics. Disponible para alquiler, fotos, filmaciones, metrajes. BMW 323i E21 Barcelona\" data-e-action-hash=\"#elementor-action%3Aaction%3Dlightbox%26settings%3DeyJpZCI6MTM4NTksInVybCI6Imh0dHBzOlwvXC93d3cuamdjbGFzc2ljcy5jb21cL3dwLWNvbnRlbnRcL3VwbG9hZHNcLzIwMjNcLzA1XC8yMDIzMDUwNl8yMDEzNDgtc2NhbGVkLmpwZyIsInNsaWRlc2hvdyI6IjYyMzJkZmYifQ%3D%3D\">\n\t\t\t\t\t<div class=\"e-gallery-image elementor-gallery-item__image\" data-thumbnail=\"https:\/\/www.jgclassics.com\/wp-content\/uploads\/2023\/05\/20230506_201348-300x169.jpg\" data-width=\"300\" data-height=\"169\" aria-label=\"\" role=\"img\" ><\/div>\n\t\t\t\t\t\t\t\t\t\t\t<div class=\"elementor-gallery-item__overlay\"><\/div>\n\t\t\t\t\t\t\t\t\t\t\t\t\t\t<\/a>\n\t\t\t\t\t\t\t<a class=\"e-gallery-item elementor-gallery-item elementor-animated-content\" data-e-gallery-tags=\"2\" href=\"https:\/\/www.jgclassics.com\/wp-content\/uploads\/2023\/05\/20230506_201437-scaled.jpg\" data-elementor-open-lightbox=\"yes\" data-elementor-lightbox-slideshow=\"6232dff\" data-elementor-lightbox-title=\"BMW 323i E21 Barcelona\" data-elementor-lightbox-description=\"BMW 323i E21 Barcelona Maresme JG Classics. Disponible para alquiler, fotos, filmaciones, metrajes. BMW 323i E21 Barcelona\" data-e-action-hash=\"#elementor-action%3Aaction%3Dlightbox%26settings%3DeyJpZCI6MTM4NjIsInVybCI6Imh0dHBzOlwvXC93d3cuamdjbGFzc2ljcy5jb21cL3dwLWNvbnRlbnRcL3VwbG9hZHNcLzIwMjNcLzA1XC8yMDIzMDUwNl8yMDE0Mzctc2NhbGVkLmpwZyIsInNsaWRlc2hvdyI6IjYyMzJkZmYifQ%3D%3D\">\n\t\t\t\t\t<div class=\"e-gallery-image elementor-gallery-item__image\" data-thumbnail=\"https:\/\/www.jgclassics.com\/wp-content\/uploads\/2023\/05\/20230506_201437-300x169.jpg\" data-width=\"300\" data-height=\"169\" aria-label=\"\" role=\"img\" ><\/div>\n\t\t\t\t\t\t\t\t\t\t\t<div class=\"elementor-gallery-item__overlay\"><\/div>\n\t\t\t\t\t\t\t\t\t\t\t\t\t\t<\/a>\n\t\t\t\t\t\t\t<a class=\"e-gallery-item elementor-gallery-item elementor-animated-content\" data-e-gallery-tags=\"2\" href=\"https:\/\/www.jgclassics.com\/wp-content\/uploads\/2023\/05\/20230506_201757-scaled.jpg\" data-elementor-open-lightbox=\"yes\" data-elementor-lightbox-slideshow=\"6232dff\" data-elementor-lightbox-title=\"BMW 323i E21 Barcelone\" data-elementor-lightbox-description=\"BMW 323i E21 Barcelona Maresme JG Classics. Disponible pour la location, les photos, les tournages, les s\u00e9quences. BMW 323i E21 Barcelone\" data-e-action-hash=\"#elementor-action%3Aaction%3Dlightbox%26settings%3DeyJpZCI6MTM4NjUsInVybCI6Imh0dHBzOlwvXC93d3cuamdjbGFzc2ljcy5jb21cL3dwLWNvbnRlbnRcL3VwbG9hZHNcLzIwMjNcLzA1XC8yMDIzMDUwNl8yMDE3NTctc2NhbGVkLmpwZyIsInNsaWRlc2hvdyI6IjYyMzJkZmYifQ%3D%3D\">\n\t\t\t\t\t<div class=\"e-gallery-image elementor-gallery-item__image\" data-thumbnail=\"https:\/\/www.jgclassics.com\/wp-content\/uploads\/2023\/05\/20230506_201757-300x169.jpg\" data-width=\"300\" data-height=\"169\" aria-label=\"BMW 323i E21 1981 Barcelona Maresme. Location de voitures de collection BMW Barcelona\" role=\"img\" ><\/div>\n\t\t\t\t\t\t\t\t\t\t\t<div class=\"elementor-gallery-item__overlay\"><\/div>\n\t\t\t\t\t\t\t\t\t\t\t\t\t\t<\/a>\n\t\t\t\t\t\t\t<a class=\"e-gallery-item elementor-gallery-item elementor-animated-content\" data-e-gallery-tags=\"2\" href=\"https:\/\/www.jgclassics.com\/wp-content\/uploads\/2023\/05\/20230506_202211-scaled.jpg\" data-elementor-open-lightbox=\"yes\" data-elementor-lightbox-slideshow=\"6232dff\" data-elementor-lightbox-title=\"BMW 323i E21 Barcelona\" data-elementor-lightbox-description=\"BMW 323i E21 Barcelona Maresme JG Classics. Disponible para alquiler, fotos, filmaciones, metrajes. BMW 323i E21 Barcelona\" data-e-action-hash=\"#elementor-action%3Aaction%3Dlightbox%26settings%3DeyJpZCI6MTM4ODYsInVybCI6Imh0dHBzOlwvXC93d3cuamdjbGFzc2ljcy5jb21cL3dwLWNvbnRlbnRcL3VwbG9hZHNcLzIwMjNcLzA1XC8yMDIzMDUwNl8yMDIyMTEtc2NhbGVkLmpwZyIsInNsaWRlc2hvdyI6IjYyMzJkZmYifQ%3D%3D\">\n\t\t\t\t\t<div class=\"e-gallery-image elementor-gallery-item__image\" data-thumbnail=\"https:\/\/www.jgclassics.com\/wp-content\/uploads\/2023\/05\/20230506_202211-300x169.jpg\" data-width=\"300\" data-height=\"169\" aria-label=\"\" role=\"img\" ><\/div>\n\t\t\t\t\t\t\t\t\t\t\t<div class=\"elementor-gallery-item__overlay\"><\/div>\n\t\t\t\t\t\t\t\t\t\t\t\t\t\t<\/a>\n\t\t\t\t\t\t\t<a class=\"e-gallery-item elementor-gallery-item elementor-animated-content\" data-e-gallery-tags=\"2\" href=\"https:\/\/www.jgclassics.com\/wp-content\/uploads\/2023\/05\/20230506_202147-scaled.jpg\" data-elementor-open-lightbox=\"yes\" data-elementor-lightbox-slideshow=\"6232dff\" data-elementor-lightbox-title=\"BMW 323i E21 Barcelona\" data-elementor-lightbox-description=\"Detalle altavoz tweeter JBL integrado en panel puerta. BMW 323i E21 Barcelona Maresme JG Classics. Disponible para alquiler, fotos, filmaciones, metrajes. BMW 323i E21 Barcelona\" data-e-action-hash=\"#elementor-action%3Aaction%3Dlightbox%26settings%3DeyJpZCI6MTM4ODMsInVybCI6Imh0dHBzOlwvXC93d3cuamdjbGFzc2ljcy5jb21cL3dwLWNvbnRlbnRcL3VwbG9hZHNcLzIwMjNcLzA1XC8yMDIzMDUwNl8yMDIxNDctc2NhbGVkLmpwZyIsInNsaWRlc2hvdyI6IjYyMzJkZmYifQ%3D%3D\">\n\t\t\t\t\t<div class=\"e-gallery-image elementor-gallery-item__image\" data-thumbnail=\"https:\/\/www.jgclassics.com\/wp-content\/uploads\/2023\/05\/20230506_202147-300x169.jpg\" data-width=\"300\" data-height=\"169\" aria-label=\"\" role=\"img\" ><\/div>\n\t\t\t\t\t\t\t\t\t\t\t<div class=\"elementor-gallery-item__overlay\"><\/div>\n\t\t\t\t\t\t\t\t\t\t\t\t\t\t<\/a>\n\t\t\t\t\t\t\t<a class=\"e-gallery-item elementor-gallery-item elementor-animated-content\" data-e-gallery-tags=\"2\" href=\"https:\/\/www.jgclassics.com\/wp-content\/uploads\/2023\/05\/20230506_202132-scaled.jpg\" data-elementor-open-lightbox=\"yes\" data-elementor-lightbox-slideshow=\"6232dff\" data-elementor-lightbox-title=\"BMW 323i E21 Barcelona\" data-elementor-lightbox-description=\"Detalle altavoz tweeter JBL integrado en panel puerta. BMW 323i E21 Barcelona Maresme JG Classics. Disponible para alquiler, fotos, filmaciones, metrajes. BMW 323i E21 Barcelona\" data-e-action-hash=\"#elementor-action%3Aaction%3Dlightbox%26settings%3DeyJpZCI6MTM4ODAsInVybCI6Imh0dHBzOlwvXC93d3cuamdjbGFzc2ljcy5jb21cL3dwLWNvbnRlbnRcL3VwbG9hZHNcLzIwMjNcLzA1XC8yMDIzMDUwNl8yMDIxMzItc2NhbGVkLmpwZyIsInNsaWRlc2hvdyI6IjYyMzJkZmYifQ%3D%3D\">\n\t\t\t\t\t<div class=\"e-gallery-image elementor-gallery-item__image\" data-thumbnail=\"https:\/\/www.jgclassics.com\/wp-content\/uploads\/2023\/05\/20230506_202132-300x169.jpg\" data-width=\"300\" data-height=\"169\" aria-label=\"\" role=\"img\" ><\/div>\n\t\t\t\t\t\t\t\t\t\t\t<div class=\"elementor-gallery-item__overlay\"><\/div>\n\t\t\t\t\t\t\t\t\t\t\t\t\t\t<\/a>\n\t\t\t\t\t\t\t<a class=\"e-gallery-item elementor-gallery-item elementor-animated-content\" data-e-gallery-tags=\"2\" href=\"https:\/\/www.jgclassics.com\/wp-content\/uploads\/2023\/05\/20230506_202118-scaled.jpg\" data-elementor-open-lightbox=\"yes\" data-elementor-lightbox-slideshow=\"6232dff\" data-elementor-lightbox-title=\"BMW 323i E21 Barcelona\" data-elementor-lightbox-description=\"BMW 323i E21 Barcelona Maresme JG Classics. Disponible para alquiler, fotos, filmaciones, metrajes. BMW 323i E21 Barcelona\" data-e-action-hash=\"#elementor-action%3Aaction%3Dlightbox%26settings%3DeyJpZCI6MTM4NzcsInVybCI6Imh0dHBzOlwvXC93d3cuamdjbGFzc2ljcy5jb21cL3dwLWNvbnRlbnRcL3VwbG9hZHNcLzIwMjNcLzA1XC8yMDIzMDUwNl8yMDIxMTgtc2NhbGVkLmpwZyIsInNsaWRlc2hvdyI6IjYyMzJkZmYifQ%3D%3D\">\n\t\t\t\t\t<div class=\"e-gallery-image elementor-gallery-item__image\" data-thumbnail=\"https:\/\/www.jgclassics.com\/wp-content\/uploads\/2023\/05\/20230506_202118-300x169.jpg\" data-width=\"300\" data-height=\"169\" aria-label=\"\" role=\"img\" ><\/div>\n\t\t\t\t\t\t\t\t\t\t\t<div class=\"elementor-gallery-item__overlay\"><\/div>\n\t\t\t\t\t\t\t\t\t\t\t\t\t\t<\/a>\n\t\t\t\t\t\t\t<a class=\"e-gallery-item elementor-gallery-item elementor-animated-content\" data-e-gallery-tags=\"2\" href=\"https:\/\/www.jgclassics.com\/wp-content\/uploads\/2023\/05\/20230506_202424-scaled.jpg\" data-elementor-open-lightbox=\"yes\" data-elementor-lightbox-slideshow=\"6232dff\" data-elementor-lightbox-title=\"BMW 323i E21 Barcelona\" data-elementor-lightbox-description=\"BMW 323i E21 Barcelona Maresme JG Classics. Disponible para alquiler, fotos, filmaciones, metrajes. BMW 323i E21 Barcelona\" data-e-action-hash=\"#elementor-action%3Aaction%3Dlightbox%26settings%3DeyJpZCI6MTM4OTUsInVybCI6Imh0dHBzOlwvXC93d3cuamdjbGFzc2ljcy5jb21cL3dwLWNvbnRlbnRcL3VwbG9hZHNcLzIwMjNcLzA1XC8yMDIzMDUwNl8yMDI0MjQtc2NhbGVkLmpwZyIsInNsaWRlc2hvdyI6IjYyMzJkZmYifQ%3D%3D\">\n\t\t\t\t\t<div class=\"e-gallery-image elementor-gallery-item__image\" data-thumbnail=\"https:\/\/www.jgclassics.com\/wp-content\/uploads\/2023\/05\/20230506_202424-300x169.jpg\" data-width=\"300\" data-height=\"169\" aria-label=\"\" role=\"img\" ><\/div>\n\t\t\t\t\t\t\t\t\t\t\t<div class=\"elementor-gallery-item__overlay\"><\/div>\n\t\t\t\t\t\t\t\t\t\t\t\t\t\t<\/a>\n\t\t\t\t\t\t\t<a class=\"e-gallery-item elementor-gallery-item elementor-animated-content\" data-e-gallery-tags=\"2\" href=\"https:\/\/www.jgclassics.com\/wp-content\/uploads\/2023\/05\/20230506_202433-scaled.jpg\" data-elementor-open-lightbox=\"yes\" data-elementor-lightbox-slideshow=\"6232dff\" data-elementor-lightbox-title=\"BMW 323i E21 Barcelona\" data-elementor-lightbox-description=\"BMW 323i E21 Barcelona Maresme JG Classics. Disponible para alquiler, fotos, filmaciones, metrajes. BMW 323i E21 Barcelona\" data-e-action-hash=\"#elementor-action%3Aaction%3Dlightbox%26settings%3DeyJpZCI6MTM4OTgsInVybCI6Imh0dHBzOlwvXC93d3cuamdjbGFzc2ljcy5jb21cL3dwLWNvbnRlbnRcL3VwbG9hZHNcLzIwMjNcLzA1XC8yMDIzMDUwNl8yMDI0MzMtc2NhbGVkLmpwZyIsInNsaWRlc2hvdyI6IjYyMzJkZmYifQ%3D%3D\">\n\t\t\t\t\t<div class=\"e-gallery-image elementor-gallery-item__image\" data-thumbnail=\"https:\/\/www.jgclassics.com\/wp-content\/uploads\/2023\/05\/20230506_202433-300x169.jpg\" data-width=\"300\" data-height=\"169\" aria-label=\"\" role=\"img\" ><\/div>\n\t\t\t\t\t\t\t\t\t\t\t<div class=\"elementor-gallery-item__overlay\"><\/div>\n\t\t\t\t\t\t\t\t\t\t\t\t\t\t<\/a>\n\t\t\t\t\t\t\t<a class=\"e-gallery-item elementor-gallery-item elementor-animated-content\" data-e-gallery-tags=\"2\" href=\"https:\/\/www.jgclassics.com\/wp-content\/uploads\/2023\/05\/20230506_202532-scaled.jpg\" data-elementor-open-lightbox=\"yes\" data-elementor-lightbox-slideshow=\"6232dff\" data-elementor-lightbox-title=\"BMW 323i E21 Barcelona\" data-elementor-lightbox-description=\"BMW 323i E21 Barcelona Maresme JG Classics. Disponible para alquiler, fotos, filmaciones, metrajes. BMW 323i E21 Barcelona\" data-e-action-hash=\"#elementor-action%3Aaction%3Dlightbox%26settings%3DeyJpZCI6MTM5MDEsInVybCI6Imh0dHBzOlwvXC93d3cuamdjbGFzc2ljcy5jb21cL3dwLWNvbnRlbnRcL3VwbG9hZHNcLzIwMjNcLzA1XC8yMDIzMDUwNl8yMDI1MzItc2NhbGVkLmpwZyIsInNsaWRlc2hvdyI6IjYyMzJkZmYifQ%3D%3D\">\n\t\t\t\t\t<div class=\"e-gallery-image elementor-gallery-item__image\" data-thumbnail=\"https:\/\/www.jgclassics.com\/wp-content\/uploads\/2023\/05\/20230506_202532-169x300.jpg\" data-width=\"169\" data-height=\"300\" aria-label=\"\" role=\"img\" ><\/div>\n\t\t\t\t\t\t\t\t\t\t\t<div class=\"elementor-gallery-item__overlay\"><\/div>\n\t\t\t\t\t\t\t\t\t\t\t\t\t\t<\/a>\n\t\t\t\t\t\t\t<a class=\"e-gallery-item elementor-gallery-item elementor-animated-content\" data-e-gallery-tags=\"2\" href=\"https:\/\/www.jgclassics.com\/wp-content\/uploads\/2023\/05\/20230506_202409-scaled.jpg\" data-elementor-open-lightbox=\"yes\" data-elementor-lightbox-slideshow=\"6232dff\" data-elementor-lightbox-title=\"BMW 323i E21 Barcelona\" data-elementor-lightbox-description=\"BMW 323i E21 Barcelona Maresme JG Classics. Disponible para alquiler, fotos, filmaciones, metrajes. BMW 323i E21 Barcelona\" data-e-action-hash=\"#elementor-action%3Aaction%3Dlightbox%26settings%3DeyJpZCI6MTM4OTIsInVybCI6Imh0dHBzOlwvXC93d3cuamdjbGFzc2ljcy5jb21cL3dwLWNvbnRlbnRcL3VwbG9hZHNcLzIwMjNcLzA1XC8yMDIzMDUwNl8yMDI0MDktc2NhbGVkLmpwZyIsInNsaWRlc2hvdyI6IjYyMzJkZmYifQ%3D%3D\">\n\t\t\t\t\t<div class=\"e-gallery-image elementor-gallery-item__image\" data-thumbnail=\"https:\/\/www.jgclassics.com\/wp-content\/uploads\/2023\/05\/20230506_202409-300x169.jpg\" data-width=\"300\" data-height=\"169\" aria-label=\"\" role=\"img\" ><\/div>\n\t\t\t\t\t\t\t\t\t\t\t<div class=\"elementor-gallery-item__overlay\"><\/div>\n\t\t\t\t\t\t\t\t\t\t\t\t\t\t<\/a>\n\t\t\t\t\t\t\t<a class=\"e-gallery-item elementor-gallery-item elementor-animated-content\" data-e-gallery-tags=\"2\" href=\"https:\/\/www.jgclassics.com\/wp-content\/uploads\/2023\/05\/20230506_202342-scaled.jpg\" data-elementor-open-lightbox=\"yes\" data-elementor-lightbox-slideshow=\"6232dff\" data-elementor-lightbox-title=\"BMW 323i E21 Barcelona\" data-elementor-lightbox-description=\"BMW 323i E21 Barcelona Maresme JG Classics. Disponible para alquiler, fotos, filmaciones, metrajes. BMW 323i E21 Barcelona\" data-e-action-hash=\"#elementor-action%3Aaction%3Dlightbox%26settings%3DeyJpZCI6MTM4ODksInVybCI6Imh0dHBzOlwvXC93d3cuamdjbGFzc2ljcy5jb21cL3dwLWNvbnRlbnRcL3VwbG9hZHNcLzIwMjNcLzA1XC8yMDIzMDUwNl8yMDIzNDItc2NhbGVkLmpwZyIsInNsaWRlc2hvdyI6IjYyMzJkZmYifQ%3D%3D\">\n\t\t\t\t\t<div class=\"e-gallery-image elementor-gallery-item__image\" data-thumbnail=\"https:\/\/www.jgclassics.com\/wp-content\/uploads\/2023\/05\/20230506_202342-169x300.jpg\" data-width=\"169\" data-height=\"300\" aria-label=\"\" role=\"img\" ><\/div>\n\t\t\t\t\t\t\t\t\t\t\t<div class=\"elementor-gallery-item__overlay\"><\/div>\n\t\t\t\t\t\t\t\t\t\t\t\t\t\t<\/a>\n\t\t\t\t\t\t\t<a class=\"e-gallery-item elementor-gallery-item elementor-animated-content\" data-e-gallery-tags=\"3\" href=\"https:\/\/www.jgclassics.com\/wp-content\/uploads\/2023\/05\/20230508_134002-scaled.jpg\" data-elementor-open-lightbox=\"yes\" data-elementor-lightbox-slideshow=\"6232dff\" data-elementor-lightbox-title=\"BMW 323i E21 Barcelona\" data-elementor-lightbox-description=\"BMW 323i E21 Barcelona Maresme JG Classics. Disponible para alquiler, fotos, filmaciones, metrajes. BMW 323i E21 Barcelona\" data-e-action-hash=\"#elementor-action%3Aaction%3Dlightbox%26settings%3DeyJpZCI6MTQwNjMsInVybCI6Imh0dHBzOlwvXC93d3cuamdjbGFzc2ljcy5jb21cL3dwLWNvbnRlbnRcL3VwbG9hZHNcLzIwMjNcLzA1XC8yMDIzMDUwOF8xMzQwMDItc2NhbGVkLmpwZyIsInNsaWRlc2hvdyI6IjYyMzJkZmYifQ%3D%3D\">\n\t\t\t\t\t<div class=\"e-gallery-image elementor-gallery-item__image\" data-thumbnail=\"https:\/\/www.jgclassics.com\/wp-content\/uploads\/2023\/05\/20230508_134002-300x169.jpg\" data-width=\"300\" data-height=\"169\" aria-label=\"\" role=\"img\" ><\/div>\n\t\t\t\t\t\t\t\t\t\t\t<div class=\"elementor-gallery-item__overlay\"><\/div>\n\t\t\t\t\t\t\t\t\t\t\t\t\t\t<\/a>\n\t\t\t\t\t\t\t<a class=\"e-gallery-item elementor-gallery-item elementor-animated-content\" data-e-gallery-tags=\"3\" href=\"https:\/\/www.jgclassics.com\/wp-content\/uploads\/2023\/05\/20230508_133935-scaled.jpg\" data-elementor-open-lightbox=\"yes\" data-elementor-lightbox-slideshow=\"6232dff\" data-elementor-lightbox-title=\"BMW 323i E21 Barcelone\" data-elementor-lightbox-description=\"BMW 323i E21 Barcelona Maresme JG Classics. Disponible pour la location, les photos, les tournages, les s\u00e9quences. BMW 323i E21 Barcelone\" data-e-action-hash=\"#elementor-action%3Aaction%3Dlightbox%26settings%3DeyJpZCI6MTQwNTcsInVybCI6Imh0dHBzOlwvXC93d3cuamdjbGFzc2ljcy5jb21cL3dwLWNvbnRlbnRcL3VwbG9hZHNcLzIwMjNcLzA1XC8yMDIzMDUwOF8xMzM5MzUtc2NhbGVkLmpwZyIsInNsaWRlc2hvdyI6IjYyMzJkZmYifQ%3D%3D\">\n\t\t\t\t\t<div class=\"e-gallery-image elementor-gallery-item__image\" data-thumbnail=\"https:\/\/www.jgclassics.com\/wp-content\/uploads\/2023\/05\/20230508_133935-300x169.jpg\" data-width=\"300\" data-height=\"169\" aria-label=\"BMW 323i E21 1981 Barcelona Maresme. Location de voitures de collection BMW Barcelona\" role=\"img\" ><\/div>\n\t\t\t\t\t\t\t\t\t\t\t<div class=\"elementor-gallery-item__overlay\"><\/div>\n\t\t\t\t\t\t\t\t\t\t\t\t\t\t<\/a>\n\t\t\t\t\t\t\t<a class=\"e-gallery-item elementor-gallery-item elementor-animated-content\" data-e-gallery-tags=\"3\" href=\"https:\/\/www.jgclassics.com\/wp-content\/uploads\/2023\/05\/20230508_133902-scaled.jpg\" data-elementor-open-lightbox=\"yes\" data-elementor-lightbox-slideshow=\"6232dff\" data-elementor-lightbox-title=\"BMW 323i E21 Barcelona\" data-elementor-lightbox-description=\"BMW 323i E21 Barcelona Maresme JG Classics. Disponible para alquiler, fotos, filmaciones, metrajes. BMW 323i E21 Barcelona\" data-e-action-hash=\"#elementor-action%3Aaction%3Dlightbox%26settings%3DeyJpZCI6MTQwNTEsInVybCI6Imh0dHBzOlwvXC93d3cuamdjbGFzc2ljcy5jb21cL3dwLWNvbnRlbnRcL3VwbG9hZHNcLzIwMjNcLzA1XC8yMDIzMDUwOF8xMzM5MDItc2NhbGVkLmpwZyIsInNsaWRlc2hvdyI6IjYyMzJkZmYifQ%3D%3D\">\n\t\t\t\t\t<div class=\"e-gallery-image elementor-gallery-item__image\" data-thumbnail=\"https:\/\/www.jgclassics.com\/wp-content\/uploads\/2023\/05\/20230508_133902-169x300.jpg\" data-width=\"169\" data-height=\"300\" aria-label=\"\" role=\"img\" ><\/div>\n\t\t\t\t\t\t\t\t\t\t\t<div class=\"elementor-gallery-item__overlay\"><\/div>\n\t\t\t\t\t\t\t\t\t\t\t\t\t\t<\/a>\n\t\t\t\t\t\t\t<a class=\"e-gallery-item elementor-gallery-item elementor-animated-content\" data-e-gallery-tags=\"3\" href=\"https:\/\/www.jgclassics.com\/wp-content\/uploads\/2023\/05\/20230508_133855-scaled.jpg\" data-elementor-open-lightbox=\"yes\" data-elementor-lightbox-slideshow=\"6232dff\" data-elementor-lightbox-title=\"BMW 323i E21 Barcelona\" data-elementor-lightbox-description=\"BMW 323i E21 Barcelona Maresme JG Classics. Disponible para alquiler, fotos, filmaciones, metrajes. BMW 323i E21 Barcelona\" data-e-action-hash=\"#elementor-action%3Aaction%3Dlightbox%26settings%3DeyJpZCI6MTQwNDgsInVybCI6Imh0dHBzOlwvXC93d3cuamdjbGFzc2ljcy5jb21cL3dwLWNvbnRlbnRcL3VwbG9hZHNcLzIwMjNcLzA1XC8yMDIzMDUwOF8xMzM4NTUtc2NhbGVkLmpwZyIsInNsaWRlc2hvdyI6IjYyMzJkZmYifQ%3D%3D\">\n\t\t\t\t\t<div class=\"e-gallery-image elementor-gallery-item__image\" data-thumbnail=\"https:\/\/www.jgclassics.com\/wp-content\/uploads\/2023\/05\/20230508_133855-300x169.jpg\" data-width=\"300\" data-height=\"169\" aria-label=\"\" role=\"img\" ><\/div>\n\t\t\t\t\t\t\t\t\t\t\t<div class=\"elementor-gallery-item__overlay\"><\/div>\n\t\t\t\t\t\t\t\t\t\t\t\t\t\t<\/a>\n\t\t\t\t\t\t\t<a class=\"e-gallery-item elementor-gallery-item elementor-animated-content\" data-e-gallery-tags=\"3\" href=\"https:\/\/www.jgclassics.com\/wp-content\/uploads\/2023\/05\/20230508_133622-scaled.jpg\" data-elementor-open-lightbox=\"yes\" data-elementor-lightbox-slideshow=\"6232dff\" data-elementor-lightbox-title=\"BMW 323i E21 Barcelona\" data-elementor-lightbox-description=\"BMW 323i E21 Barcelona Maresme JG Classics. Disponible para alquiler, fotos, filmaciones, metrajes. BMW 323i E21 Barcelona\" data-e-action-hash=\"#elementor-action%3Aaction%3Dlightbox%26settings%3DeyJpZCI6MTQwNDUsInVybCI6Imh0dHBzOlwvXC93d3cuamdjbGFzc2ljcy5jb21cL3dwLWNvbnRlbnRcL3VwbG9hZHNcLzIwMjNcLzA1XC8yMDIzMDUwOF8xMzM2MjItc2NhbGVkLmpwZyIsInNsaWRlc2hvdyI6IjYyMzJkZmYifQ%3D%3D\">\n\t\t\t\t\t<div class=\"e-gallery-image elementor-gallery-item__image\" data-thumbnail=\"https:\/\/www.jgclassics.com\/wp-content\/uploads\/2023\/05\/20230508_133622-300x169.jpg\" data-width=\"300\" data-height=\"169\" aria-label=\"\" role=\"img\" ><\/div>\n\t\t\t\t\t\t\t\t\t\t\t<div class=\"elementor-gallery-item__overlay\"><\/div>\n\t\t\t\t\t\t\t\t\t\t\t\t\t\t<\/a>\n\t\t\t\t\t\t\t<a class=\"e-gallery-item elementor-gallery-item elementor-animated-content\" data-e-gallery-tags=\"3\" href=\"https:\/\/www.jgclassics.com\/wp-content\/uploads\/2023\/05\/20230508_133501-scaled.jpg\" data-elementor-open-lightbox=\"yes\" data-elementor-lightbox-slideshow=\"6232dff\" data-elementor-lightbox-title=\"BMW 323i E21 Barcelona\" data-elementor-lightbox-description=\"BMW 323i E21 Barcelona Maresme JG Classics. Disponible para alquiler, fotos, filmaciones, metrajes. BMW 323i E21 Barcelona\" data-e-action-hash=\"#elementor-action%3Aaction%3Dlightbox%26settings%3DeyJpZCI6MTQwMzksInVybCI6Imh0dHBzOlwvXC93d3cuamdjbGFzc2ljcy5jb21cL3dwLWNvbnRlbnRcL3VwbG9hZHNcLzIwMjNcLzA1XC8yMDIzMDUwOF8xMzM1MDEtc2NhbGVkLmpwZyIsInNsaWRlc2hvdyI6IjYyMzJkZmYifQ%3D%3D\">\n\t\t\t\t\t<div class=\"e-gallery-image elementor-gallery-item__image\" data-thumbnail=\"https:\/\/www.jgclassics.com\/wp-content\/uploads\/2023\/05\/20230508_133501-300x169.jpg\" data-width=\"300\" data-height=\"169\" aria-label=\"\" role=\"img\" ><\/div>\n\t\t\t\t\t\t\t\t\t\t\t<div class=\"elementor-gallery-item__overlay\"><\/div>\n\t\t\t\t\t\t\t\t\t\t\t\t\t\t<\/a>\n\t\t\t\t\t\t\t<a class=\"e-gallery-item elementor-gallery-item elementor-animated-content\" data-e-gallery-tags=\"3\" href=\"https:\/\/www.jgclassics.com\/wp-content\/uploads\/2023\/05\/20230508_133452-scaled.jpg\" data-elementor-open-lightbox=\"yes\" data-elementor-lightbox-slideshow=\"6232dff\" data-elementor-lightbox-title=\"BMW 323i E21 Barcelona\" data-elementor-lightbox-description=\"BMW 323i E21 Barcelona Maresme JG Classics. Disponible para alquiler, fotos, filmaciones, metrajes. BMW 323i E21 Barcelona\" data-e-action-hash=\"#elementor-action%3Aaction%3Dlightbox%26settings%3DeyJpZCI6MTQwMzYsInVybCI6Imh0dHBzOlwvXC93d3cuamdjbGFzc2ljcy5jb21cL3dwLWNvbnRlbnRcL3VwbG9hZHNcLzIwMjNcLzA1XC8yMDIzMDUwOF8xMzM0NTItc2NhbGVkLmpwZyIsInNsaWRlc2hvdyI6IjYyMzJkZmYifQ%3D%3D\">\n\t\t\t\t\t<div class=\"e-gallery-image elementor-gallery-item__image\" data-thumbnail=\"https:\/\/www.jgclassics.com\/wp-content\/uploads\/2023\/05\/20230508_133452-300x169.jpg\" data-width=\"300\" data-height=\"169\" aria-label=\"\" role=\"img\" ><\/div>\n\t\t\t\t\t\t\t\t\t\t\t<div class=\"elementor-gallery-item__overlay\"><\/div>\n\t\t\t\t\t\t\t\t\t\t\t\t\t\t<\/a>\n\t\t\t\t\t\t\t<a class=\"e-gallery-item elementor-gallery-item elementor-animated-content\" data-e-gallery-tags=\"3\" href=\"https:\/\/www.jgclassics.com\/wp-content\/uploads\/2023\/05\/20230508_133434-scaled.jpg\" data-elementor-open-lightbox=\"yes\" data-elementor-lightbox-slideshow=\"6232dff\" data-elementor-lightbox-title=\"BMW 323i E21 Barcelona\" data-elementor-lightbox-description=\"BMW 323i E21 Barcelona Maresme JG Classics. Disponible para alquiler, fotos, filmaciones, metrajes. BMW 323i E21 Barcelona\" data-e-action-hash=\"#elementor-action%3Aaction%3Dlightbox%26settings%3DeyJpZCI6MTQwMzMsInVybCI6Imh0dHBzOlwvXC93d3cuamdjbGFzc2ljcy5jb21cL3dwLWNvbnRlbnRcL3VwbG9hZHNcLzIwMjNcLzA1XC8yMDIzMDUwOF8xMzM0MzQtc2NhbGVkLmpwZyIsInNsaWRlc2hvdyI6IjYyMzJkZmYifQ%3D%3D\">\n\t\t\t\t\t<div class=\"e-gallery-image elementor-gallery-item__image\" data-thumbnail=\"https:\/\/www.jgclassics.com\/wp-content\/uploads\/2023\/05\/20230508_133434-169x300.jpg\" data-width=\"169\" data-height=\"300\" aria-label=\"\" role=\"img\" ><\/div>\n\t\t\t\t\t\t\t\t\t\t\t<div class=\"elementor-gallery-item__overlay\"><\/div>\n\t\t\t\t\t\t\t\t\t\t\t\t\t\t<\/a>\n\t\t\t\t\t\t\t<a class=\"e-gallery-item elementor-gallery-item elementor-animated-content\" data-e-gallery-tags=\"3\" href=\"https:\/\/www.jgclassics.com\/wp-content\/uploads\/2023\/05\/20230508_133429-scaled.jpg\" data-elementor-open-lightbox=\"yes\" data-elementor-lightbox-slideshow=\"6232dff\" data-elementor-lightbox-title=\"BMW 323i E21 Barcelona\" data-elementor-lightbox-description=\"BMW 323i E21 Barcelona Maresme JG Classics. Disponible para alquiler, fotos, filmaciones, metrajes. BMW 323i E21 Barcelona\" data-e-action-hash=\"#elementor-action%3Aaction%3Dlightbox%26settings%3DeyJpZCI6MTQwMzAsInVybCI6Imh0dHBzOlwvXC93d3cuamdjbGFzc2ljcy5jb21cL3dwLWNvbnRlbnRcL3VwbG9hZHNcLzIwMjNcLzA1XC8yMDIzMDUwOF8xMzM0Mjktc2NhbGVkLmpwZyIsInNsaWRlc2hvdyI6IjYyMzJkZmYifQ%3D%3D\">\n\t\t\t\t\t<div class=\"e-gallery-image elementor-gallery-item__image\" data-thumbnail=\"https:\/\/www.jgclassics.com\/wp-content\/uploads\/2023\/05\/20230508_133429-300x169.jpg\" data-width=\"300\" data-height=\"169\" aria-label=\"\" role=\"img\" ><\/div>\n\t\t\t\t\t\t\t\t\t\t\t<div class=\"elementor-gallery-item__overlay\"><\/div>\n\t\t\t\t\t\t\t\t\t\t\t\t\t\t<\/a>\n\t\t\t\t\t\t\t<a class=\"e-gallery-item elementor-gallery-item elementor-animated-content\" data-e-gallery-tags=\"3\" href=\"https:\/\/www.jgclassics.com\/wp-content\/uploads\/2023\/05\/20230508_133420-scaled.jpg\" data-elementor-open-lightbox=\"yes\" data-elementor-lightbox-slideshow=\"6232dff\" data-elementor-lightbox-title=\"BMW 323i E21 Barcelona\" data-elementor-lightbox-description=\"BMW 323i E21 Barcelona Maresme JG Classics. Disponible para alquiler, fotos, filmaciones, metrajes. BMW 323i E21 Barcelona\" data-e-action-hash=\"#elementor-action%3Aaction%3Dlightbox%26settings%3DeyJpZCI6MTQwMjcsInVybCI6Imh0dHBzOlwvXC93d3cuamdjbGFzc2ljcy5jb21cL3dwLWNvbnRlbnRcL3VwbG9hZHNcLzIwMjNcLzA1XC8yMDIzMDUwOF8xMzM0MjAtc2NhbGVkLmpwZyIsInNsaWRlc2hvdyI6IjYyMzJkZmYifQ%3D%3D\">\n\t\t\t\t\t<div class=\"e-gallery-image elementor-gallery-item__image\" data-thumbnail=\"https:\/\/www.jgclassics.com\/wp-content\/uploads\/2023\/05\/20230508_133420-300x169.jpg\" data-width=\"300\" data-height=\"169\" aria-label=\"\" role=\"img\" ><\/div>\n\t\t\t\t\t\t\t\t\t\t\t<div class=\"elementor-gallery-item__overlay\"><\/div>\n\t\t\t\t\t\t\t\t\t\t\t\t\t\t<\/a>\n\t\t\t\t\t\t\t<a class=\"e-gallery-item elementor-gallery-item elementor-animated-content\" data-e-gallery-tags=\"3\" href=\"https:\/\/www.jgclassics.com\/wp-content\/uploads\/2023\/05\/20230508_133416-scaled.jpg\" data-elementor-open-lightbox=\"yes\" data-elementor-lightbox-slideshow=\"6232dff\" data-elementor-lightbox-title=\"BMW 323i E21 Barcelona\" data-elementor-lightbox-description=\"BMW 323i E21 Barcelona Maresme JG Classics. Disponible para alquiler, fotos, filmaciones, metrajes. BMW 323i E21 Barcelona\" data-e-action-hash=\"#elementor-action%3Aaction%3Dlightbox%26settings%3DeyJpZCI6MTQwMjQsInVybCI6Imh0dHBzOlwvXC93d3cuamdjbGFzc2ljcy5jb21cL3dwLWNvbnRlbnRcL3VwbG9hZHNcLzIwMjNcLzA1XC8yMDIzMDUwOF8xMzM0MTYtc2NhbGVkLmpwZyIsInNsaWRlc2hvdyI6IjYyMzJkZmYifQ%3D%3D\">\n\t\t\t\t\t<div class=\"e-gallery-image elementor-gallery-item__image\" data-thumbnail=\"https:\/\/www.jgclassics.com\/wp-content\/uploads\/2023\/05\/20230508_133416-300x169.jpg\" data-width=\"300\" data-height=\"169\" aria-label=\"\" role=\"img\" ><\/div>\n\t\t\t\t\t\t\t\t\t\t\t<div class=\"elementor-gallery-item__overlay\"><\/div>\n\t\t\t\t\t\t\t\t\t\t\t\t\t\t<\/a>\n\t\t\t\t\t\t\t<a class=\"e-gallery-item elementor-gallery-item elementor-animated-content\" data-e-gallery-tags=\"3\" href=\"https:\/\/www.jgclassics.com\/wp-content\/uploads\/2023\/05\/20230508_133410-scaled.jpg\" data-elementor-open-lightbox=\"yes\" data-elementor-lightbox-slideshow=\"6232dff\" data-elementor-lightbox-title=\"BMW 323i E21 Barcelona\" data-elementor-lightbox-description=\"BMW 323i E21 Barcelona Maresme JG Classics. Disponible para alquiler, fotos, filmaciones, metrajes. BMW 323i E21 Barcelona\" data-e-action-hash=\"#elementor-action%3Aaction%3Dlightbox%26settings%3DeyJpZCI6MTQwMjEsInVybCI6Imh0dHBzOlwvXC93d3cuamdjbGFzc2ljcy5jb21cL3dwLWNvbnRlbnRcL3VwbG9hZHNcLzIwMjNcLzA1XC8yMDIzMDUwOF8xMzM0MTAtc2NhbGVkLmpwZyIsInNsaWRlc2hvdyI6IjYyMzJkZmYifQ%3D%3D\">\n\t\t\t\t\t<div class=\"e-gallery-image elementor-gallery-item__image\" data-thumbnail=\"https:\/\/www.jgclassics.com\/wp-content\/uploads\/2023\/05\/20230508_133410-169x300.jpg\" data-width=\"169\" data-height=\"300\" aria-label=\"\" role=\"img\" ><\/div>\n\t\t\t\t\t\t\t\t\t\t\t<div class=\"elementor-gallery-item__overlay\"><\/div>\n\t\t\t\t\t\t\t\t\t\t\t\t\t\t<\/a>\n\t\t\t\t\t\t\t<a class=\"e-gallery-item elementor-gallery-item elementor-animated-content\" data-e-gallery-tags=\"3\" href=\"https:\/\/www.jgclassics.com\/wp-content\/uploads\/2023\/05\/20230508_132955-scaled.jpg\" data-elementor-open-lightbox=\"yes\" data-elementor-lightbox-slideshow=\"6232dff\" data-elementor-lightbox-title=\"BMW 323i E21 Barcelona\" data-elementor-lightbox-description=\"BMW 323i E21 Barcelona Maresme JG Classics. Disponible para alquiler, fotos, filmaciones, metrajes. BMW 323i E21 Barcelona\" data-e-action-hash=\"#elementor-action%3Aaction%3Dlightbox%26settings%3DeyJpZCI6MTM5OTQsInVybCI6Imh0dHBzOlwvXC93d3cuamdjbGFzc2ljcy5jb21cL3dwLWNvbnRlbnRcL3VwbG9hZHNcLzIwMjNcLzA1XC8yMDIzMDUwOF8xMzI5NTUtc2NhbGVkLmpwZyIsInNsaWRlc2hvdyI6IjYyMzJkZmYifQ%3D%3D\">\n\t\t\t\t\t<div class=\"e-gallery-image elementor-gallery-item__image\" data-thumbnail=\"https:\/\/www.jgclassics.com\/wp-content\/uploads\/2023\/05\/20230508_132955-169x300.jpg\" data-width=\"169\" data-height=\"300\" aria-label=\"\" role=\"img\" ><\/div>\n\t\t\t\t\t\t\t\t\t\t\t<div class=\"elementor-gallery-item__overlay\"><\/div>\n\t\t\t\t\t\t\t\t\t\t\t\t\t\t<\/a>\n\t\t\t\t\t\t\t<a class=\"e-gallery-item elementor-gallery-item elementor-animated-content\" data-e-gallery-tags=\"3\" href=\"https:\/\/www.jgclassics.com\/wp-content\/uploads\/2023\/05\/20230508_132945-scaled.jpg\" data-elementor-open-lightbox=\"yes\" data-elementor-lightbox-slideshow=\"6232dff\" data-elementor-lightbox-title=\"BMW 323i E21 Barcelona\" data-elementor-lightbox-description=\"BMW 323i E21 Barcelona Maresme JG Classics. Disponible para alquiler, fotos, filmaciones, metrajes. BMW 323i E21 Barcelona\" data-e-action-hash=\"#elementor-action%3Aaction%3Dlightbox%26settings%3DeyJpZCI6MTM5OTEsInVybCI6Imh0dHBzOlwvXC93d3cuamdjbGFzc2ljcy5jb21cL3dwLWNvbnRlbnRcL3VwbG9hZHNcLzIwMjNcLzA1XC8yMDIzMDUwOF8xMzI5NDUtc2NhbGVkLmpwZyIsInNsaWRlc2hvdyI6IjYyMzJkZmYifQ%3D%3D\">\n\t\t\t\t\t<div class=\"e-gallery-image elementor-gallery-item__image\" data-thumbnail=\"https:\/\/www.jgclassics.com\/wp-content\/uploads\/2023\/05\/20230508_132945-300x169.jpg\" data-width=\"300\" data-height=\"169\" aria-label=\"\" role=\"img\" ><\/div>\n\t\t\t\t\t\t\t\t\t\t\t<div class=\"elementor-gallery-item__overlay\"><\/div>\n\t\t\t\t\t\t\t\t\t\t\t\t\t\t<\/a>\n\t\t\t\t\t\t\t<a class=\"e-gallery-item elementor-gallery-item elementor-animated-content\" data-e-gallery-tags=\"3\" href=\"https:\/\/www.jgclassics.com\/wp-content\/uploads\/2023\/05\/20230508_132940-scaled.jpg\" data-elementor-open-lightbox=\"yes\" data-elementor-lightbox-slideshow=\"6232dff\" data-elementor-lightbox-title=\"BMW 323i E21 Barcelona\" data-elementor-lightbox-description=\"BMW 323i E21 Barcelona Maresme JG Classics. Disponible para alquiler, fotos, filmaciones, metrajes. BMW 323i E21 Barcelona\" data-e-action-hash=\"#elementor-action%3Aaction%3Dlightbox%26settings%3DeyJpZCI6MTM5ODgsInVybCI6Imh0dHBzOlwvXC93d3cuamdjbGFzc2ljcy5jb21cL3dwLWNvbnRlbnRcL3VwbG9hZHNcLzIwMjNcLzA1XC8yMDIzMDUwOF8xMzI5NDAtc2NhbGVkLmpwZyIsInNsaWRlc2hvdyI6IjYyMzJkZmYifQ%3D%3D\">\n\t\t\t\t\t<div class=\"e-gallery-image elementor-gallery-item__image\" data-thumbnail=\"https:\/\/www.jgclassics.com\/wp-content\/uploads\/2023\/05\/20230508_132940-300x169.jpg\" data-width=\"300\" data-height=\"169\" aria-label=\"\" role=\"img\" ><\/div>\n\t\t\t\t\t\t\t\t\t\t\t<div class=\"elementor-gallery-item__overlay\"><\/div>\n\t\t\t\t\t\t\t\t\t\t\t\t\t\t<\/a>\n\t\t\t\t\t\t\t<a class=\"e-gallery-item elementor-gallery-item elementor-animated-content\" data-e-gallery-tags=\"3\" href=\"https:\/\/www.jgclassics.com\/wp-content\/uploads\/2023\/05\/20230508_132936-scaled.jpg\" data-elementor-open-lightbox=\"yes\" data-elementor-lightbox-slideshow=\"6232dff\" data-elementor-lightbox-title=\"BMW 323i E21 Barcelona\" data-elementor-lightbox-description=\"BMW 323i E21 Barcelona Maresme JG Classics. Disponible para alquiler, fotos, filmaciones, metrajes. BMW 323i E21 Barcelona\" data-e-action-hash=\"#elementor-action%3Aaction%3Dlightbox%26settings%3DeyJpZCI6MTM5ODUsInVybCI6Imh0dHBzOlwvXC93d3cuamdjbGFzc2ljcy5jb21cL3dwLWNvbnRlbnRcL3VwbG9hZHNcLzIwMjNcLzA1XC8yMDIzMDUwOF8xMzI5MzYtc2NhbGVkLmpwZyIsInNsaWRlc2hvdyI6IjYyMzJkZmYifQ%3D%3D\">\n\t\t\t\t\t<div class=\"e-gallery-image elementor-gallery-item__image\" data-thumbnail=\"https:\/\/www.jgclassics.com\/wp-content\/uploads\/2023\/05\/20230508_132936-300x169.jpg\" data-width=\"300\" data-height=\"169\" aria-label=\"\" role=\"img\" ><\/div>\n\t\t\t\t\t\t\t\t\t\t\t<div class=\"elementor-gallery-item__overlay\"><\/div>\n\t\t\t\t\t\t\t\t\t\t\t\t\t\t<\/a>\n\t\t\t\t\t\t\t<a class=\"e-gallery-item elementor-gallery-item elementor-animated-content\" data-e-gallery-tags=\"3\" href=\"https:\/\/www.jgclassics.com\/wp-content\/uploads\/2023\/05\/20230508_132427-scaled.jpg\" data-elementor-open-lightbox=\"yes\" data-elementor-lightbox-slideshow=\"6232dff\" data-elementor-lightbox-title=\"BMW 323i E21 Barcelona\" data-elementor-lightbox-description=\"BMW 323i E21 Barcelona Maresme JG Classics. Disponible para alquiler, fotos, filmaciones, metrajes. BMW 323i E21 Barcelona\" data-e-action-hash=\"#elementor-action%3Aaction%3Dlightbox%26settings%3DeyJpZCI6MTM5NTUsInVybCI6Imh0dHBzOlwvXC93d3cuamdjbGFzc2ljcy5jb21cL3dwLWNvbnRlbnRcL3VwbG9hZHNcLzIwMjNcLzA1XC8yMDIzMDUwOF8xMzI0Mjctc2NhbGVkLmpwZyIsInNsaWRlc2hvdyI6IjYyMzJkZmYifQ%3D%3D\">\n\t\t\t\t\t<div class=\"e-gallery-image elementor-gallery-item__image\" data-thumbnail=\"https:\/\/www.jgclassics.com\/wp-content\/uploads\/2023\/05\/20230508_132427-300x169.jpg\" data-width=\"300\" data-height=\"169\" aria-label=\"\" role=\"img\" ><\/div>\n\t\t\t\t\t\t\t\t\t\t\t<div class=\"elementor-gallery-item__overlay\"><\/div>\n\t\t\t\t\t\t\t\t\t\t\t\t\t\t<\/a>\n\t\t\t\t\t\t\t<a class=\"e-gallery-item elementor-gallery-item elementor-animated-content\" data-e-gallery-tags=\"3\" href=\"https:\/\/www.jgclassics.com\/wp-content\/uploads\/2023\/05\/20230508_132416-scaled.jpg\" data-elementor-open-lightbox=\"yes\" data-elementor-lightbox-slideshow=\"6232dff\" data-elementor-lightbox-title=\"BMW 323i E21 Barcelona\" data-elementor-lightbox-description=\"BMW 323i E21 Barcelona Maresme JG Classics. Disponible para alquiler, fotos, filmaciones, metrajes. BMW 323i E21 Barcelona\" data-e-action-hash=\"#elementor-action%3Aaction%3Dlightbox%26settings%3DeyJpZCI6MTM5NTIsInVybCI6Imh0dHBzOlwvXC93d3cuamdjbGFzc2ljcy5jb21cL3dwLWNvbnRlbnRcL3VwbG9hZHNcLzIwMjNcLzA1XC8yMDIzMDUwOF8xMzI0MTYtc2NhbGVkLmpwZyIsInNsaWRlc2hvdyI6IjYyMzJkZmYifQ%3D%3D\">\n\t\t\t\t\t<div class=\"e-gallery-image elementor-gallery-item__image\" data-thumbnail=\"https:\/\/www.jgclassics.com\/wp-content\/uploads\/2023\/05\/20230508_132416-300x169.jpg\" data-width=\"300\" data-height=\"169\" aria-label=\"\" role=\"img\" ><\/div>\n\t\t\t\t\t\t\t\t\t\t\t<div class=\"elementor-gallery-item__overlay\"><\/div>\n\t\t\t\t\t\t\t\t\t\t\t\t\t\t<\/a>\n\t\t\t\t\t\t\t<a class=\"e-gallery-item elementor-gallery-item elementor-animated-content\" data-e-gallery-tags=\"3\" href=\"https:\/\/www.jgclassics.com\/wp-content\/uploads\/2023\/05\/20230508_132409-scaled.jpg\" data-elementor-open-lightbox=\"yes\" data-elementor-lightbox-slideshow=\"6232dff\" data-elementor-lightbox-title=\"BMW 323i E21 Barcelona\" data-elementor-lightbox-description=\"BMW 323i E21 Barcelona Maresme JG Classics. Disponible para alquiler, fotos, filmaciones, metrajes. BMW 323i E21 Barcelona\" data-e-action-hash=\"#elementor-action%3Aaction%3Dlightbox%26settings%3DeyJpZCI6MTM5NDksInVybCI6Imh0dHBzOlwvXC93d3cuamdjbGFzc2ljcy5jb21cL3dwLWNvbnRlbnRcL3VwbG9hZHNcLzIwMjNcLzA1XC8yMDIzMDUwOF8xMzI0MDktc2NhbGVkLmpwZyIsInNsaWRlc2hvdyI6IjYyMzJkZmYifQ%3D%3D\">\n\t\t\t\t\t<div class=\"e-gallery-image elementor-gallery-item__image\" data-thumbnail=\"https:\/\/www.jgclassics.com\/wp-content\/uploads\/2023\/05\/20230508_132409-300x169.jpg\" data-width=\"300\" data-height=\"169\" aria-label=\"\" role=\"img\" ><\/div>\n\t\t\t\t\t\t\t\t\t\t\t<div class=\"elementor-gallery-item__overlay\"><\/div>\n\t\t\t\t\t\t\t\t\t\t\t\t\t\t<\/a>\n\t\t\t\t\t\t\t<a class=\"e-gallery-item elementor-gallery-item elementor-animated-content\" data-e-gallery-tags=\"3\" href=\"https:\/\/www.jgclassics.com\/wp-content\/uploads\/2023\/05\/20230508_132355-scaled.jpg\" data-elementor-open-lightbox=\"yes\" data-elementor-lightbox-slideshow=\"6232dff\" data-elementor-lightbox-title=\"BMW 323i E21 Barcelona\" data-elementor-lightbox-description=\"BMW 323i E21 Barcelona Maresme JG Classics. Disponible para alquiler, fotos, filmaciones, metrajes. BMW 323i E21 Barcelona\" data-e-action-hash=\"#elementor-action%3Aaction%3Dlightbox%26settings%3DeyJpZCI6MTM5NDYsInVybCI6Imh0dHBzOlwvXC93d3cuamdjbGFzc2ljcy5jb21cL3dwLWNvbnRlbnRcL3VwbG9hZHNcLzIwMjNcLzA1XC8yMDIzMDUwOF8xMzIzNTUtc2NhbGVkLmpwZyIsInNsaWRlc2hvdyI6IjYyMzJkZmYifQ%3D%3D\">\n\t\t\t\t\t<div class=\"e-gallery-image elementor-gallery-item__image\" data-thumbnail=\"https:\/\/www.jgclassics.com\/wp-content\/uploads\/2023\/05\/20230508_132355-169x300.jpg\" data-width=\"169\" data-height=\"300\" aria-label=\"\" role=\"img\" ><\/div>\n\t\t\t\t\t\t\t\t\t\t\t<div class=\"elementor-gallery-item__overlay\"><\/div>\n\t\t\t\t\t\t\t\t\t\t\t\t\t\t<\/a>\n\t\t\t\t\t\t\t<a class=\"e-gallery-item elementor-gallery-item elementor-animated-content\" data-e-gallery-tags=\"3\" href=\"https:\/\/www.jgclassics.com\/wp-content\/uploads\/2023\/05\/20230508_132349-scaled.jpg\" data-elementor-open-lightbox=\"yes\" data-elementor-lightbox-slideshow=\"6232dff\" data-elementor-lightbox-title=\"BMW 323i E21 Barcelona\" data-elementor-lightbox-description=\"BMW 323i E21 Barcelona Maresme JG Classics. Disponible para alquiler, fotos, filmaciones, metrajes. BMW 323i E21 Barcelona\" data-e-action-hash=\"#elementor-action%3Aaction%3Dlightbox%26settings%3DeyJpZCI6MTM5NDMsInVybCI6Imh0dHBzOlwvXC93d3cuamdjbGFzc2ljcy5jb21cL3dwLWNvbnRlbnRcL3VwbG9hZHNcLzIwMjNcLzA1XC8yMDIzMDUwOF8xMzIzNDktc2NhbGVkLmpwZyIsInNsaWRlc2hvdyI6IjYyMzJkZmYifQ%3D%3D\">\n\t\t\t\t\t<div class=\"e-gallery-image elementor-gallery-item__image\" data-thumbnail=\"https:\/\/www.jgclassics.com\/wp-content\/uploads\/2023\/05\/20230508_132349-169x300.jpg\" data-width=\"169\" data-height=\"300\" aria-label=\"\" role=\"img\" ><\/div>\n\t\t\t\t\t\t\t\t\t\t\t<div class=\"elementor-gallery-item__overlay\"><\/div>\n\t\t\t\t\t\t\t\t\t\t\t\t\t\t<\/a>\n\t\t\t\t\t\t\t<a class=\"e-gallery-item elementor-gallery-item elementor-animated-content\" data-e-gallery-tags=\"3\" href=\"https:\/\/www.jgclassics.com\/wp-content\/uploads\/2023\/05\/20230508_132344-scaled.jpg\" data-elementor-open-lightbox=\"yes\" data-elementor-lightbox-slideshow=\"6232dff\" data-elementor-lightbox-title=\"BMW 323i E21 Barcelona\" data-elementor-lightbox-description=\"BMW 323i E21 Barcelona Maresme JG Classics. Disponible para alquiler, fotos, filmaciones, metrajes. BMW 323i E21 Barcelona\" data-e-action-hash=\"#elementor-action%3Aaction%3Dlightbox%26settings%3DeyJpZCI6MTM5NDAsInVybCI6Imh0dHBzOlwvXC93d3cuamdjbGFzc2ljcy5jb21cL3dwLWNvbnRlbnRcL3VwbG9hZHNcLzIwMjNcLzA1XC8yMDIzMDUwOF8xMzIzNDQtc2NhbGVkLmpwZyIsInNsaWRlc2hvdyI6IjYyMzJkZmYifQ%3D%3D\">\n\t\t\t\t\t<div class=\"e-gallery-image elementor-gallery-item__image\" data-thumbnail=\"https:\/\/www.jgclassics.com\/wp-content\/uploads\/2023\/05\/20230508_132344-300x169.jpg\" data-width=\"300\" data-height=\"169\" aria-label=\"\" role=\"img\" ><\/div>\n\t\t\t\t\t\t\t\t\t\t\t<div class=\"elementor-gallery-item__overlay\"><\/div>\n\t\t\t\t\t\t\t\t\t\t\t\t\t\t<\/a>\n\t\t\t\t\t\t\t<a class=\"e-gallery-item elementor-gallery-item elementor-animated-content\" data-e-gallery-tags=\"3\" href=\"https:\/\/www.jgclassics.com\/wp-content\/uploads\/2023\/05\/20230508_132334-scaled.jpg\" data-elementor-open-lightbox=\"yes\" data-elementor-lightbox-slideshow=\"6232dff\" data-elementor-lightbox-title=\"BMW 323i E21 Barcelona\" data-elementor-lightbox-description=\"BMW 323i E21 Barcelona Maresme JG Classics. Disponible para alquiler, fotos, filmaciones, metrajes. BMW 323i E21 Barcelona\" data-e-action-hash=\"#elementor-action%3Aaction%3Dlightbox%26settings%3DeyJpZCI6MTM5MzcsInVybCI6Imh0dHBzOlwvXC93d3cuamdjbGFzc2ljcy5jb21cL3dwLWNvbnRlbnRcL3VwbG9hZHNcLzIwMjNcLzA1XC8yMDIzMDUwOF8xMzIzMzQtc2NhbGVkLmpwZyIsInNsaWRlc2hvdyI6IjYyMzJkZmYifQ%3D%3D\">\n\t\t\t\t\t<div class=\"e-gallery-image elementor-gallery-item__image\" data-thumbnail=\"https:\/\/www.jgclassics.com\/wp-content\/uploads\/2023\/05\/20230508_132334-300x169.jpg\" data-width=\"300\" data-height=\"169\" aria-label=\"\" role=\"img\" ><\/div>\n\t\t\t\t\t\t\t\t\t\t\t<div class=\"elementor-gallery-item__overlay\"><\/div>\n\t\t\t\t\t\t\t\t\t\t\t\t\t\t<\/a>\n\t\t\t\t\t\t\t<a class=\"e-gallery-item elementor-gallery-item elementor-animated-content\" data-e-gallery-tags=\"3\" href=\"https:\/\/www.jgclassics.com\/wp-content\/uploads\/2023\/05\/20230508_132330-scaled.jpg\" data-elementor-open-lightbox=\"yes\" data-elementor-lightbox-slideshow=\"6232dff\" data-elementor-lightbox-title=\"BMW 323i E21 Barcelona\" data-elementor-lightbox-description=\"BMW 323i E21 Barcelona Maresme JG Classics. Disponible para alquiler, fotos, filmaciones, metrajes. BMW 323i E21 Barcelona\" data-e-action-hash=\"#elementor-action%3Aaction%3Dlightbox%26settings%3DeyJpZCI6MTM5MzQsInVybCI6Imh0dHBzOlwvXC93d3cuamdjbGFzc2ljcy5jb21cL3dwLWNvbnRlbnRcL3VwbG9hZHNcLzIwMjNcLzA1XC8yMDIzMDUwOF8xMzIzMzAtc2NhbGVkLmpwZyIsInNsaWRlc2hvdyI6IjYyMzJkZmYifQ%3D%3D\">\n\t\t\t\t\t<div class=\"e-gallery-image elementor-gallery-item__image\" data-thumbnail=\"https:\/\/www.jgclassics.com\/wp-content\/uploads\/2023\/05\/20230508_132330-300x169.jpg\" data-width=\"300\" data-height=\"169\" aria-label=\"\" role=\"img\" ><\/div>\n\t\t\t\t\t\t\t\t\t\t\t<div class=\"elementor-gallery-item__overlay\"><\/div>\n\t\t\t\t\t\t\t\t\t\t\t\t\t\t<\/a>\n\t\t\t\t\t\t\t<a class=\"e-gallery-item elementor-gallery-item elementor-animated-content\" data-e-gallery-tags=\"3\" href=\"https:\/\/www.jgclassics.com\/wp-content\/uploads\/2023\/05\/20230508_132310-scaled.jpg\" data-elementor-open-lightbox=\"yes\" data-elementor-lightbox-slideshow=\"6232dff\" data-elementor-lightbox-title=\"BMW 323i E21 Barcelona\" data-elementor-lightbox-description=\"BMW 323i E21 Barcelona Maresme JG Classics. Disponible para alquiler, fotos, filmaciones, metrajes. BMW 323i E21 Barcelona\" data-e-action-hash=\"#elementor-action%3Aaction%3Dlightbox%26settings%3DeyJpZCI6MTM5MzEsInVybCI6Imh0dHBzOlwvXC93d3cuamdjbGFzc2ljcy5jb21cL3dwLWNvbnRlbnRcL3VwbG9hZHNcLzIwMjNcLzA1XC8yMDIzMDUwOF8xMzIzMTAtc2NhbGVkLmpwZyIsInNsaWRlc2hvdyI6IjYyMzJkZmYifQ%3D%3D\">\n\t\t\t\t\t<div class=\"e-gallery-image elementor-gallery-item__image\" data-thumbnail=\"https:\/\/www.jgclassics.com\/wp-content\/uploads\/2023\/05\/20230508_132310-300x169.jpg\" data-width=\"300\" data-height=\"169\" aria-label=\"\" role=\"img\" ><\/div>\n\t\t\t\t\t\t\t\t\t\t\t<div class=\"elementor-gallery-item__overlay\"><\/div>\n\t\t\t\t\t\t\t\t\t\t\t\t\t\t<\/a>\n\t\t\t\t\t\t\t<a class=\"e-gallery-item elementor-gallery-item elementor-animated-content\" data-e-gallery-tags=\"3\" href=\"https:\/\/www.jgclassics.com\/wp-content\/uploads\/2023\/05\/20230508_132302-scaled.jpg\" data-elementor-open-lightbox=\"yes\" data-elementor-lightbox-slideshow=\"6232dff\" data-elementor-lightbox-title=\"BMW 323i E21 Barcelona\" data-elementor-lightbox-description=\"BMW 323i E21 Barcelona Maresme JG Classics. Disponible para alquiler, fotos, filmaciones, metrajes. BMW 323i E21 Barcelona\" data-e-action-hash=\"#elementor-action%3Aaction%3Dlightbox%26settings%3DeyJpZCI6MTM5MjgsInVybCI6Imh0dHBzOlwvXC93d3cuamdjbGFzc2ljcy5jb21cL3dwLWNvbnRlbnRcL3VwbG9hZHNcLzIwMjNcLzA1XC8yMDIzMDUwOF8xMzIzMDItc2NhbGVkLmpwZyIsInNsaWRlc2hvdyI6IjYyMzJkZmYifQ%3D%3D\">\n\t\t\t\t\t<div class=\"e-gallery-image elementor-gallery-item__image\" data-thumbnail=\"https:\/\/www.jgclassics.com\/wp-content\/uploads\/2023\/05\/20230508_132302-169x300.jpg\" data-width=\"169\" data-height=\"300\" aria-label=\"\" role=\"img\" ><\/div>\n\t\t\t\t\t\t\t\t\t\t\t<div class=\"elementor-gallery-item__overlay\"><\/div>\n\t\t\t\t\t\t\t\t\t\t\t\t\t\t<\/a>\n\t\t\t\t\t\t\t<a class=\"e-gallery-item elementor-gallery-item elementor-animated-content\" data-e-gallery-tags=\"3\" href=\"https:\/\/www.jgclassics.com\/wp-content\/uploads\/2023\/05\/20230508_132246-scaled.jpg\" data-elementor-open-lightbox=\"yes\" data-elementor-lightbox-slideshow=\"6232dff\" data-elementor-lightbox-title=\"BMW 323i E21 Barcelona\" data-elementor-lightbox-description=\"BMW 323i E21 Barcelona Maresme JG Classics. Disponible para alquiler, fotos, filmaciones, metrajes. BMW 323i E21 Barcelona\" data-e-action-hash=\"#elementor-action%3Aaction%3Dlightbox%26settings%3DeyJpZCI6MTM5MjUsInVybCI6Imh0dHBzOlwvXC93d3cuamdjbGFzc2ljcy5jb21cL3dwLWNvbnRlbnRcL3VwbG9hZHNcLzIwMjNcLzA1XC8yMDIzMDUwOF8xMzIyNDYtc2NhbGVkLmpwZyIsInNsaWRlc2hvdyI6IjYyMzJkZmYifQ%3D%3D\">\n\t\t\t\t\t<div class=\"e-gallery-image elementor-gallery-item__image\" data-thumbnail=\"https:\/\/www.jgclassics.com\/wp-content\/uploads\/2023\/05\/20230508_132246-300x169.jpg\" data-width=\"300\" data-height=\"169\" aria-label=\"\" role=\"img\" ><\/div>\n\t\t\t\t\t\t\t\t\t\t\t<div class=\"elementor-gallery-item__overlay\"><\/div>\n\t\t\t\t\t\t\t\t\t\t\t\t\t\t<\/a>\n\t\t\t\t\t<\/div>\n\t\t\t\t\t<\/div>\n\t\t\t\t<\/div>\n\t\t\t\t<div class=\"elementor-element elementor-element-705df5c elementor-widget-divider--view-line_icon elementor-view-default elementor-widget-divider--element-align-center elementor-widget elementor-widget-divider\" data-id=\"705df5c\" data-element_type=\"widget\" data-e-type=\"widget\" data-widget_type=\"divider.default\">\n\t\t\t\t<div class=\"elementor-widget-container\">\n\t\t\t\t\t\t\t<div class=\"elementor-divider\">\n\t\t\t<span class=\"elementor-divider-separator\">\n\t\t\t\t\t\t\t<div class=\"elementor-icon elementor-divider__element\">\n\t\t\t\t\t<i aria-hidden=\"true\" class=\"fas fa-info-circle\"><\/i><\/div>\n\t\t\t\t\t\t<\/span>\n\t\t<\/div>\n\t\t\t\t\t\t<\/div>\n\t\t\t\t<\/div>\n\t\t\t\t\t<\/div>\n\t\t<\/div>\n\t\t\t\t\t<\/div>\n\t\t<\/section>\n\t\t\t\t<section data-particle_enable=\"false\" data-particle-mobile-disabled=\"false\" class=\"elementor-section elementor-top-section elementor-element elementor-element-22267b6 elementor-section-boxed elementor-section-height-default elementor-section-height-default\" data-id=\"22267b6\" data-element_type=\"section\" data-e-type=\"section\">\n\t\t\t\t\t\t<div class=\"elementor-container elementor-column-gap-default\">\n\t\t\t\t\t<div class=\"elementor-column elementor-col-100 elementor-top-column elementor-element elementor-element-953806b\" data-id=\"953806b\" data-element_type=\"column\" data-e-type=\"column\">\n\t\t\t<div class=\"elementor-widget-wrap elementor-element-populated\">\n\t\t\t\t\t\t<div class=\"elementor-element elementor-element-d86216d elementor-widget elementor-widget-heading\" data-id=\"d86216d\" data-element_type=\"widget\" data-e-type=\"widget\" data-widget_type=\"heading.default\">\n\t\t\t\t<div class=\"elementor-widget-container\">\n\t\t\t\t\t<h2 class=\"elementor-heading-title elementor-size-default\">Plan \u00e0 moyen terme pour notre BMW 323i<\/h2>\t\t\t\t<\/div>\n\t\t\t\t<\/div>\n\t\t\t\t\t<\/div>\n\t\t<\/div>\n\t\t\t\t\t<\/div>\n\t\t<\/section>\n\t\t\t\t<section data-particle_enable=\"false\" data-particle-mobile-disabled=\"false\" class=\"elementor-section elementor-top-section elementor-element elementor-element-e13ca2e elementor-section-boxed elementor-section-height-default elementor-section-height-default\" data-id=\"e13ca2e\" data-element_type=\"section\" data-e-type=\"section\">\n\t\t\t\t\t\t<div class=\"elementor-container elementor-column-gap-default\">\n\t\t\t\t\t<div class=\"elementor-column elementor-col-100 elementor-top-column elementor-element elementor-element-51ad361\" data-id=\"51ad361\" data-element_type=\"column\" data-e-type=\"column\">\n\t\t\t<div class=\"elementor-widget-wrap elementor-element-populated\">\n\t\t\t\t\t\t<div class=\"elementor-element elementor-element-ceea96f elementor-widget__width-initial elementor-widget elementor-widget-text-editor\" data-id=\"ceea96f\" data-element_type=\"widget\" data-e-type=\"widget\" data-widget_type=\"text-editor.default\">\n\t\t\t\t<div class=\"elementor-widget-container\">\n\t\t\t\t\t\t\t\t\t<p>\u00c0 moyen terme, nous pr\u00e9voyons d&#8217;am\u00e9liorer ce v\u00e9hicule. Cette unit\u00e9 \u00e9tait \u00e9quip\u00e9e de s\u00e9rie de l&#8217;air conditionn\u00e9 et la partie int\u00e9rieur de l&#8217;instalation est encore complet. De la m\u00eame fa\u00e7on, le compresseur est conserv\u00e9 et il ne manque en fait que le condenseur et deux tuyaux. Si nous ne le trouvons pas en standard, nous le ferons fabriquer par un sp\u00e9cialiste<a href=\"https:\/\/radiadorssoler.com\/\" target=\"_blank\" rel=\"noopener\">(Radiadores Soler<\/a>, par exemple, en fait partie) et nous pr\u00e9voyons de rendre l&#8217;air conditionn\u00e9 \u00e0 nouveau op\u00e9rationnel.<\/p>\n<p>Deux am\u00e9liorations se profilent \u00e9galement \u00e0 l&#8217;horizon :<\/p>\n<ul>\n<li><span style=\"font-style: inherit; font-weight: inherit;\">Le remplacement complet de la culasse (nous en avons d\u00e9j\u00e0 une enti\u00e8rement restaur\u00e9e, rectifi\u00e9e, avec des soupapes, des joints et des tourillons neufs), et nous en profiterons pour faire une r\u00e9vision compl\u00e8te du moteur<\/span>.<\/li>\n<li><span style=\"font-style: inherit; font-weight: inherit;\">L&#8217;installation de la direction assist\u00e9e : Nous avons eu la grand chance d&#8217;obtenir un bo\u00eetier de direction assist\u00e9e pour cette voiture BMW d&#8217;origine &#8211; il \u00e9tait disponible en option &#8211; et nous pr\u00e9voyons de l&#8217;installer (\u00e9videmment avec la pompe hydraulique et les tuyaux correspondants, qui peuvent encore \u00eatre trouv\u00e9s neufs chez le concessionnaire).<\/span><\/li>\n<\/ul>\n\t\t\t\t\t\t\t\t<\/div>\n\t\t\t\t<\/div>\n\t\t\t\t\t<\/div>\n\t\t<\/div>\n\t\t\t\t\t<\/div>\n\t\t<\/section>\n\t\t\t\t<section data-particle_enable=\"false\" data-particle-mobile-disabled=\"false\" class=\"elementor-section elementor-top-section elementor-element elementor-element-a2e4cdd elementor-section-boxed elementor-section-height-default elementor-section-height-default\" data-id=\"a2e4cdd\" data-element_type=\"section\" data-e-type=\"section\">\n\t\t\t\t\t\t<div class=\"elementor-container elementor-column-gap-default\">\n\t\t\t\t\t<div class=\"elementor-column elementor-col-100 elementor-top-column elementor-element elementor-element-544c0bc\" data-id=\"544c0bc\" data-element_type=\"column\" data-e-type=\"column\">\n\t\t\t<div class=\"elementor-widget-wrap\">\n\t\t\t\t\t\t\t<\/div>\n\t\t<\/div>\n\t\t\t\t\t<\/div>\n\t\t<\/section>\n\t\t\t\t<section data-particle_enable=\"false\" data-particle-mobile-disabled=\"false\" class=\"elementor-section elementor-top-section elementor-element elementor-element-5002c93 elementor-section-boxed elementor-section-height-default elementor-section-height-default\" data-id=\"5002c93\" data-element_type=\"section\" data-e-type=\"section\">\n\t\t\t\t\t\t<div class=\"elementor-container elementor-column-gap-default\">\n\t\t\t\t\t<div class=\"elementor-column elementor-col-100 elementor-top-column elementor-element elementor-element-a18ebf8\" data-id=\"a18ebf8\" data-element_type=\"column\" data-e-type=\"column\">\n\t\t\t<div class=\"elementor-widget-wrap elementor-element-populated\">\n\t\t\t\t\t\t<div class=\"elementor-element elementor-element-0b33ce4 elementor-widget__width-inherit e-transform elementor-widget-mobile__width-inherit elementor--h-position-center elementor--v-position-middle elementor-arrows-position-inside elementor-pagination-position-inside elementor-widget elementor-widget-slides\" data-id=\"0b33ce4\" data-element_type=\"widget\" data-e-type=\"widget\" data-settings=\"{&quot;autoplay_speed&quot;:3000,&quot;_transform_scale_effect&quot;:{&quot;unit&quot;:&quot;px&quot;,&quot;size&quot;:0.7,&quot;sizes&quot;:[]},&quot;_transform_scale_effect_mobile&quot;:{&quot;unit&quot;:&quot;px&quot;,&quot;size&quot;:0.28,&quot;sizes&quot;:[]},&quot;navigation&quot;:&quot;both&quot;,&quot;autoplay&quot;:&quot;yes&quot;,&quot;pause_on_hover&quot;:&quot;yes&quot;,&quot;pause_on_interaction&quot;:&quot;yes&quot;,&quot;infinite&quot;:&quot;yes&quot;,&quot;transition&quot;:&quot;slide&quot;,&quot;transition_speed&quot;:500,&quot;_transform_scale_effect_tablet&quot;:{&quot;unit&quot;:&quot;px&quot;,&quot;size&quot;:&quot;&quot;,&quot;sizes&quot;:[]}}\" data-widget_type=\"slides.default\">\n\t\t\t\t<div class=\"elementor-widget-container\">\n\t\t\t\t\t\t\t\t\t<div class=\"elementor-swiper\">\n\t\t\t\t\t<div class=\"elementor-slides-wrapper elementor-main-swiper swiper\" role=\"region\" aria-roledescription=\"carousel\" aria-label=\"Diapositives\" dir=\"ltr\" data-animation=\"fadeInUp\">\n\t\t\t\t<div class=\"swiper-wrapper elementor-slides\">\n\t\t\t\t\t\t\t\t\t\t<div class=\"elementor-repeater-item-7a662cc swiper-slide\" role=\"group\" aria-roledescription=\"slide\"><div class=\"swiper-slide-bg\" role=\"img\" aria-label=\"BMW 323i E21 int\u00e9rieur. BMW 323i E21 Barcelona Maresme\"><\/div><div class=\"swiper-slide-inner\" ><div class=\"swiper-slide-contents\"><\/div><\/div><\/div>\t\t\t\t<\/div>\n\t\t\t\t\t\t\t<\/div>\n\t\t\t\t<\/div>\n\t\t\t\t\t\t\t\t<\/div>\n\t\t\t\t<\/div>\n\t\t\t\t\t<\/div>\n\t\t<\/div>\n\t\t\t\t\t<\/div>\n\t\t<\/section>\n\t\t\t\t<section data-particle_enable=\"false\" data-particle-mobile-disabled=\"false\" class=\"elementor-section elementor-top-section elementor-element elementor-element-97658bd elementor-section-boxed elementor-section-height-default elementor-section-height-default\" data-id=\"97658bd\" data-element_type=\"section\" data-e-type=\"section\">\n\t\t\t\t\t\t<div class=\"elementor-container elementor-column-gap-default\">\n\t\t\t\t\t<div class=\"elementor-column elementor-col-100 elementor-top-column elementor-element elementor-element-0b5d315\" data-id=\"0b5d315\" data-element_type=\"column\" data-e-type=\"column\">\n\t\t\t<div class=\"elementor-widget-wrap elementor-element-populated\">\n\t\t\t\t\t\t<div class=\"elementor-element elementor-element-d776ae9 elementor-widget elementor-widget-heading\" data-id=\"d776ae9\" data-element_type=\"widget\" data-e-type=\"widget\" data-widget_type=\"heading.default\">\n\t\t\t\t<div class=\"elementor-widget-container\">\n\t\t\t\t\t<h2 class=\"elementor-heading-title elementor-size-default\">BMW 323i E21 - Historique<\/h2>\t\t\t\t<\/div>\n\t\t\t\t<\/div>\n\t\t\t\t\t<\/div>\n\t\t<\/div>\n\t\t\t\t\t<\/div>\n\t\t<\/section>\n\t\t\t\t<section data-particle_enable=\"false\" data-particle-mobile-disabled=\"false\" class=\"elementor-section elementor-top-section elementor-element elementor-element-697f5f5 elementor-section-boxed elementor-section-height-default elementor-section-height-default\" data-id=\"697f5f5\" data-element_type=\"section\" data-e-type=\"section\">\n\t\t\t\t\t\t<div class=\"elementor-container elementor-column-gap-default\">\n\t\t\t\t\t<div class=\"elementor-column elementor-col-50 elementor-top-column elementor-element elementor-element-1f2ff0c\" data-id=\"1f2ff0c\" data-element_type=\"column\" data-e-type=\"column\">\n\t\t\t<div class=\"elementor-widget-wrap elementor-element-populated\">\n\t\t\t\t\t\t<div class=\"elementor-element elementor-element-6068042 elementor-widget__width-initial elementor-widget elementor-widget-text-editor\" data-id=\"6068042\" data-element_type=\"widget\" data-e-type=\"widget\" data-widget_type=\"text-editor.default\">\n\t\t\t\t<div class=\"elementor-widget-container\">\n\t\t\t\t\t\t\t\t\t<p>La partie de l&#8217;histoire de BMW qui concerne &#8211; directement ou indirectement &#8211; a la s\u00e9rie 3, peut \u00eatre consid\u00e9r\u00e9e comme commen\u00e7ant en 1959. L&#8217;ann\u00e9e a \u00e9t\u00e9 mauvaise pour l&#8217;entreprise. En raison de la chute des ventes de son mod\u00e8le haut de gamme <a href=\"https:\/\/en.wikipedia.org\/wiki\/BMW_501\" target=\"_blank\" rel=\"noopener\">BMW 501<\/a> et de la faiblesse des marges sur ses mod\u00e8les plus petits, BMW a fr\u00f4l\u00e9 la faillite financi\u00e8re et le rachat par son concurrent Daimer Benz. C&#8217;est cette ann\u00e9e-l\u00e0 que Herbert et <a href=\"https:\/\/es.wikipedia.org\/wiki\/Harald_Quandt\" target=\"_blank\" rel=\"noopener\">Harald<\/a> Quant, fils de l&#8217;homme d&#8217;affaires allemand G\u00fcnther Quandt, ont acquis une participation majoritaire dans l&#8217;entreprise, g\u00e9n\u00e9rant une injection de capital qui a permis \u00e0 l&#8217;entreprise de rena\u00eetre et de se maintenir en tant qu&#8217;entit\u00e9 autonome. C&#8217;est \u00e0 cette \u00e9poque que le petit <a href=\"https:\/\/www.jgclassics.com\/wp-content\/uploads\/2023\/05\/bmw700_2.jpg\">mod\u00e8le 700<\/a> a \u00e9t\u00e9 lanc\u00e9, suivi par la berline <a href=\"https:\/\/www.jgclassics.com\/wp-content\/uploads\/2023\/05\/bmw_1500.jpg\">BMW 1500<\/a> qui a connu un grand succ\u00e8s commercial, des produits qui ont sauv\u00e9 la marque.<\/p>\n\t\t\t\t\t\t\t\t<\/div>\n\t\t\t\t<\/div>\n\t\t\t\t\t<\/div>\n\t\t<\/div>\n\t\t\t\t<div class=\"elementor-column elementor-col-50 elementor-top-column elementor-element elementor-element-80b23fd\" data-id=\"80b23fd\" data-element_type=\"column\" data-e-type=\"column\">\n\t\t\t<div class=\"elementor-widget-wrap elementor-element-populated\">\n\t\t\t\t\t\t<div class=\"elementor-element elementor-element-b5d35b2 elementor-widget__width-initial elementor-widget elementor-widget-image\" data-id=\"b5d35b2\" data-element_type=\"widget\" data-e-type=\"widget\" data-widget_type=\"image.default\">\n\t\t\t\t<div class=\"elementor-widget-container\">\n\t\t\t\t\t\t\t\t\t\t\t\t\t\t\t\t<a href=\"https:\/\/www.jgclassics.com\/wp-content\/uploads\/2023\/05\/bmw_1500.jpg\" data-elementor-open-lightbox=\"yes\" data-elementor-lightbox-title=\"BMW mod\u00e8le 1500\" data-e-action-hash=\"#elementor-action%3Aaction%3Dlightbox%26settings%3DeyJpZCI6MTQwODEsInVybCI6Imh0dHBzOlwvXC93d3cuamdjbGFzc2ljcy5jb21cL3dwLWNvbnRlbnRcL3VwbG9hZHNcLzIwMjNcLzA1XC9ibXdfMTUwMC5qcGcifQ%3D%3D\">\n\t\t\t\t\t\t\t<img loading=\"lazy\" decoding=\"async\" width=\"300\" height=\"186\" src=\"https:\/\/www.jgclassics.com\/wp-content\/uploads\/2023\/05\/bmw_1500-300x186.jpg\" class=\"attachment-medium size-medium wp-image-14081\" alt=\"BMW mod\u00e8le 1500\" srcset=\"https:\/\/www.jgclassics.com\/wp-content\/uploads\/2023\/05\/bmw_1500-300x186.jpg 300w, https:\/\/www.jgclassics.com\/wp-content\/uploads\/2023\/05\/bmw_1500.jpg 758w\" sizes=\"(max-width: 300px) 100vw, 300px\" \/>\t\t\t\t\t\t\t\t<\/a>\n\t\t\t\t\t\t\t\t\t\t\t\t\t\t\t<\/div>\n\t\t\t\t<\/div>\n\t\t\t\t<div class=\"elementor-element elementor-element-7cb25f8 elementor-widget elementor-widget-image\" data-id=\"7cb25f8\" data-element_type=\"widget\" data-e-type=\"widget\" data-widget_type=\"image.default\">\n\t\t\t\t<div class=\"elementor-widget-container\">\n\t\t\t\t\t\t\t\t\t\t\t\t\t\t\t\t<a href=\"https:\/\/www.jgclassics.com\/wp-content\/uploads\/2023\/05\/BMW1500_Interior.jpg\" data-elementor-open-lightbox=\"yes\" data-elementor-lightbox-title=\"BMW mod\u00e8le 1500 int\u00e9rieur\" data-e-action-hash=\"#elementor-action%3Aaction%3Dlightbox%26settings%3DeyJpZCI6MTQwODQsInVybCI6Imh0dHBzOlwvXC93d3cuamdjbGFzc2ljcy5jb21cL3dwLWNvbnRlbnRcL3VwbG9hZHNcLzIwMjNcLzA1XC9CTVcxNTAwX0ludGVyaW9yLmpwZyJ9\">\n\t\t\t\t\t\t\t<img loading=\"lazy\" decoding=\"async\" width=\"300\" height=\"157\" src=\"https:\/\/www.jgclassics.com\/wp-content\/uploads\/2023\/05\/BMW1500_Interior-300x157.jpg\" class=\"attachment-medium size-medium wp-image-14084\" alt=\"BMW mod\u00e8le 1500 int\u00e9rieur\" srcset=\"https:\/\/www.jgclassics.com\/wp-content\/uploads\/2023\/05\/BMW1500_Interior-300x157.jpg 300w, https:\/\/www.jgclassics.com\/wp-content\/uploads\/2023\/05\/BMW1500_Interior.jpg 624w\" sizes=\"(max-width: 300px) 100vw, 300px\" \/>\t\t\t\t\t\t\t\t<\/a>\n\t\t\t\t\t\t\t\t\t\t\t\t\t\t\t<\/div>\n\t\t\t\t<\/div>\n\t\t\t\t\t<\/div>\n\t\t<\/div>\n\t\t\t\t\t<\/div>\n\t\t<\/section>\n\t\t\t\t<section data-particle_enable=\"false\" data-particle-mobile-disabled=\"false\" class=\"elementor-section elementor-top-section elementor-element elementor-element-e3cbc80 elementor-section-boxed elementor-section-height-default elementor-section-height-default\" data-id=\"e3cbc80\" data-element_type=\"section\" data-e-type=\"section\">\n\t\t\t\t\t\t<div class=\"elementor-container elementor-column-gap-default\">\n\t\t\t\t\t<div class=\"elementor-column elementor-col-100 elementor-top-column elementor-element elementor-element-2024f60\" data-id=\"2024f60\" data-element_type=\"column\" data-e-type=\"column\">\n\t\t\t<div class=\"elementor-widget-wrap elementor-element-populated\">\n\t\t\t\t\t\t<div class=\"elementor-element elementor-element-128eccc elementor-widget elementor-widget-gallery\" data-id=\"128eccc\" data-element_type=\"widget\" data-e-type=\"widget\" data-settings=\"{&quot;columns&quot;:3,&quot;columns_mobile&quot;:3,&quot;overlay_title&quot;:&quot;caption&quot;,&quot;lazyload&quot;:&quot;yes&quot;,&quot;gallery_layout&quot;:&quot;grid&quot;,&quot;columns_tablet&quot;:2,&quot;gap&quot;:{&quot;unit&quot;:&quot;px&quot;,&quot;size&quot;:10,&quot;sizes&quot;:[]},&quot;gap_tablet&quot;:{&quot;unit&quot;:&quot;px&quot;,&quot;size&quot;:10,&quot;sizes&quot;:[]},&quot;gap_mobile&quot;:{&quot;unit&quot;:&quot;px&quot;,&quot;size&quot;:10,&quot;sizes&quot;:[]},&quot;link_to&quot;:&quot;file&quot;,&quot;aspect_ratio&quot;:&quot;3:2&quot;,&quot;overlay_background&quot;:&quot;yes&quot;,&quot;content_hover_animation&quot;:&quot;fade-in&quot;}\" data-widget_type=\"gallery.default\">\n\t\t\t\t<div class=\"elementor-widget-container\">\n\t\t\t\t\t\t\t<div class=\"elementor-gallery__container\">\n\t\t\t\t\t\t\t<a class=\"e-gallery-item elementor-gallery-item elementor-animated-content\" href=\"https:\/\/www.jgclassics.com\/wp-content\/uploads\/2023\/05\/BMW700_4-scaled.jpg\" data-elementor-open-lightbox=\"yes\" data-elementor-lightbox-slideshow=\"128eccc\" data-elementor-lightbox-title=\"BMW modelo 700\" data-e-action-hash=\"#elementor-action%3Aaction%3Dlightbox%26settings%3DeyJpZCI6MTQwOTMsInVybCI6Imh0dHBzOlwvXC93d3cuamdjbGFzc2ljcy5jb21cL3dwLWNvbnRlbnRcL3VwbG9hZHNcLzIwMjNcLzA1XC9CTVc3MDBfNC1zY2FsZWQuanBnIiwic2xpZGVzaG93IjoiMTI4ZWNjYyJ9\">\n\t\t\t\t\t<div class=\"e-gallery-image elementor-gallery-item__image\" data-thumbnail=\"https:\/\/www.jgclassics.com\/wp-content\/uploads\/2023\/05\/BMW700_4-300x181.jpg\" data-width=\"300\" data-height=\"181\" aria-label=\"\" role=\"img\" ><\/div>\n\t\t\t\t\t\t\t\t\t\t\t<div class=\"elementor-gallery-item__overlay\"><\/div>\n\t\t\t\t\t\t\t\t\t\t\t\t\t\t\t<div class=\"elementor-gallery-item__content\">\n\t\t\t\t\t\t\t\t\t\t\t\t\t\t<div class=\"elementor-gallery-item__title\">\n\t\t\t\t\t\t\t\t\t\t\t\t\t\t\t\t\t\tBMW modelo 700\t\t\t\t\t\t\t\t<\/div>\n\t\t\t\t\t\t\t\t\t\t\t\t<\/div>\n\t\t\t\t\t\t\t\t\t<\/a>\n\t\t\t\t\t\t\t<a class=\"e-gallery-item elementor-gallery-item elementor-animated-content\" href=\"https:\/\/www.jgclassics.com\/wp-content\/uploads\/2023\/05\/bmw700_2.jpg\" data-elementor-open-lightbox=\"yes\" data-elementor-lightbox-slideshow=\"128eccc\" data-elementor-lightbox-title=\"BMW modelo 700\" data-e-action-hash=\"#elementor-action%3Aaction%3Dlightbox%26settings%3DeyJpZCI6MTQwOTAsInVybCI6Imh0dHBzOlwvXC93d3cuamdjbGFzc2ljcy5jb21cL3dwLWNvbnRlbnRcL3VwbG9hZHNcLzIwMjNcLzA1XC9ibXc3MDBfMi5qcGciLCJzbGlkZXNob3ciOiIxMjhlY2NjIn0%3D\">\n\t\t\t\t\t<div class=\"e-gallery-image elementor-gallery-item__image\" data-thumbnail=\"https:\/\/www.jgclassics.com\/wp-content\/uploads\/2023\/05\/bmw700_2-300x198.jpg\" data-width=\"300\" data-height=\"198\" aria-label=\"\" role=\"img\" ><\/div>\n\t\t\t\t\t\t\t\t\t\t\t<div class=\"elementor-gallery-item__overlay\"><\/div>\n\t\t\t\t\t\t\t\t\t\t\t\t\t\t\t<div class=\"elementor-gallery-item__content\">\n\t\t\t\t\t\t\t\t\t\t\t\t\t\t<div class=\"elementor-gallery-item__title\">\n\t\t\t\t\t\t\t\t\t\t\t\t\t\t\t\t\t\tBMW modelo 700\t\t\t\t\t\t\t\t<\/div>\n\t\t\t\t\t\t\t\t\t\t\t\t<\/div>\n\t\t\t\t\t\t\t\t\t<\/a>\n\t\t\t\t\t\t\t<a class=\"e-gallery-item elementor-gallery-item elementor-animated-content\" href=\"https:\/\/www.jgclassics.com\/wp-content\/uploads\/2023\/05\/bmw700.webp\" data-elementor-open-lightbox=\"yes\" data-elementor-lightbox-slideshow=\"128eccc\" data-elementor-lightbox-title=\"BMW modelo 700\" data-e-action-hash=\"#elementor-action%3Aaction%3Dlightbox%26settings%3DeyJpZCI6MTQwODcsInVybCI6Imh0dHBzOlwvXC93d3cuamdjbGFzc2ljcy5jb21cL3dwLWNvbnRlbnRcL3VwbG9hZHNcLzIwMjNcLzA1XC9ibXc3MDAud2VicCIsInNsaWRlc2hvdyI6IjEyOGVjY2MifQ%3D%3D\">\n\t\t\t\t\t<div class=\"e-gallery-image elementor-gallery-item__image\" data-thumbnail=\"https:\/\/www.jgclassics.com\/wp-content\/uploads\/2023\/05\/bmw700-300x169.webp\" data-width=\"300\" data-height=\"169\" aria-label=\"\" role=\"img\" ><\/div>\n\t\t\t\t\t\t\t\t\t\t\t<div class=\"elementor-gallery-item__overlay\"><\/div>\n\t\t\t\t\t\t\t\t\t\t\t\t\t\t\t<div class=\"elementor-gallery-item__content\">\n\t\t\t\t\t\t\t\t\t\t\t\t\t\t<div class=\"elementor-gallery-item__title\">\n\t\t\t\t\t\t\t\t\t\t\t\t\t\t\t\t\t\tBMW modelo 700\t\t\t\t\t\t\t\t<\/div>\n\t\t\t\t\t\t\t\t\t\t\t\t<\/div>\n\t\t\t\t\t\t\t\t\t<\/a>\n\t\t\t\t\t<\/div>\n\t\t\t\t\t<\/div>\n\t\t\t\t<\/div>\n\t\t\t\t\t<\/div>\n\t\t<\/div>\n\t\t\t\t\t<\/div>\n\t\t<\/section>\n\t\t\t\t<section data-particle_enable=\"false\" data-particle-mobile-disabled=\"false\" class=\"elementor-section elementor-top-section elementor-element elementor-element-c8b8568 elementor-section-boxed elementor-section-height-default elementor-section-height-default\" data-id=\"c8b8568\" data-element_type=\"section\" data-e-type=\"section\">\n\t\t\t\t\t\t<div class=\"elementor-container elementor-column-gap-default\">\n\t\t\t\t\t<div class=\"elementor-column elementor-col-100 elementor-top-column elementor-element elementor-element-18060c7\" data-id=\"18060c7\" data-element_type=\"column\" data-e-type=\"column\">\n\t\t\t<div class=\"elementor-widget-wrap elementor-element-populated\">\n\t\t\t\t\t\t<div class=\"elementor-element elementor-element-6790c56 elementor-widget elementor-widget-text-editor\" data-id=\"6790c56\" data-element_type=\"widget\" data-e-type=\"widget\" data-widget_type=\"text-editor.default\">\n\t\t\t\t<div class=\"elementor-widget-container\">\n\t\t\t\t\t\t\t\t\t<p>En 1962, avec la ligne de produits <a href=\"https:\/\/en.wikipedia.org\/wiki\/BMW_New_Class\" target=\"_blank\" rel=\"noopener\">New Class Sedan<\/a>, BMW a commenc\u00e9 \u00e0 gagner &#8211; ou peut-\u00eatre \u00e0 retrouver &#8211; sa r\u00e9putation de constructeur de voitures \u00e0 vocation sportive.<\/p>\n\t\t\t\t\t\t\t\t<\/div>\n\t\t\t\t<\/div>\n\t\t\t\t\t<\/div>\n\t\t<\/div>\n\t\t\t\t\t<\/div>\n\t\t<\/section>\n\t\t\t\t<section data-particle_enable=\"false\" data-particle-mobile-disabled=\"false\" class=\"elementor-section elementor-top-section elementor-element elementor-element-39db4bb elementor-section-boxed elementor-section-height-default elementor-section-height-default\" data-id=\"39db4bb\" data-element_type=\"section\" data-e-type=\"section\">\n\t\t\t\t\t\t<div class=\"elementor-container elementor-column-gap-default\">\n\t\t\t\t\t<div class=\"elementor-column elementor-col-33 elementor-top-column elementor-element elementor-element-356a839\" data-id=\"356a839\" data-element_type=\"column\" data-e-type=\"column\">\n\t\t\t<div class=\"elementor-widget-wrap elementor-element-populated\">\n\t\t\t\t\t\t<div class=\"elementor-element elementor-element-b1902b1 elementor-widget__width-initial elementor-widget elementor-widget-image\" data-id=\"b1902b1\" data-element_type=\"widget\" data-e-type=\"widget\" data-widget_type=\"image.default\">\n\t\t\t\t<div class=\"elementor-widget-container\">\n\t\t\t\t\t\t\t\t\t\t\t\t\t\t\t\t<a href=\"https:\/\/www.jgclassics.com\/wp-content\/uploads\/2023\/05\/bmw2002.jpg\" data-elementor-open-lightbox=\"yes\" data-elementor-lightbox-title=\"BMW 2002 Turbo\" data-e-action-hash=\"#elementor-action%3Aaction%3Dlightbox%26settings%3DeyJpZCI6MTQwOTksInVybCI6Imh0dHBzOlwvXC93d3cuamdjbGFzc2ljcy5jb21cL3dwLWNvbnRlbnRcL3VwbG9hZHNcLzIwMjNcLzA1XC9ibXcyMDAyLmpwZyJ9\">\n\t\t\t\t\t\t\t<img loading=\"lazy\" decoding=\"async\" width=\"300\" height=\"200\" src=\"https:\/\/www.jgclassics.com\/wp-content\/uploads\/2023\/05\/bmw2002-300x200.jpg\" class=\"attachment-medium size-medium wp-image-14099\" alt=\"BMW 2002 Turbo\" srcset=\"https:\/\/www.jgclassics.com\/wp-content\/uploads\/2023\/05\/bmw2002-300x200.jpg 300w, https:\/\/www.jgclassics.com\/wp-content\/uploads\/2023\/05\/bmw2002-768x512.jpg 768w, https:\/\/www.jgclassics.com\/wp-content\/uploads\/2023\/05\/bmw2002.jpg 800w\" sizes=\"(max-width: 300px) 100vw, 300px\" \/>\t\t\t\t\t\t\t\t<\/a>\n\t\t\t\t\t\t\t\t\t\t\t\t\t\t\t<\/div>\n\t\t\t\t<\/div>\n\t\t\t\t\t<\/div>\n\t\t<\/div>\n\t\t\t\t<div class=\"elementor-column elementor-col-33 elementor-top-column elementor-element elementor-element-b5dcb9c\" data-id=\"b5dcb9c\" data-element_type=\"column\" data-e-type=\"column\">\n\t\t\t<div class=\"elementor-widget-wrap elementor-element-populated\">\n\t\t\t\t\t\t<div class=\"elementor-element elementor-element-758ec67 elementor-widget elementor-widget-text-editor\" data-id=\"758ec67\" data-element_type=\"widget\" data-e-type=\"widget\" data-widget_type=\"text-editor.default\">\n\t\t\t\t<div class=\"elementor-widget-container\">\n\t\t\t\t\t\t\t\t\t<p>Dans les ann\u00e9es 1960, quelques mod\u00e8les de coup\u00e9 ont \u00e9t\u00e9 commercialis\u00e9s, suivis par la s\u00e9rie 6 (1968) ainsi que, \u00e0 partir de 1966, par la <a href=\"https:\/\/en.wikipedia.org\/wiki\/BMW_02_Series\" target=\"_blank\" rel=\"noopener\">s\u00e9rie 02<\/a> (1502, 1602, 2002). Et c&#8217;est \u00e0 la fin de la vie commerciale de la s\u00e9rie 02 que BMW d\u00e9cide de la moderniser, et pr\u00e9sente en juin 1975 \u00e0 Munich la nouvelle s\u00e9rie 03, connue sous le nom de E21.<\/p>\n\t\t\t\t\t\t\t\t<\/div>\n\t\t\t\t<\/div>\n\t\t\t\t\t<\/div>\n\t\t<\/div>\n\t\t\t\t<div class=\"elementor-column elementor-col-33 elementor-top-column elementor-element elementor-element-4b00211\" data-id=\"4b00211\" data-element_type=\"column\" data-e-type=\"column\">\n\t\t\t<div class=\"elementor-widget-wrap elementor-element-populated\">\n\t\t\t\t\t\t<div class=\"elementor-element elementor-element-f73aa14 elementor-widget elementor-widget-image\" data-id=\"f73aa14\" data-element_type=\"widget\" data-e-type=\"widget\" data-widget_type=\"image.default\">\n\t\t\t\t<div class=\"elementor-widget-container\">\n\t\t\t\t\t\t\t\t\t\t\t\t\t\t\t\t<a href=\"https:\/\/www.jgclassics.com\/wp-content\/uploads\/2023\/05\/bmw_serie_02.jpg\" data-elementor-open-lightbox=\"yes\" data-elementor-lightbox-title=\"BMW 2002\" data-e-action-hash=\"#elementor-action%3Aaction%3Dlightbox%26settings%3DeyJpZCI6MTQwOTYsInVybCI6Imh0dHBzOlwvXC93d3cuamdjbGFzc2ljcy5jb21cL3dwLWNvbnRlbnRcL3VwbG9hZHNcLzIwMjNcLzA1XC9ibXdfc2VyaWVfMDIuanBnIn0%3D\">\n\t\t\t\t\t\t\t<img loading=\"lazy\" decoding=\"async\" width=\"900\" height=\"587\" src=\"https:\/\/www.jgclassics.com\/wp-content\/uploads\/2023\/05\/bmw_serie_02.jpg\" class=\"attachment-large size-large wp-image-14096\" alt=\"BMW 2002\" srcset=\"https:\/\/www.jgclassics.com\/wp-content\/uploads\/2023\/05\/bmw_serie_02.jpg 900w, https:\/\/www.jgclassics.com\/wp-content\/uploads\/2023\/05\/bmw_serie_02-300x196.jpg 300w, https:\/\/www.jgclassics.com\/wp-content\/uploads\/2023\/05\/bmw_serie_02-768x501.jpg 768w\" sizes=\"(max-width: 900px) 100vw, 900px\" \/>\t\t\t\t\t\t\t\t<\/a>\n\t\t\t\t\t\t\t\t\t\t\t\t\t\t\t<\/div>\n\t\t\t\t<\/div>\n\t\t\t\t\t<\/div>\n\t\t<\/div>\n\t\t\t\t\t<\/div>\n\t\t<\/section>\n\t\t\t\t<section data-particle_enable=\"false\" data-particle-mobile-disabled=\"false\" class=\"elementor-section elementor-top-section elementor-element elementor-element-2700aba elementor-section-boxed elementor-section-height-default elementor-section-height-default\" data-id=\"2700aba\" data-element_type=\"section\" data-e-type=\"section\">\n\t\t\t\t\t\t<div class=\"elementor-container elementor-column-gap-default\">\n\t\t\t\t\t<div class=\"elementor-column elementor-col-100 elementor-top-column elementor-element elementor-element-ef31074\" data-id=\"ef31074\" data-element_type=\"column\" data-e-type=\"column\">\n\t\t\t<div class=\"elementor-widget-wrap elementor-element-populated\">\n\t\t\t\t\t\t<div class=\"elementor-element elementor-element-66ab418 elementor-widget elementor-widget-heading\" data-id=\"66ab418\" data-element_type=\"widget\" data-e-type=\"widget\" data-widget_type=\"heading.default\">\n\t\t\t\t<div class=\"elementor-widget-container\">\n\t\t\t\t\t<h2 class=\"elementor-heading-title elementor-size-default\">BMW S\u00e9rie 3 E21 : L'h\u00e9ritage des s\u00e9ries 02 et E12<\/h2>\t\t\t\t<\/div>\n\t\t\t\t<\/div>\n\t\t\t\t\t<\/div>\n\t\t<\/div>\n\t\t\t\t\t<\/div>\n\t\t<\/section>\n\t\t\t\t<section data-particle_enable=\"false\" data-particle-mobile-disabled=\"false\" class=\"elementor-section elementor-top-section elementor-element elementor-element-be1c6d3 elementor-section-boxed elementor-section-height-default elementor-section-height-default\" data-id=\"be1c6d3\" data-element_type=\"section\" data-e-type=\"section\">\n\t\t\t\t\t\t<div class=\"elementor-container elementor-column-gap-default\">\n\t\t\t\t\t<div class=\"elementor-column elementor-col-50 elementor-top-column elementor-element elementor-element-1f1dbd1\" data-id=\"1f1dbd1\" data-element_type=\"column\" data-e-type=\"column\">\n\t\t\t<div class=\"elementor-widget-wrap elementor-element-populated\">\n\t\t\t\t\t\t<div class=\"elementor-element elementor-element-36e7c8d elementor-widget__width-initial elementor-widget elementor-widget-text-editor\" data-id=\"36e7c8d\" data-element_type=\"widget\" data-e-type=\"widget\" data-widget_type=\"text-editor.default\">\n\t\t\t\t<div class=\"elementor-widget-container\">\n\t\t\t\t\t\t\t\t\t<p>La E21 doit sa forme \u00e0 <a href=\"https:\/\/makia.la\/paul-bracq-el-frances-que-redefinio-el-diseno-de-autos-alemanes\/\" target=\"_blank\" rel=\"noopener\">Paul Bracq<\/a>, le design pouvant \u00eatre un m\u00e9lange entre le restylage de 2002 et les grilles de la <a href=\"https:\/\/es.wikipedia.org\/wiki\/BMW_E12\" target=\"_blank\" rel=\"noopener\">BMW S\u00e9rie 5 E12<\/a>.<\/p>\n<p>Dans toutes ses dimensions, la voiture pr\u00e9sentait des caract\u00e9ristiques tr\u00e8s pr\u00e9cises, qui allaient rester pour toujours associ\u00e9es \u00e0 la s\u00e9rie 3 et qui le sont encore aujourd&#8217;hui : de bonnes performances, une certaine sportivit\u00e9, un design bien pens\u00e9 &#8211; et dans une certaine mesure non d\u00e9nu\u00e9 d&#8217;exclusivit\u00e9 &#8211; et, en bref, l&#8217;id\u00e9e d&#8217;une &#8220;voiture \u00e0 conduire&#8221; comme concept de base du produit.<\/p>\n\t\t\t\t\t\t\t\t<\/div>\n\t\t\t\t<\/div>\n\t\t\t\t\t<\/div>\n\t\t<\/div>\n\t\t\t\t<div class=\"elementor-column elementor-col-50 elementor-top-column elementor-element elementor-element-a9e7bb0\" data-id=\"a9e7bb0\" data-element_type=\"column\" data-e-type=\"column\">\n\t\t\t<div class=\"elementor-widget-wrap elementor-element-populated\">\n\t\t\t\t\t\t<div class=\"elementor-element elementor-element-35e3ef5 elementor-widget__width-initial elementor-widget elementor-widget-image\" data-id=\"35e3ef5\" data-element_type=\"widget\" data-e-type=\"widget\" data-widget_type=\"image.default\">\n\t\t\t\t<div class=\"elementor-widget-container\">\n\t\t\t\t\t\t\t\t\t\t\t\t\t\t\t\t<a href=\"https:\/\/www.jgclassics.com\/wp-content\/uploads\/2023\/05\/e21-diseno.jpeg\" data-elementor-open-lightbox=\"yes\" data-elementor-lightbox-title=\"Esquisses de BMW Design\" data-e-action-hash=\"#elementor-action%3Aaction%3Dlightbox%26settings%3DeyJpZCI6MTQxMDIsInVybCI6Imh0dHBzOlwvXC93d3cuamdjbGFzc2ljcy5jb21cL3dwLWNvbnRlbnRcL3VwbG9hZHNcLzIwMjNcLzA1XC9lMjEtZGlzZW5vLmpwZWcifQ%3D%3D\">\n\t\t\t\t\t\t\t<img loading=\"lazy\" decoding=\"async\" width=\"768\" height=\"529\" src=\"https:\/\/www.jgclassics.com\/wp-content\/uploads\/2023\/05\/e21-diseno-768x529.jpeg\" class=\"attachment-medium_large size-medium_large wp-image-14102\" alt=\"Esquisses de BMW Design\" srcset=\"https:\/\/www.jgclassics.com\/wp-content\/uploads\/2023\/05\/e21-diseno-768x529.jpeg 768w, https:\/\/www.jgclassics.com\/wp-content\/uploads\/2023\/05\/e21-diseno-300x207.jpeg 300w, https:\/\/www.jgclassics.com\/wp-content\/uploads\/2023\/05\/e21-diseno.jpeg 900w\" sizes=\"(max-width: 768px) 100vw, 768px\" \/>\t\t\t\t\t\t\t\t<\/a>\n\t\t\t\t\t\t\t\t\t\t\t\t\t\t\t<\/div>\n\t\t\t\t<\/div>\n\t\t\t\t\t<\/div>\n\t\t<\/div>\n\t\t\t\t\t<\/div>\n\t\t<\/section>\n\t\t\t\t<section data-particle_enable=\"false\" data-particle-mobile-disabled=\"false\" class=\"elementor-section elementor-top-section elementor-element elementor-element-1b6c31d elementor-section-boxed elementor-section-height-default elementor-section-height-default\" data-id=\"1b6c31d\" data-element_type=\"section\" data-e-type=\"section\">\n\t\t\t\t\t\t<div class=\"elementor-container elementor-column-gap-default\">\n\t\t\t\t\t<div class=\"elementor-column elementor-col-100 elementor-top-column elementor-element elementor-element-5d2cb7d\" data-id=\"5d2cb7d\" data-element_type=\"column\" data-e-type=\"column\">\n\t\t\t<div class=\"elementor-widget-wrap elementor-element-populated\">\n\t\t\t\t\t\t<div class=\"elementor-element elementor-element-eb74fae elementor-widget-divider--view-line_icon elementor-view-default elementor-widget-divider--element-align-center elementor-widget elementor-widget-divider\" data-id=\"eb74fae\" data-element_type=\"widget\" data-e-type=\"widget\" data-widget_type=\"divider.default\">\n\t\t\t\t<div class=\"elementor-widget-container\">\n\t\t\t\t\t\t\t<div class=\"elementor-divider\">\n\t\t\t<span class=\"elementor-divider-separator\">\n\t\t\t\t\t\t\t<div class=\"elementor-icon elementor-divider__element\">\n\t\t\t\t\t<i aria-hidden=\"true\" class=\"fas fa-info-circle\"><\/i><\/div>\n\t\t\t\t\t\t<\/span>\n\t\t<\/div>\n\t\t\t\t\t\t<\/div>\n\t\t\t\t<\/div>\n\t\t\t\t\t<\/div>\n\t\t<\/div>\n\t\t\t\t\t<\/div>\n\t\t<\/section>\n\t\t\t\t<section data-particle_enable=\"false\" data-particle-mobile-disabled=\"false\" class=\"elementor-section elementor-top-section elementor-element elementor-element-39899b3 elementor-section-boxed elementor-section-height-default elementor-section-height-default\" data-id=\"39899b3\" data-element_type=\"section\" data-e-type=\"section\">\n\t\t\t\t\t\t<div class=\"elementor-container elementor-column-gap-default\">\n\t\t\t\t\t<div class=\"elementor-column elementor-col-100 elementor-top-column elementor-element elementor-element-12117e4\" data-id=\"12117e4\" data-element_type=\"column\" data-e-type=\"column\">\n\t\t\t<div class=\"elementor-widget-wrap elementor-element-populated\">\n\t\t\t\t\t\t<div class=\"elementor-element elementor-element-f1350c3 elementor-widget elementor-widget-heading\" data-id=\"f1350c3\" data-element_type=\"widget\" data-e-type=\"widget\" data-widget_type=\"heading.default\">\n\t\t\t\t<div class=\"elementor-widget-container\">\n\t\t\t\t\t<h2 class=\"elementor-heading-title elementor-size-default\">Console orient\u00e9e vers le conducteur<\/h2>\t\t\t\t<\/div>\n\t\t\t\t<\/div>\n\t\t\t\t\t<\/div>\n\t\t<\/div>\n\t\t\t\t\t<\/div>\n\t\t<\/section>\n\t\t\t\t<section data-particle_enable=\"false\" data-particle-mobile-disabled=\"false\" class=\"elementor-section elementor-top-section elementor-element elementor-element-ea7ad78 elementor-section-boxed elementor-section-height-default elementor-section-height-default\" data-id=\"ea7ad78\" data-element_type=\"section\" data-e-type=\"section\">\n\t\t\t\t\t\t<div class=\"elementor-container elementor-column-gap-default\">\n\t\t\t\t\t<div class=\"elementor-column elementor-col-50 elementor-top-column elementor-element elementor-element-5ecfaed\" data-id=\"5ecfaed\" data-element_type=\"column\" data-e-type=\"column\" data-settings=\"{&quot;background_background&quot;:&quot;classic&quot;}\">\n\t\t\t<div class=\"elementor-widget-wrap elementor-element-populated\">\n\t\t\t\t\t\t<div class=\"elementor-element elementor-element-4d12b2a elementor-widget__width-initial elementor-widget elementor-widget-image\" data-id=\"4d12b2a\" data-element_type=\"widget\" data-e-type=\"widget\" data-widget_type=\"image.default\">\n\t\t\t\t<div class=\"elementor-widget-container\">\n\t\t\t\t\t\t\t\t\t\t\t\t<figure class=\"wp-caption\">\n\t\t\t\t\t\t\t\t\t\t\t<a href=\"https:\/\/www.jgclassics.com\/wp-content\/uploads\/2023\/05\/20230506_201757-scaled.jpg\" data-elementor-open-lightbox=\"yes\" data-elementor-lightbox-title=\"BMW 323i E21 Barcelone\" data-elementor-lightbox-description=\"BMW 323i E21 Barcelona Maresme JG Classics. Disponible pour la location, les photos, les tournages, les s\u00e9quences. BMW 323i E21 Barcelone\" data-e-action-hash=\"#elementor-action%3Aaction%3Dlightbox%26settings%3DeyJpZCI6MTM4NjUsInVybCI6Imh0dHBzOlwvXC93d3cuamdjbGFzc2ljcy5jb21cL3dwLWNvbnRlbnRcL3VwbG9hZHNcLzIwMjNcLzA1XC8yMDIzMDUwNl8yMDE3NTctc2NhbGVkLmpwZyJ9\">\n\t\t\t\t\t\t\t<img loading=\"lazy\" decoding=\"async\" width=\"768\" height=\"432\" src=\"https:\/\/www.jgclassics.com\/wp-content\/uploads\/2023\/05\/20230506_201757-768x432.jpg\" class=\"attachment-medium_large size-medium_large wp-image-13865\" alt=\"BMW 323i E21 1981 Barcelona Maresme. Location de voitures de collection BMW Barcelona\" srcset=\"https:\/\/www.jgclassics.com\/wp-content\/uploads\/2023\/05\/20230506_201757-768x432.jpg 768w, https:\/\/www.jgclassics.com\/wp-content\/uploads\/2023\/05\/20230506_201757-300x169.jpg 300w, https:\/\/www.jgclassics.com\/wp-content\/uploads\/2023\/05\/20230506_201757-1024x576.jpg 1024w, https:\/\/www.jgclassics.com\/wp-content\/uploads\/2023\/05\/20230506_201757-1536x864.jpg 1536w, https:\/\/www.jgclassics.com\/wp-content\/uploads\/2023\/05\/20230506_201757-2048x1152.jpg 2048w\" sizes=\"(max-width: 768px) 100vw, 768px\" \/>\t\t\t\t\t\t\t\t<\/a>\n\t\t\t\t\t\t\t\t\t\t\t<figcaption class=\"widget-image-caption wp-caption-text\">BMW s\u00e9rie 3 E21. Console orient\u00e9e vers le conducteur<\/figcaption>\n\t\t\t\t\t\t\t\t\t\t<\/figure>\n\t\t\t\t\t\t\t\t\t<\/div>\n\t\t\t\t<\/div>\n\t\t\t\t\t<\/div>\n\t\t<\/div>\n\t\t\t\t<div class=\"elementor-column elementor-col-50 elementor-top-column elementor-element elementor-element-261b0b0\" data-id=\"261b0b0\" data-element_type=\"column\" data-e-type=\"column\" data-settings=\"{&quot;background_background&quot;:&quot;classic&quot;}\">\n\t\t\t<div class=\"elementor-widget-wrap elementor-element-populated\">\n\t\t\t\t\t\t<div class=\"elementor-element elementor-element-b3fd52e elementor-widget__width-initial elementor-widget elementor-widget-text-editor\" data-id=\"b3fd52e\" data-element_type=\"widget\" data-e-type=\"widget\" data-widget_type=\"text-editor.default\">\n\t\t\t\t<div class=\"elementor-widget-container\">\n\t\t\t\t\t\t\t\t\t<p><span style=\"font-size: 16px;\">La BMW S\u00e9rie 3 a \u00e9t\u00e9 la premi\u00e8re voiture dont la console centrale a \u00e9t\u00e9 tourn\u00e9e et orient\u00e9e vers le conducteur. Cela donnait l&#8217;impression qu&#8217;il s&#8217;agissait d&#8217;une voiture con\u00e7ue<strong>&#8220;pour \u00eatre conduite<\/strong>&#8221; ou que <strong>la voiture et son conducteur ne faisaient qu<\/strong>&#8216;un.<\/span><\/p>\n<p><span style=\"font-size: 16px;\">  Cette caract\u00e9ristique est devenue l&#8217;une des marques de fabrique des voitures BMW et a non seulement perdur\u00e9 jusqu&#8217;\u00e0 aujourd&#8217;hui, mais a \u00e9t\u00e9 reprise par de nombreux autres constructeurs.<\/span><\/p>\n\t\t\t\t\t\t\t\t<\/div>\n\t\t\t\t<\/div>\n\t\t\t\t\t<\/div>\n\t\t<\/div>\n\t\t\t\t\t<\/div>\n\t\t<\/section>\n\t\t\t\t<section data-particle_enable=\"false\" data-particle-mobile-disabled=\"false\" class=\"elementor-section elementor-top-section elementor-element elementor-element-0d40efe elementor-section-boxed elementor-section-height-default elementor-section-height-default\" data-id=\"0d40efe\" data-element_type=\"section\" data-e-type=\"section\">\n\t\t\t\t\t\t<div class=\"elementor-container elementor-column-gap-default\">\n\t\t\t\t\t<div class=\"elementor-column elementor-col-100 elementor-top-column elementor-element elementor-element-51e5974\" data-id=\"51e5974\" data-element_type=\"column\" data-e-type=\"column\">\n\t\t\t<div class=\"elementor-widget-wrap elementor-element-populated\">\n\t\t\t\t\t\t<div class=\"elementor-element elementor-element-07c3a65 elementor-widget-divider--view-line elementor-widget elementor-widget-divider\" data-id=\"07c3a65\" data-element_type=\"widget\" data-e-type=\"widget\" data-widget_type=\"divider.default\">\n\t\t\t\t<div class=\"elementor-widget-container\">\n\t\t\t\t\t\t\t<div class=\"elementor-divider\">\n\t\t\t<span class=\"elementor-divider-separator\">\n\t\t\t\t\t\t<\/span>\n\t\t<\/div>\n\t\t\t\t\t\t<\/div>\n\t\t\t\t<\/div>\n\t\t\t\t\t<\/div>\n\t\t<\/div>\n\t\t\t\t\t<\/div>\n\t\t<\/section>\n\t\t\t\t<section data-particle_enable=\"false\" data-particle-mobile-disabled=\"false\" class=\"elementor-section elementor-top-section elementor-element elementor-element-75122c3 elementor-section-boxed elementor-section-height-default elementor-section-height-default\" data-id=\"75122c3\" data-element_type=\"section\" data-e-type=\"section\">\n\t\t\t\t\t\t<div class=\"elementor-container elementor-column-gap-default\">\n\t\t\t\t\t<div class=\"elementor-column elementor-col-100 elementor-top-column elementor-element elementor-element-43f23c4\" data-id=\"43f23c4\" data-element_type=\"column\" data-e-type=\"column\">\n\t\t\t<div class=\"elementor-widget-wrap elementor-element-populated\">\n\t\t\t\t\t\t<div class=\"elementor-element elementor-element-bce353f elementor-widget elementor-widget-heading\" data-id=\"bce353f\" data-element_type=\"widget\" data-e-type=\"widget\" data-widget_type=\"heading.default\">\n\t\t\t\t<div class=\"elementor-widget-container\">\n\t\t\t\t\t<h2 class=\"elementor-heading-title elementor-size-default\">BMW E21 : Groupes motopropulseurs et syst\u00e8mes m\u00e9caniques<\/h2>\t\t\t\t<\/div>\n\t\t\t\t<\/div>\n\t\t\t\t\t<\/div>\n\t\t<\/div>\n\t\t\t\t\t<\/div>\n\t\t<\/section>\n\t\t\t\t<section data-particle_enable=\"false\" data-particle-mobile-disabled=\"false\" class=\"elementor-section elementor-top-section elementor-element elementor-element-a204fa8 elementor-section-boxed elementor-section-height-default elementor-section-height-default\" data-id=\"a204fa8\" data-element_type=\"section\" data-e-type=\"section\">\n\t\t\t\t\t\t<div class=\"elementor-container elementor-column-gap-default\">\n\t\t\t\t\t<div class=\"elementor-column elementor-col-100 elementor-top-column elementor-element elementor-element-411fc19\" data-id=\"411fc19\" data-element_type=\"column\" data-e-type=\"column\">\n\t\t\t<div class=\"elementor-widget-wrap elementor-element-populated\">\n\t\t\t\t\t\t<div class=\"elementor-element elementor-element-27f9fa6 elementor-widget elementor-widget-text-editor\" data-id=\"27f9fa6\" data-element_type=\"widget\" data-e-type=\"widget\" data-widget_type=\"text-editor.default\">\n\t\t\t\t<div class=\"elementor-widget-container\">\n\t\t\t\t\t\t\t\t\t<p>La BMW s\u00e9rie 3 E21 avait \u00e0 l&#8217;origine des moteurs quatre cylindres dans les versions 1500 1600 1800, 1800i, 2000, 2000i (avec le moteur dit <a href=\"https:\/\/es.wikipedia.org\/wiki\/BMW_M10\" target=\"_blank\" rel=\"noopener\">M10<\/a>, qui produisait 75, 90, 98, 105, 109 et 125 ch). Ce moteur \u00e9quipait d\u00e9j\u00e0 les mod\u00e8les pr\u00e9c\u00e9dents de la s\u00e9rie 02. Mais comme la E21 \u00e9tait plus lourde que son pr\u00e9d\u00e9cesseur, les nouveaux mod\u00e8les \u00e9taient moins performants que leurs homologues 02 de la d\u00e9cennie pr\u00e9c\u00e9dente.<\/p>\n<p>C&#8217;est pourquoi BMW a d\u00e9velopp\u00e9 le moteur <a href=\"https:\/\/en.wikipedia.org\/wiki\/BMW_M20\" target=\"_blank\" rel=\"noopener\">M20<\/a>, un 6 cylindres en ligne qui, bien que similaire aux moteurs des grandes berlines de la marque, a \u00e9t\u00e9 d\u00e9velopp\u00e9 comme une version plus l\u00e9g\u00e8re et plus compacte capable d&#8217;\u00eatre log\u00e9e dans les ch\u00e2ssis de la S\u00e9rie 3. Ce moteur a \u00e9t\u00e9 produit en deux versions, une version aliment\u00e9e par carburateur <a href=\"https:\/\/www.bmwclasicos.com\/foro\/threads\/3245\/\" target=\"_blank\" rel=\"noopener\">Solex 4A1<\/a> de 1990 cm3, et une version de 2318 cm3 aliment\u00e9e par le syst\u00e8me d&#8217;injection Bosch <a href=\"https:\/\/www.kfz-tech.de\/Span\/Biblio\/Benzin-Einspritzung\/K-Jetronic.htm\" target=\"_blank\" rel=\"noopener\">K-jetronic<\/a>.<\/p>\n<p>Les freins \u00e9taient assist\u00e9s, \u00e0 disques et \u00e0 tambours, sauf pour la version 323i qui \u00e9tait \u00e9quip\u00e9e de freins \u00e0 disques sur les quatre roues.<\/p>\n<p>Il y avait quatre transmissions possibles :<\/p>\n<ul>\n<li>Bo\u00eetes de vitesses \u00e0 4 rapports<\/li>\n<li>Bo\u00eete de vitesses ECO (ou OVERDRIVE) \u00e0 5 rapports &#8211; qui n&#8217;est rien d&#8217;autre que la bo\u00eete de vitesses classique avec un rapport inf\u00e9rieur \u00e0 1 pour le 5e rapport.<\/li>\n<li>Bo\u00eete de vitesses SPORT \u00e0 5 rapports (premi\u00e8re vitesse en marche arri\u00e8re et cinqui\u00e8me vitesse avec un rapport de 1:1)<\/li>\n<li>Bo\u00eete de vitesses automatique \u00e0 3 rapports.<\/li>\n<\/ul>\n\t\t\t\t\t\t\t\t<\/div>\n\t\t\t\t<\/div>\n\t\t\t\t\t<\/div>\n\t\t<\/div>\n\t\t\t\t\t<\/div>\n\t\t<\/section>\n\t\t\t\t<section data-particle_enable=\"false\" data-particle-mobile-disabled=\"false\" class=\"elementor-section elementor-top-section elementor-element elementor-element-32b7dcd elementor-section-boxed elementor-section-height-default elementor-section-height-default\" data-id=\"32b7dcd\" data-element_type=\"section\" data-e-type=\"section\">\n\t\t\t\t\t\t<div class=\"elementor-container elementor-column-gap-default\">\n\t\t\t\t\t<div class=\"elementor-column elementor-col-100 elementor-top-column elementor-element elementor-element-8360ac7\" data-id=\"8360ac7\" data-element_type=\"column\" data-e-type=\"column\">\n\t\t\t<div class=\"elementor-widget-wrap elementor-element-populated\">\n\t\t\t\t\t\t<div class=\"elementor-element elementor-element-aacd5d2 elementor-widget elementor-widget-gallery\" data-id=\"aacd5d2\" data-element_type=\"widget\" data-e-type=\"widget\" data-settings=\"{&quot;columns_mobile&quot;:2,&quot;overlay_title&quot;:&quot;title&quot;,&quot;lazyload&quot;:&quot;yes&quot;,&quot;gallery_layout&quot;:&quot;grid&quot;,&quot;columns&quot;:4,&quot;columns_tablet&quot;:2,&quot;gap&quot;:{&quot;unit&quot;:&quot;px&quot;,&quot;size&quot;:10,&quot;sizes&quot;:[]},&quot;gap_tablet&quot;:{&quot;unit&quot;:&quot;px&quot;,&quot;size&quot;:10,&quot;sizes&quot;:[]},&quot;gap_mobile&quot;:{&quot;unit&quot;:&quot;px&quot;,&quot;size&quot;:10,&quot;sizes&quot;:[]},&quot;link_to&quot;:&quot;file&quot;,&quot;aspect_ratio&quot;:&quot;3:2&quot;,&quot;overlay_background&quot;:&quot;yes&quot;,&quot;content_hover_animation&quot;:&quot;fade-in&quot;}\" data-widget_type=\"gallery.default\">\n\t\t\t\t<div class=\"elementor-widget-container\">\n\t\t\t\t\t\t\t<div class=\"elementor-gallery__container\">\n\t\t\t\t\t\t\t<a class=\"e-gallery-item elementor-gallery-item elementor-animated-content\" href=\"https:\/\/www.jgclassics.com\/wp-content\/uploads\/2023\/05\/BMW_motor_M10.jpeg\" data-elementor-open-lightbox=\"yes\" data-elementor-lightbox-slideshow=\"aacd5d2\" data-elementor-lightbox-title=\"BMW Motor M10 4 cilindros\" data-e-action-hash=\"#elementor-action%3Aaction%3Dlightbox%26settings%3DeyJpZCI6MTQxMTQsInVybCI6Imh0dHBzOlwvXC93d3cuamdjbGFzc2ljcy5jb21cL3dwLWNvbnRlbnRcL3VwbG9hZHNcLzIwMjNcLzA1XC9CTVdfbW90b3JfTTEwLmpwZWciLCJzbGlkZXNob3ciOiJhYWNkNWQyIn0%3D\">\n\t\t\t\t\t<div class=\"e-gallery-image elementor-gallery-item__image\" data-thumbnail=\"https:\/\/www.jgclassics.com\/wp-content\/uploads\/2023\/05\/BMW_motor_M10-300x225.jpeg\" data-width=\"300\" data-height=\"225\" aria-label=\"\" role=\"img\" ><\/div>\n\t\t\t\t\t\t\t\t\t\t\t<div class=\"elementor-gallery-item__overlay\"><\/div>\n\t\t\t\t\t\t\t\t\t\t\t\t\t\t\t<div class=\"elementor-gallery-item__content\">\n\t\t\t\t\t\t\t\t\t\t\t\t\t\t<div class=\"elementor-gallery-item__title\">\n\t\t\t\t\t\t\t\t\t\t\t\t\t\t\t\t\t\tBMW Motor M10 4 cilindros\t\t\t\t\t\t\t\t<\/div>\n\t\t\t\t\t\t\t\t\t\t\t\t<\/div>\n\t\t\t\t\t\t\t\t\t<\/a>\n\t\t\t\t\t\t\t<a class=\"e-gallery-item elementor-gallery-item elementor-animated-content\" href=\"https:\/\/www.jgclassics.com\/wp-content\/uploads\/2023\/05\/BMW-Motor-M20.webp\" data-elementor-open-lightbox=\"yes\" data-elementor-lightbox-slideshow=\"aacd5d2\" data-elementor-lightbox-title=\"BMW Motor M20 6 cilindros\" data-e-action-hash=\"#elementor-action%3Aaction%3Dlightbox%26settings%3DeyJpZCI6MTQxMTEsInVybCI6Imh0dHBzOlwvXC93d3cuamdjbGFzc2ljcy5jb21cL3dwLWNvbnRlbnRcL3VwbG9hZHNcLzIwMjNcLzA1XC9CTVctTW90b3ItTTIwLndlYnAiLCJzbGlkZXNob3ciOiJhYWNkNWQyIn0%3D\">\n\t\t\t\t\t<div class=\"e-gallery-image elementor-gallery-item__image\" data-thumbnail=\"https:\/\/www.jgclassics.com\/wp-content\/uploads\/2023\/05\/BMW-Motor-M20-300x235.webp\" data-width=\"300\" data-height=\"235\" aria-label=\"\" role=\"img\" ><\/div>\n\t\t\t\t\t\t\t\t\t\t\t<div class=\"elementor-gallery-item__overlay\"><\/div>\n\t\t\t\t\t\t\t\t\t\t\t\t\t\t\t<div class=\"elementor-gallery-item__content\">\n\t\t\t\t\t\t\t\t\t\t\t\t\t\t<div class=\"elementor-gallery-item__title\">\n\t\t\t\t\t\t\t\t\t\t\t\t\t\t\t\t\t\tBMW Motor M20 6 cilindros\t\t\t\t\t\t\t\t<\/div>\n\t\t\t\t\t\t\t\t\t\t\t\t<\/div>\n\t\t\t\t\t\t\t\t\t<\/a>\n\t\t\t\t\t\t\t<a class=\"e-gallery-item elementor-gallery-item elementor-animated-content\" href=\"https:\/\/www.jgclassics.com\/wp-content\/uploads\/2023\/05\/BMW_E21_M20_engine_320_carb.jpg\" data-elementor-open-lightbox=\"yes\" data-elementor-lightbox-slideshow=\"aacd5d2\" data-elementor-lightbox-title=\"BMW Motor M20 6 cilindros carburaci\u00f3n\" data-e-action-hash=\"#elementor-action%3Aaction%3Dlightbox%26settings%3DeyJpZCI6MTQxMDgsInVybCI6Imh0dHBzOlwvXC93d3cuamdjbGFzc2ljcy5jb21cL3dwLWNvbnRlbnRcL3VwbG9hZHNcLzIwMjNcLzA1XC9CTVdfRTIxX00yMF9lbmdpbmVfMzIwX2NhcmIuanBnIiwic2xpZGVzaG93IjoiYWFjZDVkMiJ9\">\n\t\t\t\t\t<div class=\"e-gallery-image elementor-gallery-item__image\" data-thumbnail=\"https:\/\/www.jgclassics.com\/wp-content\/uploads\/2023\/05\/BMW_E21_M20_engine_320_carb-300x232.jpg\" data-width=\"300\" data-height=\"232\" aria-label=\"\" role=\"img\" ><\/div>\n\t\t\t\t\t\t\t\t\t\t\t<div class=\"elementor-gallery-item__overlay\"><\/div>\n\t\t\t\t\t\t\t\t\t\t\t\t\t\t\t<div class=\"elementor-gallery-item__content\">\n\t\t\t\t\t\t\t\t\t\t\t\t\t\t<div class=\"elementor-gallery-item__title\">\n\t\t\t\t\t\t\t\t\t\t\t\t\t\t\t\t\t\tBMW Motor M20 6 cilindros carburaci\u00f3n\t\t\t\t\t\t\t\t<\/div>\n\t\t\t\t\t\t\t\t\t\t\t\t<\/div>\n\t\t\t\t\t\t\t\t\t<\/a>\n\t\t\t\t\t\t\t<a class=\"e-gallery-item elementor-gallery-item elementor-animated-content\" href=\"https:\/\/www.jgclassics.com\/wp-content\/uploads\/2023\/05\/BMW_E21_M20_engine_323_fuel_injection.jpg\" data-elementor-open-lightbox=\"yes\" data-elementor-lightbox-slideshow=\"aacd5d2\" data-elementor-lightbox-title=\"BMW Engine M20 6 cylindres injection K-Jetronic\" data-e-action-hash=\"#elementor-action%3Aaction%3Dlightbox%26settings%3DeyJpZCI6MTQxMDUsInVybCI6Imh0dHBzOlwvXC93d3cuamdjbGFzc2ljcy5jb21cL3dwLWNvbnRlbnRcL3VwbG9hZHNcLzIwMjNcLzA1XC9CTVdfRTIxX00yMF9lbmdpbmVfMzIzX2Z1ZWxfaW5qZWN0aW9uLmpwZyIsInNsaWRlc2hvdyI6ImFhY2Q1ZDIifQ%3D%3D\">\n\t\t\t\t\t<div class=\"e-gallery-image elementor-gallery-item__image\" data-thumbnail=\"https:\/\/www.jgclassics.com\/wp-content\/uploads\/2023\/05\/BMW_E21_M20_engine_323_fuel_injection-300x257.jpg\" data-width=\"300\" data-height=\"257\" aria-label=\"BMW Engine M20 6 cylindres injection K-Jetronic\" role=\"img\" ><\/div>\n\t\t\t\t\t\t\t\t\t\t\t<div class=\"elementor-gallery-item__overlay\"><\/div>\n\t\t\t\t\t\t\t\t\t\t\t\t\t\t\t<div class=\"elementor-gallery-item__content\">\n\t\t\t\t\t\t\t\t\t\t\t\t\t\t<div class=\"elementor-gallery-item__title\">\n\t\t\t\t\t\t\t\t\t\t\t\t\t\t\t\t\t\tBMW Engine M20 6 cylindres injection K-Jetronic\t\t\t\t\t\t\t\t<\/div>\n\t\t\t\t\t\t\t\t\t\t\t\t<\/div>\n\t\t\t\t\t\t\t\t\t<\/a>\n\t\t\t\t\t<\/div>\n\t\t\t\t\t<\/div>\n\t\t\t\t<\/div>\n\t\t\t\t\t<\/div>\n\t\t<\/div>\n\t\t\t\t\t<\/div>\n\t\t<\/section>\n\t\t\t\t<section data-particle_enable=\"false\" data-particle-mobile-disabled=\"false\" class=\"elementor-section elementor-top-section elementor-element elementor-element-78f9621 elementor-section-boxed elementor-section-height-default elementor-section-height-default\" data-id=\"78f9621\" data-element_type=\"section\" data-e-type=\"section\">\n\t\t\t\t\t\t<div class=\"elementor-container elementor-column-gap-default\">\n\t\t\t\t\t<div class=\"elementor-column elementor-col-100 elementor-top-column elementor-element elementor-element-14d8529\" data-id=\"14d8529\" data-element_type=\"column\" data-e-type=\"column\">\n\t\t\t<div class=\"elementor-widget-wrap elementor-element-populated\">\n\t\t\t\t\t\t<div class=\"elementor-element elementor-element-e895c42 elementor-widget elementor-widget-text-editor\" data-id=\"e895c42\" data-element_type=\"widget\" data-e-type=\"widget\" data-widget_type=\"text-editor.default\">\n\t\t\t\t<div class=\"elementor-widget-container\">\n\t\t\t\t\t\t\t\t\t<p><span style=\"font-style: inherit; font-weight: inherit;\">La BMW E21 a eu deux versions, ind\u00e9pendamment de la finition et du groupe motopropulseur :<\/span><\/p>\n<ul>\n<li>Le 1er jusqu&#8217;en 1979<\/li>\n<li>La deuxi\u00e8me de 1979 \u00e0 1983.<\/li>\n<\/ul>\n<p>Les diff\u00e9rences sont essentiellement d&#8217;ordre esth\u00e9tique : la version 2 adopte des r\u00e9troviseurs noirs au lieu de chrom\u00e9s, de l\u00e9g\u00e8res modifications de la console centrale (chauffage), le remplacement de l&#8217;horloge analogique par une horloge num\u00e9rique, quelques nouvelles options de sellerie et de l\u00e9g\u00e8res modifications de la calandre.<\/p>\n\t\t\t\t\t\t\t\t<\/div>\n\t\t\t\t<\/div>\n\t\t\t\t\t<\/div>\n\t\t<\/div>\n\t\t\t\t\t<\/div>\n\t\t<\/section>\n\t\t\t\t<section data-particle_enable=\"false\" data-particle-mobile-disabled=\"false\" class=\"elementor-section elementor-top-section elementor-element elementor-element-449bdf5 elementor-section-boxed elementor-section-height-default elementor-section-height-default\" data-id=\"449bdf5\" data-element_type=\"section\" data-e-type=\"section\">\n\t\t\t\t\t\t<div class=\"elementor-container elementor-column-gap-default\">\n\t\t\t\t\t<div class=\"elementor-column elementor-col-100 elementor-top-column elementor-element elementor-element-b86a191\" data-id=\"b86a191\" data-element_type=\"column\" data-e-type=\"column\">\n\t\t\t<div class=\"elementor-widget-wrap elementor-element-populated\">\n\t\t\t\t\t\t<div class=\"elementor-element elementor-element-065d06b elementor-widget elementor-widget-text-editor\" data-id=\"065d06b\" data-element_type=\"widget\" data-e-type=\"widget\" data-widget_type=\"text-editor.default\">\n\t\t\t\t<div class=\"elementor-widget-container\">\n\t\t\t\t\t\t\t\t\t<p>Le mod\u00e8le de base n&#8217;\u00e9tait pas trop \u00e9quip\u00e9, mais si le client \u00e9tait pr\u00eat \u00e0 payer pour des extras, diff\u00e9rentes options \u00e9taient disponibles : si\u00e8ges Recaro, volant sport, spoiler avant\/arri\u00e8re, suspensions sp\u00e9ciales, jantes sport, diff\u00e9rentiel autobloquant, climatisation, assistance \u00e0 la direction (hydraulique), entre autres, \u00e9taient disponibles sur demande moyennant un suppl\u00e9ment de prix.<\/p>\n\t\t\t\t\t\t\t\t<\/div>\n\t\t\t\t<\/div>\n\t\t\t\t\t<\/div>\n\t\t<\/div>\n\t\t\t\t\t<\/div>\n\t\t<\/section>\n\t\t\t\t<section data-particle_enable=\"false\" data-particle-mobile-disabled=\"false\" class=\"elementor-section elementor-top-section elementor-element elementor-element-23f05d1 elementor-section-boxed elementor-section-height-default elementor-section-height-default\" data-id=\"23f05d1\" data-element_type=\"section\" data-e-type=\"section\">\n\t\t\t\t\t\t<div class=\"elementor-container elementor-column-gap-default\">\n\t\t\t\t\t<div class=\"elementor-column elementor-col-100 elementor-top-column elementor-element elementor-element-975a3f5\" data-id=\"975a3f5\" data-element_type=\"column\" data-e-type=\"column\">\n\t\t\t<div class=\"elementor-widget-wrap elementor-element-populated\">\n\t\t\t\t\t\t<div class=\"elementor-element elementor-element-1213514 elementor-widget-divider--view-line_icon elementor-view-default elementor-widget-divider--element-align-center elementor-widget elementor-widget-divider\" data-id=\"1213514\" data-element_type=\"widget\" data-e-type=\"widget\" data-widget_type=\"divider.default\">\n\t\t\t\t<div class=\"elementor-widget-container\">\n\t\t\t\t\t\t\t<div class=\"elementor-divider\">\n\t\t\t<span class=\"elementor-divider-separator\">\n\t\t\t\t\t\t\t<div class=\"elementor-icon elementor-divider__element\">\n\t\t\t\t\t<i aria-hidden=\"true\" class=\"fas fa-info-circle\"><\/i><\/div>\n\t\t\t\t\t\t<\/span>\n\t\t<\/div>\n\t\t\t\t\t\t<\/div>\n\t\t\t\t<\/div>\n\t\t\t\t\t<\/div>\n\t\t<\/div>\n\t\t\t\t\t<\/div>\n\t\t<\/section>\n\t\t\t\t<section data-particle_enable=\"false\" data-particle-mobile-disabled=\"false\" class=\"elementor-section elementor-top-section elementor-element elementor-element-cc05470 elementor-section-boxed elementor-section-height-default elementor-section-height-default\" data-id=\"cc05470\" data-element_type=\"section\" data-e-type=\"section\">\n\t\t\t\t\t\t<div class=\"elementor-container elementor-column-gap-default\">\n\t\t\t\t\t<div class=\"elementor-column elementor-col-100 elementor-top-column elementor-element elementor-element-7c882dd\" data-id=\"7c882dd\" data-element_type=\"column\" data-e-type=\"column\">\n\t\t\t<div class=\"elementor-widget-wrap elementor-element-populated\">\n\t\t\t\t\t\t<div class=\"elementor-element elementor-element-578c91d elementor-widget elementor-widget-heading\" data-id=\"578c91d\" data-element_type=\"widget\" data-e-type=\"widget\" data-widget_type=\"heading.default\">\n\t\t\t\t<div class=\"elementor-widget-container\">\n\t\t\t\t\t<h2 class=\"elementor-heading-title elementor-size-default\">Carrosserie targa d\u00e9capotable : la BMW E21 Baur<\/h2>\t\t\t\t<\/div>\n\t\t\t\t<\/div>\n\t\t\t\t\t<\/div>\n\t\t<\/div>\n\t\t\t\t\t<\/div>\n\t\t<\/section>\n\t\t\t\t<section data-particle_enable=\"false\" data-particle-mobile-disabled=\"false\" class=\"elementor-section elementor-top-section elementor-element elementor-element-3c80bab elementor-section-boxed elementor-section-height-default elementor-section-height-default\" data-id=\"3c80bab\" data-element_type=\"section\" data-e-type=\"section\">\n\t\t\t\t\t\t<div class=\"elementor-container elementor-column-gap-default\">\n\t\t\t\t\t<div class=\"elementor-column elementor-col-33 elementor-top-column elementor-element elementor-element-7c67228\" data-id=\"7c67228\" data-element_type=\"column\" data-e-type=\"column\">\n\t\t\t<div class=\"elementor-widget-wrap elementor-element-populated\">\n\t\t\t\t\t\t<div class=\"elementor-element elementor-element-8499777 elementor-widget__width-initial elementor-widget elementor-widget-gallery\" data-id=\"8499777\" data-element_type=\"widget\" data-e-type=\"widget\" data-settings=\"{&quot;gallery_layout&quot;:&quot;justified&quot;,&quot;ideal_row_height&quot;:{&quot;unit&quot;:&quot;px&quot;,&quot;size&quot;:175,&quot;sizes&quot;:[]},&quot;ideal_row_height_mobile&quot;:{&quot;unit&quot;:&quot;px&quot;,&quot;size&quot;:75,&quot;sizes&quot;:[]},&quot;lazyload&quot;:&quot;yes&quot;,&quot;ideal_row_height_tablet&quot;:{&quot;unit&quot;:&quot;px&quot;,&quot;size&quot;:150,&quot;sizes&quot;:[]},&quot;gap&quot;:{&quot;unit&quot;:&quot;px&quot;,&quot;size&quot;:10,&quot;sizes&quot;:[]},&quot;gap_tablet&quot;:{&quot;unit&quot;:&quot;px&quot;,&quot;size&quot;:10,&quot;sizes&quot;:[]},&quot;gap_mobile&quot;:{&quot;unit&quot;:&quot;px&quot;,&quot;size&quot;:10,&quot;sizes&quot;:[]},&quot;link_to&quot;:&quot;file&quot;,&quot;overlay_background&quot;:&quot;yes&quot;,&quot;content_hover_animation&quot;:&quot;fade-in&quot;}\" data-widget_type=\"gallery.default\">\n\t\t\t\t<div class=\"elementor-widget-container\">\n\t\t\t\t\t\t\t<div class=\"elementor-gallery__container\">\n\t\t\t\t\t\t\t<a class=\"e-gallery-item elementor-gallery-item elementor-animated-content\" href=\"https:\/\/www.jgclassics.com\/wp-content\/uploads\/2023\/05\/BMW_E21_Baur03.jpg\" data-elementor-open-lightbox=\"yes\" data-elementor-lightbox-slideshow=\"8499777\" data-elementor-lightbox-title=\"BMW E21 Baur convertible\" data-e-action-hash=\"#elementor-action%3Aaction%3Dlightbox%26settings%3DeyJpZCI6MTQxMjMsInVybCI6Imh0dHBzOlwvXC93d3cuamdjbGFzc2ljcy5jb21cL3dwLWNvbnRlbnRcL3VwbG9hZHNcLzIwMjNcLzA1XC9CTVdfRTIxX0JhdXIwMy5qcGciLCJzbGlkZXNob3ciOiI4NDk5Nzc3In0%3D\">\n\t\t\t\t\t<div class=\"e-gallery-image elementor-gallery-item__image\" data-thumbnail=\"https:\/\/www.jgclassics.com\/wp-content\/uploads\/2023\/05\/BMW_E21_Baur03-300x120.jpg\" data-width=\"300\" data-height=\"120\" aria-label=\"\" role=\"img\" ><\/div>\n\t\t\t\t\t\t\t\t\t\t\t<div class=\"elementor-gallery-item__overlay\"><\/div>\n\t\t\t\t\t\t\t\t\t\t\t\t\t\t<\/a>\n\t\t\t\t\t\t\t<a class=\"e-gallery-item elementor-gallery-item elementor-animated-content\" href=\"https:\/\/www.jgclassics.com\/wp-content\/uploads\/2023\/05\/BMW_E21_Baur02.jpg\" data-elementor-open-lightbox=\"yes\" data-elementor-lightbox-slideshow=\"8499777\" data-elementor-lightbox-title=\"BMW E21 Baur convertible\" data-e-action-hash=\"#elementor-action%3Aaction%3Dlightbox%26settings%3DeyJpZCI6MTQxMjAsInVybCI6Imh0dHBzOlwvXC93d3cuamdjbGFzc2ljcy5jb21cL3dwLWNvbnRlbnRcL3VwbG9hZHNcLzIwMjNcLzA1XC9CTVdfRTIxX0JhdXIwMi5qcGciLCJzbGlkZXNob3ciOiI4NDk5Nzc3In0%3D\">\n\t\t\t\t\t<div class=\"e-gallery-image elementor-gallery-item__image\" data-thumbnail=\"https:\/\/www.jgclassics.com\/wp-content\/uploads\/2023\/05\/BMW_E21_Baur02-300x157.jpg\" data-width=\"300\" data-height=\"157\" aria-label=\"\" role=\"img\" ><\/div>\n\t\t\t\t\t\t\t\t\t\t\t<div class=\"elementor-gallery-item__overlay\"><\/div>\n\t\t\t\t\t\t\t\t\t\t\t\t\t\t<\/a>\n\t\t\t\t\t<\/div>\n\t\t\t\t\t<\/div>\n\t\t\t\t<\/div>\n\t\t\t\t\t<\/div>\n\t\t<\/div>\n\t\t\t\t<div class=\"elementor-column elementor-col-33 elementor-top-column elementor-element elementor-element-9948825\" data-id=\"9948825\" data-element_type=\"column\" data-e-type=\"column\">\n\t\t\t<div class=\"elementor-widget-wrap elementor-element-populated\">\n\t\t\t\t\t\t<div class=\"elementor-element elementor-element-1550704 elementor-widget__width-initial elementor-widget elementor-widget-text-editor\" data-id=\"1550704\" data-element_type=\"widget\" data-e-type=\"widget\" data-widget_type=\"text-editor.default\">\n\t\t\t\t<div class=\"elementor-widget-container\">\n\t\t\t\t\t\t\t\t\t<p><span style=\"font-style: inherit; font-weight: inherit;\">Bien que la E21 ne soit disponible qu&#8217;en une seule version &#8211; une berline \u00e0 deux portes &#8211; le carrossier Baur a cr\u00e9\u00e9 une ligne de cabriolets de style Targa. 4 595 unit\u00e9s ont \u00e9t\u00e9 produites.<\/span><\/p>\n\t\t\t\t\t\t\t\t<\/div>\n\t\t\t\t<\/div>\n\t\t\t\t<div class=\"elementor-element elementor-element-fab3fb1 elementor-widget elementor-widget-image\" data-id=\"fab3fb1\" data-element_type=\"widget\" data-e-type=\"widget\" data-widget_type=\"image.default\">\n\t\t\t\t<div class=\"elementor-widget-container\">\n\t\t\t\t\t\t\t\t\t\t\t\t\t\t\t\t<a href=\"https:\/\/www.jgclassics.com\/wp-content\/uploads\/2023\/05\/bmw_e21_baur04.jpg\" data-elementor-open-lightbox=\"yes\" data-elementor-lightbox-title=\"bmw_e21_baur04\" data-e-action-hash=\"#elementor-action%3Aaction%3Dlightbox%26settings%3DeyJpZCI6MTQxNzQsInVybCI6Imh0dHBzOlwvXC93d3cuamdjbGFzc2ljcy5jb21cL3dwLWNvbnRlbnRcL3VwbG9hZHNcLzIwMjNcLzA1XC9ibXdfZTIxX2JhdXIwNC5qcGcifQ%3D%3D\">\n\t\t\t\t\t\t\t<img loading=\"lazy\" decoding=\"async\" width=\"768\" height=\"456\" src=\"https:\/\/www.jgclassics.com\/wp-content\/uploads\/2023\/05\/bmw_e21_baur04-768x456.jpg\" class=\"attachment-medium_large size-medium_large wp-image-14174\" alt=\"\" srcset=\"https:\/\/www.jgclassics.com\/wp-content\/uploads\/2023\/05\/bmw_e21_baur04-768x456.jpg 768w, https:\/\/www.jgclassics.com\/wp-content\/uploads\/2023\/05\/bmw_e21_baur04-300x178.jpg 300w, https:\/\/www.jgclassics.com\/wp-content\/uploads\/2023\/05\/bmw_e21_baur04-1024x608.jpg 1024w, https:\/\/www.jgclassics.com\/wp-content\/uploads\/2023\/05\/bmw_e21_baur04.jpg 1274w\" sizes=\"(max-width: 768px) 100vw, 768px\" \/>\t\t\t\t\t\t\t\t<\/a>\n\t\t\t\t\t\t\t\t\t\t\t\t\t\t\t<\/div>\n\t\t\t\t<\/div>\n\t\t\t\t\t<\/div>\n\t\t<\/div>\n\t\t\t\t<div class=\"elementor-column elementor-col-33 elementor-top-column elementor-element elementor-element-8948471\" data-id=\"8948471\" data-element_type=\"column\" data-e-type=\"column\">\n\t\t\t<div class=\"elementor-widget-wrap elementor-element-populated\">\n\t\t\t\t\t\t<div class=\"elementor-element elementor-element-a2de183 elementor-widget elementor-widget-image\" data-id=\"a2de183\" data-element_type=\"widget\" data-e-type=\"widget\" data-widget_type=\"image.default\">\n\t\t\t\t<div class=\"elementor-widget-container\">\n\t\t\t\t\t\t\t\t\t\t\t\t\t\t\t\t<a href=\"https:\/\/www.jgclassics.com\/wp-content\/uploads\/2023\/05\/bmwe21_baur.jpg\" data-elementor-open-lightbox=\"yes\" data-elementor-lightbox-title=\"Publicit\u00e9 pour le cabriolet BMW E21 Baur\" data-e-action-hash=\"#elementor-action%3Aaction%3Dlightbox%26settings%3DeyJpZCI6MTQxMTcsInVybCI6Imh0dHBzOlwvXC93d3cuamdjbGFzc2ljcy5jb21cL3dwLWNvbnRlbnRcL3VwbG9hZHNcLzIwMjNcLzA1XC9ibXdlMjFfYmF1ci5qcGcifQ%3D%3D\">\n\t\t\t\t\t\t\t<img loading=\"lazy\" decoding=\"async\" width=\"564\" height=\"761\" src=\"https:\/\/www.jgclassics.com\/wp-content\/uploads\/2023\/05\/bmwe21_baur.jpg\" class=\"attachment-large size-large wp-image-14117\" alt=\"Publicit\u00e9 pour le cabriolet BMW E21 Baur\" srcset=\"https:\/\/www.jgclassics.com\/wp-content\/uploads\/2023\/05\/bmwe21_baur.jpg 564w, https:\/\/www.jgclassics.com\/wp-content\/uploads\/2023\/05\/bmwe21_baur-222x300.jpg 222w\" sizes=\"(max-width: 564px) 100vw, 564px\" \/>\t\t\t\t\t\t\t\t<\/a>\n\t\t\t\t\t\t\t\t\t\t\t\t\t\t\t<\/div>\n\t\t\t\t<\/div>\n\t\t\t\t\t<\/div>\n\t\t<\/div>\n\t\t\t\t\t<\/div>\n\t\t<\/section>\n\t\t\t\t<section data-particle_enable=\"false\" data-particle-mobile-disabled=\"false\" class=\"elementor-section elementor-top-section elementor-element elementor-element-6cb9b39 elementor-section-boxed elementor-section-height-default elementor-section-height-default\" data-id=\"6cb9b39\" data-element_type=\"section\" data-e-type=\"section\">\n\t\t\t\t\t\t<div class=\"elementor-container elementor-column-gap-default\">\n\t\t\t\t\t<div class=\"elementor-column elementor-col-100 elementor-top-column elementor-element elementor-element-ae176ce\" data-id=\"ae176ce\" data-element_type=\"column\" data-e-type=\"column\">\n\t\t\t<div class=\"elementor-widget-wrap elementor-element-populated\">\n\t\t\t\t\t\t<div class=\"elementor-element elementor-element-f16d106 elementor-widget-divider--view-line elementor-widget elementor-widget-divider\" data-id=\"f16d106\" data-element_type=\"widget\" data-e-type=\"widget\" data-widget_type=\"divider.default\">\n\t\t\t\t<div class=\"elementor-widget-container\">\n\t\t\t\t\t\t\t<div class=\"elementor-divider\">\n\t\t\t<span class=\"elementor-divider-separator\">\n\t\t\t\t\t\t<\/span>\n\t\t<\/div>\n\t\t\t\t\t\t<\/div>\n\t\t\t\t<\/div>\n\t\t\t\t\t<\/div>\n\t\t<\/div>\n\t\t\t\t\t<\/div>\n\t\t<\/section>\n\t\t\t\t<section data-particle_enable=\"false\" data-particle-mobile-disabled=\"false\" class=\"elementor-section elementor-top-section elementor-element elementor-element-ba3faa2 elementor-section-boxed elementor-section-height-default elementor-section-height-default\" data-id=\"ba3faa2\" data-element_type=\"section\" data-e-type=\"section\">\n\t\t\t\t\t\t<div class=\"elementor-container elementor-column-gap-default\">\n\t\t\t\t\t<div class=\"elementor-column elementor-col-100 elementor-top-column elementor-element elementor-element-ae31334\" data-id=\"ae31334\" data-element_type=\"column\" data-e-type=\"column\">\n\t\t\t<div class=\"elementor-widget-wrap elementor-element-populated\">\n\t\t\t\t\t\t<div class=\"elementor-element elementor-element-2108606 elementor-widget elementor-widget-heading\" data-id=\"2108606\" data-element_type=\"widget\" data-e-type=\"widget\" data-widget_type=\"heading.default\">\n\t\t\t\t<div class=\"elementor-widget-container\">\n\t\t\t\t\t<h2 class=\"elementor-heading-title elementor-size-default\">BMW: The ultimate Driving Machine<\/h2>\t\t\t\t<\/div>\n\t\t\t\t<\/div>\n\t\t\t\t\t<\/div>\n\t\t<\/div>\n\t\t\t\t\t<\/div>\n\t\t<\/section>\n\t\t\t\t<section data-particle_enable=\"false\" data-particle-mobile-disabled=\"false\" class=\"elementor-section elementor-top-section elementor-element elementor-element-1becddb elementor-section-boxed elementor-section-height-default elementor-section-height-default\" data-id=\"1becddb\" data-element_type=\"section\" data-e-type=\"section\">\n\t\t\t\t\t\t<div class=\"elementor-container elementor-column-gap-default\">\n\t\t\t\t\t<div class=\"elementor-column elementor-col-100 elementor-top-column elementor-element elementor-element-d222aa1\" data-id=\"d222aa1\" data-element_type=\"column\" data-e-type=\"column\">\n\t\t\t<div class=\"elementor-widget-wrap elementor-element-populated\">\n\t\t\t\t\t\t<div class=\"elementor-element elementor-element-d028642 elementor-widget elementor-widget-text-editor\" data-id=\"d028642\" data-element_type=\"widget\" data-e-type=\"widget\" data-widget_type=\"text-editor.default\">\n\t\t\t\t<div class=\"elementor-widget-container\">\n\t\t\t\t\t\t\t\t\t<p>&#8220;<strong>The ultimate Driving Machine<\/strong><b>&#8221; : LA MACHINE \u00c0 CONDUIRE DEFINITIVE.<\/b> Aujourd&#8217;hui, personne (ou presque) ne doute pas la qualit\u00e9 et les performances des v\u00e9hicules BMW, quels que soient les preferences personnels. La marque bavaroise est consid\u00e9r\u00e9e comme une marque haut de gamme et a depuis longtemps la r\u00e9putation d&#8217;\u00eatre un constructeur de v\u00e9hicules alliant qualit\u00e9, raffinement, performance et derni\u00e8res avanc\u00e9es en mati\u00e8re de s\u00e9curit\u00e9. Tous ces points \u00e9taient d\u00e9j\u00e0 soulign\u00e9s dans toutes les campagnes publicitaires autour de la BMW s\u00e9rie 3 depuis sa premi\u00e8re s\u00e9rie, la E21. L&#8217;acheteur potentiel s&#8217;est vu promettre une exp\u00e9rience unique, alliant luxe et sportivit\u00e9, mettant en avant la s\u00e9curit\u00e9 active et passive du v\u00e9hicule.  <\/p>\n\t\t\t\t\t\t\t\t<\/div>\n\t\t\t\t<\/div>\n\t\t\t\t\t<\/div>\n\t\t<\/div>\n\t\t\t\t\t<\/div>\n\t\t<\/section>\n\t\t\t\t<section data-particle_enable=\"false\" data-particle-mobile-disabled=\"false\" class=\"elementor-section elementor-top-section elementor-element elementor-element-a4e3ef1 elementor-section-boxed elementor-section-height-default elementor-section-height-default\" data-id=\"a4e3ef1\" data-element_type=\"section\" data-e-type=\"section\">\n\t\t\t\t\t\t<div class=\"elementor-container elementor-column-gap-default\">\n\t\t\t\t\t<div class=\"elementor-column elementor-col-50 elementor-top-column elementor-element elementor-element-d043c5b\" data-id=\"d043c5b\" data-element_type=\"column\" data-e-type=\"column\">\n\t\t\t<div class=\"elementor-widget-wrap elementor-element-populated\">\n\t\t\t\t\t\t<div class=\"elementor-element elementor-element-3ae23c9 elementor-widget elementor-widget-text-editor\" data-id=\"3ae23c9\" data-element_type=\"widget\" data-e-type=\"widget\" data-widget_type=\"text-editor.default\">\n\t\t\t\t<div class=\"elementor-widget-container\">\n\t\t\t\t\t\t\t\t\t<p>Dans la conception de sa carrosserie, BMW a travaill\u00e9 pour faire de l&#8217;habitacle une cellule ind\u00e9formable (il faut tenir compte du fait qu&#8217;il s&#8217;agit d&#8217;une conception de 1975), la voiture incorporait une suspension ind\u00e9pendante \u00e0 quatre roues (y compris les roues arri\u00e8re, ce qui n&#8217;\u00e9tait pas tr\u00e8s courant \u00e0 l&#8217;\u00e9poque, et encore moins dans les voitures \u00e0 propulsion arri\u00e8re avec un axe rigide), des freins tr\u00e8s puissants et une r\u00e9partition du poids tr\u00e8s \u00e9quilibr\u00e9e, caract\u00e9ristiques qui en faisaient un v\u00e9hicule tr\u00e8s s\u00fbr selon les normes de l&#8217;\u00e9poque.<\/p>\n\t\t\t\t\t\t\t\t<\/div>\n\t\t\t\t<\/div>\n\t\t\t\t\t<\/div>\n\t\t<\/div>\n\t\t\t\t<div class=\"elementor-column elementor-col-50 elementor-top-column elementor-element elementor-element-07ebdea\" data-id=\"07ebdea\" data-element_type=\"column\" data-e-type=\"column\">\n\t\t\t<div class=\"elementor-widget-wrap elementor-element-populated\">\n\t\t\t\t\t\t<div class=\"elementor-element elementor-element-708336b elementor-widget elementor-widget-video\" data-id=\"708336b\" data-element_type=\"widget\" data-e-type=\"widget\" data-settings=\"{&quot;youtube_url&quot;:&quot;https:\\\/\\\/www.youtube.com\\\/watch?v=D9_VbvrZTdw&quot;,&quot;video_type&quot;:&quot;youtube&quot;,&quot;controls&quot;:&quot;yes&quot;}\" data-widget_type=\"video.default\">\n\t\t\t\t<div class=\"elementor-widget-container\">\n\t\t\t\t\t\t\t<div class=\"elementor-wrapper elementor-open-inline\">\n\t\t\t<div class=\"elementor-video\"><\/div>\t\t<\/div>\n\t\t\t\t\t\t<\/div>\n\t\t\t\t<\/div>\n\t\t\t\t\t<\/div>\n\t\t<\/div>\n\t\t\t\t\t<\/div>\n\t\t<\/section>\n\t\t\t\t<section data-particle_enable=\"false\" data-particle-mobile-disabled=\"false\" class=\"elementor-section elementor-top-section elementor-element elementor-element-51097a5 elementor-section-boxed elementor-section-height-default elementor-section-height-default\" data-id=\"51097a5\" data-element_type=\"section\" data-e-type=\"section\">\n\t\t\t\t\t\t<div class=\"elementor-container elementor-column-gap-default\">\n\t\t\t\t\t<div class=\"elementor-column elementor-col-100 elementor-top-column elementor-element elementor-element-6d6e3fc\" data-id=\"6d6e3fc\" data-element_type=\"column\" data-e-type=\"column\">\n\t\t\t<div class=\"elementor-widget-wrap elementor-element-populated\">\n\t\t\t\t\t\t<div class=\"elementor-element elementor-element-9f94074 elementor-widget elementor-widget-text-editor\" data-id=\"9f94074\" data-element_type=\"widget\" data-e-type=\"widget\" data-widget_type=\"text-editor.default\">\n\t\t\t\t<div class=\"elementor-widget-container\">\n\t\t\t\t\t\t\t\t\t<p>Les messages publicitaires de BMW \u00e9taient vraiment incisifs : dans les exemples ci-dessous, vous pouvez voir comment BMW se vante sans honte du fait qu&#8217;il y a <i><b>des concurrents qui pr\u00e9tendent que leurs produits sont &#8220;comme une BMW&#8221;.<\/b><\/i>. Et bien s\u00fbr, il encourage l&#8217;acheteur <b><i>\u00e0 ne pas s&#8217;en tenir aux imitations &#8220;comme s&#8217;il s&#8217;agissait d&#8217;une BMW&#8221;, mais \u00e0 opter pour le produit BMW authentique et original.<\/i><\/b> Les publications contenant des phrases telles que &#8220;<i><b>La voiture des vrais conducteurs<\/b><\/i>&#8220;, ou &#8220;<i><b>Il n&#8217;est pas n\u00e9cessaire de n\u00e9gocier avec sa famille pour poss\u00e9der une voiture sportive.<\/b><\/i>&#8221; a montr\u00e9 que BMW, avec la S\u00e9rie 3, \u00e9tait d\u00e9termin\u00e9 \u00e0 donner l&#8217;image d&#8217;une voiture performante, malgr\u00e9 sa taille compacte.<\/p>\n\t\t\t\t\t\t\t\t<\/div>\n\t\t\t\t<\/div>\n\t\t\t\t\t<\/div>\n\t\t<\/div>\n\t\t\t\t\t<\/div>\n\t\t<\/section>\n\t\t\t\t<section data-particle_enable=\"false\" data-particle-mobile-disabled=\"false\" class=\"elementor-section elementor-top-section elementor-element elementor-element-0acb3bc elementor-section-boxed elementor-section-height-default elementor-section-height-default\" data-id=\"0acb3bc\" data-element_type=\"section\" data-e-type=\"section\">\n\t\t\t\t\t\t<div class=\"elementor-container elementor-column-gap-default\">\n\t\t\t\t\t<div class=\"elementor-column elementor-col-100 elementor-top-column elementor-element elementor-element-1a70700\" data-id=\"1a70700\" data-element_type=\"column\" data-e-type=\"column\">\n\t\t\t<div class=\"elementor-widget-wrap elementor-element-populated\">\n\t\t\t\t\t\t<div class=\"elementor-element elementor-element-b9f1595 elementor-widget elementor-widget-text-editor\" data-id=\"b9f1595\" data-element_type=\"widget\" data-e-type=\"widget\" data-widget_type=\"text-editor.default\">\n\t\t\t\t<div class=\"elementor-widget-container\">\n\t\t\t\t\t\t\t\t\t<p>Le slogan <b>THE ULTIMATE DRIVING MACHINE, <\/b>invent\u00e9 par le constructeur munichois, ne laisse aucun doute sur l&#8217;enjeu d&#8217;image de la marque avec la BMW S\u00e9rie 3 E21.<\/p>\n\t\t\t\t\t\t\t\t<\/div>\n\t\t\t\t<\/div>\n\t\t\t\t\t<\/div>\n\t\t<\/div>\n\t\t\t\t\t<\/div>\n\t\t<\/section>\n\t\t\t\t<section data-particle_enable=\"false\" data-particle-mobile-disabled=\"false\" class=\"elementor-section elementor-top-section elementor-element elementor-element-e8d7a34 elementor-section-boxed elementor-section-height-default elementor-section-height-default\" data-id=\"e8d7a34\" data-element_type=\"section\" data-e-type=\"section\">\n\t\t\t\t\t\t<div class=\"elementor-container elementor-column-gap-default\">\n\t\t\t\t\t<div class=\"elementor-column elementor-col-100 elementor-top-column elementor-element elementor-element-bae49e7\" data-id=\"bae49e7\" data-element_type=\"column\" data-e-type=\"column\" data-settings=\"{&quot;background_background&quot;:&quot;classic&quot;}\">\n\t\t\t<div class=\"elementor-widget-wrap elementor-element-populated\">\n\t\t\t\t\t\t<div class=\"elementor-element elementor-element-669637b elementor-widget elementor-widget-gallery\" data-id=\"669637b\" data-element_type=\"widget\" data-e-type=\"widget\" data-settings=\"{&quot;gallery_layout&quot;:&quot;justified&quot;,&quot;ideal_row_height&quot;:{&quot;unit&quot;:&quot;px&quot;,&quot;size&quot;:170,&quot;sizes&quot;:[]},&quot;lazyload&quot;:&quot;yes&quot;,&quot;ideal_row_height_tablet&quot;:{&quot;unit&quot;:&quot;px&quot;,&quot;size&quot;:150,&quot;sizes&quot;:[]},&quot;ideal_row_height_mobile&quot;:{&quot;unit&quot;:&quot;px&quot;,&quot;size&quot;:150,&quot;sizes&quot;:[]},&quot;gap&quot;:{&quot;unit&quot;:&quot;px&quot;,&quot;size&quot;:10,&quot;sizes&quot;:[]},&quot;gap_tablet&quot;:{&quot;unit&quot;:&quot;px&quot;,&quot;size&quot;:10,&quot;sizes&quot;:[]},&quot;gap_mobile&quot;:{&quot;unit&quot;:&quot;px&quot;,&quot;size&quot;:10,&quot;sizes&quot;:[]},&quot;link_to&quot;:&quot;file&quot;,&quot;overlay_background&quot;:&quot;yes&quot;,&quot;content_hover_animation&quot;:&quot;fade-in&quot;}\" data-widget_type=\"gallery.default\">\n\t\t\t\t<div class=\"elementor-widget-container\">\n\t\t\t\t\t\t\t<div class=\"elementor-gallery__container\">\n\t\t\t\t\t\t\t<a class=\"e-gallery-item elementor-gallery-item elementor-animated-content\" href=\"https:\/\/www.jgclassics.com\/wp-content\/uploads\/2023\/05\/bmw_pub04.jpg\" data-elementor-open-lightbox=\"yes\" data-elementor-lightbox-slideshow=\"669637b\" data-elementor-lightbox-title=\"BMW e21 Publicidad\" data-elementor-lightbox-description=\"BMW e21 Publicidad: &quot;No necesita negociar con su famila para tener un coche deportivo&quot;\" data-e-action-hash=\"#elementor-action%3Aaction%3Dlightbox%26settings%3DeyJpZCI6MTQxNzEsInVybCI6Imh0dHBzOlwvXC93d3cuamdjbGFzc2ljcy5jb21cL3dwLWNvbnRlbnRcL3VwbG9hZHNcLzIwMjNcLzA1XC9ibXdfcHViMDQuanBnIiwic2xpZGVzaG93IjoiNjY5NjM3YiJ9\">\n\t\t\t\t\t<div class=\"e-gallery-image elementor-gallery-item__image\" data-thumbnail=\"https:\/\/www.jgclassics.com\/wp-content\/uploads\/2023\/05\/bmw_pub04.jpg\" data-width=\"457\" data-height=\"636\" aria-label=\"\" role=\"img\" ><\/div>\n\t\t\t\t\t\t\t\t\t\t\t<div class=\"elementor-gallery-item__overlay\"><\/div>\n\t\t\t\t\t\t\t\t\t\t\t\t\t\t<\/a>\n\t\t\t\t\t\t\t<a class=\"e-gallery-item elementor-gallery-item elementor-animated-content\" href=\"https:\/\/www.jgclassics.com\/wp-content\/uploads\/2023\/05\/BMW_e21_pub04.jpg\" data-elementor-open-lightbox=\"yes\" data-elementor-lightbox-slideshow=\"669637b\" data-elementor-lightbox-title=\"BMW: Publicidad de la marca\" data-elementor-lightbox-description=\"BMW: Publicidad de la marca: Series 3, 5 y 6\" data-e-action-hash=\"#elementor-action%3Aaction%3Dlightbox%26settings%3DeyJpZCI6MTQxNjgsInVybCI6Imh0dHBzOlwvXC93d3cuamdjbGFzc2ljcy5jb21cL3dwLWNvbnRlbnRcL3VwbG9hZHNcLzIwMjNcLzA1XC9CTVdfZTIxX3B1YjA0LmpwZyIsInNsaWRlc2hvdyI6IjY2OTYzN2IifQ%3D%3D\">\n\t\t\t\t\t<div class=\"e-gallery-image elementor-gallery-item__image\" data-thumbnail=\"https:\/\/www.jgclassics.com\/wp-content\/uploads\/2023\/05\/BMW_e21_pub04-768x585.jpg\" data-width=\"768\" data-height=\"585\" aria-label=\"\" role=\"img\" ><\/div>\n\t\t\t\t\t\t\t\t\t\t\t<div class=\"elementor-gallery-item__overlay\"><\/div>\n\t\t\t\t\t\t\t\t\t\t\t\t\t\t<\/a>\n\t\t\t\t\t\t\t<a class=\"e-gallery-item elementor-gallery-item elementor-animated-content\" href=\"https:\/\/www.jgclassics.com\/wp-content\/uploads\/2023\/05\/BMW_e21_pub03.jpg\" data-elementor-open-lightbox=\"yes\" data-elementor-lightbox-slideshow=\"669637b\" data-elementor-lightbox-title=\"BMW e21 Publicidad\" data-elementor-lightbox-description=\"BMW e21 Publicidad: BMW presume de que hay competidores que declaran que sus productos son &quot;como un BMW&quot;. Y por supuesto anima al comprador a no quedarse imitaciones &quot;como si fuera un BMW&quot; sino ir al producto genuino con una base de a\u00f1os de trabajo y dise\u00f1o.\" data-e-action-hash=\"#elementor-action%3Aaction%3Dlightbox%26settings%3DeyJpZCI6MTQxNjUsInVybCI6Imh0dHBzOlwvXC93d3cuamdjbGFzc2ljcy5jb21cL3dwLWNvbnRlbnRcL3VwbG9hZHNcLzIwMjNcLzA1XC9CTVdfZTIxX3B1YjAzLmpwZyIsInNsaWRlc2hvdyI6IjY2OTYzN2IifQ%3D%3D\">\n\t\t\t\t\t<div class=\"e-gallery-image elementor-gallery-item__image\" data-thumbnail=\"https:\/\/www.jgclassics.com\/wp-content\/uploads\/2023\/05\/BMW_e21_pub03-768x995.jpg\" data-width=\"768\" data-height=\"995\" aria-label=\"\" role=\"img\" ><\/div>\n\t\t\t\t\t\t\t\t\t\t\t<div class=\"elementor-gallery-item__overlay\"><\/div>\n\t\t\t\t\t\t\t\t\t\t\t\t\t\t<\/a>\n\t\t\t\t\t\t\t<a class=\"e-gallery-item elementor-gallery-item elementor-animated-content\" href=\"https:\/\/www.jgclassics.com\/wp-content\/uploads\/2023\/05\/BMW_e21_pub02.jpg\" data-elementor-open-lightbox=\"yes\" data-elementor-lightbox-slideshow=\"669637b\" data-elementor-lightbox-title=\"BMW e21 Publicidad\" data-elementor-lightbox-description=\"BMW e21 Publicidad: El BMW 320i. &quot;En todos los sentidos, un coche para conductores de verdad&quot; \" data-e-action-hash=\"#elementor-action%3Aaction%3Dlightbox%26settings%3DeyJpZCI6MTQxNjIsInVybCI6Imh0dHBzOlwvXC93d3cuamdjbGFzc2ljcy5jb21cL3dwLWNvbnRlbnRcL3VwbG9hZHNcLzIwMjNcLzA1XC9CTVdfZTIxX3B1YjAyLmpwZyIsInNsaWRlc2hvdyI6IjY2OTYzN2IifQ%3D%3D\">\n\t\t\t\t\t<div class=\"e-gallery-image elementor-gallery-item__image\" data-thumbnail=\"https:\/\/www.jgclassics.com\/wp-content\/uploads\/2023\/05\/BMW_e21_pub02.jpg\" data-width=\"376\" data-height=\"500\" aria-label=\"\" role=\"img\" ><\/div>\n\t\t\t\t\t\t\t\t\t\t\t<div class=\"elementor-gallery-item__overlay\"><\/div>\n\t\t\t\t\t\t\t\t\t\t\t\t\t\t<\/a>\n\t\t\t\t\t\t\t<a class=\"e-gallery-item elementor-gallery-item elementor-animated-content\" href=\"https:\/\/www.jgclassics.com\/wp-content\/uploads\/2023\/05\/BMW_e21_pub01.jpg\" data-elementor-open-lightbox=\"yes\" data-elementor-lightbox-slideshow=\"669637b\" data-elementor-lightbox-title=\"BMW e21 Publicidad\" data-elementor-lightbox-description=\"&quot;Podemos so\u00f1ar mejor??&quot;: El anuncio comparaba un BMW e21 Schnitzer de 550 CV con un 320 ordinario, explicado que la unica diferencia estaba en la potencia, pero no en la calidad del coche.\" data-e-action-hash=\"#elementor-action%3Aaction%3Dlightbox%26settings%3DeyJpZCI6MTQxNTksInVybCI6Imh0dHBzOlwvXC93d3cuamdjbGFzc2ljcy5jb21cL3dwLWNvbnRlbnRcL3VwbG9hZHNcLzIwMjNcLzA1XC9CTVdfZTIxX3B1YjAxLmpwZyIsInNsaWRlc2hvdyI6IjY2OTYzN2IifQ%3D%3D\">\n\t\t\t\t\t<div class=\"e-gallery-image elementor-gallery-item__image\" data-thumbnail=\"https:\/\/www.jgclassics.com\/wp-content\/uploads\/2023\/05\/BMW_e21_pub01.jpg\" data-width=\"500\" data-height=\"720\" aria-label=\"\" role=\"img\" ><\/div>\n\t\t\t\t\t\t\t\t\t\t\t<div class=\"elementor-gallery-item__overlay\"><\/div>\n\t\t\t\t\t\t\t\t\t\t\t\t\t\t<\/a>\n\t\t\t\t\t\t\t<a class=\"e-gallery-item elementor-gallery-item elementor-animated-content\" href=\"https:\/\/www.jgclassics.com\/wp-content\/uploads\/2023\/05\/BMW_e21_pub_curva.jpg\" data-elementor-open-lightbox=\"yes\" data-elementor-lightbox-slideshow=\"669637b\" data-elementor-lightbox-title=\"BMW_e21_pub_curva\" data-elementor-lightbox-description=\"BMW e21 Publicidad: Foto mostrando el comportamiento en un apoyo importante en curva\" data-e-action-hash=\"#elementor-action%3Aaction%3Dlightbox%26settings%3DeyJpZCI6MTQxNTYsInVybCI6Imh0dHBzOlwvXC93d3cuamdjbGFzc2ljcy5jb21cL3dwLWNvbnRlbnRcL3VwbG9hZHNcLzIwMjNcLzA1XC9CTVdfZTIxX3B1Yl9jdXJ2YS5qcGciLCJzbGlkZXNob3ciOiI2Njk2MzdiIn0%3D\">\n\t\t\t\t\t<div class=\"e-gallery-image elementor-gallery-item__image\" data-thumbnail=\"https:\/\/www.jgclassics.com\/wp-content\/uploads\/2023\/05\/BMW_e21_pub_curva.jpg\" data-width=\"640\" data-height=\"319\" aria-label=\"\" role=\"img\" ><\/div>\n\t\t\t\t\t\t\t\t\t\t\t<div class=\"elementor-gallery-item__overlay\"><\/div>\n\t\t\t\t\t\t\t\t\t\t\t\t\t\t<\/a>\n\t\t\t\t\t\t\t<a class=\"e-gallery-item elementor-gallery-item elementor-animated-content\" href=\"https:\/\/www.jgclassics.com\/wp-content\/uploads\/2023\/05\/BMW_3-Series_316_E21.gif\" data-elementor-open-lightbox=\"yes\" data-elementor-lightbox-slideshow=\"669637b\" data-elementor-lightbox-title=\"BMW e21 Publicidad\" data-elementor-lightbox-description=\"BMW e21 Publicidad: Tarjeta que muestra las cotas y medidas del coche.\" data-e-action-hash=\"#elementor-action%3Aaction%3Dlightbox%26settings%3DeyJpZCI6MTQxNTMsInVybCI6Imh0dHBzOlwvXC93d3cuamdjbGFzc2ljcy5jb21cL3dwLWNvbnRlbnRcL3VwbG9hZHNcLzIwMjNcLzA1XC9CTVdfMy1TZXJpZXNfMzE2X0UyMS5naWYiLCJzbGlkZXNob3ciOiI2Njk2MzdiIn0%3D\">\n\t\t\t\t\t<div class=\"e-gallery-image elementor-gallery-item__image\" data-thumbnail=\"https:\/\/www.jgclassics.com\/wp-content\/uploads\/2023\/05\/BMW_3-Series_316_E21-768x311.gif\" data-width=\"768\" data-height=\"311\" aria-label=\"\" role=\"img\" ><\/div>\n\t\t\t\t\t\t\t\t\t\t\t<div class=\"elementor-gallery-item__overlay\"><\/div>\n\t\t\t\t\t\t\t\t\t\t\t\t\t\t<\/a>\n\t\t\t\t\t\t\t<a class=\"e-gallery-item elementor-gallery-item elementor-animated-content\" href=\"https:\/\/www.jgclassics.com\/wp-content\/uploads\/2023\/05\/605d9c6s-960.jpg\" data-elementor-open-lightbox=\"yes\" data-elementor-lightbox-slideshow=\"669637b\" data-elementor-lightbox-title=\"BMW e21 Publicidad\" data-elementor-lightbox-description=\"BMW e21 Publicidad: Tarjeta que muestra las cotas y medidas del coche.\" data-e-action-hash=\"#elementor-action%3Aaction%3Dlightbox%26settings%3DeyJpZCI6MTQxNDcsInVybCI6Imh0dHBzOlwvXC93d3cuamdjbGFzc2ljcy5jb21cL3dwLWNvbnRlbnRcL3VwbG9hZHNcLzIwMjNcLzA1XC82MDVkOWM2cy05NjAuanBnIiwic2xpZGVzaG93IjoiNjY5NjM3YiJ9\">\n\t\t\t\t\t<div class=\"e-gallery-image elementor-gallery-item__image\" data-thumbnail=\"https:\/\/www.jgclassics.com\/wp-content\/uploads\/2023\/05\/605d9c6s-960-768x464.jpg\" data-width=\"768\" data-height=\"464\" aria-label=\"\" role=\"img\" ><\/div>\n\t\t\t\t\t\t\t\t\t\t\t<div class=\"elementor-gallery-item__overlay\"><\/div>\n\t\t\t\t\t\t\t\t\t\t\t\t\t\t<\/a>\n\t\t\t\t\t\t\t<a class=\"e-gallery-item elementor-gallery-item elementor-animated-content\" href=\"https:\/\/www.jgclassics.com\/wp-content\/uploads\/2023\/05\/BMW_pub05.jpg\" data-elementor-open-lightbox=\"yes\" data-elementor-lightbox-slideshow=\"669637b\" data-elementor-lightbox-title=\"BMW e21 Publicidad\" data-elementor-lightbox-description=\"BMW e21 Publicidad: Model 315 con  parrilla de doble faro. El texo del anuncio destaca la diferencia entre &quot;coche convencional&quot;  y &quot;coche BMW&quot; asegurando al comprador que con BMW obtendr\u00e1 algo diferente de todo lo dem\u00e1s.\" data-e-action-hash=\"#elementor-action%3Aaction%3Dlightbox%26settings%3DeyJpZCI6MTQxNTAsInVybCI6Imh0dHBzOlwvXC93d3cuamdjbGFzc2ljcy5jb21cL3dwLWNvbnRlbnRcL3VwbG9hZHNcLzIwMjNcLzA1XC9CTVdfcHViMDUuanBnIiwic2xpZGVzaG93IjoiNjY5NjM3YiJ9\">\n\t\t\t\t\t<div class=\"e-gallery-image elementor-gallery-item__image\" data-thumbnail=\"https:\/\/www.jgclassics.com\/wp-content\/uploads\/2023\/05\/BMW_pub05.jpg\" data-width=\"563\" data-height=\"785\" aria-label=\"\" role=\"img\" ><\/div>\n\t\t\t\t\t\t\t\t\t\t\t<div class=\"elementor-gallery-item__overlay\"><\/div>\n\t\t\t\t\t\t\t\t\t\t\t\t\t\t<\/a>\n\t\t\t\t\t<\/div>\n\t\t\t\t\t<\/div>\n\t\t\t\t<\/div>\n\t\t\t\t\t<\/div>\n\t\t<\/div>\n\t\t\t\t\t<\/div>\n\t\t<\/section>\n\t\t\t\t<section data-particle_enable=\"false\" data-particle-mobile-disabled=\"false\" class=\"elementor-section elementor-top-section elementor-element elementor-element-47aaa8f elementor-section-boxed elementor-section-height-default elementor-section-height-default\" data-id=\"47aaa8f\" data-element_type=\"section\" data-e-type=\"section\">\n\t\t\t\t\t\t<div class=\"elementor-container elementor-column-gap-default\">\n\t\t\t\t\t<div class=\"elementor-column elementor-col-100 elementor-top-column elementor-element elementor-element-1bae881\" data-id=\"1bae881\" data-element_type=\"column\" data-e-type=\"column\">\n\t\t\t<div class=\"elementor-widget-wrap elementor-element-populated\">\n\t\t\t\t\t\t<div class=\"elementor-element elementor-element-33b531c elementor-widget elementor-widget-text-editor\" data-id=\"33b531c\" data-element_type=\"widget\" data-e-type=\"widget\" data-widget_type=\"text-editor.default\">\n\t\t\t\t<div class=\"elementor-widget-container\">\n\t\t\t\t\t\t\t\t\t<p><strong>Publicit\u00e9 comparative :<\/strong> BMW a m\u00eame eu recours \u00e0 la technique de la <a href=\"https:\/\/es.wikipedia.org\/wiki\/Publicidad_comparativa\" target=\"_blank\" rel=\"noopener\">&#8220;publicit\u00e9 comparative&#8221;<\/a> pour montrer les performances de ses v\u00e9hicules de la s\u00e9rie 3 par rapport \u00e0 la concurrence. Dans les vid\u00e9os suivantes, je vous invite \u00e0 regarder les comparaisons de BMW avec d&#8217;autres mod\u00e8les de marques allemandes afin de montrer l&#8217;excellence de la E21. Les vid\u00e9os sont en allemand, mais la premi\u00e8re vid\u00e9o, la plus longue des quatre, est sous-titr\u00e9e.<\/p>\n\t\t\t\t\t\t\t\t<\/div>\n\t\t\t\t<\/div>\n\t\t\t\t\t<\/div>\n\t\t<\/div>\n\t\t\t\t\t<\/div>\n\t\t<\/section>\n\t\t\t\t<section data-particle_enable=\"false\" data-particle-mobile-disabled=\"false\" class=\"elementor-section elementor-top-section elementor-element elementor-element-112770f elementor-section-boxed elementor-section-height-default elementor-section-height-default\" data-id=\"112770f\" data-element_type=\"section\" data-e-type=\"section\">\n\t\t\t\t\t\t<div class=\"elementor-container elementor-column-gap-default\">\n\t\t\t\t\t<div class=\"elementor-column elementor-col-33 elementor-top-column elementor-element elementor-element-bc69e6e\" data-id=\"bc69e6e\" data-element_type=\"column\" data-e-type=\"column\">\n\t\t\t<div class=\"elementor-widget-wrap elementor-element-populated\">\n\t\t\t\t\t\t<div class=\"elementor-element elementor-element-7a2556c elementor-widget elementor-widget-video\" data-id=\"7a2556c\" data-element_type=\"widget\" data-e-type=\"widget\" data-settings=\"{&quot;youtube_url&quot;:&quot;https:\\\/\\\/www.youtube.com\\\/watch?v=fXB4fLbEB_Q&quot;,&quot;video_type&quot;:&quot;youtube&quot;,&quot;controls&quot;:&quot;yes&quot;}\" data-widget_type=\"video.default\">\n\t\t\t\t<div class=\"elementor-widget-container\">\n\t\t\t\t\t\t\t<div class=\"elementor-wrapper elementor-open-inline\">\n\t\t\t<div class=\"elementor-video\"><\/div>\t\t<\/div>\n\t\t\t\t\t\t<\/div>\n\t\t\t\t<\/div>\n\t\t\t\t\t<\/div>\n\t\t<\/div>\n\t\t\t\t<div class=\"elementor-column elementor-col-33 elementor-top-column elementor-element elementor-element-b498478\" data-id=\"b498478\" data-element_type=\"column\" data-e-type=\"column\">\n\t\t\t<div class=\"elementor-widget-wrap elementor-element-populated\">\n\t\t\t\t\t\t<div class=\"elementor-element elementor-element-87438e1 elementor-widget elementor-widget-video\" data-id=\"87438e1\" data-element_type=\"widget\" data-e-type=\"widget\" data-settings=\"{&quot;youtube_url&quot;:&quot;https:\\\/\\\/www.youtube.com\\\/watch?v=Je7DOOY_Uhw&quot;,&quot;video_type&quot;:&quot;youtube&quot;,&quot;controls&quot;:&quot;yes&quot;}\" data-widget_type=\"video.default\">\n\t\t\t\t<div class=\"elementor-widget-container\">\n\t\t\t\t\t\t\t<div class=\"elementor-wrapper elementor-open-inline\">\n\t\t\t<div class=\"elementor-video\"><\/div>\t\t<\/div>\n\t\t\t\t\t\t<\/div>\n\t\t\t\t<\/div>\n\t\t\t\t\t<\/div>\n\t\t<\/div>\n\t\t\t\t<div class=\"elementor-column elementor-col-33 elementor-top-column elementor-element elementor-element-6ba4fb5\" data-id=\"6ba4fb5\" data-element_type=\"column\" data-e-type=\"column\">\n\t\t\t<div class=\"elementor-widget-wrap elementor-element-populated\">\n\t\t\t\t\t\t<div class=\"elementor-element elementor-element-84437d9 elementor-widget elementor-widget-video\" data-id=\"84437d9\" data-element_type=\"widget\" data-e-type=\"widget\" data-settings=\"{&quot;youtube_url&quot;:&quot;https:\\\/\\\/www.youtube.com\\\/watch?v=aNoL-FEkCAc&quot;,&quot;video_type&quot;:&quot;youtube&quot;,&quot;controls&quot;:&quot;yes&quot;}\" data-widget_type=\"video.default\">\n\t\t\t\t<div class=\"elementor-widget-container\">\n\t\t\t\t\t\t\t<div class=\"elementor-wrapper elementor-open-inline\">\n\t\t\t<div class=\"elementor-video\"><\/div>\t\t<\/div>\n\t\t\t\t\t\t<\/div>\n\t\t\t\t<\/div>\n\t\t\t\t\t<\/div>\n\t\t<\/div>\n\t\t\t\t\t<\/div>\n\t\t<\/section>\n\t\t\t\t<section data-particle_enable=\"false\" data-particle-mobile-disabled=\"false\" class=\"elementor-section elementor-top-section elementor-element elementor-element-52818d6 elementor-section-boxed elementor-section-height-default elementor-section-height-default\" data-id=\"52818d6\" data-element_type=\"section\" data-e-type=\"section\">\n\t\t\t\t\t\t<div class=\"elementor-container elementor-column-gap-default\">\n\t\t\t\t\t<div class=\"elementor-column elementor-col-100 elementor-top-column elementor-element elementor-element-2f2cbb6\" data-id=\"2f2cbb6\" data-element_type=\"column\" data-e-type=\"column\">\n\t\t\t<div class=\"elementor-widget-wrap elementor-element-populated\">\n\t\t\t\t\t\t<div class=\"elementor-element elementor-element-fad5787 elementor-widget elementor-widget-text-editor\" data-id=\"fad5787\" data-element_type=\"widget\" data-e-type=\"widget\" data-widget_type=\"text-editor.default\">\n\t\t\t\t<div class=\"elementor-widget-container\">\n\t\t\t\t\t\t\t\t\t<p><strong>Deux vid\u00e9os int\u00e9ressantes en espagnol<\/strong>: Je vous laisse ici deux reportages sur la BMW E21 : le premier est la vid\u00e9o de Santi Martinez de la cha\u00eene <strong>&#8220;<a href=\"https:\/\/www.youtube.com\/@documentosdelmotorsanti\" target=\"_blank\" rel=\"noopener\">Documentos del motor<\/a><\/strong>&#8221; (je vous la recommande si vous ne la connaissez pas) et le second du <strong>club BMW d&#8217;Uruguay<\/strong>. Les deux sont excellents :<\/p>\n\t\t\t\t\t\t\t\t<\/div>\n\t\t\t\t<\/div>\n\t\t\t\t\t<\/div>\n\t\t<\/div>\n\t\t\t\t\t<\/div>\n\t\t<\/section>\n\t\t\t\t<section data-particle_enable=\"false\" data-particle-mobile-disabled=\"false\" class=\"elementor-section elementor-top-section elementor-element elementor-element-a983d0a elementor-section-boxed elementor-section-height-default elementor-section-height-default\" data-id=\"a983d0a\" data-element_type=\"section\" data-e-type=\"section\">\n\t\t\t\t\t\t<div class=\"elementor-container elementor-column-gap-default\">\n\t\t\t\t\t<div class=\"elementor-column elementor-col-50 elementor-top-column elementor-element elementor-element-9b59b11\" data-id=\"9b59b11\" data-element_type=\"column\" data-e-type=\"column\">\n\t\t\t<div class=\"elementor-widget-wrap elementor-element-populated\">\n\t\t\t\t\t\t<div class=\"elementor-element elementor-element-24a2c0c elementor-widget elementor-widget-video\" data-id=\"24a2c0c\" data-element_type=\"widget\" data-e-type=\"widget\" data-settings=\"{&quot;youtube_url&quot;:&quot;https:\\\/\\\/www.youtube.com\\\/watch?v=4G3nr_a-FmY&amp;t&quot;,&quot;video_type&quot;:&quot;youtube&quot;,&quot;controls&quot;:&quot;yes&quot;}\" data-widget_type=\"video.default\">\n\t\t\t\t<div class=\"elementor-widget-container\">\n\t\t\t\t\t\t\t<div class=\"elementor-wrapper elementor-open-inline\">\n\t\t\t<div class=\"elementor-video\"><\/div>\t\t<\/div>\n\t\t\t\t\t\t<\/div>\n\t\t\t\t<\/div>\n\t\t\t\t\t<\/div>\n\t\t<\/div>\n\t\t\t\t<div class=\"elementor-column elementor-col-50 elementor-top-column elementor-element elementor-element-3399cf2\" data-id=\"3399cf2\" data-element_type=\"column\" data-e-type=\"column\">\n\t\t\t<div class=\"elementor-widget-wrap elementor-element-populated\">\n\t\t\t\t\t\t<div class=\"elementor-element elementor-element-1ba86e9 elementor-widget elementor-widget-video\" data-id=\"1ba86e9\" data-element_type=\"widget\" data-e-type=\"widget\" data-settings=\"{&quot;youtube_url&quot;:&quot;https:\\\/\\\/www.youtube.com\\\/watch?v=K0ZD54M2b-o&quot;,&quot;video_type&quot;:&quot;youtube&quot;,&quot;controls&quot;:&quot;yes&quot;}\" data-widget_type=\"video.default\">\n\t\t\t\t<div class=\"elementor-widget-container\">\n\t\t\t\t\t\t\t<div class=\"elementor-wrapper elementor-open-inline\">\n\t\t\t<div class=\"elementor-video\"><\/div>\t\t<\/div>\n\t\t\t\t\t\t<\/div>\n\t\t\t\t<\/div>\n\t\t\t\t\t<\/div>\n\t\t<\/div>\n\t\t\t\t\t<\/div>\n\t\t<\/section>\n\t\t\t\t<section data-particle_enable=\"false\" data-particle-mobile-disabled=\"false\" class=\"elementor-section elementor-top-section elementor-element elementor-element-907d672 elementor-section-boxed elementor-section-height-default elementor-section-height-default\" data-id=\"907d672\" data-element_type=\"section\" data-e-type=\"section\">\n\t\t\t\t\t\t<div class=\"elementor-container elementor-column-gap-default\">\n\t\t\t\t\t<div class=\"elementor-column elementor-col-100 elementor-top-column elementor-element elementor-element-d5033fe\" data-id=\"d5033fe\" data-element_type=\"column\" data-e-type=\"column\">\n\t\t\t<div class=\"elementor-widget-wrap elementor-element-populated\">\n\t\t\t\t\t\t<div class=\"elementor-element elementor-element-654b493 elementor-widget-divider--view-line_icon elementor-view-default elementor-widget-divider--element-align-center elementor-widget elementor-widget-divider\" data-id=\"654b493\" data-element_type=\"widget\" data-e-type=\"widget\" data-widget_type=\"divider.default\">\n\t\t\t\t<div class=\"elementor-widget-container\">\n\t\t\t\t\t\t\t<div class=\"elementor-divider\">\n\t\t\t<span class=\"elementor-divider-separator\">\n\t\t\t\t\t\t\t<div class=\"elementor-icon elementor-divider__element\">\n\t\t\t\t\t<i aria-hidden=\"true\" class=\"fas fa-info-circle\"><\/i><\/div>\n\t\t\t\t\t\t<\/span>\n\t\t<\/div>\n\t\t\t\t\t\t<\/div>\n\t\t\t\t<\/div>\n\t\t\t\t\t<\/div>\n\t\t<\/div>\n\t\t\t\t\t<\/div>\n\t\t<\/section>\n\t\t\t\t<section data-particle_enable=\"false\" data-particle-mobile-disabled=\"false\" class=\"elementor-section elementor-top-section elementor-element elementor-element-567a3bb elementor-section-boxed elementor-section-height-default elementor-section-height-default\" data-id=\"567a3bb\" data-element_type=\"section\" data-e-type=\"section\">\n\t\t\t\t\t\t<div class=\"elementor-container elementor-column-gap-default\">\n\t\t\t\t\t<div class=\"elementor-column elementor-col-100 elementor-top-column elementor-element elementor-element-95e2fe6\" data-id=\"95e2fe6\" data-element_type=\"column\" data-e-type=\"column\">\n\t\t\t<div class=\"elementor-widget-wrap elementor-element-populated\">\n\t\t\t\t\t\t<div class=\"elementor-element elementor-element-bd77b0f elementor-widget elementor-widget-heading\" data-id=\"bd77b0f\" data-element_type=\"widget\" data-e-type=\"widget\" data-widget_type=\"heading.default\">\n\t\t\t\t<div class=\"elementor-widget-container\">\n\t\t\t\t\t<h2 class=\"elementor-heading-title elementor-size-default\">Les versions suraliment\u00e9es de la BMW E21<\/h2>\t\t\t\t<\/div>\n\t\t\t\t<\/div>\n\t\t\t\t\t<\/div>\n\t\t<\/div>\n\t\t\t\t\t<\/div>\n\t\t<\/section>\n\t\t\t\t<section data-particle_enable=\"false\" data-particle-mobile-disabled=\"false\" class=\"elementor-section elementor-top-section elementor-element elementor-element-1ba2067 elementor-section-boxed elementor-section-height-default elementor-section-height-default\" data-id=\"1ba2067\" data-element_type=\"section\" data-e-type=\"section\">\n\t\t\t\t\t\t<div class=\"elementor-container elementor-column-gap-default\">\n\t\t\t\t\t<div class=\"elementor-column elementor-col-100 elementor-top-column elementor-element elementor-element-1d34c8b\" data-id=\"1d34c8b\" data-element_type=\"column\" data-e-type=\"column\">\n\t\t\t<div class=\"elementor-widget-wrap elementor-element-populated\">\n\t\t\t\t\t\t<div class=\"elementor-element elementor-element-3ae886c elementor-widget__width-initial elementor-widget elementor-widget-text-editor\" data-id=\"3ae886c\" data-element_type=\"widget\" data-e-type=\"widget\" data-widget_type=\"text-editor.default\">\n\t\t\t\t<div class=\"elementor-widget-container\">\n\t\t\t\t\t\t\t\t\t<p>Cependant, plusieurs pr\u00e9parateurs ont homologu\u00e9 et propos\u00e9 des versions suraliment\u00e9es du mod\u00e8le, mais l&#8217;acheteur devait \u00eatre pr\u00eat \u00e0 d\u00e9bourser une somme d&#8217;argent au moins \u00e9gale au double du prix standard du mod\u00e8le de s\u00e9rie. Une mention sp\u00e9ciale doit \u00eatre faite pour le pr\u00e9parateur <b>Alpina<\/b> qui a propos\u00e9 une version appel\u00e9e C1 2.3 de 170 ch et une version plus puissante B6 2.8 de 200 ch. La pr\u00e9paration m\u00e9canique s&#8217;est accompagn\u00e9e d&#8217;une sellerie sp\u00e9ciale et d&#8217;une partie esth\u00e9tique comprenant les roues, le volant, les \u00e9cussons et la peinture.<\/p>\n<p>Une autre des versions surpuissantes les plus connues est celle de <b>Hartge<\/b>: avec des moteurs de 3 000 ou 3 500 cm3 &#8211; provenant des s\u00e9ries 5 ou 7 de BMW &#8211; ils d\u00e9veloppaient jusqu&#8217;\u00e0 218 ch, tout en conservant dans ce cas une esth\u00e9tique discr\u00e8te et sobre.<\/p>\n<p>Une troisi\u00e8me variante, moins connue, est la <b>Schnitzer Turbo<\/b>.La nouvelle 323i \u00e9tait bas\u00e9e sur un moteur quatre cylindres 1500 M10 avec turbocompresseur, qui atteignait une vitesse maximale de 225 km\/h (contre 190 km\/h pour la 323i standard) et une acc\u00e9l\u00e9ration de 0 \u00e0 100 km\/h en un peu plus de 6 secondes, contre 9,5 secondes pour la 323i standard, mais avec certaines pr\u00e9parations de course extr\u00eames atteignant plus de 500 ch.<\/p>\n\t\t\t\t\t\t\t\t<\/div>\n\t\t\t\t<\/div>\n\t\t\t\t\t<\/div>\n\t\t<\/div>\n\t\t\t\t\t<\/div>\n\t\t<\/section>\n\t\t\t\t<section data-particle_enable=\"false\" data-particle-mobile-disabled=\"false\" class=\"elementor-section elementor-top-section elementor-element elementor-element-26e0405 elementor-section-boxed elementor-section-height-default elementor-section-height-default\" data-id=\"26e0405\" data-element_type=\"section\" data-e-type=\"section\">\n\t\t\t\t\t\t<div class=\"elementor-container elementor-column-gap-default\">\n\t\t\t\t\t<div class=\"elementor-column elementor-col-100 elementor-top-column elementor-element elementor-element-8071da6\" data-id=\"8071da6\" data-element_type=\"column\" data-e-type=\"column\">\n\t\t\t<div class=\"elementor-widget-wrap elementor-element-populated\">\n\t\t\t\t\t\t<div class=\"elementor-element elementor-element-8f18daa elementor-widget elementor-widget-gallery\" data-id=\"8f18daa\" data-element_type=\"widget\" data-e-type=\"widget\" data-settings=\"{&quot;gallery_layout&quot;:&quot;justified&quot;,&quot;ideal_row_height&quot;:{&quot;unit&quot;:&quot;px&quot;,&quot;size&quot;:210,&quot;sizes&quot;:[]},&quot;ideal_row_height_mobile&quot;:{&quot;unit&quot;:&quot;px&quot;,&quot;size&quot;:106,&quot;sizes&quot;:[]},&quot;overlay_title&quot;:&quot;alt&quot;,&quot;lazyload&quot;:&quot;yes&quot;,&quot;ideal_row_height_tablet&quot;:{&quot;unit&quot;:&quot;px&quot;,&quot;size&quot;:150,&quot;sizes&quot;:[]},&quot;gap&quot;:{&quot;unit&quot;:&quot;px&quot;,&quot;size&quot;:10,&quot;sizes&quot;:[]},&quot;gap_tablet&quot;:{&quot;unit&quot;:&quot;px&quot;,&quot;size&quot;:10,&quot;sizes&quot;:[]},&quot;gap_mobile&quot;:{&quot;unit&quot;:&quot;px&quot;,&quot;size&quot;:10,&quot;sizes&quot;:[]},&quot;link_to&quot;:&quot;file&quot;,&quot;overlay_background&quot;:&quot;yes&quot;,&quot;content_hover_animation&quot;:&quot;fade-in&quot;}\" data-widget_type=\"gallery.default\">\n\t\t\t\t<div class=\"elementor-widget-container\">\n\t\t\t\t\t\t\t<div class=\"elementor-gallery__container\">\n\t\t\t\t\t\t\t<a class=\"e-gallery-item elementor-gallery-item elementor-animated-content\" href=\"https:\/\/www.jgclassics.com\/wp-content\/uploads\/2023\/05\/BMW_E21_AlpinaC1.jpg\" data-elementor-open-lightbox=\"yes\" data-elementor-lightbox-slideshow=\"8f18daa\" data-elementor-lightbox-title=\"BMW E21 Alpina C1\" data-e-action-hash=\"#elementor-action%3Aaction%3Dlightbox%26settings%3DeyJpZCI6MTQxODksInVybCI6Imh0dHBzOlwvXC93d3cuamdjbGFzc2ljcy5jb21cL3dwLWNvbnRlbnRcL3VwbG9hZHNcLzIwMjNcLzA1XC9CTVdfRTIxX0FscGluYUMxLmpwZyIsInNsaWRlc2hvdyI6IjhmMThkYWEifQ%3D%3D\">\n\t\t\t\t\t<div class=\"e-gallery-image elementor-gallery-item__image\" data-thumbnail=\"https:\/\/www.jgclassics.com\/wp-content\/uploads\/2023\/05\/BMW_E21_AlpinaC1-300x142.jpg\" data-width=\"300\" data-height=\"142\" aria-label=\"BMW E21 Alpina C1\" role=\"img\" ><\/div>\n\t\t\t\t\t\t\t\t\t\t\t<div class=\"elementor-gallery-item__overlay\"><\/div>\n\t\t\t\t\t\t\t\t\t\t\t\t\t\t\t<div class=\"elementor-gallery-item__content\">\n\t\t\t\t\t\t\t\t\t\t\t\t\t\t<div class=\"elementor-gallery-item__title\">\n\t\t\t\t\t\t\t\t\t\t\t\t\t\t\t\t\t\tBMW E21 Alpina C1\t\t\t\t\t\t\t\t<\/div>\n\t\t\t\t\t\t\t\t\t\t\t\t<\/div>\n\t\t\t\t\t\t\t\t\t<\/a>\n\t\t\t\t\t\t\t<a class=\"e-gallery-item elementor-gallery-item elementor-animated-content\" href=\"https:\/\/www.jgclassics.com\/wp-content\/uploads\/2023\/05\/bmw_e21_alpina_motor.jpg\" data-elementor-open-lightbox=\"yes\" data-elementor-lightbox-slideshow=\"8f18daa\" data-elementor-lightbox-title=\"Moteur BMW E21 Alpina\" data-e-action-hash=\"#elementor-action%3Aaction%3Dlightbox%26settings%3DeyJpZCI6MTQxODYsInVybCI6Imh0dHBzOlwvXC93d3cuamdjbGFzc2ljcy5jb21cL3dwLWNvbnRlbnRcL3VwbG9hZHNcLzIwMjNcLzA1XC9ibXdfZTIxX2FscGluYV9tb3Rvci5qcGciLCJzbGlkZXNob3ciOiI4ZjE4ZGFhIn0%3D\">\n\t\t\t\t\t<div class=\"e-gallery-image elementor-gallery-item__image\" data-thumbnail=\"https:\/\/www.jgclassics.com\/wp-content\/uploads\/2023\/05\/bmw_e21_alpina_motor-300x161.jpg\" data-width=\"300\" data-height=\"161\" aria-label=\"Moteur BMW E21 Alpina\" role=\"img\" ><\/div>\n\t\t\t\t\t\t\t\t\t\t\t<div class=\"elementor-gallery-item__overlay\"><\/div>\n\t\t\t\t\t\t\t\t\t\t\t\t\t\t\t<div class=\"elementor-gallery-item__content\">\n\t\t\t\t\t\t\t\t\t\t\t\t\t\t<div class=\"elementor-gallery-item__title\">\n\t\t\t\t\t\t\t\t\t\t\t\t\t\t\t\t\t\tMoteur BMW E21 Alpina\t\t\t\t\t\t\t\t<\/div>\n\t\t\t\t\t\t\t\t\t\t\t\t<\/div>\n\t\t\t\t\t\t\t\t\t<\/a>\n\t\t\t\t\t\t\t<a class=\"e-gallery-item elementor-gallery-item elementor-animated-content\" href=\"https:\/\/www.jgclassics.com\/wp-content\/uploads\/2023\/05\/bmw_e21_alpina_interior.jpg\" data-elementor-open-lightbox=\"yes\" data-elementor-lightbox-slideshow=\"8f18daa\" data-elementor-lightbox-title=\"BMW E21 Alpina int\u00e9rieur\" data-e-action-hash=\"#elementor-action%3Aaction%3Dlightbox%26settings%3DeyJpZCI6MTQxODMsInVybCI6Imh0dHBzOlwvXC93d3cuamdjbGFzc2ljcy5jb21cL3dwLWNvbnRlbnRcL3VwbG9hZHNcLzIwMjNcLzA1XC9ibXdfZTIxX2FscGluYV9pbnRlcmlvci5qcGciLCJzbGlkZXNob3ciOiI4ZjE4ZGFhIn0%3D\">\n\t\t\t\t\t<div class=\"e-gallery-image elementor-gallery-item__image\" data-thumbnail=\"https:\/\/www.jgclassics.com\/wp-content\/uploads\/2023\/05\/bmw_e21_alpina_interior-300x145.jpg\" data-width=\"300\" data-height=\"145\" aria-label=\"BMW E21 Alpina int\u00e9rieur\" role=\"img\" ><\/div>\n\t\t\t\t\t\t\t\t\t\t\t<div class=\"elementor-gallery-item__overlay\"><\/div>\n\t\t\t\t\t\t\t\t\t\t\t\t\t\t\t<div class=\"elementor-gallery-item__content\">\n\t\t\t\t\t\t\t\t\t\t\t\t\t\t<div class=\"elementor-gallery-item__title\">\n\t\t\t\t\t\t\t\t\t\t\t\t\t\t\t\t\t\tBMW E21 Alpina int\u00e9rieur\t\t\t\t\t\t\t\t<\/div>\n\t\t\t\t\t\t\t\t\t\t\t\t<\/div>\n\t\t\t\t\t\t\t\t\t<\/a>\n\t\t\t\t\t\t\t<a class=\"e-gallery-item elementor-gallery-item elementor-animated-content\" href=\"https:\/\/www.jgclassics.com\/wp-content\/uploads\/2023\/05\/bwm_e21_hartge_motor.jpg\" data-elementor-open-lightbox=\"yes\" data-elementor-lightbox-slideshow=\"8f18daa\" data-elementor-lightbox-title=\"BMW E21 Hartge motor\" data-e-action-hash=\"#elementor-action%3Aaction%3Dlightbox%26settings%3DeyJpZCI6MTQxODAsInVybCI6Imh0dHBzOlwvXC93d3cuamdjbGFzc2ljcy5jb21cL3dwLWNvbnRlbnRcL3VwbG9hZHNcLzIwMjNcLzA1XC9id21fZTIxX2hhcnRnZV9tb3Rvci5qcGciLCJzbGlkZXNob3ciOiI4ZjE4ZGFhIn0%3D\">\n\t\t\t\t\t<div class=\"e-gallery-image elementor-gallery-item__image\" data-thumbnail=\"https:\/\/www.jgclassics.com\/wp-content\/uploads\/2023\/05\/bwm_e21_hartge_motor-300x167.jpg\" data-width=\"300\" data-height=\"167\" aria-label=\"\" role=\"img\" ><\/div>\n\t\t\t\t\t\t\t\t\t\t\t<div class=\"elementor-gallery-item__overlay\"><\/div>\n\t\t\t\t\t\t\t\t\t\t\t\t\t\t\t<div class=\"elementor-gallery-item__content\">\n\t\t\t\t\t\t\t\t\t\t\t<\/div>\n\t\t\t\t\t\t\t\t\t<\/a>\n\t\t\t\t\t\t\t<a class=\"e-gallery-item elementor-gallery-item elementor-animated-content\" href=\"https:\/\/www.jgclassics.com\/wp-content\/uploads\/2023\/05\/bmw_e21_hartge.jpg\" data-elementor-open-lightbox=\"yes\" data-elementor-lightbox-slideshow=\"8f18daa\" data-elementor-lightbox-title=\"BMW E21 Hartge exterior\" data-e-action-hash=\"#elementor-action%3Aaction%3Dlightbox%26settings%3DeyJpZCI6MTQxNzcsInVybCI6Imh0dHBzOlwvXC93d3cuamdjbGFzc2ljcy5jb21cL3dwLWNvbnRlbnRcL3VwbG9hZHNcLzIwMjNcLzA1XC9ibXdfZTIxX2hhcnRnZS5qcGciLCJzbGlkZXNob3ciOiI4ZjE4ZGFhIn0%3D\">\n\t\t\t\t\t<div class=\"e-gallery-image elementor-gallery-item__image\" data-thumbnail=\"https:\/\/www.jgclassics.com\/wp-content\/uploads\/2023\/05\/bmw_e21_hartge-300x168.jpg\" data-width=\"300\" data-height=\"168\" aria-label=\"\" role=\"img\" ><\/div>\n\t\t\t\t\t\t\t\t\t\t\t<div class=\"elementor-gallery-item__overlay\"><\/div>\n\t\t\t\t\t\t\t\t\t\t\t\t\t\t\t<div class=\"elementor-gallery-item__content\">\n\t\t\t\t\t\t\t\t\t\t\t<\/div>\n\t\t\t\t\t\t\t\t\t<\/a>\n\t\t\t\t\t\t\t<a class=\"e-gallery-item elementor-gallery-item elementor-animated-content\" href=\"https:\/\/www.jgclassics.com\/wp-content\/uploads\/2023\/05\/BMW_Schnitzer_550CV.jpg\" data-elementor-open-lightbox=\"yes\" data-elementor-lightbox-slideshow=\"8f18daa\" data-elementor-lightbox-title=\"BMW E21 Schnitzer 550hp\" data-e-action-hash=\"#elementor-action%3Aaction%3Dlightbox%26settings%3DeyJpZCI6MTQxOTIsInVybCI6Imh0dHBzOlwvXC93d3cuamdjbGFzc2ljcy5jb21cL3dwLWNvbnRlbnRcL3VwbG9hZHNcLzIwMjNcLzA1XC9CTVdfU2Nobml0emVyXzU1MENWLmpwZyIsInNsaWRlc2hvdyI6IjhmMThkYWEifQ%3D%3D\">\n\t\t\t\t\t<div class=\"e-gallery-image elementor-gallery-item__image\" data-thumbnail=\"https:\/\/www.jgclassics.com\/wp-content\/uploads\/2023\/05\/BMW_Schnitzer_550CV-300x176.jpg\" data-width=\"300\" data-height=\"176\" aria-label=\"BMW E21 Schnitzer 550hp\" role=\"img\" ><\/div>\n\t\t\t\t\t\t\t\t\t\t\t<div class=\"elementor-gallery-item__overlay\"><\/div>\n\t\t\t\t\t\t\t\t\t\t\t\t\t\t\t<div class=\"elementor-gallery-item__content\">\n\t\t\t\t\t\t\t\t\t\t\t\t\t\t<div class=\"elementor-gallery-item__title\">\n\t\t\t\t\t\t\t\t\t\t\t\t\t\t\t\t\t\tBMW E21 Schnitzer 550hp\t\t\t\t\t\t\t\t<\/div>\n\t\t\t\t\t\t\t\t\t\t\t\t<\/div>\n\t\t\t\t\t\t\t\t\t<\/a>\n\t\t\t\t\t<\/div>\n\t\t\t\t\t<\/div>\n\t\t\t\t<\/div>\n\t\t\t\t\t<\/div>\n\t\t<\/div>\n\t\t\t\t\t<\/div>\n\t\t<\/section>\n\t\t\t\t<section data-particle_enable=\"false\" data-particle-mobile-disabled=\"false\" class=\"elementor-section elementor-top-section elementor-element elementor-element-da3fe83 elementor-section-boxed elementor-section-height-default elementor-section-height-default\" data-id=\"da3fe83\" data-element_type=\"section\" data-e-type=\"section\">\n\t\t\t\t\t\t<div class=\"elementor-container elementor-column-gap-default\">\n\t\t\t\t\t<div class=\"elementor-column elementor-col-100 elementor-top-column elementor-element elementor-element-a87bb3a\" data-id=\"a87bb3a\" data-element_type=\"column\" data-e-type=\"column\">\n\t\t\t<div class=\"elementor-widget-wrap elementor-element-populated\">\n\t\t\t\t\t\t<div class=\"elementor-element elementor-element-d6ecd54 elementor-widget-divider--view-line elementor-widget elementor-widget-divider\" data-id=\"d6ecd54\" data-element_type=\"widget\" data-e-type=\"widget\" data-widget_type=\"divider.default\">\n\t\t\t\t<div class=\"elementor-widget-container\">\n\t\t\t\t\t\t\t<div class=\"elementor-divider\">\n\t\t\t<span class=\"elementor-divider-separator\">\n\t\t\t\t\t\t<\/span>\n\t\t<\/div>\n\t\t\t\t\t\t<\/div>\n\t\t\t\t<\/div>\n\t\t\t\t\t<\/div>\n\t\t<\/div>\n\t\t\t\t\t<\/div>\n\t\t<\/section>\n\t\t\t\t<section data-particle_enable=\"false\" data-particle-mobile-disabled=\"false\" class=\"elementor-section elementor-top-section elementor-element elementor-element-8819e9e elementor-section-boxed elementor-section-height-default elementor-section-height-default\" data-id=\"8819e9e\" data-element_type=\"section\" data-e-type=\"section\">\n\t\t\t\t\t\t<div class=\"elementor-container elementor-column-gap-default\">\n\t\t\t\t\t<div class=\"elementor-column elementor-col-100 elementor-top-column elementor-element elementor-element-6b89be8\" data-id=\"6b89be8\" data-element_type=\"column\" data-e-type=\"column\">\n\t\t\t<div class=\"elementor-widget-wrap elementor-element-populated\">\n\t\t\t\t\t\t<div class=\"elementor-element elementor-element-1bf985f elementor-widget elementor-widget-heading\" data-id=\"1bf985f\" data-element_type=\"widget\" data-e-type=\"widget\" data-widget_type=\"heading.default\">\n\t\t\t\t<div class=\"elementor-widget-container\">\n\t\t\t\t\t<h2 class=\"elementor-heading-title elementor-size-default\">BMW E21 : Son h\u00e9ritage<\/h2>\t\t\t\t<\/div>\n\t\t\t\t<\/div>\n\t\t\t\t\t<\/div>\n\t\t<\/div>\n\t\t\t\t\t<\/div>\n\t\t<\/section>\n\t\t\t\t<section data-particle_enable=\"false\" data-particle-mobile-disabled=\"false\" class=\"elementor-section elementor-top-section elementor-element elementor-element-766125a elementor-section-boxed elementor-section-height-default elementor-section-height-default\" data-id=\"766125a\" data-element_type=\"section\" data-e-type=\"section\">\n\t\t\t\t\t\t<div class=\"elementor-container elementor-column-gap-default\">\n\t\t\t\t\t<div class=\"elementor-column elementor-col-50 elementor-top-column elementor-element elementor-element-8b431d7\" data-id=\"8b431d7\" data-element_type=\"column\" data-e-type=\"column\">\n\t\t\t<div class=\"elementor-widget-wrap elementor-element-populated\">\n\t\t\t\t\t\t<div class=\"elementor-element elementor-element-640dd51 elementor-widget elementor-widget-text-editor\" data-id=\"640dd51\" data-element_type=\"widget\" data-e-type=\"widget\" data-widget_type=\"text-editor.default\">\n\t\t\t\t<div class=\"elementor-widget-container\">\n\t\t\t\t\t\t\t\t\t<p>La s\u00e9rie 3 <strong>E21<\/strong> est apparue en 1975. Il s&#8217;agit d&#8217;une refonte (ou d&#8217;une extension) de la s\u00e9rie 02. L&#8217;id\u00e9e conceptuelle \u00e9tait de cr\u00e9er une voiture alliant exclusivit\u00e9, qualit\u00e9 et confort \u00e0 la sportivit\u00e9, le tout dans un v\u00e9hicule compact. Ce concept de &#8220;berline sportive&#8221; a connu un tel succ\u00e8s que BMW a poursuivi la saga de la s\u00e9rie 3 jusqu&#8217;\u00e0 aujourd&#8217;hui (E30, E36, E46, E90, F30, F80) et est rest\u00e9e une r\u00e9f\u00e9rence en mati\u00e8re de berlines de qualit\u00e9, sportives et performantes.<\/p>\n\t\t\t\t\t\t\t\t<\/div>\n\t\t\t\t<\/div>\n\t\t\t\t\t<\/div>\n\t\t<\/div>\n\t\t\t\t<div class=\"elementor-column elementor-col-50 elementor-top-column elementor-element elementor-element-4031415\" data-id=\"4031415\" data-element_type=\"column\" data-e-type=\"column\">\n\t\t\t<div class=\"elementor-widget-wrap elementor-element-populated\">\n\t\t\t\t\t\t<div class=\"elementor-element elementor-element-8044c9c elementor-widget__width-initial elementor-widget elementor-widget-image\" data-id=\"8044c9c\" data-element_type=\"widget\" data-e-type=\"widget\" data-widget_type=\"image.default\">\n\t\t\t\t<div class=\"elementor-widget-container\">\n\t\t\t\t\t\t\t\t\t\t\t\t\t\t\t\t<a href=\"https:\/\/www.jgclassics.com\/wp-content\/uploads\/2023\/05\/BMW_3_series_Evolution.jpg\" data-elementor-open-lightbox=\"yes\" data-elementor-lightbox-title=\"BMW s\u00e9rie 3 evolution 1975-2012\" data-e-action-hash=\"#elementor-action%3Aaction%3Dlightbox%26settings%3DeyJpZCI6MTQxMjYsInVybCI6Imh0dHBzOlwvXC93d3cuamdjbGFzc2ljcy5jb21cL3dwLWNvbnRlbnRcL3VwbG9hZHNcLzIwMjNcLzA1XC9CTVdfM19zZXJpZXNfRXZvbHV0aW9uLmpwZyJ9\">\n\t\t\t\t\t\t\t<img loading=\"lazy\" decoding=\"async\" width=\"212\" height=\"300\" src=\"https:\/\/www.jgclassics.com\/wp-content\/uploads\/2023\/05\/BMW_3_series_Evolution-212x300.jpg\" class=\"attachment-medium size-medium wp-image-14126\" alt=\"BMW s\u00e9rie 3 evolution 1975-2012\" srcset=\"https:\/\/www.jgclassics.com\/wp-content\/uploads\/2023\/05\/BMW_3_series_Evolution-212x300.jpg 212w, https:\/\/www.jgclassics.com\/wp-content\/uploads\/2023\/05\/BMW_3_series_Evolution.jpg 564w\" sizes=\"(max-width: 212px) 100vw, 212px\" \/>\t\t\t\t\t\t\t\t<\/a>\n\t\t\t\t\t\t\t\t\t\t\t\t\t\t\t<\/div>\n\t\t\t\t<\/div>\n\t\t\t\t\t<\/div>\n\t\t<\/div>\n\t\t\t\t\t<\/div>\n\t\t<\/section>\n\t\t\t\t<section data-particle_enable=\"false\" data-particle-mobile-disabled=\"false\" class=\"elementor-section elementor-top-section elementor-element elementor-element-c5c08a3 elementor-section-boxed elementor-section-height-default elementor-section-height-default\" data-id=\"c5c08a3\" data-element_type=\"section\" data-e-type=\"section\">\n\t\t\t\t\t\t<div class=\"elementor-container elementor-column-gap-default\">\n\t\t\t\t\t<div class=\"elementor-column elementor-col-100 elementor-top-column elementor-element elementor-element-f58dd27\" data-id=\"f58dd27\" data-element_type=\"column\" data-e-type=\"column\">\n\t\t\t<div class=\"elementor-widget-wrap elementor-element-populated\">\n\t\t\t\t\t\t<div class=\"elementor-element elementor-element-4cf9692 elementor-widget elementor-widget-text-editor\" data-id=\"4cf9692\" data-element_type=\"widget\" data-e-type=\"widget\" data-widget_type=\"text-editor.default\">\n\t\t\t\t<div class=\"elementor-widget-container\">\n\t\t\t\t\t\t\t\t\t<p>La fabrication de la BMW s\u00e9rie 3 E21 a \u00e9t\u00e9 finie en 1983 pour passer \u00e0 la s\u00e9rie E30, apr\u00e8s avoir \u00e9t\u00e9 vendue \u00e0 plus d&#8217;un million d&#8217;exemplaires.<\/p>\n\t\t\t\t\t\t\t\t<\/div>\n\t\t\t\t<\/div>\n\t\t\t\t\t<\/div>\n\t\t<\/div>\n\t\t\t\t\t<\/div>\n\t\t<\/section>\n\t\t\t\t<\/div>\n\t\t","protected":false},"excerpt":{"rendered":"<p>Espa\u00f1ol Catal\u00e0 (Catal\u00e1n) English (Ingl\u00e9s) Fran\u00e7ais (Franc\u00e9s) Partager en : BMW S\u00e9rie 3 &#8211; 323i E21 Origine : Pontevedra, Espagne, juin 1981 BMW 323i E21 BMW S\u00e9rie 3 &#8211; 323i E21. Premi\u00e8re g\u00e9n\u00e9ration de la s\u00e9rie 3 apr\u00e8s la l\u00e9gendaire 2002. Moteur M20 2300 6 cylindres \u00e0 injection K-Jetronic. Enti\u00e8rement r\u00e9nov\u00e9 au niveau de la [&hellip;]<\/p>\n","protected":false},"author":2,"featured_media":13904,"parent":15190,"menu_order":0,"comment_status":"closed","ping_status":"closed","template":"","meta":{"_monsterinsights_skip_tracking":false,"_monsterinsights_sitenote_active":false,"_monsterinsights_sitenote_note":"","_monsterinsights_sitenote_category":0,"site-sidebar-layout":"no-sidebar","site-content-layout":"page-builder","ast-site-content-layout":"default","site-content-style":"default","site-sidebar-style":"default","ast-global-header-display":"","ast-banner-title-visibility":"","ast-main-header-display":"","ast-hfb-above-header-display":"","ast-hfb-below-header-display":"","ast-hfb-mobile-header-display":"","site-post-title":"disabled","ast-breadcrumbs-content":"","ast-featured-img":"disabled","footer-sml-layout":"","ast-disable-related-posts":"","theme-transparent-header-meta":"","adv-header-id-meta":"","stick-header-meta":"","header-above-stick-meta":"","header-main-stick-meta":"","header-below-stick-meta":"","astra-migrate-meta-layouts":"default","ast-page-background-enabled":"default","ast-page-background-meta":{"desktop":{"background-color":"var(--ast-global-color-4)","background-image":"","background-repeat":"repeat","background-position":"center center","background-size":"auto","background-attachment":"scroll","background-type":"","background-media":"","overlay-type":"","overlay-color":"","overlay-opacity":"","overlay-gradient":""},"tablet":{"background-color":"","background-image":"","background-repeat":"repeat","background-position":"center center","background-size":"auto","background-attachment":"scroll","background-type":"","background-media":"","overlay-type":"","overlay-color":"","overlay-opacity":"","overlay-gradient":""},"mobile":{"background-color":"","background-image":"","background-repeat":"repeat","background-position":"center center","background-size":"auto","background-attachment":"scroll","background-type":"","background-media":"","overlay-type":"","overlay-color":"","overlay-opacity":"","overlay-gradient":""}},"ast-content-background-meta":{"desktop":{"background-color":"var(--ast-global-color-5)","background-image":"","background-repeat":"repeat","background-position":"center center","background-size":"auto","background-attachment":"scroll","background-type":"","background-media":"","overlay-type":"","overlay-color":"","overlay-opacity":"","overlay-gradient":""},"tablet":{"background-color":"var(--ast-global-color-5)","background-image":"","background-repeat":"repeat","background-position":"center center","background-size":"auto","background-attachment":"scroll","background-type":"","background-media":"","overlay-type":"","overlay-color":"","overlay-opacity":"","overlay-gradient":""},"mobile":{"background-color":"var(--ast-global-color-5)","background-image":"","background-repeat":"repeat","background-position":"center center","background-size":"auto","background-attachment":"scroll","background-type":"","background-media":"","overlay-type":"","overlay-color":"","overlay-opacity":"","overlay-gradient":""}},"footnotes":""},"class_list":["post-15229","page","type-page","status-publish","has-post-thumbnail","hentry"],"yoast_head":"<!-- This site is optimized with the Yoast SEO Premium plugin v27.4 (Yoast SEO v27.4) - https:\/\/yoast.com\/product\/yoast-seo-premium-wordpress\/ -->\n<title>BMW 323i E21 - JG Classics : L&#039;\u00e9motion du voyage dans le temps<\/title>\n<meta name=\"description\" content=\"BMW s\u00e9rie 3, 323i E21 - Premi\u00e8re g\u00e9n\u00e9ration de la s\u00e9rie 3 apr\u00e8s la l\u00e9gendaire 2002. Moteur M20 2300 6 cylindres \u00e0 injection K-Jetronic. Enti\u00e8rement r\u00e9nov\u00e9 au niveau de la carrosserie, de la peinture et de l&#039;int\u00e9rieur. D\u00e9coration alpine. Disponible pour la location, les s\u00e9ances photos et les tournages.\" \/>\n<meta name=\"robots\" content=\"index, follow, max-snippet:-1, max-image-preview:large, max-video-preview:-1\" \/>\n<link rel=\"canonical\" href=\"https:\/\/www.jgclassics.com\/fr\/nos-vehicules\/bmw-323i-e21\/\" \/>\n<meta property=\"og:locale\" content=\"fr_FR\" \/>\n<meta property=\"og:type\" content=\"article\" \/>\n<meta property=\"og:title\" content=\"BMW 323i E21\" \/>\n<meta property=\"og:description\" content=\"BMW s\u00e9rie 3, 323i E21 - Premi\u00e8re g\u00e9n\u00e9ration de la s\u00e9rie 3 apr\u00e8s la l\u00e9gendaire 2002. Moteur M20 2300 6 cylindres \u00e0 injection K-Jetronic. Enti\u00e8rement r\u00e9nov\u00e9 au niveau de la carrosserie, de la peinture et de l&#039;int\u00e9rieur. D\u00e9coration alpine. Disponible pour la location, les s\u00e9ances photos et les tournages.\" \/>\n<meta property=\"og:url\" content=\"https:\/\/www.jgclassics.com\/fr\/nos-vehicules\/bmw-323i-e21\/\" \/>\n<meta property=\"og:site_name\" content=\"JG Classics : L&#039;\u00e9motion du voyage dans le temps\" \/>\n<meta property=\"article:publisher\" content=\"https:\/\/www.facebook.com\/profile.php?id=100086454427345\" \/>\n<meta property=\"article:modified_time\" content=\"2023-10-22T07:22:52+00:00\" \/>\n<meta property=\"og:image\" content=\"https:\/\/www.jgclassics.com\/wp-content\/uploads\/2023\/05\/20230506_203010-1024x576.jpg\" \/>\n<meta name=\"twitter:card\" content=\"summary_large_image\" \/>\n<meta name=\"twitter:image\" content=\"https:\/\/www.jgclassics.com\/wp-content\/uploads\/2023\/05\/20230506_203010-1024x576.jpg\" \/>\n<meta name=\"twitter:label1\" content=\"Dur\u00e9e de lecture estim\u00e9e\" \/>\n\t<meta name=\"twitter:data1\" content=\"14 minutes\" \/>\n<script type=\"application\/ld+json\" class=\"yoast-schema-graph\">{\"@context\":\"https:\\\/\\\/schema.org\",\"@graph\":[{\"@type\":\"WebPage\",\"@id\":\"https:\\\/\\\/www.jgclassics.com\\\/fr\\\/nos-vehicules\\\/bmw-323i-e21\\\/\",\"url\":\"https:\\\/\\\/www.jgclassics.com\\\/fr\\\/nos-vehicules\\\/bmw-323i-e21\\\/\",\"name\":\"BMW 323i E21 - JG Classics : L'\u00e9motion du voyage dans le temps\",\"isPartOf\":{\"@id\":\"https:\\\/\\\/www.jgclassics.com\\\/fr\\\/#website\"},\"primaryImageOfPage\":{\"@id\":\"https:\\\/\\\/www.jgclassics.com\\\/fr\\\/nos-vehicules\\\/bmw-323i-e21\\\/#primaryimage\"},\"image\":{\"@id\":\"https:\\\/\\\/www.jgclassics.com\\\/fr\\\/nos-vehicules\\\/bmw-323i-e21\\\/#primaryimage\"},\"thumbnailUrl\":\"https:\\\/\\\/www.jgclassics.com\\\/wp-content\\\/uploads\\\/2023\\\/05\\\/20230506_203010-scaled.jpg\",\"datePublished\":\"2022-11-29T01:32:25+00:00\",\"dateModified\":\"2023-10-22T07:22:52+00:00\",\"description\":\"BMW s\u00e9rie 3, 323i E21 - Premi\u00e8re g\u00e9n\u00e9ration de la s\u00e9rie 3 apr\u00e8s la l\u00e9gendaire 2002. Moteur M20 2300 6 cylindres \u00e0 injection K-Jetronic. Enti\u00e8rement r\u00e9nov\u00e9 au niveau de la carrosserie, de la peinture et de l'int\u00e9rieur. D\u00e9coration alpine. Disponible pour la location, les s\u00e9ances photos et les tournages.\",\"breadcrumb\":{\"@id\":\"https:\\\/\\\/www.jgclassics.com\\\/fr\\\/nos-vehicules\\\/bmw-323i-e21\\\/#breadcrumb\"},\"inLanguage\":\"fr-FR\",\"potentialAction\":[{\"@type\":\"ReadAction\",\"target\":[\"https:\\\/\\\/www.jgclassics.com\\\/fr\\\/nos-vehicules\\\/bmw-323i-e21\\\/\"]}]},{\"@type\":\"ImageObject\",\"inLanguage\":\"fr-FR\",\"@id\":\"https:\\\/\\\/www.jgclassics.com\\\/fr\\\/nos-vehicules\\\/bmw-323i-e21\\\/#primaryimage\",\"url\":\"https:\\\/\\\/www.jgclassics.com\\\/wp-content\\\/uploads\\\/2023\\\/05\\\/20230506_203010-scaled.jpg\",\"contentUrl\":\"https:\\\/\\\/www.jgclassics.com\\\/wp-content\\\/uploads\\\/2023\\\/05\\\/20230506_203010-scaled.jpg\",\"width\":2560,\"height\":1440,\"caption\":\"BMW 323i E21 Barcelona - Alpina decoration\"},{\"@type\":\"BreadcrumbList\",\"@id\":\"https:\\\/\\\/www.jgclassics.com\\\/fr\\\/nos-vehicules\\\/bmw-323i-e21\\\/#breadcrumb\",\"itemListElement\":[{\"@type\":\"ListItem\",\"position\":1,\"name\":\"Inicio\",\"item\":\"https:\\\/\\\/www.jgclassics.com\\\/fr\\\/jg-classics-des-voitures-classiques-et-historiques-pour-voyager-dans-le-temps\\\/\"},{\"@type\":\"ListItem\",\"position\":2,\"name\":\"Nos v\u00e9hicules\",\"item\":\"https:\\\/\\\/www.jgclassics.com\\\/fr\\\/nos-vehicules\\\/\"},{\"@type\":\"ListItem\",\"position\":3,\"name\":\"BMW 323i E21\"}]},{\"@type\":\"WebSite\",\"@id\":\"https:\\\/\\\/www.jgclassics.com\\\/fr\\\/#website\",\"url\":\"https:\\\/\\\/www.jgclassics.com\\\/fr\\\/\",\"name\":\"JG Classics : L'\u00e9motion du voyage dans le temps\",\"description\":\"Voitures anciennes, voitures historiques : Location, accompagnement aux restaurations, informations techniques et achat de mat\u00e9riel\",\"publisher\":{\"@id\":\"https:\\\/\\\/www.jgclassics.com\\\/fr\\\/#organization\"},\"alternateName\":\"JG Classics - Coches cl\u00e1sicos e hist\u00f3ricos - Alquiler, blogs, informaci\u00f3n, art\u00edculos\",\"potentialAction\":[{\"@type\":\"SearchAction\",\"target\":{\"@type\":\"EntryPoint\",\"urlTemplate\":\"https:\\\/\\\/www.jgclassics.com\\\/fr\\\/?s={search_term_string}\"},\"query-input\":{\"@type\":\"PropertyValueSpecification\",\"valueRequired\":true,\"valueName\":\"search_term_string\"}}],\"inLanguage\":\"fr-FR\"},{\"@type\":\"Organization\",\"@id\":\"https:\\\/\\\/www.jgclassics.com\\\/fr\\\/#organization\",\"name\":\"JG Classics : L'\u00e9motion du voyage dans le temps\",\"alternateName\":\"JG Classics\",\"url\":\"https:\\\/\\\/www.jgclassics.com\\\/fr\\\/\",\"logo\":{\"@type\":\"ImageObject\",\"inLanguage\":\"fr-FR\",\"@id\":\"https:\\\/\\\/www.jgclassics.com\\\/fr\\\/#\\\/schema\\\/logo\\\/image\\\/\",\"url\":\"https:\\\/\\\/www.jgclassics.com\\\/wp-content\\\/uploads\\\/2022\\\/10\\\/Color-logo-with-background.svg\",\"contentUrl\":\"https:\\\/\\\/www.jgclassics.com\\\/wp-content\\\/uploads\\\/2022\\\/10\\\/Color-logo-with-background.svg\",\"width\":3171,\"height\":2303,\"caption\":\"JG Classics : L'\u00e9motion du voyage dans le temps\"},\"image\":{\"@id\":\"https:\\\/\\\/www.jgclassics.com\\\/fr\\\/#\\\/schema\\\/logo\\\/image\\\/\"},\"sameAs\":[\"https:\\\/\\\/www.facebook.com\\\/profile.php?id=100086454427345\"]}]}<\/script>\n<!-- \/ Yoast SEO Premium plugin. -->","yoast_head_json":{"title":"BMW 323i E21 - JG Classics : L'\u00e9motion du voyage dans le temps","description":"BMW s\u00e9rie 3, 323i E21 - Premi\u00e8re g\u00e9n\u00e9ration de la s\u00e9rie 3 apr\u00e8s la l\u00e9gendaire 2002. Moteur M20 2300 6 cylindres \u00e0 injection K-Jetronic. Enti\u00e8rement r\u00e9nov\u00e9 au niveau de la carrosserie, de la peinture et de l'int\u00e9rieur. D\u00e9coration alpine. Disponible pour la location, les s\u00e9ances photos et les tournages.","robots":{"index":"index","follow":"follow","max-snippet":"max-snippet:-1","max-image-preview":"max-image-preview:large","max-video-preview":"max-video-preview:-1"},"canonical":"https:\/\/www.jgclassics.com\/fr\/nos-vehicules\/bmw-323i-e21\/","og_locale":"fr_FR","og_type":"article","og_title":"BMW 323i E21","og_description":"BMW s\u00e9rie 3, 323i E21 - Premi\u00e8re g\u00e9n\u00e9ration de la s\u00e9rie 3 apr\u00e8s la l\u00e9gendaire 2002. Moteur M20 2300 6 cylindres \u00e0 injection K-Jetronic. Enti\u00e8rement r\u00e9nov\u00e9 au niveau de la carrosserie, de la peinture et de l'int\u00e9rieur. D\u00e9coration alpine. Disponible pour la location, les s\u00e9ances photos et les tournages.","og_url":"https:\/\/www.jgclassics.com\/fr\/nos-vehicules\/bmw-323i-e21\/","og_site_name":"JG Classics : L'\u00e9motion du voyage dans le temps","article_publisher":"https:\/\/www.facebook.com\/profile.php?id=100086454427345","article_modified_time":"2023-10-22T07:22:52+00:00","og_image":[{"url":"https:\/\/www.jgclassics.com\/wp-content\/uploads\/2023\/05\/20230506_203010-1024x576.jpg","type":"","width":"","height":""}],"twitter_card":"summary_large_image","twitter_image":"https:\/\/www.jgclassics.com\/wp-content\/uploads\/2023\/05\/20230506_203010-1024x576.jpg","twitter_misc":{"Dur\u00e9e de lecture estim\u00e9e":"14 minutes"},"schema":{"@context":"https:\/\/schema.org","@graph":[{"@type":"WebPage","@id":"https:\/\/www.jgclassics.com\/fr\/nos-vehicules\/bmw-323i-e21\/","url":"https:\/\/www.jgclassics.com\/fr\/nos-vehicules\/bmw-323i-e21\/","name":"BMW 323i E21 - JG Classics : L'\u00e9motion du voyage dans le temps","isPartOf":{"@id":"https:\/\/www.jgclassics.com\/fr\/#website"},"primaryImageOfPage":{"@id":"https:\/\/www.jgclassics.com\/fr\/nos-vehicules\/bmw-323i-e21\/#primaryimage"},"image":{"@id":"https:\/\/www.jgclassics.com\/fr\/nos-vehicules\/bmw-323i-e21\/#primaryimage"},"thumbnailUrl":"https:\/\/www.jgclassics.com\/wp-content\/uploads\/2023\/05\/20230506_203010-scaled.jpg","datePublished":"2022-11-29T01:32:25+00:00","dateModified":"2023-10-22T07:22:52+00:00","description":"BMW s\u00e9rie 3, 323i E21 - Premi\u00e8re g\u00e9n\u00e9ration de la s\u00e9rie 3 apr\u00e8s la l\u00e9gendaire 2002. Moteur M20 2300 6 cylindres \u00e0 injection K-Jetronic. Enti\u00e8rement r\u00e9nov\u00e9 au niveau de la carrosserie, de la peinture et de l'int\u00e9rieur. D\u00e9coration alpine. Disponible pour la location, les s\u00e9ances photos et les tournages.","breadcrumb":{"@id":"https:\/\/www.jgclassics.com\/fr\/nos-vehicules\/bmw-323i-e21\/#breadcrumb"},"inLanguage":"fr-FR","potentialAction":[{"@type":"ReadAction","target":["https:\/\/www.jgclassics.com\/fr\/nos-vehicules\/bmw-323i-e21\/"]}]},{"@type":"ImageObject","inLanguage":"fr-FR","@id":"https:\/\/www.jgclassics.com\/fr\/nos-vehicules\/bmw-323i-e21\/#primaryimage","url":"https:\/\/www.jgclassics.com\/wp-content\/uploads\/2023\/05\/20230506_203010-scaled.jpg","contentUrl":"https:\/\/www.jgclassics.com\/wp-content\/uploads\/2023\/05\/20230506_203010-scaled.jpg","width":2560,"height":1440,"caption":"BMW 323i E21 Barcelona - Alpina decoration"},{"@type":"BreadcrumbList","@id":"https:\/\/www.jgclassics.com\/fr\/nos-vehicules\/bmw-323i-e21\/#breadcrumb","itemListElement":[{"@type":"ListItem","position":1,"name":"Inicio","item":"https:\/\/www.jgclassics.com\/fr\/jg-classics-des-voitures-classiques-et-historiques-pour-voyager-dans-le-temps\/"},{"@type":"ListItem","position":2,"name":"Nos v\u00e9hicules","item":"https:\/\/www.jgclassics.com\/fr\/nos-vehicules\/"},{"@type":"ListItem","position":3,"name":"BMW 323i E21"}]},{"@type":"WebSite","@id":"https:\/\/www.jgclassics.com\/fr\/#website","url":"https:\/\/www.jgclassics.com\/fr\/","name":"JG Classics : L'\u00e9motion du voyage dans le temps","description":"Voitures anciennes, voitures historiques : Location, accompagnement aux restaurations, informations techniques et achat de mat\u00e9riel","publisher":{"@id":"https:\/\/www.jgclassics.com\/fr\/#organization"},"alternateName":"JG Classics - Coches cl\u00e1sicos e hist\u00f3ricos - Alquiler, blogs, informaci\u00f3n, art\u00edculos","potentialAction":[{"@type":"SearchAction","target":{"@type":"EntryPoint","urlTemplate":"https:\/\/www.jgclassics.com\/fr\/?s={search_term_string}"},"query-input":{"@type":"PropertyValueSpecification","valueRequired":true,"valueName":"search_term_string"}}],"inLanguage":"fr-FR"},{"@type":"Organization","@id":"https:\/\/www.jgclassics.com\/fr\/#organization","name":"JG Classics : L'\u00e9motion du voyage dans le temps","alternateName":"JG Classics","url":"https:\/\/www.jgclassics.com\/fr\/","logo":{"@type":"ImageObject","inLanguage":"fr-FR","@id":"https:\/\/www.jgclassics.com\/fr\/#\/schema\/logo\/image\/","url":"https:\/\/www.jgclassics.com\/wp-content\/uploads\/2022\/10\/Color-logo-with-background.svg","contentUrl":"https:\/\/www.jgclassics.com\/wp-content\/uploads\/2022\/10\/Color-logo-with-background.svg","width":3171,"height":2303,"caption":"JG Classics : L'\u00e9motion du voyage dans le temps"},"image":{"@id":"https:\/\/www.jgclassics.com\/fr\/#\/schema\/logo\/image\/"},"sameAs":["https:\/\/www.facebook.com\/profile.php?id=100086454427345"]}]}},"_links":{"self":[{"href":"https:\/\/www.jgclassics.com\/fr\/wp-json\/wp\/v2\/pages\/15229","targetHints":{"allow":["GET"]}}],"collection":[{"href":"https:\/\/www.jgclassics.com\/fr\/wp-json\/wp\/v2\/pages"}],"about":[{"href":"https:\/\/www.jgclassics.com\/fr\/wp-json\/wp\/v2\/types\/page"}],"author":[{"embeddable":true,"href":"https:\/\/www.jgclassics.com\/fr\/wp-json\/wp\/v2\/users\/2"}],"replies":[{"embeddable":true,"href":"https:\/\/www.jgclassics.com\/fr\/wp-json\/wp\/v2\/comments?post=15229"}],"version-history":[{"count":2,"href":"https:\/\/www.jgclassics.com\/fr\/wp-json\/wp\/v2\/pages\/15229\/revisions"}],"predecessor-version":[{"id":18762,"href":"https:\/\/www.jgclassics.com\/fr\/wp-json\/wp\/v2\/pages\/15229\/revisions\/18762"}],"up":[{"embeddable":true,"href":"https:\/\/www.jgclassics.com\/fr\/wp-json\/wp\/v2\/pages\/15190"}],"wp:featuredmedia":[{"embeddable":true,"href":"https:\/\/www.jgclassics.com\/fr\/wp-json\/wp\/v2\/media\/13904"}],"wp:attachment":[{"href":"https:\/\/www.jgclassics.com\/fr\/wp-json\/wp\/v2\/media?parent=15229"}],"curies":[{"name":"wp","href":"https:\/\/api.w.org\/{rel}","templated":true}]}}