{"id":15239,"date":"2022-11-29T02:13:17","date_gmt":"2022-11-29T01:13:17","guid":{"rendered":"https:\/\/www.jgclassics.com\/nos-vehicules\/renault-4cv\/"},"modified":"2023-10-22T09:30:31","modified_gmt":"2023-10-22T07:30:31","slug":"renault-4cv","status":"publish","type":"page","link":"https:\/\/www.jgclassics.com\/fr\/nos-vehicules\/renault-4cv\/","title":{"rendered":"Renault 4CV"},"content":{"rendered":"\t\t<div data-elementor-type=\"wp-page\" data-elementor-id=\"15239\" class=\"elementor elementor-15239 elementor-6520\" data-elementor-post-type=\"page\">\n\t\t\t\t\t\t<section data-particle_enable=\"false\" data-particle-mobile-disabled=\"false\" class=\"elementor-section elementor-top-section elementor-element elementor-element-f076371 elementor-section-boxed elementor-section-height-default elementor-section-height-default\" data-id=\"f076371\" data-element_type=\"section\" data-e-type=\"section\">\n\t\t\t\t\t\t<div class=\"elementor-container elementor-column-gap-default\">\n\t\t\t\t\t<div class=\"elementor-column elementor-col-100 elementor-top-column elementor-element elementor-element-5e99b37\" data-id=\"5e99b37\" data-element_type=\"column\" data-e-type=\"column\">\n\t\t\t<div class=\"elementor-widget-wrap elementor-element-populated\">\n\t\t\t\t\t\t<div class=\"elementor-element elementor-element-1b113f0 elementor-widget elementor-widget-breadcrumbs\" data-id=\"1b113f0\" data-element_type=\"widget\" data-e-type=\"widget\" data-widget_type=\"breadcrumbs.default\">\n\t\t\t\t<div class=\"elementor-widget-container\">\n\t\t\t\t\t<p id=\"breadcrumbs\"><span><span><a href=\"https:\/\/www.jgclassics.com\/fr\/jg-classics-des-voitures-classiques-et-historiques-pour-voyager-dans-le-temps\/\">Inicio<\/a><\/span><\/span><\/p>\t\t\t\t<\/div>\n\t\t\t\t<\/div>\n\t\t\t\t\t<\/div>\n\t\t<\/div>\n\t\t\t\t\t<\/div>\n\t\t<\/section>\n\t\t\t\t<section data-particle_enable=\"false\" data-particle-mobile-disabled=\"false\" class=\"elementor-section elementor-top-section elementor-element elementor-element-2c05f0e elementor-section-boxed elementor-section-height-default elementor-section-height-default\" data-id=\"2c05f0e\" data-element_type=\"section\" data-e-type=\"section\">\n\t\t\t\t\t\t<div class=\"elementor-container elementor-column-gap-default\">\n\t\t\t\t\t<div class=\"elementor-column elementor-col-100 elementor-top-column elementor-element elementor-element-e5f9a0c\" data-id=\"e5f9a0c\" data-element_type=\"column\" data-e-type=\"column\">\n\t\t\t<div class=\"elementor-widget-wrap elementor-element-populated\">\n\t\t\t\t\t\t<div class=\"elementor-element elementor-element-f4b0867 elementor-widget elementor-widget-wpml-language-switcher\" data-id=\"f4b0867\" data-element_type=\"widget\" data-e-type=\"widget\" data-widget_type=\"wpml-language-switcher.default\">\n\t\t\t\t<div class=\"elementor-widget-container\">\n\t\t\t\t\t<div class=\"wpml-elementor-ls\">\n<div role=\"navigation\" aria-label=\"S\u00e9lecteur de langue\" class=\"wpml-ls-statics-shortcode_actions wpml-ls wpml-ls-legacy-list-horizontal\">\n\t<ul><li class=\"wpml-ls-slot-shortcode_actions wpml-ls-item wpml-ls-item-es wpml-ls-first-item wpml-ls-item-legacy-list-horizontal\">\n\t\t\t\t<a href=\"https:\/\/www.jgclassics.com\/\" hreflang=\"es\" lang=\"es\" class=\"wpml-ls-link\" aria-label=\"Passer \u00e0 Espagnol (Espa\u00f1ol)\" title=\"Passer \u00e0 Espagnol (Espa\u00f1ol)\">\n\t\t\t\t\t                                    <img decoding=\"async\"\n            class=\"wpml-ls-flag\"\n            src=\"https:\/\/www.jgclassics.com\/wp-content\/plugins\/sitepress-multilingual-cms\/res\/flags\/es.svg\"\n            alt=\"\"\n            loading=\"lazy\"\n            width=18\n            height=12\n    \/><span class=\"wpml-ls-native\">Espa\u00f1ol<\/span><span class=\"wpml-ls-display\"><span class=\"wpml-ls-bracket\"> (<\/span>Espagnol<span class=\"wpml-ls-bracket\">)<\/span><\/span><\/a>\n\t\t\t<\/li><li class=\"wpml-ls-slot-shortcode_actions wpml-ls-item wpml-ls-item-ca wpml-ls-item-legacy-list-horizontal\">\n\t\t\t\t<a href=\"https:\/\/www.jgclassics.com\/ca\/\" hreflang=\"ca\" lang=\"ca\" class=\"wpml-ls-link\" aria-label=\"Passer \u00e0 Catalan (Catal\u00e0)\" title=\"Passer \u00e0 Catalan (Catal\u00e0)\">\n\t\t\t\t\t                                    <img decoding=\"async\"\n            class=\"wpml-ls-flag\"\n            src=\"https:\/\/www.jgclassics.com\/wp-content\/plugins\/sitepress-multilingual-cms\/res\/flags\/ca.svg\"\n            alt=\"\"\n            loading=\"lazy\"\n            width=18\n            height=12\n    \/><span class=\"wpml-ls-native\">Catal\u00e0<\/span><span class=\"wpml-ls-display\"><span class=\"wpml-ls-bracket\"> (<\/span>Catalan<span class=\"wpml-ls-bracket\">)<\/span><\/span><\/a>\n\t\t\t<\/li><li class=\"wpml-ls-slot-shortcode_actions wpml-ls-item wpml-ls-item-en wpml-ls-item-legacy-list-horizontal\">\n\t\t\t\t<a href=\"https:\/\/www.jgclassics.com\/en\/\" hreflang=\"en\" lang=\"en\" class=\"wpml-ls-link\" aria-label=\"Passer \u00e0 Anglais (English)\" title=\"Passer \u00e0 Anglais (English)\">\n\t\t\t\t\t                                    <img decoding=\"async\"\n            class=\"wpml-ls-flag\"\n            src=\"https:\/\/www.jgclassics.com\/wp-content\/plugins\/sitepress-multilingual-cms\/res\/flags\/en.svg\"\n            alt=\"\"\n            loading=\"lazy\"\n            width=18\n            height=12\n    \/><span class=\"wpml-ls-native\">English<\/span><span class=\"wpml-ls-display\"><span class=\"wpml-ls-bracket\"> (<\/span>Anglais<span class=\"wpml-ls-bracket\">)<\/span><\/span><\/a>\n\t\t\t<\/li><li class=\"wpml-ls-slot-shortcode_actions wpml-ls-item wpml-ls-item-fr wpml-ls-current-language wpml-ls-last-item wpml-ls-item-legacy-list-horizontal\">\n\t\t\t\t<a href=\"https:\/\/www.jgclassics.com\/fr\/\" hreflang=\"fr\" lang=\"fr\" class=\"wpml-ls-link\" aria-current=\"page\" aria-label=\"Passer \u00e0 Fran\u00e7ais (Fran\u00e7ais)\" title=\"Passer \u00e0 Fran\u00e7ais (Fran\u00e7ais)\">\n\t\t\t\t\t                                    <img decoding=\"async\"\n            class=\"wpml-ls-flag\"\n            src=\"https:\/\/www.jgclassics.com\/wp-content\/plugins\/sitepress-multilingual-cms\/res\/flags\/fr.svg\"\n            alt=\"\"\n            loading=\"lazy\"\n            width=18\n            height=12\n    \/><span class=\"wpml-ls-native\">Fran\u00e7ais<\/span><\/a>\n\t\t\t<\/li><\/ul>\n<\/div>\n<\/div>\t\t\t\t<\/div>\n\t\t\t\t<\/div>\n\t\t\t\t\t<\/div>\n\t\t<\/div>\n\t\t\t\t\t<\/div>\n\t\t<\/section>\n\t\t\t\t<section data-particle_enable=\"false\" data-particle-mobile-disabled=\"false\" class=\"elementor-section elementor-top-section elementor-element elementor-element-0409309 elementor-section-boxed elementor-section-height-default elementor-section-height-default\" data-id=\"0409309\" data-element_type=\"section\" data-e-type=\"section\">\n\t\t\t\t\t\t<div class=\"elementor-container elementor-column-gap-default\">\n\t\t\t\t\t<div class=\"elementor-column elementor-col-50 elementor-top-column elementor-element elementor-element-b9b9b9b\" data-id=\"b9b9b9b\" data-element_type=\"column\" data-e-type=\"column\">\n\t\t\t<div class=\"elementor-widget-wrap elementor-element-populated\">\n\t\t\t\t\t\t<div class=\"elementor-element elementor-element-e16b20b elementor-widget elementor-widget-text-editor\" data-id=\"e16b20b\" data-element_type=\"widget\" data-e-type=\"widget\" data-widget_type=\"text-editor.default\">\n\t\t\t\t<div class=\"elementor-widget-container\">\n\t\t\t\t\t\t\t\t\t<p>Partager en :<\/p>\n\t\t\t\t\t\t\t\t<\/div>\n\t\t\t\t<\/div>\n\t\t\t\t\t<\/div>\n\t\t<\/div>\n\t\t\t\t<div class=\"elementor-column elementor-col-50 elementor-top-column elementor-element elementor-element-0f88baa\" data-id=\"0f88baa\" data-element_type=\"column\" data-e-type=\"column\">\n\t\t\t<div class=\"elementor-widget-wrap elementor-element-populated\">\n\t\t\t\t\t\t<div class=\"elementor-element elementor-element-1b03dbe elementor-share-buttons--view-icon elementor-share-buttons--skin-gradient elementor-share-buttons--shape-square elementor-grid-0 elementor-share-buttons--color-official elementor-widget elementor-widget-share-buttons\" data-id=\"1b03dbe\" data-element_type=\"widget\" data-e-type=\"widget\" data-widget_type=\"share-buttons.default\">\n\t\t\t\t<div class=\"elementor-widget-container\">\n\t\t\t\t\t\t\t<div class=\"elementor-grid\" role=\"list\">\n\t\t\t\t\t\t\t\t<div class=\"elementor-grid-item\" role=\"listitem\">\n\t\t\t\t\t\t<div class=\"elementor-share-btn elementor-share-btn_facebook\" role=\"button\" tabindex=\"0\" aria-label=\"Partager sur facebook\">\n\t\t\t\t\t\t\t\t\t\t\t\t\t\t\t<span class=\"elementor-share-btn__icon\">\n\t\t\t\t\t\t\t\t<i class=\"fab fa-facebook\" aria-hidden=\"true\"><\/i>\t\t\t\t\t\t\t<\/span>\n\t\t\t\t\t\t\t\t\t\t\t\t\t\t\t\t\t\t\t\t<\/div>\n\t\t\t\t\t<\/div>\n\t\t\t\t\t\t\t\t\t<div class=\"elementor-grid-item\" role=\"listitem\">\n\t\t\t\t\t\t<div class=\"elementor-share-btn elementor-share-btn_pinterest\" role=\"button\" tabindex=\"0\" aria-label=\"Partager sur pinterest\">\n\t\t\t\t\t\t\t\t\t\t\t\t\t\t\t<span class=\"elementor-share-btn__icon\">\n\t\t\t\t\t\t\t\t<i class=\"fab fa-pinterest\" aria-hidden=\"true\"><\/i>\t\t\t\t\t\t\t<\/span>\n\t\t\t\t\t\t\t\t\t\t\t\t\t\t\t\t\t\t\t\t<\/div>\n\t\t\t\t\t<\/div>\n\t\t\t\t\t\t\t\t\t<div class=\"elementor-grid-item\" role=\"listitem\">\n\t\t\t\t\t\t<div class=\"elementor-share-btn elementor-share-btn_linkedin\" role=\"button\" tabindex=\"0\" aria-label=\"Partager sur linkedin\">\n\t\t\t\t\t\t\t\t\t\t\t\t\t\t\t<span class=\"elementor-share-btn__icon\">\n\t\t\t\t\t\t\t\t<i class=\"fab fa-linkedin\" aria-hidden=\"true\"><\/i>\t\t\t\t\t\t\t<\/span>\n\t\t\t\t\t\t\t\t\t\t\t\t\t\t\t\t\t\t\t\t<\/div>\n\t\t\t\t\t<\/div>\n\t\t\t\t\t\t\t\t\t<div class=\"elementor-grid-item\" role=\"listitem\">\n\t\t\t\t\t\t<div class=\"elementor-share-btn elementor-share-btn_whatsapp\" role=\"button\" tabindex=\"0\" aria-label=\"Partager sur whatsapp\">\n\t\t\t\t\t\t\t\t\t\t\t\t\t\t\t<span class=\"elementor-share-btn__icon\">\n\t\t\t\t\t\t\t\t<i class=\"fab fa-whatsapp\" aria-hidden=\"true\"><\/i>\t\t\t\t\t\t\t<\/span>\n\t\t\t\t\t\t\t\t\t\t\t\t\t\t\t\t\t\t\t\t<\/div>\n\t\t\t\t\t<\/div>\n\t\t\t\t\t\t\t\t\t<div class=\"elementor-grid-item\" role=\"listitem\">\n\t\t\t\t\t\t<div class=\"elementor-share-btn elementor-share-btn_email\" role=\"button\" tabindex=\"0\" aria-label=\"Partager sur email\">\n\t\t\t\t\t\t\t\t\t\t\t\t\t\t\t<span class=\"elementor-share-btn__icon\">\n\t\t\t\t\t\t\t\t<i class=\"fas fa-envelope\" aria-hidden=\"true\"><\/i>\t\t\t\t\t\t\t<\/span>\n\t\t\t\t\t\t\t\t\t\t\t\t\t\t\t\t\t\t\t\t<\/div>\n\t\t\t\t\t<\/div>\n\t\t\t\t\t\t<\/div>\n\t\t\t\t\t\t<\/div>\n\t\t\t\t<\/div>\n\t\t\t\t\t<\/div>\n\t\t<\/div>\n\t\t\t\t\t<\/div>\n\t\t<\/section>\n\t\t\t\t<section data-particle_enable=\"false\" data-particle-mobile-disabled=\"false\" class=\"elementor-section elementor-top-section elementor-element elementor-element-d1548aa elementor-section-boxed elementor-section-height-default elementor-section-height-default\" data-id=\"d1548aa\" data-element_type=\"section\" data-e-type=\"section\">\n\t\t\t\t\t\t<div class=\"elementor-container elementor-column-gap-default\">\n\t\t\t\t\t<div class=\"elementor-column elementor-col-100 elementor-top-column elementor-element elementor-element-877db54\" data-id=\"877db54\" data-element_type=\"column\" data-e-type=\"column\">\n\t\t\t<div class=\"elementor-widget-wrap elementor-element-populated\">\n\t\t\t\t\t\t<div class=\"elementor-element elementor-element-eafbe24 elementor-widget elementor-widget-heading\" data-id=\"eafbe24\" data-element_type=\"widget\" data-e-type=\"widget\" data-widget_type=\"heading.default\">\n\t\t\t\t<div class=\"elementor-widget-container\">\n\t\t\t\t\t<h1 class=\"elementor-heading-title elementor-size-default\">Renault 4CV (Renault 4\/4)<\/h1>\t\t\t\t<\/div>\n\t\t\t\t<\/div>\n\t\t\t\t\t<\/div>\n\t\t<\/div>\n\t\t\t\t\t<\/div>\n\t\t<\/section>\n\t\t\t\t<section data-particle_enable=\"false\" data-particle-mobile-disabled=\"false\" class=\"elementor-section elementor-top-section elementor-element elementor-element-68ed9d6 elementor-section-boxed elementor-section-height-default elementor-section-height-default\" data-id=\"68ed9d6\" data-element_type=\"section\" data-e-type=\"section\">\n\t\t\t\t\t\t<div class=\"elementor-container elementor-column-gap-default\">\n\t\t\t\t\t<div class=\"elementor-column elementor-col-100 elementor-top-column elementor-element elementor-element-1e9e3b3\" data-id=\"1e9e3b3\" data-element_type=\"column\" data-e-type=\"column\">\n\t\t\t<div class=\"elementor-widget-wrap elementor-element-populated\">\n\t\t\t\t\t\t<div class=\"elementor-element elementor-element-0c9d04f elementor-widget elementor-widget-text-editor\" data-id=\"0c9d04f\" data-element_type=\"widget\" data-e-type=\"widget\" data-widget_type=\"text-editor.default\">\n\t\t\t\t<div class=\"elementor-widget-container\">\n\t\t\t\t\t\t\t\t\t<p>Origine : France 1958<\/p>\n\t\t\t\t\t\t\t\t<\/div>\n\t\t\t\t<\/div>\n\t\t\t\t\t<\/div>\n\t\t<\/div>\n\t\t\t\t\t<\/div>\n\t\t<\/section>\n\t\t\t\t<section data-particle_enable=\"false\" data-particle-mobile-disabled=\"false\" class=\"elementor-section elementor-top-section elementor-element elementor-element-568e7b5 elementor-section-boxed elementor-section-height-default elementor-section-height-default\" data-id=\"568e7b5\" data-element_type=\"section\" data-e-type=\"section\">\n\t\t\t\t\t\t<div class=\"elementor-container elementor-column-gap-default\">\n\t\t\t\t\t<div class=\"elementor-column elementor-col-100 elementor-top-column elementor-element elementor-element-51b20a7\" data-id=\"51b20a7\" data-element_type=\"column\" data-e-type=\"column\">\n\t\t\t<div class=\"elementor-widget-wrap elementor-element-populated\">\n\t\t\t\t\t\t<div class=\"elementor-element elementor-element-47014d0 elementor-widget elementor-widget-image\" data-id=\"47014d0\" data-element_type=\"widget\" data-e-type=\"widget\" data-widget_type=\"image.default\">\n\t\t\t\t<div class=\"elementor-widget-container\">\n\t\t\t\t\t\t\t\t\t\t\t\t\t\t\t<img fetchpriority=\"high\" decoding=\"async\" width=\"2560\" height=\"932\" src=\"https:\/\/www.jgclassics.com\/wp-content\/uploads\/2023\/03\/landsape_20230305_132725-scaled.jpg\" class=\"attachment-full size-full wp-image-12821\" alt=\"Renault 4CV\" srcset=\"https:\/\/www.jgclassics.com\/wp-content\/uploads\/2023\/03\/landsape_20230305_132725-scaled.jpg 2560w, https:\/\/www.jgclassics.com\/wp-content\/uploads\/2023\/03\/landsape_20230305_132725-300x109.jpg 300w, https:\/\/www.jgclassics.com\/wp-content\/uploads\/2023\/03\/landsape_20230305_132725-1024x373.jpg 1024w, https:\/\/www.jgclassics.com\/wp-content\/uploads\/2023\/03\/landsape_20230305_132725-768x279.jpg 768w, https:\/\/www.jgclassics.com\/wp-content\/uploads\/2023\/03\/landsape_20230305_132725-1536x559.jpg 1536w, https:\/\/www.jgclassics.com\/wp-content\/uploads\/2023\/03\/landsape_20230305_132725-2048x745.jpg 2048w\" sizes=\"(max-width: 2560px) 100vw, 2560px\" \/>\t\t\t\t\t\t\t\t\t\t\t\t\t\t\t<\/div>\n\t\t\t\t<\/div>\n\t\t\t\t\t<\/div>\n\t\t<\/div>\n\t\t\t\t\t<\/div>\n\t\t<\/section>\n\t\t\t\t<section data-particle_enable=\"false\" data-particle-mobile-disabled=\"false\" class=\"elementor-section elementor-top-section elementor-element elementor-element-ba4df58 elementor-section-boxed elementor-section-height-default elementor-section-height-default\" data-id=\"ba4df58\" data-element_type=\"section\" data-e-type=\"section\">\n\t\t\t\t\t\t<div class=\"elementor-container elementor-column-gap-default\">\n\t\t\t\t\t<div class=\"elementor-column elementor-col-100 elementor-top-column elementor-element elementor-element-cb42b1e\" data-id=\"cb42b1e\" data-element_type=\"column\" data-e-type=\"column\">\n\t\t\t<div class=\"elementor-widget-wrap elementor-element-populated\">\n\t\t\t\t\t\t<div class=\"elementor-element elementor-element-00eb6a3 elementor-widget elementor-widget-text-editor\" data-id=\"00eb6a3\" data-element_type=\"widget\" data-e-type=\"widget\" data-widget_type=\"text-editor.default\">\n\t\t\t\t<div class=\"elementor-widget-container\">\n\t\t\t\t\t\t\t\t\t<p>Renault 4CV (Renault 4\/4). Notre Renault 4CV (ou 4\/4) est une unit\u00e9 immatricul\u00e9e en France en 1958 (nous ne connaissons pas la ville mais nous essayons de la d\u00e9couvrir). Il s&#8217;agit du mod\u00e8le SPORT, dont le moteur Ventoux d\u00e9livre une puissance de 21 CV.<\/p>\n\t\t\t\t\t\t\t\t<\/div>\n\t\t\t\t<\/div>\n\t\t\t\t\t<\/div>\n\t\t<\/div>\n\t\t\t\t\t<\/div>\n\t\t<\/section>\n\t\t\t\t<section data-particle_enable=\"false\" data-particle-mobile-disabled=\"false\" class=\"elementor-section elementor-top-section elementor-element elementor-element-5002c93 elementor-section-boxed elementor-section-height-default elementor-section-height-default\" data-id=\"5002c93\" data-element_type=\"section\" data-e-type=\"section\">\n\t\t\t\t\t\t<div class=\"elementor-container elementor-column-gap-default\">\n\t\t\t\t\t<div class=\"elementor-column elementor-col-100 elementor-top-column elementor-element elementor-element-a18ebf8\" data-id=\"a18ebf8\" data-element_type=\"column\" data-e-type=\"column\">\n\t\t\t<div class=\"elementor-widget-wrap elementor-element-populated\">\n\t\t\t\t\t\t<div class=\"elementor-element elementor-element-0b33ce4 elementor-widget__width-inherit e-transform elementor-widget-mobile__width-inherit elementor--h-position-center elementor--v-position-middle elementor-arrows-position-inside elementor-pagination-position-inside elementor-widget elementor-widget-slides\" data-id=\"0b33ce4\" data-element_type=\"widget\" data-e-type=\"widget\" data-settings=\"{&quot;autoplay_speed&quot;:3000,&quot;_transform_scale_effect&quot;:{&quot;unit&quot;:&quot;px&quot;,&quot;size&quot;:0.7,&quot;sizes&quot;:[]},&quot;_transform_scale_effect_mobile&quot;:{&quot;unit&quot;:&quot;px&quot;,&quot;size&quot;:0.28,&quot;sizes&quot;:[]},&quot;navigation&quot;:&quot;both&quot;,&quot;autoplay&quot;:&quot;yes&quot;,&quot;pause_on_hover&quot;:&quot;yes&quot;,&quot;pause_on_interaction&quot;:&quot;yes&quot;,&quot;infinite&quot;:&quot;yes&quot;,&quot;transition&quot;:&quot;slide&quot;,&quot;transition_speed&quot;:500,&quot;_transform_scale_effect_tablet&quot;:{&quot;unit&quot;:&quot;px&quot;,&quot;size&quot;:&quot;&quot;,&quot;sizes&quot;:[]}}\" data-widget_type=\"slides.default\">\n\t\t\t\t<div class=\"elementor-widget-container\">\n\t\t\t\t\t\t\t\t\t<div class=\"elementor-swiper\">\n\t\t\t\t\t<div class=\"elementor-slides-wrapper elementor-main-swiper swiper\" role=\"region\" aria-roledescription=\"carousel\" aria-label=\"Diapositives\" dir=\"ltr\" data-animation=\"fadeInUp\">\n\t\t\t\t<div class=\"swiper-wrapper elementor-slides\">\n\t\t\t\t\t\t\t\t\t\t<div class=\"elementor-repeater-item-7062287 swiper-slide\" role=\"group\" aria-roledescription=\"slide\"><div class=\"swiper-slide-bg\" role=\"img\" aria-label=\"Renault 4CV\"><\/div><div class=\"swiper-slide-inner\" ><div class=\"swiper-slide-contents\"><\/div><\/div><\/div><div class=\"elementor-repeater-item-dd4ff93 swiper-slide\" role=\"group\" aria-roledescription=\"slide\"><div class=\"swiper-slide-bg\" role=\"img\" aria-label=\"Renault 4CV : Int\u00e9rieur du tableau de bord de la console centrale\"><\/div><div class=\"swiper-slide-inner\" ><div class=\"swiper-slide-contents\"><\/div><\/div><\/div><div class=\"elementor-repeater-item-8727ab9 swiper-slide\" role=\"group\" aria-roledescription=\"slide\"><div class=\"swiper-slide-bg\" role=\"img\" aria-label=\"Renault 4CV\"><\/div><div class=\"swiper-slide-inner\" ><div class=\"swiper-slide-contents\"><div class=\"elementor-slide-description\"><p>.<\/p>\n<\/div><\/div><\/div><\/div>\t\t\t\t<\/div>\n\t\t\t\t\t\t\t\t\t\t\t\t\t\t\t<div class=\"elementor-swiper-button elementor-swiper-button-prev\" role=\"button\" tabindex=\"0\" aria-label=\"Diapositive pr\u00e9c\u00e9dente\">\n\t\t\t\t\t\t\t<i aria-hidden=\"true\" class=\"eicon-chevron-left\"><\/i>\t\t\t\t\t\t<\/div>\n\t\t\t\t\t\t<div class=\"elementor-swiper-button elementor-swiper-button-next\" role=\"button\" tabindex=\"0\" aria-label=\"Diapositive suivante\">\n\t\t\t\t\t\t\t<i aria-hidden=\"true\" class=\"eicon-chevron-right\"><\/i>\t\t\t\t\t\t<\/div>\n\t\t\t\t\t\t\t\t\t\t\t\t\t\t\t\t<div class=\"swiper-pagination\"><\/div>\n\t\t\t\t\t\t\t\t\t\t\t\t<\/div>\n\t\t\t\t<\/div>\n\t\t\t\t\t\t\t\t<\/div>\n\t\t\t\t<\/div>\n\t\t\t\t\t<\/div>\n\t\t<\/div>\n\t\t\t\t\t<\/div>\n\t\t<\/section>\n\t\t\t\t<section data-particle_enable=\"false\" data-particle-mobile-disabled=\"false\" class=\"elementor-section elementor-top-section elementor-element elementor-element-2e20e66 elementor-section-boxed elementor-section-height-default elementor-section-height-default\" data-id=\"2e20e66\" data-element_type=\"section\" data-e-type=\"section\">\n\t\t\t\t\t\t<div class=\"elementor-container elementor-column-gap-default\">\n\t\t\t\t\t<div class=\"elementor-column elementor-col-100 elementor-top-column elementor-element elementor-element-9f2f109\" data-id=\"9f2f109\" data-element_type=\"column\" data-e-type=\"column\">\n\t\t\t<div class=\"elementor-widget-wrap elementor-element-populated\">\n\t\t\t\t\t\t<div class=\"elementor-element elementor-element-33eca10 elementor-widget elementor-widget-text-editor\" data-id=\"33eca10\" data-element_type=\"widget\" data-e-type=\"widget\" data-widget_type=\"text-editor.default\">\n\t\t\t\t<div class=\"elementor-widget-container\">\n\t\t\t\t\t\t\t\t\t<p>Il a \u00e9t\u00e9 import\u00e9 en Espagne en 1992 par un professionnel de l&#8217;automobile, qui a entrepris sa premi\u00e8re restauration : Le v\u00e9hicule a \u00e9t\u00e9 repeint : vert \u00e0 l&#8217;origine, il a \u00e9t\u00e9 peint en rouge bordeaux, la couleur qu&#8217;elle a aujourd&#8217;hui. Elle a ensuite \u00e9t\u00e9 retapiss\u00e9 (sols, portes int\u00e9rieures, ciel de toit, et si\u00e8ges).<\/p><\/p>\n\t\t\t\t\t\t\t\t<\/div>\n\t\t\t\t<\/div>\n\t\t\t\t\t<\/div>\n\t\t<\/div>\n\t\t\t\t\t<\/div>\n\t\t<\/section>\n\t\t\t\t<section data-particle_enable=\"false\" data-particle-mobile-disabled=\"false\" class=\"elementor-section elementor-top-section elementor-element elementor-element-cce445e elementor-section-boxed elementor-section-height-default elementor-section-height-default\" data-id=\"cce445e\" data-element_type=\"section\" data-e-type=\"section\">\n\t\t\t\t\t\t<div class=\"elementor-container elementor-column-gap-default\">\n\t\t\t\t\t<div class=\"elementor-column elementor-col-50 elementor-top-column elementor-element elementor-element-3251dde\" data-id=\"3251dde\" data-element_type=\"column\" data-e-type=\"column\">\n\t\t\t<div class=\"elementor-widget-wrap elementor-element-populated\">\n\t\t\t\t\t\t<div class=\"elementor-element elementor-element-e8d65c2 elementor-widget elementor-widget-text-editor\" data-id=\"e8d65c2\" data-element_type=\"widget\" data-e-type=\"widget\" data-widget_type=\"text-editor.default\">\n\t\t\t\t<div class=\"elementor-widget-container\">\n\t\t\t\t\t\t\t\t\t<p>Bien qu&#8217;il ait \u00e9t\u00e9 enregistr\u00e9 pour la premi\u00e8re fois en 1958, il est possible que la date de fabrication soit ant\u00e9rieure. C&#8217;est ce que nous supposons car cette voiture est \u00e9quip\u00e9e de roues de type &#8220;\u00e9toile&#8221;, qui ont \u00e9t\u00e9 supprim\u00e9es sur les Renault 4CV en 1956.<\/p>\n<p>Apr\u00e8s sa premi\u00e8re restauration en 1992, le v\u00e9hicule a \u00e9t\u00e9 en service jusqu&#8217;en 2003, date \u00e0 laquelle il a \u00e9t\u00e9 arr\u00eat\u00e9 et stock\u00e9 dans un garage, o\u00f9 il est rest\u00e9 jusqu&#8217;en ao\u00fbt 2022. En tout cas, les bonnes conditions de stockage ont permis au v\u00e9hicule de ne pas souffrir du vieillissement ou de dommages li\u00e9s au stockage.<\/p>\n<p>Addicionallement, d&#8217;apr\u00e8s l&#8217;\u00e9tat m\u00e9canique constat\u00e9, nous pensons que le v\u00e9hicule a \u00e9t\u00e9 entretenu au cours de ses derni\u00e8res ann\u00e9es de vie op\u00e9rationnelle &#8211; nous ne savons pas si c&#8217;\u00e9tait avant ou apr\u00e8s son importation en Espagne. Par exemple, nous avons constat\u00e9 que les cylindres de frein avaient \u00e9t\u00e9 renouvel\u00e9s, que les m\u00e2choires de frein pr\u00e9sentaient une tr\u00e8s l\u00e9g\u00e8re usure et que la suspension arri\u00e8re avait \u00e9t\u00e9 remplac\u00e9e. Cependant, d&#8217;autres \u00e9l\u00e9ments ont \u00e9t\u00e9 notoirement marqu\u00e9s par le temps : la pompe \u00e0 eau, qui a d\u00fb \u00eatre remplac\u00e9e en raison de son mauvais \u00e9tat \u00e9vident &#8211; le m\u00e9canisme int\u00e9rieur \u00e9tait inop\u00e9rant &#8211; ou les conduits d&#8217;air de chauffage, qui ont d\u00fb \u00eatre remplac\u00e9s parce qu&#8217;ils tombaient litt\u00e9ralement en ruine en raison du temps qui passait. Nous avons \u00e9galement remplac\u00e9 tous les tuyaux du circuit d&#8217;alimentation en carburant. Le radiateur a \u00e9t\u00e9 reconstruit et l&#8217;ensemble du syst\u00e8me \u00e9lectrique a \u00e9t\u00e9 enti\u00e8rement r\u00e9vis\u00e9.<\/p>\n<p>Nous l&#8217;avons acquise en ao\u00fbt 2022, l&#8217;avons ramen\u00e9e avec une d\u00e9panneuse et avons travaill\u00e9 \u00e0<a href=\"https:\/\/www.jgclassics.com\/2022\/09\/30\/nuestro-nuevo-renault-4cv\/\" target=\"_blank\" rel=\"noopener\"> sa deuxi\u00e8me restauration<\/a> jusqu&#8217;\u00e0 la mi-janvier 2023, date \u00e0 laquelle nous avons pu la faire immatriculer et la remettre en circulation.  <\/p>\n\t\t\t\t\t\t\t\t<\/div>\n\t\t\t\t<\/div>\n\t\t\t\t\t<\/div>\n\t\t<\/div>\n\t\t\t\t<div class=\"elementor-column elementor-col-50 elementor-top-column elementor-element elementor-element-8bedc47\" data-id=\"8bedc47\" data-element_type=\"column\" data-e-type=\"column\">\n\t\t\t<div class=\"elementor-widget-wrap elementor-element-populated\">\n\t\t\t\t\t\t<div class=\"elementor-element elementor-element-04cd696 elementor-widget__width-initial elementor-widget elementor-widget-gallery\" data-id=\"04cd696\" data-element_type=\"widget\" data-e-type=\"widget\" data-settings=\"{&quot;columns&quot;:1,&quot;columns_mobile&quot;:3,&quot;aspect_ratio&quot;:&quot;9:16&quot;,&quot;lazyload&quot;:&quot;yes&quot;,&quot;gallery_layout&quot;:&quot;grid&quot;,&quot;columns_tablet&quot;:2,&quot;gap&quot;:{&quot;unit&quot;:&quot;px&quot;,&quot;size&quot;:10,&quot;sizes&quot;:[]},&quot;gap_tablet&quot;:{&quot;unit&quot;:&quot;px&quot;,&quot;size&quot;:10,&quot;sizes&quot;:[]},&quot;gap_mobile&quot;:{&quot;unit&quot;:&quot;px&quot;,&quot;size&quot;:10,&quot;sizes&quot;:[]},&quot;link_to&quot;:&quot;file&quot;,&quot;overlay_background&quot;:&quot;yes&quot;,&quot;content_hover_animation&quot;:&quot;fade-in&quot;}\" data-widget_type=\"gallery.default\">\n\t\t\t\t<div class=\"elementor-widget-container\">\n\t\t\t\t\t\t\t<div class=\"elementor-gallery__container\">\n\t\t\t\t\t\t\t<a class=\"e-gallery-item elementor-gallery-item elementor-animated-content\" href=\"https:\/\/www.jgclassics.com\/wp-content\/uploads\/2023\/03\/20230305_130716-copia-scaled.jpg\" data-elementor-open-lightbox=\"yes\" data-elementor-lightbox-slideshow=\"04cd696\" data-elementor-lightbox-title=\"Renault 4CV : Compartiment moteur - Couvercle de soupape chrom\u00e9 au premier plan\" data-elementor-lightbox-description=\"Renault 4CV : disponible pour la location, les photos, les tournages, les s\u00e9quences, les vid\u00e9os, etc.\" data-e-action-hash=\"#elementor-action%3Aaction%3Dlightbox%26settings%3DeyJpZCI6MTI4NjYsInVybCI6Imh0dHBzOlwvXC93d3cuamdjbGFzc2ljcy5jb21cL3dwLWNvbnRlbnRcL3VwbG9hZHNcLzIwMjNcLzAzXC8yMDIzMDMwNV8xMzA3MTYtY29waWEtc2NhbGVkLmpwZyIsInNsaWRlc2hvdyI6IjA0Y2Q2OTYifQ%3D%3D\">\n\t\t\t\t\t<div class=\"e-gallery-image elementor-gallery-item__image\" data-thumbnail=\"https:\/\/www.jgclassics.com\/wp-content\/uploads\/2023\/03\/20230305_130716-copia-150x150.jpg\" data-width=\"150\" data-height=\"150\" aria-label=\"Renault 4CV : Compartiment moteur - Couvercle de soupape chrom\u00e9 au premier plan\" role=\"img\" ><\/div>\n\t\t\t\t\t\t\t\t\t\t\t<div class=\"elementor-gallery-item__overlay\"><\/div>\n\t\t\t\t\t\t\t\t\t\t\t\t\t\t<\/a>\n\t\t\t\t\t\t\t<a class=\"e-gallery-item elementor-gallery-item elementor-animated-content\" href=\"https:\/\/www.jgclassics.com\/wp-content\/uploads\/2023\/03\/20230305_131338-scaled.jpg\" data-elementor-open-lightbox=\"yes\" data-elementor-lightbox-slideshow=\"04cd696\" data-elementor-lightbox-title=\"Renault 4CV. Vue lat\u00e9rale arri\u00e8re. Feu clignotant\/de stationnement\" data-elementor-lightbox-description=\"Renault 4CV : Disponible \u00e0 la location, photos, tournage, images (Zona Barcelona)\" data-e-action-hash=\"#elementor-action%3Aaction%3Dlightbox%26settings%3DeyJpZCI6MTMwMTYsInVybCI6Imh0dHBzOlwvXC93d3cuamdjbGFzc2ljcy5jb21cL3dwLWNvbnRlbnRcL3VwbG9hZHNcLzIwMjNcLzAzXC8yMDIzMDMwNV8xMzEzMzgtc2NhbGVkLmpwZyIsInNsaWRlc2hvdyI6IjA0Y2Q2OTYifQ%3D%3D\">\n\t\t\t\t\t<div class=\"e-gallery-image elementor-gallery-item__image\" data-thumbnail=\"https:\/\/www.jgclassics.com\/wp-content\/uploads\/2023\/03\/20230305_131338-150x150.jpg\" data-width=\"150\" data-height=\"150\" aria-label=\"Renault 4CV. Vue lat\u00e9rale arri\u00e8re. Feu clignotant\/de stationnement\" role=\"img\" ><\/div>\n\t\t\t\t\t\t\t\t\t\t\t<div class=\"elementor-gallery-item__overlay\"><\/div>\n\t\t\t\t\t\t\t\t\t\t\t\t\t\t<\/a>\n\t\t\t\t\t\t\t<a class=\"e-gallery-item elementor-gallery-item elementor-animated-content\" href=\"https:\/\/www.jgclassics.com\/wp-content\/uploads\/2023\/03\/IMG_3924-scaled.jpg\" data-elementor-open-lightbox=\"yes\" data-elementor-lightbox-slideshow=\"04cd696\" data-elementor-lightbox-title=\"Renault 4CV. R\u00e9troviseur ext\u00e9rieur vue de face CIPA\" data-elementor-lightbox-description=\"Renault 4CV : Disponible \u00e0 la location, photos, tournage, images (Zona Barcelona)\" data-e-action-hash=\"#elementor-action%3Aaction%3Dlightbox%26settings%3DeyJpZCI6MTMwMTAsInVybCI6Imh0dHBzOlwvXC93d3cuamdjbGFzc2ljcy5jb21cL3dwLWNvbnRlbnRcL3VwbG9hZHNcLzIwMjNcLzAzXC9JTUdfMzkyNC1zY2FsZWQuanBnIiwic2xpZGVzaG93IjoiMDRjZDY5NiJ9\">\n\t\t\t\t\t<div class=\"e-gallery-image elementor-gallery-item__image\" data-thumbnail=\"https:\/\/www.jgclassics.com\/wp-content\/uploads\/2023\/03\/IMG_3924-150x150.jpg\" data-width=\"150\" data-height=\"150\" aria-label=\"Renault 4CV. R\u00e9troviseur ext\u00e9rieur vue de face CIPA\" role=\"img\" ><\/div>\n\t\t\t\t\t\t\t\t\t\t\t<div class=\"elementor-gallery-item__overlay\"><\/div>\n\t\t\t\t\t\t\t\t\t\t\t\t\t\t<\/a>\n\t\t\t\t\t<\/div>\n\t\t\t\t\t<\/div>\n\t\t\t\t<\/div>\n\t\t\t\t\t<\/div>\n\t\t<\/div>\n\t\t\t\t\t<\/div>\n\t\t<\/section>\n\t\t\t\t<section data-particle_enable=\"false\" data-particle-mobile-disabled=\"false\" class=\"elementor-section elementor-top-section elementor-element elementor-element-c4eafb2 elementor-section-boxed elementor-section-height-default elementor-section-height-default\" data-id=\"c4eafb2\" data-element_type=\"section\" data-e-type=\"section\">\n\t\t\t\t\t\t<div class=\"elementor-container elementor-column-gap-default\">\n\t\t\t\t\t<div class=\"elementor-column elementor-col-100 elementor-top-column elementor-element elementor-element-e4860fb\" data-id=\"e4860fb\" data-element_type=\"column\" data-e-type=\"column\">\n\t\t\t<div class=\"elementor-widget-wrap elementor-element-populated\">\n\t\t\t\t\t\t<div class=\"elementor-element elementor-element-e56d0f8 elementor-widget elementor-widget-text-editor\" data-id=\"e56d0f8\" data-element_type=\"widget\" data-e-type=\"widget\" data-widget_type=\"text-editor.default\">\n\t\t\t\t<div class=\"elementor-widget-container\">\n\t\t\t\t\t\t\t\t\t<p>Ce v\u00e9hicule est actuellement en circulation et <a href=\"https:\/\/www.jgclassics.com\/fr\/location-de-voitures-de-collection-liste-de-prix\/\" target=\"_blank\" rel=\"noopener\"><strong>disponible \u00e0 la location<\/strong><\/a> si vous en avez besoin pour une s\u00e9ance photo, un tournage ou une exposition. Quoi qu&#8217;il en soit, n&#8217;h\u00e9sitez pas \u00e0 <a href=\"https:\/\/www.jgclassics.com\/fr\/contact\/\" target=\"_blank\" rel=\"noopener\">nous contacter<\/a> si vous avez des besoins en mati\u00e8re de v\u00e9hicules afin que nous puissions vous aider.<\/p>\n\t\t\t\t\t\t\t\t<\/div>\n\t\t\t\t<\/div>\n\t\t\t\t\t<\/div>\n\t\t<\/div>\n\t\t\t\t\t<\/div>\n\t\t<\/section>\n\t\t\t\t<section data-particle_enable=\"false\" data-particle-mobile-disabled=\"false\" class=\"elementor-section elementor-top-section elementor-element elementor-element-15f1a3d elementor-section-boxed elementor-section-height-default elementor-section-height-default\" data-id=\"15f1a3d\" data-element_type=\"section\" data-e-type=\"section\">\n\t\t\t\t\t\t<div class=\"elementor-container elementor-column-gap-default\">\n\t\t\t\t\t<div class=\"elementor-column elementor-col-100 elementor-top-column elementor-element elementor-element-2cd5fa3\" data-id=\"2cd5fa3\" data-element_type=\"column\" data-e-type=\"column\">\n\t\t\t<div class=\"elementor-widget-wrap elementor-element-populated\">\n\t\t\t\t\t\t<div class=\"elementor-element elementor-element-0ace6c6 elementor-widget elementor-widget-text-editor\" data-id=\"0ace6c6\" data-element_type=\"widget\" data-e-type=\"widget\" data-widget_type=\"text-editor.default\">\n\t\t\t\t<div class=\"elementor-widget-container\">\n\t\t\t\t\t\t\t\t\t<p>Par ailleurs, si vous \u00eates propri\u00e9taire ou futur acqu\u00e9reur de l&#8217;un de ces mod\u00e8les et que vous avez besoin d&#8217;informations sur les pi\u00e8ces d\u00e9tach\u00e9es, les pi\u00e8ces de rechange ou les informations techniques, n&#8217;h\u00e9sitez pas \u00e0 <a href=\"https:\/\/www.jgclassics.com\/fr\/contact\/\" target=\"_blank\" rel=\"noopener\">nous contacter<\/a>, car nous serons heureux de les partager avec vous.<\/p>\n\t\t\t\t\t\t\t\t<\/div>\n\t\t\t\t<\/div>\n\t\t\t\t\t<\/div>\n\t\t<\/div>\n\t\t\t\t\t<\/div>\n\t\t<\/section>\n\t\t\t\t<section data-particle_enable=\"false\" data-particle-mobile-disabled=\"false\" class=\"elementor-section elementor-top-section elementor-element elementor-element-d688b0d elementor-section-boxed elementor-section-height-default elementor-section-height-default\" data-id=\"d688b0d\" data-element_type=\"section\" data-e-type=\"section\">\n\t\t\t\t\t\t<div class=\"elementor-container elementor-column-gap-default\">\n\t\t\t\t\t<div class=\"elementor-column elementor-col-100 elementor-top-column elementor-element elementor-element-b2a5e41\" data-id=\"b2a5e41\" data-element_type=\"column\" data-e-type=\"column\">\n\t\t\t<div class=\"elementor-widget-wrap elementor-element-populated\">\n\t\t\t\t\t\t<div class=\"elementor-element elementor-element-dc04268 elementor-widget elementor-widget-heading\" data-id=\"dc04268\" data-element_type=\"widget\" data-e-type=\"widget\" data-widget_type=\"heading.default\">\n\t\t\t\t<div class=\"elementor-widget-container\">\n\t\t\t\t\t<h2 class=\"elementor-heading-title elementor-size-default\">Renault 4CV. Album de photos. Cliquez sur la cat\u00e9gorie :<\/h2>\t\t\t\t<\/div>\n\t\t\t\t<\/div>\n\t\t\t\t\t<\/div>\n\t\t<\/div>\n\t\t\t\t\t<\/div>\n\t\t<\/section>\n\t\t\t\t<section data-particle_enable=\"false\" data-particle-mobile-disabled=\"false\" class=\"elementor-section elementor-top-section elementor-element elementor-element-bb58d03 elementor-section-boxed elementor-section-height-default elementor-section-height-default\" data-id=\"bb58d03\" data-element_type=\"section\" data-e-type=\"section\">\n\t\t\t\t\t\t<div class=\"elementor-container elementor-column-gap-default\">\n\t\t\t\t\t<div class=\"elementor-column elementor-col-100 elementor-top-column elementor-element elementor-element-be80845\" data-id=\"be80845\" data-element_type=\"column\" data-e-type=\"column\">\n\t\t\t<div class=\"elementor-widget-wrap elementor-element-populated\">\n\t\t\t\t\t\t<div class=\"elementor-element elementor-element-5823a6b elementor-gallery--filter-align-center elementor-widget elementor-widget-gallery\" data-id=\"5823a6b\" data-element_type=\"widget\" data-e-type=\"widget\" data-settings=\"{&quot;gallery_layout&quot;:&quot;justified&quot;,&quot;ideal_row_height&quot;:{&quot;unit&quot;:&quot;px&quot;,&quot;size&quot;:130,&quot;sizes&quot;:[]},&quot;ideal_row_height_mobile&quot;:{&quot;unit&quot;:&quot;px&quot;,&quot;size&quot;:113,&quot;sizes&quot;:[]},&quot;lazyload&quot;:&quot;yes&quot;,&quot;ideal_row_height_tablet&quot;:{&quot;unit&quot;:&quot;px&quot;,&quot;size&quot;:150,&quot;sizes&quot;:[]},&quot;gap&quot;:{&quot;unit&quot;:&quot;px&quot;,&quot;size&quot;:10,&quot;sizes&quot;:[]},&quot;gap_tablet&quot;:{&quot;unit&quot;:&quot;px&quot;,&quot;size&quot;:10,&quot;sizes&quot;:[]},&quot;gap_mobile&quot;:{&quot;unit&quot;:&quot;px&quot;,&quot;size&quot;:10,&quot;sizes&quot;:[]},&quot;link_to&quot;:&quot;file&quot;,&quot;overlay_background&quot;:&quot;yes&quot;,&quot;content_hover_animation&quot;:&quot;fade-in&quot;}\" data-widget_type=\"gallery.default\">\n\t\t\t\t<div class=\"elementor-widget-container\">\n\t\t\t\t\t\t\t\t<div class=\"elementor-gallery__titles-container e--pointer-text e--animation-grow\" aria-label=\"Filtre de galerie\">\n\t\t\t\t\n\t\t\t\t\t\t\t\t\t<a class=\"elementor-item elementor-gallery-title\" role=\"button\" tabindex=\"0\" data-gallery-index=\"0\">\n\t\t\t\t\t\tA l'ext\u00e9rieur\t\t\t\t\t<\/a>\n\t\t\t\t\t\t\t\t\t\t<a class=\"elementor-item elementor-gallery-title\" role=\"button\" tabindex=\"0\" data-gallery-index=\"1\">\n\t\t\t\t\t\tA l'int\u00e9rieur\t\t\t\t\t<\/a>\n\t\t\t\t\t\t\t\t\t\t<a class=\"elementor-item elementor-gallery-title\" role=\"button\" tabindex=\"0\" data-gallery-index=\"2\">\n\t\t\t\t\t\tM\u00e9canique\t\t\t\t\t<\/a>\n\t\t\t\t\t\t\t\t<\/div>\n\t\t\t\t\t<div class=\"elementor-gallery__container\">\n\t\t\t\t\t\t\t<a class=\"e-gallery-item elementor-gallery-item elementor-animated-content\" data-e-gallery-tags=\"0\" href=\"https:\/\/www.jgclassics.com\/wp-content\/uploads\/2023\/03\/IMG_3913-scaled.jpg\" data-elementor-open-lightbox=\"yes\" data-elementor-lightbox-slideshow=\"5823a6b\" data-elementor-lightbox-title=\"Renault 4CV : vue g\u00e9n\u00e9rale vue lat\u00e9rale sup\u00e9rieure\" data-elementor-lightbox-description=\"Renault 4CV : Disponible \u00e0 la location, photos, tournage, images (Zona Barcelona)\" data-e-action-hash=\"#elementor-action%3Aaction%3Dlightbox%26settings%3DeyJpZCI6MTI5OTIsInVybCI6Imh0dHBzOlwvXC93d3cuamdjbGFzc2ljcy5jb21cL3dwLWNvbnRlbnRcL3VwbG9hZHNcLzIwMjNcLzAzXC9JTUdfMzkxMy1zY2FsZWQuanBnIiwic2xpZGVzaG93IjoiNTgyM2E2YiJ9\">\n\t\t\t\t\t<div class=\"e-gallery-image elementor-gallery-item__image\" data-thumbnail=\"https:\/\/www.jgclassics.com\/wp-content\/uploads\/2023\/03\/IMG_3913-150x150.jpg\" data-width=\"150\" data-height=\"150\" aria-label=\"Renault 4CV : vue g\u00e9n\u00e9rale vue lat\u00e9rale sup\u00e9rieure\" role=\"img\" ><\/div>\n\t\t\t\t\t\t\t\t\t\t\t<div class=\"elementor-gallery-item__overlay\"><\/div>\n\t\t\t\t\t\t\t\t\t\t\t\t\t\t<\/a>\n\t\t\t\t\t\t\t<a class=\"e-gallery-item elementor-gallery-item elementor-animated-content\" data-e-gallery-tags=\"0\" href=\"https:\/\/www.jgclassics.com\/wp-content\/uploads\/2023\/03\/IMG_3924-scaled.jpg\" data-elementor-open-lightbox=\"yes\" data-elementor-lightbox-slideshow=\"5823a6b\" data-elementor-lightbox-title=\"Renault 4CV. R\u00e9troviseur ext\u00e9rieur vue de face CIPA\" data-elementor-lightbox-description=\"Renault 4CV : Disponible \u00e0 la location, photos, tournage, images (Zona Barcelona)\" data-e-action-hash=\"#elementor-action%3Aaction%3Dlightbox%26settings%3DeyJpZCI6MTMwMTAsInVybCI6Imh0dHBzOlwvXC93d3cuamdjbGFzc2ljcy5jb21cL3dwLWNvbnRlbnRcL3VwbG9hZHNcLzIwMjNcLzAzXC9JTUdfMzkyNC1zY2FsZWQuanBnIiwic2xpZGVzaG93IjoiNTgyM2E2YiJ9\">\n\t\t\t\t\t<div class=\"e-gallery-image elementor-gallery-item__image\" data-thumbnail=\"https:\/\/www.jgclassics.com\/wp-content\/uploads\/2023\/03\/IMG_3924-150x150.jpg\" data-width=\"150\" data-height=\"150\" aria-label=\"Renault 4CV. R\u00e9troviseur ext\u00e9rieur vue de face CIPA\" role=\"img\" ><\/div>\n\t\t\t\t\t\t\t\t\t\t\t<div class=\"elementor-gallery-item__overlay\"><\/div>\n\t\t\t\t\t\t\t\t\t\t\t\t\t\t<\/a>\n\t\t\t\t\t\t\t<a class=\"e-gallery-item elementor-gallery-item elementor-animated-content\" data-e-gallery-tags=\"0\" href=\"https:\/\/www.jgclassics.com\/wp-content\/uploads\/2023\/03\/IMG_3922-scaled.jpg\" data-elementor-open-lightbox=\"yes\" data-elementor-lightbox-slideshow=\"5823a6b\" data-elementor-lightbox-title=\"Renault 4CV. Feu antibrouillard avant MARCHAL\" data-elementor-lightbox-description=\"Renault 4CV : Disponible \u00e0 la location, photos, tournage, images (Zona Barcelona)\" data-e-action-hash=\"#elementor-action%3Aaction%3Dlightbox%26settings%3DeyJpZCI6MTMwMDcsInVybCI6Imh0dHBzOlwvXC93d3cuamdjbGFzc2ljcy5jb21cL3dwLWNvbnRlbnRcL3VwbG9hZHNcLzIwMjNcLzAzXC9JTUdfMzkyMi1zY2FsZWQuanBnIiwic2xpZGVzaG93IjoiNTgyM2E2YiJ9\">\n\t\t\t\t\t<div class=\"e-gallery-image elementor-gallery-item__image\" data-thumbnail=\"https:\/\/www.jgclassics.com\/wp-content\/uploads\/2023\/03\/IMG_3922-150x150.jpg\" data-width=\"150\" data-height=\"150\" aria-label=\"Renault 4CV. Feu antibrouillard avant MARCHAL\" role=\"img\" ><\/div>\n\t\t\t\t\t\t\t\t\t\t\t<div class=\"elementor-gallery-item__overlay\"><\/div>\n\t\t\t\t\t\t\t\t\t\t\t\t\t\t<\/a>\n\t\t\t\t\t\t\t<a class=\"e-gallery-item elementor-gallery-item elementor-animated-content\" data-e-gallery-tags=\"0\" href=\"https:\/\/www.jgclassics.com\/wp-content\/uploads\/2023\/03\/IMG_3921-scaled.jpg\" data-elementor-open-lightbox=\"yes\" data-elementor-lightbox-slideshow=\"5823a6b\" data-elementor-lightbox-title=\"Renault 4CV. Vue de face\" data-elementor-lightbox-description=\"Renault 4CV : Disponible \u00e0 la location, photos, tournage, images (Zona Barcelona)\" data-e-action-hash=\"#elementor-action%3Aaction%3Dlightbox%26settings%3DeyJpZCI6MTMwMDQsInVybCI6Imh0dHBzOlwvXC93d3cuamdjbGFzc2ljcy5jb21cL3dwLWNvbnRlbnRcL3VwbG9hZHNcLzIwMjNcLzAzXC9JTUdfMzkyMS1zY2FsZWQuanBnIiwic2xpZGVzaG93IjoiNTgyM2E2YiJ9\">\n\t\t\t\t\t<div class=\"e-gallery-image elementor-gallery-item__image\" data-thumbnail=\"https:\/\/www.jgclassics.com\/wp-content\/uploads\/2023\/03\/IMG_3921-150x150.jpg\" data-width=\"150\" data-height=\"150\" aria-label=\"Renault 4CV. Vue de face\" role=\"img\" ><\/div>\n\t\t\t\t\t\t\t\t\t\t\t<div class=\"elementor-gallery-item__overlay\"><\/div>\n\t\t\t\t\t\t\t\t\t\t\t\t\t\t<\/a>\n\t\t\t\t\t\t\t<a class=\"e-gallery-item elementor-gallery-item elementor-animated-content\" data-e-gallery-tags=\"0\" href=\"https:\/\/www.jgclassics.com\/wp-content\/uploads\/2023\/03\/IMG_3910-scaled.jpg\" data-elementor-open-lightbox=\"yes\" data-elementor-lightbox-slideshow=\"5823a6b\" data-elementor-lightbox-title=\"Renault 4CV : Vue arri\u00e8re\" data-elementor-lightbox-description=\"Renault 4CV : Disponible \u00e0 la location, photos, tournage, images (Zona Barcelona)\" data-e-action-hash=\"#elementor-action%3Aaction%3Dlightbox%26settings%3DeyJpZCI6MTI5ODYsInVybCI6Imh0dHBzOlwvXC93d3cuamdjbGFzc2ljcy5jb21cL3dwLWNvbnRlbnRcL3VwbG9hZHNcLzIwMjNcLzAzXC9JTUdfMzkxMC1zY2FsZWQuanBnIiwic2xpZGVzaG93IjoiNTgyM2E2YiJ9\">\n\t\t\t\t\t<div class=\"e-gallery-image elementor-gallery-item__image\" data-thumbnail=\"https:\/\/www.jgclassics.com\/wp-content\/uploads\/2023\/03\/IMG_3910-150x150.jpg\" data-width=\"150\" data-height=\"150\" aria-label=\"Renault 4CV : Vue arri\u00e8re\" role=\"img\" ><\/div>\n\t\t\t\t\t\t\t\t\t\t\t<div class=\"elementor-gallery-item__overlay\"><\/div>\n\t\t\t\t\t\t\t\t\t\t\t\t\t\t<\/a>\n\t\t\t\t\t\t\t<a class=\"e-gallery-item elementor-gallery-item elementor-animated-content\" data-e-gallery-tags=\"0\" href=\"https:\/\/www.jgclassics.com\/wp-content\/uploads\/2023\/03\/IMG_3919-scaled.jpg\" data-elementor-open-lightbox=\"yes\" data-elementor-lightbox-slideshow=\"5823a6b\" data-elementor-lightbox-title=\"Renault 4CV. Pare-brise avant\" data-elementor-lightbox-description=\"Renault 4CV : Disponible \u00e0 la location, photos, tournage, images (Zona Barcelona)\" data-e-action-hash=\"#elementor-action%3Aaction%3Dlightbox%26settings%3DeyJpZCI6MTMwMDEsInVybCI6Imh0dHBzOlwvXC93d3cuamdjbGFzc2ljcy5jb21cL3dwLWNvbnRlbnRcL3VwbG9hZHNcLzIwMjNcLzAzXC9JTUdfMzkxOS1zY2FsZWQuanBnIiwic2xpZGVzaG93IjoiNTgyM2E2YiJ9\">\n\t\t\t\t\t<div class=\"e-gallery-image elementor-gallery-item__image\" data-thumbnail=\"https:\/\/www.jgclassics.com\/wp-content\/uploads\/2023\/03\/IMG_3919-150x150.jpg\" data-width=\"150\" data-height=\"150\" aria-label=\"Renault 4CV. Pare-brise avant\" role=\"img\" ><\/div>\n\t\t\t\t\t\t\t\t\t\t\t<div class=\"elementor-gallery-item__overlay\"><\/div>\n\t\t\t\t\t\t\t\t\t\t\t\t\t\t<\/a>\n\t\t\t\t\t\t\t<a class=\"e-gallery-item elementor-gallery-item elementor-animated-content\" data-e-gallery-tags=\"0\" href=\"https:\/\/www.jgclassics.com\/wp-content\/uploads\/2023\/03\/IMG_3917-scaled.jpg\" data-elementor-open-lightbox=\"yes\" data-elementor-lightbox-slideshow=\"5823a6b\" data-elementor-lightbox-title=\"Renault 4CV. Vue de face (c\u00f4t\u00e9 droit). R\u00e9troviseur ext\u00e9rieur CIPA\" data-elementor-lightbox-description=\"Renault 4CV : Disponible \u00e0 la location, photos, tournage, images (Zona Barcelona)\" data-e-action-hash=\"#elementor-action%3Aaction%3Dlightbox%26settings%3DeyJpZCI6MTI5OTgsInVybCI6Imh0dHBzOlwvXC93d3cuamdjbGFzc2ljcy5jb21cL3dwLWNvbnRlbnRcL3VwbG9hZHNcLzIwMjNcLzAzXC9JTUdfMzkxNy1zY2FsZWQuanBnIiwic2xpZGVzaG93IjoiNTgyM2E2YiJ9\">\n\t\t\t\t\t<div class=\"e-gallery-image elementor-gallery-item__image\" data-thumbnail=\"https:\/\/www.jgclassics.com\/wp-content\/uploads\/2023\/03\/IMG_3917-150x150.jpg\" data-width=\"150\" data-height=\"150\" aria-label=\"Renault 4CV. Vue de face (c\u00f4t\u00e9 droit). R\u00e9troviseur ext\u00e9rieur CIPA\" role=\"img\" ><\/div>\n\t\t\t\t\t\t\t\t\t\t\t<div class=\"elementor-gallery-item__overlay\"><\/div>\n\t\t\t\t\t\t\t\t\t\t\t\t\t\t<\/a>\n\t\t\t\t\t\t\t<a class=\"e-gallery-item elementor-gallery-item elementor-animated-content\" data-e-gallery-tags=\"0\" href=\"https:\/\/www.jgclassics.com\/wp-content\/uploads\/2023\/03\/IMG_3914-scaled.jpg\" data-elementor-open-lightbox=\"yes\" data-elementor-lightbox-slideshow=\"5823a6b\" data-elementor-lightbox-title=\"Vue d&#039;ensemble de la Renault 4CV\" data-elementor-lightbox-description=\"Renault 4CV : disponible pour la location, les photos, les tournages, les s\u00e9quences, les vid\u00e9os, etc.\" data-e-action-hash=\"#elementor-action%3Aaction%3Dlightbox%26settings%3DeyJpZCI6MTI5OTUsInVybCI6Imh0dHBzOlwvXC93d3cuamdjbGFzc2ljcy5jb21cL3dwLWNvbnRlbnRcL3VwbG9hZHNcLzIwMjNcLzAzXC9JTUdfMzkxNC1zY2FsZWQuanBnIiwic2xpZGVzaG93IjoiNTgyM2E2YiJ9\">\n\t\t\t\t\t<div class=\"e-gallery-image elementor-gallery-item__image\" data-thumbnail=\"https:\/\/www.jgclassics.com\/wp-content\/uploads\/2023\/03\/IMG_3914-150x150.jpg\" data-width=\"150\" data-height=\"150\" aria-label=\"Vue d&#039;ensemble de la Renault 4CV\" role=\"img\" ><\/div>\n\t\t\t\t\t\t\t\t\t\t\t<div class=\"elementor-gallery-item__overlay\"><\/div>\n\t\t\t\t\t\t\t\t\t\t\t\t\t\t<\/a>\n\t\t\t\t\t\t\t<a class=\"e-gallery-item elementor-gallery-item elementor-animated-content\" data-e-gallery-tags=\"0\" href=\"https:\/\/www.jgclassics.com\/wp-content\/uploads\/2023\/03\/IMG_3925-scaled.jpg\" data-elementor-open-lightbox=\"yes\" data-elementor-lightbox-slideshow=\"5823a6b\" data-elementor-lightbox-title=\"Renault 4CV. Vue arri\u00e8re.\" data-elementor-lightbox-description=\"Renault 4CV : Disponible \u00e0 la location, photos, tournage, images (Zona Barcelona)\" data-e-action-hash=\"#elementor-action%3Aaction%3Dlightbox%26settings%3DeyJpZCI6MTMwMTMsInVybCI6Imh0dHBzOlwvXC93d3cuamdjbGFzc2ljcy5jb21cL3dwLWNvbnRlbnRcL3VwbG9hZHNcLzIwMjNcLzAzXC9JTUdfMzkyNS1zY2FsZWQuanBnIiwic2xpZGVzaG93IjoiNTgyM2E2YiJ9\">\n\t\t\t\t\t<div class=\"e-gallery-image elementor-gallery-item__image\" data-thumbnail=\"https:\/\/www.jgclassics.com\/wp-content\/uploads\/2023\/03\/IMG_3925-150x150.jpg\" data-width=\"150\" data-height=\"150\" aria-label=\"Renault 4CV. Vue arri\u00e8re.\" role=\"img\" ><\/div>\n\t\t\t\t\t\t\t\t\t\t\t<div class=\"elementor-gallery-item__overlay\"><\/div>\n\t\t\t\t\t\t\t\t\t\t\t\t\t\t<\/a>\n\t\t\t\t\t\t\t<a class=\"e-gallery-item elementor-gallery-item elementor-animated-content\" data-e-gallery-tags=\"0\" href=\"https:\/\/www.jgclassics.com\/wp-content\/uploads\/2023\/03\/IMG_3912-scaled.jpg\" data-elementor-open-lightbox=\"yes\" data-elementor-lightbox-slideshow=\"5823a6b\" data-elementor-lightbox-title=\"Renault 4CV : Vue de la porte du conducteur\" data-elementor-lightbox-description=\"Renault 4CV : Disponible \u00e0 la location, photos, tournage, images (Zona Barcelona)\" data-e-action-hash=\"#elementor-action%3Aaction%3Dlightbox%26settings%3DeyJpZCI6MTI5ODksInVybCI6Imh0dHBzOlwvXC93d3cuamdjbGFzc2ljcy5jb21cL3dwLWNvbnRlbnRcL3VwbG9hZHNcLzIwMjNcLzAzXC9JTUdfMzkxMi1zY2FsZWQuanBnIiwic2xpZGVzaG93IjoiNTgyM2E2YiJ9\">\n\t\t\t\t\t<div class=\"e-gallery-image elementor-gallery-item__image\" data-thumbnail=\"https:\/\/www.jgclassics.com\/wp-content\/uploads\/2023\/03\/IMG_3912-150x150.jpg\" data-width=\"150\" data-height=\"150\" aria-label=\"Renault 4CV : Vue de la porte du conducteur\" role=\"img\" ><\/div>\n\t\t\t\t\t\t\t\t\t\t\t<div class=\"elementor-gallery-item__overlay\"><\/div>\n\t\t\t\t\t\t\t\t\t\t\t\t\t\t<\/a>\n\t\t\t\t\t\t\t<a class=\"e-gallery-item elementor-gallery-item elementor-animated-content\" data-e-gallery-tags=\"0\" href=\"https:\/\/www.jgclassics.com\/wp-content\/uploads\/2023\/03\/IMG_3886-scaled.jpg\" data-elementor-open-lightbox=\"yes\" data-elementor-lightbox-slideshow=\"5823a6b\" data-elementor-lightbox-title=\"Renault 4CV : Vue g\u00e9n\u00e9rale de face\" data-elementor-lightbox-description=\"Renault 4CV : disponible pour la location, les photos, les tournages, les s\u00e9quences, les vid\u00e9os, etc.\" data-e-action-hash=\"#elementor-action%3Aaction%3Dlightbox%26settings%3DeyJpZCI6MTI5NTksInVybCI6Imh0dHBzOlwvXC93d3cuamdjbGFzc2ljcy5jb21cL3dwLWNvbnRlbnRcL3VwbG9hZHNcLzIwMjNcLzAzXC9JTUdfMzg4Ni1zY2FsZWQuanBnIiwic2xpZGVzaG93IjoiNTgyM2E2YiJ9\">\n\t\t\t\t\t<div class=\"e-gallery-image elementor-gallery-item__image\" data-thumbnail=\"https:\/\/www.jgclassics.com\/wp-content\/uploads\/2023\/03\/IMG_3886-150x150.jpg\" data-width=\"150\" data-height=\"150\" aria-label=\"Renault 4CV : Vue g\u00e9n\u00e9rale de face\" role=\"img\" ><\/div>\n\t\t\t\t\t\t\t\t\t\t\t<div class=\"elementor-gallery-item__overlay\"><\/div>\n\t\t\t\t\t\t\t\t\t\t\t\t\t\t<\/a>\n\t\t\t\t\t\t\t<a class=\"e-gallery-item elementor-gallery-item elementor-animated-content\" data-e-gallery-tags=\"0\" href=\"https:\/\/www.jgclassics.com\/wp-content\/uploads\/2023\/03\/20230305_131816-copia-scaled.jpg\" data-elementor-open-lightbox=\"yes\" data-elementor-lightbox-slideshow=\"5823a6b\" data-elementor-lightbox-title=\"Renault 4CV : Jantes en \u00e9toile\" data-elementor-lightbox-description=\"Renault 4CV : disponible pour la location, les photos, les tournages, les s\u00e9quences, les vid\u00e9os, etc.\" data-e-action-hash=\"#elementor-action%3Aaction%3Dlightbox%26settings%3DeyJpZCI6MTI5MDgsInVybCI6Imh0dHBzOlwvXC93d3cuamdjbGFzc2ljcy5jb21cL3dwLWNvbnRlbnRcL3VwbG9hZHNcLzIwMjNcLzAzXC8yMDIzMDMwNV8xMzE4MTYtY29waWEtc2NhbGVkLmpwZyIsInNsaWRlc2hvdyI6IjU4MjNhNmIifQ%3D%3D\">\n\t\t\t\t\t<div class=\"e-gallery-image elementor-gallery-item__image\" data-thumbnail=\"https:\/\/www.jgclassics.com\/wp-content\/uploads\/2023\/03\/20230305_131816-copia-150x150.jpg\" data-width=\"150\" data-height=\"150\" aria-label=\"Renault 4CV : Jantes en \u00e9toile\" role=\"img\" ><\/div>\n\t\t\t\t\t\t\t\t\t\t\t<div class=\"elementor-gallery-item__overlay\"><\/div>\n\t\t\t\t\t\t\t\t\t\t\t\t\t\t<\/a>\n\t\t\t\t\t\t\t<a class=\"e-gallery-item elementor-gallery-item elementor-animated-content\" data-e-gallery-tags=\"0\" href=\"https:\/\/www.jgclassics.com\/wp-content\/uploads\/2023\/03\/20230305_131105-copia-scaled.jpg\" data-elementor-open-lightbox=\"yes\" data-elementor-lightbox-slideshow=\"5823a6b\" data-elementor-lightbox-title=\"Renault 4CV : Vue arri\u00e8re. Observer le bouchon de radiateur chrom\u00e9\" data-elementor-lightbox-description=\"Renault 4CV : disponible pour la location, les photos, les tournages, les s\u00e9quences, les vid\u00e9os, etc.\" data-e-action-hash=\"#elementor-action%3Aaction%3Dlightbox%26settings%3DeyJpZCI6MTI4OTksInVybCI6Imh0dHBzOlwvXC93d3cuamdjbGFzc2ljcy5jb21cL3dwLWNvbnRlbnRcL3VwbG9hZHNcLzIwMjNcLzAzXC8yMDIzMDMwNV8xMzExMDUtY29waWEtc2NhbGVkLmpwZyIsInNsaWRlc2hvdyI6IjU4MjNhNmIifQ%3D%3D\">\n\t\t\t\t\t<div class=\"e-gallery-image elementor-gallery-item__image\" data-thumbnail=\"https:\/\/www.jgclassics.com\/wp-content\/uploads\/2023\/03\/20230305_131105-copia-150x150.jpg\" data-width=\"150\" data-height=\"150\" aria-label=\"Renault 4CV : Vue arri\u00e8re. Observer le bouchon de radiateur chrom\u00e9\" role=\"img\" ><\/div>\n\t\t\t\t\t\t\t\t\t\t\t<div class=\"elementor-gallery-item__overlay\"><\/div>\n\t\t\t\t\t\t\t\t\t\t\t\t\t\t<\/a>\n\t\t\t\t\t\t\t<a class=\"e-gallery-item elementor-gallery-item elementor-animated-content\" data-e-gallery-tags=\"0\" href=\"https:\/\/www.jgclassics.com\/wp-content\/uploads\/2023\/03\/20230305_131203-copia-scaled.jpg\" data-elementor-open-lightbox=\"yes\" data-elementor-lightbox-slideshow=\"5823a6b\" data-elementor-lightbox-title=\"Renault 4CV : Vue arri\u00e8re\" data-elementor-lightbox-description=\"Renault 4CV : disponible pour la location, les photos, les tournages, les s\u00e9quences, les vid\u00e9os, etc.\" data-e-action-hash=\"#elementor-action%3Aaction%3Dlightbox%26settings%3DeyJpZCI6MTI5MDIsInVybCI6Imh0dHBzOlwvXC93d3cuamdjbGFzc2ljcy5jb21cL3dwLWNvbnRlbnRcL3VwbG9hZHNcLzIwMjNcLzAzXC8yMDIzMDMwNV8xMzEyMDMtY29waWEtc2NhbGVkLmpwZyIsInNsaWRlc2hvdyI6IjU4MjNhNmIifQ%3D%3D\">\n\t\t\t\t\t<div class=\"e-gallery-image elementor-gallery-item__image\" data-thumbnail=\"https:\/\/www.jgclassics.com\/wp-content\/uploads\/2023\/03\/20230305_131203-copia-150x150.jpg\" data-width=\"150\" data-height=\"150\" aria-label=\"Renault 4CV : Vue arri\u00e8re\" role=\"img\" ><\/div>\n\t\t\t\t\t\t\t\t\t\t\t<div class=\"elementor-gallery-item__overlay\"><\/div>\n\t\t\t\t\t\t\t\t\t\t\t\t\t\t<\/a>\n\t\t\t\t\t\t\t<a class=\"e-gallery-item elementor-gallery-item elementor-animated-content\" data-e-gallery-tags=\"0\" href=\"https:\/\/www.jgclassics.com\/wp-content\/uploads\/2023\/03\/20230305_130548-scaled.jpg\" data-elementor-open-lightbox=\"yes\" data-elementor-lightbox-slideshow=\"5823a6b\" data-elementor-lightbox-title=\"Renault 4CV\" data-elementor-lightbox-description=\"Renault 4CV JG Classics\" data-e-action-hash=\"#elementor-action%3Aaction%3Dlightbox%26settings%3DeyJpZCI6MTI4MTgsInVybCI6Imh0dHBzOlwvXC93d3cuamdjbGFzc2ljcy5jb21cL3dwLWNvbnRlbnRcL3VwbG9hZHNcLzIwMjNcLzAzXC8yMDIzMDMwNV8xMzA1NDgtc2NhbGVkLmpwZyIsInNsaWRlc2hvdyI6IjU4MjNhNmIifQ%3D%3D\">\n\t\t\t\t\t<div class=\"e-gallery-image elementor-gallery-item__image\" data-thumbnail=\"https:\/\/www.jgclassics.com\/wp-content\/uploads\/2023\/03\/20230305_130548-150x150.jpg\" data-width=\"150\" data-height=\"150\" aria-label=\"Renault 4CV\" role=\"img\" ><\/div>\n\t\t\t\t\t\t\t\t\t\t\t<div class=\"elementor-gallery-item__overlay\"><\/div>\n\t\t\t\t\t\t\t\t\t\t\t\t\t\t<\/a>\n\t\t\t\t\t\t\t<a class=\"e-gallery-item elementor-gallery-item elementor-animated-content\" data-e-gallery-tags=\"0\" href=\"https:\/\/www.jgclassics.com\/wp-content\/uploads\/2023\/03\/IMG_3898-scaled.jpg\" data-elementor-open-lightbox=\"yes\" data-elementor-lightbox-slideshow=\"5823a6b\" data-elementor-lightbox-title=\"Renault 4CV : Vue g\u00e9n\u00e9rale de la porte arri\u00e8re droite\" data-elementor-lightbox-description=\"Renault 4CV : disponible pour la location, les photos, les tournages, les s\u00e9quences, les vid\u00e9os, etc.\" data-e-action-hash=\"#elementor-action%3Aaction%3Dlightbox%26settings%3DeyJpZCI6MTI5NzQsInVybCI6Imh0dHBzOlwvXC93d3cuamdjbGFzc2ljcy5jb21cL3dwLWNvbnRlbnRcL3VwbG9hZHNcLzIwMjNcLzAzXC9JTUdfMzg5OC1zY2FsZWQuanBnIiwic2xpZGVzaG93IjoiNTgyM2E2YiJ9\">\n\t\t\t\t\t<div class=\"e-gallery-image elementor-gallery-item__image\" data-thumbnail=\"https:\/\/www.jgclassics.com\/wp-content\/uploads\/2023\/03\/IMG_3898-150x150.jpg\" data-width=\"150\" data-height=\"150\" aria-label=\"Renault 4CV : Vue g\u00e9n\u00e9rale de la porte arri\u00e8re droite\" role=\"img\" ><\/div>\n\t\t\t\t\t\t\t\t\t\t\t<div class=\"elementor-gallery-item__overlay\"><\/div>\n\t\t\t\t\t\t\t\t\t\t\t\t\t\t<\/a>\n\t\t\t\t\t\t\t<a class=\"e-gallery-item elementor-gallery-item elementor-animated-content\" data-e-gallery-tags=\"0\" href=\"https:\/\/www.jgclassics.com\/wp-content\/uploads\/2023\/03\/IMG_3890-scaled.jpg\" data-elementor-open-lightbox=\"yes\" data-elementor-lightbox-slideshow=\"5823a6b\" data-elementor-lightbox-title=\"Renault 4CV : Vue lat\u00e9rale\" data-elementor-lightbox-description=\"Renault 4CV : disponible pour la location, les photos, les tournages, les s\u00e9quences, les vid\u00e9os, etc.\" data-e-action-hash=\"#elementor-action%3Aaction%3Dlightbox%26settings%3DeyJpZCI6MTI5NjUsInVybCI6Imh0dHBzOlwvXC93d3cuamdjbGFzc2ljcy5jb21cL3dwLWNvbnRlbnRcL3VwbG9hZHNcLzIwMjNcLzAzXC9JTUdfMzg5MC1zY2FsZWQuanBnIiwic2xpZGVzaG93IjoiNTgyM2E2YiJ9\">\n\t\t\t\t\t<div class=\"e-gallery-image elementor-gallery-item__image\" data-thumbnail=\"https:\/\/www.jgclassics.com\/wp-content\/uploads\/2023\/03\/IMG_3890-150x150.jpg\" data-width=\"150\" data-height=\"150\" aria-label=\"Renault 4CV : Vue lat\u00e9rale\" role=\"img\" ><\/div>\n\t\t\t\t\t\t\t\t\t\t\t<div class=\"elementor-gallery-item__overlay\"><\/div>\n\t\t\t\t\t\t\t\t\t\t\t\t\t\t<\/a>\n\t\t\t\t\t\t\t<a class=\"e-gallery-item elementor-gallery-item elementor-animated-content\" data-e-gallery-tags=\"0\" href=\"https:\/\/www.jgclassics.com\/wp-content\/uploads\/2023\/03\/IMG_3888-scaled.jpg\" data-elementor-open-lightbox=\"yes\" data-elementor-lightbox-slideshow=\"5823a6b\" data-elementor-lightbox-title=\"Renault 4CV : Vue g\u00e9n\u00e9rale de face\" data-elementor-lightbox-description=\"Renault 4CV : disponible pour la location, les photos, les tournages, les s\u00e9quences, les vid\u00e9os, etc.\" data-e-action-hash=\"#elementor-action%3Aaction%3Dlightbox%26settings%3DeyJpZCI6MTI5NjIsInVybCI6Imh0dHBzOlwvXC93d3cuamdjbGFzc2ljcy5jb21cL3dwLWNvbnRlbnRcL3VwbG9hZHNcLzIwMjNcLzAzXC9JTUdfMzg4OC1zY2FsZWQuanBnIiwic2xpZGVzaG93IjoiNTgyM2E2YiJ9\">\n\t\t\t\t\t<div class=\"e-gallery-image elementor-gallery-item__image\" data-thumbnail=\"https:\/\/www.jgclassics.com\/wp-content\/uploads\/2023\/03\/IMG_3888-150x150.jpg\" data-width=\"150\" data-height=\"150\" aria-label=\"Renault 4CV : Vue g\u00e9n\u00e9rale de face\" role=\"img\" ><\/div>\n\t\t\t\t\t\t\t\t\t\t\t<div class=\"elementor-gallery-item__overlay\"><\/div>\n\t\t\t\t\t\t\t\t\t\t\t\t\t\t<\/a>\n\t\t\t\t\t\t\t<a class=\"e-gallery-item elementor-gallery-item elementor-animated-content\" data-e-gallery-tags=\"0\" href=\"https:\/\/www.jgclassics.com\/wp-content\/uploads\/2023\/03\/20230305_133414-scaled.jpg\" data-elementor-open-lightbox=\"yes\" data-elementor-lightbox-slideshow=\"5823a6b\" data-elementor-lightbox-title=\"Renault 4CV : Vue d\u00e9taill\u00e9e de la calandre et de la commande d&#039;ouverture du couvercle de coffre\" data-elementor-lightbox-description=\"Renault 4CV : disponible pour la location, les photos, les tournages, les s\u00e9quences, les vid\u00e9os, etc.\" data-e-action-hash=\"#elementor-action%3Aaction%3Dlightbox%26settings%3DeyJpZCI6MTI5MjAsInVybCI6Imh0dHBzOlwvXC93d3cuamdjbGFzc2ljcy5jb21cL3dwLWNvbnRlbnRcL3VwbG9hZHNcLzIwMjNcLzAzXC8yMDIzMDMwNV8xMzM0MTQtc2NhbGVkLmpwZyIsInNsaWRlc2hvdyI6IjU4MjNhNmIifQ%3D%3D\">\n\t\t\t\t\t<div class=\"e-gallery-image elementor-gallery-item__image\" data-thumbnail=\"https:\/\/www.jgclassics.com\/wp-content\/uploads\/2023\/03\/20230305_133414-150x150.jpg\" data-width=\"150\" data-height=\"150\" aria-label=\"Renault 4CV : Vue d\u00e9taill\u00e9e de la calandre et de la commande d&#039;ouverture du couvercle de coffre\" role=\"img\" ><\/div>\n\t\t\t\t\t\t\t\t\t\t\t<div class=\"elementor-gallery-item__overlay\"><\/div>\n\t\t\t\t\t\t\t\t\t\t\t\t\t\t<\/a>\n\t\t\t\t\t\t\t<a class=\"e-gallery-item elementor-gallery-item elementor-animated-content\" data-e-gallery-tags=\"0\" href=\"https:\/\/www.jgclassics.com\/wp-content\/uploads\/2023\/03\/20230305_133432-scaled.jpg\" data-elementor-open-lightbox=\"yes\" data-elementor-lightbox-slideshow=\"5823a6b\" data-elementor-lightbox-title=\"Renault 4CV : D\u00e9tail du pare-brise avant\" data-elementor-lightbox-description=\"Renault 4CV : disponible pour la location, les photos, les tournages, les s\u00e9quences, les vid\u00e9os, etc.\" data-e-action-hash=\"#elementor-action%3Aaction%3Dlightbox%26settings%3DeyJpZCI6MTI5MjMsInVybCI6Imh0dHBzOlwvXC93d3cuamdjbGFzc2ljcy5jb21cL3dwLWNvbnRlbnRcL3VwbG9hZHNcLzIwMjNcLzAzXC8yMDIzMDMwNV8xMzM0MzItc2NhbGVkLmpwZyIsInNsaWRlc2hvdyI6IjU4MjNhNmIifQ%3D%3D\">\n\t\t\t\t\t<div class=\"e-gallery-image elementor-gallery-item__image\" data-thumbnail=\"https:\/\/www.jgclassics.com\/wp-content\/uploads\/2023\/03\/20230305_133432-150x150.jpg\" data-width=\"150\" data-height=\"150\" aria-label=\"Renault 4CV : D\u00e9tail du pare-brise avant\" role=\"img\" ><\/div>\n\t\t\t\t\t\t\t\t\t\t\t<div class=\"elementor-gallery-item__overlay\"><\/div>\n\t\t\t\t\t\t\t\t\t\t\t\t\t\t<\/a>\n\t\t\t\t\t\t\t<a class=\"e-gallery-item elementor-gallery-item elementor-animated-content\" data-e-gallery-tags=\"0\" href=\"https:\/\/www.jgclassics.com\/wp-content\/uploads\/2023\/03\/20230305_130223-scaled.jpg\" data-elementor-open-lightbox=\"yes\" data-elementor-lightbox-slideshow=\"5823a6b\" data-elementor-lightbox-title=\"Renault 4CV\" data-elementor-lightbox-description=\"Renault 4CV JG Classics\" data-e-action-hash=\"#elementor-action%3Aaction%3Dlightbox%26settings%3DeyJpZCI6MTI4MDYsInVybCI6Imh0dHBzOlwvXC93d3cuamdjbGFzc2ljcy5jb21cL3dwLWNvbnRlbnRcL3VwbG9hZHNcLzIwMjNcLzAzXC8yMDIzMDMwNV8xMzAyMjMtc2NhbGVkLmpwZyIsInNsaWRlc2hvdyI6IjU4MjNhNmIifQ%3D%3D\">\n\t\t\t\t\t<div class=\"e-gallery-image elementor-gallery-item__image\" data-thumbnail=\"https:\/\/www.jgclassics.com\/wp-content\/uploads\/2023\/03\/20230305_130223-150x150.jpg\" data-width=\"150\" data-height=\"150\" aria-label=\"Renault 4CV\" role=\"img\" ><\/div>\n\t\t\t\t\t\t\t\t\t\t\t<div class=\"elementor-gallery-item__overlay\"><\/div>\n\t\t\t\t\t\t\t\t\t\t\t\t\t\t<\/a>\n\t\t\t\t\t\t\t<a class=\"e-gallery-item elementor-gallery-item elementor-animated-content\" data-e-gallery-tags=\"0\" href=\"https:\/\/www.jgclassics.com\/wp-content\/uploads\/2023\/03\/20230305_130457-copia-scaled.jpg\" data-elementor-open-lightbox=\"yes\" data-elementor-lightbox-slideshow=\"5823a6b\" data-elementor-lightbox-title=\"Renault 4CV : vue de face\" data-elementor-lightbox-description=\"Renault 4CV : disponible pour la location, les photos, les tournages, les s\u00e9quences, les vid\u00e9os, etc.\" data-e-action-hash=\"#elementor-action%3Aaction%3Dlightbox%26settings%3DeyJpZCI6MTI4MzksInVybCI6Imh0dHBzOlwvXC93d3cuamdjbGFzc2ljcy5jb21cL3dwLWNvbnRlbnRcL3VwbG9hZHNcLzIwMjNcLzAzXC8yMDIzMDMwNV8xMzA0NTctY29waWEtc2NhbGVkLmpwZyIsInNsaWRlc2hvdyI6IjU4MjNhNmIifQ%3D%3D\">\n\t\t\t\t\t<div class=\"e-gallery-image elementor-gallery-item__image\" data-thumbnail=\"https:\/\/www.jgclassics.com\/wp-content\/uploads\/2023\/03\/20230305_130457-copia-scaled.jpg\" data-width=\"84\" data-height=\"150\" aria-label=\"Renault 4CV : vue de face\" role=\"img\" ><\/div>\n\t\t\t\t\t\t\t\t\t\t\t<div class=\"elementor-gallery-item__overlay\"><\/div>\n\t\t\t\t\t\t\t\t\t\t\t\t\t\t<\/a>\n\t\t\t\t\t\t\t<a class=\"e-gallery-item elementor-gallery-item elementor-animated-content\" data-e-gallery-tags=\"0\" href=\"https:\/\/www.jgclassics.com\/wp-content\/uploads\/2023\/03\/20230305_131338-scaled.jpg\" data-elementor-open-lightbox=\"yes\" data-elementor-lightbox-slideshow=\"5823a6b\" data-elementor-lightbox-title=\"Renault 4CV. Vue lat\u00e9rale arri\u00e8re. Feu clignotant\/de stationnement\" data-elementor-lightbox-description=\"Renault 4CV : Disponible \u00e0 la location, photos, tournage, images (Zona Barcelona)\" data-e-action-hash=\"#elementor-action%3Aaction%3Dlightbox%26settings%3DeyJpZCI6MTMwMTYsInVybCI6Imh0dHBzOlwvXC93d3cuamdjbGFzc2ljcy5jb21cL3dwLWNvbnRlbnRcL3VwbG9hZHNcLzIwMjNcLzAzXC8yMDIzMDMwNV8xMzEzMzgtc2NhbGVkLmpwZyIsInNsaWRlc2hvdyI6IjU4MjNhNmIifQ%3D%3D\">\n\t\t\t\t\t<div class=\"e-gallery-image elementor-gallery-item__image\" data-thumbnail=\"https:\/\/www.jgclassics.com\/wp-content\/uploads\/2023\/03\/20230305_131338-150x150.jpg\" data-width=\"150\" data-height=\"150\" aria-label=\"Renault 4CV. Vue lat\u00e9rale arri\u00e8re. Feu clignotant\/de stationnement\" role=\"img\" ><\/div>\n\t\t\t\t\t\t\t\t\t\t\t<div class=\"elementor-gallery-item__overlay\"><\/div>\n\t\t\t\t\t\t\t\t\t\t\t\t\t\t<\/a>\n\t\t\t\t\t\t\t<a class=\"e-gallery-item elementor-gallery-item elementor-animated-content\" data-e-gallery-tags=\"0\" href=\"https:\/\/www.jgclassics.com\/wp-content\/uploads\/2023\/03\/20230305_130442-scaled.jpg\" data-elementor-open-lightbox=\"yes\" data-elementor-lightbox-slideshow=\"5823a6b\" data-elementor-lightbox-title=\"Calandre de la Renault 4CV (mod\u00e8le &quot;3 moustaches&quot;)\" data-elementor-lightbox-description=\"Renault 4CV : disponible pour la location, les photos, les tournages, les s\u00e9quences, les vid\u00e9os, etc.\" data-e-action-hash=\"#elementor-action%3Aaction%3Dlightbox%26settings%3DeyJpZCI6MTMxMDYsInVybCI6Imh0dHBzOlwvXC93d3cuamdjbGFzc2ljcy5jb21cL3dwLWNvbnRlbnRcL3VwbG9hZHNcLzIwMjNcLzAzXC8yMDIzMDMwNV8xMzA0NDItc2NhbGVkLmpwZyIsInNsaWRlc2hvdyI6IjU4MjNhNmIifQ%3D%3D\">\n\t\t\t\t\t<div class=\"e-gallery-image elementor-gallery-item__image\" data-thumbnail=\"https:\/\/www.jgclassics.com\/wp-content\/uploads\/2023\/03\/20230305_130442-150x150.jpg\" data-width=\"150\" data-height=\"150\" aria-label=\"Calandre de la Renault 4CV (mod\u00e8le &quot;3 moustaches&quot;)\" role=\"img\" ><\/div>\n\t\t\t\t\t\t\t\t\t\t\t<div class=\"elementor-gallery-item__overlay\"><\/div>\n\t\t\t\t\t\t\t\t\t\t\t\t\t\t<\/a>\n\t\t\t\t\t\t\t<a class=\"e-gallery-item elementor-gallery-item elementor-animated-content\" data-e-gallery-tags=\"0\" href=\"https:\/\/www.jgclassics.com\/wp-content\/uploads\/2023\/03\/20230305_130602-scaled.jpg\" data-elementor-open-lightbox=\"yes\" data-elementor-lightbox-slideshow=\"5823a6b\" data-elementor-lightbox-title=\"Aile avant de la Renault 4CV\" data-elementor-lightbox-description=\"Renault 4CV : disponible pour la location, les photos, les tournages, les s\u00e9quences, les vid\u00e9os, etc.\" data-e-action-hash=\"#elementor-action%3Aaction%3Dlightbox%26settings%3DeyJpZCI6MTMxMDksInVybCI6Imh0dHBzOlwvXC93d3cuamdjbGFzc2ljcy5jb21cL3dwLWNvbnRlbnRcL3VwbG9hZHNcLzIwMjNcLzAzXC8yMDIzMDMwNV8xMzA2MDItc2NhbGVkLmpwZyIsInNsaWRlc2hvdyI6IjU4MjNhNmIifQ%3D%3D\">\n\t\t\t\t\t<div class=\"e-gallery-image elementor-gallery-item__image\" data-thumbnail=\"https:\/\/www.jgclassics.com\/wp-content\/uploads\/2023\/03\/20230305_130602-150x150.jpg\" data-width=\"150\" data-height=\"150\" aria-label=\"Aile avant de la Renault 4CV\" role=\"img\" ><\/div>\n\t\t\t\t\t\t\t\t\t\t\t<div class=\"elementor-gallery-item__overlay\"><\/div>\n\t\t\t\t\t\t\t\t\t\t\t\t\t\t<\/a>\n\t\t\t\t\t\t\t<a class=\"e-gallery-item elementor-gallery-item elementor-animated-content\" data-e-gallery-tags=\"0\" href=\"https:\/\/www.jgclassics.com\/wp-content\/uploads\/2023\/03\/20230305_130614-copia-1-scaled.jpg\" data-elementor-open-lightbox=\"yes\" data-elementor-lightbox-slideshow=\"5823a6b\" data-elementor-lightbox-title=\"Garde-boue arri\u00e8re chrom\u00e9 Renault 4CV\" data-elementor-lightbox-description=\"Renault 4CV : disponible pour la location, les photos, les tournages, les s\u00e9quences, les vid\u00e9os, etc.\" data-e-action-hash=\"#elementor-action%3Aaction%3Dlightbox%26settings%3DeyJpZCI6MTMxMTIsInVybCI6Imh0dHBzOlwvXC93d3cuamdjbGFzc2ljcy5jb21cL3dwLWNvbnRlbnRcL3VwbG9hZHNcLzIwMjNcLzAzXC8yMDIzMDMwNV8xMzA2MTQtY29waWEtMS1zY2FsZWQuanBnIiwic2xpZGVzaG93IjoiNTgyM2E2YiJ9\">\n\t\t\t\t\t<div class=\"e-gallery-image elementor-gallery-item__image\" data-thumbnail=\"https:\/\/www.jgclassics.com\/wp-content\/uploads\/2023\/03\/20230305_130614-copia-1-150x150.jpg\" data-width=\"150\" data-height=\"150\" aria-label=\"Garde-boue arri\u00e8re chrom\u00e9 Renault 4CV\" role=\"img\" ><\/div>\n\t\t\t\t\t\t\t\t\t\t\t<div class=\"elementor-gallery-item__overlay\"><\/div>\n\t\t\t\t\t\t\t\t\t\t\t\t\t\t<\/a>\n\t\t\t\t\t\t\t<a class=\"e-gallery-item elementor-gallery-item elementor-animated-content\" data-e-gallery-tags=\"1\" href=\"https:\/\/www.jgclassics.com\/wp-content\/uploads\/2023\/03\/IMG_3901-scaled.jpg\" data-elementor-open-lightbox=\"yes\" data-elementor-lightbox-slideshow=\"5823a6b\" data-elementor-lightbox-title=\"Renault 4CV : Vue int\u00e9rieure arri\u00e8re - Garniture de toit\" data-elementor-lightbox-description=\"Renault 4CV : Disponible \u00e0 la location, photos, tournage, images (Zona Barcelona)\" data-e-action-hash=\"#elementor-action%3Aaction%3Dlightbox%26settings%3DeyJpZCI6MTI5ODMsInVybCI6Imh0dHBzOlwvXC93d3cuamdjbGFzc2ljcy5jb21cL3dwLWNvbnRlbnRcL3VwbG9hZHNcLzIwMjNcLzAzXC9JTUdfMzkwMS1zY2FsZWQuanBnIiwic2xpZGVzaG93IjoiNTgyM2E2YiJ9\">\n\t\t\t\t\t<div class=\"e-gallery-image elementor-gallery-item__image\" data-thumbnail=\"https:\/\/www.jgclassics.com\/wp-content\/uploads\/2023\/03\/IMG_3901-150x150.jpg\" data-width=\"150\" data-height=\"150\" aria-label=\"Renault 4CV : Vue int\u00e9rieure arri\u00e8re - Garniture de toit\" role=\"img\" ><\/div>\n\t\t\t\t\t\t\t\t\t\t\t<div class=\"elementor-gallery-item__overlay\"><\/div>\n\t\t\t\t\t\t\t\t\t\t\t\t\t\t<\/a>\n\t\t\t\t\t\t\t<a class=\"e-gallery-item elementor-gallery-item elementor-animated-content\" data-e-gallery-tags=\"1\" href=\"https:\/\/www.jgclassics.com\/wp-content\/uploads\/2023\/03\/IMG_3900-scaled.jpg\" data-elementor-open-lightbox=\"yes\" data-elementor-lightbox-slideshow=\"5823a6b\" data-elementor-lightbox-title=\"Renault 4CV : Vue int\u00e9rieure de face - Si\u00e8ges conducteur et passager\" data-elementor-lightbox-description=\"Renault 4CV : disponible pour la location, les photos, les tournages, les s\u00e9quences, les vid\u00e9os, etc.\" data-e-action-hash=\"#elementor-action%3Aaction%3Dlightbox%26settings%3DeyJpZCI6MTI5ODAsInVybCI6Imh0dHBzOlwvXC93d3cuamdjbGFzc2ljcy5jb21cL3dwLWNvbnRlbnRcL3VwbG9hZHNcLzIwMjNcLzAzXC9JTUdfMzkwMC1zY2FsZWQuanBnIiwic2xpZGVzaG93IjoiNTgyM2E2YiJ9\">\n\t\t\t\t\t<div class=\"e-gallery-image elementor-gallery-item__image\" data-thumbnail=\"https:\/\/www.jgclassics.com\/wp-content\/uploads\/2023\/03\/IMG_3900-150x150.jpg\" data-width=\"150\" data-height=\"150\" aria-label=\"Renault 4CV : Vue int\u00e9rieure de face - Si\u00e8ges conducteur et passager\" role=\"img\" ><\/div>\n\t\t\t\t\t\t\t\t\t\t\t<div class=\"elementor-gallery-item__overlay\"><\/div>\n\t\t\t\t\t\t\t\t\t\t\t\t\t\t<\/a>\n\t\t\t\t\t\t\t<a class=\"e-gallery-item elementor-gallery-item elementor-animated-content\" data-e-gallery-tags=\"1\" href=\"https:\/\/www.jgclassics.com\/wp-content\/uploads\/2023\/03\/IMG_3899-scaled.jpg\" data-elementor-open-lightbox=\"yes\" data-elementor-lightbox-slideshow=\"5823a6b\" data-elementor-lightbox-title=\"Renault 4CV : Vue int\u00e9rieure arri\u00e8re - Garniture de toit\" data-elementor-lightbox-description=\"Renault 4CV : disponible pour la location, les photos, les tournages, les s\u00e9quences, les vid\u00e9os, etc.\" data-e-action-hash=\"#elementor-action%3Aaction%3Dlightbox%26settings%3DeyJpZCI6MTI5NzcsInVybCI6Imh0dHBzOlwvXC93d3cuamdjbGFzc2ljcy5jb21cL3dwLWNvbnRlbnRcL3VwbG9hZHNcLzIwMjNcLzAzXC9JTUdfMzg5OS1zY2FsZWQuanBnIiwic2xpZGVzaG93IjoiNTgyM2E2YiJ9\">\n\t\t\t\t\t<div class=\"e-gallery-image elementor-gallery-item__image\" data-thumbnail=\"https:\/\/www.jgclassics.com\/wp-content\/uploads\/2023\/03\/IMG_3899-150x150.jpg\" data-width=\"150\" data-height=\"150\" aria-label=\"Renault 4CV : Vue int\u00e9rieure arri\u00e8re - Garniture de toit\" role=\"img\" ><\/div>\n\t\t\t\t\t\t\t\t\t\t\t<div class=\"elementor-gallery-item__overlay\"><\/div>\n\t\t\t\t\t\t\t\t\t\t\t\t\t\t<\/a>\n\t\t\t\t\t\t\t<a class=\"e-gallery-item elementor-gallery-item elementor-animated-content\" data-e-gallery-tags=\"1\" href=\"https:\/\/www.jgclassics.com\/wp-content\/uploads\/2023\/03\/IMG_3896-scaled.jpg\" data-elementor-open-lightbox=\"yes\" data-elementor-lightbox-slideshow=\"5823a6b\" data-elementor-lightbox-title=\"Renault 4CV : Vue g\u00e9n\u00e9rale de l&#039;int\u00e9rieur du poste de conduite\" data-elementor-lightbox-description=\"Renault 4CV : disponible pour la location, les photos, les tournages, les s\u00e9quences, les vid\u00e9os, etc.\" data-e-action-hash=\"#elementor-action%3Aaction%3Dlightbox%26settings%3DeyJpZCI6MTI5NzEsInVybCI6Imh0dHBzOlwvXC93d3cuamdjbGFzc2ljcy5jb21cL3dwLWNvbnRlbnRcL3VwbG9hZHNcLzIwMjNcLzAzXC9JTUdfMzg5Ni1zY2FsZWQuanBnIiwic2xpZGVzaG93IjoiNTgyM2E2YiJ9\">\n\t\t\t\t\t<div class=\"e-gallery-image elementor-gallery-item__image\" data-thumbnail=\"https:\/\/www.jgclassics.com\/wp-content\/uploads\/2023\/03\/IMG_3896-150x150.jpg\" data-width=\"150\" data-height=\"150\" aria-label=\"Renault 4CV : Vue g\u00e9n\u00e9rale de l&#039;int\u00e9rieur du poste de conduite\" role=\"img\" ><\/div>\n\t\t\t\t\t\t\t\t\t\t\t<div class=\"elementor-gallery-item__overlay\"><\/div>\n\t\t\t\t\t\t\t\t\t\t\t\t\t\t<\/a>\n\t\t\t\t\t\t\t<a class=\"e-gallery-item elementor-gallery-item elementor-animated-content\" data-e-gallery-tags=\"1\" href=\"https:\/\/www.jgclassics.com\/wp-content\/uploads\/2023\/03\/IMG_3894-scaled.jpg\" data-elementor-open-lightbox=\"yes\" data-elementor-lightbox-slideshow=\"5823a6b\" data-elementor-lightbox-title=\"Renault 4CV : Vue g\u00e9n\u00e9rale de l&#039;int\u00e9rieur du tableau de bord. Voir les haut-parleurs sous le tableau de bord des deux c\u00f4t\u00e9s\" data-elementor-lightbox-description=\"Renault 4CV : disponible pour la location, les photos, les tournages, les s\u00e9quences, les vid\u00e9os, etc.\" data-e-action-hash=\"#elementor-action%3Aaction%3Dlightbox%26settings%3DeyJpZCI6MTI5NjgsInVybCI6Imh0dHBzOlwvXC93d3cuamdjbGFzc2ljcy5jb21cL3dwLWNvbnRlbnRcL3VwbG9hZHNcLzIwMjNcLzAzXC9JTUdfMzg5NC1zY2FsZWQuanBnIiwic2xpZGVzaG93IjoiNTgyM2E2YiJ9\">\n\t\t\t\t\t<div class=\"e-gallery-image elementor-gallery-item__image\" data-thumbnail=\"https:\/\/www.jgclassics.com\/wp-content\/uploads\/2023\/03\/IMG_3894-150x150.jpg\" data-width=\"150\" data-height=\"150\" aria-label=\"Renault 4CV : Vue g\u00e9n\u00e9rale de l&#039;int\u00e9rieur du tableau de bord. Voir les haut-parleurs sous le tableau de bord des deux c\u00f4t\u00e9s\" role=\"img\" ><\/div>\n\t\t\t\t\t\t\t\t\t\t\t<div class=\"elementor-gallery-item__overlay\"><\/div>\n\t\t\t\t\t\t\t\t\t\t\t\t\t\t<\/a>\n\t\t\t\t\t\t\t<a class=\"e-gallery-item elementor-gallery-item elementor-animated-content\" data-e-gallery-tags=\"1\" href=\"https:\/\/www.jgclassics.com\/wp-content\/uploads\/2023\/03\/20230305_133442-scaled.jpg\" data-elementor-open-lightbox=\"yes\" data-elementor-lightbox-slideshow=\"5823a6b\" data-elementor-lightbox-title=\"Renault 4CV : D\u00e9tail radio blaupunkt 1963 (restaur\u00e9)\" data-elementor-lightbox-description=\"Renault 4CV : disponible pour la location, les photos, les tournages, les s\u00e9quences, les vid\u00e9os, etc.\" data-e-action-hash=\"#elementor-action%3Aaction%3Dlightbox%26settings%3DeyJpZCI6MTI5MjYsInVybCI6Imh0dHBzOlwvXC93d3cuamdjbGFzc2ljcy5jb21cL3dwLWNvbnRlbnRcL3VwbG9hZHNcLzIwMjNcLzAzXC8yMDIzMDMwNV8xMzM0NDItc2NhbGVkLmpwZyIsInNsaWRlc2hvdyI6IjU4MjNhNmIifQ%3D%3D\">\n\t\t\t\t\t<div class=\"e-gallery-image elementor-gallery-item__image\" data-thumbnail=\"https:\/\/www.jgclassics.com\/wp-content\/uploads\/2023\/03\/20230305_133442-150x150.jpg\" data-width=\"150\" data-height=\"150\" aria-label=\"Renault 4CV : D\u00e9tail radio blaupunkt 1963 (restaur\u00e9)\" role=\"img\" ><\/div>\n\t\t\t\t\t\t\t\t\t\t\t<div class=\"elementor-gallery-item__overlay\"><\/div>\n\t\t\t\t\t\t\t\t\t\t\t\t\t\t<\/a>\n\t\t\t\t\t\t\t<a class=\"e-gallery-item elementor-gallery-item elementor-animated-content\" data-e-gallery-tags=\"1\" href=\"https:\/\/www.jgclassics.com\/wp-content\/uploads\/2023\/03\/20230305_130957-copia-scaled.jpg\" data-elementor-open-lightbox=\"yes\" data-elementor-lightbox-slideshow=\"5823a6b\" data-elementor-lightbox-title=\"Renault 4CV : Tableau de bord int\u00e9rieur\" data-elementor-lightbox-description=\"Renault 4CV : disponible pour la location, les photos, les tournages, les s\u00e9quences, les vid\u00e9os, etc.\" data-e-action-hash=\"#elementor-action%3Aaction%3Dlightbox%26settings%3DeyJpZCI6MTI4OTAsInVybCI6Imh0dHBzOlwvXC93d3cuamdjbGFzc2ljcy5jb21cL3dwLWNvbnRlbnRcL3VwbG9hZHNcLzIwMjNcLzAzXC8yMDIzMDMwNV8xMzA5NTctY29waWEtc2NhbGVkLmpwZyIsInNsaWRlc2hvdyI6IjU4MjNhNmIifQ%3D%3D\">\n\t\t\t\t\t<div class=\"e-gallery-image elementor-gallery-item__image\" data-thumbnail=\"https:\/\/www.jgclassics.com\/wp-content\/uploads\/2023\/03\/20230305_130957-copia-150x150.jpg\" data-width=\"150\" data-height=\"150\" aria-label=\"Renault 4CV : Tableau de bord int\u00e9rieur\" role=\"img\" ><\/div>\n\t\t\t\t\t\t\t\t\t\t\t<div class=\"elementor-gallery-item__overlay\"><\/div>\n\t\t\t\t\t\t\t\t\t\t\t\t\t\t<\/a>\n\t\t\t\t\t\t\t<a class=\"e-gallery-item elementor-gallery-item elementor-animated-content\" data-e-gallery-tags=\"1\" href=\"https:\/\/www.jgclassics.com\/wp-content\/uploads\/2023\/03\/20230305_130829-copia-scaled.jpg\" data-elementor-open-lightbox=\"yes\" data-elementor-lightbox-slideshow=\"5823a6b\" data-elementor-lightbox-title=\"Renault 4CV : Tableau de bord int\u00e9rieur, c\u00f4t\u00e9 conducteur\" data-elementor-lightbox-description=\"Renault 4CV : disponible pour la location, les photos, les tournages, les s\u00e9quences, les vid\u00e9os, etc.\" data-e-action-hash=\"#elementor-action%3Aaction%3Dlightbox%26settings%3DeyJpZCI6MTI4NzIsInVybCI6Imh0dHBzOlwvXC93d3cuamdjbGFzc2ljcy5jb21cL3dwLWNvbnRlbnRcL3VwbG9hZHNcLzIwMjNcLzAzXC8yMDIzMDMwNV8xMzA4MjktY29waWEtc2NhbGVkLmpwZyIsInNsaWRlc2hvdyI6IjU4MjNhNmIifQ%3D%3D\">\n\t\t\t\t\t<div class=\"e-gallery-image elementor-gallery-item__image\" data-thumbnail=\"https:\/\/www.jgclassics.com\/wp-content\/uploads\/2023\/03\/20230305_130829-copia-150x150.jpg\" data-width=\"150\" data-height=\"150\" aria-label=\"Renault 4CV : Tableau de bord int\u00e9rieur, c\u00f4t\u00e9 conducteur\" role=\"img\" ><\/div>\n\t\t\t\t\t\t\t\t\t\t\t<div class=\"elementor-gallery-item__overlay\"><\/div>\n\t\t\t\t\t\t\t\t\t\t\t\t\t\t<\/a>\n\t\t\t\t\t\t\t<a class=\"e-gallery-item elementor-gallery-item elementor-animated-content\" data-e-gallery-tags=\"1\" href=\"https:\/\/www.jgclassics.com\/wp-content\/uploads\/2023\/03\/20230305_130837-copia-scaled.jpg\" data-elementor-open-lightbox=\"yes\" data-elementor-lightbox-slideshow=\"5823a6b\" data-elementor-lightbox-title=\"Renault 4CV : Tableau de bord int\u00e9rieur, c\u00f4t\u00e9 conducteur\" data-elementor-lightbox-description=\"Renault 4CV : disponible pour la location, les photos, les tournages, les s\u00e9quences, les vid\u00e9os, etc.\" data-e-action-hash=\"#elementor-action%3Aaction%3Dlightbox%26settings%3DeyJpZCI6MTI4NzUsInVybCI6Imh0dHBzOlwvXC93d3cuamdjbGFzc2ljcy5jb21cL3dwLWNvbnRlbnRcL3VwbG9hZHNcLzIwMjNcLzAzXC8yMDIzMDMwNV8xMzA4MzctY29waWEtc2NhbGVkLmpwZyIsInNsaWRlc2hvdyI6IjU4MjNhNmIifQ%3D%3D\">\n\t\t\t\t\t<div class=\"e-gallery-image elementor-gallery-item__image\" data-thumbnail=\"https:\/\/www.jgclassics.com\/wp-content\/uploads\/2023\/03\/20230305_130837-copia-150x150.jpg\" data-width=\"150\" data-height=\"150\" aria-label=\"Renault 4CV : Tableau de bord int\u00e9rieur, c\u00f4t\u00e9 conducteur\" role=\"img\" ><\/div>\n\t\t\t\t\t\t\t\t\t\t\t<div class=\"elementor-gallery-item__overlay\"><\/div>\n\t\t\t\t\t\t\t\t\t\t\t\t\t\t<\/a>\n\t\t\t\t\t\t\t<a class=\"e-gallery-item elementor-gallery-item elementor-animated-content\" data-e-gallery-tags=\"1\" href=\"https:\/\/www.jgclassics.com\/wp-content\/uploads\/2023\/03\/20230305_130844-copia-scaled.jpg\" data-elementor-open-lightbox=\"yes\" data-elementor-lightbox-slideshow=\"5823a6b\" data-elementor-lightbox-title=\"Renault 4CV : Int\u00e9rieur du tableau de bord de la console centrale\" data-elementor-lightbox-description=\"Renault 4CV : disponible pour la location, les photos, les tournages, les s\u00e9quences, les vid\u00e9os, etc.\" data-e-action-hash=\"#elementor-action%3Aaction%3Dlightbox%26settings%3DeyJpZCI6MTI4NzgsInVybCI6Imh0dHBzOlwvXC93d3cuamdjbGFzc2ljcy5jb21cL3dwLWNvbnRlbnRcL3VwbG9hZHNcLzIwMjNcLzAzXC8yMDIzMDMwNV8xMzA4NDQtY29waWEtc2NhbGVkLmpwZyIsInNsaWRlc2hvdyI6IjU4MjNhNmIifQ%3D%3D\">\n\t\t\t\t\t<div class=\"e-gallery-image elementor-gallery-item__image\" data-thumbnail=\"https:\/\/www.jgclassics.com\/wp-content\/uploads\/2023\/03\/20230305_130844-copia-150x150.jpg\" data-width=\"150\" data-height=\"150\" aria-label=\"Renault 4CV : Int\u00e9rieur du tableau de bord de la console centrale\" role=\"img\" ><\/div>\n\t\t\t\t\t\t\t\t\t\t\t<div class=\"elementor-gallery-item__overlay\"><\/div>\n\t\t\t\t\t\t\t\t\t\t\t\t\t\t<\/a>\n\t\t\t\t\t\t\t<a class=\"e-gallery-item elementor-gallery-item elementor-animated-content\" data-e-gallery-tags=\"1\" href=\"https:\/\/www.jgclassics.com\/wp-content\/uploads\/2023\/03\/20230305_130903-copia-scaled.jpg\" data-elementor-open-lightbox=\"yes\" data-elementor-lightbox-slideshow=\"5823a6b\" data-elementor-lightbox-title=\"Renault 4CV : Int\u00e9rieur-Radio blaupunkt 1963 original\" data-elementor-lightbox-description=\"Renault 4CV : disponible pour la location, les photos, les tournages, les s\u00e9quences, les vid\u00e9os, etc.\" data-e-action-hash=\"#elementor-action%3Aaction%3Dlightbox%26settings%3DeyJpZCI6MTI4ODEsInVybCI6Imh0dHBzOlwvXC93d3cuamdjbGFzc2ljcy5jb21cL3dwLWNvbnRlbnRcL3VwbG9hZHNcLzIwMjNcLzAzXC8yMDIzMDMwNV8xMzA5MDMtY29waWEtc2NhbGVkLmpwZyIsInNsaWRlc2hvdyI6IjU4MjNhNmIifQ%3D%3D\">\n\t\t\t\t\t<div class=\"e-gallery-image elementor-gallery-item__image\" data-thumbnail=\"https:\/\/www.jgclassics.com\/wp-content\/uploads\/2023\/03\/20230305_130903-copia-150x150.jpg\" data-width=\"150\" data-height=\"150\" aria-label=\"Renault 4CV : Int\u00e9rieur-Radio blaupunkt 1963 original\" role=\"img\" ><\/div>\n\t\t\t\t\t\t\t\t\t\t\t<div class=\"elementor-gallery-item__overlay\"><\/div>\n\t\t\t\t\t\t\t\t\t\t\t\t\t\t<\/a>\n\t\t\t\t\t\t\t<a class=\"e-gallery-item elementor-gallery-item elementor-animated-content\" data-e-gallery-tags=\"1\" href=\"https:\/\/www.jgclassics.com\/wp-content\/uploads\/2023\/03\/20230305_130941-copia-scaled.jpg\" data-elementor-open-lightbox=\"yes\" data-elementor-lightbox-slideshow=\"5823a6b\" data-elementor-lightbox-title=\"Renault 4CV : Tableau de bord int\u00e9rieur\" data-elementor-lightbox-description=\"Renault 4CV : disponible pour la location, les photos, les tournages, les s\u00e9quences, les vid\u00e9os, etc.\" data-e-action-hash=\"#elementor-action%3Aaction%3Dlightbox%26settings%3DeyJpZCI6MTI4ODQsInVybCI6Imh0dHBzOlwvXC93d3cuamdjbGFzc2ljcy5jb21cL3dwLWNvbnRlbnRcL3VwbG9hZHNcLzIwMjNcLzAzXC8yMDIzMDMwNV8xMzA5NDEtY29waWEtc2NhbGVkLmpwZyIsInNsaWRlc2hvdyI6IjU4MjNhNmIifQ%3D%3D\">\n\t\t\t\t\t<div class=\"e-gallery-image elementor-gallery-item__image\" data-thumbnail=\"https:\/\/www.jgclassics.com\/wp-content\/uploads\/2023\/03\/20230305_130941-copia-150x150.jpg\" data-width=\"150\" data-height=\"150\" aria-label=\"Renault 4CV : Tableau de bord int\u00e9rieur\" role=\"img\" ><\/div>\n\t\t\t\t\t\t\t\t\t\t\t<div class=\"elementor-gallery-item__overlay\"><\/div>\n\t\t\t\t\t\t\t\t\t\t\t\t\t\t<\/a>\n\t\t\t\t\t\t\t<a class=\"e-gallery-item elementor-gallery-item elementor-animated-content\" data-e-gallery-tags=\"1\" href=\"https:\/\/www.jgclassics.com\/wp-content\/uploads\/2023\/03\/20230305_130944-copia-scaled.jpg\" data-elementor-open-lightbox=\"yes\" data-elementor-lightbox-slideshow=\"5823a6b\" data-elementor-lightbox-title=\"Renault 4CV : Int\u00e9rieur - tableau de bord\" data-elementor-lightbox-description=\"Renault 4CV : disponible pour la location, les photos, les tournages, les s\u00e9quences, les vid\u00e9os, etc.\" data-e-action-hash=\"#elementor-action%3Aaction%3Dlightbox%26settings%3DeyJpZCI6MTI4ODcsInVybCI6Imh0dHBzOlwvXC93d3cuamdjbGFzc2ljcy5jb21cL3dwLWNvbnRlbnRcL3VwbG9hZHNcLzIwMjNcLzAzXC8yMDIzMDMwNV8xMzA5NDQtY29waWEtc2NhbGVkLmpwZyIsInNsaWRlc2hvdyI6IjU4MjNhNmIifQ%3D%3D\">\n\t\t\t\t\t<div class=\"e-gallery-image elementor-gallery-item__image\" data-thumbnail=\"https:\/\/www.jgclassics.com\/wp-content\/uploads\/2023\/03\/20230305_130944-copia-150x150.jpg\" data-width=\"150\" data-height=\"150\" aria-label=\"Renault 4CV : Int\u00e9rieur - tableau de bord\" role=\"img\" ><\/div>\n\t\t\t\t\t\t\t\t\t\t\t<div class=\"elementor-gallery-item__overlay\"><\/div>\n\t\t\t\t\t\t\t\t\t\t\t\t\t\t<\/a>\n\t\t\t\t\t\t\t<a class=\"e-gallery-item elementor-gallery-item elementor-animated-content\" data-e-gallery-tags=\"1\" href=\"https:\/\/www.jgclassics.com\/wp-content\/uploads\/2023\/03\/20230305_133456-scaled.jpg\" data-elementor-open-lightbox=\"yes\" data-elementor-lightbox-slideshow=\"5823a6b\" data-elementor-lightbox-title=\"Renault 4CV : Ajout d&#039;horloges de mesure suppl\u00e9mentaires (installation r\u00e9versible)\" data-elementor-lightbox-description=\"Renault 4CV : disponible pour la location, les photos, les tournages, les s\u00e9quences, les vid\u00e9os, etc.\" data-e-action-hash=\"#elementor-action%3Aaction%3Dlightbox%26settings%3DeyJpZCI6MTI5MzIsInVybCI6Imh0dHBzOlwvXC93d3cuamdjbGFzc2ljcy5jb21cL3dwLWNvbnRlbnRcL3VwbG9hZHNcLzIwMjNcLzAzXC8yMDIzMDMwNV8xMzM0NTYtc2NhbGVkLmpwZyIsInNsaWRlc2hvdyI6IjU4MjNhNmIifQ%3D%3D\">\n\t\t\t\t\t<div class=\"e-gallery-image elementor-gallery-item__image\" data-thumbnail=\"https:\/\/www.jgclassics.com\/wp-content\/uploads\/2023\/03\/20230305_133456-150x150.jpg\" data-width=\"150\" data-height=\"150\" aria-label=\"Renault 4CV : Ajout d&#039;horloges de mesure suppl\u00e9mentaires (installation r\u00e9versible)\" role=\"img\" ><\/div>\n\t\t\t\t\t\t\t\t\t\t\t<div class=\"elementor-gallery-item__overlay\"><\/div>\n\t\t\t\t\t\t\t\t\t\t\t\t\t\t<\/a>\n\t\t\t\t\t\t\t<a class=\"e-gallery-item elementor-gallery-item elementor-animated-content\" data-e-gallery-tags=\"1\" href=\"https:\/\/www.jgclassics.com\/wp-content\/uploads\/2023\/03\/20230305_133448-scaled.jpg\" data-elementor-open-lightbox=\"yes\" data-elementor-lightbox-slideshow=\"5823a6b\" data-elementor-lightbox-title=\"Renault 4CV : haut-parleur radio Hertz int\u00e9gr\u00e9 sous le tableau de bord\" data-elementor-lightbox-description=\"Renault 4CV : disponible pour la location, les photos, les tournages, les s\u00e9quences, les vid\u00e9os, etc.\" data-e-action-hash=\"#elementor-action%3Aaction%3Dlightbox%26settings%3DeyJpZCI6MTI5MjksInVybCI6Imh0dHBzOlwvXC93d3cuamdjbGFzc2ljcy5jb21cL3dwLWNvbnRlbnRcL3VwbG9hZHNcLzIwMjNcLzAzXC8yMDIzMDMwNV8xMzM0NDgtc2NhbGVkLmpwZyIsInNsaWRlc2hvdyI6IjU4MjNhNmIifQ%3D%3D\">\n\t\t\t\t\t<div class=\"e-gallery-image elementor-gallery-item__image\" data-thumbnail=\"https:\/\/www.jgclassics.com\/wp-content\/uploads\/2023\/03\/20230305_133448-150x150.jpg\" data-width=\"150\" data-height=\"150\" aria-label=\"Renault 4CV : haut-parleur radio Hertz int\u00e9gr\u00e9 sous le tableau de bord\" role=\"img\" ><\/div>\n\t\t\t\t\t\t\t\t\t\t\t<div class=\"elementor-gallery-item__overlay\"><\/div>\n\t\t\t\t\t\t\t\t\t\t\t\t\t\t<\/a>\n\t\t\t\t\t\t\t<a class=\"e-gallery-item elementor-gallery-item elementor-animated-content\" data-e-gallery-tags=\"1\" href=\"https:\/\/www.jgclassics.com\/wp-content\/uploads\/2023\/03\/20230305_131030-scaled.jpg\" data-elementor-open-lightbox=\"yes\" data-elementor-lightbox-slideshow=\"5823a6b\" data-elementor-lightbox-title=\"Le toit pliant de la Renault 4CV, vu de l&#039;int\u00e9rieur\" data-elementor-lightbox-description=\"Renault 4CV : disponible pour la location, les photos, les tournages, les s\u00e9quences, les vid\u00e9os, etc.\" data-e-action-hash=\"#elementor-action%3Aaction%3Dlightbox%26settings%3DeyJpZCI6MTMxMTUsInVybCI6Imh0dHBzOlwvXC93d3cuamdjbGFzc2ljcy5jb21cL3dwLWNvbnRlbnRcL3VwbG9hZHNcLzIwMjNcLzAzXC8yMDIzMDMwNV8xMzEwMzAtc2NhbGVkLmpwZyIsInNsaWRlc2hvdyI6IjU4MjNhNmIifQ%3D%3D\">\n\t\t\t\t\t<div class=\"e-gallery-image elementor-gallery-item__image\" data-thumbnail=\"https:\/\/www.jgclassics.com\/wp-content\/uploads\/2023\/03\/20230305_131030-150x150.jpg\" data-width=\"150\" data-height=\"150\" aria-label=\"Le toit pliant de la Renault 4CV, vu de l&#039;int\u00e9rieur\" role=\"img\" ><\/div>\n\t\t\t\t\t\t\t\t\t\t\t<div class=\"elementor-gallery-item__overlay\"><\/div>\n\t\t\t\t\t\t\t\t\t\t\t\t\t\t<\/a>\n\t\t\t\t\t\t\t<a class=\"e-gallery-item elementor-gallery-item elementor-animated-content\" data-e-gallery-tags=\"1\" href=\"https:\/\/www.jgclassics.com\/wp-content\/uploads\/2023\/03\/20230305_131841-scaled.jpg\" data-elementor-open-lightbox=\"yes\" data-elementor-lightbox-slideshow=\"5823a6b\" data-elementor-lightbox-title=\"Renault 4CV\" data-e-action-hash=\"#elementor-action%3Aaction%3Dlightbox%26settings%3DeyJpZCI6MTMxMTgsInVybCI6Imh0dHBzOlwvXC93d3cuamdjbGFzc2ljcy5jb21cL3dwLWNvbnRlbnRcL3VwbG9hZHNcLzIwMjNcLzAzXC8yMDIzMDMwNV8xMzE4NDEtc2NhbGVkLmpwZyIsInNsaWRlc2hvdyI6IjU4MjNhNmIifQ%3D%3D\">\n\t\t\t\t\t<div class=\"e-gallery-image elementor-gallery-item__image\" data-thumbnail=\"https:\/\/www.jgclassics.com\/wp-content\/uploads\/2023\/03\/20230305_131841-150x150.jpg\" data-width=\"150\" data-height=\"150\" aria-label=\"Le toit ouvrant de la Renault 4CV vu de l&#039;ext\u00e9rieur\" role=\"img\" ><\/div>\n\t\t\t\t\t\t\t\t\t\t\t<div class=\"elementor-gallery-item__overlay\"><\/div>\n\t\t\t\t\t\t\t\t\t\t\t\t\t\t<\/a>\n\t\t\t\t\t\t\t<a class=\"e-gallery-item elementor-gallery-item elementor-animated-content\" data-e-gallery-tags=\"2\" href=\"https:\/\/www.jgclassics.com\/wp-content\/uploads\/2023\/03\/20230305_134153-scaled.jpg\" data-elementor-open-lightbox=\"yes\" data-elementor-lightbox-slideshow=\"5823a6b\" data-elementor-lightbox-title=\"Renault 4CV : d\u00e9tail du dessous de caisse. Bo\u00eete de vitesses au premier plan et r\u00e9servoir d&#039;essence\" data-elementor-lightbox-description=\"Renault 4CV : disponible pour la location, les photos, les tournages, les s\u00e9quences, les vid\u00e9os, etc.\" data-e-action-hash=\"#elementor-action%3Aaction%3Dlightbox%26settings%3DeyJpZCI6MTI5NTMsInVybCI6Imh0dHBzOlwvXC93d3cuamdjbGFzc2ljcy5jb21cL3dwLWNvbnRlbnRcL3VwbG9hZHNcLzIwMjNcLzAzXC8yMDIzMDMwNV8xMzQxNTMtc2NhbGVkLmpwZyIsInNsaWRlc2hvdyI6IjU4MjNhNmIifQ%3D%3D\">\n\t\t\t\t\t<div class=\"e-gallery-image elementor-gallery-item__image\" data-thumbnail=\"https:\/\/www.jgclassics.com\/wp-content\/uploads\/2023\/03\/20230305_134153-150x150.jpg\" data-width=\"150\" data-height=\"150\" aria-label=\"Renault 4CV : d\u00e9tail du dessous de caisse. Bo\u00eete de vitesses au premier plan et r\u00e9servoir d&#039;essence\" role=\"img\" ><\/div>\n\t\t\t\t\t\t\t\t\t\t\t<div class=\"elementor-gallery-item__overlay\"><\/div>\n\t\t\t\t\t\t\t\t\t\t\t\t\t\t<\/a>\n\t\t\t\t\t\t\t<a class=\"e-gallery-item elementor-gallery-item elementor-animated-content\" data-e-gallery-tags=\"2\" href=\"https:\/\/www.jgclassics.com\/wp-content\/uploads\/2023\/03\/20230305_133646-scaled.jpg\" data-elementor-open-lightbox=\"yes\" data-elementor-lightbox-slideshow=\"5823a6b\" data-elementor-lightbox-title=\"Renault 4CV : Moteur int\u00e9rieur. D\u00e9tail du carburateur Solex 22 reconditionn\u00e9 (d\u00e9marreur manuel)\" data-elementor-lightbox-description=\"Renault 4CV : disponible pour la location, les photos, les tournages, les s\u00e9quences, les vid\u00e9os, etc.\" data-e-action-hash=\"#elementor-action%3Aaction%3Dlightbox%26settings%3DeyJpZCI6MTI5NTAsInVybCI6Imh0dHBzOlwvXC93d3cuamdjbGFzc2ljcy5jb21cL3dwLWNvbnRlbnRcL3VwbG9hZHNcLzIwMjNcLzAzXC8yMDIzMDMwNV8xMzM2NDYtc2NhbGVkLmpwZyIsInNsaWRlc2hvdyI6IjU4MjNhNmIifQ%3D%3D\">\n\t\t\t\t\t<div class=\"e-gallery-image elementor-gallery-item__image\" data-thumbnail=\"https:\/\/www.jgclassics.com\/wp-content\/uploads\/2023\/03\/20230305_133646-150x150.jpg\" data-width=\"150\" data-height=\"150\" aria-label=\"Renault 4CV : Moteur int\u00e9rieur. D\u00e9tail du carburateur Solex 22 reconditionn\u00e9 (d\u00e9marreur manuel)\" role=\"img\" ><\/div>\n\t\t\t\t\t\t\t\t\t\t\t<div class=\"elementor-gallery-item__overlay\"><\/div>\n\t\t\t\t\t\t\t\t\t\t\t\t\t\t<\/a>\n\t\t\t\t\t\t\t<a class=\"e-gallery-item elementor-gallery-item elementor-animated-content\" data-e-gallery-tags=\"2\" href=\"https:\/\/www.jgclassics.com\/wp-content\/uploads\/2023\/03\/20230305_133639-scaled.jpg\" data-elementor-open-lightbox=\"yes\" data-elementor-lightbox-slideshow=\"5823a6b\" data-elementor-lightbox-title=\"Renault 4CV : Moteur int\u00e9rieur. D\u00e9tail du carburateur Solex 22 reconditionn\u00e9 (d\u00e9marreur manuel)\" data-elementor-lightbox-description=\"Renault 4CV : disponible pour la location, les photos, les tournages, les s\u00e9quences, les vid\u00e9os, etc.\" data-e-action-hash=\"#elementor-action%3Aaction%3Dlightbox%26settings%3DeyJpZCI6MTI5NDQsInVybCI6Imh0dHBzOlwvXC93d3cuamdjbGFzc2ljcy5jb21cL3dwLWNvbnRlbnRcL3VwbG9hZHNcLzIwMjNcLzAzXC8yMDIzMDMwNV8xMzM2Mzktc2NhbGVkLmpwZyIsInNsaWRlc2hvdyI6IjU4MjNhNmIifQ%3D%3D\">\n\t\t\t\t\t<div class=\"e-gallery-image elementor-gallery-item__image\" data-thumbnail=\"https:\/\/www.jgclassics.com\/wp-content\/uploads\/2023\/03\/20230305_133639-150x150.jpg\" data-width=\"150\" data-height=\"150\" aria-label=\"Renault 4CV : Moteur int\u00e9rieur. D\u00e9tail du carburateur Solex 22 reconditionn\u00e9 (d\u00e9marreur manuel)\" role=\"img\" ><\/div>\n\t\t\t\t\t\t\t\t\t\t\t<div class=\"elementor-gallery-item__overlay\"><\/div>\n\t\t\t\t\t\t\t\t\t\t\t\t\t\t<\/a>\n\t\t\t\t\t\t\t<a class=\"e-gallery-item elementor-gallery-item elementor-animated-content\" data-e-gallery-tags=\"2\" href=\"https:\/\/www.jgclassics.com\/wp-content\/uploads\/2023\/03\/20230305_151945-scaled.jpg\" data-elementor-open-lightbox=\"yes\" data-elementor-lightbox-slideshow=\"5823a6b\" data-elementor-lightbox-title=\"Renault 4CV : Moteur int\u00e9rieur. D\u00e9tail de la conduite de carburant vers le carburateur\" data-elementor-lightbox-description=\"Renault 4CV : disponible pour la location, les photos, les tournages, les s\u00e9quences, les vid\u00e9os, etc.\" data-e-action-hash=\"#elementor-action%3Aaction%3Dlightbox%26settings%3DeyJpZCI6MTI5NTYsInVybCI6Imh0dHBzOlwvXC93d3cuamdjbGFzc2ljcy5jb21cL3dwLWNvbnRlbnRcL3VwbG9hZHNcLzIwMjNcLzAzXC8yMDIzMDMwNV8xNTE5NDUtc2NhbGVkLmpwZyIsInNsaWRlc2hvdyI6IjU4MjNhNmIifQ%3D%3D\">\n\t\t\t\t\t<div class=\"e-gallery-image elementor-gallery-item__image\" data-thumbnail=\"https:\/\/www.jgclassics.com\/wp-content\/uploads\/2023\/03\/20230305_151945-150x150.jpg\" data-width=\"150\" data-height=\"150\" aria-label=\"Renault 4CV : Moteur int\u00e9rieur. D\u00e9tail de la conduite de carburant vers le carburateur\" role=\"img\" ><\/div>\n\t\t\t\t\t\t\t\t\t\t\t<div class=\"elementor-gallery-item__overlay\"><\/div>\n\t\t\t\t\t\t\t\t\t\t\t\t\t\t<\/a>\n\t\t\t\t\t\t\t<a class=\"e-gallery-item elementor-gallery-item elementor-animated-content\" data-e-gallery-tags=\"2\" href=\"https:\/\/www.jgclassics.com\/wp-content\/uploads\/2023\/03\/20230305_133623-scaled.jpg\" data-elementor-open-lightbox=\"yes\" data-elementor-lightbox-slideshow=\"5823a6b\" data-elementor-lightbox-title=\"Renault 4CV : Moteur int\u00e9rieur. D\u00e9tail de la batterie 6V\/900A\" data-elementor-lightbox-description=\"Renault 4CV : disponible pour la location, les photos, les tournages, les s\u00e9quences, les vid\u00e9os, etc.\" data-e-action-hash=\"#elementor-action%3Aaction%3Dlightbox%26settings%3DeyJpZCI6MTI5MzUsInVybCI6Imh0dHBzOlwvXC93d3cuamdjbGFzc2ljcy5jb21cL3dwLWNvbnRlbnRcL3VwbG9hZHNcLzIwMjNcLzAzXC8yMDIzMDMwNV8xMzM2MjMtc2NhbGVkLmpwZyIsInNsaWRlc2hvdyI6IjU4MjNhNmIifQ%3D%3D\">\n\t\t\t\t\t<div class=\"e-gallery-image elementor-gallery-item__image\" data-thumbnail=\"https:\/\/www.jgclassics.com\/wp-content\/uploads\/2023\/03\/20230305_133623-150x150.jpg\" data-width=\"150\" data-height=\"150\" aria-label=\"Renault 4CV : Moteur int\u00e9rieur. D\u00e9tail de la batterie 6V\/900A\" role=\"img\" ><\/div>\n\t\t\t\t\t\t\t\t\t\t\t<div class=\"elementor-gallery-item__overlay\"><\/div>\n\t\t\t\t\t\t\t\t\t\t\t\t\t\t<\/a>\n\t\t\t\t\t\t\t<a class=\"e-gallery-item elementor-gallery-item elementor-animated-content\" data-e-gallery-tags=\"2\" href=\"https:\/\/www.jgclassics.com\/wp-content\/uploads\/2023\/03\/20230305_133629-scaled.jpg\" data-elementor-open-lightbox=\"yes\" data-elementor-lightbox-slideshow=\"5823a6b\" data-elementor-lightbox-title=\"Renault 4CV : Moteur int\u00e9rieur. D\u00e9tail du filtre \u00e0 carburant\" data-elementor-lightbox-description=\"Renault 4CV : disponible pour la location, les photos, les tournages, les s\u00e9quences, les vid\u00e9os, etc.\" data-e-action-hash=\"#elementor-action%3Aaction%3Dlightbox%26settings%3DeyJpZCI6MTI5MzgsInVybCI6Imh0dHBzOlwvXC93d3cuamdjbGFzc2ljcy5jb21cL3dwLWNvbnRlbnRcL3VwbG9hZHNcLzIwMjNcLzAzXC8yMDIzMDMwNV8xMzM2Mjktc2NhbGVkLmpwZyIsInNsaWRlc2hvdyI6IjU4MjNhNmIifQ%3D%3D\">\n\t\t\t\t\t<div class=\"e-gallery-image elementor-gallery-item__image\" data-thumbnail=\"https:\/\/www.jgclassics.com\/wp-content\/uploads\/2023\/03\/20230305_133629-150x150.jpg\" data-width=\"150\" data-height=\"150\" aria-label=\"Renault 4CV : Moteur int\u00e9rieur. D\u00e9tail du filtre \u00e0 carburant\" role=\"img\" ><\/div>\n\t\t\t\t\t\t\t\t\t\t\t<div class=\"elementor-gallery-item__overlay\"><\/div>\n\t\t\t\t\t\t\t\t\t\t\t\t\t\t<\/a>\n\t\t\t\t\t\t\t<a class=\"e-gallery-item elementor-gallery-item elementor-animated-content\" data-e-gallery-tags=\"2\" href=\"https:\/\/www.jgclassics.com\/wp-content\/uploads\/2023\/03\/20230305_133634-scaled.jpg\" data-elementor-open-lightbox=\"yes\" data-elementor-lightbox-slideshow=\"5823a6b\" data-elementor-lightbox-title=\"Renault 4CV : Moteur int\u00e9rieur. D\u00e9tail de la pompe \u00e0 carburant\" data-elementor-lightbox-description=\"Renault 4CV : disponible pour la location, les photos, les tournages, les s\u00e9quences, les vid\u00e9os, etc.\" data-e-action-hash=\"#elementor-action%3Aaction%3Dlightbox%26settings%3DeyJpZCI6MTI5NDEsInVybCI6Imh0dHBzOlwvXC93d3cuamdjbGFzc2ljcy5jb21cL3dwLWNvbnRlbnRcL3VwbG9hZHNcLzIwMjNcLzAzXC8yMDIzMDMwNV8xMzM2MzQtc2NhbGVkLmpwZyIsInNsaWRlc2hvdyI6IjU4MjNhNmIifQ%3D%3D\">\n\t\t\t\t\t<div class=\"e-gallery-image elementor-gallery-item__image\" data-thumbnail=\"https:\/\/www.jgclassics.com\/wp-content\/uploads\/2023\/03\/20230305_133634-150x150.jpg\" data-width=\"150\" data-height=\"150\" aria-label=\"Renault 4CV : Moteur int\u00e9rieur. D\u00e9tail de la pompe \u00e0 carburant\" role=\"img\" ><\/div>\n\t\t\t\t\t\t\t\t\t\t\t<div class=\"elementor-gallery-item__overlay\"><\/div>\n\t\t\t\t\t\t\t\t\t\t\t\t\t\t<\/a>\n\t\t\t\t\t\t\t<a class=\"e-gallery-item elementor-gallery-item elementor-animated-content\" data-e-gallery-tags=\"2\" href=\"https:\/\/www.jgclassics.com\/wp-content\/uploads\/2023\/03\/20230305_130716-copia-scaled.jpg\" data-elementor-open-lightbox=\"yes\" data-elementor-lightbox-slideshow=\"5823a6b\" data-elementor-lightbox-title=\"Renault 4CV : Compartiment moteur - Couvercle de soupape chrom\u00e9 au premier plan\" data-elementor-lightbox-description=\"Renault 4CV : disponible pour la location, les photos, les tournages, les s\u00e9quences, les vid\u00e9os, etc.\" data-e-action-hash=\"#elementor-action%3Aaction%3Dlightbox%26settings%3DeyJpZCI6MTI4NjYsInVybCI6Imh0dHBzOlwvXC93d3cuamdjbGFzc2ljcy5jb21cL3dwLWNvbnRlbnRcL3VwbG9hZHNcLzIwMjNcLzAzXC8yMDIzMDMwNV8xMzA3MTYtY29waWEtc2NhbGVkLmpwZyIsInNsaWRlc2hvdyI6IjU4MjNhNmIifQ%3D%3D\">\n\t\t\t\t\t<div class=\"e-gallery-image elementor-gallery-item__image\" data-thumbnail=\"https:\/\/www.jgclassics.com\/wp-content\/uploads\/2023\/03\/20230305_130716-copia-150x150.jpg\" data-width=\"150\" data-height=\"150\" aria-label=\"Renault 4CV : Compartiment moteur - Couvercle de soupape chrom\u00e9 au premier plan\" role=\"img\" ><\/div>\n\t\t\t\t\t\t\t\t\t\t\t<div class=\"elementor-gallery-item__overlay\"><\/div>\n\t\t\t\t\t\t\t\t\t\t\t\t\t\t<\/a>\n\t\t\t\t\t\t\t<a class=\"e-gallery-item elementor-gallery-item elementor-animated-content\" data-e-gallery-tags=\"2\" href=\"https:\/\/www.jgclassics.com\/wp-content\/uploads\/2023\/03\/20230305_130701_001-copia-scaled.jpg\" data-elementor-open-lightbox=\"yes\" data-elementor-lightbox-slideshow=\"5823a6b\" data-elementor-lightbox-title=\"Renault 4CV : Compartiment moteur - cache soupape chrom\u00e9\" data-elementor-lightbox-description=\"Renault 4CV : disponible pour la location, les photos, les tournages, les s\u00e9quences, les vid\u00e9os, etc.\" data-e-action-hash=\"#elementor-action%3Aaction%3Dlightbox%26settings%3DeyJpZCI6MTI4NjMsInVybCI6Imh0dHBzOlwvXC93d3cuamdjbGFzc2ljcy5jb21cL3dwLWNvbnRlbnRcL3VwbG9hZHNcLzIwMjNcLzAzXC8yMDIzMDMwNV8xMzA3MDFfMDAxLWNvcGlhLXNjYWxlZC5qcGciLCJzbGlkZXNob3ciOiI1ODIzYTZiIn0%3D\">\n\t\t\t\t\t<div class=\"e-gallery-image elementor-gallery-item__image\" data-thumbnail=\"https:\/\/www.jgclassics.com\/wp-content\/uploads\/2023\/03\/20230305_130701_001-copia-150x150.jpg\" data-width=\"150\" data-height=\"150\" aria-label=\"Renault 4CV : Compartiment moteur - cache soupape chrom\u00e9\" role=\"img\" ><\/div>\n\t\t\t\t\t\t\t\t\t\t\t<div class=\"elementor-gallery-item__overlay\"><\/div>\n\t\t\t\t\t\t\t\t\t\t\t\t\t\t<\/a>\n\t\t\t\t\t\t\t<a class=\"e-gallery-item elementor-gallery-item elementor-animated-content\" data-e-gallery-tags=\"2\" href=\"https:\/\/www.jgclassics.com\/wp-content\/uploads\/2023\/03\/20230305_130649-copia-scaled.jpg\" data-elementor-open-lightbox=\"yes\" data-elementor-lightbox-slideshow=\"5823a6b\" data-elementor-lightbox-title=\"Renault 4CV : Compartiment moteur - d\u00e9tail\" data-elementor-lightbox-description=\"Renault 4CV : disponible pour la location, les photos, les tournages, les s\u00e9quences, les vid\u00e9os, etc.\" data-e-action-hash=\"#elementor-action%3Aaction%3Dlightbox%26settings%3DeyJpZCI6MTI4NjAsInVybCI6Imh0dHBzOlwvXC93d3cuamdjbGFzc2ljcy5jb21cL3dwLWNvbnRlbnRcL3VwbG9hZHNcLzIwMjNcLzAzXC8yMDIzMDMwNV8xMzA2NDktY29waWEtc2NhbGVkLmpwZyIsInNsaWRlc2hvdyI6IjU4MjNhNmIifQ%3D%3D\">\n\t\t\t\t\t<div class=\"e-gallery-image elementor-gallery-item__image\" data-thumbnail=\"https:\/\/www.jgclassics.com\/wp-content\/uploads\/2023\/03\/20230305_130649-copia-150x150.jpg\" data-width=\"150\" data-height=\"150\" aria-label=\"Renault 4CV : Compartiment moteur - d\u00e9tail\" role=\"img\" ><\/div>\n\t\t\t\t\t\t\t\t\t\t\t<div class=\"elementor-gallery-item__overlay\"><\/div>\n\t\t\t\t\t\t\t\t\t\t\t\t\t\t<\/a>\n\t\t\t\t\t\t\t<a class=\"e-gallery-item elementor-gallery-item elementor-animated-content\" data-e-gallery-tags=\"2\" href=\"https:\/\/www.jgclassics.com\/wp-content\/uploads\/2023\/03\/20230305_130638-copia-scaled.jpg\" data-elementor-open-lightbox=\"yes\" data-elementor-lightbox-slideshow=\"5823a6b\" data-elementor-lightbox-title=\"Renault 4CV : Compartiment moteur\" data-elementor-lightbox-description=\"Renault 4CV : disponible pour la location, les photos, les tournages, les s\u00e9quences, les vid\u00e9os, etc.\" data-e-action-hash=\"#elementor-action%3Aaction%3Dlightbox%26settings%3DeyJpZCI6MTI4NTcsInVybCI6Imh0dHBzOlwvXC93d3cuamdjbGFzc2ljcy5jb21cL3dwLWNvbnRlbnRcL3VwbG9hZHNcLzIwMjNcLzAzXC8yMDIzMDMwNV8xMzA2MzgtY29waWEtc2NhbGVkLmpwZyIsInNsaWRlc2hvdyI6IjU4MjNhNmIifQ%3D%3D\">\n\t\t\t\t\t<div class=\"e-gallery-image elementor-gallery-item__image\" data-thumbnail=\"https:\/\/www.jgclassics.com\/wp-content\/uploads\/2023\/03\/20230305_130638-copia-150x150.jpg\" data-width=\"150\" data-height=\"150\" aria-label=\"Renault 4CV : Compartiment moteur - d\u00e9tail\" role=\"img\" ><\/div>\n\t\t\t\t\t\t\t\t\t\t\t<div class=\"elementor-gallery-item__overlay\"><\/div>\n\t\t\t\t\t\t\t\t\t\t\t\t\t\t<\/a>\n\t\t\t\t\t\t\t<a class=\"e-gallery-item elementor-gallery-item elementor-animated-content\" data-e-gallery-tags=\"2\" href=\"https:\/\/www.jgclassics.com\/wp-content\/uploads\/2023\/03\/20230305_130633-copia-scaled.jpg\" data-elementor-open-lightbox=\"yes\" data-elementor-lightbox-slideshow=\"5823a6b\" data-elementor-lightbox-title=\"Renault 4CV : Compartiment moteur\" data-elementor-lightbox-description=\"Renault 4CV : disponible pour la location, les photos, les tournages, les s\u00e9quences, les vid\u00e9os, etc.\" data-e-action-hash=\"#elementor-action%3Aaction%3Dlightbox%26settings%3DeyJpZCI6MTI4NTQsInVybCI6Imh0dHBzOlwvXC93d3cuamdjbGFzc2ljcy5jb21cL3dwLWNvbnRlbnRcL3VwbG9hZHNcLzIwMjNcLzAzXC8yMDIzMDMwNV8xMzA2MzMtY29waWEtc2NhbGVkLmpwZyIsInNsaWRlc2hvdyI6IjU4MjNhNmIifQ%3D%3D\">\n\t\t\t\t\t<div class=\"e-gallery-image elementor-gallery-item__image\" data-thumbnail=\"https:\/\/www.jgclassics.com\/wp-content\/uploads\/2023\/03\/20230305_130633-copia-150x150.jpg\" data-width=\"150\" data-height=\"150\" aria-label=\"Renault 4CV : Compartiment moteur\" role=\"img\" ><\/div>\n\t\t\t\t\t\t\t\t\t\t\t<div class=\"elementor-gallery-item__overlay\"><\/div>\n\t\t\t\t\t\t\t\t\t\t\t\t\t\t<\/a>\n\t\t\t\t\t<\/div>\n\t\t\t\t\t<\/div>\n\t\t\t\t<\/div>\n\t\t\t\t\t<\/div>\n\t\t<\/div>\n\t\t\t\t\t<\/div>\n\t\t<\/section>\n\t\t\t\t<section data-particle_enable=\"false\" data-particle-mobile-disabled=\"false\" class=\"elementor-section elementor-top-section elementor-element elementor-element-814a3a6 elementor-section-boxed elementor-section-height-default elementor-section-height-default\" data-id=\"814a3a6\" data-element_type=\"section\" data-e-type=\"section\">\n\t\t\t\t\t\t<div class=\"elementor-container elementor-column-gap-default\">\n\t\t\t\t\t<div class=\"elementor-column elementor-col-100 elementor-top-column elementor-element elementor-element-945929e\" data-id=\"945929e\" data-element_type=\"column\" data-e-type=\"column\">\n\t\t\t<div class=\"elementor-widget-wrap elementor-element-populated\">\n\t\t\t\t\t\t<div class=\"elementor-element elementor-element-75715cc elementor-widget elementor-widget-heading\" data-id=\"75715cc\" data-element_type=\"widget\" data-e-type=\"widget\" data-widget_type=\"heading.default\">\n\t\t\t\t<div class=\"elementor-widget-container\">\n\t\t\t\t\t<h2 class=\"elementor-heading-title elementor-size-default\">Renault 4CV - Histoire<\/h2>\t\t\t\t<\/div>\n\t\t\t\t<\/div>\n\t\t\t\t\t<\/div>\n\t\t<\/div>\n\t\t\t\t\t<\/div>\n\t\t<\/section>\n\t\t\t\t<section data-particle_enable=\"false\" data-particle-mobile-disabled=\"false\" class=\"elementor-section elementor-top-section elementor-element elementor-element-17a75e6 elementor-section-boxed elementor-section-height-default elementor-section-height-default\" data-id=\"17a75e6\" data-element_type=\"section\" data-e-type=\"section\">\n\t\t\t\t\t\t<div class=\"elementor-container elementor-column-gap-default\">\n\t\t\t\t\t<div class=\"elementor-column elementor-col-100 elementor-top-column elementor-element elementor-element-7132b26\" data-id=\"7132b26\" data-element_type=\"column\" data-e-type=\"column\">\n\t\t\t<div class=\"elementor-widget-wrap elementor-element-populated\">\n\t\t\t\t\t\t<div class=\"elementor-element elementor-element-c138c14 elementor-widget elementor-widget-heading\" data-id=\"c138c14\" data-element_type=\"widget\" data-e-type=\"widget\" data-widget_type=\"heading.default\">\n\t\t\t\t<div class=\"elementor-widget-container\">\n\t\t\t\t\t<h3 class=\"elementor-heading-title elementor-size-default\">1940 : Renault 4CV : Une voiture presque h\u00e9ro\u00efque, con\u00e7ue et dessin\u00e9e dans la clandestinit\u00e9.<\/h3>\t\t\t\t<\/div>\n\t\t\t\t<\/div>\n\t\t\t\t\t<\/div>\n\t\t<\/div>\n\t\t\t\t\t<\/div>\n\t\t<\/section>\n\t\t\t\t<section data-particle_enable=\"false\" data-particle-mobile-disabled=\"false\" class=\"elementor-section elementor-top-section elementor-element elementor-element-91541a1 elementor-section-boxed elementor-section-height-default elementor-section-height-default\" data-id=\"91541a1\" data-element_type=\"section\" data-e-type=\"section\">\n\t\t\t\t\t\t<div class=\"elementor-container elementor-column-gap-default\">\n\t\t\t\t\t<div class=\"elementor-column elementor-col-100 elementor-top-column elementor-element elementor-element-dc7b8b5\" data-id=\"dc7b8b5\" data-element_type=\"column\" data-e-type=\"column\">\n\t\t\t<div class=\"elementor-widget-wrap elementor-element-populated\">\n\t\t\t\t\t\t<div class=\"elementor-element elementor-element-b486fea elementor-widget elementor-widget-text-editor\" data-id=\"b486fea\" data-element_type=\"widget\" data-e-type=\"widget\" data-widget_type=\"text-editor.default\">\n\t\t\t\t<div class=\"elementor-widget-container\">\n\t\t\t\t\t\t\t\t\t<p>La Renault 4CV est une voiture n\u00e9e dans la clandestinit\u00e9.  <span style=\"font-style: inherit; font-weight: inherit;\">Pendant la Seconde Guerre mondiale et l&#8217;occupation allemande de la France, un groupe d&#8217;ing\u00e9nieurs de Renault s&#8217;est attel\u00e9 \u00e0 un nouveau projet.  <\/span><\/p>\n\t\t\t\t\t\t\t\t<\/div>\n\t\t\t\t<\/div>\n\t\t\t\t\t<\/div>\n\t\t<\/div>\n\t\t\t\t\t<\/div>\n\t\t<\/section>\n\t\t\t\t<section data-particle_enable=\"false\" data-particle-mobile-disabled=\"false\" class=\"elementor-section elementor-top-section elementor-element elementor-element-3a40af5 elementor-section-boxed elementor-section-height-default elementor-section-height-default\" data-id=\"3a40af5\" data-element_type=\"section\" data-e-type=\"section\">\n\t\t\t\t\t\t<div class=\"elementor-container elementor-column-gap-default\">\n\t\t\t\t\t<div class=\"elementor-column elementor-col-50 elementor-top-column elementor-element elementor-element-cac649f\" data-id=\"cac649f\" data-element_type=\"column\" data-e-type=\"column\">\n\t\t\t<div class=\"elementor-widget-wrap elementor-element-populated\">\n\t\t\t\t\t\t<div class=\"elementor-element elementor-element-39f11cb elementor-widget elementor-widget-image\" data-id=\"39f11cb\" data-element_type=\"widget\" data-e-type=\"widget\" data-widget_type=\"image.default\">\n\t\t\t\t<div class=\"elementor-widget-container\">\n\t\t\t\t\t\t\t\t\t\t\t\t<figure class=\"wp-caption\">\n\t\t\t\t\t\t\t\t\t\t\t<a href=\"https:\/\/www.jgclassics.com\/wp-content\/uploads\/2023\/03\/4cv_pub005_pais_bajos_1954.jpg\" data-elementor-open-lightbox=\"yes\" data-elementor-lightbox-title=\"Renault 4CV. Publicit\u00e9 Pays-Bas 1954\" data-e-action-hash=\"#elementor-action%3Aaction%3Dlightbox%26settings%3DeyJpZCI6MTMwMjgsInVybCI6Imh0dHBzOlwvXC93d3cuamdjbGFzc2ljcy5jb21cL3dwLWNvbnRlbnRcL3VwbG9hZHNcLzIwMjNcLzAzXC80Y3ZfcHViMDA1X3BhaXNfYmFqb3NfMTk1NC5qcGcifQ%3D%3D\">\n\t\t\t\t\t\t\t<img decoding=\"async\" width=\"300\" height=\"111\" src=\"https:\/\/www.jgclassics.com\/wp-content\/uploads\/2023\/03\/4cv_pub005_pais_bajos_1954-300x111.jpg\" class=\"attachment-medium size-medium wp-image-13028\" alt=\"Renault 4CV. Publicit\u00e9 Pays-Bas 1954\" srcset=\"https:\/\/www.jgclassics.com\/wp-content\/uploads\/2023\/03\/4cv_pub005_pais_bajos_1954-300x111.jpg 300w, https:\/\/www.jgclassics.com\/wp-content\/uploads\/2023\/03\/4cv_pub005_pais_bajos_1954-768x284.jpg 768w, https:\/\/www.jgclassics.com\/wp-content\/uploads\/2023\/03\/4cv_pub005_pais_bajos_1954.jpg 1024w\" sizes=\"(max-width: 300px) 100vw, 300px\" \/>\t\t\t\t\t\t\t\t<\/a>\n\t\t\t\t\t\t\t\t\t\t\t<figcaption class=\"widget-image-caption wp-caption-text\">Renault 4CV. Publicit\u00e9 Pays-Bas 1954<\/figcaption>\n\t\t\t\t\t\t\t\t\t\t<\/figure>\n\t\t\t\t\t\t\t\t\t<\/div>\n\t\t\t\t<\/div>\n\t\t\t\t\t<\/div>\n\t\t<\/div>\n\t\t\t\t<div class=\"elementor-column elementor-col-50 elementor-top-column elementor-element elementor-element-eefda6e\" data-id=\"eefda6e\" data-element_type=\"column\" data-e-type=\"column\">\n\t\t\t<div class=\"elementor-widget-wrap elementor-element-populated\">\n\t\t\t\t\t\t<div class=\"elementor-element elementor-element-cc6ef67 elementor-widget elementor-widget-text-editor\" data-id=\"cc6ef67\" data-element_type=\"widget\" data-e-type=\"widget\" data-widget_type=\"text-editor.default\">\n\t\t\t\t<div class=\"elementor-widget-container\">\n\t\t\t\t\t\t\t\t\t<p><span style=\"font-style: inherit; font-weight: inherit;\">Ils savaient que la guerre ne durerait pas ind\u00e9finiment, qu&#8217;elle devrait se terminer un jour ou l&#8217;autre, et que le pays aurait besoin d&#8217;une voiture capable de motoriser le pays et de r\u00e9pondre aux besoins de mobilit\u00e9 de la population.<\/span><\/p>\n<p><span style=\"font-style: inherit; font-weight: inherit;\">Une telle voiture devrait \u00eatre simple, mais fiable. Il devait \u00eatre raisonnablement economique \u00e0 fabriquer. Elle doit \u00eatre facile \u00e0 entretenir. <\/span><\/p>\n\t\t\t\t\t\t\t\t<\/div>\n\t\t\t\t<\/div>\n\t\t\t\t\t<\/div>\n\t\t<\/div>\n\t\t\t\t\t<\/div>\n\t\t<\/section>\n\t\t\t\t<section data-particle_enable=\"false\" data-particle-mobile-disabled=\"false\" class=\"elementor-section elementor-top-section elementor-element elementor-element-604d23a elementor-section-boxed elementor-section-height-default elementor-section-height-default\" data-id=\"604d23a\" data-element_type=\"section\" data-e-type=\"section\">\n\t\t\t\t\t\t<div class=\"elementor-container elementor-column-gap-default\">\n\t\t\t\t\t<div class=\"elementor-column elementor-col-100 elementor-top-column elementor-element elementor-element-015d5f4\" data-id=\"015d5f4\" data-element_type=\"column\" data-e-type=\"column\">\n\t\t\t<div class=\"elementor-widget-wrap elementor-element-populated\">\n\t\t\t\t\t\t<div class=\"elementor-element elementor-element-b8c50c5 elementor-widget elementor-widget-text-editor\" data-id=\"b8c50c5\" data-element_type=\"widget\" data-e-type=\"widget\" data-widget_type=\"text-editor.default\">\n\t\t\t\t<div class=\"elementor-widget-container\">\n\t\t\t\t\t\t\t\t\t<p><span style=\"font-style: inherit; font-weight: inherit;\">Ell doit \u00eatre pas chere afin de toucher le plus grand nombre de personnes possible, mais elle doit \u00eatre suffisamment grand pour accueillir quatre personnes \u00e0 l&#8217;int\u00e9rieur. C&#8217;est ainsi qu&#8217;est n\u00e9e la Renault 4CV<\/span><\/p>\n\t\t\t\t\t\t\t\t<\/div>\n\t\t\t\t<\/div>\n\t\t\t\t\t<\/div>\n\t\t<\/div>\n\t\t\t\t\t<\/div>\n\t\t<\/section>\n\t\t\t\t<section data-particle_enable=\"false\" data-particle-mobile-disabled=\"false\" class=\"elementor-section elementor-top-section elementor-element elementor-element-54814f7 elementor-section-boxed elementor-section-height-default elementor-section-height-default\" data-id=\"54814f7\" data-element_type=\"section\" data-e-type=\"section\">\n\t\t\t\t\t\t<div class=\"elementor-container elementor-column-gap-default\">\n\t\t\t\t\t<div class=\"elementor-column elementor-col-100 elementor-top-column elementor-element elementor-element-63c5ee2\" data-id=\"63c5ee2\" data-element_type=\"column\" data-e-type=\"column\">\n\t\t\t<div class=\"elementor-widget-wrap elementor-element-populated\">\n\t\t\t\t\t\t<div class=\"elementor-element elementor-element-05bd6a6 elementor-widget elementor-widget-text-editor\" data-id=\"05bd6a6\" data-element_type=\"widget\" data-e-type=\"widget\" data-widget_type=\"text-editor.default\">\n\t\t\t\t<div class=\"elementor-widget-container\">\n\t\t\t\t\t\t\t\t\t<p>L&#8217;un des probl\u00e8mes rencontr\u00e9s par les ing\u00e9nieurs de Renault \u00e9tait pr\u00e9cis\u00e9ment l&#8217;occupation allemande de la France pendant cette p\u00e9riode de la Seconde Guerre mondiale. L&#8217;usine Renault \u00e9tant contr\u00f4l\u00e9e par les forces allemandes, les r\u00e8gles impos\u00e9es par les occupants interdisent tout projet qui ne soit pas au service de l&#8217;arm\u00e9e allemande pour la fabrication et l&#8217;entretien des v\u00e9hicules de guerre.<\/p>\n<p>N\u00e9anmoins, une \u00e9quipe dirig\u00e9e par Fernand Picard &#8211; l&#8217;un des proches collaborateurs de Louis Renault &#8211; a travaill\u00e9 \u00e0 la cr\u00e9ation de ce v\u00e9hicule et de ses trois prototypes. Il est int\u00e9ressant de noter que Louis Renault lui-m\u00eame n&#8217;\u00e9tait pas au courant (du moins pas officiellement, et certainement pas au d\u00e9but) du d\u00e9veloppement du projet, le &#8220;projet 106E&#8221; comme il a \u00e9t\u00e9 appel\u00e9. Le projet a d\u00e9but\u00e9 en 1940 et il a fallu deux ans, jusqu&#8217;en 1942, pour que le premier prototype voie le jour. Il rappelle la forme de la Coccinelle VW, et bien que certains affirment que la Coccinelle VW a \u00e9t\u00e9 une source d&#8217;inspiration, cela ne semble pas tr\u00e8s certain. D&#8217;autres affirment que la similitude entre les deux mod\u00e8les est davantage due au fait qu&#8217;ils ont tous deux suivi les directives de conception a\u00e9rodynamique de l&#8217;\u00e9poque, plut\u00f4t qu&#8217;au fait que l&#8217;un a directement inspir\u00e9 l&#8217;autre.<\/p>\n\t\t\t\t\t\t\t\t<\/div>\n\t\t\t\t<\/div>\n\t\t\t\t\t<\/div>\n\t\t<\/div>\n\t\t\t\t\t<\/div>\n\t\t<\/section>\n\t\t\t\t<section data-particle_enable=\"false\" data-particle-mobile-disabled=\"false\" class=\"elementor-section elementor-top-section elementor-element elementor-element-236033c elementor-section-boxed elementor-section-height-default elementor-section-height-default\" data-id=\"236033c\" data-element_type=\"section\" data-e-type=\"section\">\n\t\t\t\t\t\t<div class=\"elementor-container elementor-column-gap-default\">\n\t\t\t\t\t<div class=\"elementor-column elementor-col-100 elementor-top-column elementor-element elementor-element-7e5aed5\" data-id=\"7e5aed5\" data-element_type=\"column\" data-e-type=\"column\">\n\t\t\t<div class=\"elementor-widget-wrap elementor-element-populated\">\n\t\t\t\t\t\t<div class=\"elementor-element elementor-element-cd01621 elementor-widget elementor-widget-heading\" data-id=\"cd01621\" data-element_type=\"widget\" data-e-type=\"widget\" data-widget_type=\"heading.default\">\n\t\t\t\t<div class=\"elementor-widget-container\">\n\t\t\t\t\t<h2 class=\"elementor-heading-title elementor-size-default\">Prototypes de la Renault 4CV pendant la phase de conception :<\/h2>\t\t\t\t<\/div>\n\t\t\t\t<\/div>\n\t\t\t\t\t<\/div>\n\t\t<\/div>\n\t\t\t\t\t<\/div>\n\t\t<\/section>\n\t\t\t\t<section data-particle_enable=\"false\" data-particle-mobile-disabled=\"false\" class=\"elementor-section elementor-top-section elementor-element elementor-element-9c89d88 elementor-section-boxed elementor-section-height-default elementor-section-height-default\" data-id=\"9c89d88\" data-element_type=\"section\" data-e-type=\"section\">\n\t\t\t\t\t\t<div class=\"elementor-container elementor-column-gap-default\">\n\t\t\t\t\t<div class=\"elementor-column elementor-col-100 elementor-top-column elementor-element elementor-element-66abd24\" data-id=\"66abd24\" data-element_type=\"column\" data-e-type=\"column\">\n\t\t\t<div class=\"elementor-widget-wrap elementor-element-populated\">\n\t\t\t\t\t\t<div class=\"elementor-element elementor-element-c3a8866 elementor-widget elementor-widget-gallery\" data-id=\"c3a8866\" data-element_type=\"widget\" data-e-type=\"widget\" data-settings=\"{&quot;columns&quot;:3,&quot;columns_mobile&quot;:3,&quot;lazyload&quot;:&quot;yes&quot;,&quot;gallery_layout&quot;:&quot;grid&quot;,&quot;columns_tablet&quot;:2,&quot;gap&quot;:{&quot;unit&quot;:&quot;px&quot;,&quot;size&quot;:10,&quot;sizes&quot;:[]},&quot;gap_tablet&quot;:{&quot;unit&quot;:&quot;px&quot;,&quot;size&quot;:10,&quot;sizes&quot;:[]},&quot;gap_mobile&quot;:{&quot;unit&quot;:&quot;px&quot;,&quot;size&quot;:10,&quot;sizes&quot;:[]},&quot;link_to&quot;:&quot;file&quot;,&quot;aspect_ratio&quot;:&quot;3:2&quot;,&quot;overlay_background&quot;:&quot;yes&quot;,&quot;content_hover_animation&quot;:&quot;fade-in&quot;}\" data-widget_type=\"gallery.default\">\n\t\t\t\t<div class=\"elementor-widget-container\">\n\t\t\t\t\t\t\t<div class=\"elementor-gallery__container\">\n\t\t\t\t\t\t\t<a class=\"e-gallery-item elementor-gallery-item elementor-animated-content\" href=\"https:\/\/www.jgclassics.com\/wp-content\/uploads\/2023\/03\/4cv_proto_001.jpg\" data-elementor-open-lightbox=\"yes\" data-elementor-lightbox-slideshow=\"c3a8866\" data-elementor-lightbox-title=\"Renault 4CV. Prototype 2 portes\" data-e-action-hash=\"#elementor-action%3Aaction%3Dlightbox%26settings%3DeyJpZCI6MTMwMzcsInVybCI6Imh0dHBzOlwvXC93d3cuamdjbGFzc2ljcy5jb21cL3dwLWNvbnRlbnRcL3VwbG9hZHNcLzIwMjNcLzAzXC80Y3ZfcHJvdG9fMDAxLmpwZyIsInNsaWRlc2hvdyI6ImMzYTg4NjYifQ%3D%3D\">\n\t\t\t\t\t<div class=\"e-gallery-image elementor-gallery-item__image\" data-thumbnail=\"https:\/\/www.jgclassics.com\/wp-content\/uploads\/2023\/03\/4cv_proto_001-300x200.jpg\" data-width=\"300\" data-height=\"200\" aria-label=\"Renault 4CV. Prototype 2 portes\" role=\"img\" ><\/div>\n\t\t\t\t\t\t\t\t\t\t\t<div class=\"elementor-gallery-item__overlay\"><\/div>\n\t\t\t\t\t\t\t\t\t\t\t\t\t\t<\/a>\n\t\t\t\t\t\t\t<a class=\"e-gallery-item elementor-gallery-item elementor-animated-content\" href=\"https:\/\/www.jgclassics.com\/wp-content\/uploads\/2023\/03\/4cv_proto_002_1942.jpg\" data-elementor-open-lightbox=\"yes\" data-elementor-lightbox-slideshow=\"c3a8866\" data-elementor-lightbox-title=\"Renault 4CV. Prototype 2 portes (vue de face)\" data-e-action-hash=\"#elementor-action%3Aaction%3Dlightbox%26settings%3DeyJpZCI6MTMwMzQsInVybCI6Imh0dHBzOlwvXC93d3cuamdjbGFzc2ljcy5jb21cL3dwLWNvbnRlbnRcL3VwbG9hZHNcLzIwMjNcLzAzXC80Y3ZfcHJvdG9fMDAyXzE5NDIuanBnIiwic2xpZGVzaG93IjoiYzNhODg2NiJ9\">\n\t\t\t\t\t<div class=\"e-gallery-image elementor-gallery-item__image\" data-thumbnail=\"https:\/\/www.jgclassics.com\/wp-content\/uploads\/2023\/03\/4cv_proto_002_1942-300x220.jpg\" data-width=\"300\" data-height=\"220\" aria-label=\"Renault 4CV. Prototype 2 portes (vue de face)\" role=\"img\" ><\/div>\n\t\t\t\t\t\t\t\t\t\t\t<div class=\"elementor-gallery-item__overlay\"><\/div>\n\t\t\t\t\t\t\t\t\t\t\t\t\t\t<\/a>\n\t\t\t\t\t\t\t<a class=\"e-gallery-item elementor-gallery-item elementor-animated-content\" href=\"https:\/\/www.jgclassics.com\/wp-content\/uploads\/2023\/03\/4cv_proto_003_1946.jpg\" data-elementor-open-lightbox=\"yes\" data-elementor-lightbox-slideshow=\"c3a8866\" data-elementor-lightbox-title=\"Renault 4CV. Prototype 2 portes (vue lat\u00e9rale)\" data-e-action-hash=\"#elementor-action%3Aaction%3Dlightbox%26settings%3DeyJpZCI6MTMwMzEsInVybCI6Imh0dHBzOlwvXC93d3cuamdjbGFzc2ljcy5jb21cL3dwLWNvbnRlbnRcL3VwbG9hZHNcLzIwMjNcLzAzXC80Y3ZfcHJvdG9fMDAzXzE5NDYuanBnIiwic2xpZGVzaG93IjoiYzNhODg2NiJ9\">\n\t\t\t\t\t<div class=\"e-gallery-image elementor-gallery-item__image\" data-thumbnail=\"https:\/\/www.jgclassics.com\/wp-content\/uploads\/2023\/03\/4cv_proto_003_1946-300x165.jpg\" data-width=\"300\" data-height=\"165\" aria-label=\"Renault 4CV. Prototype 2 portes (vue lat\u00e9rale)\" role=\"img\" ><\/div>\n\t\t\t\t\t\t\t\t\t\t\t<div class=\"elementor-gallery-item__overlay\"><\/div>\n\t\t\t\t\t\t\t\t\t\t\t\t\t\t<\/a>\n\t\t\t\t\t<\/div>\n\t\t\t\t\t<\/div>\n\t\t\t\t<\/div>\n\t\t\t\t\t<\/div>\n\t\t<\/div>\n\t\t\t\t\t<\/div>\n\t\t<\/section>\n\t\t\t\t<section data-particle_enable=\"false\" data-particle-mobile-disabled=\"false\" class=\"elementor-section elementor-top-section elementor-element elementor-element-4279b02 elementor-section-boxed elementor-section-height-default elementor-section-height-default\" data-id=\"4279b02\" data-element_type=\"section\" data-e-type=\"section\">\n\t\t\t\t\t\t<div class=\"elementor-container elementor-column-gap-default\">\n\t\t\t\t\t<div class=\"elementor-column elementor-col-100 elementor-top-column elementor-element elementor-element-fbed0bd\" data-id=\"fbed0bd\" data-element_type=\"column\" data-e-type=\"column\">\n\t\t\t<div class=\"elementor-widget-wrap elementor-element-populated\">\n\t\t\t\t\t\t<div class=\"elementor-element elementor-element-aca2062 elementor-widget elementor-widget-text-editor\" data-id=\"aca2062\" data-element_type=\"widget\" data-e-type=\"widget\" data-widget_type=\"text-editor.default\">\n\t\t\t\t<div class=\"elementor-widget-container\">\n\t\t\t\t\t\t\t\t\t<p>Les premiers essais du prototype &#8211; qui a miraculeusement \u00e9chapp\u00e9 \u00e0 un bombardement de l&#8217;usine Renault &#8211; ont permis de v\u00e9rifier une vitesse de 87 km\/h sur plat, ainsi que le franchissement d&#8217;une pente de 17 % en vitesse rapide avec 4 personnes \u00e0 bord.<\/p>\n<p>Le projet a failli \u00eatre d\u00e9couvert par le prince von Urach, directeur de l&#8217;usine Renault nomm\u00e9 par les envahisseurs allemands, lorsqu&#8217;il a interrog\u00e9 Picard sur &#8220;une voiture verte&#8221; qu&#8217;il a vue passer sur le Pont de S\u00e8vres. Picard parvient \u00e0 g\u00e9rer la situation du mieux qu&#8217;il peut, mais interrompt temporairement les essais et fait repeindre le prototype en noir avant de reprendre visiblement ses activit\u00e9s.<\/p>\n\t\t\t\t\t\t\t\t<\/div>\n\t\t\t\t<\/div>\n\t\t\t\t\t<\/div>\n\t\t<\/div>\n\t\t\t\t\t<\/div>\n\t\t<\/section>\n\t\t\t\t<section data-particle_enable=\"false\" data-particle-mobile-disabled=\"false\" class=\"elementor-section elementor-top-section elementor-element elementor-element-3237d54 elementor-section-boxed elementor-section-height-default elementor-section-height-default\" data-id=\"3237d54\" data-element_type=\"section\" data-e-type=\"section\">\n\t\t\t\t\t\t<div class=\"elementor-container elementor-column-gap-default\">\n\t\t\t\t\t<div class=\"elementor-column elementor-col-100 elementor-top-column elementor-element elementor-element-0289654\" data-id=\"0289654\" data-element_type=\"column\" data-e-type=\"column\">\n\t\t\t<div class=\"elementor-widget-wrap elementor-element-populated\">\n\t\t\t\t\t\t<div class=\"elementor-element elementor-element-3af57a1 elementor-widget elementor-widget-text-editor\" data-id=\"3af57a1\" data-element_type=\"widget\" data-e-type=\"widget\" data-widget_type=\"text-editor.default\">\n\t\t\t\t<div class=\"elementor-widget-container\">\n\t\t\t\t\t\t\t\t\t<p>Le projet de voiture est pr\u00e9sent\u00e9 \u00e0 Louis Renault dans le courant de l&#8217;ann\u00e9e 1943. Louis Renault n&#8217;aimait pas cette voiture, outre des raisons esth\u00e9tiques, car il ne partageait pas le concept d&#8217;une voiture populaire. N\u00e9anmoins, le projet continue et un deuxi\u00e8me prototype appara\u00eet en 1944, dessin\u00e9 par Roger Barhaud, chef du service carrosserie de l&#8217;usine de Billancourt. Ce deuxi\u00e8me prototype comportait un certain nombre de modifications et a pu \u00eatre test\u00e9 sur la piste d&#8217;essai.<\/p>\n<p>Fin 1944, Louis Renault est arr\u00eat\u00e9 pour collaborationnisme et Pierre Lefaucheux est nomm\u00e9 directeur de l&#8217;entreprise. Et c&#8217;est lui qui commandera un troisi\u00e8me prototype, qui verra les deux portes d&#8217;origine remplac\u00e9es par la version d\u00e9finitive \u00e0 quatre portes. Pierre Lefaucheux n&#8217;\u00e9tait pas un grand passionn\u00e9 d&#8217;automobile, mais il voit dans la Renault 4CV l&#8217;occasion de rentabiliser l&#8217;entreprise en proposant un produit de masse r\u00e9pondant aux besoins du march\u00e9 de l&#8217;\u00e9poque. C&#8217;est dans cette optique peut-\u00eatre plus pragmatique qu&#8217;est n\u00e9 en 1945 le troisi\u00e8me prototype, dot\u00e9 de 4 portes, ce qui le rend plus adapt\u00e9 aux familles.<\/p>\n\t\t\t\t\t\t\t\t<\/div>\n\t\t\t\t<\/div>\n\t\t\t\t\t<\/div>\n\t\t<\/div>\n\t\t\t\t\t<\/div>\n\t\t<\/section>\n\t\t\t\t<section data-particle_enable=\"false\" data-particle-mobile-disabled=\"false\" class=\"elementor-section elementor-top-section elementor-element elementor-element-c59c855 elementor-section-boxed elementor-section-height-default elementor-section-height-default\" data-id=\"c59c855\" data-element_type=\"section\" data-e-type=\"section\">\n\t\t\t\t\t\t<div class=\"elementor-container elementor-column-gap-default\">\n\t\t\t\t\t<div class=\"elementor-column elementor-col-100 elementor-top-column elementor-element elementor-element-8c38803\" data-id=\"8c38803\" data-element_type=\"column\" data-e-type=\"column\">\n\t\t\t<div class=\"elementor-widget-wrap elementor-element-populated\">\n\t\t\t\t\t\t<div class=\"elementor-element elementor-element-cbc5d30 elementor-widget elementor-widget-text-editor\" data-id=\"cbc5d30\" data-element_type=\"widget\" data-e-type=\"widget\" data-widget_type=\"text-editor.default\">\n\t\t\t\t<div class=\"elementor-widget-container\">\n\t\t\t\t\t\t\t\t\t<p>C&#8217;est dans cette troisi\u00e8me version que les ing\u00e9nieurs ont remarqu\u00e9 que la voiture avait des phares dont la hauteur n&#8217;\u00e9tait pas conforme \u00e0 la r\u00e9glementation de l&#8217;\u00e9poque. Les moules de production \u00e9tant d\u00e9j\u00e0 r\u00e9alis\u00e9s et la voiture presque pr\u00eate \u00e0 entrer en production, une telle modification pour se conformer \u00e0 la r\u00e9glementation aurait signifi\u00e9 qu&#8217;il aurait fallu refaire toute la conception. Mais Fernand Picard r\u00e9ussit \u00e0 faire modifier la r\u00e9glementation par la Commission Nationale Automobile afin que les phares &#8211; 550 mm au-dessus du sol &#8211; de la nouvelle Renault 4CV soient conformes \u00e0 la r\u00e9glementation.<\/p>\n\t\t\t\t\t\t\t\t<\/div>\n\t\t\t\t<\/div>\n\t\t\t\t\t<\/div>\n\t\t<\/div>\n\t\t\t\t\t<\/div>\n\t\t<\/section>\n\t\t\t\t<section data-particle_enable=\"false\" data-particle-mobile-disabled=\"false\" class=\"elementor-section elementor-top-section elementor-element elementor-element-1fb1cc9 elementor-section-boxed elementor-section-height-default elementor-section-height-default\" data-id=\"1fb1cc9\" data-element_type=\"section\" data-e-type=\"section\">\n\t\t\t\t\t\t<div class=\"elementor-container elementor-column-gap-default\">\n\t\t\t\t\t<div class=\"elementor-column elementor-col-50 elementor-top-column elementor-element elementor-element-07e4db5\" data-id=\"07e4db5\" data-element_type=\"column\" data-e-type=\"column\">\n\t\t\t<div class=\"elementor-widget-wrap elementor-element-populated\">\n\t\t\t\t\t\t<div class=\"elementor-element elementor-element-dd5fbfa elementor-widget elementor-widget-image\" data-id=\"dd5fbfa\" data-element_type=\"widget\" data-e-type=\"widget\" data-widget_type=\"image.default\">\n\t\t\t\t<div class=\"elementor-widget-container\">\n\t\t\t\t\t\t\t\t\t\t\t\t\t\t\t\t<a href=\"https:\/\/www.jgclassics.com\/wp-content\/uploads\/2023\/03\/4cv_pub004_1949.jpg\" data-elementor-open-lightbox=\"yes\" data-elementor-lightbox-title=\"Renault 4CV. Publicit\u00e9 premier mod\u00e8le (vers 1949)\" data-e-action-hash=\"#elementor-action%3Aaction%3Dlightbox%26settings%3DeyJpZCI6MTMwNDAsInVybCI6Imh0dHBzOlwvXC93d3cuamdjbGFzc2ljcy5jb21cL3dwLWNvbnRlbnRcL3VwbG9hZHNcLzIwMjNcLzAzXC80Y3ZfcHViMDA0XzE5NDkuanBnIn0%3D\">\n\t\t\t\t\t\t\t<img decoding=\"async\" width=\"300\" height=\"232\" src=\"https:\/\/www.jgclassics.com\/wp-content\/uploads\/2023\/03\/4cv_pub004_1949-300x232.jpg\" class=\"attachment-medium size-medium wp-image-13040\" alt=\"Renault 4CV. Publicit\u00e9 premier mod\u00e8le (vers 1949)\" srcset=\"https:\/\/www.jgclassics.com\/wp-content\/uploads\/2023\/03\/4cv_pub004_1949-300x232.jpg 300w, https:\/\/www.jgclassics.com\/wp-content\/uploads\/2023\/03\/4cv_pub004_1949-768x594.jpg 768w, https:\/\/www.jgclassics.com\/wp-content\/uploads\/2023\/03\/4cv_pub004_1949.jpg 1024w\" sizes=\"(max-width: 300px) 100vw, 300px\" \/>\t\t\t\t\t\t\t\t<\/a>\n\t\t\t\t\t\t\t\t\t\t\t\t\t\t\t<\/div>\n\t\t\t\t<\/div>\n\t\t\t\t\t<\/div>\n\t\t<\/div>\n\t\t\t\t<div class=\"elementor-column elementor-col-50 elementor-top-column elementor-element elementor-element-a5363e4\" data-id=\"a5363e4\" data-element_type=\"column\" data-e-type=\"column\">\n\t\t\t<div class=\"elementor-widget-wrap elementor-element-populated\">\n\t\t\t\t\t\t<div class=\"elementor-element elementor-element-c0c3c2f elementor-widget elementor-widget-text-editor\" data-id=\"c0c3c2f\" data-element_type=\"widget\" data-e-type=\"widget\" data-widget_type=\"text-editor.default\">\n\t\t\t\t<div class=\"elementor-widget-container\">\n\t\t\t\t\t\t\t\t\t<p>La production n&#8217;est devenue r\u00e9alit\u00e9 qu&#8217;en 1947, principalement en raison de la n\u00e9cessit\u00e9 de r\u00e9parer les dommages caus\u00e9s par la Seconde Guerre mondiale \u00e0 l&#8217;usine Renaut. La premi\u00e8re s\u00e9rie de production est apparue le 12 ao\u00fbt 1947, avec un rythme de production de 15 unit\u00e9s par jour, qui est pass\u00e9 \u00e0 375 unit\u00e9s par jour en 1950. Bien que le public ne l&#8217;ait pas accueilli avec enthousiasme au d\u00e9part, le mod\u00e8le s&#8217;est av\u00e9r\u00e9 \u00eatre un succ\u00e8s commercial, la demande \u00e9tant si forte que les d\u00e9lais de livraison variaient entre un et trois ans.<\/p>\n\t\t\t\t\t\t\t\t<\/div>\n\t\t\t\t<\/div>\n\t\t\t\t\t<\/div>\n\t\t<\/div>\n\t\t\t\t\t<\/div>\n\t\t<\/section>\n\t\t\t\t<section data-particle_enable=\"false\" data-particle-mobile-disabled=\"false\" class=\"elementor-section elementor-top-section elementor-element elementor-element-70dd522 elementor-section-boxed elementor-section-height-default elementor-section-height-default\" data-id=\"70dd522\" data-element_type=\"section\" data-e-type=\"section\">\n\t\t\t\t\t\t<div class=\"elementor-container elementor-column-gap-default\">\n\t\t\t\t\t<div class=\"elementor-column elementor-col-100 elementor-top-column elementor-element elementor-element-c1cc37d\" data-id=\"c1cc37d\" data-element_type=\"column\" data-e-type=\"column\">\n\t\t\t<div class=\"elementor-widget-wrap elementor-element-populated\">\n\t\t\t\t\t\t<div class=\"elementor-element elementor-element-0de23d6 elementor-widget elementor-widget-menu-anchor\" data-id=\"0de23d6\" data-element_type=\"widget\" data-e-type=\"widget\" data-widget_type=\"menu-anchor.default\">\n\t\t\t\t<div class=\"elementor-widget-container\">\n\t\t\t\t\t\t\t<div class=\"elementor-menu-anchor\" id=\"RENAULT4CV_DOCUMENTOS_MOTOR\"><\/div>\n\t\t\t\t\t\t<\/div>\n\t\t\t\t<\/div>\n\t\t\t\t\t<\/div>\n\t\t<\/div>\n\t\t\t\t\t<\/div>\n\t\t<\/section>\n\t\t\t\t<section data-particle_enable=\"false\" data-particle-mobile-disabled=\"false\" class=\"elementor-section elementor-top-section elementor-element elementor-element-226bf2b elementor-section-boxed elementor-section-height-default elementor-section-height-default\" data-id=\"226bf2b\" data-element_type=\"section\" data-e-type=\"section\">\n\t\t\t\t\t\t<div class=\"elementor-container elementor-column-gap-default\">\n\t\t\t\t\t<div class=\"elementor-column elementor-col-100 elementor-top-column elementor-element elementor-element-19ed5a8\" data-id=\"19ed5a8\" data-element_type=\"column\" data-e-type=\"column\">\n\t\t\t<div class=\"elementor-widget-wrap elementor-element-populated\">\n\t\t\t\t\t\t<div class=\"elementor-element elementor-element-488f34b elementor-widget-divider--view-line_icon elementor-view-default elementor-widget-divider--element-align-center elementor-widget elementor-widget-divider\" data-id=\"488f34b\" data-element_type=\"widget\" data-e-type=\"widget\" data-widget_type=\"divider.default\">\n\t\t\t\t<div class=\"elementor-widget-container\">\n\t\t\t\t\t\t\t<div class=\"elementor-divider\">\n\t\t\t<span class=\"elementor-divider-separator\">\n\t\t\t\t\t\t\t<div class=\"elementor-icon elementor-divider__element\">\n\t\t\t\t\t<i aria-hidden=\"true\" class=\"fas fa-info-circle\"><\/i><\/div>\n\t\t\t\t\t\t<\/span>\n\t\t<\/div>\n\t\t\t\t\t\t<\/div>\n\t\t\t\t<\/div>\n\t\t\t\t\t<\/div>\n\t\t<\/div>\n\t\t\t\t\t<\/div>\n\t\t<\/section>\n\t\t\t\t<section data-particle_enable=\"false\" data-particle-mobile-disabled=\"false\" class=\"elementor-section elementor-top-section elementor-element elementor-element-5a0dc77 elementor-section-boxed elementor-section-height-default elementor-section-height-default\" data-id=\"5a0dc77\" data-element_type=\"section\" data-e-type=\"section\">\n\t\t\t\t\t\t<div class=\"elementor-container elementor-column-gap-default\">\n\t\t\t\t\t<div class=\"elementor-column elementor-col-100 elementor-top-column elementor-element elementor-element-9ee70fa\" data-id=\"9ee70fa\" data-element_type=\"column\" data-e-type=\"column\">\n\t\t\t<div class=\"elementor-widget-wrap elementor-element-populated\">\n\t\t\t\t\t\t<div class=\"elementor-element elementor-element-7c4dc17 elementor-widget elementor-widget-heading\" data-id=\"7c4dc17\" data-element_type=\"widget\" data-e-type=\"widget\" data-widget_type=\"heading.default\">\n\t\t\t\t<div class=\"elementor-widget-container\">\n\t\t\t\t\t<h2 class=\"elementor-heading-title elementor-size-default\">Renault 4CV - Historique : Reportage de juillet 2023<\/h2>\t\t\t\t<\/div>\n\t\t\t\t<\/div>\n\t\t\t\t\t<\/div>\n\t\t<\/div>\n\t\t\t\t\t<\/div>\n\t\t<\/section>\n\t\t\t\t<section data-particle_enable=\"false\" data-particle-mobile-disabled=\"false\" class=\"elementor-section elementor-top-section elementor-element elementor-element-f7791c6 elementor-section-boxed elementor-section-height-default elementor-section-height-default\" data-id=\"f7791c6\" data-element_type=\"section\" data-e-type=\"section\">\n\t\t\t\t\t\t<div class=\"elementor-container elementor-column-gap-default\">\n\t\t\t\t\t<div class=\"elementor-column elementor-col-50 elementor-top-column elementor-element elementor-element-66391d3\" data-id=\"66391d3\" data-element_type=\"column\" data-e-type=\"column\">\n\t\t\t<div class=\"elementor-widget-wrap elementor-element-populated\">\n\t\t\t\t\t\t<div class=\"elementor-element elementor-element-cf905cb elementor-widget elementor-widget-text-editor\" data-id=\"cf905cb\" data-element_type=\"widget\" data-e-type=\"widget\" data-widget_type=\"text-editor.default\">\n\t\t\t\t<div class=\"elementor-widget-container\">\n\t\t\t\t\t\t\t\t\t<p>En juillet 2023, un reportage sur l&#8217;histoire de la Renault 4CV est apparu sur la cha\u00eene youtube<a href=\"https:\/\/www.youtube.com\/@documentosdelmotorsanti\" target=\"_blank\" rel=\"noopener\">&#8220;Documentos del motor<\/a>&#8220;. Ce reportage de 25 minutes est l&#8217;un des meilleurs publi\u00e9s \u00e0 ce jour, au moins en Espagne. Il est pr\u00e9cis, d\u00e9taill\u00e9, complet et r\u00e9v\u00e8le des aspects de l&#8217;histoire de la voiture que peut-\u00eatre vous ignoriez. Je vous invite \u00e0 le regarder<\/p>\n\t\t\t\t\t\t\t\t<\/div>\n\t\t\t\t<\/div>\n\t\t\t\t\t<\/div>\n\t\t<\/div>\n\t\t\t\t<div class=\"elementor-column elementor-col-50 elementor-top-column elementor-element elementor-element-3e028d2\" data-id=\"3e028d2\" data-element_type=\"column\" data-e-type=\"column\">\n\t\t\t<div class=\"elementor-widget-wrap elementor-element-populated\">\n\t\t\t\t\t\t<div class=\"elementor-element elementor-element-be5ec21 elementor-widget__width-initial elementor-widget elementor-widget-video\" data-id=\"be5ec21\" data-element_type=\"widget\" data-e-type=\"widget\" data-settings=\"{&quot;youtube_url&quot;:&quot;https:\\\/\\\/youtu.be\\\/5IyUnZ17gQ4&quot;,&quot;video_type&quot;:&quot;youtube&quot;,&quot;controls&quot;:&quot;yes&quot;}\" data-widget_type=\"video.default\">\n\t\t\t\t<div class=\"elementor-widget-container\">\n\t\t\t\t\t\t\t<div class=\"elementor-wrapper elementor-open-inline\">\n\t\t\t<div class=\"elementor-video\"><\/div>\t\t<\/div>\n\t\t\t\t\t\t<\/div>\n\t\t\t\t<\/div>\n\t\t\t\t\t<\/div>\n\t\t<\/div>\n\t\t\t\t\t<\/div>\n\t\t<\/section>\n\t\t\t\t<section data-particle_enable=\"false\" data-particle-mobile-disabled=\"false\" class=\"elementor-section elementor-top-section elementor-element elementor-element-a49bf40 elementor-section-boxed elementor-section-height-default elementor-section-height-default\" data-id=\"a49bf40\" data-element_type=\"section\" data-e-type=\"section\">\n\t\t\t\t\t\t<div class=\"elementor-container elementor-column-gap-default\">\n\t\t\t\t\t<div class=\"elementor-column elementor-col-100 elementor-top-column elementor-element elementor-element-86db82d\" data-id=\"86db82d\" data-element_type=\"column\" data-e-type=\"column\">\n\t\t\t<div class=\"elementor-widget-wrap elementor-element-populated\">\n\t\t\t\t\t\t<div class=\"elementor-element elementor-element-ce2ce3d elementor-widget-divider--view-line elementor-widget elementor-widget-divider\" data-id=\"ce2ce3d\" data-element_type=\"widget\" data-e-type=\"widget\" data-widget_type=\"divider.default\">\n\t\t\t\t<div class=\"elementor-widget-container\">\n\t\t\t\t\t\t\t<div class=\"elementor-divider\">\n\t\t\t<span class=\"elementor-divider-separator\">\n\t\t\t\t\t\t<\/span>\n\t\t<\/div>\n\t\t\t\t\t\t<\/div>\n\t\t\t\t<\/div>\n\t\t\t\t\t<\/div>\n\t\t<\/div>\n\t\t\t\t\t<\/div>\n\t\t<\/section>\n\t\t\t\t<section data-particle_enable=\"false\" data-particle-mobile-disabled=\"false\" class=\"elementor-section elementor-top-section elementor-element elementor-element-ff17cfc elementor-section-boxed elementor-section-height-default elementor-section-height-default\" data-id=\"ff17cfc\" data-element_type=\"section\" data-e-type=\"section\">\n\t\t\t\t\t\t<div class=\"elementor-container elementor-column-gap-default\">\n\t\t\t\t\t<div class=\"elementor-column elementor-col-100 elementor-top-column elementor-element elementor-element-4159f0b\" data-id=\"4159f0b\" data-element_type=\"column\" data-e-type=\"column\">\n\t\t\t<div class=\"elementor-widget-wrap elementor-element-populated\">\n\t\t\t\t\t\t<div class=\"elementor-element elementor-element-ec992ca elementor-widget-divider--view-line_icon elementor-view-default elementor-widget-divider--element-align-center elementor-widget elementor-widget-divider\" data-id=\"ec992ca\" data-element_type=\"widget\" data-e-type=\"widget\" data-widget_type=\"divider.default\">\n\t\t\t\t<div class=\"elementor-widget-container\">\n\t\t\t\t\t\t\t<div class=\"elementor-divider\">\n\t\t\t<span class=\"elementor-divider-separator\">\n\t\t\t\t\t\t\t<div class=\"elementor-icon elementor-divider__element\">\n\t\t\t\t\t<i aria-hidden=\"true\" class=\"fas fa-info-circle\"><\/i><\/div>\n\t\t\t\t\t\t<\/span>\n\t\t<\/div>\n\t\t\t\t\t\t<\/div>\n\t\t\t\t<\/div>\n\t\t\t\t\t<\/div>\n\t\t<\/div>\n\t\t\t\t\t<\/div>\n\t\t<\/section>\n\t\t\t\t<section data-particle_enable=\"false\" data-particle-mobile-disabled=\"false\" class=\"elementor-section elementor-top-section elementor-element elementor-element-38797aa elementor-section-boxed elementor-section-height-default elementor-section-height-default\" data-id=\"38797aa\" data-element_type=\"section\" data-e-type=\"section\">\n\t\t\t\t\t\t<div class=\"elementor-container elementor-column-gap-default\">\n\t\t\t\t\t<div class=\"elementor-column elementor-col-100 elementor-top-column elementor-element elementor-element-c520da8\" data-id=\"c520da8\" data-element_type=\"column\" data-e-type=\"column\">\n\t\t\t<div class=\"elementor-widget-wrap elementor-element-populated\">\n\t\t\t\t\t\t<div class=\"elementor-element elementor-element-af09a6a elementor-widget elementor-widget-heading\" data-id=\"af09a6a\" data-element_type=\"widget\" data-e-type=\"widget\" data-widget_type=\"heading.default\">\n\t\t\t\t<div class=\"elementor-widget-container\">\n\t\t\t\t\t<h2 class=\"elementor-heading-title elementor-size-default\">Renault 4CV - Tous de la m\u00eame couleur : La motte de beurre<\/h2>\t\t\t\t<\/div>\n\t\t\t\t<\/div>\n\t\t\t\t\t<\/div>\n\t\t<\/div>\n\t\t\t\t\t<\/div>\n\t\t<\/section>\n\t\t\t\t<section data-particle_enable=\"false\" data-particle-mobile-disabled=\"false\" class=\"elementor-section elementor-top-section elementor-element elementor-element-ea6996e elementor-section-boxed elementor-section-height-default elementor-section-height-default\" data-id=\"ea6996e\" data-element_type=\"section\" data-e-type=\"section\">\n\t\t\t\t\t\t<div class=\"elementor-container elementor-column-gap-default\">\n\t\t\t\t\t<div class=\"elementor-column elementor-col-50 elementor-top-column elementor-element elementor-element-65840d7\" data-id=\"65840d7\" data-element_type=\"column\" data-e-type=\"column\">\n\t\t\t<div class=\"elementor-widget-wrap elementor-element-populated\">\n\t\t\t\t\t\t<div class=\"elementor-element elementor-element-cbf5288 elementor-widget elementor-widget-text-editor\" data-id=\"cbf5288\" data-element_type=\"widget\" data-e-type=\"widget\" data-widget_type=\"text-editor.default\">\n\t\t\t\t<div class=\"elementor-widget-container\">\n\t\t\t\t\t\t\t\t\t<p>En France, les premi\u00e8res unit\u00e9s produites \u00e9taient toutes d&#8217;une couleur &#8220;jaune sable&#8221;, ce qui a conduit les Fran\u00e7ais \u00e0 le baptiser &#8220;<em>la motte<\/em> de beurre&#8221;, en r\u00e9f\u00e9rence \u00e0 sa forme arrondie et \u00e0 sa couleur. La raison de cette uniformit\u00e9 de couleur pour toutes les unit\u00e9s produites est que Renault a utilis\u00e9 \u00e0 l&#8217;origine un surplus de peinture qu&#8217;il avait en stock pour la production de chars &#8220;Afrika Korps&#8221; pendant la Seconde Guerre mondiale, production qui n&#8217;a jamais \u00e9t\u00e9 achev\u00e9e en raison de la fin de la guerre.<\/p>\n\t\t\t\t\t\t\t\t<\/div>\n\t\t\t\t<\/div>\n\t\t\t\t\t<\/div>\n\t\t<\/div>\n\t\t\t\t<div class=\"elementor-column elementor-col-50 elementor-top-column elementor-element elementor-element-3f4e6af\" data-id=\"3f4e6af\" data-element_type=\"column\" data-e-type=\"column\">\n\t\t\t<div class=\"elementor-widget-wrap elementor-element-populated\">\n\t\t\t\t\t\t<div class=\"elementor-element elementor-element-37f1be0 elementor-widget elementor-widget-image\" data-id=\"37f1be0\" data-element_type=\"widget\" data-e-type=\"widget\" data-widget_type=\"image.default\">\n\t\t\t\t<div class=\"elementor-widget-container\">\n\t\t\t\t\t\t\t\t\t\t\t\t\t\t\t\t<a href=\"https:\/\/www.jgclassics.com\/wp-content\/uploads\/2023\/03\/Mi-proyecto-6.png\" data-elementor-open-lightbox=\"yes\" data-elementor-lightbox-title=\"Renault 4CV - Premier mod\u00e8le, couleur de la premi\u00e8re s\u00e9rie &quot;Afrika Korps\" data-e-action-hash=\"#elementor-action%3Aaction%3Dlightbox%26settings%3DeyJpZCI6MTMwNDMsInVybCI6Imh0dHBzOlwvXC93d3cuamdjbGFzc2ljcy5jb21cL3dwLWNvbnRlbnRcL3VwbG9hZHNcLzIwMjNcLzAzXC9NaS1wcm95ZWN0by02LnBuZyJ9\">\n\t\t\t\t\t\t\t<img loading=\"lazy\" decoding=\"async\" width=\"300\" height=\"203\" src=\"https:\/\/www.jgclassics.com\/wp-content\/uploads\/2023\/03\/Mi-proyecto-6-300x203.png\" class=\"attachment-medium size-medium wp-image-13043\" alt=\"Renault 4CV - Premier mod\u00e8le, couleur de la premi\u00e8re s\u00e9rie &quot;Afrika Korps&quot;.\" srcset=\"https:\/\/www.jgclassics.com\/wp-content\/uploads\/2023\/03\/Mi-proyecto-6-300x203.png 300w, https:\/\/www.jgclassics.com\/wp-content\/uploads\/2023\/03\/Mi-proyecto-6.png 606w\" sizes=\"(max-width: 300px) 100vw, 300px\" \/>\t\t\t\t\t\t\t\t<\/a>\n\t\t\t\t\t\t\t\t\t\t\t\t\t\t\t<\/div>\n\t\t\t\t<\/div>\n\t\t\t\t\t<\/div>\n\t\t<\/div>\n\t\t\t\t\t<\/div>\n\t\t<\/section>\n\t\t\t\t<section data-particle_enable=\"false\" data-particle-mobile-disabled=\"false\" class=\"elementor-section elementor-top-section elementor-element elementor-element-f9ef58b elementor-section-boxed elementor-section-height-default elementor-section-height-default\" data-id=\"f9ef58b\" data-element_type=\"section\" data-e-type=\"section\">\n\t\t\t\t\t\t<div class=\"elementor-container elementor-column-gap-default\">\n\t\t\t\t\t<div class=\"elementor-column elementor-col-100 elementor-top-column elementor-element elementor-element-db25c15\" data-id=\"db25c15\" data-element_type=\"column\" data-e-type=\"column\">\n\t\t\t<div class=\"elementor-widget-wrap elementor-element-populated\">\n\t\t\t\t\t\t<div class=\"elementor-element elementor-element-1ea2295 elementor-widget-divider--view-line elementor-widget elementor-widget-divider\" data-id=\"1ea2295\" data-element_type=\"widget\" data-e-type=\"widget\" data-widget_type=\"divider.default\">\n\t\t\t\t<div class=\"elementor-widget-container\">\n\t\t\t\t\t\t\t<div class=\"elementor-divider\">\n\t\t\t<span class=\"elementor-divider-separator\">\n\t\t\t\t\t\t<\/span>\n\t\t<\/div>\n\t\t\t\t\t\t<\/div>\n\t\t\t\t<\/div>\n\t\t\t\t\t<\/div>\n\t\t<\/div>\n\t\t\t\t\t<\/div>\n\t\t<\/section>\n\t\t\t\t<section data-particle_enable=\"false\" data-particle-mobile-disabled=\"false\" class=\"elementor-section elementor-top-section elementor-element elementor-element-d33f8be elementor-section-boxed elementor-section-height-default elementor-section-height-default\" data-id=\"d33f8be\" data-element_type=\"section\" data-e-type=\"section\">\n\t\t\t\t\t\t<div class=\"elementor-container elementor-column-gap-default\">\n\t\t\t\t\t<div class=\"elementor-column elementor-col-50 elementor-top-column elementor-element elementor-element-fddc4f9\" data-id=\"fddc4f9\" data-element_type=\"column\" data-e-type=\"column\">\n\t\t\t<div class=\"elementor-widget-wrap elementor-element-populated\">\n\t\t\t\t\t\t<div class=\"elementor-element elementor-element-96f5d37 elementor-widget elementor-widget-text-editor\" data-id=\"96f5d37\" data-element_type=\"widget\" data-e-type=\"widget\" data-widget_type=\"text-editor.default\">\n\t\t\t\t<div class=\"elementor-widget-container\">\n\t\t\t\t\t\t\t\t\t<p>La 4CV a eu plusieurs versions : &#8220;Luxury&#8221; et &#8220;Normal&#8221; en 1947. Une version &#8220;Grand Luxury&#8221; et une version &#8220;Sport&#8221; suivront peu apr\u00e8s. Tout au long de sa vie de production, plusieurs modifications externes et internes ont \u00e9t\u00e9 apport\u00e9es, passant de 17 ch \u00e0 21 ch (\u00e0 l&#8217;exception d&#8217;une version sportive de 32 ch). Son apparence ext\u00e9rieure a \u00e9galement chang\u00e9, les modifications les plus visibles \u00e9tant les premi\u00e8res versions \u00e0 &#8220;6 moustaches&#8221; et les versions ult\u00e9rieures \u00e0 &#8220;3 moustaches&#8221; (en r\u00e9f\u00e9rence aux baguettes en aluminium qui ornaient la calandre). Les variations de l&#8217;am\u00e9nagement int\u00e9rieur, qui proposait trois types de tableaux de bord, sont \u00e9galement caract\u00e9ristiques. Ils \u00e9taient commun\u00e9ment connus &#8211; du moins en Espagne &#8211; sous les noms de &#8220;Herradura&#8221;, &#8220;Orejeras&#8221; et &#8220;Capilla&#8221;. Orejeras&#8221; et &#8220;Capilla&#8221;. Un autre changement important a \u00e9t\u00e9 l&#8217;\u00e9volution de la jante &#8220;en \u00e9toile&#8221;, o\u00f9 le moyeu, le tambour et le centre de la jante constituaient une seule unit\u00e9 et le jonc une autre (jusqu&#8217;en 1956) ou jante pleine &#8211; un concept classique o\u00f9 la jante compl\u00e8te et le tambour de frein \u00e9taient des pi\u00e8ces s\u00e9par\u00e9es.<\/p>\n\t\t\t\t\t\t\t\t<\/div>\n\t\t\t\t<\/div>\n\t\t\t\t\t<\/div>\n\t\t<\/div>\n\t\t\t\t<div class=\"elementor-column elementor-col-50 elementor-top-column elementor-element elementor-element-16c795c\" data-id=\"16c795c\" data-element_type=\"column\" data-e-type=\"column\">\n\t\t\t<div class=\"elementor-widget-wrap elementor-element-populated\">\n\t\t\t\t\t\t<div class=\"elementor-element elementor-element-35c89a0 elementor-widget elementor-widget-gallery\" data-id=\"35c89a0\" data-element_type=\"widget\" data-e-type=\"widget\" data-settings=\"{&quot;gallery_layout&quot;:&quot;justified&quot;,&quot;ideal_row_height&quot;:{&quot;unit&quot;:&quot;px&quot;,&quot;size&quot;:308,&quot;sizes&quot;:[]},&quot;overlay_description&quot;:&quot;caption&quot;,&quot;lazyload&quot;:&quot;yes&quot;,&quot;ideal_row_height_tablet&quot;:{&quot;unit&quot;:&quot;px&quot;,&quot;size&quot;:150,&quot;sizes&quot;:[]},&quot;ideal_row_height_mobile&quot;:{&quot;unit&quot;:&quot;px&quot;,&quot;size&quot;:150,&quot;sizes&quot;:[]},&quot;gap&quot;:{&quot;unit&quot;:&quot;px&quot;,&quot;size&quot;:10,&quot;sizes&quot;:[]},&quot;gap_tablet&quot;:{&quot;unit&quot;:&quot;px&quot;,&quot;size&quot;:10,&quot;sizes&quot;:[]},&quot;gap_mobile&quot;:{&quot;unit&quot;:&quot;px&quot;,&quot;size&quot;:10,&quot;sizes&quot;:[]},&quot;link_to&quot;:&quot;file&quot;,&quot;overlay_background&quot;:&quot;yes&quot;,&quot;content_hover_animation&quot;:&quot;fade-in&quot;}\" data-widget_type=\"gallery.default\">\n\t\t\t\t<div class=\"elementor-widget-container\">\n\t\t\t\t\t\t\t<div class=\"elementor-gallery__container\">\n\t\t\t\t\t\t\t<a class=\"e-gallery-item elementor-gallery-item elementor-animated-content\" href=\"https:\/\/www.jgclassics.com\/wp-content\/uploads\/2023\/03\/renault-4CV_Cuadro-Herradura.png\" data-elementor-open-lightbox=\"yes\" data-elementor-lightbox-slideshow=\"35c89a0\" data-elementor-lightbox-title=\"Renault 4CV. Cadre en fer \u00e0 cheval\" data-elementor-lightbox-description=\"Renault 4CV : disponible pour la location, les photos, les tournages, les s\u00e9quences, les vid\u00e9os, etc.\" data-e-action-hash=\"#elementor-action%3Aaction%3Dlightbox%26settings%3DeyJpZCI6MTMwMjIsInVybCI6Imh0dHBzOlwvXC93d3cuamdjbGFzc2ljcy5jb21cL3dwLWNvbnRlbnRcL3VwbG9hZHNcLzIwMjNcLzAzXC9yZW5hdWx0LTRDVl9DdWFkcm8tSGVycmFkdXJhLnBuZyIsInNsaWRlc2hvdyI6IjM1Yzg5YTAifQ%3D%3D\">\n\t\t\t\t\t<div class=\"e-gallery-image elementor-gallery-item__image\" data-thumbnail=\"https:\/\/www.jgclassics.com\/wp-content\/uploads\/2023\/03\/renault-4CV_Cuadro-Herradura-300x102.png\" data-width=\"300\" data-height=\"102\" aria-label=\"Renault 4CV. Cadre en fer \u00e0 cheval\" role=\"img\" ><\/div>\n\t\t\t\t\t\t\t\t\t\t\t<div class=\"elementor-gallery-item__overlay\"><\/div>\n\t\t\t\t\t\t\t\t\t\t\t\t\t\t\t<div class=\"elementor-gallery-item__content\">\n\t\t\t\t\t\t\t\t\t\t\t\t\t\t<div class=\"elementor-gallery-item__description\">\n\t\t\t\t\t\t\t\t\t\t\t\t\t\t\t\t\t\tRenault 4CV. Cadre en fer \u00e0 cheval\t\t\t\t\t\t\t\t<\/div>\n\t\t\t\t\t\t\t\t\t\t\t\t<\/div>\n\t\t\t\t\t\t\t\t\t<\/a>\n\t\t\t\t\t\t\t<a class=\"e-gallery-item elementor-gallery-item elementor-animated-content\" href=\"https:\/\/www.jgclassics.com\/wp-content\/uploads\/2023\/03\/cuadro-orejeras_Renault_4CV_.jpg\" data-elementor-open-lightbox=\"yes\" data-elementor-lightbox-slideshow=\"35c89a0\" data-elementor-lightbox-title=\"Renault 4CV. Cadre &quot;Prot\u00e8ge-oreilles\" data-e-action-hash=\"#elementor-action%3Aaction%3Dlightbox%26settings%3DeyJpZCI6MTMwMjUsInVybCI6Imh0dHBzOlwvXC93d3cuamdjbGFzc2ljcy5jb21cL3dwLWNvbnRlbnRcL3VwbG9hZHNcLzIwMjNcLzAzXC9jdWFkcm8tb3JlamVyYXNfUmVuYXVsdF80Q1ZfLmpwZyIsInNsaWRlc2hvdyI6IjM1Yzg5YTAifQ%3D%3D\">\n\t\t\t\t\t<div class=\"e-gallery-image elementor-gallery-item__image\" data-thumbnail=\"https:\/\/www.jgclassics.com\/wp-content\/uploads\/2023\/03\/cuadro-orejeras_Renault_4CV_-300x105.jpg\" data-width=\"300\" data-height=\"105\" aria-label=\"Renault 4CV. Cadre &quot;Prot\u00e8ge-oreilles\" role=\"img\" ><\/div>\n\t\t\t\t\t\t\t\t\t\t\t<div class=\"elementor-gallery-item__overlay\"><\/div>\n\t\t\t\t\t\t\t\t\t\t\t\t\t\t\t<div class=\"elementor-gallery-item__content\">\n\t\t\t\t\t\t\t\t\t\t\t\t\t\t<div class=\"elementor-gallery-item__description\">\n\t\t\t\t\t\t\t\t\t\t\t\t\t\t\t\t\t\tRenault 4CV. Cadre \"Prot\u00e8ge-oreilles\t\t\t\t\t\t\t\t<\/div>\n\t\t\t\t\t\t\t\t\t\t\t\t<\/div>\n\t\t\t\t\t\t\t\t\t<\/a>\n\t\t\t\t\t\t\t<a class=\"e-gallery-item elementor-gallery-item elementor-animated-content\" href=\"https:\/\/www.jgclassics.com\/wp-content\/uploads\/2023\/03\/r4CV_cuadro_capilla-e1679932631219.jpg\" data-elementor-open-lightbox=\"yes\" data-elementor-lightbox-slideshow=\"35c89a0\" data-elementor-lightbox-title=\"Renault 4CV. Peinture de type &quot;chapelle\" data-elementor-lightbox-description=\"Renault 4CV : disponible pour la location, les photos, les tournages, les s\u00e9quences, les vid\u00e9os, etc.\" data-e-action-hash=\"#elementor-action%3Aaction%3Dlightbox%26settings%3DeyJpZCI6MTMwMTksInVybCI6Imh0dHBzOlwvXC93d3cuamdjbGFzc2ljcy5jb21cL3dwLWNvbnRlbnRcL3VwbG9hZHNcLzIwMjNcLzAzXC9yNENWX2N1YWRyb19jYXBpbGxhLWUxNjc5OTMyNjMxMjE5LmpwZyIsInNsaWRlc2hvdyI6IjM1Yzg5YTAifQ%3D%3D\">\n\t\t\t\t\t<div class=\"e-gallery-image elementor-gallery-item__image\" data-thumbnail=\"https:\/\/www.jgclassics.com\/wp-content\/uploads\/2023\/03\/r4CV_cuadro_capilla-e1679932631219-300x105.jpg\" data-width=\"300\" data-height=\"105\" aria-label=\"Renault 4CV. Peinture de type &quot;chapelle\" role=\"img\" ><\/div>\n\t\t\t\t\t\t\t\t\t\t\t<div class=\"elementor-gallery-item__overlay\"><\/div>\n\t\t\t\t\t\t\t\t\t\t\t\t\t\t\t<div class=\"elementor-gallery-item__content\">\n\t\t\t\t\t\t\t\t\t\t\t\t\t\t<div class=\"elementor-gallery-item__description\">\n\t\t\t\t\t\t\t\t\t\t\t\t\t\t\t\t\t\tRenault 4CV. Peinture de type \"chapelle\t\t\t\t\t\t\t\t<\/div>\n\t\t\t\t\t\t\t\t\t\t\t\t<\/div>\n\t\t\t\t\t\t\t\t\t<\/a>\n\t\t\t\t\t<\/div>\n\t\t\t\t\t<\/div>\n\t\t\t\t<\/div>\n\t\t\t\t\t<\/div>\n\t\t<\/div>\n\t\t\t\t\t<\/div>\n\t\t<\/section>\n\t\t\t\t<section data-particle_enable=\"false\" data-particle-mobile-disabled=\"false\" class=\"elementor-section elementor-top-section elementor-element elementor-element-ba9d537 elementor-section-boxed elementor-section-height-default elementor-section-height-default\" data-id=\"ba9d537\" data-element_type=\"section\" data-e-type=\"section\">\n\t\t\t\t\t\t<div class=\"elementor-container elementor-column-gap-default\">\n\t\t\t\t\t<div class=\"elementor-column elementor-col-100 elementor-top-column elementor-element elementor-element-c6e2260\" data-id=\"c6e2260\" data-element_type=\"column\" data-e-type=\"column\">\n\t\t\t<div class=\"elementor-widget-wrap elementor-element-populated\">\n\t\t\t\t\t\t<div class=\"elementor-element elementor-element-15c488d elementor-widget elementor-widget-heading\" data-id=\"15c488d\" data-element_type=\"widget\" data-e-type=\"widget\" data-widget_type=\"heading.default\">\n\t\t\t\t<div class=\"elementor-widget-container\">\n\t\t\t\t\t<h2 class=\"elementor-heading-title elementor-size-default\">Publicit\u00e9 de la Renault 4CV de l'\u00e9poque :<\/h2>\t\t\t\t<\/div>\n\t\t\t\t<\/div>\n\t\t\t\t\t<\/div>\n\t\t<\/div>\n\t\t\t\t\t<\/div>\n\t\t<\/section>\n\t\t\t\t<section data-particle_enable=\"false\" data-particle-mobile-disabled=\"false\" class=\"elementor-section elementor-top-section elementor-element elementor-element-cafee43 elementor-section-boxed elementor-section-height-default elementor-section-height-default\" data-id=\"cafee43\" data-element_type=\"section\" data-e-type=\"section\">\n\t\t\t\t\t\t<div class=\"elementor-container elementor-column-gap-default\">\n\t\t\t\t\t<div class=\"elementor-column elementor-col-100 elementor-top-column elementor-element elementor-element-ef92cca\" data-id=\"ef92cca\" data-element_type=\"column\" data-e-type=\"column\">\n\t\t\t<div class=\"elementor-widget-wrap elementor-element-populated\">\n\t\t\t\t\t\t<div class=\"elementor-element elementor-element-0edcf05 elementor-widget-divider--view-line elementor-widget elementor-widget-divider\" data-id=\"0edcf05\" data-element_type=\"widget\" data-e-type=\"widget\" data-widget_type=\"divider.default\">\n\t\t\t\t<div class=\"elementor-widget-container\">\n\t\t\t\t\t\t\t<div class=\"elementor-divider\">\n\t\t\t<span class=\"elementor-divider-separator\">\n\t\t\t\t\t\t<\/span>\n\t\t<\/div>\n\t\t\t\t\t\t<\/div>\n\t\t\t\t<\/div>\n\t\t\t\t\t<\/div>\n\t\t<\/div>\n\t\t\t\t\t<\/div>\n\t\t<\/section>\n\t\t\t\t<section data-particle_enable=\"false\" data-particle-mobile-disabled=\"false\" class=\"elementor-section elementor-top-section elementor-element elementor-element-fa96ec4 elementor-section-boxed elementor-section-height-default elementor-section-height-default\" data-id=\"fa96ec4\" data-element_type=\"section\" data-e-type=\"section\">\n\t\t\t\t\t\t<div class=\"elementor-container elementor-column-gap-default\">\n\t\t\t\t\t<div class=\"elementor-column elementor-col-100 elementor-top-column elementor-element elementor-element-6577743\" data-id=\"6577743\" data-element_type=\"column\" data-e-type=\"column\">\n\t\t\t<div class=\"elementor-widget-wrap elementor-element-populated\">\n\t\t\t\t\t\t<div class=\"elementor-element elementor-element-26cc53a elementor-widget elementor-widget-gallery\" data-id=\"26cc53a\" data-element_type=\"widget\" data-e-type=\"widget\" data-settings=\"{&quot;columns&quot;:5,&quot;columns_mobile&quot;:3,&quot;lazyload&quot;:&quot;yes&quot;,&quot;gallery_layout&quot;:&quot;grid&quot;,&quot;columns_tablet&quot;:2,&quot;gap&quot;:{&quot;unit&quot;:&quot;px&quot;,&quot;size&quot;:10,&quot;sizes&quot;:[]},&quot;gap_tablet&quot;:{&quot;unit&quot;:&quot;px&quot;,&quot;size&quot;:10,&quot;sizes&quot;:[]},&quot;gap_mobile&quot;:{&quot;unit&quot;:&quot;px&quot;,&quot;size&quot;:10,&quot;sizes&quot;:[]},&quot;link_to&quot;:&quot;file&quot;,&quot;aspect_ratio&quot;:&quot;3:2&quot;,&quot;overlay_background&quot;:&quot;yes&quot;,&quot;content_hover_animation&quot;:&quot;fade-in&quot;}\" data-widget_type=\"gallery.default\">\n\t\t\t\t<div class=\"elementor-widget-container\">\n\t\t\t\t\t\t\t<div class=\"elementor-gallery__container\">\n\t\t\t\t\t\t\t<a class=\"e-gallery-item elementor-gallery-item elementor-animated-content\" href=\"https:\/\/www.jgclassics.com\/wp-content\/uploads\/2023\/03\/4cv_pub006_1954.webp\" data-elementor-open-lightbox=\"yes\" data-elementor-lightbox-slideshow=\"26cc53a\" data-elementor-lightbox-title=\"Renault 4CV. Publicit\u00e9 premier mod\u00e8le (vers 1949)\" data-e-action-hash=\"#elementor-action%3Aaction%3Dlightbox%26settings%3DeyJpZCI6MTMwNDksInVybCI6Imh0dHBzOlwvXC93d3cuamdjbGFzc2ljcy5jb21cL3dwLWNvbnRlbnRcL3VwbG9hZHNcLzIwMjNcLzAzXC80Y3ZfcHViMDA2XzE5NTQud2VicCIsInNsaWRlc2hvdyI6IjI2Y2M1M2EifQ%3D%3D\">\n\t\t\t\t\t<div class=\"e-gallery-image elementor-gallery-item__image\" data-thumbnail=\"https:\/\/www.jgclassics.com\/wp-content\/uploads\/2023\/03\/4cv_pub006_1954-300x230.webp\" data-width=\"300\" data-height=\"230\" aria-label=\"Renault 4CV. Publicit\u00e9 premier mod\u00e8le (vers 1949)\" role=\"img\" ><\/div>\n\t\t\t\t\t\t\t\t\t\t\t<div class=\"elementor-gallery-item__overlay\"><\/div>\n\t\t\t\t\t\t\t\t\t\t\t\t\t\t<\/a>\n\t\t\t\t\t\t\t<a class=\"e-gallery-item elementor-gallery-item elementor-animated-content\" href=\"https:\/\/www.jgclassics.com\/wp-content\/uploads\/2023\/03\/4cv_pub007_1959.jpg\" data-elementor-open-lightbox=\"yes\" data-elementor-lightbox-slideshow=\"26cc53a\" data-elementor-lightbox-title=\"Renault 4CV. Ann\u00e9e publicitaire 1959\" data-e-action-hash=\"#elementor-action%3Aaction%3Dlightbox%26settings%3DeyJpZCI6MTMwNTgsInVybCI6Imh0dHBzOlwvXC93d3cuamdjbGFzc2ljcy5jb21cL3dwLWNvbnRlbnRcL3VwbG9hZHNcLzIwMjNcLzAzXC80Y3ZfcHViMDA3XzE5NTkuanBnIiwic2xpZGVzaG93IjoiMjZjYzUzYSJ9\">\n\t\t\t\t\t<div class=\"e-gallery-image elementor-gallery-item__image\" data-thumbnail=\"https:\/\/www.jgclassics.com\/wp-content\/uploads\/2023\/03\/4cv_pub007_1959-300x225.jpg\" data-width=\"300\" data-height=\"225\" aria-label=\"Renault 4CV. Ann\u00e9e publicitaire 1959\" role=\"img\" ><\/div>\n\t\t\t\t\t\t\t\t\t\t\t<div class=\"elementor-gallery-item__overlay\"><\/div>\n\t\t\t\t\t\t\t\t\t\t\t\t\t\t<\/a>\n\t\t\t\t\t\t\t<a class=\"e-gallery-item elementor-gallery-item elementor-animated-content\" href=\"https:\/\/www.jgclassics.com\/wp-content\/uploads\/2023\/03\/4cv_pub007_1959.png\" data-elementor-open-lightbox=\"yes\" data-elementor-lightbox-slideshow=\"26cc53a\" data-elementor-lightbox-title=\"Renault 4CV. Hino Japon. Ann\u00e9e publicitaire 1957\" data-e-action-hash=\"#elementor-action%3Aaction%3Dlightbox%26settings%3DeyJpZCI6MTMwNjEsInVybCI6Imh0dHBzOlwvXC93d3cuamdjbGFzc2ljcy5jb21cL3dwLWNvbnRlbnRcL3VwbG9hZHNcLzIwMjNcLzAzXC80Y3ZfcHViMDA3XzE5NTkucG5nIiwic2xpZGVzaG93IjoiMjZjYzUzYSJ9\">\n\t\t\t\t\t<div class=\"e-gallery-image elementor-gallery-item__image\" data-thumbnail=\"https:\/\/www.jgclassics.com\/wp-content\/uploads\/2023\/03\/4cv_pub007_1959-300x182.png\" data-width=\"300\" data-height=\"182\" aria-label=\"Renault 4CV. Hino Japon. Ann\u00e9e publicitaire 1957\" role=\"img\" ><\/div>\n\t\t\t\t\t\t\t\t\t\t\t<div class=\"elementor-gallery-item__overlay\"><\/div>\n\t\t\t\t\t\t\t\t\t\t\t\t\t\t<\/a>\n\t\t\t\t\t\t\t<a class=\"e-gallery-item elementor-gallery-item elementor-animated-content\" href=\"https:\/\/www.jgclassics.com\/wp-content\/uploads\/2023\/03\/4cv_pub009_1947.jpg\" data-elementor-open-lightbox=\"yes\" data-elementor-lightbox-slideshow=\"26cc53a\" data-elementor-lightbox-title=\"Renault 4CV. Ann\u00e9e publicitaire 1947\" data-e-action-hash=\"#elementor-action%3Aaction%3Dlightbox%26settings%3DeyJpZCI6MTMwNjcsInVybCI6Imh0dHBzOlwvXC93d3cuamdjbGFzc2ljcy5jb21cL3dwLWNvbnRlbnRcL3VwbG9hZHNcLzIwMjNcLzAzXC80Y3ZfcHViMDA5XzE5NDcuanBnIiwic2xpZGVzaG93IjoiMjZjYzUzYSJ9\">\n\t\t\t\t\t<div class=\"e-gallery-image elementor-gallery-item__image\" data-thumbnail=\"https:\/\/www.jgclassics.com\/wp-content\/uploads\/2023\/03\/4cv_pub009_1947-300x219.jpg\" data-width=\"300\" data-height=\"219\" aria-label=\"Renault 4CV. Ann\u00e9e publicitaire 1947\" role=\"img\" ><\/div>\n\t\t\t\t\t\t\t\t\t\t\t<div class=\"elementor-gallery-item__overlay\"><\/div>\n\t\t\t\t\t\t\t\t\t\t\t\t\t\t<\/a>\n\t\t\t\t\t\t\t<a class=\"e-gallery-item elementor-gallery-item elementor-animated-content\" href=\"https:\/\/www.jgclassics.com\/wp-content\/uploads\/2023\/03\/4cv_pub010_1957.jpg\" data-elementor-open-lightbox=\"yes\" data-elementor-lightbox-slideshow=\"26cc53a\" data-elementor-lightbox-title=\"Renault 4CV. Publicit\u00e9\" data-e-action-hash=\"#elementor-action%3Aaction%3Dlightbox%26settings%3DeyJpZCI6MTMwNjQsInVybCI6Imh0dHBzOlwvXC93d3cuamdjbGFzc2ljcy5jb21cL3dwLWNvbnRlbnRcL3VwbG9hZHNcLzIwMjNcLzAzXC80Y3ZfcHViMDEwXzE5NTcuanBnIiwic2xpZGVzaG93IjoiMjZjYzUzYSJ9\">\n\t\t\t\t\t<div class=\"e-gallery-image elementor-gallery-item__image\" data-thumbnail=\"https:\/\/www.jgclassics.com\/wp-content\/uploads\/2023\/03\/4cv_pub010_1957-300x188.jpg\" data-width=\"300\" data-height=\"188\" aria-label=\"Renault 4CV. Publicit\u00e9\" role=\"img\" ><\/div>\n\t\t\t\t\t\t\t\t\t\t\t<div class=\"elementor-gallery-item__overlay\"><\/div>\n\t\t\t\t\t\t\t\t\t\t\t\t\t\t<\/a>\n\t\t\t\t\t<\/div>\n\t\t\t\t\t<\/div>\n\t\t\t\t<\/div>\n\t\t\t\t\t<\/div>\n\t\t<\/div>\n\t\t\t\t\t<\/div>\n\t\t<\/section>\n\t\t\t\t<section data-particle_enable=\"false\" data-particle-mobile-disabled=\"false\" class=\"elementor-section elementor-top-section elementor-element elementor-element-9d14da4 elementor-section-boxed elementor-section-height-default elementor-section-height-default\" data-id=\"9d14da4\" data-element_type=\"section\" data-e-type=\"section\">\n\t\t\t\t\t\t<div class=\"elementor-container elementor-column-gap-default\">\n\t\t\t\t\t<div class=\"elementor-column elementor-col-50 elementor-top-column elementor-element elementor-element-a5fa622\" data-id=\"a5fa622\" data-element_type=\"column\" data-e-type=\"column\">\n\t\t\t<div class=\"elementor-widget-wrap elementor-element-populated\">\n\t\t\t\t\t\t<div class=\"elementor-element elementor-element-438792f elementor-widget__width-initial elementor-widget elementor-widget-text-editor\" data-id=\"438792f\" data-element_type=\"widget\" data-e-type=\"widget\" data-widget_type=\"text-editor.default\">\n\t\t\t\t<div class=\"elementor-widget-container\">\n\t\t\t\t\t\t\t\t\t<p>La voiture \u00e9tait \u00e9quip\u00e9e d&#8217;un syst\u00e8me \u00e9lectrique de 6 volts, d&#8217;un syst\u00e8me de refroidissement par eau et d&#8217;un carburateur Solex 22. La bo\u00eete de vitesses comportait trois rapports de marche avant et un rapport de marche arri\u00e8re, le premier rapport \u00e9tant NON synchronis\u00e9. Le syst\u00e8me de freinage \u00e9tait hydraulique, une caract\u00e9ristique soulign\u00e9e \u00e0 l&#8217;\u00e9poque comme un signe de la conception avanc\u00e9e du v\u00e9hicule. Un r\u00e9servoir de 27 litres lui conf\u00e8re une autonomie moyenne de 300 \u00e0 400 km et, comme tous les moteurs Ventoux, la disribuion est assur\u00e9 par un pignon en bak\u00e9lite &#8211; con\u00e7u sp\u00e9cifiquement dans ce mat\u00e9riau pour \u00e9viter l&#8217;usure des pignons du vilebrequin ou de l&#8217;arbre \u00e0 cames.<\/p>\n<p>Les concessions en mati\u00e8re de confort ont \u00e9t\u00e9 limit\u00e9, compte tenu de son statut de voiture \u00e9conomique abordable. Dans la plupart des unit\u00e9s, le chauffage de la cabine \u00e9tait r\u00e9duit \u00e0 des conduits d&#8217;air chaud partant du compartiment moteur, passant par une paire de tuyaux lat\u00e9raux et se terminant par des volets qui pouvaient \u00eatre ouverts ou ferm\u00e9s \u00e0 volont\u00e9 depuis l&#8217;habitacle. Toutefois, certaines unit\u00e9s \u00e9taient \u00e9quip\u00e9es du syst\u00e8me de chauffage<a href=\"https:\/\/www.jgclassics.com\/wp-content\/uploads\/2023\/04\/calefaccion_sofica_renault.jpg\">&#8220;Sofica<\/a>&#8221; qui, comme dans les voitures actuelles, utilisait l&#8217;eau du circuit de refroidissement, qui d\u00e9tournait l&#8217;air vers un petit ensemble radiateur\/ventilateur et conduisait enfin l&#8217;air chaud dans l&#8217;habitacle. Dans la plupart des versions, la voiture n&#8217;avait pas de vitres &#8220;normales&#8221; telles que nous les connaissons aujourd&#8217;hui, mais des vitres coulissantes \u00e0 l&#8217;arri\u00e8re et un pare-brise basculant ou coulissant \u00e0 l&#8217;avant, selon la version.<\/p>\t\t\t\t\t\t\t\t<\/div>\n\t\t\t\t<\/div>\n\t\t\t\t\t<\/div>\n\t\t<\/div>\n\t\t\t\t<div class=\"elementor-column elementor-col-50 elementor-top-column elementor-element elementor-element-0df8549\" data-id=\"0df8549\" data-element_type=\"column\" data-e-type=\"column\">\n\t\t\t<div class=\"elementor-widget-wrap elementor-element-populated\">\n\t\t\t\t\t\t<div class=\"elementor-element elementor-element-448914d elementor-widget elementor-widget-gallery\" data-id=\"448914d\" data-element_type=\"widget\" data-e-type=\"widget\" data-settings=\"{&quot;gallery_layout&quot;:&quot;justified&quot;,&quot;lazyload&quot;:&quot;yes&quot;,&quot;ideal_row_height&quot;:{&quot;unit&quot;:&quot;px&quot;,&quot;size&quot;:200,&quot;sizes&quot;:[]},&quot;ideal_row_height_tablet&quot;:{&quot;unit&quot;:&quot;px&quot;,&quot;size&quot;:150,&quot;sizes&quot;:[]},&quot;ideal_row_height_mobile&quot;:{&quot;unit&quot;:&quot;px&quot;,&quot;size&quot;:150,&quot;sizes&quot;:[]},&quot;gap&quot;:{&quot;unit&quot;:&quot;px&quot;,&quot;size&quot;:10,&quot;sizes&quot;:[]},&quot;gap_tablet&quot;:{&quot;unit&quot;:&quot;px&quot;,&quot;size&quot;:10,&quot;sizes&quot;:[]},&quot;gap_mobile&quot;:{&quot;unit&quot;:&quot;px&quot;,&quot;size&quot;:10,&quot;sizes&quot;:[]},&quot;link_to&quot;:&quot;file&quot;,&quot;overlay_background&quot;:&quot;yes&quot;,&quot;content_hover_animation&quot;:&quot;fade-in&quot;}\" data-widget_type=\"gallery.default\">\n\t\t\t\t<div class=\"elementor-widget-container\">\n\t\t\t\t\t\t\t<div class=\"elementor-gallery__container\">\n\t\t\t\t\t\t\t<a class=\"e-gallery-item elementor-gallery-item elementor-animated-content\" href=\"https:\/\/www.jgclassics.com\/wp-content\/uploads\/2023\/03\/4cv_billancourt_002.jpg\" data-elementor-open-lightbox=\"yes\" data-elementor-lightbox-slideshow=\"448914d\" data-elementor-lightbox-title=\"Fabrication de la Renault 4CV. Usine de Billancourt\" data-e-action-hash=\"#elementor-action%3Aaction%3Dlightbox%26settings%3DeyJpZCI6MTMwODUsInVybCI6Imh0dHBzOlwvXC93d3cuamdjbGFzc2ljcy5jb21cL3dwLWNvbnRlbnRcL3VwbG9hZHNcLzIwMjNcLzAzXC80Y3ZfYmlsbGFuY291cnRfMDAyLmpwZyIsInNsaWRlc2hvdyI6IjQ0ODkxNGQifQ%3D%3D\">\n\t\t\t\t\t<div class=\"e-gallery-image elementor-gallery-item__image\" data-thumbnail=\"https:\/\/www.jgclassics.com\/wp-content\/uploads\/2023\/03\/4cv_billancourt_002-150x150.jpg\" data-width=\"150\" data-height=\"150\" aria-label=\"Fabrication de la Renault 4CV. Usine de Billancourt\" role=\"img\" ><\/div>\n\t\t\t\t\t\t\t\t\t\t\t<div class=\"elementor-gallery-item__overlay\"><\/div>\n\t\t\t\t\t\t\t\t\t\t\t\t\t\t<\/a>\n\t\t\t\t\t\t\t<a class=\"e-gallery-item elementor-gallery-item elementor-animated-content\" href=\"https:\/\/www.jgclassics.com\/wp-content\/uploads\/2023\/03\/4cv_pub001_1954.jpg\" data-elementor-open-lightbox=\"yes\" data-elementor-lightbox-slideshow=\"448914d\" data-elementor-lightbox-title=\"Renault 4CV. Brochure publicitaire 1954\" data-e-action-hash=\"#elementor-action%3Aaction%3Dlightbox%26settings%3DeyJpZCI6MTMwODgsInVybCI6Imh0dHBzOlwvXC93d3cuamdjbGFzc2ljcy5jb21cL3dwLWNvbnRlbnRcL3VwbG9hZHNcLzIwMjNcLzAzXC80Y3ZfcHViMDAxXzE5NTQuanBnIiwic2xpZGVzaG93IjoiNDQ4OTE0ZCJ9\">\n\t\t\t\t\t<div class=\"e-gallery-image elementor-gallery-item__image\" data-thumbnail=\"https:\/\/www.jgclassics.com\/wp-content\/uploads\/2023\/03\/4cv_pub001_1954-150x150.jpg\" data-width=\"150\" data-height=\"150\" aria-label=\"Renault 4CV. Brochure publicitaire 1954\" role=\"img\" ><\/div>\n\t\t\t\t\t\t\t\t\t\t\t<div class=\"elementor-gallery-item__overlay\"><\/div>\n\t\t\t\t\t\t\t\t\t\t\t\t\t\t<\/a>\n\t\t\t\t\t\t\t<a class=\"e-gallery-item elementor-gallery-item elementor-animated-content\" href=\"https:\/\/www.jgclassics.com\/wp-content\/uploads\/2023\/03\/4cv_versiones_deportivas_1063-1952.jpg\" data-elementor-open-lightbox=\"yes\" data-elementor-lightbox-slideshow=\"448914d\" data-elementor-lightbox-title=\"Renault 4CV. Versions sportives (\u00e9ventuellement variante 1063)\" data-e-action-hash=\"#elementor-action%3Aaction%3Dlightbox%26settings%3DeyJpZCI6MTMwOTEsInVybCI6Imh0dHBzOlwvXC93d3cuamdjbGFzc2ljcy5jb21cL3dwLWNvbnRlbnRcL3VwbG9hZHNcLzIwMjNcLzAzXC80Y3ZfdmVyc2lvbmVzX2RlcG9ydGl2YXNfMTA2My0xOTUyLmpwZyIsInNsaWRlc2hvdyI6IjQ0ODkxNGQifQ%3D%3D\">\n\t\t\t\t\t<div class=\"e-gallery-image elementor-gallery-item__image\" data-thumbnail=\"https:\/\/www.jgclassics.com\/wp-content\/uploads\/2023\/03\/4cv_versiones_deportivas_1063-1952-150x150.jpg\" data-width=\"150\" data-height=\"150\" aria-label=\"Renault 4CV. Versions sportives (\u00e9ventuellement variante 1063)\" role=\"img\" ><\/div>\n\t\t\t\t\t\t\t\t\t\t\t<div class=\"elementor-gallery-item__overlay\"><\/div>\n\t\t\t\t\t\t\t\t\t\t\t\t\t\t<\/a>\n\t\t\t\t\t\t\t<a class=\"e-gallery-item elementor-gallery-item elementor-animated-content\" href=\"https:\/\/www.jgclassics.com\/wp-content\/uploads\/2023\/03\/4cv_planta_billancourt.jpg\" data-elementor-open-lightbox=\"yes\" data-elementor-lightbox-slideshow=\"448914d\" data-elementor-lightbox-title=\"Fabrication de la Renault 4CV. Usine de Billancourt\" data-e-action-hash=\"#elementor-action%3Aaction%3Dlightbox%26settings%3DeyJpZCI6MTMwOTQsInVybCI6Imh0dHBzOlwvXC93d3cuamdjbGFzc2ljcy5jb21cL3dwLWNvbnRlbnRcL3VwbG9hZHNcLzIwMjNcLzAzXC80Y3ZfcGxhbnRhX2JpbGxhbmNvdXJ0LmpwZyIsInNsaWRlc2hvdyI6IjQ0ODkxNGQifQ%3D%3D\">\n\t\t\t\t\t<div class=\"e-gallery-image elementor-gallery-item__image\" data-thumbnail=\"https:\/\/www.jgclassics.com\/wp-content\/uploads\/2023\/03\/4cv_planta_billancourt-150x150.jpg\" data-width=\"150\" data-height=\"150\" aria-label=\"Fabrication de la Renault 4CV. Usine de Billancourt\" role=\"img\" ><\/div>\n\t\t\t\t\t\t\t\t\t\t\t<div class=\"elementor-gallery-item__overlay\"><\/div>\n\t\t\t\t\t\t\t\t\t\t\t\t\t\t<\/a>\n\t\t\t\t\t\t\t<a class=\"e-gallery-item elementor-gallery-item elementor-animated-content\" href=\"https:\/\/www.jgclassics.com\/wp-content\/uploads\/2023\/03\/4cv_vw_compare_1956.jpg\" data-elementor-open-lightbox=\"yes\" data-elementor-lightbox-slideshow=\"448914d\" data-elementor-lightbox-title=\"Renault 4CV comparatif Volkswagen Coccinelle\" data-e-action-hash=\"#elementor-action%3Aaction%3Dlightbox%26settings%3DeyJpZCI6MTMwOTcsInVybCI6Imh0dHBzOlwvXC93d3cuamdjbGFzc2ljcy5jb21cL3dwLWNvbnRlbnRcL3VwbG9hZHNcLzIwMjNcLzAzXC80Y3ZfdndfY29tcGFyZV8xOTU2LmpwZyIsInNsaWRlc2hvdyI6IjQ0ODkxNGQifQ%3D%3D\">\n\t\t\t\t\t<div class=\"e-gallery-image elementor-gallery-item__image\" data-thumbnail=\"https:\/\/www.jgclassics.com\/wp-content\/uploads\/2023\/03\/4cv_vw_compare_1956-150x150.jpg\" data-width=\"150\" data-height=\"150\" aria-label=\"Renault 4CV comparatif Volkswagen Coccinelle\" role=\"img\" ><\/div>\n\t\t\t\t\t\t\t\t\t\t\t<div class=\"elementor-gallery-item__overlay\"><\/div>\n\t\t\t\t\t\t\t\t\t\t\t\t\t\t<\/a>\n\t\t\t\t\t\t\t<a class=\"e-gallery-item elementor-gallery-item elementor-animated-content\" href=\"https:\/\/www.jgclassics.com\/wp-content\/uploads\/2023\/03\/4cv_billancourt003.jpg\" data-elementor-open-lightbox=\"yes\" data-elementor-lightbox-slideshow=\"448914d\" data-elementor-lightbox-title=\"Fabrication de la Renault 4CV. Usine de Billancourt\" data-e-action-hash=\"#elementor-action%3Aaction%3Dlightbox%26settings%3DeyJpZCI6MTMxMDAsInVybCI6Imh0dHBzOlwvXC93d3cuamdjbGFzc2ljcy5jb21cL3dwLWNvbnRlbnRcL3VwbG9hZHNcLzIwMjNcLzAzXC80Y3ZfYmlsbGFuY291cnQwMDMuanBnIiwic2xpZGVzaG93IjoiNDQ4OTE0ZCJ9\">\n\t\t\t\t\t<div class=\"e-gallery-image elementor-gallery-item__image\" data-thumbnail=\"https:\/\/www.jgclassics.com\/wp-content\/uploads\/2023\/03\/4cv_billancourt003-150x150.jpg\" data-width=\"150\" data-height=\"150\" aria-label=\"Fabrication de la Renault 4CV. Usine de Billancourt\" role=\"img\" ><\/div>\n\t\t\t\t\t\t\t\t\t\t\t<div class=\"elementor-gallery-item__overlay\"><\/div>\n\t\t\t\t\t\t\t\t\t\t\t\t\t\t<\/a>\n\t\t\t\t\t<\/div>\n\t\t\t\t\t<\/div>\n\t\t\t\t<\/div>\n\t\t\t\t\t<\/div>\n\t\t<\/div>\n\t\t\t\t\t<\/div>\n\t\t<\/section>\n\t\t\t\t<section data-particle_enable=\"false\" data-particle-mobile-disabled=\"false\" class=\"elementor-section elementor-top-section elementor-element elementor-element-747f28b elementor-section-boxed elementor-section-height-default elementor-section-height-default\" data-id=\"747f28b\" data-element_type=\"section\" data-e-type=\"section\">\n\t\t\t\t\t\t<div class=\"elementor-container elementor-column-gap-default\">\n\t\t\t\t\t<div class=\"elementor-column elementor-col-100 elementor-top-column elementor-element elementor-element-8ca2c78\" data-id=\"8ca2c78\" data-element_type=\"column\" data-e-type=\"column\">\n\t\t\t<div class=\"elementor-widget-wrap elementor-element-populated\">\n\t\t\t\t\t\t<div class=\"elementor-element elementor-element-2d11b22 elementor-widget elementor-widget-text-editor\" data-id=\"2d11b22\" data-element_type=\"widget\" data-e-type=\"widget\" data-widget_type=\"text-editor.default\">\n\t\t\t\t<div class=\"elementor-widget-container\">\n\t\t\t\t\t\t\t\t\t<p>En raison de la conception modeste du v\u00e9hicule, il est frappant de constater que certaines versions incorporaient des \u00e9l\u00e9ments d\u00e9coratifs qui, aujourd&#8217;hui, sont surprenants dans une voiture de ce style : par exemple, un  <a href=\"https:\/\/www.jgclassics.com\/wp-content\/uploads\/2023\/03\/20230305_131105-copia-scaled.jpg\">bouchon de radiateur chrom\u00e9 int\u00e9gr\u00e9 dans un bouclier chrom\u00e9 sur la carrosserie<\/a>La grille de calandre est munie de moulures de protection,  <a href=\"https:\/\/www.jgclassics.com\/wp-content\/uploads\/2023\/03\/20230305_130614-copia-scaled.jpg\">les prises d&#8217;air<\/a>  et les c\u00f4t\u00e9s,  <a href=\"https:\/\/www.jgclassics.com\/wp-content\/uploads\/2023\/03\/20230305_133414-scaled.jpg\">un tr\u00e8s beau syst\u00e8me d&#8217;ouverture du capot \u00e0 l&#8217;aide d&#8217;un levier<\/a>enjoliveurs et  <a href=\"https:\/\/www.jgclassics.com\/wp-content\/uploads\/2023\/03\/20230305_131816-copia-scaled.jpg\">\u00e9crous de roue chrom\u00e9s<\/a>Les marchepieds chrom\u00e9s et les jupes lat\u00e9rales sur les passages de roue sont \u00e9galement disponibles. En outre, il existe des versions d\u00e9capotables et des versions avec toit ouvrant.<\/p>\n\t\t\t\t\t\t\t\t<\/div>\n\t\t\t\t<\/div>\n\t\t\t\t\t<\/div>\n\t\t<\/div>\n\t\t\t\t\t<\/div>\n\t\t<\/section>\n\t\t\t\t<section data-particle_enable=\"false\" data-particle-mobile-disabled=\"false\" class=\"elementor-section elementor-top-section elementor-element elementor-element-a0d8e44 elementor-section-boxed elementor-section-height-default elementor-section-height-default\" data-id=\"a0d8e44\" data-element_type=\"section\" data-e-type=\"section\">\n\t\t\t\t\t\t<div class=\"elementor-container elementor-column-gap-default\">\n\t\t\t\t\t<div class=\"elementor-column elementor-col-100 elementor-top-column elementor-element elementor-element-6b3d423\" data-id=\"6b3d423\" data-element_type=\"column\" data-e-type=\"column\">\n\t\t\t<div class=\"elementor-widget-wrap elementor-element-populated\">\n\t\t\t\t\t\t<div class=\"elementor-element elementor-element-ada12ac elementor-widget-divider--view-line_icon elementor-view-default elementor-widget-divider--element-align-center elementor-widget elementor-widget-divider\" data-id=\"ada12ac\" data-element_type=\"widget\" data-e-type=\"widget\" data-widget_type=\"divider.default\">\n\t\t\t\t<div class=\"elementor-widget-container\">\n\t\t\t\t\t\t\t<div class=\"elementor-divider\">\n\t\t\t<span class=\"elementor-divider-separator\">\n\t\t\t\t\t\t\t<div class=\"elementor-icon elementor-divider__element\">\n\t\t\t\t\t<i aria-hidden=\"true\" class=\"fas fa-info-circle\"><\/i><\/div>\n\t\t\t\t\t\t<\/span>\n\t\t<\/div>\n\t\t\t\t\t\t<\/div>\n\t\t\t\t<\/div>\n\t\t\t\t\t<\/div>\n\t\t<\/div>\n\t\t\t\t\t<\/div>\n\t\t<\/section>\n\t\t\t\t<section data-particle_enable=\"false\" data-particle-mobile-disabled=\"false\" class=\"elementor-section elementor-top-section elementor-element elementor-element-2b63ff9 elementor-section-boxed elementor-section-height-default elementor-section-height-default\" data-id=\"2b63ff9\" data-element_type=\"section\" data-e-type=\"section\">\n\t\t\t\t\t\t<div class=\"elementor-container elementor-column-gap-default\">\n\t\t\t\t\t<div class=\"elementor-column elementor-col-100 elementor-top-column elementor-element elementor-element-ca19955\" data-id=\"ca19955\" data-element_type=\"column\" data-e-type=\"column\">\n\t\t\t<div class=\"elementor-widget-wrap elementor-element-populated\">\n\t\t\t\t\t\t<div class=\"elementor-element elementor-element-7b50653 elementor-widget elementor-widget-heading\" data-id=\"7b50653\" data-element_type=\"widget\" data-e-type=\"widget\" data-widget_type=\"heading.default\">\n\t\t\t\t<div class=\"elementor-widget-container\">\n\t\t\t\t\t<h2 class=\"elementor-heading-title elementor-size-default\">Renault 4CV - Trois vid\u00e9os illustratives sur le mod\u00e8le (anglais\/fran\u00e7ais) :<\/h2>\t\t\t\t<\/div>\n\t\t\t\t<\/div>\n\t\t\t\t\t<\/div>\n\t\t<\/div>\n\t\t\t\t\t<\/div>\n\t\t<\/section>\n\t\t\t\t<section data-particle_enable=\"false\" data-particle-mobile-disabled=\"false\" class=\"elementor-section elementor-top-section elementor-element elementor-element-944de0c elementor-section-boxed elementor-section-height-default elementor-section-height-default\" data-id=\"944de0c\" data-element_type=\"section\" data-e-type=\"section\">\n\t\t\t\t\t\t<div class=\"elementor-container elementor-column-gap-default\">\n\t\t\t\t\t<div class=\"elementor-column elementor-col-33 elementor-top-column elementor-element elementor-element-bf3ba96\" data-id=\"bf3ba96\" data-element_type=\"column\" data-e-type=\"column\">\n\t\t\t<div class=\"elementor-widget-wrap elementor-element-populated\">\n\t\t\t\t\t\t<div class=\"elementor-element elementor-element-1c148e1 elementor-widget elementor-widget-video\" data-id=\"1c148e1\" data-element_type=\"widget\" data-e-type=\"widget\" data-settings=\"{&quot;youtube_url&quot;:&quot;https:\\\/\\\/www.youtube.com\\\/watch?v=mP9ZJPniUuQ&quot;,&quot;video_type&quot;:&quot;youtube&quot;,&quot;controls&quot;:&quot;yes&quot;}\" data-widget_type=\"video.default\">\n\t\t\t\t<div class=\"elementor-widget-container\">\n\t\t\t\t\t\t\t<div class=\"elementor-wrapper elementor-open-inline\">\n\t\t\t<div class=\"elementor-video\"><\/div>\t\t<\/div>\n\t\t\t\t\t\t<\/div>\n\t\t\t\t<\/div>\n\t\t\t\t\t<\/div>\n\t\t<\/div>\n\t\t\t\t<div class=\"elementor-column elementor-col-33 elementor-top-column elementor-element elementor-element-230305e\" data-id=\"230305e\" data-element_type=\"column\" data-e-type=\"column\">\n\t\t\t<div class=\"elementor-widget-wrap elementor-element-populated\">\n\t\t\t\t\t\t<div class=\"elementor-element elementor-element-a8eab2b elementor-widget elementor-widget-video\" data-id=\"a8eab2b\" data-element_type=\"widget\" data-e-type=\"widget\" data-settings=\"{&quot;youtube_url&quot;:&quot;https:\\\/\\\/www.youtube.com\\\/watch?v=zUTjDIIn9TY&quot;,&quot;video_type&quot;:&quot;youtube&quot;,&quot;controls&quot;:&quot;yes&quot;}\" data-widget_type=\"video.default\">\n\t\t\t\t<div class=\"elementor-widget-container\">\n\t\t\t\t\t\t\t<div class=\"elementor-wrapper elementor-open-inline\">\n\t\t\t<div class=\"elementor-video\"><\/div>\t\t<\/div>\n\t\t\t\t\t\t<\/div>\n\t\t\t\t<\/div>\n\t\t\t\t\t<\/div>\n\t\t<\/div>\n\t\t\t\t<div class=\"elementor-column elementor-col-33 elementor-top-column elementor-element elementor-element-5a33748\" data-id=\"5a33748\" data-element_type=\"column\" data-e-type=\"column\">\n\t\t\t<div class=\"elementor-widget-wrap elementor-element-populated\">\n\t\t\t\t\t\t<div class=\"elementor-element elementor-element-73913e0 elementor-widget elementor-widget-video\" data-id=\"73913e0\" data-element_type=\"widget\" data-e-type=\"widget\" data-settings=\"{&quot;youtube_url&quot;:&quot;https:\\\/\\\/www.youtube.com\\\/watch?v=hv-4czYRT0Y&quot;,&quot;video_type&quot;:&quot;youtube&quot;,&quot;controls&quot;:&quot;yes&quot;}\" data-widget_type=\"video.default\">\n\t\t\t\t<div class=\"elementor-widget-container\">\n\t\t\t\t\t\t\t<div class=\"elementor-wrapper elementor-open-inline\">\n\t\t\t<div class=\"elementor-video\"><\/div>\t\t<\/div>\n\t\t\t\t\t\t<\/div>\n\t\t\t\t<\/div>\n\t\t\t\t\t<\/div>\n\t\t<\/div>\n\t\t\t\t\t<\/div>\n\t\t<\/section>\n\t\t\t\t<section data-particle_enable=\"false\" data-particle-mobile-disabled=\"false\" class=\"elementor-section elementor-top-section elementor-element elementor-element-14ee191 elementor-section-boxed elementor-section-height-default elementor-section-height-default\" data-id=\"14ee191\" data-element_type=\"section\" data-e-type=\"section\">\n\t\t\t\t\t\t<div class=\"elementor-container elementor-column-gap-default\">\n\t\t\t\t\t<div class=\"elementor-column elementor-col-100 elementor-top-column elementor-element elementor-element-82f2cc2\" data-id=\"82f2cc2\" data-element_type=\"column\" data-e-type=\"column\">\n\t\t\t<div class=\"elementor-widget-wrap elementor-element-populated\">\n\t\t\t\t\t\t<div class=\"elementor-element elementor-element-11c6b90 elementor-widget-divider--view-line elementor-widget elementor-widget-divider\" data-id=\"11c6b90\" data-element_type=\"widget\" data-e-type=\"widget\" data-widget_type=\"divider.default\">\n\t\t\t\t<div class=\"elementor-widget-container\">\n\t\t\t\t\t\t\t<div class=\"elementor-divider\">\n\t\t\t<span class=\"elementor-divider-separator\">\n\t\t\t\t\t\t<\/span>\n\t\t<\/div>\n\t\t\t\t\t\t<\/div>\n\t\t\t\t<\/div>\n\t\t\t\t\t<\/div>\n\t\t<\/div>\n\t\t\t\t\t<\/div>\n\t\t<\/section>\n\t\t\t\t<section data-particle_enable=\"false\" data-particle-mobile-disabled=\"false\" class=\"elementor-section elementor-top-section elementor-element elementor-element-81453d2 elementor-section-boxed elementor-section-height-default elementor-section-height-default\" data-id=\"81453d2\" data-element_type=\"section\" data-e-type=\"section\">\n\t\t\t\t\t\t<div class=\"elementor-container elementor-column-gap-default\">\n\t\t\t\t\t<div class=\"elementor-column elementor-col-100 elementor-top-column elementor-element elementor-element-b7cdb6c\" data-id=\"b7cdb6c\" data-element_type=\"column\" data-e-type=\"column\">\n\t\t\t<div class=\"elementor-widget-wrap elementor-element-populated\">\n\t\t\t\t\t\t<div class=\"elementor-element elementor-element-89e5c37 elementor-widget elementor-widget-text-editor\" data-id=\"89e5c37\" data-element_type=\"widget\" data-e-type=\"widget\" data-widget_type=\"text-editor.default\">\n\t\t\t\t<div class=\"elementor-widget-container\">\n\t\t\t\t\t\t\t\t\t<p>La Renault 4CV, dans toutes ses versions et variantes, a \u00e9t\u00e9 produite jusqu&#8217;en 1961. Il a \u00e9t\u00e9 produit en France, en Espagne, au Japon et en Australie, avec plus d&#8217;un million d&#8217;unit\u00e9s produites en France.<\/p>\n\t\t\t\t\t\t\t\t<\/div>\n\t\t\t\t<\/div>\n\t\t\t\t\t<\/div>\n\t\t<\/div>\n\t\t\t\t\t<\/div>\n\t\t<\/section>\n\t\t\t\t<section data-particle_enable=\"false\" data-particle-mobile-disabled=\"false\" class=\"elementor-section elementor-top-section elementor-element elementor-element-a6d6a72 elementor-section-boxed elementor-section-height-default elementor-section-height-default\" data-id=\"a6d6a72\" data-element_type=\"section\" data-e-type=\"section\">\n\t\t\t\t\t\t<div class=\"elementor-container elementor-column-gap-default\">\n\t\t\t\t\t<div class=\"elementor-column elementor-col-100 elementor-top-column elementor-element elementor-element-ef6a28e\" data-id=\"ef6a28e\" data-element_type=\"column\" data-e-type=\"column\">\n\t\t\t<div class=\"elementor-widget-wrap elementor-element-populated\">\n\t\t\t\t\t\t<div class=\"elementor-element elementor-element-61a04c0 elementor-widget-divider--view-line_icon elementor-view-default elementor-widget-divider--element-align-center elementor-widget elementor-widget-divider\" data-id=\"61a04c0\" data-element_type=\"widget\" data-e-type=\"widget\" data-widget_type=\"divider.default\">\n\t\t\t\t<div class=\"elementor-widget-container\">\n\t\t\t\t\t\t\t<div class=\"elementor-divider\">\n\t\t\t<span class=\"elementor-divider-separator\">\n\t\t\t\t\t\t\t<div class=\"elementor-icon elementor-divider__element\">\n\t\t\t\t\t<i aria-hidden=\"true\" class=\"fas fa-info-circle\"><\/i><\/div>\n\t\t\t\t\t\t<\/span>\n\t\t<\/div>\n\t\t\t\t\t\t<\/div>\n\t\t\t\t<\/div>\n\t\t\t\t\t<\/div>\n\t\t<\/div>\n\t\t\t\t\t<\/div>\n\t\t<\/section>\n\t\t\t\t<section data-particle_enable=\"false\" data-particle-mobile-disabled=\"false\" class=\"elementor-section elementor-top-section elementor-element elementor-element-4a42bd8 elementor-section-boxed elementor-section-height-default elementor-section-height-default\" data-id=\"4a42bd8\" data-element_type=\"section\" data-e-type=\"section\">\n\t\t\t\t\t\t<div class=\"elementor-container elementor-column-gap-default\">\n\t\t\t\t\t<div class=\"elementor-column elementor-col-100 elementor-top-column elementor-element elementor-element-62ada25\" data-id=\"62ada25\" data-element_type=\"column\" data-e-type=\"column\">\n\t\t\t<div class=\"elementor-widget-wrap elementor-element-populated\">\n\t\t\t\t\t\t<div class=\"elementor-element elementor-element-ecd2e53 elementor-widget elementor-widget-heading\" data-id=\"ecd2e53\" data-element_type=\"widget\" data-e-type=\"widget\" data-widget_type=\"heading.default\">\n\t\t\t\t<div class=\"elementor-widget-container\">\n\t\t\t\t\t<h2 class=\"elementor-heading-title elementor-size-default\">La Renault 4CV et le mythe de Ferdinand Porsche<\/h2>\t\t\t\t<\/div>\n\t\t\t\t<\/div>\n\t\t\t\t<div class=\"elementor-element elementor-element-96aa517 elementor-widget elementor-widget-text-editor\" data-id=\"96aa517\" data-element_type=\"widget\" data-e-type=\"widget\" data-widget_type=\"text-editor.default\">\n\t\t\t\t<div class=\"elementor-widget-container\">\n\t\t\t\t\t\t\t\t\t<p><img loading=\"lazy\" decoding=\"async\" class=\"aligncenter size-medium wp-image-8397\" src=\"https:\/\/www.jgclassics.com\/wp-content\/uploads\/2023\/03\/ferdinand_porsche-300x200.jpg\" alt=\"\" width=\"300\" height=\"200\" srcset=\"https:\/\/www.jgclassics.com\/wp-content\/uploads\/2023\/03\/ferdinand_porsche-300x200.jpg 300w, https:\/\/www.jgclassics.com\/wp-content\/uploads\/2023\/03\/ferdinand_porsche.jpg 694w\" sizes=\"(max-width: 300px) 100vw, 300px\" \/><\/p>\n<p>Il est relativement courant, parmi les amateurs de voitures classiques, d&#8217;entendre que la Renault 4CV a \u00e9t\u00e9 con\u00e7ue par Ferdinand Porsche. Pour une raison ou une autre, cette affirmation s&#8217;est r\u00e9pandue, mais sa v\u00e9racit\u00e9 est au moins douteuse. Comme indiqu\u00e9 dans l&#8217;excellent livre &#8220;<a href=\"https:\/\/www.libromotor.com\/libro\/fasa-renault-y-los-renault-todo-atras-fabricados-en-espana_3746\" target=\"_blank\" rel=\"noopener\">FASA RENAULT Y LOS RENAULT TODO ATR\u00c1S FABRICADOS EN ESPA\u00d1A<\/a>&#8221; de Gimeno Valledor est une voiture con\u00e7ue dans la clandestinit\u00e9 pendant l&#8217;occupation allemande de la France, et selon des r\u00e8gles strictes dict\u00e9es par les occupants allemands qui interdisaient la cr\u00e9ation de tout mod\u00e8le de v\u00e9hicule civil. Ainsi, Ferdinand Porsche, autrichien de naissance mais de nationalit\u00e9 allemande, aurait difficilement pu participer \u00e0 un projet pour le pays occup\u00e9 en contrevenant aux r\u00e8gles dict\u00e9es par les autorit\u00e9s de son propre pays.<\/p>\n<p>Il est vrai que Ferdinand Porsche a \u00e9t\u00e9 emprisonn\u00e9 en France \u00e0 la fin de la guerre, mais \u00e0 ce moment-l\u00e0, la Renault 4CV \u00e9tait pratiquement termin\u00e9e. Et il semble bien que Ferdinand Porsche ait eu quelques contacts occasionnels avec la direction de Renault, contacts qui ont eu lieu en raison des pressions politiques exerc\u00e9es sur Pierre Lefacheux (directeur de Renault \u00e0 l&#8217;\u00e9poque), et qu&#8217;on lui ait montr\u00e9 le dessin et\/ou le prototype de la voiture de Renault. Mais sa seule contribution semble avoir \u00e9t\u00e9 quelques commentaires &#8211; apparemment positifs &#8211; et pas grand-chose d&#8217;autre.<\/p>\n<p>La Renault 4CV partage l&#8217;id\u00e9e de la forme avec la Coccinelle VW con\u00e7ue par Porsche, ainsi que le concept &#8220;moteur et transmission \u00e0 l&#8217;arri\u00e8re&#8221;, mais la forme de la Renault 4CV rappelle \u00e9galement la Morris Minor (Royaume-Uni), la Bantam am\u00e9ricaine, le coup\u00e9 Willys de 1940, la Peugeot 203 de 1950, et probablement beaucoup d&#8217;autres voitures de l&#8217;\u00e9poque. Ce qui n&#8217;est pas surprenant, puisqu&#8217;il s&#8217;agissait \u00e0 l&#8217;\u00e9poque du mod\u00e8le conceptuel en termes d&#8217;optimisations a\u00e9rodynamiques pour les carrossiers.  <\/p>\n\t\t\t\t\t\t\t\t<\/div>\n\t\t\t\t<\/div>\n\t\t\t\t\t<\/div>\n\t\t<\/div>\n\t\t\t\t\t<\/div>\n\t\t<\/section>\n\t\t\t\t<section data-particle_enable=\"false\" data-particle-mobile-disabled=\"false\" class=\"elementor-section elementor-top-section elementor-element elementor-element-77ad3ca elementor-section-boxed elementor-section-height-default elementor-section-height-default\" data-id=\"77ad3ca\" data-element_type=\"section\" data-e-type=\"section\">\n\t\t\t\t\t\t<div class=\"elementor-container elementor-column-gap-default\">\n\t\t\t\t\t<div class=\"elementor-column elementor-col-100 elementor-top-column elementor-element elementor-element-e0e4da2\" data-id=\"e0e4da2\" data-element_type=\"column\" data-e-type=\"column\">\n\t\t\t<div class=\"elementor-widget-wrap elementor-element-populated\">\n\t\t\t\t\t\t<div class=\"elementor-element elementor-element-4241ba4 elementor-widget-divider--view-line elementor-widget elementor-widget-divider\" data-id=\"4241ba4\" data-element_type=\"widget\" data-e-type=\"widget\" data-widget_type=\"divider.default\">\n\t\t\t\t<div class=\"elementor-widget-container\">\n\t\t\t\t\t\t\t<div class=\"elementor-divider\">\n\t\t\t<span class=\"elementor-divider-separator\">\n\t\t\t\t\t\t<\/span>\n\t\t<\/div>\n\t\t\t\t\t\t<\/div>\n\t\t\t\t<\/div>\n\t\t\t\t\t<\/div>\n\t\t<\/div>\n\t\t\t\t\t<\/div>\n\t\t<\/section>\n\t\t\t\t<section data-particle_enable=\"false\" data-particle-mobile-disabled=\"false\" class=\"elementor-section elementor-top-section elementor-element elementor-element-661ede7 elementor-section-boxed elementor-section-height-default elementor-section-height-default\" data-id=\"661ede7\" data-element_type=\"section\" data-e-type=\"section\">\n\t\t\t\t\t\t<div class=\"elementor-container elementor-column-gap-default\">\n\t\t\t\t\t<div class=\"elementor-column elementor-col-100 elementor-top-column elementor-element elementor-element-913e8d8\" data-id=\"913e8d8\" data-element_type=\"column\" data-e-type=\"column\">\n\t\t\t<div class=\"elementor-widget-wrap elementor-element-populated\">\n\t\t\t\t\t\t<div class=\"elementor-element elementor-element-5bd15b9 elementor-widget elementor-widget-heading\" data-id=\"5bd15b9\" data-element_type=\"widget\" data-e-type=\"widget\" data-widget_type=\"heading.default\">\n\t\t\t\t<div class=\"elementor-widget-container\">\n\t\t\t\t\t<h3 class=\"elementor-heading-title elementor-size-default\"><span style=\"font-size: 23px;font-weight: 700;text-align: center;white-space: normal\">La Renault 4CV en Espagne<\/h3>\t\t\t\t<\/div>\n\t\t\t\t<\/div>\n\t\t\t\t\t<\/div>\n\t\t<\/div>\n\t\t\t\t\t<\/div>\n\t\t<\/section>\n\t\t\t\t<section data-particle_enable=\"false\" data-particle-mobile-disabled=\"false\" class=\"elementor-section elementor-top-section elementor-element elementor-element-937ac85 elementor-section-boxed elementor-section-height-default elementor-section-height-default\" data-id=\"937ac85\" data-element_type=\"section\" data-e-type=\"section\">\n\t\t\t\t\t\t<div class=\"elementor-container elementor-column-gap-default\">\n\t\t\t\t\t<div class=\"elementor-column elementor-col-100 elementor-top-column elementor-element elementor-element-32303b1\" data-id=\"32303b1\" data-element_type=\"column\" data-e-type=\"column\">\n\t\t\t<div class=\"elementor-widget-wrap elementor-element-populated\">\n\t\t\t\t\t\t<div class=\"elementor-element elementor-element-ae68741 elementor-widget elementor-widget-text-editor\" data-id=\"ae68741\" data-element_type=\"widget\" data-e-type=\"widget\" data-widget_type=\"text-editor.default\">\n\t\t\t\t<div class=\"elementor-widget-container\">\n\t\t\t\t\t\t\t\t\t<p>Elle a \u00e9t\u00e9 fabriqu\u00e9e en Espagne entre 1951 et 1961 par FASA-Spain \u00e0 l&#8217;usine de Valladolid, et \u00e9tait populairement connue sous le nom de &#8220;cuatro-cuatro&#8221;, \u00e9tant le premier mod\u00e8le de voiture produit en s\u00e9rie en Espagne (avant m\u00eame la Seat 600). Le mod\u00e8le Renault CV figure sur la liste du &#8220;Patrimonio Industrial de Espa\u00f1a&#8221;. Le nom 4-4 provient d&#8217;une publicit\u00e9 en France, qui pr\u00e9sentait 4 portes, 4 passagers, 4 chevaux fiscaux (selon la loi fran\u00e7aise de l&#8217;\u00e9poque) et 440000 francs (les anciens francs fran\u00e7ais d&#8217;avant 1960).<\/p>\n\t\t\t\t\t\t\t\t<\/div>\n\t\t\t\t<\/div>\n\t\t\t\t\t<\/div>\n\t\t<\/div>\n\t\t\t\t\t<\/div>\n\t\t<\/section>\n\t\t\t\t<section data-particle_enable=\"false\" data-particle-mobile-disabled=\"false\" class=\"elementor-section elementor-top-section elementor-element elementor-element-8752d67 elementor-section-boxed elementor-section-height-default elementor-section-height-default\" data-id=\"8752d67\" data-element_type=\"section\" data-e-type=\"section\">\n\t\t\t\t\t\t<div class=\"elementor-container elementor-column-gap-default\">\n\t\t\t\t\t<div class=\"elementor-column elementor-col-100 elementor-top-column elementor-element elementor-element-0d9af1d\" data-id=\"0d9af1d\" data-element_type=\"column\" data-e-type=\"column\">\n\t\t\t<div class=\"elementor-widget-wrap elementor-element-populated\">\n\t\t\t\t\t\t<div class=\"elementor-element elementor-element-cfea8c2 elementor-widget elementor-widget-gallery\" data-id=\"cfea8c2\" data-element_type=\"widget\" data-e-type=\"widget\" data-settings=\"{&quot;columns_mobile&quot;:2,&quot;lazyload&quot;:&quot;yes&quot;,&quot;gallery_layout&quot;:&quot;grid&quot;,&quot;columns&quot;:4,&quot;columns_tablet&quot;:2,&quot;gap&quot;:{&quot;unit&quot;:&quot;px&quot;,&quot;size&quot;:10,&quot;sizes&quot;:[]},&quot;gap_tablet&quot;:{&quot;unit&quot;:&quot;px&quot;,&quot;size&quot;:10,&quot;sizes&quot;:[]},&quot;gap_mobile&quot;:{&quot;unit&quot;:&quot;px&quot;,&quot;size&quot;:10,&quot;sizes&quot;:[]},&quot;link_to&quot;:&quot;file&quot;,&quot;aspect_ratio&quot;:&quot;3:2&quot;,&quot;overlay_background&quot;:&quot;yes&quot;,&quot;content_hover_animation&quot;:&quot;fade-in&quot;}\" data-widget_type=\"gallery.default\">\n\t\t\t\t<div class=\"elementor-widget-container\">\n\t\t\t\t\t\t\t<div class=\"elementor-gallery__container\">\n\t\t\t\t\t\t\t<a class=\"e-gallery-item elementor-gallery-item elementor-animated-content\" href=\"https:\/\/www.jgclassics.com\/wp-content\/uploads\/2023\/03\/4cv_fasa_001.jpg\" data-elementor-open-lightbox=\"yes\" data-elementor-lightbox-slideshow=\"cfea8c2\" data-elementor-lightbox-title=\"Renault 4CV. Usine FASA Espagne \u00e0 Valladolid\" data-e-action-hash=\"#elementor-action%3Aaction%3Dlightbox%26settings%3DeyJpZCI6MTMwNzksInVybCI6Imh0dHBzOlwvXC93d3cuamdjbGFzc2ljcy5jb21cL3dwLWNvbnRlbnRcL3VwbG9hZHNcLzIwMjNcLzAzXC80Y3ZfZmFzYV8wMDEuanBnIiwic2xpZGVzaG93IjoiY2ZlYThjMiJ9\">\n\t\t\t\t\t<div class=\"e-gallery-image elementor-gallery-item__image\" data-thumbnail=\"https:\/\/www.jgclassics.com\/wp-content\/uploads\/2023\/03\/4cv_fasa_001-300x180.jpg\" data-width=\"300\" data-height=\"180\" aria-label=\"Renault 4CV. Usine FASA Espagne \u00e0 Valladolid\" role=\"img\" ><\/div>\n\t\t\t\t\t\t\t\t\t\t\t<div class=\"elementor-gallery-item__overlay\"><\/div>\n\t\t\t\t\t\t\t\t\t\t\t\t\t\t<\/a>\n\t\t\t\t\t\t\t<a class=\"e-gallery-item elementor-gallery-item elementor-animated-content\" href=\"https:\/\/www.jgclassics.com\/wp-content\/uploads\/2023\/03\/4cv_fasa_002.jpg\" data-elementor-open-lightbox=\"yes\" data-elementor-lightbox-slideshow=\"cfea8c2\" data-elementor-lightbox-title=\"Renault 4CV. Usine FASA Espagne \u00e0 Valladolid\" data-e-action-hash=\"#elementor-action%3Aaction%3Dlightbox%26settings%3DeyJpZCI6MTMwNzYsInVybCI6Imh0dHBzOlwvXC93d3cuamdjbGFzc2ljcy5jb21cL3dwLWNvbnRlbnRcL3VwbG9hZHNcLzIwMjNcLzAzXC80Y3ZfZmFzYV8wMDIuanBnIiwic2xpZGVzaG93IjoiY2ZlYThjMiJ9\">\n\t\t\t\t\t<div class=\"e-gallery-image elementor-gallery-item__image\" data-thumbnail=\"https:\/\/www.jgclassics.com\/wp-content\/uploads\/2023\/03\/4cv_fasa_002-300x184.jpg\" data-width=\"300\" data-height=\"184\" aria-label=\"Renault 4CV. Usine FASA Espagne \u00e0 Valladolid\" role=\"img\" ><\/div>\n\t\t\t\t\t\t\t\t\t\t\t<div class=\"elementor-gallery-item__overlay\"><\/div>\n\t\t\t\t\t\t\t\t\t\t\t\t\t\t<\/a>\n\t\t\t\t\t\t\t<a class=\"e-gallery-item elementor-gallery-item elementor-animated-content\" href=\"https:\/\/www.jgclassics.com\/wp-content\/uploads\/2023\/03\/4cv_fasa_003.jpg\" data-elementor-open-lightbox=\"yes\" data-elementor-lightbox-slideshow=\"cfea8c2\" data-elementor-lightbox-title=\"Renault 4CV. Usine FASA Espagne \u00e0 Valladolid\" data-e-action-hash=\"#elementor-action%3Aaction%3Dlightbox%26settings%3DeyJpZCI6MTMwNzMsInVybCI6Imh0dHBzOlwvXC93d3cuamdjbGFzc2ljcy5jb21cL3dwLWNvbnRlbnRcL3VwbG9hZHNcLzIwMjNcLzAzXC80Y3ZfZmFzYV8wMDMuanBnIiwic2xpZGVzaG93IjoiY2ZlYThjMiJ9\">\n\t\t\t\t\t<div class=\"e-gallery-image elementor-gallery-item__image\" data-thumbnail=\"https:\/\/www.jgclassics.com\/wp-content\/uploads\/2023\/03\/4cv_fasa_003-300x199.jpg\" data-width=\"300\" data-height=\"199\" aria-label=\"Renault 4CV. Usine FASA Espagne \u00e0 Valladolid\" role=\"img\" ><\/div>\n\t\t\t\t\t\t\t\t\t\t\t<div class=\"elementor-gallery-item__overlay\"><\/div>\n\t\t\t\t\t\t\t\t\t\t\t\t\t\t<\/a>\n\t\t\t\t\t\t\t<a class=\"e-gallery-item elementor-gallery-item elementor-animated-content\" href=\"https:\/\/www.jgclassics.com\/wp-content\/uploads\/2023\/03\/4cv_fasa_004.jpg\" data-elementor-open-lightbox=\"yes\" data-elementor-lightbox-slideshow=\"cfea8c2\" data-elementor-lightbox-title=\"Renault 4CV. Usine FASA Espagne \u00e0 Valladolid\" data-e-action-hash=\"#elementor-action%3Aaction%3Dlightbox%26settings%3DeyJpZCI6MTMwNzAsInVybCI6Imh0dHBzOlwvXC93d3cuamdjbGFzc2ljcy5jb21cL3dwLWNvbnRlbnRcL3VwbG9hZHNcLzIwMjNcLzAzXC80Y3ZfZmFzYV8wMDQuanBnIiwic2xpZGVzaG93IjoiY2ZlYThjMiJ9\">\n\t\t\t\t\t<div class=\"e-gallery-image elementor-gallery-item__image\" data-thumbnail=\"https:\/\/www.jgclassics.com\/wp-content\/uploads\/2023\/03\/4cv_fasa_004-300x193.jpg\" data-width=\"300\" data-height=\"193\" aria-label=\"Renault 4CV. Usine FASA Espagne \u00e0 Valladolid\" role=\"img\" ><\/div>\n\t\t\t\t\t\t\t\t\t\t\t<div class=\"elementor-gallery-item__overlay\"><\/div>\n\t\t\t\t\t\t\t\t\t\t\t\t\t\t<\/a>\n\t\t\t\t\t<\/div>\n\t\t\t\t\t<\/div>\n\t\t\t\t<\/div>\n\t\t\t\t\t<\/div>\n\t\t<\/div>\n\t\t\t\t\t<\/div>\n\t\t<\/section>\n\t\t\t\t<section data-particle_enable=\"false\" data-particle-mobile-disabled=\"false\" class=\"elementor-section elementor-top-section elementor-element elementor-element-c65ac4a elementor-section-boxed elementor-section-height-default elementor-section-height-default\" data-id=\"c65ac4a\" data-element_type=\"section\" data-e-type=\"section\">\n\t\t\t\t\t\t<div class=\"elementor-container elementor-column-gap-default\">\n\t\t\t\t\t<div class=\"elementor-column elementor-col-100 elementor-top-column elementor-element elementor-element-ecd61a8\" data-id=\"ecd61a8\" data-element_type=\"column\" data-e-type=\"column\">\n\t\t\t<div class=\"elementor-widget-wrap elementor-element-populated\">\n\t\t\t\t\t\t<div class=\"elementor-element elementor-element-9020b17 elementor-widget elementor-widget-text-editor\" data-id=\"9020b17\" data-element_type=\"widget\" data-e-type=\"widget\" data-widget_type=\"text-editor.default\">\n\t\t\t\t<div class=\"elementor-widget-container\">\n\t\t\t\t\t\t\t\t\t<p>Elle a \u00e9t\u00e9 fabriqu\u00e9e en Espagne entre 1951 et 1961 par FASA-Spain \u00e0 l&#8217;usine de Valladolid, et \u00e9tait populairement connue sous le nom de &#8220;cuatro-cuatro&#8221;, \u00e9tant le premier mod\u00e8le de voiture produit en s\u00e9rie en Espagne (avant m\u00eame la Seat 600). Le mod\u00e8le Renault CV figure sur la liste du &#8220;Patrimonio Industrial de Espa\u00f1a&#8221;. Le nom 4-4 provient d&#8217;une publicit\u00e9 en France, qui pr\u00e9sentait 4 portes, 4 passagers, 4 chevaux fiscaux (selon la loi fran\u00e7aise de l&#8217;\u00e9poque) et 440000 francs. L&#8217;histoire de la production de ce mod\u00e8le d\u00e9coule en fait de la n\u00e9cessit\u00e9 pour le r\u00e9gime politique espagnol de ces ann\u00e9es d&#8217;apr\u00e8s-guerre de cr\u00e9er une autre marque de v\u00e9hicules que SEAT et Enasa, qui \u00e9taient contr\u00f4l\u00e9es par l&#8217;INI (Institut national de l&#8217;industrie) \u00e0 l&#8217;\u00e9poque. Apr\u00e8s avoir essay\u00e9 Volkswagen en Allemagne et Morris en Angleterre, sans succ\u00e8s, Renault est approch\u00e9 et Pierre Lefaucheux accueille favorablement la proposition. La nouvelle soci\u00e9t\u00e9 espagnole, d\u00e9tenue par un groupe de banques et d&#8217;entreprises, serait rebaptis\u00e9e &#8220;Fabricaci\u00f3n de Autom\u00f3viles, S.A.&#8221; et, sous le nom de FASA Espa\u00f1a, s&#8217;installerait \u00e0 Valladolid pour la production de la Renault 4CV en Espagne. L&#8217;usine a \u00e9t\u00e9 cr\u00e9\u00e9e gr\u00e2ce \u00e0 un investissement de 60 millions de pesetas \u00e0 l&#8217;\u00e9poque.<a href=\"https:\/\/www.measuringworth.com\/calculators\/spaincompare\/relativevalue-es.php\" target=\"_blank\" rel=\"noopener\">environ 160 millions d&#8217;euros \u00e0 l&#8217;IPC actuel en termes de revenu moyen du pays<\/a>En ao\u00fbt 1953, et non sans quelques difficult\u00e9s bureaucratiques et administratives, la production des premiers v\u00e9hicules a commenc\u00e9 en ao\u00fbt 1953. Quelque 26 000 unit\u00e9s ont \u00e9t\u00e9 produites \u00e0 l&#8217;usine FASA de Valladolid jusqu&#8217;\u00e0 la fin de la production en 1961.<\/p>\n\t\t\t\t\t\t\t\t<\/div>\n\t\t\t\t<\/div>\n\t\t\t\t\t<\/div>\n\t\t<\/div>\n\t\t\t\t\t<\/div>\n\t\t<\/section>\n\t\t\t\t<section data-particle_enable=\"false\" data-particle-mobile-disabled=\"false\" class=\"elementor-section elementor-top-section elementor-element elementor-element-487d57f elementor-section-boxed elementor-section-height-default elementor-section-height-default\" data-id=\"487d57f\" data-element_type=\"section\" data-e-type=\"section\">\n\t\t\t\t\t\t<div class=\"elementor-container elementor-column-gap-default\">\n\t\t\t\t\t<div class=\"elementor-column elementor-col-100 elementor-top-column elementor-element elementor-element-dcb0a89\" data-id=\"dcb0a89\" data-element_type=\"column\" data-e-type=\"column\">\n\t\t\t<div class=\"elementor-widget-wrap elementor-element-populated\">\n\t\t\t\t\t\t<div class=\"elementor-element elementor-element-7f8c16b elementor-widget elementor-widget-image\" data-id=\"7f8c16b\" data-element_type=\"widget\" data-e-type=\"widget\" data-widget_type=\"image.default\">\n\t\t\t\t<div class=\"elementor-widget-container\">\n\t\t\t\t\t\t\t\t\t\t\t\t\t\t\t\t<a href=\"https:\/\/www.jgclassics.com\/wp-content\/uploads\/2023\/03\/4cv_esquematico.jpg\" data-elementor-open-lightbox=\"yes\" data-elementor-lightbox-title=\"Renault 4CV (premi\u00e8re version). Vue \u00e9clat\u00e9e du sch\u00e9ma\" data-e-action-hash=\"#elementor-action%3Aaction%3Dlightbox%26settings%3DeyJpZCI6MTMwODIsInVybCI6Imh0dHBzOlwvXC93d3cuamdjbGFzc2ljcy5jb21cL3dwLWNvbnRlbnRcL3VwbG9hZHNcLzIwMjNcLzAzXC80Y3ZfZXNxdWVtYXRpY28uanBnIn0%3D\">\n\t\t\t\t\t\t\t<img loading=\"lazy\" decoding=\"async\" width=\"300\" height=\"225\" src=\"https:\/\/www.jgclassics.com\/wp-content\/uploads\/2023\/03\/4cv_esquematico-300x225.jpg\" class=\"attachment-medium size-medium wp-image-13082\" alt=\"Renault 4CV (premi\u00e8re version). Vue \u00e9clat\u00e9e du sch\u00e9ma\" srcset=\"https:\/\/www.jgclassics.com\/wp-content\/uploads\/2023\/03\/4cv_esquematico-300x225.jpg 300w, https:\/\/www.jgclassics.com\/wp-content\/uploads\/2023\/03\/4cv_esquematico-768x576.jpg 768w, https:\/\/www.jgclassics.com\/wp-content\/uploads\/2023\/03\/4cv_esquematico.jpg 1024w\" sizes=\"(max-width: 300px) 100vw, 300px\" \/>\t\t\t\t\t\t\t\t<\/a>\n\t\t\t\t\t\t\t\t\t\t\t\t\t\t\t<\/div>\n\t\t\t\t<\/div>\n\t\t\t\t\t<\/div>\n\t\t<\/div>\n\t\t\t\t\t<\/div>\n\t\t<\/section>\n\t\t\t\t<\/div>\n\t\t","protected":false},"excerpt":{"rendered":"<p>Espa\u00f1ol Catal\u00e0 (Catal\u00e1n) English (Ingl\u00e9s) Fran\u00e7ais (Franc\u00e9s) Partager en : Renault 4CV (Renault 4\/4) Origine : France 1958 Renault 4CV (Renault 4\/4). Notre Renault 4CV (ou 4\/4) est une unit\u00e9 immatricul\u00e9e en France en 1958 (nous ne connaissons pas la ville mais nous essayons de la d\u00e9couvrir). Il s&#8217;agit du mod\u00e8le SPORT, dont le moteur [&hellip;]<\/p>\n","protected":false},"author":2,"featured_media":13121,"parent":15190,"menu_order":0,"comment_status":"closed","ping_status":"closed","template":"","meta":{"_monsterinsights_skip_tracking":false,"_monsterinsights_sitenote_active":false,"_monsterinsights_sitenote_note":"","_monsterinsights_sitenote_category":0,"site-sidebar-layout":"no-sidebar","site-content-layout":"page-builder","ast-site-content-layout":"default","site-content-style":"default","site-sidebar-style":"default","ast-global-header-display":"","ast-banner-title-visibility":"","ast-main-header-display":"","ast-hfb-above-header-display":"","ast-hfb-below-header-display":"","ast-hfb-mobile-header-display":"","site-post-title":"disabled","ast-breadcrumbs-content":"","ast-featured-img":"disabled","footer-sml-layout":"","ast-disable-related-posts":"","theme-transparent-header-meta":"","adv-header-id-meta":"","stick-header-meta":"","header-above-stick-meta":"","header-main-stick-meta":"","header-below-stick-meta":"","astra-migrate-meta-layouts":"default","ast-page-background-enabled":"default","ast-page-background-meta":{"desktop":{"background-color":"var(--ast-global-color-4)","background-image":"","background-repeat":"repeat","background-position":"center center","background-size":"auto","background-attachment":"scroll","background-type":"","background-media":"","overlay-type":"","overlay-color":"","overlay-opacity":"","overlay-gradient":""},"tablet":{"background-color":"","background-image":"","background-repeat":"repeat","background-position":"center center","background-size":"auto","background-attachment":"scroll","background-type":"","background-media":"","overlay-type":"","overlay-color":"","overlay-opacity":"","overlay-gradient":""},"mobile":{"background-color":"","background-image":"","background-repeat":"repeat","background-position":"center center","background-size":"auto","background-attachment":"scroll","background-type":"","background-media":"","overlay-type":"","overlay-color":"","overlay-opacity":"","overlay-gradient":""}},"ast-content-background-meta":{"desktop":{"background-color":"var(--ast-global-color-5)","background-image":"","background-repeat":"repeat","background-position":"center center","background-size":"auto","background-attachment":"scroll","background-type":"","background-media":"","overlay-type":"","overlay-color":"","overlay-opacity":"","overlay-gradient":""},"tablet":{"background-color":"var(--ast-global-color-5)","background-image":"","background-repeat":"repeat","background-position":"center center","background-size":"auto","background-attachment":"scroll","background-type":"","background-media":"","overlay-type":"","overlay-color":"","overlay-opacity":"","overlay-gradient":""},"mobile":{"background-color":"var(--ast-global-color-5)","background-image":"","background-repeat":"repeat","background-position":"center center","background-size":"auto","background-attachment":"scroll","background-type":"","background-media":"","overlay-type":"","overlay-color":"","overlay-opacity":"","overlay-gradient":""}},"footnotes":""},"class_list":["post-15239","page","type-page","status-publish","has-post-thumbnail","hentry"],"yoast_head":"<!-- This site is optimized with the Yoast SEO Premium plugin v27.4 (Yoast SEO v27.4) - https:\/\/yoast.com\/product\/yoast-seo-premium-wordpress\/ -->\n<title>Renault 4CV - JG Classics : L&#039;\u00e9motion du voyage dans le temps<\/title>\n<meta name=\"description\" content=\"JG Classics : Renault 4CV (Renault 4\/4). Disponible pour la location, les s\u00e9ances photo et les tournages (r\u00e9gion de Barcelone). Unit\u00e9 fran\u00e7aise enregistr\u00e9e en 1958. Import\u00e9 en Espagne en 2002. De couleur rouge bordeaux, il a \u00e9t\u00e9 enti\u00e8rement restaur\u00e9.\" \/>\n<meta name=\"robots\" content=\"index, follow, max-snippet:-1, max-image-preview:large, max-video-preview:-1\" \/>\n<link rel=\"canonical\" href=\"https:\/\/www.jgclassics.com\/fr\/nos-vehicules\/renault-4cv\/\" \/>\n<meta property=\"og:locale\" content=\"fr_FR\" \/>\n<meta property=\"og:type\" content=\"article\" \/>\n<meta property=\"og:title\" content=\"Renault 4CV\" \/>\n<meta property=\"og:description\" content=\"JG Classics : Renault 4CV (Renault 4\/4). Disponible pour la location, les s\u00e9ances photo et les tournages (r\u00e9gion de Barcelone). Unit\u00e9 fran\u00e7aise enregistr\u00e9e en 1958. Import\u00e9 en Espagne en 2002. De couleur rouge bordeaux, il a \u00e9t\u00e9 enti\u00e8rement restaur\u00e9.\" \/>\n<meta property=\"og:url\" content=\"https:\/\/www.jgclassics.com\/fr\/nos-vehicules\/renault-4cv\/\" \/>\n<meta property=\"og:site_name\" content=\"JG Classics : L&#039;\u00e9motion du voyage dans le temps\" \/>\n<meta property=\"article:publisher\" content=\"https:\/\/www.facebook.com\/profile.php?id=100086454427345\" \/>\n<meta property=\"article:modified_time\" content=\"2023-10-22T07:30:31+00:00\" \/>\n<meta property=\"og:image\" content=\"https:\/\/www.jgclassics.com\/wp-content\/uploads\/2023\/03\/fb_r4cv_20230305_132725-1024x682.jpg\" \/>\n<meta name=\"twitter:card\" content=\"summary_large_image\" \/>\n<meta name=\"twitter:image\" content=\"https:\/\/www.jgclassics.com\/wp-content\/uploads\/2023\/03\/fb_r4cv_20230305_132725-1024x682.jpg\" \/>\n<meta name=\"twitter:label1\" content=\"Dur\u00e9e de lecture estim\u00e9e\" \/>\n\t<meta name=\"twitter:data1\" content=\"15 minutes\" \/>\n<script type=\"application\/ld+json\" class=\"yoast-schema-graph\">{\"@context\":\"https:\\\/\\\/schema.org\",\"@graph\":[{\"@type\":\"WebPage\",\"@id\":\"https:\\\/\\\/www.jgclassics.com\\\/fr\\\/nos-vehicules\\\/renault-4cv\\\/\",\"url\":\"https:\\\/\\\/www.jgclassics.com\\\/fr\\\/nos-vehicules\\\/renault-4cv\\\/\",\"name\":\"Renault 4CV - JG Classics : L'\u00e9motion du voyage dans le temps\",\"isPartOf\":{\"@id\":\"https:\\\/\\\/www.jgclassics.com\\\/fr\\\/#website\"},\"primaryImageOfPage\":{\"@id\":\"https:\\\/\\\/www.jgclassics.com\\\/fr\\\/nos-vehicules\\\/renault-4cv\\\/#primaryimage\"},\"image\":{\"@id\":\"https:\\\/\\\/www.jgclassics.com\\\/fr\\\/nos-vehicules\\\/renault-4cv\\\/#primaryimage\"},\"thumbnailUrl\":\"https:\\\/\\\/www.jgclassics.com\\\/wp-content\\\/uploads\\\/2023\\\/03\\\/fb_r4cv_20230305_132725-scaled.jpg\",\"datePublished\":\"2022-11-29T01:13:17+00:00\",\"dateModified\":\"2023-10-22T07:30:31+00:00\",\"description\":\"JG Classics : Renault 4CV (Renault 4\\\/4). Disponible pour la location, les s\u00e9ances photo et les tournages (r\u00e9gion de Barcelone). Unit\u00e9 fran\u00e7aise enregistr\u00e9e en 1958. Import\u00e9 en Espagne en 2002. De couleur rouge bordeaux, il a \u00e9t\u00e9 enti\u00e8rement restaur\u00e9.\",\"breadcrumb\":{\"@id\":\"https:\\\/\\\/www.jgclassics.com\\\/fr\\\/nos-vehicules\\\/renault-4cv\\\/#breadcrumb\"},\"inLanguage\":\"fr-FR\",\"potentialAction\":[{\"@type\":\"ReadAction\",\"target\":[\"https:\\\/\\\/www.jgclassics.com\\\/fr\\\/nos-vehicules\\\/renault-4cv\\\/\"]}]},{\"@type\":\"ImageObject\",\"inLanguage\":\"fr-FR\",\"@id\":\"https:\\\/\\\/www.jgclassics.com\\\/fr\\\/nos-vehicules\\\/renault-4cv\\\/#primaryimage\",\"url\":\"https:\\\/\\\/www.jgclassics.com\\\/wp-content\\\/uploads\\\/2023\\\/03\\\/fb_r4cv_20230305_132725-scaled.jpg\",\"contentUrl\":\"https:\\\/\\\/www.jgclassics.com\\\/wp-content\\\/uploads\\\/2023\\\/03\\\/fb_r4cv_20230305_132725-scaled.jpg\",\"width\":2560,\"height\":1705},{\"@type\":\"BreadcrumbList\",\"@id\":\"https:\\\/\\\/www.jgclassics.com\\\/fr\\\/nos-vehicules\\\/renault-4cv\\\/#breadcrumb\",\"itemListElement\":[{\"@type\":\"ListItem\",\"position\":1,\"name\":\"Inicio\",\"item\":\"https:\\\/\\\/www.jgclassics.com\\\/fr\\\/jg-classics-des-voitures-classiques-et-historiques-pour-voyager-dans-le-temps\\\/\"},{\"@type\":\"ListItem\",\"position\":2,\"name\":\"Nos v\u00e9hicules\",\"item\":\"https:\\\/\\\/www.jgclassics.com\\\/fr\\\/nos-vehicules\\\/\"},{\"@type\":\"ListItem\",\"position\":3,\"name\":\"Renault 4CV\"}]},{\"@type\":\"WebSite\",\"@id\":\"https:\\\/\\\/www.jgclassics.com\\\/fr\\\/#website\",\"url\":\"https:\\\/\\\/www.jgclassics.com\\\/fr\\\/\",\"name\":\"JG Classics : L'\u00e9motion du voyage dans le temps\",\"description\":\"Voitures anciennes, voitures historiques : Location, accompagnement aux restaurations, informations techniques et achat de mat\u00e9riel\",\"publisher\":{\"@id\":\"https:\\\/\\\/www.jgclassics.com\\\/fr\\\/#organization\"},\"alternateName\":\"JG Classics - Coches cl\u00e1sicos e hist\u00f3ricos - Alquiler, blogs, informaci\u00f3n, art\u00edculos\",\"potentialAction\":[{\"@type\":\"SearchAction\",\"target\":{\"@type\":\"EntryPoint\",\"urlTemplate\":\"https:\\\/\\\/www.jgclassics.com\\\/fr\\\/?s={search_term_string}\"},\"query-input\":{\"@type\":\"PropertyValueSpecification\",\"valueRequired\":true,\"valueName\":\"search_term_string\"}}],\"inLanguage\":\"fr-FR\"},{\"@type\":\"Organization\",\"@id\":\"https:\\\/\\\/www.jgclassics.com\\\/fr\\\/#organization\",\"name\":\"JG Classics : L'\u00e9motion du voyage dans le temps\",\"alternateName\":\"JG Classics\",\"url\":\"https:\\\/\\\/www.jgclassics.com\\\/fr\\\/\",\"logo\":{\"@type\":\"ImageObject\",\"inLanguage\":\"fr-FR\",\"@id\":\"https:\\\/\\\/www.jgclassics.com\\\/fr\\\/#\\\/schema\\\/logo\\\/image\\\/\",\"url\":\"https:\\\/\\\/www.jgclassics.com\\\/wp-content\\\/uploads\\\/2022\\\/10\\\/Color-logo-with-background.svg\",\"contentUrl\":\"https:\\\/\\\/www.jgclassics.com\\\/wp-content\\\/uploads\\\/2022\\\/10\\\/Color-logo-with-background.svg\",\"width\":3171,\"height\":2303,\"caption\":\"JG Classics : L'\u00e9motion du voyage dans le temps\"},\"image\":{\"@id\":\"https:\\\/\\\/www.jgclassics.com\\\/fr\\\/#\\\/schema\\\/logo\\\/image\\\/\"},\"sameAs\":[\"https:\\\/\\\/www.facebook.com\\\/profile.php?id=100086454427345\"]}]}<\/script>\n<!-- \/ Yoast SEO Premium plugin. -->","yoast_head_json":{"title":"Renault 4CV - JG Classics : L'\u00e9motion du voyage dans le temps","description":"JG Classics : Renault 4CV (Renault 4\/4). Disponible pour la location, les s\u00e9ances photo et les tournages (r\u00e9gion de Barcelone). Unit\u00e9 fran\u00e7aise enregistr\u00e9e en 1958. Import\u00e9 en Espagne en 2002. De couleur rouge bordeaux, il a \u00e9t\u00e9 enti\u00e8rement restaur\u00e9.","robots":{"index":"index","follow":"follow","max-snippet":"max-snippet:-1","max-image-preview":"max-image-preview:large","max-video-preview":"max-video-preview:-1"},"canonical":"https:\/\/www.jgclassics.com\/fr\/nos-vehicules\/renault-4cv\/","og_locale":"fr_FR","og_type":"article","og_title":"Renault 4CV","og_description":"JG Classics : Renault 4CV (Renault 4\/4). Disponible pour la location, les s\u00e9ances photo et les tournages (r\u00e9gion de Barcelone). Unit\u00e9 fran\u00e7aise enregistr\u00e9e en 1958. Import\u00e9 en Espagne en 2002. De couleur rouge bordeaux, il a \u00e9t\u00e9 enti\u00e8rement restaur\u00e9.","og_url":"https:\/\/www.jgclassics.com\/fr\/nos-vehicules\/renault-4cv\/","og_site_name":"JG Classics : L'\u00e9motion du voyage dans le temps","article_publisher":"https:\/\/www.facebook.com\/profile.php?id=100086454427345","article_modified_time":"2023-10-22T07:30:31+00:00","og_image":[{"url":"https:\/\/www.jgclassics.com\/wp-content\/uploads\/2023\/03\/fb_r4cv_20230305_132725-1024x682.jpg","type":"","width":"","height":""}],"twitter_card":"summary_large_image","twitter_image":"https:\/\/www.jgclassics.com\/wp-content\/uploads\/2023\/03\/fb_r4cv_20230305_132725-1024x682.jpg","twitter_misc":{"Dur\u00e9e de lecture estim\u00e9e":"15 minutes"},"schema":{"@context":"https:\/\/schema.org","@graph":[{"@type":"WebPage","@id":"https:\/\/www.jgclassics.com\/fr\/nos-vehicules\/renault-4cv\/","url":"https:\/\/www.jgclassics.com\/fr\/nos-vehicules\/renault-4cv\/","name":"Renault 4CV - JG Classics : L'\u00e9motion du voyage dans le temps","isPartOf":{"@id":"https:\/\/www.jgclassics.com\/fr\/#website"},"primaryImageOfPage":{"@id":"https:\/\/www.jgclassics.com\/fr\/nos-vehicules\/renault-4cv\/#primaryimage"},"image":{"@id":"https:\/\/www.jgclassics.com\/fr\/nos-vehicules\/renault-4cv\/#primaryimage"},"thumbnailUrl":"https:\/\/www.jgclassics.com\/wp-content\/uploads\/2023\/03\/fb_r4cv_20230305_132725-scaled.jpg","datePublished":"2022-11-29T01:13:17+00:00","dateModified":"2023-10-22T07:30:31+00:00","description":"JG Classics : Renault 4CV (Renault 4\/4). Disponible pour la location, les s\u00e9ances photo et les tournages (r\u00e9gion de Barcelone). Unit\u00e9 fran\u00e7aise enregistr\u00e9e en 1958. Import\u00e9 en Espagne en 2002. De couleur rouge bordeaux, il a \u00e9t\u00e9 enti\u00e8rement restaur\u00e9.","breadcrumb":{"@id":"https:\/\/www.jgclassics.com\/fr\/nos-vehicules\/renault-4cv\/#breadcrumb"},"inLanguage":"fr-FR","potentialAction":[{"@type":"ReadAction","target":["https:\/\/www.jgclassics.com\/fr\/nos-vehicules\/renault-4cv\/"]}]},{"@type":"ImageObject","inLanguage":"fr-FR","@id":"https:\/\/www.jgclassics.com\/fr\/nos-vehicules\/renault-4cv\/#primaryimage","url":"https:\/\/www.jgclassics.com\/wp-content\/uploads\/2023\/03\/fb_r4cv_20230305_132725-scaled.jpg","contentUrl":"https:\/\/www.jgclassics.com\/wp-content\/uploads\/2023\/03\/fb_r4cv_20230305_132725-scaled.jpg","width":2560,"height":1705},{"@type":"BreadcrumbList","@id":"https:\/\/www.jgclassics.com\/fr\/nos-vehicules\/renault-4cv\/#breadcrumb","itemListElement":[{"@type":"ListItem","position":1,"name":"Inicio","item":"https:\/\/www.jgclassics.com\/fr\/jg-classics-des-voitures-classiques-et-historiques-pour-voyager-dans-le-temps\/"},{"@type":"ListItem","position":2,"name":"Nos v\u00e9hicules","item":"https:\/\/www.jgclassics.com\/fr\/nos-vehicules\/"},{"@type":"ListItem","position":3,"name":"Renault 4CV"}]},{"@type":"WebSite","@id":"https:\/\/www.jgclassics.com\/fr\/#website","url":"https:\/\/www.jgclassics.com\/fr\/","name":"JG Classics : L'\u00e9motion du voyage dans le temps","description":"Voitures anciennes, voitures historiques : Location, accompagnement aux restaurations, informations techniques et achat de mat\u00e9riel","publisher":{"@id":"https:\/\/www.jgclassics.com\/fr\/#organization"},"alternateName":"JG Classics - Coches cl\u00e1sicos e hist\u00f3ricos - Alquiler, blogs, informaci\u00f3n, art\u00edculos","potentialAction":[{"@type":"SearchAction","target":{"@type":"EntryPoint","urlTemplate":"https:\/\/www.jgclassics.com\/fr\/?s={search_term_string}"},"query-input":{"@type":"PropertyValueSpecification","valueRequired":true,"valueName":"search_term_string"}}],"inLanguage":"fr-FR"},{"@type":"Organization","@id":"https:\/\/www.jgclassics.com\/fr\/#organization","name":"JG Classics : L'\u00e9motion du voyage dans le temps","alternateName":"JG Classics","url":"https:\/\/www.jgclassics.com\/fr\/","logo":{"@type":"ImageObject","inLanguage":"fr-FR","@id":"https:\/\/www.jgclassics.com\/fr\/#\/schema\/logo\/image\/","url":"https:\/\/www.jgclassics.com\/wp-content\/uploads\/2022\/10\/Color-logo-with-background.svg","contentUrl":"https:\/\/www.jgclassics.com\/wp-content\/uploads\/2022\/10\/Color-logo-with-background.svg","width":3171,"height":2303,"caption":"JG Classics : L'\u00e9motion du voyage dans le temps"},"image":{"@id":"https:\/\/www.jgclassics.com\/fr\/#\/schema\/logo\/image\/"},"sameAs":["https:\/\/www.facebook.com\/profile.php?id=100086454427345"]}]}},"_links":{"self":[{"href":"https:\/\/www.jgclassics.com\/fr\/wp-json\/wp\/v2\/pages\/15239","targetHints":{"allow":["GET"]}}],"collection":[{"href":"https:\/\/www.jgclassics.com\/fr\/wp-json\/wp\/v2\/pages"}],"about":[{"href":"https:\/\/www.jgclassics.com\/fr\/wp-json\/wp\/v2\/types\/page"}],"author":[{"embeddable":true,"href":"https:\/\/www.jgclassics.com\/fr\/wp-json\/wp\/v2\/users\/2"}],"replies":[{"embeddable":true,"href":"https:\/\/www.jgclassics.com\/fr\/wp-json\/wp\/v2\/comments?post=15239"}],"version-history":[{"count":2,"href":"https:\/\/www.jgclassics.com\/fr\/wp-json\/wp\/v2\/pages\/15239\/revisions"}],"predecessor-version":[{"id":18774,"href":"https:\/\/www.jgclassics.com\/fr\/wp-json\/wp\/v2\/pages\/15239\/revisions\/18774"}],"up":[{"embeddable":true,"href":"https:\/\/www.jgclassics.com\/fr\/wp-json\/wp\/v2\/pages\/15190"}],"wp:featuredmedia":[{"embeddable":true,"href":"https:\/\/www.jgclassics.com\/fr\/wp-json\/wp\/v2\/media\/13121"}],"wp:attachment":[{"href":"https:\/\/www.jgclassics.com\/fr\/wp-json\/wp\/v2\/media?parent=15239"}],"curies":[{"name":"wp","href":"https:\/\/api.w.org\/{rel}","templated":true}]}}