{"id":23133,"date":"2025-10-26T09:35:14","date_gmt":"2025-10-26T08:35:14","guid":{"rendered":"https:\/\/www.jgclassics.com\/nos-vehicules\/vw-karmann-ghia\/"},"modified":"2025-11-10T15:29:48","modified_gmt":"2025-11-10T14:29:48","slug":"vw-karmann-ghia","status":"publish","type":"page","link":"https:\/\/www.jgclassics.com\/fr\/nos-vehicules\/vw-karmann-ghia\/","title":{"rendered":"VW Karmann Ghia"},"content":{"rendered":"\t\t<div data-elementor-type=\"wp-page\" data-elementor-id=\"23133\" class=\"elementor elementor-23133 elementor-22805\" data-elementor-post-type=\"page\">\n\t\t\t\t\t\t<section data-particle_enable=\"false\" data-particle-mobile-disabled=\"false\" class=\"elementor-section elementor-top-section elementor-element elementor-element-8092f8f elementor-section-boxed elementor-section-height-default elementor-section-height-default\" data-id=\"8092f8f\" data-element_type=\"section\" data-e-type=\"section\">\n\t\t\t\t\t\t<div class=\"elementor-container elementor-column-gap-default\">\n\t\t\t\t\t<div class=\"elementor-column elementor-col-100 elementor-top-column elementor-element elementor-element-1cba071\" data-id=\"1cba071\" data-element_type=\"column\" data-e-type=\"column\">\n\t\t\t<div class=\"elementor-widget-wrap elementor-element-populated\">\n\t\t\t\t\t\t<div class=\"elementor-element elementor-element-575ee4f elementor-widget elementor-widget-breadcrumbs\" data-id=\"575ee4f\" data-element_type=\"widget\" data-e-type=\"widget\" data-widget_type=\"breadcrumbs.default\">\n\t\t\t\t<div class=\"elementor-widget-container\">\n\t\t\t\t\t<p id=\"breadcrumbs\"><span><span><a href=\"https:\/\/www.jgclassics.com\/fr\/jg-classics-des-voitures-classiques-et-historiques-pour-voyager-dans-le-temps\/\">Inicio<\/a><\/span><\/span><\/p>\t\t\t\t<\/div>\n\t\t\t\t<\/div>\n\t\t\t\t\t<\/div>\n\t\t<\/div>\n\t\t\t\t\t<\/div>\n\t\t<\/section>\n\t\t\t\t<section data-particle_enable=\"false\" data-particle-mobile-disabled=\"false\" class=\"elementor-section elementor-top-section elementor-element elementor-element-a40b5a4 elementor-section-boxed elementor-section-height-default elementor-section-height-default\" data-id=\"a40b5a4\" data-element_type=\"section\" data-e-type=\"section\">\n\t\t\t\t\t\t<div class=\"elementor-container elementor-column-gap-default\">\n\t\t\t\t\t<div class=\"elementor-column elementor-col-100 elementor-top-column elementor-element elementor-element-376038e\" data-id=\"376038e\" data-element_type=\"column\" data-e-type=\"column\">\n\t\t\t<div class=\"elementor-widget-wrap elementor-element-populated\">\n\t\t\t\t\t\t<div class=\"elementor-element elementor-element-9f72141 elementor-widget elementor-widget-wpml-language-switcher\" data-id=\"9f72141\" data-element_type=\"widget\" data-e-type=\"widget\" data-widget_type=\"wpml-language-switcher.default\">\n\t\t\t\t<div class=\"elementor-widget-container\">\n\t\t\t\t\t<div class=\"wpml-elementor-ls\">\n<div role=\"navigation\" aria-label=\"S\u00e9lecteur de langue\" class=\"wpml-ls-statics-shortcode_actions wpml-ls wpml-ls-legacy-list-horizontal\">\n\t<ul><li class=\"wpml-ls-slot-shortcode_actions wpml-ls-item wpml-ls-item-es wpml-ls-first-item wpml-ls-item-legacy-list-horizontal\">\n\t\t\t\t<a href=\"https:\/\/www.jgclassics.com\/\" hreflang=\"es\" lang=\"es\" class=\"wpml-ls-link\" aria-label=\"Passer \u00e0 Espagnol (Espa\u00f1ol)\" title=\"Passer \u00e0 Espagnol (Espa\u00f1ol)\">\n\t\t\t\t\t                                    <img decoding=\"async\"\n            class=\"wpml-ls-flag\"\n            src=\"https:\/\/www.jgclassics.com\/wp-content\/plugins\/sitepress-multilingual-cms\/res\/flags\/es.svg\"\n            alt=\"\"\n            loading=\"lazy\"\n            width=18\n            height=12\n    \/><span class=\"wpml-ls-native\">Espa\u00f1ol<\/span><span class=\"wpml-ls-display\"><span class=\"wpml-ls-bracket\"> (<\/span>Espagnol<span class=\"wpml-ls-bracket\">)<\/span><\/span><\/a>\n\t\t\t<\/li><li class=\"wpml-ls-slot-shortcode_actions wpml-ls-item wpml-ls-item-ca wpml-ls-item-legacy-list-horizontal\">\n\t\t\t\t<a href=\"https:\/\/www.jgclassics.com\/ca\/\" hreflang=\"ca\" lang=\"ca\" class=\"wpml-ls-link\" aria-label=\"Passer \u00e0 Catalan (Catal\u00e0)\" title=\"Passer \u00e0 Catalan (Catal\u00e0)\">\n\t\t\t\t\t                                    <img decoding=\"async\"\n            class=\"wpml-ls-flag\"\n            src=\"https:\/\/www.jgclassics.com\/wp-content\/plugins\/sitepress-multilingual-cms\/res\/flags\/ca.svg\"\n            alt=\"\"\n            loading=\"lazy\"\n            width=18\n            height=12\n    \/><span class=\"wpml-ls-native\">Catal\u00e0<\/span><span class=\"wpml-ls-display\"><span class=\"wpml-ls-bracket\"> (<\/span>Catalan<span class=\"wpml-ls-bracket\">)<\/span><\/span><\/a>\n\t\t\t<\/li><li class=\"wpml-ls-slot-shortcode_actions wpml-ls-item wpml-ls-item-en wpml-ls-item-legacy-list-horizontal\">\n\t\t\t\t<a href=\"https:\/\/www.jgclassics.com\/en\/\" hreflang=\"en\" lang=\"en\" class=\"wpml-ls-link\" aria-label=\"Passer \u00e0 Anglais (English)\" title=\"Passer \u00e0 Anglais (English)\">\n\t\t\t\t\t                                    <img decoding=\"async\"\n            class=\"wpml-ls-flag\"\n            src=\"https:\/\/www.jgclassics.com\/wp-content\/plugins\/sitepress-multilingual-cms\/res\/flags\/en.svg\"\n            alt=\"\"\n            loading=\"lazy\"\n            width=18\n            height=12\n    \/><span class=\"wpml-ls-native\">English<\/span><span class=\"wpml-ls-display\"><span class=\"wpml-ls-bracket\"> (<\/span>Anglais<span class=\"wpml-ls-bracket\">)<\/span><\/span><\/a>\n\t\t\t<\/li><li class=\"wpml-ls-slot-shortcode_actions wpml-ls-item wpml-ls-item-fr wpml-ls-current-language wpml-ls-last-item wpml-ls-item-legacy-list-horizontal\">\n\t\t\t\t<a href=\"https:\/\/www.jgclassics.com\/fr\/\" hreflang=\"fr\" lang=\"fr\" class=\"wpml-ls-link\" aria-current=\"page\" aria-label=\"Passer \u00e0 Fran\u00e7ais (Fran\u00e7ais)\" title=\"Passer \u00e0 Fran\u00e7ais (Fran\u00e7ais)\">\n\t\t\t\t\t                                    <img decoding=\"async\"\n            class=\"wpml-ls-flag\"\n            src=\"https:\/\/www.jgclassics.com\/wp-content\/plugins\/sitepress-multilingual-cms\/res\/flags\/fr.svg\"\n            alt=\"\"\n            loading=\"lazy\"\n            width=18\n            height=12\n    \/><span class=\"wpml-ls-native\">Fran\u00e7ais<\/span><\/a>\n\t\t\t<\/li><\/ul>\n<\/div>\n<\/div>\t\t\t\t<\/div>\n\t\t\t\t<\/div>\n\t\t\t\t\t<\/div>\n\t\t<\/div>\n\t\t\t\t\t<\/div>\n\t\t<\/section>\n\t\t\t\t<section data-particle_enable=\"false\" data-particle-mobile-disabled=\"false\" class=\"elementor-section elementor-top-section elementor-element elementor-element-3a7a7c1 elementor-section-boxed elementor-section-height-default elementor-section-height-default\" data-id=\"3a7a7c1\" data-element_type=\"section\" data-e-type=\"section\">\n\t\t\t\t\t\t<div class=\"elementor-container elementor-column-gap-default\">\n\t\t\t\t\t<div class=\"elementor-column elementor-col-50 elementor-top-column elementor-element elementor-element-51734be\" data-id=\"51734be\" data-element_type=\"column\" data-e-type=\"column\">\n\t\t\t<div class=\"elementor-widget-wrap elementor-element-populated\">\n\t\t\t\t\t\t<div class=\"elementor-element elementor-element-f189453 elementor-widget elementor-widget-text-editor\" data-id=\"f189453\" data-element_type=\"widget\" data-e-type=\"widget\" data-widget_type=\"text-editor.default\">\n\t\t\t\t<div class=\"elementor-widget-container\">\n\t\t\t\t\t\t\t\t\t<p>Partager en :<\/p>\t\t\t\t\t\t\t\t<\/div>\n\t\t\t\t<\/div>\n\t\t\t\t\t<\/div>\n\t\t<\/div>\n\t\t\t\t<div class=\"elementor-column elementor-col-50 elementor-top-column elementor-element elementor-element-a2ac180\" data-id=\"a2ac180\" data-element_type=\"column\" data-e-type=\"column\">\n\t\t\t<div class=\"elementor-widget-wrap elementor-element-populated\">\n\t\t\t\t\t\t<div class=\"elementor-element elementor-element-03da94a elementor-share-buttons--view-icon elementor-share-buttons--skin-gradient elementor-share-buttons--shape-square elementor-grid-0 elementor-share-buttons--color-official elementor-widget elementor-widget-share-buttons\" data-id=\"03da94a\" data-element_type=\"widget\" data-e-type=\"widget\" data-widget_type=\"share-buttons.default\">\n\t\t\t\t<div class=\"elementor-widget-container\">\n\t\t\t\t\t\t\t<div class=\"elementor-grid\" role=\"list\">\n\t\t\t\t\t\t\t\t<div class=\"elementor-grid-item\" role=\"listitem\">\n\t\t\t\t\t\t<div class=\"elementor-share-btn elementor-share-btn_facebook\" role=\"button\" tabindex=\"0\" aria-label=\"Partager sur facebook\">\n\t\t\t\t\t\t\t\t\t\t\t\t\t\t\t<span class=\"elementor-share-btn__icon\">\n\t\t\t\t\t\t\t\t<i class=\"fab fa-facebook\" aria-hidden=\"true\"><\/i>\t\t\t\t\t\t\t<\/span>\n\t\t\t\t\t\t\t\t\t\t\t\t\t\t\t\t\t\t\t\t<\/div>\n\t\t\t\t\t<\/div>\n\t\t\t\t\t\t\t\t\t<div class=\"elementor-grid-item\" role=\"listitem\">\n\t\t\t\t\t\t<div class=\"elementor-share-btn elementor-share-btn_pinterest\" role=\"button\" tabindex=\"0\" aria-label=\"Partager sur pinterest\">\n\t\t\t\t\t\t\t\t\t\t\t\t\t\t\t<span class=\"elementor-share-btn__icon\">\n\t\t\t\t\t\t\t\t<i class=\"fab fa-pinterest\" aria-hidden=\"true\"><\/i>\t\t\t\t\t\t\t<\/span>\n\t\t\t\t\t\t\t\t\t\t\t\t\t\t\t\t\t\t\t\t<\/div>\n\t\t\t\t\t<\/div>\n\t\t\t\t\t\t\t\t\t<div class=\"elementor-grid-item\" role=\"listitem\">\n\t\t\t\t\t\t<div class=\"elementor-share-btn elementor-share-btn_linkedin\" role=\"button\" tabindex=\"0\" aria-label=\"Partager sur linkedin\">\n\t\t\t\t\t\t\t\t\t\t\t\t\t\t\t<span class=\"elementor-share-btn__icon\">\n\t\t\t\t\t\t\t\t<i class=\"fab fa-linkedin\" aria-hidden=\"true\"><\/i>\t\t\t\t\t\t\t<\/span>\n\t\t\t\t\t\t\t\t\t\t\t\t\t\t\t\t\t\t\t\t<\/div>\n\t\t\t\t\t<\/div>\n\t\t\t\t\t\t\t\t\t<div class=\"elementor-grid-item\" role=\"listitem\">\n\t\t\t\t\t\t<div class=\"elementor-share-btn elementor-share-btn_whatsapp\" role=\"button\" tabindex=\"0\" aria-label=\"Partager sur whatsapp\">\n\t\t\t\t\t\t\t\t\t\t\t\t\t\t\t<span class=\"elementor-share-btn__icon\">\n\t\t\t\t\t\t\t\t<i class=\"fab fa-whatsapp\" aria-hidden=\"true\"><\/i>\t\t\t\t\t\t\t<\/span>\n\t\t\t\t\t\t\t\t\t\t\t\t\t\t\t\t\t\t\t\t<\/div>\n\t\t\t\t\t<\/div>\n\t\t\t\t\t\t\t\t\t<div class=\"elementor-grid-item\" role=\"listitem\">\n\t\t\t\t\t\t<div class=\"elementor-share-btn elementor-share-btn_email\" role=\"button\" tabindex=\"0\" aria-label=\"Partager sur email\">\n\t\t\t\t\t\t\t\t\t\t\t\t\t\t\t<span class=\"elementor-share-btn__icon\">\n\t\t\t\t\t\t\t\t<i class=\"fas fa-envelope\" aria-hidden=\"true\"><\/i>\t\t\t\t\t\t\t<\/span>\n\t\t\t\t\t\t\t\t\t\t\t\t\t\t\t\t\t\t\t\t<\/div>\n\t\t\t\t\t<\/div>\n\t\t\t\t\t\t<\/div>\n\t\t\t\t\t\t<\/div>\n\t\t\t\t<\/div>\n\t\t\t\t\t<\/div>\n\t\t<\/div>\n\t\t\t\t\t<\/div>\n\t\t<\/section>\n\t\t\t\t<section data-particle_enable=\"false\" data-particle-mobile-disabled=\"false\" class=\"elementor-section elementor-top-section elementor-element elementor-element-d1548aa elementor-section-boxed elementor-section-height-default elementor-section-height-default\" data-id=\"d1548aa\" data-element_type=\"section\" data-e-type=\"section\">\n\t\t\t\t\t\t<div class=\"elementor-container elementor-column-gap-default\">\n\t\t\t\t\t<div class=\"elementor-column elementor-col-100 elementor-top-column elementor-element elementor-element-877db54\" data-id=\"877db54\" data-element_type=\"column\" data-e-type=\"column\">\n\t\t\t<div class=\"elementor-widget-wrap elementor-element-populated\">\n\t\t\t\t\t\t<div class=\"elementor-element elementor-element-eafbe24 elementor-widget elementor-widget-heading\" data-id=\"eafbe24\" data-element_type=\"widget\" data-e-type=\"widget\" data-widget_type=\"heading.default\">\n\t\t\t\t<div class=\"elementor-widget-container\">\n\t\t\t\t\t<h1 class=\"elementor-heading-title elementor-size-default\">VW Volkswagen Karmann Ghia<\/h1>\t\t\t\t<\/div>\n\t\t\t\t<\/div>\n\t\t\t\t\t<\/div>\n\t\t<\/div>\n\t\t\t\t\t<\/div>\n\t\t<\/section>\n\t\t\t\t<section data-particle_enable=\"false\" data-particle-mobile-disabled=\"false\" class=\"elementor-section elementor-top-section elementor-element elementor-element-dc6ed9c elementor-section-boxed elementor-section-height-default elementor-section-height-default\" data-id=\"dc6ed9c\" data-element_type=\"section\" data-e-type=\"section\">\n\t\t\t\t\t\t<div class=\"elementor-container elementor-column-gap-default\">\n\t\t\t\t\t<div class=\"elementor-column elementor-col-100 elementor-top-column elementor-element elementor-element-6eb3c7a\" data-id=\"6eb3c7a\" data-element_type=\"column\" data-e-type=\"column\">\n\t\t\t<div class=\"elementor-widget-wrap elementor-element-populated\">\n\t\t\t\t\t\t<div class=\"elementor-element elementor-element-0dbc2d7 elementor-widget elementor-widget-text-editor\" data-id=\"0dbc2d7\" data-element_type=\"widget\" data-e-type=\"widget\" data-widget_type=\"text-editor.default\">\n\t\t\t\t<div class=\"elementor-widget-container\">\n\t\t\t\t\t\t\t\t\t<p>Origine : France, 1964<\/p>\t\t\t\t\t\t\t\t<\/div>\n\t\t\t\t<\/div>\n\t\t\t\t\t<\/div>\n\t\t<\/div>\n\t\t\t\t\t<\/div>\n\t\t<\/section>\n\t\t\t\t<section data-particle_enable=\"false\" data-particle-mobile-disabled=\"false\" class=\"elementor-section elementor-top-section elementor-element elementor-element-568e7b5 elementor-section-boxed elementor-section-height-default elementor-section-height-default\" data-id=\"568e7b5\" data-element_type=\"section\" data-e-type=\"section\">\n\t\t\t\t\t\t<div class=\"elementor-container elementor-column-gap-default\">\n\t\t\t\t\t<div class=\"elementor-column elementor-col-100 elementor-top-column elementor-element elementor-element-51b20a7\" data-id=\"51b20a7\" data-element_type=\"column\" data-e-type=\"column\">\n\t\t\t<div class=\"elementor-widget-wrap elementor-element-populated\">\n\t\t\t\t\t\t<div class=\"elementor-element elementor-element-81f274f elementor-widget elementor-widget-image\" data-id=\"81f274f\" data-element_type=\"widget\" data-e-type=\"widget\" data-widget_type=\"image.default\">\n\t\t\t\t<div class=\"elementor-widget-container\">\n\t\t\t\t\t\t\t\t\t\t\t\t\t\t\t<img fetchpriority=\"high\" decoding=\"async\" width=\"1024\" height=\"576\" src=\"https:\/\/www.jgclassics.com\/wp-content\/uploads\/2025\/10\/20250627_194749-1024x576.jpg\" class=\"attachment-large size-large wp-image-23071\" alt=\"VW Volkswagen Karmann Ghia 1963\" srcset=\"https:\/\/www.jgclassics.com\/wp-content\/uploads\/2025\/10\/20250627_194749-1024x576.jpg 1024w, https:\/\/www.jgclassics.com\/wp-content\/uploads\/2025\/10\/20250627_194749-300x169.jpg 300w, https:\/\/www.jgclassics.com\/wp-content\/uploads\/2025\/10\/20250627_194749-768x432.jpg 768w, https:\/\/www.jgclassics.com\/wp-content\/uploads\/2025\/10\/20250627_194749-1536x864.jpg 1536w, https:\/\/www.jgclassics.com\/wp-content\/uploads\/2025\/10\/20250627_194749-2048x1152.jpg 2048w\" sizes=\"(max-width: 1024px) 100vw, 1024px\" \/>\t\t\t\t\t\t\t\t\t\t\t\t\t\t\t<\/div>\n\t\t\t\t<\/div>\n\t\t\t\t\t<\/div>\n\t\t<\/div>\n\t\t\t\t\t<\/div>\n\t\t<\/section>\n\t\t\t\t<section data-particle_enable=\"false\" data-particle-mobile-disabled=\"false\" class=\"elementor-section elementor-top-section elementor-element elementor-element-ba4df58 elementor-section-boxed elementor-section-height-default elementor-section-height-default\" data-id=\"ba4df58\" data-element_type=\"section\" data-e-type=\"section\">\n\t\t\t\t\t\t<div class=\"elementor-container elementor-column-gap-default\">\n\t\t\t\t\t<div class=\"elementor-column elementor-col-100 elementor-top-column elementor-element elementor-element-cb42b1e\" data-id=\"cb42b1e\" data-element_type=\"column\" data-e-type=\"column\">\n\t\t\t<div class=\"elementor-widget-wrap elementor-element-populated\">\n\t\t\t\t\t\t<div class=\"elementor-element elementor-element-00eb6a3 elementor-widget elementor-widget-text-editor\" data-id=\"00eb6a3\" data-element_type=\"widget\" data-e-type=\"widget\" data-widget_type=\"text-editor.default\">\n\t\t\t\t<div class=\"elementor-widget-container\">\n\t\t\t\t\t\t\t\t\t<p>La voiture que vous voyez est notre <strong data-start=\"300\" data-end=\"327\">Volkswagen Karmann Ghia<\/strong>, une <strong data-start=\"343\" data-end=\"377\">deuxi\u00e8me s\u00e9rie, format europ\u00e9en<\/strong>, correspondant \u00e0 l&#8217;ann\u00e9e <strong data-start=\"402\" data-end=\"410\">1964<\/strong>. Ce mod\u00e8le se distingue par le maintien des <strong data-start=\"455\" data-end=\"490\">pare-chocs chrom\u00e9s d&#8217;origine<\/strong>, avec des lignes plus fines et plus \u00e9l\u00e9gantes que les versions am\u00e9ricaines ult\u00e9rieures.<\/p>\t\t\t\t\t\t\t\t<\/div>\n\t\t\t\t<\/div>\n\t\t\t\t\t<\/div>\n\t\t<\/div>\n\t\t\t\t\t<\/div>\n\t\t<\/section>\n\t\t\t\t<section data-particle_enable=\"false\" data-particle-mobile-disabled=\"false\" class=\"elementor-section elementor-top-section elementor-element elementor-element-838948e elementor-section-boxed elementor-section-height-default elementor-section-height-default\" data-id=\"838948e\" data-element_type=\"section\" data-e-type=\"section\">\n\t\t\t\t\t\t<div class=\"elementor-container elementor-column-gap-default\">\n\t\t\t\t\t<div class=\"elementor-column elementor-col-100 elementor-top-column elementor-element elementor-element-32e05dc\" data-id=\"32e05dc\" data-element_type=\"column\" data-e-type=\"column\">\n\t\t\t<div class=\"elementor-widget-wrap elementor-element-populated\">\n\t\t\t\t\t\t<div class=\"elementor-element elementor-element-70c1558 elementor-widget elementor-widget-text-editor\" data-id=\"70c1558\" data-element_type=\"widget\" data-e-type=\"widget\" data-widget_type=\"text-editor.default\">\n\t\t\t\t<div class=\"elementor-widget-container\">\n\t\t\t\t\t\t\t\t\t<p>Le Karmann Ghia repr\u00e9sente l&#8217;une des formes les plus \u00e9l\u00e9gantes et les plus raffin\u00e9es de la m\u00e9canique Volkswagen classique et, de l&#8217;avis de nombreux experts, l&#8217;un des plus beaux designs de l&#8217;histoire de l&#8217;automobile : Une esth\u00e9tique con\u00e7ue par le <strong data-start=\"2587\" data-end=\"2680\">carrossier italien Ghia, assembl\u00e9e par Karmann et anim\u00e9e par la robuste technologie de la Coccinelle<\/strong>, dans une combinaison unique d&#8217;<strong data-start=\"2710\" data-end=\"2739\">art italien et d&#8217;ing\u00e9nierie allemande<\/strong>.<\/p>\t\t\t\t\t\t\t\t<\/div>\n\t\t\t\t<\/div>\n\t\t\t\t\t<\/div>\n\t\t<\/div>\n\t\t\t\t\t<\/div>\n\t\t<\/section>\n\t\t\t\t<section data-particle_enable=\"false\" data-particle-mobile-disabled=\"false\" class=\"elementor-section elementor-top-section elementor-element elementor-element-2bda300 elementor-section-boxed elementor-section-height-default elementor-section-height-default\" data-id=\"2bda300\" data-element_type=\"section\" data-e-type=\"section\">\n\t\t\t\t\t\t<div class=\"elementor-container elementor-column-gap-default\">\n\t\t\t\t\t<div class=\"elementor-column elementor-col-50 elementor-top-column elementor-element elementor-element-ec22ced\" data-id=\"ec22ced\" data-element_type=\"column\" data-e-type=\"column\">\n\t\t\t<div class=\"elementor-widget-wrap elementor-element-populated\">\n\t\t\t\t\t\t<div class=\"elementor-element elementor-element-25310d0 elementor-widget elementor-widget-text-editor\" data-id=\"25310d0\" data-element_type=\"widget\" data-e-type=\"widget\" data-widget_type=\"text-editor.default\">\n\t\t\t\t<div class=\"elementor-widget-container\">\n\t\t\t\t\t\t\t\t\t<p>L<strong data-start=\"597\" data-end=\"621\">&#8216;origine de cet appareil est fran\u00e7aise<\/strong>, et il a \u00e9t\u00e9 <strong data-start=\"629\" data-end=\"666\">import\u00e9 en Espagne dans les ann\u00e9es 1990<\/strong>, avec probablement quelques propri\u00e9taires depuis lors. Plus r\u00e9cemment, la voiture se trouvait \u00e0 Majorque, d&#8217;o\u00f9 nous l&#8217;avons ramen\u00e9e.<\/p>\t\t\t\t\t\t\t\t<\/div>\n\t\t\t\t<\/div>\n\t\t\t\t<div class=\"elementor-element elementor-element-ec35070 elementor-widget elementor-widget-text-editor\" data-id=\"ec35070\" data-element_type=\"widget\" data-e-type=\"widget\" data-widget_type=\"text-editor.default\">\n\t\t\t\t<div class=\"elementor-widget-container\">\n\t\t\t\t\t\t\t\t\t<p>Le Karmann a fait l&#8217;objet d&#8217;une <strong data-start=\"841\" data-end=\"900\">restauration compl\u00e8te de la carrosserie, du ch\u00e2ssis et de la sellerie<\/strong> et, dans un <strong data-start=\"911\" data-end=\"938\">deuxi\u00e8me temps, du moteur<\/strong>. L&#8217;int\u00e9rieur a \u00e9t\u00e9 <strong data-start=\"960\" data-end=\"986\">refait en camel<\/strong>, une teinte qui, m\u00eame si elle n&#8217;est pas exactement celle d&#8217;origine, <strong data-start=\"1048\" data-end=\"1137\">s&#8217;harmonise parfaitement avec le vert fonc\u00e9 de la carrosserie et le noir du toit<\/strong>, ce qui lui conf\u00e8re une impression de chaleur et d&#8217;\u00e9l\u00e9gance sans rompre la coh\u00e9rence esth\u00e9tique des voitures VW \u00e0 refroidissement par air des ann\u00e9es 1960.<\/p>\t\t\t\t\t\t\t\t<\/div>\n\t\t\t\t<\/div>\n\t\t\t\t\t<\/div>\n\t\t<\/div>\n\t\t\t\t<div class=\"elementor-column elementor-col-50 elementor-top-column elementor-element elementor-element-d31f97b\" data-id=\"d31f97b\" data-element_type=\"column\" data-e-type=\"column\">\n\t\t\t<div class=\"elementor-widget-wrap elementor-element-populated\">\n\t\t\t\t\t\t<div class=\"elementor-element elementor-element-0ec0046 elementor-widget elementor-widget-image\" data-id=\"0ec0046\" data-element_type=\"widget\" data-e-type=\"widget\" data-widget_type=\"image.default\">\n\t\t\t\t<div class=\"elementor-widget-container\">\n\t\t\t\t\t\t\t\t\t\t\t\t\t\t\t<img decoding=\"async\" width=\"1024\" height=\"576\" src=\"https:\/\/www.jgclassics.com\/wp-content\/uploads\/2025\/10\/20250627_200803-1024x576.jpg\" class=\"attachment-large size-large wp-image-23072\" alt=\"VW Volkswagen Karmann Ghia 1963\" srcset=\"https:\/\/www.jgclassics.com\/wp-content\/uploads\/2025\/10\/20250627_200803-1024x576.jpg 1024w, https:\/\/www.jgclassics.com\/wp-content\/uploads\/2025\/10\/20250627_200803-300x169.jpg 300w, https:\/\/www.jgclassics.com\/wp-content\/uploads\/2025\/10\/20250627_200803-768x432.jpg 768w, https:\/\/www.jgclassics.com\/wp-content\/uploads\/2025\/10\/20250627_200803-1536x864.jpg 1536w, https:\/\/www.jgclassics.com\/wp-content\/uploads\/2025\/10\/20250627_200803-2048x1152.jpg 2048w\" sizes=\"(max-width: 1024px) 100vw, 1024px\" \/>\t\t\t\t\t\t\t\t\t\t\t\t\t\t\t<\/div>\n\t\t\t\t<\/div>\n\t\t\t\t\t<\/div>\n\t\t<\/div>\n\t\t\t\t\t<\/div>\n\t\t<\/section>\n\t\t\t\t<section data-particle_enable=\"false\" data-particle-mobile-disabled=\"false\" class=\"elementor-section elementor-top-section elementor-element elementor-element-5002c93 elementor-section-boxed elementor-section-height-default elementor-section-height-default\" data-id=\"5002c93\" data-element_type=\"section\" data-e-type=\"section\">\n\t\t\t\t\t\t<div class=\"elementor-container elementor-column-gap-default\">\n\t\t\t\t\t<div class=\"elementor-column elementor-col-100 elementor-top-column elementor-element elementor-element-a18ebf8\" data-id=\"a18ebf8\" data-element_type=\"column\" data-e-type=\"column\">\n\t\t\t<div class=\"elementor-widget-wrap elementor-element-populated\">\n\t\t\t\t\t\t<div class=\"elementor-element elementor-element-0b33ce4 elementor-widget__width-inherit e-transform elementor--h-position-center elementor--v-position-middle elementor-arrows-position-inside elementor-pagination-position-inside elementor-widget elementor-widget-slides\" data-id=\"0b33ce4\" data-element_type=\"widget\" data-e-type=\"widget\" data-settings=\"{&quot;autoplay_speed&quot;:3000,&quot;_transform_scale_effect&quot;:{&quot;unit&quot;:&quot;px&quot;,&quot;size&quot;:0.7,&quot;sizes&quot;:[]},&quot;_transform_scale_effect_mobile&quot;:{&quot;unit&quot;:&quot;px&quot;,&quot;size&quot;:0.28,&quot;sizes&quot;:[]},&quot;navigation&quot;:&quot;both&quot;,&quot;autoplay&quot;:&quot;yes&quot;,&quot;pause_on_hover&quot;:&quot;yes&quot;,&quot;pause_on_interaction&quot;:&quot;yes&quot;,&quot;infinite&quot;:&quot;yes&quot;,&quot;transition&quot;:&quot;slide&quot;,&quot;transition_speed&quot;:500,&quot;_transform_scale_effect_tablet&quot;:{&quot;unit&quot;:&quot;px&quot;,&quot;size&quot;:&quot;&quot;,&quot;sizes&quot;:[]}}\" data-widget_type=\"slides.default\">\n\t\t\t\t<div class=\"elementor-widget-container\">\n\t\t\t\t\t\t\t\t\t<div class=\"elementor-swiper\">\n\t\t\t\t\t<div class=\"elementor-slides-wrapper elementor-main-swiper swiper\" role=\"region\" aria-roledescription=\"carousel\" aria-label=\"Diapositivas\" dir=\"ltr\" data-animation=\"fadeInUp\">\n\t\t\t\t<div class=\"swiper-wrapper elementor-slides\">\n\t\t\t\t\t\t\t\t\t\t<div class=\"elementor-repeater-item-2b43836 swiper-slide\" role=\"group\" aria-roledescription=\"slide\"><div class=\"swiper-slide-bg elementor-ken-burns elementor-ken-burns--in\" role=\"img\" aria-label=\"VW Volkswagen Karmann Ghia 1963. A l&#039;int\u00e9rieur\"><\/div><div class=\"swiper-slide-inner\" ><div class=\"swiper-slide-contents\"><\/div><\/div><\/div><div class=\"elementor-repeater-item-dd4ff93 swiper-slide\" role=\"group\" aria-roledescription=\"slide\"><div class=\"swiper-slide-bg\" role=\"img\" aria-label=\"VW Volkswagen Karmann Ghia 1963. A l&#039;int\u00e9rieur\"><\/div><div class=\"swiper-slide-inner\" ><div class=\"swiper-slide-contents\"><\/div><\/div><\/div>\t\t\t\t<\/div>\n\t\t\t\t\t\t\t\t\t\t\t\t\t\t\t<div class=\"elementor-swiper-button elementor-swiper-button-prev\" role=\"button\" tabindex=\"0\" aria-label=\"Diapositive pr\u00e9c\u00e9dente\">\n\t\t\t\t\t\t\t<i aria-hidden=\"true\" class=\"eicon-chevron-left\"><\/i>\t\t\t\t\t\t<\/div>\n\t\t\t\t\t\t<div class=\"elementor-swiper-button elementor-swiper-button-next\" role=\"button\" tabindex=\"0\" aria-label=\"Diapositive suivante\">\n\t\t\t\t\t\t\t<i aria-hidden=\"true\" class=\"eicon-chevron-right\"><\/i>\t\t\t\t\t\t<\/div>\n\t\t\t\t\t\t\t\t\t\t\t\t\t\t\t\t<div class=\"swiper-pagination\"><\/div>\n\t\t\t\t\t\t\t\t\t\t\t\t<\/div>\n\t\t\t\t<\/div>\n\t\t\t\t\t\t\t\t<\/div>\n\t\t\t\t<\/div>\n\t\t\t\t\t<\/div>\n\t\t<\/div>\n\t\t\t\t\t<\/div>\n\t\t<\/section>\n\t\t\t\t<section data-particle_enable=\"false\" data-particle-mobile-disabled=\"false\" class=\"elementor-section elementor-top-section elementor-element elementor-element-e7ac476 elementor-section-boxed elementor-section-height-default elementor-section-height-default\" data-id=\"e7ac476\" data-element_type=\"section\" data-e-type=\"section\">\n\t\t\t\t\t\t<div class=\"elementor-container elementor-column-gap-default\">\n\t\t\t\t\t<div class=\"elementor-column elementor-col-50 elementor-top-column elementor-element elementor-element-ece83a2\" data-id=\"ece83a2\" data-element_type=\"column\" data-e-type=\"column\">\n\t\t\t<div class=\"elementor-widget-wrap elementor-element-populated\">\n\t\t\t\t\t\t<div class=\"elementor-element elementor-element-7d52f8e elementor-widget elementor-widget-text-editor\" data-id=\"7d52f8e\" data-element_type=\"widget\" data-e-type=\"widget\" data-widget_type=\"text-editor.default\">\n\t\t\t\t<div class=\"elementor-widget-container\">\n\t\t\t\t\t\t\t\t\t<p>Le <strong data-start=\"1247\" data-end=\"1308\">moteur a \u00e9t\u00e9 enti\u00e8rement reconstruit il y a moins de 400 km<\/strong> par un <strong data-start=\"1316\" data-end=\"1370\">atelier sp\u00e9cialis\u00e9 r\u00e9put\u00e9 de Majorque<\/strong>, sp\u00e9cialis\u00e9 dans la m\u00e9canique des v\u00e9hicules Volkswagen refroidis par air. La voiture est donc <strong data-start=\"1461\" data-end=\"1482\">en phase de rodage<\/strong>, avec un fonctionnement tr\u00e8s doux et une r\u00e9ponse \u00e9lastique typique de ces moteurs bien r\u00e9gl\u00e9s.<\/p>\t\t\t\t\t\t\t\t<\/div>\n\t\t\t\t<\/div>\n\t\t\t\t<div class=\"elementor-element elementor-element-e8bc95f elementor-widget elementor-widget-text-editor\" data-id=\"e8bc95f\" data-element_type=\"widget\" data-e-type=\"widget\" data-widget_type=\"text-editor.default\">\n\t\t\t\t<div class=\"elementor-widget-container\">\n\t\t\t\t\t\t\t\t\t<p>Comme vous le verrez dans la galerie, le <strong data-start=\"1610\" data-end=\"1656\">niveau de d\u00e9tail et la propret\u00e9 du compartiment moteur<\/strong> sont exceptionnels. L&#8217;ensemble du syst\u00e8me d&#8217;admission, d&#8217;allumage et de refroidissement a \u00e9t\u00e9 assembl\u00e9 selon le sch\u00e9ma d&#8217;origine, avec un r\u00e9sultat qui t\u00e9moigne du soin apport\u00e9 \u00e0 chaque \u00e9tape de la restauration.<\/p>\t\t\t\t\t\t\t\t<\/div>\n\t\t\t\t<\/div>\n\t\t\t\t\t<\/div>\n\t\t<\/div>\n\t\t\t\t<div class=\"elementor-column elementor-col-50 elementor-top-column elementor-element elementor-element-8306dc5\" data-id=\"8306dc5\" data-element_type=\"column\" data-e-type=\"column\">\n\t\t\t<div class=\"elementor-widget-wrap elementor-element-populated\">\n\t\t\t\t\t\t<div class=\"elementor-element elementor-element-f19c87e elementor-widget elementor-widget-image\" data-id=\"f19c87e\" data-element_type=\"widget\" data-e-type=\"widget\" data-widget_type=\"image.default\">\n\t\t\t\t<div class=\"elementor-widget-container\">\n\t\t\t\t\t\t\t\t\t\t\t\t\t\t\t<img decoding=\"async\" width=\"576\" height=\"1024\" src=\"https:\/\/www.jgclassics.com\/wp-content\/uploads\/2025\/10\/20250627_201132-576x1024.jpg\" class=\"attachment-large size-large wp-image-23075\" alt=\"VW Volkswagen Karmann Ghia 1963. Vue du moteur\" srcset=\"https:\/\/www.jgclassics.com\/wp-content\/uploads\/2025\/10\/20250627_201132-576x1024.jpg 576w, https:\/\/www.jgclassics.com\/wp-content\/uploads\/2025\/10\/20250627_201132-169x300.jpg 169w, https:\/\/www.jgclassics.com\/wp-content\/uploads\/2025\/10\/20250627_201132-768x1365.jpg 768w, https:\/\/www.jgclassics.com\/wp-content\/uploads\/2025\/10\/20250627_201132-864x1536.jpg 864w, https:\/\/www.jgclassics.com\/wp-content\/uploads\/2025\/10\/20250627_201132-1152x2048.jpg 1152w, https:\/\/www.jgclassics.com\/wp-content\/uploads\/2025\/10\/20250627_201132-scaled.jpg 1440w\" sizes=\"(max-width: 576px) 100vw, 576px\" \/>\t\t\t\t\t\t\t\t\t\t\t\t\t\t\t<\/div>\n\t\t\t\t<\/div>\n\t\t\t\t\t<\/div>\n\t\t<\/div>\n\t\t\t\t\t<\/div>\n\t\t<\/section>\n\t\t\t\t<section data-particle_enable=\"false\" data-particle-mobile-disabled=\"false\" class=\"elementor-section elementor-top-section elementor-element elementor-element-effef7c elementor-section-boxed elementor-section-height-default elementor-section-height-default\" data-id=\"effef7c\" data-element_type=\"section\" data-e-type=\"section\">\n\t\t\t\t\t\t<div class=\"elementor-container elementor-column-gap-default\">\n\t\t\t\t\t<div class=\"elementor-column elementor-col-100 elementor-top-column elementor-element elementor-element-1bf376e\" data-id=\"1bf376e\" data-element_type=\"column\" data-e-type=\"column\">\n\t\t\t<div class=\"elementor-widget-wrap elementor-element-populated\">\n\t\t\t\t\t\t<div class=\"elementor-element elementor-element-8d9ea6f elementor-widget elementor-widget-text-editor\" data-id=\"8d9ea6f\" data-element_type=\"widget\" data-e-type=\"widget\" data-widget_type=\"text-editor.default\">\n\t\t\t\t<div class=\"elementor-widget-container\">\n\t\t\t\t\t\t\t\t\t<p>Ce v\u00e9hicule est actuellement en circulation et disponible pour <strong><a href=\"https:\/\/www.jgclassics.com\/fr\/location-de-voitures-de-collection-liste-de-prix\/\" target=\"_blank\" rel=\"noopener\">disponible \u00e0 la location<\/a><\/strong> si vous en avez besoin pour une s\u00e9ance photo, un tournage ou une exposition. N <a href=\"https:\/\/www.jgclassics.com\/fr\/contact\/\" target=\"_blank\" rel=\"noopener\">&#8216;h\u00e9sitez pas \u00e0 nous contacter<\/a> si vous avez besoin d&#8217;un v\u00e9hicule afin que nous puissions vous aider.<\/p>\t\t\t\t\t\t\t\t<\/div>\n\t\t\t\t<\/div>\n\t\t\t\t\t<\/div>\n\t\t<\/div>\n\t\t\t\t\t<\/div>\n\t\t<\/section>\n\t\t\t\t<section data-particle_enable=\"false\" data-particle-mobile-disabled=\"false\" class=\"elementor-section elementor-top-section elementor-element elementor-element-e167791 elementor-section-boxed elementor-section-height-default elementor-section-height-default\" data-id=\"e167791\" data-element_type=\"section\" data-e-type=\"section\">\n\t\t\t\t\t\t<div class=\"elementor-container elementor-column-gap-default\">\n\t\t\t\t\t<div class=\"elementor-column elementor-col-100 elementor-top-column elementor-element elementor-element-cb4d119\" data-id=\"cb4d119\" data-element_type=\"column\" data-e-type=\"column\">\n\t\t\t<div class=\"elementor-widget-wrap elementor-element-populated\">\n\t\t\t\t\t\t<div class=\"elementor-element elementor-element-2344b41 elementor-widget elementor-widget-text-editor\" data-id=\"2344b41\" data-element_type=\"widget\" data-e-type=\"widget\" data-widget_type=\"text-editor.default\">\n\t\t\t\t<div class=\"elementor-widget-container\">\n\t\t\t\t\t\t\t\t\t<p>Par ailleurs, si vous \u00eates propri\u00e9taire ou futur acqu\u00e9reur de l&#8217;un de ces mod\u00e8les et que vous avez besoin d&#8217;informations sur les pi\u00e8ces d\u00e9tach\u00e9es, les pi\u00e8ces de rechange ou les informations techniques, n&#8217;h\u00e9sitez pas \u00e0 <a href=\"https:\/\/www.jgclassics.com\/fr\/contact\/\" target=\"_blank\" rel=\"noopener\">nous contacter<\/a>, car nous serons heureux de les partager avec vous.<\/p>\t\t\t\t\t\t\t\t<\/div>\n\t\t\t\t<\/div>\n\t\t\t\t\t<\/div>\n\t\t<\/div>\n\t\t\t\t\t<\/div>\n\t\t<\/section>\n\t\t\t\t<section data-particle_enable=\"false\" data-particle-mobile-disabled=\"false\" class=\"elementor-section elementor-top-section elementor-element elementor-element-d7f85cd elementor-section-boxed elementor-section-height-default elementor-section-height-default\" data-id=\"d7f85cd\" data-element_type=\"section\" data-e-type=\"section\">\n\t\t\t\t\t\t<div class=\"elementor-container elementor-column-gap-default\">\n\t\t\t\t\t<div class=\"elementor-column elementor-col-100 elementor-top-column elementor-element elementor-element-185f8d1\" data-id=\"185f8d1\" data-element_type=\"column\" data-e-type=\"column\">\n\t\t\t<div class=\"elementor-widget-wrap elementor-element-populated\">\n\t\t\t\t\t\t<div class=\"elementor-element elementor-element-cbb4770 elementor-widget elementor-widget-heading\" data-id=\"cbb4770\" data-element_type=\"widget\" data-e-type=\"widget\" data-widget_type=\"heading.default\">\n\t\t\t\t<div class=\"elementor-widget-container\">\n\t\t\t\t\t<h2 class=\"elementor-heading-title elementor-size-default\">VW Karmann Ghia. Album de photos. Cliquez sur chaque cat\u00e9gorie :<\/h2>\t\t\t\t<\/div>\n\t\t\t\t<\/div>\n\t\t\t\t\t<\/div>\n\t\t<\/div>\n\t\t\t\t\t<\/div>\n\t\t<\/section>\n\t\t\t\t<section data-particle_enable=\"false\" data-particle-mobile-disabled=\"false\" class=\"elementor-section elementor-top-section elementor-element elementor-element-a875f84 elementor-section-boxed elementor-section-height-default elementor-section-height-default\" data-id=\"a875f84\" data-element_type=\"section\" data-e-type=\"section\">\n\t\t\t\t\t\t<div class=\"elementor-container elementor-column-gap-default\">\n\t\t\t\t\t<div class=\"elementor-column elementor-col-100 elementor-top-column elementor-element elementor-element-a073d3f\" data-id=\"a073d3f\" data-element_type=\"column\" data-e-type=\"column\">\n\t\t\t<div class=\"elementor-widget-wrap elementor-element-populated\">\n\t\t\t\t\t\t<div class=\"elementor-element elementor-element-6e55877 elementor-gallery--filter-align-center elementor-widget elementor-widget-gallery\" data-id=\"6e55877\" data-element_type=\"widget\" data-e-type=\"widget\" data-settings=\"{&quot;ideal_row_height&quot;:{&quot;unit&quot;:&quot;px&quot;,&quot;size&quot;:114,&quot;sizes&quot;:[]},&quot;ideal_row_height_mobile&quot;:{&quot;unit&quot;:&quot;px&quot;,&quot;size&quot;:75,&quot;sizes&quot;:[]},&quot;gallery_layout&quot;:&quot;justified&quot;,&quot;lazyload&quot;:&quot;yes&quot;,&quot;ideal_row_height_tablet&quot;:{&quot;unit&quot;:&quot;px&quot;,&quot;size&quot;:150,&quot;sizes&quot;:[]},&quot;gap&quot;:{&quot;unit&quot;:&quot;px&quot;,&quot;size&quot;:10,&quot;sizes&quot;:[]},&quot;gap_tablet&quot;:{&quot;unit&quot;:&quot;px&quot;,&quot;size&quot;:10,&quot;sizes&quot;:[]},&quot;gap_mobile&quot;:{&quot;unit&quot;:&quot;px&quot;,&quot;size&quot;:10,&quot;sizes&quot;:[]},&quot;link_to&quot;:&quot;file&quot;,&quot;overlay_background&quot;:&quot;yes&quot;,&quot;content_hover_animation&quot;:&quot;fade-in&quot;}\" data-widget_type=\"gallery.default\">\n\t\t\t\t<div class=\"elementor-widget-container\">\n\t\t\t\t\t\t\t\t<div class=\"elementor-gallery__titles-container e--pointer-text e--animation-grow\" aria-label=\"Filtre de galerie\">\n\t\t\t\t\n\t\t\t\t\t\t\t\t\t<a class=\"elementor-item elementor-gallery-title\" role=\"button\" tabindex=\"0\" data-gallery-index=\"0\">\n\t\t\t\t\t\tA l'ext\u00e9rieur\t\t\t\t\t<\/a>\n\t\t\t\t\t\t\t\t\t\t<a class=\"elementor-item elementor-gallery-title\" role=\"button\" tabindex=\"0\" data-gallery-index=\"1\">\n\t\t\t\t\t\tA l'int\u00e9rieur\t\t\t\t\t<\/a>\n\t\t\t\t\t\t\t\t\t\t<a class=\"elementor-item elementor-gallery-title\" role=\"button\" tabindex=\"0\" data-gallery-index=\"2\">\n\t\t\t\t\t\tM\u00e9canique\t\t\t\t\t<\/a>\n\t\t\t\t\t\t\t\t<\/div>\n\t\t\t\t\t<div class=\"elementor-gallery__container\">\n\t\t\t\t\t\t\t<a class=\"e-gallery-item elementor-gallery-item elementor-animated-content\" data-e-gallery-tags=\"0\" href=\"https:\/\/www.jgclassics.com\/wp-content\/uploads\/2025\/10\/20250627_195626-scaled.jpg\" data-elementor-open-lightbox=\"yes\" data-elementor-lightbox-slideshow=\"6e55877\" data-elementor-lightbox-title=\"VW Volkswagen Karmann Ghia 1963\" data-elementor-lightbox-description=\"VW Volkswagen Karmann Ghia Barcelone. Disponible \u00e0 la location pour des s\u00e9ances photos, des tournages ou des \u00e9v\u00e9nements. \" data-e-action-hash=\"#elementor-action%3Aaction%3Dlightbox%26settings%3DeyJpZCI6MjMwNzYsInVybCI6Imh0dHBzOlwvXC93d3cuamdjbGFzc2ljcy5jb21cL3dwLWNvbnRlbnRcL3VwbG9hZHNcLzIwMjVcLzEwXC8yMDI1MDYyN18xOTU2MjYtc2NhbGVkLmpwZyIsInNsaWRlc2hvdyI6IjZlNTU4NzcifQ%3D%3D\">\n\t\t\t\t\t<div class=\"e-gallery-image elementor-gallery-item__image\" data-thumbnail=\"https:\/\/www.jgclassics.com\/wp-content\/uploads\/2025\/10\/20250627_195626-300x169.jpg\" data-width=\"300\" data-height=\"169\" aria-label=\"VW Volkswagen Karmann Ghia 1963\" role=\"img\" ><\/div>\n\t\t\t\t\t\t\t\t\t\t\t<div class=\"elementor-gallery-item__overlay\"><\/div>\n\t\t\t\t\t\t\t\t\t\t\t\t\t\t<\/a>\n\t\t\t\t\t\t\t<a class=\"e-gallery-item elementor-gallery-item elementor-animated-content\" data-e-gallery-tags=\"0\" href=\"https:\/\/www.jgclassics.com\/wp-content\/uploads\/2025\/10\/20250627_201719-scaled.jpg\" data-elementor-open-lightbox=\"yes\" data-elementor-lightbox-slideshow=\"6e55877\" data-elementor-lightbox-title=\"VW Volkswagen Karmann Ghia 1963\" data-elementor-lightbox-description=\"VW Volkswagen Karmann Ghia Barcelone. Disponible \u00e0 la location pour des s\u00e9ances photos, des tournages ou des \u00e9v\u00e9nements. \" data-e-action-hash=\"#elementor-action%3Aaction%3Dlightbox%26settings%3DeyJpZCI6MjMwNzcsInVybCI6Imh0dHBzOlwvXC93d3cuamdjbGFzc2ljcy5jb21cL3dwLWNvbnRlbnRcL3VwbG9hZHNcLzIwMjVcLzEwXC8yMDI1MDYyN18yMDE3MTktc2NhbGVkLmpwZyIsInNsaWRlc2hvdyI6IjZlNTU4NzcifQ%3D%3D\">\n\t\t\t\t\t<div class=\"e-gallery-image elementor-gallery-item__image\" data-thumbnail=\"https:\/\/www.jgclassics.com\/wp-content\/uploads\/2025\/10\/20250627_201719-300x169.jpg\" data-width=\"300\" data-height=\"169\" aria-label=\"VW Volkswagen Karmann Ghia 1963\" role=\"img\" ><\/div>\n\t\t\t\t\t\t\t\t\t\t\t<div class=\"elementor-gallery-item__overlay\"><\/div>\n\t\t\t\t\t\t\t\t\t\t\t\t\t\t<\/a>\n\t\t\t\t\t\t\t<a class=\"e-gallery-item elementor-gallery-item elementor-animated-content\" data-e-gallery-tags=\"0\" href=\"https:\/\/www.jgclassics.com\/wp-content\/uploads\/2025\/10\/20250627_195714-1-scaled.jpg\" data-elementor-open-lightbox=\"yes\" data-elementor-lightbox-slideshow=\"6e55877\" data-elementor-lightbox-title=\"VW Volkswagen Karmann Ghia 1963\" data-elementor-lightbox-description=\"VW Volkswagen Karmann Ghia Barcelone. Disponible \u00e0 la location pour des s\u00e9ances photos, des tournages ou des \u00e9v\u00e9nements. \" data-e-action-hash=\"#elementor-action%3Aaction%3Dlightbox%26settings%3DeyJpZCI6MjMwNzgsInVybCI6Imh0dHBzOlwvXC93d3cuamdjbGFzc2ljcy5jb21cL3dwLWNvbnRlbnRcL3VwbG9hZHNcLzIwMjVcLzEwXC8yMDI1MDYyN18xOTU3MTQtMS1zY2FsZWQuanBnIiwic2xpZGVzaG93IjoiNmU1NTg3NyJ9\">\n\t\t\t\t\t<div class=\"e-gallery-image elementor-gallery-item__image\" data-thumbnail=\"https:\/\/www.jgclassics.com\/wp-content\/uploads\/2025\/10\/20250627_195714-1-300x169.jpg\" data-width=\"300\" data-height=\"169\" aria-label=\"VW Volkswagen Karmann Ghia 1963\" role=\"img\" ><\/div>\n\t\t\t\t\t\t\t\t\t\t\t<div class=\"elementor-gallery-item__overlay\"><\/div>\n\t\t\t\t\t\t\t\t\t\t\t\t\t\t<\/a>\n\t\t\t\t\t\t\t<a class=\"e-gallery-item elementor-gallery-item elementor-animated-content\" data-e-gallery-tags=\"0\" href=\"https:\/\/www.jgclassics.com\/wp-content\/uploads\/2025\/10\/20250627_201037-1-scaled.jpg\" data-elementor-open-lightbox=\"yes\" data-elementor-lightbox-slideshow=\"6e55877\" data-elementor-lightbox-title=\"VW Volkswagen Karmann Ghia 1963\" data-elementor-lightbox-description=\"VW Volkswagen Karmann Ghia Barcelone. Disponible \u00e0 la location pour des s\u00e9ances photos, des tournages ou des \u00e9v\u00e9nements. \" data-e-action-hash=\"#elementor-action%3Aaction%3Dlightbox%26settings%3DeyJpZCI6MjI3OTYsInVybCI6Imh0dHBzOlwvXC93d3cuamdjbGFzc2ljcy5jb21cL3dwLWNvbnRlbnRcL3VwbG9hZHNcLzIwMjVcLzEwXC8yMDI1MDYyN18yMDEwMzctMS1zY2FsZWQuanBnIiwic2xpZGVzaG93IjoiNmU1NTg3NyJ9\">\n\t\t\t\t\t<div class=\"e-gallery-image elementor-gallery-item__image\" data-thumbnail=\"https:\/\/www.jgclassics.com\/wp-content\/uploads\/2025\/10\/20250627_201037-1-300x169.jpg\" data-width=\"300\" data-height=\"169\" aria-label=\"VW Volkswagen Karmann Ghia 1963\" role=\"img\" ><\/div>\n\t\t\t\t\t\t\t\t\t\t\t<div class=\"elementor-gallery-item__overlay\"><\/div>\n\t\t\t\t\t\t\t\t\t\t\t\t\t\t<\/a>\n\t\t\t\t\t\t\t<a class=\"e-gallery-item elementor-gallery-item elementor-animated-content\" data-e-gallery-tags=\"0\" href=\"https:\/\/www.jgclassics.com\/wp-content\/uploads\/2025\/10\/20250627_201020-1-scaled.jpg\" data-elementor-open-lightbox=\"yes\" data-elementor-lightbox-slideshow=\"6e55877\" data-elementor-lightbox-title=\"VW Volkswagen Karmann Ghia 1963\" data-elementor-lightbox-description=\"VW Volkswagen Karmann Ghia Barcelone. Disponible \u00e0 la location pour des s\u00e9ances photos, des tournages ou des \u00e9v\u00e9nements. \" data-e-action-hash=\"#elementor-action%3Aaction%3Dlightbox%26settings%3DeyJpZCI6MjMwNzksInVybCI6Imh0dHBzOlwvXC93d3cuamdjbGFzc2ljcy5jb21cL3dwLWNvbnRlbnRcL3VwbG9hZHNcLzIwMjVcLzEwXC8yMDI1MDYyN18yMDEwMjAtMS1zY2FsZWQuanBnIiwic2xpZGVzaG93IjoiNmU1NTg3NyJ9\">\n\t\t\t\t\t<div class=\"e-gallery-image elementor-gallery-item__image\" data-thumbnail=\"https:\/\/www.jgclassics.com\/wp-content\/uploads\/2025\/10\/20250627_201020-1-300x169.jpg\" data-width=\"300\" data-height=\"169\" aria-label=\"VW Volkswagen Karmann Ghia 1963\" role=\"img\" ><\/div>\n\t\t\t\t\t\t\t\t\t\t\t<div class=\"elementor-gallery-item__overlay\"><\/div>\n\t\t\t\t\t\t\t\t\t\t\t\t\t\t<\/a>\n\t\t\t\t\t\t\t<a class=\"e-gallery-item elementor-gallery-item elementor-animated-content\" data-e-gallery-tags=\"0\" href=\"https:\/\/www.jgclassics.com\/wp-content\/uploads\/2025\/10\/20250907_202606.jpg\" data-elementor-open-lightbox=\"yes\" data-elementor-lightbox-slideshow=\"6e55877\" data-elementor-lightbox-title=\"VW Volkswagen Karmann Ghia 1963\" data-elementor-lightbox-description=\"VW Volkswagen Karmann Ghia Barcelone. Disponible \u00e0 la location pour des s\u00e9ances photos, des tournages ou des \u00e9v\u00e9nements. \" data-e-action-hash=\"#elementor-action%3Aaction%3Dlightbox%26settings%3DeyJpZCI6MjMwODAsInVybCI6Imh0dHBzOlwvXC93d3cuamdjbGFzc2ljcy5jb21cL3dwLWNvbnRlbnRcL3VwbG9hZHNcLzIwMjVcLzEwXC8yMDI1MDkwN18yMDI2MDYuanBnIiwic2xpZGVzaG93IjoiNmU1NTg3NyJ9\">\n\t\t\t\t\t<div class=\"e-gallery-image elementor-gallery-item__image\" data-thumbnail=\"https:\/\/www.jgclassics.com\/wp-content\/uploads\/2025\/10\/20250907_202606-300x169.jpg\" data-width=\"300\" data-height=\"169\" aria-label=\"VW Volkswagen Karmann Ghia 1963\" role=\"img\" ><\/div>\n\t\t\t\t\t\t\t\t\t\t\t<div class=\"elementor-gallery-item__overlay\"><\/div>\n\t\t\t\t\t\t\t\t\t\t\t\t\t\t<\/a>\n\t\t\t\t\t\t\t<a class=\"e-gallery-item elementor-gallery-item elementor-animated-content\" data-e-gallery-tags=\"0\" href=\"https:\/\/www.jgclassics.com\/wp-content\/uploads\/2025\/10\/20250907_202053-scaled.jpg\" data-elementor-open-lightbox=\"yes\" data-elementor-lightbox-slideshow=\"6e55877\" data-elementor-lightbox-title=\"VW Volkswagen Karmann Ghia 1963\" data-elementor-lightbox-description=\"VW Volkswagen Karmann Ghia Barcelone. Disponible \u00e0 la location pour des s\u00e9ances photos, des tournages ou des \u00e9v\u00e9nements. \" data-e-action-hash=\"#elementor-action%3Aaction%3Dlightbox%26settings%3DeyJpZCI6MjMwODEsInVybCI6Imh0dHBzOlwvXC93d3cuamdjbGFzc2ljcy5jb21cL3dwLWNvbnRlbnRcL3VwbG9hZHNcLzIwMjVcLzEwXC8yMDI1MDkwN18yMDIwNTMtc2NhbGVkLmpwZyIsInNsaWRlc2hvdyI6IjZlNTU4NzcifQ%3D%3D\">\n\t\t\t\t\t<div class=\"e-gallery-image elementor-gallery-item__image\" data-thumbnail=\"https:\/\/www.jgclassics.com\/wp-content\/uploads\/2025\/10\/20250907_202053-300x169.jpg\" data-width=\"300\" data-height=\"169\" aria-label=\"VW Volkswagen Karmann Ghia 1963\" role=\"img\" ><\/div>\n\t\t\t\t\t\t\t\t\t\t\t<div class=\"elementor-gallery-item__overlay\"><\/div>\n\t\t\t\t\t\t\t\t\t\t\t\t\t\t<\/a>\n\t\t\t\t\t\t\t<a class=\"e-gallery-item elementor-gallery-item elementor-animated-content\" data-e-gallery-tags=\"0\" href=\"https:\/\/www.jgclassics.com\/wp-content\/uploads\/2025\/10\/20250627_201059-scaled.jpg\" data-elementor-open-lightbox=\"yes\" data-elementor-lightbox-slideshow=\"6e55877\" data-elementor-lightbox-title=\"VW Volkswagen Karmann Ghia 1963\" data-elementor-lightbox-description=\"VW Volkswagen Karmann Ghia Barcelone. Disponible \u00e0 la location pour des s\u00e9ances photos, des tournages ou des \u00e9v\u00e9nements. \" data-e-action-hash=\"#elementor-action%3Aaction%3Dlightbox%26settings%3DeyJpZCI6MjMwODIsInVybCI6Imh0dHBzOlwvXC93d3cuamdjbGFzc2ljcy5jb21cL3dwLWNvbnRlbnRcL3VwbG9hZHNcLzIwMjVcLzEwXC8yMDI1MDYyN18yMDEwNTktc2NhbGVkLmpwZyIsInNsaWRlc2hvdyI6IjZlNTU4NzcifQ%3D%3D\">\n\t\t\t\t\t<div class=\"e-gallery-image elementor-gallery-item__image\" data-thumbnail=\"https:\/\/www.jgclassics.com\/wp-content\/uploads\/2025\/10\/20250627_201059-300x169.jpg\" data-width=\"300\" data-height=\"169\" aria-label=\"VW Volkswagen Karmann Ghia 1963\" role=\"img\" ><\/div>\n\t\t\t\t\t\t\t\t\t\t\t<div class=\"elementor-gallery-item__overlay\"><\/div>\n\t\t\t\t\t\t\t\t\t\t\t\t\t\t<\/a>\n\t\t\t\t\t\t\t<a class=\"e-gallery-item elementor-gallery-item elementor-animated-content\" data-e-gallery-tags=\"0\" href=\"https:\/\/www.jgclassics.com\/wp-content\/uploads\/2025\/10\/20250627_201052-scaled.jpg\" data-elementor-open-lightbox=\"yes\" data-elementor-lightbox-slideshow=\"6e55877\" data-elementor-lightbox-title=\"VW Volkswagen Karmann Ghia 1963\" data-elementor-lightbox-description=\"VW Volkswagen Karmann Ghia Barcelone. Disponible \u00e0 la location pour des s\u00e9ances photos, des tournages ou des \u00e9v\u00e9nements. \" data-e-action-hash=\"#elementor-action%3Aaction%3Dlightbox%26settings%3DeyJpZCI6MjMwODMsInVybCI6Imh0dHBzOlwvXC93d3cuamdjbGFzc2ljcy5jb21cL3dwLWNvbnRlbnRcL3VwbG9hZHNcLzIwMjVcLzEwXC8yMDI1MDYyN18yMDEwNTItc2NhbGVkLmpwZyIsInNsaWRlc2hvdyI6IjZlNTU4NzcifQ%3D%3D\">\n\t\t\t\t\t<div class=\"e-gallery-image elementor-gallery-item__image\" data-thumbnail=\"https:\/\/www.jgclassics.com\/wp-content\/uploads\/2025\/10\/20250627_201052-300x169.jpg\" data-width=\"300\" data-height=\"169\" aria-label=\"VW Volkswagen Karmann Ghia 1963\" role=\"img\" ><\/div>\n\t\t\t\t\t\t\t\t\t\t\t<div class=\"elementor-gallery-item__overlay\"><\/div>\n\t\t\t\t\t\t\t\t\t\t\t\t\t\t<\/a>\n\t\t\t\t\t\t\t<a class=\"e-gallery-item elementor-gallery-item elementor-animated-content\" data-e-gallery-tags=\"0\" href=\"https:\/\/www.jgclassics.com\/wp-content\/uploads\/2025\/10\/20250627_201709-scaled.jpg\" data-elementor-open-lightbox=\"yes\" data-elementor-lightbox-slideshow=\"6e55877\" data-elementor-lightbox-title=\"VW Volkswagen Karmann Ghia 1963\" data-elementor-lightbox-description=\"VW Volkswagen Karmann Ghia Barcelone. Disponible \u00e0 la location pour des s\u00e9ances photos, des tournages ou des \u00e9v\u00e9nements. \" data-e-action-hash=\"#elementor-action%3Aaction%3Dlightbox%26settings%3DeyJpZCI6MjMwODQsInVybCI6Imh0dHBzOlwvXC93d3cuamdjbGFzc2ljcy5jb21cL3dwLWNvbnRlbnRcL3VwbG9hZHNcLzIwMjVcLzEwXC8yMDI1MDYyN18yMDE3MDktc2NhbGVkLmpwZyIsInNsaWRlc2hvdyI6IjZlNTU4NzcifQ%3D%3D\">\n\t\t\t\t\t<div class=\"e-gallery-image elementor-gallery-item__image\" data-thumbnail=\"https:\/\/www.jgclassics.com\/wp-content\/uploads\/2025\/10\/20250627_201709-169x300.jpg\" data-width=\"169\" data-height=\"300\" aria-label=\"VW Volkswagen Karmann Ghia 1963\" role=\"img\" ><\/div>\n\t\t\t\t\t\t\t\t\t\t\t<div class=\"elementor-gallery-item__overlay\"><\/div>\n\t\t\t\t\t\t\t\t\t\t\t\t\t\t<\/a>\n\t\t\t\t\t\t\t<a class=\"e-gallery-item elementor-gallery-item elementor-animated-content\" data-e-gallery-tags=\"0\" href=\"https:\/\/www.jgclassics.com\/wp-content\/uploads\/2025\/10\/20250627_201705-scaled.jpg\" data-elementor-open-lightbox=\"yes\" data-elementor-lightbox-slideshow=\"6e55877\" data-elementor-lightbox-title=\"VW Volkswagen Karmann Ghia 1963\" data-elementor-lightbox-description=\"VW Volkswagen Karmann Ghia Barcelone. Disponible \u00e0 la location pour des s\u00e9ances photos, des tournages ou des \u00e9v\u00e9nements. \" data-e-action-hash=\"#elementor-action%3Aaction%3Dlightbox%26settings%3DeyJpZCI6MjMwODUsInVybCI6Imh0dHBzOlwvXC93d3cuamdjbGFzc2ljcy5jb21cL3dwLWNvbnRlbnRcL3VwbG9hZHNcLzIwMjVcLzEwXC8yMDI1MDYyN18yMDE3MDUtc2NhbGVkLmpwZyIsInNsaWRlc2hvdyI6IjZlNTU4NzcifQ%3D%3D\">\n\t\t\t\t\t<div class=\"e-gallery-image elementor-gallery-item__image\" data-thumbnail=\"https:\/\/www.jgclassics.com\/wp-content\/uploads\/2025\/10\/20250627_201705-300x169.jpg\" data-width=\"300\" data-height=\"169\" aria-label=\"VW Volkswagen Karmann Ghia 1963\" role=\"img\" ><\/div>\n\t\t\t\t\t\t\t\t\t\t\t<div class=\"elementor-gallery-item__overlay\"><\/div>\n\t\t\t\t\t\t\t\t\t\t\t\t\t\t<\/a>\n\t\t\t\t\t\t\t<a class=\"e-gallery-item elementor-gallery-item elementor-animated-content\" data-e-gallery-tags=\"0\" href=\"https:\/\/www.jgclassics.com\/wp-content\/uploads\/2025\/10\/20250627_201037-scaled.jpg\" data-elementor-open-lightbox=\"yes\" data-elementor-lightbox-slideshow=\"6e55877\" data-elementor-lightbox-title=\"VW Volkswagen Karmann Ghia 1963\" data-elementor-lightbox-description=\"VW Volkswagen Karmann Ghia Barcelone. Disponible \u00e0 la location pour des s\u00e9ances photos, des tournages ou des \u00e9v\u00e9nements. \" data-e-action-hash=\"#elementor-action%3Aaction%3Dlightbox%26settings%3DeyJpZCI6MjMwODYsInVybCI6Imh0dHBzOlwvXC93d3cuamdjbGFzc2ljcy5jb21cL3dwLWNvbnRlbnRcL3VwbG9hZHNcLzIwMjVcLzEwXC8yMDI1MDYyN18yMDEwMzctc2NhbGVkLmpwZyIsInNsaWRlc2hvdyI6IjZlNTU4NzcifQ%3D%3D\">\n\t\t\t\t\t<div class=\"e-gallery-image elementor-gallery-item__image\" data-thumbnail=\"https:\/\/www.jgclassics.com\/wp-content\/uploads\/2025\/10\/20250627_201037-300x169.jpg\" data-width=\"300\" data-height=\"169\" aria-label=\"VW Volkswagen Karmann Ghia 1963\" role=\"img\" ><\/div>\n\t\t\t\t\t\t\t\t\t\t\t<div class=\"elementor-gallery-item__overlay\"><\/div>\n\t\t\t\t\t\t\t\t\t\t\t\t\t\t<\/a>\n\t\t\t\t\t\t\t<a class=\"e-gallery-item elementor-gallery-item elementor-animated-content\" data-e-gallery-tags=\"0\" href=\"https:\/\/www.jgclassics.com\/wp-content\/uploads\/2025\/10\/20250627_201020-scaled.jpg\" data-elementor-open-lightbox=\"yes\" data-elementor-lightbox-slideshow=\"6e55877\" data-elementor-lightbox-title=\"VW Volkswagen Karmann Ghia 1963\" data-elementor-lightbox-description=\"VW Volkswagen Karmann Ghia Barcelone. Disponible \u00e0 la location pour des s\u00e9ances photos, des tournages ou des \u00e9v\u00e9nements. \" data-e-action-hash=\"#elementor-action%3Aaction%3Dlightbox%26settings%3DeyJpZCI6MjMwODcsInVybCI6Imh0dHBzOlwvXC93d3cuamdjbGFzc2ljcy5jb21cL3dwLWNvbnRlbnRcL3VwbG9hZHNcLzIwMjVcLzEwXC8yMDI1MDYyN18yMDEwMjAtc2NhbGVkLmpwZyIsInNsaWRlc2hvdyI6IjZlNTU4NzcifQ%3D%3D\">\n\t\t\t\t\t<div class=\"e-gallery-image elementor-gallery-item__image\" data-thumbnail=\"https:\/\/www.jgclassics.com\/wp-content\/uploads\/2025\/10\/20250627_201020-300x169.jpg\" data-width=\"300\" data-height=\"169\" aria-label=\"VW Volkswagen Karmann Ghia 1963\" role=\"img\" ><\/div>\n\t\t\t\t\t\t\t\t\t\t\t<div class=\"elementor-gallery-item__overlay\"><\/div>\n\t\t\t\t\t\t\t\t\t\t\t\t\t\t<\/a>\n\t\t\t\t\t\t\t<a class=\"e-gallery-item elementor-gallery-item elementor-animated-content\" data-e-gallery-tags=\"0\" href=\"https:\/\/www.jgclassics.com\/wp-content\/uploads\/2025\/10\/20250627_200944-scaled.jpg\" data-elementor-open-lightbox=\"yes\" data-elementor-lightbox-slideshow=\"6e55877\" data-elementor-lightbox-title=\"VW Volkswagen Karmann Ghia 1963\" data-elementor-lightbox-description=\"VW Volkswagen Karmann Ghia Barcelone. Disponible \u00e0 la location pour des s\u00e9ances photos, des tournages ou des \u00e9v\u00e9nements. \" data-e-action-hash=\"#elementor-action%3Aaction%3Dlightbox%26settings%3DeyJpZCI6MjMwODgsInVybCI6Imh0dHBzOlwvXC93d3cuamdjbGFzc2ljcy5jb21cL3dwLWNvbnRlbnRcL3VwbG9hZHNcLzIwMjVcLzEwXC8yMDI1MDYyN18yMDA5NDQtc2NhbGVkLmpwZyIsInNsaWRlc2hvdyI6IjZlNTU4NzcifQ%3D%3D\">\n\t\t\t\t\t<div class=\"e-gallery-image elementor-gallery-item__image\" data-thumbnail=\"https:\/\/www.jgclassics.com\/wp-content\/uploads\/2025\/10\/20250627_200944-300x169.jpg\" data-width=\"300\" data-height=\"169\" aria-label=\"VW Volkswagen Karmann Ghia 1963\" role=\"img\" ><\/div>\n\t\t\t\t\t\t\t\t\t\t\t<div class=\"elementor-gallery-item__overlay\"><\/div>\n\t\t\t\t\t\t\t\t\t\t\t\t\t\t<\/a>\n\t\t\t\t\t\t\t<a class=\"e-gallery-item elementor-gallery-item elementor-animated-content\" data-e-gallery-tags=\"0\" href=\"https:\/\/www.jgclassics.com\/wp-content\/uploads\/2025\/10\/20250627_200803-scaled.jpg\" data-elementor-open-lightbox=\"yes\" data-elementor-lightbox-slideshow=\"6e55877\" data-elementor-lightbox-title=\"VW Volkswagen Karmann Ghia 1963\" data-elementor-lightbox-description=\"VW Volkswagen Karmann Ghia Barcelone. Disponible \u00e0 la location pour des s\u00e9ances photos, des tournages ou des \u00e9v\u00e9nements. \" data-e-action-hash=\"#elementor-action%3Aaction%3Dlightbox%26settings%3DeyJpZCI6MjMwNzIsInVybCI6Imh0dHBzOlwvXC93d3cuamdjbGFzc2ljcy5jb21cL3dwLWNvbnRlbnRcL3VwbG9hZHNcLzIwMjVcLzEwXC8yMDI1MDYyN18yMDA4MDMtc2NhbGVkLmpwZyIsInNsaWRlc2hvdyI6IjZlNTU4NzcifQ%3D%3D\">\n\t\t\t\t\t<div class=\"e-gallery-image elementor-gallery-item__image\" data-thumbnail=\"https:\/\/www.jgclassics.com\/wp-content\/uploads\/2025\/10\/20250627_200803-300x169.jpg\" data-width=\"300\" data-height=\"169\" aria-label=\"VW Volkswagen Karmann Ghia 1963\" role=\"img\" ><\/div>\n\t\t\t\t\t\t\t\t\t\t\t<div class=\"elementor-gallery-item__overlay\"><\/div>\n\t\t\t\t\t\t\t\t\t\t\t\t\t\t<\/a>\n\t\t\t\t\t\t\t<a class=\"e-gallery-item elementor-gallery-item elementor-animated-content\" data-e-gallery-tags=\"0\" href=\"https:\/\/www.jgclassics.com\/wp-content\/uploads\/2025\/10\/20250627_200621-scaled.jpg\" data-elementor-open-lightbox=\"yes\" data-elementor-lightbox-slideshow=\"6e55877\" data-elementor-lightbox-title=\"VW Volkswagen Karmann Ghia 1963\" data-elementor-lightbox-description=\"VW Volkswagen Karmann Ghia Barcelone. Disponible \u00e0 la location pour des s\u00e9ances photos, des tournages ou des \u00e9v\u00e9nements. \" data-e-action-hash=\"#elementor-action%3Aaction%3Dlightbox%26settings%3DeyJpZCI6MjMwODksInVybCI6Imh0dHBzOlwvXC93d3cuamdjbGFzc2ljcy5jb21cL3dwLWNvbnRlbnRcL3VwbG9hZHNcLzIwMjVcLzEwXC8yMDI1MDYyN18yMDA2MjEtc2NhbGVkLmpwZyIsInNsaWRlc2hvdyI6IjZlNTU4NzcifQ%3D%3D\">\n\t\t\t\t\t<div class=\"e-gallery-image elementor-gallery-item__image\" data-thumbnail=\"https:\/\/www.jgclassics.com\/wp-content\/uploads\/2025\/10\/20250627_200621-300x169.jpg\" data-width=\"300\" data-height=\"169\" aria-label=\"VW Volkswagen Karmann Ghia 1963.\" role=\"img\" ><\/div>\n\t\t\t\t\t\t\t\t\t\t\t<div class=\"elementor-gallery-item__overlay\"><\/div>\n\t\t\t\t\t\t\t\t\t\t\t\t\t\t<\/a>\n\t\t\t\t\t\t\t<a class=\"e-gallery-item elementor-gallery-item elementor-animated-content\" data-e-gallery-tags=\"0\" href=\"https:\/\/www.jgclassics.com\/wp-content\/uploads\/2025\/10\/20250627_195714-scaled.jpg\" data-elementor-open-lightbox=\"yes\" data-elementor-lightbox-slideshow=\"6e55877\" data-elementor-lightbox-title=\"VW Volkswagen Karmann Ghia 1963\" data-elementor-lightbox-description=\"VW Volkswagen Karmann Ghia Barcelone. Disponible \u00e0 la location pour des s\u00e9ances photos, des tournages ou des \u00e9v\u00e9nements. \" data-e-action-hash=\"#elementor-action%3Aaction%3Dlightbox%26settings%3DeyJpZCI6MjMwOTAsInVybCI6Imh0dHBzOlwvXC93d3cuamdjbGFzc2ljcy5jb21cL3dwLWNvbnRlbnRcL3VwbG9hZHNcLzIwMjVcLzEwXC8yMDI1MDYyN18xOTU3MTQtc2NhbGVkLmpwZyIsInNsaWRlc2hvdyI6IjZlNTU4NzcifQ%3D%3D\">\n\t\t\t\t\t<div class=\"e-gallery-image elementor-gallery-item__image\" data-thumbnail=\"https:\/\/www.jgclassics.com\/wp-content\/uploads\/2025\/10\/20250627_195714-300x169.jpg\" data-width=\"300\" data-height=\"169\" aria-label=\"VW Volkswagen Karmann Ghia 1963\" role=\"img\" ><\/div>\n\t\t\t\t\t\t\t\t\t\t\t<div class=\"elementor-gallery-item__overlay\"><\/div>\n\t\t\t\t\t\t\t\t\t\t\t\t\t\t<\/a>\n\t\t\t\t\t\t\t<a class=\"e-gallery-item elementor-gallery-item elementor-animated-content\" data-e-gallery-tags=\"0\" href=\"https:\/\/www.jgclassics.com\/wp-content\/uploads\/2025\/10\/20250627_195634-scaled.jpg\" data-elementor-open-lightbox=\"yes\" data-elementor-lightbox-slideshow=\"6e55877\" data-elementor-lightbox-title=\"VW Volkswagen Karmann Ghia 1963\" data-elementor-lightbox-description=\"VW Volkswagen Karmann Ghia Barcelone. Disponible \u00e0 la location pour des s\u00e9ances photos, des tournages ou des \u00e9v\u00e9nements. \" data-e-action-hash=\"#elementor-action%3Aaction%3Dlightbox%26settings%3DeyJpZCI6MjMwOTEsInVybCI6Imh0dHBzOlwvXC93d3cuamdjbGFzc2ljcy5jb21cL3dwLWNvbnRlbnRcL3VwbG9hZHNcLzIwMjVcLzEwXC8yMDI1MDYyN18xOTU2MzQtc2NhbGVkLmpwZyIsInNsaWRlc2hvdyI6IjZlNTU4NzcifQ%3D%3D\">\n\t\t\t\t\t<div class=\"e-gallery-image elementor-gallery-item__image\" data-thumbnail=\"https:\/\/www.jgclassics.com\/wp-content\/uploads\/2025\/10\/20250627_195634-300x169.jpg\" data-width=\"300\" data-height=\"169\" aria-label=\"VW Volkswagen Karmann Ghia 1963\" role=\"img\" ><\/div>\n\t\t\t\t\t\t\t\t\t\t\t<div class=\"elementor-gallery-item__overlay\"><\/div>\n\t\t\t\t\t\t\t\t\t\t\t\t\t\t<\/a>\n\t\t\t\t\t\t\t<a class=\"e-gallery-item elementor-gallery-item elementor-animated-content\" data-e-gallery-tags=\"0\" href=\"https:\/\/www.jgclassics.com\/wp-content\/uploads\/2025\/10\/20250627_195623-scaled.jpg\" data-elementor-open-lightbox=\"yes\" data-elementor-lightbox-slideshow=\"6e55877\" data-elementor-lightbox-title=\"VW Volkswagen Karmann Ghia 1963\" data-elementor-lightbox-description=\"VW Volkswagen Karmann Ghia Barcelone. Disponible \u00e0 la location pour des s\u00e9ances photos, des tournages ou des \u00e9v\u00e9nements. \" data-e-action-hash=\"#elementor-action%3Aaction%3Dlightbox%26settings%3DeyJpZCI6MjMwOTIsInVybCI6Imh0dHBzOlwvXC93d3cuamdjbGFzc2ljcy5jb21cL3dwLWNvbnRlbnRcL3VwbG9hZHNcLzIwMjVcLzEwXC8yMDI1MDYyN18xOTU2MjMtc2NhbGVkLmpwZyIsInNsaWRlc2hvdyI6IjZlNTU4NzcifQ%3D%3D\">\n\t\t\t\t\t<div class=\"e-gallery-image elementor-gallery-item__image\" data-thumbnail=\"https:\/\/www.jgclassics.com\/wp-content\/uploads\/2025\/10\/20250627_195623-300x169.jpg\" data-width=\"300\" data-height=\"169\" aria-label=\"VW Volkswagen Karmann Ghia 1963\" role=\"img\" ><\/div>\n\t\t\t\t\t\t\t\t\t\t\t<div class=\"elementor-gallery-item__overlay\"><\/div>\n\t\t\t\t\t\t\t\t\t\t\t\t\t\t<\/a>\n\t\t\t\t\t\t\t<a class=\"e-gallery-item elementor-gallery-item elementor-animated-content\" data-e-gallery-tags=\"0\" href=\"https:\/\/www.jgclassics.com\/wp-content\/uploads\/2025\/10\/20250627_195605-scaled.jpg\" data-elementor-open-lightbox=\"yes\" data-elementor-lightbox-slideshow=\"6e55877\" data-elementor-lightbox-title=\"VW Volkswagen Karmann Ghia 1963\" data-elementor-lightbox-description=\"VW Volkswagen Karmann Ghia Barcelone. Disponible \u00e0 la location pour des s\u00e9ances photos, des tournages ou des \u00e9v\u00e9nements. \" data-e-action-hash=\"#elementor-action%3Aaction%3Dlightbox%26settings%3DeyJpZCI6MjMwOTMsInVybCI6Imh0dHBzOlwvXC93d3cuamdjbGFzc2ljcy5jb21cL3dwLWNvbnRlbnRcL3VwbG9hZHNcLzIwMjVcLzEwXC8yMDI1MDYyN18xOTU2MDUtc2NhbGVkLmpwZyIsInNsaWRlc2hvdyI6IjZlNTU4NzcifQ%3D%3D\">\n\t\t\t\t\t<div class=\"e-gallery-image elementor-gallery-item__image\" data-thumbnail=\"https:\/\/www.jgclassics.com\/wp-content\/uploads\/2025\/10\/20250627_195605-300x169.jpg\" data-width=\"300\" data-height=\"169\" aria-label=\"VW Volkswagen Karmann Ghia 1963\" role=\"img\" ><\/div>\n\t\t\t\t\t\t\t\t\t\t\t<div class=\"elementor-gallery-item__overlay\"><\/div>\n\t\t\t\t\t\t\t\t\t\t\t\t\t\t<\/a>\n\t\t\t\t\t\t\t<a class=\"e-gallery-item elementor-gallery-item elementor-animated-content\" data-e-gallery-tags=\"0\" href=\"https:\/\/www.jgclassics.com\/wp-content\/uploads\/2025\/10\/20250627_194749-scaled.jpg\" data-elementor-open-lightbox=\"yes\" data-elementor-lightbox-slideshow=\"6e55877\" data-elementor-lightbox-title=\"VW Volkswagen Karmann Ghia 1963\" data-elementor-lightbox-description=\"VW Volkswagen Karmann Ghia Barcelone. Disponible \u00e0 la location pour des s\u00e9ances photos, des tournages ou des \u00e9v\u00e9nements. \" data-e-action-hash=\"#elementor-action%3Aaction%3Dlightbox%26settings%3DeyJpZCI6MjMwNzEsInVybCI6Imh0dHBzOlwvXC93d3cuamdjbGFzc2ljcy5jb21cL3dwLWNvbnRlbnRcL3VwbG9hZHNcLzIwMjVcLzEwXC8yMDI1MDYyN18xOTQ3NDktc2NhbGVkLmpwZyIsInNsaWRlc2hvdyI6IjZlNTU4NzcifQ%3D%3D\">\n\t\t\t\t\t<div class=\"e-gallery-image elementor-gallery-item__image\" data-thumbnail=\"https:\/\/www.jgclassics.com\/wp-content\/uploads\/2025\/10\/20250627_194749-300x169.jpg\" data-width=\"300\" data-height=\"169\" aria-label=\"VW Volkswagen Karmann Ghia 1963\" role=\"img\" ><\/div>\n\t\t\t\t\t\t\t\t\t\t\t<div class=\"elementor-gallery-item__overlay\"><\/div>\n\t\t\t\t\t\t\t\t\t\t\t\t\t\t<\/a>\n\t\t\t\t\t\t\t<a class=\"e-gallery-item elementor-gallery-item elementor-animated-content\" data-e-gallery-tags=\"0\" href=\"https:\/\/www.jgclassics.com\/wp-content\/uploads\/2025\/10\/20250627_194818-scaled.jpg\" data-elementor-open-lightbox=\"yes\" data-elementor-lightbox-slideshow=\"6e55877\" data-elementor-lightbox-title=\"VW Volkswagen Karmann Ghia 1963\" data-elementor-lightbox-description=\"VW Volkswagen Karmann Ghia Barcelone. Disponible \u00e0 la location pour des s\u00e9ances photos, des tournages ou des \u00e9v\u00e9nements. \" data-e-action-hash=\"#elementor-action%3Aaction%3Dlightbox%26settings%3DeyJpZCI6MjMwOTQsInVybCI6Imh0dHBzOlwvXC93d3cuamdjbGFzc2ljcy5jb21cL3dwLWNvbnRlbnRcL3VwbG9hZHNcLzIwMjVcLzEwXC8yMDI1MDYyN18xOTQ4MTgtc2NhbGVkLmpwZyIsInNsaWRlc2hvdyI6IjZlNTU4NzcifQ%3D%3D\">\n\t\t\t\t\t<div class=\"e-gallery-image elementor-gallery-item__image\" data-thumbnail=\"https:\/\/www.jgclassics.com\/wp-content\/uploads\/2025\/10\/20250627_194818-300x169.jpg\" data-width=\"300\" data-height=\"169\" aria-label=\"VW Volkswagen Karmann Ghia 1963\" role=\"img\" ><\/div>\n\t\t\t\t\t\t\t\t\t\t\t<div class=\"elementor-gallery-item__overlay\"><\/div>\n\t\t\t\t\t\t\t\t\t\t\t\t\t\t<\/a>\n\t\t\t\t\t\t\t<a class=\"e-gallery-item elementor-gallery-item elementor-animated-content\" data-e-gallery-tags=\"1\" href=\"https:\/\/www.jgclassics.com\/wp-content\/uploads\/2025\/10\/20250627_200901-scaled.jpg\" data-elementor-open-lightbox=\"yes\" data-elementor-lightbox-slideshow=\"6e55877\" data-elementor-lightbox-title=\"VW Volkswagen Karmann Ghia 1963. A l&#039;int\u00e9rieur\" data-elementor-lightbox-description=\"VW Volkswagen Karmann Ghia Barcelone. Disponible \u00e0 la location pour des s\u00e9ances photos, des tournages ou des \u00e9v\u00e9nements. \" data-e-action-hash=\"#elementor-action%3Aaction%3Dlightbox%26settings%3DeyJpZCI6MjMwOTUsInVybCI6Imh0dHBzOlwvXC93d3cuamdjbGFzc2ljcy5jb21cL3dwLWNvbnRlbnRcL3VwbG9hZHNcLzIwMjVcLzEwXC8yMDI1MDYyN18yMDA5MDEtc2NhbGVkLmpwZyIsInNsaWRlc2hvdyI6IjZlNTU4NzcifQ%3D%3D\">\n\t\t\t\t\t<div class=\"e-gallery-image elementor-gallery-item__image\" data-thumbnail=\"https:\/\/www.jgclassics.com\/wp-content\/uploads\/2025\/10\/20250627_200901-300x169.jpg\" data-width=\"300\" data-height=\"169\" aria-label=\"VW Volkswagen Karmann Ghia 1963. A l&#039;int\u00e9rieur\" role=\"img\" ><\/div>\n\t\t\t\t\t\t\t\t\t\t\t<div class=\"elementor-gallery-item__overlay\"><\/div>\n\t\t\t\t\t\t\t\t\t\t\t\t\t\t<\/a>\n\t\t\t\t\t\t\t<a class=\"e-gallery-item elementor-gallery-item elementor-animated-content\" data-e-gallery-tags=\"1\" href=\"https:\/\/www.jgclassics.com\/wp-content\/uploads\/2025\/10\/20250627_200854-scaled.jpg\" data-elementor-open-lightbox=\"yes\" data-elementor-lightbox-slideshow=\"6e55877\" data-elementor-lightbox-title=\"VW Volkswagen Karmann Ghia 1963. A l&#039;int\u00e9rieur\" data-elementor-lightbox-description=\"VW Volkswagen Karmann Ghia Barcelone. Disponible \u00e0 la location pour des s\u00e9ances photos, des tournages ou des \u00e9v\u00e9nements. \" data-e-action-hash=\"#elementor-action%3Aaction%3Dlightbox%26settings%3DeyJpZCI6MjMwOTYsInVybCI6Imh0dHBzOlwvXC93d3cuamdjbGFzc2ljcy5jb21cL3dwLWNvbnRlbnRcL3VwbG9hZHNcLzIwMjVcLzEwXC8yMDI1MDYyN18yMDA4NTQtc2NhbGVkLmpwZyIsInNsaWRlc2hvdyI6IjZlNTU4NzcifQ%3D%3D\">\n\t\t\t\t\t<div class=\"e-gallery-image elementor-gallery-item__image\" data-thumbnail=\"https:\/\/www.jgclassics.com\/wp-content\/uploads\/2025\/10\/20250627_200854-300x169.jpg\" data-width=\"300\" data-height=\"169\" aria-label=\"VW Volkswagen Karmann Ghia 1963. A l&#039;int\u00e9rieur\" role=\"img\" ><\/div>\n\t\t\t\t\t\t\t\t\t\t\t<div class=\"elementor-gallery-item__overlay\"><\/div>\n\t\t\t\t\t\t\t\t\t\t\t\t\t\t<\/a>\n\t\t\t\t\t\t\t<a class=\"e-gallery-item elementor-gallery-item elementor-animated-content\" data-e-gallery-tags=\"1\" href=\"https:\/\/www.jgclassics.com\/wp-content\/uploads\/2025\/10\/20250627_200835-scaled.jpg\" data-elementor-open-lightbox=\"yes\" data-elementor-lightbox-slideshow=\"6e55877\" data-elementor-lightbox-title=\"VW Volkswagen Karmann Ghia 1963. A l&#039;int\u00e9rieur\" data-elementor-lightbox-description=\"VW Volkswagen Karmann Ghia Barcelone. Disponible \u00e0 la location pour des s\u00e9ances photos, des tournages ou des \u00e9v\u00e9nements. \" data-e-action-hash=\"#elementor-action%3Aaction%3Dlightbox%26settings%3DeyJpZCI6MjMwNzMsInVybCI6Imh0dHBzOlwvXC93d3cuamdjbGFzc2ljcy5jb21cL3dwLWNvbnRlbnRcL3VwbG9hZHNcLzIwMjVcLzEwXC8yMDI1MDYyN18yMDA4MzUtc2NhbGVkLmpwZyIsInNsaWRlc2hvdyI6IjZlNTU4NzcifQ%3D%3D\">\n\t\t\t\t\t<div class=\"e-gallery-image elementor-gallery-item__image\" data-thumbnail=\"https:\/\/www.jgclassics.com\/wp-content\/uploads\/2025\/10\/20250627_200835-300x169.jpg\" data-width=\"300\" data-height=\"169\" aria-label=\"VW Volkswagen Karmann Ghia 1963. A l&#039;int\u00e9rieur\" role=\"img\" ><\/div>\n\t\t\t\t\t\t\t\t\t\t\t<div class=\"elementor-gallery-item__overlay\"><\/div>\n\t\t\t\t\t\t\t\t\t\t\t\t\t\t<\/a>\n\t\t\t\t\t\t\t<a class=\"e-gallery-item elementor-gallery-item elementor-animated-content\" data-e-gallery-tags=\"1\" href=\"https:\/\/www.jgclassics.com\/wp-content\/uploads\/2025\/10\/20250627_200831-scaled.jpg\" data-elementor-open-lightbox=\"yes\" data-elementor-lightbox-slideshow=\"6e55877\" data-elementor-lightbox-title=\"VW Volkswagen Karmann Ghia 1963. A l&#039;int\u00e9rieur\" data-elementor-lightbox-description=\"VW Volkswagen Karmann Ghia Barcelone. Disponible \u00e0 la location pour des s\u00e9ances photos, des tournages ou des \u00e9v\u00e9nements. \" data-e-action-hash=\"#elementor-action%3Aaction%3Dlightbox%26settings%3DeyJpZCI6MjMwOTcsInVybCI6Imh0dHBzOlwvXC93d3cuamdjbGFzc2ljcy5jb21cL3dwLWNvbnRlbnRcL3VwbG9hZHNcLzIwMjVcLzEwXC8yMDI1MDYyN18yMDA4MzEtc2NhbGVkLmpwZyIsInNsaWRlc2hvdyI6IjZlNTU4NzcifQ%3D%3D\">\n\t\t\t\t\t<div class=\"e-gallery-image elementor-gallery-item__image\" data-thumbnail=\"https:\/\/www.jgclassics.com\/wp-content\/uploads\/2025\/10\/20250627_200831-300x169.jpg\" data-width=\"300\" data-height=\"169\" aria-label=\"VW Volkswagen Karmann Ghia 1963. A l&#039;int\u00e9rieur\" role=\"img\" ><\/div>\n\t\t\t\t\t\t\t\t\t\t\t<div class=\"elementor-gallery-item__overlay\"><\/div>\n\t\t\t\t\t\t\t\t\t\t\t\t\t\t<\/a>\n\t\t\t\t\t\t\t<a class=\"e-gallery-item elementor-gallery-item elementor-animated-content\" data-e-gallery-tags=\"1\" href=\"https:\/\/www.jgclassics.com\/wp-content\/uploads\/2025\/10\/20250627_200823-scaled.jpg\" data-elementor-open-lightbox=\"yes\" data-elementor-lightbox-slideshow=\"6e55877\" data-elementor-lightbox-title=\"VW Volkswagen Karmann Ghia 1963\" data-elementor-lightbox-description=\"VW Volkswagen Karmann Ghia Barcelone. Disponible \u00e0 la location pour des s\u00e9ances photos, des tournages ou des \u00e9v\u00e9nements. \" data-e-action-hash=\"#elementor-action%3Aaction%3Dlightbox%26settings%3DeyJpZCI6MjMwOTgsInVybCI6Imh0dHBzOlwvXC93d3cuamdjbGFzc2ljcy5jb21cL3dwLWNvbnRlbnRcL3VwbG9hZHNcLzIwMjVcLzEwXC8yMDI1MDYyN18yMDA4MjMtc2NhbGVkLmpwZyIsInNsaWRlc2hvdyI6IjZlNTU4NzcifQ%3D%3D\">\n\t\t\t\t\t<div class=\"e-gallery-image elementor-gallery-item__image\" data-thumbnail=\"https:\/\/www.jgclassics.com\/wp-content\/uploads\/2025\/10\/20250627_200823-300x169.jpg\" data-width=\"300\" data-height=\"169\" aria-label=\"VW Volkswagen Karmann Ghia 1963\" role=\"img\" ><\/div>\n\t\t\t\t\t\t\t\t\t\t\t<div class=\"elementor-gallery-item__overlay\"><\/div>\n\t\t\t\t\t\t\t\t\t\t\t\t\t\t<\/a>\n\t\t\t\t\t\t\t<a class=\"e-gallery-item elementor-gallery-item elementor-animated-content\" data-e-gallery-tags=\"1\" href=\"https:\/\/www.jgclassics.com\/wp-content\/uploads\/2025\/10\/20250627_200741-scaled.jpg\" data-elementor-open-lightbox=\"yes\" data-elementor-lightbox-slideshow=\"6e55877\" data-elementor-lightbox-title=\"VW Volkswagen Karmann Ghia 1963 Int\u00e9rieur\" data-elementor-lightbox-description=\"VW Volkswagen Karmann Ghia Barcelone. Disponible \u00e0 la location pour des s\u00e9ances photos, des tournages ou des \u00e9v\u00e9nements. \" data-e-action-hash=\"#elementor-action%3Aaction%3Dlightbox%26settings%3DeyJpZCI6MjMwNzQsInVybCI6Imh0dHBzOlwvXC93d3cuamdjbGFzc2ljcy5jb21cL3dwLWNvbnRlbnRcL3VwbG9hZHNcLzIwMjVcLzEwXC8yMDI1MDYyN18yMDA3NDEtc2NhbGVkLmpwZyIsInNsaWRlc2hvdyI6IjZlNTU4NzcifQ%3D%3D\">\n\t\t\t\t\t<div class=\"e-gallery-image elementor-gallery-item__image\" data-thumbnail=\"https:\/\/www.jgclassics.com\/wp-content\/uploads\/2025\/10\/20250627_200741-300x169.jpg\" data-width=\"300\" data-height=\"169\" aria-label=\"VW Volkswagen Karmann Ghia 1963. A l&#039;int\u00e9rieur\" role=\"img\" ><\/div>\n\t\t\t\t\t\t\t\t\t\t\t<div class=\"elementor-gallery-item__overlay\"><\/div>\n\t\t\t\t\t\t\t\t\t\t\t\t\t\t<\/a>\n\t\t\t\t\t\t\t<a class=\"e-gallery-item elementor-gallery-item elementor-animated-content\" data-e-gallery-tags=\"1\" href=\"https:\/\/www.jgclassics.com\/wp-content\/uploads\/2025\/10\/20250627_200732-scaled.jpg\" data-elementor-open-lightbox=\"yes\" data-elementor-lightbox-slideshow=\"6e55877\" data-elementor-lightbox-title=\"VW Volkswagen Karmann Ghia 1963. A l&#039;int\u00e9rieur\" data-elementor-lightbox-description=\"VW Volkswagen Karmann Ghia Barcelone. Disponible \u00e0 la location pour des s\u00e9ances photos, des tournages ou des \u00e9v\u00e9nements. \" data-e-action-hash=\"#elementor-action%3Aaction%3Dlightbox%26settings%3DeyJpZCI6MjMwOTksInVybCI6Imh0dHBzOlwvXC93d3cuamdjbGFzc2ljcy5jb21cL3dwLWNvbnRlbnRcL3VwbG9hZHNcLzIwMjVcLzEwXC8yMDI1MDYyN18yMDA3MzItc2NhbGVkLmpwZyIsInNsaWRlc2hvdyI6IjZlNTU4NzcifQ%3D%3D\">\n\t\t\t\t\t<div class=\"e-gallery-image elementor-gallery-item__image\" data-thumbnail=\"https:\/\/www.jgclassics.com\/wp-content\/uploads\/2025\/10\/20250627_200732-300x169.jpg\" data-width=\"300\" data-height=\"169\" aria-label=\"VW Volkswagen Karmann Ghia 1963. A l&#039;int\u00e9rieur\" role=\"img\" ><\/div>\n\t\t\t\t\t\t\t\t\t\t\t<div class=\"elementor-gallery-item__overlay\"><\/div>\n\t\t\t\t\t\t\t\t\t\t\t\t\t\t<\/a>\n\t\t\t\t\t\t\t<a class=\"e-gallery-item elementor-gallery-item elementor-animated-content\" data-e-gallery-tags=\"1\" href=\"https:\/\/www.jgclassics.com\/wp-content\/uploads\/2025\/10\/20250627_200715-scaled.jpg\" data-elementor-open-lightbox=\"yes\" data-elementor-lightbox-slideshow=\"6e55877\" data-elementor-lightbox-title=\"VW Volkswagen Karmann Ghia 1963. A l&#039;int\u00e9rieur\" data-elementor-lightbox-description=\"VW Volkswagen Karmann Ghia Barcelone. Disponible \u00e0 la location pour des s\u00e9ances photos, des tournages ou des \u00e9v\u00e9nements. \" data-e-action-hash=\"#elementor-action%3Aaction%3Dlightbox%26settings%3DeyJpZCI6MjMxMDAsInVybCI6Imh0dHBzOlwvXC93d3cuamdjbGFzc2ljcy5jb21cL3dwLWNvbnRlbnRcL3VwbG9hZHNcLzIwMjVcLzEwXC8yMDI1MDYyN18yMDA3MTUtc2NhbGVkLmpwZyIsInNsaWRlc2hvdyI6IjZlNTU4NzcifQ%3D%3D\">\n\t\t\t\t\t<div class=\"e-gallery-image elementor-gallery-item__image\" data-thumbnail=\"https:\/\/www.jgclassics.com\/wp-content\/uploads\/2025\/10\/20250627_200715-300x169.jpg\" data-width=\"300\" data-height=\"169\" aria-label=\"VW Volkswagen Karmann Ghia 1963. A l&#039;int\u00e9rieur\" role=\"img\" ><\/div>\n\t\t\t\t\t\t\t\t\t\t\t<div class=\"elementor-gallery-item__overlay\"><\/div>\n\t\t\t\t\t\t\t\t\t\t\t\t\t\t<\/a>\n\t\t\t\t\t\t\t<a class=\"e-gallery-item elementor-gallery-item elementor-animated-content\" data-e-gallery-tags=\"1\" href=\"https:\/\/www.jgclassics.com\/wp-content\/uploads\/2025\/10\/20250627_200705-scaled.jpg\" data-elementor-open-lightbox=\"yes\" data-elementor-lightbox-slideshow=\"6e55877\" data-elementor-lightbox-title=\"VW Volkswagen Karmann Ghia 1963. A l&#039;int\u00e9rieur\" data-elementor-lightbox-description=\"VW Volkswagen Karmann Ghia Barcelone. Disponible \u00e0 la location pour des s\u00e9ances photos, des tournages ou des \u00e9v\u00e9nements. \" data-e-action-hash=\"#elementor-action%3Aaction%3Dlightbox%26settings%3DeyJpZCI6MjMxMDEsInVybCI6Imh0dHBzOlwvXC93d3cuamdjbGFzc2ljcy5jb21cL3dwLWNvbnRlbnRcL3VwbG9hZHNcLzIwMjVcLzEwXC8yMDI1MDYyN18yMDA3MDUtc2NhbGVkLmpwZyIsInNsaWRlc2hvdyI6IjZlNTU4NzcifQ%3D%3D\">\n\t\t\t\t\t<div class=\"e-gallery-image elementor-gallery-item__image\" data-thumbnail=\"https:\/\/www.jgclassics.com\/wp-content\/uploads\/2025\/10\/20250627_200705-300x169.jpg\" data-width=\"300\" data-height=\"169\" aria-label=\"VW Volkswagen Karmann Ghia 1963. A l&#039;int\u00e9rieur\" role=\"img\" ><\/div>\n\t\t\t\t\t\t\t\t\t\t\t<div class=\"elementor-gallery-item__overlay\"><\/div>\n\t\t\t\t\t\t\t\t\t\t\t\t\t\t<\/a>\n\t\t\t\t\t\t\t<a class=\"e-gallery-item elementor-gallery-item elementor-animated-content\" data-e-gallery-tags=\"1\" href=\"https:\/\/www.jgclassics.com\/wp-content\/uploads\/2025\/10\/20250627_195536-scaled.jpg\" data-elementor-open-lightbox=\"yes\" data-elementor-lightbox-slideshow=\"6e55877\" data-elementor-lightbox-title=\"VW Volkswagen Karmann Ghia 1963. A l&#039;int\u00e9rieur\" data-elementor-lightbox-description=\"VW Volkswagen Karmann Ghia Barcelone. Disponible \u00e0 la location pour des s\u00e9ances photos, des tournages ou des \u00e9v\u00e9nements. \" data-e-action-hash=\"#elementor-action%3Aaction%3Dlightbox%26settings%3DeyJpZCI6MjMxMDIsInVybCI6Imh0dHBzOlwvXC93d3cuamdjbGFzc2ljcy5jb21cL3dwLWNvbnRlbnRcL3VwbG9hZHNcLzIwMjVcLzEwXC8yMDI1MDYyN18xOTU1MzYtc2NhbGVkLmpwZyIsInNsaWRlc2hvdyI6IjZlNTU4NzcifQ%3D%3D\">\n\t\t\t\t\t<div class=\"e-gallery-image elementor-gallery-item__image\" data-thumbnail=\"https:\/\/www.jgclassics.com\/wp-content\/uploads\/2025\/10\/20250627_195536-300x169.jpg\" data-width=\"300\" data-height=\"169\" aria-label=\"VW Volkswagen Karmann Ghia 1963. A l&#039;int\u00e9rieur\" role=\"img\" ><\/div>\n\t\t\t\t\t\t\t\t\t\t\t<div class=\"elementor-gallery-item__overlay\"><\/div>\n\t\t\t\t\t\t\t\t\t\t\t\t\t\t<\/a>\n\t\t\t\t\t\t\t<a class=\"e-gallery-item elementor-gallery-item elementor-animated-content\" data-e-gallery-tags=\"1\" href=\"https:\/\/www.jgclassics.com\/wp-content\/uploads\/2025\/10\/20250627_195530-scaled.jpg\" data-elementor-open-lightbox=\"yes\" data-elementor-lightbox-slideshow=\"6e55877\" data-elementor-lightbox-title=\"VW Volkswagen Karmann Ghia 1963. A l&#039;int\u00e9rieur\" data-elementor-lightbox-description=\"VW Volkswagen Karmann Ghia Barcelone. Disponible \u00e0 la location pour des s\u00e9ances photos, des tournages ou des \u00e9v\u00e9nements. \" data-e-action-hash=\"#elementor-action%3Aaction%3Dlightbox%26settings%3DeyJpZCI6MjMxMDMsInVybCI6Imh0dHBzOlwvXC93d3cuamdjbGFzc2ljcy5jb21cL3dwLWNvbnRlbnRcL3VwbG9hZHNcLzIwMjVcLzEwXC8yMDI1MDYyN18xOTU1MzAtc2NhbGVkLmpwZyIsInNsaWRlc2hvdyI6IjZlNTU4NzcifQ%3D%3D\">\n\t\t\t\t\t<div class=\"e-gallery-image elementor-gallery-item__image\" data-thumbnail=\"https:\/\/www.jgclassics.com\/wp-content\/uploads\/2025\/10\/20250627_195530-300x169.jpg\" data-width=\"300\" data-height=\"169\" aria-label=\"VW Volkswagen Karmann Ghia 1963. A l&#039;int\u00e9rieur\" role=\"img\" ><\/div>\n\t\t\t\t\t\t\t\t\t\t\t<div class=\"elementor-gallery-item__overlay\"><\/div>\n\t\t\t\t\t\t\t\t\t\t\t\t\t\t<\/a>\n\t\t\t\t\t\t\t<a class=\"e-gallery-item elementor-gallery-item elementor-animated-content\" data-e-gallery-tags=\"2\" href=\"https:\/\/www.jgclassics.com\/wp-content\/uploads\/2025\/10\/20250627_201220-scaled.jpg\" data-elementor-open-lightbox=\"yes\" data-elementor-lightbox-slideshow=\"6e55877\" data-elementor-lightbox-title=\"VW Volkswagen Karmann Ghia 1963. Vue du moteur\" data-elementor-lightbox-description=\"VW Volkswagen Karmann Ghia Barcelone. Disponible \u00e0 la location pour des s\u00e9ances photos, des tournages ou des \u00e9v\u00e9nements. \" data-e-action-hash=\"#elementor-action%3Aaction%3Dlightbox%26settings%3DeyJpZCI6MjMxMDQsInVybCI6Imh0dHBzOlwvXC93d3cuamdjbGFzc2ljcy5jb21cL3dwLWNvbnRlbnRcL3VwbG9hZHNcLzIwMjVcLzEwXC8yMDI1MDYyN18yMDEyMjAtc2NhbGVkLmpwZyIsInNsaWRlc2hvdyI6IjZlNTU4NzcifQ%3D%3D\">\n\t\t\t\t\t<div class=\"e-gallery-image elementor-gallery-item__image\" data-thumbnail=\"https:\/\/www.jgclassics.com\/wp-content\/uploads\/2025\/10\/20250627_201220-300x169.jpg\" data-width=\"300\" data-height=\"169\" aria-label=\"VW Volkswagen Karmann Ghia 1963. Vue du moteur \" role=\"img\" ><\/div>\n\t\t\t\t\t\t\t\t\t\t\t<div class=\"elementor-gallery-item__overlay\"><\/div>\n\t\t\t\t\t\t\t\t\t\t\t\t\t\t<\/a>\n\t\t\t\t\t\t\t<a class=\"e-gallery-item elementor-gallery-item elementor-animated-content\" data-e-gallery-tags=\"2\" href=\"https:\/\/www.jgclassics.com\/wp-content\/uploads\/2025\/10\/20250627_201214-scaled.jpg\" data-elementor-open-lightbox=\"yes\" data-elementor-lightbox-slideshow=\"6e55877\" data-elementor-lightbox-title=\"VW Volkswagen Karmann Ghia 1963. Vue du moteur\" data-elementor-lightbox-description=\"VW Volkswagen Karmann Ghia Barcelone. Disponible \u00e0 la location pour des s\u00e9ances photos, des tournages ou des \u00e9v\u00e9nements. \" data-e-action-hash=\"#elementor-action%3Aaction%3Dlightbox%26settings%3DeyJpZCI6MjMxMDUsInVybCI6Imh0dHBzOlwvXC93d3cuamdjbGFzc2ljcy5jb21cL3dwLWNvbnRlbnRcL3VwbG9hZHNcLzIwMjVcLzEwXC8yMDI1MDYyN18yMDEyMTQtc2NhbGVkLmpwZyIsInNsaWRlc2hvdyI6IjZlNTU4NzcifQ%3D%3D\">\n\t\t\t\t\t<div class=\"e-gallery-image elementor-gallery-item__image\" data-thumbnail=\"https:\/\/www.jgclassics.com\/wp-content\/uploads\/2025\/10\/20250627_201214-169x300.jpg\" data-width=\"169\" data-height=\"300\" aria-label=\"VW Volkswagen Karmann Ghia 1963. Vue du moteur \" role=\"img\" ><\/div>\n\t\t\t\t\t\t\t\t\t\t\t<div class=\"elementor-gallery-item__overlay\"><\/div>\n\t\t\t\t\t\t\t\t\t\t\t\t\t\t<\/a>\n\t\t\t\t\t\t\t<a class=\"e-gallery-item elementor-gallery-item elementor-animated-content\" data-e-gallery-tags=\"2\" href=\"https:\/\/www.jgclassics.com\/wp-content\/uploads\/2025\/10\/20250627_201209-scaled.jpg\" data-elementor-open-lightbox=\"yes\" data-elementor-lightbox-slideshow=\"6e55877\" data-elementor-lightbox-title=\"VW Volkswagen Karmann Ghia 1963. Vue du moteur\" data-elementor-lightbox-description=\"VW Volkswagen Karmann Ghia Barcelone. Disponible \u00e0 la location pour des s\u00e9ances photos, des tournages ou des \u00e9v\u00e9nements. \" data-e-action-hash=\"#elementor-action%3Aaction%3Dlightbox%26settings%3DeyJpZCI6MjMxMDYsInVybCI6Imh0dHBzOlwvXC93d3cuamdjbGFzc2ljcy5jb21cL3dwLWNvbnRlbnRcL3VwbG9hZHNcLzIwMjVcLzEwXC8yMDI1MDYyN18yMDEyMDktc2NhbGVkLmpwZyIsInNsaWRlc2hvdyI6IjZlNTU4NzcifQ%3D%3D\">\n\t\t\t\t\t<div class=\"e-gallery-image elementor-gallery-item__image\" data-thumbnail=\"https:\/\/www.jgclassics.com\/wp-content\/uploads\/2025\/10\/20250627_201209-300x169.jpg\" data-width=\"300\" data-height=\"169\" aria-label=\"VW Volkswagen Karmann Ghia 1963. Vue du moteur \" role=\"img\" ><\/div>\n\t\t\t\t\t\t\t\t\t\t\t<div class=\"elementor-gallery-item__overlay\"><\/div>\n\t\t\t\t\t\t\t\t\t\t\t\t\t\t<\/a>\n\t\t\t\t\t\t\t<a class=\"e-gallery-item elementor-gallery-item elementor-animated-content\" data-e-gallery-tags=\"2\" href=\"https:\/\/www.jgclassics.com\/wp-content\/uploads\/2025\/10\/20250627_201139-scaled.jpg\" data-elementor-open-lightbox=\"yes\" data-elementor-lightbox-slideshow=\"6e55877\" data-elementor-lightbox-title=\"VW Volkswagen Karmann Ghia 1963. Vue du moteur\" data-elementor-lightbox-description=\"VW Volkswagen Karmann Ghia Barcelone. Disponible \u00e0 la location pour des s\u00e9ances photos, des tournages ou des \u00e9v\u00e9nements. \" data-e-action-hash=\"#elementor-action%3Aaction%3Dlightbox%26settings%3DeyJpZCI6MjMxMDcsInVybCI6Imh0dHBzOlwvXC93d3cuamdjbGFzc2ljcy5jb21cL3dwLWNvbnRlbnRcL3VwbG9hZHNcLzIwMjVcLzEwXC8yMDI1MDYyN18yMDExMzktc2NhbGVkLmpwZyIsInNsaWRlc2hvdyI6IjZlNTU4NzcifQ%3D%3D\">\n\t\t\t\t\t<div class=\"e-gallery-image elementor-gallery-item__image\" data-thumbnail=\"https:\/\/www.jgclassics.com\/wp-content\/uploads\/2025\/10\/20250627_201139-169x300.jpg\" data-width=\"169\" data-height=\"300\" aria-label=\"VW Volkswagen Karmann Ghia 1963. Vue du moteur \" role=\"img\" ><\/div>\n\t\t\t\t\t\t\t\t\t\t\t<div class=\"elementor-gallery-item__overlay\"><\/div>\n\t\t\t\t\t\t\t\t\t\t\t\t\t\t<\/a>\n\t\t\t\t\t\t\t<a class=\"e-gallery-item elementor-gallery-item elementor-animated-content\" data-e-gallery-tags=\"2\" href=\"https:\/\/www.jgclassics.com\/wp-content\/uploads\/2025\/10\/20250627_201132-scaled.jpg\" data-elementor-open-lightbox=\"yes\" data-elementor-lightbox-slideshow=\"6e55877\" data-elementor-lightbox-title=\"VW Volkswagen Karmann Ghia 1963. Vue du moteur\" data-elementor-lightbox-description=\"VW Volkswagen Karmann Ghia Barcelone. Disponible \u00e0 la location pour des s\u00e9ances photos, des tournages ou des \u00e9v\u00e9nements. \" data-e-action-hash=\"#elementor-action%3Aaction%3Dlightbox%26settings%3DeyJpZCI6MjMwNzUsInVybCI6Imh0dHBzOlwvXC93d3cuamdjbGFzc2ljcy5jb21cL3dwLWNvbnRlbnRcL3VwbG9hZHNcLzIwMjVcLzEwXC8yMDI1MDYyN18yMDExMzItc2NhbGVkLmpwZyIsInNsaWRlc2hvdyI6IjZlNTU4NzcifQ%3D%3D\">\n\t\t\t\t\t<div class=\"e-gallery-image elementor-gallery-item__image\" data-thumbnail=\"https:\/\/www.jgclassics.com\/wp-content\/uploads\/2025\/10\/20250627_201132-169x300.jpg\" data-width=\"169\" data-height=\"300\" aria-label=\"VW Volkswagen Karmann Ghia 1963. Vue du moteur \" role=\"img\" ><\/div>\n\t\t\t\t\t\t\t\t\t\t\t<div class=\"elementor-gallery-item__overlay\"><\/div>\n\t\t\t\t\t\t\t\t\t\t\t\t\t\t<\/a>\n\t\t\t\t\t\t\t<a class=\"e-gallery-item elementor-gallery-item elementor-animated-content\" data-e-gallery-tags=\"2\" href=\"https:\/\/www.jgclassics.com\/wp-content\/uploads\/2025\/10\/20250627_195502-scaled.jpg\" data-elementor-open-lightbox=\"yes\" data-elementor-lightbox-slideshow=\"6e55877\" data-elementor-lightbox-title=\"VW Volkswagen Karmann Ghia 1963. Vue du moteur\" data-elementor-lightbox-description=\"VW Volkswagen Karmann Ghia Barcelone. Disponible \u00e0 la location pour des s\u00e9ances photos, des tournages ou des \u00e9v\u00e9nements. \" data-e-action-hash=\"#elementor-action%3Aaction%3Dlightbox%26settings%3DeyJpZCI6MjMxMDgsInVybCI6Imh0dHBzOlwvXC93d3cuamdjbGFzc2ljcy5jb21cL3dwLWNvbnRlbnRcL3VwbG9hZHNcLzIwMjVcLzEwXC8yMDI1MDYyN18xOTU1MDItc2NhbGVkLmpwZyIsInNsaWRlc2hvdyI6IjZlNTU4NzcifQ%3D%3D\">\n\t\t\t\t\t<div class=\"e-gallery-image elementor-gallery-item__image\" data-thumbnail=\"https:\/\/www.jgclassics.com\/wp-content\/uploads\/2025\/10\/20250627_195502-300x169.jpg\" data-width=\"300\" data-height=\"169\" aria-label=\"VW Volkswagen Karmann Ghia 1963. Vue du moteur \" role=\"img\" ><\/div>\n\t\t\t\t\t\t\t\t\t\t\t<div class=\"elementor-gallery-item__overlay\"><\/div>\n\t\t\t\t\t\t\t\t\t\t\t\t\t\t<\/a>\n\t\t\t\t\t<\/div>\n\t\t\t\t\t<\/div>\n\t\t\t\t<\/div>\n\t\t\t\t\t<\/div>\n\t\t<\/div>\n\t\t\t\t\t<\/div>\n\t\t<\/section>\n\t\t\t\t<section data-particle_enable=\"false\" data-particle-mobile-disabled=\"false\" class=\"elementor-section elementor-top-section elementor-element elementor-element-9191439 elementor-section-boxed elementor-section-height-default elementor-section-height-default\" data-id=\"9191439\" data-element_type=\"section\" data-e-type=\"section\">\n\t\t\t\t\t\t<div class=\"elementor-container elementor-column-gap-default\">\n\t\t\t\t\t<div class=\"elementor-column elementor-col-100 elementor-top-column elementor-element elementor-element-e455e80\" data-id=\"e455e80\" data-element_type=\"column\" data-e-type=\"column\">\n\t\t\t<div class=\"elementor-widget-wrap elementor-element-populated\">\n\t\t\t\t\t\t<div class=\"elementor-element elementor-element-8e7085f elementor-widget elementor-widget-heading\" data-id=\"8e7085f\" data-element_type=\"widget\" data-e-type=\"widget\" data-widget_type=\"heading.default\">\n\t\t\t\t<div class=\"elementor-widget-container\">\n\t\t\t\t\t<h2 class=\"elementor-heading-title elementor-size-default\">VW Karmann Ghia - Histoire<\/h2>\t\t\t\t<\/div>\n\t\t\t\t<\/div>\n\t\t\t\t\t<\/div>\n\t\t<\/div>\n\t\t\t\t\t<\/div>\n\t\t<\/section>\n\t\t\t\t<section data-particle_enable=\"false\" data-particle-mobile-disabled=\"false\" class=\"elementor-section elementor-top-section elementor-element elementor-element-8bc581c elementor-section-boxed elementor-section-height-default elementor-section-height-default\" data-id=\"8bc581c\" data-element_type=\"section\" data-e-type=\"section\">\n\t\t\t\t\t\t<div class=\"elementor-container elementor-column-gap-default\">\n\t\t\t\t\t<div class=\"elementor-column elementor-col-50 elementor-top-column elementor-element elementor-element-246bc92\" data-id=\"246bc92\" data-element_type=\"column\" data-e-type=\"column\">\n\t\t\t<div class=\"elementor-widget-wrap elementor-element-populated\">\n\t\t\t\t\t\t<div class=\"elementor-element elementor-element-a2e6170 elementor-widget elementor-widget-text-editor\" data-id=\"a2e6170\" data-element_type=\"widget\" data-e-type=\"widget\" data-widget_type=\"text-editor.default\">\n\t\t\t\t<div class=\"elementor-widget-container\">\n\t\t\t\t\t\t\t\t\t<p>Apr\u00e8s la Seconde Guerre mondiale, l&#8217;industrie automobile europ\u00e9enne s&#8217;est concentr\u00e9e pendant des ann\u00e9es sur la satisfaction des besoins de mobilit\u00e9 de base. Volkswagen, avec le succ\u00e8s de sa <strong data-start=\"392\" data-end=\"402\">Coccinelle<\/strong>, avait pr\u00e9cis\u00e9ment rempli ce r\u00f4le : offrir une voiture fiable, simple et bon march\u00e9 pour reconstruire un pays. Cependant, au fil des ann\u00e9es 1950, la soci\u00e9t\u00e9 a commenc\u00e9 \u00e0 <strong data-start=\"593\" data-end=\"624\">r\u00e9orienter ses aspirations<\/strong>. Le public commence \u00e0 rechercher des voitures ayant une composante <strong data-start=\"685\" data-end=\"713\">plus \u00e9motionnelle et esth\u00e9tique<\/strong>, et non plus seulement fonctionnelle.   <\/p>\t\t\t\t\t\t\t\t<\/div>\n\t\t\t\t<\/div>\n\t\t\t\t\t<\/div>\n\t\t<\/div>\n\t\t\t\t<div class=\"elementor-column elementor-col-50 elementor-top-column elementor-element elementor-element-747a229\" data-id=\"747a229\" data-element_type=\"column\" data-e-type=\"column\">\n\t\t\t<div class=\"elementor-widget-wrap elementor-element-populated\">\n\t\t\t\t\t\t<div class=\"elementor-element elementor-element-96bc5e5 elementor-widget elementor-widget-image\" data-id=\"96bc5e5\" data-element_type=\"widget\" data-e-type=\"widget\" data-widget_type=\"image.default\">\n\t\t\t\t<div class=\"elementor-widget-container\">\n\t\t\t\t\t\t\t\t\t\t\t\t\t\t\t<img loading=\"lazy\" decoding=\"async\" width=\"720\" height=\"408\" src=\"https:\/\/www.jgclassics.com\/wp-content\/uploads\/2025\/10\/vw-karmann-ad.jpg\" class=\"attachment-large size-large wp-image-23109\" alt=\"publicit\u00e9 vw karmann ghia\" srcset=\"https:\/\/www.jgclassics.com\/wp-content\/uploads\/2025\/10\/vw-karmann-ad.jpg 720w, https:\/\/www.jgclassics.com\/wp-content\/uploads\/2025\/10\/vw-karmann-ad-300x170.jpg 300w\" sizes=\"(max-width: 720px) 100vw, 720px\" \/>\t\t\t\t\t\t\t\t\t\t\t\t\t\t\t<\/div>\n\t\t\t\t<\/div>\n\t\t\t\t\t<\/div>\n\t\t<\/div>\n\t\t\t\t\t<\/div>\n\t\t<\/section>\n\t\t\t\t<section data-particle_enable=\"false\" data-particle-mobile-disabled=\"false\" class=\"elementor-section elementor-top-section elementor-element elementor-element-4d0cfa0 elementor-section-boxed elementor-section-height-default elementor-section-height-default\" data-id=\"4d0cfa0\" data-element_type=\"section\" data-e-type=\"section\">\n\t\t\t\t\t\t<div class=\"elementor-container elementor-column-gap-default\">\n\t\t\t\t\t<div class=\"elementor-column elementor-col-100 elementor-top-column elementor-element elementor-element-18a7d80\" data-id=\"18a7d80\" data-element_type=\"column\" data-e-type=\"column\">\n\t\t\t<div class=\"elementor-widget-wrap elementor-element-populated\">\n\t\t\t\t\t\t<div class=\"elementor-element elementor-element-36515bb elementor-widget elementor-widget-text-editor\" data-id=\"36515bb\" data-element_type=\"widget\" data-e-type=\"widget\" data-widget_type=\"text-editor.default\">\n\t\t\t\t<div class=\"elementor-widget-container\">\n\t\t\t\t\t\t\t\t\t<p>C&#8217;est alors que Wolfsburg a eu l&#8217;id\u00e9e de cr\u00e9er un v\u00e9hicule qui, tout en conservant la simplicit\u00e9 m\u00e9canique et la robustesse de la marque, projetterait une <strong data-start=\"885\" data-end=\"919\">image plus raffin\u00e9e et plus passionn\u00e9e<\/strong>. C&#8217;est ainsi qu&#8217;est n\u00e9 le projet <strong data-start=\"947\" data-end=\"974\">Volkswagen Karmann Ghia<\/strong>, con\u00e7u pour allier l&#8217;ing\u00e9nierie allemande \u00e0 l&#8217;\u00e9l\u00e9gance du design italien.<\/p>\t\t\t\t\t\t\t\t<\/div>\n\t\t\t\t<\/div>\n\t\t\t\t\t<\/div>\n\t\t<\/div>\n\t\t\t\t\t<\/div>\n\t\t<\/section>\n\t\t\t\t<section data-particle_enable=\"false\" data-particle-mobile-disabled=\"false\" class=\"elementor-section elementor-top-section elementor-element elementor-element-400b846 elementor-section-boxed elementor-section-height-default elementor-section-height-default\" data-id=\"400b846\" data-element_type=\"section\" data-e-type=\"section\">\n\t\t\t\t\t\t<div class=\"elementor-container elementor-column-gap-default\">\n\t\t\t\t\t<div class=\"elementor-column elementor-col-100 elementor-top-column elementor-element elementor-element-eb0a50f\" data-id=\"eb0a50f\" data-element_type=\"column\" data-e-type=\"column\">\n\t\t\t<div class=\"elementor-widget-wrap elementor-element-populated\">\n\t\t\t\t\t\t<div class=\"elementor-element elementor-element-093bba0 elementor-widget elementor-widget-text-editor\" data-id=\"093bba0\" data-element_type=\"widget\" data-e-type=\"widget\" data-widget_type=\"text-editor.default\">\n\t\t\t\t<div class=\"elementor-widget-container\">\n\t\t\t\t\t\t\t\t\t<p>La <strong>Volkswagen Karmann Ghia<\/strong> a \u00e9t\u00e9 le premier mod\u00e8le sportif de Volkswagen, produit entre 1955 et 1974, d&#8217;abord sous la forme d&#8217;un <em>coup\u00e9<\/em> 2+2 places et, \u00e0 partir de 1957, \u00e9galement sous la forme d&#8217;un <strong>cabriolet<\/strong>. Son nom provient de la collaboration entre le carrossier allemand <strong>Karmann<\/strong> (responsable de la production) et la maison de design italienne <strong>Carrozzeria Ghia<\/strong> (responsable du style). Le r\u00e9sultat est une voiture aux lignes douces et au style raffin\u00e9, construite sur la plate-forme de la <strong>Coccinelle<\/strong> VW, dont elle a h\u00e9rit\u00e9 le simple moteur boxer arri\u00e8re et la fiabilit\u00e9 r\u00e9put\u00e9e. Bien que sa puissance soit modeste pour une voiture de sport (initialement ~30 ch avec un moteur de 1200 cm3), son design italien et sa robustesse m\u00e9canique allemande lui conf\u00e8rent un attrait unique, associ\u00e9 \u00e0 un prix abordable pour l&#8217;\u00e9poque.   <\/p>\t\t\t\t\t\t\t\t<\/div>\n\t\t\t\t<\/div>\n\t\t\t\t<div class=\"elementor-element elementor-element-ac27988 elementor-widget elementor-widget-text-editor\" data-id=\"ac27988\" data-element_type=\"widget\" data-e-type=\"widget\" data-widget_type=\"text-editor.default\">\n\t\t\t\t<div class=\"elementor-widget-container\">\n\t\t\t\t\t\t\t\t\t<p>La Karmann Ghia a connu un <strong>succ\u00e8s commercial imm\u00e9diat<\/strong>. En ao\u00fbt 1955, la premi\u00e8re voiture de s\u00e9rie sort de l&#8217;usine d&#8217;Osnabr\u00fcck, en Allemagne, et l&#8217;accueil du public d\u00e9passe les attentes : plus de <strong>10 000 unit\u00e9s<\/strong> sont vendues au cours de la <strong>premi\u00e8re ann\u00e9e<\/strong>. Volkswagen a rapidement d\u00fb <strong>doubler la production<\/strong> quotidienne pour r\u00e9pondre \u00e0 la demande. Au cours de sa p\u00e9riode de production, plus de <strong>445 000 Karmann Ghia<\/strong> ont \u00e9t\u00e9 assembl\u00e9es en Allemagne et 41 000 autres au Br\u00e9sil, qui \u00e9tait un autre march\u00e9 important pour ce mod\u00e8le. En fait, la Karmann Ghia est devenue la voiture import\u00e9e la plus vendue aux \u00c9tats-Unis \u00e0 la fin des ann\u00e9es 1950, gr\u00e2ce \u00e0 la combinaison de son apparence exotique avec la fiabilit\u00e9 et la faible consommation de carburant que le public associait \u00e0 Volkswagen. Le c\u00e9l\u00e8bre designer industriel Walter Dorwin Teague a m\u00eame inclus la Karmann Ghia dans sa liste des produits les mieux con\u00e7us au monde, reconnaissant la beaut\u00e9 intemporelle de ses formes.     <\/p>\t\t\t\t\t\t\t\t<\/div>\n\t\t\t\t<\/div>\n\t\t\t\t\t<\/div>\n\t\t<\/div>\n\t\t\t\t\t<\/div>\n\t\t<\/section>\n\t\t\t\t<section data-particle_enable=\"false\" data-particle-mobile-disabled=\"false\" class=\"elementor-section elementor-top-section elementor-element elementor-element-4186294 elementor-section-boxed elementor-section-height-default elementor-section-height-default\" data-id=\"4186294\" data-element_type=\"section\" data-e-type=\"section\">\n\t\t\t\t\t\t<div class=\"elementor-container elementor-column-gap-default\">\n\t\t\t\t\t<div class=\"elementor-column elementor-col-100 elementor-top-column elementor-element elementor-element-edf0f5b\" data-id=\"edf0f5b\" data-element_type=\"column\" data-e-type=\"column\">\n\t\t\t<div class=\"elementor-widget-wrap elementor-element-populated\">\n\t\t\t\t\t\t<div class=\"elementor-element elementor-element-40ba779 elementor-widget elementor-widget-heading\" data-id=\"40ba779\" data-element_type=\"widget\" data-e-type=\"widget\" data-widget_type=\"heading.default\">\n\t\t\t\t<div class=\"elementor-widget-container\">\n\t\t\t\t\t<h3 class=\"elementor-heading-title elementor-size-default\">VW Karmann Ghia - Origines et d\u00e9veloppement du mod\u00e8le<\/h3>\t\t\t\t<\/div>\n\t\t\t\t<\/div>\n\t\t\t\t\t<\/div>\n\t\t<\/div>\n\t\t\t\t\t<\/div>\n\t\t<\/section>\n\t\t\t\t<section data-particle_enable=\"false\" data-particle-mobile-disabled=\"false\" class=\"elementor-section elementor-top-section elementor-element elementor-element-8340dd4 elementor-section-boxed elementor-section-height-default elementor-section-height-default\" data-id=\"8340dd4\" data-element_type=\"section\" data-e-type=\"section\">\n\t\t\t\t\t\t<div class=\"elementor-container elementor-column-gap-default\">\n\t\t\t\t\t<div class=\"elementor-column elementor-col-100 elementor-top-column elementor-element elementor-element-df0bfcf\" data-id=\"df0bfcf\" data-element_type=\"column\" data-e-type=\"column\">\n\t\t\t<div class=\"elementor-widget-wrap elementor-element-populated\">\n\t\t\t\t\t\t<div class=\"elementor-element elementor-element-da36f00 elementor-widget elementor-widget-text-editor\" data-id=\"da36f00\" data-element_type=\"widget\" data-e-type=\"widget\" data-widget_type=\"text-editor.default\">\n\t\t\t\t<div class=\"elementor-widget-container\">\n\t\t\t\t\t\t\t\t\t<p>Apr\u00e8s la Seconde Guerre mondiale, l&#8217;industrie automobile europ\u00e9enne s&#8217;est attach\u00e9e \u00e0 r\u00e9pondre \u00e0 des besoins fondamentaux : une mobilit\u00e9 abordable et la fiabilit\u00e9. <strong data-start=\"490\" data-end=\"515\">C<\/strong> &#8216;est ce que repr\u00e9sentait la <strong data-start=\"490\" data-end=\"515\">coccinelle de Volkswagen<\/strong>. Mais au d\u00e9but des ann\u00e9es 1950, le public a commenc\u00e9 \u00e0 exiger des voitures <strong data-start=\"636\" data-end=\"676\">plus esth\u00e9tiques et \u00e9motionnelles<\/strong>, et pas seulement fonctionnelles. \u00c0 Wolfsburg, on s&#8217;est rendu compte que le moment \u00e9tait venu de proposer un mod\u00e8le qui transmettait <strong data-start=\"791\" data-end=\"813\">passion et \u00e9l\u00e9gance<\/strong> sans sacrifier la m\u00e9canique simple et robuste qui d\u00e9finissait la marque.   <\/p>\t\t\t\t\t\t\t\t<\/div>\n\t\t\t\t<\/div>\n\t\t\t\t\t<\/div>\n\t\t<\/div>\n\t\t\t\t\t<\/div>\n\t\t<\/section>\n\t\t\t\t<section data-particle_enable=\"false\" data-particle-mobile-disabled=\"false\" class=\"elementor-section elementor-top-section elementor-element elementor-element-e859a7a elementor-section-boxed elementor-section-height-default elementor-section-height-default\" data-id=\"e859a7a\" data-element_type=\"section\" data-e-type=\"section\">\n\t\t\t\t\t\t<div class=\"elementor-container elementor-column-gap-default\">\n\t\t\t\t\t<div class=\"elementor-column elementor-col-100 elementor-top-column elementor-element elementor-element-ae0bd7e\" data-id=\"ae0bd7e\" data-element_type=\"column\" data-e-type=\"column\">\n\t\t\t<div class=\"elementor-widget-wrap elementor-element-populated\">\n\t\t\t\t\t\t<div class=\"elementor-element elementor-element-653ca18 elementor-widget elementor-widget-text-editor\" data-id=\"653ca18\" data-element_type=\"widget\" data-e-type=\"widget\" data-widget_type=\"text-editor.default\">\n\t\t\t\t<div class=\"elementor-widget-container\">\n\t\t\t\t\t\t\t\t\t<p>Au d\u00e9but de la d\u00e9cennie, Volkswagen produisait principalement des voitures utilitaires &#8211; telles que la berline &#8220;Beetle&#8221; &#8211; caract\u00e9ris\u00e9es par l&#8217;\u00e9conomie et la simplicit\u00e9. Le PDG <strong data-start=\"1056\" data-end=\"1074\">Heinz Nordhoff<\/strong>, d&#8217;abord r\u00e9ticent aux &#8220;voitures \u00e0 image&#8221;, finit par accepter l&#8217;id\u00e9e de cr\u00e9er un <strong data-start=\"1158\" data-end=\"1191\">mod\u00e8le de prestige abordable<\/strong> qui renforcerait l&#8217;identit\u00e9 de Volkswagen. En 1953, il charge le carrossier <strong data-start=\"1264\" data-end=\"1275\">Karmann<\/strong>, qui produit d\u00e9j\u00e0 les cabriolets Beetle, de d\u00e9velopper un coup\u00e9 sportif.  <\/p>\t\t\t\t\t\t\t\t<\/div>\n\t\t\t\t<\/div>\n\t\t\t\t\t<\/div>\n\t\t<\/div>\n\t\t\t\t\t<\/div>\n\t\t<\/section>\n\t\t\t\t<section data-particle_enable=\"false\" data-particle-mobile-disabled=\"false\" class=\"elementor-section elementor-top-section elementor-element elementor-element-77fc082 elementor-section-boxed elementor-section-height-default elementor-section-height-default\" data-id=\"77fc082\" data-element_type=\"section\" data-e-type=\"section\">\n\t\t\t\t\t\t<div class=\"elementor-container elementor-column-gap-default\">\n\t\t\t\t\t<div class=\"elementor-column elementor-col-50 elementor-top-column elementor-element elementor-element-43be8b9\" data-id=\"43be8b9\" data-element_type=\"column\" data-e-type=\"column\">\n\t\t\t<div class=\"elementor-widget-wrap elementor-element-populated\">\n\t\t\t\t\t\t<div class=\"elementor-element elementor-element-9ab2293 elementor-widget elementor-widget-image\" data-id=\"9ab2293\" data-element_type=\"widget\" data-e-type=\"widget\" data-widget_type=\"image.default\">\n\t\t\t\t<div class=\"elementor-widget-container\">\n\t\t\t\t\t\t\t\t\t\t\t\t<figure class=\"wp-caption\">\n\t\t\t\t\t\t\t\t\t\t<img loading=\"lazy\" decoding=\"async\" width=\"608\" height=\"243\" src=\"https:\/\/www.jgclassics.com\/wp-content\/uploads\/2025\/10\/chrisler-d-elegance.jpg\" class=\"attachment-large size-large wp-image-23110\" alt=\"chrisler\" srcset=\"https:\/\/www.jgclassics.com\/wp-content\/uploads\/2025\/10\/chrisler-d-elegance.jpg 608w, https:\/\/www.jgclassics.com\/wp-content\/uploads\/2025\/10\/chrisler-d-elegance-300x120.jpg 300w\" sizes=\"(max-width: 608px) 100vw, 608px\" \/>\t\t\t\t\t\t\t\t\t\t\t<figcaption class=\"widget-image-caption wp-caption-text\">Chrisler d'Elegance Ghia<\/figcaption>\n\t\t\t\t\t\t\t\t\t\t<\/figure>\n\t\t\t\t\t\t\t\t\t<\/div>\n\t\t\t\t<\/div>\n\t\t\t\t<div class=\"elementor-element elementor-element-5d160ab elementor-widget elementor-widget-image\" data-id=\"5d160ab\" data-element_type=\"widget\" data-e-type=\"widget\" data-widget_type=\"image.default\">\n\t\t\t\t<div class=\"elementor-widget-container\">\n\t\t\t\t\t\t\t\t\t\t\t\t<figure class=\"wp-caption\">\n\t\t\t\t\t\t\t\t\t\t<img loading=\"lazy\" decoding=\"async\" width=\"1024\" height=\"416\" src=\"https:\/\/www.jgclassics.com\/wp-content\/uploads\/2025\/10\/karmann_red-1024x416.jpg\" class=\"attachment-large size-large wp-image-23111\" alt=\"karmann\" srcset=\"https:\/\/www.jgclassics.com\/wp-content\/uploads\/2025\/10\/karmann_red-1024x416.jpg 1024w, https:\/\/www.jgclassics.com\/wp-content\/uploads\/2025\/10\/karmann_red-300x122.jpg 300w, https:\/\/www.jgclassics.com\/wp-content\/uploads\/2025\/10\/karmann_red-768x312.jpg 768w, https:\/\/www.jgclassics.com\/wp-content\/uploads\/2025\/10\/karmann_red.jpg 1184w\" sizes=\"(max-width: 1024px) 100vw, 1024px\" \/>\t\t\t\t\t\t\t\t\t\t\t<figcaption class=\"widget-image-caption wp-caption-text\">VW Karmann Ghia<\/figcaption>\n\t\t\t\t\t\t\t\t\t\t<\/figure>\n\t\t\t\t\t\t\t\t\t<\/div>\n\t\t\t\t<\/div>\n\t\t\t\t\t<\/div>\n\t\t<\/div>\n\t\t\t\t<div class=\"elementor-column elementor-col-50 elementor-top-column elementor-element elementor-element-e968a0c\" data-id=\"e968a0c\" data-element_type=\"column\" data-e-type=\"column\">\n\t\t\t<div class=\"elementor-widget-wrap elementor-element-populated\">\n\t\t\t\t\t\t<div class=\"elementor-element elementor-element-a727612 elementor-widget elementor-widget-text-editor\" data-id=\"a727612\" data-element_type=\"widget\" data-e-type=\"widget\" data-widget_type=\"text-editor.default\">\n\t\t\t\t<div class=\"elementor-widget-container\">\n\t\t\t\t\t\t\t\t\t<p>Wilhelm Karmann se tourne alors vers la <strong data-start=\"1392\" data-end=\"1412\">Carrozzeria Ghia<\/strong> \u00e0 Turin, o\u00f9 le designer <strong data-start=\"1442\" data-end=\"1457\">Luigi Segre<\/strong> <strong>reprend un design inutilis\u00e9<\/strong> (con\u00e7u \u00e0 l&#8217;origine pour Chrysler ou Studebaker) et l&#8217;adapte sur un ch\u00e2ssis de Coccinelle \u00e9largi d&#8217;environ 30 cm pour lui donner de plus grandes proportions. Le prototype, pr\u00e9sent\u00e9 discr\u00e8tement en 1953, s\u00e9duit les dirigeants de Volkswagen qui autorisent sa production en s\u00e9rie.<\/p>\t\t\t\t\t\t\t\t<\/div>\n\t\t\t\t<\/div>\n\t\t\t\t<div class=\"elementor-element elementor-element-5188ffb elementor-widget elementor-widget-text-editor\" data-id=\"5188ffb\" data-element_type=\"widget\" data-e-type=\"widget\" data-widget_type=\"text-editor.default\">\n\t\t\t\t<div class=\"elementor-widget-container\">\n\t\t\t\t\t\t\t\t\t<p>La <strong>carrosserie de la Karmann Ghia \u00e9tait fabriqu\u00e9e \u00e0 la main en acier<\/strong>, contrairement aux processus plus automatis\u00e9s de la Coccinelle, ce qui rendait sa production plus co\u00fbteuse. En 1955, par exemple, elle co\u00fbtait environ 7 500 DM, soit pr\u00e8s de deux fois plus qu&#8217;une Coccinelle standard (3 790 DM). Malgr\u00e9 cela, Volkswagen a maintenu la Karmann Ghia dans une fourchette de prix raisonnable pour une voiture de sport, bien en de\u00e7\u00e0 des voitures exotiques italiennes ou de la Porsche 356, ce qui l&#8217;a rendue accessible \u00e0 un plus large public. Le mod\u00e8le final conservait <strong data-start=\"1774\" data-end=\"1810\">toute la m\u00e9canique de la Coccinelle<\/strong>: moteur boxer arri\u00e8re refroidi par air, transmission et suspension.   <\/p>\t\t\t\t\t\t\t\t<\/div>\n\t\t\t\t<\/div>\n\t\t\t\t\t<\/div>\n\t\t<\/div>\n\t\t\t\t\t<\/div>\n\t\t<\/section>\n\t\t\t\t<section data-particle_enable=\"false\" data-particle-mobile-disabled=\"false\" class=\"elementor-section elementor-top-section elementor-element elementor-element-db75283 elementor-section-boxed elementor-section-height-default elementor-section-height-default\" data-id=\"db75283\" data-element_type=\"section\" data-e-type=\"section\">\n\t\t\t\t\t\t<div class=\"elementor-container elementor-column-gap-default\">\n\t\t\t\t\t<div class=\"elementor-column elementor-col-100 elementor-top-column elementor-element elementor-element-5dda31e\" data-id=\"5dda31e\" data-element_type=\"column\" data-e-type=\"column\">\n\t\t\t<div class=\"elementor-widget-wrap elementor-element-populated\">\n\t\t\t\t\t\t<div class=\"elementor-element elementor-element-1d46b6e elementor-widget elementor-widget-text-editor\" data-id=\"1d46b6e\" data-element_type=\"widget\" data-e-type=\"widget\" data-widget_type=\"text-editor.default\">\n\t\t\t\t<div class=\"elementor-widget-container\">\n\t\t\t\t\t\t\t\t\t<p>Les premi\u00e8res unit\u00e9s du <strong data-start=\"2253\" data-end=\"2270\">coup\u00e9 Type 14<\/strong> ont \u00e9t\u00e9 livr\u00e9es en octobre 1955. Officiellement, il s&#8217;agit d&#8217;un v\u00e9hicule 2+2 places, mais les si\u00e8ges arri\u00e8re sont symboliques. \u00c9quip\u00e9e du moteur de 1 192 cm3, 30-34 ch de la &#8220;Coccinelle Export&#8221;, elle atteignait <strong data-start=\"2450\" data-end=\"2467\">environ 120 km\/h<\/strong>, aid\u00e9e par une carrosserie plus a\u00e9rodynamique. Il est int\u00e9ressant de noter que les premiers exemplaires <strong data-start=\"2552\" data-end=\"2592\">n&#8217;avaient pas de jauge \u00e0 carburant<\/strong> et utilisaient une r\u00e9serve m\u00e9canique, tout comme la Coccinelle.<\/p>\t\t\t\t\t\t\t\t<\/div>\n\t\t\t\t<\/div>\n\t\t\t\t<div class=\"elementor-element elementor-element-de04b99 elementor-widget elementor-widget-text-editor\" data-id=\"de04b99\" data-element_type=\"widget\" data-e-type=\"widget\" data-widget_type=\"text-editor.default\">\n\t\t\t\t<div class=\"elementor-widget-container\">\n\t\t\t\t\t\t\t\t\t<p>En ao\u00fbt 1957, Volkswagen a lanc\u00e9 la <strong>version d\u00e9capotable<\/strong> tant attendue (cabriolet de type 14) de la Karmann Ghia. La construction d&#8217;un cabriolet n\u00e9cessitait des renforts de carrosserie suppl\u00e9mentaires, mais le r\u00e9sultat \u00e9tait tr\u00e8s satisfaisant : le <strong>cabriolet<\/strong> Karmann Ghia \u00e9tait consid\u00e9r\u00e9 comme plus \u00e9l\u00e9gant que la Coccinelle Cabrio elle-m\u00eame, gr\u00e2ce \u00e0 sa capote plus basse et plus fine. La popularit\u00e9 de la version d\u00e9capotable s&#8217;est surtout accrue sur les march\u00e9s ensoleill\u00e9s tels que la Californie et la Floride, o\u00f9 les limitations de vitesse mod\u00e9r\u00e9es de l&#8217;\u00e9poque permettaient d&#8217;appr\u00e9cier la conduite sans exiger de hautes performances. Entre 1957 et 1974, <strong>80 837<\/strong> exemplaires du cabriolet Karmann Ghia ont \u00e9t\u00e9 produits en Allemagne (et quelques-uns au Br\u00e9sil, comme nous le verrons plus loin). Avec le coup\u00e9 et le cabriolet, Volkswagen avait r\u00e9ussi \u00e0 introduire une voiture \u00e0 l&#8217;image ambitieuse mais abordable, consolidant ainsi la r\u00e9putation mondiale de la marque au cours des ann\u00e9es 1960.    <\/p>\t\t\t\t\t\t\t\t<\/div>\n\t\t\t\t<\/div>\n\t\t\t\t\t<\/div>\n\t\t<\/div>\n\t\t\t\t\t<\/div>\n\t\t<\/section>\n\t\t\t\t<section data-particle_enable=\"false\" data-particle-mobile-disabled=\"false\" class=\"elementor-section elementor-top-section elementor-element elementor-element-cd0b200 elementor-section-boxed elementor-section-height-default elementor-section-height-default\" data-id=\"cd0b200\" data-element_type=\"section\" data-e-type=\"section\">\n\t\t\t\t\t\t<div class=\"elementor-container elementor-column-gap-default\">\n\t\t\t\t\t<div class=\"elementor-column elementor-col-50 elementor-top-column elementor-element elementor-element-06ba4c5\" data-id=\"06ba4c5\" data-element_type=\"column\" data-e-type=\"column\">\n\t\t\t<div class=\"elementor-widget-wrap elementor-element-populated\">\n\t\t\t\t\t\t<div class=\"elementor-element elementor-element-580172c elementor-widget elementor-widget-image\" data-id=\"580172c\" data-element_type=\"widget\" data-e-type=\"widget\" data-widget_type=\"image.default\">\n\t\t\t\t<div class=\"elementor-widget-container\">\n\t\t\t\t\t\t\t\t\t\t\t\t\t\t\t\t<a href=\"https:\/\/www.jgclassics.com\/wp-content\/uploads\/2025\/10\/karmancabrio_pub001.jpg\" data-elementor-open-lightbox=\"yes\" data-elementor-lightbox-title=\"vw karmann ghia type 14 cabrio publicit\u00e9\" data-e-action-hash=\"#elementor-action%3Aaction%3Dlightbox%26settings%3DeyJpZCI6MjMxMTIsInVybCI6Imh0dHBzOlwvXC93d3cuamdjbGFzc2ljcy5jb21cL3dwLWNvbnRlbnRcL3VwbG9hZHNcLzIwMjVcLzEwXC9rYXJtYW5jYWJyaW9fcHViMDAxLmpwZyJ9\">\n\t\t\t\t\t\t\t<img loading=\"lazy\" decoding=\"async\" width=\"1024\" height=\"600\" src=\"https:\/\/www.jgclassics.com\/wp-content\/uploads\/2025\/10\/karmancabrio_pub001-1024x600.jpg\" class=\"attachment-large size-large wp-image-23112\" alt=\"vw karmann ghia type 14 cabrio publicit\u00e9\" srcset=\"https:\/\/www.jgclassics.com\/wp-content\/uploads\/2025\/10\/karmancabrio_pub001-1024x600.jpg 1024w, https:\/\/www.jgclassics.com\/wp-content\/uploads\/2025\/10\/karmancabrio_pub001-300x176.jpg 300w, https:\/\/www.jgclassics.com\/wp-content\/uploads\/2025\/10\/karmancabrio_pub001-768x450.jpg 768w, https:\/\/www.jgclassics.com\/wp-content\/uploads\/2025\/10\/karmancabrio_pub001.jpg 1298w\" sizes=\"(max-width: 1024px) 100vw, 1024px\" \/>\t\t\t\t\t\t\t\t<\/a>\n\t\t\t\t\t\t\t\t\t\t\t\t\t\t\t<\/div>\n\t\t\t\t<\/div>\n\t\t\t\t\t<\/div>\n\t\t<\/div>\n\t\t\t\t<div class=\"elementor-column elementor-col-50 elementor-top-column elementor-element elementor-element-e607103\" data-id=\"e607103\" data-element_type=\"column\" data-e-type=\"column\">\n\t\t\t<div class=\"elementor-widget-wrap elementor-element-populated\">\n\t\t\t\t\t\t<div class=\"elementor-element elementor-element-ecb0c54 elementor-widget elementor-widget-image\" data-id=\"ecb0c54\" data-element_type=\"widget\" data-e-type=\"widget\" data-widget_type=\"image.default\">\n\t\t\t\t<div class=\"elementor-widget-container\">\n\t\t\t\t\t\t\t\t\t\t\t\t\t\t\t\t<a href=\"https:\/\/www.jgclassics.com\/wp-content\/uploads\/2025\/10\/karmann-cabrio_01.jpg\" data-elementor-open-lightbox=\"yes\" data-elementor-lightbox-title=\"VW Karmann Ghia type 14 cabriolet d\u00e9capotable\" data-e-action-hash=\"#elementor-action%3Aaction%3Dlightbox%26settings%3DeyJpZCI6MjMxMTMsInVybCI6Imh0dHBzOlwvXC93d3cuamdjbGFzc2ljcy5jb21cL3dwLWNvbnRlbnRcL3VwbG9hZHNcLzIwMjVcLzEwXC9rYXJtYW5uLWNhYnJpb18wMS5qcGcifQ%3D%3D\">\n\t\t\t\t\t\t\t<img loading=\"lazy\" decoding=\"async\" width=\"1024\" height=\"644\" src=\"https:\/\/www.jgclassics.com\/wp-content\/uploads\/2025\/10\/karmann-cabrio_01-1024x644.jpg\" class=\"attachment-large size-large wp-image-23113\" alt=\"VW Karmann Ghia type 14 cabriolet d\u00e9capotable\" srcset=\"https:\/\/www.jgclassics.com\/wp-content\/uploads\/2025\/10\/karmann-cabrio_01-1024x644.jpg 1024w, https:\/\/www.jgclassics.com\/wp-content\/uploads\/2025\/10\/karmann-cabrio_01-300x189.jpg 300w, https:\/\/www.jgclassics.com\/wp-content\/uploads\/2025\/10\/karmann-cabrio_01-768x483.jpg 768w, https:\/\/www.jgclassics.com\/wp-content\/uploads\/2025\/10\/karmann-cabrio_01.jpg 1200w\" sizes=\"(max-width: 1024px) 100vw, 1024px\" \/>\t\t\t\t\t\t\t\t<\/a>\n\t\t\t\t\t\t\t\t\t\t\t\t\t\t\t<\/div>\n\t\t\t\t<\/div>\n\t\t\t\t\t<\/div>\n\t\t<\/div>\n\t\t\t\t\t<\/div>\n\t\t<\/section>\n\t\t\t\t<section data-particle_enable=\"false\" data-particle-mobile-disabled=\"false\" class=\"elementor-section elementor-top-section elementor-element elementor-element-aeeb34c elementor-section-boxed elementor-section-height-default elementor-section-height-default\" data-id=\"aeeb34c\" data-element_type=\"section\" data-e-type=\"section\">\n\t\t\t\t\t\t<div class=\"elementor-container elementor-column-gap-default\">\n\t\t\t\t\t<div class=\"elementor-column elementor-col-100 elementor-top-column elementor-element elementor-element-393afba\" data-id=\"393afba\" data-element_type=\"column\" data-e-type=\"column\">\n\t\t\t<div class=\"elementor-widget-wrap elementor-element-populated\">\n\t\t\t\t\t\t<div class=\"elementor-element elementor-element-8d93943 elementor-widget elementor-widget-heading\" data-id=\"8d93943\" data-element_type=\"widget\" data-e-type=\"widget\" data-widget_type=\"heading.default\">\n\t\t\t\t<div class=\"elementor-widget-container\">\n\t\t\t\t\t<h3 class=\"elementor-heading-title elementor-size-default\">Versions et \u00e9volution de la Karmann Ghia<\/h3>\t\t\t\t<\/div>\n\t\t\t\t<\/div>\n\t\t\t\t\t<\/div>\n\t\t<\/div>\n\t\t\t\t\t<\/div>\n\t\t<\/section>\n\t\t\t\t<section data-particle_enable=\"false\" data-particle-mobile-disabled=\"false\" class=\"elementor-section elementor-top-section elementor-element elementor-element-e775d0a elementor-section-boxed elementor-section-height-default elementor-section-height-default\" data-id=\"e775d0a\" data-element_type=\"section\" data-e-type=\"section\">\n\t\t\t\t\t\t<div class=\"elementor-container elementor-column-gap-default\">\n\t\t\t\t\t<div class=\"elementor-column elementor-col-100 elementor-top-column elementor-element elementor-element-ce16459\" data-id=\"ce16459\" data-element_type=\"column\" data-e-type=\"column\">\n\t\t\t<div class=\"elementor-widget-wrap elementor-element-populated\">\n\t\t\t\t\t\t<div class=\"elementor-element elementor-element-1871ff2 elementor-widget elementor-widget-text-editor\" data-id=\"1871ff2\" data-element_type=\"widget\" data-e-type=\"widget\" data-widget_type=\"text-editor.default\">\n\t\t\t\t<div class=\"elementor-widget-container\">\n\t\t\t\t\t\t\t\t\t<p>Tout au long de son existence, la Karmann Ghia a produit <strong>trois variantes principales<\/strong>: le Type 14 original (coup\u00e9 et cabriolet), une version allong\u00e9e appel\u00e9e <strong>Type 34<\/strong> et une \u00e9dition exclusive pour le march\u00e9 br\u00e9silien appel\u00e9e <strong>Karmann Ghia TC.<\/strong> Leurs caract\u00e9ristiques sont r\u00e9sum\u00e9es ci-dessous : <\/p>\t\t\t\t\t\t\t\t<\/div>\n\t\t\t\t<\/div>\n\t\t\t\t<div class=\"elementor-element elementor-element-e143e74 elementor-widget__width-initial premium-table-dir-ltr elementor-widget elementor-widget-premium-tables-addon\" data-id=\"e143e74\" data-element_type=\"widget\" data-e-type=\"widget\" data-settings=\"{&quot;premium_table_responsive&quot;:&quot;yes&quot;}\" data-widget_type=\"premium-tables-addon.default\">\n\t\t\t\t<div class=\"elementor-widget-container\">\n\t\t\t\t\t\r\n\t\t<div class=\"premium-table-wrap premium-table-responsive\">\r\n\t\t\t\r\n\t\t\t<table class=\"premium-table\" data-settings=\"{&quot;sort&quot;:false,&quot;usNumbers&quot;:false,&quot;sortMob&quot;:false,&quot;search&quot;:false,&quot;records&quot;:false,&quot;dataType&quot;:&quot;csv&quot;,&quot;csvFile&quot;:&quot;https:\\\/\\\/www.jgclassics.com\\\/wp-content\\\/uploads\\\/2025\\\/10\\\/karmann_summary_utf08_v2.csv&quot;,&quot;firstRow&quot;:&quot;head&quot;,&quot;separator&quot;:&quot;;&quot;,&quot;pagination&quot;:&quot;&quot;,&quot;rows&quot;:0,&quot;id&quot;:&quot;e143e74&quot;,&quot;reload&quot;:&quot;hour&quot;}\" >\r\n\r\n\t\t\t\r\n\t\t\t<\/table>\r\n\t\t<\/div>\r\n\t\t\t\t\t\t<\/div>\n\t\t\t\t<\/div>\n\t\t\t\t<div class=\"elementor-element elementor-element-96e7c01 elementor-widget-divider--view-line elementor-widget elementor-widget-divider\" data-id=\"96e7c01\" data-element_type=\"widget\" data-e-type=\"widget\" data-widget_type=\"divider.default\">\n\t\t\t\t<div class=\"elementor-widget-container\">\n\t\t\t\t\t\t\t<div class=\"elementor-divider\">\n\t\t\t<span class=\"elementor-divider-separator\">\n\t\t\t\t\t\t<\/span>\n\t\t<\/div>\n\t\t\t\t\t\t<\/div>\n\t\t\t\t<\/div>\n\t\t\t\t<div class=\"elementor-element elementor-element-1e2f1a7 elementor-widget elementor-widget-text-editor\" data-id=\"1e2f1a7\" data-element_type=\"widget\" data-e-type=\"widget\" data-widget_type=\"text-editor.default\">\n\t\t\t\t<div class=\"elementor-widget-container\">\n\t\t\t\t\t\t\t\t\t<h3 data-start=\"186\" data-end=\"228\"><span style=\"text-decoration: underline;\"><strong data-start=\"190\" data-end=\"226\">Karmann Ghia Type 14 (1955-1974)<\/strong><\/span><\/h3><p data-start=\"229\" data-end=\"925\">Le <strong data-start=\"232\" data-end=\"243\">Type 14<\/strong> est le mod\u00e8le original et le plus embl\u00e9matique. Son design a peu \u00e9volu\u00e9 en deux d\u00e9cennies, \u00e0 l&#8217;exception de quelques modifications mineures : en 1960, les phares ont \u00e9t\u00e9 rehauss\u00e9s (les premiers <em data-start=\"390\" data-end=\"403\">feux bas de<\/em> 1955 \u00e0 1959 avaient des phares plus bas) et, au fil des ans, les feux arri\u00e8re et les d\u00e9tails chrom\u00e9s ont \u00e9t\u00e9 agrandis. M\u00e9caniquement, elle a suivi l&#8217;\u00e9volution de la <strong data-start=\"541\" data-end=\"558\">Coccinelle VW<\/strong>, passant de moteurs de 1200 cc (30-34 ch) \u00e0 1600 cc (environ 50 ch).<br data-start=\"623\" data-end=\"626\">Elle n&#8217;a jamais \u00e9t\u00e9 une voiture rapide, mais elle \u00e9tait <strong data-start=\"661\" data-end=\"704\">fiable, \u00e9quilibr\u00e9e et facile \u00e0 entretenir<\/strong>, partageant presque toute sa m\u00e9canique avec la Coccinelle. Il a \u00e9t\u00e9 fabriqu\u00e9 en Allemagne et au Br\u00e9sil. Il est int\u00e9ressant de noter qu&#8217;une <strong>version d\u00e9capotable<\/strong> locale a m\u00eame \u00e9t\u00e9 lanc\u00e9e au Br\u00e9sil en 1967, dont seulement 177 exemplaires ont \u00e9t\u00e9 assembl\u00e9s avant d&#8217;\u00eatre annul\u00e9s, ce qui en fait l&#8217;une des variantes les plus rares et les plus recherch\u00e9es par les collectionneurs. Aujourd&#8217;hui, le type 14 reste le plus reconnaissable et le plus populaire de la saga.<\/p>\t\t\t\t\t\t\t\t<\/div>\n\t\t\t\t<\/div>\n\t\t\t\t<div class=\"elementor-element elementor-element-e17d783 elementor-widget elementor-widget-gallery\" data-id=\"e17d783\" data-element_type=\"widget\" data-e-type=\"widget\" data-settings=\"{&quot;gallery_layout&quot;:&quot;justified&quot;,&quot;ideal_row_height&quot;:{&quot;unit&quot;:&quot;px&quot;,&quot;size&quot;:243,&quot;sizes&quot;:[]},&quot;lazyload&quot;:&quot;yes&quot;,&quot;ideal_row_height_tablet&quot;:{&quot;unit&quot;:&quot;px&quot;,&quot;size&quot;:150,&quot;sizes&quot;:[]},&quot;ideal_row_height_mobile&quot;:{&quot;unit&quot;:&quot;px&quot;,&quot;size&quot;:150,&quot;sizes&quot;:[]},&quot;gap&quot;:{&quot;unit&quot;:&quot;px&quot;,&quot;size&quot;:10,&quot;sizes&quot;:[]},&quot;gap_tablet&quot;:{&quot;unit&quot;:&quot;px&quot;,&quot;size&quot;:10,&quot;sizes&quot;:[]},&quot;gap_mobile&quot;:{&quot;unit&quot;:&quot;px&quot;,&quot;size&quot;:10,&quot;sizes&quot;:[]},&quot;link_to&quot;:&quot;file&quot;,&quot;overlay_background&quot;:&quot;yes&quot;,&quot;content_hover_animation&quot;:&quot;fade-in&quot;}\" data-widget_type=\"gallery.default\">\n\t\t\t\t<div class=\"elementor-widget-container\">\n\t\t\t\t\t\t\t<div class=\"elementor-gallery__container\">\n\t\t\t\t\t\t\t<a class=\"e-gallery-item elementor-gallery-item elementor-animated-content\" href=\"https:\/\/www.jgclassics.com\/wp-content\/uploads\/2025\/10\/vw-karmann-pub-08.jpg\" data-elementor-open-lightbox=\"yes\" data-elementor-lightbox-slideshow=\"e17d783\" data-elementor-lightbox-title=\"Publicit\u00e9 pour le coup\u00e9 VW Karmann Ghia type 14\" data-e-action-hash=\"#elementor-action%3Aaction%3Dlightbox%26settings%3DeyJpZCI6MjMxMTQsInVybCI6Imh0dHBzOlwvXC93d3cuamdjbGFzc2ljcy5jb21cL3dwLWNvbnRlbnRcL3VwbG9hZHNcLzIwMjVcLzEwXC92dy1rYXJtYW5uLXB1Yi0wOC5qcGciLCJzbGlkZXNob3ciOiJlMTdkNzgzIn0%3D\">\n\t\t\t\t\t<div class=\"e-gallery-image elementor-gallery-item__image\" data-thumbnail=\"https:\/\/www.jgclassics.com\/wp-content\/uploads\/2025\/10\/vw-karmann-pub-08-300x212.jpg\" data-width=\"300\" data-height=\"212\" aria-label=\"Publicit\u00e9 pour le coup\u00e9 VW Karmann Ghia type 14\" role=\"img\" ><\/div>\n\t\t\t\t\t\t\t\t\t\t\t<div class=\"elementor-gallery-item__overlay\"><\/div>\n\t\t\t\t\t\t\t\t\t\t\t\t\t\t<\/a>\n\t\t\t\t\t\t\t<a class=\"e-gallery-item elementor-gallery-item elementor-animated-content\" href=\"https:\/\/www.jgclassics.com\/wp-content\/uploads\/2025\/10\/karmanpubli04.jpg\" data-elementor-open-lightbox=\"yes\" data-elementor-lightbox-slideshow=\"e17d783\" data-elementor-lightbox-title=\"Publicit\u00e9 pour le coup\u00e9 VW Karmann Ghia type 14\" data-e-action-hash=\"#elementor-action%3Aaction%3Dlightbox%26settings%3DeyJpZCI6MjMxMTUsInVybCI6Imh0dHBzOlwvXC93d3cuamdjbGFzc2ljcy5jb21cL3dwLWNvbnRlbnRcL3VwbG9hZHNcLzIwMjVcLzEwXC9rYXJtYW5wdWJsaTA0LmpwZyIsInNsaWRlc2hvdyI6ImUxN2Q3ODMifQ%3D%3D\">\n\t\t\t\t\t<div class=\"e-gallery-image elementor-gallery-item__image\" data-thumbnail=\"https:\/\/www.jgclassics.com\/wp-content\/uploads\/2025\/10\/karmanpubli04-300x211.jpg\" data-width=\"300\" data-height=\"211\" aria-label=\"Publicit\u00e9 pour le coup\u00e9 VW Karmann Ghia type 14\" role=\"img\" ><\/div>\n\t\t\t\t\t\t\t\t\t\t\t<div class=\"elementor-gallery-item__overlay\"><\/div>\n\t\t\t\t\t\t\t\t\t\t\t\t\t\t<\/a>\n\t\t\t\t\t\t\t<a class=\"e-gallery-item elementor-gallery-item elementor-animated-content\" href=\"https:\/\/www.jgclassics.com\/wp-content\/uploads\/2025\/10\/karmann-cabrio_02.jpg\" data-elementor-open-lightbox=\"yes\" data-elementor-lightbox-slideshow=\"e17d783\" data-elementor-lightbox-title=\"VW Karmann Ghia type 14 cabriolet d\u00e9capotable\" data-elementor-lightbox-description=\"VW Karmann Ghia type 14 cabriolet d\u00e9capotable\" data-e-action-hash=\"#elementor-action%3Aaction%3Dlightbox%26settings%3DeyJpZCI6MjMxMTYsInVybCI6Imh0dHBzOlwvXC93d3cuamdjbGFzc2ljcy5jb21cL3dwLWNvbnRlbnRcL3VwbG9hZHNcLzIwMjVcLzEwXC9rYXJtYW5uLWNhYnJpb18wMi5qcGciLCJzbGlkZXNob3ciOiJlMTdkNzgzIn0%3D\">\n\t\t\t\t\t<div class=\"e-gallery-image elementor-gallery-item__image\" data-thumbnail=\"https:\/\/www.jgclassics.com\/wp-content\/uploads\/2025\/10\/karmann-cabrio_02-300x148.jpg\" data-width=\"300\" data-height=\"148\" aria-label=\"VW Karmann Ghia type 14 cabriolet d\u00e9capotable\" role=\"img\" ><\/div>\n\t\t\t\t\t\t\t\t\t\t\t<div class=\"elementor-gallery-item__overlay\"><\/div>\n\t\t\t\t\t\t\t\t\t\t\t\t\t\t<\/a>\n\t\t\t\t\t\t\t<a class=\"e-gallery-item elementor-gallery-item elementor-animated-content\" href=\"https:\/\/www.jgclassics.com\/wp-content\/uploads\/2025\/10\/karmann-ghia-the-pussycat-1476934871280.jpg\" data-elementor-open-lightbox=\"yes\" data-elementor-lightbox-slideshow=\"e17d783\" data-elementor-lightbox-title=\"Publicit\u00e9 pour le coup\u00e9 VW Karmann Ghia type 14\" data-e-action-hash=\"#elementor-action%3Aaction%3Dlightbox%26settings%3DeyJpZCI6MjMxMTcsInVybCI6Imh0dHBzOlwvXC93d3cuamdjbGFzc2ljcy5jb21cL3dwLWNvbnRlbnRcL3VwbG9hZHNcLzIwMjVcLzEwXC9rYXJtYW5uLWdoaWEtdGhlLXB1c3N5Y2F0LTE0NzY5MzQ4NzEyODAuanBnIiwic2xpZGVzaG93IjoiZTE3ZDc4MyJ9\">\n\t\t\t\t\t<div class=\"e-gallery-image elementor-gallery-item__image\" data-thumbnail=\"https:\/\/www.jgclassics.com\/wp-content\/uploads\/2025\/10\/karmann-ghia-the-pussycat-1476934871280-300x200.jpg\" data-width=\"300\" data-height=\"200\" aria-label=\"Publicit\u00e9 pour le coup\u00e9 VW Karmann Ghia type 14\" role=\"img\" ><\/div>\n\t\t\t\t\t\t\t\t\t\t\t<div class=\"elementor-gallery-item__overlay\"><\/div>\n\t\t\t\t\t\t\t\t\t\t\t\t\t\t<\/a>\n\t\t\t\t\t\t\t<a class=\"e-gallery-item elementor-gallery-item elementor-animated-content\" href=\"https:\/\/www.jgclassics.com\/wp-content\/uploads\/2025\/10\/vw-karmann-pub-07.jpg\" data-elementor-open-lightbox=\"yes\" data-elementor-lightbox-slideshow=\"e17d783\" data-elementor-lightbox-title=\"Publicit\u00e9 pour le coup\u00e9 VW Karmann Ghia type 14\" data-e-action-hash=\"#elementor-action%3Aaction%3Dlightbox%26settings%3DeyJpZCI6MjMxMTgsInVybCI6Imh0dHBzOlwvXC93d3cuamdjbGFzc2ljcy5jb21cL3dwLWNvbnRlbnRcL3VwbG9hZHNcLzIwMjVcLzEwXC92dy1rYXJtYW5uLXB1Yi0wNy5qcGciLCJzbGlkZXNob3ciOiJlMTdkNzgzIn0%3D\">\n\t\t\t\t\t<div class=\"e-gallery-image elementor-gallery-item__image\" data-thumbnail=\"https:\/\/www.jgclassics.com\/wp-content\/uploads\/2025\/10\/vw-karmann-pub-07-226x300.jpg\" data-width=\"226\" data-height=\"300\" aria-label=\"Publicit\u00e9 pour le coup\u00e9 VW Karmann Ghia type 14\" role=\"img\" ><\/div>\n\t\t\t\t\t\t\t\t\t\t\t<div class=\"elementor-gallery-item__overlay\"><\/div>\n\t\t\t\t\t\t\t\t\t\t\t\t\t\t<\/a>\n\t\t\t\t\t\t\t<a class=\"e-gallery-item elementor-gallery-item elementor-animated-content\" href=\"https:\/\/www.jgclassics.com\/wp-content\/uploads\/2025\/10\/karmannpubli06.webp\" data-elementor-open-lightbox=\"yes\" data-elementor-lightbox-slideshow=\"e17d783\" data-elementor-lightbox-title=\"Publicit\u00e9 pour le coup\u00e9 VW Karmann Ghia type 14\" data-e-action-hash=\"#elementor-action%3Aaction%3Dlightbox%26settings%3DeyJpZCI6MjMxMTksInVybCI6Imh0dHBzOlwvXC93d3cuamdjbGFzc2ljcy5jb21cL3dwLWNvbnRlbnRcL3VwbG9hZHNcLzIwMjVcLzEwXC9rYXJtYW5ucHVibGkwNi53ZWJwIiwic2xpZGVzaG93IjoiZTE3ZDc4MyJ9\">\n\t\t\t\t\t<div class=\"e-gallery-image elementor-gallery-item__image\" data-thumbnail=\"https:\/\/www.jgclassics.com\/wp-content\/uploads\/2025\/10\/karmannpubli06-300x211.webp\" data-width=\"300\" data-height=\"211\" aria-label=\"Publicit\u00e9 pour le coup\u00e9 VW Karmann Ghia type 14\" role=\"img\" ><\/div>\n\t\t\t\t\t\t\t\t\t\t\t<div class=\"elementor-gallery-item__overlay\"><\/div>\n\t\t\t\t\t\t\t\t\t\t\t\t\t\t<\/a>\n\t\t\t\t\t\t\t<a class=\"e-gallery-item elementor-gallery-item elementor-animated-content\" href=\"https:\/\/www.jgclassics.com\/wp-content\/uploads\/2025\/10\/vw-karmann-ad.jpg\" data-elementor-open-lightbox=\"yes\" data-elementor-lightbox-slideshow=\"e17d783\" data-elementor-lightbox-title=\"publicit\u00e9 vw karmann ghia\" data-elementor-lightbox-description=\"publicit\u00e9 vw karmann ghia\" data-e-action-hash=\"#elementor-action%3Aaction%3Dlightbox%26settings%3DeyJpZCI6MjMxMDksInVybCI6Imh0dHBzOlwvXC93d3cuamdjbGFzc2ljcy5jb21cL3dwLWNvbnRlbnRcL3VwbG9hZHNcLzIwMjVcLzEwXC92dy1rYXJtYW5uLWFkLmpwZyIsInNsaWRlc2hvdyI6ImUxN2Q3ODMifQ%3D%3D\">\n\t\t\t\t\t<div class=\"e-gallery-image elementor-gallery-item__image\" data-thumbnail=\"https:\/\/www.jgclassics.com\/wp-content\/uploads\/2025\/10\/vw-karmann-ad-300x170.jpg\" data-width=\"300\" data-height=\"170\" aria-label=\"publicit\u00e9 vw karmann ghia\" role=\"img\" ><\/div>\n\t\t\t\t\t\t\t\t\t\t\t<div class=\"elementor-gallery-item__overlay\"><\/div>\n\t\t\t\t\t\t\t\t\t\t\t\t\t\t<\/a>\n\t\t\t\t\t<\/div>\n\t\t\t\t\t<\/div>\n\t\t\t\t<\/div>\n\t\t\t\t<div class=\"elementor-element elementor-element-6649cd4 elementor-widget-divider--view-line elementor-widget elementor-widget-divider\" data-id=\"6649cd4\" data-element_type=\"widget\" data-e-type=\"widget\" data-widget_type=\"divider.default\">\n\t\t\t\t<div class=\"elementor-widget-container\">\n\t\t\t\t\t\t\t<div class=\"elementor-divider\">\n\t\t\t<span class=\"elementor-divider-separator\">\n\t\t\t\t\t\t<\/span>\n\t\t<\/div>\n\t\t\t\t\t\t<\/div>\n\t\t\t\t<\/div>\n\t\t\t\t<div class=\"elementor-element elementor-element-93ae549 elementor-widget elementor-widget-text-editor\" data-id=\"93ae549\" data-element_type=\"widget\" data-e-type=\"widget\" data-widget_type=\"text-editor.default\">\n\t\t\t\t<div class=\"elementor-widget-container\">\n\t\t\t\t\t\t\t\t\t<h3 data-start=\"932\" data-end=\"974\"><span style=\"text-decoration: underline;\"><strong data-start=\"936\" data-end=\"972\">Karmann Ghia Type 34 (1961-1969)<\/strong><\/span><\/h3><p data-start=\"975\" data-end=\"1535\">Pr\u00e9sent\u00e9e en 1961, la <strong data-start=\"998\" data-end=\"1009\">Type 34<\/strong> \u00e9tait une version plus grande et plus exclusive bas\u00e9e sur la <strong data-start=\"1062\" data-end=\"1075\">VW Type 3.<\/strong> Il \u00e9tait \u00e9quip\u00e9 d&#8217;un moteur de 1500 cc (plus tard 1600 cc) et d&#8217;un design plus anguleux, connu sous le nom de <em data-start=\"1159\" data-end=\"1173\">&#8220;Razor Edge&#8221;.<\/em> Elle offrait un meilleur espace int\u00e9rieur, un coffre plus grand et des d\u00e9tails VW inhabituels tels qu&#8217;un toit ouvrant \u00e9lectrique en option.<br data-start=\"1292\" data-end=\"1295\">C&#8217;\u00e9tait aussi <strong data-start=\"1307\" data-end=\"1331\">la plus ch\u00e8re et la plus rapide<\/strong> des Karmann, ce qui a limit\u00e9 ses ventes (42 500 unit\u00e9s). Elle n&#8217;a pas \u00e9t\u00e9 officiellement propos\u00e9e aux \u00c9tats-Unis, et il n&#8217;existait pas non plus de version d\u00e9capotable. Aujourd&#8217;hui, il s&#8217;agit de l&#8217;un des <strong data-start=\"1478\" data-end=\"1511\">mod\u00e8les les plus rares et les plus appr\u00e9ci\u00e9s<\/strong> des collectionneurs <strong data-start=\"1478\" data-end=\"1511\">.<\/strong> <\/p>\t\t\t\t\t\t\t\t<\/div>\n\t\t\t\t<\/div>\n\t\t\t\t<div class=\"elementor-element elementor-element-7338ce1 elementor-widget elementor-widget-gallery\" data-id=\"7338ce1\" data-element_type=\"widget\" data-e-type=\"widget\" data-settings=\"{&quot;gallery_layout&quot;:&quot;justified&quot;,&quot;ideal_row_height&quot;:{&quot;unit&quot;:&quot;px&quot;,&quot;size&quot;:123,&quot;sizes&quot;:[]},&quot;ideal_row_height_mobile&quot;:{&quot;unit&quot;:&quot;px&quot;,&quot;size&quot;:133,&quot;sizes&quot;:[]},&quot;lazyload&quot;:&quot;yes&quot;,&quot;ideal_row_height_tablet&quot;:{&quot;unit&quot;:&quot;px&quot;,&quot;size&quot;:150,&quot;sizes&quot;:[]},&quot;gap&quot;:{&quot;unit&quot;:&quot;px&quot;,&quot;size&quot;:10,&quot;sizes&quot;:[]},&quot;gap_tablet&quot;:{&quot;unit&quot;:&quot;px&quot;,&quot;size&quot;:10,&quot;sizes&quot;:[]},&quot;gap_mobile&quot;:{&quot;unit&quot;:&quot;px&quot;,&quot;size&quot;:10,&quot;sizes&quot;:[]},&quot;link_to&quot;:&quot;file&quot;,&quot;overlay_background&quot;:&quot;yes&quot;,&quot;content_hover_animation&quot;:&quot;fade-in&quot;}\" data-widget_type=\"gallery.default\">\n\t\t\t\t<div class=\"elementor-widget-container\">\n\t\t\t\t\t\t\t<div class=\"elementor-gallery__container\">\n\t\t\t\t\t\t\t<a class=\"e-gallery-item elementor-gallery-item elementor-animated-content\" href=\"https:\/\/www.jgclassics.com\/wp-content\/uploads\/2025\/10\/vw-karmann34-pub-01.jpg\" data-elementor-open-lightbox=\"yes\" data-elementor-lightbox-slideshow=\"7338ce1\" data-elementor-lightbox-title=\"Publicit\u00e9 pour le coup\u00e9 VW Karmann Ghia type 34\" data-e-action-hash=\"#elementor-action%3Aaction%3Dlightbox%26settings%3DeyJpZCI6MjMxMjAsInVybCI6Imh0dHBzOlwvXC93d3cuamdjbGFzc2ljcy5jb21cL3dwLWNvbnRlbnRcL3VwbG9hZHNcLzIwMjVcLzEwXC92dy1rYXJtYW5uMzQtcHViLTAxLmpwZyIsInNsaWRlc2hvdyI6IjczMzhjZTEifQ%3D%3D\">\n\t\t\t\t\t<div class=\"e-gallery-image elementor-gallery-item__image\" data-thumbnail=\"https:\/\/www.jgclassics.com\/wp-content\/uploads\/2025\/10\/vw-karmann34-pub-01-300x102.jpg\" data-width=\"300\" data-height=\"102\" aria-label=\"Publicit\u00e9 pour le coup\u00e9 VW Karmann Ghia type 34\" role=\"img\" ><\/div>\n\t\t\t\t\t\t\t\t\t\t\t<div class=\"elementor-gallery-item__overlay\"><\/div>\n\t\t\t\t\t\t\t\t\t\t\t\t\t\t<\/a>\n\t\t\t\t\t\t\t<a class=\"e-gallery-item elementor-gallery-item elementor-animated-content\" href=\"https:\/\/www.jgclassics.com\/wp-content\/uploads\/2025\/10\/vw-karmann34-pub-02.jpg\" data-elementor-open-lightbox=\"yes\" data-elementor-lightbox-slideshow=\"7338ce1\" data-elementor-lightbox-title=\"Publicit\u00e9 pour le coup\u00e9 VW Karmann Ghia type 34\" data-e-action-hash=\"#elementor-action%3Aaction%3Dlightbox%26settings%3DeyJpZCI6MjMxMjEsInVybCI6Imh0dHBzOlwvXC93d3cuamdjbGFzc2ljcy5jb21cL3dwLWNvbnRlbnRcL3VwbG9hZHNcLzIwMjVcLzEwXC92dy1rYXJtYW5uMzQtcHViLTAyLmpwZyIsInNsaWRlc2hvdyI6IjczMzhjZTEifQ%3D%3D\">\n\t\t\t\t\t<div class=\"e-gallery-image elementor-gallery-item__image\" data-thumbnail=\"https:\/\/www.jgclassics.com\/wp-content\/uploads\/2025\/10\/vw-karmann34-pub-02-300x146.jpg\" data-width=\"300\" data-height=\"146\" aria-label=\"Publicit\u00e9 pour le coup\u00e9 VW Karmann Ghia type 34\" role=\"img\" ><\/div>\n\t\t\t\t\t\t\t\t\t\t\t<div class=\"elementor-gallery-item__overlay\"><\/div>\n\t\t\t\t\t\t\t\t\t\t\t\t\t\t<\/a>\n\t\t\t\t\t\t\t<a class=\"e-gallery-item elementor-gallery-item elementor-animated-content\" href=\"https:\/\/www.jgclassics.com\/wp-content\/uploads\/2025\/10\/image-1.png\" data-elementor-open-lightbox=\"yes\" data-elementor-lightbox-slideshow=\"7338ce1\" data-elementor-lightbox-title=\"Publicit\u00e9 pour le coup\u00e9 VW Karmann Ghia type 14 vs 34\" data-e-action-hash=\"#elementor-action%3Aaction%3Dlightbox%26settings%3DeyJpZCI6MjMxMjIsInVybCI6Imh0dHBzOlwvXC93d3cuamdjbGFzc2ljcy5jb21cL3dwLWNvbnRlbnRcL3VwbG9hZHNcLzIwMjVcLzEwXC9pbWFnZS0xLnBuZyIsInNsaWRlc2hvdyI6IjczMzhjZTEifQ%3D%3D\">\n\t\t\t\t\t<div class=\"e-gallery-image elementor-gallery-item__image\" data-thumbnail=\"https:\/\/www.jgclassics.com\/wp-content\/uploads\/2025\/10\/image-1-300x203.png\" data-width=\"300\" data-height=\"203\" aria-label=\"Publicit\u00e9 pour le coup\u00e9 VW Karmann Ghia type 14 vs 34\" role=\"img\" ><\/div>\n\t\t\t\t\t\t\t\t\t\t\t<div class=\"elementor-gallery-item__overlay\"><\/div>\n\t\t\t\t\t\t\t\t\t\t\t\t\t\t<\/a>\n\t\t\t\t\t\t\t<a class=\"e-gallery-item elementor-gallery-item elementor-animated-content\" href=\"https:\/\/www.jgclassics.com\/wp-content\/uploads\/2025\/10\/vw-karmann34-.jpg\" data-elementor-open-lightbox=\"yes\" data-elementor-lightbox-slideshow=\"7338ce1\" data-elementor-lightbox-title=\"Publicit\u00e9 pour le coup\u00e9 VW Karmann Ghia type 34\" data-e-action-hash=\"#elementor-action%3Aaction%3Dlightbox%26settings%3DeyJpZCI6MjMxMjMsInVybCI6Imh0dHBzOlwvXC93d3cuamdjbGFzc2ljcy5jb21cL3dwLWNvbnRlbnRcL3VwbG9hZHNcLzIwMjVcLzEwXC92dy1rYXJtYW5uMzQtLmpwZyIsInNsaWRlc2hvdyI6IjczMzhjZTEifQ%3D%3D\">\n\t\t\t\t\t<div class=\"e-gallery-image elementor-gallery-item__image\" data-thumbnail=\"https:\/\/www.jgclassics.com\/wp-content\/uploads\/2025\/10\/vw-karmann34--300x168.jpg\" data-width=\"300\" data-height=\"168\" aria-label=\"Publicit\u00e9 pour le coup\u00e9 VW Karmann Ghia type 34\" role=\"img\" ><\/div>\n\t\t\t\t\t\t\t\t\t\t\t<div class=\"elementor-gallery-item__overlay\"><\/div>\n\t\t\t\t\t\t\t\t\t\t\t\t\t\t<\/a>\n\t\t\t\t\t\t\t<a class=\"e-gallery-item elementor-gallery-item elementor-animated-content\" href=\"https:\/\/www.jgclassics.com\/wp-content\/uploads\/2025\/10\/vw-karmann34-002.jpg\" data-elementor-open-lightbox=\"yes\" data-elementor-lightbox-slideshow=\"7338ce1\" data-elementor-lightbox-title=\"Publicit\u00e9 pour le coup\u00e9 VW Karmann Ghia type 34\" data-e-action-hash=\"#elementor-action%3Aaction%3Dlightbox%26settings%3DeyJpZCI6MjMxMjQsInVybCI6Imh0dHBzOlwvXC93d3cuamdjbGFzc2ljcy5jb21cL3dwLWNvbnRlbnRcL3VwbG9hZHNcLzIwMjVcLzEwXC92dy1rYXJtYW5uMzQtMDAyLmpwZyIsInNsaWRlc2hvdyI6IjczMzhjZTEifQ%3D%3D\">\n\t\t\t\t\t<div class=\"e-gallery-image elementor-gallery-item__image\" data-thumbnail=\"https:\/\/www.jgclassics.com\/wp-content\/uploads\/2025\/10\/vw-karmann34-002-300x229.jpg\" data-width=\"300\" data-height=\"229\" aria-label=\"Publicit\u00e9 pour le coup\u00e9 VW Karmann Ghia type 34\" role=\"img\" ><\/div>\n\t\t\t\t\t\t\t\t\t\t\t<div class=\"elementor-gallery-item__overlay\"><\/div>\n\t\t\t\t\t\t\t\t\t\t\t\t\t\t<\/a>\n\t\t\t\t\t<\/div>\n\t\t\t\t\t<\/div>\n\t\t\t\t<\/div>\n\t\t\t\t<div class=\"elementor-element elementor-element-b086713 elementor-widget-divider--view-line elementor-widget elementor-widget-divider\" data-id=\"b086713\" data-element_type=\"widget\" data-e-type=\"widget\" data-widget_type=\"divider.default\">\n\t\t\t\t<div class=\"elementor-widget-container\">\n\t\t\t\t\t\t\t<div class=\"elementor-divider\">\n\t\t\t<span class=\"elementor-divider-separator\">\n\t\t\t\t\t\t<\/span>\n\t\t<\/div>\n\t\t\t\t\t\t<\/div>\n\t\t\t\t<\/div>\n\t\t\t\t\t<\/div>\n\t\t<\/div>\n\t\t\t\t\t<\/div>\n\t\t<\/section>\n\t\t\t\t<section data-particle_enable=\"false\" data-particle-mobile-disabled=\"false\" class=\"elementor-section elementor-top-section elementor-element elementor-element-c769426 elementor-section-boxed elementor-section-height-default elementor-section-height-default\" data-id=\"c769426\" data-element_type=\"section\" data-e-type=\"section\">\n\t\t\t\t\t\t<div class=\"elementor-container elementor-column-gap-default\">\n\t\t\t\t\t<div class=\"elementor-column elementor-col-50 elementor-top-column elementor-element elementor-element-8fbf903\" data-id=\"8fbf903\" data-element_type=\"column\" data-e-type=\"column\">\n\t\t\t<div class=\"elementor-widget-wrap elementor-element-populated\">\n\t\t\t\t\t\t<div class=\"elementor-element elementor-element-442cdda elementor-widget elementor-widget-text-editor\" data-id=\"442cdda\" data-element_type=\"widget\" data-e-type=\"widget\" data-widget_type=\"text-editor.default\">\n\t\t\t\t<div class=\"elementor-widget-container\">\n\t\t\t\t\t\t\t\t\t<h3 data-start=\"1542\" data-end=\"1587\"><em><strong data-start=\"1546\" data-end=\"1585\">Karmann Ghia TC (1970-1975, Br\u00e9sil)<\/strong><\/em><\/h3><p data-start=\"1588\" data-end=\"2140\">Fabriqu\u00e9e par <strong data-start=\"1602\" data-end=\"1626\">Volkswagen do Brasil<\/strong>, la <strong data-start=\"1631\" data-end=\"1666\">Karmann Ghia TC (Touring Coup\u00e9<\/strong> ) a \u00e9t\u00e9 enti\u00e8rement redessin\u00e9e sur la base de la VW 1600 br\u00e9silienne. Sa carrosserie <em data-start=\"1743\" data-end=\"1753\">fastback<\/em> des ann\u00e9es 1970 rappelait vaguement la Porsche 911.<br data-start=\"1807\" data-end=\"1810\">Elle \u00e9tait \u00e9quip\u00e9e d&#8217;un moteur 1,6 litre de <strong data-start=\"1836\" data-end=\"1866\">65 ch \u00e0 double carburateur<\/strong>, de freins \u00e0 disque et d&#8217;un bon \u00e9quilibre dynamique. Cependant, son prix \u00e9lev\u00e9 et la concurrence locale (Puma GT, VW SP2) r\u00e9duisent ses ventes.<br data-start=\"2002\" data-end=\"2005\">Avec quelque <strong data-start=\"2014\" data-end=\"2044\">18 000 unit\u00e9s produites<\/strong>, il marque <strong data-start=\"2055\" data-end=\"2087\">la fin de l&#8217;\u00e8re Karmann Ghia<\/strong>, remplac\u00e9 en 1974-75 par le Volkswagen Scirocco.<\/p>\t\t\t\t\t\t\t\t<\/div>\n\t\t\t\t<\/div>\n\t\t\t\t\t<\/div>\n\t\t<\/div>\n\t\t\t\t<div class=\"elementor-column elementor-col-50 elementor-top-column elementor-element elementor-element-853998a\" data-id=\"853998a\" data-element_type=\"column\" data-e-type=\"column\">\n\t\t\t<div class=\"elementor-widget-wrap elementor-element-populated\">\n\t\t\t\t\t\t<div class=\"elementor-element elementor-element-4a00b0b elementor-widget elementor-widget-gallery\" data-id=\"4a00b0b\" data-element_type=\"widget\" data-e-type=\"widget\" data-settings=\"{&quot;columns&quot;:2,&quot;columns_mobile&quot;:2,&quot;lazyload&quot;:&quot;yes&quot;,&quot;gallery_layout&quot;:&quot;grid&quot;,&quot;columns_tablet&quot;:2,&quot;gap&quot;:{&quot;unit&quot;:&quot;px&quot;,&quot;size&quot;:10,&quot;sizes&quot;:[]},&quot;gap_tablet&quot;:{&quot;unit&quot;:&quot;px&quot;,&quot;size&quot;:10,&quot;sizes&quot;:[]},&quot;gap_mobile&quot;:{&quot;unit&quot;:&quot;px&quot;,&quot;size&quot;:10,&quot;sizes&quot;:[]},&quot;link_to&quot;:&quot;file&quot;,&quot;aspect_ratio&quot;:&quot;3:2&quot;,&quot;overlay_background&quot;:&quot;yes&quot;,&quot;content_hover_animation&quot;:&quot;fade-in&quot;}\" data-widget_type=\"gallery.default\">\n\t\t\t\t<div class=\"elementor-widget-container\">\n\t\t\t\t\t\t\t<div class=\"elementor-gallery__container\">\n\t\t\t\t\t\t\t<a class=\"e-gallery-item elementor-gallery-item elementor-animated-content\" href=\"https:\/\/www.jgclassics.com\/wp-content\/uploads\/2025\/10\/karman-TC-pubicidad-02.jpg\" data-elementor-open-lightbox=\"yes\" data-elementor-lightbox-slideshow=\"4a00b0b\" data-elementor-lightbox-title=\"VW Karmann Ghia TC publicit\u00e9\" data-e-action-hash=\"#elementor-action%3Aaction%3Dlightbox%26settings%3DeyJpZCI6MjMxMjUsInVybCI6Imh0dHBzOlwvXC93d3cuamdjbGFzc2ljcy5jb21cL3dwLWNvbnRlbnRcL3VwbG9hZHNcLzIwMjVcLzEwXC9rYXJtYW4tVEMtcHViaWNpZGFkLTAyLmpwZyIsInNsaWRlc2hvdyI6IjRhMDBiMGIifQ%3D%3D\">\n\t\t\t\t\t<div class=\"e-gallery-image elementor-gallery-item__image\" data-thumbnail=\"https:\/\/www.jgclassics.com\/wp-content\/uploads\/2025\/10\/karman-TC-pubicidad-02-221x300.jpg\" data-width=\"221\" data-height=\"300\" aria-label=\"VW Karmann Ghia TC publicit\u00e9\" role=\"img\" ><\/div>\n\t\t\t\t\t\t\t\t\t\t\t<div class=\"elementor-gallery-item__overlay\"><\/div>\n\t\t\t\t\t\t\t\t\t\t\t\t\t\t<\/a>\n\t\t\t\t\t\t\t<a class=\"e-gallery-item elementor-gallery-item elementor-animated-content\" href=\"https:\/\/www.jgclassics.com\/wp-content\/uploads\/2025\/10\/karmannGHIATC.jpg\" data-elementor-open-lightbox=\"yes\" data-elementor-lightbox-slideshow=\"4a00b0b\" data-elementor-lightbox-title=\"VW Karmann Ghia TC\" data-e-action-hash=\"#elementor-action%3Aaction%3Dlightbox%26settings%3DeyJpZCI6MjMxMjYsInVybCI6Imh0dHBzOlwvXC93d3cuamdjbGFzc2ljcy5jb21cL3dwLWNvbnRlbnRcL3VwbG9hZHNcLzIwMjVcLzEwXC9rYXJtYW5uR0hJQVRDLmpwZyIsInNsaWRlc2hvdyI6IjRhMDBiMGIifQ%3D%3D\">\n\t\t\t\t\t<div class=\"e-gallery-image elementor-gallery-item__image\" data-thumbnail=\"https:\/\/www.jgclassics.com\/wp-content\/uploads\/2025\/10\/karmannGHIATC-300x143.jpg\" data-width=\"300\" data-height=\"143\" aria-label=\"VW Karmann Ghia TC\" role=\"img\" ><\/div>\n\t\t\t\t\t\t\t\t\t\t\t<div class=\"elementor-gallery-item__overlay\"><\/div>\n\t\t\t\t\t\t\t\t\t\t\t\t\t\t<\/a>\n\t\t\t\t\t\t\t<a class=\"e-gallery-item elementor-gallery-item elementor-animated-content\" href=\"https:\/\/www.jgclassics.com\/wp-content\/uploads\/2025\/10\/karman-TC-publicidad.jpg\" data-elementor-open-lightbox=\"yes\" data-elementor-lightbox-slideshow=\"4a00b0b\" data-elementor-lightbox-title=\"VW Karmann Ghia TC publicit\u00e9\" data-e-action-hash=\"#elementor-action%3Aaction%3Dlightbox%26settings%3DeyJpZCI6MjMxMjcsInVybCI6Imh0dHBzOlwvXC93d3cuamdjbGFzc2ljcy5jb21cL3dwLWNvbnRlbnRcL3VwbG9hZHNcLzIwMjVcLzEwXC9rYXJtYW4tVEMtcHVibGljaWRhZC5qcGciLCJzbGlkZXNob3ciOiI0YTAwYjBiIn0%3D\">\n\t\t\t\t\t<div class=\"e-gallery-image elementor-gallery-item__image\" data-thumbnail=\"https:\/\/www.jgclassics.com\/wp-content\/uploads\/2025\/10\/karman-TC-publicidad-233x300.jpg\" data-width=\"233\" data-height=\"300\" aria-label=\"VW Karmann Ghia TC publicit\u00e9\" role=\"img\" ><\/div>\n\t\t\t\t\t\t\t\t\t\t\t<div class=\"elementor-gallery-item__overlay\"><\/div>\n\t\t\t\t\t\t\t\t\t\t\t\t\t\t<\/a>\n\t\t\t\t\t\t\t<a class=\"e-gallery-item elementor-gallery-item elementor-animated-content\" href=\"https:\/\/www.jgclassics.com\/wp-content\/uploads\/2025\/10\/karman-TC-pubicidad-03.jpg\" data-elementor-open-lightbox=\"yes\" data-elementor-lightbox-slideshow=\"4a00b0b\" data-elementor-lightbox-title=\"VW Karmann Ghia TC Publicit\u00e9\" data-e-action-hash=\"#elementor-action%3Aaction%3Dlightbox%26settings%3DeyJpZCI6MjMxMjgsInVybCI6Imh0dHBzOlwvXC93d3cuamdjbGFzc2ljcy5jb21cL3dwLWNvbnRlbnRcL3VwbG9hZHNcLzIwMjVcLzEwXC9rYXJtYW4tVEMtcHViaWNpZGFkLTAzLmpwZyIsInNsaWRlc2hvdyI6IjRhMDBiMGIifQ%3D%3D\">\n\t\t\t\t\t<div class=\"e-gallery-image elementor-gallery-item__image\" data-thumbnail=\"https:\/\/www.jgclassics.com\/wp-content\/uploads\/2025\/10\/karman-TC-pubicidad-03-300x218.jpg\" data-width=\"300\" data-height=\"218\" aria-label=\"VW Karmann Ghia TC Publicit\u00e9\" role=\"img\" ><\/div>\n\t\t\t\t\t\t\t\t\t\t\t<div class=\"elementor-gallery-item__overlay\"><\/div>\n\t\t\t\t\t\t\t\t\t\t\t\t\t\t<\/a>\n\t\t\t\t\t<\/div>\n\t\t\t\t\t<\/div>\n\t\t\t\t<\/div>\n\t\t\t\t\t<\/div>\n\t\t<\/div>\n\t\t\t\t\t<\/div>\n\t\t<\/section>\n\t\t\t\t<section data-particle_enable=\"false\" data-particle-mobile-disabled=\"false\" class=\"elementor-section elementor-top-section elementor-element elementor-element-b6d5318 elementor-section-boxed elementor-section-height-default elementor-section-height-default\" data-id=\"b6d5318\" data-element_type=\"section\" data-e-type=\"section\">\n\t\t\t\t\t\t<div class=\"elementor-container elementor-column-gap-default\">\n\t\t\t\t\t<div class=\"elementor-column elementor-col-100 elementor-top-column elementor-element elementor-element-7964a41\" data-id=\"7964a41\" data-element_type=\"column\" data-e-type=\"column\">\n\t\t\t<div class=\"elementor-widget-wrap elementor-element-populated\">\n\t\t\t\t\t\t<div class=\"elementor-element elementor-element-1d8473a elementor-widget elementor-widget-heading\" data-id=\"1d8473a\" data-element_type=\"widget\" data-e-type=\"widget\" data-widget_type=\"heading.default\">\n\t\t\t\t<div class=\"elementor-widget-container\">\n\t\t\t\t\t<h3 class=\"elementor-heading-title elementor-size-default\">La Karmann Ghia, un classique aujourd'hui (2025)<\/h3>\t\t\t\t<\/div>\n\t\t\t\t<\/div>\n\t\t\t\t<div class=\"elementor-element elementor-element-97e2b94 elementor-widget elementor-widget-text-editor\" data-id=\"97e2b94\" data-element_type=\"widget\" data-e-type=\"widget\" data-widget_type=\"text-editor.default\">\n\t\t\t\t<div class=\"elementor-widget-container\">\n\t\t\t\t\t\t\t\t\t<p>Plus d&#8217;un demi-si\u00e8cle apr\u00e8s son lancement, la Karmann Ghia s&#8217;est impos\u00e9e comme une <strong>ic\u00f4ne de la voiture classique<\/strong>. Ses lignes s\u00e9duisantes et intemporelles et son histoire binationale (ing\u00e9nierie allemande et design italien) lui conf\u00e8rent une aura particuli\u00e8re lors des expositions et des rallyes de voitures anciennes. Les passionn\u00e9s appr\u00e9cient le fait que, contrairement \u00e0 de nombreuses voitures de sport de son \u00e9poque, le Karmann Ghia est relativement <strong>facile \u00e0 entretenir<\/strong>: sur le plan m\u00e9canique, il s&#8217;agit presque d&#8217;une Coccinelle VW, avec une abondance de pi\u00e8ces de rechange et une simplicit\u00e9 m\u00e9canique. Cette caract\u00e9ristique, associ\u00e9e \u00e0 une <strong>fiabilit\u00e9 \u00e0 toute \u00e9preuve<\/strong>, permet \u00e0 de nombreux propri\u00e9taires de la conduire r\u00e9guli\u00e8rement, malgr\u00e9 son \u00e2ge.   <\/p>\t\t\t\t\t\t\t\t<\/div>\n\t\t\t\t<\/div>\n\t\t\t\t\t<\/div>\n\t\t<\/div>\n\t\t\t\t\t<\/div>\n\t\t<\/section>\n\t\t\t\t<section data-particle_enable=\"false\" data-particle-mobile-disabled=\"false\" class=\"elementor-section elementor-top-section elementor-element elementor-element-ed4defe elementor-section-boxed elementor-section-height-default elementor-section-height-default\" data-id=\"ed4defe\" data-element_type=\"section\" data-e-type=\"section\">\n\t\t\t\t\t\t<div class=\"elementor-container elementor-column-gap-default\">\n\t\t\t\t\t<div class=\"elementor-column elementor-col-50 elementor-top-column elementor-element elementor-element-5d9e8a0\" data-id=\"5d9e8a0\" data-element_type=\"column\" data-e-type=\"column\">\n\t\t\t<div class=\"elementor-widget-wrap elementor-element-populated\">\n\t\t\t\t\t\t<div class=\"elementor-element elementor-element-84fc8e1 elementor-widget elementor-widget-image\" data-id=\"84fc8e1\" data-element_type=\"widget\" data-e-type=\"widget\" data-widget_type=\"image.default\">\n\t\t\t\t<div class=\"elementor-widget-container\">\n\t\t\t\t\t\t\t\t\t\t\t\t\t\t\t\t<a href=\"https:\/\/www.jgclassics.com\/wp-content\/uploads\/2025\/10\/karma_publi02.webp\" data-elementor-open-lightbox=\"yes\" data-elementor-lightbox-title=\"Publicit\u00e9 pour le coup\u00e9 VW Karmann Ghia type 14\" data-e-action-hash=\"#elementor-action%3Aaction%3Dlightbox%26settings%3DeyJpZCI6MjMxMjksInVybCI6Imh0dHBzOlwvXC93d3cuamdjbGFzc2ljcy5jb21cL3dwLWNvbnRlbnRcL3VwbG9hZHNcLzIwMjVcLzEwXC9rYXJtYV9wdWJsaTAyLndlYnAifQ%3D%3D\">\n\t\t\t\t\t\t\t<img loading=\"lazy\" decoding=\"async\" width=\"1024\" height=\"721\" src=\"https:\/\/www.jgclassics.com\/wp-content\/uploads\/2025\/10\/karma_publi02-1024x721.webp\" class=\"attachment-large size-large wp-image-23129\" alt=\"Publicit\u00e9 pour le coup\u00e9 VW Karmann Ghia type 14\" srcset=\"https:\/\/www.jgclassics.com\/wp-content\/uploads\/2025\/10\/karma_publi02-1024x721.webp 1024w, https:\/\/www.jgclassics.com\/wp-content\/uploads\/2025\/10\/karma_publi02-300x211.webp 300w, https:\/\/www.jgclassics.com\/wp-content\/uploads\/2025\/10\/karma_publi02-768x541.webp 768w, https:\/\/www.jgclassics.com\/wp-content\/uploads\/2025\/10\/karma_publi02-1536x1081.webp 1536w, https:\/\/www.jgclassics.com\/wp-content\/uploads\/2025\/10\/karma_publi02.webp 1750w\" sizes=\"(max-width: 1024px) 100vw, 1024px\" \/>\t\t\t\t\t\t\t\t<\/a>\n\t\t\t\t\t\t\t\t\t\t\t\t\t\t\t<\/div>\n\t\t\t\t<\/div>\n\t\t\t\t\t<\/div>\n\t\t<\/div>\n\t\t\t\t<div class=\"elementor-column elementor-col-50 elementor-top-column elementor-element elementor-element-f086948\" data-id=\"f086948\" data-element_type=\"column\" data-e-type=\"column\">\n\t\t\t<div class=\"elementor-widget-wrap elementor-element-populated\">\n\t\t\t\t\t\t<div class=\"elementor-element elementor-element-79f980e elementor-widget elementor-widget-text-editor\" data-id=\"79f980e\" data-element_type=\"widget\" data-e-type=\"widget\" data-widget_type=\"text-editor.default\">\n\t\t\t\t<div class=\"elementor-widget-container\">\n\t\t\t\t\t\t\t\t\t<p>Sur le march\u00e9 des voitures classiques, la Karmann Ghia a vu <strong>son prix augmenter au<\/strong> cours des derni\u00e8res d\u00e9cennies. Ce sont surtout les versions d\u00e9capotables et les premiers mod\u00e8les <em>bas de gamme<\/em> bien restaur\u00e9s qui atteignent des prix appr\u00e9ciables, m\u00eame s&#8217;ils restent infiniment plus abordables que les voitures de sport contemporaines telles que la Porsche 356 ou la Mercedes SL &#8220;Pagode&#8221;. Cela a contribu\u00e9 \u00e0 sa r\u00e9putation de <em>&#8220;Porsche du peuple&#8221;, un<\/em> surnom affectueux qui souligne qu&#8217;elle offre une exp\u00e9rience esth\u00e9tique similaire \u00e0 celle d&#8217;une Porsche classique, mais \u00e0 un co\u00fbt bien moindre. Au Br\u00e9sil, par exemple, elle a \u00e9t\u00e9 surnomm\u00e9e <strong>&#8220;O Porsche do Pobre&#8221;<\/strong> (la Porsche des pauvres) en r\u00e9f\u00e9rence \u00e0 cette qualit\u00e9.   <\/p>\t\t\t\t\t\t\t\t<\/div>\n\t\t\t\t<\/div>\n\t\t\t\t\t<\/div>\n\t\t<\/div>\n\t\t\t\t\t<\/div>\n\t\t<\/section>\n\t\t\t\t<section data-particle_enable=\"false\" data-particle-mobile-disabled=\"false\" class=\"elementor-section elementor-top-section elementor-element elementor-element-d1b36b3 elementor-section-boxed elementor-section-height-default elementor-section-height-default\" data-id=\"d1b36b3\" data-element_type=\"section\" data-e-type=\"section\">\n\t\t\t\t\t\t<div class=\"elementor-container elementor-column-gap-default\">\n\t\t\t\t\t<div class=\"elementor-column elementor-col-100 elementor-top-column elementor-element elementor-element-ada61c3\" data-id=\"ada61c3\" data-element_type=\"column\" data-e-type=\"column\">\n\t\t\t<div class=\"elementor-widget-wrap elementor-element-populated\">\n\t\t\t\t\t\t<div class=\"elementor-element elementor-element-24e366b elementor-widget-divider--view-line_icon elementor-view-default elementor-widget-divider--element-align-center elementor-widget elementor-widget-divider\" data-id=\"24e366b\" data-element_type=\"widget\" data-e-type=\"widget\" data-widget_type=\"divider.default\">\n\t\t\t\t<div class=\"elementor-widget-container\">\n\t\t\t\t\t\t\t<div class=\"elementor-divider\">\n\t\t\t<span class=\"elementor-divider-separator\">\n\t\t\t\t\t\t\t<div class=\"elementor-icon elementor-divider__element\">\n\t\t\t\t\t<i aria-hidden=\"true\" class=\"fas fa-info-circle\"><\/i><\/div>\n\t\t\t\t\t\t<\/span>\n\t\t<\/div>\n\t\t\t\t\t\t<\/div>\n\t\t\t\t<\/div>\n\t\t\t\t\t<\/div>\n\t\t<\/div>\n\t\t\t\t\t<\/div>\n\t\t<\/section>\n\t\t\t\t<section data-particle_enable=\"false\" data-particle-mobile-disabled=\"false\" class=\"elementor-section elementor-top-section elementor-element elementor-element-63c2702 elementor-section-boxed elementor-section-height-default elementor-section-height-default\" data-id=\"63c2702\" data-element_type=\"section\" data-e-type=\"section\">\n\t\t\t\t\t\t<div class=\"elementor-container elementor-column-gap-default\">\n\t\t\t\t\t<div class=\"elementor-column elementor-col-100 elementor-top-column elementor-element elementor-element-58d610a\" data-id=\"58d610a\" data-element_type=\"column\" data-e-type=\"column\">\n\t\t\t<div class=\"elementor-widget-wrap elementor-element-populated\">\n\t\t\t\t\t\t<div class=\"elementor-element elementor-element-1c484dd elementor-widget elementor-widget-heading\" data-id=\"1c484dd\" data-element_type=\"widget\" data-e-type=\"widget\" data-widget_type=\"heading.default\">\n\t\t\t\t<div class=\"elementor-widget-container\">\n\t\t\t\t\t<h2 class=\"elementor-heading-title elementor-size-default\">VW Karman Ghia. Curiosit\u00e9s et anecdotes <\/h2>\t\t\t\t<\/div>\n\t\t\t\t<\/div>\n\t\t\t\t\t<\/div>\n\t\t<\/div>\n\t\t\t\t\t<\/div>\n\t\t<\/section>\n\t\t\t\t<section data-particle_enable=\"false\" data-particle-mobile-disabled=\"false\" class=\"elementor-section elementor-top-section elementor-element elementor-element-155cbb3 elementor-section-boxed elementor-section-height-default elementor-section-height-default\" data-id=\"155cbb3\" data-element_type=\"section\" data-e-type=\"section\">\n\t\t\t\t\t\t<div class=\"elementor-container elementor-column-gap-default\">\n\t\t\t\t\t<div class=\"elementor-column elementor-col-100 elementor-top-column elementor-element elementor-element-13f62c0\" data-id=\"13f62c0\" data-element_type=\"column\" data-e-type=\"column\">\n\t\t\t<div class=\"elementor-widget-wrap elementor-element-populated\">\n\t\t\t\t\t\t<div class=\"elementor-element elementor-element-a530788 elementor-widget elementor-widget-text-editor\" data-id=\"a530788\" data-element_type=\"widget\" data-e-type=\"widget\" data-widget_type=\"text-editor.default\">\n\t\t\t\t<div class=\"elementor-widget-container\">\n\t\t\t\t\t\t\t\t\t<ul><li><strong>Un design h\u00e9rit\u00e9 d&#8217;un prototype :<\/strong> l&#8217;apparence \u00e9l\u00e9gante de la Karmann Ghia n&#8217;a pas \u00e9t\u00e9 cr\u00e9\u00e9e de toutes pi\u00e8ces. Ghia a repris un design pr\u00e9c\u00e9dent, cr\u00e9\u00e9 \u00e0 l&#8217;origine pour un show car <strong>Chrysler<\/strong> au d\u00e9but des ann\u00e9es 1950 (la Chrysler D&#8217;Elegance, dessin\u00e9e par Virgil Exner), en l&#8217;adaptant \u00e0 Volkswagen apr\u00e8s qu&#8217;il n&#8217;ait pas \u00e9t\u00e9 utilis\u00e9 par la marque am\u00e9ricaine. Cette &#8220;r\u00e9utilisation cr\u00e9ative&#8221; explique la sophistication inhabituelle de ses lignes pour une voiture de ce segment.  <\/li><li><strong>Carrosserie artisanale :<\/strong> contrairement \u00e0 la Coccinelle, dont la production \u00e9tait hautement m\u00e9canis\u00e9e, chaque Karmann Ghia \u00e9tait construite \u00e0 partir de panneaux d&#8217;acier soud\u00e9s et fa\u00e7onn\u00e9s en grande partie \u00e0 la main. Ce processus artisanal garantissait un excellent ajustement et une bonne finition, mais rendait la voiture plus ch\u00e8re. En cons\u00e9quence, une Karmann Ghia co\u00fbtait nettement plus cher qu&#8217;une Coccinelle, ce que le client remarquait en regardant des d\u00e9tails tels que l&#8217;int\u00e9rieur plus raffin\u00e9 et les formes sculpt\u00e9es de la carrosserie.  <\/li><\/ul>\t\t\t\t\t\t\t\t<\/div>\n\t\t\t\t<\/div>\n\t\t\t\t\t<\/div>\n\t\t<\/div>\n\t\t\t\t\t<\/div>\n\t\t<\/section>\n\t\t\t\t<section data-particle_enable=\"false\" data-particle-mobile-disabled=\"false\" class=\"elementor-section elementor-top-section elementor-element elementor-element-9b3f3a9 elementor-section-boxed elementor-section-height-default elementor-section-height-default\" data-id=\"9b3f3a9\" data-element_type=\"section\" data-e-type=\"section\">\n\t\t\t\t\t\t<div class=\"elementor-container elementor-column-gap-default\">\n\t\t\t\t\t<div class=\"elementor-column elementor-col-50 elementor-top-column elementor-element elementor-element-1dfe99d\" data-id=\"1dfe99d\" data-element_type=\"column\" data-e-type=\"column\">\n\t\t\t<div class=\"elementor-widget-wrap elementor-element-populated\">\n\t\t\t\t\t\t<div class=\"elementor-element elementor-element-2c005a8 elementor-widget elementor-widget-text-editor\" data-id=\"2c005a8\" data-element_type=\"widget\" data-e-type=\"widget\" data-widget_type=\"text-editor.default\">\n\t\t\t\t<div class=\"elementor-widget-container\">\n\t\t\t\t\t\t\t\t\t<ul><li><strong>La plus lente des &#8220;voitures de sport&#8221; :<\/strong> avec 34 ch en sortie d&#8217;usine, la Karmann Ghia du milieu des ann\u00e9es 1950 passait de 0 \u00e0 100 km\/h en <strong>36 secondes<\/strong> environ, un temps encore plus lent que celui de certaines voitures contemporaines. Peu d&#8217;acheteurs ont cependant critiqu\u00e9 son manque de puissance, car elle <strong>n&#8217;a pas \u00e9t\u00e9 achet\u00e9e pour<\/strong> faire de la <strong>course<\/strong>, mais pour se promener avec style. Un chroniqueur d&#8217;<em>Autoweek<\/em> la r\u00e9sumait ainsi : &#8220;plus lente, mais plus belle que n&#8217;importe quelle Porsche&#8221;.  <\/li><li><strong>Exportation aux \u00c9tats-Unis :<\/strong> plus de 50 % de la production de la Karmann Ghia \u00e9tait destin\u00e9e \u00e0 l&#8217;exportation, les <strong>\u00c9tats-Unis<\/strong> \u00e9tant le <strong>plus gros acheteur international<\/strong>. Dans les ann\u00e9es 1960, la Karmann Ghia est arriv\u00e9e en t\u00eate des importations am\u00e9ricaines de voitures de sport, d\u00e9passant en popularit\u00e9 des mod\u00e8les europ\u00e9ens tels que la Triumph Spitfire ou la MG Midget. Cela s&#8217;explique par le fait que les soldats am\u00e9ricains stationn\u00e9s en Allemagne se sont familiaris\u00e9s avec le mod\u00e8le et ont contribu\u00e9 \u00e0 sa diffusion en le ramenant chez eux.  <\/li><li><strong>Raret\u00e9s de production : Outre<\/strong> la tr\u00e8s faible production du cabriolet br\u00e9silien (177 unit\u00e9s), mentionn\u00e9e plus haut, il existe d&#8217;autres d\u00e9tails curieux. Toutes les Karmann Ghia ont \u00e9t\u00e9 officiellement produites dans <strong>deux usines<\/strong>: <strong>Karmann \u00e0 Osnabr\u00fcck<\/strong> (Allemagne) et <strong>Volkswagen do Brasil<\/strong> \u00e0 S\u00e3o Bernardo do Campo. La Ghia n&#8217;a jamais \u00e9t\u00e9 produite au Mexique, bien que le mod\u00e8le ait \u00e9t\u00e9 populaire aupr\u00e8s des importateurs priv\u00e9s de ce pays.  <\/li><\/ul>\t\t\t\t\t\t\t\t<\/div>\n\t\t\t\t<\/div>\n\t\t\t\t\t<\/div>\n\t\t<\/div>\n\t\t\t\t<div class=\"elementor-column elementor-col-50 elementor-top-column elementor-element elementor-element-2aa8d19\" data-id=\"2aa8d19\" data-element_type=\"column\" data-e-type=\"column\">\n\t\t\t<div class=\"elementor-widget-wrap elementor-element-populated\">\n\t\t\t\t\t\t<div class=\"elementor-element elementor-element-56ed181 elementor-widget elementor-widget-image\" data-id=\"56ed181\" data-element_type=\"widget\" data-e-type=\"widget\" data-widget_type=\"image.default\">\n\t\t\t\t<div class=\"elementor-widget-container\">\n\t\t\t\t\t\t\t\t\t\t\t\t<figure class=\"wp-caption\">\n\t\t\t\t\t\t\t\t\t\t\t<a href=\"https:\/\/www.jgclassics.com\/wp-content\/uploads\/2025\/10\/karmann-ghia-the-pussycat-1476934871246.jpg\" data-elementor-open-lightbox=\"yes\" data-elementor-lightbox-title=\"Repr\u00e9sentations publicitaires du coup\u00e9 VW Karmann Ghia type 14\" data-e-action-hash=\"#elementor-action%3Aaction%3Dlightbox%26settings%3DeyJpZCI6MjMxMzAsInVybCI6Imh0dHBzOlwvXC93d3cuamdjbGFzc2ljcy5jb21cL3dwLWNvbnRlbnRcL3VwbG9hZHNcLzIwMjVcLzEwXC9rYXJtYW5uLWdoaWEtdGhlLXB1c3N5Y2F0LTE0NzY5MzQ4NzEyNDYuanBnIn0%3D\">\n\t\t\t\t\t\t\t<img loading=\"lazy\" decoding=\"async\" width=\"733\" height=\"1000\" src=\"https:\/\/www.jgclassics.com\/wp-content\/uploads\/2025\/10\/karmann-ghia-the-pussycat-1476934871246.jpg\" class=\"attachment-large size-large wp-image-23130\" alt=\"Repr\u00e9sentations publicitaires du coup\u00e9 VW Karmann Ghia type 14\" srcset=\"https:\/\/www.jgclassics.com\/wp-content\/uploads\/2025\/10\/karmann-ghia-the-pussycat-1476934871246.jpg 733w, https:\/\/www.jgclassics.com\/wp-content\/uploads\/2025\/10\/karmann-ghia-the-pussycat-1476934871246-220x300.jpg 220w\" sizes=\"(max-width: 733px) 100vw, 733px\" \/>\t\t\t\t\t\t\t\t<\/a>\n\t\t\t\t\t\t\t\t\t\t\t<figcaption class=\"widget-image-caption wp-caption-text\">Le slogan \"You'd lose\" r\u00e9sume l'\u00e9tat d'esprit de Volkswagen : la Karmann Ghia ressemblait \u00e0 une voiture de sport, mais elle restait fi\u00e8rement une Volkswagen fiable plut\u00f4t qu'une voiture de course.<\/figcaption>\n\t\t\t\t\t\t\t\t\t\t<\/figure>\n\t\t\t\t\t\t\t\t\t<\/div>\n\t\t\t\t<\/div>\n\t\t\t\t\t<\/div>\n\t\t<\/div>\n\t\t\t\t\t<\/div>\n\t\t<\/section>\n\t\t\t\t<section data-particle_enable=\"false\" data-particle-mobile-disabled=\"false\" class=\"elementor-section elementor-top-section elementor-element elementor-element-47f188f elementor-section-boxed elementor-section-height-default elementor-section-height-default\" data-id=\"47f188f\" data-element_type=\"section\" data-e-type=\"section\">\n\t\t\t\t\t\t<div class=\"elementor-container elementor-column-gap-default\">\n\t\t\t\t\t<div class=\"elementor-column elementor-col-100 elementor-top-column elementor-element elementor-element-d3d8134\" data-id=\"d3d8134\" data-element_type=\"column\" data-e-type=\"column\">\n\t\t\t<div class=\"elementor-widget-wrap elementor-element-populated\">\n\t\t\t\t\t\t<div class=\"elementor-element elementor-element-0916122 elementor-widget-divider--view-line elementor-widget elementor-widget-divider\" data-id=\"0916122\" data-element_type=\"widget\" data-e-type=\"widget\" data-widget_type=\"divider.default\">\n\t\t\t\t<div class=\"elementor-widget-container\">\n\t\t\t\t\t\t\t<div class=\"elementor-divider\">\n\t\t\t<span class=\"elementor-divider-separator\">\n\t\t\t\t\t\t<\/span>\n\t\t<\/div>\n\t\t\t\t\t\t<\/div>\n\t\t\t\t<\/div>\n\t\t\t\t\t<\/div>\n\t\t<\/div>\n\t\t\t\t\t<\/div>\n\t\t<\/section>\n\t\t\t\t<section data-particle_enable=\"false\" data-particle-mobile-disabled=\"false\" class=\"elementor-section elementor-top-section elementor-element elementor-element-5bd0665 elementor-section-boxed elementor-section-height-default elementor-section-height-default\" data-id=\"5bd0665\" data-element_type=\"section\" data-e-type=\"section\">\n\t\t\t\t\t\t<div class=\"elementor-container elementor-column-gap-default\">\n\t\t\t\t\t<div class=\"elementor-column elementor-col-100 elementor-top-column elementor-element elementor-element-84565e2\" data-id=\"84565e2\" data-element_type=\"column\" data-e-type=\"column\">\n\t\t\t<div class=\"elementor-widget-wrap elementor-element-populated\">\n\t\t\t\t\t\t<div class=\"elementor-element elementor-element-8096662 elementor-widget elementor-widget-heading\" data-id=\"8096662\" data-element_type=\"widget\" data-e-type=\"widget\" data-widget_type=\"heading.default\">\n\t\t\t\t<div class=\"elementor-widget-container\">\n\t\t\t\t\t<h3 class=\"elementor-heading-title elementor-size-default\">Conclusion<\/h3>\t\t\t\t<\/div>\n\t\t\t\t<\/div>\n\t\t\t\t<div class=\"elementor-element elementor-element-dd31efd elementor-widget elementor-widget-text-editor\" data-id=\"dd31efd\" data-element_type=\"widget\" data-e-type=\"widget\" data-widget_type=\"text-editor.default\">\n\t\t\t\t<div class=\"elementor-widget-container\">\n\t\t\t\t\t\t\t\t\t<p>La Volkswagen Karmann Ghia reste un <strong>classique tr\u00e8s appr\u00e9ci\u00e9<\/strong>. Elle allie l&#8217;esth\u00e9tique \u00e9l\u00e9gante d&#8217;une voiture de sport italienne \u00e0 la simplicit\u00e9 robuste d&#8217;une Volkswagen, une formule qui lui a assur\u00e9 une place particuli\u00e8re dans l&#8217;histoire de l&#8217;automobile. Son h\u00e9ritage se perp\u00e9tue non seulement dans les clubs classiques et les \u00e9v\u00e9nements d&#8217;\u00e9poque, mais aussi dans l&#8217;inspiration qu&#8217;elle a apport\u00e9e aux mod\u00e8les ult\u00e9rieurs. Volkswagen n&#8217;a jamais r\u00e9\u00e9dit\u00e9 de &#8220;nouvelle&#8221; Karmann Ghia, mais a explor\u00e9 le concept des coup\u00e9s accessibles avec des mod\u00e8les tels que le Scirocco ou le Corrado au cours des d\u00e9cennies suivantes &#8211; tous redevables, dans l&#8217;esprit, de la premi\u00e8re exp\u00e9rience r\u00e9ussie de Wolfsburg dans la cr\u00e9ation d&#8217;une voiture de sport pour le grand public. Le Karmann Ghia, avec son charme r\u00e9tro et son histoire int\u00e9ressante, reste <strong>synonyme de design intemporel et de plaisir de conduire classique<\/strong>, une v\u00e9ritable &#8220;Coccinelle en costume italien&#8221; qui suscite aujourd&#8217;hui autant de sourires que de nostalgie.    <\/p>\t\t\t\t\t\t\t\t<\/div>\n\t\t\t\t<\/div>\n\t\t\t\t<div class=\"elementor-element elementor-element-8bd8e7c elementor-widget elementor-widget-text-editor\" data-id=\"8bd8e7c\" data-element_type=\"widget\" data-e-type=\"widget\" data-widget_type=\"text-editor.default\">\n\t\t\t\t<div class=\"elementor-widget-container\">\n\t\t\t\t\t\t\t\t\t<p>Lorsque la production a cess\u00e9 en 1974-75, Volkswagen n&#8217;a pas eu de successeur mondial direct avant des d\u00e9cennies ; des mod\u00e8les tels que la <em>New Beetle<\/em> (1998) ou le concept <em>Volkswagen Karmann Ghia Coup\u00e9<\/em> (introduit en 1990) ont sporadiquement rendu hommage \u00e0 ce classique, mais l&#8217;original reste irrempla\u00e7able.<\/p>\t\t\t\t\t\t\t\t<\/div>\n\t\t\t\t<\/div>\n\t\t\t\t\t<\/div>\n\t\t<\/div>\n\t\t\t\t\t<\/div>\n\t\t<\/section>\n\t\t\t\t<section data-particle_enable=\"false\" data-particle-mobile-disabled=\"false\" class=\"elementor-section elementor-top-section elementor-element elementor-element-3c42557 elementor-section-boxed elementor-section-height-default elementor-section-height-default\" data-id=\"3c42557\" data-element_type=\"section\" data-e-type=\"section\">\n\t\t\t\t\t\t<div class=\"elementor-container elementor-column-gap-default\">\n\t\t\t\t\t<div class=\"elementor-column elementor-col-100 elementor-top-column elementor-element elementor-element-4ff4c69\" data-id=\"4ff4c69\" data-element_type=\"column\" data-e-type=\"column\">\n\t\t\t<div class=\"elementor-widget-wrap elementor-element-populated\">\n\t\t\t\t\t\t<div class=\"elementor-element elementor-element-cf2e812 elementor-widget elementor-widget-image\" data-id=\"cf2e812\" data-element_type=\"widget\" data-e-type=\"widget\" data-widget_type=\"image.default\">\n\t\t\t\t<div class=\"elementor-widget-container\">\n\t\t\t\t\t\t\t\t\t\t\t\t\t\t\t<img loading=\"lazy\" decoding=\"async\" width=\"1024\" height=\"379\" src=\"https:\/\/www.jgclassics.com\/wp-content\/uploads\/2025\/10\/karmann_apaisado-fotor-ai-art-effects-20251026203049-1024x379.png\" class=\"attachment-large size-large wp-image-23131\" alt=\"VW karmann Ghia workart\" srcset=\"https:\/\/www.jgclassics.com\/wp-content\/uploads\/2025\/10\/karmann_apaisado-fotor-ai-art-effects-20251026203049-1024x379.png 1024w, https:\/\/www.jgclassics.com\/wp-content\/uploads\/2025\/10\/karmann_apaisado-fotor-ai-art-effects-20251026203049-300x111.png 300w, https:\/\/www.jgclassics.com\/wp-content\/uploads\/2025\/10\/karmann_apaisado-fotor-ai-art-effects-20251026203049-768x284.png 768w, https:\/\/www.jgclassics.com\/wp-content\/uploads\/2025\/10\/karmann_apaisado-fotor-ai-art-effects-20251026203049-1536x568.png 1536w, https:\/\/www.jgclassics.com\/wp-content\/uploads\/2025\/10\/karmann_apaisado-fotor-ai-art-effects-20251026203049-2048x757.png 2048w\" sizes=\"(max-width: 1024px) 100vw, 1024px\" \/>\t\t\t\t\t\t\t\t\t\t\t\t\t\t\t<\/div>\n\t\t\t\t<\/div>\n\t\t\t\t\t<\/div>\n\t\t<\/div>\n\t\t\t\t\t<\/div>\n\t\t<\/section>\n\t\t\t\t<\/div>\n\t\t","protected":false},"excerpt":{"rendered":"<p>Espa\u00f1ol Catal\u00e0 (Catal\u00e1n) English (Ingl\u00e9s) Fran\u00e7ais (Franc\u00e9s) Partager en : VW Volkswagen Karmann Ghia Origine : France, 1964 La voiture que vous voyez est notre Volkswagen Karmann Ghia, une deuxi\u00e8me s\u00e9rie, format europ\u00e9en, correspondant \u00e0 l&#8217;ann\u00e9e 1964. Ce mod\u00e8le se distingue par le maintien des pare-chocs chrom\u00e9s d&#8217;origine, avec des lignes plus fines et plus [&hellip;]<\/p>\n","protected":false},"author":1,"featured_media":23079,"parent":15190,"menu_order":0,"comment_status":"closed","ping_status":"closed","template":"","meta":{"_monsterinsights_skip_tracking":false,"_monsterinsights_sitenote_active":false,"_monsterinsights_sitenote_note":"","_monsterinsights_sitenote_category":0,"site-sidebar-layout":"no-sidebar","site-content-layout":"page-builder","ast-site-content-layout":"full-width-container","site-content-style":"unboxed","site-sidebar-style":"unboxed","ast-global-header-display":"","ast-banner-title-visibility":"","ast-main-header-display":"","ast-hfb-above-header-display":"","ast-hfb-below-header-display":"","ast-hfb-mobile-header-display":"","site-post-title":"disabled","ast-breadcrumbs-content":"","ast-featured-img":"disabled","footer-sml-layout":"","ast-disable-related-posts":"","theme-transparent-header-meta":"","adv-header-id-meta":"","stick-header-meta":"","header-above-stick-meta":"","header-main-stick-meta":"","header-below-stick-meta":"","astra-migrate-meta-layouts":"default","ast-page-background-enabled":"default","ast-page-background-meta":{"desktop":{"background-color":"var(--ast-global-color-4)","background-image":"","background-repeat":"repeat","background-position":"center center","background-size":"auto","background-attachment":"scroll","background-type":"","background-media":"","overlay-type":"","overlay-color":"","overlay-opacity":"","overlay-gradient":""},"tablet":{"background-color":"","background-image":"","background-repeat":"repeat","background-position":"center center","background-size":"auto","background-attachment":"scroll","background-type":"","background-media":"","overlay-type":"","overlay-color":"","overlay-opacity":"","overlay-gradient":""},"mobile":{"background-color":"","background-image":"","background-repeat":"repeat","background-position":"center center","background-size":"auto","background-attachment":"scroll","background-type":"","background-media":"","overlay-type":"","overlay-color":"","overlay-opacity":"","overlay-gradient":""}},"ast-content-background-meta":{"desktop":{"background-color":"var(--ast-global-color-5)","background-image":"","background-repeat":"repeat","background-position":"center center","background-size":"auto","background-attachment":"scroll","background-type":"","background-media":"","overlay-type":"","overlay-color":"","overlay-opacity":"","overlay-gradient":""},"tablet":{"background-color":"var(--ast-global-color-5)","background-image":"","background-repeat":"repeat","background-position":"center center","background-size":"auto","background-attachment":"scroll","background-type":"","background-media":"","overlay-type":"","overlay-color":"","overlay-opacity":"","overlay-gradient":""},"mobile":{"background-color":"var(--ast-global-color-5)","background-image":"","background-repeat":"repeat","background-position":"center center","background-size":"auto","background-attachment":"scroll","background-type":"","background-media":"","overlay-type":"","overlay-color":"","overlay-opacity":"","overlay-gradient":""}},"footnotes":""},"class_list":["post-23133","page","type-page","status-publish","has-post-thumbnail","hentry"],"yoast_head":"<!-- This site is optimized with the Yoast SEO Premium plugin v27.4 (Yoast SEO v27.4) - https:\/\/yoast.com\/product\/yoast-seo-premium-wordpress\/ -->\n<title>VW Volkswagen Karmann Ghia - JG Classics : L&#039;\u00e9motion du voyage dans le temps% JG Classics : L&#039;\u00e9motion du voyage dans le temps%.<\/title>\n<meta name=\"description\" content=\"VW Karmann Ghia s\u00e9rie europ\u00e9enne 1964. Enti\u00e8rement restaur\u00e9. Disponible dans la r\u00e9gion de Barcelone pour des locations, des photos et des tournages.\" \/>\n<meta name=\"robots\" content=\"index, follow, max-snippet:-1, max-image-preview:large, max-video-preview:-1\" \/>\n<link rel=\"canonical\" href=\"https:\/\/www.jgclassics.com\/fr\/nos-vehicules\/vw-karmann-ghia\/\" \/>\n<meta property=\"og:locale\" content=\"fr_FR\" \/>\n<meta property=\"og:type\" content=\"article\" \/>\n<meta property=\"og:title\" content=\"VW Karmann Ghia\" \/>\n<meta property=\"og:description\" content=\"VW Karmann Ghia s\u00e9rie europ\u00e9enne 1964. Enti\u00e8rement restaur\u00e9. Disponible dans la r\u00e9gion de Barcelone pour des locations, des photos et des tournages.\" \/>\n<meta property=\"og:url\" content=\"https:\/\/www.jgclassics.com\/fr\/nos-vehicules\/vw-karmann-ghia\/\" \/>\n<meta property=\"og:site_name\" content=\"JG Classics : L&#039;\u00e9motion du voyage dans le temps\" \/>\n<meta property=\"article:publisher\" content=\"https:\/\/www.facebook.com\/profile.php?id=100086454427345\" \/>\n<meta property=\"article:modified_time\" content=\"2025-11-10T14:29:48+00:00\" \/>\n<meta property=\"og:image\" content=\"https:\/\/www.jgclassics.com\/wp-content\/uploads\/2025\/10\/20250627_201020-1024x576.jpg\" \/>\n<meta name=\"twitter:card\" content=\"summary_large_image\" \/>\n<meta name=\"twitter:description\" content=\"VW Karmann Ghia s\u00e9rie europ\u00e9enne 1964. Enti\u00e8rement restaur\u00e9. Disponible dans la r\u00e9gion de Barcelone pour des locations, des photos et des tournages.\" \/>\n<meta name=\"twitter:image\" content=\"https:\/\/www.jgclassics.com\/wp-content\/uploads\/2025\/10\/20250627_200944-1024x576.jpg\" \/>\n<meta name=\"twitter:label1\" content=\"Dur\u00e9e de lecture estim\u00e9e\" \/>\n\t<meta name=\"twitter:data1\" content=\"15 minutes\" \/>\n<script type=\"application\/ld+json\" class=\"yoast-schema-graph\">{\"@context\":\"https:\\\/\\\/schema.org\",\"@graph\":[{\"@type\":\"WebPage\",\"@id\":\"https:\\\/\\\/www.jgclassics.com\\\/fr\\\/nos-vehicules\\\/vw-karmann-ghia\\\/\",\"url\":\"https:\\\/\\\/www.jgclassics.com\\\/fr\\\/nos-vehicules\\\/vw-karmann-ghia\\\/\",\"name\":\"VW Volkswagen Karmann Ghia - JG Classics : L'\u00e9motion du voyage dans le temps% JG Classics : L'\u00e9motion du voyage dans le temps%.\",\"isPartOf\":{\"@id\":\"https:\\\/\\\/www.jgclassics.com\\\/fr\\\/#website\"},\"primaryImageOfPage\":{\"@id\":\"https:\\\/\\\/www.jgclassics.com\\\/fr\\\/nos-vehicules\\\/vw-karmann-ghia\\\/#primaryimage\"},\"image\":{\"@id\":\"https:\\\/\\\/www.jgclassics.com\\\/fr\\\/nos-vehicules\\\/vw-karmann-ghia\\\/#primaryimage\"},\"thumbnailUrl\":\"https:\\\/\\\/www.jgclassics.com\\\/wp-content\\\/uploads\\\/2025\\\/10\\\/20250627_201020-1-scaled.jpg\",\"datePublished\":\"2025-10-26T08:35:14+00:00\",\"dateModified\":\"2025-11-10T14:29:48+00:00\",\"description\":\"VW Karmann Ghia s\u00e9rie europ\u00e9enne 1964. Enti\u00e8rement restaur\u00e9. Disponible dans la r\u00e9gion de Barcelone pour des locations, des photos et des tournages.\",\"breadcrumb\":{\"@id\":\"https:\\\/\\\/www.jgclassics.com\\\/fr\\\/nos-vehicules\\\/vw-karmann-ghia\\\/#breadcrumb\"},\"inLanguage\":\"fr-FR\",\"potentialAction\":[{\"@type\":\"ReadAction\",\"target\":[\"https:\\\/\\\/www.jgclassics.com\\\/fr\\\/nos-vehicules\\\/vw-karmann-ghia\\\/\"]}]},{\"@type\":\"ImageObject\",\"inLanguage\":\"fr-FR\",\"@id\":\"https:\\\/\\\/www.jgclassics.com\\\/fr\\\/nos-vehicules\\\/vw-karmann-ghia\\\/#primaryimage\",\"url\":\"https:\\\/\\\/www.jgclassics.com\\\/wp-content\\\/uploads\\\/2025\\\/10\\\/20250627_201020-1-scaled.jpg\",\"contentUrl\":\"https:\\\/\\\/www.jgclassics.com\\\/wp-content\\\/uploads\\\/2025\\\/10\\\/20250627_201020-1-scaled.jpg\",\"width\":2560,\"height\":1440,\"caption\":\"VW Volkswagen Karmann Ghia Barcelone. Disponible \u00e0 la location pour des s\u00e9ances photos, des tournages ou des \u00e9v\u00e9nements.\"},{\"@type\":\"BreadcrumbList\",\"@id\":\"https:\\\/\\\/www.jgclassics.com\\\/fr\\\/nos-vehicules\\\/vw-karmann-ghia\\\/#breadcrumb\",\"itemListElement\":[{\"@type\":\"ListItem\",\"position\":1,\"name\":\"Inicio\",\"item\":\"https:\\\/\\\/www.jgclassics.com\\\/fr\\\/jg-classics-des-voitures-classiques-et-historiques-pour-voyager-dans-le-temps\\\/\"},{\"@type\":\"ListItem\",\"position\":2,\"name\":\"Nos v\u00e9hicules\",\"item\":\"https:\\\/\\\/www.jgclassics.com\\\/fr\\\/nos-vehicules\\\/\"},{\"@type\":\"ListItem\",\"position\":3,\"name\":\"VW Karmann Ghia\"}]},{\"@type\":\"WebSite\",\"@id\":\"https:\\\/\\\/www.jgclassics.com\\\/fr\\\/#website\",\"url\":\"https:\\\/\\\/www.jgclassics.com\\\/fr\\\/\",\"name\":\"JG Classics : L'\u00e9motion du voyage dans le temps\",\"description\":\"Voitures anciennes, voitures historiques : Location, accompagnement aux restaurations, informations techniques et achat de mat\u00e9riel\",\"publisher\":{\"@id\":\"https:\\\/\\\/www.jgclassics.com\\\/fr\\\/#organization\"},\"alternateName\":\"JG Classics - Coches cl\u00e1sicos e hist\u00f3ricos - Alquiler, blogs, informaci\u00f3n, art\u00edculos\",\"potentialAction\":[{\"@type\":\"SearchAction\",\"target\":{\"@type\":\"EntryPoint\",\"urlTemplate\":\"https:\\\/\\\/www.jgclassics.com\\\/fr\\\/?s={search_term_string}\"},\"query-input\":{\"@type\":\"PropertyValueSpecification\",\"valueRequired\":true,\"valueName\":\"search_term_string\"}}],\"inLanguage\":\"fr-FR\"},{\"@type\":\"Organization\",\"@id\":\"https:\\\/\\\/www.jgclassics.com\\\/fr\\\/#organization\",\"name\":\"JG Classics : L'\u00e9motion du voyage dans le temps\",\"alternateName\":\"JG Classics\",\"url\":\"https:\\\/\\\/www.jgclassics.com\\\/fr\\\/\",\"logo\":{\"@type\":\"ImageObject\",\"inLanguage\":\"fr-FR\",\"@id\":\"https:\\\/\\\/www.jgclassics.com\\\/fr\\\/#\\\/schema\\\/logo\\\/image\\\/\",\"url\":\"https:\\\/\\\/www.jgclassics.com\\\/wp-content\\\/uploads\\\/2022\\\/10\\\/Color-logo-with-background.svg\",\"contentUrl\":\"https:\\\/\\\/www.jgclassics.com\\\/wp-content\\\/uploads\\\/2022\\\/10\\\/Color-logo-with-background.svg\",\"width\":3171,\"height\":2303,\"caption\":\"JG Classics : L'\u00e9motion du voyage dans le temps\"},\"image\":{\"@id\":\"https:\\\/\\\/www.jgclassics.com\\\/fr\\\/#\\\/schema\\\/logo\\\/image\\\/\"},\"sameAs\":[\"https:\\\/\\\/www.facebook.com\\\/profile.php?id=100086454427345\"]}]}<\/script>\n<!-- \/ Yoast SEO Premium plugin. -->","yoast_head_json":{"title":"VW Volkswagen Karmann Ghia - JG Classics : L'\u00e9motion du voyage dans le temps% JG Classics : L'\u00e9motion du voyage dans le temps%.","description":"VW Karmann Ghia s\u00e9rie europ\u00e9enne 1964. Enti\u00e8rement restaur\u00e9. Disponible dans la r\u00e9gion de Barcelone pour des locations, des photos et des tournages.","robots":{"index":"index","follow":"follow","max-snippet":"max-snippet:-1","max-image-preview":"max-image-preview:large","max-video-preview":"max-video-preview:-1"},"canonical":"https:\/\/www.jgclassics.com\/fr\/nos-vehicules\/vw-karmann-ghia\/","og_locale":"fr_FR","og_type":"article","og_title":"VW Karmann Ghia","og_description":"VW Karmann Ghia s\u00e9rie europ\u00e9enne 1964. Enti\u00e8rement restaur\u00e9. Disponible dans la r\u00e9gion de Barcelone pour des locations, des photos et des tournages.","og_url":"https:\/\/www.jgclassics.com\/fr\/nos-vehicules\/vw-karmann-ghia\/","og_site_name":"JG Classics : L'\u00e9motion du voyage dans le temps","article_publisher":"https:\/\/www.facebook.com\/profile.php?id=100086454427345","article_modified_time":"2025-11-10T14:29:48+00:00","og_image":[{"url":"https:\/\/www.jgclassics.com\/wp-content\/uploads\/2025\/10\/20250627_201020-1024x576.jpg","type":"","width":"","height":""}],"twitter_card":"summary_large_image","twitter_description":"VW Karmann Ghia s\u00e9rie europ\u00e9enne 1964. Enti\u00e8rement restaur\u00e9. Disponible dans la r\u00e9gion de Barcelone pour des locations, des photos et des tournages.","twitter_image":"https:\/\/www.jgclassics.com\/wp-content\/uploads\/2025\/10\/20250627_200944-1024x576.jpg","twitter_misc":{"Dur\u00e9e de lecture estim\u00e9e":"15 minutes"},"schema":{"@context":"https:\/\/schema.org","@graph":[{"@type":"WebPage","@id":"https:\/\/www.jgclassics.com\/fr\/nos-vehicules\/vw-karmann-ghia\/","url":"https:\/\/www.jgclassics.com\/fr\/nos-vehicules\/vw-karmann-ghia\/","name":"VW Volkswagen Karmann Ghia - JG Classics : L'\u00e9motion du voyage dans le temps% JG Classics : L'\u00e9motion du voyage dans le temps%.","isPartOf":{"@id":"https:\/\/www.jgclassics.com\/fr\/#website"},"primaryImageOfPage":{"@id":"https:\/\/www.jgclassics.com\/fr\/nos-vehicules\/vw-karmann-ghia\/#primaryimage"},"image":{"@id":"https:\/\/www.jgclassics.com\/fr\/nos-vehicules\/vw-karmann-ghia\/#primaryimage"},"thumbnailUrl":"https:\/\/www.jgclassics.com\/wp-content\/uploads\/2025\/10\/20250627_201020-1-scaled.jpg","datePublished":"2025-10-26T08:35:14+00:00","dateModified":"2025-11-10T14:29:48+00:00","description":"VW Karmann Ghia s\u00e9rie europ\u00e9enne 1964. Enti\u00e8rement restaur\u00e9. Disponible dans la r\u00e9gion de Barcelone pour des locations, des photos et des tournages.","breadcrumb":{"@id":"https:\/\/www.jgclassics.com\/fr\/nos-vehicules\/vw-karmann-ghia\/#breadcrumb"},"inLanguage":"fr-FR","potentialAction":[{"@type":"ReadAction","target":["https:\/\/www.jgclassics.com\/fr\/nos-vehicules\/vw-karmann-ghia\/"]}]},{"@type":"ImageObject","inLanguage":"fr-FR","@id":"https:\/\/www.jgclassics.com\/fr\/nos-vehicules\/vw-karmann-ghia\/#primaryimage","url":"https:\/\/www.jgclassics.com\/wp-content\/uploads\/2025\/10\/20250627_201020-1-scaled.jpg","contentUrl":"https:\/\/www.jgclassics.com\/wp-content\/uploads\/2025\/10\/20250627_201020-1-scaled.jpg","width":2560,"height":1440,"caption":"VW Volkswagen Karmann Ghia Barcelone. Disponible \u00e0 la location pour des s\u00e9ances photos, des tournages ou des \u00e9v\u00e9nements."},{"@type":"BreadcrumbList","@id":"https:\/\/www.jgclassics.com\/fr\/nos-vehicules\/vw-karmann-ghia\/#breadcrumb","itemListElement":[{"@type":"ListItem","position":1,"name":"Inicio","item":"https:\/\/www.jgclassics.com\/fr\/jg-classics-des-voitures-classiques-et-historiques-pour-voyager-dans-le-temps\/"},{"@type":"ListItem","position":2,"name":"Nos v\u00e9hicules","item":"https:\/\/www.jgclassics.com\/fr\/nos-vehicules\/"},{"@type":"ListItem","position":3,"name":"VW Karmann Ghia"}]},{"@type":"WebSite","@id":"https:\/\/www.jgclassics.com\/fr\/#website","url":"https:\/\/www.jgclassics.com\/fr\/","name":"JG Classics : L'\u00e9motion du voyage dans le temps","description":"Voitures anciennes, voitures historiques : Location, accompagnement aux restaurations, informations techniques et achat de mat\u00e9riel","publisher":{"@id":"https:\/\/www.jgclassics.com\/fr\/#organization"},"alternateName":"JG Classics - Coches cl\u00e1sicos e hist\u00f3ricos - Alquiler, blogs, informaci\u00f3n, art\u00edculos","potentialAction":[{"@type":"SearchAction","target":{"@type":"EntryPoint","urlTemplate":"https:\/\/www.jgclassics.com\/fr\/?s={search_term_string}"},"query-input":{"@type":"PropertyValueSpecification","valueRequired":true,"valueName":"search_term_string"}}],"inLanguage":"fr-FR"},{"@type":"Organization","@id":"https:\/\/www.jgclassics.com\/fr\/#organization","name":"JG Classics : L'\u00e9motion du voyage dans le temps","alternateName":"JG Classics","url":"https:\/\/www.jgclassics.com\/fr\/","logo":{"@type":"ImageObject","inLanguage":"fr-FR","@id":"https:\/\/www.jgclassics.com\/fr\/#\/schema\/logo\/image\/","url":"https:\/\/www.jgclassics.com\/wp-content\/uploads\/2022\/10\/Color-logo-with-background.svg","contentUrl":"https:\/\/www.jgclassics.com\/wp-content\/uploads\/2022\/10\/Color-logo-with-background.svg","width":3171,"height":2303,"caption":"JG Classics : L'\u00e9motion du voyage dans le temps"},"image":{"@id":"https:\/\/www.jgclassics.com\/fr\/#\/schema\/logo\/image\/"},"sameAs":["https:\/\/www.facebook.com\/profile.php?id=100086454427345"]}]}},"_links":{"self":[{"href":"https:\/\/www.jgclassics.com\/fr\/wp-json\/wp\/v2\/pages\/23133","targetHints":{"allow":["GET"]}}],"collection":[{"href":"https:\/\/www.jgclassics.com\/fr\/wp-json\/wp\/v2\/pages"}],"about":[{"href":"https:\/\/www.jgclassics.com\/fr\/wp-json\/wp\/v2\/types\/page"}],"author":[{"embeddable":true,"href":"https:\/\/www.jgclassics.com\/fr\/wp-json\/wp\/v2\/users\/1"}],"replies":[{"embeddable":true,"href":"https:\/\/www.jgclassics.com\/fr\/wp-json\/wp\/v2\/comments?post=23133"}],"version-history":[{"count":5,"href":"https:\/\/www.jgclassics.com\/fr\/wp-json\/wp\/v2\/pages\/23133\/revisions"}],"predecessor-version":[{"id":23211,"href":"https:\/\/www.jgclassics.com\/fr\/wp-json\/wp\/v2\/pages\/23133\/revisions\/23211"}],"up":[{"embeddable":true,"href":"https:\/\/www.jgclassics.com\/fr\/wp-json\/wp\/v2\/pages\/15190"}],"wp:featuredmedia":[{"embeddable":true,"href":"https:\/\/www.jgclassics.com\/fr\/wp-json\/wp\/v2\/media\/23079"}],"wp:attachment":[{"href":"https:\/\/www.jgclassics.com\/fr\/wp-json\/wp\/v2\/media?parent=23133"}],"curies":[{"name":"wp","href":"https:\/\/api.w.org\/{rel}","templated":true}]}}